{"id":1279,"date":"2025-12-23T13:11:58","date_gmt":"2025-12-23T13:11:58","guid":{"rendered":"https:\/\/belvederepalace.wientickets.org\/unteres-belvedere\/"},"modified":"2026-04-30T07:15:32","modified_gmt":"2026-04-30T07:15:32","slug":"unteres-belvedere","status":"publish","type":"page","link":"https:\/\/belvederepalace.wientickets.org\/de\/unteres-belvedere\/","title":{"rendered":"Unteres Belvedere"},"content":{"rendered":"\t\t<div data-elementor-type=\"wp-page\" data-elementor-id=\"1279\" class=\"elementor elementor-1279 elementor-1048\">\n\t\t\t\t\t\t<section class=\"elementor-section elementor-top-section elementor-element elementor-element-f07fb43 intro-section elementor-section-boxed elementor-section-height-default elementor-section-height-default\" data-id=\"f07fb43\" data-element_type=\"section\">\n\t\t\t\t\t\t<div class=\"elementor-container elementor-column-gap-default\">\n\t\t\t\t\t<div class=\"elementor-column elementor-col-50 elementor-top-column elementor-element elementor-element-15e6bd9\" data-id=\"15e6bd9\" data-element_type=\"column\">\n\t\t\t<div class=\"elementor-widget-wrap elementor-element-populated\">\n\t\t\t\t\t\t<section class=\"elementor-section elementor-inner-section elementor-element elementor-element-5f9cff7 elementor-section-boxed elementor-section-height-default elementor-section-height-default\" data-id=\"5f9cff7\" data-element_type=\"section\">\n\t\t\t\t\t\t<div class=\"elementor-container elementor-column-gap-default\">\n\t\t\t\t\t<div class=\"elementor-column elementor-col-100 elementor-inner-column elementor-element elementor-element-56fce23\" data-id=\"56fce23\" data-element_type=\"column\">\n\t\t\t<div class=\"elementor-widget-wrap elementor-element-populated\">\n\t\t\t\t\t\t<div class=\"elementor-element elementor-element-3c557e6 title-mobile elementor-widget elementor-widget-heading\" data-id=\"3c557e6\" data-element_type=\"widget\" data-widget_type=\"heading.default\">\n\t\t\t\t<div class=\"elementor-widget-container\">\n\t\t\t\t\t<h1 class=\"elementor-heading-title elementor-size-default\">Unteres Belvedere<\/h1>\t\t\t\t<\/div>\n\t\t\t\t<\/div>\n\t\t\t\t<div class=\"elementor-element elementor-element-22a5a69 text-mobile elementor-widget__width-initial elementor-widget elementor-widget-text-editor\" data-id=\"22a5a69\" data-element_type=\"widget\" data-widget_type=\"text-editor.default\">\n\t\t\t\t<div class=\"elementor-widget-container\">\n\t\t\t\t\t\t\t\t\t<p>Hier finden Sie alles, was Sie wissen m\u00fcssen, um das <b>Untere Belvedere<\/b> zu besuchen, eines der beeindruckendsten Barockgeb\u00e4ude Wiens. Entdecken Sie seine historischen R\u00e4ume und die aktuellen Sonderausstellungen. <\/p>\t\t\t\t\t\t\t\t<\/div>\n\t\t\t\t<\/div>\n\t\t\t\t\t<\/div>\n\t\t<\/div>\n\t\t\t\t\t<\/div>\n\t\t<\/section>\n\t\t\t\t<div class=\"elementor-element elementor-element-e99669e btn-primary elementor-widget elementor-widget-button\" data-id=\"e99669e\" data-element_type=\"widget\" data-widget_type=\"button.default\">\n\t\t\t\t<div class=\"elementor-widget-container\">\n\t\t\t\t\t\t\t\t\t<div class=\"elementor-button-wrapper\">\n\t\t\t\t\t<a class=\"elementor-button elementor-button-link elementor-size-sm\" href=\"https:\/\/belvederepalace.wientickets.org\/de\/schloss-belvedere-tickets\/\">\n\t\t\t\t\t\t<span class=\"elementor-button-content-wrapper\">\n\t\t\t\t\t\t\t\t\t<span class=\"elementor-button-text\">Tickets buchen<\/span>\n\t\t\t\t\t<\/span>\n\t\t\t\t\t<\/a>\n\t\t\t\t<\/div>\n\t\t\t\t\t\t\t\t<\/div>\n\t\t\t\t<\/div>\n\t\t\t\t\t<\/div>\n\t\t<\/div>\n\t\t\t\t<div class=\"elementor-column elementor-col-50 elementor-top-column elementor-element elementor-element-69bee14\" data-id=\"69bee14\" data-element_type=\"column\">\n\t\t\t<div class=\"elementor-widget-wrap elementor-element-populated\">\n\t\t\t\t\t\t<div class=\"elementor-element elementor-element-8316480 elementor-hidden-mobile elementor-widget__width-initial elementor-widget elementor-widget-image\" data-id=\"8316480\" data-element_type=\"widget\" data-widget_type=\"image.default\">\n\t\t\t\t<div class=\"elementor-widget-container\">\n\t\t\t\t\t\t\t\t\t\t\t\t\t\t\t<img fetchpriority=\"high\" decoding=\"async\" width=\"800\" height=\"534\" src=\"https:\/\/belvederepalace.wientickets.org\/wp-content\/uploads\/2025\/11\/lower-belvedere-1-1024x683.webp\" class=\"attachment-large size-large wp-image-703\" alt=\"Unteres Belvedere\" srcset=\"https:\/\/belvederepalace.wientickets.org\/wp-content\/uploads\/2025\/11\/lower-belvedere-1-1024x683.webp 1024w, https:\/\/belvederepalace.wientickets.org\/wp-content\/uploads\/2025\/11\/lower-belvedere-1-300x200.webp 300w, https:\/\/belvederepalace.wientickets.org\/wp-content\/uploads\/2025\/11\/lower-belvedere-1-768x512.webp 768w, https:\/\/belvederepalace.wientickets.org\/wp-content\/uploads\/2025\/11\/lower-belvedere-1.webp 1200w\" sizes=\"(max-width: 800px) 100vw, 800px\" \/>\t\t\t\t\t\t\t\t\t\t\t\t\t\t\t<\/div>\n\t\t\t\t<\/div>\n\t\t\t\t\t<\/div>\n\t\t<\/div>\n\t\t\t\t\t<\/div>\n\t\t<\/section>\n\t\t\t\t<section class=\"elementor-section elementor-top-section elementor-element elementor-element-d53ad08 elementor-section-height-min-height elementor-section-boxed elementor-section-height-default elementor-section-items-middle\" data-id=\"d53ad08\" data-element_type=\"section\" data-settings=\"{&quot;background_background&quot;:&quot;classic&quot;}\">\n\t\t\t\t\t\t<div class=\"elementor-container elementor-column-gap-default\">\n\t\t\t\t\t<div class=\"elementor-column elementor-col-100 elementor-top-column elementor-element elementor-element-c2e6aa0\" data-id=\"c2e6aa0\" data-element_type=\"column\">\n\t\t\t<div class=\"elementor-widget-wrap\">\n\t\t\t\t\t\t\t<\/div>\n\t\t<\/div>\n\t\t\t\t\t<\/div>\n\t\t<\/section>\n\t\t\t\t<section class=\"elementor-section elementor-top-section elementor-element elementor-element-7346652 elementor-section-height-min-height elementor-hidden-tablet elementor-hidden-mobile elementor-section-boxed elementor-section-height-default elementor-section-items-middle\" data-id=\"7346652\" data-element_type=\"section\" data-settings=\"{&quot;background_background&quot;:&quot;classic&quot;}\">\n\t\t\t\t\t\t<div class=\"elementor-container elementor-column-gap-default\">\n\t\t\t\t\t<div class=\"elementor-column elementor-col-33 elementor-top-column elementor-element elementor-element-0298fca\" data-id=\"0298fca\" data-element_type=\"column\">\n\t\t\t<div class=\"elementor-widget-wrap elementor-element-populated\">\n\t\t\t\t\t\t<section class=\"elementor-section elementor-inner-section elementor-element elementor-element-db916b5 elementor-section-content-middle elementor-section-boxed elementor-section-height-default elementor-section-height-default\" data-id=\"db916b5\" data-element_type=\"section\">\n\t\t\t\t\t\t<div class=\"elementor-container elementor-column-gap-default\">\n\t\t\t\t\t<div class=\"elementor-column elementor-col-50 elementor-inner-column elementor-element elementor-element-5c2fc70\" data-id=\"5c2fc70\" data-element_type=\"column\">\n\t\t\t<div class=\"elementor-widget-wrap elementor-element-populated\">\n\t\t\t\t\t\t<div class=\"elementor-element elementor-element-d46f84a elementor-widget elementor-widget-image\" data-id=\"d46f84a\" data-element_type=\"widget\" data-widget_type=\"image.default\">\n\t\t\t\t<div class=\"elementor-widget-container\">\n\t\t\t\t\t\t\t\t\t\t\t\t\t\t\t<img decoding=\"async\" width=\"496\" height=\"496\" src=\"https:\/\/belvederepalace.wientickets.org\/wp-content\/uploads\/2024\/08\/customer-service-1-1.png\" class=\"attachment-large size-large wp-image-471\" alt=\"\" srcset=\"https:\/\/belvederepalace.wientickets.org\/wp-content\/uploads\/2024\/08\/customer-service-1-1.png 496w, https:\/\/belvederepalace.wientickets.org\/wp-content\/uploads\/2024\/08\/customer-service-1-1-300x300.png 300w, https:\/\/belvederepalace.wientickets.org\/wp-content\/uploads\/2024\/08\/customer-service-1-1-150x150.png 150w\" sizes=\"(max-width: 496px) 100vw, 496px\" \/>\t\t\t\t\t\t\t\t\t\t\t\t\t\t\t<\/div>\n\t\t\t\t<\/div>\n\t\t\t\t\t<\/div>\n\t\t<\/div>\n\t\t\t\t<div class=\"elementor-column elementor-col-50 elementor-inner-column elementor-element elementor-element-b8078e6\" data-id=\"b8078e6\" data-element_type=\"column\">\n\t\t\t<div class=\"elementor-widget-wrap elementor-element-populated\">\n\t\t\t\t\t\t<div class=\"elementor-element elementor-element-360a98b elementor-widget elementor-widget-heading\" data-id=\"360a98b\" data-element_type=\"widget\" data-widget_type=\"heading.default\">\n\t\t\t\t<div class=\"elementor-widget-container\">\n\t\t\t\t\t<p class=\"elementor-heading-title elementor-size-default\">Hilfe und Unterst\u00fctzung<\/p>\t\t\t\t<\/div>\n\t\t\t\t<\/div>\n\t\t\t\t<div class=\"elementor-element elementor-element-de3418a elementor-widget elementor-widget-heading\" data-id=\"de3418a\" data-element_type=\"widget\" data-widget_type=\"heading.default\">\n\t\t\t\t<div class=\"elementor-widget-container\">\n\t\t\t\t\t<p class=\"elementor-heading-title elementor-size-default\">Ein Kundendienst, der Ihnen von 8.00 bis 18.00 Uhr bei all Ihren Anliegen hilft.<\/p>\t\t\t\t<\/div>\n\t\t\t\t<\/div>\n\t\t\t\t\t<\/div>\n\t\t<\/div>\n\t\t\t\t\t<\/div>\n\t\t<\/section>\n\t\t\t\t\t<\/div>\n\t\t<\/div>\n\t\t\t\t<div class=\"elementor-column elementor-col-33 elementor-top-column elementor-element elementor-element-7f73152\" data-id=\"7f73152\" data-element_type=\"column\">\n\t\t\t<div class=\"elementor-widget-wrap elementor-element-populated\">\n\t\t\t\t\t\t<section class=\"elementor-section elementor-inner-section elementor-element elementor-element-0f661b5 elementor-section-content-middle elementor-section-boxed elementor-section-height-default elementor-section-height-default\" data-id=\"0f661b5\" data-element_type=\"section\">\n\t\t\t\t\t\t<div class=\"elementor-container elementor-column-gap-default\">\n\t\t\t\t\t<div class=\"elementor-column elementor-col-50 elementor-inner-column elementor-element elementor-element-35630c8\" data-id=\"35630c8\" data-element_type=\"column\">\n\t\t\t<div class=\"elementor-widget-wrap elementor-element-populated\">\n\t\t\t\t\t\t<div class=\"elementor-element elementor-element-ffafa18 elementor-widget elementor-widget-image\" data-id=\"ffafa18\" data-element_type=\"widget\" data-widget_type=\"image.default\">\n\t\t\t\t<div class=\"elementor-widget-container\">\n\t\t\t\t\t\t\t\t\t\t\t\t\t\t\t<img decoding=\"async\" width=\"488\" height=\"488\" src=\"https:\/\/belvederepalace.wientickets.org\/wp-content\/uploads\/2024\/08\/Group-333.png\" class=\"attachment-large size-large wp-image-472\" alt=\"\" srcset=\"https:\/\/belvederepalace.wientickets.org\/wp-content\/uploads\/2024\/08\/Group-333.png 488w, https:\/\/belvederepalace.wientickets.org\/wp-content\/uploads\/2024\/08\/Group-333-300x300.png 300w, https:\/\/belvederepalace.wientickets.org\/wp-content\/uploads\/2024\/08\/Group-333-150x150.png 150w\" sizes=\"(max-width: 488px) 100vw, 488px\" \/>\t\t\t\t\t\t\t\t\t\t\t\t\t\t\t<\/div>\n\t\t\t\t<\/div>\n\t\t\t\t\t<\/div>\n\t\t<\/div>\n\t\t\t\t<div class=\"elementor-column elementor-col-50 elementor-inner-column elementor-element elementor-element-2916fbc\" data-id=\"2916fbc\" data-element_type=\"column\">\n\t\t\t<div class=\"elementor-widget-wrap elementor-element-populated\">\n\t\t\t\t\t\t<div class=\"elementor-element elementor-element-c68e702 elementor-widget elementor-widget-heading\" data-id=\"c68e702\" data-element_type=\"widget\" data-widget_type=\"heading.default\">\n\t\t\t\t<div class=\"elementor-widget-container\">\n\t\t\t\t\t<p class=\"elementor-heading-title elementor-size-default\">Schnell und online buchen<\/p>\t\t\t\t<\/div>\n\t\t\t\t<\/div>\n\t\t\t\t<div class=\"elementor-element elementor-element-f29b063 elementor-widget elementor-widget-heading\" data-id=\"f29b063\" data-element_type=\"widget\" data-widget_type=\"heading.default\">\n\t\t\t\t<div class=\"elementor-widget-container\">\n\t\t\t\t\t<p class=\"elementor-heading-title elementor-size-default\">W\u00e4hlen Sie die beste Option f\u00fcr Ihre Bed\u00fcrfnisse und Vorlieben und vermeiden Sie Warteschlangen, indem Sie hier buchen<\/p>\t\t\t\t<\/div>\n\t\t\t\t<\/div>\n\t\t\t\t\t<\/div>\n\t\t<\/div>\n\t\t\t\t\t<\/div>\n\t\t<\/section>\n\t\t\t\t\t<\/div>\n\t\t<\/div>\n\t\t\t\t<div class=\"elementor-column elementor-col-33 elementor-top-column elementor-element elementor-element-4394fce\" data-id=\"4394fce\" data-element_type=\"column\">\n\t\t\t<div class=\"elementor-widget-wrap elementor-element-populated\">\n\t\t\t\t\t\t<section class=\"elementor-section elementor-inner-section elementor-element elementor-element-694387b elementor-section-content-middle elementor-section-boxed elementor-section-height-default elementor-section-height-default\" data-id=\"694387b\" data-element_type=\"section\">\n\t\t\t\t\t\t<div class=\"elementor-container elementor-column-gap-default\">\n\t\t\t\t\t<div class=\"elementor-column elementor-col-50 elementor-inner-column elementor-element elementor-element-119a207\" data-id=\"119a207\" data-element_type=\"column\">\n\t\t\t<div class=\"elementor-widget-wrap elementor-element-populated\">\n\t\t\t\t\t\t<div class=\"elementor-element elementor-element-a8f29fa elementor-widget elementor-widget-image\" data-id=\"a8f29fa\" data-element_type=\"widget\" data-widget_type=\"image.default\">\n\t\t\t\t<div class=\"elementor-widget-container\">\n\t\t\t\t\t\t\t\t\t\t\t\t\t\t\t<img loading=\"lazy\" decoding=\"async\" width=\"462\" height=\"683\" src=\"https:\/\/belvederepalace.wientickets.org\/wp-content\/uploads\/2024\/08\/top-attractions-in-paris.webp\" class=\"attachment-large size-large wp-image-473\" alt=\"\" srcset=\"https:\/\/belvederepalace.wientickets.org\/wp-content\/uploads\/2024\/08\/top-attractions-in-paris.webp 462w, https:\/\/belvederepalace.wientickets.org\/wp-content\/uploads\/2024\/08\/top-attractions-in-paris-203x300.webp 203w\" sizes=\"(max-width: 462px) 100vw, 462px\" \/>\t\t\t\t\t\t\t\t\t\t\t\t\t\t\t<\/div>\n\t\t\t\t<\/div>\n\t\t\t\t\t<\/div>\n\t\t<\/div>\n\t\t\t\t<div class=\"elementor-column elementor-col-50 elementor-inner-column elementor-element elementor-element-dc1368c\" data-id=\"dc1368c\" data-element_type=\"column\">\n\t\t\t<div class=\"elementor-widget-wrap elementor-element-populated\">\n\t\t\t\t\t\t<div class=\"elementor-element elementor-element-00c1e4e elementor-widget elementor-widget-heading\" data-id=\"00c1e4e\" data-element_type=\"widget\" data-widget_type=\"heading.default\">\n\t\t\t\t<div class=\"elementor-widget-container\">\n\t\t\t\t\t<p class=\"elementor-heading-title elementor-size-default\">Platz 2 der Sehensw\u00fcrdigkeiten in Wien<\/p>\t\t\t\t<\/div>\n\t\t\t\t<\/div>\n\t\t\t\t<div class=\"elementor-element elementor-element-ead42e6 elementor-widget elementor-widget-heading\" data-id=\"ead42e6\" data-element_type=\"widget\" data-widget_type=\"heading.default\">\n\t\t\t\t<div class=\"elementor-widget-container\">\n\t\t\t\t\t<p class=\"elementor-heading-title elementor-size-default\">Entdecken Sie Schloss Belvedere in Wien: barocke Sch\u00f6nheit, \u00fcppige G\u00e4rten und Klimts ikonische Kunst.\n\n\n\n\n\n\n\n\n<\/p>\t\t\t\t<\/div>\n\t\t\t\t<\/div>\n\t\t\t\t\t<\/div>\n\t\t<\/div>\n\t\t\t\t\t<\/div>\n\t\t<\/section>\n\t\t\t\t\t<\/div>\n\t\t<\/div>\n\t\t\t\t\t<\/div>\n\t\t<\/section>\n\t\t<div class=\"elementor-element elementor-element-e71292e e-flex e-con-boxed e-con e-parent\" data-id=\"e71292e\" data-element_type=\"container\">\n\t\t\t\t\t<div class=\"e-con-inner\">\n\t\t\t\t<div class=\"elementor-element elementor-element-f361e8b elementor-widget elementor-widget-spacer\" data-id=\"f361e8b\" data-element_type=\"widget\" data-widget_type=\"spacer.default\">\n\t\t\t\t<div class=\"elementor-widget-container\">\n\t\t\t\t\t\t\t<div class=\"elementor-spacer\">\n\t\t\t<div class=\"elementor-spacer-inner\"><\/div>\n\t\t<\/div>\n\t\t\t\t\t\t<\/div>\n\t\t\t\t<\/div>\n\t\t\t\t\t<\/div>\n\t\t\t\t<\/div>\n\t\t<div class=\"elementor-element elementor-element-c9d13a9 e-flex e-con-boxed e-con e-parent\" data-id=\"c9d13a9\" data-element_type=\"container\">\n\t\t\t\t\t<div class=\"e-con-inner\">\n\t\t\t\t<div class=\"elementor-element elementor-element-1bdec60 elementor-widget elementor-widget-heading\" data-id=\"1bdec60\" data-element_type=\"widget\" data-widget_type=\"heading.default\">\n\t\t\t\t<div class=\"elementor-widget-container\">\n\t\t\t\t\t<h2 class=\"elementor-heading-title elementor-size-default\">Was ist das Untere Belvedere und wo befindet es sich?<\/h2>\t\t\t\t<\/div>\n\t\t\t\t<\/div>\n\t\t\t\t\t<\/div>\n\t\t\t\t<\/div>\n\t\t<div class=\"elementor-element elementor-element-d057245 e-flex e-con-boxed e-con e-parent\" data-id=\"d057245\" data-element_type=\"container\">\n\t\t\t\t\t<div class=\"e-con-inner\">\n\t\t<div class=\"elementor-element elementor-element-5bfbcda e-con-full e-flex e-con e-child\" data-id=\"5bfbcda\" data-element_type=\"container\">\n\t\t\t\t<div class=\"elementor-element elementor-element-d9a7f71 elementor-widget elementor-widget-image\" data-id=\"d9a7f71\" data-element_type=\"widget\" data-widget_type=\"image.default\">\n\t\t\t\t<div class=\"elementor-widget-container\">\n\t\t\t\t\t\t\t\t\t\t\t\t\t\t\t<img loading=\"lazy\" decoding=\"async\" width=\"837\" height=\"1024\" src=\"https:\/\/belvederepalace.wientickets.org\/wp-content\/uploads\/2025\/12\/eugene-of-savoy.jpeg\" class=\"attachment-full size-full wp-image-1247\" alt=\"Prinz Eugen von Savoyen\" srcset=\"https:\/\/belvederepalace.wientickets.org\/wp-content\/uploads\/2025\/12\/eugene-of-savoy.jpeg 837w, https:\/\/belvederepalace.wientickets.org\/wp-content\/uploads\/2025\/12\/eugene-of-savoy-245x300.jpeg 245w, https:\/\/belvederepalace.wientickets.org\/wp-content\/uploads\/2025\/12\/eugene-of-savoy-768x940.jpeg 768w\" sizes=\"(max-width: 837px) 100vw, 837px\" \/>\t\t\t\t\t\t\t\t\t\t\t\t\t\t\t<\/div>\n\t\t\t\t<\/div>\n\t\t\t\t<\/div>\n\t\t<div class=\"elementor-element elementor-element-090eeb0 e-con-full e-flex e-con e-child\" data-id=\"090eeb0\" data-element_type=\"container\">\n\t\t\t\t<div class=\"elementor-element elementor-element-9b3710b elementor-widget elementor-widget-text-editor\" data-id=\"9b3710b\" data-element_type=\"widget\" data-widget_type=\"text-editor.default\">\n\t\t\t\t<div class=\"elementor-widget-container\">\n\t\t\t\t\t\t\t\t\t<p>Das Untere Belvedere ist Teil <b>einer der spektakul\u00e4rsten jemals gebauten Sommerresidenzen<\/b>. Es wurde von <u>Prinz Eugen von Savoyen<\/u> in Auftrag gegeben, einem brillanten Milit\u00e4rkommandeur und einem der gr\u00f6\u00dften Staatsm\u00e4nner der fr\u00fchen Neuzeit. <\/p><p>Er wurde in Paris geboren, von der franz\u00f6sischen Armee abgelehnt und verfolgte daher seine Karriere in \u00d6sterreich, wo er sich durch sein milit\u00e4risches Talent und seine Disziplin auszeichnete. Er spielte eine Schl\u00fcsselrolle in den Kriegen gegen das Osmanische Reich und errang bedeutende Siege wie Zenta und die Eroberung von Belgrad. Zudem nahm er entscheidend am Spanischen Erbfolgekrieg gegen Frankreich teil. \u00dcber seine milit\u00e4rische Karriere hinaus war er ein einflussreicher Politiker und Kunstm\u00e4zen, der dazu beitrug, die Macht und das Prestige des \u00f6sterreichischen Kaiserreichs zu st\u00e4rken.  <\/p><p>Im Gegensatz zum <a style=\"color: #7e0009;\" href=\"https:\/\/belvederepalace.wientickets.org\/de\/oberes-oder-unteres-belvedere\/\" rel=\"noopener\">Oberen Belvedere<\/a>, das eher eine zeremonielle und repr\u00e4sentative Funktion hatte, <b>wurde dieses Geb\u00e4ude als seine private Residenz konzipiert<\/b>, der Ort, an dem er tats\u00e4chlich lebte und seine engsten G\u00e4ste empfing.<\/p><p>Um zu verstehen, warum dieser Palast so wichtig ist, m\u00fcssen wir ein wenig \u00fcber <u>die Habsburger<\/u> sprechen. Diese Dynastie war eines der einflussreichsten K\u00f6nigsh\u00e4user Europas und regierte jahrhundertelang \u00fcber ein Reich, dessen kulturelles und politisches Herz Wien war. <\/p>\t\t\t\t\t\t\t\t<\/div>\n\t\t\t\t<\/div>\n\t\t\t\t<\/div>\n\t\t\t\t\t<\/div>\n\t\t\t\t<\/div>\n\t\t<div class=\"elementor-element elementor-element-59406f6 e-flex e-con-boxed e-con e-parent\" data-id=\"59406f6\" data-element_type=\"container\">\n\t\t\t\t\t<div class=\"e-con-inner\">\n\t\t\t\t<div class=\"elementor-element elementor-element-6bb0a9c elementor-widget elementor-widget-text-editor\" data-id=\"6bb0a9c\" data-element_type=\"widget\" data-widget_type=\"text-editor.default\">\n\t\t\t\t<div class=\"elementor-widget-container\">\n\t\t\t\t\t\t\t\t\t<p>Obwohl Prinz Eugen selbst kein Habsburger war, waren seine Loyalit\u00e4t zur Krone und seine milit\u00e4rischen Siege entscheidend f\u00fcr die Stabilit\u00e4t des Reiches, was es ihm erm\u00f6glichte, dieses Museum zu bauen, das wir heute genie\u00dfen. Die Habsburger erwarben den Komplex Jahre nach seinem Tod und machten ihn zu einem Ort, an dem die kaiserliche Kunstsammlung untergebracht wurde, eine Tradition, die bis heute andauert. <\/p><p>Heutzutage hat das Untere Belvedere seine Wohnr\u00e4ume in <b>erstklassige Ausstellungshallen<\/b> verwandelt. W\u00e4hrend sich das obere Geb\u00e4ude auf die st\u00e4ndige Sammlung konzentriert, ist dieser Raum haupts\u00e4chlich <u>Wechselausstellungen<\/u> gewidmet, die verschiedene Epochen der \u00f6sterreichischen und internationalen Kunst erkunden. Es ist ein Ort, an dem originelles Barockdesign mit modernen Vorschl\u00e4gen koexistiert und ein viel intimeres und detaillierteres Erlebnis bietet als die gro\u00dfen S\u00e4le des oberen Geb\u00e4udes.  <\/p><p>Was den Standort betrifft, <b>befindet er sich im dritten Bezirk von Wien, \u00d6sterreich<\/b>, direkt am unteren Ende der terrassenf\u00f6rmig angelegten <a href=\"https:\/\/belvederepalace.wientickets.org\/de\/belvedere-schlossgarten-gaerten\/\">G\u00e4rten<\/a>, die beide Bauwerke miteinander verbinden. Es liegt sehr nahe am historischen Zentrum und ist daher bequem zu Fu\u00df oder mit \u00f6ffentlichen Verkehrsmitteln erreichbar. K\u00fcmmern Sie sich jetzt nicht um die logistischen Details; in den folgenden Zeilen erkl\u00e4ren wir Ihnen, wie Sie diese &#8222;Must-See&#8220;-Station erreichen, wenn Sie verstehen m\u00f6chten, wie die Aristokratie der damaligen Zeit in einem Umfeld gro\u00dfer Opulenz lebte.  <\/p>\t\t\t\t\t\t\t\t<\/div>\n\t\t\t\t<\/div>\n\t\t\t\t\t<\/div>\n\t\t\t\t<\/div>\n\t\t\t\t<section class=\"elementor-section elementor-top-section elementor-element elementor-element-730b3d6 elementor-section-boxed elementor-section-height-default elementor-section-height-default\" data-id=\"730b3d6\" data-element_type=\"section\">\n\t\t\t\t\t\t<div class=\"elementor-container elementor-column-gap-default\">\n\t\t\t\t\t<div class=\"elementor-column elementor-col-50 elementor-top-column elementor-element elementor-element-2a250d9\" data-id=\"2a250d9\" data-element_type=\"column\">\n\t\t\t<div class=\"elementor-widget-wrap elementor-element-populated\">\n\t\t\t\t\t\t<div class=\"elementor-element elementor-element-d288cd1 elementor-widget elementor-widget-heading\" data-id=\"d288cd1\" data-element_type=\"widget\" data-widget_type=\"heading.default\">\n\t\t\t\t<div class=\"elementor-widget-container\">\n\t\t\t\t\t<h2 class=\"elementor-heading-title elementor-size-default\">Was befindet sich im Inneren des Unteren Belvedere?<\/h2>\t\t\t\t<\/div>\n\t\t\t\t<\/div>\n\t\t\t\t<div class=\"elementor-element elementor-element-a78b2ab elementor-widget elementor-widget-text-editor\" data-id=\"a78b2ab\" data-element_type=\"widget\" data-widget_type=\"text-editor.default\">\n\t\t\t\t<div class=\"elementor-widget-container\">\n\t\t\t\t\t\t\t\t\t<p>Beim Betreten des Inneren des Unteren Belvedere entdecken Sie R\u00e4ume, die einen Gro\u00dfteil ihrer urspr\u00fcnglichen Dekoration bewahrt haben. Dies sind die wichtigsten: <\/p><ul><li><strong>Marmorsaal:<\/strong> Das Herzst\u00fcck des Palastes, geschm\u00fcckt mit Reliefs und Fresken, die die Siege des Prinzen feiern.<\/li><li><strong>Goldenes Kabinett:<\/strong> Ein kleines visuelles Juwel, in dem Blattgold und Spiegel einen brillanten Effekt erzeugen.<\/li><li><strong>Saal der Grotesken:<\/strong> Bekannt f\u00fcr seine Wandmalereien, die von der Antike inspiriert sind und voller fantastischer und kurioser Details stecken.<\/li><li><strong>Orangerie:<\/strong> Das ehemalige Zitrushaus, das heute als moderner, lichtdurchfluteter Ausstellungsraum dient.<\/li><\/ul>\t\t\t\t\t\t\t\t<\/div>\n\t\t\t\t<\/div>\n\t\t\t\t\t<\/div>\n\t\t<\/div>\n\t\t\t\t<div class=\"elementor-column elementor-col-50 elementor-top-column elementor-element elementor-element-efe2bf3\" data-id=\"efe2bf3\" data-element_type=\"column\">\n\t\t\t<div class=\"elementor-widget-wrap elementor-element-populated\">\n\t\t\t\t\t\t<div class=\"elementor-element elementor-element-ddc3732 elementor-widget elementor-widget-html\" data-id=\"ddc3732\" data-element_type=\"widget\" data-widget_type=\"html.default\">\n\t\t\t\t<div class=\"elementor-widget-container\">\n\t\t\t\t\t<div class=\"image-carousel-wrapper\">\r\n  <div class=\"image-carousel\">\r\n    <!-- Im\u00e1genes del Belvedere Palace -->\r\n    <div class=\"carousel-item active\">\r\n      <img decoding=\"async\" src=\"https:\/\/belvederepalace.wientickets.org\/wp-content\/uploads\/2025\/11\/belvedere-marble-hall.webp\" alt=\"Marmorsaal\">\r\n      <\/div>\r\n    <div class=\"carousel-item\">\r\n      <img decoding=\"async\" src=\"https:\/\/belvederepalace.wientickets.org\/wp-content\/uploads\/2025\/11\/golden-hall-belvedere-palace.webp\" alt=\"Goldenes Kabinett\">\r\n    <\/div>\r\n    <div class=\"carousel-item\">\r\n      <img decoding=\"async\" src=\"https:\/\/belvederepalace.wientickets.org\/wp-content\/uploads\/2025\/12\/hall-of-the-grotesques.webp\" alt=\"Saal der Grotesken\">\r\n    <\/div>\r\n       <div class=\"carousel-item\">\r\n      <img decoding=\"async\" src=\"https:\/\/belvederepalace.wientickets.org\/wp-content\/uploads\/2025\/11\/Orangery-Lower-Belvedere.webp\" alt=\"Orangerie\">\r\n    <\/div>\r\n    \r\n    <!-- Botones de navegaci\u00f3n -->\r\n    <button class=\"carousel-btn prev\" aria-label=\"Anterior\">\r\n      <svg width=\"24\" height=\"24\" viewbox=\"0 0 24 24\" fill=\"none\" stroke=\"currentColor\" stroke-width=\"2\">\r\n        <polyline points=\"15 18 9 12 15 6\"><\/polyline>\r\n      <\/polyline><\/svg>\r\n    <\/button>\r\n    <button class=\"carousel-btn next\" aria-label=\"Siguiente\">\r\n      <svg width=\"24\" height=\"24\" viewbox=\"0 0 24 24\" fill=\"none\" stroke=\"currentColor\" stroke-width=\"2\">\r\n        <polyline points=\"9 18 15 12 9 6\"><\/polyline>\r\n      <\/polyline><\/svg>\r\n    <\/button>\r\n    <div class=\"carousel-caption\"><\/div>\r\n  <\/div>\r\n  \r\n  \r\n  <!-- Indicadores -->\r\n  <div class=\"carousel-indicators\"><\/div>\r\n<\/div>\r\n\r\n<style>\r\n.image-carousel-wrapper {\r\n  width: 100%;\r\n  position: relative;\r\n}\r\n\r\n.image-carousel {\r\n  position: relative;\r\n  width: 100%;\r\n  height: 400px;\r\n  overflow: hidden;\r\n  border-radius: 8px;\r\n}\r\n\r\n.carousel-item {\r\n  position: absolute;\r\n  top: 0;\r\n  left: 0;\r\n  width: 100%;\r\n  height: 100%;\r\n  opacity: 0;\r\n  transition: opacity 0.5s ease-in-out;\r\n  pointer-events: none;\r\n}\r\n\r\n.carousel-item.active {\r\n  opacity: 1;\r\n  pointer-events: auto;\r\n}\r\n\r\n.carousel-item img {\r\n  width: 100%;\r\n  height: 400px;\r\n  object-fit: cover;\r\n  object-position: top center;\r\n  display: block;\r\n}\r\n\r\n.carousel-btn {\r\n  position: absolute;\r\n  top: 50%;\r\n  transform: translateY(-50%);\r\n  background: rgba(0, 0, 0, 0.5);\r\n  color: white;\r\n  border: none;\r\n  width: 45px;\r\n  height: 45px;\r\n  border-radius: 50%;\r\n  cursor: pointer;\r\n  display: flex;\r\n  align-items: center;\r\n  justify-content: center;\r\n  transition: background 0.3s ease;\r\n  z-index: 10;\r\n}\r\n\r\n\/* Asegurar que los SVG se vean correctamente *\/\r\n.carousel-btn svg {\r\n  display: block;\r\n  flex-shrink: 0;\r\n  width: 20px;\r\n  height: 20px;\r\n}\r\n\r\n.carousel-btn:hover {\r\n  background: rgba(0, 0, 0, 0.7);\r\n}\r\n\r\n.carousel-btn:focus {\r\n  background: #CE2B37;\r\n  outline: none;\r\n}\r\n\r\n.carousel-btn.prev {\r\n  left: 15px;\r\n}\r\n\r\n.carousel-btn.next {\r\n  right: 15px;\r\n}\r\n\r\n.carousel-indicators {\r\n  display: flex;\r\n  justify-content: center;\r\n  gap: 8px;\r\n  margin-top: 15px;\r\n}\r\n\r\n.carousel-indicator {\r\n  width: 10px;\r\n  height: 10px;\r\n  border-radius: 50%;\r\n  background: #ddd;\r\n  cursor: pointer;\r\n  transition: all 0.3s ease;\r\n}\r\n\r\n.carousel-indicator.active {\r\n  background: #333;\r\n  width: 30px;\r\n  border-radius: 5px;\r\n}\r\n\r\n\/* Mobile adjustments *\/\r\n@media (max-width: 768px) {\r\n  .carousel-btn {\r\n    width: 35px;\r\n    height: 35px;\r\n  }\r\n  \r\n  .carousel-btn.prev {\r\n    left: 10px;\r\n  }\r\n  \r\n  .carousel-btn.next {\r\n    right: 10px;\r\n  }\r\n  \r\n  .carousel-btn svg {\r\n    width: 18px;\r\n    height: 18px;\r\n  }\r\n}\r\n\r\n.carousel-caption {\r\n  position: absolute;\r\n  bottom: 15px;\r\n  left: 15px;\r\n  background: rgba(0, 0, 0, 0.6);\r\n  color: white;\r\n  padding: 10px 15px;\r\n  border-radius: 5px;\r\n  font-size: 14px;\r\n  max-width: 80%;\r\n  z-index: 10;\r\n}\r\n\r\n@media (max-width: 768px) {\r\n  .carousel-caption {\r\n    font-size: 12px;\r\n    padding: 8px 12px;\r\n    bottom: 10px;\r\n    left: 10px;\r\n  }\r\n}\r\n\r\n<\/style>\r\n\r\n<script>\r\ndocument.addEventListener('DOMContentLoaded', function() {\r\n  const carousels = document.querySelectorAll('.image-carousel-wrapper');\r\n  \r\n  carousels.forEach((wrapper) => {\r\n    const carousel = wrapper.querySelector('.image-carousel');\r\n    const items = carousel.querySelectorAll('.carousel-item');\r\n    const prevBtn = carousel.querySelector('.prev');\r\n    const nextBtn = carousel.querySelector('.next');\r\n    const indicatorsContainer = wrapper.querySelector('.carousel-indicators');\r\n    const caption = carousel.querySelector('.carousel-caption');\r\n    \r\n    let currentIndex = 0;\r\n    let autoplayInterval;\r\n    \r\n    \/\/ Variables para swipe\r\n    let touchStartX = 0;\r\n    let touchEndX = 0;\r\n    let touchStartY = 0;\r\n    let touchEndY = 0;\r\n    \r\n    items.forEach((_, index) => {\r\n      const indicator = document.createElement('div');\r\n      indicator.classList.add('carousel-indicator');\r\n      if (index === 0) indicator.classList.add('active');\r\n      indicator.addEventListener('click', () => {\r\n        stopAutoplay();\r\n        goToSlide(index);\r\n      });\r\n      indicatorsContainer.appendChild(indicator);\r\n    });\r\n    \r\n    const indicators = indicatorsContainer.querySelectorAll('.carousel-indicator');\r\n    \r\n    function updateCarousel() {\r\n      items.forEach((item, index) => {\r\n        item.classList.toggle('active', index === currentIndex);\r\n      });\r\n      \r\n      indicators.forEach((indicator, index) => {\r\n        indicator.classList.toggle('active', index === currentIndex);\r\n      });\r\n      \r\n      const currentImg = items[currentIndex].querySelector('img');\r\n      caption.textContent = currentImg.alt;\r\n    }\r\n    \r\n    function goToSlide(index) {\r\n      currentIndex = index;\r\n      updateCarousel();\r\n    }\r\n    \r\n    function nextSlide() {\r\n      currentIndex = (currentIndex + 1) % items.length;\r\n      updateCarousel();\r\n    }\r\n    \r\n    function prevSlide() {\r\n      currentIndex = (currentIndex - 1 + items.length) % items.length;\r\n      updateCarousel();\r\n    }\r\n    \r\n    function stopAutoplay() {\r\n      if (autoplayInterval) {\r\n        clearInterval(autoplayInterval);\r\n        autoplayInterval = null;\r\n      }\r\n    }\r\n    \r\n    \/\/ Detectar swipe\r\n    function handleSwipe() {\r\n      const diffX = touchEndX - touchStartX;\r\n      const diffY = Math.abs(touchEndY - touchStartY);\r\n      \r\n      \/\/ Solo procesar si el movimiento horizontal es mayor que el vertical\r\n      \/\/ y si el desplazamiento es suficiente (m\u00e1s de 50px)\r\n      if (Math.abs(diffX) > 50 && Math.abs(diffX) > diffY) {\r\n        stopAutoplay();\r\n        \r\n        if (diffX > 0) {\r\n          \/\/ Swipe derecha - ir a anterior\r\n          prevSlide();\r\n        } else {\r\n          \/\/ Swipe izquierda - ir a siguiente\r\n          nextSlide();\r\n        }\r\n      }\r\n    }\r\n    \r\n    \/\/ Event listeners para touch\r\n    carousel.addEventListener('touchstart', (e) => {\r\n      touchStartX = e.changedTouches[0].screenX;\r\n      touchStartY = e.changedTouches[0].screenY;\r\n    }, { passive: true });\r\n    \r\n    carousel.addEventListener('touchend', (e) => {\r\n      touchEndX = e.changedTouches[0].screenX;\r\n      touchEndY = e.changedTouches[0].screenY;\r\n      handleSwipe();\r\n    }, { passive: true });\r\n    \r\n    \/\/ Inicializar\r\n    updateCarousel();\r\n    \r\n    prevBtn.addEventListener('click', () => {\r\n      stopAutoplay();\r\n      prevSlide();\r\n    });\r\n    \r\n    nextBtn.addEventListener('click', () => {\r\n      stopAutoplay();\r\n      nextSlide();\r\n    });\r\n    \r\n    \/\/ Auto-play cada 6 segundos\r\n    autoplayInterval = setInterval(nextSlide, 6000);\r\n  });\r\n});\r\n<\/script>\t\t\t\t<\/div>\n\t\t\t\t<\/div>\n\t\t\t\t\t<\/div>\n\t\t<\/div>\n\t\t\t\t\t<\/div>\n\t\t<\/section>\n\t\t\t\t<section class=\"elementor-section elementor-top-section elementor-element elementor-element-ffb7036 elementor-section-boxed elementor-section-height-default elementor-section-height-default\" data-id=\"ffb7036\" data-element_type=\"section\">\n\t\t\t\t\t\t<div class=\"elementor-container elementor-column-gap-default\">\n\t\t\t\t\t<div class=\"elementor-column elementor-col-100 elementor-top-column elementor-element elementor-element-51ca641\" data-id=\"51ca641\" data-element_type=\"column\">\n\t\t\t<div class=\"elementor-widget-wrap elementor-element-populated\">\n\t\t\t\t\t\t<div class=\"elementor-element elementor-element-33022b3 elementor-widget elementor-widget-heading\" data-id=\"33022b3\" data-element_type=\"widget\" data-widget_type=\"heading.default\">\n\t\t\t\t<div class=\"elementor-widget-container\">\n\t\t\t\t\t<h2 class=\"elementor-heading-title elementor-size-default\">Unterschiede zwischen dem Unteren und Oberen Belvedere<\/h2>\t\t\t\t<\/div>\n\t\t\t\t<\/div>\n\t\t\t\t<div class=\"elementor-element elementor-element-995909f elementor-widget elementor-widget-text-editor\" data-id=\"995909f\" data-element_type=\"widget\" data-widget_type=\"text-editor.default\">\n\t\t\t\t<div class=\"elementor-widget-container\">\n\t\t\t\t\t\t\t\t\t<p>Bei der Planung Ihres Besuchs fragt man sich oft, ob es sich lohnt, beide zu betreten oder ob eines ausreicht. Der Haupt<a style=\"color: #7e0009;\" href=\"https:\/\/belvederepalace.wientickets.org\/de\/oberes-oder-unteres-belvedere\/\" rel=\"noopener\">unterschied zwischen dem Unteren und Oberen Belvedere<\/a> liegt darin, was Sie in diesen Komplexen finden. <\/p><p>Das <b>Obere Belvedere<\/b> ist das bekannteste Gesicht des Komplexes, vor allem, weil es die st\u00e4ndige Sammlung mittelalterlicher und barocker Kunst beherbergt, und nat\u00fcrlich Werke von Gustav Klimt wie &#8222;Der Kuss&#8220;. Wenn Sie auf der Suche nach den gro\u00dfen Ikonen der \u00f6sterreichischen Kunst sind, sind Sie hier genau richtig! Aber seien Sie darauf vorbereitet, den Raum mit vielen weiteren Besuchern zu teilen.  <\/p>\t\t\t\t\t\t\t\t<\/div>\n\t\t\t\t<\/div>\n\t\t\t\t\t<\/div>\n\t\t<\/div>\n\t\t\t\t\t<\/div>\n\t\t<\/section>\n\t\t<div class=\"elementor-element elementor-element-43ccdca e-flex e-con-boxed e-con e-parent\" data-id=\"43ccdca\" data-element_type=\"container\">\n\t\t\t\t\t<div class=\"e-con-inner\">\n\t\t\t\t<div class=\"elementor-element elementor-element-3a8f3b4 elementor-widget elementor-widget-image\" data-id=\"3a8f3b4\" data-element_type=\"widget\" data-widget_type=\"image.default\">\n\t\t\t\t<div class=\"elementor-widget-container\">\n\t\t\t\t\t\t\t\t\t\t\t\t\t\t\t<img loading=\"lazy\" decoding=\"async\" width=\"800\" height=\"405\" src=\"https:\/\/belvederepalace.wientickets.org\/wp-content\/uploads\/2024\/08\/upper-belvedere-1024x518.webp\" class=\"attachment-large size-large wp-image-2566\" alt=\"\" srcset=\"https:\/\/belvederepalace.wientickets.org\/wp-content\/uploads\/2024\/08\/upper-belvedere-1024x518.webp 1024w, https:\/\/belvederepalace.wientickets.org\/wp-content\/uploads\/2024\/08\/upper-belvedere-300x152.webp 300w, https:\/\/belvederepalace.wientickets.org\/wp-content\/uploads\/2024\/08\/upper-belvedere-768x388.webp 768w, https:\/\/belvederepalace.wientickets.org\/wp-content\/uploads\/2024\/08\/upper-belvedere.webp 1100w\" sizes=\"(max-width: 800px) 100vw, 800px\" \/>\t\t\t\t\t\t\t\t\t\t\t\t\t\t\t<\/div>\n\t\t\t\t<\/div>\n\t\t\t\t<div class=\"elementor-element elementor-element-b48c20b elementor-widget elementor-widget-text-editor\" data-id=\"b48c20b\" data-element_type=\"widget\" data-widget_type=\"text-editor.default\">\n\t\t\t\t<div class=\"elementor-widget-container\">\n\t\t\t\t\t\t\t\t\t<p>Das <b>Lower Belvedere<\/b> hingegen bietet ein viel ruhigeres Erlebnis, das sich auf die <a href=\"https:\/\/belvederepalace.wientickets.org\/de\/schloss-belvedere-geschichte\/\" target=\"_blank\" rel=\"noopener\">Geschichte des Geb\u00e4udes selbst<\/a> konzentriert. Hier k\u00f6nnen Sie durch die k\u00f6niglichen Schlafzimmer und die Freizeitr\u00e4ume des Prinzen spazieren und haben das Gef\u00fchl, in einem Haus zu sein (einem sehr luxuri\u00f6sen, wohlgemerkt) und nicht nur in einer Galerie. W\u00e4hrend der obere Palast imposant und monumental ist, ist der untere Palast detailreich und dekorativ. Die Architektur des Unteren Belvedere ist weitl\u00e4ufiger und f\u00fcgt sich subtil in die umliegende Nachbarschaft ein.   <\/p>\t\t\t\t\t\t\t\t<\/div>\n\t\t\t\t<\/div>\n\t\t\t\t<div class=\"elementor-element elementor-element-447272e elementor-widget elementor-widget-image\" data-id=\"447272e\" data-element_type=\"widget\" data-widget_type=\"image.default\">\n\t\t\t\t<div class=\"elementor-widget-container\">\n\t\t\t\t\t\t\t\t\t\t\t\t\t\t\t<img loading=\"lazy\" decoding=\"async\" width=\"800\" height=\"410\" src=\"https:\/\/belvederepalace.wientickets.org\/wp-content\/uploads\/2025\/11\/lower-belvedere-1024x525.webp\" class=\"attachment-large size-large wp-image-625\" alt=\"Unteres Belvedere\" srcset=\"https:\/\/belvederepalace.wientickets.org\/wp-content\/uploads\/2025\/11\/lower-belvedere-1024x525.webp 1024w, https:\/\/belvederepalace.wientickets.org\/wp-content\/uploads\/2025\/11\/lower-belvedere-300x154.webp 300w, https:\/\/belvederepalace.wientickets.org\/wp-content\/uploads\/2025\/11\/lower-belvedere-768x394.webp 768w, https:\/\/belvederepalace.wientickets.org\/wp-content\/uploads\/2025\/11\/lower-belvedere.webp 1300w\" sizes=\"(max-width: 800px) 100vw, 800px\" \/>\t\t\t\t\t\t\t\t\t\t\t\t\t\t\t<\/div>\n\t\t\t\t<\/div>\n\t\t\t\t<div class=\"elementor-element elementor-element-e11b6d5 elementor-widget elementor-widget-text-editor\" data-id=\"e11b6d5\" data-element_type=\"widget\" data-widget_type=\"text-editor.default\">\n\t\t\t\t<div class=\"elementor-widget-container\">\n\t\t\t\t\t\t\t\t\t<p>Ein weiterer grundlegender Unterschied ist die Art der Kunst: <u>Im unteren Geb\u00e4ude wechseln die Ausstellungen alle paar Monate<\/u>, was bedeutet, dass es immer etwas Neues zu sehen gibt, selbst f\u00fcr diejenigen, die die Stadt schon einmal besucht haben. Es ist ein Raum der st\u00e4ndigen Entdeckung! <\/p>\t\t\t\t\t\t\t\t<\/div>\n\t\t\t\t<\/div>\n\t\t\t\t\t<\/div>\n\t\t\t\t<\/div>\n\t\t\t\t<section class=\"elementor-section elementor-top-section elementor-element elementor-element-ecf61e1 elementor-section-boxed elementor-section-height-default elementor-section-height-default\" data-id=\"ecf61e1\" data-element_type=\"section\">\n\t\t\t\t\t\t<div class=\"elementor-container elementor-column-gap-default\">\n\t\t\t\t\t<div class=\"elementor-column elementor-col-100 elementor-top-column elementor-element elementor-element-e2f038f\" data-id=\"e2f038f\" data-element_type=\"column\">\n\t\t\t<div class=\"elementor-widget-wrap elementor-element-populated\">\n\t\t\t\t\t\t<div class=\"elementor-element elementor-element-fbb20fe elementor-widget elementor-widget-heading\" data-id=\"fbb20fe\" data-element_type=\"widget\" data-widget_type=\"heading.default\">\n\t\t\t\t<div class=\"elementor-widget-container\">\n\t\t\t\t\t<h2 class=\"elementor-heading-title elementor-size-default\">Welche Ausstellungen werden stattfinden?<\/h2>\t\t\t\t<\/div>\n\t\t\t\t<\/div>\n\t\t\t\t<div class=\"elementor-element elementor-element-d1f7379 elementor-widget elementor-widget-text-editor\" data-id=\"d1f7379\" data-element_type=\"widget\" data-widget_type=\"text-editor.default\">\n\t\t\t\t<div class=\"elementor-widget-container\">\n\t\t\t\t\t\t\t\t\tDas Programm im Unteren Belvedere ist recht vielf\u00e4ltig und dynamisch. Derzeit, laut <a href=\"https:\/\/www.belvedere.at\/en\/current-exhibitions#LowerBelvedere\" target=\"_blank\" rel=\"noopener\" style=\"color:#7E0009;\">der offiziellen Museumswebsite<\/a>, finden Sie folgende Sonderausstellungen: \n\t\t\t\t\t\t\t\t<\/div>\n\t\t\t\t<\/div>\n\t\t\t\t\t<\/div>\n\t\t<\/div>\n\t\t\t\t\t<\/div>\n\t\t<\/section>\n\t\t<div class=\"elementor-element elementor-element-fe6f98e e-flex e-con-boxed e-con e-parent\" data-id=\"fe6f98e\" data-element_type=\"container\">\n\t\t\t\t\t<div class=\"e-con-inner\">\n\t\t<div class=\"elementor-element elementor-element-d204229 e-con-full e-flex e-con e-child\" data-id=\"d204229\" data-element_type=\"container\">\n\t\t\t\t<div class=\"elementor-element elementor-element-0fd0ad2 elementor-widget elementor-widget-image\" data-id=\"0fd0ad2\" data-element_type=\"widget\" data-widget_type=\"image.default\">\n\t\t\t\t<div class=\"elementor-widget-container\">\n\t\t\t\t\t\t\t\t\t\t\t\t\t\t\t<img loading=\"lazy\" decoding=\"async\" width=\"800\" height=\"782\" src=\"https:\/\/belvederepalace.wientickets.org\/wp-content\/uploads\/2026\/02\/ferdinand-georg-waldmuller-bad-ischl.webp\" class=\"attachment-large size-large wp-image-3157\" alt=\"Ferdinand Georg Waldm\u00fcller \u2013 Bad Ischl\" srcset=\"https:\/\/belvederepalace.wientickets.org\/wp-content\/uploads\/2026\/02\/ferdinand-georg-waldmuller-bad-ischl.webp 818w, https:\/\/belvederepalace.wientickets.org\/wp-content\/uploads\/2026\/02\/ferdinand-georg-waldmuller-bad-ischl-300x293.webp 300w, https:\/\/belvederepalace.wientickets.org\/wp-content\/uploads\/2026\/02\/ferdinand-georg-waldmuller-bad-ischl-768x751.webp 768w\" sizes=\"(max-width: 800px) 100vw, 800px\" \/>\t\t\t\t\t\t\t\t\t\t\t\t\t\t\t<\/div>\n\t\t\t\t<\/div>\n\t\t\t\t<\/div>\n\t\t<div class=\"elementor-element elementor-element-eb2ae28 e-con-full e-flex e-con e-child\" data-id=\"eb2ae28\" data-element_type=\"container\">\n\t\t\t\t<div class=\"elementor-element elementor-element-4f95b28 elementor-widget elementor-widget-heading\" data-id=\"4f95b28\" data-element_type=\"widget\" data-widget_type=\"heading.default\">\n\t\t\t\t<div class=\"elementor-widget-container\">\n\t\t\t\t\t<h3 class=\"elementor-heading-title elementor-size-default\">Ferdinand Georg Waldm\u00fcller (Naturgetreu)<\/h3>\t\t\t\t<\/div>\n\t\t\t\t<\/div>\n\t\t\t\t<div class=\"elementor-element elementor-element-1358470 elementor-widget elementor-widget-text-editor\" data-id=\"1358470\" data-element_type=\"widget\" data-widget_type=\"text-editor.default\">\n\t\t\t\t<div class=\"elementor-widget-container\">\n\t\t\t\t\t\t\t\t\t<p>In der Ausstellung \u201eFerdinand Georg Waldm\u00fcller: Naturgetreu\u201c im Belvedere entdecken Sie <strong>die Bl\u00fctezeit der europ\u00e4ischen Landschaftsmalerei des 19. Jahrhunderts<\/strong>. Bewundern Sie Waldm\u00fcllers Meisterschaft, mit der er die Natur in intimen Baumportr\u00e4ts und weiten Ansichten des Salzkammerguts einf\u00e4ngt. <\/p><p>W\u00e4hrend Sie sein Werk an der Seite von Meisterwerken von John Constable und Corot erkunden, werden Sie sehen, wie sich Waldm\u00fcller in die umfassendere europ\u00e4ische Kunstbewegung einf\u00fcgt. <strong>Sie haben bis zum 14. Juni 2026 Zeit, diese Kooperation mit der National Gallery, London, zu erleben<\/strong>.<\/p>\t\t\t\t\t\t\t\t<\/div>\n\t\t\t\t<\/div>\n\t\t\t\t<\/div>\n\t\t\t\t\t<\/div>\n\t\t\t\t<\/div>\n\t\t<div class=\"elementor-element elementor-element-e932e08 e-flex e-con-boxed e-con e-parent\" data-id=\"e932e08\" data-element_type=\"container\">\n\t\t\t\t\t<div class=\"e-con-inner\">\n\t\t\t\t<div class=\"elementor-element elementor-element-86c184e elementor-widget elementor-widget-spacer\" data-id=\"86c184e\" data-element_type=\"widget\" data-widget_type=\"spacer.default\">\n\t\t\t\t<div class=\"elementor-widget-container\">\n\t\t\t\t\t\t\t<div class=\"elementor-spacer\">\n\t\t\t<div class=\"elementor-spacer-inner\"><\/div>\n\t\t<\/div>\n\t\t\t\t\t\t<\/div>\n\t\t\t\t<\/div>\n\t\t\t\t\t<\/div>\n\t\t\t\t<\/div>\n\t\t<div class=\"elementor-element elementor-element-061a4e1 e-flex e-con-boxed e-con e-parent\" data-id=\"061a4e1\" data-element_type=\"container\">\n\t\t\t\t\t<div class=\"e-con-inner\">\n\t\t<div class=\"elementor-element elementor-element-bbe3e2e e-con-full e-flex e-con e-child\" data-id=\"bbe3e2e\" data-element_type=\"container\">\n\t\t\t\t<div class=\"elementor-element elementor-element-edb47a5 elementor-widget elementor-widget-heading\" data-id=\"edb47a5\" data-element_type=\"widget\" data-widget_type=\"heading.default\">\n\t\t\t\t<div class=\"elementor-widget-container\">\n\t\t\t\t\t<h3 class=\"elementor-heading-title elementor-size-default\">Anni Albers (Constructing Textiles)<\/h3>\t\t\t\t<\/div>\n\t\t\t\t<\/div>\n\t\t\t\t<div class=\"elementor-element elementor-element-f199c02 elementor-widget elementor-widget-text-editor\" data-id=\"f199c02\" data-element_type=\"widget\" data-widget_type=\"text-editor.default\">\n\t\t\t\t<div class=\"elementor-widget-container\">\n\t\t\t\t\t\t\t\t\t<p>Diese Ausstellung l\u00e4dt Sie ein, <strong>die Grenzen zwischen Kunsthandwerk und bildender Kunst neu zu \u00fcberdenken<\/strong> \u2013 durch die Augen einer Pionierin, die das Raster des Webstuhls neu definierte. Sie werden einer beeindruckenden Vielfalt an Werken begegnen, die Albers\u2019 einzigartige F\u00e4higkeit demonstrieren, antike Webtechniken mit der k\u00fchnen Geometrie der Moderne zu verschmelzen. <\/p><p>W\u00e4hrend Sie ihr Werk erkunden (das ihre pr\u00e4genden Jahre am Bauhaus bis hin zu ihrer produktiven Zeit am Black Mountain College umfasst), werden Sie sehen, wie sie einfache Materialien sowohl in funktionale Objekte als auch in kraftvolle, eigenst\u00e4ndige Kunst verwandelte. <strong>Sie haben bis zum 16. August 2026 Zeit, diese Kooperation mit dem Zentrum Paul Klee, Bern, und der Josef and Anni Albers Foundation zu erleben<\/strong>.<\/p>\t\t\t\t\t\t\t\t<\/div>\n\t\t\t\t<\/div>\n\t\t\t\t<\/div>\n\t\t<div class=\"elementor-element elementor-element-041180a e-con-full e-flex e-con e-child\" data-id=\"041180a\" data-element_type=\"container\">\n\t\t\t\t<div class=\"elementor-element elementor-element-6c99176 elementor-widget elementor-widget-image\" data-id=\"6c99176\" data-element_type=\"widget\" data-widget_type=\"image.default\">\n\t\t\t\t<div class=\"elementor-widget-container\">\n\t\t\t\t\t\t\t\t\t\t\t\t\t\t\t<img loading=\"lazy\" decoding=\"async\" width=\"800\" height=\"533\" src=\"https:\/\/belvederepalace.wientickets.org\/wp-content\/uploads\/2026\/04\/anni-albers-constructing-textiles-1024x682.webp\" class=\"attachment-large size-large wp-image-3196\" alt=\"Anni Albers (Constructing Textiles)\" srcset=\"https:\/\/belvederepalace.wientickets.org\/wp-content\/uploads\/2026\/04\/anni-albers-constructing-textiles-1024x682.webp 1024w, https:\/\/belvederepalace.wientickets.org\/wp-content\/uploads\/2026\/04\/anni-albers-constructing-textiles-300x200.webp 300w, https:\/\/belvederepalace.wientickets.org\/wp-content\/uploads\/2026\/04\/anni-albers-constructing-textiles-768x512.webp 768w, https:\/\/belvederepalace.wientickets.org\/wp-content\/uploads\/2026\/04\/anni-albers-constructing-textiles.webp 1280w\" sizes=\"(max-width: 800px) 100vw, 800px\" \/>\t\t\t\t\t\t\t\t\t\t\t\t\t\t\t<\/div>\n\t\t\t\t<\/div>\n\t\t\t\t<\/div>\n\t\t\t\t\t<\/div>\n\t\t\t\t<\/div>\n\t\t\t\t<section class=\"elementor-section elementor-top-section elementor-element elementor-element-d1ff77b elementor-section-boxed elementor-section-height-default elementor-section-height-default\" data-id=\"d1ff77b\" data-element_type=\"section\">\n\t\t\t\t\t\t<div class=\"elementor-container elementor-column-gap-default\">\n\t\t\t\t\t<div class=\"elementor-column elementor-col-100 elementor-top-column elementor-element elementor-element-709efda\" data-id=\"709efda\" data-element_type=\"column\">\n\t\t\t<div class=\"elementor-widget-wrap elementor-element-populated\">\n\t\t\t\t\t\t<div class=\"elementor-element elementor-element-736bb5a elementor-widget elementor-widget-heading\" data-id=\"736bb5a\" data-element_type=\"widget\" data-widget_type=\"heading.default\">\n\t\t\t\t<div class=\"elementor-widget-container\">\n\t\t\t\t\t<h2 class=\"elementor-heading-title elementor-size-default\">Was denken die Nutzer? Ist ein Besuch lohnenswert? <\/h2>\t\t\t\t<\/div>\n\t\t\t\t<\/div>\n\t\t\t\t<div class=\"elementor-element elementor-element-902aa12 elementor-widget elementor-widget-text-editor\" data-id=\"902aa12\" data-element_type=\"widget\" data-widget_type=\"text-editor.default\">\n\t\t\t\t<div class=\"elementor-widget-container\">\n\t\t\t\t\t\t\t\t\t<p>Die <b>Meinung anderer Reisender<\/b> ist immer hilfreich, wenn man entscheiden m\u00f6chte, wie man seine Zeit in einer Stadt mit so viel kultureller Vielfalt verbringt. Es stimmt, dass viele Besucher mit wenig Zeit dazu neigen, dem oberen Teil des Schlosses Priorit\u00e4t einzur\u00e4umen. Zum Beispiel k\u00f6nnen Sie <a style=\"color: #7e0009;\" href=\"https:\/\/www.facebook.com\/groups\/943838713190379\/posts\/1724867435087499\/\" target=\"_blank\" rel=\"noopener\">auf Facebook<\/a> Kommentare wie \u201eIch w\u00fcrde sagen, wenn Sie nur eines sehen, dann das obere Belvedere\u201c oder direktere Aussagen wie \u201eUpper ist besser!!\u201c sehen. Diese Pr\u00e4ferenz beruht in der Regel auf der Tatsache, dass das obere Geb\u00e4ude gr\u00f6\u00dfer ist und die ber\u00fchmtesten Gem\u00e4lde beherbergt, was die Bed\u00fcrfnisse von Touristen befriedigt, die auf der Suche nach dem Wesentlichen sind.   <\/p><p>Wenn Sie sich jedoch nur an diese Ansicht halten, verpassen Sie m\u00f6glicherweise einzigartige Erlebnisse. <a style=\"color: #7e0009;\" href=\"https:\/\/community.ricksteves.com\/travel-forum\/austria\/combo-museum-passes-in-vienna\" target=\"_blank\" rel=\"noopener\">Andere Nutzer f\u00fcgen diesen Meinungen oft interessante Nuancen hinzu<\/a>: \u201eIch stimme zu, dass Upper normalerweise ausreicht, aber \u00fcberpr\u00fcfen Sie die Website, um zu sehen, was bei Lower los ist. Als wir dort waren, gab es eine Sonderausstellung \u00fcber Klimt im Lower, die ich sehr bedauert h\u00e4tte, so froh, dass ich beide bekommen habe.\u201c Dies ist der Schl\u00fcssel zum Unteren Belvedere! Als Sitz von Wechselausstellungen beherbergt es oft internationale Werke oder tiefe Einblicke in bestimmte K\u00fcnstler, die Sie nirgendwo sonst sehen werden.  <\/p><p>Unsere Empfehlung ist, dass das <b>Untere Belvedere die perfekte Erg\u00e4nzung ist<\/b>, wenn Sie Kunst lieben. Es erm\u00f6glicht Ihnen, den Menschenmassen zu entfliehen und ein erstklassiges Geb\u00e4ude in R\u00e4umen zu genie\u00dfen, die allein den Ticketpreis rechtfertigen. Um ehrlich zu sein, ist ein Spaziergang durch das Goldene Kabinett ohne die Hektik vor &#8222;Der Kuss&#8220; ein Vergn\u00fcgen, das ich Ihnen w\u00e4rmstens empfehlen kann.  <\/p>\t\t\t\t\t\t\t\t<\/div>\n\t\t\t\t<\/div>\n\t\t\t\t\t<\/div>\n\t\t<\/div>\n\t\t\t\t\t<\/div>\n\t\t<\/section>\n\t\t\t\t<section class=\"elementor-section elementor-top-section elementor-element elementor-element-3dbaefb elementor-section-boxed elementor-section-height-default elementor-section-height-default\" data-id=\"3dbaefb\" data-element_type=\"section\">\n\t\t\t\t\t\t<div class=\"elementor-container elementor-column-gap-default\">\n\t\t\t\t\t<div class=\"elementor-column elementor-col-100 elementor-top-column elementor-element elementor-element-5708de2\" data-id=\"5708de2\" data-element_type=\"column\">\n\t\t\t<div class=\"elementor-widget-wrap elementor-element-populated\">\n\t\t\t\t\t\t<div class=\"elementor-element elementor-element-3179aeb elementor-widget elementor-widget-heading\" data-id=\"3179aeb\" data-element_type=\"widget\" data-widget_type=\"heading.default\">\n\t\t\t\t<div class=\"elementor-widget-container\">\n\t\t\t\t\t<h2 class=\"elementor-heading-title elementor-size-default\">FAQs zum Unteren Belvedere<\/h2>\t\t\t\t<\/div>\n\t\t\t\t<\/div>\n\t\t\t\t\t<\/div>\n\t\t<\/div>\n\t\t\t\t\t<\/div>\n\t\t<\/section>\n\t\t<div class=\"elementor-element elementor-element-cbf4224 e-flex e-con-boxed e-con e-parent\" data-id=\"cbf4224\" data-element_type=\"container\">\n\t\t\t\t\t<div class=\"e-con-inner\">\n\t\t\t\t<div class=\"elementor-element elementor-element-b04fe94 elementor-widget elementor-widget-toggle\" data-id=\"b04fe94\" data-element_type=\"widget\" data-widget_type=\"toggle.default\">\n\t\t\t\t<div class=\"elementor-widget-container\">\n\t\t\t\t\t\t\t<div class=\"elementor-toggle\">\n\t\t\t\t\t\t\t<div class=\"elementor-toggle-item\">\n\t\t\t\t\t<h3 id=\"elementor-tab-title-1841\" class=\"elementor-tab-title\" data-tab=\"1\" role=\"button\" aria-controls=\"elementor-tab-content-1841\" aria-expanded=\"false\">\n\t\t\t\t\t\t\t\t\t\t\t\t<span class=\"elementor-toggle-icon elementor-toggle-icon-left\" aria-hidden=\"true\">\n\t\t\t\t\t\t\t\t\t\t\t\t\t\t\t<span class=\"elementor-toggle-icon-closed\"><svg class=\"e-font-icon-svg e-fas-caret-right\" viewBox=\"0 0 192 512\" xmlns=\"http:\/\/www.w3.org\/2000\/svg\"><path d=\"M0 384.662V127.338c0-17.818 21.543-26.741 34.142-14.142l128.662 128.662c7.81 7.81 7.81 20.474 0 28.284L34.142 398.804C21.543 411.404 0 402.48 0 384.662z\"><\/path><\/svg><\/span>\n\t\t\t\t\t\t\t\t<span class=\"elementor-toggle-icon-opened\"><svg class=\"elementor-toggle-icon-opened e-font-icon-svg e-fas-caret-up\" viewBox=\"0 0 320 512\" xmlns=\"http:\/\/www.w3.org\/2000\/svg\"><path d=\"M288.662 352H31.338c-17.818 0-26.741-21.543-14.142-34.142l128.662-128.662c7.81-7.81 20.474-7.81 28.284 0l128.662 128.662c12.6 12.599 3.676 34.142-14.142 34.142z\"><\/path><\/svg><\/span>\n\t\t\t\t\t\t\t\t\t\t\t\t\t<\/span>\n\t\t\t\t\t\t\t\t\t\t\t\t<a class=\"elementor-toggle-title\" tabindex=\"0\">Ben\u00f6tige ich eine separate Eintrittskarte f\u00fcr das Untere Belvedere?<\/a>\n\t\t\t\t\t<\/h3>\n\n\t\t\t\t\t<div id=\"elementor-tab-content-1841\" class=\"elementor-tab-content elementor-clearfix\" data-tab=\"1\" role=\"region\" aria-labelledby=\"elementor-tab-title-1841\"><p><strong>Ja, Sie ben\u00f6tigen eine spezielle Eintrittskarte<\/strong>. Es gibt zwar Kombitickets, mit denen Sie beide Pal\u00e4ste besuchen k\u00f6nnen, was in der Regel ein besseres Preis-Leistungs-Verh\u00e4ltnis bietet, wenn Sie den gesamten Komplex besichtigen m\u00f6chten, aber Sie k\u00f6nnen auch eine Einzeltageskarte nur f\u00fcr das Untere Belvedere kaufen, wenn Sie nur an den tempor\u00e4ren Ausstellungen interessiert sind, die dort gerade stattfinden. <\/p>\n<\/div>\n\t\t\t\t<\/div>\n\t\t\t\t\t\t\t<div class=\"elementor-toggle-item\">\n\t\t\t\t\t<h3 id=\"elementor-tab-title-1842\" class=\"elementor-tab-title\" data-tab=\"2\" role=\"button\" aria-controls=\"elementor-tab-content-1842\" aria-expanded=\"false\">\n\t\t\t\t\t\t\t\t\t\t\t\t<span class=\"elementor-toggle-icon elementor-toggle-icon-left\" aria-hidden=\"true\">\n\t\t\t\t\t\t\t\t\t\t\t\t\t\t\t<span class=\"elementor-toggle-icon-closed\"><svg class=\"e-font-icon-svg e-fas-caret-right\" viewBox=\"0 0 192 512\" xmlns=\"http:\/\/www.w3.org\/2000\/svg\"><path d=\"M0 384.662V127.338c0-17.818 21.543-26.741 34.142-14.142l128.662 128.662c7.81 7.81 7.81 20.474 0 28.284L34.142 398.804C21.543 411.404 0 402.48 0 384.662z\"><\/path><\/svg><\/span>\n\t\t\t\t\t\t\t\t<span class=\"elementor-toggle-icon-opened\"><svg class=\"elementor-toggle-icon-opened e-font-icon-svg e-fas-caret-up\" viewBox=\"0 0 320 512\" xmlns=\"http:\/\/www.w3.org\/2000\/svg\"><path d=\"M288.662 352H31.338c-17.818 0-26.741-21.543-14.142-34.142l128.662-128.662c7.81-7.81 20.474-7.81 28.284 0l128.662 128.662c12.6 12.599 3.676 34.142-14.142 34.142z\"><\/path><\/svg><\/span>\n\t\t\t\t\t\t\t\t\t\t\t\t\t<\/span>\n\t\t\t\t\t\t\t\t\t\t\t\t<a class=\"elementor-toggle-title\" tabindex=\"0\">Wie lange dauert ein Besuch im Unteren Belvedere?<\/a>\n\t\t\t\t\t<\/h3>\n\n\t\t\t\t\t<div id=\"elementor-tab-content-1842\" class=\"elementor-tab-content elementor-clearfix\" data-tab=\"2\" role=\"region\" aria-labelledby=\"elementor-tab-title-1842\"><p>Um es ohne Eile zu genie\u00dfen, empfehle ich, mindestens <strong>anderthalb Stunden<\/strong> einzuplanen. Dies gibt Ihnen gen\u00fcgend Zeit, um die historischen R\u00e4ume wie den Marmorsaal zu besichtigen und sich Zeit f\u00fcr die aktuelle Sonderausstellung zu nehmen. <\/p>\n<\/div>\n\t\t\t\t<\/div>\n\t\t\t\t\t\t\t<div class=\"elementor-toggle-item\">\n\t\t\t\t\t<h3 id=\"elementor-tab-title-1843\" class=\"elementor-tab-title\" data-tab=\"3\" role=\"button\" aria-controls=\"elementor-tab-content-1843\" aria-expanded=\"false\">\n\t\t\t\t\t\t\t\t\t\t\t\t<span class=\"elementor-toggle-icon elementor-toggle-icon-left\" aria-hidden=\"true\">\n\t\t\t\t\t\t\t\t\t\t\t\t\t\t\t<span class=\"elementor-toggle-icon-closed\"><svg class=\"e-font-icon-svg e-fas-caret-right\" viewBox=\"0 0 192 512\" xmlns=\"http:\/\/www.w3.org\/2000\/svg\"><path d=\"M0 384.662V127.338c0-17.818 21.543-26.741 34.142-14.142l128.662 128.662c7.81 7.81 7.81 20.474 0 28.284L34.142 398.804C21.543 411.404 0 402.48 0 384.662z\"><\/path><\/svg><\/span>\n\t\t\t\t\t\t\t\t<span class=\"elementor-toggle-icon-opened\"><svg class=\"elementor-toggle-icon-opened e-font-icon-svg e-fas-caret-up\" viewBox=\"0 0 320 512\" xmlns=\"http:\/\/www.w3.org\/2000\/svg\"><path d=\"M288.662 352H31.338c-17.818 0-26.741-21.543-14.142-34.142l128.662-128.662c7.81-7.81 20.474-7.81 28.284 0l128.662 128.662c12.6 12.599 3.676 34.142-14.142 34.142z\"><\/path><\/svg><\/span>\n\t\t\t\t\t\t\t\t\t\t\t\t\t<\/span>\n\t\t\t\t\t\t\t\t\t\t\t\t<a class=\"elementor-toggle-title\" tabindex=\"0\">Befindet sich Gustav Klimts \"Der Kuss\" im Oberen oder Unteren Belvedere?<\/a>\n\t\t\t\t\t<\/h3>\n\n\t\t\t\t\t<div id=\"elementor-tab-content-1843\" class=\"elementor-tab-content elementor-clearfix\" data-tab=\"3\" role=\"region\" aria-labelledby=\"elementor-tab-title-1843\"><p><strong>Gustav Klimts &#8222;Der Kuss&#8220; befindet sich dauerhaft im Oberen Belvedere<\/strong>. W\u00e4hrend das Untere Belvedere oft sehr interessante tempor\u00e4re Ausstellungen \u00fcber Klimt oder seine Zeitgenossen beherbergt, ist das ber\u00fchmteste Werk des K\u00fcnstlers immer im Geb\u00e4ude auf dem H\u00fcgel ausgestellt. <\/p>\n<\/div>\n\t\t\t\t<\/div>\n\t\t\t\t\t\t\t<div class=\"elementor-toggle-item\">\n\t\t\t\t\t<h3 id=\"elementor-tab-title-1844\" class=\"elementor-tab-title\" data-tab=\"4\" role=\"button\" aria-controls=\"elementor-tab-content-1844\" aria-expanded=\"false\">\n\t\t\t\t\t\t\t\t\t\t\t\t<span class=\"elementor-toggle-icon elementor-toggle-icon-left\" aria-hidden=\"true\">\n\t\t\t\t\t\t\t\t\t\t\t\t\t\t\t<span class=\"elementor-toggle-icon-closed\"><svg class=\"e-font-icon-svg e-fas-caret-right\" viewBox=\"0 0 192 512\" xmlns=\"http:\/\/www.w3.org\/2000\/svg\"><path d=\"M0 384.662V127.338c0-17.818 21.543-26.741 34.142-14.142l128.662 128.662c7.81 7.81 7.81 20.474 0 28.284L34.142 398.804C21.543 411.404 0 402.48 0 384.662z\"><\/path><\/svg><\/span>\n\t\t\t\t\t\t\t\t<span class=\"elementor-toggle-icon-opened\"><svg class=\"elementor-toggle-icon-opened e-font-icon-svg e-fas-caret-up\" viewBox=\"0 0 320 512\" xmlns=\"http:\/\/www.w3.org\/2000\/svg\"><path d=\"M288.662 352H31.338c-17.818 0-26.741-21.543-14.142-34.142l128.662-128.662c7.81-7.81 20.474-7.81 28.284 0l128.662 128.662c12.6 12.599 3.676 34.142-14.142 34.142z\"><\/path><\/svg><\/span>\n\t\t\t\t\t\t\t\t\t\t\t\t\t<\/span>\n\t\t\t\t\t\t\t\t\t\t\t\t<a class=\"elementor-toggle-title\" tabindex=\"0\">Wohnt jemand im Unteren Belvedere?<\/a>\n\t\t\t\t\t<\/h3>\n\n\t\t\t\t\t<div id=\"elementor-tab-content-1844\" class=\"elementor-tab-content elementor-clearfix\" data-tab=\"4\" role=\"region\" aria-labelledby=\"elementor-tab-title-1844\"><p><strong>Nein, heute wohnt dort niemand mehr<\/strong>. Obwohl es urspr\u00fcnglich das Zuhause von Prinz Eugen von Savoyen war und sp\u00e4ter von Mitgliedern der kaiserlichen Familie Habsburg genutzt wurde, dient das gesamte Geb\u00e4ude heute ausschlie\u00dflich als \u00f6ffentliches Museum und B\u00fcrofl\u00e4che f\u00fcr die Verwaltung der Galerie. <\/p>\n<\/div>\n\t\t\t\t<\/div>\n\t\t\t\t\t\t\t<div class=\"elementor-toggle-item\">\n\t\t\t\t\t<h3 id=\"elementor-tab-title-1845\" class=\"elementor-tab-title\" data-tab=\"5\" role=\"button\" aria-controls=\"elementor-tab-content-1845\" aria-expanded=\"false\">\n\t\t\t\t\t\t\t\t\t\t\t\t<span class=\"elementor-toggle-icon elementor-toggle-icon-left\" aria-hidden=\"true\">\n\t\t\t\t\t\t\t\t\t\t\t\t\t\t\t<span class=\"elementor-toggle-icon-closed\"><svg class=\"e-font-icon-svg e-fas-caret-right\" viewBox=\"0 0 192 512\" xmlns=\"http:\/\/www.w3.org\/2000\/svg\"><path d=\"M0 384.662V127.338c0-17.818 21.543-26.741 34.142-14.142l128.662 128.662c7.81 7.81 7.81 20.474 0 28.284L34.142 398.804C21.543 411.404 0 402.48 0 384.662z\"><\/path><\/svg><\/span>\n\t\t\t\t\t\t\t\t<span class=\"elementor-toggle-icon-opened\"><svg class=\"elementor-toggle-icon-opened e-font-icon-svg e-fas-caret-up\" viewBox=\"0 0 320 512\" xmlns=\"http:\/\/www.w3.org\/2000\/svg\"><path d=\"M288.662 352H31.338c-17.818 0-26.741-21.543-14.142-34.142l128.662-128.662c7.81-7.81 20.474-7.81 28.284 0l128.662 128.662c12.6 12.599 3.676 34.142-14.142 34.142z\"><\/path><\/svg><\/span>\n\t\t\t\t\t\t\t\t\t\t\t\t\t<\/span>\n\t\t\t\t\t\t\t\t\t\t\t\t<a class=\"elementor-toggle-title\" tabindex=\"0\">Gibt es eine Kleiderordnung f\u00fcr den Eintritt in das Untere Belvedere?<\/a>\n\t\t\t\t\t<\/h3>\n\n\t\t\t\t\t<div id=\"elementor-tab-content-1845\" class=\"elementor-tab-content elementor-clearfix\" data-tab=\"5\" role=\"region\" aria-labelledby=\"elementor-tab-title-1845\"><p>Es gibt keine formelle Kleiderordnung, sodass Sie <strong>bequeme Wanderkleidung tragen k\u00f6nnen<\/strong>. Das Einzige, was Sie beachten sollten, ist, dass <span style=\"text-decoration: underline;\">gro\u00dfe Rucks\u00e4cke oder Regenschirme im Inneren nicht erlaubt sind<\/span>, aber der Palast verf\u00fcgt \u00fcber eine kostenlose Garderobe, in der Sie Ihre Sachen sicher aufbewahren k\u00f6nnen. <\/p>\n<\/div>\n\t\t\t\t<\/div>\n\t\t\t\t\t\t\t<div class=\"elementor-toggle-item\">\n\t\t\t\t\t<h3 id=\"elementor-tab-title-1846\" class=\"elementor-tab-title\" data-tab=\"6\" role=\"button\" aria-controls=\"elementor-tab-content-1846\" aria-expanded=\"false\">\n\t\t\t\t\t\t\t\t\t\t\t\t<span class=\"elementor-toggle-icon elementor-toggle-icon-left\" aria-hidden=\"true\">\n\t\t\t\t\t\t\t\t\t\t\t\t\t\t\t<span class=\"elementor-toggle-icon-closed\"><svg class=\"e-font-icon-svg e-fas-caret-right\" viewBox=\"0 0 192 512\" xmlns=\"http:\/\/www.w3.org\/2000\/svg\"><path d=\"M0 384.662V127.338c0-17.818 21.543-26.741 34.142-14.142l128.662 128.662c7.81 7.81 7.81 20.474 0 28.284L34.142 398.804C21.543 411.404 0 402.48 0 384.662z\"><\/path><\/svg><\/span>\n\t\t\t\t\t\t\t\t<span class=\"elementor-toggle-icon-opened\"><svg class=\"elementor-toggle-icon-opened e-font-icon-svg e-fas-caret-up\" viewBox=\"0 0 320 512\" xmlns=\"http:\/\/www.w3.org\/2000\/svg\"><path d=\"M288.662 352H31.338c-17.818 0-26.741-21.543-14.142-34.142l128.662-128.662c7.81-7.81 20.474-7.81 28.284 0l128.662 128.662c12.6 12.599 3.676 34.142-14.142 34.142z\"><\/path><\/svg><\/span>\n\t\t\t\t\t\t\t\t\t\t\t\t\t<\/span>\n\t\t\t\t\t\t\t\t\t\t\t\t<a class=\"elementor-toggle-title\" tabindex=\"0\">Wie komme ich vom Oberen Belvedere zum Unteren Belvedere?<\/a>\n\t\t\t\t\t<\/h3>\n\n\t\t\t\t\t<div id=\"elementor-tab-content-1846\" class=\"elementor-tab-content elementor-clearfix\" data-tab=\"6\" role=\"region\" aria-labelledby=\"elementor-tab-title-1846\"><p>Dort hinzukommen ist sehr einfach! <strong>Sie m\u00fcssen nur durch die kaiserlichen G\u00e4rten gehen, die beide Geb\u00e4ude verbinden<\/strong>. Es ist ein angenehmer Spaziergang von 10 bis 15 Minuten. Wenn Sie sich ein wenig verloren f\u00fchlen, k\u00f6nnen Sie <a href=\"https:\/\/belvederepalace.wientickets.org\/de\/schloss-belvedere-karte\/\" style=\"color:#7E0009;\">diese Karte des Belvedere-Palastes \u00fcberpr\u00fcfen<\/a>, um sich zwischen den verschiedenen Eing\u00e4ngen und Geb\u00e4uden zu orientieren.  <\/p>\n<\/div>\n\t\t\t\t<\/div>\n\t\t\t\t\t\t\t<div class=\"elementor-toggle-item\">\n\t\t\t\t\t<h3 id=\"elementor-tab-title-1847\" class=\"elementor-tab-title\" data-tab=\"7\" role=\"button\" aria-controls=\"elementor-tab-content-1847\" aria-expanded=\"false\">\n\t\t\t\t\t\t\t\t\t\t\t\t<span class=\"elementor-toggle-icon elementor-toggle-icon-left\" aria-hidden=\"true\">\n\t\t\t\t\t\t\t\t\t\t\t\t\t\t\t<span class=\"elementor-toggle-icon-closed\"><svg class=\"e-font-icon-svg e-fas-caret-right\" viewBox=\"0 0 192 512\" xmlns=\"http:\/\/www.w3.org\/2000\/svg\"><path d=\"M0 384.662V127.338c0-17.818 21.543-26.741 34.142-14.142l128.662 128.662c7.81 7.81 7.81 20.474 0 28.284L34.142 398.804C21.543 411.404 0 402.48 0 384.662z\"><\/path><\/svg><\/span>\n\t\t\t\t\t\t\t\t<span class=\"elementor-toggle-icon-opened\"><svg class=\"elementor-toggle-icon-opened e-font-icon-svg e-fas-caret-up\" viewBox=\"0 0 320 512\" xmlns=\"http:\/\/www.w3.org\/2000\/svg\"><path d=\"M288.662 352H31.338c-17.818 0-26.741-21.543-14.142-34.142l128.662-128.662c7.81-7.81 20.474-7.81 28.284 0l128.662 128.662c12.6 12.599 3.676 34.142-14.142 34.142z\"><\/path><\/svg><\/span>\n\t\t\t\t\t\t\t\t\t\t\t\t\t<\/span>\n\t\t\t\t\t\t\t\t\t\t\t\t<a class=\"elementor-toggle-title\" tabindex=\"0\">Ist es f\u00fcr Menschen mit eingeschr\u00e4nkter Mobilit\u00e4t zug\u00e4nglich?<\/a>\n\t\t\t\t\t<\/h3>\n\n\t\t\t\t\t<div id=\"elementor-tab-content-1847\" class=\"elementor-tab-content elementor-clearfix\" data-tab=\"7\" role=\"region\" aria-labelledby=\"elementor-tab-title-1847\"><p><strong>Ja, der Palast ist vollst\u00e4ndig angepasst<\/strong>. Obwohl es sich um ein historisches Geb\u00e4ude handelt, verf\u00fcgt es \u00fcber Rampen und Aufz\u00fcge, die den Zugang zu allen Ausstellungsr\u00e4umen erm\u00f6glichen. Dar\u00fcber hinaus ist das Museumspersonal in der Regel sehr hilfsbereit und unterst\u00fctzt Sie bei der Suche nach den bequemsten Wegen durch die Galerien.  <\/p>\n<\/div>\n\t\t\t\t<\/div>\n\t\t\t\t\t\t\t<div class=\"elementor-toggle-item\">\n\t\t\t\t\t<h3 id=\"elementor-tab-title-1848\" class=\"elementor-tab-title\" data-tab=\"8\" role=\"button\" aria-controls=\"elementor-tab-content-1848\" aria-expanded=\"false\">\n\t\t\t\t\t\t\t\t\t\t\t\t<span class=\"elementor-toggle-icon elementor-toggle-icon-left\" aria-hidden=\"true\">\n\t\t\t\t\t\t\t\t\t\t\t\t\t\t\t<span class=\"elementor-toggle-icon-closed\"><svg class=\"e-font-icon-svg e-fas-caret-right\" viewBox=\"0 0 192 512\" xmlns=\"http:\/\/www.w3.org\/2000\/svg\"><path d=\"M0 384.662V127.338c0-17.818 21.543-26.741 34.142-14.142l128.662 128.662c7.81 7.81 7.81 20.474 0 28.284L34.142 398.804C21.543 411.404 0 402.48 0 384.662z\"><\/path><\/svg><\/span>\n\t\t\t\t\t\t\t\t<span class=\"elementor-toggle-icon-opened\"><svg class=\"elementor-toggle-icon-opened e-font-icon-svg e-fas-caret-up\" viewBox=\"0 0 320 512\" xmlns=\"http:\/\/www.w3.org\/2000\/svg\"><path d=\"M288.662 352H31.338c-17.818 0-26.741-21.543-14.142-34.142l128.662-128.662c7.81-7.81 20.474-7.81 28.284 0l128.662 128.662c12.6 12.599 3.676 34.142-14.142 34.142z\"><\/path><\/svg><\/span>\n\t\t\t\t\t\t\t\t\t\t\t\t\t<\/span>\n\t\t\t\t\t\t\t\t\t\t\t\t<a class=\"elementor-toggle-title\" tabindex=\"0\">Kann ich die G\u00e4rten besuchen, ohne f\u00fcr die Eintrittskarte f\u00fcr das Untere Belvedere zu bezahlen?<\/a>\n\t\t\t\t\t<\/h3>\n\n\t\t\t\t\t<div id=\"elementor-tab-content-1848\" class=\"elementor-tab-content elementor-clearfix\" data-tab=\"8\" role=\"region\" aria-labelledby=\"elementor-tab-title-1848\"><p><strong>Selbstverst\u00e4ndlich!<\/strong>  Die Barockg\u00e4rten, die die beiden Pal\u00e4ste verbinden, sind w\u00e4hrend der \u00d6ffnungszeiten f\u00fcr jedermann frei zug\u00e4nglich. Es ist ein fantastischer Ort, um spazieren zu gehen, die Springbrunnen zu genie\u00dfen und Fotos von den Fassaden zu machen, ohne eine Eintrittskarte kaufen zu m\u00fcssen, obwohl das volle Erlebnis definitiv das Innere beinhaltet. <\/p>\n<\/div>\n\t\t\t\t<\/div>\n\t\t\t\t\t\t\t\t<\/div>\n\t\t\t\t\t\t<\/div>\n\t\t\t\t<\/div>\n\t\t\t\t\t<\/div>\n\t\t\t\t<\/div>\n\t\t\t\t<section class=\"elementor-section elementor-top-section elementor-element elementor-element-daf17e4 elementor-section-boxed elementor-section-height-default elementor-section-height-default\" data-id=\"daf17e4\" data-element_type=\"section\">\n\t\t\t\t\t\t<div class=\"elementor-container elementor-column-gap-default\">\n\t\t\t\t\t<div class=\"elementor-column elementor-col-100 elementor-top-column elementor-element elementor-element-e42cf06\" data-id=\"e42cf06\" data-element_type=\"column\">\n\t\t\t<div class=\"elementor-widget-wrap elementor-element-populated\">\n\t\t\t\t\t\t<div class=\"elementor-element elementor-element-1c9fb84 elementor-widget elementor-widget-heading\" data-id=\"1c9fb84\" data-element_type=\"widget\" data-widget_type=\"heading.default\">\n\t\t\t\t<div class=\"elementor-widget-container\">\n\t\t\t\t\t<h2 class=\"elementor-heading-title elementor-size-default\">Planen Sie Ihren Besuch<\/h2>\t\t\t\t<\/div>\n\t\t\t\t<\/div>\n\t\t\t\t\t<\/div>\n\t\t<\/div>\n\t\t\t\t\t<\/div>\n\t\t<\/section>\n\t\t\t\t<section class=\"elementor-section elementor-top-section elementor-element elementor-element-f8acc3d elementor-section-boxed elementor-section-height-default elementor-section-height-default\" data-id=\"f8acc3d\" data-element_type=\"section\">\n\t\t\t\t\t\t<div class=\"elementor-container elementor-column-gap-default\">\n\t\t\t\t\t<div class=\"elementor-column elementor-col-50 elementor-top-column elementor-element elementor-element-884fa95\" data-id=\"884fa95\" data-element_type=\"column\">\n\t\t\t<div class=\"elementor-widget-wrap elementor-element-populated\">\n\t\t\t\t\t\t<div class=\"elementor-element elementor-element-5f788a5 elementor-widget elementor-widget-image\" data-id=\"5f788a5\" data-element_type=\"widget\" data-widget_type=\"image.default\">\n\t\t\t\t<div class=\"elementor-widget-container\">\n\t\t\t\t\t\t\t\t\t\t\t\t\t\t\t<img loading=\"lazy\" decoding=\"async\" width=\"800\" height=\"403\" src=\"https:\/\/belvederepalace.wientickets.org\/wp-content\/uploads\/2024\/08\/belvedere-palace-architecture-1024x516.webp\" class=\"attachment-large size-large wp-image-427\" alt=\"\" srcset=\"https:\/\/belvederepalace.wientickets.org\/wp-content\/uploads\/2024\/08\/belvedere-palace-architecture-1024x516.webp 1024w, https:\/\/belvederepalace.wientickets.org\/wp-content\/uploads\/2024\/08\/belvedere-palace-architecture-300x151.webp 300w, https:\/\/belvederepalace.wientickets.org\/wp-content\/uploads\/2024\/08\/belvedere-palace-architecture-768x387.webp 768w, https:\/\/belvederepalace.wientickets.org\/wp-content\/uploads\/2024\/08\/belvedere-palace-architecture.webp 1100w\" sizes=\"(max-width: 800px) 100vw, 800px\" \/>\t\t\t\t\t\t\t\t\t\t\t\t\t\t\t<\/div>\n\t\t\t\t<\/div>\n\t\t\t\t<div class=\"elementor-element elementor-element-5afd131 elementor-widget elementor-widget-heading\" data-id=\"5afd131\" data-element_type=\"widget\" data-widget_type=\"heading.default\">\n\t\t\t\t<div class=\"elementor-widget-container\">\n\t\t\t\t\t<h3 class=\"elementor-heading-title elementor-size-default\"><a href=\"https:\/\/belvederepalace.wientickets.org\/de\/schloss-belvedere-oeffnungszeiten\/\">\u00d6ffnungszeiten des Schlosses Belvedere<\/a><\/h3>\t\t\t\t<\/div>\n\t\t\t\t<\/div>\n\t\t\t\t<div class=\"elementor-element elementor-element-6ad95ed elementor-widget elementor-widget-text-editor\" data-id=\"6ad95ed\" data-element_type=\"widget\" data-widget_type=\"text-editor.default\">\n\t\t\t\t<div class=\"elementor-widget-container\">\n\t\t\t\t\t\t\t\t\tDie \u00d6ffnungszeiten von Schloss Belvedere variieren je nach Jahreszeit und dem Teil des Komplexes, den Sie besuchen m\u00f6chten. Normalerweise ist das Obere Belvedere von 10:00 Uhr bis 18:00 Uhr ge\u00f6ffnet, freitags sogar bis 21:00 Uhr. Das Untere Belvedere und die Orangerie folgen in der Regel \u00e4hnlichen Zeitpl\u00e4nen, aber es ist ratsam,&#8230; <a href=\"https:\/\/belvederepalace.wientickets.org\/de\/schloss-belvedere-oeffnungszeiten\/\" style=\"color:#7E0009;\">siehe mehr<\/a>  \n\t\t\t\t\t\t\t\t<\/div>\n\t\t\t\t<\/div>\n\t\t\t\t\t<\/div>\n\t\t<\/div>\n\t\t\t\t<div class=\"elementor-column elementor-col-50 elementor-top-column elementor-element elementor-element-e647d3a\" data-id=\"e647d3a\" data-element_type=\"column\">\n\t\t\t<div class=\"elementor-widget-wrap elementor-element-populated\">\n\t\t\t\t\t\t<div class=\"elementor-element elementor-element-32c6b37 elementor-widget elementor-widget-image\" data-id=\"32c6b37\" data-element_type=\"widget\" data-widget_type=\"image.default\">\n\t\t\t\t<div class=\"elementor-widget-container\">\n\t\t\t\t\t\t\t\t\t\t\t\t\t\t\t<img loading=\"lazy\" decoding=\"async\" width=\"800\" height=\"799\" src=\"https:\/\/belvederepalace.wientickets.org\/wp-content\/uploads\/2025\/11\/belvedere-map-entrances.jpg\" class=\"attachment-large size-large wp-image-654\" alt=\"Belvedere Karte mit Eing\u00e4ngen\" srcset=\"https:\/\/belvederepalace.wientickets.org\/wp-content\/uploads\/2025\/11\/belvedere-map-entrances.jpg 800w, https:\/\/belvederepalace.wientickets.org\/wp-content\/uploads\/2025\/11\/belvedere-map-entrances-300x300.jpg 300w, https:\/\/belvederepalace.wientickets.org\/wp-content\/uploads\/2025\/11\/belvedere-map-entrances-150x150.jpg 150w, https:\/\/belvederepalace.wientickets.org\/wp-content\/uploads\/2025\/11\/belvedere-map-entrances-768x767.jpg 768w\" sizes=\"(max-width: 800px) 100vw, 800px\" \/>\t\t\t\t\t\t\t\t\t\t\t\t\t\t\t<\/div>\n\t\t\t\t<\/div>\n\t\t\t\t<div class=\"elementor-element elementor-element-29ae05f elementor-widget elementor-widget-heading\" data-id=\"29ae05f\" data-element_type=\"widget\" data-widget_type=\"heading.default\">\n\t\t\t\t<div class=\"elementor-widget-container\">\n\t\t\t\t\t<h3 class=\"elementor-heading-title elementor-size-default\"><a href=\"https:\/\/belvederepalace.wientickets.org\/de\/schloss-belvedere-karte\/\">Plan des Schloss Belvedere<\/a><\/h3>\t\t\t\t<\/div>\n\t\t\t\t<\/div>\n\t\t\t\t<div class=\"elementor-element elementor-element-4cacc2a elementor-widget elementor-widget-text-editor\" data-id=\"4cacc2a\" data-element_type=\"widget\" data-widget_type=\"text-editor.default\">\n\t\t\t\t<div class=\"elementor-widget-container\">\n\t\t\t\t\t\t\t\t\tEine detaillierte Karte von Schloss Belvedere ist am Eingang und online erh\u00e4ltlich und hilft Besuchern, sich auf dem weitl\u00e4ufigen Gel\u00e4nde zurechtzufinden und bestimmte Sehensw\u00fcrdigkeiten zu finden. Die Karte zeigt die wichtigsten Bereiche des Komplexes, darunter das Obere und das Untere Belvedere, die Orangerie, die Prunkstall und die angrenzenden G\u00e4rten. Die Beschilderung&#8230; <a href=\"https:\/\/belvederepalace.wientickets.org\/de\/schloss-belvedere-karte\/\" style=\"color:#7E0009;\">siehe mehr<\/a>  \n\t\t\t\t\t\t\t\t<\/div>\n\t\t\t\t<\/div>\n\t\t\t\t\t<\/div>\n\t\t<\/div>\n\t\t\t\t\t<\/div>\n\t\t<\/section>\n\t\t\t\t<section class=\"elementor-section elementor-top-section elementor-element elementor-element-4744fc5 elementor-section-boxed elementor-section-height-default elementor-section-height-default\" data-id=\"4744fc5\" data-element_type=\"section\">\n\t\t\t\t\t\t<div class=\"elementor-container elementor-column-gap-default\">\n\t\t\t\t\t<div class=\"elementor-column elementor-col-50 elementor-top-column elementor-element elementor-element-4e7e05f\" data-id=\"4e7e05f\" data-element_type=\"column\">\n\t\t\t<div class=\"elementor-widget-wrap elementor-element-populated\">\n\t\t\t\t\t\t<div class=\"elementor-element elementor-element-1d8dca9 elementor-widget elementor-widget-image\" data-id=\"1d8dca9\" data-element_type=\"widget\" data-widget_type=\"image.default\">\n\t\t\t\t<div class=\"elementor-widget-container\">\n\t\t\t\t\t\t\t\t\t\t\t\t\t\t\t<img loading=\"lazy\" decoding=\"async\" width=\"600\" height=\"400\" src=\"https:\/\/belvederepalace.wientickets.org\/wp-content\/uploads\/2024\/08\/location-of-belvedere-palace.webp\" class=\"attachment-large size-large wp-image-440\" alt=\"\" srcset=\"https:\/\/belvederepalace.wientickets.org\/wp-content\/uploads\/2024\/08\/location-of-belvedere-palace.webp 600w, https:\/\/belvederepalace.wientickets.org\/wp-content\/uploads\/2024\/08\/location-of-belvedere-palace-300x200.webp 300w\" sizes=\"(max-width: 600px) 100vw, 600px\" \/>\t\t\t\t\t\t\t\t\t\t\t\t\t\t\t<\/div>\n\t\t\t\t<\/div>\n\t\t\t\t<div class=\"elementor-element elementor-element-6816be7 elementor-widget elementor-widget-heading\" data-id=\"6816be7\" data-element_type=\"widget\" data-widget_type=\"heading.default\">\n\t\t\t\t<div class=\"elementor-widget-container\">\n\t\t\t\t\t<h3 class=\"elementor-heading-title elementor-size-default\"><a href=\"https:\/\/belvederepalace.wientickets.org\/de\/schloss-belvedere-standort\/\">Schloss Belvedere Standort<\/a><\/h3>\t\t\t\t<\/div>\n\t\t\t\t<\/div>\n\t\t\t\t<div class=\"elementor-element elementor-element-65dd5e2 elementor-widget elementor-widget-text-editor\" data-id=\"65dd5e2\" data-element_type=\"widget\" data-widget_type=\"text-editor.default\">\n\t\t\t\t<div class=\"elementor-widget-container\">\n\t\t\t\t\t\t\t\t\tDas Schloss Belvedere befindet sich im dritten Wiener Bezirk, in der Prinz-Eugen-Stra\u00dfe 27. Der Standort ist bequem zu erreichen. Das Schloss Belvedere bietet Einrichtungen f\u00fcr Besucher mit Behinderungen, darunter Rampen und Aufz\u00fcge. Es ist ratsam, sich im Voraus mit dem Museum in Verbindung zu setzen, um die ben\u00f6tigte Hilfe zu&#8230;<a href=\"https:\/\/belvederepalace.wientickets.org\/de\/schloss-belvedere-standort\/\" style=\"color:#7E0009;\"> siehe mehr<\/a>   \n\t\t\t\t\t\t\t\t<\/div>\n\t\t\t\t<\/div>\n\t\t\t\t\t<\/div>\n\t\t<\/div>\n\t\t\t\t<div class=\"elementor-column elementor-col-50 elementor-top-column elementor-element elementor-element-b8892f6\" data-id=\"b8892f6\" data-element_type=\"column\">\n\t\t\t<div class=\"elementor-widget-wrap elementor-element-populated\">\n\t\t\t\t\t\t<div class=\"elementor-element elementor-element-e6b9507 elementor-widget elementor-widget-image\" data-id=\"e6b9507\" data-element_type=\"widget\" data-widget_type=\"image.default\">\n\t\t\t\t<div class=\"elementor-widget-container\">\n\t\t\t\t\t\t\t\t\t\t\t\t\t\t\t<img loading=\"lazy\" decoding=\"async\" width=\"600\" height=\"400\" src=\"https:\/\/belvederepalace.wientickets.org\/wp-content\/uploads\/2024\/08\/faqs-about-belvedere-palace.webp\" class=\"attachment-large size-large wp-image-464\" alt=\"\" srcset=\"https:\/\/belvederepalace.wientickets.org\/wp-content\/uploads\/2024\/08\/faqs-about-belvedere-palace.webp 600w, https:\/\/belvederepalace.wientickets.org\/wp-content\/uploads\/2024\/08\/faqs-about-belvedere-palace-300x200.webp 300w\" sizes=\"(max-width: 600px) 100vw, 600px\" \/>\t\t\t\t\t\t\t\t\t\t\t\t\t\t\t<\/div>\n\t\t\t\t<\/div>\n\t\t\t\t<div class=\"elementor-element elementor-element-e055737 elementor-widget elementor-widget-heading\" data-id=\"e055737\" data-element_type=\"widget\" data-widget_type=\"heading.default\">\n\t\t\t\t<div class=\"elementor-widget-container\">\n\t\t\t\t\t<h3 class=\"elementor-heading-title elementor-size-default\"><a href=\"https:\/\/belvederepalace.wientickets.org\/de\/faqs-zu-tickets-und-fuehrungen-im-schloss-belvedere\/\">FAQs zum Schloss Belvedere<\/a><\/h3>\t\t\t\t<\/div>\n\t\t\t\t<\/div>\n\t\t\t\t<div class=\"elementor-element elementor-element-cde8739 elementor-widget elementor-widget-text-editor\" data-id=\"cde8739\" data-element_type=\"widget\" data-widget_type=\"text-editor.default\">\n\t\t\t\t<div class=\"elementor-widget-container\">\n\t\t\t\t\t\t\t\t\tEine F\u00fchrung durch das Schloss Belvedere ist eine der besten M\u00f6glichkeiten, um die Kunst und die Geschichte dieses ikonischen Ortes in vollen Z\u00fcgen zu genie\u00dfen. Die F\u00fchrungen werden in mehreren Sprachen angeboten und richten sich an unterschiedliche Interessen, ob Sie nun Kunstliebhaber oder Geschichtsinteressierte sind. Um Ihren Besuch so einfach und problemlos wie m\u00f6glich zu gestalten, werden wir Ihnen einige&#8230; <a href=\"https:\/\/belvederepalace.wientickets.org\/de\/faqs-zu-tickets-und-fuehrungen-im-schloss-belvedere\/\" style=\"color:#7E0009;\">mehr<\/a>  \n\t\t\t\t\t\t\t\t<\/div>\n\t\t\t\t<\/div>\n\t\t\t\t\t<\/div>\n\t\t<\/div>\n\t\t\t\t\t<\/div>\n\t\t<\/section>\n\t\t\t\t<\/div>\n\t\t","protected":false},"excerpt":{"rendered":"<p>Unteres Belvedere Hier finden Sie alles, was Sie wissen m\u00fcssen, um das Untere Belvedere zu besuchen, eines der beeindruckendsten Barockgeb\u00e4ude Wiens. Entdecken Sie seine historischen R\u00e4ume und die aktuellen Sonderausstellungen. Tickets buchen Hilfe und Unterst\u00fctzung Ein Kundendienst, der Ihnen von 8.00 bis 18.00 Uhr bei all Ihren Anliegen hilft. Schnell und online buchen W\u00e4hlen Sie [&hellip;]<\/p>\n","protected":false},"author":2,"featured_media":703,"parent":0,"menu_order":0,"comment_status":"closed","ping_status":"closed","template":"elementor_header_footer","meta":{"footnotes":""},"class_list":["post-1279","page","type-page","status-publish","has-post-thumbnail","hentry"],"yoast_head":"<!-- This site is optimized with the Yoast SEO plugin v26.7 - https:\/\/yoast.com\/wordpress\/plugins\/seo\/ -->\n<title>Unteres Belvedere | Ist ein Besuch lohnenswert?<\/title>\n<meta name=\"description\" content=\"Entdecken Sie einen umfassenden Leitfaden zum Unteren Belvedere in Wien \u2705 Wir erkunden seine Architektur, Geschichte und ob sich ein Besuch wirklich lohnt.\" \/>\n<meta name=\"robots\" content=\"index, follow, max-snippet:-1, max-image-preview:large, max-video-preview:-1\" \/>\n<link rel=\"canonical\" href=\"https:\/\/belvederepalace.wientickets.org\/de\/unteres-belvedere\/\" \/>\n<meta property=\"og:locale\" content=\"de_DE\" \/>\n<meta property=\"og:type\" content=\"article\" \/>\n<meta property=\"og:title\" content=\"Unteres Belvedere | Ist ein Besuch lohnenswert?\" \/>\n<meta property=\"og:description\" content=\"Entdecken Sie einen umfassenden Leitfaden zum Unteren Belvedere in Wien \u2705 Wir erkunden seine Architektur, Geschichte und ob sich ein Besuch wirklich lohnt.\" \/>\n<meta property=\"og:url\" content=\"https:\/\/belvederepalace.wientickets.org\/de\/unteres-belvedere\/\" \/>\n<meta property=\"og:site_name\" content=\"Belvedere Palace Tickets\" \/>\n<meta property=\"article:modified_time\" content=\"2026-04-30T07:15:32+00:00\" \/>\n<meta property=\"og:image\" content=\"https:\/\/belvederepalace.wientickets.org\/wp-content\/uploads\/2025\/11\/lower-belvedere-1.webp\" \/>\n\t<meta property=\"og:image:width\" content=\"1200\" \/>\n\t<meta property=\"og:image:height\" content=\"800\" \/>\n\t<meta property=\"og:image:type\" content=\"image\/webp\" \/>\n<meta name=\"twitter:card\" content=\"summary_large_image\" \/>\n<meta name=\"twitter:label1\" content=\"Gesch\u00e4tzte Lesezeit\" \/>\n\t<meta name=\"twitter:data1\" content=\"11 Minuten\" \/>\n<script type=\"application\/ld+json\" class=\"yoast-schema-graph\">{\"@context\":\"https:\/\/schema.org\",\"@graph\":[{\"@type\":\"WebPage\",\"@id\":\"https:\/\/belvederepalace.wientickets.org\/de\/unteres-belvedere\/\",\"url\":\"https:\/\/belvederepalace.wientickets.org\/de\/unteres-belvedere\/\",\"name\":\"Unteres Belvedere | Ist ein Besuch lohnenswert?\",\"isPartOf\":{\"@id\":\"https:\/\/belvederepalace.wientickets.org\/de\/#website\"},\"primaryImageOfPage\":{\"@id\":\"https:\/\/belvederepalace.wientickets.org\/de\/unteres-belvedere\/#primaryimage\"},\"image\":{\"@id\":\"https:\/\/belvederepalace.wientickets.org\/de\/unteres-belvedere\/#primaryimage\"},\"thumbnailUrl\":\"https:\/\/belvederepalace.wientickets.org\/wp-content\/uploads\/2025\/11\/lower-belvedere-1.webp\",\"datePublished\":\"2025-12-23T13:11:58+00:00\",\"dateModified\":\"2026-04-30T07:15:32+00:00\",\"description\":\"Entdecken Sie einen umfassenden Leitfaden zum Unteren Belvedere in Wien \u2705 Wir erkunden seine Architektur, Geschichte und ob sich ein Besuch wirklich lohnt.\",\"breadcrumb\":{\"@id\":\"https:\/\/belvederepalace.wientickets.org\/de\/unteres-belvedere\/#breadcrumb\"},\"inLanguage\":\"de\",\"potentialAction\":[{\"@type\":\"ReadAction\",\"target\":[\"https:\/\/belvederepalace.wientickets.org\/de\/unteres-belvedere\/\"]}]},{\"@type\":\"ImageObject\",\"inLanguage\":\"de\",\"@id\":\"https:\/\/belvederepalace.wientickets.org\/de\/unteres-belvedere\/#primaryimage\",\"url\":\"https:\/\/belvederepalace.wientickets.org\/wp-content\/uploads\/2025\/11\/lower-belvedere-1.webp\",\"contentUrl\":\"https:\/\/belvederepalace.wientickets.org\/wp-content\/uploads\/2025\/11\/lower-belvedere-1.webp\",\"width\":1200,\"height\":800,\"caption\":\"Unteres Belvedere\"},{\"@type\":\"BreadcrumbList\",\"@id\":\"https:\/\/belvederepalace.wientickets.org\/de\/unteres-belvedere\/#breadcrumb\",\"itemListElement\":[{\"@type\":\"ListItem\",\"position\":1,\"name\":\"Home\",\"item\":\"https:\/\/belvederepalace.wientickets.org\/de\/\"},{\"@type\":\"ListItem\",\"position\":2,\"name\":\"Unteres Belvedere\"}]},{\"@type\":\"WebSite\",\"@id\":\"https:\/\/belvederepalace.wientickets.org\/de\/#website\",\"url\":\"https:\/\/belvederepalace.wientickets.org\/de\/\",\"name\":\"Belvedere Palace Tickets\",\"description\":\"\",\"publisher\":{\"@id\":\"https:\/\/belvederepalace.wientickets.org\/de\/#organization\"},\"potentialAction\":[{\"@type\":\"SearchAction\",\"target\":{\"@type\":\"EntryPoint\",\"urlTemplate\":\"https:\/\/belvederepalace.wientickets.org\/de\/?s={search_term_string}\"},\"query-input\":{\"@type\":\"PropertyValueSpecification\",\"valueRequired\":true,\"valueName\":\"search_term_string\"}}],\"inLanguage\":\"de\"},{\"@type\":\"Organization\",\"@id\":\"https:\/\/belvederepalace.wientickets.org\/de\/#organization\",\"name\":\"Schloss Belvedere Tickets\",\"url\":\"https:\/\/belvederepalace.wientickets.org\/de\/\",\"logo\":{\"@type\":\"ImageObject\",\"inLanguage\":\"de\",\"@id\":\"https:\/\/belvederepalace.wientickets.org\/de\/#\/schema\/logo\/image\/\",\"url\":\"https:\/\/belvederepalace.wientickets.org\/wp-content\/uploads\/2024\/08\/belvedere-palace-tickets-logo.png\",\"contentUrl\":\"https:\/\/belvederepalace.wientickets.org\/wp-content\/uploads\/2024\/08\/belvedere-palace-tickets-logo.png\",\"width\":375,\"height\":70,\"caption\":\"Schloss Belvedere Tickets\"},\"image\":{\"@id\":\"https:\/\/belvederepalace.wientickets.org\/de\/#\/schema\/logo\/image\/\"}}]}<\/script>\n<!-- \/ Yoast SEO plugin. -->","yoast_head_json":{"title":"Unteres Belvedere | Ist ein Besuch lohnenswert?","description":"Entdecken Sie einen umfassenden Leitfaden zum Unteren Belvedere in Wien \u2705 Wir erkunden seine Architektur, Geschichte und ob sich ein Besuch wirklich lohnt.","robots":{"index":"index","follow":"follow","max-snippet":"max-snippet:-1","max-image-preview":"max-image-preview:large","max-video-preview":"max-video-preview:-1"},"canonical":"https:\/\/belvederepalace.wientickets.org\/de\/unteres-belvedere\/","og_locale":"de_DE","og_type":"article","og_title":"Unteres Belvedere | Ist ein Besuch lohnenswert?","og_description":"Entdecken Sie einen umfassenden Leitfaden zum Unteren Belvedere in Wien \u2705 Wir erkunden seine Architektur, Geschichte und ob sich ein Besuch wirklich lohnt.","og_url":"https:\/\/belvederepalace.wientickets.org\/de\/unteres-belvedere\/","og_site_name":"Belvedere Palace Tickets","article_modified_time":"2026-04-30T07:15:32+00:00","og_image":[{"width":1200,"height":800,"url":"https:\/\/belvederepalace.wientickets.org\/wp-content\/uploads\/2025\/11\/lower-belvedere-1.webp","type":"image\/webp"}],"twitter_card":"summary_large_image","twitter_misc":{"Gesch\u00e4tzte Lesezeit":"11 Minuten"},"schema":{"@context":"https:\/\/schema.org","@graph":[{"@type":"WebPage","@id":"https:\/\/belvederepalace.wientickets.org\/de\/unteres-belvedere\/","url":"https:\/\/belvederepalace.wientickets.org\/de\/unteres-belvedere\/","name":"Unteres Belvedere | Ist ein Besuch lohnenswert?","isPartOf":{"@id":"https:\/\/belvederepalace.wientickets.org\/de\/#website"},"primaryImageOfPage":{"@id":"https:\/\/belvederepalace.wientickets.org\/de\/unteres-belvedere\/#primaryimage"},"image":{"@id":"https:\/\/belvederepalace.wientickets.org\/de\/unteres-belvedere\/#primaryimage"},"thumbnailUrl":"https:\/\/belvederepalace.wientickets.org\/wp-content\/uploads\/2025\/11\/lower-belvedere-1.webp","datePublished":"2025-12-23T13:11:58+00:00","dateModified":"2026-04-30T07:15:32+00:00","description":"Entdecken Sie einen umfassenden Leitfaden zum Unteren Belvedere in Wien \u2705 Wir erkunden seine Architektur, Geschichte und ob sich ein Besuch wirklich lohnt.","breadcrumb":{"@id":"https:\/\/belvederepalace.wientickets.org\/de\/unteres-belvedere\/#breadcrumb"},"inLanguage":"de","potentialAction":[{"@type":"ReadAction","target":["https:\/\/belvederepalace.wientickets.org\/de\/unteres-belvedere\/"]}]},{"@type":"ImageObject","inLanguage":"de","@id":"https:\/\/belvederepalace.wientickets.org\/de\/unteres-belvedere\/#primaryimage","url":"https:\/\/belvederepalace.wientickets.org\/wp-content\/uploads\/2025\/11\/lower-belvedere-1.webp","contentUrl":"https:\/\/belvederepalace.wientickets.org\/wp-content\/uploads\/2025\/11\/lower-belvedere-1.webp","width":1200,"height":800,"caption":"Unteres Belvedere"},{"@type":"BreadcrumbList","@id":"https:\/\/belvederepalace.wientickets.org\/de\/unteres-belvedere\/#breadcrumb","itemListElement":[{"@type":"ListItem","position":1,"name":"Home","item":"https:\/\/belvederepalace.wientickets.org\/de\/"},{"@type":"ListItem","position":2,"name":"Unteres Belvedere"}]},{"@type":"WebSite","@id":"https:\/\/belvederepalace.wientickets.org\/de\/#website","url":"https:\/\/belvederepalace.wientickets.org\/de\/","name":"Belvedere Palace Tickets","description":"","publisher":{"@id":"https:\/\/belvederepalace.wientickets.org\/de\/#organization"},"potentialAction":[{"@type":"SearchAction","target":{"@type":"EntryPoint","urlTemplate":"https:\/\/belvederepalace.wientickets.org\/de\/?s={search_term_string}"},"query-input":{"@type":"PropertyValueSpecification","valueRequired":true,"valueName":"search_term_string"}}],"inLanguage":"de"},{"@type":"Organization","@id":"https:\/\/belvederepalace.wientickets.org\/de\/#organization","name":"Schloss Belvedere Tickets","url":"https:\/\/belvederepalace.wientickets.org\/de\/","logo":{"@type":"ImageObject","inLanguage":"de","@id":"https:\/\/belvederepalace.wientickets.org\/de\/#\/schema\/logo\/image\/","url":"https:\/\/belvederepalace.wientickets.org\/wp-content\/uploads\/2024\/08\/belvedere-palace-tickets-logo.png","contentUrl":"https:\/\/belvederepalace.wientickets.org\/wp-content\/uploads\/2024\/08\/belvedere-palace-tickets-logo.png","width":375,"height":70,"caption":"Schloss Belvedere Tickets"},"image":{"@id":"https:\/\/belvederepalace.wientickets.org\/de\/#\/schema\/logo\/image\/"}}]}},"_links":{"self":[{"href":"https:\/\/belvederepalace.wientickets.org\/de\/wp-json\/wp\/v2\/pages\/1279","targetHints":{"allow":["GET"]}}],"collection":[{"href":"https:\/\/belvederepalace.wientickets.org\/de\/wp-json\/wp\/v2\/pages"}],"about":[{"href":"https:\/\/belvederepalace.wientickets.org\/de\/wp-json\/wp\/v2\/types\/page"}],"author":[{"embeddable":true,"href":"https:\/\/belvederepalace.wientickets.org\/de\/wp-json\/wp\/v2\/users\/2"}],"replies":[{"embeddable":true,"href":"https:\/\/belvederepalace.wientickets.org\/de\/wp-json\/wp\/v2\/comments?post=1279"}],"version-history":[{"count":15,"href":"https:\/\/belvederepalace.wientickets.org\/de\/wp-json\/wp\/v2\/pages\/1279\/revisions"}],"predecessor-version":[{"id":3198,"href":"https:\/\/belvederepalace.wientickets.org\/de\/wp-json\/wp\/v2\/pages\/1279\/revisions\/3198"}],"wp:featuredmedia":[{"embeddable":true,"href":"https:\/\/belvederepalace.wientickets.org\/de\/wp-json\/wp\/v2\/media\/703"}],"wp:attachment":[{"href":"https:\/\/belvederepalace.wientickets.org\/de\/wp-json\/wp\/v2\/media?parent=1279"}],"curies":[{"name":"wp","href":"https:\/\/api.w.org\/{rel}","templated":true}]}}