{"id":1595,"date":"2026-01-13T09:51:56","date_gmt":"2026-01-13T09:51:56","guid":{"rendered":"https:\/\/belvederepalace.wientickets.org\/belvedere-schlossgarten-gaerten\/"},"modified":"2026-04-17T08:26:59","modified_gmt":"2026-04-17T08:26:59","slug":"belvedere-schlossgarten-gaerten","status":"publish","type":"page","link":"https:\/\/belvederepalace.wientickets.org\/de\/belvedere-schlossgarten-gaerten\/","title":{"rendered":"Schlossgarten Belvedere (G\u00e4rten)"},"content":{"rendered":"\t\t<div data-elementor-type=\"wp-page\" data-elementor-id=\"1595\" class=\"elementor elementor-1595 elementor-1384\">\n\t\t\t\t\t\t<section class=\"elementor-section elementor-top-section elementor-element elementor-element-d9f9314 intro-section elementor-section-boxed elementor-section-height-default elementor-section-height-default\" data-id=\"d9f9314\" data-element_type=\"section\">\n\t\t\t\t\t\t<div class=\"elementor-container elementor-column-gap-default\">\n\t\t\t\t\t<div class=\"elementor-column elementor-col-50 elementor-top-column elementor-element elementor-element-93072ec\" data-id=\"93072ec\" data-element_type=\"column\">\n\t\t\t<div class=\"elementor-widget-wrap elementor-element-populated\">\n\t\t\t\t\t\t<section class=\"elementor-section elementor-inner-section elementor-element elementor-element-60d5ba5 elementor-section-boxed elementor-section-height-default elementor-section-height-default\" data-id=\"60d5ba5\" data-element_type=\"section\">\n\t\t\t\t\t\t<div class=\"elementor-container elementor-column-gap-default\">\n\t\t\t\t\t<div class=\"elementor-column elementor-col-100 elementor-inner-column elementor-element elementor-element-4693576\" data-id=\"4693576\" data-element_type=\"column\">\n\t\t\t<div class=\"elementor-widget-wrap elementor-element-populated\">\n\t\t\t\t\t\t<div class=\"elementor-element elementor-element-92a82d6 title-mobile elementor-widget__width-initial elementor-widget elementor-widget-heading\" data-id=\"92a82d6\" data-element_type=\"widget\" data-widget_type=\"heading.default\">\n\t\t\t\t<div class=\"elementor-widget-container\">\n\t\t\t\t\t<h1 class=\"elementor-heading-title elementor-size-default\">Schlossgarten Belvedere (G\u00e4rten)<\/h1>\t\t\t\t<\/div>\n\t\t\t\t<\/div>\n\t\t\t\t<div class=\"elementor-element elementor-element-e016f26 text-mobile elementor-widget__width-initial elementor-widget elementor-widget-text-editor\" data-id=\"e016f26\" data-element_type=\"widget\" data-widget_type=\"text-editor.default\">\n\t\t\t\t<div class=\"elementor-widget-container\">\n\t\t\t\t\t\t\t\t\t<p>Die <strong>G\u00e4rten des Schlosses Belvedere<\/strong> in Wien sind ein Komplex aus verschiedenen Gr\u00fcnanlagen mit unterschiedlichen Stilen und Funktionen, die die Residenzen des Komplexes architektonisch miteinander verbinden. Hier erfahren Sie, was sich in den einzelnen G\u00e4rten befindet und was ihre Geschichte ist. <\/p>\t\t\t\t\t\t\t\t<\/div>\n\t\t\t\t<\/div>\n\t\t\t\t\t<\/div>\n\t\t<\/div>\n\t\t\t\t\t<\/div>\n\t\t<\/section>\n\t\t\t\t<div class=\"elementor-element elementor-element-22a410a btn-primary elementor-widget elementor-widget-button\" data-id=\"22a410a\" data-element_type=\"widget\" data-widget_type=\"button.default\">\n\t\t\t\t<div class=\"elementor-widget-container\">\n\t\t\t\t\t\t\t\t\t<div class=\"elementor-button-wrapper\">\n\t\t\t\t\t<a class=\"elementor-button elementor-button-link elementor-size-sm\" href=\"https:\/\/belvederepalace.wientickets.org\/de\/schloss-belvedere-tickets\/\">\n\t\t\t\t\t\t<span class=\"elementor-button-content-wrapper\">\n\t\t\t\t\t\t\t\t\t<span class=\"elementor-button-text\">Tickets buchen<\/span>\n\t\t\t\t\t<\/span>\n\t\t\t\t\t<\/a>\n\t\t\t\t<\/div>\n\t\t\t\t\t\t\t\t<\/div>\n\t\t\t\t<\/div>\n\t\t\t\t\t<\/div>\n\t\t<\/div>\n\t\t\t\t<div class=\"elementor-column elementor-col-50 elementor-top-column elementor-element elementor-element-7edfb37\" data-id=\"7edfb37\" data-element_type=\"column\">\n\t\t\t<div class=\"elementor-widget-wrap elementor-element-populated\">\n\t\t\t\t\t\t<div class=\"elementor-element elementor-element-d6a6031 elementor-hidden-mobile elementor-widget__width-initial elementor-widget elementor-widget-image\" data-id=\"d6a6031\" data-element_type=\"widget\" data-widget_type=\"image.default\">\n\t\t\t\t<div class=\"elementor-widget-container\">\n\t\t\t\t\t\t\t\t\t\t\t\t\t\t\t<img fetchpriority=\"high\" decoding=\"async\" width=\"800\" height=\"529\" src=\"https:\/\/belvederepalace.wientickets.org\/wp-content\/uploads\/2026\/01\/belvedere-schlossgarten-1024x677.webp\" class=\"attachment-large size-large wp-image-1596\" alt=\"Schlossgarten Belvedere\" srcset=\"https:\/\/belvederepalace.wientickets.org\/wp-content\/uploads\/2026\/01\/belvedere-schlossgarten-1024x677.webp 1024w, https:\/\/belvederepalace.wientickets.org\/wp-content\/uploads\/2026\/01\/belvedere-schlossgarten-300x198.webp 300w, https:\/\/belvederepalace.wientickets.org\/wp-content\/uploads\/2026\/01\/belvedere-schlossgarten-768x508.webp 768w, https:\/\/belvederepalace.wientickets.org\/wp-content\/uploads\/2026\/01\/belvedere-schlossgarten.webp 1280w\" sizes=\"(max-width: 800px) 100vw, 800px\" \/>\t\t\t\t\t\t\t\t\t\t\t\t\t\t\t<\/div>\n\t\t\t\t<\/div>\n\t\t\t\t\t<\/div>\n\t\t<\/div>\n\t\t\t\t\t<\/div>\n\t\t<\/section>\n\t\t\t\t<section class=\"elementor-section elementor-top-section elementor-element elementor-element-230cd5c elementor-section-height-min-height elementor-section-boxed elementor-section-height-default elementor-section-items-middle\" data-id=\"230cd5c\" data-element_type=\"section\" data-settings=\"{&quot;background_background&quot;:&quot;classic&quot;}\">\n\t\t\t\t\t\t<div class=\"elementor-container elementor-column-gap-default\">\n\t\t\t\t\t<div class=\"elementor-column elementor-col-100 elementor-top-column elementor-element elementor-element-00437ed\" data-id=\"00437ed\" data-element_type=\"column\">\n\t\t\t<div class=\"elementor-widget-wrap\">\n\t\t\t\t\t\t\t<\/div>\n\t\t<\/div>\n\t\t\t\t\t<\/div>\n\t\t<\/section>\n\t\t\t\t<section class=\"elementor-section elementor-top-section elementor-element elementor-element-9cd6848 elementor-section-height-min-height elementor-hidden-tablet elementor-hidden-mobile elementor-section-boxed elementor-section-height-default elementor-section-items-middle\" data-id=\"9cd6848\" data-element_type=\"section\" data-settings=\"{&quot;background_background&quot;:&quot;classic&quot;}\">\n\t\t\t\t\t\t<div class=\"elementor-container elementor-column-gap-default\">\n\t\t\t\t\t<div class=\"elementor-column elementor-col-33 elementor-top-column elementor-element elementor-element-9e6383b\" data-id=\"9e6383b\" data-element_type=\"column\">\n\t\t\t<div class=\"elementor-widget-wrap elementor-element-populated\">\n\t\t\t\t\t\t<section class=\"elementor-section elementor-inner-section elementor-element elementor-element-adf9d55 elementor-section-content-middle elementor-section-boxed elementor-section-height-default elementor-section-height-default\" data-id=\"adf9d55\" data-element_type=\"section\">\n\t\t\t\t\t\t<div class=\"elementor-container elementor-column-gap-default\">\n\t\t\t\t\t<div class=\"elementor-column elementor-col-50 elementor-inner-column elementor-element elementor-element-99588f5\" data-id=\"99588f5\" data-element_type=\"column\">\n\t\t\t<div class=\"elementor-widget-wrap elementor-element-populated\">\n\t\t\t\t\t\t<div class=\"elementor-element elementor-element-e36ddda elementor-widget elementor-widget-image\" data-id=\"e36ddda\" data-element_type=\"widget\" data-widget_type=\"image.default\">\n\t\t\t\t<div class=\"elementor-widget-container\">\n\t\t\t\t\t\t\t\t\t\t\t\t\t\t\t<img decoding=\"async\" width=\"496\" height=\"496\" src=\"https:\/\/belvederepalace.wientickets.org\/wp-content\/uploads\/2024\/08\/customer-service-1-1.png\" class=\"attachment-large size-large wp-image-471\" alt=\"\" srcset=\"https:\/\/belvederepalace.wientickets.org\/wp-content\/uploads\/2024\/08\/customer-service-1-1.png 496w, https:\/\/belvederepalace.wientickets.org\/wp-content\/uploads\/2024\/08\/customer-service-1-1-300x300.png 300w, https:\/\/belvederepalace.wientickets.org\/wp-content\/uploads\/2024\/08\/customer-service-1-1-150x150.png 150w\" sizes=\"(max-width: 496px) 100vw, 496px\" \/>\t\t\t\t\t\t\t\t\t\t\t\t\t\t\t<\/div>\n\t\t\t\t<\/div>\n\t\t\t\t\t<\/div>\n\t\t<\/div>\n\t\t\t\t<div class=\"elementor-column elementor-col-50 elementor-inner-column elementor-element elementor-element-850e7ff\" data-id=\"850e7ff\" data-element_type=\"column\">\n\t\t\t<div class=\"elementor-widget-wrap elementor-element-populated\">\n\t\t\t\t\t\t<div class=\"elementor-element elementor-element-ef88c31 elementor-widget elementor-widget-heading\" data-id=\"ef88c31\" data-element_type=\"widget\" data-widget_type=\"heading.default\">\n\t\t\t\t<div class=\"elementor-widget-container\">\n\t\t\t\t\t<p class=\"elementor-heading-title elementor-size-default\">Unterst\u00fctzung, wenn Sie sie brauchen<\/p>\t\t\t\t<\/div>\n\t\t\t\t<\/div>\n\t\t\t\t<div class=\"elementor-element elementor-element-0bad76c elementor-widget elementor-widget-heading\" data-id=\"0bad76c\" data-element_type=\"widget\" data-widget_type=\"heading.default\">\n\t\t\t\t<div class=\"elementor-widget-container\">\n\t\t\t\t\t<p class=\"elementor-heading-title elementor-size-default\">Ein Kundendienst, der Ihnen von 8.00 bis 18.00 Uhr bei allem hilft, was Sie brauchen.<\/p>\t\t\t\t<\/div>\n\t\t\t\t<\/div>\n\t\t\t\t\t<\/div>\n\t\t<\/div>\n\t\t\t\t\t<\/div>\n\t\t<\/section>\n\t\t\t\t\t<\/div>\n\t\t<\/div>\n\t\t\t\t<div class=\"elementor-column elementor-col-33 elementor-top-column elementor-element elementor-element-db09347\" data-id=\"db09347\" data-element_type=\"column\">\n\t\t\t<div class=\"elementor-widget-wrap elementor-element-populated\">\n\t\t\t\t\t\t<section class=\"elementor-section elementor-inner-section elementor-element elementor-element-944af68 elementor-section-content-middle elementor-section-boxed elementor-section-height-default elementor-section-height-default\" data-id=\"944af68\" data-element_type=\"section\">\n\t\t\t\t\t\t<div class=\"elementor-container elementor-column-gap-default\">\n\t\t\t\t\t<div class=\"elementor-column elementor-col-50 elementor-inner-column elementor-element elementor-element-058d089\" data-id=\"058d089\" data-element_type=\"column\">\n\t\t\t<div class=\"elementor-widget-wrap elementor-element-populated\">\n\t\t\t\t\t\t<div class=\"elementor-element elementor-element-631719e elementor-widget elementor-widget-image\" data-id=\"631719e\" data-element_type=\"widget\" data-widget_type=\"image.default\">\n\t\t\t\t<div class=\"elementor-widget-container\">\n\t\t\t\t\t\t\t\t\t\t\t\t\t\t\t<img decoding=\"async\" width=\"488\" height=\"488\" src=\"https:\/\/belvederepalace.wientickets.org\/wp-content\/uploads\/2024\/08\/Group-333.png\" class=\"attachment-large size-large wp-image-472\" alt=\"\" srcset=\"https:\/\/belvederepalace.wientickets.org\/wp-content\/uploads\/2024\/08\/Group-333.png 488w, https:\/\/belvederepalace.wientickets.org\/wp-content\/uploads\/2024\/08\/Group-333-300x300.png 300w, https:\/\/belvederepalace.wientickets.org\/wp-content\/uploads\/2024\/08\/Group-333-150x150.png 150w\" sizes=\"(max-width: 488px) 100vw, 488px\" \/>\t\t\t\t\t\t\t\t\t\t\t\t\t\t\t<\/div>\n\t\t\t\t<\/div>\n\t\t\t\t\t<\/div>\n\t\t<\/div>\n\t\t\t\t<div class=\"elementor-column elementor-col-50 elementor-inner-column elementor-element elementor-element-29ee4a9\" data-id=\"29ee4a9\" data-element_type=\"column\">\n\t\t\t<div class=\"elementor-widget-wrap elementor-element-populated\">\n\t\t\t\t\t\t<div class=\"elementor-element elementor-element-84dcfb9 elementor-widget elementor-widget-heading\" data-id=\"84dcfb9\" data-element_type=\"widget\" data-widget_type=\"heading.default\">\n\t\t\t\t<div class=\"elementor-widget-container\">\n\t\t\t\t\t<p class=\"elementor-heading-title elementor-size-default\">Schnell und online buchen<\/p>\t\t\t\t<\/div>\n\t\t\t\t<\/div>\n\t\t\t\t<div class=\"elementor-element elementor-element-0001b35 elementor-widget elementor-widget-heading\" data-id=\"0001b35\" data-element_type=\"widget\" data-widget_type=\"heading.default\">\n\t\t\t\t<div class=\"elementor-widget-container\">\n\t\t\t\t\t<p class=\"elementor-heading-title elementor-size-default\">W\u00e4hlen Sie die beste Option f\u00fcr Ihre Bed\u00fcrfnisse und Vorlieben und vermeiden Sie Warteschlangen, indem Sie hier buchen<\/p>\t\t\t\t<\/div>\n\t\t\t\t<\/div>\n\t\t\t\t\t<\/div>\n\t\t<\/div>\n\t\t\t\t\t<\/div>\n\t\t<\/section>\n\t\t\t\t\t<\/div>\n\t\t<\/div>\n\t\t\t\t<div class=\"elementor-column elementor-col-33 elementor-top-column elementor-element elementor-element-489f8f9\" data-id=\"489f8f9\" data-element_type=\"column\">\n\t\t\t<div class=\"elementor-widget-wrap elementor-element-populated\">\n\t\t\t\t\t\t<section class=\"elementor-section elementor-inner-section elementor-element elementor-element-efa59f4 elementor-section-content-middle elementor-section-boxed elementor-section-height-default elementor-section-height-default\" data-id=\"efa59f4\" data-element_type=\"section\">\n\t\t\t\t\t\t<div class=\"elementor-container elementor-column-gap-default\">\n\t\t\t\t\t<div class=\"elementor-column elementor-col-50 elementor-inner-column elementor-element elementor-element-9c526e7\" data-id=\"9c526e7\" data-element_type=\"column\">\n\t\t\t<div class=\"elementor-widget-wrap elementor-element-populated\">\n\t\t\t\t\t\t<div class=\"elementor-element elementor-element-07ec56e elementor-widget elementor-widget-image\" data-id=\"07ec56e\" data-element_type=\"widget\" data-widget_type=\"image.default\">\n\t\t\t\t<div class=\"elementor-widget-container\">\n\t\t\t\t\t\t\t\t\t\t\t\t\t\t\t<img loading=\"lazy\" decoding=\"async\" width=\"462\" height=\"683\" src=\"https:\/\/belvederepalace.wientickets.org\/wp-content\/uploads\/2024\/08\/top-attractions-in-paris.webp\" class=\"attachment-large size-large wp-image-473\" alt=\"\" srcset=\"https:\/\/belvederepalace.wientickets.org\/wp-content\/uploads\/2024\/08\/top-attractions-in-paris.webp 462w, https:\/\/belvederepalace.wientickets.org\/wp-content\/uploads\/2024\/08\/top-attractions-in-paris-203x300.webp 203w\" sizes=\"(max-width: 462px) 100vw, 462px\" \/>\t\t\t\t\t\t\t\t\t\t\t\t\t\t\t<\/div>\n\t\t\t\t<\/div>\n\t\t\t\t\t<\/div>\n\t\t<\/div>\n\t\t\t\t<div class=\"elementor-column elementor-col-50 elementor-inner-column elementor-element elementor-element-d4b11c9\" data-id=\"d4b11c9\" data-element_type=\"column\">\n\t\t\t<div class=\"elementor-widget-wrap elementor-element-populated\">\n\t\t\t\t\t\t<div class=\"elementor-element elementor-element-b7d14cc elementor-widget elementor-widget-heading\" data-id=\"b7d14cc\" data-element_type=\"widget\" data-widget_type=\"heading.default\">\n\t\t\t\t<div class=\"elementor-widget-container\">\n\t\t\t\t\t<p class=\"elementor-heading-title elementor-size-default\">Platz 2 der Sehensw\u00fcrdigkeiten in Wien<\/p>\t\t\t\t<\/div>\n\t\t\t\t<\/div>\n\t\t\t\t<div class=\"elementor-element elementor-element-6f9dbc1 elementor-widget elementor-widget-heading\" data-id=\"6f9dbc1\" data-element_type=\"widget\" data-widget_type=\"heading.default\">\n\t\t\t\t<div class=\"elementor-widget-container\">\n\t\t\t\t\t<p class=\"elementor-heading-title elementor-size-default\">Entdecken Sie Schloss Belvedere in Wien: barocke Sch\u00f6nheit, \u00fcppige G\u00e4rten und Klimts ikonische Kunst.\n\n\n\n\n\n\n\n\n<\/p>\t\t\t\t<\/div>\n\t\t\t\t<\/div>\n\t\t\t\t\t<\/div>\n\t\t<\/div>\n\t\t\t\t\t<\/div>\n\t\t<\/section>\n\t\t\t\t\t<\/div>\n\t\t<\/div>\n\t\t\t\t\t<\/div>\n\t\t<\/section>\n\t\t<div class=\"elementor-element elementor-element-6697256 e-flex e-con-boxed e-con e-parent\" data-id=\"6697256\" data-element_type=\"container\">\n\t\t\t\t\t<div class=\"e-con-inner\">\n\t\t\t\t<div class=\"elementor-element elementor-element-24bd42c elementor-widget elementor-widget-spacer\" data-id=\"24bd42c\" data-element_type=\"widget\" data-widget_type=\"spacer.default\">\n\t\t\t\t<div class=\"elementor-widget-container\">\n\t\t\t\t\t\t\t<div class=\"elementor-spacer\">\n\t\t\t<div class=\"elementor-spacer-inner\"><\/div>\n\t\t<\/div>\n\t\t\t\t\t\t<\/div>\n\t\t\t\t<\/div>\n\t\t\t\t\t<\/div>\n\t\t\t\t<\/div>\n\t\t<div class=\"elementor-element elementor-element-a7a1e2f e-flex e-con-boxed e-con e-parent\" data-id=\"a7a1e2f\" data-element_type=\"container\">\n\t\t\t\t\t<div class=\"e-con-inner\">\n\t\t\t\t<div class=\"elementor-element elementor-element-35e48a1 elementor-widget elementor-widget-heading\" data-id=\"35e48a1\" data-element_type=\"widget\" data-widget_type=\"heading.default\">\n\t\t\t\t<div class=\"elementor-widget-container\">\n\t\t\t\t\t<h2 class=\"elementor-heading-title elementor-size-default\">Im Detail ansehen<\/h2>\t\t\t\t<\/div>\n\t\t\t\t<\/div>\n\t\t\t\t\t<\/div>\n\t\t\t\t<\/div>\n\t\t<div class=\"elementor-element elementor-element-fe6abd3 e-flex e-con-boxed e-con e-parent\" data-id=\"fe6abd3\" data-element_type=\"container\">\n\t\t\t\t\t<div class=\"e-con-inner\">\n\t\t<div class=\"elementor-element elementor-element-c0ce31e e-con-full e-flex e-con e-child\" data-id=\"c0ce31e\" data-element_type=\"container\">\n\t\t\t\t<div class=\"elementor-element elementor-element-e9533fa elementor-widget elementor-widget-text-editor\" data-id=\"e9533fa\" data-element_type=\"widget\" data-widget_type=\"text-editor.default\">\n\t\t\t\t<div class=\"elementor-widget-container\">\n\t\t\t\t\t\t\t\t\t<ul><li><a href=\"#see\">Was gibt es in den Belvedere G\u00e4rten zu sehen?<\/a><\/li><li><a href=\"#visitor\">Besucherinformationen f\u00fcr den Schlossgarten<\/a><\/li><li><a href=\"#near\">Was befindet sich sonst noch in der N\u00e4he der G\u00e4rten?<\/a><\/li><\/ul>\t\t\t\t\t\t\t\t<\/div>\n\t\t\t\t<\/div>\n\t\t\t\t<\/div>\n\t\t<div class=\"elementor-element elementor-element-f31599b e-con-full e-flex e-con e-child\" data-id=\"f31599b\" data-element_type=\"container\">\n\t\t\t\t<div class=\"elementor-element elementor-element-f3726dd elementor-widget elementor-widget-text-editor\" data-id=\"f3726dd\" data-element_type=\"widget\" data-widget_type=\"text-editor.default\">\n\t\t\t\t<div class=\"elementor-widget-container\">\n\t\t\t\t\t\t\t\t\t<ul><li><a href=\"#history\">Historischer Kontext: Was sollten Sie vor Ihrem Besuch wissen?<\/a><\/li><li><a href=\"#faqs\">FAQs zu den Belvedere G\u00e4rten<\/a><\/li><\/ul>\t\t\t\t\t\t\t\t<\/div>\n\t\t\t\t<\/div>\n\t\t\t\t<\/div>\n\t\t\t\t\t<\/div>\n\t\t\t\t<\/div>\n\t\t\t\t<section class=\"elementor-section elementor-top-section elementor-element elementor-element-b5f148c elementor-section-boxed elementor-section-height-default elementor-section-height-default\" data-id=\"b5f148c\" data-element_type=\"section\">\n\t\t\t\t\t\t<div class=\"elementor-container elementor-column-gap-default\">\n\t\t\t\t\t<div class=\"elementor-column elementor-col-100 elementor-top-column elementor-element elementor-element-0458ce1\" data-id=\"0458ce1\" data-element_type=\"column\">\n\t\t\t<div class=\"elementor-widget-wrap elementor-element-populated\">\n\t\t\t\t\t\t<div class=\"elementor-element elementor-element-767261e elementor-widget elementor-widget-text-editor\" data-id=\"767261e\" data-element_type=\"widget\" data-widget_type=\"text-editor.default\">\n\t\t\t\t<div class=\"elementor-widget-container\">\n\t\t\t\t\t\t\t\t\t<p>Zun\u00e4chst ist zu erw\u00e4hnen, dass <strong>der Zugang zu den G\u00e4rten f\u00fcr alle Besucher das ganze Jahr \u00fcber kostenlos ist<\/strong>, mit Ausnahme des Alpengartens, f\u00fcr den eine spezielle Eintrittskarte erforderlich ist. Daher k\u00f6nnen Besucher durch die Anlagen spazieren, die Pflanzen und Springbrunnen bewundern oder den Blick auf die Stadt genie\u00dfen, ohne eine Eintrittskarte f\u00fcr die Pal\u00e4ste kaufen zu m\u00fcssen. <\/p>\t\t\t\t\t\t\t\t<\/div>\n\t\t\t\t<\/div>\n\t\t\t\t\t<\/div>\n\t\t<\/div>\n\t\t\t\t\t<\/div>\n\t\t<\/section>\n\t\t\t\t<section class=\"elementor-section elementor-top-section elementor-element elementor-element-fc7c141 elementor-section-boxed elementor-section-height-default elementor-section-height-default\" data-id=\"fc7c141\" data-element_type=\"section\">\n\t\t\t\t\t\t<div class=\"elementor-container elementor-column-gap-default\">\n\t\t\t\t\t<div class=\"elementor-column elementor-col-100 elementor-top-column elementor-element elementor-element-08fc692\" data-id=\"08fc692\" data-element_type=\"column\">\n\t\t\t<div class=\"elementor-widget-wrap elementor-element-populated\">\n\t\t\t\t\t\t<div class=\"elementor-element elementor-element-e1ecfe2 elementor-widget elementor-widget-heading\" data-id=\"e1ecfe2\" data-element_type=\"widget\" id=\"see\" data-widget_type=\"heading.default\">\n\t\t\t\t<div class=\"elementor-widget-container\">\n\t\t\t\t\t<h2 class=\"elementor-heading-title elementor-size-default\">Was gibt es in den Belvedere G\u00e4rten zu sehen?<\/h2>\t\t\t\t<\/div>\n\t\t\t\t<\/div>\n\t\t\t\t<div class=\"elementor-element elementor-element-0cfb87c elementor-widget elementor-widget-text-editor\" data-id=\"0cfb87c\" data-element_type=\"widget\" data-widget_type=\"text-editor.default\">\n\t\t\t\t<div class=\"elementor-widget-container\">\n\t\t\t\t\t\t\t\t\t<p>Die Belvedere G\u00e4rten bewahren das urspr\u00fcngliche Design aus dem 18. Jahrhundert und bieten eine einzigartige Perspektive auf die kaiserliche Landschaftsgestaltung und die wissenschaftliche Botanik in \u00d6sterreich. Dieser \u201eSchlossgarten\u201c (ein Begriff, der aus dem Deutschen stammt und sich als \u201ePalastgarten\u201c \u00fcbersetzen l\u00e4sst) besteht aus einer gestalteten <b>Landschaft, die der strengen Symmetrie des franz\u00f6sischen Barockstils folgt<\/b> und gestufte Springbrunnen, mythologische Skulpturen und Kieswege integriert. Sie sind ein Landschaftsensemble, das in Bereiche mit unterschiedlichen Funktionen und \u00c4sthetiken unterteilt ist, die ihren Wert als touristisches und historisches Ziel festigen. Wie <a style=\"color: #7e0009;\" href=\"https:\/\/www.reddit.com\/r\/wien\/comments\/1kob4yk\/schonbrunn_palace_worth_it\/\" target=\"_blank\" rel=\"noopener\">ein Reddit-Nutzer richtig betont<\/a>: \u201eDie G\u00e4rten (die kostenlos sind) sind ein Muss.\u201c   <\/p><p>Dies sind <b>die G\u00e4rten, aus denen der Komplex besteht<\/b>:<\/p>\t\t\t\t\t\t\t\t<\/div>\n\t\t\t\t<\/div>\n\t\t\t\t\t<\/div>\n\t\t<\/div>\n\t\t\t\t\t<\/div>\n\t\t<\/section>\n\t\t<div class=\"elementor-element elementor-element-47db6f3 e-flex e-con-boxed e-con e-parent\" data-id=\"47db6f3\" data-element_type=\"container\">\n\t\t\t\t\t<div class=\"e-con-inner\">\n\t\t<div class=\"elementor-element elementor-element-7e8f5e4 e-con-full e-flex e-con e-child\" data-id=\"7e8f5e4\" data-element_type=\"container\">\n\t\t\t\t<div class=\"elementor-element elementor-element-3fe1f20 elementor-widget elementor-widget-image\" data-id=\"3fe1f20\" data-element_type=\"widget\" data-widget_type=\"image.default\">\n\t\t\t\t<div class=\"elementor-widget-container\">\n\t\t\t\t\t\t\t\t\t\t\t\t\t\t\t<img loading=\"lazy\" decoding=\"async\" width=\"800\" height=\"536\" src=\"https:\/\/belvederepalace.wientickets.org\/wp-content\/uploads\/2026\/01\/baroque-garden-belvedere-1024x686.webp\" class=\"attachment-large size-large wp-image-1597\" alt=\"Der Barockgarten\" srcset=\"https:\/\/belvederepalace.wientickets.org\/wp-content\/uploads\/2026\/01\/baroque-garden-belvedere-1024x686.webp 1024w, https:\/\/belvederepalace.wientickets.org\/wp-content\/uploads\/2026\/01\/baroque-garden-belvedere-300x201.webp 300w, https:\/\/belvederepalace.wientickets.org\/wp-content\/uploads\/2026\/01\/baroque-garden-belvedere-768x514.webp 768w, https:\/\/belvederepalace.wientickets.org\/wp-content\/uploads\/2026\/01\/baroque-garden-belvedere.webp 1280w\" sizes=\"(max-width: 800px) 100vw, 800px\" \/>\t\t\t\t\t\t\t\t\t\t\t\t\t\t\t<\/div>\n\t\t\t\t<\/div>\n\t\t\t\t<\/div>\n\t\t<div class=\"elementor-element elementor-element-6727324 e-con-full e-flex e-con e-child\" data-id=\"6727324\" data-element_type=\"container\">\n\t\t\t\t<div class=\"elementor-element elementor-element-b4b025d elementor-widget elementor-widget-heading\" data-id=\"b4b025d\" data-element_type=\"widget\" data-widget_type=\"heading.default\">\n\t\t\t\t<div class=\"elementor-widget-container\">\n\t\t\t\t\t<h3 class=\"elementor-heading-title elementor-size-default\">Der Barockgarten<\/h3>\t\t\t\t<\/div>\n\t\t\t\t<\/div>\n\t\t\t\t<div class=\"elementor-element elementor-element-47b2d12 elementor-widget elementor-widget-text-editor\" data-id=\"47b2d12\" data-element_type=\"widget\" data-widget_type=\"text-editor.default\">\n\t\t\t\t<div class=\"elementor-widget-container\">\n\t\t\t\t\t\t\t\t\t<p>Der Hauptgarten <strong>bildet die zentrale Achse, die die beiden Pal\u00e4ste architektonisch verbindet<\/strong>. Dieser Raum zeichnet sich durch seine breiten Broderie-Parterres, gestuften Springbrunnen und die gro\u00dfartige skulpturale Dekoration aus. Kaskaden flie\u00dfen von den oberen Ebenen zu den unteren.  <\/p><p>Zus\u00e4tzlich dominieren mythologische Figuren und Sphinxen die Landschaft und lenken den Blick der Besucher auf die Stadt Wien. <strong>Das Design zielt auf Monumentalit\u00e4t ab<\/strong>, wobei die nat\u00fcrliche Neigung des Gel\u00e4ndes genutzt wird, um ein Gef\u00fchl von Weite und Macht zu erzeugen.<\/p><p><em>Foto: \u201eSchlosspark Belvedere Wien\u201c von <a style=\"color: #7e0009;\" href=\"https:\/\/commons.wikimedia.org\/wiki\/User:LuMaBe\" target=\"_blank\" rel=\"noopener\">LuMaBe<\/a>.<\/em><\/p>\t\t\t\t\t\t\t\t<\/div>\n\t\t\t\t<\/div>\n\t\t\t\t<\/div>\n\t\t\t\t\t<\/div>\n\t\t\t\t<\/div>\n\t\t<div class=\"elementor-element elementor-element-0c9f69f e-flex e-con-boxed e-con e-parent\" data-id=\"0c9f69f\" data-element_type=\"container\">\n\t\t\t\t\t<div class=\"e-con-inner\">\n\t\t\t\t<div class=\"elementor-element elementor-element-d25d2a3 elementor-widget elementor-widget-spacer\" data-id=\"d25d2a3\" data-element_type=\"widget\" data-widget_type=\"spacer.default\">\n\t\t\t\t<div class=\"elementor-widget-container\">\n\t\t\t\t\t\t\t<div class=\"elementor-spacer\">\n\t\t\t<div class=\"elementor-spacer-inner\"><\/div>\n\t\t<\/div>\n\t\t\t\t\t\t<\/div>\n\t\t\t\t<\/div>\n\t\t\t\t\t<\/div>\n\t\t\t\t<\/div>\n\t\t<div class=\"elementor-element elementor-element-ce63c61 e-flex e-con-boxed e-con e-parent\" data-id=\"ce63c61\" data-element_type=\"container\">\n\t\t\t\t\t<div class=\"e-con-inner\">\n\t\t<div class=\"elementor-element elementor-element-196d20c e-con-full e-flex e-con e-child\" data-id=\"196d20c\" data-element_type=\"container\">\n\t\t\t\t<div class=\"elementor-element elementor-element-321a59c elementor-widget elementor-widget-heading\" data-id=\"321a59c\" data-element_type=\"widget\" data-widget_type=\"heading.default\">\n\t\t\t\t<div class=\"elementor-widget-container\">\n\t\t\t\t\t<h3 class=\"elementor-heading-title elementor-size-default\">Der Kammergarten<\/h3>\t\t\t\t<\/div>\n\t\t\t\t<\/div>\n\t\t\t\t<div class=\"elementor-element elementor-element-e5f3a79 elementor-widget elementor-widget-text-editor\" data-id=\"e5f3a79\" data-element_type=\"widget\" data-widget_type=\"text-editor.default\">\n\t\t\t\t<div class=\"elementor-widget-container\">\n\t\t\t\t\t\t\t\t\t<p>Der Kammergarten, historisch bekannt als \u201eKammergarten\u201c, bietet eine viel intimere und gesch\u00fctztere Umgebung als die Hauptachse. Dieser Raum wurde urspr\u00fcnglich als <strong>exklusiver R\u00fcckzugsort f\u00fcr Prinz Eugen von Savoyen<\/strong> konzipiert, einen der bedeutendsten Milit\u00e4rstrategen der europ\u00e4ischen Geschichte, der f\u00fcr den Aufstieg des \u00f6sterreichischen Reiches zur Gro\u00dfmacht von entscheidender Bedeutung war. <\/p><p>Der Garten ist in <strong>zwei Terrassen<\/strong> unterteilt und zeichnet sich durch <strong>zarte Blumenparterres<\/strong> und Strukturen aus, die es dem Prinzen erm\u00f6glichten, die Natur in v\u00f6lliger Privatsph\u00e4re, abseits der \u00f6ffentlichen Funktionen des Hofes, zu genie\u00dfen.<\/p><p><em>Foto: \u201eKammergarten des Schloss Belvederes\u201c<\/em><em> von <a style=\"color: #7e0009;\" href=\"https:\/\/commons.wikimedia.org\/wiki\/User:LuMaBe\" target=\"_blank\" rel=\"noopener\">LuMaBe<\/a>.<\/em><\/p>\t\t\t\t\t\t\t\t<\/div>\n\t\t\t\t<\/div>\n\t\t\t\t<\/div>\n\t\t<div class=\"elementor-element elementor-element-eb78187 e-con-full e-flex e-con e-child\" data-id=\"eb78187\" data-element_type=\"container\">\n\t\t\t\t<div class=\"elementor-element elementor-element-c3ad5b9 elementor-widget elementor-widget-image\" data-id=\"c3ad5b9\" data-element_type=\"widget\" data-widget_type=\"image.default\">\n\t\t\t\t<div class=\"elementor-widget-container\">\n\t\t\t\t\t\t\t\t\t\t\t\t\t\t\t<img loading=\"lazy\" decoding=\"async\" width=\"800\" height=\"533\" src=\"https:\/\/belvederepalace.wientickets.org\/wp-content\/uploads\/2026\/01\/privy-garden-belvedere-1024x682.webp\" class=\"attachment-large size-large wp-image-1598\" alt=\"Der Kammergarten\" srcset=\"https:\/\/belvederepalace.wientickets.org\/wp-content\/uploads\/2026\/01\/privy-garden-belvedere-1024x682.webp 1024w, https:\/\/belvederepalace.wientickets.org\/wp-content\/uploads\/2026\/01\/privy-garden-belvedere-300x200.webp 300w, https:\/\/belvederepalace.wientickets.org\/wp-content\/uploads\/2026\/01\/privy-garden-belvedere-768x511.webp 768w, https:\/\/belvederepalace.wientickets.org\/wp-content\/uploads\/2026\/01\/privy-garden-belvedere.webp 1280w\" sizes=\"(max-width: 800px) 100vw, 800px\" \/>\t\t\t\t\t\t\t\t\t\t\t\t\t\t\t<\/div>\n\t\t\t\t<\/div>\n\t\t\t\t<\/div>\n\t\t\t\t\t<\/div>\n\t\t\t\t<\/div>\n\t\t<div class=\"elementor-element elementor-element-971e950 e-flex e-con-boxed e-con e-parent\" data-id=\"971e950\" data-element_type=\"container\">\n\t\t\t\t\t<div class=\"e-con-inner\">\n\t\t\t\t<div class=\"elementor-element elementor-element-d3326e4 elementor-widget elementor-widget-spacer\" data-id=\"d3326e4\" data-element_type=\"widget\" data-widget_type=\"spacer.default\">\n\t\t\t\t<div class=\"elementor-widget-container\">\n\t\t\t\t\t\t\t<div class=\"elementor-spacer\">\n\t\t\t<div class=\"elementor-spacer-inner\"><\/div>\n\t\t<\/div>\n\t\t\t\t\t\t<\/div>\n\t\t\t\t<\/div>\n\t\t\t\t\t<\/div>\n\t\t\t\t<\/div>\n\t\t<div class=\"elementor-element elementor-element-3f15a3e e-flex e-con-boxed e-con e-parent\" data-id=\"3f15a3e\" data-element_type=\"container\">\n\t\t\t\t\t<div class=\"e-con-inner\">\n\t\t<div class=\"elementor-element elementor-element-71fe2c7 e-con-full e-flex e-con e-child\" data-id=\"71fe2c7\" data-element_type=\"container\">\n\t\t\t\t<div class=\"elementor-element elementor-element-1da742a elementor-widget elementor-widget-image\" data-id=\"1da742a\" data-element_type=\"widget\" data-widget_type=\"image.default\">\n\t\t\t\t<div class=\"elementor-widget-container\">\n\t\t\t\t\t\t\t\t\t\t\t\t\t\t\t<img loading=\"lazy\" decoding=\"async\" width=\"800\" height=\"533\" src=\"https:\/\/belvederepalace.wientickets.org\/wp-content\/uploads\/2026\/01\/b-girls-go-sculpture-by-marusa-sagadin-1024x682.webp\" class=\"attachment-large size-large wp-image-1599\" alt=\"\u201eB-Girls, go!\u201c Skulptur von Maru\u0161a Sagadin\" srcset=\"https:\/\/belvederepalace.wientickets.org\/wp-content\/uploads\/2026\/01\/b-girls-go-sculpture-by-marusa-sagadin-1024x682.webp 1024w, https:\/\/belvederepalace.wientickets.org\/wp-content\/uploads\/2026\/01\/b-girls-go-sculpture-by-marusa-sagadin-300x200.webp 300w, https:\/\/belvederepalace.wientickets.org\/wp-content\/uploads\/2026\/01\/b-girls-go-sculpture-by-marusa-sagadin-768x511.webp 768w, https:\/\/belvederepalace.wientickets.org\/wp-content\/uploads\/2026\/01\/b-girls-go-sculpture-by-marusa-sagadin.webp 1280w\" sizes=\"(max-width: 800px) 100vw, 800px\" \/>\t\t\t\t\t\t\t\t\t\t\t\t\t\t\t<\/div>\n\t\t\t\t<\/div>\n\t\t\t\t<\/div>\n\t\t<div class=\"elementor-element elementor-element-ca51b74 e-con-full e-flex e-con e-child\" data-id=\"ca51b74\" data-element_type=\"container\">\n\t\t\t\t<div class=\"elementor-element elementor-element-2843e5f elementor-widget elementor-widget-heading\" data-id=\"2843e5f\" data-element_type=\"widget\" data-widget_type=\"heading.default\">\n\t\t\t\t<div class=\"elementor-widget-container\">\n\t\t\t\t\t<h3 class=\"elementor-heading-title elementor-size-default\">Der Skulpturengarten<\/h3>\t\t\t\t<\/div>\n\t\t\t\t<\/div>\n\t\t\t\t<div class=\"elementor-element elementor-element-5ef0a77 elementor-widget elementor-widget-text-editor\" data-id=\"5ef0a77\" data-element_type=\"widget\" data-widget_type=\"text-editor.default\">\n\t\t\t\t<div class=\"elementor-widget-container\">\n\t\t\t\t\t\t\t\t\t<p>Der Skulpturengarten befindet sich in dem Bereich, der das Museum Belvedere 21 umgibt und sich zu den Au\u00dfenzonen des Komplexes erstreckt. Im Gegensatz zu den klassischen und mythologischen Skulpturen des Barockgartens <strong>ist dieser Raum der modernen und zeitgen\u00f6ssischen Kunst gewidmet<\/strong>. <\/p><p>Er zeigt Werke von internationalen und lokalen K\u00fcnstlern, wie z. B. das von <b>Maru\u0161a Sagadin mit dem Titel \u201eB-Girls, go!\u201c<\/b>, ein gro\u00dfformatiges Werk, das eine Baseballkappe durch eine Sprache neu interpretiert, die Architektur, Design und Pop-Art miteinander verbindet.<\/p><p>Dieser Garten erreicht einen flie\u00dfenden \u00dcbergang zwischen dem historischen Erbe der Habsburger und den aktuellen k\u00fcnstlerischen Ausdrucksformen und festigt das Belvedere als <strong>einen Ort, an dem verschiedene Kunstepochen nebeneinander existieren<\/strong>.<\/p><p><em>Foto: \u201eMarusa Sagadin &#8211; B-Girls, Go!\u201c von <a style=\"color: #7e0009;\" href=\"https:\/\/commons.wikimedia.org\/wiki\/User:1rhb\" target=\"_blank\" rel=\"noopener\">1rhb<\/a>.<\/em><\/p>\t\t\t\t\t\t\t\t<\/div>\n\t\t\t\t<\/div>\n\t\t\t\t<\/div>\n\t\t\t\t\t<\/div>\n\t\t\t\t<\/div>\n\t\t<div class=\"elementor-element elementor-element-f6979a7 e-flex e-con-boxed e-con e-parent\" data-id=\"f6979a7\" data-element_type=\"container\">\n\t\t\t\t\t<div class=\"e-con-inner\">\n\t\t\t\t<div class=\"elementor-element elementor-element-2bd8a78 elementor-widget elementor-widget-spacer\" data-id=\"2bd8a78\" data-element_type=\"widget\" data-widget_type=\"spacer.default\">\n\t\t\t\t<div class=\"elementor-widget-container\">\n\t\t\t\t\t\t\t<div class=\"elementor-spacer\">\n\t\t\t<div class=\"elementor-spacer-inner\"><\/div>\n\t\t<\/div>\n\t\t\t\t\t\t<\/div>\n\t\t\t\t<\/div>\n\t\t\t\t\t<\/div>\n\t\t\t\t<\/div>\n\t\t<div class=\"elementor-element elementor-element-3dfc763 e-flex e-con-boxed e-con e-parent\" data-id=\"3dfc763\" data-element_type=\"container\">\n\t\t\t\t\t<div class=\"e-con-inner\">\n\t\t<div class=\"elementor-element elementor-element-244e7cc e-con-full e-flex e-con e-child\" data-id=\"244e7cc\" data-element_type=\"container\">\n\t\t\t\t<div class=\"elementor-element elementor-element-7e136ac elementor-widget elementor-widget-heading\" data-id=\"7e136ac\" data-element_type=\"widget\" data-widget_type=\"heading.default\">\n\t\t\t\t<div class=\"elementor-widget-container\">\n\t\t\t\t\t<h3 class=\"elementor-heading-title elementor-size-default\">Der Botanische Garten<\/h3>\t\t\t\t<\/div>\n\t\t\t\t<\/div>\n\t\t\t\t<div class=\"elementor-element elementor-element-b67ffdd elementor-widget elementor-widget-text-editor\" data-id=\"b67ffdd\" data-element_type=\"widget\" data-widget_type=\"text-editor.default\">\n\t\t\t\t<div class=\"elementor-widget-container\">\n\t\t\t\t\t\t\t\t\t<p>Der Botanische Garten der Universit\u00e4t Wien ist Teil des Gr\u00fcng\u00fcrtels des Komplexes. Er wurde <b>1754<\/b> von Kaiserin Maria Theresia gegr\u00fcndet, der einzigen weiblichen Herrscherin der Habsburgermonarchie, und einer der einflussreichsten Herrscherinnen der europ\u00e4ischen Geschichte. <\/p><p>Dieser 8 Hektar gro\u00dfe Raum beherbergt etwa <b>11.500 Pflanzenarten aus aller Welt<\/b>. Der Garten dient Forschungs-, Erhaltungs- und Bildungszwecken. <\/p>\n<p><em>Foto: \u201eWien 03 Botanischer Garten 03\u201c von <a href=\"https:\/\/commons.wikimedia.org\/wiki\/User:Gugerell\" target=\"_blank\" rel=\"noopener\" style=\"color:#7E0009;\">Gugerell<\/a>.<\/em><\/p>\t\t\t\t\t\t\t\t<\/div>\n\t\t\t\t<\/div>\n\t\t\t\t<\/div>\n\t\t<div class=\"elementor-element elementor-element-0a4ae58 e-con-full e-flex e-con e-child\" data-id=\"0a4ae58\" data-element_type=\"container\">\n\t\t\t\t<div class=\"elementor-element elementor-element-75dcdb9 elementor-widget elementor-widget-image\" data-id=\"75dcdb9\" data-element_type=\"widget\" data-widget_type=\"image.default\">\n\t\t\t\t<div class=\"elementor-widget-container\">\n\t\t\t\t\t\t\t\t\t\t\t\t\t\t\t<img loading=\"lazy\" decoding=\"async\" width=\"800\" height=\"450\" src=\"https:\/\/belvederepalace.wientickets.org\/wp-content\/uploads\/2026\/01\/botanical-garden-1024x576.webp\" class=\"attachment-large size-large wp-image-1600\" alt=\"Der Botanische Garten\" srcset=\"https:\/\/belvederepalace.wientickets.org\/wp-content\/uploads\/2026\/01\/botanical-garden-1024x576.webp 1024w, https:\/\/belvederepalace.wientickets.org\/wp-content\/uploads\/2026\/01\/botanical-garden-300x169.webp 300w, https:\/\/belvederepalace.wientickets.org\/wp-content\/uploads\/2026\/01\/botanical-garden-768x432.webp 768w, https:\/\/belvederepalace.wientickets.org\/wp-content\/uploads\/2026\/01\/botanical-garden.webp 1280w\" sizes=\"(max-width: 800px) 100vw, 800px\" \/>\t\t\t\t\t\t\t\t\t\t\t\t\t\t\t<\/div>\n\t\t\t\t<\/div>\n\t\t\t\t<\/div>\n\t\t\t\t\t<\/div>\n\t\t\t\t<\/div>\n\t\t<div class=\"elementor-element elementor-element-64c5eaa e-flex e-con-boxed e-con e-parent\" data-id=\"64c5eaa\" data-element_type=\"container\">\n\t\t\t\t\t<div class=\"e-con-inner\">\n\t\t\t\t<div class=\"elementor-element elementor-element-18be3b3 elementor-widget elementor-widget-spacer\" data-id=\"18be3b3\" data-element_type=\"widget\" data-widget_type=\"spacer.default\">\n\t\t\t\t<div class=\"elementor-widget-container\">\n\t\t\t\t\t\t\t<div class=\"elementor-spacer\">\n\t\t\t<div class=\"elementor-spacer-inner\"><\/div>\n\t\t<\/div>\n\t\t\t\t\t\t<\/div>\n\t\t\t\t<\/div>\n\t\t\t\t\t<\/div>\n\t\t\t\t<\/div>\n\t\t<div class=\"elementor-element elementor-element-0b8ea8c e-flex e-con-boxed e-con e-parent\" data-id=\"0b8ea8c\" data-element_type=\"container\">\n\t\t\t\t\t<div class=\"e-con-inner\">\n\t\t<div class=\"elementor-element elementor-element-dea278d e-con-full e-flex e-con e-child\" data-id=\"dea278d\" data-element_type=\"container\">\n\t\t\t\t<div class=\"elementor-element elementor-element-5ae38f1 elementor-widget elementor-widget-image\" data-id=\"5ae38f1\" data-element_type=\"widget\" data-widget_type=\"image.default\">\n\t\t\t\t<div class=\"elementor-widget-container\">\n\t\t\t\t\t\t\t\t\t\t\t\t\t\t\t<img loading=\"lazy\" decoding=\"async\" width=\"800\" height=\"573\" src=\"https:\/\/belvederepalace.wientickets.org\/wp-content\/uploads\/2026\/01\/alpine-garden-1024x734.webp\" class=\"attachment-large size-large wp-image-1601\" alt=\"Der Alpengarten\" srcset=\"https:\/\/belvederepalace.wientickets.org\/wp-content\/uploads\/2026\/01\/alpine-garden-1024x734.webp 1024w, https:\/\/belvederepalace.wientickets.org\/wp-content\/uploads\/2026\/01\/alpine-garden-300x215.webp 300w, https:\/\/belvederepalace.wientickets.org\/wp-content\/uploads\/2026\/01\/alpine-garden-768x550.webp 768w, https:\/\/belvederepalace.wientickets.org\/wp-content\/uploads\/2026\/01\/alpine-garden.webp 1280w\" sizes=\"(max-width: 800px) 100vw, 800px\" \/>\t\t\t\t\t\t\t\t\t\t\t\t\t\t\t<\/div>\n\t\t\t\t<\/div>\n\t\t\t\t<\/div>\n\t\t<div class=\"elementor-element elementor-element-9ea6023 e-con-full e-flex e-con e-child\" data-id=\"9ea6023\" data-element_type=\"container\">\n\t\t\t\t<div class=\"elementor-element elementor-element-a994c1e elementor-widget elementor-widget-heading\" data-id=\"a994c1e\" data-element_type=\"widget\" data-widget_type=\"heading.default\">\n\t\t\t\t<div class=\"elementor-widget-container\">\n\t\t\t\t\t<h3 class=\"elementor-heading-title elementor-size-default\">Der Alpengarten<\/h3>\t\t\t\t<\/div>\n\t\t\t\t<\/div>\n\t\t\t\t<div class=\"elementor-element elementor-element-0f58730 elementor-widget elementor-widget-text-editor\" data-id=\"0f58730\" data-element_type=\"widget\" data-widget_type=\"text-editor.default\">\n\t\t\t\t<div class=\"elementor-widget-container\">\n\t\t\t\t\t\t\t\t\t<p>Der Alpengarten zeichnet sich dadurch aus, dass er <strong>einer der \u00e4ltesten spezialisierten botanischen G\u00e4rten Europas ist<\/strong>. Dieser Sektor zielt auf die Erhaltung und Ausstellung der reichen Flora der Alpen sowie anderer Bergregionen der Welt ab. <\/p><p>Im Gegensatz zu der geometrischen Strenge der Barockbereiche pr\u00e4sentiert dieser Sektor eine organischere Anordnung mit Steing\u00e4rten und schmalen Pfaden, die eine genaue Beobachtung seltener und gesch\u00fctzter Pflanzenarten w\u00e4hrend ihrer Fr\u00fchlingsbl\u00fctezeit erm\u00f6glichen. Wie bereits erw\u00e4hnt, <strong>ist es notwendig, eine Eintrittskarte zu kaufen, um ihn zu besuchen<\/strong>. <\/p><p><em>Foto: \u201eWien &#8211; Alpengarten, Portal\u201c von <a style=\"color: #7e0009;\" href=\"https:\/\/commons.wikimedia.org\/wiki\/User:Bwag\" target=\"_blank\" rel=\"noopener\">Bwag<\/a>.<\/em><\/p>\t\t\t\t\t\t\t\t<\/div>\n\t\t\t\t<\/div>\n\t\t\t\t<\/div>\n\t\t\t\t\t<\/div>\n\t\t\t\t<\/div>\n\t\t\t\t<section class=\"elementor-section elementor-top-section elementor-element elementor-element-873768a elementor-section-boxed elementor-section-height-default elementor-section-height-default\" data-id=\"873768a\" data-element_type=\"section\">\n\t\t\t\t\t\t<div class=\"elementor-container elementor-column-gap-default\">\n\t\t\t\t\t<div class=\"elementor-column elementor-col-100 elementor-top-column elementor-element elementor-element-a3161be\" data-id=\"a3161be\" data-element_type=\"column\">\n\t\t\t<div class=\"elementor-widget-wrap elementor-element-populated\">\n\t\t\t\t\t\t<div class=\"elementor-element elementor-element-85b7b34 elementor-widget elementor-widget-heading\" data-id=\"85b7b34\" data-element_type=\"widget\" id=\"visitor\" data-widget_type=\"heading.default\">\n\t\t\t\t<div class=\"elementor-widget-container\">\n\t\t\t\t\t<h2 class=\"elementor-heading-title elementor-size-default\">Besucherinformationen f\u00fcr den Schlossgarten<\/h2>\t\t\t\t<\/div>\n\t\t\t\t<\/div>\n\t\t\t\t<div class=\"elementor-element elementor-element-3975fa3 elementor-widget elementor-widget-text-editor\" data-id=\"3975fa3\" data-element_type=\"widget\" data-widget_type=\"text-editor.default\">\n\t\t\t\t<div class=\"elementor-widget-container\">\n\t\t\t\t\t\t\t\t\t<p>Das Belvedere ist ein wichtiges Wahrzeichen im 3. Wiener Gemeindebezirk, <strong>das mit \u00f6ffentlichen Verkehrsmitteln<\/strong> und zu Fu\u00df vom Zentrum aus erreichbar ist. Um das Belvedere (\u201eSchlossgarten\u201c) in vollen Z\u00fcgen genie\u00dfen zu k\u00f6nnen, ist es wichtig, die <b>Zugangszeiten<\/b> und <b>Eingangspunkte<\/b> zu kennen, da der Komplex \u00fcber mehrere Eing\u00e4nge verf\u00fcgt, die mit den verschiedenen G\u00e4rten und Geb\u00e4uden verbunden sind, die Teil dieses historischen kaiserlichen Areals sind. <\/p>\t\t\t\t\t\t\t\t<\/div>\n\t\t\t\t<\/div>\n\t\t\t\t\t<\/div>\n\t\t<\/div>\n\t\t\t\t\t<\/div>\n\t\t<\/section>\n\t\t<div class=\"elementor-element elementor-element-96a34b8 e-flex e-con-boxed e-con e-parent\" data-id=\"96a34b8\" data-element_type=\"container\">\n\t\t\t\t\t<div class=\"e-con-inner\">\n\t\t\t\t<div class=\"elementor-element elementor-element-b266f7c e-n-tabs-none elementor-widget elementor-widget-n-tabs\" data-id=\"b266f7c\" data-element_type=\"widget\" data-settings=\"{&quot;tabs_justify_horizontal&quot;:&quot;start&quot;,&quot;horizontal_scroll_mobile&quot;:&quot;enable&quot;,&quot;horizontal_scroll&quot;:&quot;disable&quot;}\" data-widget_type=\"nested-tabs.default\">\n\t\t\t\t<div class=\"elementor-widget-container\">\n\t\t\t\t\t\t\t<div class=\"e-n-tabs\" data-widget-number=\"187068284\" aria-label=\"Tabs. Open items with Enter or Space, close with Escape and navigate using the Arrow keys.\">\n\t\t\t<div class=\"e-n-tabs-heading\" role=\"tablist\">\n\t\t\t\t\t<button id=\"e-n-tab-title-1870682841\" data-tab-title-id=\"e-n-tab-title-1870682841\" class=\"e-n-tab-title\" aria-selected=\"true\" data-tab-index=\"1\" role=\"tab\" tabindex=\"0\" aria-controls=\"e-n-tab-content-1870682841\" style=\"--n-tabs-title-order: 1;\">\n\t\t\t\t\t\t<span class=\"e-n-tab-title-text\">\n\t\t\t\t\u00d6ffnungszeiten der G\u00e4rten\t\t\t<\/span>\n\t\t<\/button>\n\t\t\t\t<button id=\"e-n-tab-title-1870682842\" data-tab-title-id=\"e-n-tab-title-1870682842\" class=\"e-n-tab-title\" aria-selected=\"false\" data-tab-index=\"2\" role=\"tab\" tabindex=\"-1\" aria-controls=\"e-n-tab-content-1870682842\" style=\"--n-tabs-title-order: 2;\">\n\t\t\t\t\t\t<span class=\"e-n-tab-title-text\">\n\t\t\t\tAnreise\t\t\t<\/span>\n\t\t<\/button>\n\t\t\t\t<button id=\"e-n-tab-title-1870682843\" data-tab-title-id=\"e-n-tab-title-1870682843\" class=\"e-n-tab-title\" aria-selected=\"false\" data-tab-index=\"3\" role=\"tab\" tabindex=\"-1\" aria-controls=\"e-n-tab-content-1870682843\" style=\"--n-tabs-title-order: 3;\">\n\t\t\t\t\t\t<span class=\"e-n-tab-title-text\">\n\t\t\t\tKarte des Komplexes\t\t\t<\/span>\n\t\t<\/button>\n\t\t\t\t\t<\/div>\n\t\t\t<div class=\"e-n-tabs-content\">\n\t\t\t\t<div id=\"e-n-tab-content-1870682841\" role=\"tabpanel\" aria-labelledby=\"e-n-tab-title-1870682841\" data-tab-index=\"1\" style=\"--n-tabs-title-order: 1;\" class=\"e-active elementor-element elementor-element-c66e8dc e-flex e-con-boxed e-con e-child\" data-id=\"c66e8dc\" data-element_type=\"container\">\n\t\t\t\t\t<div class=\"e-con-inner\">\n\t\t<div class=\"elementor-element elementor-element-cbe1937 e-flex e-con-boxed e-con e-child\" data-id=\"cbe1937\" data-element_type=\"container\">\n\t\t\t\t\t<div class=\"e-con-inner\">\n\t\t<div class=\"elementor-element elementor-element-a078895 e-con-full e-flex e-con e-child\" data-id=\"a078895\" data-element_type=\"container\">\n\t\t\t\t<div class=\"elementor-element elementor-element-231c4c9 elementor-widget elementor-widget-image\" data-id=\"231c4c9\" data-element_type=\"widget\" data-widget_type=\"image.default\">\n\t\t\t\t<div class=\"elementor-widget-container\">\n\t\t\t\t\t\t\t\t\t\t\t\t\t\t\t<img loading=\"lazy\" decoding=\"async\" width=\"800\" height=\"536\" src=\"https:\/\/belvederepalace.wientickets.org\/wp-content\/uploads\/2025\/12\/belvedere-palace-garden-1024x686.webp\" class=\"attachment-large size-large wp-image-920\" alt=\"Schlossgarten Belvedere\" srcset=\"https:\/\/belvederepalace.wientickets.org\/wp-content\/uploads\/2025\/12\/belvedere-palace-garden-1024x686.webp 1024w, https:\/\/belvederepalace.wientickets.org\/wp-content\/uploads\/2025\/12\/belvedere-palace-garden-300x201.webp 300w, https:\/\/belvederepalace.wientickets.org\/wp-content\/uploads\/2025\/12\/belvedere-palace-garden-768x514.webp 768w, https:\/\/belvederepalace.wientickets.org\/wp-content\/uploads\/2025\/12\/belvedere-palace-garden.webp 1280w\" sizes=\"(max-width: 800px) 100vw, 800px\" \/>\t\t\t\t\t\t\t\t\t\t\t\t\t\t\t<\/div>\n\t\t\t\t<\/div>\n\t\t\t\t<\/div>\n\t\t<div class=\"elementor-element elementor-element-5c8d23b e-con-full e-flex e-con e-child\" data-id=\"5c8d23b\" data-element_type=\"container\">\n\t\t\t\t<div class=\"elementor-element elementor-element-59940c4 elementor-widget elementor-widget-heading\" data-id=\"59940c4\" data-element_type=\"widget\" data-widget_type=\"heading.default\">\n\t\t\t\t<div class=\"elementor-widget-container\">\n\t\t\t\t\t<h3 class=\"elementor-heading-title elementor-size-default\">\u00d6ffnungszeiten der G\u00e4rten<\/h3>\t\t\t\t<\/div>\n\t\t\t\t<\/div>\n\t\t\t\t<div class=\"elementor-element elementor-element-e9714dd elementor-widget elementor-widget-text-editor\" data-id=\"e9714dd\" data-element_type=\"widget\" data-widget_type=\"text-editor.default\">\n\t\t\t\t<div class=\"elementor-widget-container\">\n\t\t\t\t\t\t\t\t\t<p>Die \u00d6ffnungszeiten der G\u00e4rten variieren je nach Bereich und Jahreszeit. Dies sind die offiziellen \u00d6ffnungszeiten f\u00fcr jeden der G\u00e4rten: <\/p><ul><li><strong>Schlossg\u00e4rten:<\/strong> Ihre \u00d6ffnungszeiten richten sich nach dem Tageslicht, wobei sie in der Regel um 06:30 oder 07:00 Uhr \u00f6ffnen und zwischen 18:00 Uhr (Winter) und 21:00 Uhr (Sommer) schlie\u00dfen.<\/li><li><strong>Geheimer Garten:<\/strong> T\u00e4glich von 10:00 bis 18:00 Uhr ge\u00f6ffnet.<\/li><li><strong>Skulpturengarten:<\/strong> Der Zugang zu den Au\u00dfenskulpturen richtet sich nach dem Zeitplan des Museums Belvedere 21, das von Dienstag bis Sonntag von 11:00 bis 18:00 Uhr (donnerstags bis 21:00 Uhr) ge\u00f6ffnet ist und montags geschlossen bleibt. <span style=\"text-decoration: underline;\">Er ist derzeit bis zum 15. April 2026 geschlossen<\/span>.<\/li><li><strong>Botanischer Garten:<\/strong> T\u00e4glich ab 10:00 Uhr ge\u00f6ffnet. Die Schlie\u00dfung variiert je nach Monat: um 16:00 Uhr (November-Januar), 17:00 Uhr (Februar, M\u00e4rz und Oktober), 18:00 Uhr (April bis September). <\/li><li><strong>Alpengarten:<\/strong> Dieser Garten ist saisonal und nur w\u00e4hrend der Bl\u00fctezeit von Ende M\u00e4rz bis Anfang August t\u00e4glich von 10:00 bis 18:00 Uhr ge\u00f6ffnet.<\/li><\/ul>\t\t\t\t\t\t\t\t<\/div>\n\t\t\t\t<\/div>\n\t\t\t\t<\/div>\n\t\t\t\t\t<\/div>\n\t\t\t\t<\/div>\n\t\t\t\t\t<\/div>\n\t\t\t\t<\/div>\n\t\t<div id=\"e-n-tab-content-1870682842\" role=\"tabpanel\" aria-labelledby=\"e-n-tab-title-1870682842\" data-tab-index=\"2\" style=\"--n-tabs-title-order: 2;\" class=\" elementor-element elementor-element-05af9bd e-flex e-con-boxed e-con e-child\" data-id=\"05af9bd\" data-element_type=\"container\">\n\t\t\t\t\t<div class=\"e-con-inner\">\n\t\t<div class=\"elementor-element elementor-element-ac36fd5 e-con-full e-flex e-con e-child\" data-id=\"ac36fd5\" data-element_type=\"container\">\n\t\t<div class=\"elementor-element elementor-element-9fcf706 e-con-full e-flex e-con e-child\" data-id=\"9fcf706\" data-element_type=\"container\">\n\t\t\t\t<div class=\"elementor-element elementor-element-8bda4ce elementor-widget elementor-widget-image\" data-id=\"8bda4ce\" data-element_type=\"widget\" data-widget_type=\"image.default\">\n\t\t\t\t<div class=\"elementor-widget-container\">\n\t\t\t\t\t\t\t\t\t\t\t\t\t\t\t<img loading=\"lazy\" decoding=\"async\" width=\"800\" height=\"564\" src=\"https:\/\/belvederepalace.wientickets.org\/wp-content\/uploads\/2026\/01\/tram-stop-schloss-belvedere-1024x722.webp\" class=\"attachment-large size-large wp-image-1602\" alt=\"Stra\u00dfenbahnhaltestelle Schloss Belvedere\" srcset=\"https:\/\/belvederepalace.wientickets.org\/wp-content\/uploads\/2026\/01\/tram-stop-schloss-belvedere-1024x722.webp 1024w, https:\/\/belvederepalace.wientickets.org\/wp-content\/uploads\/2026\/01\/tram-stop-schloss-belvedere-300x211.webp 300w, https:\/\/belvederepalace.wientickets.org\/wp-content\/uploads\/2026\/01\/tram-stop-schloss-belvedere-768x541.webp 768w, https:\/\/belvederepalace.wientickets.org\/wp-content\/uploads\/2026\/01\/tram-stop-schloss-belvedere.webp 1280w\" sizes=\"(max-width: 800px) 100vw, 800px\" \/>\t\t\t\t\t\t\t\t\t\t\t\t\t\t\t<\/div>\n\t\t\t\t<\/div>\n\t\t\t\t<\/div>\n\t\t<div class=\"elementor-element elementor-element-1d42fb9 e-con-full e-flex e-con e-child\" data-id=\"1d42fb9\" data-element_type=\"container\">\n\t\t\t\t<div class=\"elementor-element elementor-element-898aa3b elementor-widget elementor-widget-heading\" data-id=\"898aa3b\" data-element_type=\"widget\" data-widget_type=\"heading.default\">\n\t\t\t\t<div class=\"elementor-widget-container\">\n\t\t\t\t\t<h3 class=\"elementor-heading-title elementor-size-default\">Anreise<\/h3>\t\t\t\t<\/div>\n\t\t\t\t<\/div>\n\t\t\t\t<div class=\"elementor-element elementor-element-36fecb0 elementor-widget elementor-widget-text-editor\" data-id=\"36fecb0\" data-element_type=\"widget\" data-widget_type=\"text-editor.default\">\n\t\t\t\t<div class=\"elementor-widget-container\">\n\t\t\t\t\t\t\t\t\t<p>Der Zugang zu den Belvedere G\u00e4rten in Wien ist \u00fcber das st\u00e4dtische Verkehrsnetz einfach:<\/p><ul><li><strong>Stra\u00dfenbahn:<\/strong> Dies ist die n\u00e4chstgelegene Option. Um durch das Obere Belvedere (Oberer Eingang) einzutreten, nehmen Sie die Linie D und steigen Sie an der Haltestelle Schloss Belvedere aus. Sie k\u00f6nnen auch die Linien 18 oder O nehmen und an der Haltestelle Quartier Belvedere aussteigen. Um durch das Untere Belvedere (Unterer Eingang) einzutreten, wird empfohlen, die Linie 71 zu benutzen, insbesondere an der Haltestelle Unteres Belvedere.   <\/li><li><strong>U-Bahn:<\/strong> Linie U1 (Rot). Ihre Zielstation sollte Hauptbahnhof sein. Von dort aus m\u00fcssen Sie etwa 15 Minuten zum Oberen Belvedere laufen oder in die Stra\u00dfenbahnlinie D umsteigen.  <\/li><li><strong>Bus:<\/strong> Linie 13A. Die Haltestelle sollte Mommsengasse sein, und von dort aus m\u00fcssen Sie zum Eingang des Oberen Belvedere laufen. <\/li><\/ul><p><em>Foto: \u201eTram stop Schloss Belvedere, Vienna\u201c von <a style=\"color: #7e0009;\" href=\"https:\/\/commons.wikimedia.org\/wiki\/User:Herzi_Pinki\" target=\"_blank\" rel=\"noopener\">Herzi Pinki<\/a>.<\/em><\/p>\t\t\t\t\t\t\t\t<\/div>\n\t\t\t\t<\/div>\n\t\t\t\t<div class=\"elementor-element elementor-element-a6cd955 link-secundary elementor-widget elementor-widget-text-editor\" data-id=\"a6cd955\" data-element_type=\"widget\" data-widget_type=\"text-editor.default\">\n\t\t\t\t<div class=\"elementor-widget-container\">\n\t\t\t\t\t\t\t\t\t<p><a href=\"https:\/\/belvederepalace.wientickets.org\/de\/schloss-belvedere-standort\/\">Anreise zum Belvedere in Wien &gt;<\/a><\/p>\t\t\t\t\t\t\t\t<\/div>\n\t\t\t\t<\/div>\n\t\t\t\t<\/div>\n\t\t\t\t<\/div>\n\t\t\t\t\t<\/div>\n\t\t\t\t<\/div>\n\t\t<div id=\"e-n-tab-content-1870682843\" role=\"tabpanel\" aria-labelledby=\"e-n-tab-title-1870682843\" data-tab-index=\"3\" style=\"--n-tabs-title-order: 3;\" class=\" elementor-element elementor-element-17d34c6 e-flex e-con-boxed e-con e-child\" data-id=\"17d34c6\" data-element_type=\"container\">\n\t\t\t\t\t<div class=\"e-con-inner\">\n\t\t<div class=\"elementor-element elementor-element-51747dc e-con-full e-flex e-con e-child\" data-id=\"51747dc\" data-element_type=\"container\">\n\t\t<div class=\"elementor-element elementor-element-59f49c3 e-con-full e-flex e-con e-child\" data-id=\"59f49c3\" data-element_type=\"container\">\n\t\t\t\t<div class=\"elementor-element elementor-element-b6d25fd elementor-widget elementor-widget-image\" data-id=\"b6d25fd\" data-element_type=\"widget\" data-widget_type=\"image.default\">\n\t\t\t\t<div class=\"elementor-widget-container\">\n\t\t\t\t\t\t\t\t\t\t\t\t\t\t\t<img loading=\"lazy\" decoding=\"async\" width=\"800\" height=\"799\" src=\"https:\/\/belvederepalace.wientickets.org\/wp-content\/uploads\/2025\/11\/belvedere-map-entrances.jpg\" class=\"attachment-full size-full wp-image-654\" alt=\"Belvedere Karte mit Eing\u00e4ngen\" srcset=\"https:\/\/belvederepalace.wientickets.org\/wp-content\/uploads\/2025\/11\/belvedere-map-entrances.jpg 800w, https:\/\/belvederepalace.wientickets.org\/wp-content\/uploads\/2025\/11\/belvedere-map-entrances-300x300.jpg 300w, https:\/\/belvederepalace.wientickets.org\/wp-content\/uploads\/2025\/11\/belvedere-map-entrances-150x150.jpg 150w, https:\/\/belvederepalace.wientickets.org\/wp-content\/uploads\/2025\/11\/belvedere-map-entrances-768x767.jpg 768w\" sizes=\"(max-width: 800px) 100vw, 800px\" \/>\t\t\t\t\t\t\t\t\t\t\t\t\t\t\t<\/div>\n\t\t\t\t<\/div>\n\t\t\t\t<\/div>\n\t\t<div class=\"elementor-element elementor-element-ce893da e-con-full e-flex e-con e-child\" data-id=\"ce893da\" data-element_type=\"container\">\n\t\t\t\t<div class=\"elementor-element elementor-element-674bbbd elementor-widget elementor-widget-heading\" data-id=\"674bbbd\" data-element_type=\"widget\" data-widget_type=\"heading.default\">\n\t\t\t\t<div class=\"elementor-widget-container\">\n\t\t\t\t\t<h3 class=\"elementor-heading-title elementor-size-default\">Karte des Komplexes<\/h3>\t\t\t\t<\/div>\n\t\t\t\t<\/div>\n\t\t\t\t<div class=\"elementor-element elementor-element-ce19c21 elementor-widget elementor-widget-text-editor\" data-id=\"ce19c21\" data-element_type=\"widget\" data-widget_type=\"text-editor.default\">\n\t\t\t\t<div class=\"elementor-widget-container\">\n\t\t\t\t\t\t\t\t\t<p>Das Gartensystem des Belvedere befindet sich im Zentrum einer bedeutenden kulturellen Achse:<\/p><ul><li>Das Obere Belvedere befindet sich am s\u00fcdlichen Ende und das <a style=\"color: #7e0009;\" href=\"https:\/\/belvederepalace.wientickets.org\/de\/unteres-belvedere\/\">Untere Belvedere<\/a> definiert die n\u00f6rdliche Grenze.<\/li><li>Der Botanische Garten der Universit\u00e4t Wien grenzt den Komplex im Westen und bietet eine riesige Sammlung verschiedener Pflanzenarten.<\/li><li>Das Museum f\u00fcr zeitgen\u00f6ssische Kunst Belvedere 21 befindet sich im S\u00fcdosten und verf\u00fcgt \u00fcber einen eigenen Skulpturengarten auf seinem modernen Gel\u00e4nde.<\/li><\/ul><p>Ein Netzwerk aus symmetrischen Wegen verbindet diese verschiedenen Orte und schafft einen nahtlosen \u00dcbergang zwischen historischer Barockarchitektur und Design des 20. Jahrhunderts. Dieses strategische Layout erm\u00f6glicht eine umfassende Tour zu mehreren kulturellen Sehensw\u00fcrdigkeiten innerhalb eines einzigen, integrierten Umfangs. <\/p>\t\t\t\t\t\t\t\t<\/div>\n\t\t\t\t<\/div>\n\t\t\t\t<div class=\"elementor-element elementor-element-d9af680 link-secundary elementor-widget elementor-widget-text-editor\" data-id=\"d9af680\" data-element_type=\"widget\" data-widget_type=\"text-editor.default\">\n\t\t\t\t<div class=\"elementor-widget-container\">\n\t\t\t\t\t\t\t\t\t<p><a href=\"https:\/\/belvederepalace.wientickets.org\/de\/schloss-belvedere-karte\/\">Karte des Belvedere &gt;<\/a><\/p>\t\t\t\t\t\t\t\t<\/div>\n\t\t\t\t<\/div>\n\t\t\t\t<\/div>\n\t\t\t\t<\/div>\n\t\t\t\t\t<\/div>\n\t\t\t\t<\/div>\n\t\t\t\t\t<\/div>\n\t\t<\/div>\n\t\t\t\t\t\t<\/div>\n\t\t\t\t<\/div>\n\t\t\t\t\t<\/div>\n\t\t\t\t<\/div>\n\t\t\t\t<section class=\"elementor-section elementor-top-section elementor-element elementor-element-817d633 elementor-section-boxed elementor-section-height-default elementor-section-height-default\" data-id=\"817d633\" data-element_type=\"section\">\n\t\t\t\t\t\t<div class=\"elementor-container elementor-column-gap-default\">\n\t\t\t\t\t<div class=\"elementor-column elementor-col-100 elementor-top-column elementor-element elementor-element-513e49f\" data-id=\"513e49f\" data-element_type=\"column\">\n\t\t\t<div class=\"elementor-widget-wrap elementor-element-populated\">\n\t\t\t\t\t\t<div class=\"elementor-element elementor-element-c3993a2 elementor-widget elementor-widget-heading\" data-id=\"c3993a2\" data-element_type=\"widget\" id=\"near\" data-widget_type=\"heading.default\">\n\t\t\t\t<div class=\"elementor-widget-container\">\n\t\t\t\t\t<h2 class=\"elementor-heading-title elementor-size-default\">Was befindet sich sonst noch in der N\u00e4he der G\u00e4rten?<\/h2>\t\t\t\t<\/div>\n\t\t\t\t<\/div>\n\t\t\t\t<div class=\"elementor-element elementor-element-3ace295 elementor-widget elementor-widget-text-editor\" data-id=\"3ace295\" data-element_type=\"widget\" data-widget_type=\"text-editor.default\">\n\t\t\t\t<div class=\"elementor-widget-container\">\n\t\t\t\t\t\t\t\t\t<p>Der Schlossgarten Belvedere bildet die r\u00e4umliche Verbindung zwischen <strong>den beiden gro\u00dfen Geb\u00e4uden des Komplexes: dem Oberen und dem <b><a href=\"https:\/\/belvederepalace.wientickets.org\/de\/unteres-belvedere\/\" rel=\"noopener\">Unteren Belvedere<\/a><\/b>.<\/strong> W\u00e4hrend der Zugang zu den meisten Gr\u00fcnfl\u00e4chen kostenlos ist, ist f\u00fcr die Innenr\u00e4ume der beiden Schl\u00f6sser sowie f\u00fcr den Alpengarten ein Ticket erforderlich. Diese Geb\u00e4ude dienen heute als Museen, die Sammlungen vom Mittelalter bis zur zeitgen\u00f6ssischen Kunst beherbergen.<\/p><p>Die N\u00e4he zwischen diesen Punkten und den verschiedenen G\u00e4rten erm\u00f6glicht es dem Besucher, einen Spaziergang durch die Natur mit der Beobachtung von Meisterwerken europ\u00e4ischer Kunst abzuwechseln. Es ist wichtig hervorzuheben, dass <b>die Pal\u00e4ste kostenpflichtige Museen sind<\/b>, daher wird empfohlen, den Besuch zu planen, wenn Sie die Innengalerien dieser beiden gro\u00dfen Geb\u00e4ude betreten m\u00f6chten: <\/p>\t\t\t\t\t\t\t\t<\/div>\n\t\t\t\t<\/div>\n\t\t\t\t\t<\/div>\n\t\t<\/div>\n\t\t\t\t\t<\/div>\n\t\t<\/section>\n\t\t\t\t<section class=\"elementor-section elementor-top-section elementor-element elementor-element-001d78d elementor-section-boxed elementor-section-height-default elementor-section-height-default\" data-id=\"001d78d\" data-element_type=\"section\">\n\t\t\t\t\t\t<div class=\"elementor-container elementor-column-gap-default\">\n\t\t\t\t\t<div class=\"elementor-column elementor-col-50 elementor-top-column elementor-element elementor-element-880309b\" data-id=\"880309b\" data-element_type=\"column\">\n\t\t\t<div class=\"elementor-widget-wrap elementor-element-populated\">\n\t\t\t\t\t\t<div class=\"elementor-element elementor-element-6caafbc elementor-widget elementor-widget-image\" data-id=\"6caafbc\" data-element_type=\"widget\" data-widget_type=\"image.default\">\n\t\t\t\t<div class=\"elementor-widget-container\">\n\t\t\t\t\t\t\t\t\t\t\t\t\t\t\t<img loading=\"lazy\" decoding=\"async\" width=\"600\" height=\"400\" src=\"https:\/\/belvederepalace.wientickets.org\/wp-content\/uploads\/2025\/10\/belvedere-palace-vienna-austria-1.webp\" class=\"attachment-medium_large size-medium_large wp-image-466\" alt=\"Oberes Schloss Belvedere\" srcset=\"https:\/\/belvederepalace.wientickets.org\/wp-content\/uploads\/2025\/10\/belvedere-palace-vienna-austria-1.webp 600w, https:\/\/belvederepalace.wientickets.org\/wp-content\/uploads\/2025\/10\/belvedere-palace-vienna-austria-1-300x200.webp 300w\" sizes=\"(max-width: 600px) 100vw, 600px\" \/>\t\t\t\t\t\t\t\t\t\t\t\t\t\t\t<\/div>\n\t\t\t\t<\/div>\n\t\t\t\t<div class=\"elementor-element elementor-element-7f48423 elementor-widget elementor-widget-spacer\" data-id=\"7f48423\" data-element_type=\"widget\" data-widget_type=\"spacer.default\">\n\t\t\t\t<div class=\"elementor-widget-container\">\n\t\t\t\t\t\t\t<div class=\"elementor-spacer\">\n\t\t\t<div class=\"elementor-spacer-inner\"><\/div>\n\t\t<\/div>\n\t\t\t\t\t\t<\/div>\n\t\t\t\t<\/div>\n\t\t\t\t<div class=\"elementor-element elementor-element-c8a8305 elementor-widget elementor-widget-heading\" data-id=\"c8a8305\" data-element_type=\"widget\" data-widget_type=\"heading.default\">\n\t\t\t\t<div class=\"elementor-widget-container\">\n\t\t\t\t\t<h3 class=\"elementor-heading-title elementor-size-default\">Oberes Belvedere<\/h3>\t\t\t\t<\/div>\n\t\t\t\t<\/div>\n\t\t\t\t<div class=\"elementor-element elementor-element-43f949c elementor-widget elementor-widget-text-editor\" data-id=\"43f949c\" data-element_type=\"widget\" data-widget_type=\"text-editor.default\">\n\t\t\t\t<div class=\"elementor-widget-container\">\n\t\t\t\t\t\t\t\t\t<p>Das Obere Belvedere befindet sich am s\u00fcdlichen Ende des Komplexes. Dieses Geb\u00e4ude beherbergt die wichtigste st\u00e4ndige Sammlung des Museums, die \u00f6sterreichische Kunst vom 19. Jahrhundert bis zur Gegenwart hervorhebt. Im Inneren werden ikonische Werke der Wiener Moderne ausgestellt. Die R\u00e4ume bewahren ihre urspr\u00fcngliche Barockdekoration, darunter der Marmorsaal, ein Raum von gro\u00dfer historischer Bedeutung f\u00fcr die \u00f6sterreichische Nation.   <\/p>\t\t\t\t\t\t\t\t<\/div>\n\t\t\t\t<\/div>\n\t\t\t\t\t<\/div>\n\t\t<\/div>\n\t\t\t\t<div class=\"elementor-column elementor-col-50 elementor-top-column elementor-element elementor-element-f6047ef\" data-id=\"f6047ef\" data-element_type=\"column\">\n\t\t\t<div class=\"elementor-widget-wrap elementor-element-populated\">\n\t\t\t\t\t\t<div class=\"elementor-element elementor-element-30584d0 elementor-widget elementor-widget-image\" data-id=\"30584d0\" data-element_type=\"widget\" data-widget_type=\"image.default\">\n\t\t\t\t<div class=\"elementor-widget-container\">\n\t\t\t\t\t\t\t\t\t\t\t\t\t\t\t<img loading=\"lazy\" decoding=\"async\" width=\"768\" height=\"394\" src=\"https:\/\/belvederepalace.wientickets.org\/wp-content\/uploads\/2025\/11\/lower-belvedere-768x394.webp\" class=\"attachment-medium_large size-medium_large wp-image-625\" alt=\"Unteres Belvedere\" srcset=\"https:\/\/belvederepalace.wientickets.org\/wp-content\/uploads\/2025\/11\/lower-belvedere-768x394.webp 768w, https:\/\/belvederepalace.wientickets.org\/wp-content\/uploads\/2025\/11\/lower-belvedere-300x154.webp 300w, https:\/\/belvederepalace.wientickets.org\/wp-content\/uploads\/2025\/11\/lower-belvedere-1024x525.webp 1024w, https:\/\/belvederepalace.wientickets.org\/wp-content\/uploads\/2025\/11\/lower-belvedere.webp 1300w\" sizes=\"(max-width: 768px) 100vw, 768px\" \/>\t\t\t\t\t\t\t\t\t\t\t\t\t\t\t<\/div>\n\t\t\t\t<\/div>\n\t\t\t\t<div class=\"elementor-element elementor-element-2bd9acc elementor-widget elementor-widget-spacer\" data-id=\"2bd9acc\" data-element_type=\"widget\" data-widget_type=\"spacer.default\">\n\t\t\t\t<div class=\"elementor-widget-container\">\n\t\t\t\t\t\t\t<div class=\"elementor-spacer\">\n\t\t\t<div class=\"elementor-spacer-inner\"><\/div>\n\t\t<\/div>\n\t\t\t\t\t\t<\/div>\n\t\t\t\t<\/div>\n\t\t\t\t<div class=\"elementor-element elementor-element-10df0fa elementor-widget elementor-widget-heading\" data-id=\"10df0fa\" data-element_type=\"widget\" data-widget_type=\"heading.default\">\n\t\t\t\t<div class=\"elementor-widget-container\">\n\t\t\t\t\t<h3 class=\"elementor-heading-title elementor-size-default\">Unteres Belvedere<\/h3>\t\t\t\t<\/div>\n\t\t\t\t<\/div>\n\t\t\t\t<div class=\"elementor-element elementor-element-510bf4e elementor-widget elementor-widget-text-editor\" data-id=\"510bf4e\" data-element_type=\"widget\" data-widget_type=\"text-editor.default\">\n\t\t\t\t<div class=\"elementor-widget-container\">\n\t\t\t\t\t\t\t\t\tDas <a href=\"https:\/\/belvederepalace.wientickets.org\/de\/unteres-belvedere\/\" style=\"color:#7E0009;\">Untere Belvedere<\/a> liegt am Fu\u00df des Nordhangs der Anlage. Dieses Schloss widmet sich vor allem hochkar\u00e4tigen Sonderausstellungen, die verschiedene Epochen der internationalen Kunst beleuchten. Besucher k\u00f6nnen historische Privatgem\u00e4cher besichtigen, wie etwa die Marmorgalerie und den Spiegelsaal. Das Geb\u00e4ude ist zudem mit der Orangerie und dem Kammergarten verbunden und bietet einen intimeren Einblick in das h\u00f6fische Leben.\n\t\t\t\t\t\t\t\t<\/div>\n\t\t\t\t<\/div>\n\t\t\t\t\t<\/div>\n\t\t<\/div>\n\t\t\t\t\t<\/div>\n\t\t<\/section>\n\t\t<div class=\"elementor-element elementor-element-a3e3e37 e-flex e-con-boxed e-con e-parent\" data-id=\"a3e3e37\" data-element_type=\"container\">\n\t\t\t\t\t<div class=\"e-con-inner\">\n\t\t\t\t<div class=\"elementor-element elementor-element-dba3783 elementor-widget elementor-widget-heading\" data-id=\"dba3783\" data-element_type=\"widget\" id=\"history\" data-widget_type=\"heading.default\">\n\t\t\t\t<div class=\"elementor-widget-container\">\n\t\t\t\t\t<h2 class=\"elementor-heading-title elementor-size-default\">Historischer Kontext: Was sollten Sie vor Ihrem Besuch wissen?<\/h2>\t\t\t\t<\/div>\n\t\t\t\t<\/div>\n\t\t\t\t\t<\/div>\n\t\t\t\t<\/div>\n\t\t<div class=\"elementor-element elementor-element-c0652b5 e-flex e-con-boxed e-con e-parent\" data-id=\"c0652b5\" data-element_type=\"container\">\n\t\t\t\t\t<div class=\"e-con-inner\">\n\t\t<div class=\"elementor-element elementor-element-04fc408 e-con-full e-flex e-con e-child\" data-id=\"04fc408\" data-element_type=\"container\">\n\t\t\t\t<div class=\"elementor-element elementor-element-eb70d92 elementor-widget elementor-widget-text-editor\" data-id=\"eb70d92\" data-element_type=\"widget\" data-widget_type=\"text-editor.default\">\n\t\t\t\t<div class=\"elementor-widget-container\">\n\t\t\t\t\t\t\t\t\t<p>Der Bau des Palastes und der Belvedere G\u00e4rten begann zu Beginn des 18. Jahrhunderts im Auftrag von <strong>Prinz Eugen von Savoyen<\/strong>, der, wie wir bereits detailliert beschrieben haben, ein erfolgreicher Milit\u00e4rf\u00fchrer des Heiligen R\u00f6mischen Reiches Deutscher Nation war. Nach seinen milit\u00e4rischen Siegen beschloss der Prinz, eine Sommerresidenz zu schaffen, die seinen Status widerspiegelte. <\/p><p><strong>Der Architekt Johann Lukas von Hildebrandt entwarf die Geb\u00e4ude<\/strong>, w\u00e4hrend <strong>Dominique Girard<\/strong>, ein Sch\u00fcler von Andr\u00e9 Le N\u00f4tre, <strong>f\u00fcr die Landschaftsgestaltung verantwortlich war<\/strong>. Die Ausf\u00fchrung dieser G\u00e4rten war eine massive Ingenieurleistung, die einen H\u00fcgel am Rande der Stadt in einen weltbekannten Palastkomplex verwandelte. <\/p><p>Das <strong>Untere Belvedere<\/strong> wurde <strong>1716<\/strong> fertiggestellt und diente als Hauptwohnsitz. Anschlie\u00dfend wurde <strong>1724<\/strong> das <strong>Obere Belvedere<\/strong> fertiggestellt, das als Kunstgalerie und Empfangsraum konzipiert wurde. Der Name \u201eBelvedere\u201c, was \u201esch\u00f6ne Aussicht\u201c bedeutet, wurde nach dem Tod des Prinzen im Jahr 1736 gefestigt.  <\/p><p><b>Kaiserin Maria Theresia<\/b> erwarb das Anwesen im Jahr 1752, und unter der Herrschaft der Habsburger wurde das Obere Belvedere 1781 in eines der ersten \u00f6ffentlichen Museen der Welt umgewandelt. Die Absicht war, den Zugang zu den k\u00f6niglichen Sammlungen zu demokratisieren, ein revolution\u00e4res Konzept f\u00fcr die damalige Zeit. <\/p><p>Die untere Ebene der G\u00e4rten repr\u00e4sentiert die Dom\u00e4ne der vier Elemente; die mittlere Ebene symbolisiert den Parnass und die obere Ebene ist dem Olymp gewidmet. Diese hierarchische Struktur sollte die Figur des Prinzen Eugen als Mann der Kultur und Ordnung erheben. Die Springbrunnen, Kaskaden und Statuen sind Teil einer <strong>Erz\u00e4hlung, die den Triumph der Zivilisation \u00fcber das Chaos feiert<\/strong>, ein wiederkehrendes Thema in der Barockkunst.  <\/p>\t\t\t\t\t\t\t\t<\/div>\n\t\t\t\t<\/div>\n\t\t\t\t<\/div>\n\t\t<div class=\"elementor-element elementor-element-2f1cafd e-con-full e-flex e-con e-child\" data-id=\"2f1cafd\" data-element_type=\"container\">\n\t\t\t\t<div class=\"elementor-element elementor-element-86d5970 elementor-widget elementor-widget-image\" data-id=\"86d5970\" data-element_type=\"widget\" data-widget_type=\"image.default\">\n\t\t\t\t<div class=\"elementor-widget-container\">\n\t\t\t\t\t\t\t\t\t\t\t\t\t\t\t<img loading=\"lazy\" decoding=\"async\" width=\"768\" height=\"940\" src=\"https:\/\/belvederepalace.wientickets.org\/wp-content\/uploads\/2025\/12\/eugene-of-savoy-768x940.jpeg\" class=\"attachment-medium_large size-medium_large wp-image-1247\" alt=\"Prinz Eugen von Savoyen\" srcset=\"https:\/\/belvederepalace.wientickets.org\/wp-content\/uploads\/2025\/12\/eugene-of-savoy-768x940.jpeg 768w, https:\/\/belvederepalace.wientickets.org\/wp-content\/uploads\/2025\/12\/eugene-of-savoy-245x300.jpeg 245w, https:\/\/belvederepalace.wientickets.org\/wp-content\/uploads\/2025\/12\/eugene-of-savoy.jpeg 837w\" sizes=\"(max-width: 768px) 100vw, 768px\" \/>\t\t\t\t\t\t\t\t\t\t\t\t\t\t\t<\/div>\n\t\t\t\t<\/div>\n\t\t\t\t<\/div>\n\t\t\t\t\t<\/div>\n\t\t\t\t<\/div>\n\t\t<div class=\"elementor-element elementor-element-c4f7a88 e-flex e-con-boxed e-con e-parent\" data-id=\"c4f7a88\" data-element_type=\"container\">\n\t\t\t\t\t<div class=\"e-con-inner\">\n\t\t\t\t<div class=\"elementor-element elementor-element-7b9259e elementor-widget elementor-widget-text-editor\" data-id=\"7b9259e\" data-element_type=\"widget\" data-widget_type=\"text-editor.default\">\n\t\t\t\t<div class=\"elementor-widget-container\">\n\t\t\t\t\t\t\t\t\t<p>Im Laufe des 19. und 20. Jahrhunderts war der Komplex Schauplatz entscheidender historischer Ereignisse. Er war die Residenz von Erzherzog Franz Ferdinand vor seiner Ermordung im Jahr 1914. Nach dem Fall der Monarchie im Jahr 1918 \u00fcbernahm der Staat das Eigentum an dem Gel\u00e4nde. Im Jahr 1955 kehrte die Unterzeichnung des \u00f6sterreichischen Staatsvertrags im Oberen Belvedere \u00d6sterreich nach dem Zweiten Weltkrieg die Unabh\u00e4ngigkeit zur\u00fcck. Das Verst\u00e4ndnis dieser Meilensteine erm\u00f6glicht es dem Besucher zu erkennen, dass <b>die G\u00e4rten des Belvedere ein lebendiges Denkmal der europ\u00e4ischen Geschichte sind<\/b> und kein einfacher Zierpark.    <\/p>\t\t\t\t\t\t\t\t<\/div>\n\t\t\t\t<\/div>\n\t\t\t\t\t<\/div>\n\t\t\t\t<\/div>\n\t\t\t\t<section class=\"elementor-section elementor-top-section elementor-element elementor-element-1588da0 elementor-section-boxed elementor-section-height-default elementor-section-height-default\" data-id=\"1588da0\" data-element_type=\"section\">\n\t\t\t\t\t\t<div class=\"elementor-container elementor-column-gap-default\">\n\t\t\t\t\t<div class=\"elementor-column elementor-col-100 elementor-top-column elementor-element elementor-element-1608ef4\" data-id=\"1608ef4\" data-element_type=\"column\">\n\t\t\t<div class=\"elementor-widget-wrap elementor-element-populated\">\n\t\t\t\t\t\t<div class=\"elementor-element elementor-element-79a070f elementor-widget elementor-widget-heading\" data-id=\"79a070f\" data-element_type=\"widget\" id=\"faqs\" data-widget_type=\"heading.default\">\n\t\t\t\t<div class=\"elementor-widget-container\">\n\t\t\t\t\t<h2 class=\"elementor-heading-title elementor-size-default\">FAQs zu den Belvedere G\u00e4rten<\/h2>\t\t\t\t<\/div>\n\t\t\t\t<\/div>\n\t\t\t\t\t<\/div>\n\t\t<\/div>\n\t\t\t\t\t<\/div>\n\t\t<\/section>\n\t\t<div class=\"elementor-element elementor-element-7e5861f e-flex e-con-boxed e-con e-parent\" data-id=\"7e5861f\" data-element_type=\"container\">\n\t\t\t\t\t<div class=\"e-con-inner\">\n\t\t\t\t<div class=\"elementor-element elementor-element-e9a1dad elementor-widget elementor-widget-toggle\" data-id=\"e9a1dad\" data-element_type=\"widget\" data-widget_type=\"toggle.default\">\n\t\t\t\t<div class=\"elementor-widget-container\">\n\t\t\t\t\t\t\t<div class=\"elementor-toggle\">\n\t\t\t\t\t\t\t<div class=\"elementor-toggle-item\">\n\t\t\t\t\t<h3 id=\"elementor-tab-title-2441\" class=\"elementor-tab-title\" data-tab=\"1\" role=\"button\" aria-controls=\"elementor-tab-content-2441\" aria-expanded=\"false\">\n\t\t\t\t\t\t\t\t\t\t\t\t<span class=\"elementor-toggle-icon elementor-toggle-icon-left\" aria-hidden=\"true\">\n\t\t\t\t\t\t\t\t\t\t\t\t\t\t\t<span class=\"elementor-toggle-icon-closed\"><svg class=\"e-font-icon-svg e-fas-caret-right\" viewBox=\"0 0 192 512\" xmlns=\"http:\/\/www.w3.org\/2000\/svg\"><path d=\"M0 384.662V127.338c0-17.818 21.543-26.741 34.142-14.142l128.662 128.662c7.81 7.81 7.81 20.474 0 28.284L34.142 398.804C21.543 411.404 0 402.48 0 384.662z\"><\/path><\/svg><\/span>\n\t\t\t\t\t\t\t\t<span class=\"elementor-toggle-icon-opened\"><svg class=\"elementor-toggle-icon-opened e-font-icon-svg e-fas-caret-up\" viewBox=\"0 0 320 512\" xmlns=\"http:\/\/www.w3.org\/2000\/svg\"><path d=\"M288.662 352H31.338c-17.818 0-26.741-21.543-14.142-34.142l128.662-128.662c7.81-7.81 20.474-7.81 28.284 0l128.662 128.662c12.6 12.599 3.676 34.142-14.142 34.142z\"><\/path><\/svg><\/span>\n\t\t\t\t\t\t\t\t\t\t\t\t\t<\/span>\n\t\t\t\t\t\t\t\t\t\t\t\t<a class=\"elementor-toggle-title\" tabindex=\"0\">Ist der Besuch des Oberen oder Unteren Belvedere kostenlos?<\/a>\n\t\t\t\t\t<\/h3>\n\n\t\t\t\t\t<div id=\"elementor-tab-content-2441\" class=\"elementor-tab-content elementor-clearfix\" data-tab=\"1\" role=\"region\" aria-labelledby=\"elementor-tab-title-2441\"><p><strong>Der Besuch des Inneren der Pal\u00e4ste ist nicht kostenlos<\/strong>. Obwohl die G\u00e4rten des Belvedere f\u00fcr die breite \u00d6ffentlichkeit kostenlos sind, erfordern die Kunstgalerien im Oberen und Unteren Belvedere den <a style=\"color: #7e0009;\" href=\"https:\/\/belvederepalace.wientickets.org\/de\/\">Kauf von bestimmten Eintrittskarten<\/a>.<\/p><\/div>\n\t\t\t\t<\/div>\n\t\t\t\t\t\t\t<div class=\"elementor-toggle-item\">\n\t\t\t\t\t<h3 id=\"elementor-tab-title-2442\" class=\"elementor-tab-title\" data-tab=\"2\" role=\"button\" aria-controls=\"elementor-tab-content-2442\" aria-expanded=\"false\">\n\t\t\t\t\t\t\t\t\t\t\t\t<span class=\"elementor-toggle-icon elementor-toggle-icon-left\" aria-hidden=\"true\">\n\t\t\t\t\t\t\t\t\t\t\t\t\t\t\t<span class=\"elementor-toggle-icon-closed\"><svg class=\"e-font-icon-svg e-fas-caret-right\" viewBox=\"0 0 192 512\" xmlns=\"http:\/\/www.w3.org\/2000\/svg\"><path d=\"M0 384.662V127.338c0-17.818 21.543-26.741 34.142-14.142l128.662 128.662c7.81 7.81 7.81 20.474 0 28.284L34.142 398.804C21.543 411.404 0 402.48 0 384.662z\"><\/path><\/svg><\/span>\n\t\t\t\t\t\t\t\t<span class=\"elementor-toggle-icon-opened\"><svg class=\"elementor-toggle-icon-opened e-font-icon-svg e-fas-caret-up\" viewBox=\"0 0 320 512\" xmlns=\"http:\/\/www.w3.org\/2000\/svg\"><path d=\"M288.662 352H31.338c-17.818 0-26.741-21.543-14.142-34.142l128.662-128.662c7.81-7.81 20.474-7.81 28.284 0l128.662 128.662c12.6 12.599 3.676 34.142-14.142 34.142z\"><\/path><\/svg><\/span>\n\t\t\t\t\t\t\t\t\t\t\t\t\t<\/span>\n\t\t\t\t\t\t\t\t\t\t\t\t<a class=\"elementor-toggle-title\" tabindex=\"0\">Wo befindet sich Klimts \u201eDer Kuss\u201c, im Oberen oder Unteren Belvedere?<\/a>\n\t\t\t\t\t<\/h3>\n\n\t\t\t\t\t<div id=\"elementor-tab-content-2442\" class=\"elementor-tab-content elementor-clearfix\" data-tab=\"2\" role=\"region\" aria-labelledby=\"elementor-tab-title-2442\"><p>Das ber\u00fchmte Werk \u201eDer Kuss\u201c von Gustav Klimt befindet sich im <strong>Oberen Belvedere<\/strong>. Dieses Gem\u00e4lde ist das Herzst\u00fcck der st\u00e4ndigen Sammlung des Museums und wird in dem Abschnitt ausgestellt, der der Wiener Moderne gewidmet ist. Besucher, die dieses Meisterwerk sehen m\u00f6chten, sollten sich zu dem Palast begeben, der sich im h\u00f6chsten Teil der G\u00e4rten befindet.<\/p><\/div>\n\t\t\t\t<\/div>\n\t\t\t\t\t\t\t<div class=\"elementor-toggle-item\">\n\t\t\t\t\t<h3 id=\"elementor-tab-title-2443\" class=\"elementor-tab-title\" data-tab=\"3\" role=\"button\" aria-controls=\"elementor-tab-content-2443\" aria-expanded=\"false\">\n\t\t\t\t\t\t\t\t\t\t\t\t<span class=\"elementor-toggle-icon elementor-toggle-icon-left\" aria-hidden=\"true\">\n\t\t\t\t\t\t\t\t\t\t\t\t\t\t\t<span class=\"elementor-toggle-icon-closed\"><svg class=\"e-font-icon-svg e-fas-caret-right\" viewBox=\"0 0 192 512\" xmlns=\"http:\/\/www.w3.org\/2000\/svg\"><path d=\"M0 384.662V127.338c0-17.818 21.543-26.741 34.142-14.142l128.662 128.662c7.81 7.81 7.81 20.474 0 28.284L34.142 398.804C21.543 411.404 0 402.48 0 384.662z\"><\/path><\/svg><\/span>\n\t\t\t\t\t\t\t\t<span class=\"elementor-toggle-icon-opened\"><svg class=\"elementor-toggle-icon-opened e-font-icon-svg e-fas-caret-up\" viewBox=\"0 0 320 512\" xmlns=\"http:\/\/www.w3.org\/2000\/svg\"><path d=\"M288.662 352H31.338c-17.818 0-26.741-21.543-14.142-34.142l128.662-128.662c7.81-7.81 20.474-7.81 28.284 0l128.662 128.662c12.6 12.599 3.676 34.142-14.142 34.142z\"><\/path><\/svg><\/span>\n\t\t\t\t\t\t\t\t\t\t\t\t\t<\/span>\n\t\t\t\t\t\t\t\t\t\t\t\t<a class=\"elementor-toggle-title\" tabindex=\"0\">Lohnt es sich, die Belvedere Pal\u00e4ste von innen zu besichtigen?<\/a>\n\t\t\t\t\t<\/h3>\n\n\t\t\t\t\t<div id=\"elementor-tab-content-2443\" class=\"elementor-tab-content elementor-clearfix\" data-tab=\"3\" role=\"region\" aria-labelledby=\"elementor-tab-title-2443\"><p>Ja, <a style=\"color: #7e0009;\" href=\"https:\/\/belvederepalace.wientickets.org\/de\/schloss-belvedere-innen\/\">f\u00fcr Kunst- und Geschichtsbegeisterte lohnt sich der Besuch<\/a> der Innenr\u00e4ume. Das Obere Belvedere beherbergt die weltweit gr\u00f6\u00dfte Klimt-Sammlung und bietet beeindruckende Barockinterieurs. Das <a style=\"color: #7e0009;\" href=\"https:\/\/belvederepalace.wientickets.org\/de\/unteres-belvedere\/\">Untere Belvedere<\/a> hingegen zeichnet sich durch seine Sonderausstellungen und die luxuri\u00f6sen Privatgem\u00e4cher aus. Die Kombination aus k\u00fcnstlerischem Reichtum und erhaltener Architektur rechtfertigt den Eintrittspreis f\u00fcr ein umfassendes kulturelles Erlebnis.<\/p><\/div>\n\t\t\t\t<\/div>\n\t\t\t\t\t\t\t<div class=\"elementor-toggle-item\">\n\t\t\t\t\t<h3 id=\"elementor-tab-title-2444\" class=\"elementor-tab-title\" data-tab=\"4\" role=\"button\" aria-controls=\"elementor-tab-content-2444\" aria-expanded=\"false\">\n\t\t\t\t\t\t\t\t\t\t\t\t<span class=\"elementor-toggle-icon elementor-toggle-icon-left\" aria-hidden=\"true\">\n\t\t\t\t\t\t\t\t\t\t\t\t\t\t\t<span class=\"elementor-toggle-icon-closed\"><svg class=\"e-font-icon-svg e-fas-caret-right\" viewBox=\"0 0 192 512\" xmlns=\"http:\/\/www.w3.org\/2000\/svg\"><path d=\"M0 384.662V127.338c0-17.818 21.543-26.741 34.142-14.142l128.662 128.662c7.81 7.81 7.81 20.474 0 28.284L34.142 398.804C21.543 411.404 0 402.48 0 384.662z\"><\/path><\/svg><\/span>\n\t\t\t\t\t\t\t\t<span class=\"elementor-toggle-icon-opened\"><svg class=\"elementor-toggle-icon-opened e-font-icon-svg e-fas-caret-up\" viewBox=\"0 0 320 512\" xmlns=\"http:\/\/www.w3.org\/2000\/svg\"><path d=\"M288.662 352H31.338c-17.818 0-26.741-21.543-14.142-34.142l128.662-128.662c7.81-7.81 20.474-7.81 28.284 0l128.662 128.662c12.6 12.599 3.676 34.142-14.142 34.142z\"><\/path><\/svg><\/span>\n\t\t\t\t\t\t\t\t\t\t\t\t\t<\/span>\n\t\t\t\t\t\t\t\t\t\t\t\t<a class=\"elementor-toggle-title\" tabindex=\"0\">Lohnt es sich, sie im Winter zu besuchen?<\/a>\n\t\t\t\t\t<\/h3>\n\n\t\t\t\t\t<div id=\"elementor-tab-content-2444\" class=\"elementor-tab-content elementor-clearfix\" data-tab=\"4\" role=\"region\" aria-labelledby=\"elementor-tab-title-2444\"><p>Personen, die sie in den Wintermonaten besuchen m\u00f6chten, sollten ber\u00fccksichtigen, dass <strong>das \u00e4sthetische Erlebnis zu dieser Jahreszeit erheblich reduziert ist<\/strong>. Laut <a style=\"color: #7e0009;\" href=\"https:\/\/www.reddit.com\/r\/solotravel\/comments\/5qt3ml\/solo_travel_to_vienna_is_there_any_place_that\/\" target=\"_blank\" rel=\"noopener\">einem Benutzer in einem Reddit-Thread<\/a>: \u201eDas Belvedere w\u00e4re in jeder anderen Jahreszeit als im Winter viel sch\u00f6ner. Ich war kurz vor Neujahr dort und die ist von den G\u00e4rten kaum etwas zu sehen. Die Galerien in beiden Schl\u00f6ssern sind jedoch sch\u00f6n, aber seien Sie auf einigerma\u00dfen gro\u00dfe Menschenmengen vorbereitet.\u201c Im Winter sind die Springbrunnen abgestellt und die Pflanzen ruhen.<\/p><\/div>\n\t\t\t\t<\/div>\n\t\t\t\t\t\t\t\t<\/div>\n\t\t\t\t\t\t<\/div>\n\t\t\t\t<\/div>\n\t\t\t\t\t<\/div>\n\t\t\t\t<\/div>\n\t\t<div class=\"elementor-element elementor-element-f7305ee e-flex e-con-boxed e-con e-parent\" data-id=\"f7305ee\" data-element_type=\"container\">\n\t\t\t\t\t<div class=\"e-con-inner\">\n\t\t\t\t<div class=\"elementor-element elementor-element-bae2e3e elementor-widget elementor-widget-html\" data-id=\"bae2e3e\" data-element_type=\"widget\" data-widget_type=\"html.default\">\n\t\t\t\t<div class=\"elementor-widget-container\">\n\t\t\t\t\t<style>body {\n    font-family: 'Inter';\n}\n\nh1, h2, h3, h4, h5, h6 {\n    font-family: 'Inter' !important;\n    margin: 0 !important;\n    color: #222222 !important;\n}\n\nh1 {\n    color: #222222 !important;\n    margin-bottom: 30px !important;\n}\n\n#content h2 {\n    margin-bottom: 30px !important;\n}\n\nh3 {\n    margin-bottom: 20px !important;\n    font-weight: 600 !important;\n    font-size: 20px !important;\n}\n\nh4 {\n    font-size: 20px !important;\n    margin-bottom: 16px !important;\n}\n\np {\n    color: #222222 !important;\n    margin-bottom: 12px !important;\n}\n\n#content ul {\n    margin: 0 0 1.5em 1.5em !important;\n    margin-bottom: 16px !important;\n}\n\n#content li {\n    font-size: 16px !important;\n    color: #222222 !important;\n    list-style-type: disc !important;\n}\n\n.elementor-widget:not(:last-child) {\n    margin: 0;\n}\n\n.type-items>div {\n    flex-direction: column;\n}\n\n.ticket-description {\n    margin-bottom: 16px !important;\n    flex-grow: 1;\n}\n\n.how-to-select-item>div {\n    flex-direction: column;\n}\n\n.text-list h3>span {\n    font-weight: 600 !important;\n}\n\n.text-list {\n    flex-grow: 1;\n}\n\n.what-include {\n    margin-bottom: 6px !important;\n}\n\n.included-list {\n    margin-bottom: 16px !important;\n}\n\n.included-list p {\n    margin: 0 !important;\n}\n\n.tab-item-desktop a {\n    color: #7E0009 !important;\n}\n\n.link-secundary a {\n    text-decoration: underline !important;\n    font-size: 16px !important;\n    color: #7E0009 !important;\n}\n\n.text-mobile {\n    margin-bottom: 30px !important;\n}\n\n.text-mobile p {\n    margin: 0 !important;\n}\n\n.btn-primary a {\n    background-color: #CE2B37 !important;\n    color: #fff;\n    padding: 16px 28px;\n    border-radius: 8px;\n}\n\n.btn-primary a:hover {\n    background-color: #7E0009 !important;\n    color: #fff;\n}\n\n.btn-icon .elementor-button-icon {\n    display: flex;\n}\n\n.btn-icon .elementor-button-icon svg {\n    width: 24px;\n}\n\n.btn-icon a {\n    display: flex;\n    justify-content: center;\n    align-items: center;\n}\n\n.btn-icon .elementor-button-content-wrapper {\n    display: flex;\n    justify-content: center;\n    width: fit-content;\n    gap: 6px;\n    align-items: center;\n}\n\n.full a {\n    width: 100% !important;\n}\n\n.card-section > div {\n    display: flex !important;\n    gap: 24px !important;\n}\n\n.card-info {\n    background-color: #f4f4f4;\n    border-radius: 8px;\n}\n\n.types-title-section {\n    margin-bottom: 0 !important;\n}\n\n.how-to-select-type-section > div {\n    gap: 12px !important;\n    display: flex !important;\n}\n\n.tab-section h3 {\n    margin-bottom: 16px !important;\n}\n\nbutton.tab-button,\nbutton.tab-button-desktop {\n    background: transparent;\n    border: 0;\n    color: #222 !important;\n    font-weight: 600;\n    font-family: \"Inter\" !important;\n    font-size: 18px;\n    border-radius: 8px;\n}\n\nbutton.tab-button-desktop:hover {\n    background-color: #f4f4f4;\n}\n\n.tab-button-desktop:focus,\n.tab-button-desktop:focus-visible {\n    outline: none;\n    background-color: #f4f4f4;\n}\n\nbutton.tab-button.active,\nbutton.tab-button-desktop.active{\n    background: #f4f4f4;\n    border-radius: 8px;\n}\n\n.elementor-accordion {\n    display: flex;\n    flex-direction: column;\n    gap: 16px;\n}\n\n.elementor-accordion-item {\n    border-radius: 8px;\n    overflow: auto;\n}\n\n.places-of-interest-section {\n    margin: 0 auto !important;\n}\n\n.places-of-interest-section>div  {\n    gap: 62px !important;\n}\n\n.pagination-item a {\n    width: 100%;\n    margin: 0 !important;\n    font-size: 18px !important;\n    font-weight: 600;\n}\n\n#content.other-things-to-do-section > div {\n    display: flex !important;\n    width: 100% !important;\n    flex-wrap: nowrap !important;\n    gap: 12px;\n    position: relative !important;\n    overflow-x: auto;\n    overflow-y: hidden;\n    background-color: #fff;\n    margin: 0 auto;\n    white-space: nowrap;\n}\n\n.other-things-to-do-section .elementor-widget-image {\n    width: 300px;\n}\n\n.other-things-to-do-section .elementor-widget-image a {\n    width: 100%;\n}\n\n.carrousel-item {\n    width: 250px !important;\n    flex-grow: 1;\n    scroll-snap-align: start;\n    flex: 0 0 auto;\n}\n\n.carrousel-item a {\n    width: 100%;\n    margin: 0 !important;\n    font-size: 18px !important;\n    font-weight: 600;\n    color: #222 !important;\n}\n\n.tab-item-desktop a,\n.tab-item-desktop a:hover {\n    text-decoration: underline;\n}\n\n.tabs {\n    display: flex;\n    gap: 8px;\n    overflow-x: auto;\n}\n\n@media (max-width: 500px) {\n    .other-things-to-do-section .elementor-container {\n        flex-wrap: nowrap !important;\n        gap: 12px;\n        overflow-x: auto;\n    }\n}\n\n@media (min-width: 768px) {\n    .type-tickets-section > div {\n        gap: 40px;\n    }\n    \n    .other-things-to-do-section > div {\n        display: flex !important;\n        gap: 12px;\n    }\n    \n    .other-things-to-do-section > div::-webkit-scrollbar {\n        display: none;\n    }\n    \n    .other-things-to-do-section .elementor-widget-image {\n        width: 100% !important;\n    }\n    \n    .places-of-interest-section {\n        margin: auto !important;\n    }\n}\n\n@media (min-width: 1024px) {\n    \n    #content h2 {\n        font-size: 42px !important;\n    }\n    \n    #content section {\n        margin-left: auto;\n        margin-right: auto;\n        width: 1100px;\n    }\n    \n    .types-title-section>div {\n        gap: 56px;\n    }\n    \n    .tab-item-desktop>div {\n        gap: 30px !important;\n        display: flex !important;\n    }\n}\n<\/style>\t\t\t\t<\/div>\n\t\t\t\t<\/div>\n\t\t\t\t\t<\/div>\n\t\t\t\t<\/div>\n\t\t\t\t<\/div>\n\t\t","protected":false},"excerpt":{"rendered":"<p>Schlossgarten Belvedere (G\u00e4rten) Die G\u00e4rten des Schlosses Belvedere in Wien sind ein Komplex aus verschiedenen Gr\u00fcnanlagen mit unterschiedlichen Stilen und Funktionen, die die Residenzen des Komplexes architektonisch miteinander verbinden. Hier erfahren Sie, was sich in den einzelnen G\u00e4rten befindet und was ihre Geschichte ist. Tickets buchen Unterst\u00fctzung, wenn Sie sie brauchen Ein Kundendienst, der Ihnen [&hellip;]<\/p>\n","protected":false},"author":2,"featured_media":0,"parent":0,"menu_order":0,"comment_status":"closed","ping_status":"closed","template":"elementor_header_footer","meta":{"footnotes":""},"class_list":["post-1595","page","type-page","status-publish","hentry"],"yoast_head":"<!-- This site is optimized with the Yoast SEO plugin v26.7 - https:\/\/yoast.com\/wordpress\/plugins\/seo\/ -->\n<title>Schlossgarten Belvedere | G\u00e4rten in Wien<\/title>\n<meta name=\"description\" content=\"Wir beschreiben detailliert die G\u00e4rten des Belvedere, bekannt als \u201eSchlossgarten\u201c, die in Wien kostenlos oder gegen Bezahlung besucht werden k\u00f6nnen. \u2705\" \/>\n<meta name=\"robots\" content=\"index, follow, max-snippet:-1, max-image-preview:large, max-video-preview:-1\" \/>\n<link rel=\"canonical\" href=\"https:\/\/belvederepalace.wientickets.org\/de\/belvedere-schlossgarten-gaerten\/\" \/>\n<meta property=\"og:locale\" content=\"de_DE\" \/>\n<meta property=\"og:type\" content=\"article\" \/>\n<meta property=\"og:title\" content=\"Schlossgarten Belvedere | G\u00e4rten in Wien\" \/>\n<meta property=\"og:description\" content=\"Wir beschreiben detailliert die G\u00e4rten des Belvedere, bekannt als \u201eSchlossgarten\u201c, die in Wien kostenlos oder gegen Bezahlung besucht werden k\u00f6nnen. \u2705\" \/>\n<meta property=\"og:url\" content=\"https:\/\/belvederepalace.wientickets.org\/de\/belvedere-schlossgarten-gaerten\/\" \/>\n<meta property=\"og:site_name\" content=\"Belvedere Palace Tickets\" \/>\n<meta property=\"article:modified_time\" content=\"2026-04-17T08:26:59+00:00\" \/>\n<meta property=\"og:image\" content=\"https:\/\/belvederepalace.wientickets.org\/wp-content\/uploads\/2026\/01\/belvedere-schlossgarten.webp\" \/>\n\t<meta property=\"og:image:width\" content=\"1280\" \/>\n\t<meta property=\"og:image:height\" content=\"846\" \/>\n\t<meta property=\"og:image:type\" content=\"image\/webp\" \/>\n<meta name=\"twitter:card\" content=\"summary_large_image\" \/>\n<meta name=\"twitter:label1\" content=\"Gesch\u00e4tzte Lesezeit\" \/>\n\t<meta name=\"twitter:data1\" content=\"18 Minuten\" \/>\n<script type=\"application\/ld+json\" class=\"yoast-schema-graph\">{\"@context\":\"https:\/\/schema.org\",\"@graph\":[{\"@type\":\"WebPage\",\"@id\":\"https:\/\/belvederepalace.wientickets.org\/de\/belvedere-schlossgarten-gaerten\/\",\"url\":\"https:\/\/belvederepalace.wientickets.org\/de\/belvedere-schlossgarten-gaerten\/\",\"name\":\"Schlossgarten Belvedere | G\u00e4rten in Wien\",\"isPartOf\":{\"@id\":\"https:\/\/belvederepalace.wientickets.org\/de\/#website\"},\"primaryImageOfPage\":{\"@id\":\"https:\/\/belvederepalace.wientickets.org\/de\/belvedere-schlossgarten-gaerten\/#primaryimage\"},\"image\":{\"@id\":\"https:\/\/belvederepalace.wientickets.org\/de\/belvedere-schlossgarten-gaerten\/#primaryimage\"},\"thumbnailUrl\":\"https:\/\/belvederepalace.wientickets.org\/wp-content\/uploads\/2026\/01\/belvedere-schlossgarten-1024x677.webp\",\"datePublished\":\"2026-01-13T09:51:56+00:00\",\"dateModified\":\"2026-04-17T08:26:59+00:00\",\"description\":\"Wir beschreiben detailliert die G\u00e4rten des Belvedere, bekannt als \u201eSchlossgarten\u201c, die in Wien kostenlos oder gegen Bezahlung besucht werden k\u00f6nnen. \u2705\",\"breadcrumb\":{\"@id\":\"https:\/\/belvederepalace.wientickets.org\/de\/belvedere-schlossgarten-gaerten\/#breadcrumb\"},\"inLanguage\":\"de\",\"potentialAction\":[{\"@type\":\"ReadAction\",\"target\":[\"https:\/\/belvederepalace.wientickets.org\/de\/belvedere-schlossgarten-gaerten\/\"]}]},{\"@type\":\"ImageObject\",\"inLanguage\":\"de\",\"@id\":\"https:\/\/belvederepalace.wientickets.org\/de\/belvedere-schlossgarten-gaerten\/#primaryimage\",\"url\":\"https:\/\/belvederepalace.wientickets.org\/wp-content\/uploads\/2026\/01\/belvedere-schlossgarten-1024x677.webp\",\"contentUrl\":\"https:\/\/belvederepalace.wientickets.org\/wp-content\/uploads\/2026\/01\/belvedere-schlossgarten-1024x677.webp\"},{\"@type\":\"BreadcrumbList\",\"@id\":\"https:\/\/belvederepalace.wientickets.org\/de\/belvedere-schlossgarten-gaerten\/#breadcrumb\",\"itemListElement\":[{\"@type\":\"ListItem\",\"position\":1,\"name\":\"Home\",\"item\":\"https:\/\/belvederepalace.wientickets.org\/de\/\"},{\"@type\":\"ListItem\",\"position\":2,\"name\":\"Schlossgarten Belvedere (G\u00e4rten)\"}]},{\"@type\":\"WebSite\",\"@id\":\"https:\/\/belvederepalace.wientickets.org\/de\/#website\",\"url\":\"https:\/\/belvederepalace.wientickets.org\/de\/\",\"name\":\"Belvedere Palace Tickets\",\"description\":\"\",\"publisher\":{\"@id\":\"https:\/\/belvederepalace.wientickets.org\/de\/#organization\"},\"potentialAction\":[{\"@type\":\"SearchAction\",\"target\":{\"@type\":\"EntryPoint\",\"urlTemplate\":\"https:\/\/belvederepalace.wientickets.org\/de\/?s={search_term_string}\"},\"query-input\":{\"@type\":\"PropertyValueSpecification\",\"valueRequired\":true,\"valueName\":\"search_term_string\"}}],\"inLanguage\":\"de\"},{\"@type\":\"Organization\",\"@id\":\"https:\/\/belvederepalace.wientickets.org\/de\/#organization\",\"name\":\"Schloss Belvedere Tickets\",\"url\":\"https:\/\/belvederepalace.wientickets.org\/de\/\",\"logo\":{\"@type\":\"ImageObject\",\"inLanguage\":\"de\",\"@id\":\"https:\/\/belvederepalace.wientickets.org\/de\/#\/schema\/logo\/image\/\",\"url\":\"https:\/\/belvederepalace.wientickets.org\/wp-content\/uploads\/2024\/08\/belvedere-palace-tickets-logo.png\",\"contentUrl\":\"https:\/\/belvederepalace.wientickets.org\/wp-content\/uploads\/2024\/08\/belvedere-palace-tickets-logo.png\",\"width\":375,\"height\":70,\"caption\":\"Schloss Belvedere Tickets\"},\"image\":{\"@id\":\"https:\/\/belvederepalace.wientickets.org\/de\/#\/schema\/logo\/image\/\"}}]}<\/script>\n<!-- \/ Yoast SEO plugin. -->","yoast_head_json":{"title":"Schlossgarten Belvedere | G\u00e4rten in Wien","description":"Wir beschreiben detailliert die G\u00e4rten des Belvedere, bekannt als \u201eSchlossgarten\u201c, die in Wien kostenlos oder gegen Bezahlung besucht werden k\u00f6nnen. \u2705","robots":{"index":"index","follow":"follow","max-snippet":"max-snippet:-1","max-image-preview":"max-image-preview:large","max-video-preview":"max-video-preview:-1"},"canonical":"https:\/\/belvederepalace.wientickets.org\/de\/belvedere-schlossgarten-gaerten\/","og_locale":"de_DE","og_type":"article","og_title":"Schlossgarten Belvedere | G\u00e4rten in Wien","og_description":"Wir beschreiben detailliert die G\u00e4rten des Belvedere, bekannt als \u201eSchlossgarten\u201c, die in Wien kostenlos oder gegen Bezahlung besucht werden k\u00f6nnen. \u2705","og_url":"https:\/\/belvederepalace.wientickets.org\/de\/belvedere-schlossgarten-gaerten\/","og_site_name":"Belvedere Palace Tickets","article_modified_time":"2026-04-17T08:26:59+00:00","og_image":[{"width":1280,"height":846,"url":"https:\/\/belvederepalace.wientickets.org\/wp-content\/uploads\/2026\/01\/belvedere-schlossgarten.webp","type":"image\/webp"}],"twitter_card":"summary_large_image","twitter_misc":{"Gesch\u00e4tzte Lesezeit":"18 Minuten"},"schema":{"@context":"https:\/\/schema.org","@graph":[{"@type":"WebPage","@id":"https:\/\/belvederepalace.wientickets.org\/de\/belvedere-schlossgarten-gaerten\/","url":"https:\/\/belvederepalace.wientickets.org\/de\/belvedere-schlossgarten-gaerten\/","name":"Schlossgarten Belvedere | G\u00e4rten in Wien","isPartOf":{"@id":"https:\/\/belvederepalace.wientickets.org\/de\/#website"},"primaryImageOfPage":{"@id":"https:\/\/belvederepalace.wientickets.org\/de\/belvedere-schlossgarten-gaerten\/#primaryimage"},"image":{"@id":"https:\/\/belvederepalace.wientickets.org\/de\/belvedere-schlossgarten-gaerten\/#primaryimage"},"thumbnailUrl":"https:\/\/belvederepalace.wientickets.org\/wp-content\/uploads\/2026\/01\/belvedere-schlossgarten-1024x677.webp","datePublished":"2026-01-13T09:51:56+00:00","dateModified":"2026-04-17T08:26:59+00:00","description":"Wir beschreiben detailliert die G\u00e4rten des Belvedere, bekannt als \u201eSchlossgarten\u201c, die in Wien kostenlos oder gegen Bezahlung besucht werden k\u00f6nnen. \u2705","breadcrumb":{"@id":"https:\/\/belvederepalace.wientickets.org\/de\/belvedere-schlossgarten-gaerten\/#breadcrumb"},"inLanguage":"de","potentialAction":[{"@type":"ReadAction","target":["https:\/\/belvederepalace.wientickets.org\/de\/belvedere-schlossgarten-gaerten\/"]}]},{"@type":"ImageObject","inLanguage":"de","@id":"https:\/\/belvederepalace.wientickets.org\/de\/belvedere-schlossgarten-gaerten\/#primaryimage","url":"https:\/\/belvederepalace.wientickets.org\/wp-content\/uploads\/2026\/01\/belvedere-schlossgarten-1024x677.webp","contentUrl":"https:\/\/belvederepalace.wientickets.org\/wp-content\/uploads\/2026\/01\/belvedere-schlossgarten-1024x677.webp"},{"@type":"BreadcrumbList","@id":"https:\/\/belvederepalace.wientickets.org\/de\/belvedere-schlossgarten-gaerten\/#breadcrumb","itemListElement":[{"@type":"ListItem","position":1,"name":"Home","item":"https:\/\/belvederepalace.wientickets.org\/de\/"},{"@type":"ListItem","position":2,"name":"Schlossgarten Belvedere (G\u00e4rten)"}]},{"@type":"WebSite","@id":"https:\/\/belvederepalace.wientickets.org\/de\/#website","url":"https:\/\/belvederepalace.wientickets.org\/de\/","name":"Belvedere Palace Tickets","description":"","publisher":{"@id":"https:\/\/belvederepalace.wientickets.org\/de\/#organization"},"potentialAction":[{"@type":"SearchAction","target":{"@type":"EntryPoint","urlTemplate":"https:\/\/belvederepalace.wientickets.org\/de\/?s={search_term_string}"},"query-input":{"@type":"PropertyValueSpecification","valueRequired":true,"valueName":"search_term_string"}}],"inLanguage":"de"},{"@type":"Organization","@id":"https:\/\/belvederepalace.wientickets.org\/de\/#organization","name":"Schloss Belvedere Tickets","url":"https:\/\/belvederepalace.wientickets.org\/de\/","logo":{"@type":"ImageObject","inLanguage":"de","@id":"https:\/\/belvederepalace.wientickets.org\/de\/#\/schema\/logo\/image\/","url":"https:\/\/belvederepalace.wientickets.org\/wp-content\/uploads\/2024\/08\/belvedere-palace-tickets-logo.png","contentUrl":"https:\/\/belvederepalace.wientickets.org\/wp-content\/uploads\/2024\/08\/belvedere-palace-tickets-logo.png","width":375,"height":70,"caption":"Schloss Belvedere Tickets"},"image":{"@id":"https:\/\/belvederepalace.wientickets.org\/de\/#\/schema\/logo\/image\/"}}]}},"_links":{"self":[{"href":"https:\/\/belvederepalace.wientickets.org\/de\/wp-json\/wp\/v2\/pages\/1595","targetHints":{"allow":["GET"]}}],"collection":[{"href":"https:\/\/belvederepalace.wientickets.org\/de\/wp-json\/wp\/v2\/pages"}],"about":[{"href":"https:\/\/belvederepalace.wientickets.org\/de\/wp-json\/wp\/v2\/types\/page"}],"author":[{"embeddable":true,"href":"https:\/\/belvederepalace.wientickets.org\/de\/wp-json\/wp\/v2\/users\/2"}],"replies":[{"embeddable":true,"href":"https:\/\/belvederepalace.wientickets.org\/de\/wp-json\/wp\/v2\/comments?post=1595"}],"version-history":[{"count":11,"href":"https:\/\/belvederepalace.wientickets.org\/de\/wp-json\/wp\/v2\/pages\/1595\/revisions"}],"predecessor-version":[{"id":2716,"href":"https:\/\/belvederepalace.wientickets.org\/de\/wp-json\/wp\/v2\/pages\/1595\/revisions\/2716"}],"wp:attachment":[{"href":"https:\/\/belvederepalace.wientickets.org\/de\/wp-json\/wp\/v2\/media?parent=1595"}],"curies":[{"name":"wp","href":"https:\/\/api.w.org\/{rel}","templated":true}]}}