{"id":1829,"date":"2026-01-15T09:53:11","date_gmt":"2026-01-15T09:53:11","guid":{"rendered":"https:\/\/belvederepalace.wientickets.org\/besuch-des-belvedere-palastes\/"},"modified":"2026-01-23T08:05:07","modified_gmt":"2026-01-23T08:05:07","slug":"besuch-des-belvedere-palastes","status":"publish","type":"page","link":"https:\/\/belvederepalace.wientickets.org\/de\/besuch-des-belvedere-palastes\/","title":{"rendered":"Besuch von Schloss Belvedere"},"content":{"rendered":"\t\t<div data-elementor-type=\"wp-page\" data-elementor-id=\"1829\" class=\"elementor elementor-1829 elementor-1670\">\n\t\t\t\t\t\t<section class=\"elementor-section elementor-top-section elementor-element elementor-element-fbee05a intro-section elementor-section-boxed elementor-section-height-default elementor-section-height-default\" data-id=\"fbee05a\" data-element_type=\"section\">\n\t\t\t\t\t\t<div class=\"elementor-container elementor-column-gap-default\">\n\t\t\t\t\t<div class=\"elementor-column elementor-col-50 elementor-top-column elementor-element elementor-element-c8cf3d3\" data-id=\"c8cf3d3\" data-element_type=\"column\">\n\t\t\t<div class=\"elementor-widget-wrap elementor-element-populated\">\n\t\t\t\t\t\t<section class=\"elementor-section elementor-inner-section elementor-element elementor-element-d6caffc elementor-section-boxed elementor-section-height-default elementor-section-height-default\" data-id=\"d6caffc\" data-element_type=\"section\">\n\t\t\t\t\t\t<div class=\"elementor-container elementor-column-gap-default\">\n\t\t\t\t\t<div class=\"elementor-column elementor-col-100 elementor-inner-column elementor-element elementor-element-e18d91f\" data-id=\"e18d91f\" data-element_type=\"column\">\n\t\t\t<div class=\"elementor-widget-wrap elementor-element-populated\">\n\t\t\t\t\t\t<div class=\"elementor-element elementor-element-7fffae9 title-mobile elementor-widget__width-initial elementor-widget elementor-widget-heading\" data-id=\"7fffae9\" data-element_type=\"widget\" data-widget_type=\"heading.default\">\n\t\t\t\t<div class=\"elementor-widget-container\">\n\t\t\t\t\t<h1 class=\"elementor-heading-title elementor-size-default\">Besuch von Schloss Belvedere<\/h1>\t\t\t\t<\/div>\n\t\t\t\t<\/div>\n\t\t\t\t<div class=\"elementor-element elementor-element-c6cb90b text-mobile elementor-widget__width-initial elementor-widget elementor-widget-text-editor\" data-id=\"c6cb90b\" data-element_type=\"widget\" data-widget_type=\"text-editor.default\">\n\t\t\t\t<div class=\"elementor-widget-container\">\n\t\t\t\t\t\t\t\t\t<p>Das Belvedere beherbergt eine umfangreiche Kunstsammlung, die vom Mittelalter bis zu zeitgen\u00f6ssischen Werken reicht. Zu den Hauptattraktionen geh\u00f6ren das <b>Obere Belvedere<\/b>, der Ort, an dem sich Gustav Klimts Kuss befindet, und der kunstvolle <b>Marmorsaal<\/b>, der durch symmetrische G\u00e4rten im franz\u00f6sischen Stil mit dem <b>Unteren Belvedere<\/b> verbunden ist. Der Komplex umfasst auch die mittelalterliche Schatzkammer <b>des Stallhofs<\/b> und die modernen Kunstausstellungen im <b>Belvedere 21<\/b>.  <\/p>\t\t\t\t\t\t\t\t<\/div>\n\t\t\t\t<\/div>\n\t\t\t\t\t<\/div>\n\t\t<\/div>\n\t\t\t\t\t<\/div>\n\t\t<\/section>\n\t\t\t\t<div class=\"elementor-element elementor-element-640449b btn-primary elementor-widget elementor-widget-button\" data-id=\"640449b\" data-element_type=\"widget\" data-widget_type=\"button.default\">\n\t\t\t\t<div class=\"elementor-widget-container\">\n\t\t\t\t\t\t\t\t\t<div class=\"elementor-button-wrapper\">\n\t\t\t\t\t<a class=\"elementor-button elementor-button-link elementor-size-sm\" href=\"https:\/\/belvederepalace.wientickets.org\/de\/schloss-belvedere-tickets\/\">\n\t\t\t\t\t\t<span class=\"elementor-button-content-wrapper\">\n\t\t\t\t\t\t\t\t\t<span class=\"elementor-button-text\">Tickets buchen<\/span>\n\t\t\t\t\t<\/span>\n\t\t\t\t\t<\/a>\n\t\t\t\t<\/div>\n\t\t\t\t\t\t\t\t<\/div>\n\t\t\t\t<\/div>\n\t\t\t\t\t<\/div>\n\t\t<\/div>\n\t\t\t\t<div class=\"elementor-column elementor-col-50 elementor-top-column elementor-element elementor-element-5d4f57f\" data-id=\"5d4f57f\" data-element_type=\"column\">\n\t\t\t<div class=\"elementor-widget-wrap elementor-element-populated\">\n\t\t\t\t\t\t<div class=\"elementor-element elementor-element-9691215 elementor-hidden-mobile elementor-widget__width-initial elementor-widget elementor-widget-image\" data-id=\"9691215\" data-element_type=\"widget\" data-widget_type=\"image.default\">\n\t\t\t\t<div class=\"elementor-widget-container\">\n\t\t\t\t\t\t\t\t\t\t\t\t\t\t\t<img fetchpriority=\"high\" decoding=\"async\" width=\"800\" height=\"450\" src=\"https:\/\/belvederepalace.wientickets.org\/wp-content\/uploads\/2026\/01\/visiting-belvedere-palace-1024x576.webp\" class=\"attachment-large size-large wp-image-1830\" alt=\"Besuch von Schloss Belvedere\" srcset=\"https:\/\/belvederepalace.wientickets.org\/wp-content\/uploads\/2026\/01\/visiting-belvedere-palace-1024x576.webp 1024w, https:\/\/belvederepalace.wientickets.org\/wp-content\/uploads\/2026\/01\/visiting-belvedere-palace-300x169.webp 300w, https:\/\/belvederepalace.wientickets.org\/wp-content\/uploads\/2026\/01\/visiting-belvedere-palace-768x432.webp 768w, https:\/\/belvederepalace.wientickets.org\/wp-content\/uploads\/2026\/01\/visiting-belvedere-palace.webp 1280w\" sizes=\"(max-width: 800px) 100vw, 800px\" \/>\t\t\t\t\t\t\t\t\t\t\t\t\t\t\t<\/div>\n\t\t\t\t<\/div>\n\t\t\t\t\t<\/div>\n\t\t<\/div>\n\t\t\t\t\t<\/div>\n\t\t<\/section>\n\t\t\t\t<section class=\"elementor-section elementor-top-section elementor-element elementor-element-ed77e07 elementor-section-height-min-height elementor-section-boxed elementor-section-height-default elementor-section-items-middle\" data-id=\"ed77e07\" data-element_type=\"section\" data-settings=\"{&quot;background_background&quot;:&quot;classic&quot;}\">\n\t\t\t\t\t\t<div class=\"elementor-container elementor-column-gap-default\">\n\t\t\t\t\t<div class=\"elementor-column elementor-col-100 elementor-top-column elementor-element elementor-element-7df47cf\" data-id=\"7df47cf\" data-element_type=\"column\">\n\t\t\t<div class=\"elementor-widget-wrap\">\n\t\t\t\t\t\t\t<\/div>\n\t\t<\/div>\n\t\t\t\t\t<\/div>\n\t\t<\/section>\n\t\t\t\t<section class=\"elementor-section elementor-top-section elementor-element elementor-element-66e57f7 elementor-section-height-min-height elementor-hidden-tablet elementor-hidden-mobile elementor-section-boxed elementor-section-height-default elementor-section-items-middle\" data-id=\"66e57f7\" data-element_type=\"section\" data-settings=\"{&quot;background_background&quot;:&quot;classic&quot;}\">\n\t\t\t\t\t\t<div class=\"elementor-container elementor-column-gap-default\">\n\t\t\t\t\t<div class=\"elementor-column elementor-col-33 elementor-top-column elementor-element elementor-element-84e6fa8\" data-id=\"84e6fa8\" data-element_type=\"column\">\n\t\t\t<div class=\"elementor-widget-wrap elementor-element-populated\">\n\t\t\t\t\t\t<section class=\"elementor-section elementor-inner-section elementor-element elementor-element-9aea14f elementor-section-content-middle elementor-section-boxed elementor-section-height-default elementor-section-height-default\" data-id=\"9aea14f\" data-element_type=\"section\">\n\t\t\t\t\t\t<div class=\"elementor-container elementor-column-gap-default\">\n\t\t\t\t\t<div class=\"elementor-column elementor-col-50 elementor-inner-column elementor-element elementor-element-35cac85\" data-id=\"35cac85\" data-element_type=\"column\">\n\t\t\t<div class=\"elementor-widget-wrap elementor-element-populated\">\n\t\t\t\t\t\t<div class=\"elementor-element elementor-element-4a94d5c elementor-widget elementor-widget-image\" data-id=\"4a94d5c\" data-element_type=\"widget\" data-widget_type=\"image.default\">\n\t\t\t\t<div class=\"elementor-widget-container\">\n\t\t\t\t\t\t\t\t\t\t\t\t\t\t\t<img decoding=\"async\" width=\"496\" height=\"496\" src=\"https:\/\/belvederepalace.wientickets.org\/wp-content\/uploads\/2024\/08\/customer-service-1-1.png\" class=\"attachment-large size-large wp-image-471\" alt=\"\" srcset=\"https:\/\/belvederepalace.wientickets.org\/wp-content\/uploads\/2024\/08\/customer-service-1-1.png 496w, https:\/\/belvederepalace.wientickets.org\/wp-content\/uploads\/2024\/08\/customer-service-1-1-300x300.png 300w, https:\/\/belvederepalace.wientickets.org\/wp-content\/uploads\/2024\/08\/customer-service-1-1-150x150.png 150w\" sizes=\"(max-width: 496px) 100vw, 496px\" \/>\t\t\t\t\t\t\t\t\t\t\t\t\t\t\t<\/div>\n\t\t\t\t<\/div>\n\t\t\t\t\t<\/div>\n\t\t<\/div>\n\t\t\t\t<div class=\"elementor-column elementor-col-50 elementor-inner-column elementor-element elementor-element-e0ac473\" data-id=\"e0ac473\" data-element_type=\"column\">\n\t\t\t<div class=\"elementor-widget-wrap elementor-element-populated\">\n\t\t\t\t\t\t<div class=\"elementor-element elementor-element-de6f00e elementor-widget elementor-widget-heading\" data-id=\"de6f00e\" data-element_type=\"widget\" data-widget_type=\"heading.default\">\n\t\t\t\t<div class=\"elementor-widget-container\">\n\t\t\t\t\t<p class=\"elementor-heading-title elementor-size-default\">Unterst\u00fctzung, wenn Sie sie brauchen<\/p>\t\t\t\t<\/div>\n\t\t\t\t<\/div>\n\t\t\t\t<div class=\"elementor-element elementor-element-4c00fae elementor-widget elementor-widget-heading\" data-id=\"4c00fae\" data-element_type=\"widget\" data-widget_type=\"heading.default\">\n\t\t\t\t<div class=\"elementor-widget-container\">\n\t\t\t\t\t<p class=\"elementor-heading-title elementor-size-default\">Ein Kundendienst, der Ihnen von 8.00 bis 18.00 Uhr bei allem hilft, was Sie brauchen.<\/p>\t\t\t\t<\/div>\n\t\t\t\t<\/div>\n\t\t\t\t\t<\/div>\n\t\t<\/div>\n\t\t\t\t\t<\/div>\n\t\t<\/section>\n\t\t\t\t\t<\/div>\n\t\t<\/div>\n\t\t\t\t<div class=\"elementor-column elementor-col-33 elementor-top-column elementor-element elementor-element-38ab035\" data-id=\"38ab035\" data-element_type=\"column\">\n\t\t\t<div class=\"elementor-widget-wrap elementor-element-populated\">\n\t\t\t\t\t\t<section class=\"elementor-section elementor-inner-section elementor-element elementor-element-c0f20b6 elementor-section-content-middle elementor-section-boxed elementor-section-height-default elementor-section-height-default\" data-id=\"c0f20b6\" data-element_type=\"section\">\n\t\t\t\t\t\t<div class=\"elementor-container elementor-column-gap-default\">\n\t\t\t\t\t<div class=\"elementor-column elementor-col-50 elementor-inner-column elementor-element elementor-element-160745d\" data-id=\"160745d\" data-element_type=\"column\">\n\t\t\t<div class=\"elementor-widget-wrap elementor-element-populated\">\n\t\t\t\t\t\t<div class=\"elementor-element elementor-element-b21306c elementor-widget elementor-widget-image\" data-id=\"b21306c\" data-element_type=\"widget\" data-widget_type=\"image.default\">\n\t\t\t\t<div class=\"elementor-widget-container\">\n\t\t\t\t\t\t\t\t\t\t\t\t\t\t\t<img decoding=\"async\" width=\"488\" height=\"488\" src=\"https:\/\/belvederepalace.wientickets.org\/wp-content\/uploads\/2024\/08\/Group-333.png\" class=\"attachment-large size-large wp-image-472\" alt=\"\" srcset=\"https:\/\/belvederepalace.wientickets.org\/wp-content\/uploads\/2024\/08\/Group-333.png 488w, https:\/\/belvederepalace.wientickets.org\/wp-content\/uploads\/2024\/08\/Group-333-300x300.png 300w, https:\/\/belvederepalace.wientickets.org\/wp-content\/uploads\/2024\/08\/Group-333-150x150.png 150w\" sizes=\"(max-width: 488px) 100vw, 488px\" \/>\t\t\t\t\t\t\t\t\t\t\t\t\t\t\t<\/div>\n\t\t\t\t<\/div>\n\t\t\t\t\t<\/div>\n\t\t<\/div>\n\t\t\t\t<div class=\"elementor-column elementor-col-50 elementor-inner-column elementor-element elementor-element-51112fe\" data-id=\"51112fe\" data-element_type=\"column\">\n\t\t\t<div class=\"elementor-widget-wrap elementor-element-populated\">\n\t\t\t\t\t\t<div class=\"elementor-element elementor-element-7ea3cd3 elementor-widget elementor-widget-heading\" data-id=\"7ea3cd3\" data-element_type=\"widget\" data-widget_type=\"heading.default\">\n\t\t\t\t<div class=\"elementor-widget-container\">\n\t\t\t\t\t<p class=\"elementor-heading-title elementor-size-default\">Schnell und online buchen<\/p>\t\t\t\t<\/div>\n\t\t\t\t<\/div>\n\t\t\t\t<div class=\"elementor-element elementor-element-2ea3220 elementor-widget elementor-widget-heading\" data-id=\"2ea3220\" data-element_type=\"widget\" data-widget_type=\"heading.default\">\n\t\t\t\t<div class=\"elementor-widget-container\">\n\t\t\t\t\t<p class=\"elementor-heading-title elementor-size-default\">W\u00e4hlen Sie die beste Option f\u00fcr Ihre Bed\u00fcrfnisse und Vorlieben und vermeiden Sie Warteschlangen, indem Sie hier buchen<\/p>\t\t\t\t<\/div>\n\t\t\t\t<\/div>\n\t\t\t\t\t<\/div>\n\t\t<\/div>\n\t\t\t\t\t<\/div>\n\t\t<\/section>\n\t\t\t\t\t<\/div>\n\t\t<\/div>\n\t\t\t\t<div class=\"elementor-column elementor-col-33 elementor-top-column elementor-element elementor-element-f0276d4\" data-id=\"f0276d4\" data-element_type=\"column\">\n\t\t\t<div class=\"elementor-widget-wrap elementor-element-populated\">\n\t\t\t\t\t\t<section class=\"elementor-section elementor-inner-section elementor-element elementor-element-29b3bfe elementor-section-content-middle elementor-section-boxed elementor-section-height-default elementor-section-height-default\" data-id=\"29b3bfe\" data-element_type=\"section\">\n\t\t\t\t\t\t<div class=\"elementor-container elementor-column-gap-default\">\n\t\t\t\t\t<div class=\"elementor-column elementor-col-50 elementor-inner-column elementor-element elementor-element-0272a7b\" data-id=\"0272a7b\" data-element_type=\"column\">\n\t\t\t<div class=\"elementor-widget-wrap elementor-element-populated\">\n\t\t\t\t\t\t<div class=\"elementor-element elementor-element-beacb12 elementor-widget elementor-widget-image\" data-id=\"beacb12\" data-element_type=\"widget\" data-widget_type=\"image.default\">\n\t\t\t\t<div class=\"elementor-widget-container\">\n\t\t\t\t\t\t\t\t\t\t\t\t\t\t\t<img loading=\"lazy\" decoding=\"async\" width=\"462\" height=\"683\" src=\"https:\/\/belvederepalace.wientickets.org\/wp-content\/uploads\/2024\/08\/top-attractions-in-paris.webp\" class=\"attachment-large size-large wp-image-473\" alt=\"\" srcset=\"https:\/\/belvederepalace.wientickets.org\/wp-content\/uploads\/2024\/08\/top-attractions-in-paris.webp 462w, https:\/\/belvederepalace.wientickets.org\/wp-content\/uploads\/2024\/08\/top-attractions-in-paris-203x300.webp 203w\" sizes=\"(max-width: 462px) 100vw, 462px\" \/>\t\t\t\t\t\t\t\t\t\t\t\t\t\t\t<\/div>\n\t\t\t\t<\/div>\n\t\t\t\t\t<\/div>\n\t\t<\/div>\n\t\t\t\t<div class=\"elementor-column elementor-col-50 elementor-inner-column elementor-element elementor-element-d6e00cd\" data-id=\"d6e00cd\" data-element_type=\"column\">\n\t\t\t<div class=\"elementor-widget-wrap elementor-element-populated\">\n\t\t\t\t\t\t<div class=\"elementor-element elementor-element-b5850bb elementor-widget elementor-widget-heading\" data-id=\"b5850bb\" data-element_type=\"widget\" data-widget_type=\"heading.default\">\n\t\t\t\t<div class=\"elementor-widget-container\">\n\t\t\t\t\t<p class=\"elementor-heading-title elementor-size-default\">Platz 2 der Sehensw\u00fcrdigkeiten in Wien<\/p>\t\t\t\t<\/div>\n\t\t\t\t<\/div>\n\t\t\t\t<div class=\"elementor-element elementor-element-8df66dd elementor-widget elementor-widget-heading\" data-id=\"8df66dd\" data-element_type=\"widget\" data-widget_type=\"heading.default\">\n\t\t\t\t<div class=\"elementor-widget-container\">\n\t\t\t\t\t<p class=\"elementor-heading-title elementor-size-default\">Entdecken Sie Schloss Belvedere in Wien: barocke Sch\u00f6nheit, \u00fcppige G\u00e4rten und Klimts ikonische Kunst.\n\n\n\n\n\n\n\n\n<\/p>\t\t\t\t<\/div>\n\t\t\t\t<\/div>\n\t\t\t\t\t<\/div>\n\t\t<\/div>\n\t\t\t\t\t<\/div>\n\t\t<\/section>\n\t\t\t\t\t<\/div>\n\t\t<\/div>\n\t\t\t\t\t<\/div>\n\t\t<\/section>\n\t\t<div class=\"elementor-element elementor-element-43ec2c3 e-flex e-con-boxed e-con e-parent\" data-id=\"43ec2c3\" data-element_type=\"container\">\n\t\t\t\t\t<div class=\"e-con-inner\">\n\t\t\t\t<div class=\"elementor-element elementor-element-ef4dcce elementor-widget elementor-widget-spacer\" data-id=\"ef4dcce\" data-element_type=\"widget\" data-widget_type=\"spacer.default\">\n\t\t\t\t<div class=\"elementor-widget-container\">\n\t\t\t\t\t\t\t<div class=\"elementor-spacer\">\n\t\t\t<div class=\"elementor-spacer-inner\"><\/div>\n\t\t<\/div>\n\t\t\t\t\t\t<\/div>\n\t\t\t\t<\/div>\n\t\t\t\t\t<\/div>\n\t\t\t\t<\/div>\n\t\t<div class=\"elementor-element elementor-element-331191e e-flex e-con-boxed e-con e-parent\" data-id=\"331191e\" data-element_type=\"container\">\n\t\t\t\t\t<div class=\"e-con-inner\">\n\t\t\t\t<div class=\"elementor-element elementor-element-888bd7a elementor-widget elementor-widget-heading\" data-id=\"888bd7a\" data-element_type=\"widget\" data-widget_type=\"heading.default\">\n\t\t\t\t<div class=\"elementor-widget-container\">\n\t\t\t\t\t<h2 class=\"elementor-heading-title elementor-size-default\">Inhaltsverzeichnis<\/h2>\t\t\t\t<\/div>\n\t\t\t\t<\/div>\n\t\t\t\t\t<\/div>\n\t\t\t\t<\/div>\n\t\t<div class=\"elementor-element elementor-element-8c85565 e-flex e-con-boxed e-con e-parent\" data-id=\"8c85565\" data-element_type=\"container\">\n\t\t\t\t\t<div class=\"e-con-inner\">\n\t\t<div class=\"elementor-element elementor-element-7ae799b e-con-full e-flex e-con e-child\" data-id=\"7ae799b\" data-element_type=\"container\">\n\t\t\t\t<div class=\"elementor-element elementor-element-7466790 elementor-widget elementor-widget-text-editor\" data-id=\"7466790\" data-element_type=\"widget\" data-widget_type=\"text-editor.default\">\n\t\t\t\t<div class=\"elementor-widget-container\">\n\t\t\t\t\t\t\t\t\t<ul><li><a href=\"#famous\">Wof\u00fcr ist das Schloss Belvedere ber\u00fchmt?<\/a><\/li><li><a href=\"#palace\">Was gibt es im Schloss Belvedere zu sehen?<\/a><\/li><li><a href=\"#upper\">Was gibt es im Oberen Belvedere zu sehen?<\/a><\/li><\/ul>\t\t\t\t\t\t\t\t<\/div>\n\t\t\t\t<\/div>\n\t\t\t\t<\/div>\n\t\t<div class=\"elementor-element elementor-element-7e35c2e e-con-full e-flex e-con e-child\" data-id=\"7e35c2e\" data-element_type=\"container\">\n\t\t\t\t<div class=\"elementor-element elementor-element-49d55a8 elementor-widget elementor-widget-text-editor\" data-id=\"49d55a8\" data-element_type=\"widget\" data-widget_type=\"text-editor.default\">\n\t\t\t\t<div class=\"elementor-widget-container\">\n\t\t\t\t\t\t\t\t\t<ul><li><a href=\"#lower\">Was gibt es im Unteren Belvedere zu sehen?<\/a><\/li><li><a href=\"#belvedere21\">Was gibt es im Belvedere 21 zu sehen?<\/a><\/li><li><a href=\"#near\">Was man in der N\u00e4he von Schloss Belvedere unternehmen kann<\/a><\/li><\/ul>\t\t\t\t\t\t\t\t<\/div>\n\t\t\t\t<\/div>\n\t\t\t\t<\/div>\n\t\t\t\t\t<\/div>\n\t\t\t\t<\/div>\n\t\t\t\t<section class=\"elementor-section elementor-top-section elementor-element elementor-element-8411ba7 elementor-section-boxed elementor-section-height-default elementor-section-height-default\" data-id=\"8411ba7\" data-element_type=\"section\">\n\t\t\t\t\t\t<div class=\"elementor-container elementor-column-gap-default\">\n\t\t\t\t\t<div class=\"elementor-column elementor-col-100 elementor-top-column elementor-element elementor-element-0ce5a9a\" data-id=\"0ce5a9a\" data-element_type=\"column\">\n\t\t\t<div class=\"elementor-widget-wrap elementor-element-populated\">\n\t\t\t\t\t\t<div class=\"elementor-element elementor-element-bbfc346 elementor-widget elementor-widget-heading\" data-id=\"bbfc346\" data-element_type=\"widget\" id=\"famous\" data-widget_type=\"heading.default\">\n\t\t\t\t<div class=\"elementor-widget-container\">\n\t\t\t\t\t<h2 class=\"elementor-heading-title elementor-size-default\">Wof\u00fcr ist das Schloss Belvedere ber\u00fchmt?<\/h2>\t\t\t\t<\/div>\n\t\t\t\t<\/div>\n\t\t\t\t<div class=\"elementor-element elementor-element-fec0169 elementor-widget elementor-widget-text-editor\" data-id=\"fec0169\" data-element_type=\"widget\" data-widget_type=\"text-editor.default\">\n\t\t\t\t<div class=\"elementor-widget-container\">\n\t\t\t\t\t\t\t\t\t<p>Das Schloss Belvedere ist ber\u00fchmt daf\u00fcr, dass <strong>es Gustav Klimts <em>Der Kuss<\/em> beherbergt<\/strong> und <strong>1955 Schauplatz der Unterzeichnung des \u00f6sterreichischen Staatsvertrags war<\/strong>, der die Unabh\u00e4ngigkeit des Landes wiederherstellte. Au\u00dferdem beherbergt es zwei Geb\u00e4ude, in denen Sammlungen aus dem Mittelalter ausgestellt sind. <\/p>\t\t\t\t\t\t\t\t<\/div>\n\t\t\t\t<\/div>\n\t\t\t\t\t<\/div>\n\t\t<\/div>\n\t\t\t\t\t<\/div>\n\t\t<\/section>\n\t\t\t\t<section class=\"elementor-section elementor-top-section elementor-element elementor-element-64ca896 elementor-section-boxed elementor-section-height-default elementor-section-height-default\" data-id=\"64ca896\" data-element_type=\"section\">\n\t\t\t\t\t\t<div class=\"elementor-container elementor-column-gap-default\">\n\t\t\t\t\t<div class=\"elementor-column elementor-col-100 elementor-top-column elementor-element elementor-element-66bf939\" data-id=\"66bf939\" data-element_type=\"column\">\n\t\t\t<div class=\"elementor-widget-wrap elementor-element-populated\">\n\t\t\t\t\t\t<div class=\"elementor-element elementor-element-c6ff9f8 elementor-widget elementor-widget-heading\" data-id=\"c6ff9f8\" data-element_type=\"widget\" id=\"palace\" data-widget_type=\"heading.default\">\n\t\t\t\t<div class=\"elementor-widget-container\">\n\t\t\t\t\t<h2 class=\"elementor-heading-title elementor-size-default\">Was gibt es im Schloss Belvedere zu sehen?<\/h2>\t\t\t\t<\/div>\n\t\t\t\t<\/div>\n\t\t\t\t<div class=\"elementor-element elementor-element-9bbeda7 elementor-widget elementor-widget-text-editor\" data-id=\"9bbeda7\" data-element_type=\"widget\" data-widget_type=\"text-editor.default\">\n\t\t\t\t<div class=\"elementor-widget-container\">\n\t\t\t\t\t\t\t\t\t<p>Das Schloss Belvedere ist in drei Bereiche unterteilt: <strong>das Obere Belvedere, das <a style=\"color: #7e0009;\" href=\"https:\/\/belvederepalace.wientickets.org\/de\/unteres-belvedere\/\">Untere Belvedere<\/a> und das Belvedere 21<\/strong>. Die St\u00e4tte zeichnet sich durch ihre barocke Architektur, die <a style=\"color: #7e0009;\" href=\"https:\/\/belvederepalace.wientickets.org\/de\/belvedere-schlossgarten-gaerten\/\">franz\u00f6sischen G\u00e4rten<\/a> und eine Sammlung aus, die vom Mittelalter bis zur zeitgen\u00f6ssischen Kunst reicht.<\/p>\t\t\t\t\t\t\t\t<\/div>\n\t\t\t\t<\/div>\n\t\t\t\t\t<\/div>\n\t\t<\/div>\n\t\t\t\t\t<\/div>\n\t\t<\/section>\n\t\t\t\t<section class=\"elementor-section elementor-top-section elementor-element elementor-element-a522cb6 elementor-section-boxed elementor-section-height-default elementor-section-height-default\" data-id=\"a522cb6\" data-element_type=\"section\">\n\t\t\t\t\t\t<div class=\"elementor-container elementor-column-gap-default\">\n\t\t\t\t\t<div class=\"elementor-column elementor-col-100 elementor-top-column elementor-element elementor-element-6ffa646\" data-id=\"6ffa646\" data-element_type=\"column\">\n\t\t\t<div class=\"elementor-widget-wrap elementor-element-populated\">\n\t\t\t\t\t\t<div class=\"elementor-element elementor-element-bfc7d6e elementor-widget elementor-widget-heading\" data-id=\"bfc7d6e\" data-element_type=\"widget\" id=\"upper\" data-widget_type=\"heading.default\">\n\t\t\t\t<div class=\"elementor-widget-container\">\n\t\t\t\t\t<h2 class=\"elementor-heading-title elementor-size-default\">Was gibt es im Oberen Belvedere zu sehen?<\/h2>\t\t\t\t<\/div>\n\t\t\t\t<\/div>\n\t\t\t\t<div class=\"elementor-element elementor-element-6d5ebb7 elementor-widget elementor-widget-text-editor\" data-id=\"6d5ebb7\" data-element_type=\"widget\" data-widget_type=\"text-editor.default\">\n\t\t\t\t<div class=\"elementor-widget-container\">\n\t\t\t\t\t\t\t\t\t<p>Das Obere Belvedere beherbergt <strong>die st\u00e4ndige Kunstsammlung<\/strong>, in der bedeutende Werke der \u00f6sterreichischen Kunst ausgestellt sind, wobei St\u00fccke der Wiener Secession und internationaler Meister hervorgehoben werden. Dar\u00fcber hinaus enth\u00e4lt dieses Geb\u00e4ude <strong>historische S\u00e4le und G\u00e4rten<\/strong>. <\/p>\t\t\t\t\t\t\t\t<\/div>\n\t\t\t\t<\/div>\n\t\t\t\t\t<\/div>\n\t\t<\/div>\n\t\t\t\t\t<\/div>\n\t\t<\/section>\n\t\t<div class=\"elementor-element elementor-element-5fadcc6 e-flex e-con-boxed e-con e-parent\" data-id=\"5fadcc6\" data-element_type=\"container\">\n\t\t\t\t\t<div class=\"e-con-inner\">\n\t\t<div class=\"elementor-element elementor-element-16003e3 e-con-full e-flex e-con e-child\" data-id=\"16003e3\" data-element_type=\"container\">\n\t\t\t\t<div class=\"elementor-element elementor-element-66becc5 elementor-widget elementor-widget-image\" data-id=\"66becc5\" data-element_type=\"widget\" data-widget_type=\"image.default\">\n\t\t\t\t<div class=\"elementor-widget-container\">\n\t\t\t\t\t\t\t\t\t\t\t\t\t\t\t<img loading=\"lazy\" decoding=\"async\" width=\"1024\" height=\"686\" src=\"https:\/\/belvederepalace.wientickets.org\/wp-content\/uploads\/2026\/01\/the-kiss-detail.webp\" class=\"attachment-full size-full wp-image-1831\" alt=\"Der Kuss im Detail\" srcset=\"https:\/\/belvederepalace.wientickets.org\/wp-content\/uploads\/2026\/01\/the-kiss-detail.webp 1024w, https:\/\/belvederepalace.wientickets.org\/wp-content\/uploads\/2026\/01\/the-kiss-detail-300x201.webp 300w, https:\/\/belvederepalace.wientickets.org\/wp-content\/uploads\/2026\/01\/the-kiss-detail-768x515.webp 768w\" sizes=\"(max-width: 1024px) 100vw, 1024px\" \/>\t\t\t\t\t\t\t\t\t\t\t\t\t\t\t<\/div>\n\t\t\t\t<\/div>\n\t\t\t\t<\/div>\n\t\t<div class=\"elementor-element elementor-element-820fa9e e-con-full e-flex e-con e-child\" data-id=\"820fa9e\" data-element_type=\"container\">\n\t\t\t\t<div class=\"elementor-element elementor-element-7ef3eb3 elementor-widget elementor-widget-heading\" data-id=\"7ef3eb3\" data-element_type=\"widget\" data-widget_type=\"heading.default\">\n\t\t\t\t<div class=\"elementor-widget-container\">\n\t\t\t\t\t<h3 class=\"elementor-heading-title elementor-size-default\">\u201eDer Kuss\u201c von Gustav Klimt<\/h3>\t\t\t\t<\/div>\n\t\t\t\t<\/div>\n\t\t\t\t<div class=\"elementor-element elementor-element-82da72f elementor-widget elementor-widget-text-editor\" data-id=\"82da72f\" data-element_type=\"widget\" data-widget_type=\"text-editor.default\">\n\t\t\t\t<div class=\"elementor-widget-container\">\n\t\t\t\t\t\t\t\t\t<p>Das Werk <a style=\"color: #7e0009;\" href=\"https:\/\/en.wikipedia.org\/wiki\/The_Kiss_(Klimt)\" target=\"_blank\" rel=\"noopener\"><i>Der Kuss<\/i><\/a> des K\u00fcnstlers <a style=\"color: #7e0009;\" href=\"https:\/\/en.wikipedia.org\/wiki\/Gustav_Klimt\" target=\"_blank\" rel=\"noopener\">Gustav Klimt<\/a> befindet sich in der ersten Etage des Oberen Belvedere, <a style=\"color: #7e0009;\" href=\"https:\/\/belvederepalace.wientickets.org\/de\/schloss-belvedere-innen\/\"><strong>in der der Wiener Secession gewidmeten Galerie<\/strong><\/a>. Das St\u00fcck verwendet Blattgold, um ein Paar in einer Umarmung auf einer bl\u00fchenden Wiese darzustellen. Seine Bedeutung liegt darin, dass es das Symbol der kulturellen Identit\u00e4t des Landes und das beste Beispiel f\u00fcr Klimts dekorativen Stil ist.<\/p><p>Die Lage des Werks erm\u00f6glicht es Ihnen, die Mosaiktechnik und die Verwendung von Materialien zu beobachten, die die Goldene Periode des K\u00fcnstlers definierten. Wie ein <a style=\"color: #7e0009;\" href=\"https:\/\/www.facebook.com\/groups\/1101346787289814\/posts\/1602121770545644\/\" target=\"_blank\" rel=\"noopener\">Facebook-Nutzer schreibt<\/a>, besitzt das Schloss f\u00fcr einige Besucher eine \u201ewunderbare Sammlung\u201c<strong> von Klimt<\/strong>, und sie betonen, dass \u201eseine Gem\u00e4lde unglaublich sind\u201c. <\/p><p><em>Foto: \u201eDetail aus Gustav Klimts \u201aDer Kuss\u2018, \u00d6sterreichische Nationalgalerie, Oberes Belvedere, Wien\u201c von <a style=\"color: #7e0009;\" href=\"https:\/\/www.flickr.com\/photos\/alex-david\/\" target=\"_blank\" rel=\"noopener\">Alex-David Baldi<\/a>.<\/em><\/p>\t\t\t\t\t\t\t\t<\/div>\n\t\t\t\t<\/div>\n\t\t\t\t<\/div>\n\t\t\t\t\t<\/div>\n\t\t\t\t<\/div>\n\t\t<div class=\"elementor-element elementor-element-b6d54a7 e-flex e-con-boxed e-con e-parent\" data-id=\"b6d54a7\" data-element_type=\"container\">\n\t\t\t\t\t<div class=\"e-con-inner\">\n\t\t\t\t<div class=\"elementor-element elementor-element-3d95ec8 elementor-widget elementor-widget-spacer\" data-id=\"3d95ec8\" data-element_type=\"widget\" data-widget_type=\"spacer.default\">\n\t\t\t\t<div class=\"elementor-widget-container\">\n\t\t\t\t\t\t\t<div class=\"elementor-spacer\">\n\t\t\t<div class=\"elementor-spacer-inner\"><\/div>\n\t\t<\/div>\n\t\t\t\t\t\t<\/div>\n\t\t\t\t<\/div>\n\t\t\t\t\t<\/div>\n\t\t\t\t<\/div>\n\t\t<div class=\"elementor-element elementor-element-bba28bb e-flex e-con-boxed e-con e-parent\" data-id=\"bba28bb\" data-element_type=\"container\">\n\t\t\t\t\t<div class=\"e-con-inner\">\n\t\t<div class=\"elementor-element elementor-element-34ff98d e-con-full e-flex e-con e-child\" data-id=\"34ff98d\" data-element_type=\"container\">\n\t\t\t\t<div class=\"elementor-element elementor-element-db69e2a elementor-widget elementor-widget-heading\" data-id=\"db69e2a\" data-element_type=\"widget\" data-widget_type=\"heading.default\">\n\t\t\t\t<div class=\"elementor-widget-container\">\n\t\t\t\t\t<h3 class=\"elementor-heading-title elementor-size-default\">Marmors\u00e4le<\/h3>\t\t\t\t<\/div>\n\t\t\t\t<\/div>\n\t\t\t\t<div class=\"elementor-element elementor-element-0768bfd elementor-widget elementor-widget-text-editor\" data-id=\"0768bfd\" data-element_type=\"widget\" data-widget_type=\"text-editor.default\">\n\t\t\t\t<div class=\"elementor-widget-container\">\n\t\t\t\t\t\t\t\t\t<p>Der Marmorsaal hat zwei Stockwerke und zeichnet sich durch seine mit r\u00f6tlichem marmorverkleideten W\u00e4nde, vergoldeten Verzierungen und ein Deckengem\u00e4lde aus, das <strong>die milit\u00e4rischen Siege von Prinz Eugen von Savoyen feiert, einem der prominentesten Feldherren seiner Zeit<\/strong>. <\/p><p>Die politische Bedeutung dieses Raums wurde am 15. Mai 1955 gefestigt, als Beamte dort den <a style=\"color: #7e0009;\" href=\"https:\/\/en.wikipedia.org\/wiki\/Austrian_State_Treaty\" target=\"_blank\" rel=\"noopener\">\u00f6sterreichischen Staatsvertrag<\/a> unterzeichneten. Dieses Dokument beendete die Besetzung durch die alliierten M\u00e4chte und stellte \u00d6sterreich als souver\u00e4nen und demokratischen Staat wieder her.<\/p><p>Von seinen Fenstern aus bietet der Saal eine symmetrische Perspektive auf die G\u00e4rten und die Stadt Wien. Die Architektur des Saals spiegelt <strong>die imperiale Macht der Zeit<\/strong> wider und dient als Kulisse f\u00fcr offizielle Veranstaltungen, wobei er seine Funktion als Symbol der modernen \u00f6sterreichischen Freiheit beibeh\u00e4lt. <\/p>\t\t\t\t\t\t\t\t<\/div>\n\t\t\t\t<\/div>\n\t\t\t\t<\/div>\n\t\t<div class=\"elementor-element elementor-element-98ef7e8 e-con-full e-flex e-con e-child\" data-id=\"98ef7e8\" data-element_type=\"container\">\n\t\t\t\t<div class=\"elementor-element elementor-element-93dc3d1 elementor-widget elementor-widget-image\" data-id=\"93dc3d1\" data-element_type=\"widget\" data-widget_type=\"image.default\">\n\t\t\t\t<div class=\"elementor-widget-container\">\n\t\t\t\t\t\t\t\t\t\t\t\t\t\t\t<img loading=\"lazy\" decoding=\"async\" width=\"800\" height=\"534\" src=\"https:\/\/belvederepalace.wientickets.org\/wp-content\/uploads\/2025\/11\/belvedere-marble-hall-1024x684.webp\" class=\"attachment-large size-large wp-image-1832\" alt=\"Marmorsaal Belvedere\" srcset=\"https:\/\/belvederepalace.wientickets.org\/wp-content\/uploads\/2025\/11\/belvedere-marble-hall-1024x684.webp 1024w, https:\/\/belvederepalace.wientickets.org\/wp-content\/uploads\/2025\/11\/belvedere-marble-hall-300x200.webp 300w, https:\/\/belvederepalace.wientickets.org\/wp-content\/uploads\/2025\/11\/belvedere-marble-hall-768x513.webp 768w, https:\/\/belvederepalace.wientickets.org\/wp-content\/uploads\/2025\/11\/belvedere-marble-hall.webp 1200w\" sizes=\"(max-width: 800px) 100vw, 800px\" \/>\t\t\t\t\t\t\t\t\t\t\t\t\t\t\t<\/div>\n\t\t\t\t<\/div>\n\t\t\t\t<\/div>\n\t\t\t\t\t<\/div>\n\t\t\t\t<\/div>\n\t\t<div class=\"elementor-element elementor-element-0983fef e-flex e-con-boxed e-con e-parent\" data-id=\"0983fef\" data-element_type=\"container\">\n\t\t\t\t\t<div class=\"e-con-inner\">\n\t\t\t\t<div class=\"elementor-element elementor-element-e24e1f4 elementor-widget elementor-widget-spacer\" data-id=\"e24e1f4\" data-element_type=\"widget\" data-widget_type=\"spacer.default\">\n\t\t\t\t<div class=\"elementor-widget-container\">\n\t\t\t\t\t\t\t<div class=\"elementor-spacer\">\n\t\t\t<div class=\"elementor-spacer-inner\"><\/div>\n\t\t<\/div>\n\t\t\t\t\t\t<\/div>\n\t\t\t\t<\/div>\n\t\t\t\t\t<\/div>\n\t\t\t\t<\/div>\n\t\t<div class=\"elementor-element elementor-element-293b254 e-flex e-con-boxed e-con e-parent\" data-id=\"293b254\" data-element_type=\"container\">\n\t\t\t\t\t<div class=\"e-con-inner\">\n\t\t<div class=\"elementor-element elementor-element-d94f46f e-con-full e-flex e-con e-child\" data-id=\"d94f46f\" data-element_type=\"container\">\n\t\t\t\t<div class=\"elementor-element elementor-element-cef7d27 elementor-widget elementor-widget-image\" data-id=\"cef7d27\" data-element_type=\"widget\" data-widget_type=\"image.default\">\n\t\t\t\t<div class=\"elementor-widget-container\">\n\t\t\t\t\t\t\t\t\t\t\t\t\t\t\t<img loading=\"lazy\" decoding=\"async\" width=\"800\" height=\"536\" src=\"https:\/\/belvederepalace.wientickets.org\/wp-content\/uploads\/2026\/01\/baroque-garden-belvedere-1024x686.webp\" class=\"attachment-large size-large wp-image-1597\" alt=\"Der Barockgarten\" srcset=\"https:\/\/belvederepalace.wientickets.org\/wp-content\/uploads\/2026\/01\/baroque-garden-belvedere-1024x686.webp 1024w, https:\/\/belvederepalace.wientickets.org\/wp-content\/uploads\/2026\/01\/baroque-garden-belvedere-300x201.webp 300w, https:\/\/belvederepalace.wientickets.org\/wp-content\/uploads\/2026\/01\/baroque-garden-belvedere-768x514.webp 768w, https:\/\/belvederepalace.wientickets.org\/wp-content\/uploads\/2026\/01\/baroque-garden-belvedere.webp 1280w\" sizes=\"(max-width: 800px) 100vw, 800px\" \/>\t\t\t\t\t\t\t\t\t\t\t\t\t\t\t<\/div>\n\t\t\t\t<\/div>\n\t\t\t\t<\/div>\n\t\t<div class=\"elementor-element elementor-element-dae2819 e-con-full e-flex e-con e-child\" data-id=\"dae2819\" data-element_type=\"container\">\n\t\t\t\t<div class=\"elementor-element elementor-element-0c5ca83 elementor-widget elementor-widget-heading\" data-id=\"0c5ca83\" data-element_type=\"widget\" data-widget_type=\"heading.default\">\n\t\t\t\t<div class=\"elementor-widget-container\">\n\t\t\t\t\t<h3 class=\"elementor-heading-title elementor-size-default\">Belvedere-G\u00e4rten<\/h3>\t\t\t\t<\/div>\n\t\t\t\t<\/div>\n\t\t\t\t<div class=\"elementor-element elementor-element-6451c56 elementor-widget elementor-widget-text-editor\" data-id=\"6451c56\" data-element_type=\"widget\" data-widget_type=\"text-editor.default\">\n\t\t\t\t<div class=\"elementor-widget-container\">\n\t\t\t\t\t\t\t\t\t<p>Die <a style=\"color: #7e0009;\" href=\"https:\/\/belvederepalace.wientickets.org\/de\/belvedere-schlossgarten-gaerten\/\">Belvedere-G\u00e4rten<\/a> verbinden den Oberen und den Unteren Palast durch ein Design im franz\u00f6sischen Stil, das von dem Architekten und Ingenieur <strong>Dominique Girard<\/strong> entworfen wurde. Der Raum folgt einem formalen Schema mit symmetrischen Parterres, Springbrunnen mit Wasserspielen, Wasserf\u00e4llen und mythologischen Skulpturen.<\/p><p>Ein <a style=\"color: #7e0009;\" href=\"https:\/\/www.tripadvisor.com\/FAQ_Answers-g190454-d245701-t8212793-I_am_planning_to_visit_the_Upper_and_Lower.html\" target=\"_blank\" rel=\"noopener\">Tripadvisor-Benutzer<\/a> schreibt: &#8222;Der attraktivste Teil des Schlosses Belvedere ist der spektakul\u00e4re Hintergarten zwischen dem Oberen und dem Unteren Schloss Belvedere. Von diesem hinteren Garten aus k\u00f6nnen Sie beide Palastgeb\u00e4ude und das Zentrum von Wien in der Ferne sehen.&#8220; Die Gestaltung des Gel\u00e4ndes nutzt das nat\u00fcrliche Gef\u00e4lle, um Terrassen mit <strong>Panoramablick<\/strong> zu schaffen.<\/p><p><em>Foto: \u201eSchlosspark Belvedere Wien\u201c von <a style=\"color: #7e0009;\" href=\"https:\/\/commons.wikimedia.org\/wiki\/User:LuMaBe\" target=\"_blank\" rel=\"noopener\">LuMaBe<\/a>.<\/em><\/p>\t\t\t\t\t\t\t\t<\/div>\n\t\t\t\t<\/div>\n\t\t\t\t<\/div>\n\t\t\t\t\t<\/div>\n\t\t\t\t<\/div>\n\t\t<div class=\"elementor-element elementor-element-c43caf5 e-flex e-con-boxed e-con e-parent\" data-id=\"c43caf5\" data-element_type=\"container\">\n\t\t\t\t\t<div class=\"e-con-inner\">\n\t\t\t\t<div class=\"elementor-element elementor-element-4e3160a elementor-widget elementor-widget-spacer\" data-id=\"4e3160a\" data-element_type=\"widget\" data-widget_type=\"spacer.default\">\n\t\t\t\t<div class=\"elementor-widget-container\">\n\t\t\t\t\t\t\t<div class=\"elementor-spacer\">\n\t\t\t<div class=\"elementor-spacer-inner\"><\/div>\n\t\t<\/div>\n\t\t\t\t\t\t<\/div>\n\t\t\t\t<\/div>\n\t\t\t\t\t<\/div>\n\t\t\t\t<\/div>\n\t\t<div class=\"elementor-element elementor-element-f3b099d e-flex e-con-boxed e-con e-parent\" data-id=\"f3b099d\" data-element_type=\"container\">\n\t\t\t\t\t<div class=\"e-con-inner\">\n\t\t<div class=\"elementor-element elementor-element-dabbfdf e-con-full e-flex e-con e-child\" data-id=\"dabbfdf\" data-element_type=\"container\">\n\t\t\t\t<div class=\"elementor-element elementor-element-8ab8f34 elementor-widget elementor-widget-heading\" data-id=\"8ab8f34\" data-element_type=\"widget\" data-widget_type=\"heading.default\">\n\t\t\t\t<div class=\"elementor-widget-container\">\n\t\t\t\t\t<h3 class=\"elementor-heading-title elementor-size-default\">B\u00fcsten von Franz Xaver Messerschmidt<\/h3>\t\t\t\t<\/div>\n\t\t\t\t<\/div>\n\t\t\t\t<div class=\"elementor-element elementor-element-09adb0b elementor-widget elementor-widget-text-editor\" data-id=\"09adb0b\" data-element_type=\"widget\" data-widget_type=\"text-editor.default\">\n\t\t\t\t<div class=\"elementor-widget-container\">\n\t\t\t\t\t\t\t\t\t<p>Das Belvedere beherbergt eine Reihe von Skulpturen des Barockk\u00fcnstlers Franz Xaver Messerschmidt, die als <strong>Charakterk\u00f6pfe<\/strong> bekannt sind. Diese St\u00fccke bestehen aus Metall- oder Alabasterb\u00fcsten, die extreme Gesichtsausdr\u00fccke und \u00fcbertriebene Gesten einfangen. Der K\u00fcnstler schuf diese Werke im 18. Jahrhundert und wich vom neoklassizistischen Idealismus ab, um die menschliche Physiognomie und Psychologie auf eine f\u00fcr seine Zeit radikale Weise zu erforschen.  <\/p><p>Jedes der Werke repr\u00e4sentiert einen bestimmten emotionalen oder physischen Zustand, wie G\u00e4hnen, Schmerz oder erzwungenes Lachen. Diese Skulpturen sind grundlegend f\u00fcr das Verst\u00e4ndnis des <strong>\u00dcbergangs zum Realismus<\/strong> und des Studiums der Emotionen in der plastischen Kunst.  <\/p><p>Die Lage der B\u00fcsten erm\u00f6glicht es den Besuchern, die anatomischen Details und die Gusstechnik, die Messerschmidt zur Dokumentation seiner Forschung \u00fcber das menschliche Gesicht verwendete, aus n\u00e4chster N\u00e4he zu w\u00fcrdigen.<\/p><p><em>Foto: \u201eFranz Xaver Messerschmidt &#8211; Charakterkopf\u201c von <a style=\"color: #7e0009;\" title=\"Benutzer:DALIBRI\" href=\"https:\/\/commons.wikimedia.org\/wiki\/User:DALIBRI\" target=\"_blank\" rel=\"noopener\"><bdi>DALIBRI<\/bdi><\/a>.<\/em><\/p>\t\t\t\t\t\t\t\t<\/div>\n\t\t\t\t<\/div>\n\t\t\t\t<\/div>\n\t\t<div class=\"elementor-element elementor-element-d5353ea e-con-full e-flex e-con e-child\" data-id=\"d5353ea\" data-element_type=\"container\">\n\t\t\t\t<div class=\"elementor-element elementor-element-bb0974c elementor-widget elementor-widget-image\" data-id=\"bb0974c\" data-element_type=\"widget\" data-widget_type=\"image.default\">\n\t\t\t\t<div class=\"elementor-widget-container\">\n\t\t\t\t\t\t\t\t\t\t\t\t\t\t\t<img loading=\"lazy\" decoding=\"async\" width=\"800\" height=\"563\" src=\"https:\/\/belvederepalace.wientickets.org\/wp-content\/uploads\/2025\/12\/messerschmidt-character-head.webp\" class=\"attachment-large size-large wp-image-1281\" alt=\"Messerschmidt-Charakterkopf\" srcset=\"https:\/\/belvederepalace.wientickets.org\/wp-content\/uploads\/2025\/12\/messerschmidt-character-head.webp 1024w, https:\/\/belvederepalace.wientickets.org\/wp-content\/uploads\/2025\/12\/messerschmidt-character-head-300x211.webp 300w, https:\/\/belvederepalace.wientickets.org\/wp-content\/uploads\/2025\/12\/messerschmidt-character-head-768x540.webp 768w\" sizes=\"(max-width: 800px) 100vw, 800px\" \/>\t\t\t\t\t\t\t\t\t\t\t\t\t\t\t<\/div>\n\t\t\t\t<\/div>\n\t\t\t\t<\/div>\n\t\t\t\t\t<\/div>\n\t\t\t\t<\/div>\n\t\t<div class=\"elementor-element elementor-element-6658001 e-flex e-con-boxed e-con e-parent\" data-id=\"6658001\" data-element_type=\"container\">\n\t\t\t\t\t<div class=\"e-con-inner\">\n\t\t\t\t<div class=\"elementor-element elementor-element-498420e elementor-widget elementor-widget-spacer\" data-id=\"498420e\" data-element_type=\"widget\" data-widget_type=\"spacer.default\">\n\t\t\t\t<div class=\"elementor-widget-container\">\n\t\t\t\t\t\t\t<div class=\"elementor-spacer\">\n\t\t\t<div class=\"elementor-spacer-inner\"><\/div>\n\t\t<\/div>\n\t\t\t\t\t\t<\/div>\n\t\t\t\t<\/div>\n\t\t\t\t\t<\/div>\n\t\t\t\t<\/div>\n\t\t<div class=\"elementor-element elementor-element-dbe4d2c e-flex e-con-boxed e-con e-parent\" data-id=\"dbe4d2c\" data-element_type=\"container\">\n\t\t\t\t\t<div class=\"e-con-inner\">\n\t\t<div class=\"elementor-element elementor-element-077b61b e-con-full e-flex e-con e-child\" data-id=\"077b61b\" data-element_type=\"container\">\n\t\t\t\t<div class=\"elementor-element elementor-element-5dd3970 elementor-widget elementor-widget-html\" data-id=\"5dd3970\" data-element_type=\"widget\" data-widget_type=\"html.default\">\n\t\t\t\t<div class=\"elementor-widget-container\">\n\t\t\t\t\t<div class=\"image-carousel-wrapper\">\r\n  <div class=\"image-carousel\">\r\n    <!-- Im\u00e1genes del Belvedere Palace -->\r\n    <div class=\"carousel-item active\">\r\n      <img decoding=\"async\" src=\"https:\/\/belvederepalace.wientickets.org\/wp-content\/uploads\/2026\/01\/napoleon-crossing-the-alps.webp\" alt=\"Napoleon \u00fcberquert die Alpen (Jacques-Louis David)\">\r\n    <\/div>\r\n    <div class=\"carousel-item\">\r\n      <img decoding=\"async\" src=\"https:\/\/belvederepalace.wientickets.org\/wp-content\/uploads\/2025\/11\/Mother-with-Two-Children-III-by-Egon-Schiele.jpg\" alt=\"Mutter mit zwei Kindern III (Egon Schiele)\">\r\n    <\/div>\r\n    <div class=\"carousel-item\">\r\n      <img decoding=\"async\" src=\"https:\/\/belvederepalace.wientickets.org\/wp-content\/uploads\/2026\/01\/the-plain-of-auvers.webp\" alt=\"Die Ebene von Auvers (Vincent van Gogh)\">\r\n    <\/div>\r\n    \r\n    <!-- Botones de navegaci\u00f3n -->\r\n    <button class=\"carousel-btn prev\" aria-label=\"Anterior\">\r\n      <svg width=\"24\" height=\"24\" viewbox=\"0 0 24 24\" fill=\"none\" stroke=\"currentColor\" stroke-width=\"2\">\r\n        <polyline points=\"15 18 9 12 15 6\"><\/polyline>\r\n      <\/polyline><\/svg>\r\n    <\/button>\r\n    <button class=\"carousel-btn next\" aria-label=\"Siguiente\">\r\n      <svg width=\"24\" height=\"24\" viewbox=\"0 0 24 24\" fill=\"none\" stroke=\"currentColor\" stroke-width=\"2\">\r\n        <polyline points=\"9 18 15 12 9 6\"><\/polyline>\r\n      <\/polyline><\/svg>\r\n    <\/button>\r\n    <div class=\"carousel-caption\"><\/div>\r\n  <\/div>\r\n  \r\n  \r\n  <!-- Indicadores -->\r\n  <div class=\"carousel-indicators\"><\/div>\r\n<\/div>\r\n\r\n<style>\r\n.image-carousel-wrapper {\r\n  width: 100%;\r\n  position: relative;\r\n}\r\n\r\n.image-carousel {\r\n  position: relative;\r\n  width: 100%;\r\n  height: 400px;\r\n  overflow: hidden;\r\n  border-radius: 8px;\r\n}\r\n\r\n.carousel-item {\r\n  position: absolute;\r\n  top: 0;\r\n  left: 0;\r\n  width: 100%;\r\n  height: 100%;\r\n  opacity: 0;\r\n  transition: opacity 0.5s ease-in-out;\r\n  pointer-events: none;\r\n}\r\n\r\n.carousel-item.active {\r\n  opacity: 1;\r\n  pointer-events: auto;\r\n}\r\n\r\n.carousel-item img {\r\n  width: 100%;\r\n  height: 400px;\r\n  object-fit: cover;\r\n  object-position: top center;\r\n  display: block;\r\n}\r\n\r\n.carousel-btn {\r\n  position: absolute;\r\n  top: 50%;\r\n  transform: translateY(-50%);\r\n  background: rgba(0, 0, 0, 0.5);\r\n  color: white;\r\n  border: none;\r\n  width: 45px;\r\n  height: 45px;\r\n  border-radius: 50%;\r\n  cursor: pointer;\r\n  display: flex;\r\n  align-items: center;\r\n  justify-content: center;\r\n  transition: background 0.3s ease;\r\n  z-index: 10;\r\n}\r\n\r\n\/* Asegurar que los SVG se vean correctamente *\/\r\n.carousel-btn svg {\r\n  display: block;\r\n  flex-shrink: 0;\r\n  width: 20px;\r\n  height: 20px;\r\n}\r\n\r\n.carousel-btn:hover {\r\n  background: rgba(0, 0, 0, 0.7);\r\n}\r\n\r\n.carousel-btn:focus {\r\n  background: #CE2B37;\r\n  outline: none;\r\n}\r\n\r\n.carousel-btn.prev {\r\n  left: 15px;\r\n}\r\n\r\n.carousel-btn.next {\r\n  right: 15px;\r\n}\r\n\r\n.carousel-indicators {\r\n  display: flex;\r\n  justify-content: center;\r\n  gap: 8px;\r\n  margin-top: 15px;\r\n}\r\n\r\n.carousel-indicator {\r\n  width: 10px;\r\n  height: 10px;\r\n  border-radius: 50%;\r\n  background: #ddd;\r\n  cursor: pointer;\r\n  transition: all 0.3s ease;\r\n}\r\n\r\n.carousel-indicator.active {\r\n  background: #333;\r\n  width: 30px;\r\n  border-radius: 5px;\r\n}\r\n\r\n\/* Mobile adjustments *\/\r\n@media (max-width: 768px) {\r\n  .carousel-btn {\r\n    width: 35px;\r\n    height: 35px;\r\n  }\r\n  \r\n  .carousel-btn.prev {\r\n    left: 10px;\r\n  }\r\n  \r\n  .carousel-btn.next {\r\n    right: 10px;\r\n  }\r\n  \r\n  .carousel-btn svg {\r\n    width: 18px;\r\n    height: 18px;\r\n  }\r\n}\r\n\r\n.carousel-caption {\r\n  position: absolute;\r\n  bottom: 15px;\r\n  left: 15px;\r\n  background: rgba(0, 0, 0, 0.6);\r\n  color: white;\r\n  padding: 10px 15px;\r\n  border-radius: 5px;\r\n  font-size: 14px;\r\n  max-width: 80%;\r\n  z-index: 10;\r\n}\r\n\r\n@media (max-width: 768px) {\r\n  .carousel-caption {\r\n    font-size: 12px;\r\n    padding: 8px 12px;\r\n    bottom: 10px;\r\n    left: 10px;\r\n  }\r\n}\r\n\r\n<\/style>\r\n\r\n<script>\r\ndocument.addEventListener('DOMContentLoaded', function() {\r\n  const carousels = document.querySelectorAll('.image-carousel-wrapper');\r\n  \r\n  carousels.forEach((wrapper) => {\r\n    const carousel = wrapper.querySelector('.image-carousel');\r\n    const items = carousel.querySelectorAll('.carousel-item');\r\n    const prevBtn = carousel.querySelector('.prev');\r\n    const nextBtn = carousel.querySelector('.next');\r\n    const indicatorsContainer = wrapper.querySelector('.carousel-indicators');\r\n    const caption = carousel.querySelector('.carousel-caption');\r\n    \r\n    let currentIndex = 0;\r\n    let autoplayInterval;\r\n    \r\n    \/\/ Variables para swipe\r\n    let touchStartX = 0;\r\n    let touchEndX = 0;\r\n    let touchStartY = 0;\r\n    let touchEndY = 0;\r\n    \r\n    items.forEach((_, index) => {\r\n      const indicator = document.createElement('div');\r\n      indicator.classList.add('carousel-indicator');\r\n      if (index === 0) indicator.classList.add('active');\r\n      indicator.addEventListener('click', () => {\r\n        stopAutoplay();\r\n        goToSlide(index);\r\n      });\r\n      indicatorsContainer.appendChild(indicator);\r\n    });\r\n    \r\n    const indicators = indicatorsContainer.querySelectorAll('.carousel-indicator');\r\n    \r\n    function updateCarousel() {\r\n      items.forEach((item, index) => {\r\n        item.classList.toggle('active', index === currentIndex);\r\n      });\r\n      \r\n      indicators.forEach((indicator, index) => {\r\n        indicator.classList.toggle('active', index === currentIndex);\r\n      });\r\n      \r\n      const currentImg = items[currentIndex].querySelector('img');\r\n      caption.textContent = currentImg.alt;\r\n    }\r\n    \r\n    function goToSlide(index) {\r\n      currentIndex = index;\r\n      updateCarousel();\r\n    }\r\n    \r\n    function nextSlide() {\r\n      currentIndex = (currentIndex + 1) % items.length;\r\n      updateCarousel();\r\n    }\r\n    \r\n    function prevSlide() {\r\n      currentIndex = (currentIndex - 1 + items.length) % items.length;\r\n      updateCarousel();\r\n    }\r\n    \r\n    function stopAutoplay() {\r\n      if (autoplayInterval) {\r\n        clearInterval(autoplayInterval);\r\n        autoplayInterval = null;\r\n      }\r\n    }\r\n    \r\n    \/\/ Detectar swipe\r\n    function handleSwipe() {\r\n      const diffX = touchEndX - touchStartX;\r\n      const diffY = Math.abs(touchEndY - touchStartY);\r\n      \r\n      \/\/ Solo procesar si el movimiento horizontal es mayor que el vertical\r\n      \/\/ y si el desplazamiento es suficiente (m\u00e1s de 50px)\r\n      if (Math.abs(diffX) > 50 && Math.abs(diffX) > diffY) {\r\n        stopAutoplay();\r\n        \r\n        if (diffX > 0) {\r\n          \/\/ Swipe derecha - ir a anterior\r\n          prevSlide();\r\n        } else {\r\n          \/\/ Swipe izquierda - ir a siguiente\r\n          nextSlide();\r\n        }\r\n      }\r\n    }\r\n    \r\n    \/\/ Event listeners para touch\r\n    carousel.addEventListener('touchstart', (e) => {\r\n      touchStartX = e.changedTouches[0].screenX;\r\n      touchStartY = e.changedTouches[0].screenY;\r\n    }, { passive: true });\r\n    \r\n    carousel.addEventListener('touchend', (e) => {\r\n      touchEndX = e.changedTouches[0].screenX;\r\n      touchEndY = e.changedTouches[0].screenY;\r\n      handleSwipe();\r\n    }, { passive: true });\r\n    \r\n    \/\/ Inicializar\r\n    updateCarousel();\r\n    \r\n    prevBtn.addEventListener('click', () => {\r\n      stopAutoplay();\r\n      prevSlide();\r\n    });\r\n    \r\n    nextBtn.addEventListener('click', () => {\r\n      stopAutoplay();\r\n      nextSlide();\r\n    });\r\n    \r\n    \/\/ Auto-play cada 6 segundos\r\n    autoplayInterval = setInterval(nextSlide, 6000);\r\n  });\r\n});\r\n<\/script>\t\t\t\t<\/div>\n\t\t\t\t<\/div>\n\t\t\t\t<\/div>\n\t\t<div class=\"elementor-element elementor-element-cec1461 e-con-full e-flex e-con e-child\" data-id=\"cec1461\" data-element_type=\"container\">\n\t\t\t\t<div class=\"elementor-element elementor-element-d09f5bb elementor-widget elementor-widget-heading\" data-id=\"d09f5bb\" data-element_type=\"widget\" data-widget_type=\"heading.default\">\n\t\t\t\t<div class=\"elementor-widget-container\">\n\t\t\t\t\t<h3 class=\"elementor-heading-title elementor-size-default\">St\u00e4ndige Sammlung<\/h3>\t\t\t\t<\/div>\n\t\t\t\t<\/div>\n\t\t\t\t<div class=\"elementor-element elementor-element-0c0c8a2 elementor-widget elementor-widget-text-editor\" data-id=\"0c0c8a2\" data-element_type=\"widget\" data-widget_type=\"text-editor.default\">\n\t\t\t\t<div class=\"elementor-widget-container\">\n\t\t\t\t\t\t\t\t\t<p>Die Dauerausstellung ist so aufgebaut, dass der Betrachter den \u00dcbergang zwischen sakraler Kunst, Biedermeier und modernen Avantgarden nachvollziehen kann. Wie ein <a style=\"color: #7e0009;\" href=\"https:\/\/www.reddit.com\/r\/Europetravel\/comments\/1h8ehyi\/if_i_had_to-pick-one-belvedere_palace_or\/\" target=\"_blank\" rel=\"noopener\">Benutzer auf Reddit<\/a> feststellt: \u201eDas Belvedere hat eine gro\u00dfartige Kunstsammlung\u201c, die <strong>eine chronologische Entwicklung von der mittelalterlichen Zeit bis zum 20. Jahrhundert darstellt<\/strong>. <\/p><p>Die R\u00e4ume beherbergen <strong>ikonische St\u00fccke<\/strong>, die die europ\u00e4ische und \u00f6sterreichische Kunstgeschichte definieren und einen integralen Blick auf die regionale \u00e4sthetische Entwicklung erm\u00f6glichen. Die Sammlung umfasst die folgenden hervorgehobenen Werke, K\u00fcnstler und Stile: <\/p><ul><li><i>Napoleon \u00fcberquert die Alpen<\/i> (Jacques-Louis David)<\/li><li>Mutter mit zwei Kindern III (Egon Schiele)<\/li><li><em>Die Ebene von Auvers<\/em> (Vincent van Gogh)<\/li><li>Oskar Kokoschka<\/li><li>Claude Monet<\/li><li>Auguste Rodin<\/li><li>L\u00e1szl\u00f3 Moholy-Nagy<\/li><li>Biedermeier<\/li><li>Franz\u00f6sischer Impressionismus<\/li><\/ul>\t\t\t\t\t\t\t\t<\/div>\n\t\t\t\t<\/div>\n\t\t\t\t<\/div>\n\t\t\t\t\t<\/div>\n\t\t\t\t<\/div>\n\t\t\t\t<section class=\"elementor-section elementor-top-section elementor-element elementor-element-622a773 elementor-section-boxed elementor-section-height-default elementor-section-height-default\" data-id=\"622a773\" data-element_type=\"section\">\n\t\t\t\t\t\t<div class=\"elementor-container elementor-column-gap-default\">\n\t\t\t\t\t<div class=\"elementor-column elementor-col-100 elementor-top-column elementor-element elementor-element-cc01ca0\" data-id=\"cc01ca0\" data-element_type=\"column\">\n\t\t\t<div class=\"elementor-widget-wrap elementor-element-populated\">\n\t\t\t\t\t\t<div class=\"elementor-element elementor-element-0fc9c94 elementor-widget elementor-widget-heading\" data-id=\"0fc9c94\" data-element_type=\"widget\" id=\"lower\" data-widget_type=\"heading.default\">\n\t\t\t\t<div class=\"elementor-widget-container\">\n\t\t\t\t\t<h2 class=\"elementor-heading-title elementor-size-default\">Was gibt es im Unteren Belvedere zu sehen?<\/h2>\t\t\t\t<\/div>\n\t\t\t\t<\/div>\n\t\t\t\t<div class=\"elementor-element elementor-element-71d57f6 elementor-widget elementor-widget-text-editor\" data-id=\"71d57f6\" data-element_type=\"widget\" data-widget_type=\"text-editor.default\">\n\t\t\t\t<div class=\"elementor-widget-container\">\n\t\t\t\t\t\t\t\t\t<p>Das Untere Belvedere ist haupts\u00e4chlich der Organisation von <strong>Wechselausstellungen<\/strong> gewidmet. Dar\u00fcber hinaus k\u00f6nnen Besucher die ehemaligen <strong>Privatwohnungen<\/strong> und <strong>Zeremoniens\u00e4le von Prinz Eugen<\/strong> besichtigen, die die urspr\u00fcngliche Dekoration des Barockpalastes bewahren. <\/p>\t\t\t\t\t\t\t\t<\/div>\n\t\t\t\t<\/div>\n\t\t\t\t\t<\/div>\n\t\t<\/div>\n\t\t\t\t\t<\/div>\n\t\t<\/section>\n\t\t<div class=\"elementor-element elementor-element-7216d66 e-flex e-con-boxed e-con e-parent\" data-id=\"7216d66\" data-element_type=\"container\">\n\t\t\t\t\t<div class=\"e-con-inner\">\n\t\t<div class=\"elementor-element elementor-element-a22f938 e-con-full e-flex e-con e-child\" data-id=\"a22f938\" data-element_type=\"container\">\n\t\t\t\t<div class=\"elementor-element elementor-element-1d147af elementor-widget elementor-widget-heading\" data-id=\"1d147af\" data-element_type=\"widget\" data-widget_type=\"heading.default\">\n\t\t\t\t<div class=\"elementor-widget-container\">\n\t\t\t\t\t<h3 class=\"elementor-heading-title elementor-size-default\">Prunkstall<\/h3>\t\t\t\t<\/div>\n\t\t\t\t<\/div>\n\t\t\t\t<div class=\"elementor-element elementor-element-fbd11d8 elementor-widget elementor-widget-text-editor\" data-id=\"fbd11d8\" data-element_type=\"widget\" data-widget_type=\"text-editor.default\">\n\t\t\t\t<div class=\"elementor-widget-container\">\n\t\t\t\t\t\t\t\t\t<p>Der Stallhof befindet sich am \u00f6stlichen Ende des Unteren Belvedere und dient heute als <strong>spezialisierte Ausstellungsfl\u00e4che<\/strong>. <\/p><p>Urspr\u00fcnglich beherbergte dieses Geb\u00e4ude die pers\u00f6nlichen Pferde von Prinz Eugen, aber nach einer Renovierung wurde es in die <strong>Belvedere-Schatzkammer<\/strong> umgewandelt, wo die Institution ihre Sammlung mittelalterlicher Kunst ausstellt, darunter Altarbilder, bemalte Tafeln und Holzskulpturen aus dem 14. und 15. Jahrhundert.<\/p><p>Die Innenarchitektur bewahrt Elemente ihrer urspr\u00fcnglichen Funktion, die f\u00fcr die Konservierung empfindlicher <strong>gotischer St\u00fccke<\/strong> angepasst wurden. <\/p><p>Die Lage des Stallhofs erm\u00f6glicht einen kontinuierlichen Fluss von den Hauptr\u00e4umen des Unteren Belvedere und bietet eine Perspektive auf die religi\u00f6se Hingabe und das Handwerk des Mittelalters im Alpenraum und in Mitteleuropa. Es ist ein empfehlenswerter Stopp, um die Urspr\u00fcnge der \u00f6sterreichischen Kunst vor der Renaissance zu verstehen. <\/p>\t\t\t\t\t\t\t\t<\/div>\n\t\t\t\t<\/div>\n\t\t\t\t<\/div>\n\t\t<div class=\"elementor-element elementor-element-967b35e e-con-full e-flex e-con e-child\" data-id=\"967b35e\" data-element_type=\"container\">\n\t\t\t\t<div class=\"elementor-element elementor-element-36ba7f3 elementor-widget elementor-widget-image\" data-id=\"36ba7f3\" data-element_type=\"widget\" data-widget_type=\"image.default\">\n\t\t\t\t<div class=\"elementor-widget-container\">\n\t\t\t\t\t\t\t\t\t\t\t\t\t\t\t<img loading=\"lazy\" decoding=\"async\" width=\"800\" height=\"534\" src=\"https:\/\/belvederepalace.wientickets.org\/wp-content\/uploads\/2025\/11\/lower-belvedere-1-1024x683.webp\" class=\"attachment-large size-large wp-image-703\" alt=\"Unteres Belvedere\" srcset=\"https:\/\/belvederepalace.wientickets.org\/wp-content\/uploads\/2025\/11\/lower-belvedere-1-1024x683.webp 1024w, https:\/\/belvederepalace.wientickets.org\/wp-content\/uploads\/2025\/11\/lower-belvedere-1-300x200.webp 300w, https:\/\/belvederepalace.wientickets.org\/wp-content\/uploads\/2025\/11\/lower-belvedere-1-768x512.webp 768w, https:\/\/belvederepalace.wientickets.org\/wp-content\/uploads\/2025\/11\/lower-belvedere-1.webp 1200w\" sizes=\"(max-width: 800px) 100vw, 800px\" \/>\t\t\t\t\t\t\t\t\t\t\t\t\t\t\t<\/div>\n\t\t\t\t<\/div>\n\t\t\t\t<\/div>\n\t\t\t\t\t<\/div>\n\t\t\t\t<\/div>\n\t\t<div class=\"elementor-element elementor-element-cc93eae e-flex e-con-boxed e-con e-parent\" data-id=\"cc93eae\" data-element_type=\"container\">\n\t\t\t\t\t<div class=\"e-con-inner\">\n\t\t\t\t<div class=\"elementor-element elementor-element-7bb67d6 elementor-widget elementor-widget-spacer\" data-id=\"7bb67d6\" data-element_type=\"widget\" data-widget_type=\"spacer.default\">\n\t\t\t\t<div class=\"elementor-widget-container\">\n\t\t\t\t\t\t\t<div class=\"elementor-spacer\">\n\t\t\t<div class=\"elementor-spacer-inner\"><\/div>\n\t\t<\/div>\n\t\t\t\t\t\t<\/div>\n\t\t\t\t<\/div>\n\t\t\t\t\t<\/div>\n\t\t\t\t<\/div>\n\t\t<div class=\"elementor-element elementor-element-6d7d75f e-flex e-con-boxed e-con e-parent\" data-id=\"6d7d75f\" data-element_type=\"container\">\n\t\t\t\t\t<div class=\"e-con-inner\">\n\t\t<div class=\"elementor-element elementor-element-29bf65f e-con-full e-flex e-con e-child\" data-id=\"29bf65f\" data-element_type=\"container\">\n\t\t\t\t<div class=\"elementor-element elementor-element-a64af1c elementor-widget elementor-widget-image\" data-id=\"a64af1c\" data-element_type=\"widget\" data-widget_type=\"image.default\">\n\t\t\t\t<div class=\"elementor-widget-container\">\n\t\t\t\t\t\t\t\t\t\t\t\t\t\t\t<img loading=\"lazy\" decoding=\"async\" width=\"800\" height=\"600\" src=\"https:\/\/belvederepalace.wientickets.org\/wp-content\/uploads\/2025\/11\/golden-hall-belvedere-palace.webp\" class=\"attachment-large size-large wp-image-1833\" alt=\"Goldener Saal Belvedere\" srcset=\"https:\/\/belvederepalace.wientickets.org\/wp-content\/uploads\/2025\/11\/golden-hall-belvedere-palace.webp 960w, https:\/\/belvederepalace.wientickets.org\/wp-content\/uploads\/2025\/11\/golden-hall-belvedere-palace-300x225.webp 300w, https:\/\/belvederepalace.wientickets.org\/wp-content\/uploads\/2025\/11\/golden-hall-belvedere-palace-768x576.webp 768w\" sizes=\"(max-width: 800px) 100vw, 800px\" \/>\t\t\t\t\t\t\t\t\t\t\t\t\t\t\t<\/div>\n\t\t\t\t<\/div>\n\t\t\t\t<\/div>\n\t\t<div class=\"elementor-element elementor-element-c451609 e-con-full e-flex e-con e-child\" data-id=\"c451609\" data-element_type=\"container\">\n\t\t\t\t<div class=\"elementor-element elementor-element-e4726c5 elementor-widget elementor-widget-heading\" data-id=\"e4726c5\" data-element_type=\"widget\" data-widget_type=\"heading.default\">\n\t\t\t\t<div class=\"elementor-widget-container\">\n\t\t\t\t\t<h3 class=\"elementor-heading-title elementor-size-default\">Wechselausstellungen<\/h3>\t\t\t\t<\/div>\n\t\t\t\t<\/div>\n\t\t\t\t<div class=\"elementor-element elementor-element-8404fee elementor-widget elementor-widget-text-editor\" data-id=\"8404fee\" data-element_type=\"widget\" data-widget_type=\"text-editor.default\">\n\t\t\t\t<div class=\"elementor-widget-container\">\n\t\t\t\t\t\t\t\t\t<p><a style=\"color: #7e0009;\" href=\"https:\/\/belvederepalace.wientickets.org\/de\/unteres-belvedere\/\">Tempor\u00e4re Ausstellungen im Unteren Belvedere<\/a> bieten eine Analyse bestimmter K\u00fcnstler oder bestimmter historischer Perioden. Diese <strong>wechselnden Veranstaltungen<\/strong> erm\u00f6glichen es dem Museum, St\u00fccke zu zeigen, die nicht Teil der st\u00e4ndigen Sammlung sind.  <\/p><p>Die Pr\u00e4sentation in historischen R\u00e4umen, wie der Marmorgalerie oder dem Goldkabinett, verleiht den ausgestellten Werken einen einzigartigen Kontextwert.<\/p><p>Die Ausstellungen <strong>wechseln in der Regel alle paar Monate<\/strong> und decken Themen ab, die vom Symbolismus bis zur internationalen Moderne reichen. Diese Rotation stellt sicher, dass jeder Besuch des Schlosses eine einzigartige und aktuelle Erfahrung in Bezug auf kunsthistorische Trends und Forschung bietet. <\/p><p><em>Foto: \u201eBelvedere im Winter &#8211; Interieur des Unteren Belvedere\u201c von <a style=\"color: #7e0009;\" href=\"https:\/\/commons.wikimedia.org\/wiki\/User:Deror_avi\" target=\"_blank\" rel=\"noopener\">Deror avi<\/a>.<\/em><\/p>\t\t\t\t\t\t\t\t<\/div>\n\t\t\t\t<\/div>\n\t\t\t\t<\/div>\n\t\t\t\t\t<\/div>\n\t\t\t\t<\/div>\n\t\t<div class=\"elementor-element elementor-element-72e3285 e-flex e-con-boxed e-con e-parent\" data-id=\"72e3285\" data-element_type=\"container\">\n\t\t\t\t\t<div class=\"e-con-inner\">\n\t\t\t\t<div class=\"elementor-element elementor-element-0eb37d4 elementor-widget elementor-widget-spacer\" data-id=\"0eb37d4\" data-element_type=\"widget\" data-widget_type=\"spacer.default\">\n\t\t\t\t<div class=\"elementor-widget-container\">\n\t\t\t\t\t\t\t<div class=\"elementor-spacer\">\n\t\t\t<div class=\"elementor-spacer-inner\"><\/div>\n\t\t<\/div>\n\t\t\t\t\t\t<\/div>\n\t\t\t\t<\/div>\n\t\t\t\t\t<\/div>\n\t\t\t\t<\/div>\n\t\t<div class=\"elementor-element elementor-element-cd387b2 e-flex e-con-boxed e-con e-parent\" data-id=\"cd387b2\" data-element_type=\"container\">\n\t\t\t\t\t<div class=\"e-con-inner\">\n\t\t<div class=\"elementor-element elementor-element-d75dd1c e-con-full e-flex e-con e-child\" data-id=\"d75dd1c\" data-element_type=\"container\">\n\t\t\t\t<div class=\"elementor-element elementor-element-6e9204e elementor-widget elementor-widget-heading\" data-id=\"6e9204e\" data-element_type=\"widget\" data-widget_type=\"heading.default\">\n\t\t\t\t<div class=\"elementor-widget-container\">\n\t\t\t\t\t<h3 class=\"elementor-heading-title elementor-size-default\">Orangerie<\/h3>\t\t\t\t<\/div>\n\t\t\t\t<\/div>\n\t\t\t\t<div class=\"elementor-element elementor-element-6f913fa elementor-widget elementor-widget-text-editor\" data-id=\"6f913fa\" data-element_type=\"widget\" data-widget_type=\"text-editor.default\">\n\t\t\t\t<div class=\"elementor-widget-container\">\n\t\t\t\t\t\t\t\t\t<p>Die Orangerie befindet sich neben dem Unteren Belvedere. Sie diente urspr\u00fcnglich als Gew\u00e4chshaus f\u00fcr exotische Pflanzen im Winter, insbesondere f\u00fcr Orangenb\u00e4ume. Heute ist dieses Geb\u00e4ude eine <strong>Ausstellungshalle<\/strong>, die die barocke Struktur mit einem minimalistischen Innendesign verbindet.  <\/p><p>Seine Architektur zeichnet sich durch die gro\u00dfen nach S\u00fcden ausgerichteten Fenster aus, die Sonnenlicht f\u00fcr die Vegetation eindringen lie\u00dfen. Der \u00dcbergang vom Gew\u00e4chshaus zur Kunstgalerie spiegelt die <strong>Anpassungsf\u00e4higkeit des Belvedere-Komplexes<\/strong> an aktuelle kulturelle Bed\u00fcrfnisse wider.  <\/p><p>Seine Lage auf der unteren Ebene des Gartens macht es nach der Besichtigung der Privatwohnungen leicht zug\u00e4nglich und bietet einen bedeutenden architektonischen Kontrast zwischen dem opulenten Barock und der modernen Funktionalit\u00e4t aktueller Museen.<\/p>\t\t\t\t\t\t\t\t<\/div>\n\t\t\t\t<\/div>\n\t\t\t\t<\/div>\n\t\t<div class=\"elementor-element elementor-element-4cb2fe9 e-con-full e-flex e-con e-child\" data-id=\"4cb2fe9\" data-element_type=\"container\">\n\t\t\t\t<div class=\"elementor-element elementor-element-ab91911 elementor-widget elementor-widget-image\" data-id=\"ab91911\" data-element_type=\"widget\" data-widget_type=\"image.default\">\n\t\t\t\t<div class=\"elementor-widget-container\">\n\t\t\t\t\t\t\t\t\t\t\t\t\t\t\t<img loading=\"lazy\" decoding=\"async\" width=\"800\" height=\"530\" src=\"https:\/\/belvederepalace.wientickets.org\/wp-content\/uploads\/2025\/11\/Orangery-Lower-Belvedere.webp\" class=\"attachment-large size-large wp-image-1834\" alt=\"Orangerie im Unteren Belvedere\" srcset=\"https:\/\/belvederepalace.wientickets.org\/wp-content\/uploads\/2025\/11\/Orangery-Lower-Belvedere.webp 1024w, https:\/\/belvederepalace.wientickets.org\/wp-content\/uploads\/2025\/11\/Orangery-Lower-Belvedere-300x199.webp 300w, https:\/\/belvederepalace.wientickets.org\/wp-content\/uploads\/2025\/11\/Orangery-Lower-Belvedere-768x509.webp 768w\" sizes=\"(max-width: 800px) 100vw, 800px\" \/>\t\t\t\t\t\t\t\t\t\t\t\t\t\t\t<\/div>\n\t\t\t\t<\/div>\n\t\t\t\t<\/div>\n\t\t\t\t\t<\/div>\n\t\t\t\t<\/div>\n\t\t\t\t<section class=\"elementor-section elementor-top-section elementor-element elementor-element-a621f56 elementor-section-boxed elementor-section-height-default elementor-section-height-default\" data-id=\"a621f56\" data-element_type=\"section\">\n\t\t\t\t\t\t<div class=\"elementor-container elementor-column-gap-default\">\n\t\t\t\t\t<div class=\"elementor-column elementor-col-100 elementor-top-column elementor-element elementor-element-b650527\" data-id=\"b650527\" data-element_type=\"column\">\n\t\t\t<div class=\"elementor-widget-wrap elementor-element-populated\">\n\t\t\t\t\t\t<div class=\"elementor-element elementor-element-712336c elementor-widget elementor-widget-heading\" data-id=\"712336c\" data-element_type=\"widget\" id=\"belvedere21\" data-widget_type=\"heading.default\">\n\t\t\t\t<div class=\"elementor-widget-container\">\n\t\t\t\t\t<h2 class=\"elementor-heading-title elementor-size-default\">Was gibt es im Belvedere 21 zu sehen?<\/h2>\t\t\t\t<\/div>\n\t\t\t\t<\/div>\n\t\t\t\t<div class=\"elementor-element elementor-element-1965c3b elementor-widget elementor-widget-text-editor\" data-id=\"1965c3b\" data-element_type=\"widget\" data-widget_type=\"text-editor.default\">\n\t\t\t\t<div class=\"elementor-widget-container\">\n\t\t\t\t\t\t\t\t\t<p>Das Belvedere 21 repr\u00e4sentiert die zeitgen\u00f6ssische Facette des Komplexes und konzentriert sich auf Kunst des 20. und 21. Jahrhunderts. Dieses Geb\u00e4ude der Nachkriegsmoderne, entworfen von Karl Schwanzer, bietet <strong>Wechselausstellungen<\/strong>, einen <strong>Skulpturengarten<\/strong> und ein <strong>Kino<\/strong>. <\/p>\t\t\t\t\t\t\t\t<\/div>\n\t\t\t\t<\/div>\n\t\t\t\t\t<\/div>\n\t\t<\/div>\n\t\t\t\t\t<\/div>\n\t\t<\/section>\n\t\t<div class=\"elementor-element elementor-element-0a3b962 e-flex e-con-boxed e-con e-parent\" data-id=\"0a3b962\" data-element_type=\"container\">\n\t\t\t\t\t<div class=\"e-con-inner\">\n\t\t<div class=\"elementor-element elementor-element-e969836 e-con-full e-flex e-con e-child\" data-id=\"e969836\" data-element_type=\"container\">\n\t\t\t\t<div class=\"elementor-element elementor-element-acc7209 elementor-widget elementor-widget-image\" data-id=\"acc7209\" data-element_type=\"widget\" data-widget_type=\"image.default\">\n\t\t\t\t<div class=\"elementor-widget-container\">\n\t\t\t\t\t\t\t\t\t\t\t\t\t\t\t<img loading=\"lazy\" decoding=\"async\" width=\"800\" height=\"577\" src=\"https:\/\/belvederepalace.wientickets.org\/wp-content\/uploads\/2026\/01\/exhibition-belvedere-21-1024x738.webp\" class=\"attachment-large size-large wp-image-1835\" alt=\"Ausstellung im Belvedere 21\" srcset=\"https:\/\/belvederepalace.wientickets.org\/wp-content\/uploads\/2026\/01\/exhibition-belvedere-21-1024x738.webp 1024w, https:\/\/belvederepalace.wientickets.org\/wp-content\/uploads\/2026\/01\/exhibition-belvedere-21-300x216.webp 300w, https:\/\/belvederepalace.wientickets.org\/wp-content\/uploads\/2026\/01\/exhibition-belvedere-21-768x553.webp 768w, https:\/\/belvederepalace.wientickets.org\/wp-content\/uploads\/2026\/01\/exhibition-belvedere-21.webp 1280w\" sizes=\"(max-width: 800px) 100vw, 800px\" \/>\t\t\t\t\t\t\t\t\t\t\t\t\t\t\t<\/div>\n\t\t\t\t<\/div>\n\t\t\t\t<\/div>\n\t\t<div class=\"elementor-element elementor-element-5f3b843 e-con-full e-flex e-con e-child\" data-id=\"5f3b843\" data-element_type=\"container\">\n\t\t\t\t<div class=\"elementor-element elementor-element-dc163c5 elementor-widget elementor-widget-heading\" data-id=\"dc163c5\" data-element_type=\"widget\" data-widget_type=\"heading.default\">\n\t\t\t\t<div class=\"elementor-widget-container\">\n\t\t\t\t\t<h3 class=\"elementor-heading-title elementor-size-default\">Wechselausstellungen<\/h3>\t\t\t\t<\/div>\n\t\t\t\t<\/div>\n\t\t\t\t<div class=\"elementor-element elementor-element-5baab11 elementor-widget elementor-widget-text-editor\" data-id=\"5baab11\" data-element_type=\"widget\" data-widget_type=\"text-editor.default\">\n\t\t\t\t<div class=\"elementor-widget-container\">\n\t\t\t\t\t\t\t\t\t<p>Das Belvedere 21 fungiert als <strong>dynamische Plattform f\u00fcr zeitgen\u00f6ssische Kunst<\/strong> und pr\u00e4sentiert Wechselausstellungen nationaler und internationaler K\u00fcnstler, die von der Nachkriegszeit bis heute aktiv sind. Im Gegensatz zu den historischen Pal\u00e4sten konzentriert sich dieser Raum auf soziale Themen, Medienexperimente und neue visuelle Erz\u00e4hlungen. <\/p><p>Die Bedeutung dieser Ausstellungen liegt in ihrer F\u00e4higkeit, aktuelle Angelegenheiten zu hinterfragen und <strong>die Entwicklung der j\u00fcngsten Wiener Kunstszene zu zeigen<\/strong>. Besucher finden Videos, Fotografien, zeitgen\u00f6ssische Gem\u00e4lde und interdisziplin\u00e4re Projekte. Das Programm zielt darauf ab, das historische Erbe des Belvedere mit den Anliegen der Gegenwart zu verbinden.  <\/p><p><em>Foto: \u201eBelvedere 21\u201c von Tudoi61.<\/em><\/p>\t\t\t\t\t\t\t\t<\/div>\n\t\t\t\t<\/div>\n\t\t\t\t<\/div>\n\t\t\t\t\t<\/div>\n\t\t\t\t<\/div>\n\t\t<div class=\"elementor-element elementor-element-81c39d8 e-flex e-con-boxed e-con e-parent\" data-id=\"81c39d8\" data-element_type=\"container\">\n\t\t\t\t\t<div class=\"e-con-inner\">\n\t\t\t\t<div class=\"elementor-element elementor-element-df7cfa8 elementor-widget elementor-widget-spacer\" data-id=\"df7cfa8\" data-element_type=\"widget\" data-widget_type=\"spacer.default\">\n\t\t\t\t<div class=\"elementor-widget-container\">\n\t\t\t\t\t\t\t<div class=\"elementor-spacer\">\n\t\t\t<div class=\"elementor-spacer-inner\"><\/div>\n\t\t<\/div>\n\t\t\t\t\t\t<\/div>\n\t\t\t\t<\/div>\n\t\t\t\t\t<\/div>\n\t\t\t\t<\/div>\n\t\t<div class=\"elementor-element elementor-element-1d21fef e-flex e-con-boxed e-con e-parent\" data-id=\"1d21fef\" data-element_type=\"container\">\n\t\t\t\t\t<div class=\"e-con-inner\">\n\t\t<div class=\"elementor-element elementor-element-b0e35c2 e-con-full e-flex e-con e-child\" data-id=\"b0e35c2\" data-element_type=\"container\">\n\t\t\t\t<div class=\"elementor-element elementor-element-fa959ca elementor-widget elementor-widget-heading\" data-id=\"fa959ca\" data-element_type=\"widget\" data-widget_type=\"heading.default\">\n\t\t\t\t<div class=\"elementor-widget-container\">\n\t\t\t\t\t<h3 class=\"elementor-heading-title elementor-size-default\">Skulpturengarten<\/h3>\t\t\t\t<\/div>\n\t\t\t\t<\/div>\n\t\t\t\t<div class=\"elementor-element elementor-element-c3f6071 elementor-widget elementor-widget-text-editor\" data-id=\"c3f6071\" data-element_type=\"widget\" data-widget_type=\"text-editor.default\">\n\t\t\t\t<div class=\"elementor-widget-container\">\n\t\t\t\t\t\t\t\t\t<p>Der Skulpturengarten des Belvedere 21 ist <a style=\"color: #7e0009;\" href=\"https:\/\/belvederepalace.wientickets.org\/de\/belvedere-schlossgarten-gaerten\/\">einer der G\u00e4rten des Komplexes<\/a>. Dieser Raum umgibt das modernistische Geb\u00e4ude und <strong>beherbergt dreidimensionale Werke von zeitgen\u00f6ssischen K\u00fcnstlern<\/strong>. Der Garten fungiert als Erweiterung der inneren Galerien.<\/p><p>Die Au\u00dfensammlung umfasst permanente Werke und Leihgaben, die Form, Material und \u00f6ffentlichen Raum erforschen. Seine Bedeutung liegt darin, eine zug\u00e4ngliche \u00e4sthetische Erfahrung ohne die Einschr\u00e4nkungen einer geschlossenen Galerieumgebung zu bieten. <strong>Eines der ausgestellten Werke ist \u201eB-Girls, go!\u201c von Maru\u0161a Sagadin<\/strong>, das eine Baseballkappe durch Pop-Art neu interpretiert. <\/p><p><em>Foto: \u201eMarusa Sagadin &#8211; B-Girls, Go!\u201c von <a style=\"color: #7e0009;\" href=\"https:\/\/commons.wikimedia.org\/wiki\/User:1rhb\" target=\"_blank\" rel=\"noopener\">1rhb<\/a>.<\/em><\/p>\t\t\t\t\t\t\t\t<\/div>\n\t\t\t\t<\/div>\n\t\t\t\t<\/div>\n\t\t<div class=\"elementor-element elementor-element-543f42d e-con-full e-flex e-con e-child\" data-id=\"543f42d\" data-element_type=\"container\">\n\t\t\t\t<div class=\"elementor-element elementor-element-1d120f1 elementor-widget elementor-widget-image\" data-id=\"1d120f1\" data-element_type=\"widget\" data-widget_type=\"image.default\">\n\t\t\t\t<div class=\"elementor-widget-container\">\n\t\t\t\t\t\t\t\t\t\t\t\t\t\t\t<img loading=\"lazy\" decoding=\"async\" width=\"800\" height=\"533\" src=\"https:\/\/belvederepalace.wientickets.org\/wp-content\/uploads\/2026\/01\/b-girls-go-sculpture-by-marusa-sagadin-1024x682.webp\" class=\"attachment-large size-large wp-image-1599\" alt=\"\u201eB-Girls, go!\u201c Skulptur von Maru\u0161a Sagadin\" srcset=\"https:\/\/belvederepalace.wientickets.org\/wp-content\/uploads\/2026\/01\/b-girls-go-sculpture-by-marusa-sagadin-1024x682.webp 1024w, https:\/\/belvederepalace.wientickets.org\/wp-content\/uploads\/2026\/01\/b-girls-go-sculpture-by-marusa-sagadin-300x200.webp 300w, https:\/\/belvederepalace.wientickets.org\/wp-content\/uploads\/2026\/01\/b-girls-go-sculpture-by-marusa-sagadin-768x511.webp 768w, https:\/\/belvederepalace.wientickets.org\/wp-content\/uploads\/2026\/01\/b-girls-go-sculpture-by-marusa-sagadin.webp 1280w\" sizes=\"(max-width: 800px) 100vw, 800px\" \/>\t\t\t\t\t\t\t\t\t\t\t\t\t\t\t<\/div>\n\t\t\t\t<\/div>\n\t\t\t\t<\/div>\n\t\t\t\t\t<\/div>\n\t\t\t\t<\/div>\n\t\t<div class=\"elementor-element elementor-element-f8e88a9 e-flex e-con-boxed e-con e-parent\" data-id=\"f8e88a9\" data-element_type=\"container\">\n\t\t\t\t\t<div class=\"e-con-inner\">\n\t\t\t\t<div class=\"elementor-element elementor-element-966f9f8 elementor-widget elementor-widget-spacer\" data-id=\"966f9f8\" data-element_type=\"widget\" data-widget_type=\"spacer.default\">\n\t\t\t\t<div class=\"elementor-widget-container\">\n\t\t\t\t\t\t\t<div class=\"elementor-spacer\">\n\t\t\t<div class=\"elementor-spacer-inner\"><\/div>\n\t\t<\/div>\n\t\t\t\t\t\t<\/div>\n\t\t\t\t<\/div>\n\t\t\t\t\t<\/div>\n\t\t\t\t<\/div>\n\t\t<div class=\"elementor-element elementor-element-e112cff e-flex e-con-boxed e-con e-parent\" data-id=\"e112cff\" data-element_type=\"container\">\n\t\t\t\t\t<div class=\"e-con-inner\">\n\t\t<div class=\"elementor-element elementor-element-aab86b8 e-con-full e-flex e-con e-child\" data-id=\"aab86b8\" data-element_type=\"container\">\n\t\t\t\t<div class=\"elementor-element elementor-element-2f7262c elementor-widget elementor-widget-image\" data-id=\"2f7262c\" data-element_type=\"widget\" data-widget_type=\"image.default\">\n\t\t\t\t<div class=\"elementor-widget-container\">\n\t\t\t\t\t\t\t\t\t\t\t\t\t\t\t<img loading=\"lazy\" decoding=\"async\" width=\"800\" height=\"405\" src=\"https:\/\/belvederepalace.wientickets.org\/wp-content\/uploads\/2024\/08\/belvedere-21-1024x518.webp\" class=\"attachment-large size-large wp-image-419\" alt=\"\" srcset=\"https:\/\/belvederepalace.wientickets.org\/wp-content\/uploads\/2024\/08\/belvedere-21-1024x518.webp 1024w, https:\/\/belvederepalace.wientickets.org\/wp-content\/uploads\/2024\/08\/belvedere-21-300x152.webp 300w, https:\/\/belvederepalace.wientickets.org\/wp-content\/uploads\/2024\/08\/belvedere-21-768x388.webp 768w, https:\/\/belvederepalace.wientickets.org\/wp-content\/uploads\/2024\/08\/belvedere-21.webp 1100w\" sizes=\"(max-width: 800px) 100vw, 800px\" \/>\t\t\t\t\t\t\t\t\t\t\t\t\t\t\t<\/div>\n\t\t\t\t<\/div>\n\t\t\t\t<\/div>\n\t\t<div class=\"elementor-element elementor-element-5fdef3b e-con-full e-flex e-con e-child\" data-id=\"5fdef3b\" data-element_type=\"container\">\n\t\t\t\t<div class=\"elementor-element elementor-element-fab9e31 elementor-widget elementor-widget-heading\" data-id=\"fab9e31\" data-element_type=\"widget\" data-widget_type=\"heading.default\">\n\t\t\t\t<div class=\"elementor-widget-container\">\n\t\t\t\t\t<h3 class=\"elementor-heading-title elementor-size-default\">Kino und Architektur (Blickle Kino)<\/h3>\t\t\t\t<\/div>\n\t\t\t\t<\/div>\n\t\t\t\t<div class=\"elementor-element elementor-element-38fa873 elementor-widget elementor-widget-text-editor\" data-id=\"38fa873\" data-element_type=\"widget\" data-widget_type=\"text-editor.default\">\n\t\t\t\t<div class=\"elementor-widget-container\">\n\t\t\t\t\t\t\t\t\t<p>Das Belvedere 21 zeichnet sich auch dadurch aus, dass es das <strong>Blickle Kino<\/strong> beherbergt, das <strong>einzige Kino in Wien, das sein urspr\u00fcngliches Design der 1950er Jahre bewahrt hat<\/strong>. Dieser Vorf\u00fchrraum ist ein grundlegendes St\u00fcck Nachkriegsarchitektur und wird f\u00fcr Autorenfilmzyklen, Kunstdokumentationen und akademische Pr\u00e4sentationen genutzt. Das Design des Kinos mit seinen Retro-M\u00f6beln und seiner \u00c4sthetik bietet dem Geb\u00e4ude einen zus\u00e4tzlichen historischen Wert.  <\/p>\t\t\t\t\t\t\t\t<\/div>\n\t\t\t\t<\/div>\n\t\t\t\t<\/div>\n\t\t\t\t\t<\/div>\n\t\t\t\t<\/div>\n\t\t\t\t<section class=\"elementor-section elementor-top-section elementor-element elementor-element-3606eb5 elementor-section-boxed elementor-section-height-default elementor-section-height-default\" data-id=\"3606eb5\" data-element_type=\"section\">\n\t\t\t\t\t\t<div class=\"elementor-container elementor-column-gap-default\">\n\t\t\t\t\t<div class=\"elementor-column elementor-col-100 elementor-top-column elementor-element elementor-element-0967684\" data-id=\"0967684\" data-element_type=\"column\">\n\t\t\t<div class=\"elementor-widget-wrap elementor-element-populated\">\n\t\t\t\t\t\t<div class=\"elementor-element elementor-element-de7300a elementor-widget elementor-widget-text-editor\" data-id=\"de7300a\" data-element_type=\"widget\" data-widget_type=\"text-editor.default\">\n\t\t\t\t<div class=\"elementor-widget-container\">\n\t\t\t\t\t\t\t\t\t<p>Dar\u00fcber hinaus ist die Struktur des Belvedere 21 selbst ein Studienobjekt: Es war der \u00f6sterreichische Pavillon f\u00fcr die Br\u00fcsseler Weltausstellung im Jahr 1958, bevor es an seinen heutigen Standort verlegt wurde. Besucher, die sich f\u00fcr moderne Architektur interessieren, k\u00f6nnen die innovative Verwendung von <strong>industriellen Materialien<\/strong> w\u00fcrdigen, die diesen Abschnitt des Komplexes radikal von den Barockstrukturen des Oberen und Unteren Belvedere unterscheidet. <\/p>\t\t\t\t\t\t\t\t<\/div>\n\t\t\t\t<\/div>\n\t\t\t\t\t<\/div>\n\t\t<\/div>\n\t\t\t\t\t<\/div>\n\t\t<\/section>\n\t\t\t\t<section class=\"elementor-section elementor-top-section elementor-element elementor-element-89e3771 elementor-section-boxed elementor-section-height-default elementor-section-height-default\" data-id=\"89e3771\" data-element_type=\"section\">\n\t\t\t\t\t\t<div class=\"elementor-container elementor-column-gap-default\">\n\t\t\t\t\t<div class=\"elementor-column elementor-col-100 elementor-top-column elementor-element elementor-element-e1d56e9\" data-id=\"e1d56e9\" data-element_type=\"column\">\n\t\t\t<div class=\"elementor-widget-wrap elementor-element-populated\">\n\t\t\t\t\t\t<div class=\"elementor-element elementor-element-b6769e5 elementor-widget elementor-widget-heading\" data-id=\"b6769e5\" data-element_type=\"widget\" id=\"near\" data-widget_type=\"heading.default\">\n\t\t\t\t<div class=\"elementor-widget-container\">\n\t\t\t\t\t<h2 class=\"elementor-heading-title elementor-size-default\">Was man in der N\u00e4he von Schloss Belvedere unternehmen kann<\/h2>\t\t\t\t<\/div>\n\t\t\t\t<\/div>\n\t\t\t\t<div class=\"elementor-element elementor-element-021f04a elementor-widget elementor-widget-text-editor\" data-id=\"021f04a\" data-element_type=\"widget\" data-widget_type=\"text-editor.default\">\n\t\t\t\t<div class=\"elementor-widget-container\">\n\t\t\t\t\t\t\t\t\t<p>Es gibt <strong>mehrere kulturelle und historische Sehensw\u00fcrdigkeiten, die sich in kurzer Entfernung vom Belvedere-Palast befinden<\/strong>, sodass Besucher ihre Reiseroute durch das Zentrum von Wien und den Bezirk Landstra\u00dfe vervollst\u00e4ndigen k\u00f6nnen. Diese Orte bieten eine erg\u00e4nzende Perspektive auf die imperiale Geschichte und das aktuelle st\u00e4dtische Leben: <\/p>\t\t\t\t\t\t\t\t<\/div>\n\t\t\t\t<\/div>\n\t\t\t\t\t<\/div>\n\t\t<\/div>\n\t\t\t\t\t<\/div>\n\t\t<\/section>\n\t\t<div class=\"elementor-element elementor-element-0e46df4 e-grid e-con-boxed e-con e-parent\" data-id=\"0e46df4\" data-element_type=\"container\">\n\t\t\t\t\t<div class=\"e-con-inner\">\n\t\t<div class=\"elementor-element elementor-element-c376d6b e-con-full e-flex e-con e-child\" data-id=\"c376d6b\" data-element_type=\"container\">\n\t\t\t\t<div class=\"elementor-element elementor-element-707e557 elementor-widget elementor-widget-image\" data-id=\"707e557\" data-element_type=\"widget\" data-widget_type=\"image.default\">\n\t\t\t\t<div class=\"elementor-widget-container\">\n\t\t\t\t\t\t\t\t\t\t\t\t\t\t\t<img loading=\"lazy\" decoding=\"async\" width=\"800\" height=\"450\" src=\"https:\/\/belvederepalace.wientickets.org\/wp-content\/uploads\/2026\/01\/botanical-garden-1024x576.webp\" class=\"attachment-large size-large wp-image-1600\" alt=\"Der Botanische Garten\" srcset=\"https:\/\/belvederepalace.wientickets.org\/wp-content\/uploads\/2026\/01\/botanical-garden-1024x576.webp 1024w, https:\/\/belvederepalace.wientickets.org\/wp-content\/uploads\/2026\/01\/botanical-garden-300x169.webp 300w, https:\/\/belvederepalace.wientickets.org\/wp-content\/uploads\/2026\/01\/botanical-garden-768x432.webp 768w, https:\/\/belvederepalace.wientickets.org\/wp-content\/uploads\/2026\/01\/botanical-garden.webp 1280w\" sizes=\"(max-width: 800px) 100vw, 800px\" \/>\t\t\t\t\t\t\t\t\t\t\t\t\t\t\t<\/div>\n\t\t\t\t<\/div>\n\t\t\t\t<div class=\"elementor-element elementor-element-2375c32 elementor-widget elementor-widget-heading\" data-id=\"2375c32\" data-element_type=\"widget\" data-widget_type=\"heading.default\">\n\t\t\t\t<div class=\"elementor-widget-container\">\n\t\t\t\t\t<h3 class=\"elementor-heading-title elementor-size-default\">Botanischer Garten der Universit\u00e4t Wien<\/h3>\t\t\t\t<\/div>\n\t\t\t\t<\/div>\n\t\t\t\t<div class=\"elementor-element elementor-element-8215b29 elementor-widget elementor-widget-text-editor\" data-id=\"8215b29\" data-element_type=\"widget\" data-widget_type=\"text-editor.default\">\n\t\t\t\t<div class=\"elementor-widget-container\">\n\t\t\t\t\t\t\t\t\t<p>Direkt neben dem Belvedere befindet sich diese Gr\u00fcnfl\u00e4che, die <strong>Tausende von Pflanzenarten beherbergt<\/strong> zu Forschungszwecken und zur Erholung.<\/p>\t\t\t\t\t\t\t\t<\/div>\n\t\t\t\t<\/div>\n\t\t\t\t<\/div>\n\t\t<div class=\"elementor-element elementor-element-cd36513 e-con-full e-flex e-con e-child\" data-id=\"cd36513\" data-element_type=\"container\">\n\t\t\t\t<div class=\"elementor-element elementor-element-701a5b3 elementor-widget elementor-widget-image\" data-id=\"701a5b3\" data-element_type=\"widget\" data-widget_type=\"image.default\">\n\t\t\t\t<div class=\"elementor-widget-container\">\n\t\t\t\t\t\t\t\t\t\t\t\t\t\t\t<img loading=\"lazy\" decoding=\"async\" width=\"800\" height=\"450\" src=\"https:\/\/belvederepalace.wientickets.org\/wp-content\/uploads\/2026\/01\/konzerthaus-1024x576.webp\" class=\"attachment-large size-large wp-image-1836\" alt=\"Konzerthaus\" srcset=\"https:\/\/belvederepalace.wientickets.org\/wp-content\/uploads\/2026\/01\/konzerthaus-1024x576.webp 1024w, https:\/\/belvederepalace.wientickets.org\/wp-content\/uploads\/2026\/01\/konzerthaus-300x169.webp 300w, https:\/\/belvederepalace.wientickets.org\/wp-content\/uploads\/2026\/01\/konzerthaus-768x432.webp 768w, https:\/\/belvederepalace.wientickets.org\/wp-content\/uploads\/2026\/01\/konzerthaus.webp 1280w\" sizes=\"(max-width: 800px) 100vw, 800px\" \/>\t\t\t\t\t\t\t\t\t\t\t\t\t\t\t<\/div>\n\t\t\t\t<\/div>\n\t\t\t\t<div class=\"elementor-element elementor-element-85b1937 elementor-widget elementor-widget-heading\" data-id=\"85b1937\" data-element_type=\"widget\" data-widget_type=\"heading.default\">\n\t\t\t\t<div class=\"elementor-widget-container\">\n\t\t\t\t\t<h3 class=\"elementor-heading-title elementor-size-default\">Konzerthaus<\/h3>\t\t\t\t<\/div>\n\t\t\t\t<\/div>\n\t\t\t\t<div class=\"elementor-element elementor-element-216a2a8 elementor-widget elementor-widget-spacer\" data-id=\"216a2a8\" data-element_type=\"widget\" data-widget_type=\"spacer.default\">\n\t\t\t\t<div class=\"elementor-widget-container\">\n\t\t\t\t\t\t\t<div class=\"elementor-spacer\">\n\t\t\t<div class=\"elementor-spacer-inner\"><\/div>\n\t\t<\/div>\n\t\t\t\t\t\t<\/div>\n\t\t\t\t<\/div>\n\t\t\t\t<div class=\"elementor-element elementor-element-13b69c0 elementor-widget elementor-widget-text-editor\" data-id=\"13b69c0\" data-element_type=\"widget\" data-widget_type=\"text-editor.default\">\n\t\t\t\t<div class=\"elementor-widget-container\">\n\t\t\t\t\t\t\t\t\t<p>Etwa 15 Gehminuten entfernt befindet sich dieses Konzerthaus, in dem <strong>klassische und zeitgen\u00f6ssische Musikauff\u00fchrungen<\/strong> stattfinden.<\/p>\t\t\t\t\t\t\t\t<\/div>\n\t\t\t\t<\/div>\n\t\t\t\t<\/div>\n\t\t<div class=\"elementor-element elementor-element-984a2b2 e-con-full e-flex e-con e-child\" data-id=\"984a2b2\" data-element_type=\"container\">\n\t\t\t\t<div class=\"elementor-element elementor-element-5a62c37 elementor-widget elementor-widget-image\" data-id=\"5a62c37\" data-element_type=\"widget\" data-widget_type=\"image.default\">\n\t\t\t\t<div class=\"elementor-widget-container\">\n\t\t\t\t\t\t\t\t\t\t\t\t\t\t\t<img loading=\"lazy\" decoding=\"async\" width=\"800\" height=\"450\" src=\"https:\/\/belvederepalace.wientickets.org\/wp-content\/uploads\/2026\/01\/st-charles-church-karlskirche-1024x576.webp\" class=\"attachment-large size-large wp-image-1837\" alt=\"Karlskirche\" srcset=\"https:\/\/belvederepalace.wientickets.org\/wp-content\/uploads\/2026\/01\/st-charles-church-karlskirche-1024x576.webp 1024w, https:\/\/belvederepalace.wientickets.org\/wp-content\/uploads\/2026\/01\/st-charles-church-karlskirche-300x169.webp 300w, https:\/\/belvederepalace.wientickets.org\/wp-content\/uploads\/2026\/01\/st-charles-church-karlskirche-768x432.webp 768w, https:\/\/belvederepalace.wientickets.org\/wp-content\/uploads\/2026\/01\/st-charles-church-karlskirche.webp 1280w\" sizes=\"(max-width: 800px) 100vw, 800px\" \/>\t\t\t\t\t\t\t\t\t\t\t\t\t\t\t<\/div>\n\t\t\t\t<\/div>\n\t\t\t\t<div class=\"elementor-element elementor-element-6ebe3eb elementor-widget elementor-widget-heading\" data-id=\"6ebe3eb\" data-element_type=\"widget\" data-widget_type=\"heading.default\">\n\t\t\t\t<div class=\"elementor-widget-container\">\n\t\t\t\t\t<h3 class=\"elementor-heading-title elementor-size-default\">Karlskirche<\/h3>\t\t\t\t<\/div>\n\t\t\t\t<\/div>\n\t\t\t\t<div class=\"elementor-element elementor-element-53e2453 elementor-widget elementor-widget-text-editor\" data-id=\"53e2453\" data-element_type=\"widget\" data-widget_type=\"text-editor.default\">\n\t\t\t\t<div class=\"elementor-widget-container\">\n\t\t\t\t\t\t\t\t\t<p><span style=\"background-color: transparent;\">Am Karlsplatz, etwa 15\u201320 Minuten zu Fu\u00df, befindet sich dieser Barockkirche mit seiner Kuppel und den S\u00e4ulen, die von der Trajanss\u00e4ule inspiriert sind.<\/span><\/p>\t\t\t\t\t\t\t\t<\/div>\n\t\t\t\t<\/div>\n\t\t\t\t<\/div>\n\t\t<div class=\"elementor-element elementor-element-1b99a1e e-con-full e-flex e-con e-child\" data-id=\"1b99a1e\" data-element_type=\"container\">\n\t\t\t\t<div class=\"elementor-element elementor-element-0bde97d elementor-widget elementor-widget-image\" data-id=\"0bde97d\" data-element_type=\"widget\" data-widget_type=\"image.default\">\n\t\t\t\t<div class=\"elementor-widget-container\">\n\t\t\t\t\t\t\t\t\t\t\t\t\t\t\t<img loading=\"lazy\" decoding=\"async\" width=\"800\" height=\"450\" src=\"https:\/\/belvederepalace.wientickets.org\/wp-content\/uploads\/2026\/01\/heeresgeschichtliches-museum-1024x576.webp\" class=\"attachment-large size-large wp-image-1838\" alt=\"Heeresgeschichtliches Museum\" srcset=\"https:\/\/belvederepalace.wientickets.org\/wp-content\/uploads\/2026\/01\/heeresgeschichtliches-museum-1024x576.webp 1024w, https:\/\/belvederepalace.wientickets.org\/wp-content\/uploads\/2026\/01\/heeresgeschichtliches-museum-300x169.webp 300w, https:\/\/belvederepalace.wientickets.org\/wp-content\/uploads\/2026\/01\/heeresgeschichtliches-museum-768x432.webp 768w, https:\/\/belvederepalace.wientickets.org\/wp-content\/uploads\/2026\/01\/heeresgeschichtliches-museum.webp 1280w\" sizes=\"(max-width: 800px) 100vw, 800px\" \/>\t\t\t\t\t\t\t\t\t\t\t\t\t\t\t<\/div>\n\t\t\t\t<\/div>\n\t\t\t\t<div class=\"elementor-element elementor-element-37632f1 elementor-widget elementor-widget-heading\" data-id=\"37632f1\" data-element_type=\"widget\" data-widget_type=\"heading.default\">\n\t\t\t\t<div class=\"elementor-widget-container\">\n\t\t\t\t\t<h3 class=\"elementor-heading-title elementor-size-default\">Heeresgeschichtliches Museum<\/h3>\t\t\t\t<\/div>\n\t\t\t\t<\/div>\n\t\t\t\t<div class=\"elementor-element elementor-element-df5f4df elementor-widget elementor-widget-text-editor\" data-id=\"df5f4df\" data-element_type=\"widget\" data-widget_type=\"text-editor.default\">\n\t\t\t\t<div class=\"elementor-widget-container\">\n\t\t\t\t\t\t\t\t\t<p>Das <strong>Museum f\u00fcr Milit\u00e4rgeschichte<\/strong> befindet sich im Arsenal (25\u201330 Gehminuten) und dokumentiert die Geschichte der \u00f6sterreichischen Armee und historische Konflikte des \u00f6sterreichischen Reiches.<\/p>\t\t\t\t\t\t\t\t<\/div>\n\t\t\t\t<\/div>\n\t\t\t\t<\/div>\n\t\t\t\t\t<\/div>\n\t\t\t\t<\/div>\n\t\t\t\t<\/div>\n\t\t","protected":false},"excerpt":{"rendered":"<p>Besuch von Schloss Belvedere Das Belvedere beherbergt eine umfangreiche Kunstsammlung, die vom Mittelalter bis zu zeitgen\u00f6ssischen Werken reicht. Zu den Hauptattraktionen geh\u00f6ren das Obere Belvedere, der Ort, an dem sich Gustav Klimts Kuss befindet, und der kunstvolle Marmorsaal, der durch symmetrische G\u00e4rten im franz\u00f6sischen Stil mit dem Unteren Belvedere verbunden ist. Der Komplex umfasst auch [&hellip;]<\/p>\n","protected":false},"author":2,"featured_media":1830,"parent":0,"menu_order":0,"comment_status":"closed","ping_status":"closed","template":"elementor_header_footer","meta":{"footnotes":""},"class_list":["post-1829","page","type-page","status-publish","has-post-thumbnail","hentry"],"yoast_head":"<!-- This site is optimized with the Yoast SEO plugin v26.7 - https:\/\/yoast.com\/wordpress\/plugins\/seo\/ -->\n<title>Was gibt es im Schloss Belvedere zu sehen?<\/title>\n<meta name=\"description\" content=\"Ein Besuch von Schloss Belvedere bietet die M\u00f6glichkeit, die G\u00e4rten, historischen Geb\u00e4ude, die \u00f6sterreichische Kunstsammlung und vieles mehr zu erkunden.\" \/>\n<meta name=\"robots\" content=\"index, follow, max-snippet:-1, max-image-preview:large, max-video-preview:-1\" \/>\n<link rel=\"canonical\" href=\"https:\/\/belvederepalace.wientickets.org\/de\/besuch-des-belvedere-palastes\/\" \/>\n<meta property=\"og:locale\" content=\"de_DE\" \/>\n<meta property=\"og:type\" content=\"article\" \/>\n<meta property=\"og:title\" content=\"Was gibt es im Schloss Belvedere zu sehen?\" \/>\n<meta property=\"og:description\" content=\"Ein Besuch von Schloss Belvedere bietet die M\u00f6glichkeit, die G\u00e4rten, historischen Geb\u00e4ude, die \u00f6sterreichische Kunstsammlung und vieles mehr zu erkunden.\" \/>\n<meta property=\"og:url\" content=\"https:\/\/belvederepalace.wientickets.org\/de\/besuch-des-belvedere-palastes\/\" \/>\n<meta property=\"og:site_name\" content=\"Belvedere Palace Tickets\" \/>\n<meta property=\"article:modified_time\" content=\"2026-01-23T08:05:07+00:00\" \/>\n<meta property=\"og:image\" content=\"https:\/\/belvederepalace.wientickets.org\/wp-content\/uploads\/2026\/01\/visiting-belvedere-palace.webp\" \/>\n\t<meta property=\"og:image:width\" content=\"1280\" \/>\n\t<meta property=\"og:image:height\" content=\"720\" \/>\n\t<meta property=\"og:image:type\" content=\"image\/webp\" \/>\n<meta name=\"twitter:card\" content=\"summary_large_image\" \/>\n<meta name=\"twitter:label1\" content=\"Gesch\u00e4tzte Lesezeit\" \/>\n\t<meta name=\"twitter:data1\" content=\"10 Minuten\" \/>\n<script type=\"application\/ld+json\" class=\"yoast-schema-graph\">{\"@context\":\"https:\/\/schema.org\",\"@graph\":[{\"@type\":\"WebPage\",\"@id\":\"https:\/\/belvederepalace.wientickets.org\/de\/besuch-des-belvedere-palastes\/\",\"url\":\"https:\/\/belvederepalace.wientickets.org\/de\/besuch-des-belvedere-palastes\/\",\"name\":\"Was gibt es im Schloss Belvedere zu sehen?\",\"isPartOf\":{\"@id\":\"https:\/\/belvederepalace.wientickets.org\/de\/#website\"},\"primaryImageOfPage\":{\"@id\":\"https:\/\/belvederepalace.wientickets.org\/de\/besuch-des-belvedere-palastes\/#primaryimage\"},\"image\":{\"@id\":\"https:\/\/belvederepalace.wientickets.org\/de\/besuch-des-belvedere-palastes\/#primaryimage\"},\"thumbnailUrl\":\"https:\/\/belvederepalace.wientickets.org\/wp-content\/uploads\/2026\/01\/visiting-belvedere-palace.webp\",\"datePublished\":\"2026-01-15T09:53:11+00:00\",\"dateModified\":\"2026-01-23T08:05:07+00:00\",\"description\":\"Ein Besuch von Schloss Belvedere bietet die M\u00f6glichkeit, die G\u00e4rten, historischen Geb\u00e4ude, die \u00f6sterreichische Kunstsammlung und vieles mehr zu erkunden.\",\"breadcrumb\":{\"@id\":\"https:\/\/belvederepalace.wientickets.org\/de\/besuch-des-belvedere-palastes\/#breadcrumb\"},\"inLanguage\":\"de\",\"potentialAction\":[{\"@type\":\"ReadAction\",\"target\":[\"https:\/\/belvederepalace.wientickets.org\/de\/besuch-des-belvedere-palastes\/\"]}]},{\"@type\":\"ImageObject\",\"inLanguage\":\"de\",\"@id\":\"https:\/\/belvederepalace.wientickets.org\/de\/besuch-des-belvedere-palastes\/#primaryimage\",\"url\":\"https:\/\/belvederepalace.wientickets.org\/wp-content\/uploads\/2026\/01\/visiting-belvedere-palace.webp\",\"contentUrl\":\"https:\/\/belvederepalace.wientickets.org\/wp-content\/uploads\/2026\/01\/visiting-belvedere-palace.webp\",\"width\":1280,\"height\":720,\"caption\":\"Besuch von Schloss Belvedere\"},{\"@type\":\"BreadcrumbList\",\"@id\":\"https:\/\/belvederepalace.wientickets.org\/de\/besuch-des-belvedere-palastes\/#breadcrumb\",\"itemListElement\":[{\"@type\":\"ListItem\",\"position\":1,\"name\":\"Home\",\"item\":\"https:\/\/belvederepalace.wientickets.org\/de\/\"},{\"@type\":\"ListItem\",\"position\":2,\"name\":\"Besuch von Schloss Belvedere\"}]},{\"@type\":\"WebSite\",\"@id\":\"https:\/\/belvederepalace.wientickets.org\/de\/#website\",\"url\":\"https:\/\/belvederepalace.wientickets.org\/de\/\",\"name\":\"Belvedere Palace Tickets\",\"description\":\"\",\"publisher\":{\"@id\":\"https:\/\/belvederepalace.wientickets.org\/de\/#organization\"},\"potentialAction\":[{\"@type\":\"SearchAction\",\"target\":{\"@type\":\"EntryPoint\",\"urlTemplate\":\"https:\/\/belvederepalace.wientickets.org\/de\/?s={search_term_string}\"},\"query-input\":{\"@type\":\"PropertyValueSpecification\",\"valueRequired\":true,\"valueName\":\"search_term_string\"}}],\"inLanguage\":\"de\"},{\"@type\":\"Organization\",\"@id\":\"https:\/\/belvederepalace.wientickets.org\/de\/#organization\",\"name\":\"Schloss Belvedere Tickets\",\"url\":\"https:\/\/belvederepalace.wientickets.org\/de\/\",\"logo\":{\"@type\":\"ImageObject\",\"inLanguage\":\"de\",\"@id\":\"https:\/\/belvederepalace.wientickets.org\/de\/#\/schema\/logo\/image\/\",\"url\":\"https:\/\/belvederepalace.wientickets.org\/wp-content\/uploads\/2024\/08\/belvedere-palace-tickets-logo.png\",\"contentUrl\":\"https:\/\/belvederepalace.wientickets.org\/wp-content\/uploads\/2024\/08\/belvedere-palace-tickets-logo.png\",\"width\":375,\"height\":70,\"caption\":\"Schloss Belvedere Tickets\"},\"image\":{\"@id\":\"https:\/\/belvederepalace.wientickets.org\/de\/#\/schema\/logo\/image\/\"}}]}<\/script>\n<!-- \/ Yoast SEO plugin. -->","yoast_head_json":{"title":"Was gibt es im Schloss Belvedere zu sehen?","description":"Ein Besuch von Schloss Belvedere bietet die M\u00f6glichkeit, die G\u00e4rten, historischen Geb\u00e4ude, die \u00f6sterreichische Kunstsammlung und vieles mehr zu erkunden.","robots":{"index":"index","follow":"follow","max-snippet":"max-snippet:-1","max-image-preview":"max-image-preview:large","max-video-preview":"max-video-preview:-1"},"canonical":"https:\/\/belvederepalace.wientickets.org\/de\/besuch-des-belvedere-palastes\/","og_locale":"de_DE","og_type":"article","og_title":"Was gibt es im Schloss Belvedere zu sehen?","og_description":"Ein Besuch von Schloss Belvedere bietet die M\u00f6glichkeit, die G\u00e4rten, historischen Geb\u00e4ude, die \u00f6sterreichische Kunstsammlung und vieles mehr zu erkunden.","og_url":"https:\/\/belvederepalace.wientickets.org\/de\/besuch-des-belvedere-palastes\/","og_site_name":"Belvedere Palace Tickets","article_modified_time":"2026-01-23T08:05:07+00:00","og_image":[{"width":1280,"height":720,"url":"https:\/\/belvederepalace.wientickets.org\/wp-content\/uploads\/2026\/01\/visiting-belvedere-palace.webp","type":"image\/webp"}],"twitter_card":"summary_large_image","twitter_misc":{"Gesch\u00e4tzte Lesezeit":"10 Minuten"},"schema":{"@context":"https:\/\/schema.org","@graph":[{"@type":"WebPage","@id":"https:\/\/belvederepalace.wientickets.org\/de\/besuch-des-belvedere-palastes\/","url":"https:\/\/belvederepalace.wientickets.org\/de\/besuch-des-belvedere-palastes\/","name":"Was gibt es im Schloss Belvedere zu sehen?","isPartOf":{"@id":"https:\/\/belvederepalace.wientickets.org\/de\/#website"},"primaryImageOfPage":{"@id":"https:\/\/belvederepalace.wientickets.org\/de\/besuch-des-belvedere-palastes\/#primaryimage"},"image":{"@id":"https:\/\/belvederepalace.wientickets.org\/de\/besuch-des-belvedere-palastes\/#primaryimage"},"thumbnailUrl":"https:\/\/belvederepalace.wientickets.org\/wp-content\/uploads\/2026\/01\/visiting-belvedere-palace.webp","datePublished":"2026-01-15T09:53:11+00:00","dateModified":"2026-01-23T08:05:07+00:00","description":"Ein Besuch von Schloss Belvedere bietet die M\u00f6glichkeit, die G\u00e4rten, historischen Geb\u00e4ude, die \u00f6sterreichische Kunstsammlung und vieles mehr zu erkunden.","breadcrumb":{"@id":"https:\/\/belvederepalace.wientickets.org\/de\/besuch-des-belvedere-palastes\/#breadcrumb"},"inLanguage":"de","potentialAction":[{"@type":"ReadAction","target":["https:\/\/belvederepalace.wientickets.org\/de\/besuch-des-belvedere-palastes\/"]}]},{"@type":"ImageObject","inLanguage":"de","@id":"https:\/\/belvederepalace.wientickets.org\/de\/besuch-des-belvedere-palastes\/#primaryimage","url":"https:\/\/belvederepalace.wientickets.org\/wp-content\/uploads\/2026\/01\/visiting-belvedere-palace.webp","contentUrl":"https:\/\/belvederepalace.wientickets.org\/wp-content\/uploads\/2026\/01\/visiting-belvedere-palace.webp","width":1280,"height":720,"caption":"Besuch von Schloss Belvedere"},{"@type":"BreadcrumbList","@id":"https:\/\/belvederepalace.wientickets.org\/de\/besuch-des-belvedere-palastes\/#breadcrumb","itemListElement":[{"@type":"ListItem","position":1,"name":"Home","item":"https:\/\/belvederepalace.wientickets.org\/de\/"},{"@type":"ListItem","position":2,"name":"Besuch von Schloss Belvedere"}]},{"@type":"WebSite","@id":"https:\/\/belvederepalace.wientickets.org\/de\/#website","url":"https:\/\/belvederepalace.wientickets.org\/de\/","name":"Belvedere Palace Tickets","description":"","publisher":{"@id":"https:\/\/belvederepalace.wientickets.org\/de\/#organization"},"potentialAction":[{"@type":"SearchAction","target":{"@type":"EntryPoint","urlTemplate":"https:\/\/belvederepalace.wientickets.org\/de\/?s={search_term_string}"},"query-input":{"@type":"PropertyValueSpecification","valueRequired":true,"valueName":"search_term_string"}}],"inLanguage":"de"},{"@type":"Organization","@id":"https:\/\/belvederepalace.wientickets.org\/de\/#organization","name":"Schloss Belvedere Tickets","url":"https:\/\/belvederepalace.wientickets.org\/de\/","logo":{"@type":"ImageObject","inLanguage":"de","@id":"https:\/\/belvederepalace.wientickets.org\/de\/#\/schema\/logo\/image\/","url":"https:\/\/belvederepalace.wientickets.org\/wp-content\/uploads\/2024\/08\/belvedere-palace-tickets-logo.png","contentUrl":"https:\/\/belvederepalace.wientickets.org\/wp-content\/uploads\/2024\/08\/belvedere-palace-tickets-logo.png","width":375,"height":70,"caption":"Schloss Belvedere Tickets"},"image":{"@id":"https:\/\/belvederepalace.wientickets.org\/de\/#\/schema\/logo\/image\/"}}]}},"_links":{"self":[{"href":"https:\/\/belvederepalace.wientickets.org\/de\/wp-json\/wp\/v2\/pages\/1829","targetHints":{"allow":["GET"]}}],"collection":[{"href":"https:\/\/belvederepalace.wientickets.org\/de\/wp-json\/wp\/v2\/pages"}],"about":[{"href":"https:\/\/belvederepalace.wientickets.org\/de\/wp-json\/wp\/v2\/types\/page"}],"author":[{"embeddable":true,"href":"https:\/\/belvederepalace.wientickets.org\/de\/wp-json\/wp\/v2\/users\/2"}],"replies":[{"embeddable":true,"href":"https:\/\/belvederepalace.wientickets.org\/de\/wp-json\/wp\/v2\/comments?post=1829"}],"version-history":[{"count":8,"href":"https:\/\/belvederepalace.wientickets.org\/de\/wp-json\/wp\/v2\/pages\/1829\/revisions"}],"predecessor-version":[{"id":2437,"href":"https:\/\/belvederepalace.wientickets.org\/de\/wp-json\/wp\/v2\/pages\/1829\/revisions\/2437"}],"wp:featuredmedia":[{"embeddable":true,"href":"https:\/\/belvederepalace.wientickets.org\/de\/wp-json\/wp\/v2\/media\/1830"}],"wp:attachment":[{"href":"https:\/\/belvederepalace.wientickets.org\/de\/wp-json\/wp\/v2\/media?parent=1829"}],"curies":[{"name":"wp","href":"https:\/\/api.w.org\/{rel}","templated":true}]}}