{"id":1559,"date":"2025-12-12T07:29:27","date_gmt":"2025-12-12T07:29:27","guid":{"rendered":"https:\/\/belvederepalace.wientickets.org\/belvedere-superior-o-inferior\/"},"modified":"2026-02-13T07:58:58","modified_gmt":"2026-02-13T07:58:58","slug":"belvedere-superior-o-inferior","status":"publish","type":"page","link":"https:\/\/belvederepalace.wientickets.org\/es\/belvedere-superior-o-inferior\/","title":{"rendered":"Belvedere Superior o Inferior"},"content":{"rendered":"\t\t<div data-elementor-type=\"wp-page\" data-elementor-id=\"1559\" class=\"elementor elementor-1559 elementor-762\">\n\t\t\t\t\t\t<section class=\"elementor-section elementor-top-section elementor-element elementor-element-c87d905 elementor-section-height-min-height elementor-section-boxed elementor-section-height-default elementor-section-items-middle\" data-id=\"c87d905\" data-element_type=\"section\" data-settings=\"{&quot;background_background&quot;:&quot;classic&quot;}\">\n\t\t\t\t\t\t\t<div class=\"elementor-background-overlay\"><\/div>\n\t\t\t\t\t\t\t<div class=\"elementor-container elementor-column-gap-default\">\n\t\t\t\t\t<div class=\"elementor-column elementor-col-50 elementor-top-column elementor-element elementor-element-e8b3199\" data-id=\"e8b3199\" data-element_type=\"column\">\n\t\t\t<div class=\"elementor-widget-wrap elementor-element-populated\">\n\t\t\t\t\t\t<div class=\"elementor-element elementor-element-84497d4 elementor-widget elementor-widget-heading\" data-id=\"84497d4\" data-element_type=\"widget\" data-widget_type=\"heading.default\">\n\t\t\t\t<div class=\"elementor-widget-container\">\n\t\t\t\t\t<h1 class=\"elementor-heading-title elementor-size-default\">Belvedere Superior o Inferior<\/h1>\t\t\t\t<\/div>\n\t\t\t\t<\/div>\n\t\t\t\t<div class=\"elementor-element elementor-element-b3e247b elementor-widget elementor-widget-text-editor\" data-id=\"b3e247b\" data-element_type=\"widget\" data-widget_type=\"text-editor.default\">\n\t\t\t\t<div class=\"elementor-widget-container\">\n\t\t\t\t\t\t\t\t\t<p>Antes de viajar a Viena, debes conocer las <strong>diferencias entre el Belvedere Superior y el Inferior<\/strong>. A continuaci\u00f3n, detallamos los aspectos clave de ambos museos para ayudarte a decidir cu\u00e1l elegir. <\/p>\t\t\t\t\t\t\t\t<\/div>\n\t\t\t\t<\/div>\n\t\t\t\t\t<\/div>\n\t\t<\/div>\n\t\t\t\t<div class=\"elementor-column elementor-col-50 elementor-top-column elementor-element elementor-element-f77e5b8\" data-id=\"f77e5b8\" data-element_type=\"column\">\n\t\t\t<div class=\"elementor-widget-wrap\">\n\t\t\t\t\t\t\t<\/div>\n\t\t<\/div>\n\t\t\t\t\t<\/div>\n\t\t<\/section>\n\t\t\t\t<section class=\"elementor-section elementor-top-section elementor-element elementor-element-4023707 elementor-section-height-min-height elementor-section-boxed elementor-section-height-default elementor-section-items-middle\" data-id=\"4023707\" data-element_type=\"section\" data-settings=\"{&quot;background_background&quot;:&quot;classic&quot;}\">\n\t\t\t\t\t\t<div class=\"elementor-container elementor-column-gap-default\">\n\t\t\t\t\t<div class=\"elementor-column elementor-col-100 elementor-top-column elementor-element elementor-element-af4518c\" data-id=\"af4518c\" data-element_type=\"column\">\n\t\t\t<div class=\"elementor-widget-wrap\">\n\t\t\t\t\t\t\t<\/div>\n\t\t<\/div>\n\t\t\t\t\t<\/div>\n\t\t<\/section>\n\t\t\t\t<section class=\"elementor-section elementor-top-section elementor-element elementor-element-8544994 elementor-section-boxed elementor-section-height-default elementor-section-height-default\" data-id=\"8544994\" data-element_type=\"section\">\n\t\t\t\t\t\t<div class=\"elementor-container elementor-column-gap-default\">\n\t\t\t\t\t<div class=\"elementor-column elementor-col-50 elementor-top-column elementor-element elementor-element-6ba9f0c elementor-hidden-mobile\" data-id=\"6ba9f0c\" data-element_type=\"column\">\n\t\t\t<div class=\"elementor-widget-wrap elementor-element-populated\">\n\t\t\t\t\t\t<div class=\"elementor-element elementor-element-a80a097 elementor-widget elementor-widget-heading\" data-id=\"a80a097\" data-element_type=\"widget\" data-widget_type=\"heading.default\">\n\t\t\t\t<div class=\"elementor-widget-container\">\n\t\t\t\t\t<p class=\"elementor-heading-title elementor-size-default\"><a href=\"https:\/\/belvederepalace.wientickets.org\/es\/horarios\/\">Horario de apertura<\/a><\/p>\t\t\t\t<\/div>\n\t\t\t\t<\/div>\n\t\t\t\t<div class=\"elementor-element elementor-element-c1e54e1 elementor-widget elementor-widget-heading\" data-id=\"c1e54e1\" data-element_type=\"widget\" data-widget_type=\"heading.default\">\n\t\t\t\t<div class=\"elementor-widget-container\">\n\t\t\t\t\t<p class=\"elementor-heading-title elementor-size-default\"><a href=\"https:\/\/belvederepalace.wientickets.org\/es\/ubicacion-del-palacio-belvedere\/\">C\u00f3mo llegar<\/a><\/p>\t\t\t\t<\/div>\n\t\t\t\t<\/div>\n\t\t\t\t<div class=\"elementor-element elementor-element-c746e74 elementor-widget elementor-widget-heading\" data-id=\"c746e74\" data-element_type=\"widget\" data-widget_type=\"heading.default\">\n\t\t\t\t<div class=\"elementor-widget-container\">\n\t\t\t\t\t<p class=\"elementor-heading-title elementor-size-default\"><a href=\"https:\/\/belvederepalace.wientickets.org\/es\/mapa-del-palacio-belvedere\/\">Mapa y entrada<\/a><\/p>\t\t\t\t<\/div>\n\t\t\t\t<\/div>\n\t\t\t\t<div class=\"elementor-element elementor-element-de6ddbe elementor-widget elementor-widget-heading\" data-id=\"de6ddbe\" data-element_type=\"widget\" data-widget_type=\"heading.default\">\n\t\t\t\t<div class=\"elementor-widget-container\">\n\t\t\t\t\t<p class=\"elementor-heading-title elementor-size-default\">Belvedere Superior o Inferior<\/p>\t\t\t\t<\/div>\n\t\t\t\t<\/div>\n\t\t\t\t<div class=\"elementor-element elementor-element-6e9fd7e elementor-widget elementor-widget-heading\" data-id=\"6e9fd7e\" data-element_type=\"widget\" data-widget_type=\"heading.default\">\n\t\t\t\t<div class=\"elementor-widget-container\">\n\t\t\t\t\t<p class=\"elementor-heading-title elementor-size-default\"><a href=\"https:\/\/belvederepalace.wientickets.org\/es\/mercado-de-navidad-de-belvedere\/\">Mercado navide\u00f1o<\/a><\/p>\t\t\t\t<\/div>\n\t\t\t\t<\/div>\n\t\t\t\t<div class=\"elementor-element elementor-element-0a64ba1 elementor-widget elementor-widget-heading\" data-id=\"0a64ba1\" data-element_type=\"widget\" data-widget_type=\"heading.default\">\n\t\t\t\t<div class=\"elementor-widget-container\">\n\t\t\t\t\t<p class=\"elementor-heading-title elementor-size-default\"><a href=\"https:\/\/belvederepalace.wientickets.org\/es\/palacio-belvedere-frente-al-palacio-de-schonbrunn\/\">Belvedere o Sch\u00f6nbrunn<\/a><\/p>\t\t\t\t<\/div>\n\t\t\t\t<\/div>\n\t\t\t\t\t<\/div>\n\t\t<\/div>\n\t\t\t\t<div class=\"elementor-column elementor-col-50 elementor-top-column elementor-element elementor-element-f5ec307\" data-id=\"f5ec307\" data-element_type=\"column\">\n\t\t\t<div class=\"elementor-widget-wrap elementor-element-populated\">\n\t\t\t\t\t\t<div class=\"elementor-element elementor-element-94cfd79 elementor-widget elementor-widget-heading\" data-id=\"94cfd79\" data-element_type=\"widget\" data-widget_type=\"heading.default\">\n\t\t\t\t<div class=\"elementor-widget-container\">\n\t\t\t\t\t<h2 class=\"elementor-heading-title elementor-size-default\">\u00bfCu\u00e1l es la diferencia entre el Belvedere Inferior y el Belvedere Superior?<\/h2>\t\t\t\t<\/div>\n\t\t\t\t<\/div>\n\t\t\t\t<div class=\"elementor-element elementor-element-6ca7f1c elementor-widget elementor-widget-text-editor\" data-id=\"6ca7f1c\" data-element_type=\"widget\" data-widget_type=\"text-editor.default\">\n\t\t\t\t<div class=\"elementor-widget-container\">\n\t\t\t\t\t\t\t\t\t<p>Antes de \u00abenfrentar\u00bb el <strong>Belvedere Superior VS. el Belvedere Inferior<\/strong>, debe comprender que la principal diferencia entre los dos museos radica en la colecci\u00f3n que alberga cada uno, un aspecto que probablemente valore m\u00e1s si es un amante del arte.<\/p>\n<p>El <b>Belvedere Superior<\/b> alberga la <b>colecci\u00f3n de arte permanente<\/b> m\u00e1s importante, destacando, sobre todo, el modernismo vien\u00e9s, con obras ic\u00f3nicas como <i>El beso<\/i> de Gustav Klimt. En cambio, el <b>Belvedere Inferior<\/b> se centra m\u00e1s en acoger <b>exposiciones temporales<\/b> y mostrar la opulencia de las antiguas salas residenciales del palacio. <\/p>\n<p>Para entenderlo mejor, volvamos al&nbsp;<a href=\"https:\/\/belvederepalace.wientickets.org\/es\/historia-del-palacio-belvedere\/\" target=\"_blank\">historia de ambos edificios<\/a>. El palacio Belvedere es en realidad un complejo de dos palacios barrocos, <u>dise\u00f1ados por Johann Lukas von Hildebrandt<\/u> para el pr\u00edncipe Eugenio de Saboya. El pr\u00edncipe Eugenio utiliz\u00f3 el palacio como residencia de verano.  <\/p>\n<p><b>El Belvedere<\/b><b>Superior<\/b>, situado en la parte alta de los <a href=\"https:\/\/belvederepalace.wientickets.org\/es\/belvedere-schlossgarten-jardines\/\">jardines<\/a>, se <b>utilizaba principalmente para funciones ceremoniales y representativas<\/b>, mientras que <b>el Belvedere Inferior<\/b>, situado en la parte baja, <b>era su palacio residencial<\/b>. As\u00ed que, en esencia, una era para \u00abpresumir\u00bb y la otra para vivir.<\/p>\n<p>Hoy en d\u00eda, esa distinci\u00f3n hist\u00f3rica se refleja en su uso como museo. <b>El Belvedere Superior es el m\u00e1s famoso y concurrido<\/b>, gracias a su impresionante colecci\u00f3n permanente. En su interior, encontrar\u00e1 el Sal\u00f3n de M\u00e1rmol, un espacio espectacular, adem\u00e1s de las salas dedicadas a la colecci\u00f3n de arte, que abarca desde la Edad Media hasta el siglo XX, siendo el punto culminante, por supuesto, la sala dedicada a Klimt. <\/p>\n<p><b>El <a style=\"color: #7e0009;\" href=\"https:\/\/belvederepalace.wientickets.org\/es\/palacio-del-bajo-belvedere\/\">Belvedere Inferior<\/a><\/b>, por su parte, aunque no tiene la colecci\u00f3n permanente m\u00e1s famosa, <b>es un tesoro en s\u00ed mismo<\/b>. Visit\u00e1ndolo, podr\u00e1s hacerte una idea de c\u00f3mo era la vida en un palacio barroco, recorriendo espacios hist\u00f3ricos como la Galer\u00eda de M\u00e1rmol, la Sala de lo Grotesco o el Sal\u00f3n Dorado. Adem\u00e1s, hay espacios dedicados a exposiciones de arte, lo que le da un enfoque mucho m\u00e1s din\u00e1mico y siempre cambiante.<\/p>\n<p>Ambos est\u00e1n conectados por unos magn\u00edficos jardines barrocos (de los que hablaremos m\u00e1s adelante), que son perfectos para pasear y est\u00e1n situados en el distrito 3 de Viena, Landstra\u00dfe. <b>El Belvedere Superior est\u00e1 en Prinz-Eugen-Stra\u00dfe 27, y el Belvedere Inferior en Rennweg 6<\/b>.<\/p>\n<p>Para verlo todo de un vistazo, hemos preparado esta tabla comparativa entre el <b>Belvedere Superior VS. el Belvedere Inferior<\/b>:<\/p>\t\t\t\t\t\t\t\t<\/div>\n\t\t\t\t<\/div>\n\t\t\t\t<div class=\"elementor-element elementor-element-e9fe218 elementor-widget elementor-widget-html\" data-id=\"e9fe218\" data-element_type=\"widget\" data-widget_type=\"html.default\">\n\t\t\t\t<div class=\"elementor-widget-container\">\n\t\t\t\t\t<style>\r\n  \/* General table styles *\/\r\n  table {\r\n    width: 100%;\r\n    border-collapse: collapse;\r\n    margin: 10px 0;\r\n    font-size: 1em;\r\n    font-family: sans-serif;\r\n    box-shadow: 0 0 20px rgba(0, 0, 0, 0.15);\r\n  }\r\n\r\n  \/* Header color *\/\r\n  table thead tr {\r\n    background-color: #7E0009 !important;\r\n    color: #ffffff;\r\n    text-align: left;\r\n  }\r\n\r\n  table th,\r\n  table td {\r\n    padding: 12px 15px;\r\n  }\r\n\r\n  table tbody tr {\r\n    border-bottom: 1px solid #dddddd;\r\n  }\r\n\r\n  table tbody tr:nth-of-type(even) {\r\n    background-color: #f3f3f3;\r\n  }\r\n\r\n  table tbody tr:last-of-type {\r\n    border-bottom: 2px solid #7E0009;\r\n  }\r\n\r\n  \/* MOBILE STYLES *\/\r\n  @media screen and (max-width: 600px) {\r\n    table {\r\n      border: 0;\r\n    }\r\n    \r\n    table thead {\r\n      display: none;\r\n    }\r\n    \r\n    table tr {\r\n      display: block;\r\n      margin-bottom: 20px;\r\n      border-bottom: 3px solid #7E0009;\r\n    }\r\n    \r\n    table td {\r\n      display: block;\r\n      text-align: right;\r\n      border-bottom: 1px dotted #ccc;\r\n      font-size: 0.9em;\r\n    }\r\n    \r\n    table td:last-child {\r\n      border-bottom: 0;\r\n    }\r\n    \r\n    table td::before {\r\n      content: attr(data-label);\r\n      float: left;\r\n      font-weight: bold;\r\n      text-transform: uppercase;\r\n    }\r\n  }\r\n<\/style>\r\n\r\n<table>\r\n  <thead>\r\n    <tr>\r\n      <th>Caracter\u00edstica<\/th>\r\n      <th>Belvedere Superior<\/th>\r\n      <th>Belvedere Inferior<\/th>\r\n    <\/tr>\r\n  <\/thead>\r\n  <tbody>\r\n    <tr>\r\n      <td data-label=\"Feature\">Enfoque principal<\/td>\r\n      <td data-label=\"Upper Belvedere\">Colecci\u00f3n de arte permanente (modernismo vien\u00e9s, incluyendo El beso de Klimt)<\/td>\r\n      <td data-label=\"Lower Belvedere\">Exposiciones temporales e interiores hist\u00f3ricos<\/td>\r\n    <\/tr>\r\n    <tr>\r\n      <td data-label=\"Feature\">Funci\u00f3n hist\u00f3rica<\/td>\r\n      <td data-label=\"Upper Belvedere\">Residencia ceremonial<\/td>\r\n      <td data-label=\"Lower Belvedere\">Palacio residencial del pr\u00edncipe Eugenio<\/td>\r\n    <\/tr>\r\n    <tr>\r\n      <td data-label=\"Feature\">Espacios clave<\/td>\r\n      <td data-label=\"Upper Belvedere\">Sal\u00f3n de M\u00e1rmol y salas de arte permanente<\/td>\r\n      <td data-label=\"Lower Belvedere\">Galer\u00eda de M\u00e1rmol, Sal\u00f3n de lo Grotesco, Sala Dorada<\/td>\r\n    <\/tr>\r\n    <tr>\r\n      <td data-label=\"Feature\">Ubicaci\u00f3n<\/td>\r\n      <td data-label=\"Upper Belvedere\">Parte superior de los jardines<\/td>\r\n      <td data-label=\"Lower Belvedere\">Parte inferior de los jardines (incluye la Orangerie y las Caballerizas del Palacio)<\/td>\r\n    <\/tr>\r\n  <\/tbody>\r\n<\/table>\r\n\t\t\t\t<\/div>\n\t\t\t\t<\/div>\n\t\t\t\t<div class=\"elementor-element elementor-element-78e65d2 elementor-widget elementor-widget-heading\" data-id=\"78e65d2\" data-element_type=\"widget\" data-widget_type=\"heading.default\">\n\t\t\t\t<div class=\"elementor-widget-container\">\n\t\t\t\t\t<h3 class=\"elementor-heading-title elementor-size-default\">\u00bfMerece la pena visitar ambos?<\/h3>\t\t\t\t<\/div>\n\t\t\t\t<\/div>\n\t\t\t\t<div class=\"elementor-element elementor-element-f5ce3f1 elementor-widget elementor-widget-text-editor\" data-id=\"f5ce3f1\" data-element_type=\"widget\" data-widget_type=\"text-editor.default\">\n\t\t\t\t<div class=\"elementor-widget-container\">\n\t\t\t\t\t\t\t\t\t<p><b>La respuesta corta es: s\u00ed<\/b>. Especialmente si tiene tiempo suficiente. En ese caso, nuestra recomendaci\u00f3n ser\u00eda visitar ambos espacios, aunque entendemos que el tiempo puede ser limitado durante su viaje.  <\/p>\n<p>Si su principal inter\u00e9s es <b>ver obras maestras<\/b>, especialmente el famoso <b>\u00ab<i>El Beso<\/i><\/b><span style=\"font-weight: bold;\">\u00ab<\/span> de Gustav Klimt, entonces <b>la visita al Alto Belvedere es imprescindible<\/b> y deber\u00eda ser su prioridad durante su visita a Viena. Su colecci\u00f3n permanente es de talla mundial y no le decepcionar\u00e1.<\/p>\t\t\t\t\t\t\t\t<\/div>\n\t\t\t\t<\/div>\n\t\t\t\t<div class=\"elementor-element elementor-element-2bf5b63 elementor-widget elementor-widget-image\" data-id=\"2bf5b63\" data-element_type=\"widget\" data-widget_type=\"image.default\">\n\t\t\t\t<div class=\"elementor-widget-container\">\n\t\t\t\t\t\t\t\t\t\t\t\t\t\t\t<img fetchpriority=\"high\" decoding=\"async\" width=\"800\" height=\"798\" src=\"https:\/\/belvederepalace.wientickets.org\/wp-content\/uploads\/2025\/11\/gustav-klimt-the-kiss.webp\" class=\"attachment-large size-large wp-image-1560\" alt=\"El beso de Gustav Klimt\" srcset=\"https:\/\/belvederepalace.wientickets.org\/wp-content\/uploads\/2025\/11\/gustav-klimt-the-kiss.webp 1024w, https:\/\/belvederepalace.wientickets.org\/wp-content\/uploads\/2025\/11\/gustav-klimt-the-kiss-300x300.webp 300w, https:\/\/belvederepalace.wientickets.org\/wp-content\/uploads\/2025\/11\/gustav-klimt-the-kiss-150x150.webp 150w, https:\/\/belvederepalace.wientickets.org\/wp-content\/uploads\/2025\/11\/gustav-klimt-the-kiss-768x766.webp 768w\" sizes=\"(max-width: 800px) 100vw, 800px\" \/>\t\t\t\t\t\t\t\t\t\t\t\t\t\t\t<\/div>\n\t\t\t\t<\/div>\n\t\t\t\t<div class=\"elementor-element elementor-element-8131117 elementor-widget elementor-widget-text-editor\" data-id=\"8131117\" data-element_type=\"widget\" data-widget_type=\"text-editor.default\">\n\t\t\t\t<div class=\"elementor-widget-container\">\n\t\t\t\t\t\t\t\t\t<p>Por otro lado, <b>el Belvedere Inferior<\/b> le ofrece una experiencia diferente. Como hemos mencionado antes, se centra en exposiciones temporales. Esto significa que <b>su atractivo cambia constantemente<\/b>, lo cual es una ventaja si le gusta la variedad o si ya ha estado antes. Por lo tanto, vale la pena consultar su sitio web antes de ir para ver qu\u00e9 exposici\u00f3n temporal est\u00e1 programada, solo para asegurarse de que el tema le interese de verdad. Adem\u00e1s, <b>las salas hist\u00f3ricas del Inferior son fascinantes<\/b> y le permiten conectar con la historia del palacio de una manera diferente, lo que se traduce en un complemento perfecto para el Superior. No se trata solo de arte, sino de arquitectura y de la historia de la vida palaciega.     <\/p>\t\t\t\t\t\t\t\t<\/div>\n\t\t\t\t<\/div>\n\t\t\t\t<div class=\"elementor-element elementor-element-b32ac1e elementor-widget elementor-widget-image\" data-id=\"b32ac1e\" data-element_type=\"widget\" data-widget_type=\"image.default\">\n\t\t\t\t<div class=\"elementor-widget-container\">\n\t\t\t\t\t\t\t\t\t\t\t\t\t\t\t<img decoding=\"async\" width=\"800\" height=\"534\" src=\"https:\/\/belvederepalace.wientickets.org\/wp-content\/uploads\/2025\/11\/lower-belvedere-1-1024x683.webp\" class=\"attachment-large size-large wp-image-1531\" alt=\"Bajo Belvedere\" srcset=\"https:\/\/belvederepalace.wientickets.org\/wp-content\/uploads\/2025\/11\/lower-belvedere-1-1024x683.webp 1024w, https:\/\/belvederepalace.wientickets.org\/wp-content\/uploads\/2025\/11\/lower-belvedere-1-300x200.webp 300w, https:\/\/belvederepalace.wientickets.org\/wp-content\/uploads\/2025\/11\/lower-belvedere-1-768x512.webp 768w, https:\/\/belvederepalace.wientickets.org\/wp-content\/uploads\/2025\/11\/lower-belvedere-1.webp 1200w\" sizes=\"(max-width: 800px) 100vw, 800px\" \/>\t\t\t\t\t\t\t\t\t\t\t\t\t\t\t<\/div>\n\t\t\t\t<\/div>\n\t\t\t\t<div class=\"elementor-element elementor-element-0513b4e elementor-widget elementor-widget-text-editor\" data-id=\"0513b4e\" data-element_type=\"widget\" data-widget_type=\"text-editor.default\">\n\t\t\t\t<div class=\"elementor-widget-container\">\n\t\t\t\t\t\t\t\t\t<div style=\"text-align: center;\">Foto: \u201c<a id=\"yui_3_16_0_1_1765469381636_2571\" title=\"Austria-03441 - Lower Belvedere Palace\" href=\"https:\/\/www.flickr.com\/photos\/archer10\/32812811091\" target=\"_blank\" rel=\"noopener noreferrer\" style=\"color:#7E0009;\">Austria-03441 &#8211; Lower Belvedere Palace<\/a>\u201d de <a id=\"yui_3_16_0_1_1765469381636_2570\" href=\"https:\/\/www.flickr.com\/photos\/archer10\/\" target=\"_blank\" rel=\"noopener noreferrer\" style=\"color:#7E0009;\">Dennis Jarvis<\/a>, <a href=\"https:\/\/creativecommons.org\/licenses\/by-sa\/2.0\/deed.es\" target=\"_blank\" rel=\"license noopener noreferrer\" style=\"color:#7E0009;\">CC BY-SA 2.0<\/a>.<\/div>\n\t\t\t\t\t\t\t\t<\/div>\n\t\t\t\t<\/div>\n\t\t\t\t<div class=\"elementor-element elementor-element-170fd13 elementor-widget elementor-widget-heading\" data-id=\"170fd13\" data-element_type=\"widget\" data-widget_type=\"heading.default\">\n\t\t\t\t<div class=\"elementor-widget-container\">\n\t\t\t\t\t<h3 class=\"elementor-heading-title elementor-size-default\">\u00bfNecesito una entrada para el Belvedere Superior o Inferior?<\/h3>\t\t\t\t<\/div>\n\t\t\t\t<\/div>\n\t\t\t\t<div class=\"elementor-element elementor-element-faba783 elementor-widget elementor-widget-text-editor\" data-id=\"faba783\" data-element_type=\"widget\" data-widget_type=\"text-editor.default\">\n\t\t\t\t<div class=\"elementor-widget-container\">\n\t\t\t\t\t\t\t\t\t<p><b>S\u00ed, necesita una entrada para el Belvedere Superior e Inferior<\/b>, ya que ambos son museos independientes y, por lo tanto, requieren una entrada para visitar los interiores. Es importante saber que las entradas se venden por separado para cada uno, o tambi\u00e9n puede comprar una entrada combinada que le da acceso a ambos (lo que a menudo resulta m\u00e1s econ\u00f3mico). <\/p><p>La buena noticia es que el espl\u00e9ndido <b>jard\u00edn exterior<\/b> que conecta el Belvedere Superior e Inferior es <b>completamente gratuito<\/b> para pasear. \u00a1Puede entrar y salir de los jardines cuando quiera, sin coste alguno! <\/p>\t\t\t\t\t\t\t\t<\/div>\n\t\t\t\t<\/div>\n\t\t\t\t<div class=\"elementor-element elementor-element-7547e06 elementor-widget elementor-widget-image\" data-id=\"7547e06\" data-element_type=\"widget\" data-widget_type=\"image.default\">\n\t\t\t\t<div class=\"elementor-widget-container\">\n\t\t\t\t\t\t\t\t\t\t\t\t\t\t\t<img decoding=\"async\" width=\"800\" height=\"536\" src=\"https:\/\/belvederepalace.wientickets.org\/wp-content\/uploads\/2025\/12\/belvedere-palace-garden-1024x686.webp\" class=\"attachment-large size-large wp-image-1561\" alt=\"Jard\u00edn del Palacio Belvedere\" srcset=\"https:\/\/belvederepalace.wientickets.org\/wp-content\/uploads\/2025\/12\/belvedere-palace-garden-1024x686.webp 1024w, https:\/\/belvederepalace.wientickets.org\/wp-content\/uploads\/2025\/12\/belvedere-palace-garden-300x201.webp 300w, https:\/\/belvederepalace.wientickets.org\/wp-content\/uploads\/2025\/12\/belvedere-palace-garden-768x514.webp 768w, https:\/\/belvederepalace.wientickets.org\/wp-content\/uploads\/2025\/12\/belvedere-palace-garden.webp 1280w\" sizes=\"(max-width: 800px) 100vw, 800px\" \/>\t\t\t\t\t\t\t\t\t\t\t\t\t\t\t<\/div>\n\t\t\t\t<\/div>\n\t\t\t\t<div class=\"elementor-element elementor-element-a158d7e elementor-widget elementor-widget-text-editor\" data-id=\"a158d7e\" data-element_type=\"widget\" data-widget_type=\"text-editor.default\">\n\t\t\t\t<div class=\"elementor-widget-container\">\n\t\t\t\t\t\t\t\t\t<p>Estos jardines son una <b>obra de arte barroca<\/b> con fuentes, estanques, parterres sim\u00e9tricos y estatuas. De hecho, mucha gente los visita solo para disfrutar de las vistas y la tranquilidad que ofrecen. Puede tomar fotos espectaculares de los palacios y de la vista que se abre hacia la ciudad de Viena. En definitiva, es otra gran manera de disfrutar del complejo sin tener que pagar la entrada. Suena bastante bien, \u00bfverdad?    <\/p>\t\t\t\t\t\t\t\t<\/div>\n\t\t\t\t<\/div>\n\t\t\t\t<div class=\"elementor-element elementor-element-9dcff11 elementor-widget elementor-widget-heading\" data-id=\"9dcff11\" data-element_type=\"widget\" data-widget_type=\"heading.default\">\n\t\t\t\t<div class=\"elementor-widget-container\">\n\t\t\t\t\t<h3 class=\"elementor-heading-title elementor-size-default\">\u00bfCu\u00e1nto tiempo se tarda en visitar cada uno?<\/h3>\t\t\t\t<\/div>\n\t\t\t\t<\/div>\n\t\t\t\t<div class=\"elementor-element elementor-element-7145ea9 elementor-widget elementor-widget-text-editor\" data-id=\"7145ea9\" data-element_type=\"widget\" data-widget_type=\"text-editor.default\">\n\t\t\t\t<div class=\"elementor-widget-container\">\n\t\t\t\t\t\t\t\t\t<p>Lo cierto es que <b>el tiempo que dedique a la visita depender\u00e1 de su ritmo<\/b> y de cu\u00e1nto tiempo se detenga a admirar cada obra, pero estas ser\u00edan estimaciones aproximadas para que pueda planificar su visita:<\/p><p>Para el <b>Belvedere Superior<\/b>, la mayor\u00eda de la gente pasa entre <b>1,5 y 2,5 horas<\/b>. Es un edificio grande y hay mucho arte de alta calidad que ver, por lo que nuestra recomendaci\u00f3n es ir con tiempo suficiente y no apresurarse. <\/p><p>En cuanto al <b>Belvedere Inferior<\/b>, el tiempo de visita suele ser un poco m\u00e1s corto, alrededor de <b>1 a 1,5 horas<\/b>. Todo depender\u00e1 del tiempo que dedique a disfrutar de la Orangerie y las Caballerizas del Palacio, donde tienen lugar las exposiciones. <\/p><p>Adem\u00e1s, no debe olvidar que tambi\u00e9n tiene la posibilidad de <b>pasear por los jardines<\/b> de forma gratuita. Este paseo podr\u00eda llevarle unos <b>20 o 30 minutos<\/b>. <\/p><p>Por lo tanto, si decide visitar ambos y disfrutar de un paseo por los jardines, su visita al Belvedere Superior e Inferior podr\u00eda llevarle f\u00e1cilmente una <b>ma\u00f1ana o tarde completa<\/b>, es decir, de 3 a 4 horas en total. \u00a1Haga sus planes y disfrute con calma! <\/p><p>En este mapa, puede ver <strong>la distancia entre los dos edificios<\/strong>:<\/p>\t\t\t\t\t\t\t\t<\/div>\n\t\t\t\t<\/div>\n\t\t\t\t<div class=\"elementor-element elementor-element-bba4806 elementor-widget elementor-widget-image\" data-id=\"bba4806\" data-element_type=\"widget\" data-widget_type=\"image.default\">\n\t\t\t\t<div class=\"elementor-widget-container\">\n\t\t\t\t\t\t\t\t\t\t\t\t\t\t\t<img loading=\"lazy\" decoding=\"async\" width=\"800\" height=\"799\" src=\"https:\/\/belvederepalace.wientickets.org\/wp-content\/uploads\/2025\/11\/belvedere-map-entrances.jpg\" class=\"attachment-large size-large wp-image-1382\" alt=\"Mapa de Belvedere con entradas\" srcset=\"https:\/\/belvederepalace.wientickets.org\/wp-content\/uploads\/2025\/11\/belvedere-map-entrances.jpg 800w, https:\/\/belvederepalace.wientickets.org\/wp-content\/uploads\/2025\/11\/belvedere-map-entrances-300x300.jpg 300w, https:\/\/belvederepalace.wientickets.org\/wp-content\/uploads\/2025\/11\/belvedere-map-entrances-150x150.jpg 150w, https:\/\/belvederepalace.wientickets.org\/wp-content\/uploads\/2025\/11\/belvedere-map-entrances-768x767.jpg 768w\" sizes=\"(max-width: 800px) 100vw, 800px\" \/>\t\t\t\t\t\t\t\t\t\t\t\t\t\t\t<\/div>\n\t\t\t\t<\/div>\n\t\t\t\t<div class=\"elementor-element elementor-element-224d851 elementor-widget elementor-widget-heading\" data-id=\"224d851\" data-element_type=\"widget\" data-widget_type=\"heading.default\">\n\t\t\t\t<div class=\"elementor-widget-container\">\n\t\t\t\t\t<h2 class=\"elementor-heading-title elementor-size-default\">Horario de apertura del Belvedere Superior e Inferior<\/h2>\t\t\t\t<\/div>\n\t\t\t\t<\/div>\n\t\t\t\t<div class=\"elementor-element elementor-element-e2267f3 elementor-widget elementor-widget-text-editor\" data-id=\"e2267f3\" data-element_type=\"widget\" data-widget_type=\"text-editor.default\">\n\t\t\t\t<div class=\"elementor-widget-container\">\n\t\t\t\t\t\t\t\t\t<p>El horario de apertura del <strong>el<\/strong> <b>Belvedere Superior<\/b> suele ser de <b>9:00 a 18:00<\/b>, mientras que <strong>el Belvedere Inferior<\/strong> abre un poco m\u00e1s tarde, de <strong>10:00 a 18:00<\/strong>. Estos horarios tienden a ser bastante estables, pero siempre es una buena idea confirmarlos en el sitio web oficial, especialmente si viaja durante la temporada baja o en d\u00edas festivos: <\/p>\t\t\t\t\t\t\t\t<\/div>\n\t\t\t\t<\/div>\n\t\t\t\t<div class=\"elementor-element elementor-element-1dc3698 elementor-widget elementor-widget-html\" data-id=\"1dc3698\" data-element_type=\"widget\" data-widget_type=\"html.default\">\n\t\t\t\t<div class=\"elementor-widget-container\">\n\t\t\t\t\t<style>\n  \/* General table styles *\/\n  table {\n    width: 100%;\n    border-collapse: collapse;\n    margin: 10px 0;\n    font-size: 1em;\n    font-family: sans-serif;\n    box-shadow: 0 0 20px rgba(0, 0, 0, 0.15);\n  }\n\n  \/* --- CHANGE HERE --- *\/\n  \/* Header color is now #7E0009 *\/\n  table thead tr {\n    background-color: #7E0009 !important; \/* Updated color for desktop *\/\n    color: #ffffff;\n    text-align: left;\n  }\n\n  table th,\n  table td {\n    padding: 12px 15px;\n  }\n\n  table tbody tr {\n    border-bottom: 1px solid #dddddd;\n  }\n\n  table tbody tr:nth-of-type(even) {\n    background-color: #f3f3f3;\n  }\n\n  table tbody tr:last-of-type {\n    border-bottom: 2px solid #7E0009; \/* Also updated this border to match *\/\n  }\n\n  \/* --- MOBILE STYLES --- *\/\n  \/* Applied on screens 600px or less *\/\n  @media screen and (max-width: 600px) {\n    table {\n      border: 0;\n    }\n    \n    table thead {\n      display: none;\n    }\n    \n    table tr {\n      display: block;\n      margin-bottom: 20px;\n      border-bottom: 3px solid #7E0009; \/* Matching bottom border *\/\n    }\n    \n    table td {\n      display: block;\n      text-align: right;\n      border-bottom: 1px dotted #ccc;\n      font-size: 0.9em;\n    }\n    \n    table td:last-child {\n      border-bottom: 0;\n    }\n    \n    table td::before {\n      content: attr(data-label);\n      float: left;\n      font-weight: bold;\n      text-transform: uppercase;\n    }\n  }\n<\/style>\n\n<table>\n  <thead>\n    <tr>\n      <th>Ubicaci\u00f3n<\/th>\n      <th>D\u00edas de apertura<\/th>\n      <th>Horario regular<\/th>\n      <th>\u00daltima admisi\u00f3n<\/th>\n    <\/tr>\n  <\/thead>\n  <tbody>\n    <tr>\n      <td data-label=\"Location\">Belvedere Superior<\/td>\n      <td data-label=\"Days Open\">Lunes \u2013 Domingo<\/td>\n      <td data-label=\"Regular Hours\">09:00 \u2013 18:00<\/td>\n      <td data-label=\"Last Admission\">17:30<\/td>\n    <\/tr>\n    <tr>\n      <td data-label=\"Location\">Belvedere Inferior<\/td>\n      <td data-label=\"Days Open\">Lunes \u2013 Domingo<\/td>\n      <td data-label=\"Regular Hours\">10:00 \u2013 18:00<\/td>\n      <td data-label=\"Last Admission\">17:30<\/td>\n    <\/tr>\n    <tr>\n      <td data-label=\"Location\">Belvedere 21<\/td>\n      <td data-label=\"Days Open\">Martes \u2013 Domingo<\/td>\n      <td data-label=\"Regular Hours\">11:00 \u2013 18:00<\/td>\n      <td data-label=\"Last Admission\">17:30<\/td>\n    <\/tr>\n    <tr>\n      <td data-label=\"Location\">Belvedere 21<\/td>\n      <td data-label=\"Days Open\">Jueves (noche tard\u00eda)<\/td>\n      <td data-label=\"Regular Hours\">11:00 \u2013 21:00<\/td>\n      <td data-label=\"Last Admission\">20:30<\/td>\n    <\/tr>\n    <tr>\n      <td data-label=\"Location\">Belvedere 21<\/td>\n      <td data-label=\"Days Open\">Lunes<\/td>\n      <td data-label=\"Regular Hours\">Cerrado*<\/td>\n      <td data-label=\"Last Admission\">N\/A<\/td>\n    <\/tr>\n  <\/tbody>\n<\/table>\t\t\t\t<\/div>\n\t\t\t\t<\/div>\n\t\t\t\t<div class=\"elementor-element elementor-element-953baa2 elementor-widget elementor-widget-text-editor\" data-id=\"953baa2\" data-element_type=\"widget\" data-widget_type=\"text-editor.default\">\n\t\t\t\t<div class=\"elementor-widget-container\">\n\t\t\t\t\t\t\t\t\t<p>Una cosa importante que debe tener en cuenta es la <strong>\u00abPol\u00edtica de \u00faltima admisi\u00f3n\u00bb<\/strong>. En la mayor\u00eda de los museos, y el Belvedere no es una excepci\u00f3n, se permite la entrada hasta una hora determinada antes del cierre, que suele ser unos 30 minutos. Esto significa que si cierran a las 18:00, debe asegurarse de entrar antes de las 17:30 para tener tiempo de acceder y hacer el recorrido. <\/p><p>Por lo tanto, <strong>nuestra recomendaci\u00f3n es entrar al menos una hora y media antes del cierre<\/strong>, para que pueda disfrutar de la visita sin el estr\u00e9s de que le saquen a toda prisa. Si llega demasiado tarde, no tendr\u00e1 tiempo de apreciar plenamente las obras de arte o los interiores hist\u00f3ricos con la calma que se merecen. \u00a1No lo olvide!  <\/p>\t\t\t\t\t\t\t\t<\/div>\n\t\t\t\t<\/div>\n\t\t\t\t\t<\/div>\n\t\t<\/div>\n\t\t\t\t\t<\/div>\n\t\t<\/section>\n\t\t<div class=\"elementor-element elementor-element-b056e17 e-flex e-con-boxed e-con e-parent\" data-id=\"b056e17\" data-element_type=\"container\">\n\t\t\t\t\t<div class=\"e-con-inner\">\n\t\t\t\t<div class=\"elementor-element elementor-element-4df49cb elementor-widget elementor-widget-heading\" data-id=\"4df49cb\" data-element_type=\"widget\" data-widget_type=\"heading.default\">\n\t\t\t\t<div class=\"elementor-widget-container\">\n\t\t\t\t\t<h2 class=\"elementor-heading-title elementor-size-default\">M\u00e1s informaci\u00f3n sobre el Palacio Belvedere<\/h2>\t\t\t\t<\/div>\n\t\t\t\t<\/div>\n\t\t\t\t\t<\/div>\n\t\t\t\t<\/div>\n\t\t\t\t<section class=\"elementor-section elementor-top-section elementor-element elementor-element-36cce6b elementor-section-boxed elementor-section-height-default elementor-section-height-default\" data-id=\"36cce6b\" data-element_type=\"section\">\n\t\t\t\t\t\t<div class=\"elementor-container elementor-column-gap-custom\">\n\t\t\t\t\t<div class=\"elementor-column elementor-col-33 elementor-top-column elementor-element elementor-element-2b6b187\" data-id=\"2b6b187\" data-element_type=\"column\">\n\t\t\t<div class=\"elementor-widget-wrap elementor-element-populated\">\n\t\t\t\t\t\t<div class=\"elementor-element elementor-element-b98aaf4 elementor-widget elementor-widget-image\" data-id=\"b98aaf4\" data-element_type=\"widget\" data-widget_type=\"image.default\">\n\t\t\t\t<div class=\"elementor-widget-container\">\n\t\t\t\t\t\t\t\t\t\t\t\t\t\t\t\t<a href=\"https:\/\/belvederepalace.wientickets.org\/es\/entradas-para-el-palacio-belvedere\/\">\n\t\t\t\t\t\t\t<img loading=\"lazy\" decoding=\"async\" width=\"800\" height=\"472\" src=\"https:\/\/belvederepalace.wientickets.org\/wp-content\/uploads\/2024\/08\/belvedere-palace-faqs.webp\" class=\"attachment-large size-large wp-image-1562\" alt=\"\" srcset=\"https:\/\/belvederepalace.wientickets.org\/wp-content\/uploads\/2024\/08\/belvedere-palace-faqs.webp 900w, https:\/\/belvederepalace.wientickets.org\/wp-content\/uploads\/2024\/08\/belvedere-palace-faqs-300x177.webp 300w, https:\/\/belvederepalace.wientickets.org\/wp-content\/uploads\/2024\/08\/belvedere-palace-faqs-768x453.webp 768w\" sizes=\"(max-width: 800px) 100vw, 800px\" \/>\t\t\t\t\t\t\t\t<\/a>\n\t\t\t\t\t\t\t\t\t\t\t\t\t\t\t<\/div>\n\t\t\t\t<\/div>\n\t\t\t\t<div class=\"elementor-element elementor-element-5018418 elementor-widget elementor-widget-heading\" data-id=\"5018418\" data-element_type=\"widget\" data-widget_type=\"heading.default\">\n\t\t\t\t<div class=\"elementor-widget-container\">\n\t\t\t\t\t<p class=\"elementor-heading-title elementor-size-default\">ENTRADAS PARA EL PALACIO BELVEDERE<\/p>\t\t\t\t<\/div>\n\t\t\t\t<\/div>\n\t\t\t\t<div class=\"elementor-element elementor-element-9bc3986 elementor-widget elementor-widget-heading\" data-id=\"9bc3986\" data-element_type=\"widget\" data-widget_type=\"heading.default\">\n\t\t\t\t<div class=\"elementor-widget-container\">\n\t\t\t\t\t<h3 class=\"elementor-heading-title elementor-size-default\"><a href=\"https:\/\/belvederepalace.wientickets.org\/es\/entradas-para-el-palacio-belvedere\/\">Entradas para el Palacio<\/a><\/h3>\t\t\t\t<\/div>\n\t\t\t\t<\/div>\n\t\t\t\t<div class=\"elementor-element elementor-element-c3b9693 elementor-widget elementor-widget-text-editor\" data-id=\"c3b9693\" data-element_type=\"widget\" data-widget_type=\"text-editor.default\">\n\t\t\t\t<div class=\"elementor-widget-container\">\n\t\t\t\t\t\t\t\t\tLas entradas al Palacio Belvedere dan acceso a sus renombradas exposiciones de arte y a sus hermosos jardines. El palacio est\u00e1 dividido en dos partes principales&#8230; <a href=\"https:\/\/belvederepalace.wientickets.org\/es\/entradas-para-el-palacio-belvedere\/\" style=\"color:#7E0009;\">ver m\u00e1s<\/a> \n\t\t\t\t\t\t\t\t<\/div>\n\t\t\t\t<\/div>\n\t\t\t\t\t<\/div>\n\t\t<\/div>\n\t\t\t\t<div class=\"elementor-column elementor-col-33 elementor-top-column elementor-element elementor-element-7c17084\" data-id=\"7c17084\" data-element_type=\"column\">\n\t\t\t<div class=\"elementor-widget-wrap elementor-element-populated\">\n\t\t\t\t\t\t<div class=\"elementor-element elementor-element-cdfa36e elementor-widget elementor-widget-image\" data-id=\"cdfa36e\" data-element_type=\"widget\" data-widget_type=\"image.default\">\n\t\t\t\t<div class=\"elementor-widget-container\">\n\t\t\t\t\t\t\t\t\t\t\t\t\t\t\t\t<a href=\"https:\/\/belvederepalace.wientickets.org\/es\/horarios\/\">\n\t\t\t\t\t\t\t<img loading=\"lazy\" decoding=\"async\" width=\"600\" height=\"400\" src=\"https:\/\/belvederepalace.wientickets.org\/wp-content\/uploads\/2024\/08\/location-of-belvedere-palace.webp\" class=\"attachment-large size-large wp-image-1369\" alt=\"\" srcset=\"https:\/\/belvederepalace.wientickets.org\/wp-content\/uploads\/2024\/08\/location-of-belvedere-palace.webp 600w, https:\/\/belvederepalace.wientickets.org\/wp-content\/uploads\/2024\/08\/location-of-belvedere-palace-300x200.webp 300w\" sizes=\"(max-width: 600px) 100vw, 600px\" \/>\t\t\t\t\t\t\t\t<\/a>\n\t\t\t\t\t\t\t\t\t\t\t\t\t\t\t<\/div>\n\t\t\t\t<\/div>\n\t\t\t\t<div class=\"elementor-element elementor-element-7afca79 elementor-widget elementor-widget-heading\" data-id=\"7afca79\" data-element_type=\"widget\" data-widget_type=\"heading.default\">\n\t\t\t\t<div class=\"elementor-widget-container\">\n\t\t\t\t\t<p class=\"elementor-heading-title elementor-size-default\">INFORMACI\u00d3N PARA EL VIAJERO<\/p>\t\t\t\t<\/div>\n\t\t\t\t<\/div>\n\t\t\t\t<div class=\"elementor-element elementor-element-85792c6 elementor-widget elementor-widget-heading\" data-id=\"85792c6\" data-element_type=\"widget\" data-widget_type=\"heading.default\">\n\t\t\t\t<div class=\"elementor-widget-container\">\n\t\t\t\t\t<h3 class=\"elementor-heading-title elementor-size-default\"><a href=\"https:\/\/belvederepalace.wientickets.org\/es\/ubicacion-del-palacio-belvedere\/\">Ubicaci\u00f3n del Palacio Belvedere<\/a><\/h3>\t\t\t\t<\/div>\n\t\t\t\t<\/div>\n\t\t\t\t<div class=\"elementor-element elementor-element-a46e72b elementor-widget elementor-widget-text-editor\" data-id=\"a46e72b\" data-element_type=\"widget\" data-widget_type=\"text-editor.default\">\n\t\t\t\t<div class=\"elementor-widget-container\">\n\t\t\t\t\t\t\t\t\tEl Palacio Belvedere est\u00e1 situado en el distrito de Landstra\u00dfe de Viena, lo que facilita el acceso desde varias partes de la ciudad. Est\u00e1 c\u00e9ntricamente&#8230; <a href=\"https:\/\/belvederepalace.wientickets.org\/es\/ubicacion-del-palacio-belvedere\/\" style=\"color:#7E0009;\">ver m\u00e1s<\/a> \n\t\t\t\t\t\t\t\t<\/div>\n\t\t\t\t<\/div>\n\t\t\t\t\t<\/div>\n\t\t<\/div>\n\t\t\t\t<div class=\"elementor-column elementor-col-33 elementor-top-column elementor-element elementor-element-16ac3c6\" data-id=\"16ac3c6\" data-element_type=\"column\">\n\t\t\t<div class=\"elementor-widget-wrap elementor-element-populated\">\n\t\t\t\t\t\t<div class=\"elementor-element elementor-element-76340b8 elementor-widget elementor-widget-image\" data-id=\"76340b8\" data-element_type=\"widget\" data-widget_type=\"image.default\">\n\t\t\t\t<div class=\"elementor-widget-container\">\n\t\t\t\t\t\t\t\t\t\t\t\t\t\t\t\t<a href=\"https:\/\/belvederepalace.wientickets.org\/es\/lo-mas-destacado-del-palacio-belvedere\/\">\n\t\t\t\t\t\t\t<img loading=\"lazy\" decoding=\"async\" width=\"600\" height=\"400\" src=\"https:\/\/belvederepalace.wientickets.org\/wp-content\/uploads\/2024\/08\/highlights-of-belvedere-palace.webp\" class=\"attachment-large size-large wp-image-1366\" alt=\"\" srcset=\"https:\/\/belvederepalace.wientickets.org\/wp-content\/uploads\/2024\/08\/highlights-of-belvedere-palace.webp 600w, https:\/\/belvederepalace.wientickets.org\/wp-content\/uploads\/2024\/08\/highlights-of-belvedere-palace-300x200.webp 300w\" sizes=\"(max-width: 600px) 100vw, 600px\" \/>\t\t\t\t\t\t\t\t<\/a>\n\t\t\t\t\t\t\t\t\t\t\t\t\t\t\t<\/div>\n\t\t\t\t<\/div>\n\t\t\t\t<div class=\"elementor-element elementor-element-f48b852 elementor-widget elementor-widget-heading\" data-id=\"f48b852\" data-element_type=\"widget\" data-widget_type=\"heading.default\">\n\t\t\t\t<div class=\"elementor-widget-container\">\n\t\t\t\t\t<p class=\"elementor-heading-title elementor-size-default\">INFORMACI\u00d3N DEL PALACIO BELVEDERE<\/p>\t\t\t\t<\/div>\n\t\t\t\t<\/div>\n\t\t\t\t<div class=\"elementor-element elementor-element-0512110 elementor-widget elementor-widget-heading\" data-id=\"0512110\" data-element_type=\"widget\" data-widget_type=\"heading.default\">\n\t\t\t\t<div class=\"elementor-widget-container\">\n\t\t\t\t\t<h3 class=\"elementor-heading-title elementor-size-default\"><a href=\"https:\/\/belvederepalace.wientickets.org\/es\/informacion-del-palacio-belvedere\/\">Informaci\u00f3n del Palacio Belvedere<\/a><\/h3>\t\t\t\t<\/div>\n\t\t\t\t<\/div>\n\t\t\t\t<div class=\"elementor-element elementor-element-e471082 elementor-widget elementor-widget-text-editor\" data-id=\"e471082\" data-element_type=\"widget\" data-widget_type=\"text-editor.default\">\n\t\t\t\t<div class=\"elementor-widget-container\">\n\t\t\t\t\t\t\t\t\tEl complejo del Palacio Belvedere es algo m\u00e1s que dos palacios; es un tesoro cultural que ofrece una visi\u00f3n completa de la Viena&#8230; <a href=\"https:\/\/belvederepalace.wientickets.org\/es\/informacion-del-palacio-belvedere\/\" style=\"color:#7E0009;\">ver m\u00e1s<\/a>\t\t\t\t\t\t\t\t<\/div>\n\t\t\t\t<\/div>\n\t\t\t\t\t<\/div>\n\t\t<\/div>\n\t\t\t\t\t<\/div>\n\t\t<\/section>\n\t\t\t\t<\/div>\n\t\t","protected":false},"excerpt":{"rendered":"<p>Belvedere Superior o Inferior Antes de viajar a Viena, debes conocer las diferencias entre el Belvedere Superior y el Inferior. A continuaci\u00f3n, detallamos los aspectos clave de ambos museos para ayudarte a decidir cu\u00e1l elegir. Horario de apertura C\u00f3mo llegar Mapa y entrada Belvedere Superior o Inferior Mercado navide\u00f1o Belvedere o Sch\u00f6nbrunn \u00bfCu\u00e1l es la [&hellip;]<\/p>\n","protected":false},"author":2,"featured_media":1376,"parent":0,"menu_order":0,"comment_status":"closed","ping_status":"closed","template":"elementor_header_footer","meta":{"footnotes":""},"class_list":["post-1559","page","type-page","status-publish","has-post-thumbnail","hentry"],"yoast_head":"<!-- This site is optimized with the Yoast SEO plugin v26.7 - https:\/\/yoast.com\/wordpress\/plugins\/seo\/ -->\n<title>Belvedere Superior vs. Belvedere Inferior | Diferencias entre ambos<\/title>\n<meta name=\"description\" content=\"Estas son las diferencias entre el Belvedere Superior y el Belvedere Inferior. \u2705 \u00a1Descubra sus horarios de apertura, ubicaci\u00f3n y mucho m\u00e1s!\" \/>\n<meta name=\"robots\" content=\"index, follow, max-snippet:-1, max-image-preview:large, max-video-preview:-1\" \/>\n<link rel=\"canonical\" href=\"https:\/\/belvederepalace.wientickets.org\/es\/belvedere-superior-o-inferior\/\" \/>\n<meta property=\"og:locale\" content=\"es_ES\" \/>\n<meta property=\"og:type\" content=\"article\" \/>\n<meta property=\"og:title\" content=\"Belvedere Superior vs. Belvedere Inferior | Diferencias entre ambos\" \/>\n<meta property=\"og:description\" content=\"Estas son las diferencias entre el Belvedere Superior y el Belvedere Inferior. \u2705 \u00a1Descubra sus horarios de apertura, ubicaci\u00f3n y mucho m\u00e1s!\" \/>\n<meta property=\"og:url\" content=\"https:\/\/belvederepalace.wientickets.org\/es\/belvedere-superior-o-inferior\/\" \/>\n<meta property=\"og:site_name\" content=\"Belvedere Palace Tickets\" \/>\n<meta property=\"article:modified_time\" content=\"2026-02-13T07:58:58+00:00\" \/>\n<meta property=\"og:image\" content=\"https:\/\/belvederepalace.wientickets.org\/wp-content\/uploads\/2025\/11\/belvedere-palace.webp\" \/>\n\t<meta property=\"og:image:width\" content=\"1300\" \/>\n\t<meta property=\"og:image:height\" content=\"572\" \/>\n\t<meta property=\"og:image:type\" content=\"image\/webp\" \/>\n<meta name=\"twitter:card\" content=\"summary_large_image\" \/>\n<meta name=\"twitter:label1\" content=\"Tiempo de lectura\" \/>\n\t<meta name=\"twitter:data1\" content=\"9 minutos\" \/>\n<script type=\"application\/ld+json\" class=\"yoast-schema-graph\">{\"@context\":\"https:\/\/schema.org\",\"@graph\":[{\"@type\":\"WebPage\",\"@id\":\"https:\/\/belvederepalace.wientickets.org\/es\/belvedere-superior-o-inferior\/\",\"url\":\"https:\/\/belvederepalace.wientickets.org\/es\/belvedere-superior-o-inferior\/\",\"name\":\"Belvedere Superior vs. Belvedere Inferior | Diferencias entre ambos\",\"isPartOf\":{\"@id\":\"https:\/\/belvederepalace.wientickets.org\/es\/#website\"},\"primaryImageOfPage\":{\"@id\":\"https:\/\/belvederepalace.wientickets.org\/es\/belvedere-superior-o-inferior\/#primaryimage\"},\"image\":{\"@id\":\"https:\/\/belvederepalace.wientickets.org\/es\/belvedere-superior-o-inferior\/#primaryimage\"},\"thumbnailUrl\":\"https:\/\/belvederepalace.wientickets.org\/wp-content\/uploads\/2025\/11\/belvedere-palace.webp\",\"datePublished\":\"2025-12-12T07:29:27+00:00\",\"dateModified\":\"2026-02-13T07:58:58+00:00\",\"description\":\"Estas son las diferencias entre el Belvedere Superior y el Belvedere Inferior. \u2705 \u00a1Descubra sus horarios de apertura, ubicaci\u00f3n y mucho m\u00e1s!\",\"breadcrumb\":{\"@id\":\"https:\/\/belvederepalace.wientickets.org\/es\/belvedere-superior-o-inferior\/#breadcrumb\"},\"inLanguage\":\"es\",\"potentialAction\":[{\"@type\":\"ReadAction\",\"target\":[\"https:\/\/belvederepalace.wientickets.org\/es\/belvedere-superior-o-inferior\/\"]}]},{\"@type\":\"ImageObject\",\"inLanguage\":\"es\",\"@id\":\"https:\/\/belvederepalace.wientickets.org\/es\/belvedere-superior-o-inferior\/#primaryimage\",\"url\":\"https:\/\/belvederepalace.wientickets.org\/wp-content\/uploads\/2025\/11\/belvedere-palace.webp\",\"contentUrl\":\"https:\/\/belvederepalace.wientickets.org\/wp-content\/uploads\/2025\/11\/belvedere-palace.webp\",\"width\":1300,\"height\":572,\"caption\":\"Vista frontal del Palacio Belvedere por la noche\"},{\"@type\":\"BreadcrumbList\",\"@id\":\"https:\/\/belvederepalace.wientickets.org\/es\/belvedere-superior-o-inferior\/#breadcrumb\",\"itemListElement\":[{\"@type\":\"ListItem\",\"position\":1,\"name\":\"Home\",\"item\":\"https:\/\/belvederepalace.wientickets.org\/es\/\"},{\"@type\":\"ListItem\",\"position\":2,\"name\":\"Belvedere Superior o Inferior\"}]},{\"@type\":\"WebSite\",\"@id\":\"https:\/\/belvederepalace.wientickets.org\/es\/#website\",\"url\":\"https:\/\/belvederepalace.wientickets.org\/es\/\",\"name\":\"Belvedere Palace Tickets\",\"description\":\"\",\"publisher\":{\"@id\":\"https:\/\/belvederepalace.wientickets.org\/es\/#organization\"},\"potentialAction\":[{\"@type\":\"SearchAction\",\"target\":{\"@type\":\"EntryPoint\",\"urlTemplate\":\"https:\/\/belvederepalace.wientickets.org\/es\/?s={search_term_string}\"},\"query-input\":{\"@type\":\"PropertyValueSpecification\",\"valueRequired\":true,\"valueName\":\"search_term_string\"}}],\"inLanguage\":\"es\"},{\"@type\":\"Organization\",\"@id\":\"https:\/\/belvederepalace.wientickets.org\/es\/#organization\",\"name\":\"Entradas para el Palacio Belvedere\",\"url\":\"https:\/\/belvederepalace.wientickets.org\/es\/\",\"logo\":{\"@type\":\"ImageObject\",\"inLanguage\":\"es\",\"@id\":\"https:\/\/belvederepalace.wientickets.org\/es\/#\/schema\/logo\/image\/\",\"url\":\"https:\/\/belvederepalace.wientickets.org\/wp-content\/uploads\/2024\/08\/belvedere-palace-tickets-logo.png\",\"contentUrl\":\"https:\/\/belvederepalace.wientickets.org\/wp-content\/uploads\/2024\/08\/belvedere-palace-tickets-logo.png\",\"width\":375,\"height\":70,\"caption\":\"Entradas para el Palacio Belvedere\"},\"image\":{\"@id\":\"https:\/\/belvederepalace.wientickets.org\/es\/#\/schema\/logo\/image\/\"}}]}<\/script>\n<!-- \/ Yoast SEO plugin. -->","yoast_head_json":{"title":"Belvedere Superior vs. Belvedere Inferior | Diferencias entre ambos","description":"Estas son las diferencias entre el Belvedere Superior y el Belvedere Inferior. \u2705 \u00a1Descubra sus horarios de apertura, ubicaci\u00f3n y mucho m\u00e1s!","robots":{"index":"index","follow":"follow","max-snippet":"max-snippet:-1","max-image-preview":"max-image-preview:large","max-video-preview":"max-video-preview:-1"},"canonical":"https:\/\/belvederepalace.wientickets.org\/es\/belvedere-superior-o-inferior\/","og_locale":"es_ES","og_type":"article","og_title":"Belvedere Superior vs. Belvedere Inferior | Diferencias entre ambos","og_description":"Estas son las diferencias entre el Belvedere Superior y el Belvedere Inferior. \u2705 \u00a1Descubra sus horarios de apertura, ubicaci\u00f3n y mucho m\u00e1s!","og_url":"https:\/\/belvederepalace.wientickets.org\/es\/belvedere-superior-o-inferior\/","og_site_name":"Belvedere Palace Tickets","article_modified_time":"2026-02-13T07:58:58+00:00","og_image":[{"width":1300,"height":572,"url":"https:\/\/belvederepalace.wientickets.org\/wp-content\/uploads\/2025\/11\/belvedere-palace.webp","type":"image\/webp"}],"twitter_card":"summary_large_image","twitter_misc":{"Tiempo de lectura":"9 minutos"},"schema":{"@context":"https:\/\/schema.org","@graph":[{"@type":"WebPage","@id":"https:\/\/belvederepalace.wientickets.org\/es\/belvedere-superior-o-inferior\/","url":"https:\/\/belvederepalace.wientickets.org\/es\/belvedere-superior-o-inferior\/","name":"Belvedere Superior vs. Belvedere Inferior | Diferencias entre ambos","isPartOf":{"@id":"https:\/\/belvederepalace.wientickets.org\/es\/#website"},"primaryImageOfPage":{"@id":"https:\/\/belvederepalace.wientickets.org\/es\/belvedere-superior-o-inferior\/#primaryimage"},"image":{"@id":"https:\/\/belvederepalace.wientickets.org\/es\/belvedere-superior-o-inferior\/#primaryimage"},"thumbnailUrl":"https:\/\/belvederepalace.wientickets.org\/wp-content\/uploads\/2025\/11\/belvedere-palace.webp","datePublished":"2025-12-12T07:29:27+00:00","dateModified":"2026-02-13T07:58:58+00:00","description":"Estas son las diferencias entre el Belvedere Superior y el Belvedere Inferior. \u2705 \u00a1Descubra sus horarios de apertura, ubicaci\u00f3n y mucho m\u00e1s!","breadcrumb":{"@id":"https:\/\/belvederepalace.wientickets.org\/es\/belvedere-superior-o-inferior\/#breadcrumb"},"inLanguage":"es","potentialAction":[{"@type":"ReadAction","target":["https:\/\/belvederepalace.wientickets.org\/es\/belvedere-superior-o-inferior\/"]}]},{"@type":"ImageObject","inLanguage":"es","@id":"https:\/\/belvederepalace.wientickets.org\/es\/belvedere-superior-o-inferior\/#primaryimage","url":"https:\/\/belvederepalace.wientickets.org\/wp-content\/uploads\/2025\/11\/belvedere-palace.webp","contentUrl":"https:\/\/belvederepalace.wientickets.org\/wp-content\/uploads\/2025\/11\/belvedere-palace.webp","width":1300,"height":572,"caption":"Vista frontal del Palacio Belvedere por la noche"},{"@type":"BreadcrumbList","@id":"https:\/\/belvederepalace.wientickets.org\/es\/belvedere-superior-o-inferior\/#breadcrumb","itemListElement":[{"@type":"ListItem","position":1,"name":"Home","item":"https:\/\/belvederepalace.wientickets.org\/es\/"},{"@type":"ListItem","position":2,"name":"Belvedere Superior o Inferior"}]},{"@type":"WebSite","@id":"https:\/\/belvederepalace.wientickets.org\/es\/#website","url":"https:\/\/belvederepalace.wientickets.org\/es\/","name":"Belvedere Palace Tickets","description":"","publisher":{"@id":"https:\/\/belvederepalace.wientickets.org\/es\/#organization"},"potentialAction":[{"@type":"SearchAction","target":{"@type":"EntryPoint","urlTemplate":"https:\/\/belvederepalace.wientickets.org\/es\/?s={search_term_string}"},"query-input":{"@type":"PropertyValueSpecification","valueRequired":true,"valueName":"search_term_string"}}],"inLanguage":"es"},{"@type":"Organization","@id":"https:\/\/belvederepalace.wientickets.org\/es\/#organization","name":"Entradas para el Palacio Belvedere","url":"https:\/\/belvederepalace.wientickets.org\/es\/","logo":{"@type":"ImageObject","inLanguage":"es","@id":"https:\/\/belvederepalace.wientickets.org\/es\/#\/schema\/logo\/image\/","url":"https:\/\/belvederepalace.wientickets.org\/wp-content\/uploads\/2024\/08\/belvedere-palace-tickets-logo.png","contentUrl":"https:\/\/belvederepalace.wientickets.org\/wp-content\/uploads\/2024\/08\/belvedere-palace-tickets-logo.png","width":375,"height":70,"caption":"Entradas para el Palacio Belvedere"},"image":{"@id":"https:\/\/belvederepalace.wientickets.org\/es\/#\/schema\/logo\/image\/"}}]}},"_links":{"self":[{"href":"https:\/\/belvederepalace.wientickets.org\/es\/wp-json\/wp\/v2\/pages\/1559","targetHints":{"allow":["GET"]}}],"collection":[{"href":"https:\/\/belvederepalace.wientickets.org\/es\/wp-json\/wp\/v2\/pages"}],"about":[{"href":"https:\/\/belvederepalace.wientickets.org\/es\/wp-json\/wp\/v2\/types\/page"}],"author":[{"embeddable":true,"href":"https:\/\/belvederepalace.wientickets.org\/es\/wp-json\/wp\/v2\/users\/2"}],"replies":[{"embeddable":true,"href":"https:\/\/belvederepalace.wientickets.org\/es\/wp-json\/wp\/v2\/comments?post=1559"}],"version-history":[{"count":26,"href":"https:\/\/belvederepalace.wientickets.org\/es\/wp-json\/wp\/v2\/pages\/1559\/revisions"}],"predecessor-version":[{"id":3114,"href":"https:\/\/belvederepalace.wientickets.org\/es\/wp-json\/wp\/v2\/pages\/1559\/revisions\/3114"}],"wp:featuredmedia":[{"embeddable":true,"href":"https:\/\/belvederepalace.wientickets.org\/es\/wp-json\/wp\/v2\/media\/1376"}],"wp:attachment":[{"href":"https:\/\/belvederepalace.wientickets.org\/es\/wp-json\/wp\/v2\/media?parent=1559"}],"curies":[{"name":"wp","href":"https:\/\/api.w.org\/{rel}","templated":true}]}}