{"id":1572,"date":"2026-01-13T09:51:56","date_gmt":"2026-01-13T09:51:56","guid":{"rendered":"https:\/\/belvederepalace.wientickets.org\/belvedere-schlossgarten-jardines\/"},"modified":"2026-04-17T08:27:09","modified_gmt":"2026-04-17T08:27:09","slug":"belvedere-schlossgarten-jardines","status":"publish","type":"page","link":"https:\/\/belvederepalace.wientickets.org\/es\/belvedere-schlossgarten-jardines\/","title":{"rendered":"Belvedere Schlossgarten (jardines)"},"content":{"rendered":"\t\t<div data-elementor-type=\"wp-page\" data-elementor-id=\"1572\" class=\"elementor elementor-1572 elementor-1384\">\n\t\t\t\t\t\t<section class=\"elementor-section elementor-top-section elementor-element elementor-element-d9f9314 intro-section elementor-section-boxed elementor-section-height-default elementor-section-height-default\" data-id=\"d9f9314\" data-element_type=\"section\">\n\t\t\t\t\t\t<div class=\"elementor-container elementor-column-gap-default\">\n\t\t\t\t\t<div class=\"elementor-column elementor-col-50 elementor-top-column elementor-element elementor-element-93072ec\" data-id=\"93072ec\" data-element_type=\"column\">\n\t\t\t<div class=\"elementor-widget-wrap elementor-element-populated\">\n\t\t\t\t\t\t<section class=\"elementor-section elementor-inner-section elementor-element elementor-element-60d5ba5 elementor-section-boxed elementor-section-height-default elementor-section-height-default\" data-id=\"60d5ba5\" data-element_type=\"section\">\n\t\t\t\t\t\t<div class=\"elementor-container elementor-column-gap-default\">\n\t\t\t\t\t<div class=\"elementor-column elementor-col-100 elementor-inner-column elementor-element elementor-element-4693576\" data-id=\"4693576\" data-element_type=\"column\">\n\t\t\t<div class=\"elementor-widget-wrap elementor-element-populated\">\n\t\t\t\t\t\t<div class=\"elementor-element elementor-element-92a82d6 title-mobile elementor-widget__width-initial elementor-widget elementor-widget-heading\" data-id=\"92a82d6\" data-element_type=\"widget\" data-widget_type=\"heading.default\">\n\t\t\t\t<div class=\"elementor-widget-container\">\n\t\t\t\t\t<h1 class=\"elementor-heading-title elementor-size-default\">Belvedere Schlossgarten (jardines)<\/h1>\t\t\t\t<\/div>\n\t\t\t\t<\/div>\n\t\t\t\t<div class=\"elementor-element elementor-element-e016f26 text-mobile elementor-widget__width-initial elementor-widget elementor-widget-text-editor\" data-id=\"e016f26\" data-element_type=\"widget\" data-widget_type=\"text-editor.default\">\n\t\t\t\t<div class=\"elementor-widget-container\">\n\t\t\t\t\t\t\t\t\t<p>Los <strong>Jardines del Palacio Belvedere<\/strong> de Viena constituyen un conjunto de varios espacios verdes con estilos y funciones diferentes que unen arquitect\u00f3nicamente las residencias del complejo. Aqu\u00ed detallaremos qu\u00e9 hay en cada uno de ellos y cu\u00e1l es su historia. <\/p>\t\t\t\t\t\t\t\t<\/div>\n\t\t\t\t<\/div>\n\t\t\t\t\t<\/div>\n\t\t<\/div>\n\t\t\t\t\t<\/div>\n\t\t<\/section>\n\t\t\t\t<div class=\"elementor-element elementor-element-22a410a btn-primary elementor-widget elementor-widget-button\" data-id=\"22a410a\" data-element_type=\"widget\" data-widget_type=\"button.default\">\n\t\t\t\t<div class=\"elementor-widget-container\">\n\t\t\t\t\t\t\t\t\t<div class=\"elementor-button-wrapper\">\n\t\t\t\t\t<a class=\"elementor-button elementor-button-link elementor-size-sm\" href=\"https:\/\/belvederepalace.wientickets.org\/es\/entradas-para-el-palacio-belvedere\/\">\n\t\t\t\t\t\t<span class=\"elementor-button-content-wrapper\">\n\t\t\t\t\t\t\t\t\t<span class=\"elementor-button-text\">Reservar entradas<\/span>\n\t\t\t\t\t<\/span>\n\t\t\t\t\t<\/a>\n\t\t\t\t<\/div>\n\t\t\t\t\t\t\t\t<\/div>\n\t\t\t\t<\/div>\n\t\t\t\t\t<\/div>\n\t\t<\/div>\n\t\t\t\t<div class=\"elementor-column elementor-col-50 elementor-top-column elementor-element elementor-element-7edfb37\" data-id=\"7edfb37\" data-element_type=\"column\">\n\t\t\t<div class=\"elementor-widget-wrap elementor-element-populated\">\n\t\t\t\t\t\t<div class=\"elementor-element elementor-element-d6a6031 elementor-hidden-mobile elementor-widget__width-initial elementor-widget elementor-widget-image\" data-id=\"d6a6031\" data-element_type=\"widget\" data-widget_type=\"image.default\">\n\t\t\t\t<div class=\"elementor-widget-container\">\n\t\t\t\t\t\t\t\t\t\t\t\t\t\t\t<img fetchpriority=\"high\" decoding=\"async\" width=\"800\" height=\"529\" src=\"https:\/\/belvederepalace.wientickets.org\/wp-content\/uploads\/2026\/01\/belvedere-schlossgarten-1024x677.webp\" class=\"attachment-large size-large wp-image-1573\" alt=\"Belvedere Schlossgarten\" srcset=\"https:\/\/belvederepalace.wientickets.org\/wp-content\/uploads\/2026\/01\/belvedere-schlossgarten-1024x677.webp 1024w, https:\/\/belvederepalace.wientickets.org\/wp-content\/uploads\/2026\/01\/belvedere-schlossgarten-300x198.webp 300w, https:\/\/belvederepalace.wientickets.org\/wp-content\/uploads\/2026\/01\/belvedere-schlossgarten-768x508.webp 768w, https:\/\/belvederepalace.wientickets.org\/wp-content\/uploads\/2026\/01\/belvedere-schlossgarten.webp 1280w\" sizes=\"(max-width: 800px) 100vw, 800px\" \/>\t\t\t\t\t\t\t\t\t\t\t\t\t\t\t<\/div>\n\t\t\t\t<\/div>\n\t\t\t\t\t<\/div>\n\t\t<\/div>\n\t\t\t\t\t<\/div>\n\t\t<\/section>\n\t\t\t\t<section class=\"elementor-section elementor-top-section elementor-element elementor-element-230cd5c elementor-section-height-min-height elementor-section-boxed elementor-section-height-default elementor-section-items-middle\" data-id=\"230cd5c\" data-element_type=\"section\" data-settings=\"{&quot;background_background&quot;:&quot;classic&quot;}\">\n\t\t\t\t\t\t<div class=\"elementor-container elementor-column-gap-default\">\n\t\t\t\t\t<div class=\"elementor-column elementor-col-100 elementor-top-column elementor-element elementor-element-00437ed\" data-id=\"00437ed\" data-element_type=\"column\">\n\t\t\t<div class=\"elementor-widget-wrap\">\n\t\t\t\t\t\t\t<\/div>\n\t\t<\/div>\n\t\t\t\t\t<\/div>\n\t\t<\/section>\n\t\t\t\t<section class=\"elementor-section elementor-top-section elementor-element elementor-element-9cd6848 elementor-section-height-min-height elementor-hidden-tablet elementor-hidden-mobile elementor-section-boxed elementor-section-height-default elementor-section-items-middle\" data-id=\"9cd6848\" data-element_type=\"section\" data-settings=\"{&quot;background_background&quot;:&quot;classic&quot;}\">\n\t\t\t\t\t\t<div class=\"elementor-container elementor-column-gap-default\">\n\t\t\t\t\t<div class=\"elementor-column elementor-col-33 elementor-top-column elementor-element elementor-element-9e6383b\" data-id=\"9e6383b\" data-element_type=\"column\">\n\t\t\t<div class=\"elementor-widget-wrap elementor-element-populated\">\n\t\t\t\t\t\t<section class=\"elementor-section elementor-inner-section elementor-element elementor-element-adf9d55 elementor-section-content-middle elementor-section-boxed elementor-section-height-default elementor-section-height-default\" data-id=\"adf9d55\" data-element_type=\"section\">\n\t\t\t\t\t\t<div class=\"elementor-container elementor-column-gap-default\">\n\t\t\t\t\t<div class=\"elementor-column elementor-col-50 elementor-inner-column elementor-element elementor-element-99588f5\" data-id=\"99588f5\" data-element_type=\"column\">\n\t\t\t<div class=\"elementor-widget-wrap elementor-element-populated\">\n\t\t\t\t\t\t<div class=\"elementor-element elementor-element-e36ddda elementor-widget elementor-widget-image\" data-id=\"e36ddda\" data-element_type=\"widget\" data-widget_type=\"image.default\">\n\t\t\t\t<div class=\"elementor-widget-container\">\n\t\t\t\t\t\t\t\t\t\t\t\t\t\t\t<img decoding=\"async\" width=\"496\" height=\"496\" src=\"https:\/\/belvederepalace.wientickets.org\/wp-content\/uploads\/2024\/08\/customer-service-1-1.png\" class=\"attachment-large size-large wp-image-1378\" alt=\"\" srcset=\"https:\/\/belvederepalace.wientickets.org\/wp-content\/uploads\/2024\/08\/customer-service-1-1.png 496w, https:\/\/belvederepalace.wientickets.org\/wp-content\/uploads\/2024\/08\/customer-service-1-1-300x300.png 300w, https:\/\/belvederepalace.wientickets.org\/wp-content\/uploads\/2024\/08\/customer-service-1-1-150x150.png 150w\" sizes=\"(max-width: 496px) 100vw, 496px\" \/>\t\t\t\t\t\t\t\t\t\t\t\t\t\t\t<\/div>\n\t\t\t\t<\/div>\n\t\t\t\t\t<\/div>\n\t\t<\/div>\n\t\t\t\t<div class=\"elementor-column elementor-col-50 elementor-inner-column elementor-element elementor-element-850e7ff\" data-id=\"850e7ff\" data-element_type=\"column\">\n\t\t\t<div class=\"elementor-widget-wrap elementor-element-populated\">\n\t\t\t\t\t\t<div class=\"elementor-element elementor-element-ef88c31 elementor-widget elementor-widget-heading\" data-id=\"ef88c31\" data-element_type=\"widget\" data-widget_type=\"heading.default\">\n\t\t\t\t<div class=\"elementor-widget-container\">\n\t\t\t\t\t<p class=\"elementor-heading-title elementor-size-default\">Asistencia cuando la necesites<\/p>\t\t\t\t<\/div>\n\t\t\t\t<\/div>\n\t\t\t\t<div class=\"elementor-element elementor-element-0bad76c elementor-widget elementor-widget-heading\" data-id=\"0bad76c\" data-element_type=\"widget\" data-widget_type=\"heading.default\">\n\t\t\t\t<div class=\"elementor-widget-container\">\n\t\t\t\t\t<p class=\"elementor-heading-title elementor-size-default\">Atenci\u00f3n al cliente para ayudarte con todo lo que necesites desde las 8:00 a. m. hasta las 6:00 p. m.<\/p>\t\t\t\t<\/div>\n\t\t\t\t<\/div>\n\t\t\t\t\t<\/div>\n\t\t<\/div>\n\t\t\t\t\t<\/div>\n\t\t<\/section>\n\t\t\t\t\t<\/div>\n\t\t<\/div>\n\t\t\t\t<div class=\"elementor-column elementor-col-33 elementor-top-column elementor-element elementor-element-db09347\" data-id=\"db09347\" data-element_type=\"column\">\n\t\t\t<div class=\"elementor-widget-wrap elementor-element-populated\">\n\t\t\t\t\t\t<section class=\"elementor-section elementor-inner-section elementor-element elementor-element-944af68 elementor-section-content-middle elementor-section-boxed elementor-section-height-default elementor-section-height-default\" data-id=\"944af68\" data-element_type=\"section\">\n\t\t\t\t\t\t<div class=\"elementor-container elementor-column-gap-default\">\n\t\t\t\t\t<div class=\"elementor-column elementor-col-50 elementor-inner-column elementor-element elementor-element-058d089\" data-id=\"058d089\" data-element_type=\"column\">\n\t\t\t<div class=\"elementor-widget-wrap elementor-element-populated\">\n\t\t\t\t\t\t<div class=\"elementor-element elementor-element-631719e elementor-widget elementor-widget-image\" data-id=\"631719e\" data-element_type=\"widget\" data-widget_type=\"image.default\">\n\t\t\t\t<div class=\"elementor-widget-container\">\n\t\t\t\t\t\t\t\t\t\t\t\t\t\t\t<img decoding=\"async\" width=\"488\" height=\"488\" src=\"https:\/\/belvederepalace.wientickets.org\/wp-content\/uploads\/2024\/08\/Group-333.png\" class=\"attachment-large size-large wp-image-1379\" alt=\"\" srcset=\"https:\/\/belvederepalace.wientickets.org\/wp-content\/uploads\/2024\/08\/Group-333.png 488w, https:\/\/belvederepalace.wientickets.org\/wp-content\/uploads\/2024\/08\/Group-333-300x300.png 300w, https:\/\/belvederepalace.wientickets.org\/wp-content\/uploads\/2024\/08\/Group-333-150x150.png 150w\" sizes=\"(max-width: 488px) 100vw, 488px\" \/>\t\t\t\t\t\t\t\t\t\t\t\t\t\t\t<\/div>\n\t\t\t\t<\/div>\n\t\t\t\t\t<\/div>\n\t\t<\/div>\n\t\t\t\t<div class=\"elementor-column elementor-col-50 elementor-inner-column elementor-element elementor-element-29ee4a9\" data-id=\"29ee4a9\" data-element_type=\"column\">\n\t\t\t<div class=\"elementor-widget-wrap elementor-element-populated\">\n\t\t\t\t\t\t<div class=\"elementor-element elementor-element-84dcfb9 elementor-widget elementor-widget-heading\" data-id=\"84dcfb9\" data-element_type=\"widget\" data-widget_type=\"heading.default\">\n\t\t\t\t<div class=\"elementor-widget-container\">\n\t\t\t\t\t<p class=\"elementor-heading-title elementor-size-default\">Reserva r\u00e1pida y en l\u00ednea<\/p>\t\t\t\t<\/div>\n\t\t\t\t<\/div>\n\t\t\t\t<div class=\"elementor-element elementor-element-0001b35 elementor-widget elementor-widget-heading\" data-id=\"0001b35\" data-element_type=\"widget\" data-widget_type=\"heading.default\">\n\t\t\t\t<div class=\"elementor-widget-container\">\n\t\t\t\t\t<p class=\"elementor-heading-title elementor-size-default\">Elige la mejor opci\u00f3n para tus necesidades o preferencias y evita las colas reservando aqu\u00ed<\/p>\t\t\t\t<\/div>\n\t\t\t\t<\/div>\n\t\t\t\t\t<\/div>\n\t\t<\/div>\n\t\t\t\t\t<\/div>\n\t\t<\/section>\n\t\t\t\t\t<\/div>\n\t\t<\/div>\n\t\t\t\t<div class=\"elementor-column elementor-col-33 elementor-top-column elementor-element elementor-element-489f8f9\" data-id=\"489f8f9\" data-element_type=\"column\">\n\t\t\t<div class=\"elementor-widget-wrap elementor-element-populated\">\n\t\t\t\t\t\t<section class=\"elementor-section elementor-inner-section elementor-element elementor-element-efa59f4 elementor-section-content-middle elementor-section-boxed elementor-section-height-default elementor-section-height-default\" data-id=\"efa59f4\" data-element_type=\"section\">\n\t\t\t\t\t\t<div class=\"elementor-container elementor-column-gap-default\">\n\t\t\t\t\t<div class=\"elementor-column elementor-col-50 elementor-inner-column elementor-element elementor-element-9c526e7\" data-id=\"9c526e7\" data-element_type=\"column\">\n\t\t\t<div class=\"elementor-widget-wrap elementor-element-populated\">\n\t\t\t\t\t\t<div class=\"elementor-element elementor-element-07ec56e elementor-widget elementor-widget-image\" data-id=\"07ec56e\" data-element_type=\"widget\" data-widget_type=\"image.default\">\n\t\t\t\t<div class=\"elementor-widget-container\">\n\t\t\t\t\t\t\t\t\t\t\t\t\t\t\t<img loading=\"lazy\" decoding=\"async\" width=\"462\" height=\"683\" src=\"https:\/\/belvederepalace.wientickets.org\/wp-content\/uploads\/2024\/08\/top-attractions-in-paris.webp\" class=\"attachment-large size-large wp-image-1380\" alt=\"\" srcset=\"https:\/\/belvederepalace.wientickets.org\/wp-content\/uploads\/2024\/08\/top-attractions-in-paris.webp 462w, https:\/\/belvederepalace.wientickets.org\/wp-content\/uploads\/2024\/08\/top-attractions-in-paris-203x300.webp 203w\" sizes=\"(max-width: 462px) 100vw, 462px\" \/>\t\t\t\t\t\t\t\t\t\t\t\t\t\t\t<\/div>\n\t\t\t\t<\/div>\n\t\t\t\t\t<\/div>\n\t\t<\/div>\n\t\t\t\t<div class=\"elementor-column elementor-col-50 elementor-inner-column elementor-element elementor-element-d4b11c9\" data-id=\"d4b11c9\" data-element_type=\"column\">\n\t\t\t<div class=\"elementor-widget-wrap elementor-element-populated\">\n\t\t\t\t\t\t<div class=\"elementor-element elementor-element-b7d14cc elementor-widget elementor-widget-heading\" data-id=\"b7d14cc\" data-element_type=\"widget\" data-widget_type=\"heading.default\">\n\t\t\t\t<div class=\"elementor-widget-container\">\n\t\t\t\t\t<p class=\"elementor-heading-title elementor-size-default\">La 2.\u00aa mejor atracci\u00f3n de Viena<\/p>\t\t\t\t<\/div>\n\t\t\t\t<\/div>\n\t\t\t\t<div class=\"elementor-element elementor-element-6f9dbc1 elementor-widget elementor-widget-heading\" data-id=\"6f9dbc1\" data-element_type=\"widget\" data-widget_type=\"heading.default\">\n\t\t\t\t<div class=\"elementor-widget-container\">\n\t\t\t\t\t<p class=\"elementor-heading-title elementor-size-default\">Explora el Palacio Belvedere en Viena: belleza barroca, exuberantes jardines y el arte ic\u00f3nico de Klimt.\n\n\n\n\n\n\n\n\n<\/p>\t\t\t\t<\/div>\n\t\t\t\t<\/div>\n\t\t\t\t\t<\/div>\n\t\t<\/div>\n\t\t\t\t\t<\/div>\n\t\t<\/section>\n\t\t\t\t\t<\/div>\n\t\t<\/div>\n\t\t\t\t\t<\/div>\n\t\t<\/section>\n\t\t<div class=\"elementor-element elementor-element-6697256 e-flex e-con-boxed e-con e-parent\" data-id=\"6697256\" data-element_type=\"container\">\n\t\t\t\t\t<div class=\"e-con-inner\">\n\t\t\t\t<div class=\"elementor-element elementor-element-24bd42c elementor-widget elementor-widget-spacer\" data-id=\"24bd42c\" data-element_type=\"widget\" data-widget_type=\"spacer.default\">\n\t\t\t\t<div class=\"elementor-widget-container\">\n\t\t\t\t\t\t\t<div class=\"elementor-spacer\">\n\t\t\t<div class=\"elementor-spacer-inner\"><\/div>\n\t\t<\/div>\n\t\t\t\t\t\t<\/div>\n\t\t\t\t<\/div>\n\t\t\t\t\t<\/div>\n\t\t\t\t<\/div>\n\t\t<div class=\"elementor-element elementor-element-a7a1e2f e-flex e-con-boxed e-con e-parent\" data-id=\"a7a1e2f\" data-element_type=\"container\">\n\t\t\t\t\t<div class=\"e-con-inner\">\n\t\t\t\t<div class=\"elementor-element elementor-element-35e48a1 elementor-widget elementor-widget-heading\" data-id=\"35e48a1\" data-element_type=\"widget\" data-widget_type=\"heading.default\">\n\t\t\t\t<div class=\"elementor-widget-container\">\n\t\t\t\t\t<h2 class=\"elementor-heading-title elementor-size-default\">Ver en detalle<\/h2>\t\t\t\t<\/div>\n\t\t\t\t<\/div>\n\t\t\t\t\t<\/div>\n\t\t\t\t<\/div>\n\t\t<div class=\"elementor-element elementor-element-fe6abd3 e-flex e-con-boxed e-con e-parent\" data-id=\"fe6abd3\" data-element_type=\"container\">\n\t\t\t\t\t<div class=\"e-con-inner\">\n\t\t<div class=\"elementor-element elementor-element-c0ce31e e-con-full e-flex e-con e-child\" data-id=\"c0ce31e\" data-element_type=\"container\">\n\t\t\t\t<div class=\"elementor-element elementor-element-e9533fa elementor-widget elementor-widget-text-editor\" data-id=\"e9533fa\" data-element_type=\"widget\" data-widget_type=\"text-editor.default\">\n\t\t\t\t<div class=\"elementor-widget-container\">\n\t\t\t\t\t\t\t\t\t<ul><li><a href=\"#see\">\u00bfQu\u00e9 se puede ver en los jardines del Belvedere?<\/a><\/li><li><a href=\"#visitor\">Informaci\u00f3n para visitantes del Schlossgarten<\/a><\/li><li><a href=\"#near\">\u00bfQu\u00e9 m\u00e1s hay cerca de los jardines?<\/a><\/li><\/ul>\t\t\t\t\t\t\t\t<\/div>\n\t\t\t\t<\/div>\n\t\t\t\t<\/div>\n\t\t<div class=\"elementor-element elementor-element-f31599b e-con-full e-flex e-con e-child\" data-id=\"f31599b\" data-element_type=\"container\">\n\t\t\t\t<div class=\"elementor-element elementor-element-f3726dd elementor-widget elementor-widget-text-editor\" data-id=\"f3726dd\" data-element_type=\"widget\" data-widget_type=\"text-editor.default\">\n\t\t\t\t<div class=\"elementor-widget-container\">\n\t\t\t\t\t\t\t\t\t<ul><li><a href=\"#history\">Contexto hist\u00f3rico: \u00bfqu\u00e9 debe saber antes de visitar?<\/a><\/li><li><a href=\"#faqs\">Preguntas frecuentes sobre los jardines del Belvedere<\/a><\/li><\/ul>\t\t\t\t\t\t\t\t<\/div>\n\t\t\t\t<\/div>\n\t\t\t\t<\/div>\n\t\t\t\t\t<\/div>\n\t\t\t\t<\/div>\n\t\t\t\t<section class=\"elementor-section elementor-top-section elementor-element elementor-element-b5f148c elementor-section-boxed elementor-section-height-default elementor-section-height-default\" data-id=\"b5f148c\" data-element_type=\"section\">\n\t\t\t\t\t\t<div class=\"elementor-container elementor-column-gap-default\">\n\t\t\t\t\t<div class=\"elementor-column elementor-col-100 elementor-top-column elementor-element elementor-element-0458ce1\" data-id=\"0458ce1\" data-element_type=\"column\">\n\t\t\t<div class=\"elementor-widget-wrap elementor-element-populated\">\n\t\t\t\t\t\t<div class=\"elementor-element elementor-element-767261e elementor-widget elementor-widget-text-editor\" data-id=\"767261e\" data-element_type=\"widget\" data-widget_type=\"text-editor.default\">\n\t\t\t\t<div class=\"elementor-widget-container\">\n\t\t\t\t\t\t\t\t\t<p>En primer lugar, debemos mencionar que <strong>el acceso a los jardines es gratuito para todos los visitantes durante todo el a\u00f1o<\/strong>, con la excepci\u00f3n del Jard\u00edn Alpino, que requiere una entrada espec\u00edfica. Por lo tanto, los visitantes pueden pasear por sus espacios, admirar sus plantas y fuentes, o disfrutar de las vistas de la ciudad sin necesidad de comprar una entrada para los palacios. <\/p>\t\t\t\t\t\t\t\t<\/div>\n\t\t\t\t<\/div>\n\t\t\t\t\t<\/div>\n\t\t<\/div>\n\t\t\t\t\t<\/div>\n\t\t<\/section>\n\t\t\t\t<section class=\"elementor-section elementor-top-section elementor-element elementor-element-fc7c141 elementor-section-boxed elementor-section-height-default elementor-section-height-default\" data-id=\"fc7c141\" data-element_type=\"section\">\n\t\t\t\t\t\t<div class=\"elementor-container elementor-column-gap-default\">\n\t\t\t\t\t<div class=\"elementor-column elementor-col-100 elementor-top-column elementor-element elementor-element-08fc692\" data-id=\"08fc692\" data-element_type=\"column\">\n\t\t\t<div class=\"elementor-widget-wrap elementor-element-populated\">\n\t\t\t\t\t\t<div class=\"elementor-element elementor-element-e1ecfe2 elementor-widget elementor-widget-heading\" data-id=\"e1ecfe2\" data-element_type=\"widget\" id=\"see\" data-widget_type=\"heading.default\">\n\t\t\t\t<div class=\"elementor-widget-container\">\n\t\t\t\t\t<h2 class=\"elementor-heading-title elementor-size-default\">\u00bfQu\u00e9 se puede ver en los jardines del Belvedere?<\/h2>\t\t\t\t<\/div>\n\t\t\t\t<\/div>\n\t\t\t\t<div class=\"elementor-element elementor-element-0cfb87c elementor-widget elementor-widget-text-editor\" data-id=\"0cfb87c\" data-element_type=\"widget\" data-widget_type=\"text-editor.default\">\n\t\t\t\t<div class=\"elementor-widget-container\">\n\t\t\t\t\t\t\t\t\t<p>Los jardines del Belvedere conservan el dise\u00f1o original del siglo XVIII y ofrecen una perspectiva \u00fanica del paisajismo imperial y la bot\u00e1nica cient\u00edfica en Austria. Este \u00abSchlossgarten\u00bb (un t\u00e9rmino originario del alem\u00e1n que se traduce como &#8216;jard\u00edn del palacio&#8217;) consiste en un <b>paisaje dise\u00f1ado que sigue la estricta simetr\u00eda del estilo barroco franc\u00e9s<\/b>, integrando fuentes escalonadas, esculturas mitol\u00f3gicas y caminos de grava. Son un conjunto paisaj\u00edstico que se divide en \u00e1reas con distintas funciones y est\u00e9ticas que consolidan su valor como destino tur\u00edstico e hist\u00f3rico. Como <a style=\"color: #7e0009;\" href=\"https:\/\/www.reddit.com\/r\/wien\/comments\/1kob4yk\/schonbrunn_palace_worth_it\/\" target=\"_blank\" rel=\"noopener\">un usuario de Reddit se\u00f1ala con raz\u00f3n<\/a>: \u201cLos jardines (que son gratuitos) son una visita obligada\u201d.   <\/p><p>Estos son <b>los jardines que componen el complejo<\/b> en su totalidad:<\/p>\t\t\t\t\t\t\t\t<\/div>\n\t\t\t\t<\/div>\n\t\t\t\t\t<\/div>\n\t\t<\/div>\n\t\t\t\t\t<\/div>\n\t\t<\/section>\n\t\t<div class=\"elementor-element elementor-element-47db6f3 e-flex e-con-boxed e-con e-parent\" data-id=\"47db6f3\" data-element_type=\"container\">\n\t\t\t\t\t<div class=\"e-con-inner\">\n\t\t<div class=\"elementor-element elementor-element-7e8f5e4 e-con-full e-flex e-con e-child\" data-id=\"7e8f5e4\" data-element_type=\"container\">\n\t\t\t\t<div class=\"elementor-element elementor-element-3fe1f20 elementor-widget elementor-widget-image\" data-id=\"3fe1f20\" data-element_type=\"widget\" data-widget_type=\"image.default\">\n\t\t\t\t<div class=\"elementor-widget-container\">\n\t\t\t\t\t\t\t\t\t\t\t\t\t\t\t<img loading=\"lazy\" decoding=\"async\" width=\"800\" height=\"536\" src=\"https:\/\/belvederepalace.wientickets.org\/wp-content\/uploads\/2026\/01\/baroque-garden-belvedere-1024x686.webp\" class=\"attachment-large size-large wp-image-1574\" alt=\"El jard\u00edn barroco\" srcset=\"https:\/\/belvederepalace.wientickets.org\/wp-content\/uploads\/2026\/01\/baroque-garden-belvedere-1024x686.webp 1024w, https:\/\/belvederepalace.wientickets.org\/wp-content\/uploads\/2026\/01\/baroque-garden-belvedere-300x201.webp 300w, https:\/\/belvederepalace.wientickets.org\/wp-content\/uploads\/2026\/01\/baroque-garden-belvedere-768x514.webp 768w, https:\/\/belvederepalace.wientickets.org\/wp-content\/uploads\/2026\/01\/baroque-garden-belvedere.webp 1280w\" sizes=\"(max-width: 800px) 100vw, 800px\" \/>\t\t\t\t\t\t\t\t\t\t\t\t\t\t\t<\/div>\n\t\t\t\t<\/div>\n\t\t\t\t<\/div>\n\t\t<div class=\"elementor-element elementor-element-6727324 e-con-full e-flex e-con e-child\" data-id=\"6727324\" data-element_type=\"container\">\n\t\t\t\t<div class=\"elementor-element elementor-element-b4b025d elementor-widget elementor-widget-heading\" data-id=\"b4b025d\" data-element_type=\"widget\" data-widget_type=\"heading.default\">\n\t\t\t\t<div class=\"elementor-widget-container\">\n\t\t\t\t\t<h3 class=\"elementor-heading-title elementor-size-default\">El jard\u00edn barroco<\/h3>\t\t\t\t<\/div>\n\t\t\t\t<\/div>\n\t\t\t\t<div class=\"elementor-element elementor-element-47b2d12 elementor-widget elementor-widget-text-editor\" data-id=\"47b2d12\" data-element_type=\"widget\" data-widget_type=\"text-editor.default\">\n\t\t\t\t<div class=\"elementor-widget-container\">\n\t\t\t\t\t\t\t\t\t<p>El jard\u00edn barroco principal <strong>constituye el eje central que conecta arquitect\u00f3nicamente los dos palacios<\/strong>. Este espacio se caracteriza por sus amplios parterres de broderie, fuentes escalonadas y una gran decoraci\u00f3n escult\u00f3rica. Las cascadas fluyen desde los niveles superiores hacia los inferiores.  <\/p><p>Adem\u00e1s, figuras mitol\u00f3gicas y esfinges dominan el paisaje, guiando la mirada de los visitantes hacia la ciudad de Viena. <strong>El dise\u00f1o busca la monumentalidad<\/strong>, utilizando la pendiente natural del terreno para generar una sensaci\u00f3n de vastedad y poder.<\/p><p><em>Foto: \u00abSchlosspark Belvedere Wien\u00bb de <a style=\"color: #7e0009;\" href=\"https:\/\/commons.wikimedia.org\/wiki\/User:LuMaBe\" target=\"_blank\" rel=\"noopener\">LuMaBe<\/a>.<\/em><\/p>\t\t\t\t\t\t\t\t<\/div>\n\t\t\t\t<\/div>\n\t\t\t\t<\/div>\n\t\t\t\t\t<\/div>\n\t\t\t\t<\/div>\n\t\t<div class=\"elementor-element elementor-element-0c9f69f e-flex e-con-boxed e-con e-parent\" data-id=\"0c9f69f\" data-element_type=\"container\">\n\t\t\t\t\t<div class=\"e-con-inner\">\n\t\t\t\t<div class=\"elementor-element elementor-element-d25d2a3 elementor-widget elementor-widget-spacer\" data-id=\"d25d2a3\" data-element_type=\"widget\" data-widget_type=\"spacer.default\">\n\t\t\t\t<div class=\"elementor-widget-container\">\n\t\t\t\t\t\t\t<div class=\"elementor-spacer\">\n\t\t\t<div class=\"elementor-spacer-inner\"><\/div>\n\t\t<\/div>\n\t\t\t\t\t\t<\/div>\n\t\t\t\t<\/div>\n\t\t\t\t\t<\/div>\n\t\t\t\t<\/div>\n\t\t<div class=\"elementor-element elementor-element-ce63c61 e-flex e-con-boxed e-con e-parent\" data-id=\"ce63c61\" data-element_type=\"container\">\n\t\t\t\t\t<div class=\"e-con-inner\">\n\t\t<div class=\"elementor-element elementor-element-196d20c e-con-full e-flex e-con e-child\" data-id=\"196d20c\" data-element_type=\"container\">\n\t\t\t\t<div class=\"elementor-element elementor-element-321a59c elementor-widget elementor-widget-heading\" data-id=\"321a59c\" data-element_type=\"widget\" data-widget_type=\"heading.default\">\n\t\t\t\t<div class=\"elementor-widget-container\">\n\t\t\t\t\t<h3 class=\"elementor-heading-title elementor-size-default\">El jard\u00edn privado (Kammergarten)<\/h3>\t\t\t\t<\/div>\n\t\t\t\t<\/div>\n\t\t\t\t<div class=\"elementor-element elementor-element-e5f3a79 elementor-widget elementor-widget-text-editor\" data-id=\"e5f3a79\" data-element_type=\"widget\" data-widget_type=\"text-editor.default\">\n\t\t\t\t<div class=\"elementor-widget-container\">\n\t\t\t\t\t\t\t\t\t<p>El jard\u00edn privado, conocido hist\u00f3ricamente como \u00abKammergarten\u00bb, ofrece un ambiente mucho m\u00e1s \u00edntimo y protegido que el eje principal. Este espacio fue dise\u00f1ado originalmente como un <strong>retiro exclusivo para el pr\u00edncipe Eugenio de Saboya<\/strong>, uno de los estrategas militares m\u00e1s importantes de la historia europea, clave para el ascenso del Imperio Austriaco como gran potencia. <\/p><p>El jard\u00edn est\u00e1 dividido en <strong>dos terrazas<\/strong> y se caracteriza por <strong>delicados parterres florales<\/strong> y estructuras que permitieron al pr\u00edncipe disfrutar de la naturaleza en total privacidad, lejos de las funciones p\u00fablicas de la corte.<\/p><p><em>Foto: \u00abKammergarten des Schloss Belvederes\u00bb<\/em><em> de <a style=\"color: #7e0009;\" href=\"https:\/\/commons.wikimedia.org\/wiki\/User:LuMaBe\" target=\"_blank\" rel=\"noopener\">LuMaBe<\/a>.<\/em><\/p>\t\t\t\t\t\t\t\t<\/div>\n\t\t\t\t<\/div>\n\t\t\t\t<\/div>\n\t\t<div class=\"elementor-element elementor-element-eb78187 e-con-full e-flex e-con e-child\" data-id=\"eb78187\" data-element_type=\"container\">\n\t\t\t\t<div class=\"elementor-element elementor-element-c3ad5b9 elementor-widget elementor-widget-image\" data-id=\"c3ad5b9\" data-element_type=\"widget\" data-widget_type=\"image.default\">\n\t\t\t\t<div class=\"elementor-widget-container\">\n\t\t\t\t\t\t\t\t\t\t\t\t\t\t\t<img loading=\"lazy\" decoding=\"async\" width=\"800\" height=\"533\" src=\"https:\/\/belvederepalace.wientickets.org\/wp-content\/uploads\/2026\/01\/privy-garden-belvedere-1024x682.webp\" class=\"attachment-large size-large wp-image-1575\" alt=\"El jard\u00edn privado (Kammergarten)\" srcset=\"https:\/\/belvederepalace.wientickets.org\/wp-content\/uploads\/2026\/01\/privy-garden-belvedere-1024x682.webp 1024w, https:\/\/belvederepalace.wientickets.org\/wp-content\/uploads\/2026\/01\/privy-garden-belvedere-300x200.webp 300w, https:\/\/belvederepalace.wientickets.org\/wp-content\/uploads\/2026\/01\/privy-garden-belvedere-768x511.webp 768w, https:\/\/belvederepalace.wientickets.org\/wp-content\/uploads\/2026\/01\/privy-garden-belvedere.webp 1280w\" sizes=\"(max-width: 800px) 100vw, 800px\" \/>\t\t\t\t\t\t\t\t\t\t\t\t\t\t\t<\/div>\n\t\t\t\t<\/div>\n\t\t\t\t<\/div>\n\t\t\t\t\t<\/div>\n\t\t\t\t<\/div>\n\t\t<div class=\"elementor-element elementor-element-971e950 e-flex e-con-boxed e-con e-parent\" data-id=\"971e950\" data-element_type=\"container\">\n\t\t\t\t\t<div class=\"e-con-inner\">\n\t\t\t\t<div class=\"elementor-element elementor-element-d3326e4 elementor-widget elementor-widget-spacer\" data-id=\"d3326e4\" data-element_type=\"widget\" data-widget_type=\"spacer.default\">\n\t\t\t\t<div class=\"elementor-widget-container\">\n\t\t\t\t\t\t\t<div class=\"elementor-spacer\">\n\t\t\t<div class=\"elementor-spacer-inner\"><\/div>\n\t\t<\/div>\n\t\t\t\t\t\t<\/div>\n\t\t\t\t<\/div>\n\t\t\t\t\t<\/div>\n\t\t\t\t<\/div>\n\t\t<div class=\"elementor-element elementor-element-3f15a3e e-flex e-con-boxed e-con e-parent\" data-id=\"3f15a3e\" data-element_type=\"container\">\n\t\t\t\t\t<div class=\"e-con-inner\">\n\t\t<div class=\"elementor-element elementor-element-71fe2c7 e-con-full e-flex e-con e-child\" data-id=\"71fe2c7\" data-element_type=\"container\">\n\t\t\t\t<div class=\"elementor-element elementor-element-1da742a elementor-widget elementor-widget-image\" data-id=\"1da742a\" data-element_type=\"widget\" data-widget_type=\"image.default\">\n\t\t\t\t<div class=\"elementor-widget-container\">\n\t\t\t\t\t\t\t\t\t\t\t\t\t\t\t<img loading=\"lazy\" decoding=\"async\" width=\"800\" height=\"533\" src=\"https:\/\/belvederepalace.wientickets.org\/wp-content\/uploads\/2026\/01\/b-girls-go-sculpture-by-marusa-sagadin-1024x682.webp\" class=\"attachment-large size-large wp-image-1576\" alt=\"Escultura \u201cB-Girls, go!\u201d de Maru\u0161a Sagadin\" srcset=\"https:\/\/belvederepalace.wientickets.org\/wp-content\/uploads\/2026\/01\/b-girls-go-sculpture-by-marusa-sagadin-1024x682.webp 1024w, https:\/\/belvederepalace.wientickets.org\/wp-content\/uploads\/2026\/01\/b-girls-go-sculpture-by-marusa-sagadin-300x200.webp 300w, https:\/\/belvederepalace.wientickets.org\/wp-content\/uploads\/2026\/01\/b-girls-go-sculpture-by-marusa-sagadin-768x511.webp 768w, https:\/\/belvederepalace.wientickets.org\/wp-content\/uploads\/2026\/01\/b-girls-go-sculpture-by-marusa-sagadin.webp 1280w\" sizes=\"(max-width: 800px) 100vw, 800px\" \/>\t\t\t\t\t\t\t\t\t\t\t\t\t\t\t<\/div>\n\t\t\t\t<\/div>\n\t\t\t\t<\/div>\n\t\t<div class=\"elementor-element elementor-element-ca51b74 e-con-full e-flex e-con e-child\" data-id=\"ca51b74\" data-element_type=\"container\">\n\t\t\t\t<div class=\"elementor-element elementor-element-2843e5f elementor-widget elementor-widget-heading\" data-id=\"2843e5f\" data-element_type=\"widget\" data-widget_type=\"heading.default\">\n\t\t\t\t<div class=\"elementor-widget-container\">\n\t\t\t\t\t<h3 class=\"elementor-heading-title elementor-size-default\">El jard\u00edn de esculturas<\/h3>\t\t\t\t<\/div>\n\t\t\t\t<\/div>\n\t\t\t\t<div class=\"elementor-element elementor-element-5ef0a77 elementor-widget elementor-widget-text-editor\" data-id=\"5ef0a77\" data-element_type=\"widget\" data-widget_type=\"text-editor.default\">\n\t\t\t\t<div class=\"elementor-widget-container\">\n\t\t\t\t\t\t\t\t\t<p>El jard\u00edn de esculturas est\u00e1 situado en la zona que rodea el museo Belvedere 21, extendi\u00e9ndose hacia las zonas exteriores del complejo. A diferencia de las esculturas cl\u00e1sicas y mitol\u00f3gicas del jard\u00edn barroco, <strong>este espacio est\u00e1 dedicado al arte moderno y contempor\u00e1neo<\/strong>. <\/p><p>Presenta obras de artistas internacionales y locales, como la de <b>Maru\u0161a Sagadin titulada \u201cB-Girls, go!\u201d<\/b>, una pieza de gran formato que reinterpreta una gorra de b\u00e9isbol a trav\u00e9s de un lenguaje que fusiona arquitectura, dise\u00f1o y arte pop.<\/p><p>Este jard\u00edn logra una transici\u00f3n fluida entre el legado hist\u00f3rico de los Habsburgo y las expresiones art\u00edsticas actuales, consolidando el Belvedere como <strong>un espacio donde coexisten diferentes \u00e9pocas del arte<\/strong>.<\/p><p><em>Foto: \u00abMarusa Sagadin &#8211; B-Girls, Go!\u00bb de <a style=\"color: #7e0009;\" href=\"https:\/\/commons.wikimedia.org\/wiki\/User:1rhb\" target=\"_blank\" rel=\"noopener\">1rhb<\/a>.<\/em><\/p>\t\t\t\t\t\t\t\t<\/div>\n\t\t\t\t<\/div>\n\t\t\t\t<\/div>\n\t\t\t\t\t<\/div>\n\t\t\t\t<\/div>\n\t\t<div class=\"elementor-element elementor-element-f6979a7 e-flex e-con-boxed e-con e-parent\" data-id=\"f6979a7\" data-element_type=\"container\">\n\t\t\t\t\t<div class=\"e-con-inner\">\n\t\t\t\t<div class=\"elementor-element elementor-element-2bd8a78 elementor-widget elementor-widget-spacer\" data-id=\"2bd8a78\" data-element_type=\"widget\" data-widget_type=\"spacer.default\">\n\t\t\t\t<div class=\"elementor-widget-container\">\n\t\t\t\t\t\t\t<div class=\"elementor-spacer\">\n\t\t\t<div class=\"elementor-spacer-inner\"><\/div>\n\t\t<\/div>\n\t\t\t\t\t\t<\/div>\n\t\t\t\t<\/div>\n\t\t\t\t\t<\/div>\n\t\t\t\t<\/div>\n\t\t<div class=\"elementor-element elementor-element-3dfc763 e-flex e-con-boxed e-con e-parent\" data-id=\"3dfc763\" data-element_type=\"container\">\n\t\t\t\t\t<div class=\"e-con-inner\">\n\t\t<div class=\"elementor-element elementor-element-244e7cc e-con-full e-flex e-con e-child\" data-id=\"244e7cc\" data-element_type=\"container\">\n\t\t\t\t<div class=\"elementor-element elementor-element-7e136ac elementor-widget elementor-widget-heading\" data-id=\"7e136ac\" data-element_type=\"widget\" data-widget_type=\"heading.default\">\n\t\t\t\t<div class=\"elementor-widget-container\">\n\t\t\t\t\t<h3 class=\"elementor-heading-title elementor-size-default\">El jard\u00edn bot\u00e1nico<\/h3>\t\t\t\t<\/div>\n\t\t\t\t<\/div>\n\t\t\t\t<div class=\"elementor-element elementor-element-b67ffdd elementor-widget elementor-widget-text-editor\" data-id=\"b67ffdd\" data-element_type=\"widget\" data-widget_type=\"text-editor.default\">\n\t\t\t\t<div class=\"elementor-widget-container\">\n\t\t\t\t\t\t\t\t\t<p>El jard\u00edn bot\u00e1nico de la Universidad de Viena forma parte del cintur\u00f3n verde del complejo. Fue <b>fundado en 1754<\/b> por la emperatriz Mar\u00eda Teresa, la \u00fanica mujer que gobern\u00f3 los dominios de los Habsburgo y una de las soberanas m\u00e1s influyentes de la historia europea. <\/p><p>Este espacio de 8 hect\u00e1reas alberga aproximadamente <b>11.500 especies de plantas de todo el mundo<\/b>. El jard\u00edn cumple funciones de investigaci\u00f3n, conservaci\u00f3n de especies en peligro de extinci\u00f3n y educaci\u00f3n p\u00fablica. <\/p>\n<p><em>Foto: \u00abWien 03 Botanischer Garten 03\u00bb de <a href=\"https:\/\/commons.wikimedia.org\/wiki\/User:Gugerell\" target=\"_blank\" rel=\"noopener\" style=\"color:#7E0009;\">Gugerell<\/a>.<\/em><\/p>\t\t\t\t\t\t\t\t<\/div>\n\t\t\t\t<\/div>\n\t\t\t\t<\/div>\n\t\t<div class=\"elementor-element elementor-element-0a4ae58 e-con-full e-flex e-con e-child\" data-id=\"0a4ae58\" data-element_type=\"container\">\n\t\t\t\t<div class=\"elementor-element elementor-element-75dcdb9 elementor-widget elementor-widget-image\" data-id=\"75dcdb9\" data-element_type=\"widget\" data-widget_type=\"image.default\">\n\t\t\t\t<div class=\"elementor-widget-container\">\n\t\t\t\t\t\t\t\t\t\t\t\t\t\t\t<img loading=\"lazy\" decoding=\"async\" width=\"800\" height=\"450\" src=\"https:\/\/belvederepalace.wientickets.org\/wp-content\/uploads\/2026\/01\/botanical-garden-1024x576.webp\" class=\"attachment-large size-large wp-image-1577\" alt=\"El jard\u00edn bot\u00e1nico\" srcset=\"https:\/\/belvederepalace.wientickets.org\/wp-content\/uploads\/2026\/01\/botanical-garden-1024x576.webp 1024w, https:\/\/belvederepalace.wientickets.org\/wp-content\/uploads\/2026\/01\/botanical-garden-300x169.webp 300w, https:\/\/belvederepalace.wientickets.org\/wp-content\/uploads\/2026\/01\/botanical-garden-768x432.webp 768w, https:\/\/belvederepalace.wientickets.org\/wp-content\/uploads\/2026\/01\/botanical-garden.webp 1280w\" sizes=\"(max-width: 800px) 100vw, 800px\" \/>\t\t\t\t\t\t\t\t\t\t\t\t\t\t\t<\/div>\n\t\t\t\t<\/div>\n\t\t\t\t<\/div>\n\t\t\t\t\t<\/div>\n\t\t\t\t<\/div>\n\t\t<div class=\"elementor-element elementor-element-64c5eaa e-flex e-con-boxed e-con e-parent\" data-id=\"64c5eaa\" data-element_type=\"container\">\n\t\t\t\t\t<div class=\"e-con-inner\">\n\t\t\t\t<div class=\"elementor-element elementor-element-18be3b3 elementor-widget elementor-widget-spacer\" data-id=\"18be3b3\" data-element_type=\"widget\" data-widget_type=\"spacer.default\">\n\t\t\t\t<div class=\"elementor-widget-container\">\n\t\t\t\t\t\t\t<div class=\"elementor-spacer\">\n\t\t\t<div class=\"elementor-spacer-inner\"><\/div>\n\t\t<\/div>\n\t\t\t\t\t\t<\/div>\n\t\t\t\t<\/div>\n\t\t\t\t\t<\/div>\n\t\t\t\t<\/div>\n\t\t<div class=\"elementor-element elementor-element-0b8ea8c e-flex e-con-boxed e-con e-parent\" data-id=\"0b8ea8c\" data-element_type=\"container\">\n\t\t\t\t\t<div class=\"e-con-inner\">\n\t\t<div class=\"elementor-element elementor-element-dea278d e-con-full e-flex e-con e-child\" data-id=\"dea278d\" data-element_type=\"container\">\n\t\t\t\t<div class=\"elementor-element elementor-element-5ae38f1 elementor-widget elementor-widget-image\" data-id=\"5ae38f1\" data-element_type=\"widget\" data-widget_type=\"image.default\">\n\t\t\t\t<div class=\"elementor-widget-container\">\n\t\t\t\t\t\t\t\t\t\t\t\t\t\t\t<img loading=\"lazy\" decoding=\"async\" width=\"800\" height=\"573\" src=\"https:\/\/belvederepalace.wientickets.org\/wp-content\/uploads\/2026\/01\/alpine-garden-1024x734.webp\" class=\"attachment-large size-large wp-image-1578\" alt=\"El jard\u00edn alpino\" srcset=\"https:\/\/belvederepalace.wientickets.org\/wp-content\/uploads\/2026\/01\/alpine-garden-1024x734.webp 1024w, https:\/\/belvederepalace.wientickets.org\/wp-content\/uploads\/2026\/01\/alpine-garden-300x215.webp 300w, https:\/\/belvederepalace.wientickets.org\/wp-content\/uploads\/2026\/01\/alpine-garden-768x550.webp 768w, https:\/\/belvederepalace.wientickets.org\/wp-content\/uploads\/2026\/01\/alpine-garden.webp 1280w\" sizes=\"(max-width: 800px) 100vw, 800px\" \/>\t\t\t\t\t\t\t\t\t\t\t\t\t\t\t<\/div>\n\t\t\t\t<\/div>\n\t\t\t\t<\/div>\n\t\t<div class=\"elementor-element elementor-element-9ea6023 e-con-full e-flex e-con e-child\" data-id=\"9ea6023\" data-element_type=\"container\">\n\t\t\t\t<div class=\"elementor-element elementor-element-a994c1e elementor-widget elementor-widget-heading\" data-id=\"a994c1e\" data-element_type=\"widget\" data-widget_type=\"heading.default\">\n\t\t\t\t<div class=\"elementor-widget-container\">\n\t\t\t\t\t<h3 class=\"elementor-heading-title elementor-size-default\">El jard\u00edn alpino<\/h3>\t\t\t\t<\/div>\n\t\t\t\t<\/div>\n\t\t\t\t<div class=\"elementor-element elementor-element-0f58730 elementor-widget elementor-widget-text-editor\" data-id=\"0f58730\" data-element_type=\"widget\" data-widget_type=\"text-editor.default\">\n\t\t\t\t<div class=\"elementor-widget-container\">\n\t\t\t\t\t\t\t\t\t<p>El jard\u00edn alpino destaca por ser <strong>uno de los jardines bot\u00e1nicos especializados m\u00e1s antiguos de Europa<\/strong>. Este sector tiene como objetivo la preservaci\u00f3n y exhibici\u00f3n de la rica flora de los Alpes, as\u00ed como de otras regiones monta\u00f1osas del mundo. <\/p><p>A diferencia de la rigidez geom\u00e9trica de las zonas barrocas, este sector presenta un dise\u00f1o m\u00e1s org\u00e1nico, con rocallas y estrechos senderos que permiten la observaci\u00f3n cercana de especies de plantas raras y protegidas durante sus per\u00edodos de floraci\u00f3n primaveral. Como mencionamos anteriormente, <strong>es necesario comprar una entrada para visitarlo<\/strong>. <\/p><p><em>Foto: \u00abWien &#8211; Alpengarten, Portal\u00bb de <a style=\"color: #7e0009;\" href=\"https:\/\/commons.wikimedia.org\/wiki\/User:Bwag\" target=\"_blank\" rel=\"noopener\">Bwag<\/a>.<\/em><\/p>\t\t\t\t\t\t\t\t<\/div>\n\t\t\t\t<\/div>\n\t\t\t\t<\/div>\n\t\t\t\t\t<\/div>\n\t\t\t\t<\/div>\n\t\t\t\t<section class=\"elementor-section elementor-top-section elementor-element elementor-element-873768a elementor-section-boxed elementor-section-height-default elementor-section-height-default\" data-id=\"873768a\" data-element_type=\"section\">\n\t\t\t\t\t\t<div class=\"elementor-container elementor-column-gap-default\">\n\t\t\t\t\t<div class=\"elementor-column elementor-col-100 elementor-top-column elementor-element elementor-element-a3161be\" data-id=\"a3161be\" data-element_type=\"column\">\n\t\t\t<div class=\"elementor-widget-wrap elementor-element-populated\">\n\t\t\t\t\t\t<div class=\"elementor-element elementor-element-85b7b34 elementor-widget elementor-widget-heading\" data-id=\"85b7b34\" data-element_type=\"widget\" id=\"visitor\" data-widget_type=\"heading.default\">\n\t\t\t\t<div class=\"elementor-widget-container\">\n\t\t\t\t\t<h2 class=\"elementor-heading-title elementor-size-default\">Informaci\u00f3n para visitantes del Schlossgarten<\/h2>\t\t\t\t<\/div>\n\t\t\t\t<\/div>\n\t\t\t\t<div class=\"elementor-element elementor-element-3975fa3 elementor-widget elementor-widget-text-editor\" data-id=\"3975fa3\" data-element_type=\"widget\" data-widget_type=\"text-editor.default\">\n\t\t\t\t<div class=\"elementor-widget-container\">\n\t\t\t\t\t\t\t\t\t<p>El Palacio Belvedere es un punto de referencia esencial en el tercer distrito de Viena, <strong>accesible en transporte p\u00fablico<\/strong> y a pie desde el centro. Para disfrutar plenamente del Belvedere (\u00abSchlossgarten\u00bb), es fundamental conocer los <b>horarios de acceso<\/b> y los <b>puntos de entrada<\/b>, ya que el complejo tiene m\u00faltiples entradas que conectan con los diferentes jardines y edificios que forman parte de este recinto imperial hist\u00f3rico. <\/p>\t\t\t\t\t\t\t\t<\/div>\n\t\t\t\t<\/div>\n\t\t\t\t\t<\/div>\n\t\t<\/div>\n\t\t\t\t\t<\/div>\n\t\t<\/section>\n\t\t<div class=\"elementor-element elementor-element-96a34b8 e-flex e-con-boxed e-con e-parent\" data-id=\"96a34b8\" data-element_type=\"container\">\n\t\t\t\t\t<div class=\"e-con-inner\">\n\t\t\t\t<div class=\"elementor-element elementor-element-b266f7c e-n-tabs-none elementor-widget elementor-widget-n-tabs\" data-id=\"b266f7c\" data-element_type=\"widget\" data-settings=\"{&quot;tabs_justify_horizontal&quot;:&quot;start&quot;,&quot;horizontal_scroll_mobile&quot;:&quot;enable&quot;,&quot;horizontal_scroll&quot;:&quot;disable&quot;}\" data-widget_type=\"nested-tabs.default\">\n\t\t\t\t<div class=\"elementor-widget-container\">\n\t\t\t\t\t\t\t<div class=\"e-n-tabs\" data-widget-number=\"187068284\" aria-label=\"Pesta\u00f1as. Abre elementos con Intro o Espacio, ci\u00e9rralos con Escape y navega con las fechas.\">\n\t\t\t<div class=\"e-n-tabs-heading\" role=\"tablist\">\n\t\t\t\t\t<button id=\"e-n-tab-title-1870682841\" data-tab-title-id=\"e-n-tab-title-1870682841\" class=\"e-n-tab-title\" aria-selected=\"true\" data-tab-index=\"1\" role=\"tab\" tabindex=\"0\" aria-controls=\"e-n-tab-content-1870682841\" style=\"--n-tabs-title-order: 1;\">\n\t\t\t\t\t\t<span class=\"e-n-tab-title-text\">\n\t\t\t\tHorario de apertura de los jardines\t\t\t<\/span>\n\t\t<\/button>\n\t\t\t\t<button id=\"e-n-tab-title-1870682842\" data-tab-title-id=\"e-n-tab-title-1870682842\" class=\"e-n-tab-title\" aria-selected=\"false\" data-tab-index=\"2\" role=\"tab\" tabindex=\"-1\" aria-controls=\"e-n-tab-content-1870682842\" style=\"--n-tabs-title-order: 2;\">\n\t\t\t\t\t\t<span class=\"e-n-tab-title-text\">\n\t\t\t\tC\u00f3mo llegar\t\t\t<\/span>\n\t\t<\/button>\n\t\t\t\t<button id=\"e-n-tab-title-1870682843\" data-tab-title-id=\"e-n-tab-title-1870682843\" class=\"e-n-tab-title\" aria-selected=\"false\" data-tab-index=\"3\" role=\"tab\" tabindex=\"-1\" aria-controls=\"e-n-tab-content-1870682843\" style=\"--n-tabs-title-order: 3;\">\n\t\t\t\t\t\t<span class=\"e-n-tab-title-text\">\n\t\t\t\tMapa del complejo\t\t\t<\/span>\n\t\t<\/button>\n\t\t\t\t\t<\/div>\n\t\t\t<div class=\"e-n-tabs-content\">\n\t\t\t\t<div id=\"e-n-tab-content-1870682841\" role=\"tabpanel\" aria-labelledby=\"e-n-tab-title-1870682841\" data-tab-index=\"1\" style=\"--n-tabs-title-order: 1;\" class=\"e-active elementor-element elementor-element-c66e8dc e-flex e-con-boxed e-con e-child\" data-id=\"c66e8dc\" data-element_type=\"container\">\n\t\t\t\t\t<div class=\"e-con-inner\">\n\t\t<div class=\"elementor-element elementor-element-cbe1937 e-flex e-con-boxed e-con e-child\" data-id=\"cbe1937\" data-element_type=\"container\">\n\t\t\t\t\t<div class=\"e-con-inner\">\n\t\t<div class=\"elementor-element elementor-element-a078895 e-con-full e-flex e-con e-child\" data-id=\"a078895\" data-element_type=\"container\">\n\t\t\t\t<div class=\"elementor-element elementor-element-231c4c9 elementor-widget elementor-widget-image\" data-id=\"231c4c9\" data-element_type=\"widget\" data-widget_type=\"image.default\">\n\t\t\t\t<div class=\"elementor-widget-container\">\n\t\t\t\t\t\t\t\t\t\t\t\t\t\t\t<img loading=\"lazy\" decoding=\"async\" width=\"800\" height=\"536\" src=\"https:\/\/belvederepalace.wientickets.org\/wp-content\/uploads\/2025\/12\/belvedere-palace-garden-1024x686.webp\" class=\"attachment-large size-large wp-image-1561\" alt=\"Jard\u00edn del Palacio Belvedere\" srcset=\"https:\/\/belvederepalace.wientickets.org\/wp-content\/uploads\/2025\/12\/belvedere-palace-garden-1024x686.webp 1024w, https:\/\/belvederepalace.wientickets.org\/wp-content\/uploads\/2025\/12\/belvedere-palace-garden-300x201.webp 300w, https:\/\/belvederepalace.wientickets.org\/wp-content\/uploads\/2025\/12\/belvedere-palace-garden-768x514.webp 768w, https:\/\/belvederepalace.wientickets.org\/wp-content\/uploads\/2025\/12\/belvedere-palace-garden.webp 1280w\" sizes=\"(max-width: 800px) 100vw, 800px\" \/>\t\t\t\t\t\t\t\t\t\t\t\t\t\t\t<\/div>\n\t\t\t\t<\/div>\n\t\t\t\t<\/div>\n\t\t<div class=\"elementor-element elementor-element-5c8d23b e-con-full e-flex e-con e-child\" data-id=\"5c8d23b\" data-element_type=\"container\">\n\t\t\t\t<div class=\"elementor-element elementor-element-59940c4 elementor-widget elementor-widget-heading\" data-id=\"59940c4\" data-element_type=\"widget\" data-widget_type=\"heading.default\">\n\t\t\t\t<div class=\"elementor-widget-container\">\n\t\t\t\t\t<h3 class=\"elementor-heading-title elementor-size-default\">Horario de apertura de los jardines<\/h3>\t\t\t\t<\/div>\n\t\t\t\t<\/div>\n\t\t\t\t<div class=\"elementor-element elementor-element-e9714dd elementor-widget elementor-widget-text-editor\" data-id=\"e9714dd\" data-element_type=\"widget\" data-widget_type=\"text-editor.default\">\n\t\t\t\t<div class=\"elementor-widget-container\">\n\t\t\t\t\t\t\t\t\t<p>El horario de apertura de los jardines var\u00eda seg\u00fan el espacio y la estaci\u00f3n del a\u00f1o. Estos son los horarios oficiales de cada uno de los jardines: <\/p><ul><li><strong>Jardines del Palacio:<\/strong> Sus horarios fluct\u00faan seg\u00fan la luz solar, generalmente abriendo a las 06:30 o 07:00 y cerrando entre las 18:00 (invierno) y las 21:00 (verano).<\/li><li><strong>Jard\u00edn Privado:<\/strong> Abre todos los d\u00edas de 10:00 a 18:00.<\/li><li><strong>Jard\u00edn de Esculturas:<\/strong> El acceso a las esculturas exteriores sigue el horario del museo Belvedere 21, abierto de martes a domingo de 11:00 a 18:00 (los jueves hasta las 21:00) y permanece cerrado los lunes.<\/li><li><strong>Jard\u00edn Bot\u00e1nico:<\/strong> Abre todos los d\u00edas a partir de las 10:00. El cierre var\u00eda seg\u00fan el mes: a las 16:00 (noviembre-enero), 17:00 (febrero, marzo y octubre), 18:00 (abril a septiembre). <\/li><li><strong>Jard\u00edn Alpino:<\/strong> Este jard\u00edn es de temporada y solo abre durante los meses de floraci\u00f3n, desde finales de marzo hasta principios de agosto, todos los d\u00edas de 10:00 a 18:00.<\/li><\/ul>\t\t\t\t\t\t\t\t<\/div>\n\t\t\t\t<\/div>\n\t\t\t\t<\/div>\n\t\t\t\t\t<\/div>\n\t\t\t\t<\/div>\n\t\t\t\t\t<\/div>\n\t\t\t\t<\/div>\n\t\t<div id=\"e-n-tab-content-1870682842\" role=\"tabpanel\" aria-labelledby=\"e-n-tab-title-1870682842\" data-tab-index=\"2\" style=\"--n-tabs-title-order: 2;\" class=\" elementor-element elementor-element-05af9bd e-flex e-con-boxed e-con e-child\" data-id=\"05af9bd\" data-element_type=\"container\">\n\t\t\t\t\t<div class=\"e-con-inner\">\n\t\t<div class=\"elementor-element elementor-element-ac36fd5 e-con-full e-flex e-con e-child\" data-id=\"ac36fd5\" data-element_type=\"container\">\n\t\t<div class=\"elementor-element elementor-element-9fcf706 e-con-full e-flex e-con e-child\" data-id=\"9fcf706\" data-element_type=\"container\">\n\t\t\t\t<div class=\"elementor-element elementor-element-8bda4ce elementor-widget elementor-widget-image\" data-id=\"8bda4ce\" data-element_type=\"widget\" data-widget_type=\"image.default\">\n\t\t\t\t<div class=\"elementor-widget-container\">\n\t\t\t\t\t\t\t\t\t\t\t\t\t\t\t<img loading=\"lazy\" decoding=\"async\" width=\"800\" height=\"564\" src=\"https:\/\/belvederepalace.wientickets.org\/wp-content\/uploads\/2026\/01\/tram-stop-schloss-belvedere-1024x722.webp\" class=\"attachment-large size-large wp-image-1579\" alt=\"Parada de tranv\u00eda Schloss Belvedere\" srcset=\"https:\/\/belvederepalace.wientickets.org\/wp-content\/uploads\/2026\/01\/tram-stop-schloss-belvedere-1024x722.webp 1024w, https:\/\/belvederepalace.wientickets.org\/wp-content\/uploads\/2026\/01\/tram-stop-schloss-belvedere-300x211.webp 300w, https:\/\/belvederepalace.wientickets.org\/wp-content\/uploads\/2026\/01\/tram-stop-schloss-belvedere-768x541.webp 768w, https:\/\/belvederepalace.wientickets.org\/wp-content\/uploads\/2026\/01\/tram-stop-schloss-belvedere.webp 1280w\" sizes=\"(max-width: 800px) 100vw, 800px\" \/>\t\t\t\t\t\t\t\t\t\t\t\t\t\t\t<\/div>\n\t\t\t\t<\/div>\n\t\t\t\t<\/div>\n\t\t<div class=\"elementor-element elementor-element-1d42fb9 e-con-full e-flex e-con e-child\" data-id=\"1d42fb9\" data-element_type=\"container\">\n\t\t\t\t<div class=\"elementor-element elementor-element-898aa3b elementor-widget elementor-widget-heading\" data-id=\"898aa3b\" data-element_type=\"widget\" data-widget_type=\"heading.default\">\n\t\t\t\t<div class=\"elementor-widget-container\">\n\t\t\t\t\t<h3 class=\"elementor-heading-title elementor-size-default\">C\u00f3mo llegar<\/h3>\t\t\t\t<\/div>\n\t\t\t\t<\/div>\n\t\t\t\t<div class=\"elementor-element elementor-element-36fecb0 elementor-widget elementor-widget-text-editor\" data-id=\"36fecb0\" data-element_type=\"widget\" data-widget_type=\"text-editor.default\">\n\t\t\t\t<div class=\"elementor-widget-container\">\n\t\t\t\t\t\t\t\t\t<p>El acceso a los jardines del Belvedere en Viena es sencillo a trav\u00e9s de la red de transporte urbano:<\/p><ul><li><strong>Tranv\u00eda:<\/strong> Esta es la opci\u00f3n m\u00e1s cercana. Para entrar por el Belvedere Superior (Entrada Superior), tome la l\u00ednea D y b\u00e1jese en la parada Schloss Belvedere. Tambi\u00e9n puede utilizar las l\u00edneas 18 u O, baj\u00e1ndose en la parada Quartier Belvedere. Para entrar por el Belvedere Inferior (Entrada Inferior), se recomienda utilizar la l\u00ednea 71, concretamente en la parada Unteres Belvedere.   <\/li><li><strong>Metro:<\/strong> L\u00ednea U1 (Roja). Su estaci\u00f3n de destino debe ser Hauptbahnhof (Estaci\u00f3n Central). Desde all\u00ed, tendr\u00e1 que caminar unos 15 minutos hasta el Belvedere Superior o hacer transbordo al tranv\u00eda de la l\u00ednea D.  <\/li><li><strong>Autob\u00fas:<\/strong> L\u00ednea 13A. La parada debe ser Mommsengasse, y desde all\u00ed, debe caminar hasta la entrada del Belvedere Superior. <\/li><\/ul><p><em>Foto: \u00abTram stop Schloss Belvedere, Vienna\u00bb de <a style=\"color: #7e0009;\" href=\"https:\/\/commons.wikimedia.org\/wiki\/User:Herzi_Pinki\" target=\"_blank\" rel=\"noopener\">Herzi Pinki<\/a>.<\/em><\/p>\t\t\t\t\t\t\t\t<\/div>\n\t\t\t\t<\/div>\n\t\t\t\t<div class=\"elementor-element elementor-element-a6cd955 link-secundary elementor-widget elementor-widget-text-editor\" data-id=\"a6cd955\" data-element_type=\"widget\" data-widget_type=\"text-editor.default\">\n\t\t\t\t<div class=\"elementor-widget-container\">\n\t\t\t\t\t\t\t\t\t<p><a href=\"https:\/\/belvederepalace.wientickets.org\/es\/ubicacion-del-palacio-belvedere\/\">C\u00f3mo llegar al Palacio Belvedere en Viena &gt;<\/a><\/p>\t\t\t\t\t\t\t\t<\/div>\n\t\t\t\t<\/div>\n\t\t\t\t<\/div>\n\t\t\t\t<\/div>\n\t\t\t\t\t<\/div>\n\t\t\t\t<\/div>\n\t\t<div id=\"e-n-tab-content-1870682843\" role=\"tabpanel\" aria-labelledby=\"e-n-tab-title-1870682843\" data-tab-index=\"3\" style=\"--n-tabs-title-order: 3;\" class=\" elementor-element elementor-element-17d34c6 e-flex e-con-boxed e-con e-child\" data-id=\"17d34c6\" data-element_type=\"container\">\n\t\t\t\t\t<div class=\"e-con-inner\">\n\t\t<div class=\"elementor-element elementor-element-51747dc e-con-full e-flex e-con e-child\" data-id=\"51747dc\" data-element_type=\"container\">\n\t\t<div class=\"elementor-element elementor-element-59f49c3 e-con-full e-flex e-con e-child\" data-id=\"59f49c3\" data-element_type=\"container\">\n\t\t\t\t<div class=\"elementor-element elementor-element-b6d25fd elementor-widget elementor-widget-image\" data-id=\"b6d25fd\" data-element_type=\"widget\" data-widget_type=\"image.default\">\n\t\t\t\t<div class=\"elementor-widget-container\">\n\t\t\t\t\t\t\t\t\t\t\t\t\t\t\t<img loading=\"lazy\" decoding=\"async\" width=\"800\" height=\"799\" src=\"https:\/\/belvederepalace.wientickets.org\/wp-content\/uploads\/2025\/11\/belvedere-map-entrances.jpg\" class=\"attachment-full size-full wp-image-1382\" alt=\"Mapa de Belvedere con entradas\" srcset=\"https:\/\/belvederepalace.wientickets.org\/wp-content\/uploads\/2025\/11\/belvedere-map-entrances.jpg 800w, https:\/\/belvederepalace.wientickets.org\/wp-content\/uploads\/2025\/11\/belvedere-map-entrances-300x300.jpg 300w, https:\/\/belvederepalace.wientickets.org\/wp-content\/uploads\/2025\/11\/belvedere-map-entrances-150x150.jpg 150w, https:\/\/belvederepalace.wientickets.org\/wp-content\/uploads\/2025\/11\/belvedere-map-entrances-768x767.jpg 768w\" sizes=\"(max-width: 800px) 100vw, 800px\" \/>\t\t\t\t\t\t\t\t\t\t\t\t\t\t\t<\/div>\n\t\t\t\t<\/div>\n\t\t\t\t<\/div>\n\t\t<div class=\"elementor-element elementor-element-ce893da e-con-full e-flex e-con e-child\" data-id=\"ce893da\" data-element_type=\"container\">\n\t\t\t\t<div class=\"elementor-element elementor-element-674bbbd elementor-widget elementor-widget-heading\" data-id=\"674bbbd\" data-element_type=\"widget\" data-widget_type=\"heading.default\">\n\t\t\t\t<div class=\"elementor-widget-container\">\n\t\t\t\t\t<h3 class=\"elementor-heading-title elementor-size-default\">Mapa del complejo<\/h3>\t\t\t\t<\/div>\n\t\t\t\t<\/div>\n\t\t\t\t<div class=\"elementor-element elementor-element-ce19c21 elementor-widget elementor-widget-text-editor\" data-id=\"ce19c21\" data-element_type=\"widget\" data-widget_type=\"text-editor.default\">\n\t\t\t\t<div class=\"elementor-widget-container\">\n\t\t\t\t\t\t\t\t\t<p>El sistema de jardines del Palacio Belvedere se encuentra en el centro de un importante eje cultural:<\/p><ul><li>El Belvedere Superior ocupa el extremo sur y el <a style=\"color: #7e0009;\" href=\"https:\/\/belvederepalace.wientickets.org\/es\/palacio-del-bajo-belvedere\/\">Belvedere Inferior<\/a> define el l\u00edmite norte.<\/li><li>El jard\u00edn bot\u00e1nico de la Universidad de Viena bordea el complejo al oeste, ofreciendo una vasta colecci\u00f3n de diversas especies de plantas.<\/li><li>El museo de arte contempor\u00e1neo Belvedere 21 se encuentra al sureste y cuenta con un jard\u00edn de esculturas dedicado dentro de sus modernos terrenos.<\/li><\/ul><p>Una red de caminos sim\u00e9tricos conecta estos diversos sitios, creando un flujo continuo entre la arquitectura barroca hist\u00f3rica y el dise\u00f1o del siglo XX. Este dise\u00f1o estrat\u00e9gico facilita un recorrido completo por m\u00faltiples lugares de inter\u00e9s cultural dentro de un \u00fanico per\u00edmetro integrado. <\/p>\t\t\t\t\t\t\t\t<\/div>\n\t\t\t\t<\/div>\n\t\t\t\t<div class=\"elementor-element elementor-element-d9af680 link-secundary elementor-widget elementor-widget-text-editor\" data-id=\"d9af680\" data-element_type=\"widget\" data-widget_type=\"text-editor.default\">\n\t\t\t\t<div class=\"elementor-widget-container\">\n\t\t\t\t\t\t\t\t\t<p><a href=\"https:\/\/belvederepalace.wientickets.org\/es\/mapa-del-palacio-belvedere\/\">Mapa del Palacio Belvedere &gt;<\/a><\/p>\t\t\t\t\t\t\t\t<\/div>\n\t\t\t\t<\/div>\n\t\t\t\t<\/div>\n\t\t\t\t<\/div>\n\t\t\t\t\t<\/div>\n\t\t\t\t<\/div>\n\t\t\t\t\t<\/div>\n\t\t<\/div>\n\t\t\t\t\t\t<\/div>\n\t\t\t\t<\/div>\n\t\t\t\t\t<\/div>\n\t\t\t\t<\/div>\n\t\t\t\t<section class=\"elementor-section elementor-top-section elementor-element elementor-element-817d633 elementor-section-boxed elementor-section-height-default elementor-section-height-default\" data-id=\"817d633\" data-element_type=\"section\">\n\t\t\t\t\t\t<div class=\"elementor-container elementor-column-gap-default\">\n\t\t\t\t\t<div class=\"elementor-column elementor-col-100 elementor-top-column elementor-element elementor-element-513e49f\" data-id=\"513e49f\" data-element_type=\"column\">\n\t\t\t<div class=\"elementor-widget-wrap elementor-element-populated\">\n\t\t\t\t\t\t<div class=\"elementor-element elementor-element-c3993a2 elementor-widget elementor-widget-heading\" data-id=\"c3993a2\" data-element_type=\"widget\" id=\"near\" data-widget_type=\"heading.default\">\n\t\t\t\t<div class=\"elementor-widget-container\">\n\t\t\t\t\t<h2 class=\"elementor-heading-title elementor-size-default\">\u00bfQu\u00e9 m\u00e1s hay cerca de los jardines?<\/h2>\t\t\t\t<\/div>\n\t\t\t\t<\/div>\n\t\t\t\t<div class=\"elementor-element elementor-element-3ace295 elementor-widget elementor-widget-text-editor\" data-id=\"3ace295\" data-element_type=\"widget\" data-widget_type=\"text-editor.default\">\n\t\t\t\t<div class=\"elementor-widget-container\">\n\t\t\t\t\t\t\t\t\t<p>Los jardines del Palacio Belvedere act\u00faan como el enlace f\u00edsico entre los <b>dos grandes edificios del complejo: el Belvedere Superior y el <\/b><a href=\"https:\/\/belvederepalace.wientickets.org\/es\/palacio-del-bajo-belvedere\/\" rel=\"noopener\"><strong>Belvedere Inferior<\/strong><\/a>. Si bien el acceso a la mayor\u00eda de las \u00e1reas verdes es gratuito, la entrada al interior de ambos palacios y al Jard\u00edn Alpino requiere el pago de una entrada espec\u00edfica. Estos edificios funcionan hoy en d\u00eda como museos que albergan colecciones desde la Edad Media hasta el arte contempor\u00e1neo.  <\/p><p>La proximidad entre estos puntos y los diversos jardines permite al visitante alternar un paseo por la naturaleza con la observaci\u00f3n de obras maestras del arte europeo. Es importante destacar que <b>los palacios son museos de pago<\/b>, por lo que se recomienda planificar la visita si desea acceder a las galer\u00edas interiores de estos dos grandes edificios: <\/p>\t\t\t\t\t\t\t\t<\/div>\n\t\t\t\t<\/div>\n\t\t\t\t\t<\/div>\n\t\t<\/div>\n\t\t\t\t\t<\/div>\n\t\t<\/section>\n\t\t\t\t<section class=\"elementor-section elementor-top-section elementor-element elementor-element-001d78d elementor-section-boxed elementor-section-height-default elementor-section-height-default\" data-id=\"001d78d\" data-element_type=\"section\">\n\t\t\t\t\t\t<div class=\"elementor-container elementor-column-gap-default\">\n\t\t\t\t\t<div class=\"elementor-column elementor-col-50 elementor-top-column elementor-element elementor-element-880309b\" data-id=\"880309b\" data-element_type=\"column\">\n\t\t\t<div class=\"elementor-widget-wrap elementor-element-populated\">\n\t\t\t\t\t\t<div class=\"elementor-element elementor-element-6caafbc elementor-widget elementor-widget-image\" data-id=\"6caafbc\" data-element_type=\"widget\" data-widget_type=\"image.default\">\n\t\t\t\t<div class=\"elementor-widget-container\">\n\t\t\t\t\t\t\t\t\t\t\t\t\t\t\t<img loading=\"lazy\" decoding=\"async\" width=\"600\" height=\"400\" src=\"https:\/\/belvederepalace.wientickets.org\/wp-content\/uploads\/2025\/10\/belvedere-palace-vienna-austria-1.webp\" class=\"attachment-medium_large size-medium_large wp-image-1372\" alt=\"Palacio Belvedere Superior\" srcset=\"https:\/\/belvederepalace.wientickets.org\/wp-content\/uploads\/2025\/10\/belvedere-palace-vienna-austria-1.webp 600w, https:\/\/belvederepalace.wientickets.org\/wp-content\/uploads\/2025\/10\/belvedere-palace-vienna-austria-1-300x200.webp 300w\" sizes=\"(max-width: 600px) 100vw, 600px\" \/>\t\t\t\t\t\t\t\t\t\t\t\t\t\t\t<\/div>\n\t\t\t\t<\/div>\n\t\t\t\t<div class=\"elementor-element elementor-element-7f48423 elementor-widget elementor-widget-spacer\" data-id=\"7f48423\" data-element_type=\"widget\" data-widget_type=\"spacer.default\">\n\t\t\t\t<div class=\"elementor-widget-container\">\n\t\t\t\t\t\t\t<div class=\"elementor-spacer\">\n\t\t\t<div class=\"elementor-spacer-inner\"><\/div>\n\t\t<\/div>\n\t\t\t\t\t\t<\/div>\n\t\t\t\t<\/div>\n\t\t\t\t<div class=\"elementor-element elementor-element-c8a8305 elementor-widget elementor-widget-heading\" data-id=\"c8a8305\" data-element_type=\"widget\" data-widget_type=\"heading.default\">\n\t\t\t\t<div class=\"elementor-widget-container\">\n\t\t\t\t\t<h3 class=\"elementor-heading-title elementor-size-default\">Alto Belvedere<\/h3>\t\t\t\t<\/div>\n\t\t\t\t<\/div>\n\t\t\t\t<div class=\"elementor-element elementor-element-43f949c elementor-widget elementor-widget-text-editor\" data-id=\"43f949c\" data-element_type=\"widget\" data-widget_type=\"text-editor.default\">\n\t\t\t\t<div class=\"elementor-widget-container\">\n\t\t\t\t\t\t\t\t\t<p>El Belvedere Superior est\u00e1 situado en el extremo sur del complejo. Este edificio alberga la colecci\u00f3n permanente m\u00e1s importante del museo, destacando el arte austriaco desde el siglo XIX hasta la actualidad. En su interior se exponen obras ic\u00f3nicas del modernismo vien\u00e9s. Las salas conservan su decoraci\u00f3n barroca original, incluyendo el Sal\u00f3n de M\u00e1rmol, un espacio de gran relevancia hist\u00f3rica para la naci\u00f3n austriaca.   <\/p>\t\t\t\t\t\t\t\t<\/div>\n\t\t\t\t<\/div>\n\t\t\t\t\t<\/div>\n\t\t<\/div>\n\t\t\t\t<div class=\"elementor-column elementor-col-50 elementor-top-column elementor-element elementor-element-f6047ef\" data-id=\"f6047ef\" data-element_type=\"column\">\n\t\t\t<div class=\"elementor-widget-wrap elementor-element-populated\">\n\t\t\t\t\t\t<div class=\"elementor-element elementor-element-30584d0 elementor-widget elementor-widget-image\" data-id=\"30584d0\" data-element_type=\"widget\" data-widget_type=\"image.default\">\n\t\t\t\t<div class=\"elementor-widget-container\">\n\t\t\t\t\t\t\t\t\t\t\t\t\t\t\t<img loading=\"lazy\" decoding=\"async\" width=\"768\" height=\"394\" src=\"https:\/\/belvederepalace.wientickets.org\/wp-content\/uploads\/2025\/11\/lower-belvedere-768x394.webp\" class=\"attachment-medium_large size-medium_large wp-image-1377\" alt=\"Bajo Belvedere\" srcset=\"https:\/\/belvederepalace.wientickets.org\/wp-content\/uploads\/2025\/11\/lower-belvedere-768x394.webp 768w, https:\/\/belvederepalace.wientickets.org\/wp-content\/uploads\/2025\/11\/lower-belvedere-300x154.webp 300w, https:\/\/belvederepalace.wientickets.org\/wp-content\/uploads\/2025\/11\/lower-belvedere-1024x525.webp 1024w, https:\/\/belvederepalace.wientickets.org\/wp-content\/uploads\/2025\/11\/lower-belvedere.webp 1300w\" sizes=\"(max-width: 768px) 100vw, 768px\" \/>\t\t\t\t\t\t\t\t\t\t\t\t\t\t\t<\/div>\n\t\t\t\t<\/div>\n\t\t\t\t<div class=\"elementor-element elementor-element-2bd9acc elementor-widget elementor-widget-spacer\" data-id=\"2bd9acc\" data-element_type=\"widget\" data-widget_type=\"spacer.default\">\n\t\t\t\t<div class=\"elementor-widget-container\">\n\t\t\t\t\t\t\t<div class=\"elementor-spacer\">\n\t\t\t<div class=\"elementor-spacer-inner\"><\/div>\n\t\t<\/div>\n\t\t\t\t\t\t<\/div>\n\t\t\t\t<\/div>\n\t\t\t\t<div class=\"elementor-element elementor-element-10df0fa elementor-widget elementor-widget-heading\" data-id=\"10df0fa\" data-element_type=\"widget\" data-widget_type=\"heading.default\">\n\t\t\t\t<div class=\"elementor-widget-container\">\n\t\t\t\t\t<h3 class=\"elementor-heading-title elementor-size-default\">Bajo Belvedere<\/h3>\t\t\t\t<\/div>\n\t\t\t\t<\/div>\n\t\t\t\t<div class=\"elementor-element elementor-element-510bf4e elementor-widget elementor-widget-text-editor\" data-id=\"510bf4e\" data-element_type=\"widget\" data-widget_type=\"text-editor.default\">\n\t\t\t\t<div class=\"elementor-widget-container\">\n\t\t\t\t\t\t\t\t\tEl <a href=\"https:\/\/belvederepalace.wientickets.org\/es\/palacio-del-bajo-belvedere\/\" style=\"color:#7E0009;\">Belvedere Inferior<\/a> est\u00e1 situado en la parte inferior de la ladera norte del recinto. Este palacio est\u00e1 dedicado principalmente a exposiciones temporales de alta calidad que exploran diversos per\u00edodos del arte internacional. Los visitantes pueden recorrer salas hist\u00f3ricas de car\u00e1cter privado, como la Galer\u00eda de M\u00e1rmol y el Sal\u00f3n de los Espejos. El edificio tambi\u00e9n conecta con la Orangerie y el Jard\u00edn Privado, ofreciendo una experiencia m\u00e1s \u00edntima de la vida cortesana.   \n\t\t\t\t\t\t\t\t<\/div>\n\t\t\t\t<\/div>\n\t\t\t\t\t<\/div>\n\t\t<\/div>\n\t\t\t\t\t<\/div>\n\t\t<\/section>\n\t\t<div class=\"elementor-element elementor-element-a3e3e37 e-flex e-con-boxed e-con e-parent\" data-id=\"a3e3e37\" data-element_type=\"container\">\n\t\t\t\t\t<div class=\"e-con-inner\">\n\t\t\t\t<div class=\"elementor-element elementor-element-dba3783 elementor-widget elementor-widget-heading\" data-id=\"dba3783\" data-element_type=\"widget\" id=\"history\" data-widget_type=\"heading.default\">\n\t\t\t\t<div class=\"elementor-widget-container\">\n\t\t\t\t\t<h2 class=\"elementor-heading-title elementor-size-default\">Contexto hist\u00f3rico: \u00bfqu\u00e9 debe saber antes de visitar?<\/h2>\t\t\t\t<\/div>\n\t\t\t\t<\/div>\n\t\t\t\t\t<\/div>\n\t\t\t\t<\/div>\n\t\t<div class=\"elementor-element elementor-element-c0652b5 e-flex e-con-boxed e-con e-parent\" data-id=\"c0652b5\" data-element_type=\"container\">\n\t\t\t\t\t<div class=\"e-con-inner\">\n\t\t<div class=\"elementor-element elementor-element-04fc408 e-con-full e-flex e-con e-child\" data-id=\"04fc408\" data-element_type=\"container\">\n\t\t\t\t<div class=\"elementor-element elementor-element-eb70d92 elementor-widget elementor-widget-text-editor\" data-id=\"eb70d92\" data-element_type=\"widget\" data-widget_type=\"text-editor.default\">\n\t\t\t\t<div class=\"elementor-widget-container\">\n\t\t\t\t\t\t\t\t\t<p>La construcci\u00f3n del palacio y los jardines del Belvedere comenz\u00f3 a principios del siglo XVIII por encargo del <strong>Pr\u00edncipe Eugenio de Saboya<\/strong> quien, como detallamos anteriormente, fue un exitoso l\u00edder militar del Sacro Imperio Romano Germ\u00e1nico. Tras sus victorias militares, el pr\u00edncipe decidi\u00f3 crear una residencia de verano que reflejara su estatus. <\/p><p><strong>El arquitecto Johann Lukas von Hildebrandt dise\u00f1\u00f3 los edificios<\/strong>, mientras que <strong>Dominique Girard<\/strong>, disc\u00edpulo de Andr\u00e9 Le N\u00f4tre, <strong>se encarg\u00f3 del paisajismo<\/strong>. La ejecuci\u00f3n de estos jardines fue una obra de ingenier\u00eda masiva que transform\u00f3 una colina en las afueras de la ciudad en un complejo palaciego de referencia mundial. <\/p><p>El <strong>Belvedere Inferior<\/strong> se complet\u00f3 en <strong>1716<\/strong> para servir como residencia principal. Posteriormente, en <strong>1724<\/strong>, se termin\u00f3 el <strong>Belvedere Superior<\/strong>, concebido como galer\u00eda de arte y espacio de recepci\u00f3n. El nombre \u00abBelvedere\u00bb, que significa \u00abbella vista\u00bb, se consolid\u00f3 tras la muerte del pr\u00edncipe en 1736.  <\/p><p><b>La emperatriz Mar\u00eda Teresa<\/b> adquiri\u00f3 la propiedad en 1752, y bajo el dominio de los Habsburgo, el Belvedere Superior se transform\u00f3 en uno de los primeros museos p\u00fablicos del mundo en 1781. La intenci\u00f3n era democratizar el acceso a las colecciones reales, un concepto revolucionario para la \u00e9poca. <\/p><p>El nivel inferior de los jardines representa el dominio de los cuatro elementos; el nivel medio simboliza el Parnaso y el nivel superior est\u00e1 dedicado al Olimpo. Esta estructura jer\u00e1rquica buscaba exaltar la figura del Pr\u00edncipe Eugenio como hombre de cultura y orden. Las fuentes, cascadas y estatuas forman parte de una <strong>narrativa que celebra el triunfo de la civilizaci\u00f3n sobre el caos<\/strong>, un tema recurrente en el arte barroco.  <\/p>\t\t\t\t\t\t\t\t<\/div>\n\t\t\t\t<\/div>\n\t\t\t\t<\/div>\n\t\t<div class=\"elementor-element elementor-element-2f1cafd e-con-full e-flex e-con e-child\" data-id=\"2f1cafd\" data-element_type=\"container\">\n\t\t\t\t<div class=\"elementor-element elementor-element-86d5970 elementor-widget elementor-widget-image\" data-id=\"86d5970\" data-element_type=\"widget\" data-widget_type=\"image.default\">\n\t\t\t\t<div class=\"elementor-widget-container\">\n\t\t\t\t\t\t\t\t\t\t\t\t\t\t\t<img loading=\"lazy\" decoding=\"async\" width=\"768\" height=\"940\" src=\"https:\/\/belvederepalace.wientickets.org\/wp-content\/uploads\/2025\/12\/eugene-of-savoy-768x940.jpeg\" class=\"attachment-medium_large size-medium_large wp-image-1532\" alt=\"Pr\u00edncipe Eugenio de Saboya\" srcset=\"https:\/\/belvederepalace.wientickets.org\/wp-content\/uploads\/2025\/12\/eugene-of-savoy-768x940.jpeg 768w, https:\/\/belvederepalace.wientickets.org\/wp-content\/uploads\/2025\/12\/eugene-of-savoy-245x300.jpeg 245w, https:\/\/belvederepalace.wientickets.org\/wp-content\/uploads\/2025\/12\/eugene-of-savoy.jpeg 837w\" sizes=\"(max-width: 768px) 100vw, 768px\" \/>\t\t\t\t\t\t\t\t\t\t\t\t\t\t\t<\/div>\n\t\t\t\t<\/div>\n\t\t\t\t<\/div>\n\t\t\t\t\t<\/div>\n\t\t\t\t<\/div>\n\t\t<div class=\"elementor-element elementor-element-c4f7a88 e-flex e-con-boxed e-con e-parent\" data-id=\"c4f7a88\" data-element_type=\"container\">\n\t\t\t\t\t<div class=\"e-con-inner\">\n\t\t\t\t<div class=\"elementor-element elementor-element-7b9259e elementor-widget elementor-widget-text-editor\" data-id=\"7b9259e\" data-element_type=\"widget\" data-widget_type=\"text-editor.default\">\n\t\t\t\t<div class=\"elementor-widget-container\">\n\t\t\t\t\t\t\t\t\t<p>A lo largo de los siglos XIX y XX, el complejo fue escenario de acontecimientos hist\u00f3ricos definitivos. Fue la residencia del archiduque Francisco Fernando antes de su asesinato en 1914. Tras la ca\u00edda de la monarqu\u00eda en 1918, el Estado asumi\u00f3 la propiedad del sitio. En 1955, la firma del Tratado de Estado de Austria en el Belvedere Superior devolvi\u00f3 la independencia a Austria despu\u00e9s de la Segunda Guerra Mundial. Comprender estos hitos permite al visitante apreciar que <b>los jardines del Palacio Belvedere son un monumento vivo de la historia europea<\/b> y no un simple parque ornamental.    <\/p>\t\t\t\t\t\t\t\t<\/div>\n\t\t\t\t<\/div>\n\t\t\t\t\t<\/div>\n\t\t\t\t<\/div>\n\t\t\t\t<section class=\"elementor-section elementor-top-section elementor-element elementor-element-1588da0 elementor-section-boxed elementor-section-height-default elementor-section-height-default\" data-id=\"1588da0\" data-element_type=\"section\">\n\t\t\t\t\t\t<div class=\"elementor-container elementor-column-gap-default\">\n\t\t\t\t\t<div class=\"elementor-column elementor-col-100 elementor-top-column elementor-element elementor-element-1608ef4\" data-id=\"1608ef4\" data-element_type=\"column\">\n\t\t\t<div class=\"elementor-widget-wrap elementor-element-populated\">\n\t\t\t\t\t\t<div class=\"elementor-element elementor-element-79a070f elementor-widget elementor-widget-heading\" data-id=\"79a070f\" data-element_type=\"widget\" id=\"faqs\" data-widget_type=\"heading.default\">\n\t\t\t\t<div class=\"elementor-widget-container\">\n\t\t\t\t\t<h2 class=\"elementor-heading-title elementor-size-default\">Preguntas frecuentes sobre los jardines del Belvedere<\/h2>\t\t\t\t<\/div>\n\t\t\t\t<\/div>\n\t\t\t\t\t<\/div>\n\t\t<\/div>\n\t\t\t\t\t<\/div>\n\t\t<\/section>\n\t\t<div class=\"elementor-element elementor-element-7e5861f e-flex e-con-boxed e-con e-parent\" data-id=\"7e5861f\" data-element_type=\"container\">\n\t\t\t\t\t<div class=\"e-con-inner\">\n\t\t\t\t<div class=\"elementor-element elementor-element-e9a1dad elementor-widget elementor-widget-toggle\" data-id=\"e9a1dad\" data-element_type=\"widget\" data-widget_type=\"toggle.default\">\n\t\t\t\t<div class=\"elementor-widget-container\">\n\t\t\t\t\t\t\t<div class=\"elementor-toggle\">\n\t\t\t\t\t\t\t<div class=\"elementor-toggle-item\">\n\t\t\t\t\t<h3 id=\"elementor-tab-title-2441\" class=\"elementor-tab-title\" data-tab=\"1\" role=\"button\" aria-controls=\"elementor-tab-content-2441\" aria-expanded=\"false\">\n\t\t\t\t\t\t\t\t\t\t\t\t<span class=\"elementor-toggle-icon elementor-toggle-icon-left\" aria-hidden=\"true\">\n\t\t\t\t\t\t\t\t\t\t\t\t\t\t\t<span class=\"elementor-toggle-icon-closed\"><svg class=\"e-font-icon-svg e-fas-caret-right\" viewBox=\"0 0 192 512\" xmlns=\"http:\/\/www.w3.org\/2000\/svg\"><path d=\"M0 384.662V127.338c0-17.818 21.543-26.741 34.142-14.142l128.662 128.662c7.81 7.81 7.81 20.474 0 28.284L34.142 398.804C21.543 411.404 0 402.48 0 384.662z\"><\/path><\/svg><\/span>\n\t\t\t\t\t\t\t\t<span class=\"elementor-toggle-icon-opened\"><svg class=\"elementor-toggle-icon-opened e-font-icon-svg e-fas-caret-up\" viewBox=\"0 0 320 512\" xmlns=\"http:\/\/www.w3.org\/2000\/svg\"><path d=\"M288.662 352H31.338c-17.818 0-26.741-21.543-14.142-34.142l128.662-128.662c7.81-7.81 20.474-7.81 28.284 0l128.662 128.662c12.6 12.599 3.676 34.142-14.142 34.142z\"><\/path><\/svg><\/span>\n\t\t\t\t\t\t\t\t\t\t\t\t\t<\/span>\n\t\t\t\t\t\t\t\t\t\t\t\t<a class=\"elementor-toggle-title\" tabindex=\"0\">\u00bfEs gratis visitar el Palacio Belvedere Superior o Inferior?<\/a>\n\t\t\t\t\t<\/h3>\n\n\t\t\t\t\t<div id=\"elementor-tab-content-2441\" class=\"elementor-tab-content elementor-clearfix\" data-tab=\"1\" role=\"region\" aria-labelledby=\"elementor-tab-title-2441\"><p><strong>No es gratis visitar el interior de los palacios<\/strong>. Aunque los jardines del Palacio Belvedere son gratuitos para el p\u00fablico en general, las galer\u00edas de arte que se encuentran dentro del Belvedere Superior e Inferior requieren la <a style=\"color: #7e0009;\" href=\"https:\/\/belvederepalace.wientickets.org\/es\/\">compra de entradas espec\u00edficas<\/a>. <\/p>\n<\/div>\n\t\t\t\t<\/div>\n\t\t\t\t\t\t\t<div class=\"elementor-toggle-item\">\n\t\t\t\t\t<h3 id=\"elementor-tab-title-2442\" class=\"elementor-tab-title\" data-tab=\"2\" role=\"button\" aria-controls=\"elementor-tab-content-2442\" aria-expanded=\"false\">\n\t\t\t\t\t\t\t\t\t\t\t\t<span class=\"elementor-toggle-icon elementor-toggle-icon-left\" aria-hidden=\"true\">\n\t\t\t\t\t\t\t\t\t\t\t\t\t\t\t<span class=\"elementor-toggle-icon-closed\"><svg class=\"e-font-icon-svg e-fas-caret-right\" viewBox=\"0 0 192 512\" xmlns=\"http:\/\/www.w3.org\/2000\/svg\"><path d=\"M0 384.662V127.338c0-17.818 21.543-26.741 34.142-14.142l128.662 128.662c7.81 7.81 7.81 20.474 0 28.284L34.142 398.804C21.543 411.404 0 402.48 0 384.662z\"><\/path><\/svg><\/span>\n\t\t\t\t\t\t\t\t<span class=\"elementor-toggle-icon-opened\"><svg class=\"elementor-toggle-icon-opened e-font-icon-svg e-fas-caret-up\" viewBox=\"0 0 320 512\" xmlns=\"http:\/\/www.w3.org\/2000\/svg\"><path d=\"M288.662 352H31.338c-17.818 0-26.741-21.543-14.142-34.142l128.662-128.662c7.81-7.81 20.474-7.81 28.284 0l128.662 128.662c12.6 12.599 3.676 34.142-14.142 34.142z\"><\/path><\/svg><\/span>\n\t\t\t\t\t\t\t\t\t\t\t\t\t<\/span>\n\t\t\t\t\t\t\t\t\t\t\t\t<a class=\"elementor-toggle-title\" tabindex=\"0\">\u00bfD\u00f3nde se encuentra \u201cEl Beso\u201d de Klimt, en el Belvedere Superior o Inferior?<\/a>\n\t\t\t\t\t<\/h3>\n\n\t\t\t\t\t<div id=\"elementor-tab-content-2442\" class=\"elementor-tab-content elementor-clearfix\" data-tab=\"2\" role=\"region\" aria-labelledby=\"elementor-tab-title-2442\"><p>La famosa obra \u00abEl Beso\u00bb de Gustav Klimt se encuentra en el <strong>Belvedere Superior<\/strong>. Esta pintura es la pieza central de la colecci\u00f3n permanente del museo y se exhibe en la secci\u00f3n dedicada al modernismo vien\u00e9s. Los visitantes interesados en ver esta obra maestra deben dirigirse al palacio situado en la parte m\u00e1s alta de los jardines.  <\/p>\n<\/div>\n\t\t\t\t<\/div>\n\t\t\t\t\t\t\t<div class=\"elementor-toggle-item\">\n\t\t\t\t\t<h3 id=\"elementor-tab-title-2443\" class=\"elementor-tab-title\" data-tab=\"3\" role=\"button\" aria-controls=\"elementor-tab-content-2443\" aria-expanded=\"false\">\n\t\t\t\t\t\t\t\t\t\t\t\t<span class=\"elementor-toggle-icon elementor-toggle-icon-left\" aria-hidden=\"true\">\n\t\t\t\t\t\t\t\t\t\t\t\t\t\t\t<span class=\"elementor-toggle-icon-closed\"><svg class=\"e-font-icon-svg e-fas-caret-right\" viewBox=\"0 0 192 512\" xmlns=\"http:\/\/www.w3.org\/2000\/svg\"><path d=\"M0 384.662V127.338c0-17.818 21.543-26.741 34.142-14.142l128.662 128.662c7.81 7.81 7.81 20.474 0 28.284L34.142 398.804C21.543 411.404 0 402.48 0 384.662z\"><\/path><\/svg><\/span>\n\t\t\t\t\t\t\t\t<span class=\"elementor-toggle-icon-opened\"><svg class=\"elementor-toggle-icon-opened e-font-icon-svg e-fas-caret-up\" viewBox=\"0 0 320 512\" xmlns=\"http:\/\/www.w3.org\/2000\/svg\"><path d=\"M288.662 352H31.338c-17.818 0-26.741-21.543-14.142-34.142l128.662-128.662c7.81-7.81 20.474-7.81 28.284 0l128.662 128.662c12.6 12.599 3.676 34.142-14.142 34.142z\"><\/path><\/svg><\/span>\n\t\t\t\t\t\t\t\t\t\t\t\t\t<\/span>\n\t\t\t\t\t\t\t\t\t\t\t\t<a class=\"elementor-toggle-title\" tabindex=\"0\">\u00bfVale la pena entrar en los Palacios Belvedere?<\/a>\n\t\t\t\t\t<\/h3>\n\n\t\t\t\t\t<div id=\"elementor-tab-content-2443\" class=\"elementor-tab-content elementor-clearfix\" data-tab=\"3\" role=\"region\" aria-labelledby=\"elementor-tab-title-2443\"><p><strong>S\u00ed, <a href=\"https:\/\/belvederepalace.wientickets.org\/es\/interior-del-palacio-belvedere\/\" style=\"color:#7E0009;\">vale la pena entrar para los entusiastas del arte y la historia<\/a>.<\/strong> El Belvedere Superior alberga la mayor colecci\u00f3n de Klimt del mundo y ofrece impresionantes interiores barrocos. Por su parte, el <a href=\"https:\/\/belvederepalace.wientickets.org\/es\/palacio-del-bajo-belvedere\/\" style=\"color:#7E0009;\">Belvedere Inferior<\/a> destaca por sus exposiciones temporales y sus lujosas salas privadas. La combinaci\u00f3n de riqueza art\u00edstica y preservaci\u00f3n arquitect\u00f3nica justifica el coste de la entrada para una experiencia cultural completa.  <\/p>\n<\/div>\n\t\t\t\t<\/div>\n\t\t\t\t\t\t\t<div class=\"elementor-toggle-item\">\n\t\t\t\t\t<h3 id=\"elementor-tab-title-2444\" class=\"elementor-tab-title\" data-tab=\"4\" role=\"button\" aria-controls=\"elementor-tab-content-2444\" aria-expanded=\"false\">\n\t\t\t\t\t\t\t\t\t\t\t\t<span class=\"elementor-toggle-icon elementor-toggle-icon-left\" aria-hidden=\"true\">\n\t\t\t\t\t\t\t\t\t\t\t\t\t\t\t<span class=\"elementor-toggle-icon-closed\"><svg class=\"e-font-icon-svg e-fas-caret-right\" viewBox=\"0 0 192 512\" xmlns=\"http:\/\/www.w3.org\/2000\/svg\"><path d=\"M0 384.662V127.338c0-17.818 21.543-26.741 34.142-14.142l128.662 128.662c7.81 7.81 7.81 20.474 0 28.284L34.142 398.804C21.543 411.404 0 402.48 0 384.662z\"><\/path><\/svg><\/span>\n\t\t\t\t\t\t\t\t<span class=\"elementor-toggle-icon-opened\"><svg class=\"elementor-toggle-icon-opened e-font-icon-svg e-fas-caret-up\" viewBox=\"0 0 320 512\" xmlns=\"http:\/\/www.w3.org\/2000\/svg\"><path d=\"M288.662 352H31.338c-17.818 0-26.741-21.543-14.142-34.142l128.662-128.662c7.81-7.81 20.474-7.81 28.284 0l128.662 128.662c12.6 12.599 3.676 34.142-14.142 34.142z\"><\/path><\/svg><\/span>\n\t\t\t\t\t\t\t\t\t\t\t\t\t<\/span>\n\t\t\t\t\t\t\t\t\t\t\t\t<a class=\"elementor-toggle-title\" tabindex=\"0\">\u00bfMerecen una visita en invierno?<\/a>\n\t\t\t\t\t<\/h3>\n\n\t\t\t\t\t<div id=\"elementor-tab-content-2444\" class=\"elementor-tab-content elementor-clearfix\" data-tab=\"4\" role=\"region\" aria-labelledby=\"elementor-tab-title-2444\"><p>Las personas que deseen visitarlos durante los meses de invierno deben tener en cuenta que <strong>la experiencia est\u00e9tica se reduce considerablemente en esta \u00e9poca del a\u00f1o<\/strong>. Seg\u00fan <a style=\"color: #7e0009;\" href=\"https:\/\/www.reddit.com\/r\/solotravel\/comments\/5qt3ml\/solo_travel_to_vienna_is_there_any_place_that\/\" target=\"_blank\" rel=\"noopener\">un usuario en un hilo de Reddit<\/a>: \u201cEl Belvedere ser\u00eda mucho m\u00e1s agradable en cualquier otra estaci\u00f3n que no sea el invierno. Fui justo antes de A\u00f1o Nuevo y los jardines son inexistentes. Sin embargo, las galer\u00edas en ambos extremos son agradables, pero prep\u00e1rense para multitudes razonablemente grandes\u201d. En invierno, las fuentes est\u00e1n apagadas y las plantas est\u00e1n inactivas.  <\/p>\n<\/div>\n\t\t\t\t<\/div>\n\t\t\t\t\t\t\t\t<\/div>\n\t\t\t\t\t\t<\/div>\n\t\t\t\t<\/div>\n\t\t\t\t\t<\/div>\n\t\t\t\t<\/div>\n\t\t<div class=\"elementor-element elementor-element-f7305ee e-flex e-con-boxed e-con e-parent\" data-id=\"f7305ee\" data-element_type=\"container\">\n\t\t\t\t\t<div class=\"e-con-inner\">\n\t\t\t\t<div class=\"elementor-element elementor-element-bae2e3e elementor-widget elementor-widget-html\" data-id=\"bae2e3e\" data-element_type=\"widget\" data-widget_type=\"html.default\">\n\t\t\t\t<div class=\"elementor-widget-container\">\n\t\t\t\t\t<style>body {\n    font-family: 'Inter';\n}\n\nh1, h2, h3, h4, h5, h6 {\n    font-family: 'Inter' !important;\n    margin: 0 !important;\n    color: #222222 !important;\n}\n\nh1 {\n    color: #222222 !important;\n    margin-bottom: 30px !important;\n}\n\n#content h2 {\n    margin-bottom: 30px !important;\n}\n\nh3 {\n    margin-bottom: 20px !important;\n    font-weight: 600 !important;\n    font-size: 20px !important;\n}\n\nh4 {\n    font-size: 20px !important;\n    margin-bottom: 16px !important;\n}\n\np {\n    color: #222222 !important;\n    margin-bottom: 12px !important;\n}\n\n#content ul {\n    margin: 0 0 1.5em 1.5em !important;\n    margin-bottom: 16px !important;\n}\n\n#content li {\n    font-size: 16px !important;\n    color: #222222 !important;\n    list-style-type: disc !important;\n}\n\n.elementor-widget:not(:last-child) {\n    margin: 0;\n}\n\n.type-items>div {\n    flex-direction: column;\n}\n\n.ticket-description {\n    margin-bottom: 16px !important;\n    flex-grow: 1;\n}\n\n.how-to-select-item>div {\n    flex-direction: column;\n}\n\n.text-list h3>span {\n    font-weight: 600 !important;\n}\n\n.text-list {\n    flex-grow: 1;\n}\n\n.what-include {\n    margin-bottom: 6px !important;\n}\n\n.included-list {\n    margin-bottom: 16px !important;\n}\n\n.included-list p {\n    margin: 0 !important;\n}\n\n.tab-item-desktop a {\n    color: #7E0009 !important;\n}\n\n.link-secundary a {\n    text-decoration: underline !important;\n    font-size: 16px !important;\n    color: #7E0009 !important;\n}\n\n.text-mobile {\n    margin-bottom: 30px !important;\n}\n\n.text-mobile p {\n    margin: 0 !important;\n}\n\n.btn-primary a {\n    background-color: #CE2B37 !important;\n    color: #fff;\n    padding: 16px 28px;\n    border-radius: 8px;\n}\n\n.btn-primary a:hover {\n    background-color: #7E0009 !important;\n    color: #fff;\n}\n\n.btn-icon .elementor-button-icon {\n    display: flex;\n}\n\n.btn-icon .elementor-button-icon svg {\n    width: 24px;\n}\n\n.btn-icon a {\n    display: flex;\n    justify-content: center;\n    align-items: center;\n}\n\n.btn-icon .elementor-button-content-wrapper {\n    display: flex;\n    justify-content: center;\n    width: fit-content;\n    gap: 6px;\n    align-items: center;\n}\n\n.full a {\n    width: 100% !important;\n}\n\n.card-section > div {\n    display: flex !important;\n    gap: 24px !important;\n}\n\n.card-info {\n    background-color: #f4f4f4;\n    border-radius: 8px;\n}\n\n.types-title-section {\n    margin-bottom: 0 !important;\n}\n\n.how-to-select-type-section > div {\n    gap: 12px !important;\n    display: flex !important;\n}\n\n.tab-section h3 {\n    margin-bottom: 16px !important;\n}\n\nbutton.tab-button,\nbutton.tab-button-desktop {\n    background: transparent;\n    border: 0;\n    color: #222 !important;\n    font-weight: 600;\n    font-family: \"Inter\" !important;\n    font-size: 18px;\n    border-radius: 8px;\n}\n\nbutton.tab-button-desktop:hover {\n    background-color: #f4f4f4;\n}\n\n.tab-button-desktop:focus,\n.tab-button-desktop:focus-visible {\n    outline: none;\n    background-color: #f4f4f4;\n}\n\nbutton.tab-button.active,\nbutton.tab-button-desktop.active{\n    background: #f4f4f4;\n    border-radius: 8px;\n}\n\n.elementor-accordion {\n    display: flex;\n    flex-direction: column;\n    gap: 16px;\n}\n\n.elementor-accordion-item {\n    border-radius: 8px;\n    overflow: auto;\n}\n\n.places-of-interest-section {\n    margin: 0 auto !important;\n}\n\n.places-of-interest-section>div  {\n    gap: 62px !important;\n}\n\n.pagination-item a {\n    width: 100%;\n    margin: 0 !important;\n    font-size: 18px !important;\n    font-weight: 600;\n}\n\n#content.other-things-to-do-section > div {\n    display: flex !important;\n    width: 100% !important;\n    flex-wrap: nowrap !important;\n    gap: 12px;\n    position: relative !important;\n    overflow-x: auto;\n    overflow-y: hidden;\n    background-color: #fff;\n    margin: 0 auto;\n    white-space: nowrap;\n}\n\n.other-things-to-do-section .elementor-widget-image {\n    width: 300px;\n}\n\n.other-things-to-do-section .elementor-widget-image a {\n    width: 100%;\n}\n\n.carrousel-item {\n    width: 250px !important;\n    flex-grow: 1;\n    scroll-snap-align: start;\n    flex: 0 0 auto;\n}\n\n.carrousel-item a {\n    width: 100%;\n    margin: 0 !important;\n    font-size: 18px !important;\n    font-weight: 600;\n    color: #222 !important;\n}\n\n.tab-item-desktop a,\n.tab-item-desktop a:hover {\n    text-decoration: underline;\n}\n\n.tabs {\n    display: flex;\n    gap: 8px;\n    overflow-x: auto;\n}\n\n@media (max-width: 500px) {\n    .other-things-to-do-section .elementor-container {\n        flex-wrap: nowrap !important;\n        gap: 12px;\n        overflow-x: auto;\n    }\n}\n\n@media (min-width: 768px) {\n    .type-tickets-section > div {\n        gap: 40px;\n    }\n    \n    .other-things-to-do-section > div {\n        display: flex !important;\n        gap: 12px;\n    }\n    \n    .other-things-to-do-section > div::-webkit-scrollbar {\n        display: none;\n    }\n    \n    .other-things-to-do-section .elementor-widget-image {\n        width: 100% !important;\n    }\n    \n    .places-of-interest-section {\n        margin: auto !important;\n    }\n}\n\n@media (min-width: 1024px) {\n    \n    #content h2 {\n        font-size: 42px !important;\n    }\n    \n    #content section {\n        margin-left: auto;\n        margin-right: auto;\n        width: 1100px;\n    }\n    \n    .types-title-section>div {\n        gap: 56px;\n    }\n    \n    .tab-item-desktop>div {\n        gap: 30px !important;\n        display: flex !important;\n    }\n}\n<\/style>\t\t\t\t<\/div>\n\t\t\t\t<\/div>\n\t\t\t\t\t<\/div>\n\t\t\t\t<\/div>\n\t\t\t\t<\/div>\n\t\t","protected":false},"excerpt":{"rendered":"<p>Belvedere Schlossgarten (jardines) Los Jardines del Palacio Belvedere de Viena constituyen un conjunto de varios espacios verdes con estilos y funciones diferentes que unen arquitect\u00f3nicamente las residencias del complejo. Aqu\u00ed detallaremos qu\u00e9 hay en cada uno de ellos y cu\u00e1l es su historia. Reservar entradas Asistencia cuando la necesites Atenci\u00f3n al cliente para ayudarte con [&hellip;]<\/p>\n","protected":false},"author":2,"featured_media":0,"parent":0,"menu_order":0,"comment_status":"closed","ping_status":"closed","template":"elementor_header_footer","meta":{"footnotes":""},"class_list":["post-1572","page","type-page","status-publish","hentry"],"yoast_head":"<!-- This site is optimized with the Yoast SEO plugin v26.7 - https:\/\/yoast.com\/wordpress\/plugins\/seo\/ -->\n<title>Belvedere Schlossgarten | Jardines en Viena<\/title>\n<meta name=\"description\" content=\"Detallamos los jardines del Palacio Belvedere, conocidos como &#039;Schlossgarten&#039;, que se pueden visitar gratis o pagando en Viena. \u2705\" \/>\n<meta name=\"robots\" content=\"index, follow, max-snippet:-1, max-image-preview:large, max-video-preview:-1\" \/>\n<link rel=\"canonical\" href=\"https:\/\/belvederepalace.wientickets.org\/es\/belvedere-schlossgarten-jardines\/\" \/>\n<meta property=\"og:locale\" content=\"es_ES\" \/>\n<meta property=\"og:type\" content=\"article\" \/>\n<meta property=\"og:title\" content=\"Belvedere Schlossgarten | Jardines en Viena\" \/>\n<meta property=\"og:description\" content=\"Detallamos los jardines del Palacio Belvedere, conocidos como &#039;Schlossgarten&#039;, que se pueden visitar gratis o pagando en Viena. \u2705\" \/>\n<meta property=\"og:url\" content=\"https:\/\/belvederepalace.wientickets.org\/es\/belvedere-schlossgarten-jardines\/\" \/>\n<meta property=\"og:site_name\" content=\"Belvedere Palace Tickets\" \/>\n<meta property=\"article:modified_time\" content=\"2026-04-17T08:27:09+00:00\" \/>\n<meta property=\"og:image\" content=\"https:\/\/belvederepalace.wientickets.org\/wp-content\/uploads\/2026\/01\/belvedere-schlossgarten.webp\" \/>\n\t<meta property=\"og:image:width\" content=\"1280\" \/>\n\t<meta property=\"og:image:height\" content=\"846\" \/>\n\t<meta property=\"og:image:type\" content=\"image\/webp\" \/>\n<meta name=\"twitter:card\" content=\"summary_large_image\" \/>\n<meta name=\"twitter:label1\" content=\"Tiempo de lectura\" \/>\n\t<meta name=\"twitter:data1\" content=\"17 minutos\" \/>\n<script type=\"application\/ld+json\" class=\"yoast-schema-graph\">{\"@context\":\"https:\/\/schema.org\",\"@graph\":[{\"@type\":\"WebPage\",\"@id\":\"https:\/\/belvederepalace.wientickets.org\/es\/belvedere-schlossgarten-jardines\/\",\"url\":\"https:\/\/belvederepalace.wientickets.org\/es\/belvedere-schlossgarten-jardines\/\",\"name\":\"Belvedere Schlossgarten | Jardines en Viena\",\"isPartOf\":{\"@id\":\"https:\/\/belvederepalace.wientickets.org\/es\/#website\"},\"primaryImageOfPage\":{\"@id\":\"https:\/\/belvederepalace.wientickets.org\/es\/belvedere-schlossgarten-jardines\/#primaryimage\"},\"image\":{\"@id\":\"https:\/\/belvederepalace.wientickets.org\/es\/belvedere-schlossgarten-jardines\/#primaryimage\"},\"thumbnailUrl\":\"https:\/\/belvederepalace.wientickets.org\/wp-content\/uploads\/2026\/01\/belvedere-schlossgarten-1024x677.webp\",\"datePublished\":\"2026-01-13T09:51:56+00:00\",\"dateModified\":\"2026-04-17T08:27:09+00:00\",\"description\":\"Detallamos los jardines del Palacio Belvedere, conocidos como 'Schlossgarten', que se pueden visitar gratis o pagando en Viena. \u2705\",\"breadcrumb\":{\"@id\":\"https:\/\/belvederepalace.wientickets.org\/es\/belvedere-schlossgarten-jardines\/#breadcrumb\"},\"inLanguage\":\"es\",\"potentialAction\":[{\"@type\":\"ReadAction\",\"target\":[\"https:\/\/belvederepalace.wientickets.org\/es\/belvedere-schlossgarten-jardines\/\"]}]},{\"@type\":\"ImageObject\",\"inLanguage\":\"es\",\"@id\":\"https:\/\/belvederepalace.wientickets.org\/es\/belvedere-schlossgarten-jardines\/#primaryimage\",\"url\":\"https:\/\/belvederepalace.wientickets.org\/wp-content\/uploads\/2026\/01\/belvedere-schlossgarten-1024x677.webp\",\"contentUrl\":\"https:\/\/belvederepalace.wientickets.org\/wp-content\/uploads\/2026\/01\/belvedere-schlossgarten-1024x677.webp\"},{\"@type\":\"BreadcrumbList\",\"@id\":\"https:\/\/belvederepalace.wientickets.org\/es\/belvedere-schlossgarten-jardines\/#breadcrumb\",\"itemListElement\":[{\"@type\":\"ListItem\",\"position\":1,\"name\":\"Home\",\"item\":\"https:\/\/belvederepalace.wientickets.org\/es\/\"},{\"@type\":\"ListItem\",\"position\":2,\"name\":\"Belvedere Schlossgarten (jardines)\"}]},{\"@type\":\"WebSite\",\"@id\":\"https:\/\/belvederepalace.wientickets.org\/es\/#website\",\"url\":\"https:\/\/belvederepalace.wientickets.org\/es\/\",\"name\":\"Belvedere Palace Tickets\",\"description\":\"\",\"publisher\":{\"@id\":\"https:\/\/belvederepalace.wientickets.org\/es\/#organization\"},\"potentialAction\":[{\"@type\":\"SearchAction\",\"target\":{\"@type\":\"EntryPoint\",\"urlTemplate\":\"https:\/\/belvederepalace.wientickets.org\/es\/?s={search_term_string}\"},\"query-input\":{\"@type\":\"PropertyValueSpecification\",\"valueRequired\":true,\"valueName\":\"search_term_string\"}}],\"inLanguage\":\"es\"},{\"@type\":\"Organization\",\"@id\":\"https:\/\/belvederepalace.wientickets.org\/es\/#organization\",\"name\":\"Entradas para el Palacio Belvedere\",\"url\":\"https:\/\/belvederepalace.wientickets.org\/es\/\",\"logo\":{\"@type\":\"ImageObject\",\"inLanguage\":\"es\",\"@id\":\"https:\/\/belvederepalace.wientickets.org\/es\/#\/schema\/logo\/image\/\",\"url\":\"https:\/\/belvederepalace.wientickets.org\/wp-content\/uploads\/2024\/08\/belvedere-palace-tickets-logo.png\",\"contentUrl\":\"https:\/\/belvederepalace.wientickets.org\/wp-content\/uploads\/2024\/08\/belvedere-palace-tickets-logo.png\",\"width\":375,\"height\":70,\"caption\":\"Entradas para el Palacio Belvedere\"},\"image\":{\"@id\":\"https:\/\/belvederepalace.wientickets.org\/es\/#\/schema\/logo\/image\/\"}}]}<\/script>\n<!-- \/ Yoast SEO plugin. -->","yoast_head_json":{"title":"Belvedere Schlossgarten | Jardines en Viena","description":"Detallamos los jardines del Palacio Belvedere, conocidos como 'Schlossgarten', que se pueden visitar gratis o pagando en Viena. \u2705","robots":{"index":"index","follow":"follow","max-snippet":"max-snippet:-1","max-image-preview":"max-image-preview:large","max-video-preview":"max-video-preview:-1"},"canonical":"https:\/\/belvederepalace.wientickets.org\/es\/belvedere-schlossgarten-jardines\/","og_locale":"es_ES","og_type":"article","og_title":"Belvedere Schlossgarten | Jardines en Viena","og_description":"Detallamos los jardines del Palacio Belvedere, conocidos como 'Schlossgarten', que se pueden visitar gratis o pagando en Viena. \u2705","og_url":"https:\/\/belvederepalace.wientickets.org\/es\/belvedere-schlossgarten-jardines\/","og_site_name":"Belvedere Palace Tickets","article_modified_time":"2026-04-17T08:27:09+00:00","og_image":[{"width":1280,"height":846,"url":"https:\/\/belvederepalace.wientickets.org\/wp-content\/uploads\/2026\/01\/belvedere-schlossgarten.webp","type":"image\/webp"}],"twitter_card":"summary_large_image","twitter_misc":{"Tiempo de lectura":"17 minutos"},"schema":{"@context":"https:\/\/schema.org","@graph":[{"@type":"WebPage","@id":"https:\/\/belvederepalace.wientickets.org\/es\/belvedere-schlossgarten-jardines\/","url":"https:\/\/belvederepalace.wientickets.org\/es\/belvedere-schlossgarten-jardines\/","name":"Belvedere Schlossgarten | Jardines en Viena","isPartOf":{"@id":"https:\/\/belvederepalace.wientickets.org\/es\/#website"},"primaryImageOfPage":{"@id":"https:\/\/belvederepalace.wientickets.org\/es\/belvedere-schlossgarten-jardines\/#primaryimage"},"image":{"@id":"https:\/\/belvederepalace.wientickets.org\/es\/belvedere-schlossgarten-jardines\/#primaryimage"},"thumbnailUrl":"https:\/\/belvederepalace.wientickets.org\/wp-content\/uploads\/2026\/01\/belvedere-schlossgarten-1024x677.webp","datePublished":"2026-01-13T09:51:56+00:00","dateModified":"2026-04-17T08:27:09+00:00","description":"Detallamos los jardines del Palacio Belvedere, conocidos como 'Schlossgarten', que se pueden visitar gratis o pagando en Viena. \u2705","breadcrumb":{"@id":"https:\/\/belvederepalace.wientickets.org\/es\/belvedere-schlossgarten-jardines\/#breadcrumb"},"inLanguage":"es","potentialAction":[{"@type":"ReadAction","target":["https:\/\/belvederepalace.wientickets.org\/es\/belvedere-schlossgarten-jardines\/"]}]},{"@type":"ImageObject","inLanguage":"es","@id":"https:\/\/belvederepalace.wientickets.org\/es\/belvedere-schlossgarten-jardines\/#primaryimage","url":"https:\/\/belvederepalace.wientickets.org\/wp-content\/uploads\/2026\/01\/belvedere-schlossgarten-1024x677.webp","contentUrl":"https:\/\/belvederepalace.wientickets.org\/wp-content\/uploads\/2026\/01\/belvedere-schlossgarten-1024x677.webp"},{"@type":"BreadcrumbList","@id":"https:\/\/belvederepalace.wientickets.org\/es\/belvedere-schlossgarten-jardines\/#breadcrumb","itemListElement":[{"@type":"ListItem","position":1,"name":"Home","item":"https:\/\/belvederepalace.wientickets.org\/es\/"},{"@type":"ListItem","position":2,"name":"Belvedere Schlossgarten (jardines)"}]},{"@type":"WebSite","@id":"https:\/\/belvederepalace.wientickets.org\/es\/#website","url":"https:\/\/belvederepalace.wientickets.org\/es\/","name":"Belvedere Palace Tickets","description":"","publisher":{"@id":"https:\/\/belvederepalace.wientickets.org\/es\/#organization"},"potentialAction":[{"@type":"SearchAction","target":{"@type":"EntryPoint","urlTemplate":"https:\/\/belvederepalace.wientickets.org\/es\/?s={search_term_string}"},"query-input":{"@type":"PropertyValueSpecification","valueRequired":true,"valueName":"search_term_string"}}],"inLanguage":"es"},{"@type":"Organization","@id":"https:\/\/belvederepalace.wientickets.org\/es\/#organization","name":"Entradas para el Palacio Belvedere","url":"https:\/\/belvederepalace.wientickets.org\/es\/","logo":{"@type":"ImageObject","inLanguage":"es","@id":"https:\/\/belvederepalace.wientickets.org\/es\/#\/schema\/logo\/image\/","url":"https:\/\/belvederepalace.wientickets.org\/wp-content\/uploads\/2024\/08\/belvedere-palace-tickets-logo.png","contentUrl":"https:\/\/belvederepalace.wientickets.org\/wp-content\/uploads\/2024\/08\/belvedere-palace-tickets-logo.png","width":375,"height":70,"caption":"Entradas para el Palacio Belvedere"},"image":{"@id":"https:\/\/belvederepalace.wientickets.org\/es\/#\/schema\/logo\/image\/"}}]}},"_links":{"self":[{"href":"https:\/\/belvederepalace.wientickets.org\/es\/wp-json\/wp\/v2\/pages\/1572","targetHints":{"allow":["GET"]}}],"collection":[{"href":"https:\/\/belvederepalace.wientickets.org\/es\/wp-json\/wp\/v2\/pages"}],"about":[{"href":"https:\/\/belvederepalace.wientickets.org\/es\/wp-json\/wp\/v2\/types\/page"}],"author":[{"embeddable":true,"href":"https:\/\/belvederepalace.wientickets.org\/es\/wp-json\/wp\/v2\/users\/2"}],"replies":[{"embeddable":true,"href":"https:\/\/belvederepalace.wientickets.org\/es\/wp-json\/wp\/v2\/comments?post=1572"}],"version-history":[{"count":26,"href":"https:\/\/belvederepalace.wientickets.org\/es\/wp-json\/wp\/v2\/pages\/1572\/revisions"}],"predecessor-version":[{"id":3189,"href":"https:\/\/belvederepalace.wientickets.org\/es\/wp-json\/wp\/v2\/pages\/1572\/revisions\/3189"}],"wp:attachment":[{"href":"https:\/\/belvederepalace.wientickets.org\/es\/wp-json\/wp\/v2\/media?parent=1572"}],"curies":[{"name":"wp","href":"https:\/\/api.w.org\/{rel}","templated":true}]}}