{"id":1642,"date":"2024-08-19T07:42:47","date_gmt":"2024-08-19T07:42:47","guid":{"rendered":"https:\/\/belvederepalace.wientickets.org\/?page_id=1642"},"modified":"2026-01-22T14:50:08","modified_gmt":"2026-01-22T14:50:08","slug":"horarios","status":"publish","type":"page","link":"https:\/\/belvederepalace.wientickets.org\/es\/horarios\/","title":{"rendered":"Horarios"},"content":{"rendered":"\t\t<div data-elementor-type=\"wp-page\" data-elementor-id=\"1642\" class=\"elementor elementor-1642 elementor-59\">\n\t\t\t\t\t\t<section class=\"elementor-section elementor-top-section elementor-element elementor-element-14d7692e elementor-section-height-min-height elementor-section-boxed elementor-section-height-default elementor-section-items-middle\" data-id=\"14d7692e\" data-element_type=\"section\" data-settings=\"{&quot;background_background&quot;:&quot;classic&quot;}\">\n\t\t\t\t\t\t\t<div class=\"elementor-background-overlay\"><\/div>\n\t\t\t\t\t\t\t<div class=\"elementor-container elementor-column-gap-default\">\n\t\t\t\t\t<div class=\"elementor-column elementor-col-50 elementor-top-column elementor-element elementor-element-43785fb2\" data-id=\"43785fb2\" data-element_type=\"column\">\n\t\t\t<div class=\"elementor-widget-wrap elementor-element-populated\">\n\t\t\t\t\t\t<div class=\"elementor-element elementor-element-100a95b elementor-widget elementor-widget-heading\" data-id=\"100a95b\" data-element_type=\"widget\" data-widget_type=\"heading.default\">\n\t\t\t\t<div class=\"elementor-widget-container\">\n\t\t\t\t\t<h1 class=\"elementor-heading-title elementor-size-default\">Horarios del Belvedere<\/h1>\t\t\t\t<\/div>\n\t\t\t\t<\/div>\n\t\t\t\t<div class=\"elementor-element elementor-element-607d5524 elementor-widget elementor-widget-text-editor\" data-id=\"607d5524\" data-element_type=\"widget\" data-widget_type=\"text-editor.default\">\n\t\t\t\t<div class=\"elementor-widget-container\">\n\t\t\t\t\t\t\t\t\t<p>Consulta el horario actual del Palacio Belvedere de Viena. Planifica tu visita para explorar sus jardines, colecciones de arte y arquitectura hist\u00f3rica en el mejor momento.<\/p>\t\t\t\t\t\t\t\t<\/div>\n\t\t\t\t<\/div>\n\t\t\t\t\t<\/div>\n\t\t<\/div>\n\t\t\t\t<div class=\"elementor-column elementor-col-50 elementor-top-column elementor-element elementor-element-414ced16\" data-id=\"414ced16\" data-element_type=\"column\">\n\t\t\t<div class=\"elementor-widget-wrap\">\n\t\t\t\t\t\t\t<\/div>\n\t\t<\/div>\n\t\t\t\t\t<\/div>\n\t\t<\/section>\n\t\t\t\t<section class=\"elementor-section elementor-top-section elementor-element elementor-element-790dffa0 elementor-section-height-min-height elementor-section-boxed elementor-section-height-default elementor-section-items-middle\" data-id=\"790dffa0\" data-element_type=\"section\" data-settings=\"{&quot;background_background&quot;:&quot;classic&quot;}\">\n\t\t\t\t\t\t<div class=\"elementor-container elementor-column-gap-default\">\n\t\t\t\t\t<div class=\"elementor-column elementor-col-100 elementor-top-column elementor-element elementor-element-67dc67a6\" data-id=\"67dc67a6\" data-element_type=\"column\">\n\t\t\t<div class=\"elementor-widget-wrap\">\n\t\t\t\t\t\t\t<\/div>\n\t\t<\/div>\n\t\t\t\t\t<\/div>\n\t\t<\/section>\n\t\t\t\t<section class=\"elementor-section elementor-top-section elementor-element elementor-element-7357a401 elementor-section-boxed elementor-section-height-default elementor-section-height-default\" data-id=\"7357a401\" data-element_type=\"section\">\n\t\t\t\t\t\t<div class=\"elementor-container elementor-column-gap-default\">\n\t\t\t\t\t<div class=\"elementor-column elementor-col-50 elementor-top-column elementor-element elementor-element-154c41c1 elementor-hidden-mobile\" data-id=\"154c41c1\" data-element_type=\"column\">\n\t\t\t<div class=\"elementor-widget-wrap elementor-element-populated\">\n\t\t\t\t\t\t<div class=\"elementor-element elementor-element-71aaeac elementor-widget elementor-widget-heading\" data-id=\"71aaeac\" data-element_type=\"widget\" data-widget_type=\"heading.default\">\n\t\t\t\t<div class=\"elementor-widget-container\">\n\t\t\t\t\t<p class=\"elementor-heading-title elementor-size-default\">Horario de apertura<\/p>\t\t\t\t<\/div>\n\t\t\t\t<\/div>\n\t\t\t\t<div class=\"elementor-element elementor-element-d77496a elementor-widget elementor-widget-heading\" data-id=\"d77496a\" data-element_type=\"widget\" data-widget_type=\"heading.default\">\n\t\t\t\t<div class=\"elementor-widget-container\">\n\t\t\t\t\t<p class=\"elementor-heading-title elementor-size-default\"><a href=\"https:\/\/belvederepalace.wientickets.org\/es\/ubicacion-del-palacio-belvedere\/\">C\u00f3mo llegar<\/a><\/p>\t\t\t\t<\/div>\n\t\t\t\t<\/div>\n\t\t\t\t<div class=\"elementor-element elementor-element-bdcc560 elementor-widget elementor-widget-heading\" data-id=\"bdcc560\" data-element_type=\"widget\" data-widget_type=\"heading.default\">\n\t\t\t\t<div class=\"elementor-widget-container\">\n\t\t\t\t\t<p class=\"elementor-heading-title elementor-size-default\"><a href=\"https:\/\/belvederepalace.wientickets.org\/es\/mapa-del-palacio-belvedere\/\">Mapa y entrada<\/a><\/p>\t\t\t\t<\/div>\n\t\t\t\t<\/div>\n\t\t\t\t<div class=\"elementor-element elementor-element-d0e118c elementor-widget elementor-widget-heading\" data-id=\"d0e118c\" data-element_type=\"widget\" data-widget_type=\"heading.default\">\n\t\t\t\t<div class=\"elementor-widget-container\">\n\t\t\t\t\t<p class=\"elementor-heading-title elementor-size-default\"><a href=\"https:\/\/belvederepalace.wientickets.org\/es\/preguntas-frecuentes-sobre-entradas-y-visitas-al-palacio-belvedere\/\">Preguntas frecuentes sobre el Belvedere<\/a><\/p>\t\t\t\t<\/div>\n\t\t\t\t<\/div>\n\t\t\t\t<div class=\"elementor-element elementor-element-396c46c elementor-widget elementor-widget-heading\" data-id=\"396c46c\" data-element_type=\"widget\" data-widget_type=\"heading.default\">\n\t\t\t\t<div class=\"elementor-widget-container\">\n\t\t\t\t\t<p class=\"elementor-heading-title elementor-size-default\"><a href=\"https:\/\/belvederepalace.wientickets.org\/es\/belvedere-superior-o-inferior\/\">Belvedere Superior o Inferior<\/a><\/p>\t\t\t\t<\/div>\n\t\t\t\t<\/div>\n\t\t\t\t<div class=\"elementor-element elementor-element-4826af2 elementor-widget elementor-widget-heading\" data-id=\"4826af2\" data-element_type=\"widget\" data-widget_type=\"heading.default\">\n\t\t\t\t<div class=\"elementor-widget-container\">\n\t\t\t\t\t<p class=\"elementor-heading-title elementor-size-default\"><a href=\"https:\/\/belvederepalace.wientickets.org\/es\/palacio-del-bajo-belvedere\/\">Belvedere Inferior<\/a><\/p>\t\t\t\t<\/div>\n\t\t\t\t<\/div>\n\t\t\t\t\t<\/div>\n\t\t<\/div>\n\t\t\t\t<div class=\"elementor-column elementor-col-50 elementor-top-column elementor-element elementor-element-34c286b9\" data-id=\"34c286b9\" data-element_type=\"column\">\n\t\t\t<div class=\"elementor-widget-wrap elementor-element-populated\">\n\t\t\t\t\t\t<div class=\"elementor-element elementor-element-5720d3dd elementor-widget__width-initial elementor-widget elementor-widget-text-editor\" data-id=\"5720d3dd\" data-element_type=\"widget\" data-widget_type=\"text-editor.default\">\n\t\t\t\t<div class=\"elementor-widget-container\">\n\t\t\t\t\t\t\t\t\t<p>El Belvedere Superior, el Belvedere Inferior y el Belvedere 21 tienen el siguiente horario de apertura:<\/p>\t\t\t\t\t\t\t\t<\/div>\n\t\t\t\t<\/div>\n\t\t\t\t<div class=\"elementor-element elementor-element-540f4ba elementor-widget elementor-widget-html\" data-id=\"540f4ba\" data-element_type=\"widget\" data-widget_type=\"html.default\">\n\t\t\t\t<div class=\"elementor-widget-container\">\n\t\t\t\t\t<style>\r\n  \/* General table styles *\/\r\n  table {\r\n    width: 100%;\r\n    border-collapse: collapse;\r\n    font-size: 1em;\r\n    font-family: sans-serif;\r\n    box-shadow: 0 0 20px rgba(0, 0, 0, 0.15);\r\n  }\r\n\r\n  \/* --- CHANGE HERE --- *\/\r\n  \/* Header color is now #7E0009 *\/\r\n  table thead tr {\r\n    background-color: #7E0009 !important; \/* Updated color for desktop *\/\r\n    color: #ffffff;\r\n    text-align: left;\r\n  }\r\n\r\n  table th,\r\n  table td {\r\n    padding: 12px 15px;\r\n    vertical-align: top; \/* Ensures text aligns to top if multiple lines exist *\/\r\n  }\r\n\r\n  table tbody tr {\r\n    border-bottom: 1px solid #dddddd;\r\n  }\r\n\r\n  table tbody tr:nth-of-type(even) {\r\n    background-color: #f3f3f3;\r\n  }\r\n\r\n  table tbody tr:last-of-type {\r\n    border-bottom: 2px solid #7E0009; \/* Also updated this border to match *\/\r\n  }\r\n\r\n  \/* Small text helper class for notes *\/\r\n  .note {\r\n    display: block;\r\n    font-size: 0.85em;\r\n    color: #666;\r\n    margin-top: 4px;\r\n    font-style: italic;\r\n  }\r\n\r\n  \/* --- MOBILE STYLES --- *\/\r\n  \/* Applied on screens 600px or less *\/\r\n  @media screen and (max-width: 600px) {\r\n    table {\r\n      border: 0;\r\n    }\r\n    \r\n    table thead {\r\n      display: none;\r\n    }\r\n    \r\n    table tr {\r\n      display: block;\r\n      margin-bottom: 20px;\r\n      border-bottom: 3px solid #7E0009; \/* Matching bottom border *\/\r\n    }\r\n    \r\n    table td {\r\n      display: block;\r\n      text-align: right;\r\n      border-bottom: 1px dotted #ccc;\r\n      font-size: 0.9em;\r\n    }\r\n    \r\n    table td:last-child {\r\n      border-bottom: 0;\r\n    }\r\n    \r\n    table td::before {\r\n      content: attr(data-label);\r\n      float: left;\r\n      font-weight: bold;\r\n      text-transform: uppercase;\r\n    }\r\n  }\r\n<\/style>\r\n\r\n<table>\r\n  <thead>\r\n    <tr>\r\n      <th>Edificio<\/th>\r\n      <th>D\u00edas de apertura<\/th>\r\n      <th>Horario habitual<\/th>\r\n      <th>\u00daltimo acceso<\/th>\r\n    <\/tr>\r\n  <\/thead>\r\n  <tbody>\r\n    <tr>\r\n      <td data-label=\"Ubicaci\u00f3n\">Belvedere Superior<\/td>\r\n      <td data-label=\"D\u00edas de apertura\">Lunes \u2013 Domingo<\/td>\r\n      <td data-label=\"Horario habitual\">\r\n        09:00 \u2013 18:00\r\n        <span class=\"note\">(*Hasta las 19:00 en temporada alta)<\/span>\r\n      <\/td>\r\n      <td data-label=\"\u00daltimo acceso\">17:30<\/td>\r\n    <\/tr>\r\n    <tr>\r\n      <td data-label=\"Ubicaci\u00f3n\">Belvedere Inferior<\/td>\r\n      <td data-label=\"D\u00edas de apertura\">Lunes \u2013 Domingo<\/td>\r\n      <td data-label=\"Horario habitual\">10:00 \u2013 18:00<\/td>\r\n      <td data-label=\"\u00daltimo acceso\">17:30<\/td>\r\n    <\/tr>\r\n    <tr>\r\n      <td data-label=\"Ubicaci\u00f3n\">Belvedere 21<\/td>\r\n      <td data-label=\"D\u00edas de apertura\">Martes \u2013 Domingo<\/td>\r\n      <td data-label=\"Horario habitual\">11:00 \u2013 18:00<\/td>\r\n      <td data-label=\"\u00daltimo acceso\">17:30<\/td>\r\n    <\/tr>\r\n    <tr>\r\n      <td data-label=\"Ubicaci\u00f3n\">Belvedere 21<\/td>\r\n      <td data-label=\"D\u00edas de apertura\">Jueves (Horario nocturno)<\/td>\r\n      <td data-label=\"Horario habitual\">11:00 \u2013 21:00<\/td>\r\n      <td data-label=\"\u00daltimo acceso\">20:30<\/td>\r\n    <\/tr>\r\n    <tr>\r\n      <td data-label=\"Ubicaci\u00f3n\">Belvedere 21<\/td>\r\n      <td data-label=\"D\u00edas de apertura\">Lunes<\/td>\r\n      <td data-label=\"Horario habitual\">\r\n        Cerrado*\r\n        <span class=\"note\">(Abierto en d\u00edas festivos)<\/span>\r\n      <\/td>\r\n      <td data-label=\"\u00daltimo acceso\">N\/A<\/td>\r\n    <\/tr>\r\n  <\/tbody>\r\n<\/table>\t\t\t\t<\/div>\n\t\t\t\t<\/div>\n\t\t\t\t<div class=\"elementor-element elementor-element-2f60c6b elementor-widget elementor-widget-text-editor\" data-id=\"2f60c6b\" data-element_type=\"widget\" data-widget_type=\"text-editor.default\">\n\t\t\t\t<div class=\"elementor-widget-container\">\n\t\t\t\t\t\t\t\t\t<p>El Belvedere Superior ampl\u00eda su horario de cierre una hora (cerrando a las 19:00 en lugar de a las 18:00) durante estas temporadas altas tur\u00edsticas:<\/p>\n<ul>\n<li>Navidad y A\u00f1o Nuevo: desde finales de noviembre hasta el 6 de enero (coincidiendo con la temporada de mercados navide\u00f1os y las vacaciones escolares).<\/li>\n<li>Temporada de Semana Santa (primavera): generalmente abarca las semanas alrededor de Semana Santa. Para 2026, esto se aplica aproximadamente desde el 28 de marzo hasta el 12 de abril de 2026.<\/li>\n<li>Temporada de verano: normalmente desde principios de julio hasta finales de agosto.<\/li>\n<\/ul>\t\t\t\t\t\t\t\t<\/div>\n\t\t\t\t<\/div>\n\t\t\t\t<div class=\"elementor-element elementor-element-6939724 elementor-widget elementor-widget-text-editor\" data-id=\"6939724\" data-element_type=\"widget\" data-widget_type=\"text-editor.default\">\n\t\t\t\t<div class=\"elementor-widget-container\">\n\t\t\t\t\t\t\t\t\t<p>Belvedere 21 suele cerrar los lunes. Sin embargo, abre sus puertas los lunes que coinciden con d\u00edas festivos oficiales en Austria.<\/p>\n<p>En 2026, Belvedere 21 estar\u00e1 abierto los siguientes lunes:<\/p>\n<ul>\n<li>6 de abril de 2026 (Lunes de Pascua \/ Ostermontag)<\/li>\n<li>25 de mayo de 2026 (Lunes de Pentecost\u00e9s \/ Pfingstmontag)<\/li>\n<li>26 de octubre de 2026 (Fiesta Nacional de Austria \/ Nationalfeiertag)<\/li>\n<\/ul>\t\t\t\t\t\t\t\t<\/div>\n\t\t\t\t<\/div>\n\t\t\t\t<div class=\"elementor-element elementor-element-50af5a02 elementor-widget elementor-widget-heading\" data-id=\"50af5a02\" data-element_type=\"widget\" data-widget_type=\"heading.default\">\n\t\t\t\t<div class=\"elementor-widget-container\">\n\t\t\t\t\t<h2 class=\"elementor-heading-title elementor-size-default\">Pol\u00edtica de cierres<\/h2>\t\t\t\t<\/div>\n\t\t\t\t<\/div>\n\t\t\t\t<div class=\"elementor-element elementor-element-0560da6 elementor-widget elementor-widget-text-editor\" data-id=\"0560da6\" data-element_type=\"widget\" data-widget_type=\"text-editor.default\">\n\t\t\t\t<div class=\"elementor-widget-container\">\n\t\t\t\t\t\t\t\t\t<p>Antes de planificar su visita, hay algo que debe saber y que podr\u00eda salvar tu viaje: el Belvedere aplica una estricta norma de cierre 30 minutos antes de la hora de cierre. No se trata solo de una sugerencia, sino de una pol\u00edtica firme en las tres sedes del museo.<\/p><p>Lo que esto significa para ti es muy sencillo: si el Belvedere Superior cierra a las 18:00, no podr\u00e1 pasar de la recepci\u00f3n a las 17:31. Las puertas cierran efectivamente a las 17:30 en punto. El personal del museo comienza a despejar las salas de exposici\u00f3n justo a la hora oficial de cierre, por lo que llegar en esos \u00faltimos minutos no te dar\u00e1 tiempo suficiente para explorar.<\/p><p>La misma norma se aplica al Belvedere 21 los jueves por la noche. Aunque permanece abierto hasta las 21:00, la \u00faltima oportunidad para entrar es a las 20:30. No dejes que un malentendido sobre esta pol\u00edtica convierta tu visita en un viaje en vano por Viena.<\/p>\t\t\t\t\t\t\t\t<\/div>\n\t\t\t\t<\/div>\n\t\t\t\t<div class=\"elementor-element elementor-element-083e19f elementor-widget elementor-widget-heading\" data-id=\"083e19f\" data-element_type=\"widget\" data-widget_type=\"heading.default\">\n\t\t\t\t<div class=\"elementor-widget-container\">\n\t\t\t\t\t<h2 class=\"elementor-heading-title elementor-size-default\">Horarios de apertura de los jardines<\/h2>\t\t\t\t<\/div>\n\t\t\t\t<\/div>\n\t\t\t\t<div class=\"elementor-element elementor-element-0f26b25 elementor-widget elementor-widget-text-editor\" data-id=\"0f26b25\" data-element_type=\"widget\" data-widget_type=\"text-editor.default\">\n\t\t\t\t<div class=\"elementor-widget-container\">\n\t\t\t\t\t\t\t\t\t<p>Los jardines del Belvedere son de acceso totalmente gratuito y tienen un horario completamente diferente al de los museos.<\/p><p>Los jardines barrocos que conectan el Belvedere Superior y el Belvedere Inferior abren muy temprano, realmente temprano. Puedes pasear por ellos desde aproximadamente las 06:30 o las 07:00 de la ma\u00f1ana, mucho antes de que se abran las puertas del museo.<\/p>\t\t\t\t\t\t\t\t<\/div>\n\t\t\t\t<\/div>\n\t\t\t\t<div class=\"elementor-element elementor-element-6ad0801 elementor-widget elementor-widget-html\" data-id=\"6ad0801\" data-element_type=\"widget\" data-widget_type=\"html.default\">\n\t\t\t\t<div class=\"elementor-widget-container\">\n\t\t\t\t\t<style>\n  \/* General table styles *\/\n  table {\n    width: 100%;\n    border-collapse: collapse;\n    margin: 20px 0;\n    font-size: 1em;\n    font-family: sans-serif;\n    box-shadow: 0 0 20px rgba(0, 0, 0, 0.15);\n  }\n\n  \/* --- CHANGE HERE --- *\/\n  \/* Header color is now #7E0009 *\/\n  table thead tr {\n    background-color: #7E0009 !important; \/* Updated color for desktop *\/\n    color: #ffffff;\n    text-align: left;\n  }\n\n  table th,\n  table td {\n    padding: 12px 15px;\n  }\n\n  table tbody tr {\n    border-bottom: 1px solid #dddddd;\n  }\n\n  table tbody tr:nth-of-type(even) {\n    background-color: #f3f3f3;\n  }\n\n  table tbody tr:last-of-type {\n    border-bottom: 2px solid #7E0009; \/* Also updated this border to match *\/\n  }\n\n  \/* --- MOBILE STYLES --- *\/\n  \/* Applied on screens 600px or less *\/\n  @media screen and (max-width: 600px) {\n    table {\n      border: 0;\n    }\n    \n    table thead {\n      display: none;\n    }\n    \n    table tr {\n      display: block;\n      margin-bottom: 20px;\n      border-bottom: 3px solid #7E0009; \/* Matching bottom border *\/\n    }\n    \n    table td {\n      display: block;\n      text-align: right;\n      border-bottom: 1px dotted #ccc;\n      font-size: 0.9em;\n    }\n    \n    table td:last-child {\n      border-bottom: 0;\n    }\n    \n    table td::before {\n      content: attr(data-label);\n      float: left;\n      font-weight: bold;\n      text-transform: uppercase;\n    }\n  }\n<\/style>\n\n<table>\n  <thead>\n    <tr>\n      <th>Mes(es)<\/th>\n      <th>Horario de apertura<\/th>\n    <\/tr>\n  <\/thead>\n  <tbody>\n    <tr>\n      <td data-label=\"Mes(es)\">Marzo<\/td>\n      <td data-label=\"Horario de apertura\">07:00 \u2013 19:00<\/td>\n    <\/tr>\n    <tr>\n      <td data-label=\"Mes(es)\">Abril<\/td>\n      <td data-label=\"Horario de apertura\">06:30 \u2013 20:00<\/td>\n    <\/tr>\n    <tr>\n      <td data-label=\"Mes(es)\">Mayo a julio<\/td>\n      <td data-label=\"Horario de apertura\">06:30 \u2013 21:00<\/td>\n    <\/tr>\n    <tr>\n      <td data-label=\"Mes(es)\">Agosto a septiembre<\/td>\n      <td data-label=\"Horario de apertura\">06:30 \u2013 20:00<\/td>\n    <\/tr>\n    <tr>\n      <td data-label=\"Mes(es)\">Octubre<\/td>\n      <td data-label=\"Horario de apertura\">06:30 \u2013 19:00<\/td>\n    <\/tr>\n    <tr>\n      <td data-label=\"Mes(es)\">Noviembre a febrero<\/td>\n      <td data-label=\"Horario de apertura\">07:00 \u2013 17:30<\/td>\n    <\/tr>\n  <\/tbody>\n<\/table>\t\t\t\t<\/div>\n\t\t\t\t<\/div>\n\t\t\t\t<div class=\"elementor-element elementor-element-42b2746 elementor-widget elementor-widget-heading\" data-id=\"42b2746\" data-element_type=\"widget\" data-widget_type=\"heading.default\">\n\t\t\t\t<div class=\"elementor-widget-container\">\n\t\t\t\t\t<h2 class=\"elementor-heading-title elementor-size-default\">Mejor momento para visitar el museo del Belvedere<\/h2>\t\t\t\t<\/div>\n\t\t\t\t<\/div>\n\t\t\t\t<div class=\"elementor-element elementor-element-3f00a7dc elementor-widget elementor-widget-image\" data-id=\"3f00a7dc\" data-element_type=\"widget\" data-widget_type=\"image.default\">\n\t\t\t\t<div class=\"elementor-widget-container\">\n\t\t\t\t\t\t\t\t\t\t\t\t\t\t\t<img fetchpriority=\"high\" decoding=\"async\" width=\"800\" height=\"472\" src=\"https:\/\/belvederepalace.wientickets.org\/wp-content\/uploads\/2024\/08\/belvedere-palace-opening-hours.webp\" class=\"attachment-large size-large wp-image-1637\" alt=\"\" srcset=\"https:\/\/belvederepalace.wientickets.org\/wp-content\/uploads\/2024\/08\/belvedere-palace-opening-hours.webp 900w, https:\/\/belvederepalace.wientickets.org\/wp-content\/uploads\/2024\/08\/belvedere-palace-opening-hours-300x177.webp 300w, https:\/\/belvederepalace.wientickets.org\/wp-content\/uploads\/2024\/08\/belvedere-palace-opening-hours-768x453.webp 768w\" sizes=\"(max-width: 800px) 100vw, 800px\" \/>\t\t\t\t\t\t\t\t\t\t\t\t\t\t\t<\/div>\n\t\t\t\t<\/div>\n\t\t\t\t<div class=\"elementor-element elementor-element-e0d78ea elementor-widget elementor-widget-text-editor\" data-id=\"e0d78ea\" data-element_type=\"widget\" data-widget_type=\"text-editor.default\">\n\t\t\t\t<div class=\"elementor-widget-container\">\n\t\t\t\t\t\t\t\t\t<p>Elegir el momento adecuado para tu visita puede marcar la diferencia entre disfrutar tranquilamente de una experiencia art\u00edstica y tener que abrirte paso entre la multitud para ver las obras maestras de Klimt. Te voy a explicar qu\u00e9 es lo que realmente funciona.<\/p><p>Las primeras horas de la ma\u00f1ana entre semana son tu mejor oportunidad. El Belvedere Superior abre a las 09:00 y la primera hora (de 09:00 a 10:00) suele ser relativamente tranquila. La mayor\u00eda de los grupos tur\u00edsticos no llegan hasta media ma\u00f1ana, y los viajeros independientes suelen dormir hasta tarde despu\u00e9s de las cenas vienesas. Tendr\u00e1s muchas m\u00e1s posibilidades de ver \u00abEl beso\u00bb sin una multitud delante de ti.<\/p><p>Si te interesa espec\u00edficamente el arte contempor\u00e1neo del Belvedere 21, los jueves por la noche est\u00e1n muy infrautilizados. Las horas de la tarde (de 18:00 a 21:00) atraen a un p\u00fablico completamente diferente y m\u00e1s reducido. Muchos turistas ni siquiera saben que existe esta opci\u00f3n, por lo que a menudo te encontrar\u00e1s con mucho espacio para respirar.<\/p><p>En cuanto a las estaciones, las temporadas intermedias (abril-mayo y septiembre-octubre) son las m\u00e1s adecuadas. Evitar\u00e1s las aglomeraciones de los grupos tur\u00edsticos en verano y seguir\u00e1s disfrutando de un clima agradable para visitar los jardines. El invierno tiene su propio encanto, con menos visitantes, aunque sacrificar\u00e1s tiempo en los jardines debido a que cierran temprano.<\/p><p>Aqu\u00ed hay algo que la mayor\u00eda de las gu\u00edas tur\u00edsticas no te dir\u00e1n: evita las ma\u00f1anas de martes a jueves si es posible. Son los d\u00edas preferidos por los grupos tur\u00edsticos organizados, especialmente en el Belvedere Superior. Los fines de semana pueden estar concurridos, pero suelen tener un p\u00fablico m\u00e1s relajado y variado, compuesto por lugare\u00f1os y turistas, en lugar de las oleadas de grupos tur\u00edsticos organizados.<\/p>\t\t\t\t\t\t\t\t<\/div>\n\t\t\t\t<\/div>\n\t\t\t\t\t<\/div>\n\t\t<\/div>\n\t\t\t\t\t<\/div>\n\t\t<\/section>\n\t\t\t\t<section class=\"elementor-section elementor-top-section elementor-element elementor-element-fa6b808 elementor-section-boxed elementor-section-height-default elementor-section-height-default\" data-id=\"fa6b808\" data-element_type=\"section\">\n\t\t\t\t\t\t<div class=\"elementor-container elementor-column-gap-default\">\n\t\t\t\t\t<div class=\"elementor-column elementor-col-100 elementor-top-column elementor-element elementor-element-c6ed0b0\" data-id=\"c6ed0b0\" data-element_type=\"column\">\n\t\t\t<div class=\"elementor-widget-wrap elementor-element-populated\">\n\t\t\t\t\t\t<div class=\"elementor-element elementor-element-1b9e4c4 elementor-widget elementor-widget-heading\" data-id=\"1b9e4c4\" data-element_type=\"widget\" data-widget_type=\"heading.default\">\n\t\t\t\t<div class=\"elementor-widget-container\">\n\t\t\t\t\t<h2 class=\"elementor-heading-title elementor-size-default\">\u00bfQu\u00e9 m\u00e1s debes saber sobre el Belvedere?<\/h2>\t\t\t\t<\/div>\n\t\t\t\t<\/div>\n\t\t\t\t\t<\/div>\n\t\t<\/div>\n\t\t\t\t\t<\/div>\n\t\t<\/section>\n\t\t<div class=\"elementor-element elementor-element-1392080 e-flex e-con-boxed e-con e-parent\" data-id=\"1392080\" data-element_type=\"container\">\n\t\t\t\t\t<div class=\"e-con-inner\">\n\t\t\t\t<div class=\"elementor-element elementor-element-629d20f elementor-widget elementor-widget-toggle\" data-id=\"629d20f\" data-element_type=\"widget\" data-widget_type=\"toggle.default\">\n\t\t\t\t<div class=\"elementor-widget-container\">\n\t\t\t\t\t\t\t<div class=\"elementor-toggle\">\n\t\t\t\t\t\t\t<div class=\"elementor-toggle-item\">\n\t\t\t\t\t<h3 id=\"elementor-tab-title-1031\" class=\"elementor-tab-title\" data-tab=\"1\" role=\"button\" aria-controls=\"elementor-tab-content-1031\" aria-expanded=\"false\">\n\t\t\t\t\t\t\t\t\t\t\t\t<span class=\"elementor-toggle-icon elementor-toggle-icon-left\" aria-hidden=\"true\">\n\t\t\t\t\t\t\t\t\t\t\t\t\t\t\t<span class=\"elementor-toggle-icon-closed\"><svg class=\"e-font-icon-svg e-fas-caret-right\" viewBox=\"0 0 192 512\" xmlns=\"http:\/\/www.w3.org\/2000\/svg\"><path d=\"M0 384.662V127.338c0-17.818 21.543-26.741 34.142-14.142l128.662 128.662c7.81 7.81 7.81 20.474 0 28.284L34.142 398.804C21.543 411.404 0 402.48 0 384.662z\"><\/path><\/svg><\/span>\n\t\t\t\t\t\t\t\t<span class=\"elementor-toggle-icon-opened\"><svg class=\"elementor-toggle-icon-opened e-font-icon-svg e-fas-caret-up\" viewBox=\"0 0 320 512\" xmlns=\"http:\/\/www.w3.org\/2000\/svg\"><path d=\"M288.662 352H31.338c-17.818 0-26.741-21.543-14.142-34.142l128.662-128.662c7.81-7.81 20.474-7.81 28.284 0l128.662 128.662c12.6 12.599 3.676 34.142-14.142 34.142z\"><\/path><\/svg><\/span>\n\t\t\t\t\t\t\t\t\t\t\t\t\t<\/span>\n\t\t\t\t\t\t\t\t\t\t\t\t<a class=\"elementor-toggle-title\" tabindex=\"0\">\u00bfHay un c\u00f3digo de vestimenta para entrar?<\/a>\n\t\t\t\t\t<\/h3>\n\n\t\t\t\t\t<div id=\"elementor-tab-content-1031\" class=\"elementor-tab-content elementor-clearfix\" data-tab=\"1\" role=\"region\" aria-labelledby=\"elementor-tab-title-1031\"><p>En el Belvedere no hay un c\u00f3digo de vestimenta formal. No hay porteros que comprueben si tu atuendo cumple con alg\u00fan est\u00e1ndar arbitrario. Las normas oficiales del museo enumeran docenas de prohibiciones (no tocar las obras de arte, no fumar, no hablar por tel\u00e9fono en voz alta en las galer\u00edas), pero \u00bfc\u00f3digo de vestimenta? No se menciona en ninguna parte.<\/p><p>Pero lo que realmente importa, y que pilla desprevenidos a casi todos, es la norma obligatoria del guardarropa. Este es el verdadero \u00abc\u00f3digo de vestimenta\u00bb del que debes preocuparte, y si lo ignoras te costar\u00e1 tiempo.<\/p><p>Es absolutamente obligatorio depositar los siguientes art\u00edculos en el guardarropa gratuito antes de entrar en las salas de exposici\u00f3n:<\/p><ul><li>Todos los abrigos y chaquetas.<\/li><li>Paraguas.<\/li><li>Mochilas de cualquier tama\u00f1o.<\/li><li>Bolsas de viaje y bolsos grandes.<\/li><\/ul><p><br \/>No es una sugerencia. Los guardias de seguridad no te dejar\u00e1n pasar por el control de seguridad con estos art\u00edculos. El museo ofrece taquillas gratuitas para guardar tus cosas (aunque es posible que necesites una moneda de 2 euros como dep\u00f3sito para la llave, que te devolver\u00e1n). Una limitaci\u00f3n importante es que no aceptan maletas, as\u00ed que si viajas con equipaje, utiliza las taquillas de la estaci\u00f3n central de tren antes de dirigirte al museo.<\/p><\/div>\n\t\t\t\t<\/div>\n\t\t\t\t\t\t\t<div class=\"elementor-toggle-item\">\n\t\t\t\t\t<h3 id=\"elementor-tab-title-1032\" class=\"elementor-tab-title\" data-tab=\"2\" role=\"button\" aria-controls=\"elementor-tab-content-1032\" aria-expanded=\"false\">\n\t\t\t\t\t\t\t\t\t\t\t\t<span class=\"elementor-toggle-icon elementor-toggle-icon-left\" aria-hidden=\"true\">\n\t\t\t\t\t\t\t\t\t\t\t\t\t\t\t<span class=\"elementor-toggle-icon-closed\"><svg class=\"e-font-icon-svg e-fas-caret-right\" viewBox=\"0 0 192 512\" xmlns=\"http:\/\/www.w3.org\/2000\/svg\"><path d=\"M0 384.662V127.338c0-17.818 21.543-26.741 34.142-14.142l128.662 128.662c7.81 7.81 7.81 20.474 0 28.284L34.142 398.804C21.543 411.404 0 402.48 0 384.662z\"><\/path><\/svg><\/span>\n\t\t\t\t\t\t\t\t<span class=\"elementor-toggle-icon-opened\"><svg class=\"elementor-toggle-icon-opened e-font-icon-svg e-fas-caret-up\" viewBox=\"0 0 320 512\" xmlns=\"http:\/\/www.w3.org\/2000\/svg\"><path d=\"M288.662 352H31.338c-17.818 0-26.741-21.543-14.142-34.142l128.662-128.662c7.81-7.81 20.474-7.81 28.284 0l128.662 128.662c12.6 12.599 3.676 34.142-14.142 34.142z\"><\/path><\/svg><\/span>\n\t\t\t\t\t\t\t\t\t\t\t\t\t<\/span>\n\t\t\t\t\t\t\t\t\t\t\t\t<a class=\"elementor-toggle-title\" tabindex=\"0\">\u00bfCu\u00e1ndo hay m\u00e1s cola para entrar?<\/a>\n\t\t\t\t\t<\/h3>\n\n\t\t\t\t\t<div id=\"elementor-tab-content-1032\" class=\"elementor-tab-content elementor-clearfix\" data-tab=\"2\" role=\"region\" aria-labelledby=\"elementor-tab-title-1032\"><p>Los meses de verano son los m\u00e1s concurridos, pero ese intervalo de tres horas al mediod\u00eda (de 11:00 a 14:00) est\u00e1 abarrotado durante todo el a\u00f1o. Durante la temporada alta, la cola en la taquilla puede superar los 30 o 60 minutos. No nos referimos a la cola de entrada, sino a la cola para comprar las entradas.<\/p><p>Debes saber que si te presentas sin una entrada comprada previamente e intentas comprar una en la taquilla durante las horas punta, no solo tendr\u00e1s que esperar mucho tiempo para comprarla, sino que probablemente solo conseguir\u00e1s una franja horaria para las 16:00 o las 17:00 del mismo d\u00eda. As\u00ed que esperas en la cola durante 45 minutos, finalmente compras tu entrada y luego descubres que no puedes entrar al museo hasta \u00faltima hora de la tarde. Tu ma\u00f1ana se ha arruinado.<\/p><p>El Belvedere Superior abre a las 09:00, pero la afluencia de p\u00fablico no alcanza su punto \u00e1lgido hasta las 11:00. Eso crea una ventana de oportunidad de dos horas. La congesti\u00f3n no se limita a la entrada, sino que se concentra en el interior, concretamente en la galer\u00eda Viena 1900, donde se encuentra \u00abEl beso\u00bb.<\/p><\/div>\n\t\t\t\t<\/div>\n\t\t\t\t\t\t\t<div class=\"elementor-toggle-item\">\n\t\t\t\t\t<h3 id=\"elementor-tab-title-1033\" class=\"elementor-tab-title\" data-tab=\"3\" role=\"button\" aria-controls=\"elementor-tab-content-1033\" aria-expanded=\"false\">\n\t\t\t\t\t\t\t\t\t\t\t\t<span class=\"elementor-toggle-icon elementor-toggle-icon-left\" aria-hidden=\"true\">\n\t\t\t\t\t\t\t\t\t\t\t\t\t\t\t<span class=\"elementor-toggle-icon-closed\"><svg class=\"e-font-icon-svg e-fas-caret-right\" viewBox=\"0 0 192 512\" xmlns=\"http:\/\/www.w3.org\/2000\/svg\"><path d=\"M0 384.662V127.338c0-17.818 21.543-26.741 34.142-14.142l128.662 128.662c7.81 7.81 7.81 20.474 0 28.284L34.142 398.804C21.543 411.404 0 402.48 0 384.662z\"><\/path><\/svg><\/span>\n\t\t\t\t\t\t\t\t<span class=\"elementor-toggle-icon-opened\"><svg class=\"elementor-toggle-icon-opened e-font-icon-svg e-fas-caret-up\" viewBox=\"0 0 320 512\" xmlns=\"http:\/\/www.w3.org\/2000\/svg\"><path d=\"M288.662 352H31.338c-17.818 0-26.741-21.543-14.142-34.142l128.662-128.662c7.81-7.81 20.474-7.81 28.284 0l128.662 128.662c12.6 12.599 3.676 34.142-14.142 34.142z\"><\/path><\/svg><\/span>\n\t\t\t\t\t\t\t\t\t\t\t\t\t<\/span>\n\t\t\t\t\t\t\t\t\t\t\t\t<a class=\"elementor-toggle-title\" tabindex=\"0\">\u00bfLa torre est\u00e1 abierta al p\u00fablico?<\/a>\n\t\t\t\t\t<\/h3>\n\n\t\t\t\t\t<div id=\"elementor-tab-content-1033\" class=\"elementor-tab-content elementor-clearfix\" data-tab=\"3\" role=\"region\" aria-labelledby=\"elementor-tab-title-1033\"><p>No, y esto merece una aclaraci\u00f3n porque es una pregunta sorprendentemente com\u00fan. El Palacio Belvedere de Viena no tiene ninguna torre abierta al p\u00fablico. Ni para subir, ni para disfrutar de las vistas, ni para nada.<\/p><p>La confusi\u00f3n proviene del propio nombre \u00abBelvedere\u00bb, que aparece en m\u00faltiples atracciones tur\u00edsticas de toda Europa que no tienen relaci\u00f3n con el palacio de Viena. Hay una torre Belvedere en Bregaglia, Suiza. Otra en Aquisgr\u00e1n, Alemania (la Drehturm Belvedere). Una en Oranjewoud, Pa\u00edses Bajos. El Belvedere Pfingstberg en Potsdam, Alemania. Todos ellos son lugares completamente diferentes que simplemente comparten el nombre.<\/p><\/div>\n\t\t\t\t<\/div>\n\t\t\t\t\t\t\t<div class=\"elementor-toggle-item\">\n\t\t\t\t\t<h3 id=\"elementor-tab-title-1034\" class=\"elementor-tab-title\" data-tab=\"4\" role=\"button\" aria-controls=\"elementor-tab-content-1034\" aria-expanded=\"false\">\n\t\t\t\t\t\t\t\t\t\t\t\t<span class=\"elementor-toggle-icon elementor-toggle-icon-left\" aria-hidden=\"true\">\n\t\t\t\t\t\t\t\t\t\t\t\t\t\t\t<span class=\"elementor-toggle-icon-closed\"><svg class=\"e-font-icon-svg e-fas-caret-right\" viewBox=\"0 0 192 512\" xmlns=\"http:\/\/www.w3.org\/2000\/svg\"><path d=\"M0 384.662V127.338c0-17.818 21.543-26.741 34.142-14.142l128.662 128.662c7.81 7.81 7.81 20.474 0 28.284L34.142 398.804C21.543 411.404 0 402.48 0 384.662z\"><\/path><\/svg><\/span>\n\t\t\t\t\t\t\t\t<span class=\"elementor-toggle-icon-opened\"><svg class=\"elementor-toggle-icon-opened e-font-icon-svg e-fas-caret-up\" viewBox=\"0 0 320 512\" xmlns=\"http:\/\/www.w3.org\/2000\/svg\"><path d=\"M288.662 352H31.338c-17.818 0-26.741-21.543-14.142-34.142l128.662-128.662c7.81-7.81 20.474-7.81 28.284 0l128.662 128.662c12.6 12.599 3.676 34.142-14.142 34.142z\"><\/path><\/svg><\/span>\n\t\t\t\t\t\t\t\t\t\t\t\t\t<\/span>\n\t\t\t\t\t\t\t\t\t\t\t\t<a class=\"elementor-toggle-title\" tabindex=\"0\">\u00bfNecesito una entrada para acceder a los jardines del Belvedere?<\/a>\n\t\t\t\t\t<\/h3>\n\n\t\t\t\t\t<div id=\"elementor-tab-content-1034\" class=\"elementor-tab-content elementor-clearfix\" data-tab=\"4\" role=\"region\" aria-labelledby=\"elementor-tab-title-1034\"><p>La entrada a los jardines principales del palacio es totalmente gratuita; no se necesita entrada.<\/p><p>Este jard\u00edn principal (llamado Schlossgarten) se extiende a lo largo de tres grandes terrazas entre el Belvedere Superior y el Inferior, con parterres sim\u00e9tricos, estanques, setos cuidadosamente recortados y los famosos estanques reflectantes que crean una imagen especular de la fachada del palacio. Los jardines abren mucho antes que los museos (a partir de las 06:30 en verano) y cierran al atardecer, que var\u00eda seg\u00fan la temporada, desde las 17:30 en invierno hasta las 21:00 en pleno verano.<\/p><p>Pero hay una excepci\u00f3n, el Kammergarten (jard\u00edn privado). Este jard\u00edn m\u00e1s peque\u00f1o y apartado, adyacente al Belvedere Inferior, era hist\u00f3ricamente \u00abpara uso exclusivo del pr\u00edncipe\u00bb. El acceso a este jard\u00edn en particular no es gratuito, sino que est\u00e1 incluido en la entrada de pago al Belvedere Inferior.<\/p><\/div>\n\t\t\t\t<\/div>\n\t\t\t\t\t\t\t\t<\/div>\n\t\t\t\t\t\t<\/div>\n\t\t\t\t<\/div>\n\t\t\t\t\t<\/div>\n\t\t\t\t<\/div>\n\t\t\t\t<section class=\"elementor-section elementor-top-section elementor-element elementor-element-4a555f39 elementor-section-boxed elementor-section-height-default elementor-section-height-default\" data-id=\"4a555f39\" data-element_type=\"section\">\n\t\t\t\t\t\t<div class=\"elementor-container elementor-column-gap-default\">\n\t\t\t\t\t<div class=\"elementor-column elementor-col-100 elementor-top-column elementor-element elementor-element-12b0da88\" data-id=\"12b0da88\" data-element_type=\"column\">\n\t\t\t<div class=\"elementor-widget-wrap elementor-element-populated\">\n\t\t\t\t\t\t<div class=\"elementor-element elementor-element-171654e2 elementor-widget elementor-widget-heading\" data-id=\"171654e2\" data-element_type=\"widget\" data-widget_type=\"heading.default\">\n\t\t\t\t<div class=\"elementor-widget-container\">\n\t\t\t\t\t<h3 class=\"elementor-heading-title elementor-size-default\">M\u00e1s informaci\u00f3n sobre el Palacio de Belvedere<\/h3>\t\t\t\t<\/div>\n\t\t\t\t<\/div>\n\t\t\t\t\t<\/div>\n\t\t<\/div>\n\t\t\t\t\t<\/div>\n\t\t<\/section>\n\t\t\t\t<section class=\"elementor-section elementor-top-section elementor-element elementor-element-9d08fa0 elementor-section-boxed elementor-section-height-default elementor-section-height-default\" data-id=\"9d08fa0\" data-element_type=\"section\">\n\t\t\t\t\t\t<div class=\"elementor-container elementor-column-gap-custom\">\n\t\t\t\t\t<div class=\"elementor-column elementor-col-33 elementor-top-column elementor-element elementor-element-66d6f38\" data-id=\"66d6f38\" data-element_type=\"column\">\n\t\t\t<div class=\"elementor-widget-wrap elementor-element-populated\">\n\t\t\t\t\t\t<div class=\"elementor-element elementor-element-222999b elementor-widget elementor-widget-image\" data-id=\"222999b\" data-element_type=\"widget\" data-widget_type=\"image.default\">\n\t\t\t\t<div class=\"elementor-widget-container\">\n\t\t\t\t\t\t\t\t\t\t\t\t\t\t\t\t<a href=\"https:\/\/belvederepalace.wientickets.org\/es\/entradas-para-el-palacio-belvedere\/\">\n\t\t\t\t\t\t\t<img decoding=\"async\" width=\"600\" height=\"400\" src=\"https:\/\/belvederepalace.wientickets.org\/wp-content\/uploads\/2026\/01\/upper-belvedere-palace-tickets.webp\" class=\"attachment-large size-large wp-image-1646\" alt=\"\" srcset=\"https:\/\/belvederepalace.wientickets.org\/wp-content\/uploads\/2026\/01\/upper-belvedere-palace-tickets.webp 600w, https:\/\/belvederepalace.wientickets.org\/wp-content\/uploads\/2026\/01\/upper-belvedere-palace-tickets-300x200.webp 300w\" sizes=\"(max-width: 600px) 100vw, 600px\" \/>\t\t\t\t\t\t\t\t<\/a>\n\t\t\t\t\t\t\t\t\t\t\t\t\t\t\t<\/div>\n\t\t\t\t<\/div>\n\t\t\t\t<div class=\"elementor-element elementor-element-2b5b00d elementor-widget elementor-widget-heading\" data-id=\"2b5b00d\" data-element_type=\"widget\" data-widget_type=\"heading.default\">\n\t\t\t\t<div class=\"elementor-widget-container\">\n\t\t\t\t\t<p class=\"elementor-heading-title elementor-size-default\">ENTRADAS PARA EL PALACIO BELVEDERE<\/p>\t\t\t\t<\/div>\n\t\t\t\t<\/div>\n\t\t\t\t<div class=\"elementor-element elementor-element-a241af5 elementor-widget elementor-widget-heading\" data-id=\"a241af5\" data-element_type=\"widget\" data-widget_type=\"heading.default\">\n\t\t\t\t<div class=\"elementor-widget-container\">\n\t\t\t\t\t<h3 class=\"elementor-heading-title elementor-size-default\"><a href=\"https:\/\/belvederepalace.wientickets.org\/es\/entradas-para-el-palacio-belvedere\/\">Entradas para el Palacio Belvedere Superior<\/a><\/h3>\t\t\t\t<\/div>\n\t\t\t\t<\/div>\n\t\t\t\t<div class=\"elementor-element elementor-element-7eb6efe elementor-widget elementor-widget-text-editor\" data-id=\"7eb6efe\" data-element_type=\"widget\" data-widget_type=\"text-editor.default\">\n\t\t\t\t<div class=\"elementor-widget-container\">\n\t\t\t\t\t\t\t\t\t<p>Las entradas al Palacio Belvedere dan acceso a sus renombradas exposiciones de arte y a sus hermosos jardines. El palacio est\u00e1 dividido en dos partes principales&#8230; <a href=\"https:\/\/belvederepalace.wientickets.org\/es\/entradas-para-el-palacio-belvedere\/\">ver m\u00e1s<\/a> <\/p>\t\t\t\t\t\t\t\t<\/div>\n\t\t\t\t<\/div>\n\t\t\t\t\t<\/div>\n\t\t<\/div>\n\t\t\t\t<div class=\"elementor-column elementor-col-33 elementor-top-column elementor-element elementor-element-c972f22\" data-id=\"c972f22\" data-element_type=\"column\">\n\t\t\t<div class=\"elementor-widget-wrap elementor-element-populated\">\n\t\t\t\t\t\t<div class=\"elementor-element elementor-element-002c056 elementor-widget elementor-widget-image\" data-id=\"002c056\" data-element_type=\"widget\" data-widget_type=\"image.default\">\n\t\t\t\t<div class=\"elementor-widget-container\">\n\t\t\t\t\t\t\t\t\t\t\t\t\t\t\t\t<a href=\"https:\/\/belvederepalace.wientickets.org\/es\/horarios\/\">\n\t\t\t\t\t\t\t<img decoding=\"async\" width=\"600\" height=\"400\" src=\"https:\/\/belvederepalace.wientickets.org\/wp-content\/uploads\/2026\/01\/belvedere-palace-visiting-hours.webp\" class=\"attachment-large size-large wp-image-2172\" alt=\"\" srcset=\"https:\/\/belvederepalace.wientickets.org\/wp-content\/uploads\/2026\/01\/belvedere-palace-visiting-hours.webp 600w, https:\/\/belvederepalace.wientickets.org\/wp-content\/uploads\/2026\/01\/belvedere-palace-visiting-hours-300x200.webp 300w\" sizes=\"(max-width: 600px) 100vw, 600px\" \/>\t\t\t\t\t\t\t\t<\/a>\n\t\t\t\t\t\t\t\t\t\t\t\t\t\t\t<\/div>\n\t\t\t\t<\/div>\n\t\t\t\t<div class=\"elementor-element elementor-element-dfaff62 elementor-widget elementor-widget-heading\" data-id=\"dfaff62\" data-element_type=\"widget\" data-widget_type=\"heading.default\">\n\t\t\t\t<div class=\"elementor-widget-container\">\n\t\t\t\t\t<p class=\"elementor-heading-title elementor-size-default\">INFORMACI\u00d3N PARA EL VIAJERO<\/p>\t\t\t\t<\/div>\n\t\t\t\t<\/div>\n\t\t\t\t<div class=\"elementor-element elementor-element-3b68e9c elementor-widget elementor-widget-heading\" data-id=\"3b68e9c\" data-element_type=\"widget\" data-widget_type=\"heading.default\">\n\t\t\t\t<div class=\"elementor-widget-container\">\n\t\t\t\t\t<h3 class=\"elementor-heading-title elementor-size-default\"><a href=\"https:\/\/belvederepalace.wientickets.org\/es\/horarios\/\">Horario del Palacio de Belvedere<\/a><\/h3>\t\t\t\t<\/div>\n\t\t\t\t<\/div>\n\t\t\t\t<div class=\"elementor-element elementor-element-ca30825 elementor-widget elementor-widget-text-editor\" data-id=\"ca30825\" data-element_type=\"widget\" data-widget_type=\"text-editor.default\">\n\t\t\t\t<div class=\"elementor-widget-container\">\n\t\t\t\t\t\t\t\t\t<p>Los horarios de apertura del Palacio de Belvedere var\u00edan seg\u00fan la temporada y la parte concreta del complejo que desees visitar. Normalmente&#8230;<a href=\"https:\/\/belvederepalace.wientickets.org\/es\/horarios\/\"> ver m\u00e1s<\/a><\/p>\t\t\t\t\t\t\t\t<\/div>\n\t\t\t\t<\/div>\n\t\t\t\t\t<\/div>\n\t\t<\/div>\n\t\t\t\t<div class=\"elementor-column elementor-col-33 elementor-top-column elementor-element elementor-element-52f19b4\" data-id=\"52f19b4\" data-element_type=\"column\">\n\t\t\t<div class=\"elementor-widget-wrap elementor-element-populated\">\n\t\t\t\t\t\t<div class=\"elementor-element elementor-element-820eda3 elementor-widget elementor-widget-image\" data-id=\"820eda3\" data-element_type=\"widget\" data-widget_type=\"image.default\">\n\t\t\t\t<div class=\"elementor-widget-container\">\n\t\t\t\t\t\t\t\t\t\t\t\t\t\t\t\t<a href=\"https:\/\/belvederepalace.wientickets.org\/es\/informacion-del-palacio-belvedere\/\">\n\t\t\t\t\t\t\t<img loading=\"lazy\" decoding=\"async\" width=\"600\" height=\"400\" src=\"https:\/\/belvederepalace.wientickets.org\/wp-content\/uploads\/2026\/01\/highlights-of-belvedere-palace.webp\" class=\"attachment-large size-large wp-image-1648\" alt=\"\" srcset=\"https:\/\/belvederepalace.wientickets.org\/wp-content\/uploads\/2026\/01\/highlights-of-belvedere-palace.webp 600w, https:\/\/belvederepalace.wientickets.org\/wp-content\/uploads\/2026\/01\/highlights-of-belvedere-palace-300x200.webp 300w\" sizes=\"(max-width: 600px) 100vw, 600px\" \/>\t\t\t\t\t\t\t\t<\/a>\n\t\t\t\t\t\t\t\t\t\t\t\t\t\t\t<\/div>\n\t\t\t\t<\/div>\n\t\t\t\t<div class=\"elementor-element elementor-element-d543fe0 elementor-widget elementor-widget-heading\" data-id=\"d543fe0\" data-element_type=\"widget\" data-widget_type=\"heading.default\">\n\t\t\t\t<div class=\"elementor-widget-container\">\n\t\t\t\t\t<p class=\"elementor-heading-title elementor-size-default\">INFORMACI\u00d3N DEL PALACIO BELVEDERE<\/p>\t\t\t\t<\/div>\n\t\t\t\t<\/div>\n\t\t\t\t<div class=\"elementor-element elementor-element-f99a835 elementor-widget elementor-widget-heading\" data-id=\"f99a835\" data-element_type=\"widget\" data-widget_type=\"heading.default\">\n\t\t\t\t<div class=\"elementor-widget-container\">\n\t\t\t\t\t<h3 class=\"elementor-heading-title elementor-size-default\"><a href=\"https:\/\/belvederepalace.wientickets.org\/es\/informacion-del-palacio-belvedere\/\">Informaci\u00f3n del Palacio Belvedere<\/a><\/h3>\t\t\t\t<\/div>\n\t\t\t\t<\/div>\n\t\t\t\t<div class=\"elementor-element elementor-element-f0ade1b elementor-widget elementor-widget-text-editor\" data-id=\"f0ade1b\" data-element_type=\"widget\" data-widget_type=\"text-editor.default\">\n\t\t\t\t<div class=\"elementor-widget-container\">\n\t\t\t\t\t\t\t\t\t<p>El complejo del Palacio Belvedere es algo m\u00e1s que dos palacios; es un tesoro cultural que ofrece una visi\u00f3n completa de la Viena&#8230; <a href=\"https:\/\/belvederepalace.wientickets.org\/es\/informacion-del-palacio-belvedere\/\">ver m\u00e1s<\/a><\/p>\t\t\t\t\t\t\t\t<\/div>\n\t\t\t\t<\/div>\n\t\t\t\t\t<\/div>\n\t\t<\/div>\n\t\t\t\t\t<\/div>\n\t\t<\/section>\n\t\t\t\t<\/div>\n\t\t","protected":false},"excerpt":{"rendered":"<p>Horarios del Belvedere Consulta el horario actual del Palacio Belvedere de Viena. Planifica tu visita para explorar sus jardines, colecciones de arte y arquitectura hist\u00f3rica en el mejor momento. Horario de apertura C\u00f3mo llegar Mapa y entrada Preguntas frecuentes sobre el Belvedere Belvedere Superior o Inferior Belvedere Inferior El Belvedere Superior, el Belvedere Inferior y [&hellip;]<\/p>\n","protected":false},"author":2,"featured_media":0,"parent":0,"menu_order":0,"comment_status":"closed","ping_status":"closed","template":"elementor_header_footer","meta":{"footnotes":""},"class_list":["post-1642","page","type-page","status-publish","hentry"],"yoast_head":"<!-- This site is optimized with the Yoast SEO plugin v26.7 - https:\/\/yoast.com\/wordpress\/plugins\/seo\/ -->\n<title>Horario de apertura del Palacio Belvedere de Viena<\/title>\n<meta name=\"description\" content=\"Consulte el horario de apertura del Palacio Belvedere. Planifique su visita para explorar sus jardines, colecciones de arte y arquitectura\" \/>\n<meta name=\"robots\" content=\"index, follow, max-snippet:-1, max-image-preview:large, max-video-preview:-1\" \/>\n<link rel=\"canonical\" href=\"https:\/\/belvederepalace.wientickets.org\/es\/horarios\/\" \/>\n<meta property=\"og:locale\" content=\"es_ES\" \/>\n<meta property=\"og:type\" content=\"article\" \/>\n<meta property=\"og:title\" content=\"Horario de apertura del Palacio Belvedere de Viena\" \/>\n<meta property=\"og:description\" content=\"Consulte el horario de apertura del Palacio Belvedere. Planifique su visita para explorar sus jardines, colecciones de arte y arquitectura\" \/>\n<meta property=\"og:url\" content=\"https:\/\/belvederepalace.wientickets.org\/es\/horarios\/\" \/>\n<meta property=\"og:site_name\" content=\"Belvedere Palace Tickets\" \/>\n<meta property=\"article:modified_time\" content=\"2026-01-22T14:50:08+00:00\" \/>\n<meta property=\"og:image\" content=\"https:\/\/belvederepalace.wientickets.org\/wp-content\/uploads\/2024\/08\/belvedere-palace-opening-hours.webp\" \/>\n\t<meta property=\"og:image:width\" content=\"900\" \/>\n\t<meta property=\"og:image:height\" content=\"531\" \/>\n\t<meta property=\"og:image:type\" content=\"image\/webp\" \/>\n<meta name=\"twitter:card\" content=\"summary_large_image\" \/>\n<meta name=\"twitter:label1\" content=\"Tiempo de lectura\" \/>\n\t<meta name=\"twitter:data1\" content=\"9 minutos\" \/>\n<script type=\"application\/ld+json\" class=\"yoast-schema-graph\">{\"@context\":\"https:\/\/schema.org\",\"@graph\":[{\"@type\":\"WebPage\",\"@id\":\"https:\/\/belvederepalace.wientickets.org\/es\/horarios\/\",\"url\":\"https:\/\/belvederepalace.wientickets.org\/es\/horarios\/\",\"name\":\"Horario de apertura del Palacio Belvedere de Viena\",\"isPartOf\":{\"@id\":\"https:\/\/belvederepalace.wientickets.org\/es\/#website\"},\"primaryImageOfPage\":{\"@id\":\"https:\/\/belvederepalace.wientickets.org\/es\/horarios\/#primaryimage\"},\"image\":{\"@id\":\"https:\/\/belvederepalace.wientickets.org\/es\/horarios\/#primaryimage\"},\"thumbnailUrl\":\"https:\/\/belvederepalace.wientickets.org\/wp-content\/uploads\/2024\/08\/belvedere-palace-opening-hours.webp\",\"datePublished\":\"2024-08-19T07:42:47+00:00\",\"dateModified\":\"2026-01-22T14:50:08+00:00\",\"description\":\"Consulte el horario de apertura del Palacio Belvedere. Planifique su visita para explorar sus jardines, colecciones de arte y arquitectura\",\"breadcrumb\":{\"@id\":\"https:\/\/belvederepalace.wientickets.org\/es\/horarios\/#breadcrumb\"},\"inLanguage\":\"es\",\"potentialAction\":[{\"@type\":\"ReadAction\",\"target\":[\"https:\/\/belvederepalace.wientickets.org\/es\/horarios\/\"]}]},{\"@type\":\"ImageObject\",\"inLanguage\":\"es\",\"@id\":\"https:\/\/belvederepalace.wientickets.org\/es\/horarios\/#primaryimage\",\"url\":\"https:\/\/belvederepalace.wientickets.org\/wp-content\/uploads\/2024\/08\/belvedere-palace-opening-hours.webp\",\"contentUrl\":\"https:\/\/belvederepalace.wientickets.org\/wp-content\/uploads\/2024\/08\/belvedere-palace-opening-hours.webp\"},{\"@type\":\"BreadcrumbList\",\"@id\":\"https:\/\/belvederepalace.wientickets.org\/es\/horarios\/#breadcrumb\",\"itemListElement\":[{\"@type\":\"ListItem\",\"position\":1,\"name\":\"Home\",\"item\":\"https:\/\/belvederepalace.wientickets.org\/es\/\"},{\"@type\":\"ListItem\",\"position\":2,\"name\":\"Horarios\"}]},{\"@type\":\"WebSite\",\"@id\":\"https:\/\/belvederepalace.wientickets.org\/es\/#website\",\"url\":\"https:\/\/belvederepalace.wientickets.org\/es\/\",\"name\":\"Belvedere Palace Tickets\",\"description\":\"\",\"publisher\":{\"@id\":\"https:\/\/belvederepalace.wientickets.org\/es\/#organization\"},\"potentialAction\":[{\"@type\":\"SearchAction\",\"target\":{\"@type\":\"EntryPoint\",\"urlTemplate\":\"https:\/\/belvederepalace.wientickets.org\/es\/?s={search_term_string}\"},\"query-input\":{\"@type\":\"PropertyValueSpecification\",\"valueRequired\":true,\"valueName\":\"search_term_string\"}}],\"inLanguage\":\"es\"},{\"@type\":\"Organization\",\"@id\":\"https:\/\/belvederepalace.wientickets.org\/es\/#organization\",\"name\":\"Entradas para el Palacio Belvedere\",\"url\":\"https:\/\/belvederepalace.wientickets.org\/es\/\",\"logo\":{\"@type\":\"ImageObject\",\"inLanguage\":\"es\",\"@id\":\"https:\/\/belvederepalace.wientickets.org\/es\/#\/schema\/logo\/image\/\",\"url\":\"https:\/\/belvederepalace.wientickets.org\/wp-content\/uploads\/2024\/08\/belvedere-palace-tickets-logo.png\",\"contentUrl\":\"https:\/\/belvederepalace.wientickets.org\/wp-content\/uploads\/2024\/08\/belvedere-palace-tickets-logo.png\",\"width\":375,\"height\":70,\"caption\":\"Entradas para el Palacio Belvedere\"},\"image\":{\"@id\":\"https:\/\/belvederepalace.wientickets.org\/es\/#\/schema\/logo\/image\/\"}}]}<\/script>\n<!-- \/ Yoast SEO plugin. -->","yoast_head_json":{"title":"Horario de apertura del Palacio Belvedere de Viena","description":"Consulte el horario de apertura del Palacio Belvedere. Planifique su visita para explorar sus jardines, colecciones de arte y arquitectura","robots":{"index":"index","follow":"follow","max-snippet":"max-snippet:-1","max-image-preview":"max-image-preview:large","max-video-preview":"max-video-preview:-1"},"canonical":"https:\/\/belvederepalace.wientickets.org\/es\/horarios\/","og_locale":"es_ES","og_type":"article","og_title":"Horario de apertura del Palacio Belvedere de Viena","og_description":"Consulte el horario de apertura del Palacio Belvedere. Planifique su visita para explorar sus jardines, colecciones de arte y arquitectura","og_url":"https:\/\/belvederepalace.wientickets.org\/es\/horarios\/","og_site_name":"Belvedere Palace Tickets","article_modified_time":"2026-01-22T14:50:08+00:00","og_image":[{"width":900,"height":531,"url":"https:\/\/belvederepalace.wientickets.org\/wp-content\/uploads\/2024\/08\/belvedere-palace-opening-hours.webp","type":"image\/webp"}],"twitter_card":"summary_large_image","twitter_misc":{"Tiempo de lectura":"9 minutos"},"schema":{"@context":"https:\/\/schema.org","@graph":[{"@type":"WebPage","@id":"https:\/\/belvederepalace.wientickets.org\/es\/horarios\/","url":"https:\/\/belvederepalace.wientickets.org\/es\/horarios\/","name":"Horario de apertura del Palacio Belvedere de Viena","isPartOf":{"@id":"https:\/\/belvederepalace.wientickets.org\/es\/#website"},"primaryImageOfPage":{"@id":"https:\/\/belvederepalace.wientickets.org\/es\/horarios\/#primaryimage"},"image":{"@id":"https:\/\/belvederepalace.wientickets.org\/es\/horarios\/#primaryimage"},"thumbnailUrl":"https:\/\/belvederepalace.wientickets.org\/wp-content\/uploads\/2024\/08\/belvedere-palace-opening-hours.webp","datePublished":"2024-08-19T07:42:47+00:00","dateModified":"2026-01-22T14:50:08+00:00","description":"Consulte el horario de apertura del Palacio Belvedere. Planifique su visita para explorar sus jardines, colecciones de arte y arquitectura","breadcrumb":{"@id":"https:\/\/belvederepalace.wientickets.org\/es\/horarios\/#breadcrumb"},"inLanguage":"es","potentialAction":[{"@type":"ReadAction","target":["https:\/\/belvederepalace.wientickets.org\/es\/horarios\/"]}]},{"@type":"ImageObject","inLanguage":"es","@id":"https:\/\/belvederepalace.wientickets.org\/es\/horarios\/#primaryimage","url":"https:\/\/belvederepalace.wientickets.org\/wp-content\/uploads\/2024\/08\/belvedere-palace-opening-hours.webp","contentUrl":"https:\/\/belvederepalace.wientickets.org\/wp-content\/uploads\/2024\/08\/belvedere-palace-opening-hours.webp"},{"@type":"BreadcrumbList","@id":"https:\/\/belvederepalace.wientickets.org\/es\/horarios\/#breadcrumb","itemListElement":[{"@type":"ListItem","position":1,"name":"Home","item":"https:\/\/belvederepalace.wientickets.org\/es\/"},{"@type":"ListItem","position":2,"name":"Horarios"}]},{"@type":"WebSite","@id":"https:\/\/belvederepalace.wientickets.org\/es\/#website","url":"https:\/\/belvederepalace.wientickets.org\/es\/","name":"Belvedere Palace Tickets","description":"","publisher":{"@id":"https:\/\/belvederepalace.wientickets.org\/es\/#organization"},"potentialAction":[{"@type":"SearchAction","target":{"@type":"EntryPoint","urlTemplate":"https:\/\/belvederepalace.wientickets.org\/es\/?s={search_term_string}"},"query-input":{"@type":"PropertyValueSpecification","valueRequired":true,"valueName":"search_term_string"}}],"inLanguage":"es"},{"@type":"Organization","@id":"https:\/\/belvederepalace.wientickets.org\/es\/#organization","name":"Entradas para el Palacio Belvedere","url":"https:\/\/belvederepalace.wientickets.org\/es\/","logo":{"@type":"ImageObject","inLanguage":"es","@id":"https:\/\/belvederepalace.wientickets.org\/es\/#\/schema\/logo\/image\/","url":"https:\/\/belvederepalace.wientickets.org\/wp-content\/uploads\/2024\/08\/belvedere-palace-tickets-logo.png","contentUrl":"https:\/\/belvederepalace.wientickets.org\/wp-content\/uploads\/2024\/08\/belvedere-palace-tickets-logo.png","width":375,"height":70,"caption":"Entradas para el Palacio Belvedere"},"image":{"@id":"https:\/\/belvederepalace.wientickets.org\/es\/#\/schema\/logo\/image\/"}}]}},"_links":{"self":[{"href":"https:\/\/belvederepalace.wientickets.org\/es\/wp-json\/wp\/v2\/pages\/1642","targetHints":{"allow":["GET"]}}],"collection":[{"href":"https:\/\/belvederepalace.wientickets.org\/es\/wp-json\/wp\/v2\/pages"}],"about":[{"href":"https:\/\/belvederepalace.wientickets.org\/es\/wp-json\/wp\/v2\/types\/page"}],"author":[{"embeddable":true,"href":"https:\/\/belvederepalace.wientickets.org\/es\/wp-json\/wp\/v2\/users\/2"}],"replies":[{"embeddable":true,"href":"https:\/\/belvederepalace.wientickets.org\/es\/wp-json\/wp\/v2\/comments?post=1642"}],"version-history":[{"count":22,"href":"https:\/\/belvederepalace.wientickets.org\/es\/wp-json\/wp\/v2\/pages\/1642\/revisions"}],"predecessor-version":[{"id":2325,"href":"https:\/\/belvederepalace.wientickets.org\/es\/wp-json\/wp\/v2\/pages\/1642\/revisions\/2325"}],"wp:attachment":[{"href":"https:\/\/belvederepalace.wientickets.org\/es\/wp-json\/wp\/v2\/media?parent=1642"}],"curies":[{"name":"wp","href":"https:\/\/api.w.org\/{rel}","templated":true}]}}