{"id":1732,"date":"2025-12-30T13:58:25","date_gmt":"2025-12-30T13:58:25","guid":{"rendered":"https:\/\/belvederepalace.wientickets.org\/palacio-belvedere-frente-al-palacio-de-schonbrunn\/"},"modified":"2026-01-23T12:57:53","modified_gmt":"2026-01-23T12:57:53","slug":"palacio-belvedere-frente-al-palacio-de-schonbrunn","status":"publish","type":"page","link":"https:\/\/belvederepalace.wientickets.org\/es\/palacio-belvedere-frente-al-palacio-de-schonbrunn\/","title":{"rendered":"Palacio Belvedere frente al Palacio de Sch\u00f6nbrunn"},"content":{"rendered":"\t\t<div data-elementor-type=\"wp-page\" data-elementor-id=\"1732\" class=\"elementor elementor-1732 elementor-1179\">\n\t\t\t\t\t\t<section class=\"elementor-section elementor-top-section elementor-element elementor-element-d660578 intro-section elementor-section-boxed elementor-section-height-default elementor-section-height-default\" data-id=\"d660578\" data-element_type=\"section\">\n\t\t\t\t\t\t<div class=\"elementor-container elementor-column-gap-default\">\n\t\t\t\t\t<div class=\"elementor-column elementor-col-50 elementor-top-column elementor-element elementor-element-1a827fd\" data-id=\"1a827fd\" data-element_type=\"column\">\n\t\t\t<div class=\"elementor-widget-wrap elementor-element-populated\">\n\t\t\t\t\t\t<section class=\"elementor-section elementor-inner-section elementor-element elementor-element-0226dd9 elementor-section-boxed elementor-section-height-default elementor-section-height-default\" data-id=\"0226dd9\" data-element_type=\"section\">\n\t\t\t\t\t\t<div class=\"elementor-container elementor-column-gap-default\">\n\t\t\t\t\t<div class=\"elementor-column elementor-col-100 elementor-inner-column elementor-element elementor-element-03aefe3\" data-id=\"03aefe3\" data-element_type=\"column\">\n\t\t\t<div class=\"elementor-widget-wrap elementor-element-populated\">\n\t\t\t\t\t\t<div class=\"elementor-element elementor-element-727164e title-mobile elementor-widget elementor-widget-heading\" data-id=\"727164e\" data-element_type=\"widget\" data-widget_type=\"heading.default\">\n\t\t\t\t<div class=\"elementor-widget-container\">\n\t\t\t\t\t<h1 class=\"elementor-heading-title elementor-size-default\">Palacio Belvedere vs. Palacio de Sch\u00f6nbrunn<\/h1>\t\t\t\t<\/div>\n\t\t\t\t<\/div>\n\t\t\t\t<div class=\"elementor-element elementor-element-aefd11b text-mobile elementor-widget__width-initial elementor-widget elementor-widget-text-editor\" data-id=\"aefd11b\" data-element_type=\"widget\" data-widget_type=\"text-editor.default\">\n\t\t\t\t<div class=\"elementor-widget-container\">\n\t\t\t\t\t\t\t\t\t<p>En esta gu\u00eda comparamos dos de los monumentos m\u00e1s emblem\u00e1ticos de Viena. Exploraremos sus diferencias hist\u00f3ricas, colecciones de arte y las experiencias de otros viajeros para ayudarte a decidir cu\u00e1l visitar: \u00bfSch\u00f6nbrunn o Belvedere?<\/p>\t\t\t\t\t\t\t\t<\/div>\n\t\t\t\t<\/div>\n\t\t\t\t\t<\/div>\n\t\t<\/div>\n\t\t\t\t\t<\/div>\n\t\t<\/section>\n\t\t\t\t<div class=\"elementor-element elementor-element-d7f1801 btn-primary elementor-widget elementor-widget-button\" data-id=\"d7f1801\" data-element_type=\"widget\" data-widget_type=\"button.default\">\n\t\t\t\t<div class=\"elementor-widget-container\">\n\t\t\t\t\t\t\t\t\t<div class=\"elementor-button-wrapper\">\n\t\t\t\t\t<a class=\"elementor-button elementor-button-link elementor-size-sm\" href=\"https:\/\/belvederepalace.wientickets.org\/es\/entradas-para-el-palacio-belvedere\/\">\n\t\t\t\t\t\t<span class=\"elementor-button-content-wrapper\">\n\t\t\t\t\t\t\t\t\t<span class=\"elementor-button-text\">Reservar entradas<\/span>\n\t\t\t\t\t<\/span>\n\t\t\t\t\t<\/a>\n\t\t\t\t<\/div>\n\t\t\t\t\t\t\t\t<\/div>\n\t\t\t\t<\/div>\n\t\t\t\t\t<\/div>\n\t\t<\/div>\n\t\t\t\t<div class=\"elementor-column elementor-col-50 elementor-top-column elementor-element elementor-element-c876f36\" data-id=\"c876f36\" data-element_type=\"column\">\n\t\t\t<div class=\"elementor-widget-wrap elementor-element-populated\">\n\t\t\t\t\t\t<div class=\"elementor-element elementor-element-737f86d elementor-hidden-mobile elementor-widget__width-initial elementor-widget elementor-widget-image\" data-id=\"737f86d\" data-element_type=\"widget\" data-widget_type=\"image.default\">\n\t\t\t\t<div class=\"elementor-widget-container\">\n\t\t\t\t\t\t\t\t\t\t\t\t\t\t\t<img fetchpriority=\"high\" decoding=\"async\" width=\"800\" height=\"534\" src=\"https:\/\/belvederepalace.wientickets.org\/wp-content\/uploads\/2025\/11\/lower-belvedere-1-1024x683.webp\" class=\"attachment-large size-large wp-image-1531\" alt=\"Bajo Belvedere\" srcset=\"https:\/\/belvederepalace.wientickets.org\/wp-content\/uploads\/2025\/11\/lower-belvedere-1-1024x683.webp 1024w, https:\/\/belvederepalace.wientickets.org\/wp-content\/uploads\/2025\/11\/lower-belvedere-1-300x200.webp 300w, https:\/\/belvederepalace.wientickets.org\/wp-content\/uploads\/2025\/11\/lower-belvedere-1-768x512.webp 768w, https:\/\/belvederepalace.wientickets.org\/wp-content\/uploads\/2025\/11\/lower-belvedere-1.webp 1200w\" sizes=\"(max-width: 800px) 100vw, 800px\" \/>\t\t\t\t\t\t\t\t\t\t\t\t\t\t\t<\/div>\n\t\t\t\t<\/div>\n\t\t\t\t\t<\/div>\n\t\t<\/div>\n\t\t\t\t\t<\/div>\n\t\t<\/section>\n\t\t\t\t<section class=\"elementor-section elementor-top-section elementor-element elementor-element-7c4bf36 elementor-section-height-min-height elementor-section-boxed elementor-section-height-default elementor-section-items-middle\" data-id=\"7c4bf36\" data-element_type=\"section\" data-settings=\"{&quot;background_background&quot;:&quot;classic&quot;}\">\n\t\t\t\t\t\t<div class=\"elementor-container elementor-column-gap-default\">\n\t\t\t\t\t<div class=\"elementor-column elementor-col-100 elementor-top-column elementor-element elementor-element-860bb08\" data-id=\"860bb08\" data-element_type=\"column\">\n\t\t\t<div class=\"elementor-widget-wrap\">\n\t\t\t\t\t\t\t<\/div>\n\t\t<\/div>\n\t\t\t\t\t<\/div>\n\t\t<\/section>\n\t\t\t\t<section class=\"elementor-section elementor-top-section elementor-element elementor-element-7e3d47d elementor-section-height-min-height elementor-hidden-tablet elementor-hidden-mobile elementor-section-boxed elementor-section-height-default elementor-section-items-middle\" data-id=\"7e3d47d\" data-element_type=\"section\" data-settings=\"{&quot;background_background&quot;:&quot;classic&quot;}\">\n\t\t\t\t\t\t<div class=\"elementor-container elementor-column-gap-default\">\n\t\t\t\t\t<div class=\"elementor-column elementor-col-33 elementor-top-column elementor-element elementor-element-f1965b3\" data-id=\"f1965b3\" data-element_type=\"column\">\n\t\t\t<div class=\"elementor-widget-wrap elementor-element-populated\">\n\t\t\t\t\t\t<section class=\"elementor-section elementor-inner-section elementor-element elementor-element-beee066 elementor-section-content-middle elementor-section-boxed elementor-section-height-default elementor-section-height-default\" data-id=\"beee066\" data-element_type=\"section\">\n\t\t\t\t\t\t<div class=\"elementor-container elementor-column-gap-default\">\n\t\t\t\t\t<div class=\"elementor-column elementor-col-50 elementor-inner-column elementor-element elementor-element-2a46bcc\" data-id=\"2a46bcc\" data-element_type=\"column\">\n\t\t\t<div class=\"elementor-widget-wrap elementor-element-populated\">\n\t\t\t\t\t\t<div class=\"elementor-element elementor-element-56eb018 elementor-widget elementor-widget-image\" data-id=\"56eb018\" data-element_type=\"widget\" data-widget_type=\"image.default\">\n\t\t\t\t<div class=\"elementor-widget-container\">\n\t\t\t\t\t\t\t\t\t\t\t\t\t\t\t<img decoding=\"async\" width=\"496\" height=\"496\" src=\"https:\/\/belvederepalace.wientickets.org\/wp-content\/uploads\/2024\/08\/customer-service-1-1.png\" class=\"attachment-large size-large wp-image-1378\" alt=\"\" srcset=\"https:\/\/belvederepalace.wientickets.org\/wp-content\/uploads\/2024\/08\/customer-service-1-1.png 496w, https:\/\/belvederepalace.wientickets.org\/wp-content\/uploads\/2024\/08\/customer-service-1-1-300x300.png 300w, https:\/\/belvederepalace.wientickets.org\/wp-content\/uploads\/2024\/08\/customer-service-1-1-150x150.png 150w\" sizes=\"(max-width: 496px) 100vw, 496px\" \/>\t\t\t\t\t\t\t\t\t\t\t\t\t\t\t<\/div>\n\t\t\t\t<\/div>\n\t\t\t\t\t<\/div>\n\t\t<\/div>\n\t\t\t\t<div class=\"elementor-column elementor-col-50 elementor-inner-column elementor-element elementor-element-ef47172\" data-id=\"ef47172\" data-element_type=\"column\">\n\t\t\t<div class=\"elementor-widget-wrap elementor-element-populated\">\n\t\t\t\t\t\t<div class=\"elementor-element elementor-element-94219e5 elementor-widget elementor-widget-heading\" data-id=\"94219e5\" data-element_type=\"widget\" data-widget_type=\"heading.default\">\n\t\t\t\t<div class=\"elementor-widget-container\">\n\t\t\t\t\t<p class=\"elementor-heading-title elementor-size-default\">Asistencia cuando la necesites<\/p>\t\t\t\t<\/div>\n\t\t\t\t<\/div>\n\t\t\t\t<div class=\"elementor-element elementor-element-a7fffdb elementor-widget elementor-widget-heading\" data-id=\"a7fffdb\" data-element_type=\"widget\" data-widget_type=\"heading.default\">\n\t\t\t\t<div class=\"elementor-widget-container\">\n\t\t\t\t\t<p class=\"elementor-heading-title elementor-size-default\">Atenci\u00f3n al cliente para ayudarte con todo lo que necesites desde las 8:00 a. m. hasta las 6:00 p. m.<\/p>\t\t\t\t<\/div>\n\t\t\t\t<\/div>\n\t\t\t\t\t<\/div>\n\t\t<\/div>\n\t\t\t\t\t<\/div>\n\t\t<\/section>\n\t\t\t\t\t<\/div>\n\t\t<\/div>\n\t\t\t\t<div class=\"elementor-column elementor-col-33 elementor-top-column elementor-element elementor-element-c44b91e\" data-id=\"c44b91e\" data-element_type=\"column\">\n\t\t\t<div class=\"elementor-widget-wrap elementor-element-populated\">\n\t\t\t\t\t\t<section class=\"elementor-section elementor-inner-section elementor-element elementor-element-4b4ca25 elementor-section-content-middle elementor-section-boxed elementor-section-height-default elementor-section-height-default\" data-id=\"4b4ca25\" data-element_type=\"section\">\n\t\t\t\t\t\t<div class=\"elementor-container elementor-column-gap-default\">\n\t\t\t\t\t<div class=\"elementor-column elementor-col-50 elementor-inner-column elementor-element elementor-element-58297fa\" data-id=\"58297fa\" data-element_type=\"column\">\n\t\t\t<div class=\"elementor-widget-wrap elementor-element-populated\">\n\t\t\t\t\t\t<div class=\"elementor-element elementor-element-9b08591 elementor-widget elementor-widget-image\" data-id=\"9b08591\" data-element_type=\"widget\" data-widget_type=\"image.default\">\n\t\t\t\t<div class=\"elementor-widget-container\">\n\t\t\t\t\t\t\t\t\t\t\t\t\t\t\t<img decoding=\"async\" width=\"488\" height=\"488\" src=\"https:\/\/belvederepalace.wientickets.org\/wp-content\/uploads\/2024\/08\/Group-333.png\" class=\"attachment-large size-large wp-image-1379\" alt=\"\" srcset=\"https:\/\/belvederepalace.wientickets.org\/wp-content\/uploads\/2024\/08\/Group-333.png 488w, https:\/\/belvederepalace.wientickets.org\/wp-content\/uploads\/2024\/08\/Group-333-300x300.png 300w, https:\/\/belvederepalace.wientickets.org\/wp-content\/uploads\/2024\/08\/Group-333-150x150.png 150w\" sizes=\"(max-width: 488px) 100vw, 488px\" \/>\t\t\t\t\t\t\t\t\t\t\t\t\t\t\t<\/div>\n\t\t\t\t<\/div>\n\t\t\t\t\t<\/div>\n\t\t<\/div>\n\t\t\t\t<div class=\"elementor-column elementor-col-50 elementor-inner-column elementor-element elementor-element-afb088d\" data-id=\"afb088d\" data-element_type=\"column\">\n\t\t\t<div class=\"elementor-widget-wrap elementor-element-populated\">\n\t\t\t\t\t\t<div class=\"elementor-element elementor-element-e514b7a elementor-widget elementor-widget-heading\" data-id=\"e514b7a\" data-element_type=\"widget\" data-widget_type=\"heading.default\">\n\t\t\t\t<div class=\"elementor-widget-container\">\n\t\t\t\t\t<p class=\"elementor-heading-title elementor-size-default\">Reserva r\u00e1pida y en l\u00ednea<\/p>\t\t\t\t<\/div>\n\t\t\t\t<\/div>\n\t\t\t\t<div class=\"elementor-element elementor-element-f8163b6 elementor-widget elementor-widget-heading\" data-id=\"f8163b6\" data-element_type=\"widget\" data-widget_type=\"heading.default\">\n\t\t\t\t<div class=\"elementor-widget-container\">\n\t\t\t\t\t<p class=\"elementor-heading-title elementor-size-default\">Elige la mejor opci\u00f3n para tus necesidades y preferencias y evita las colas reservando aqu\u00ed<\/p>\t\t\t\t<\/div>\n\t\t\t\t<\/div>\n\t\t\t\t\t<\/div>\n\t\t<\/div>\n\t\t\t\t\t<\/div>\n\t\t<\/section>\n\t\t\t\t\t<\/div>\n\t\t<\/div>\n\t\t\t\t<div class=\"elementor-column elementor-col-33 elementor-top-column elementor-element elementor-element-0c56862\" data-id=\"0c56862\" data-element_type=\"column\">\n\t\t\t<div class=\"elementor-widget-wrap elementor-element-populated\">\n\t\t\t\t\t\t<section class=\"elementor-section elementor-inner-section elementor-element elementor-element-24bfeba elementor-section-content-middle elementor-section-boxed elementor-section-height-default elementor-section-height-default\" data-id=\"24bfeba\" data-element_type=\"section\">\n\t\t\t\t\t\t<div class=\"elementor-container elementor-column-gap-default\">\n\t\t\t\t\t<div class=\"elementor-column elementor-col-50 elementor-inner-column elementor-element elementor-element-fa7493a\" data-id=\"fa7493a\" data-element_type=\"column\">\n\t\t\t<div class=\"elementor-widget-wrap elementor-element-populated\">\n\t\t\t\t\t\t<div class=\"elementor-element elementor-element-fe4c944 elementor-widget elementor-widget-image\" data-id=\"fe4c944\" data-element_type=\"widget\" data-widget_type=\"image.default\">\n\t\t\t\t<div class=\"elementor-widget-container\">\n\t\t\t\t\t\t\t\t\t\t\t\t\t\t\t<img loading=\"lazy\" decoding=\"async\" width=\"462\" height=\"683\" src=\"https:\/\/belvederepalace.wientickets.org\/wp-content\/uploads\/2024\/08\/top-attractions-in-paris.webp\" class=\"attachment-large size-large wp-image-1380\" alt=\"\" srcset=\"https:\/\/belvederepalace.wientickets.org\/wp-content\/uploads\/2024\/08\/top-attractions-in-paris.webp 462w, https:\/\/belvederepalace.wientickets.org\/wp-content\/uploads\/2024\/08\/top-attractions-in-paris-203x300.webp 203w\" sizes=\"(max-width: 462px) 100vw, 462px\" \/>\t\t\t\t\t\t\t\t\t\t\t\t\t\t\t<\/div>\n\t\t\t\t<\/div>\n\t\t\t\t\t<\/div>\n\t\t<\/div>\n\t\t\t\t<div class=\"elementor-column elementor-col-50 elementor-inner-column elementor-element elementor-element-f5c98fe\" data-id=\"f5c98fe\" data-element_type=\"column\">\n\t\t\t<div class=\"elementor-widget-wrap elementor-element-populated\">\n\t\t\t\t\t\t<div class=\"elementor-element elementor-element-e45571d elementor-widget elementor-widget-heading\" data-id=\"e45571d\" data-element_type=\"widget\" data-widget_type=\"heading.default\">\n\t\t\t\t<div class=\"elementor-widget-container\">\n\t\t\t\t\t<p class=\"elementor-heading-title elementor-size-default\">\nLa 2.\u00aa mejor atracci\u00f3n de Viena<\/p>\t\t\t\t<\/div>\n\t\t\t\t<\/div>\n\t\t\t\t<div class=\"elementor-element elementor-element-df358f9 elementor-widget elementor-widget-heading\" data-id=\"df358f9\" data-element_type=\"widget\" data-widget_type=\"heading.default\">\n\t\t\t\t<div class=\"elementor-widget-container\">\n\t\t\t\t\t<p class=\"elementor-heading-title elementor-size-default\">Explora el Palacio Belvedere en Viena: belleza barroca, exuberantes jardines y el arte ic\u00f3nico de Klimt.\n\n\n\n\n\n\n\n\n<\/p>\t\t\t\t<\/div>\n\t\t\t\t<\/div>\n\t\t\t\t\t<\/div>\n\t\t<\/div>\n\t\t\t\t\t<\/div>\n\t\t<\/section>\n\t\t\t\t\t<\/div>\n\t\t<\/div>\n\t\t\t\t\t<\/div>\n\t\t<\/section>\n\t\t\t\t<section class=\"elementor-section elementor-top-section elementor-element elementor-element-008cd27 elementor-section-boxed elementor-section-height-default elementor-section-height-default\" data-id=\"008cd27\" data-element_type=\"section\">\n\t\t\t\t\t\t<div class=\"elementor-container elementor-column-gap-default\">\n\t\t\t\t\t<div class=\"elementor-column elementor-col-100 elementor-top-column elementor-element elementor-element-3d233bb\" data-id=\"3d233bb\" data-element_type=\"column\">\n\t\t\t<div class=\"elementor-widget-wrap elementor-element-populated\">\n\t\t\t\t\t\t<div class=\"elementor-element elementor-element-79700c8 elementor-widget elementor-widget-heading\" data-id=\"79700c8\" data-element_type=\"widget\" data-widget_type=\"heading.default\">\n\t\t\t\t<div class=\"elementor-widget-container\">\n\t\t\t\t\t<h2 class=\"elementor-heading-title elementor-size-default\">Si solo puedo elegir un palacio en Viena, \u00bfcu\u00e1l deber\u00eda elegir?<\/h2>\t\t\t\t<\/div>\n\t\t\t\t<\/div>\n\t\t\t\t<div class=\"elementor-element elementor-element-7844827 elementor-widget elementor-widget-text-editor\" data-id=\"7844827\" data-element_type=\"widget\" data-widget_type=\"text-editor.default\">\n\t\t\t\t<div class=\"elementor-widget-container\">\n\t\t\t\t\t\t\t\t\t<p>Elegir entre <strong>Sch\u00f6nbrunn o Belvedere<\/strong> no es tarea f\u00e1cil. Si bien pueden parecer similares debido a su arquitectura barroca, ofrecen experiencias muy diferentes:<\/p><p>El <a href=\"https:\/\/schonbrunnpalace.wientickets.org\/es\/\" target=\"_blank\" rel=\"noopener\"><b>Palacio de Sch\u00f6nbrunn<\/b><\/a> es ideal si quieres descubrir c\u00f3mo era la vida cotidiana de la monarqu\u00eda. Puedes recorrer los apartamentos privados y hacerse una idea de c\u00f3mo viv\u00eda la emperatriz Sissi; nacida Elisabeth de Baviera, fue la esposa del emperador Francisco Jos\u00e9 I y sigue siendo una de las figuras m\u00e1s emblem\u00e1ticas del Imperio austroh\u00fangaro.<\/p><p>Por otro lado, si prefiere una experiencia m\u00e1s refinada centrada en la evoluci\u00f3n est\u00e9tica de Europa, el <a href=\"https:\/\/belvederepalace.wientickets.org\/es\/\"><b>Palacio Belvedere<\/b><\/a> funciona m\u00e1s como un museo de arte de talla mundial que como una residencia hist\u00f3rica.<\/p><p>Al hacer esta <b>comparaci\u00f3n entre el Palacio Belvedere y el Palacio de Sch\u00f6nbrunn<\/b>, tambi\u00e9n debes tener en cuenta su horario y con qui\u00e9n viaja. Por ejemplo, Sch\u00f6nbrunn es enorme y requiere casi un d\u00eda completo si desea explorar los jardines y el zool\u00f3gico. Por el contrario, el Belvedere es m\u00e1s compacto y est\u00e1 mejor integrado en el trazado urbano de la ciudad.<\/p><p>Para ayudarle a tomar la mejor decisi\u00f3n, hemos elaborado esta tabla con informaci\u00f3n clave para cada tipo de viajero:<\/p>\t\t\t\t\t\t\t\t<\/div>\n\t\t\t\t<\/div>\n\t\t\t\t\t<\/div>\n\t\t<\/div>\n\t\t\t\t\t<\/div>\n\t\t<\/section>\n\t\t<div class=\"elementor-element elementor-element-6f74bf8 e-flex e-con-boxed e-con e-parent\" data-id=\"6f74bf8\" data-element_type=\"container\">\n\t\t\t\t\t<div class=\"e-con-inner\">\n\t\t\t\t<div class=\"elementor-element elementor-element-edccbaa elementor-widget elementor-widget-html\" data-id=\"edccbaa\" data-element_type=\"widget\" data-widget_type=\"html.default\">\n\t\t\t\t<div class=\"elementor-widget-container\">\n\t\t\t\t\t<style>\r\n  \/* General table styles *\/\r\n  table {\r\n    width: 100%;\r\n    border-collapse: collapse;\r\n    margin: 10px 0;\r\n    font-size: 1em;\r\n    font-family: sans-serif;\r\n    box-shadow: 0 0 20px rgba(0, 0, 0, 0.15);\r\n  }\r\n\r\n  \/* Header color *\/\r\n  table thead tr {\r\n    background-color: #7E0009 !important;\r\n    color: #ffffff;\r\n    text-align: left;\r\n  }\r\n\r\n  table th,\r\n  table td {\r\n    padding: 12px 15px;\r\n  }\r\n\r\n  table tbody tr {\r\n    border-bottom: 1px solid #dddddd;\r\n  }\r\n\r\n  table tbody tr:nth-of-type(even) {\r\n    background-color: #f3f3f3;\r\n  }\r\n\r\n  table tbody tr:last-of-type {\r\n    border-bottom: 2px solid #7E0009;\r\n  }\r\n\r\n  \/* MOBILE STYLES *\/\r\n  @media screen and (max-width: 600px) {\r\n    table {\r\n      border: 0;\r\n    }\r\n    \r\n    table thead {\r\n      display: none;\r\n    }\r\n    \r\n    table tr {\r\n      display: block;\r\n      margin-bottom: 20px;\r\n      border-bottom: 3px solid #7E0009;\r\n    }\r\n    \r\n    table td {\r\n      display: block;\r\n      text-align: right;\r\n      border-bottom: 1px dotted #ccc;\r\n      font-size: 0.9em;\r\n    }\r\n    \r\n    table td:last-child {\r\n      border-bottom: 0;\r\n    }\r\n    \r\n    table td::before {\r\n      content: attr(data-label);\r\n      float: left;\r\n      font-weight: bold;\r\n      text-transform: uppercase;\r\n    }\r\n  }\r\n<\/style>\r\n\r\n<table>\r\n  <thead>\r\n    <tr>\r\n      <th>Perfil del viajero<\/th>\r\n      <th>Palacio recomendado<\/th>\r\n      <th>Lo que encontrar\u00e1<\/th>\r\n    <\/tr>\r\n  <\/thead>\r\n  <tbody>\r\n    <tr>\r\n      <td data-label=\"Traveler Profile\">Amantes del arte<\/td>\r\n      <td data-label=\"Recommended Palace\">Belvedere<\/td>\r\n      <td data-label=\"What You\u2019ll Find\">La mayor colecci\u00f3n de arte austriaco, incluido <em>El beso<\/em> de Klimt.<\/td>\r\n    <\/tr>\r\n    <tr>\r\n      <td data-label=\"Traveler Profile\">Familias con ni\u00f1os<\/td>\r\n      <td data-label=\"Recommended Palace\">Sch\u00f6nbrunn<\/td>\r\n      <td data-label=\"What You\u2019ll Find\">El zool\u00f3gico m\u00e1s antiguo del mundo, un laberinto de setos y un museo interactivo para ni\u00f1os.<\/td>\r\n    <\/tr>\r\n    <tr>\r\n      <td data-label=\"Traveler Profile\">Aficionados a la historia<\/td>\r\n      <td data-label=\"Recommended Palace\">Sch\u00f6nbrunn \/ Hofburg<\/td>\r\n      <td data-label=\"What You\u2019ll Find\">El epicentro del poder imperial y los apartamentos privados de los emperadores.<\/td>\r\n    <\/tr>\r\n    <tr>\r\n      <td data-label=\"Traveler Profile\">Poco tiempo<\/td>\r\n      <td data-label=\"Recommended Palace\">Belvedere \/ Hofburg<\/td>\r\n      <td data-label=\"What You\u2019ll Find\">Ubicaciones c\u00e9ntricas con rutas tur\u00edsticas m\u00e1s cortas y directas.<\/td>\r\n    <\/tr>\r\n    <tr>\r\n      <td data-label=\"Traveler Profile\">El \"paquete completo\"<\/td>\r\n      <td data-label=\"Recommended Palace\">Sch\u00f6nbrunn \/ Hofburg<\/td>\r\n      <td data-label=\"What You\u2019ll Find\">Amplios terrenos, mercados de temporada y m\u00faltiples museos en un solo lugar.<\/td>\r\n    <\/tr>\r\n    <tr>\r\n      <td data-label=\"Traveler Profile\">Buscadores de vistas<\/td>\r\n      <td data-label=\"Recommended Palace\">Belvedere Superior<\/td>\r\n      <td data-label=\"What You\u2019ll Find\">Una de las mejores vistas del horizonte de Viena desde los jardines.<\/td>\r\n    <\/tr>\r\n  <\/tbody>\r\n<\/table>\r\n\t\t\t\t<\/div>\n\t\t\t\t<\/div>\n\t\t\t\t\t<\/div>\n\t\t\t\t<\/div>\n\t\t\t\t<section class=\"elementor-section elementor-top-section elementor-element elementor-element-c84dc22 elementor-section-boxed elementor-section-height-default elementor-section-height-default\" data-id=\"c84dc22\" data-element_type=\"section\">\n\t\t\t\t\t\t<div class=\"elementor-container elementor-column-gap-default\">\n\t\t\t\t\t<div class=\"elementor-column elementor-col-50 elementor-top-column elementor-element elementor-element-c854e26\" data-id=\"c854e26\" data-element_type=\"column\">\n\t\t\t<div class=\"elementor-widget-wrap elementor-element-populated\">\n\t\t\t\t\t\t<div class=\"elementor-element elementor-element-b42eeb6 elementor-widget elementor-widget-heading\" data-id=\"b42eeb6\" data-element_type=\"widget\" data-widget_type=\"heading.default\">\n\t\t\t\t<div class=\"elementor-widget-container\">\n\t\t\t\t\t<h2 class=\"elementor-heading-title elementor-size-default\">\u00bfC\u00f3mo es el Belvedere?<\/h2>\t\t\t\t<\/div>\n\t\t\t\t<\/div>\n\t\t\t\t<div class=\"elementor-element elementor-element-5cd2484 elementor-widget elementor-widget-text-editor\" data-id=\"5cd2484\" data-element_type=\"widget\" data-widget_type=\"text-editor.default\">\n\t\t\t\t<div class=\"elementor-widget-container\">\n\t\t\t\t\t\t\t\t\t<p>El Belvedere <b>es un complejo arquitect\u00f3nico elegante y muy sofisticado<\/b>, dividido en dos edificios principales: el Belvedere Superior y el Belvedere Inferior, conectados por jardines perfectamente sim\u00e9tricos.<\/p><p>Este no es el t\u00edpico palacio con dormitorios reales y salas de estar; <b>es una galer\u00eda de arte de primer nivel<\/b>. El interior es luminoso y majestuoso, dise\u00f1ado para impresionar a la vista en lugar de servir como un hogar funcional. Invita a los visitantes a pasear a un ritmo relajado, contemplando los impresionantes frescos del techo, as\u00ed como las obras maestras que adornan las paredes.  <\/p><p>Cada edificio dentro del Belvedere tiene su propio car\u00e1cter \u00fanico. El <u>Belvedere Inferior<\/u> cuenta con salas decoradas con frescos barrocos y espacios que muestran la elegancia del siglo XVIII, mientras que el m\u00e1s imponente <u>Belvedere Superior<\/u> alberga colecciones de arte de renombre mundial, incluidas obras maestras austriacas de diferentes per\u00edodos. Entre ellas, destaca el ic\u00f3nico <em>B<\/em><i>eso<\/i> de Gustav Klimt, lo que convierte al Belvedere en un destino de visita obligada para los amantes del arte. Las galer\u00edas y salas est\u00e1n cuidadosamente dispuestas, lo que permite a los visitantes apreciar plenamente tanto la arquitectura como las obras de arte.   <\/p>\t\t\t\t\t\t\t\t<\/div>\n\t\t\t\t<\/div>\n\t\t\t\t\t<\/div>\n\t\t<\/div>\n\t\t\t\t<div class=\"elementor-column elementor-col-50 elementor-top-column elementor-element elementor-element-e22eba1\" data-id=\"e22eba1\" data-element_type=\"column\">\n\t\t\t<div class=\"elementor-widget-wrap elementor-element-populated\">\n\t\t\t\t\t\t<div class=\"elementor-element elementor-element-d5616cd elementor-widget elementor-widget-html\" data-id=\"d5616cd\" data-element_type=\"widget\" data-widget_type=\"html.default\">\n\t\t\t\t<div class=\"elementor-widget-container\">\n\t\t\t\t\t<div class=\"image-carousel-wrapper\">\r\n  <div class=\"image-carousel\">\r\n    <!-- Im\u00e1genes del Belvedere Palace -->\r\n    <div class=\"carousel-item active\">\r\n      <img decoding=\"async\" src=\"https:\/\/belvederepalace.wientickets.org\/wp-content\/uploads\/2025\/11\/lower-belvedere.webp\" alt=\"Belvedere Inferior\">\r\n      <\/div>\r\n    <div class=\"carousel-item\">\r\n      <img decoding=\"async\" src=\"https:\/\/belvederepalace.wientickets.org\/wp-content\/uploads\/2024\/08\/upper-belvedere.webp\" alt=\"Belvedere Superior\">\r\n    <\/div>\r\n      <div class=\"carousel-item\">\r\n      <img decoding=\"async\" src=\"https:\/\/belvederepalace.wientickets.org\/wp-content\/uploads\/2025\/11\/upper-belvedere-chapel.webp\" alt=\"Capilla del Belvedere Superior\">\r\n    <\/div>\r\n       <div class=\"carousel-item\">\r\n      <img decoding=\"async\" src=\"https:\/\/belvederepalace.wientickets.org\/wp-content\/uploads\/2025\/11\/Orangery-Lower-Belvedere.webp\" alt=\"Orangerie\">\r\n    <\/div>\r\n      <div class=\"carousel-item\">\r\n      <img decoding=\"async\" src=\"https:\/\/belvederepalace.wientickets.org\/wp-content\/uploads\/2026\/01\/the-kiss-detail.webp\" alt=\"El beso de Gustav Klimt\">\r\n    <\/div>\r\n    \r\n    <!-- Botones de navegaci\u00f3n -->\r\n    <button class=\"carousel-btn prev\" aria-label=\"Anterior\">\r\n      <svg width=\"24\" height=\"24\" viewbox=\"0 0 24 24\" fill=\"none\" stroke=\"currentColor\" stroke-width=\"2\">\r\n        <polyline points=\"15 18 9 12 15 6\"><\/polyline>\r\n      <\/polyline><\/svg>\r\n    <\/button>\r\n    <button class=\"carousel-btn next\" aria-label=\"Siguiente\">\r\n      <svg width=\"24\" height=\"24\" viewbox=\"0 0 24 24\" fill=\"none\" stroke=\"currentColor\" stroke-width=\"2\">\r\n        <polyline points=\"9 18 15 12 9 6\"><\/polyline>\r\n      <\/polyline><\/svg>\r\n    <\/button>\r\n    <div class=\"carousel-caption\"><\/div>\r\n  <\/div>\r\n  \r\n  \r\n  <!-- Indicadores -->\r\n  <div class=\"carousel-indicators\"><\/div>\r\n<\/div>\r\n\r\n<style>\r\n.image-carousel-wrapper {\r\n  width: 100%;\r\n  position: relative;\r\n}\r\n\r\n.image-carousel {\r\n  position: relative;\r\n  width: 100%;\r\n  height: 400px;\r\n  overflow: hidden;\r\n  border-radius: 8px;\r\n}\r\n\r\n.carousel-item {\r\n  position: absolute;\r\n  top: 0;\r\n  left: 0;\r\n  width: 100%;\r\n  height: 100%;\r\n  opacity: 0;\r\n  transition: opacity 0.5s ease-in-out;\r\n  pointer-events: none;\r\n}\r\n\r\n.carousel-item.active {\r\n  opacity: 1;\r\n  pointer-events: auto;\r\n}\r\n\r\n.carousel-item img {\r\n  width: 100%;\r\n  height: 400px;\r\n  object-fit: cover;\r\n  object-position: top center;\r\n  display: block;\r\n}\r\n\r\n.carousel-btn {\r\n  position: absolute;\r\n  top: 50%;\r\n  transform: translateY(-50%);\r\n  background: rgba(0, 0, 0, 0.5);\r\n  color: white;\r\n  border: none;\r\n  width: 45px;\r\n  height: 45px;\r\n  border-radius: 50%;\r\n  cursor: pointer;\r\n  display: flex;\r\n  align-items: center;\r\n  justify-content: center;\r\n  transition: background 0.3s ease;\r\n  z-index: 10;\r\n}\r\n\r\n\/* Asegurar que los SVG se vean correctamente *\/\r\n.carousel-btn svg {\r\n  display: block;\r\n  flex-shrink: 0;\r\n  width: 20px;\r\n  height: 20px;\r\n}\r\n\r\n.carousel-btn:hover {\r\n  background: rgba(0, 0, 0, 0.7);\r\n}\r\n\r\n.carousel-btn:focus {\r\n  background: #CE2B37;\r\n  outline: none;\r\n}\r\n\r\n.carousel-btn.prev {\r\n  left: 15px;\r\n}\r\n\r\n.carousel-btn.next {\r\n  right: 15px;\r\n}\r\n\r\n.carousel-indicators {\r\n  display: flex;\r\n  justify-content: center;\r\n  gap: 8px;\r\n  margin-top: 15px;\r\n}\r\n\r\n.carousel-indicator {\r\n  width: 10px;\r\n  height: 10px;\r\n  border-radius: 50%;\r\n  background: #ddd;\r\n  cursor: pointer;\r\n  transition: all 0.3s ease;\r\n}\r\n\r\n.carousel-indicator.active {\r\n  background: #333;\r\n  width: 30px;\r\n  border-radius: 5px;\r\n}\r\n\r\n\/* Mobile adjustments *\/\r\n@media (max-width: 768px) {\r\n  .carousel-btn {\r\n    width: 35px;\r\n    height: 35px;\r\n  }\r\n  \r\n  .carousel-btn.prev {\r\n    left: 10px;\r\n  }\r\n  \r\n  .carousel-btn.next {\r\n    right: 10px;\r\n  }\r\n  \r\n  .carousel-btn svg {\r\n    width: 18px;\r\n    height: 18px;\r\n  }\r\n}\r\n\r\n.carousel-caption {\r\n  position: absolute;\r\n  bottom: 15px;\r\n  left: 15px;\r\n  background: rgba(0, 0, 0, 0.6);\r\n  color: white;\r\n  padding: 10px 15px;\r\n  border-radius: 5px;\r\n  font-size: 14px;\r\n  max-width: 80%;\r\n  z-index: 10;\r\n}\r\n\r\n@media (max-width: 768px) {\r\n  .carousel-caption {\r\n    font-size: 12px;\r\n    padding: 8px 12px;\r\n    bottom: 10px;\r\n    left: 10px;\r\n  }\r\n}\r\n\r\n<\/style>\r\n\r\n<script>\r\ndocument.addEventListener('DOMContentLoaded', function() {\r\n  const carousels = document.querySelectorAll('.image-carousel-wrapper');\r\n  \r\n  carousels.forEach((wrapper) => {\r\n    const carousel = wrapper.querySelector('.image-carousel');\r\n    const items = carousel.querySelectorAll('.carousel-item');\r\n    const prevBtn = carousel.querySelector('.prev');\r\n    const nextBtn = carousel.querySelector('.next');\r\n    const indicatorsContainer = wrapper.querySelector('.carousel-indicators');\r\n    const caption = carousel.querySelector('.carousel-caption');\r\n    \r\n    let currentIndex = 0;\r\n    let autoplayInterval;\r\n    \r\n    \/\/ Variables para swipe\r\n    let touchStartX = 0;\r\n    let touchEndX = 0;\r\n    let touchStartY = 0;\r\n    let touchEndY = 0;\r\n    \r\n    items.forEach((_, index) => {\r\n      const indicator = document.createElement('div');\r\n      indicator.classList.add('carousel-indicator');\r\n      if (index === 0) indicator.classList.add('active');\r\n      indicator.addEventListener('click', () => {\r\n        stopAutoplay();\r\n        goToSlide(index);\r\n      });\r\n      indicatorsContainer.appendChild(indicator);\r\n    });\r\n    \r\n    const indicators = indicatorsContainer.querySelectorAll('.carousel-indicator');\r\n    \r\n    function updateCarousel() {\r\n      items.forEach((item, index) => {\r\n        item.classList.toggle('active', index === currentIndex);\r\n      });\r\n      \r\n      indicators.forEach((indicator, index) => {\r\n        indicator.classList.toggle('active', index === currentIndex);\r\n      });\r\n      \r\n      const currentImg = items[currentIndex].querySelector('img');\r\n      caption.textContent = currentImg.alt;\r\n    }\r\n    \r\n    function goToSlide(index) {\r\n      currentIndex = index;\r\n      updateCarousel();\r\n    }\r\n    \r\n    function nextSlide() {\r\n      currentIndex = (currentIndex + 1) % items.length;\r\n      updateCarousel();\r\n    }\r\n    \r\n    function prevSlide() {\r\n      currentIndex = (currentIndex - 1 + items.length) % items.length;\r\n      updateCarousel();\r\n    }\r\n    \r\n    function stopAutoplay() {\r\n      if (autoplayInterval) {\r\n        clearInterval(autoplayInterval);\r\n        autoplayInterval = null;\r\n      }\r\n    }\r\n    \r\n    \/\/ Detectar swipe\r\n    function handleSwipe() {\r\n      const diffX = touchEndX - touchStartX;\r\n      const diffY = Math.abs(touchEndY - touchStartY);\r\n      \r\n      \/\/ Solo procesar si el movimiento horizontal es mayor que el vertical\r\n      \/\/ y si el desplazamiento es suficiente (m\u00e1s de 50px)\r\n      if (Math.abs(diffX) > 50 && Math.abs(diffX) > diffY) {\r\n        stopAutoplay();\r\n        \r\n        if (diffX > 0) {\r\n          \/\/ Swipe derecha - ir a anterior\r\n          prevSlide();\r\n        } else {\r\n          \/\/ Swipe izquierda - ir a siguiente\r\n          nextSlide();\r\n        }\r\n      }\r\n    }\r\n    \r\n    \/\/ Event listeners para touch\r\n    carousel.addEventListener('touchstart', (e) => {\r\n      touchStartX = e.changedTouches[0].screenX;\r\n      touchStartY = e.changedTouches[0].screenY;\r\n    }, { passive: true });\r\n    \r\n    carousel.addEventListener('touchend', (e) => {\r\n      touchEndX = e.changedTouches[0].screenX;\r\n      touchEndY = e.changedTouches[0].screenY;\r\n      handleSwipe();\r\n    }, { passive: true });\r\n    \r\n    \/\/ Inicializar\r\n    updateCarousel();\r\n    \r\n    prevBtn.addEventListener('click', () => {\r\n      stopAutoplay();\r\n      prevSlide();\r\n    });\r\n    \r\n    nextBtn.addEventListener('click', () => {\r\n      stopAutoplay();\r\n      nextSlide();\r\n    });\r\n    \r\n    \/\/ Auto-play cada 6 segundos\r\n    autoplayInterval = setInterval(nextSlide, 6000);\r\n  });\r\n});\r\n<\/script>\t\t\t\t<\/div>\n\t\t\t\t<\/div>\n\t\t\t\t\t<\/div>\n\t\t<\/div>\n\t\t\t\t\t<\/div>\n\t\t<\/section>\n\t\t<div class=\"elementor-element elementor-element-ceb95c0 e-flex e-con-boxed e-con e-parent\" data-id=\"ceb95c0\" data-element_type=\"container\">\n\t\t\t\t\t<div class=\"e-con-inner\">\n\t\t<div class=\"elementor-element elementor-element-f8349c5 e-con-full e-flex e-con e-child\" data-id=\"f8349c5\" data-element_type=\"container\">\n\t\t\t\t<div class=\"elementor-element elementor-element-84aabd6 elementor-widget elementor-widget-image\" data-id=\"84aabd6\" data-element_type=\"widget\" data-widget_type=\"image.default\">\n\t\t\t\t<div class=\"elementor-widget-container\">\n\t\t\t\t\t\t\t\t\t\t\t\t\t\t\t<img loading=\"lazy\" decoding=\"async\" width=\"837\" height=\"1024\" src=\"https:\/\/belvederepalace.wientickets.org\/wp-content\/uploads\/2025\/12\/eugene-of-savoy.jpeg\" class=\"attachment-full size-full wp-image-1532\" alt=\"Pr\u00edncipe Eugenio de Saboya\" srcset=\"https:\/\/belvederepalace.wientickets.org\/wp-content\/uploads\/2025\/12\/eugene-of-savoy.jpeg 837w, https:\/\/belvederepalace.wientickets.org\/wp-content\/uploads\/2025\/12\/eugene-of-savoy-245x300.jpeg 245w, https:\/\/belvederepalace.wientickets.org\/wp-content\/uploads\/2025\/12\/eugene-of-savoy-768x940.jpeg 768w\" sizes=\"(max-width: 837px) 100vw, 837px\" \/>\t\t\t\t\t\t\t\t\t\t\t\t\t\t\t<\/div>\n\t\t\t\t<\/div>\n\t\t\t\t<\/div>\n\t\t<div class=\"elementor-element elementor-element-79f3880 e-con-full e-flex e-con e-child\" data-id=\"79f3880\" data-element_type=\"container\">\n\t\t\t\t<div class=\"elementor-element elementor-element-91eabcd elementor-widget elementor-widget-heading\" data-id=\"91eabcd\" data-element_type=\"widget\" data-widget_type=\"heading.default\">\n\t\t\t\t<div class=\"elementor-widget-container\">\n\t\t\t\t\t<h3 class=\"elementor-heading-title elementor-size-default\">Contexto hist\u00f3rico<\/h3>\t\t\t\t<\/div>\n\t\t\t\t<\/div>\n\t\t\t\t<div class=\"elementor-element elementor-element-1eccc9e elementor-widget elementor-widget-text-editor\" data-id=\"1eccc9e\" data-element_type=\"widget\" data-widget_type=\"text-editor.default\">\n\t\t\t\t<div class=\"elementor-widget-container\">\n\t\t\t\t\t\t\t\t\t<p>La historia del Palacio Belvedere comenz\u00f3 cuando <b>el Pr\u00edncipe Eugenio de Saboya<\/b>, un brillante comandante militar, busc\u00f3 una residencia de verano que reflejara su inmenso \u00e9xito. La construcci\u00f3n comenz\u00f3 a principios del siglo XVIII, <u>dirigida por el arquitecto Johann Lukas von Hildebrandt<\/u>, uno de los maestros m\u00e1s renombrados del estilo barroco. <\/p><p>A diferencia de otros palacios que pertenec\u00edan directamente a la familia imperial, el Belvedere comenz\u00f3 como la finca privada de un h\u00e9roe de guerra. Sin embargo, tras la muerte del Pr\u00edncipe, <b>la emperatriz Mar\u00eda Teresa<\/b> adquiri\u00f3 el complejo. Quiz\u00e1s el detalle m\u00e1s fascinante es que, a finales del siglo XVIII, el Belvedere Superior se hab\u00eda convertido en uno de los primeros museos p\u00fablicos del mundo; la familia imperial decidi\u00f3 trasladar parte de su colecci\u00f3n de arte all\u00ed para que pudiera ser admirada por el p\u00fablico en general.  <\/p><p>M\u00e1s all\u00e1 de su papel cultural, hay un hecho hist\u00f3rico clave que debe conocer: <u>el palacio fue el escenario de la firma del Tratado de Estado de Austria<\/u> en 1955, el mismo documento que restaur\u00f3 la independencia del pa\u00eds tras la Segunda Guerra Mundial.<\/p>\t\t\t\t\t\t\t\t<\/div>\n\t\t\t\t<\/div>\n\t\t\t\t<\/div>\n\t\t\t\t\t<\/div>\n\t\t\t\t<\/div>\n\t\t\t\t<section class=\"elementor-section elementor-top-section elementor-element elementor-element-4a223d1 elementor-section-boxed elementor-section-height-default elementor-section-height-default\" data-id=\"4a223d1\" data-element_type=\"section\">\n\t\t\t\t\t\t<div class=\"elementor-container elementor-column-gap-default\">\n\t\t\t\t\t<div class=\"elementor-column elementor-col-100 elementor-top-column elementor-element elementor-element-7edc488\" data-id=\"7edc488\" data-element_type=\"column\">\n\t\t\t<div class=\"elementor-widget-wrap elementor-element-populated\">\n\t\t\t\t\t\t<div class=\"elementor-element elementor-element-ce7e25f elementor-widget elementor-widget-heading\" data-id=\"ce7e25f\" data-element_type=\"widget\" data-widget_type=\"heading.default\">\n\t\t\t\t<div class=\"elementor-widget-container\">\n\t\t\t\t\t<h3 class=\"elementor-heading-title elementor-size-default\">\u00bfQu\u00e9 deber\u00eda visitar?<\/h3>\t\t\t\t<\/div>\n\t\t\t\t<\/div>\n\t\t\t\t<div class=\"elementor-element elementor-element-d9e6fcd elementor-widget elementor-widget-text-editor\" data-id=\"d9e6fcd\" data-element_type=\"widget\" data-widget_type=\"text-editor.default\">\n\t\t\t\t<div class=\"elementor-widget-container\">\n\t\t\t\t\t\t\t\t\t<p>Si decide visitar el Palacio Belvedere, hay algunos lugares que simplemente no puede perderse:<\/p><ul><li><strong><a href=\"https:\/\/belvederepalace.wientickets.org\/es\/belvedere-superior-o-inferior\/\">Belvedere Superior<\/a>:<\/strong> El edificio principal que alberga la colecci\u00f3n permanente.<\/li><li><strong>La Colecci\u00f3n Klimt:<\/strong> Hogar de <i>El Beso<\/i>, <i>Judith<\/i> y varios de sus paisajes.<\/li><li><strong><a href=\"https:\/\/belvederepalace.wientickets.org\/es\/palacio-del-bajo-belvedere\/\">Belvedere Inferior<\/a>:<\/strong> Normalmente alberga exposiciones temporales y cuenta con los apartamentos privados originales del Pr\u00edncipe.<\/li><\/ul><div>\u00a0<\/div><div><strong>Nota para los viajeros de invierno:<\/strong> Durante el invierno, <a href=\"https:\/\/www.reddit.com\/r\/Europetravel\/comments\/1h8ehyi\/if_i_had_to_pick_one_belvedere_palace_or\/\" target=\"_blank\" rel=\"noopener\">como se se\u00f1ala en este hilo de Reddit<\/a>, los jardines pierden gran parte de su encanto: \u00abEn enero, los terrenos de ambos est\u00e1n muertos, fui en febrero de este a\u00f1o y solo puedo imaginar lo espectaculares que ser\u00edan los jardines y las fuentes en plena floraci\u00f3n\u00bb.<\/div>\t\t\t\t\t\t\t\t<\/div>\n\t\t\t\t<\/div>\n\t\t\t\t\t<\/div>\n\t\t<\/div>\n\t\t\t\t\t<\/div>\n\t\t<\/section>\n\t\t\t\t<section class=\"elementor-section elementor-top-section elementor-element elementor-element-907ae15 elementor-section-boxed elementor-section-height-default elementor-section-height-default\" data-id=\"907ae15\" data-element_type=\"section\">\n\t\t\t\t\t\t<div class=\"elementor-container elementor-column-gap-default\">\n\t\t\t\t\t<div class=\"elementor-column elementor-col-100 elementor-top-column elementor-element elementor-element-2ca75eb\" data-id=\"2ca75eb\" data-element_type=\"column\">\n\t\t\t<div class=\"elementor-widget-wrap elementor-element-populated\">\n\t\t\t\t\t\t<div class=\"elementor-element elementor-element-25f76f3 elementor-widget elementor-widget-heading\" data-id=\"25f76f3\" data-element_type=\"widget\" data-widget_type=\"heading.default\">\n\t\t\t\t<div class=\"elementor-widget-container\">\n\t\t\t\t\t<h3 class=\"elementor-heading-title elementor-size-default\">\u00bfPara qu\u00e9 tipo de visitantes?<\/h3>\t\t\t\t<\/div>\n\t\t\t\t<\/div>\n\t\t\t\t<div class=\"elementor-element elementor-element-6efde2c elementor-widget elementor-widget-text-editor\" data-id=\"6efde2c\" data-element_type=\"widget\" data-widget_type=\"text-editor.default\">\n\t\t\t\t<div class=\"elementor-widget-container\">\n\t\t\t\t\t\t\t\t\t<p>El Belvedere <b>est\u00e1 dise\u00f1ado para aquellos que aprecian la belleza visual y el arte<\/b> sin la necesidad de caminar kil\u00f3metros de pasillos. Es importante tener en cuenta que el Belvedere es principalmente un museo de arte; a diferencia del Palacio de Sch\u00f6nbrunn, no ofrece acceso a habitaciones hist\u00f3ricas amuebladas con piezas de \u00e9poca originales. Si su principal inter\u00e9s radica en el dise\u00f1o interior imperial y la vida cotidiana de los monarcas, este podr\u00eda no ser el lugar para usted.  <\/p><p>Por otro lado,<b> <\/b><u>su ubicaci\u00f3n es una gran ventaja<\/u>. Como <a href=\"https:\/\/www.facebook.com\/groups\/943838713190379\/posts\/1851908569050051\/\" target=\"_blank\" rel=\"noopener\">se\u00f1ala un usuario de Facebook<\/a>: \u201cEst\u00e1 m\u00e1s cerca del centro de la ciudad, por lo que puede visitarlo y a\u00fan as\u00ed disfrutar de muchas otras visitas tur\u00edsticas en el mismo d\u00eda\u201d. <\/p><p>En \u00faltima instancia, es la opci\u00f3n ideal si desea ver algo espectacular sin comprometer las cinco o seis horas que requiere un complejo m\u00e1s grande como Sch\u00f6nbrunn.<\/p>\t\t\t\t\t\t\t\t<\/div>\n\t\t\t\t<\/div>\n\t\t\t\t\t<\/div>\n\t\t<\/div>\n\t\t\t\t\t<\/div>\n\t\t<\/section>\n\t\t\t\t<section class=\"elementor-section elementor-top-section elementor-element elementor-element-d3b05a7 elementor-section-boxed elementor-section-height-default elementor-section-height-default\" data-id=\"d3b05a7\" data-element_type=\"section\">\n\t\t\t\t\t\t<div class=\"elementor-container elementor-column-gap-default\">\n\t\t\t\t\t<div class=\"elementor-column elementor-col-50 elementor-top-column elementor-element elementor-element-825889a\" data-id=\"825889a\" data-element_type=\"column\">\n\t\t\t<div class=\"elementor-widget-wrap elementor-element-populated\">\n\t\t\t\t\t\t<div class=\"elementor-element elementor-element-126ddc8 elementor-widget elementor-widget-heading\" data-id=\"126ddc8\" data-element_type=\"widget\" data-widget_type=\"heading.default\">\n\t\t\t\t<div class=\"elementor-widget-container\">\n\t\t\t\t\t<h2 class=\"elementor-heading-title elementor-size-default\">\u00bfC\u00f3mo es Sch\u00f6nbrunn?<\/h2>\t\t\t\t<\/div>\n\t\t\t\t<\/div>\n\t\t\t\t<div class=\"elementor-element elementor-element-8878a03 elementor-widget elementor-widget-text-editor\" data-id=\"8878a03\" data-element_type=\"widget\" data-widget_type=\"text-editor.default\">\n\t\t\t\t<div class=\"elementor-widget-container\">\n\t\t\t\t\t\t\t\t\t<p><strong>Sch\u00f6nbrunn es uno de los palacios m\u00e1s impresionantes de Europa<\/strong><b>. Al llegar, le recibe un vasto patio pintado en \u00abAmarillo Sch\u00f6nbrunn\u00bb, un tono que finalmente se convirti\u00f3 en el est\u00e1ndar para los edificios imperiales.<\/b> <\/p><p>En el interior, encontrar\u00e1 pura opulencia: candelabros de cristal, tapices de seda y paredes adornadas con pan de oro. <b>Cada habitaci\u00f3n cuenta una historia espec\u00edfica de los Habsburgo<\/b>, una de las dinast\u00edas m\u00e1s poderosas e influyentes de Europa. Durante siglos, gobernaron vastos territorios, expandiendo su influencia a trav\u00e9s de la herencia, los matrimonios estrat\u00e9gicos y las alianzas pol\u00edticas. <\/p><p>M\u00e1s all\u00e1 de los lujosos interiores, <u>los jardines de Sch\u00f6nbrunn<\/u> son igualmente magn\u00edficos. Dise\u00f1ados en estilo barroco, cuentan con c\u00e9spedes perfectamente cuidados, fuentes ornamentadas y grandes avenidas que dirigen la vista hacia el horizonte. Puede pasear por los extensos terrenos, descubriendo estatuas e incluso un peque\u00f1o zool\u00f3gico (el m\u00e1s antiguo de Europa).  <\/p>\t\t\t\t\t\t\t\t<\/div>\n\t\t\t\t<\/div>\n\t\t\t\t\t<\/div>\n\t\t<\/div>\n\t\t\t\t<div class=\"elementor-column elementor-col-50 elementor-top-column elementor-element elementor-element-f009d8d\" data-id=\"f009d8d\" data-element_type=\"column\">\n\t\t\t<div class=\"elementor-widget-wrap elementor-element-populated\">\n\t\t\t\t\t\t<div class=\"elementor-element elementor-element-a1c053b elementor-widget elementor-widget-html\" data-id=\"a1c053b\" data-element_type=\"widget\" data-widget_type=\"html.default\">\n\t\t\t\t<div class=\"elementor-widget-container\">\n\t\t\t\t\t<div class=\"image-carousel-wrapper\">\r\n  <div class=\"image-carousel\">\r\n    <div class=\"carousel-item active\">\r\n      <img decoding=\"async\" src=\"https:\/\/schonbrunnpalace.wientickets.org\/wp-content\/uploads\/schonbrunn-palace-tickets.webp\" alt=\"Palacio de Sch\u00f6nbrunn\">\r\n    <\/div>\r\n    <div class=\"carousel-item\">\r\n      <img decoding=\"async\" src=\"https:\/\/schonbrunnpalace.wientickets.org\/wp-content\/uploads\/Schonbrunn-Palaces-Great-Gallery.webp\" alt=\"La Gran Galer\u00eda del Palacio de Sch\u00f6nbrunn\">\r\n    <\/div>\r\n      <div class=\"carousel-item\">\r\n      <img decoding=\"async\" src=\"https:\/\/schonbrunnpalace.wientickets.org\/wp-content\/uploads\/the-gloriette-schonbrunn-palace.webp\" alt=\"La Glorieta\">\r\n    <\/div>\r\n     <div class=\"carousel-item\">\r\n      <img decoding=\"async\" src=\"https:\/\/schonbrunnpalace.wientickets.org\/wp-content\/uploads\/schonbrunn-palace-gardens.webp\" alt=\"Jardines del Palacio de Sch\u00f6nbrunn\">\r\n    <\/div>\r\n    <div class=\"carousel-item\">\r\n      <img decoding=\"async\" src=\"https:\/\/schonbrunnpalace.wientickets.org\/wp-content\/uploads\/schonbrunn-labyrinth.webp\" alt=\"El Laberinto\">\r\n    <\/div>\r\n    \r\n    <!-- Botones de navegaci\u00f3n -->\r\n    <button class=\"carousel-btn prev\" aria-label=\"Anterior\">\r\n      <svg width=\"24\" height=\"24\" viewbox=\"0 0 24 24\" fill=\"none\" stroke=\"currentColor\" stroke-width=\"2\">\r\n        <polyline points=\"15 18 9 12 15 6\"><\/polyline>\r\n      <\/svg>\r\n    <\/button>\r\n    <button class=\"carousel-btn next\" aria-label=\"Siguiente\">\r\n      <svg width=\"24\" height=\"24\" viewbox=\"0 0 24 24\" fill=\"none\" stroke=\"currentColor\" stroke-width=\"2\">\r\n        <polyline points=\"9 18 15 12 9 6\"><\/polyline>\r\n      <\/svg>\r\n    <\/button>\r\n    <div class=\"carousel-caption\"><\/div>\r\n  <\/div>\r\n  \r\n  <!-- Indicadores -->\r\n  <div class=\"carousel-indicators\"><\/div>\r\n<\/div>\t\t\t\t<\/div>\n\t\t\t\t<\/div>\n\t\t\t\t\t<\/div>\n\t\t<\/div>\n\t\t\t\t\t<\/div>\n\t\t<\/section>\n\t\t<div class=\"elementor-element elementor-element-2ec6448 e-flex e-con-boxed e-con e-parent\" data-id=\"2ec6448\" data-element_type=\"container\">\n\t\t\t\t\t<div class=\"e-con-inner\">\n\t\t<div class=\"elementor-element elementor-element-67b37b0 e-con-full e-flex e-con e-child\" data-id=\"67b37b0\" data-element_type=\"container\">\n\t\t\t\t<div class=\"elementor-element elementor-element-1f8050a elementor-widget elementor-widget-image\" data-id=\"1f8050a\" data-element_type=\"widget\" data-widget_type=\"image.default\">\n\t\t\t\t<div class=\"elementor-widget-container\">\n\t\t\t\t\t\t\t\t\t\t\t\t\t\t\t<img decoding=\"async\" src=\"https:\/\/schonbrunnpalace.wientickets.org\/wp-content\/uploads\/empress-maria-theresa-austria.jpg\" title=\"\" alt=\"Empress Maria Theresa I of Austria\" loading=\"lazy\" \/>\t\t\t\t\t\t\t\t\t\t\t\t\t\t\t<\/div>\n\t\t\t\t<\/div>\n\t\t\t\t<\/div>\n\t\t<div class=\"elementor-element elementor-element-adf9cba e-con-full e-flex e-con e-child\" data-id=\"adf9cba\" data-element_type=\"container\">\n\t\t\t\t<div class=\"elementor-element elementor-element-f411e88 elementor-widget elementor-widget-heading\" data-id=\"f411e88\" data-element_type=\"widget\" data-widget_type=\"heading.default\">\n\t\t\t\t<div class=\"elementor-widget-container\">\n\t\t\t\t\t<h3 class=\"elementor-heading-title elementor-size-default\">Contexto hist\u00f3rico<\/h3>\t\t\t\t<\/div>\n\t\t\t\t<\/div>\n\t\t\t\t<div class=\"elementor-element elementor-element-a94f7fe elementor-widget elementor-widget-text-editor\" data-id=\"a94f7fe\" data-element_type=\"widget\" data-widget_type=\"text-editor.default\">\n\t\t\t\t<div class=\"elementor-widget-container\">\n\t\t\t\t\t\t\t\t\t<p><b>El Palacio de Sch\u00f6nbrunn ha pasado por muchas fases<\/b>. Originalmente era un pabell\u00f3n de caza, pero a finales del siglo XVII, <u>el emperador Leopoldo I<\/u> (uno de los monarcas m\u00e1s destacados de la rama austriaca de los Habsburgo) encarg\u00f3 la construcci\u00f3n de un palacio real. Leopoldo I supervis\u00f3 personalmente los dise\u00f1os iniciales, encargando a arquitectos y artistas que crearan un espacio que reflejara tanto el poder de los Habsburgo como su gusto refinado, sentando las bases de lo que m\u00e1s tarde se convertir\u00eda en una de las residencias imperiales m\u00e1s grandiosas de Europa.  <\/p><p>Fue durante el reinado del siglo XVIII de <u>Mar\u00eda Teresa<\/u> (la \u00fanica mujer que gobern\u00f3 los dominios de los Habsburgo) cuando el Palacio de Sch\u00f6nbrunn alcanz\u00f3 su m\u00e1ximo esplendor y se convirti\u00f3 en la residencia de verano oficial de la corte. Ella fue quien le dio al palacio el toque personal y majestuoso que conocemos hoy en d\u00eda, transform\u00e1ndolo en el coraz\u00f3n social y pol\u00edtico del imperio. <\/p><p>D\u00e9cadas m\u00e1s tarde, el palacio sigui\u00f3 siendo un sitio clave para la familia imperial: fue el lugar de nacimiento y fallecimiento del <u>emperador Francisco Jos\u00e9 I<\/u>, recordado por su largo reinado y su firme sentido del deber. Tambi\u00e9n fue donde la famosa <u>Sissi<\/u>, su esposa, pas\u00f3 gran parte de su vida, conocida por su independencia, belleza y esp\u00edritu inquieto dentro de los estrictos confines de la vida cortesana. <\/p><p>El palacio es m\u00e1s que un simple edificio; <b>es un s\u00edmbolo del poder absoluto y la longevidad de una de las familias m\u00e1s influyentes de la historia europea<\/b>. Caminar por sus habitaciones es, literalmente, caminar por el mismo escenario donde se decidi\u00f3 el destino de la mitad del continente durante siglos. <\/p>\t\t\t\t\t\t\t\t<\/div>\n\t\t\t\t<\/div>\n\t\t\t\t<\/div>\n\t\t\t\t\t<\/div>\n\t\t\t\t<\/div>\n\t\t\t\t<section class=\"elementor-section elementor-top-section elementor-element elementor-element-a0cdbe0 elementor-section-boxed elementor-section-height-default elementor-section-height-default\" data-id=\"a0cdbe0\" data-element_type=\"section\">\n\t\t\t\t\t\t<div class=\"elementor-container elementor-column-gap-default\">\n\t\t\t\t\t<div class=\"elementor-column elementor-col-100 elementor-top-column elementor-element elementor-element-506c3ff\" data-id=\"506c3ff\" data-element_type=\"column\">\n\t\t\t<div class=\"elementor-widget-wrap elementor-element-populated\">\n\t\t\t\t\t\t<div class=\"elementor-element elementor-element-794d971 elementor-widget elementor-widget-heading\" data-id=\"794d971\" data-element_type=\"widget\" data-widget_type=\"heading.default\">\n\t\t\t\t<div class=\"elementor-widget-container\">\n\t\t\t\t\t<h3 class=\"elementor-heading-title elementor-size-default\">\u00bfQu\u00e9 deber\u00eda visitar?<\/h3>\t\t\t\t<\/div>\n\t\t\t\t<\/div>\n\t\t\t\t<div class=\"elementor-element elementor-element-0199d3a elementor-widget elementor-widget-text-editor\" data-id=\"0199d3a\" data-element_type=\"widget\" data-widget_type=\"text-editor.default\">\n\t\t\t\t<div class=\"elementor-widget-container\">\n\t\t\t\t\t\t\t\t\t<p>Una visita al Palacio de Sch\u00f6nbrunn es bastante extensa, por lo que si tiene poco tiempo, lo mejor es priorizar estos lugares:<\/p><ul><li><b><a href=\"https:\/\/schonbrunnpalace.wientickets.org\/es\/glorieta-de-schonbrunn\/\" target=\"_blank\" rel=\"noopener\">La Glorieta<\/a>:<\/b> Encaramada en una colina, ofrece la mejor vista del palacio con el tel\u00f3n de fondo de la ciudad.<\/li><li><b><a href=\"https:\/\/schonbrunnpalace.wientickets.org\/es\/jardines-del-palacio-de-schonbrunn-informacion-y-guia\/\" target=\"_blank\" rel=\"noopener\">Jardines del Palacio<\/a>:<\/b> Jardines barrocos sim\u00e9tricos dise\u00f1ados para reflejar el orden y el poder.<\/li><li><b><a href=\"https:\/\/schonbrunnpalace.wientickets.org\/es\/laberinto-de-schonbrunn\/\" target=\"_blank\" rel=\"noopener\">El Laberinto<\/a>:<\/b> Un divertido laberinto de setos basado en dise\u00f1os barrocos originales.<\/li><li><b><a href=\"https:\/\/schonbrunnpalace.wientickets.org\/es\/invernadero-de-schonbrunn\/\" target=\"_blank\" rel=\"noopener\">El Invernadero<\/a>:<\/b> Uno de los invernaderos hist\u00f3ricos m\u00e1s largos de Europa, que antiguamente se utilizaba para plantas c\u00edtricas ex\u00f3ticas.<\/li><\/ul>\t\t\t\t\t\t\t\t<\/div>\n\t\t\t\t<\/div>\n\t\t\t\t\t<\/div>\n\t\t<\/div>\n\t\t\t\t\t<\/div>\n\t\t<\/section>\n\t\t\t\t<section class=\"elementor-section elementor-top-section elementor-element elementor-element-deca19b elementor-section-boxed elementor-section-height-default elementor-section-height-default\" data-id=\"deca19b\" data-element_type=\"section\">\n\t\t\t\t\t\t<div class=\"elementor-container elementor-column-gap-default\">\n\t\t\t\t\t<div class=\"elementor-column elementor-col-100 elementor-top-column elementor-element elementor-element-df10e00\" data-id=\"df10e00\" data-element_type=\"column\">\n\t\t\t<div class=\"elementor-widget-wrap elementor-element-populated\">\n\t\t\t\t\t\t<div class=\"elementor-element elementor-element-5ac820b elementor-widget elementor-widget-heading\" data-id=\"5ac820b\" data-element_type=\"widget\" data-widget_type=\"heading.default\">\n\t\t\t\t<div class=\"elementor-widget-container\">\n\t\t\t\t\t<h3 class=\"elementor-heading-title elementor-size-default\">\u00bfPara qu\u00e9 tipo de visitantes?<\/h3>\t\t\t\t<\/div>\n\t\t\t\t<\/div>\n\t\t\t\t<div class=\"elementor-element elementor-element-750c11e elementor-widget elementor-widget-text-editor\" data-id=\"750c11e\" data-element_type=\"widget\" data-widget_type=\"text-editor.default\">\n\t\t\t\t<div class=\"elementor-widget-container\">\n\t\t\t\t\t\t\t\t\t<p>Este palacio es para los viajeros <b>que desean la experiencia imperial completa y no tienen prisa<\/b>. \u00bfEres t\u00fa uno de ellos? Si es as\u00ed, ten en cuenta que Sch\u00f6nbrunn est\u00e1 situado lejos del centro de la ciudad, por lo que deber\u00e1 tomar el U-Bahn (l\u00ednea U4) y planificar su horario cuidadosamente. Adem\u00e1s, como es la principal atracci\u00f3n tur\u00edstica de la ciudad, tiende a estar mucho m\u00e1s concurrido, lo que puede afectar el flujo de su visita, especialmente en las habitaciones interiores.<\/p><p>Visitar el Palacio de Sch\u00f6nbrunn lleva significativamente m\u00e1s tiempo que el Belvedere, as\u00ed que prep\u00e1rese para caminar mucho. <b>Es el lugar ideal para los entusiastas de la arquitectura y los verdaderos aficionados a la historia<\/b>. <a href=\"https:\/\/www.reddit.com\/r\/Europetravel\/comments\/1h8ehyi\/if_i_had_to_pick_one_belvedere_palace_or\/\" target=\"_blank\" rel=\"noopener\">Los usuarios de Reddit est\u00e1n algo divididos<\/a> sobre su gran escala. Por un lado, alguien mencion\u00f3: \u201cSoy un gran aficionado a los palacios\/castillos, as\u00ed que Sch\u00f6nbrunn era una visita obligada para m\u00ed. \u00a1Adem\u00e1s, tienen jardines y el zool\u00f3gico en la parte de atr\u00e1s!\u201d. Sin embargo, otros advierten que puede resultar agotador: \u201cSchoenbrunn es un palacio gigantesco y en alg\u00fan momento recorrer las habitaciones se volvi\u00f3 aburrido\u201d. Si se siente abrumado por las multitudes o las visitas muy largas, es posible que prefiera otra opci\u00f3n.<\/p>\t\t\t\t\t\t\t\t<\/div>\n\t\t\t\t<\/div>\n\t\t\t\t\t<\/div>\n\t\t<\/div>\n\t\t\t\t\t<\/div>\n\t\t<\/section>\n\t\t\t\t<section class=\"elementor-section elementor-top-section elementor-element elementor-element-9e35915 elementor-section-boxed elementor-section-height-default elementor-section-height-default\" data-id=\"9e35915\" data-element_type=\"section\">\n\t\t\t\t\t\t<div class=\"elementor-container elementor-column-gap-default\">\n\t\t\t\t\t<div class=\"elementor-column elementor-col-100 elementor-top-column elementor-element elementor-element-a8c884e\" data-id=\"a8c884e\" data-element_type=\"column\">\n\t\t\t<div class=\"elementor-widget-wrap elementor-element-populated\">\n\t\t\t\t\t\t<div class=\"elementor-element elementor-element-bd52c51 elementor-widget elementor-widget-heading\" data-id=\"bd52c51\" data-element_type=\"widget\" data-widget_type=\"heading.default\">\n\t\t\t\t<div class=\"elementor-widget-container\">\n\t\t\t\t\t<h2 class=\"elementor-heading-title elementor-size-default\">Diferencias clave entre Belvedere y Sch\u00f6nbrunn<\/h2>\t\t\t\t<\/div>\n\t\t\t\t<\/div>\n\t\t\t\t<div class=\"elementor-element elementor-element-0286e02 elementor-widget elementor-widget-text-editor\" data-id=\"0286e02\" data-element_type=\"widget\" data-widget_type=\"text-editor.default\">\n\t\t\t\t<div class=\"elementor-widget-container\">\n\t\t\t\t\t\t\t\t\t<p>Para recapitular nuestra comparaci\u00f3n de <b>Palacio Belvedere vs. Palacio de Sch\u00f6nbrunn<\/b>, aqu\u00ed hay un desglose de las diferencias clave entre los dos:<\/p>\t\t\t\t\t\t\t\t<\/div>\n\t\t\t\t<\/div>\n\t\t\t\t\t<\/div>\n\t\t<\/div>\n\t\t\t\t\t<\/div>\n\t\t<\/section>\n\t\t<div class=\"elementor-element elementor-element-a5d25ad e-flex e-con-boxed e-con e-parent\" data-id=\"a5d25ad\" data-element_type=\"container\">\n\t\t\t\t\t<div class=\"e-con-inner\">\n\t\t\t\t<div class=\"elementor-element elementor-element-2ac8c88 elementor-widget elementor-widget-html\" data-id=\"2ac8c88\" data-element_type=\"widget\" data-widget_type=\"html.default\">\n\t\t\t\t<div class=\"elementor-widget-container\">\n\t\t\t\t\t<style>\r\n  \/* General table styles *\/\r\n  table {\r\n    width: 100%;\r\n    border-collapse: collapse;\r\n    margin: 10px 0;\r\n    font-size: 1em;\r\n    font-family: sans-serif;\r\n    box-shadow: 0 0 20px rgba(0, 0, 0, 0.15);\r\n  }\r\n\r\n  \/* Header color *\/\r\n  table thead tr {\r\n    background-color: #7E0009 !important;\r\n    color: #ffffff;\r\n    text-align: left;\r\n  }\r\n\r\n  table th,\r\n  table td {\r\n    padding: 12px 15px;\r\n  }\r\n\r\n  table tbody tr {\r\n    border-bottom: 1px solid #dddddd;\r\n  }\r\n\r\n  table tbody tr:nth-of-type(even) {\r\n    background-color: #f3f3f3;\r\n  }\r\n\r\n  table tbody tr:last-of-type {\r\n    border-bottom: 2px solid #7E0009;\r\n  }\r\n\r\n  \/* MOBILE STYLES *\/\r\n  @media screen and (max-width: 600px) {\r\n    table {\r\n      border: 0;\r\n    }\r\n    \r\n    table thead {\r\n      display: none;\r\n    }\r\n    \r\n    table tr {\r\n      display: block;\r\n      margin-bottom: 20px;\r\n      border-bottom: 3px solid #7E0009;\r\n    }\r\n    \r\n    table td {\r\n      display: block;\r\n      text-align: right;\r\n      border-bottom: 1px dotted #ccc;\r\n      font-size: 0.9em;\r\n    }\r\n    \r\n    table td:last-child {\r\n      border-bottom: 0;\r\n    }\r\n    \r\n    table td::before {\r\n      content: attr(data-label);\r\n      float: left;\r\n      font-weight: bold;\r\n      text-transform: uppercase;\r\n    }\r\n  }\r\n<\/style>\r\n\r\n<table>\r\n  <thead>\r\n    <tr>\r\n      <th>Caracter\u00edstica<\/th>\r\n      <th>Palacio Belvedere<\/th>\r\n      <th>Palacio de Sch\u00f6nbrunn<\/th>\r\n    <\/tr>\r\n  <\/thead>\r\n  <tbody>\r\n    <tr>\r\n      <td data-label=\"Feature\">Uso principal<\/td>\r\n      <td data-label=\"Belvedere Palace\">Galer\u00eda de arte \/ Museo<\/td>\r\n      <td data-label=\"Sch\u00f6nbrunn Palace\">Residencia hist\u00f3rica \/ Patrimonio de la Humanidad<\/td>\r\n    <\/tr>\r\n    <tr>\r\n      <td data-label=\"Feature\">Ubicaci\u00f3n<\/td>\r\n      <td data-label=\"Belvedere Palace\">Relativamente c\u00e9ntrico (Distrito 3)<\/td>\r\n      <td data-label=\"Sch\u00f6nbrunn Palace\">Fuera del centro (Distrito 13)<\/td>\r\n    <\/tr>\r\n    <tr>\r\n      <td data-label=\"Feature\">Duraci\u00f3n de la visita<\/td>\r\n      <td data-label=\"Belvedere Palace\">2 - 3 horas<\/td>\r\n      <td data-label=\"Sch\u00f6nbrunn Palace\">4 - 6 horas (o un d\u00eda completo)<\/td>\r\n    <\/tr>\r\n    <tr>\r\n      <td data-label=\"Feature\">Multitudes<\/td>\r\n      <td data-label=\"Belvedere Palace\">Moderadas<\/td>\r\n      <td data-label=\"Sch\u00f6nbrunn Palace\">Altas (especialmente en temporada alta)<\/td>\r\n    <\/tr>\r\n    <tr>\r\n      <td data-label=\"Feature\">Ideal para<\/td>\r\n      <td data-label=\"Belvedere Palace\">Amantes del arte y la est\u00e9tica<\/td>\r\n      <td data-label=\"Sch\u00f6nbrunn Palace\">Familias y aficionados a la historia imperial<\/td>\r\n    <\/tr>\r\n    <tr>\r\n      <td data-label=\"Feature\">Interiores<\/td>\r\n      <td data-label=\"Belvedere Palace\">Galer\u00edas de museos<\/td>\r\n      <td data-label=\"Sch\u00f6nbrunn Palace\">Apartamentos reales, muebles originales<\/td>\r\n    <\/tr>\r\n    <tr>\r\n      <td data-label=\"Feature\">Exteriores<\/td>\r\n      <td data-label=\"Belvedere Palace\">Jardines franceses sim\u00e9tricos<\/td>\r\n      <td data-label=\"Sch\u00f6nbrunn Palace\">Amplios terrenos, zool\u00f3gico, colinas y fuentes<\/td>\r\n    <\/tr>\r\n  <\/tbody>\r\n<\/table>\r\n\t\t\t\t<\/div>\n\t\t\t\t<\/div>\n\t\t\t\t\t<\/div>\n\t\t\t\t<\/div>\n\t\t\t\t<section class=\"elementor-section elementor-top-section elementor-element elementor-element-da2e8cf elementor-section-boxed elementor-section-height-default elementor-section-height-default\" data-id=\"da2e8cf\" data-element_type=\"section\">\n\t\t\t\t\t\t<div class=\"elementor-container elementor-column-gap-default\">\n\t\t\t\t\t<div class=\"elementor-column elementor-col-100 elementor-top-column elementor-element elementor-element-57714e0\" data-id=\"57714e0\" data-element_type=\"column\">\n\t\t\t<div class=\"elementor-widget-wrap elementor-element-populated\">\n\t\t\t\t\t\t<div class=\"elementor-element elementor-element-1524833 elementor-widget elementor-widget-heading\" data-id=\"1524833\" data-element_type=\"widget\" data-widget_type=\"heading.default\">\n\t\t\t\t<div class=\"elementor-widget-container\">\n\t\t\t\t\t<h2 class=\"elementor-heading-title elementor-size-default\">Preguntas frecuentes sobre Belvedere y Sch\u00f6nbrunn<\/h2>\t\t\t\t<\/div>\n\t\t\t\t<\/div>\n\t\t\t\t\t<\/div>\n\t\t<\/div>\n\t\t\t\t\t<\/div>\n\t\t<\/section>\n\t\t<div class=\"elementor-element elementor-element-26987f4 e-flex e-con-boxed e-con e-parent\" data-id=\"26987f4\" data-element_type=\"container\">\n\t\t\t\t\t<div class=\"e-con-inner\">\n\t\t\t\t<div class=\"elementor-element elementor-element-e03b38a elementor-widget elementor-widget-toggle\" data-id=\"e03b38a\" data-element_type=\"widget\" data-widget_type=\"toggle.default\">\n\t\t\t\t<div class=\"elementor-widget-container\">\n\t\t\t\t\t\t\t<div class=\"elementor-toggle\">\n\t\t\t\t\t\t\t<div class=\"elementor-toggle-item\">\n\t\t\t\t\t<h3 id=\"elementor-tab-title-2351\" class=\"elementor-tab-title\" data-tab=\"1\" role=\"button\" aria-controls=\"elementor-tab-content-2351\" aria-expanded=\"false\">\n\t\t\t\t\t\t\t\t\t\t\t\t<span class=\"elementor-toggle-icon elementor-toggle-icon-left\" aria-hidden=\"true\">\n\t\t\t\t\t\t\t\t\t\t\t\t\t\t\t<span class=\"elementor-toggle-icon-closed\"><svg class=\"e-font-icon-svg e-fas-caret-right\" viewBox=\"0 0 192 512\" xmlns=\"http:\/\/www.w3.org\/2000\/svg\"><path d=\"M0 384.662V127.338c0-17.818 21.543-26.741 34.142-14.142l128.662 128.662c7.81 7.81 7.81 20.474 0 28.284L34.142 398.804C21.543 411.404 0 402.48 0 384.662z\"><\/path><\/svg><\/span>\n\t\t\t\t\t\t\t\t<span class=\"elementor-toggle-icon-opened\"><svg class=\"elementor-toggle-icon-opened e-font-icon-svg e-fas-caret-up\" viewBox=\"0 0 320 512\" xmlns=\"http:\/\/www.w3.org\/2000\/svg\"><path d=\"M288.662 352H31.338c-17.818 0-26.741-21.543-14.142-34.142l128.662-128.662c7.81-7.81 20.474-7.81 28.284 0l128.662 128.662c12.6 12.599 3.676 34.142-14.142 34.142z\"><\/path><\/svg><\/span>\n\t\t\t\t\t\t\t\t\t\t\t\t\t<\/span>\n\t\t\t\t\t\t\t\t\t\t\t\t<a class=\"elementor-toggle-title\" tabindex=\"0\">\u00bfVale la pena entrar, o est\u00e1 bien quedarse afuera?<\/a>\n\t\t\t\t\t<\/h3>\n\n\t\t\t\t\t<div id=\"elementor-tab-content-2351\" class=\"elementor-tab-content elementor-clearfix\" data-tab=\"1\" role=\"region\" aria-labelledby=\"elementor-tab-title-2351\"><p>Definitivamente, pero <strong>depende de lo que est\u00e9s buscando<\/strong>. En el caso del Palacio de Sch\u00f6nbrunn, entrar es esencial si desea presenciar la verdadera riqueza de los Habsburgo, mientras que el Belvedere es una visita obligada si eres fan de Klimt.<\/p><p>Muchos viajeros se preguntan si es suficiente con explorar los terrenos, pero la realidad es que <strong>los interiores completan la narrativa hist\u00f3rica<\/strong>. Como <a href=\"https:\/\/community.ricksteves.com\/travel-forum\/austria\/which-vienna-palace\" target=\"_blank\" rel=\"noopener\">un viajero en l\u00ednea<\/a> lo expres\u00f3 acertadamente: \u00abNo son los palacios en s\u00ed mismos los que me atraen, sino todo el conjunto: palacio(s), terrenos, jardines, entornos, etc.\u00bb<\/p><\/div>\n\t\t\t\t<\/div>\n\t\t\t\t\t\t\t<div class=\"elementor-toggle-item\">\n\t\t\t\t\t<h3 id=\"elementor-tab-title-2352\" class=\"elementor-tab-title\" data-tab=\"2\" role=\"button\" aria-controls=\"elementor-tab-content-2352\" aria-expanded=\"false\">\n\t\t\t\t\t\t\t\t\t\t\t\t<span class=\"elementor-toggle-icon elementor-toggle-icon-left\" aria-hidden=\"true\">\n\t\t\t\t\t\t\t\t\t\t\t\t\t\t\t<span class=\"elementor-toggle-icon-closed\"><svg class=\"e-font-icon-svg e-fas-caret-right\" viewBox=\"0 0 192 512\" xmlns=\"http:\/\/www.w3.org\/2000\/svg\"><path d=\"M0 384.662V127.338c0-17.818 21.543-26.741 34.142-14.142l128.662 128.662c7.81 7.81 7.81 20.474 0 28.284L34.142 398.804C21.543 411.404 0 402.48 0 384.662z\"><\/path><\/svg><\/span>\n\t\t\t\t\t\t\t\t<span class=\"elementor-toggle-icon-opened\"><svg class=\"elementor-toggle-icon-opened e-font-icon-svg e-fas-caret-up\" viewBox=\"0 0 320 512\" xmlns=\"http:\/\/www.w3.org\/2000\/svg\"><path d=\"M288.662 352H31.338c-17.818 0-26.741-21.543-14.142-34.142l128.662-128.662c7.81-7.81 20.474-7.81 28.284 0l128.662 128.662c12.6 12.599 3.676 34.142-14.142 34.142z\"><\/path><\/svg><\/span>\n\t\t\t\t\t\t\t\t\t\t\t\t\t<\/span>\n\t\t\t\t\t\t\t\t\t\t\t\t<a class=\"elementor-toggle-title\" tabindex=\"0\">\u00bfVale la pena visitar estos palacios en comparaci\u00f3n con otros palacios europeos?<\/a>\n\t\t\t\t\t<\/h3>\n\n\t\t\t\t\t<div id=\"elementor-tab-content-2352\" class=\"elementor-tab-content elementor-clearfix\" data-tab=\"2\" role=\"region\" aria-labelledby=\"elementor-tab-title-2352\"><p>\u00a1Sin duda! <a href=\"https:\/\/community.ricksteves.com\/travel-forum\/austria\/which-vienna-palace\" target=\"_blank\" rel=\"noopener\">Algunos viajeros incluso llegan a decir<\/a>: \u00abPreferimos nuestra visita a Schonbrunn antes que a Versalles\u00bb. <strong>La ventaja de los palacios vieneses es su excelente estado de conservaci\u00f3n<\/strong> y lo bien que se cuentan las historias de figuras magn\u00e9ticas como Sissi o Mar\u00eda Teresa. Esto hace que la visita se sienta muy humana y menos &#8216;impersonal&#8217; que otros monumentos europeos.<\/p><\/div>\n\t\t\t\t<\/div>\n\t\t\t\t\t\t\t<div class=\"elementor-toggle-item\">\n\t\t\t\t\t<h3 id=\"elementor-tab-title-2353\" class=\"elementor-tab-title\" data-tab=\"3\" role=\"button\" aria-controls=\"elementor-tab-content-2353\" aria-expanded=\"false\">\n\t\t\t\t\t\t\t\t\t\t\t\t<span class=\"elementor-toggle-icon elementor-toggle-icon-left\" aria-hidden=\"true\">\n\t\t\t\t\t\t\t\t\t\t\t\t\t\t\t<span class=\"elementor-toggle-icon-closed\"><svg class=\"e-font-icon-svg e-fas-caret-right\" viewBox=\"0 0 192 512\" xmlns=\"http:\/\/www.w3.org\/2000\/svg\"><path d=\"M0 384.662V127.338c0-17.818 21.543-26.741 34.142-14.142l128.662 128.662c7.81 7.81 7.81 20.474 0 28.284L34.142 398.804C21.543 411.404 0 402.48 0 384.662z\"><\/path><\/svg><\/span>\n\t\t\t\t\t\t\t\t<span class=\"elementor-toggle-icon-opened\"><svg class=\"elementor-toggle-icon-opened e-font-icon-svg e-fas-caret-up\" viewBox=\"0 0 320 512\" xmlns=\"http:\/\/www.w3.org\/2000\/svg\"><path d=\"M288.662 352H31.338c-17.818 0-26.741-21.543-14.142-34.142l128.662-128.662c7.81-7.81 20.474-7.81 28.284 0l128.662 128.662c12.6 12.599 3.676 34.142-14.142 34.142z\"><\/path><\/svg><\/span>\n\t\t\t\t\t\t\t\t\t\t\t\t\t<\/span>\n\t\t\t\t\t\t\t\t\t\t\t\t<a class=\"elementor-toggle-title\" tabindex=\"0\">\u00bfEs posible ver el Belvedere y Sch\u00f6nbrunn en el mismo d\u00eda?<\/a>\n\t\t\t\t\t<\/h3>\n\n\t\t\t\t\t<div id=\"elementor-tab-content-2353\" class=\"elementor-tab-content elementor-clearfix\" data-tab=\"3\" role=\"region\" aria-labelledby=\"elementor-tab-title-2353\"><p><strong>S\u00ed, pero terminar\u00e1 agotado<\/strong>. Si decide hacerlo, nuestro consejo es que empiece muy temprano en Sch\u00f6nbrunn, ya que es lo que m\u00e1s tiempo consume y lo que m\u00e1s se llena. Seg\u00fan <a href=\"https:\/\/www.reddit.com\/r\/wien\/comments\/1fn2w5k\/schonbrunn_or_belvedere_palace_vienna\/\" target=\"_blank\" rel=\"noopener\">un usuario de Reddit<\/a>: \u201cSi solo visita el palacio de Sch\u00f6nbrunn + sube a la Glorieta, ambos son posibles en un solo d\u00eda\u201d. Despu\u00e9s del almuerzo, podr\u00eda dirigirse al Belvedere para disfrutar del arte a un ritmo m\u00e1s relajado.<\/p><p>Sin embargo, tenga en cuenta que pasar\u00eda casi todo el d\u00eda en dos palacios barrocos, lo que <strong>podr\u00eda resultar repetitivo<\/strong>. Si solo tiene un d\u00eda, podr\u00eda ser mejor volver a leer la comparaci\u00f3n entre Sch\u00f6nbrunn y Belvedere y tal vez combinar uno de ellos con un paseo por el centro hist\u00f3rico de la ciudad.<\/p><\/div>\n\t\t\t\t<\/div>\n\t\t\t\t\t\t\t<div class=\"elementor-toggle-item\">\n\t\t\t\t\t<h3 id=\"elementor-tab-title-2354\" class=\"elementor-tab-title\" data-tab=\"4\" role=\"button\" aria-controls=\"elementor-tab-content-2354\" aria-expanded=\"false\">\n\t\t\t\t\t\t\t\t\t\t\t\t<span class=\"elementor-toggle-icon elementor-toggle-icon-left\" aria-hidden=\"true\">\n\t\t\t\t\t\t\t\t\t\t\t\t\t\t\t<span class=\"elementor-toggle-icon-closed\"><svg class=\"e-font-icon-svg e-fas-caret-right\" viewBox=\"0 0 192 512\" xmlns=\"http:\/\/www.w3.org\/2000\/svg\"><path d=\"M0 384.662V127.338c0-17.818 21.543-26.741 34.142-14.142l128.662 128.662c7.81 7.81 7.81 20.474 0 28.284L34.142 398.804C21.543 411.404 0 402.48 0 384.662z\"><\/path><\/svg><\/span>\n\t\t\t\t\t\t\t\t<span class=\"elementor-toggle-icon-opened\"><svg class=\"elementor-toggle-icon-opened e-font-icon-svg e-fas-caret-up\" viewBox=\"0 0 320 512\" xmlns=\"http:\/\/www.w3.org\/2000\/svg\"><path d=\"M288.662 352H31.338c-17.818 0-26.741-21.543-14.142-34.142l128.662-128.662c7.81-7.81 20.474-7.81 28.284 0l128.662 128.662c12.6 12.599 3.676 34.142-14.142 34.142z\"><\/path><\/svg><\/span>\n\t\t\t\t\t\t\t\t\t\t\t\t\t<\/span>\n\t\t\t\t\t\t\t\t\t\t\t\t<a class=\"elementor-toggle-title\" tabindex=\"0\">\u00bfD\u00f3nde est\u00e1 \"El Beso\" de Klimt?<\/a>\n\t\t\t\t\t<\/h3>\n\n\t\t\t\t\t<div id=\"elementor-tab-content-2354\" class=\"elementor-tab-content elementor-clearfix\" data-tab=\"4\" role=\"region\" aria-labelledby=\"elementor-tab-title-2354\"><p>El Beso de Gustav Klimt se exhibe permanentemente en el <strong>Belvedere Superior<\/strong>. Es importante no confundirlo con el Belvedere Inferior, que normalmente se utiliza para exposiciones temporales.<\/p><\/div>\n\t\t\t\t<\/div>\n\t\t\t\t\t\t\t\t<\/div>\n\t\t\t\t\t\t<\/div>\n\t\t\t\t<\/div>\n\t\t\t\t\t<\/div>\n\t\t\t\t<\/div>\n\t\t<div class=\"elementor-element elementor-element-c8effa2 e-flex e-con-boxed e-con e-parent\" data-id=\"c8effa2\" data-element_type=\"container\">\n\t\t\t\t\t<div class=\"e-con-inner\">\n\t\t\t\t<div class=\"elementor-element elementor-element-a775ff5 elementor-widget elementor-widget-heading\" data-id=\"a775ff5\" data-element_type=\"widget\" data-widget_type=\"heading.default\">\n\t\t\t\t<div class=\"elementor-widget-container\">\n\t\t\t\t\t<h3 class=\"elementor-heading-title elementor-size-default\">M\u00e1s informaci\u00f3n sobre el Palacio Belvedere<\/h3>\t\t\t\t<\/div>\n\t\t\t\t<\/div>\n\t\t\t\t\t<\/div>\n\t\t\t\t<\/div>\n\t\t\t\t<section class=\"elementor-section elementor-top-section elementor-element elementor-element-7e26ab8 elementor-section-boxed elementor-section-height-default elementor-section-height-default\" data-id=\"7e26ab8\" data-element_type=\"section\">\n\t\t\t\t\t\t<div class=\"elementor-container elementor-column-gap-custom\">\n\t\t\t\t\t<div class=\"elementor-column elementor-col-33 elementor-top-column elementor-element elementor-element-1b41bcf\" data-id=\"1b41bcf\" data-element_type=\"column\">\n\t\t\t<div class=\"elementor-widget-wrap elementor-element-populated\">\n\t\t\t\t\t\t<div class=\"elementor-element elementor-element-6594ce0 elementor-widget elementor-widget-image\" data-id=\"6594ce0\" data-element_type=\"widget\" data-widget_type=\"image.default\">\n\t\t\t\t<div class=\"elementor-widget-container\">\n\t\t\t\t\t\t\t\t\t\t\t\t\t\t\t\t<a href=\"https:\/\/belvederepalace.wientickets.org\/es\/entradas-para-el-palacio-belvedere\/\">\n\t\t\t\t\t\t\t<img loading=\"lazy\" decoding=\"async\" width=\"800\" height=\"472\" src=\"https:\/\/belvederepalace.wientickets.org\/wp-content\/uploads\/2024\/08\/belvedere-palace-faqs.webp\" class=\"attachment-large size-large wp-image-1562\" alt=\"\" srcset=\"https:\/\/belvederepalace.wientickets.org\/wp-content\/uploads\/2024\/08\/belvedere-palace-faqs.webp 900w, https:\/\/belvederepalace.wientickets.org\/wp-content\/uploads\/2024\/08\/belvedere-palace-faqs-300x177.webp 300w, https:\/\/belvederepalace.wientickets.org\/wp-content\/uploads\/2024\/08\/belvedere-palace-faqs-768x453.webp 768w\" sizes=\"(max-width: 800px) 100vw, 800px\" \/>\t\t\t\t\t\t\t\t<\/a>\n\t\t\t\t\t\t\t\t\t\t\t\t\t\t\t<\/div>\n\t\t\t\t<\/div>\n\t\t\t\t<div class=\"elementor-element elementor-element-ec59f92 elementor-widget elementor-widget-heading\" data-id=\"ec59f92\" data-element_type=\"widget\" data-widget_type=\"heading.default\">\n\t\t\t\t<div class=\"elementor-widget-container\">\n\t\t\t\t\t<p class=\"elementor-heading-title elementor-size-default\">ENTRADAS PARA EL PALACIO BELVEDERE<\/p>\t\t\t\t<\/div>\n\t\t\t\t<\/div>\n\t\t\t\t<div class=\"elementor-element elementor-element-790eade elementor-widget elementor-widget-heading\" data-id=\"790eade\" data-element_type=\"widget\" data-widget_type=\"heading.default\">\n\t\t\t\t<div class=\"elementor-widget-container\">\n\t\t\t\t\t<h3 class=\"elementor-heading-title elementor-size-default\"><a href=\"https:\/\/belvederepalace.wientickets.org\/es\/entradas-para-el-palacio-belvedere\/\">Entradas para el Palacio Belvedere Superior<\/a><\/h3>\t\t\t\t<\/div>\n\t\t\t\t<\/div>\n\t\t\t\t<div class=\"elementor-element elementor-element-07be3d2 elementor-widget elementor-widget-text-editor\" data-id=\"07be3d2\" data-element_type=\"widget\" data-widget_type=\"text-editor.default\">\n\t\t\t\t<div class=\"elementor-widget-container\">\n\t\t\t\t\t\t\t\t\t<p>Las entradas al Palacio Belvedere dan acceso a sus renombradas exposiciones de arte y a sus hermosos jardines. El palacio est\u00e1 dividido en dos partes principales&#8230; <a href=\"https:\/\/belvederepalace.wientickets.org\/es\/entradas-para-el-palacio-belvedere\/\">ver m\u00e1s<\/a><\/p>\t\t\t\t\t\t\t\t<\/div>\n\t\t\t\t<\/div>\n\t\t\t\t\t<\/div>\n\t\t<\/div>\n\t\t\t\t<div class=\"elementor-column elementor-col-33 elementor-top-column elementor-element elementor-element-7987720\" data-id=\"7987720\" data-element_type=\"column\">\n\t\t\t<div class=\"elementor-widget-wrap elementor-element-populated\">\n\t\t\t\t\t\t<div class=\"elementor-element elementor-element-056a2af elementor-widget elementor-widget-image\" data-id=\"056a2af\" data-element_type=\"widget\" data-widget_type=\"image.default\">\n\t\t\t\t<div class=\"elementor-widget-container\">\n\t\t\t\t\t\t\t\t\t\t\t\t\t\t\t\t<a href=\"https:\/\/belvederepalace.wientickets.org\/es\/ubicacion-del-palacio-belvedere\/\">\n\t\t\t\t\t\t\t<img loading=\"lazy\" decoding=\"async\" width=\"600\" height=\"400\" src=\"https:\/\/belvederepalace.wientickets.org\/wp-content\/uploads\/2024\/08\/location-of-belvedere-palace.webp\" class=\"attachment-large size-large wp-image-1369\" alt=\"\" srcset=\"https:\/\/belvederepalace.wientickets.org\/wp-content\/uploads\/2024\/08\/location-of-belvedere-palace.webp 600w, https:\/\/belvederepalace.wientickets.org\/wp-content\/uploads\/2024\/08\/location-of-belvedere-palace-300x200.webp 300w\" sizes=\"(max-width: 600px) 100vw, 600px\" \/>\t\t\t\t\t\t\t\t<\/a>\n\t\t\t\t\t\t\t\t\t\t\t\t\t\t\t<\/div>\n\t\t\t\t<\/div>\n\t\t\t\t<div class=\"elementor-element elementor-element-d62f475 elementor-widget elementor-widget-heading\" data-id=\"d62f475\" data-element_type=\"widget\" data-widget_type=\"heading.default\">\n\t\t\t\t<div class=\"elementor-widget-container\">\n\t\t\t\t\t<p class=\"elementor-heading-title elementor-size-default\">INFORMACI\u00d3N PARA EL VIAJERO<\/p>\t\t\t\t<\/div>\n\t\t\t\t<\/div>\n\t\t\t\t<div class=\"elementor-element elementor-element-bbdc5ad elementor-widget elementor-widget-heading\" data-id=\"bbdc5ad\" data-element_type=\"widget\" data-widget_type=\"heading.default\">\n\t\t\t\t<div class=\"elementor-widget-container\">\n\t\t\t\t\t<h3 class=\"elementor-heading-title elementor-size-default\"><a href=\"https:\/\/belvederepalace.wientickets.org\/es\/ubicacion-del-palacio-belvedere\/\">Ubicaci\u00f3n del Palacio Belvedere<\/a><\/h3>\t\t\t\t<\/div>\n\t\t\t\t<\/div>\n\t\t\t\t<div class=\"elementor-element elementor-element-8c5c8bc elementor-widget elementor-widget-text-editor\" data-id=\"8c5c8bc\" data-element_type=\"widget\" data-widget_type=\"text-editor.default\">\n\t\t\t\t<div class=\"elementor-widget-container\">\n\t\t\t\t\t\t\t\t\t<p>El Palacio Belvedere est\u00e1 situado en el distrito de Landstra\u00dfe de Viena, lo que facilita el acceso desde varias partes de la ciudad. Est\u00e1 c\u00e9ntricamente&#8230; <a href=\"https:\/\/belvederepalace.wientickets.org\/es\/ubicacion-del-palacio-belvedere\/\">ver m\u00e1s<\/a><\/p>\t\t\t\t\t\t\t\t<\/div>\n\t\t\t\t<\/div>\n\t\t\t\t\t<\/div>\n\t\t<\/div>\n\t\t\t\t<div class=\"elementor-column elementor-col-33 elementor-top-column elementor-element elementor-element-ea0759b\" data-id=\"ea0759b\" data-element_type=\"column\">\n\t\t\t<div class=\"elementor-widget-wrap elementor-element-populated\">\n\t\t\t\t\t\t<div class=\"elementor-element elementor-element-4316a24 elementor-widget elementor-widget-image\" data-id=\"4316a24\" data-element_type=\"widget\" data-widget_type=\"image.default\">\n\t\t\t\t<div class=\"elementor-widget-container\">\n\t\t\t\t\t\t\t\t\t\t\t\t\t\t\t\t<a href=\"https:\/\/belvederepalace.wientickets.org\/es\/informacion-del-palacio-belvedere\/\">\n\t\t\t\t\t\t\t<img loading=\"lazy\" decoding=\"async\" width=\"600\" height=\"400\" src=\"https:\/\/belvederepalace.wientickets.org\/wp-content\/uploads\/2024\/08\/highlights-of-belvedere-palace.webp\" class=\"attachment-large size-large wp-image-1366\" alt=\"\" srcset=\"https:\/\/belvederepalace.wientickets.org\/wp-content\/uploads\/2024\/08\/highlights-of-belvedere-palace.webp 600w, https:\/\/belvederepalace.wientickets.org\/wp-content\/uploads\/2024\/08\/highlights-of-belvedere-palace-300x200.webp 300w\" sizes=\"(max-width: 600px) 100vw, 600px\" \/>\t\t\t\t\t\t\t\t<\/a>\n\t\t\t\t\t\t\t\t\t\t\t\t\t\t\t<\/div>\n\t\t\t\t<\/div>\n\t\t\t\t<div class=\"elementor-element elementor-element-3e59f12 elementor-widget elementor-widget-heading\" data-id=\"3e59f12\" data-element_type=\"widget\" data-widget_type=\"heading.default\">\n\t\t\t\t<div class=\"elementor-widget-container\">\n\t\t\t\t\t<p class=\"elementor-heading-title elementor-size-default\">INFORMACI\u00d3N DEL PALACIO BELVEDERE<\/p>\t\t\t\t<\/div>\n\t\t\t\t<\/div>\n\t\t\t\t<div class=\"elementor-element elementor-element-bdb17d8 elementor-widget elementor-widget-heading\" data-id=\"bdb17d8\" data-element_type=\"widget\" data-widget_type=\"heading.default\">\n\t\t\t\t<div class=\"elementor-widget-container\">\n\t\t\t\t\t<h3 class=\"elementor-heading-title elementor-size-default\"><a href=\"https:\/\/belvederepalace.wientickets.org\/es\/informacion-del-palacio-belvedere\/\">Informaci\u00f3n del Palacio Belvedere<\/a><\/h3>\t\t\t\t<\/div>\n\t\t\t\t<\/div>\n\t\t\t\t<div class=\"elementor-element elementor-element-686bf1d elementor-widget elementor-widget-text-editor\" data-id=\"686bf1d\" data-element_type=\"widget\" data-widget_type=\"text-editor.default\">\n\t\t\t\t<div class=\"elementor-widget-container\">\n\t\t\t\t\t\t\t\t\t<p>El complejo del Palacio Belvedere es algo m\u00e1s que dos palacios; es un tesoro cultural que ofrece una visi\u00f3n completa de la Viena&#8230; <a href=\"https:\/\/belvederepalace.wientickets.org\/es\/informacion-del-palacio-belvedere\/\">ver m\u00e1s<\/a><\/p>\t\t\t\t\t\t\t\t<\/div>\n\t\t\t\t<\/div>\n\t\t\t\t\t<\/div>\n\t\t<\/div>\n\t\t\t\t\t<\/div>\n\t\t<\/section>\n\t\t\t\t<\/div>\n\t\t","protected":false},"excerpt":{"rendered":"<p>Palacio Belvedere vs. Palacio de Sch\u00f6nbrunn En esta gu\u00eda comparamos dos de los monumentos m\u00e1s emblem\u00e1ticos de Viena. Exploraremos sus diferencias hist\u00f3ricas, colecciones de arte y las experiencias de otros viajeros para ayudarte a decidir cu\u00e1l visitar: \u00bfSch\u00f6nbrunn o Belvedere? Reservar entradas Asistencia cuando la necesites Atenci\u00f3n al cliente para ayudarte con todo lo que [&hellip;]<\/p>\n","protected":false},"author":2,"featured_media":1531,"parent":0,"menu_order":0,"comment_status":"closed","ping_status":"closed","template":"elementor_header_footer","meta":{"footnotes":""},"class_list":["post-1732","page","type-page","status-publish","has-post-thumbnail","hentry"],"yoast_head":"<!-- This site is optimized with the Yoast SEO plugin v26.7 - https:\/\/yoast.com\/wordpress\/plugins\/seo\/ -->\n<title>Qu\u00e9 visitar: \u00bfel Palacio de Sch\u00f6nbrunn o el Belvedere?<\/title>\n<meta name=\"description\" content=\"Ambos son palacios emblem\u00e1ticos de Viena, pero aqu\u00ed analizamos su historia y sus espacios interiores para ayudarle a decidir entre Sch\u00f6nbrunn o Belvedere.\" \/>\n<meta name=\"robots\" content=\"index, follow, max-snippet:-1, max-image-preview:large, max-video-preview:-1\" \/>\n<link rel=\"canonical\" href=\"https:\/\/belvederepalace.wientickets.org\/es\/palacio-belvedere-frente-al-palacio-de-schonbrunn\/\" \/>\n<meta property=\"og:locale\" content=\"es_ES\" \/>\n<meta property=\"og:type\" content=\"article\" \/>\n<meta property=\"og:title\" content=\"Qu\u00e9 visitar: \u00bfel Palacio de Sch\u00f6nbrunn o el Belvedere?\" \/>\n<meta property=\"og:description\" content=\"Ambos son palacios emblem\u00e1ticos de Viena, pero aqu\u00ed analizamos su historia y sus espacios interiores para ayudarle a decidir entre Sch\u00f6nbrunn o Belvedere.\" \/>\n<meta property=\"og:url\" content=\"https:\/\/belvederepalace.wientickets.org\/es\/palacio-belvedere-frente-al-palacio-de-schonbrunn\/\" \/>\n<meta property=\"og:site_name\" content=\"Belvedere Palace Tickets\" \/>\n<meta property=\"article:modified_time\" content=\"2026-01-23T12:57:53+00:00\" \/>\n<meta property=\"og:image\" content=\"https:\/\/belvederepalace.wientickets.org\/wp-content\/uploads\/2025\/11\/lower-belvedere-1.webp\" \/>\n\t<meta property=\"og:image:width\" content=\"1200\" \/>\n\t<meta property=\"og:image:height\" content=\"800\" \/>\n\t<meta property=\"og:image:type\" content=\"image\/webp\" \/>\n<meta name=\"twitter:card\" content=\"summary_large_image\" \/>\n<meta name=\"twitter:label1\" content=\"Tiempo de lectura\" \/>\n\t<meta name=\"twitter:data1\" content=\"15 minutos\" \/>\n<script type=\"application\/ld+json\" class=\"yoast-schema-graph\">{\"@context\":\"https:\/\/schema.org\",\"@graph\":[{\"@type\":\"WebPage\",\"@id\":\"https:\/\/belvederepalace.wientickets.org\/es\/palacio-belvedere-frente-al-palacio-de-schonbrunn\/\",\"url\":\"https:\/\/belvederepalace.wientickets.org\/es\/palacio-belvedere-frente-al-palacio-de-schonbrunn\/\",\"name\":\"Qu\u00e9 visitar: \u00bfel Palacio de Sch\u00f6nbrunn o el Belvedere?\",\"isPartOf\":{\"@id\":\"https:\/\/belvederepalace.wientickets.org\/es\/#website\"},\"primaryImageOfPage\":{\"@id\":\"https:\/\/belvederepalace.wientickets.org\/es\/palacio-belvedere-frente-al-palacio-de-schonbrunn\/#primaryimage\"},\"image\":{\"@id\":\"https:\/\/belvederepalace.wientickets.org\/es\/palacio-belvedere-frente-al-palacio-de-schonbrunn\/#primaryimage\"},\"thumbnailUrl\":\"https:\/\/belvederepalace.wientickets.org\/wp-content\/uploads\/2025\/11\/lower-belvedere-1.webp\",\"datePublished\":\"2025-12-30T13:58:25+00:00\",\"dateModified\":\"2026-01-23T12:57:53+00:00\",\"description\":\"Ambos son palacios emblem\u00e1ticos de Viena, pero aqu\u00ed analizamos su historia y sus espacios interiores para ayudarle a decidir entre Sch\u00f6nbrunn o Belvedere.\",\"breadcrumb\":{\"@id\":\"https:\/\/belvederepalace.wientickets.org\/es\/palacio-belvedere-frente-al-palacio-de-schonbrunn\/#breadcrumb\"},\"inLanguage\":\"es\",\"potentialAction\":[{\"@type\":\"ReadAction\",\"target\":[\"https:\/\/belvederepalace.wientickets.org\/es\/palacio-belvedere-frente-al-palacio-de-schonbrunn\/\"]}]},{\"@type\":\"ImageObject\",\"inLanguage\":\"es\",\"@id\":\"https:\/\/belvederepalace.wientickets.org\/es\/palacio-belvedere-frente-al-palacio-de-schonbrunn\/#primaryimage\",\"url\":\"https:\/\/belvederepalace.wientickets.org\/wp-content\/uploads\/2025\/11\/lower-belvedere-1.webp\",\"contentUrl\":\"https:\/\/belvederepalace.wientickets.org\/wp-content\/uploads\/2025\/11\/lower-belvedere-1.webp\",\"width\":1200,\"height\":800,\"caption\":\"Bajo Belvedere\"},{\"@type\":\"BreadcrumbList\",\"@id\":\"https:\/\/belvederepalace.wientickets.org\/es\/palacio-belvedere-frente-al-palacio-de-schonbrunn\/#breadcrumb\",\"itemListElement\":[{\"@type\":\"ListItem\",\"position\":1,\"name\":\"Home\",\"item\":\"https:\/\/belvederepalace.wientickets.org\/es\/\"},{\"@type\":\"ListItem\",\"position\":2,\"name\":\"Palacio Belvedere frente al Palacio de Sch\u00f6nbrunn\"}]},{\"@type\":\"WebSite\",\"@id\":\"https:\/\/belvederepalace.wientickets.org\/es\/#website\",\"url\":\"https:\/\/belvederepalace.wientickets.org\/es\/\",\"name\":\"Belvedere Palace Tickets\",\"description\":\"\",\"publisher\":{\"@id\":\"https:\/\/belvederepalace.wientickets.org\/es\/#organization\"},\"potentialAction\":[{\"@type\":\"SearchAction\",\"target\":{\"@type\":\"EntryPoint\",\"urlTemplate\":\"https:\/\/belvederepalace.wientickets.org\/es\/?s={search_term_string}\"},\"query-input\":{\"@type\":\"PropertyValueSpecification\",\"valueRequired\":true,\"valueName\":\"search_term_string\"}}],\"inLanguage\":\"es\"},{\"@type\":\"Organization\",\"@id\":\"https:\/\/belvederepalace.wientickets.org\/es\/#organization\",\"name\":\"Entradas para el Palacio Belvedere\",\"url\":\"https:\/\/belvederepalace.wientickets.org\/es\/\",\"logo\":{\"@type\":\"ImageObject\",\"inLanguage\":\"es\",\"@id\":\"https:\/\/belvederepalace.wientickets.org\/es\/#\/schema\/logo\/image\/\",\"url\":\"https:\/\/belvederepalace.wientickets.org\/wp-content\/uploads\/2024\/08\/belvedere-palace-tickets-logo.png\",\"contentUrl\":\"https:\/\/belvederepalace.wientickets.org\/wp-content\/uploads\/2024\/08\/belvedere-palace-tickets-logo.png\",\"width\":375,\"height\":70,\"caption\":\"Entradas para el Palacio Belvedere\"},\"image\":{\"@id\":\"https:\/\/belvederepalace.wientickets.org\/es\/#\/schema\/logo\/image\/\"}}]}<\/script>\n<!-- \/ Yoast SEO plugin. -->","yoast_head_json":{"title":"Qu\u00e9 visitar: \u00bfel Palacio de Sch\u00f6nbrunn o el Belvedere?","description":"Ambos son palacios emblem\u00e1ticos de Viena, pero aqu\u00ed analizamos su historia y sus espacios interiores para ayudarle a decidir entre Sch\u00f6nbrunn o Belvedere.","robots":{"index":"index","follow":"follow","max-snippet":"max-snippet:-1","max-image-preview":"max-image-preview:large","max-video-preview":"max-video-preview:-1"},"canonical":"https:\/\/belvederepalace.wientickets.org\/es\/palacio-belvedere-frente-al-palacio-de-schonbrunn\/","og_locale":"es_ES","og_type":"article","og_title":"Qu\u00e9 visitar: \u00bfel Palacio de Sch\u00f6nbrunn o el Belvedere?","og_description":"Ambos son palacios emblem\u00e1ticos de Viena, pero aqu\u00ed analizamos su historia y sus espacios interiores para ayudarle a decidir entre Sch\u00f6nbrunn o Belvedere.","og_url":"https:\/\/belvederepalace.wientickets.org\/es\/palacio-belvedere-frente-al-palacio-de-schonbrunn\/","og_site_name":"Belvedere Palace Tickets","article_modified_time":"2026-01-23T12:57:53+00:00","og_image":[{"width":1200,"height":800,"url":"https:\/\/belvederepalace.wientickets.org\/wp-content\/uploads\/2025\/11\/lower-belvedere-1.webp","type":"image\/webp"}],"twitter_card":"summary_large_image","twitter_misc":{"Tiempo de lectura":"15 minutos"},"schema":{"@context":"https:\/\/schema.org","@graph":[{"@type":"WebPage","@id":"https:\/\/belvederepalace.wientickets.org\/es\/palacio-belvedere-frente-al-palacio-de-schonbrunn\/","url":"https:\/\/belvederepalace.wientickets.org\/es\/palacio-belvedere-frente-al-palacio-de-schonbrunn\/","name":"Qu\u00e9 visitar: \u00bfel Palacio de Sch\u00f6nbrunn o el Belvedere?","isPartOf":{"@id":"https:\/\/belvederepalace.wientickets.org\/es\/#website"},"primaryImageOfPage":{"@id":"https:\/\/belvederepalace.wientickets.org\/es\/palacio-belvedere-frente-al-palacio-de-schonbrunn\/#primaryimage"},"image":{"@id":"https:\/\/belvederepalace.wientickets.org\/es\/palacio-belvedere-frente-al-palacio-de-schonbrunn\/#primaryimage"},"thumbnailUrl":"https:\/\/belvederepalace.wientickets.org\/wp-content\/uploads\/2025\/11\/lower-belvedere-1.webp","datePublished":"2025-12-30T13:58:25+00:00","dateModified":"2026-01-23T12:57:53+00:00","description":"Ambos son palacios emblem\u00e1ticos de Viena, pero aqu\u00ed analizamos su historia y sus espacios interiores para ayudarle a decidir entre Sch\u00f6nbrunn o Belvedere.","breadcrumb":{"@id":"https:\/\/belvederepalace.wientickets.org\/es\/palacio-belvedere-frente-al-palacio-de-schonbrunn\/#breadcrumb"},"inLanguage":"es","potentialAction":[{"@type":"ReadAction","target":["https:\/\/belvederepalace.wientickets.org\/es\/palacio-belvedere-frente-al-palacio-de-schonbrunn\/"]}]},{"@type":"ImageObject","inLanguage":"es","@id":"https:\/\/belvederepalace.wientickets.org\/es\/palacio-belvedere-frente-al-palacio-de-schonbrunn\/#primaryimage","url":"https:\/\/belvederepalace.wientickets.org\/wp-content\/uploads\/2025\/11\/lower-belvedere-1.webp","contentUrl":"https:\/\/belvederepalace.wientickets.org\/wp-content\/uploads\/2025\/11\/lower-belvedere-1.webp","width":1200,"height":800,"caption":"Bajo Belvedere"},{"@type":"BreadcrumbList","@id":"https:\/\/belvederepalace.wientickets.org\/es\/palacio-belvedere-frente-al-palacio-de-schonbrunn\/#breadcrumb","itemListElement":[{"@type":"ListItem","position":1,"name":"Home","item":"https:\/\/belvederepalace.wientickets.org\/es\/"},{"@type":"ListItem","position":2,"name":"Palacio Belvedere frente al Palacio de Sch\u00f6nbrunn"}]},{"@type":"WebSite","@id":"https:\/\/belvederepalace.wientickets.org\/es\/#website","url":"https:\/\/belvederepalace.wientickets.org\/es\/","name":"Belvedere Palace Tickets","description":"","publisher":{"@id":"https:\/\/belvederepalace.wientickets.org\/es\/#organization"},"potentialAction":[{"@type":"SearchAction","target":{"@type":"EntryPoint","urlTemplate":"https:\/\/belvederepalace.wientickets.org\/es\/?s={search_term_string}"},"query-input":{"@type":"PropertyValueSpecification","valueRequired":true,"valueName":"search_term_string"}}],"inLanguage":"es"},{"@type":"Organization","@id":"https:\/\/belvederepalace.wientickets.org\/es\/#organization","name":"Entradas para el Palacio Belvedere","url":"https:\/\/belvederepalace.wientickets.org\/es\/","logo":{"@type":"ImageObject","inLanguage":"es","@id":"https:\/\/belvederepalace.wientickets.org\/es\/#\/schema\/logo\/image\/","url":"https:\/\/belvederepalace.wientickets.org\/wp-content\/uploads\/2024\/08\/belvedere-palace-tickets-logo.png","contentUrl":"https:\/\/belvederepalace.wientickets.org\/wp-content\/uploads\/2024\/08\/belvedere-palace-tickets-logo.png","width":375,"height":70,"caption":"Entradas para el Palacio Belvedere"},"image":{"@id":"https:\/\/belvederepalace.wientickets.org\/es\/#\/schema\/logo\/image\/"}}]}},"_links":{"self":[{"href":"https:\/\/belvederepalace.wientickets.org\/es\/wp-json\/wp\/v2\/pages\/1732","targetHints":{"allow":["GET"]}}],"collection":[{"href":"https:\/\/belvederepalace.wientickets.org\/es\/wp-json\/wp\/v2\/pages"}],"about":[{"href":"https:\/\/belvederepalace.wientickets.org\/es\/wp-json\/wp\/v2\/types\/page"}],"author":[{"embeddable":true,"href":"https:\/\/belvederepalace.wientickets.org\/es\/wp-json\/wp\/v2\/users\/2"}],"replies":[{"embeddable":true,"href":"https:\/\/belvederepalace.wientickets.org\/es\/wp-json\/wp\/v2\/comments?post=1732"}],"version-history":[{"count":20,"href":"https:\/\/belvederepalace.wientickets.org\/es\/wp-json\/wp\/v2\/pages\/1732\/revisions"}],"predecessor-version":[{"id":2722,"href":"https:\/\/belvederepalace.wientickets.org\/es\/wp-json\/wp\/v2\/pages\/1732\/revisions\/2722"}],"wp:featuredmedia":[{"embeddable":true,"href":"https:\/\/belvederepalace.wientickets.org\/es\/wp-json\/wp\/v2\/media\/1531"}],"wp:attachment":[{"href":"https:\/\/belvederepalace.wientickets.org\/es\/wp-json\/wp\/v2\/media?parent=1732"}],"curies":[{"name":"wp","href":"https:\/\/api.w.org\/{rel}","templated":true}]}}