{"id":2003,"date":"2025-12-15T16:14:20","date_gmt":"2025-12-15T16:14:20","guid":{"rendered":"https:\/\/belvederepalace.wientickets.org\/mercado-de-navidad-de-belvedere\/"},"modified":"2026-01-23T11:57:47","modified_gmt":"2026-01-23T11:57:47","slug":"mercado-de-navidad-de-belvedere","status":"publish","type":"page","link":"https:\/\/belvederepalace.wientickets.org\/es\/mercado-de-navidad-de-belvedere\/","title":{"rendered":"Mercado de Navidad de Belvedere"},"content":{"rendered":"\t\t<div data-elementor-type=\"wp-page\" data-elementor-id=\"2003\" class=\"elementor elementor-2003 elementor-800\">\n\t\t\t\t\t\t<section class=\"elementor-section elementor-top-section elementor-element elementor-element-7dc6aa5 intro-section elementor-section-boxed elementor-section-height-default elementor-section-height-default\" data-id=\"7dc6aa5\" data-element_type=\"section\">\n\t\t\t\t\t\t<div class=\"elementor-container elementor-column-gap-default\">\n\t\t\t\t\t<div class=\"elementor-column elementor-col-50 elementor-top-column elementor-element elementor-element-15ede4f\" data-id=\"15ede4f\" data-element_type=\"column\">\n\t\t\t<div class=\"elementor-widget-wrap elementor-element-populated\">\n\t\t\t\t\t\t<section class=\"elementor-section elementor-inner-section elementor-element elementor-element-2834688 elementor-section-boxed elementor-section-height-default elementor-section-height-default\" data-id=\"2834688\" data-element_type=\"section\">\n\t\t\t\t\t\t<div class=\"elementor-container elementor-column-gap-default\">\n\t\t\t\t\t<div class=\"elementor-column elementor-col-100 elementor-inner-column elementor-element elementor-element-294d9a2\" data-id=\"294d9a2\" data-element_type=\"column\">\n\t\t\t<div class=\"elementor-widget-wrap elementor-element-populated\">\n\t\t\t\t\t\t<div class=\"elementor-element elementor-element-18e21c3 title-mobile elementor-widget elementor-widget-heading\" data-id=\"18e21c3\" data-element_type=\"widget\" data-widget_type=\"heading.default\">\n\t\t\t\t<div class=\"elementor-widget-container\">\n\t\t\t\t\t<h1 class=\"elementor-heading-title elementor-size-default\">Mercado de Navidad de Belvedere<\/h1>\t\t\t\t<\/div>\n\t\t\t\t<\/div>\n\t\t\t\t<div class=\"elementor-element elementor-element-a3d0c92 text-mobile elementor-widget__width-initial elementor-widget elementor-widget-text-editor\" data-id=\"a3d0c92\" data-element_type=\"widget\" data-widget_type=\"text-editor.default\">\n\t\t\t\t<div class=\"elementor-widget-container\">\n\t\t\t\t\t\t\t\t\t<p>El <strong>Mercado de Navidad del Belvedere<\/strong> es uno de los m\u00e1s bonitos que encontrar\u00e1s en Viena, gracias a su impresionante ubicaci\u00f3n justo delante del majestuoso Palacio del Belvedere. Aqu\u00ed te contamos todo lo que necesitas saber para planificar tu visita. <\/p>\t\t\t\t\t\t\t\t<\/div>\n\t\t\t\t<\/div>\n\t\t\t\t\t<\/div>\n\t\t<\/div>\n\t\t\t\t\t<\/div>\n\t\t<\/section>\n\t\t\t\t<div class=\"elementor-element elementor-element-54ad01d btn-primary elementor-widget elementor-widget-button\" data-id=\"54ad01d\" data-element_type=\"widget\" data-widget_type=\"button.default\">\n\t\t\t\t<div class=\"elementor-widget-container\">\n\t\t\t\t\t\t\t\t\t<div class=\"elementor-button-wrapper\">\n\t\t\t\t\t<a class=\"elementor-button elementor-button-link elementor-size-sm\" href=\"https:\/\/belvederepalace.wientickets.org\/es\/entradas-para-el-palacio-belvedere\/\">\n\t\t\t\t\t\t<span class=\"elementor-button-content-wrapper\">\n\t\t\t\t\t\t\t\t\t<span class=\"elementor-button-text\">Reservar entradas<\/span>\n\t\t\t\t\t<\/span>\n\t\t\t\t\t<\/a>\n\t\t\t\t<\/div>\n\t\t\t\t\t\t\t\t<\/div>\n\t\t\t\t<\/div>\n\t\t\t\t\t<\/div>\n\t\t<\/div>\n\t\t\t\t<div class=\"elementor-column elementor-col-50 elementor-top-column elementor-element elementor-element-0fd519f\" data-id=\"0fd519f\" data-element_type=\"column\">\n\t\t\t<div class=\"elementor-widget-wrap elementor-element-populated\">\n\t\t\t\t\t\t<div class=\"elementor-element elementor-element-d086d11 elementor-hidden-mobile elementor-widget__width-initial elementor-widget elementor-widget-image\" data-id=\"d086d11\" data-element_type=\"widget\" data-widget_type=\"image.default\">\n\t\t\t\t<div class=\"elementor-widget-container\">\n\t\t\t\t\t\t\t\t\t\t\t\t\t\t\t<img fetchpriority=\"high\" decoding=\"async\" width=\"800\" height=\"532\" src=\"https:\/\/belvederepalace.wientickets.org\/wp-content\/uploads\/2025\/12\/belvedere-christmas-market-vienna-day.webp\" class=\"attachment-large size-large wp-image-2004\" alt=\"Mercado de Navidad de Belvedere durante el d\u00eda\" srcset=\"https:\/\/belvederepalace.wientickets.org\/wp-content\/uploads\/2025\/12\/belvedere-christmas-market-vienna-day.webp 800w, https:\/\/belvederepalace.wientickets.org\/wp-content\/uploads\/2025\/12\/belvedere-christmas-market-vienna-day-300x200.webp 300w, https:\/\/belvederepalace.wientickets.org\/wp-content\/uploads\/2025\/12\/belvedere-christmas-market-vienna-day-768x511.webp 768w\" sizes=\"(max-width: 800px) 100vw, 800px\" \/>\t\t\t\t\t\t\t\t\t\t\t\t\t\t\t<\/div>\n\t\t\t\t<\/div>\n\t\t\t\t\t<\/div>\n\t\t<\/div>\n\t\t\t\t\t<\/div>\n\t\t<\/section>\n\t\t\t\t<section class=\"elementor-section elementor-top-section elementor-element elementor-element-886f707 elementor-section-height-min-height elementor-section-boxed elementor-section-height-default elementor-section-items-middle\" data-id=\"886f707\" data-element_type=\"section\" data-settings=\"{&quot;background_background&quot;:&quot;classic&quot;}\">\n\t\t\t\t\t\t<div class=\"elementor-container elementor-column-gap-default\">\n\t\t\t\t\t<div class=\"elementor-column elementor-col-100 elementor-top-column elementor-element elementor-element-f0d092d\" data-id=\"f0d092d\" data-element_type=\"column\">\n\t\t\t<div class=\"elementor-widget-wrap\">\n\t\t\t\t\t\t\t<\/div>\n\t\t<\/div>\n\t\t\t\t\t<\/div>\n\t\t<\/section>\n\t\t\t\t<section class=\"elementor-section elementor-top-section elementor-element elementor-element-a0c66ef elementor-section-height-min-height elementor-hidden-tablet elementor-hidden-mobile elementor-section-boxed elementor-section-height-default elementor-section-items-middle\" data-id=\"a0c66ef\" data-element_type=\"section\" data-settings=\"{&quot;background_background&quot;:&quot;classic&quot;}\">\n\t\t\t\t\t\t<div class=\"elementor-container elementor-column-gap-default\">\n\t\t\t\t\t<div class=\"elementor-column elementor-col-33 elementor-top-column elementor-element elementor-element-e874908\" data-id=\"e874908\" data-element_type=\"column\">\n\t\t\t<div class=\"elementor-widget-wrap elementor-element-populated\">\n\t\t\t\t\t\t<section class=\"elementor-section elementor-inner-section elementor-element elementor-element-d6def53 elementor-section-content-middle elementor-section-boxed elementor-section-height-default elementor-section-height-default\" data-id=\"d6def53\" data-element_type=\"section\">\n\t\t\t\t\t\t<div class=\"elementor-container elementor-column-gap-default\">\n\t\t\t\t\t<div class=\"elementor-column elementor-col-50 elementor-inner-column elementor-element elementor-element-f816bb8\" data-id=\"f816bb8\" data-element_type=\"column\">\n\t\t\t<div class=\"elementor-widget-wrap elementor-element-populated\">\n\t\t\t\t\t\t<div class=\"elementor-element elementor-element-2e149a0 elementor-widget elementor-widget-image\" data-id=\"2e149a0\" data-element_type=\"widget\" data-widget_type=\"image.default\">\n\t\t\t\t<div class=\"elementor-widget-container\">\n\t\t\t\t\t\t\t\t\t\t\t\t\t\t\t<img decoding=\"async\" width=\"496\" height=\"496\" src=\"https:\/\/belvederepalace.wientickets.org\/wp-content\/uploads\/2024\/08\/customer-service-1-1.png\" class=\"attachment-large size-large wp-image-1378\" alt=\"\" srcset=\"https:\/\/belvederepalace.wientickets.org\/wp-content\/uploads\/2024\/08\/customer-service-1-1.png 496w, https:\/\/belvederepalace.wientickets.org\/wp-content\/uploads\/2024\/08\/customer-service-1-1-300x300.png 300w, https:\/\/belvederepalace.wientickets.org\/wp-content\/uploads\/2024\/08\/customer-service-1-1-150x150.png 150w\" sizes=\"(max-width: 496px) 100vw, 496px\" \/>\t\t\t\t\t\t\t\t\t\t\t\t\t\t\t<\/div>\n\t\t\t\t<\/div>\n\t\t\t\t\t<\/div>\n\t\t<\/div>\n\t\t\t\t<div class=\"elementor-column elementor-col-50 elementor-inner-column elementor-element elementor-element-a7c4fae\" data-id=\"a7c4fae\" data-element_type=\"column\">\n\t\t\t<div class=\"elementor-widget-wrap elementor-element-populated\">\n\t\t\t\t\t\t<div class=\"elementor-element elementor-element-8b14000 elementor-widget elementor-widget-heading\" data-id=\"8b14000\" data-element_type=\"widget\" data-widget_type=\"heading.default\">\n\t\t\t\t<div class=\"elementor-widget-container\">\n\t\t\t\t\t<p class=\"elementor-heading-title elementor-size-default\">Asistencia cuando la necesites<\/p>\t\t\t\t<\/div>\n\t\t\t\t<\/div>\n\t\t\t\t<div class=\"elementor-element elementor-element-cdc5d3c elementor-widget elementor-widget-heading\" data-id=\"cdc5d3c\" data-element_type=\"widget\" data-widget_type=\"heading.default\">\n\t\t\t\t<div class=\"elementor-widget-container\">\n\t\t\t\t\t<p class=\"elementor-heading-title elementor-size-default\">Atenci\u00f3n al cliente para ayudarte con todo lo que necesites desde las 8:00 a. m. hasta las 6:00 p. m.<\/p>\t\t\t\t<\/div>\n\t\t\t\t<\/div>\n\t\t\t\t\t<\/div>\n\t\t<\/div>\n\t\t\t\t\t<\/div>\n\t\t<\/section>\n\t\t\t\t\t<\/div>\n\t\t<\/div>\n\t\t\t\t<div class=\"elementor-column elementor-col-33 elementor-top-column elementor-element elementor-element-15e6b6a\" data-id=\"15e6b6a\" data-element_type=\"column\">\n\t\t\t<div class=\"elementor-widget-wrap elementor-element-populated\">\n\t\t\t\t\t\t<section class=\"elementor-section elementor-inner-section elementor-element elementor-element-b7493ad elementor-section-content-middle elementor-section-boxed elementor-section-height-default elementor-section-height-default\" data-id=\"b7493ad\" data-element_type=\"section\">\n\t\t\t\t\t\t<div class=\"elementor-container elementor-column-gap-default\">\n\t\t\t\t\t<div class=\"elementor-column elementor-col-50 elementor-inner-column elementor-element elementor-element-14d10f6\" data-id=\"14d10f6\" data-element_type=\"column\">\n\t\t\t<div class=\"elementor-widget-wrap elementor-element-populated\">\n\t\t\t\t\t\t<div class=\"elementor-element elementor-element-ed3cfa9 elementor-widget elementor-widget-image\" data-id=\"ed3cfa9\" data-element_type=\"widget\" data-widget_type=\"image.default\">\n\t\t\t\t<div class=\"elementor-widget-container\">\n\t\t\t\t\t\t\t\t\t\t\t\t\t\t\t<img decoding=\"async\" width=\"488\" height=\"488\" src=\"https:\/\/belvederepalace.wientickets.org\/wp-content\/uploads\/2024\/08\/Group-333.png\" class=\"attachment-large size-large wp-image-1379\" alt=\"\" srcset=\"https:\/\/belvederepalace.wientickets.org\/wp-content\/uploads\/2024\/08\/Group-333.png 488w, https:\/\/belvederepalace.wientickets.org\/wp-content\/uploads\/2024\/08\/Group-333-300x300.png 300w, https:\/\/belvederepalace.wientickets.org\/wp-content\/uploads\/2024\/08\/Group-333-150x150.png 150w\" sizes=\"(max-width: 488px) 100vw, 488px\" \/>\t\t\t\t\t\t\t\t\t\t\t\t\t\t\t<\/div>\n\t\t\t\t<\/div>\n\t\t\t\t\t<\/div>\n\t\t<\/div>\n\t\t\t\t<div class=\"elementor-column elementor-col-50 elementor-inner-column elementor-element elementor-element-0dcf15e\" data-id=\"0dcf15e\" data-element_type=\"column\">\n\t\t\t<div class=\"elementor-widget-wrap elementor-element-populated\">\n\t\t\t\t\t\t<div class=\"elementor-element elementor-element-d6a97c6 elementor-widget elementor-widget-heading\" data-id=\"d6a97c6\" data-element_type=\"widget\" data-widget_type=\"heading.default\">\n\t\t\t\t<div class=\"elementor-widget-container\">\n\t\t\t\t\t<p class=\"elementor-heading-title elementor-size-default\">Reserva r\u00e1pida y en l\u00ednea<\/p>\t\t\t\t<\/div>\n\t\t\t\t<\/div>\n\t\t\t\t<div class=\"elementor-element elementor-element-8c2ad4a elementor-widget elementor-widget-heading\" data-id=\"8c2ad4a\" data-element_type=\"widget\" data-widget_type=\"heading.default\">\n\t\t\t\t<div class=\"elementor-widget-container\">\n\t\t\t\t\t<p class=\"elementor-heading-title elementor-size-default\">Elige la mejor opci\u00f3n para tus necesidades y preferencias y evita las colas reservando aqu\u00ed<\/p>\t\t\t\t<\/div>\n\t\t\t\t<\/div>\n\t\t\t\t\t<\/div>\n\t\t<\/div>\n\t\t\t\t\t<\/div>\n\t\t<\/section>\n\t\t\t\t\t<\/div>\n\t\t<\/div>\n\t\t\t\t<div class=\"elementor-column elementor-col-33 elementor-top-column elementor-element elementor-element-59f24b8\" data-id=\"59f24b8\" data-element_type=\"column\">\n\t\t\t<div class=\"elementor-widget-wrap elementor-element-populated\">\n\t\t\t\t\t\t<section class=\"elementor-section elementor-inner-section elementor-element elementor-element-b4f71cc elementor-section-content-middle elementor-section-boxed elementor-section-height-default elementor-section-height-default\" data-id=\"b4f71cc\" data-element_type=\"section\">\n\t\t\t\t\t\t<div class=\"elementor-container elementor-column-gap-default\">\n\t\t\t\t\t<div class=\"elementor-column elementor-col-50 elementor-inner-column elementor-element elementor-element-c79dfe5\" data-id=\"c79dfe5\" data-element_type=\"column\">\n\t\t\t<div class=\"elementor-widget-wrap elementor-element-populated\">\n\t\t\t\t\t\t<div class=\"elementor-element elementor-element-51bef04 elementor-widget elementor-widget-image\" data-id=\"51bef04\" data-element_type=\"widget\" data-widget_type=\"image.default\">\n\t\t\t\t<div class=\"elementor-widget-container\">\n\t\t\t\t\t\t\t\t\t\t\t\t\t\t\t<img loading=\"lazy\" decoding=\"async\" width=\"462\" height=\"683\" src=\"https:\/\/belvederepalace.wientickets.org\/wp-content\/uploads\/2024\/08\/top-attractions-in-paris.webp\" class=\"attachment-large size-large wp-image-1380\" alt=\"\" srcset=\"https:\/\/belvederepalace.wientickets.org\/wp-content\/uploads\/2024\/08\/top-attractions-in-paris.webp 462w, https:\/\/belvederepalace.wientickets.org\/wp-content\/uploads\/2024\/08\/top-attractions-in-paris-203x300.webp 203w\" sizes=\"(max-width: 462px) 100vw, 462px\" \/>\t\t\t\t\t\t\t\t\t\t\t\t\t\t\t<\/div>\n\t\t\t\t<\/div>\n\t\t\t\t\t<\/div>\n\t\t<\/div>\n\t\t\t\t<div class=\"elementor-column elementor-col-50 elementor-inner-column elementor-element elementor-element-c0a76aa\" data-id=\"c0a76aa\" data-element_type=\"column\">\n\t\t\t<div class=\"elementor-widget-wrap elementor-element-populated\">\n\t\t\t\t\t\t<div class=\"elementor-element elementor-element-eada2ef elementor-widget elementor-widget-heading\" data-id=\"eada2ef\" data-element_type=\"widget\" data-widget_type=\"heading.default\">\n\t\t\t\t<div class=\"elementor-widget-container\">\n\t\t\t\t\t<p class=\"elementor-heading-title elementor-size-default\">La 2.\u00aa mejor atracci\u00f3n de Viena<\/p>\t\t\t\t<\/div>\n\t\t\t\t<\/div>\n\t\t\t\t<div class=\"elementor-element elementor-element-35a0503 elementor-widget elementor-widget-heading\" data-id=\"35a0503\" data-element_type=\"widget\" data-widget_type=\"heading.default\">\n\t\t\t\t<div class=\"elementor-widget-container\">\n\t\t\t\t\t<p class=\"elementor-heading-title elementor-size-default\">Explora el Palacio Belvedere en Viena: belleza barroca, exuberantes jardines y el arte ic\u00f3nico de Klimt.\n\n\n\n\n<\/p>\t\t\t\t<\/div>\n\t\t\t\t<\/div>\n\t\t\t\t\t<\/div>\n\t\t<\/div>\n\t\t\t\t\t<\/div>\n\t\t<\/section>\n\t\t\t\t\t<\/div>\n\t\t<\/div>\n\t\t\t\t\t<\/div>\n\t\t<\/section>\n\t\t\t\t<section class=\"elementor-section elementor-top-section elementor-element elementor-element-e4fbeaf elementor-section-boxed elementor-section-height-default elementor-section-height-default\" data-id=\"e4fbeaf\" data-element_type=\"section\">\n\t\t\t\t\t\t<div class=\"elementor-container elementor-column-gap-default\">\n\t\t\t\t\t<div class=\"elementor-column elementor-col-100 elementor-top-column elementor-element elementor-element-6ccdcd3\" data-id=\"6ccdcd3\" data-element_type=\"column\">\n\t\t\t<div class=\"elementor-widget-wrap elementor-element-populated\">\n\t\t\t\t\t\t<div class=\"elementor-element elementor-element-65152bd elementor-widget elementor-widget-heading\" data-id=\"65152bd\" data-element_type=\"widget\" data-widget_type=\"heading.default\">\n\t\t\t\t<div class=\"elementor-widget-container\">\n\t\t\t\t\t<h2 class=\"elementor-heading-title elementor-size-default\">\u00bfCu\u00e1ndo abre el Mercado de Navidad de Belvedere?<\/h2>\t\t\t\t<\/div>\n\t\t\t\t<\/div>\n\t\t\t\t<div class=\"elementor-element elementor-element-38a4f86 elementor-widget elementor-widget-text-editor\" data-id=\"38a4f86\" data-element_type=\"widget\" data-widget_type=\"text-editor.default\">\n\t\t\t\t<div class=\"elementor-widget-container\">\n\t\t\t\t\t\t\t\t\t<p>El Mercado Navide\u00f1o del Belvedere de Viena suele <strong>abrir a mediados de noviembre y dura hasta Nochevieja<\/strong>. Esto te da un amplio margen para programar tu visita, aunque no viajes espec\u00edficamente en diciembre.<\/p><p>Las fechas de la \u00faltima edici\u00f3n del Mercado de Navidad del Palacio Belvedere fueron: <strong>Del 14 de noviembre al 31 de diciembre de 2025<\/strong>. Y en cuanto a los horarios, var\u00edan seg\u00fan el d\u00eda:<\/p><ul><li><strong>De lunes a viernes:<\/strong> de 11:00 a 21:00.<\/li><li><strong>S\u00e1bados y domingos:<\/strong> De 10:00 a 21:00 h.<\/li><li><strong>Nochebuena (24 de diciembre):<\/strong> de 11:00 a 16:00.<\/li><li><strong>Navidad (del 25 al 30 de diciembre):<\/strong> de 11:00 a 20:00 h.<\/li><li><strong>Nochevieja (31 de diciembre):<\/strong> de 11:00 a 18:00.<\/li><\/ul><p>Si ya te est\u00e1s preguntando por las <strong>fechas y horarios del Mercado de Navidad del Palacio Belvedere en 2026<\/strong>, esa informaci\u00f3n <strong>a\u00fan no est\u00e1 disponible<\/strong>, ya que estos detalles suelen confirmarse con unos meses de antelaci\u00f3n. Sin embargo, puedes utilizar el calendario de 2025 como referencia fiable, ya que el horario suele ser muy similar a\u00f1o tras a\u00f1o.<\/p>\t\t\t\t\t\t\t\t<\/div>\n\t\t\t\t<\/div>\n\t\t\t\t\t<\/div>\n\t\t<\/div>\n\t\t\t\t\t<\/div>\n\t\t<\/section>\n\t\t\t\t<section class=\"elementor-section elementor-top-section elementor-element elementor-element-af4ff3c elementor-section-boxed elementor-section-height-default elementor-section-height-default\" data-id=\"af4ff3c\" data-element_type=\"section\">\n\t\t\t\t\t\t<div class=\"elementor-container elementor-column-gap-default\">\n\t\t\t\t\t<div class=\"elementor-column elementor-col-50 elementor-top-column elementor-element elementor-element-a5f43ba\" data-id=\"a5f43ba\" data-element_type=\"column\">\n\t\t\t<div class=\"elementor-widget-wrap elementor-element-populated\">\n\t\t\t\t\t\t<div class=\"elementor-element elementor-element-528bbab elementor-widget elementor-widget-heading\" data-id=\"528bbab\" data-element_type=\"widget\" data-widget_type=\"heading.default\">\n\t\t\t\t<div class=\"elementor-widget-container\">\n\t\t\t\t\t<h2 class=\"elementor-heading-title elementor-size-default\">Lo que no te puedes perder en el Mercado de Navidad de Belvedere<\/h2>\t\t\t\t<\/div>\n\t\t\t\t<\/div>\n\t\t\t\t<div class=\"elementor-element elementor-element-ee55b83 elementor-widget elementor-widget-text-editor\" data-id=\"ee55b83\" data-element_type=\"widget\" data-widget_type=\"text-editor.default\">\n\t\t\t\t<div class=\"elementor-widget-container\">\n\t\t\t\t\t\t\t\t\t<p>El <strong>Mercado de Navidad del Palacio Belvedere<\/strong> es famoso por su entorno y por la calidad y variedad de sus puestos. Nuestra recomendaci\u00f3n es que vayas con tiempo suficiente para empaparte bien de todo. Aqu\u00ed tienes algunas cosas que encontrar\u00e1s all\u00ed:<\/p><ul><li><strong>Puestos de artesan\u00eda:<\/strong> Descubrir\u00e1s productos austriacos \u00fanicos, como adornos de vidrio soplado, cer\u00e1mica pintada a mano y juguetes tradicionales de madera.<\/li><li><strong>Tazas de <em>Gl\u00fchwein<\/em> coleccionables:<\/strong> Cada mercado de Viena tiene su propio dise\u00f1o de taza de vino caliente, y la de Belvedere es especialmente atractiva.<\/li><li><strong>Especialidades culinarias:<\/strong> No te vayas sin probar el Kaiserschmarrn (un postre tipo crepe troceado con compota de manzana) o las deliciosas patatas asadas.<\/li><li><strong>\u00c1rbol de los deseos:<\/strong> En el mercado suele haber un lugar especial donde puedes colgar tus deseos o prop\u00f3sitos para el A\u00f1o Nuevo.<\/li><li><strong>La iluminaci\u00f3n del Palacio:<\/strong> Aseg\u00farate de quedarte hasta el anochecer para ver el Palacio Belvedere iluminado, \u00a1es realmente espectacular!<\/li><\/ul>\t\t\t\t\t\t\t\t<\/div>\n\t\t\t\t<\/div>\n\t\t\t\t\t<\/div>\n\t\t<\/div>\n\t\t\t\t<div class=\"elementor-column elementor-col-50 elementor-top-column elementor-element elementor-element-16c8ab5\" data-id=\"16c8ab5\" data-element_type=\"column\">\n\t\t\t<div class=\"elementor-widget-wrap elementor-element-populated\">\n\t\t\t\t\t\t<div class=\"elementor-element elementor-element-f509041 elementor-widget elementor-widget-html\" data-id=\"f509041\" data-element_type=\"widget\" data-widget_type=\"html.default\">\n\t\t\t\t<div class=\"elementor-widget-container\">\n\t\t\t\t\t<div class=\"image-carousel-wrapper\">\r\n  <div class=\"image-carousel\">\r\n    <!-- Im\u00e1genes del Belvedere Palace -->\r\n    <div class=\"carousel-item active\">\r\n      <img decoding=\"async\" src=\"https:\/\/belvederepalace.wientickets.org\/wp-content\/uploads\/2025\/12\/Belvedere-christmas-market-decorations.webp\" alt=\"Adornos navide\u00f1os por Paul Easton, CC BY-NC-ND 2.0\">\r\n      <\/div>\r\n    <div class=\"carousel-item\">\r\n      <img decoding=\"async\" src=\"https:\/\/belvederepalace.wientickets.org\/wp-content\/uploads\/2025\/12\/lighting-belvedere-palace.webp\" alt=\"\"Belvedere en Navidad\" por fededotcom, CC BY-NC-SA 2.0\">\r\n    <\/div>\r\n    <div class=\"carousel-item\">\r\n      <img decoding=\"async\" src=\"https:\/\/belvederepalace.wientickets.org\/wp-content\/uploads\/2025\/12\/snow-globes-Belvedere-Christmas-market.webp\" alt=\"\"Mercado de Navidad Belvedere - Viena 2011\" por Otto Schlappack, CC BY 2.0\">\r\n    <\/div>\r\n    \r\n    <!-- Botones de navegaci\u00f3n -->\r\n    <button class=\"carousel-btn prev\" aria-label=\"Anterior\">\r\n      <svg width=\"24\" height=\"24\" viewbox=\"0 0 24 24\" fill=\"none\" stroke=\"currentColor\" stroke-width=\"2\">\r\n        <polyline points=\"15 18 9 12 15 6\"><\/polyline>\r\n      <\/polyline><\/svg>\r\n    <\/button>\r\n    <button class=\"carousel-btn next\" aria-label=\"Siguiente\">\r\n      <svg width=\"24\" height=\"24\" viewbox=\"0 0 24 24\" fill=\"none\" stroke=\"currentColor\" stroke-width=\"2\">\r\n        <polyline points=\"9 18 15 12 9 6\"><\/polyline>\r\n      <\/polyline><\/svg>\r\n    <\/button>\r\n    <div class=\"carousel-caption\"><\/div>\r\n  <\/div>\r\n  \r\n  \r\n  <!-- Indicadores -->\r\n  <div class=\"carousel-indicators\"><\/div>\r\n<\/div>\r\n\r\n<style>\r\n.image-carousel-wrapper {\r\n  width: 100%;\r\n  position: relative;\r\n}\r\n\r\n.image-carousel {\r\n  position: relative;\r\n  width: 100%;\r\n  height: 400px;\r\n  overflow: hidden;\r\n  border-radius: 8px;\r\n}\r\n\r\n.carousel-item {\r\n  position: absolute;\r\n  top: 0;\r\n  left: 0;\r\n  width: 100%;\r\n  height: 100%;\r\n  opacity: 0;\r\n  transition: opacity 0.5s ease-in-out;\r\n  pointer-events: none;\r\n}\r\n\r\n.carousel-item.active {\r\n  opacity: 1;\r\n  pointer-events: auto;\r\n}\r\n\r\n.carousel-item img {\r\n  width: 100%;\r\n  height: 400px;\r\n  object-fit: cover;\r\n  object-position: top center;\r\n  display: block;\r\n}\r\n\r\n.carousel-btn {\r\n  position: absolute;\r\n  top: 50%;\r\n  transform: translateY(-50%);\r\n  background: rgba(0, 0, 0, 0.5);\r\n  color: white;\r\n  border: none;\r\n  width: 45px;\r\n  height: 45px;\r\n  border-radius: 50%;\r\n  cursor: pointer;\r\n  display: flex;\r\n  align-items: center;\r\n  justify-content: center;\r\n  transition: background 0.3s ease;\r\n  z-index: 10;\r\n}\r\n\r\n\/* Asegurar que los SVG se vean correctamente *\/\r\n.carousel-btn svg {\r\n  display: block;\r\n  flex-shrink: 0;\r\n  width: 20px;\r\n  height: 20px;\r\n}\r\n\r\n.carousel-btn:hover {\r\n  background: rgba(0, 0, 0, 0.7);\r\n}\r\n\r\n.carousel-btn:focus {\r\n  background: #CE2B37;\r\n  outline: none;\r\n}\r\n\r\n.carousel-btn.prev {\r\n  left: 15px;\r\n}\r\n\r\n.carousel-btn.next {\r\n  right: 15px;\r\n}\r\n\r\n.carousel-indicators {\r\n  display: flex;\r\n  justify-content: center;\r\n  gap: 8px;\r\n  margin-top: 15px;\r\n}\r\n\r\n.carousel-indicator {\r\n  width: 10px;\r\n  height: 10px;\r\n  border-radius: 50%;\r\n  background: #ddd;\r\n  cursor: pointer;\r\n  transition: all 0.3s ease;\r\n}\r\n\r\n.carousel-indicator.active {\r\n  background: #333;\r\n  width: 30px;\r\n  border-radius: 5px;\r\n}\r\n\r\n\/* Mobile adjustments *\/\r\n@media (max-width: 768px) {\r\n  .carousel-btn {\r\n    width: 35px;\r\n    height: 35px;\r\n  }\r\n  \r\n  .carousel-btn.prev {\r\n    left: 10px;\r\n  }\r\n  \r\n  .carousel-btn.next {\r\n    right: 10px;\r\n  }\r\n  \r\n  .carousel-btn svg {\r\n    width: 18px;\r\n    height: 18px;\r\n  }\r\n}\r\n\r\n.carousel-caption {\r\n  position: absolute;\r\n  bottom: 15px;\r\n  left: 15px;\r\n  background: rgba(0, 0, 0, 0.6);\r\n  color: white;\r\n  padding: 10px 15px;\r\n  border-radius: 5px;\r\n  font-size: 14px;\r\n  max-width: 80%;\r\n  z-index: 10;\r\n}\r\n\r\n@media (max-width: 768px) {\r\n  .carousel-caption {\r\n    font-size: 12px;\r\n    padding: 8px 12px;\r\n    bottom: 10px;\r\n    left: 10px;\r\n  }\r\n}\r\n\r\n<\/style>\r\n\r\n<script>\r\ndocument.addEventListener('DOMContentLoaded', function() {\r\n  const carousels = document.querySelectorAll('.image-carousel-wrapper');\r\n  \r\n  carousels.forEach((wrapper) => {\r\n    const carousel = wrapper.querySelector('.image-carousel');\r\n    const items = carousel.querySelectorAll('.carousel-item');\r\n    const prevBtn = carousel.querySelector('.prev');\r\n    const nextBtn = carousel.querySelector('.next');\r\n    const indicatorsContainer = wrapper.querySelector('.carousel-indicators');\r\n    const caption = carousel.querySelector('.carousel-caption');\r\n    \r\n    let currentIndex = 0;\r\n    let autoplayInterval;\r\n    \r\n    \/\/ Variables para swipe\r\n    let touchStartX = 0;\r\n    let touchEndX = 0;\r\n    let touchStartY = 0;\r\n    let touchEndY = 0;\r\n    \r\n    items.forEach((_, index) => {\r\n      const indicator = document.createElement('div');\r\n      indicator.classList.add('carousel-indicator');\r\n      if (index === 0) indicator.classList.add('active');\r\n      indicator.addEventListener('click', () => {\r\n        stopAutoplay();\r\n        goToSlide(index);\r\n      });\r\n      indicatorsContainer.appendChild(indicator);\r\n    });\r\n    \r\n    const indicators = indicatorsContainer.querySelectorAll('.carousel-indicator');\r\n    \r\n    function updateCarousel() {\r\n      items.forEach((item, index) => {\r\n        item.classList.toggle('active', index === currentIndex);\r\n      });\r\n      \r\n      indicators.forEach((indicator, index) => {\r\n        indicator.classList.toggle('active', index === currentIndex);\r\n      });\r\n      \r\n      const currentImg = items[currentIndex].querySelector('img');\r\n      caption.textContent = currentImg.alt;\r\n    }\r\n    \r\n    function goToSlide(index) {\r\n      currentIndex = index;\r\n      updateCarousel();\r\n    }\r\n    \r\n    function nextSlide() {\r\n      currentIndex = (currentIndex + 1) % items.length;\r\n      updateCarousel();\r\n    }\r\n    \r\n    function prevSlide() {\r\n      currentIndex = (currentIndex - 1 + items.length) % items.length;\r\n      updateCarousel();\r\n    }\r\n    \r\n    function stopAutoplay() {\r\n      if (autoplayInterval) {\r\n        clearInterval(autoplayInterval);\r\n        autoplayInterval = null;\r\n      }\r\n    }\r\n    \r\n    \/\/ Detectar swipe\r\n    function handleSwipe() {\r\n      const diffX = touchEndX - touchStartX;\r\n      const diffY = Math.abs(touchEndY - touchStartY);\r\n      \r\n      \/\/ Solo procesar si el movimiento horizontal es mayor que el vertical\r\n      \/\/ y si el desplazamiento es suficiente (m\u00e1s de 50px)\r\n      if (Math.abs(diffX) > 50 && Math.abs(diffX) > diffY) {\r\n        stopAutoplay();\r\n        \r\n        if (diffX > 0) {\r\n          \/\/ Swipe derecha - ir a anterior\r\n          prevSlide();\r\n        } else {\r\n          \/\/ Swipe izquierda - ir a siguiente\r\n          nextSlide();\r\n        }\r\n      }\r\n    }\r\n    \r\n    \/\/ Event listeners para touch\r\n    carousel.addEventListener('touchstart', (e) => {\r\n      touchStartX = e.changedTouches[0].screenX;\r\n      touchStartY = e.changedTouches[0].screenY;\r\n    }, { passive: true });\r\n    \r\n    carousel.addEventListener('touchend', (e) => {\r\n      touchEndX = e.changedTouches[0].screenX;\r\n      touchEndY = e.changedTouches[0].screenY;\r\n      handleSwipe();\r\n    }, { passive: true });\r\n    \r\n    \/\/ Inicializar\r\n    updateCarousel();\r\n    \r\n    prevBtn.addEventListener('click', () => {\r\n      stopAutoplay();\r\n      prevSlide();\r\n    });\r\n    \r\n    nextBtn.addEventListener('click', () => {\r\n      stopAutoplay();\r\n      nextSlide();\r\n    });\r\n    \r\n    \/\/ Auto-play cada 6 segundos\r\n    autoplayInterval = setInterval(nextSlide, 6000);\r\n  });\r\n});\r\n<\/script>\t\t\t\t<\/div>\n\t\t\t\t<\/div>\n\t\t\t\t\t<\/div>\n\t\t<\/div>\n\t\t\t\t\t<\/div>\n\t\t<\/section>\n\t\t\t\t<section class=\"elementor-section elementor-top-section elementor-element elementor-element-6740906 elementor-section-boxed elementor-section-height-default elementor-section-height-default\" data-id=\"6740906\" data-element_type=\"section\">\n\t\t\t\t\t\t<div class=\"elementor-container elementor-column-gap-default\">\n\t\t\t\t\t<div class=\"elementor-column elementor-col-100 elementor-top-column elementor-element elementor-element-d44bcc8\" data-id=\"d44bcc8\" data-element_type=\"column\">\n\t\t\t<div class=\"elementor-widget-wrap elementor-element-populated\">\n\t\t\t\t\t\t<div class=\"elementor-element elementor-element-6b7837b elementor-widget elementor-widget-heading\" data-id=\"6b7837b\" data-element_type=\"widget\" data-widget_type=\"heading.default\">\n\t\t\t\t<div class=\"elementor-widget-container\">\n\t\t\t\t\t<h2 class=\"elementor-heading-title elementor-size-default\">\u00bfC\u00f3mo es el Mercado de Navidad de Belvedere?<\/h2>\t\t\t\t<\/div>\n\t\t\t\t<\/div>\n\t\t\t\t<div class=\"elementor-element elementor-element-af31662 elementor-widget elementor-widget-text-editor\" data-id=\"af31662\" data-element_type=\"widget\" data-widget_type=\"text-editor.default\">\n\t\t\t\t<div class=\"elementor-widget-container\">\n\t\t\t\t\t\t\t\t\t<p>El Mercado Navide\u00f1o del Belvedere es <strong>uno de los m\u00e1s elegantes y caracter\u00edsticos de Viena<\/strong>, y la raz\u00f3n es muy sencilla: su ubicaci\u00f3n. Se despliega en la plaza barroca situada justo delante del impresionante Palacio del Belvedere, creando un tel\u00f3n de fondo que le confiere un aire de majestuosidad que pocos mercados pueden igualar. <\/p>\t\t\t\t\t\t\t\t<\/div>\n\t\t\t\t<\/div>\n\t\t\t\t<div class=\"elementor-element elementor-element-e8541f9 elementor-widget elementor-widget-text-editor\" data-id=\"e8541f9\" data-element_type=\"widget\" data-widget_type=\"text-editor.default\">\n\t\t\t\t<div class=\"elementor-widget-container\">\n\t\t\t\t\t\t\t\t\t<h3>Decoraci\u00f3n e iluminaci\u00f3n del mercado<\/h3><p>Sinceramente, <strong>la decoraci\u00f3n del Mercado Navide\u00f1o del Belvedere de Viena es clave para entender por qu\u00e9 es tan famoso<\/strong>. No ver\u00e1s un exceso de brillantes y llamativas luces de colores; en su lugar, hay una iluminaci\u00f3n c\u00e1lida y sofisticada que resalta la arquitectura barroca del palacio. <\/p><p>Imag\u00ednate guirnaldas de luces doradas y blancas envolviendo los \u00e1rboles y los tejados de madera de los puestos, creando un ambiente \u00edntimo y acogedor. Es un mercado que <span style=\"text-decoration: underline;\">combina con \u00e9xito elegancia e historia<\/span> durante las fiestas. <\/p><p>Por la noche, el efecto es verdaderamente m\u00e1gico. La <strong>fachada del Palacio Belvedere<\/strong> se ilumina con una luz suave y gloriosa, y el reflejo en el estanque (a menudo helado) lo convierte en una imagen digna de una postal navide\u00f1a. <\/p><p>Adem\u00e1s, la sensaci\u00f3n de pasear entre los peque\u00f1os chalets de madera, con el aroma del <em>Gl\u00fchwein<\/em> y la canela en el aire, es sencillamente inolvidable. El ambiente suele ser <strong>un poco m\u00e1s tranquilo que el de los mercados m\u00e1s c\u00e9ntricos<\/strong>, lo que te permite disfrutar de un paseo m\u00e1s relajado. <\/p>\t\t\t\t\t\t\t\t<\/div>\n\t\t\t\t<\/div>\n\t\t\t\t<div class=\"elementor-element elementor-element-0e69424 elementor-widget elementor-widget-image\" data-id=\"0e69424\" data-element_type=\"widget\" data-widget_type=\"image.default\">\n\t\t\t\t<div class=\"elementor-widget-container\">\n\t\t\t\t\t\t\t\t\t\t\t\t\t\t\t<img loading=\"lazy\" decoding=\"async\" width=\"800\" height=\"523\" src=\"https:\/\/belvederepalace.wientickets.org\/wp-content\/uploads\/2025\/12\/upper-belvedere-facade.webp\" class=\"attachment-large size-large wp-image-2005\" alt=\"Fachada superior del Belvedere\" srcset=\"https:\/\/belvederepalace.wientickets.org\/wp-content\/uploads\/2025\/12\/upper-belvedere-facade.webp 1024w, https:\/\/belvederepalace.wientickets.org\/wp-content\/uploads\/2025\/12\/upper-belvedere-facade-300x196.webp 300w, https:\/\/belvederepalace.wientickets.org\/wp-content\/uploads\/2025\/12\/upper-belvedere-facade-768x503.webp 768w\" sizes=\"(max-width: 800px) 100vw, 800px\" \/>\t\t\t\t\t\t\t\t\t\t\t\t\t\t\t<\/div>\n\t\t\t\t<\/div>\n\t\t\t\t<div class=\"elementor-element elementor-element-03feeae elementor-widget elementor-widget-text-editor\" data-id=\"03feeae\" data-element_type=\"widget\" data-widget_type=\"text-editor.default\">\n\t\t\t\t<div class=\"elementor-widget-container\">\n\t\t\t\t\t\t\t\t\t<h3>Artesan\u00eda y productos \u00fanicos<\/h3><p>Otra raz\u00f3n por la que merece la pena visitar el Mercado de Navidad de Belvedere es la calidad de sus productos. Aqu\u00ed, <strong>los vendedores son cuidadosamente seleccionados para garantizar que lo que ofrecen es aut\u00e9ntica artesan\u00eda<\/strong>. No encontrar\u00e1s los t\u00edpicos souvenirs que se ven por todas partes. En cambio, el mercado se especializa en:   <\/p><ul><li><strong>Adornos navide\u00f1os hechos a mano:<\/strong> Desde bolas de cristal meticulosamente pintadas hasta figuras \u00fanicas de fieltro.<\/li><li><strong>Textiles y moda de invierno:<\/strong> Bufandas de lana de alpaca, gorros de punto y guantes de piel de alta calidad, perfectos para combatir el fr\u00edo vien\u00e9s.<\/li><li><strong>Productos gourmet:<\/strong> Miel local, licores artesanales y mermeladas caseras perfectas para regalar o darte un capricho.<\/li><\/ul>\t\t\t\t\t\t\t\t<\/div>\n\t\t\t\t<\/div>\n\t\t\t\t<div class=\"elementor-element elementor-element-f6fcc82 elementor-widget elementor-widget-text-editor\" data-id=\"f6fcc82\" data-element_type=\"widget\" data-widget_type=\"text-editor.default\">\n\t\t\t\t<div class=\"elementor-widget-container\">\n\t\t\t\t\t\t\t\t\t<h3>La oferta culinaria<\/h3>\n<p>Hablando de dulces y platos locales, <strong>la oferta culinaria del Mercado de Navidad del Palacio Belvedere es excelente<\/strong>, y adem\u00e1s de los cl\u00e1sicos, cuenta con especialidades que te encantar\u00e1n. La estrella indiscutible es <em>el Gl\u00fchwein<\/em> (vino caliente especiado), servido en las tazas de dise\u00f1o que hemos mencionado antes. Es una bebida tradicional que te calienta al instante, pero tambi\u00e9n hay otras delicias que deber\u00edas probar:  <\/p>\n<ul>\n<li><strong><em>Punsch<\/em>:<\/strong> Una alternativa al <em>Gl\u00fchwein<\/em>, a menudo a base de ron, t\u00e9 o zumo de frutas, y que es muy popular.<\/li>\n<li><strong><em>Bratwurst y Krainer<\/em>:<\/strong> Salchichas a la parrilla servidas sobre pan o con patatas, un cl\u00e1sico de la comida callejera austriaca de invierno.<\/li>\n<li><em><strong>Langos: <\/strong><\/em>Un tipo de pan plano frito cubierto con ajo, queso y crema agria, \u00a1bastante sabroso!<\/li>\n<\/ul>\t\t\t\t\t\t\t\t<\/div>\n\t\t\t\t<\/div>\n\t\t\t\t<div class=\"elementor-element elementor-element-c09dea1 elementor-widget elementor-widget-image\" data-id=\"c09dea1\" data-element_type=\"widget\" data-widget_type=\"image.default\">\n\t\t\t\t<div class=\"elementor-widget-container\">\n\t\t\t\t\t\t\t\t\t\t\t\t\t\t\t<img loading=\"lazy\" decoding=\"async\" width=\"800\" height=\"534\" src=\"https:\/\/belvederepalace.wientickets.org\/wp-content\/uploads\/2025\/12\/vienna-bratwurst-1024x683.webp\" class=\"attachment-large size-large wp-image-2006\" alt=\"Salchicha vienesa\" srcset=\"https:\/\/belvederepalace.wientickets.org\/wp-content\/uploads\/2025\/12\/vienna-bratwurst-1024x683.webp 1024w, https:\/\/belvederepalace.wientickets.org\/wp-content\/uploads\/2025\/12\/vienna-bratwurst-300x200.webp 300w, https:\/\/belvederepalace.wientickets.org\/wp-content\/uploads\/2025\/12\/vienna-bratwurst-768x512.webp 768w, https:\/\/belvederepalace.wientickets.org\/wp-content\/uploads\/2025\/12\/vienna-bratwurst.webp 1200w\" sizes=\"(max-width: 800px) 100vw, 800px\" \/>\t\t\t\t\t\t\t\t\t\t\t\t\t\t\t<\/div>\n\t\t\t\t<\/div>\n\t\t\t\t<div class=\"elementor-element elementor-element-c75158a elementor-widget elementor-widget-text-editor\" data-id=\"c75158a\" data-element_type=\"widget\" data-widget_type=\"text-editor.default\">\n\t\t\t\t<div class=\"elementor-widget-container\">\n\t\t\t\t\t\t\t\t\t<p>La verdad es que hay opciones para todos los gustos, desde dulces hasta saladas. <strong>La zona de comidas y bebidas<\/strong> suele tener mesas altas donde se re\u00fane la gente, lo que contribuye a ese ambiente comunitario y festivo que tanto se disfruta en esta \u00e9poca del a\u00f1o.<\/p>\t\t\t\t\t\t\t\t<\/div>\n\t\t\t\t<\/div>\n\t\t\t\t\t<\/div>\n\t\t<\/div>\n\t\t\t\t\t<\/div>\n\t\t<\/section>\n\t\t\t\t<section class=\"elementor-section elementor-top-section elementor-element elementor-element-80599df elementor-section-boxed elementor-section-height-default elementor-section-height-default\" data-id=\"80599df\" data-element_type=\"section\">\n\t\t\t\t\t\t<div class=\"elementor-container elementor-column-gap-default\">\n\t\t\t\t\t<div class=\"elementor-column elementor-col-100 elementor-top-column elementor-element elementor-element-64e8ef6\" data-id=\"64e8ef6\" data-element_type=\"column\">\n\t\t\t<div class=\"elementor-widget-wrap elementor-element-populated\">\n\t\t\t\t\t\t<div class=\"elementor-element elementor-element-43ced94 elementor-widget elementor-widget-heading\" data-id=\"43ced94\" data-element_type=\"widget\" data-widget_type=\"heading.default\">\n\t\t\t\t<div class=\"elementor-widget-container\">\n\t\t\t\t\t<h2 class=\"elementor-heading-title elementor-size-default\">Preguntas frecuentes sobre el Mercado de Navidad de Belvedere<\/h2>\t\t\t\t<\/div>\n\t\t\t\t<\/div>\n\t\t\t\t\t<\/div>\n\t\t<\/div>\n\t\t\t\t\t<\/div>\n\t\t<\/section>\n\t\t<div class=\"elementor-element elementor-element-834dbdc e-flex e-con-boxed e-con e-parent\" data-id=\"834dbdc\" data-element_type=\"container\">\n\t\t\t\t\t<div class=\"e-con-inner\">\n\t\t\t\t<div class=\"elementor-element elementor-element-0888475 elementor-widget elementor-widget-toggle\" data-id=\"0888475\" data-element_type=\"widget\" data-widget_type=\"toggle.default\">\n\t\t\t\t<div class=\"elementor-widget-container\">\n\t\t\t\t\t\t\t<div class=\"elementor-toggle\">\n\t\t\t\t\t\t\t<div class=\"elementor-toggle-item\">\n\t\t\t\t\t<h3 id=\"elementor-tab-title-8941\" class=\"elementor-tab-title\" data-tab=\"1\" role=\"button\" aria-controls=\"elementor-tab-content-8941\" aria-expanded=\"false\">\n\t\t\t\t\t\t\t\t\t\t\t\t<span class=\"elementor-toggle-icon elementor-toggle-icon-left\" aria-hidden=\"true\">\n\t\t\t\t\t\t\t\t\t\t\t\t\t\t\t<span class=\"elementor-toggle-icon-closed\"><svg class=\"e-font-icon-svg e-fas-caret-right\" viewBox=\"0 0 192 512\" xmlns=\"http:\/\/www.w3.org\/2000\/svg\"><path d=\"M0 384.662V127.338c0-17.818 21.543-26.741 34.142-14.142l128.662 128.662c7.81 7.81 7.81 20.474 0 28.284L34.142 398.804C21.543 411.404 0 402.48 0 384.662z\"><\/path><\/svg><\/span>\n\t\t\t\t\t\t\t\t<span class=\"elementor-toggle-icon-opened\"><svg class=\"elementor-toggle-icon-opened e-font-icon-svg e-fas-caret-up\" viewBox=\"0 0 320 512\" xmlns=\"http:\/\/www.w3.org\/2000\/svg\"><path d=\"M288.662 352H31.338c-17.818 0-26.741-21.543-14.142-34.142l128.662-128.662c7.81-7.81 20.474-7.81 28.284 0l128.662 128.662c12.6 12.599 3.676 34.142-14.142 34.142z\"><\/path><\/svg><\/span>\n\t\t\t\t\t\t\t\t\t\t\t\t\t<\/span>\n\t\t\t\t\t\t\t\t\t\t\t\t<a class=\"elementor-toggle-title\" tabindex=\"0\">\u00bfEst\u00e1 abierto el Palacio Belvedere cuando hay Mercado de Navidad?<\/a>\n\t\t\t\t\t<\/h3>\n\n\t\t\t\t\t<div id=\"elementor-tab-content-8941\" class=\"elementor-tab-content elementor-clearfix\" data-tab=\"1\" role=\"region\" aria-labelledby=\"elementor-tab-title-8941\"><p>Por supuesto. <strong>El Palacio Belvedere sigue funcionando con su horario normal de museo<\/strong> mientras se celebra el Mercado Navide\u00f1o del Belvedere. Como el mercado est\u00e1 situado en la plaza exterior, no interfiere con las visitas a la colecci\u00f3n de arte del palacio. De este modo, puedes combinar f\u00e1cilmente tu visita cultural con el mercado, comer algo delicioso y comprar un recuerdo para ti y tus amigos.  <\/p>\n<\/div>\n\t\t\t\t<\/div>\n\t\t\t\t\t\t\t<div class=\"elementor-toggle-item\">\n\t\t\t\t\t<h3 id=\"elementor-tab-title-8942\" class=\"elementor-tab-title\" data-tab=\"2\" role=\"button\" aria-controls=\"elementor-tab-content-8942\" aria-expanded=\"false\">\n\t\t\t\t\t\t\t\t\t\t\t\t<span class=\"elementor-toggle-icon elementor-toggle-icon-left\" aria-hidden=\"true\">\n\t\t\t\t\t\t\t\t\t\t\t\t\t\t\t<span class=\"elementor-toggle-icon-closed\"><svg class=\"e-font-icon-svg e-fas-caret-right\" viewBox=\"0 0 192 512\" xmlns=\"http:\/\/www.w3.org\/2000\/svg\"><path d=\"M0 384.662V127.338c0-17.818 21.543-26.741 34.142-14.142l128.662 128.662c7.81 7.81 7.81 20.474 0 28.284L34.142 398.804C21.543 411.404 0 402.48 0 384.662z\"><\/path><\/svg><\/span>\n\t\t\t\t\t\t\t\t<span class=\"elementor-toggle-icon-opened\"><svg class=\"elementor-toggle-icon-opened e-font-icon-svg e-fas-caret-up\" viewBox=\"0 0 320 512\" xmlns=\"http:\/\/www.w3.org\/2000\/svg\"><path d=\"M288.662 352H31.338c-17.818 0-26.741-21.543-14.142-34.142l128.662-128.662c7.81-7.81 20.474-7.81 28.284 0l128.662 128.662c12.6 12.599 3.676 34.142-14.142 34.142z\"><\/path><\/svg><\/span>\n\t\t\t\t\t\t\t\t\t\t\t\t\t<\/span>\n\t\t\t\t\t\t\t\t\t\t\t\t<a class=\"elementor-toggle-title\" tabindex=\"0\">\u00bfHay otros mercados navide\u00f1os en Viena?<\/a>\n\t\t\t\t\t<\/h3>\n\n\t\t\t\t\t<div id=\"elementor-tab-content-8942\" class=\"elementor-tab-content elementor-clearfix\" data-tab=\"2\" role=\"region\" aria-labelledby=\"elementor-tab-title-8942\"><p><strong>S\u00ed, y \u00e9sa es una de las grandes ventajas de visitar la capital austriaca en invierno<\/strong>. Viena es famosa por su gran n\u00famero de mercadillos navide\u00f1os. Los m\u00e1s conocidos son el de <span style=\"text-decoration: underline;\">Rathausplatz<\/span> (frente al Ayuntamiento), que es el m\u00e1s grande y tradicional, y el mercado <span style=\"text-decoration: underline;\">de Spittelberg<\/span>, m\u00e1s peque\u00f1o pero con un encanto bohemio. Tambi\u00e9n puedes visitar el mercado de <span style=\"text-decoration: underline;\">Karlsplatz<\/span>, centrado en la artesan\u00eda art\u00edstica, y por \u00faltimo, el propio Mercado de Navidad de Belvedere. Si tienes tiempo, puedes visitar al menos un par para experimentar los distintos ambientes que ofrece cada uno.    <\/p>\n<\/div>\n\t\t\t\t<\/div>\n\t\t\t\t\t\t\t<div class=\"elementor-toggle-item\">\n\t\t\t\t\t<h3 id=\"elementor-tab-title-8943\" class=\"elementor-tab-title\" data-tab=\"3\" role=\"button\" aria-controls=\"elementor-tab-content-8943\" aria-expanded=\"false\">\n\t\t\t\t\t\t\t\t\t\t\t\t<span class=\"elementor-toggle-icon elementor-toggle-icon-left\" aria-hidden=\"true\">\n\t\t\t\t\t\t\t\t\t\t\t\t\t\t\t<span class=\"elementor-toggle-icon-closed\"><svg class=\"e-font-icon-svg e-fas-caret-right\" viewBox=\"0 0 192 512\" xmlns=\"http:\/\/www.w3.org\/2000\/svg\"><path d=\"M0 384.662V127.338c0-17.818 21.543-26.741 34.142-14.142l128.662 128.662c7.81 7.81 7.81 20.474 0 28.284L34.142 398.804C21.543 411.404 0 402.48 0 384.662z\"><\/path><\/svg><\/span>\n\t\t\t\t\t\t\t\t<span class=\"elementor-toggle-icon-opened\"><svg class=\"elementor-toggle-icon-opened e-font-icon-svg e-fas-caret-up\" viewBox=\"0 0 320 512\" xmlns=\"http:\/\/www.w3.org\/2000\/svg\"><path d=\"M288.662 352H31.338c-17.818 0-26.741-21.543-14.142-34.142l128.662-128.662c7.81-7.81 20.474-7.81 28.284 0l128.662 128.662c12.6 12.599 3.676 34.142-14.142 34.142z\"><\/path><\/svg><\/span>\n\t\t\t\t\t\t\t\t\t\t\t\t\t<\/span>\n\t\t\t\t\t\t\t\t\t\t\t\t<a class=\"elementor-toggle-title\" tabindex=\"0\">\u00bfPor qu\u00e9 son tan famosos los mercados navide\u00f1os de Viena?<\/a>\n\t\t\t\t\t<\/h3>\n\n\t\t\t\t\t<div id=\"elementor-tab-content-8943\" class=\"elementor-tab-content elementor-clearfix\" data-tab=\"3\" role=\"region\" aria-labelledby=\"elementor-tab-title-8943\"><p>Los mercados navide\u00f1os de Viena son famosos porque constituyen una <strong>tradici\u00f3n profundamente arraigada que se remonta al siglo XIII<\/strong>. Su fama reside en la perfecta combinaci\u00f3n de historia, arte y ambiente festivo. No se trata s\u00f3lo de la calidad de su artesan\u00eda y gastronom\u00eda, sino del marco incomparable que ofrecen sus plazas barrocas e imperiales. Lugares como el Palacio del Belvedere o el Rathaus no son s\u00f3lo el lugar, sino que forman parte de la experiencia. Adem\u00e1s, la cultura vienesa se desvive por crear una atm\u00f3sfera de <em>Gem\u00fctlichkeit<\/em> (acogedora y alegre) imposible de ignorar.    <\/p>\n<\/div>\n\t\t\t\t<\/div>\n\t\t\t\t\t\t\t<div class=\"elementor-toggle-item\">\n\t\t\t\t\t<h3 id=\"elementor-tab-title-8944\" class=\"elementor-tab-title\" data-tab=\"4\" role=\"button\" aria-controls=\"elementor-tab-content-8944\" aria-expanded=\"false\">\n\t\t\t\t\t\t\t\t\t\t\t\t<span class=\"elementor-toggle-icon elementor-toggle-icon-left\" aria-hidden=\"true\">\n\t\t\t\t\t\t\t\t\t\t\t\t\t\t\t<span class=\"elementor-toggle-icon-closed\"><svg class=\"e-font-icon-svg e-fas-caret-right\" viewBox=\"0 0 192 512\" xmlns=\"http:\/\/www.w3.org\/2000\/svg\"><path d=\"M0 384.662V127.338c0-17.818 21.543-26.741 34.142-14.142l128.662 128.662c7.81 7.81 7.81 20.474 0 28.284L34.142 398.804C21.543 411.404 0 402.48 0 384.662z\"><\/path><\/svg><\/span>\n\t\t\t\t\t\t\t\t<span class=\"elementor-toggle-icon-opened\"><svg class=\"elementor-toggle-icon-opened e-font-icon-svg e-fas-caret-up\" viewBox=\"0 0 320 512\" xmlns=\"http:\/\/www.w3.org\/2000\/svg\"><path d=\"M288.662 352H31.338c-17.818 0-26.741-21.543-14.142-34.142l128.662-128.662c7.81-7.81 20.474-7.81 28.284 0l128.662 128.662c12.6 12.599 3.676 34.142-14.142 34.142z\"><\/path><\/svg><\/span>\n\t\t\t\t\t\t\t\t\t\t\t\t\t<\/span>\n\t\t\t\t\t\t\t\t\t\t\t\t<a class=\"elementor-toggle-title\" tabindex=\"0\">\u00bfEs gratuito el Mercado de Navidad de Belvedere?<\/a>\n\t\t\t\t\t<\/h3>\n\n\t\t\t\t\t<div id=\"elementor-tab-content-8944\" class=\"elementor-tab-content elementor-clearfix\" data-tab=\"4\" role=\"region\" aria-labelledby=\"elementor-tab-title-8944\"><p><strong>\u00a1S\u00ed!<\/strong> El acceso al Mercado de Navidad del Belvedere <strong>es totalmente gratuito<\/strong>. No tienes que pagar ninguna entrada para pasear entre los puestos, disfrutar del ambiente y ver la iluminaci\u00f3n. S\u00f3lo pagar\u00e1s por lo que decidas consumir (comida, bebida, artesan\u00eda&#8230;). Por tanto, es una actividad accesible para todos los bolsillos.   <\/p>\n<\/div>\n\t\t\t\t<\/div>\n\t\t\t\t\t\t\t<div class=\"elementor-toggle-item\">\n\t\t\t\t\t<h3 id=\"elementor-tab-title-8945\" class=\"elementor-tab-title\" data-tab=\"5\" role=\"button\" aria-controls=\"elementor-tab-content-8945\" aria-expanded=\"false\">\n\t\t\t\t\t\t\t\t\t\t\t\t<span class=\"elementor-toggle-icon elementor-toggle-icon-left\" aria-hidden=\"true\">\n\t\t\t\t\t\t\t\t\t\t\t\t\t\t\t<span class=\"elementor-toggle-icon-closed\"><svg class=\"e-font-icon-svg e-fas-caret-right\" viewBox=\"0 0 192 512\" xmlns=\"http:\/\/www.w3.org\/2000\/svg\"><path d=\"M0 384.662V127.338c0-17.818 21.543-26.741 34.142-14.142l128.662 128.662c7.81 7.81 7.81 20.474 0 28.284L34.142 398.804C21.543 411.404 0 402.48 0 384.662z\"><\/path><\/svg><\/span>\n\t\t\t\t\t\t\t\t<span class=\"elementor-toggle-icon-opened\"><svg class=\"elementor-toggle-icon-opened e-font-icon-svg e-fas-caret-up\" viewBox=\"0 0 320 512\" xmlns=\"http:\/\/www.w3.org\/2000\/svg\"><path d=\"M288.662 352H31.338c-17.818 0-26.741-21.543-14.142-34.142l128.662-128.662c7.81-7.81 20.474-7.81 28.284 0l128.662 128.662c12.6 12.599 3.676 34.142-14.142 34.142z\"><\/path><\/svg><\/span>\n\t\t\t\t\t\t\t\t\t\t\t\t\t<\/span>\n\t\t\t\t\t\t\t\t\t\t\t\t<a class=\"elementor-toggle-title\" tabindex=\"0\">\u00bfS\u00f3lo aceptan pagos en efectivo?<\/a>\n\t\t\t\t\t<\/h3>\n\n\t\t\t\t\t<div id=\"elementor-tab-content-8945\" class=\"elementor-tab-content elementor-clearfix\" data-tab=\"5\" role=\"region\" aria-labelledby=\"elementor-tab-title-8945\"><p>Aunque muchos puestos del mercado aceptan pagos con tarjeta, sobre todo los que venden art\u00edculos de mayor valor o comida preparada, siempre es buena idea llevar algo de dinero en efectivo. <strong>Los puestos m\u00e1s peque\u00f1os<\/strong> o los que venden <em>Gl\u00fchwein<\/em> a menudo <strong>prefieren o s\u00f3lo aceptan pagos en efectivo<\/strong> para agilizar el servicio, sobre todo en horas punta. Por eso nuestra sugerencia es que lleves contigo algunas monedas y billetes peque\u00f1os para evitar cualquier inconveniente y permitirte comprar r\u00e1pidamente lo que quieras. <\/p>\n<\/div>\n\t\t\t\t<\/div>\n\t\t\t\t\t\t\t\t<\/div>\n\t\t\t\t\t\t<\/div>\n\t\t\t\t<\/div>\n\t\t\t\t\t<\/div>\n\t\t\t\t<\/div>\n\t\t<div class=\"elementor-element elementor-element-2eabf2d e-flex e-con-boxed e-con e-parent\" data-id=\"2eabf2d\" data-element_type=\"container\">\n\t\t\t\t\t<div class=\"e-con-inner\">\n\t\t\t\t<div class=\"elementor-element elementor-element-8b67f0d elementor-widget elementor-widget-heading\" data-id=\"8b67f0d\" data-element_type=\"widget\" data-widget_type=\"heading.default\">\n\t\t\t\t<div class=\"elementor-widget-container\">\n\t\t\t\t\t<h3 class=\"elementor-heading-title elementor-size-default\">M\u00e1s informaci\u00f3n sobre el Palacio Belvedere<\/h3>\t\t\t\t<\/div>\n\t\t\t\t<\/div>\n\t\t\t\t\t<\/div>\n\t\t\t\t<\/div>\n\t\t\t\t<section class=\"elementor-section elementor-top-section elementor-element elementor-element-47d2795 elementor-section-boxed elementor-section-height-default elementor-section-height-default\" data-id=\"47d2795\" data-element_type=\"section\">\n\t\t\t\t\t\t<div class=\"elementor-container elementor-column-gap-custom\">\n\t\t\t\t\t<div class=\"elementor-column elementor-col-33 elementor-top-column elementor-element elementor-element-18f4f67\" data-id=\"18f4f67\" data-element_type=\"column\">\n\t\t\t<div class=\"elementor-widget-wrap elementor-element-populated\">\n\t\t\t\t\t\t<div class=\"elementor-element elementor-element-547c321 elementor-widget elementor-widget-image\" data-id=\"547c321\" data-element_type=\"widget\" data-widget_type=\"image.default\">\n\t\t\t\t<div class=\"elementor-widget-container\">\n\t\t\t\t\t\t\t\t\t\t\t\t\t\t\t\t<a href=\"https:\/\/belvederepalace.wientickets.org\/es\/entradas-para-el-palacio-belvedere\/\">\n\t\t\t\t\t\t\t<img loading=\"lazy\" decoding=\"async\" width=\"800\" height=\"472\" src=\"https:\/\/belvederepalace.wientickets.org\/wp-content\/uploads\/2024\/08\/belvedere-palace-faqs.webp\" class=\"attachment-large size-large wp-image-1562\" alt=\"\" srcset=\"https:\/\/belvederepalace.wientickets.org\/wp-content\/uploads\/2024\/08\/belvedere-palace-faqs.webp 900w, https:\/\/belvederepalace.wientickets.org\/wp-content\/uploads\/2024\/08\/belvedere-palace-faqs-300x177.webp 300w, https:\/\/belvederepalace.wientickets.org\/wp-content\/uploads\/2024\/08\/belvedere-palace-faqs-768x453.webp 768w\" sizes=\"(max-width: 800px) 100vw, 800px\" \/>\t\t\t\t\t\t\t\t<\/a>\n\t\t\t\t\t\t\t\t\t\t\t\t\t\t\t<\/div>\n\t\t\t\t<\/div>\n\t\t\t\t<div class=\"elementor-element elementor-element-bba913e elementor-widget elementor-widget-heading\" data-id=\"bba913e\" data-element_type=\"widget\" data-widget_type=\"heading.default\">\n\t\t\t\t<div class=\"elementor-widget-container\">\n\t\t\t\t\t<p class=\"elementor-heading-title elementor-size-default\">ENTRADAS PARA EL PALACIO BELVEDERE<\/p>\t\t\t\t<\/div>\n\t\t\t\t<\/div>\n\t\t\t\t<div class=\"elementor-element elementor-element-e41c581 elementor-widget elementor-widget-heading\" data-id=\"e41c581\" data-element_type=\"widget\" data-widget_type=\"heading.default\">\n\t\t\t\t<div class=\"elementor-widget-container\">\n\t\t\t\t\t<h3 class=\"elementor-heading-title elementor-size-default\"><a href=\"https:\/\/belvederepalace.wientickets.org\/es\/entradas-para-el-palacio-belvedere\/\">Entradas para el Palacio Belvedere Superior<\/a><\/h3>\t\t\t\t<\/div>\n\t\t\t\t<\/div>\n\t\t\t\t<div class=\"elementor-element elementor-element-650a567 elementor-widget elementor-widget-text-editor\" data-id=\"650a567\" data-element_type=\"widget\" data-widget_type=\"text-editor.default\">\n\t\t\t\t<div class=\"elementor-widget-container\">\n\t\t\t\t\t\t\t\t\t<p>Las entradas al Palacio Belvedere dan acceso a sus renombradas exposiciones de arte y a sus hermosos jardines. El palacio est\u00e1 dividido en dos partes principales&#8230; <a href=\"https:\/\/belvederepalace.wientickets.org\/es\/entradas-para-el-palacio-belvedere\/\">ver m\u00e1s<\/a> <\/p>\t\t\t\t\t\t\t\t<\/div>\n\t\t\t\t<\/div>\n\t\t\t\t\t<\/div>\n\t\t<\/div>\n\t\t\t\t<div class=\"elementor-column elementor-col-33 elementor-top-column elementor-element elementor-element-ad28445\" data-id=\"ad28445\" data-element_type=\"column\">\n\t\t\t<div class=\"elementor-widget-wrap elementor-element-populated\">\n\t\t\t\t\t\t<div class=\"elementor-element elementor-element-0b86c38 elementor-widget elementor-widget-image\" data-id=\"0b86c38\" data-element_type=\"widget\" data-widget_type=\"image.default\">\n\t\t\t\t<div class=\"elementor-widget-container\">\n\t\t\t\t\t\t\t\t\t\t\t\t\t\t\t\t<a href=\"https:\/\/belvederepalace.wientickets.org\/es\/ubicacion-del-palacio-belvedere\/\">\n\t\t\t\t\t\t\t<img loading=\"lazy\" decoding=\"async\" width=\"600\" height=\"400\" src=\"https:\/\/belvederepalace.wientickets.org\/wp-content\/uploads\/2024\/08\/location-of-belvedere-palace.webp\" class=\"attachment-large size-large wp-image-1369\" alt=\"\" srcset=\"https:\/\/belvederepalace.wientickets.org\/wp-content\/uploads\/2024\/08\/location-of-belvedere-palace.webp 600w, https:\/\/belvederepalace.wientickets.org\/wp-content\/uploads\/2024\/08\/location-of-belvedere-palace-300x200.webp 300w\" sizes=\"(max-width: 600px) 100vw, 600px\" \/>\t\t\t\t\t\t\t\t<\/a>\n\t\t\t\t\t\t\t\t\t\t\t\t\t\t\t<\/div>\n\t\t\t\t<\/div>\n\t\t\t\t<div class=\"elementor-element elementor-element-1033916 elementor-widget elementor-widget-heading\" data-id=\"1033916\" data-element_type=\"widget\" data-widget_type=\"heading.default\">\n\t\t\t\t<div class=\"elementor-widget-container\">\n\t\t\t\t\t<p class=\"elementor-heading-title elementor-size-default\">INFORMACI\u00d3N PARA EL VIAJERO<\/p>\t\t\t\t<\/div>\n\t\t\t\t<\/div>\n\t\t\t\t<div class=\"elementor-element elementor-element-36c2505 elementor-widget elementor-widget-heading\" data-id=\"36c2505\" data-element_type=\"widget\" data-widget_type=\"heading.default\">\n\t\t\t\t<div class=\"elementor-widget-container\">\n\t\t\t\t\t<h3 class=\"elementor-heading-title elementor-size-default\"><a href=\"https:\/\/belvederepalace.wientickets.org\/es\/ubicacion-del-palacio-belvedere\/\">Ubicaci\u00f3n del Palacio Belvedere<\/a><\/h3>\t\t\t\t<\/div>\n\t\t\t\t<\/div>\n\t\t\t\t<div class=\"elementor-element elementor-element-1760c26 elementor-widget elementor-widget-text-editor\" data-id=\"1760c26\" data-element_type=\"widget\" data-widget_type=\"text-editor.default\">\n\t\t\t\t<div class=\"elementor-widget-container\">\n\t\t\t\t\t\t\t\t\t<p>El Palacio Belvedere est\u00e1 situado en el distrito de Landstra\u00dfe de Viena, lo que facilita el acceso desde varias partes de la ciudad. Est\u00e1 c\u00e9ntricamente&#8230; <a href=\"https:\/\/belvederepalace.wientickets.org\/es\/ubicacion-del-palacio-belvedere\/\">ver m\u00e1s<\/a><\/p>\t\t\t\t\t\t\t\t<\/div>\n\t\t\t\t<\/div>\n\t\t\t\t\t<\/div>\n\t\t<\/div>\n\t\t\t\t<div class=\"elementor-column elementor-col-33 elementor-top-column elementor-element elementor-element-7c5dfeb\" data-id=\"7c5dfeb\" data-element_type=\"column\">\n\t\t\t<div class=\"elementor-widget-wrap elementor-element-populated\">\n\t\t\t\t\t\t<div class=\"elementor-element elementor-element-3e464ca elementor-widget elementor-widget-image\" data-id=\"3e464ca\" data-element_type=\"widget\" data-widget_type=\"image.default\">\n\t\t\t\t<div class=\"elementor-widget-container\">\n\t\t\t\t\t\t\t\t\t\t\t\t\t\t\t\t<a href=\"https:\/\/belvederepalace.wientickets.org\/es\/informacion-del-palacio-belvedere\/\">\n\t\t\t\t\t\t\t<img loading=\"lazy\" decoding=\"async\" width=\"600\" height=\"400\" src=\"https:\/\/belvederepalace.wientickets.org\/wp-content\/uploads\/2024\/08\/highlights-of-belvedere-palace.webp\" class=\"attachment-large size-large wp-image-1366\" alt=\"\" srcset=\"https:\/\/belvederepalace.wientickets.org\/wp-content\/uploads\/2024\/08\/highlights-of-belvedere-palace.webp 600w, https:\/\/belvederepalace.wientickets.org\/wp-content\/uploads\/2024\/08\/highlights-of-belvedere-palace-300x200.webp 300w\" sizes=\"(max-width: 600px) 100vw, 600px\" \/>\t\t\t\t\t\t\t\t<\/a>\n\t\t\t\t\t\t\t\t\t\t\t\t\t\t\t<\/div>\n\t\t\t\t<\/div>\n\t\t\t\t<div class=\"elementor-element elementor-element-b998e7f elementor-widget elementor-widget-heading\" data-id=\"b998e7f\" data-element_type=\"widget\" data-widget_type=\"heading.default\">\n\t\t\t\t<div class=\"elementor-widget-container\">\n\t\t\t\t\t<p class=\"elementor-heading-title elementor-size-default\">INFORMACI\u00d3N DEL PALACIO BELVEDERE<\/p>\t\t\t\t<\/div>\n\t\t\t\t<\/div>\n\t\t\t\t<div class=\"elementor-element elementor-element-a16aa24 elementor-widget elementor-widget-heading\" data-id=\"a16aa24\" data-element_type=\"widget\" data-widget_type=\"heading.default\">\n\t\t\t\t<div class=\"elementor-widget-container\">\n\t\t\t\t\t<h3 class=\"elementor-heading-title elementor-size-default\"><a href=\"https:\/\/belvederepalace.wientickets.org\/es\/informacion-del-palacio-belvedere\/\">Informaci\u00f3n del Palacio Belvedere<\/a><\/h3>\t\t\t\t<\/div>\n\t\t\t\t<\/div>\n\t\t\t\t<div class=\"elementor-element elementor-element-b146d95 elementor-widget elementor-widget-text-editor\" data-id=\"b146d95\" data-element_type=\"widget\" data-widget_type=\"text-editor.default\">\n\t\t\t\t<div class=\"elementor-widget-container\">\n\t\t\t\t\t\t\t\t\t<p>El complejo del Palacio Belvedere es algo m\u00e1s que dos palacios; es un tesoro cultural que ofrece una visi\u00f3n completa de la Viena&#8230; <a href=\"https:\/\/belvederepalace.wientickets.org\/es\/informacion-del-palacio-belvedere\/\">ver m\u00e1s<\/a><\/p>\t\t\t\t\t\t\t\t<\/div>\n\t\t\t\t<\/div>\n\t\t\t\t\t<\/div>\n\t\t<\/div>\n\t\t\t\t\t<\/div>\n\t\t<\/section>\n\t\t\t\t<\/div>\n\t\t","protected":false},"excerpt":{"rendered":"<p>Mercado de Navidad de Belvedere El Mercado de Navidad del Belvedere es uno de los m\u00e1s bonitos que encontrar\u00e1s en Viena, gracias a su impresionante ubicaci\u00f3n justo delante del majestuoso Palacio del Belvedere. Aqu\u00ed te contamos todo lo que necesitas saber para planificar tu visita. Reservar entradas Asistencia cuando la necesites Atenci\u00f3n al cliente para [&hellip;]<\/p>\n","protected":false},"author":2,"featured_media":2004,"parent":0,"menu_order":0,"comment_status":"closed","ping_status":"closed","template":"elementor_header_footer","meta":{"footnotes":""},"class_list":["post-2003","page","type-page","status-publish","has-post-thumbnail","hentry"],"yoast_head":"<!-- This site is optimized with the Yoast SEO plugin v26.7 - https:\/\/yoast.com\/wordpress\/plugins\/seo\/ -->\n<title>Mercado de Navidad de Belvedere | Fechas, horarios e informaci\u00f3n<\/title>\n<meta name=\"description\" content=\"El Mercado de Navidad del Belvedere es uno de los m\u00e1s famosos de Viena. Si quieres visitarlo durante las fiestas, aqu\u00ed tienes los detalles\" \/>\n<meta name=\"robots\" content=\"index, follow, max-snippet:-1, max-image-preview:large, max-video-preview:-1\" \/>\n<link rel=\"canonical\" href=\"https:\/\/belvederepalace.wientickets.org\/es\/mercado-de-navidad-de-belvedere\/\" \/>\n<meta property=\"og:locale\" content=\"es_ES\" \/>\n<meta property=\"og:type\" content=\"article\" \/>\n<meta property=\"og:title\" content=\"Mercado de Navidad de Belvedere | Fechas, horarios e informaci\u00f3n\" \/>\n<meta property=\"og:description\" content=\"El Mercado de Navidad del Belvedere es uno de los m\u00e1s famosos de Viena. Si quieres visitarlo durante las fiestas, aqu\u00ed tienes los detalles\" \/>\n<meta property=\"og:url\" content=\"https:\/\/belvederepalace.wientickets.org\/es\/mercado-de-navidad-de-belvedere\/\" \/>\n<meta property=\"og:site_name\" content=\"Belvedere Palace Tickets\" \/>\n<meta property=\"article:modified_time\" content=\"2026-01-23T11:57:47+00:00\" \/>\n<meta property=\"og:image\" content=\"https:\/\/belvederepalace.wientickets.org\/wp-content\/uploads\/2025\/12\/belvedere-christmas-market-vienna-day.webp\" \/>\n\t<meta property=\"og:image:width\" content=\"800\" \/>\n\t<meta property=\"og:image:height\" content=\"532\" \/>\n\t<meta property=\"og:image:type\" content=\"image\/webp\" \/>\n<meta name=\"twitter:card\" content=\"summary_large_image\" \/>\n<meta name=\"twitter:label1\" content=\"Tiempo de lectura\" \/>\n\t<meta name=\"twitter:data1\" content=\"10 minutos\" \/>\n<script type=\"application\/ld+json\" class=\"yoast-schema-graph\">{\"@context\":\"https:\/\/schema.org\",\"@graph\":[{\"@type\":\"WebPage\",\"@id\":\"https:\/\/belvederepalace.wientickets.org\/es\/mercado-de-navidad-de-belvedere\/\",\"url\":\"https:\/\/belvederepalace.wientickets.org\/es\/mercado-de-navidad-de-belvedere\/\",\"name\":\"Mercado de Navidad de Belvedere | Fechas, horarios e informaci\u00f3n\",\"isPartOf\":{\"@id\":\"https:\/\/belvederepalace.wientickets.org\/es\/#website\"},\"primaryImageOfPage\":{\"@id\":\"https:\/\/belvederepalace.wientickets.org\/es\/mercado-de-navidad-de-belvedere\/#primaryimage\"},\"image\":{\"@id\":\"https:\/\/belvederepalace.wientickets.org\/es\/mercado-de-navidad-de-belvedere\/#primaryimage\"},\"thumbnailUrl\":\"https:\/\/belvederepalace.wientickets.org\/wp-content\/uploads\/2025\/12\/belvedere-christmas-market-vienna-day.webp\",\"datePublished\":\"2025-12-15T16:14:20+00:00\",\"dateModified\":\"2026-01-23T11:57:47+00:00\",\"description\":\"El Mercado de Navidad del Belvedere es uno de los m\u00e1s famosos de Viena. Si quieres visitarlo durante las fiestas, aqu\u00ed tienes los detalles\",\"breadcrumb\":{\"@id\":\"https:\/\/belvederepalace.wientickets.org\/es\/mercado-de-navidad-de-belvedere\/#breadcrumb\"},\"inLanguage\":\"es\",\"potentialAction\":[{\"@type\":\"ReadAction\",\"target\":[\"https:\/\/belvederepalace.wientickets.org\/es\/mercado-de-navidad-de-belvedere\/\"]}]},{\"@type\":\"ImageObject\",\"inLanguage\":\"es\",\"@id\":\"https:\/\/belvederepalace.wientickets.org\/es\/mercado-de-navidad-de-belvedere\/#primaryimage\",\"url\":\"https:\/\/belvederepalace.wientickets.org\/wp-content\/uploads\/2025\/12\/belvedere-christmas-market-vienna-day.webp\",\"contentUrl\":\"https:\/\/belvederepalace.wientickets.org\/wp-content\/uploads\/2025\/12\/belvedere-christmas-market-vienna-day.webp\",\"width\":800,\"height\":532,\"caption\":\"Mercado de Navidad de Belvedere durante el d\u00eda\"},{\"@type\":\"BreadcrumbList\",\"@id\":\"https:\/\/belvederepalace.wientickets.org\/es\/mercado-de-navidad-de-belvedere\/#breadcrumb\",\"itemListElement\":[{\"@type\":\"ListItem\",\"position\":1,\"name\":\"Home\",\"item\":\"https:\/\/belvederepalace.wientickets.org\/es\/\"},{\"@type\":\"ListItem\",\"position\":2,\"name\":\"Mercado de Navidad de Belvedere\"}]},{\"@type\":\"WebSite\",\"@id\":\"https:\/\/belvederepalace.wientickets.org\/es\/#website\",\"url\":\"https:\/\/belvederepalace.wientickets.org\/es\/\",\"name\":\"Belvedere Palace Tickets\",\"description\":\"\",\"publisher\":{\"@id\":\"https:\/\/belvederepalace.wientickets.org\/es\/#organization\"},\"potentialAction\":[{\"@type\":\"SearchAction\",\"target\":{\"@type\":\"EntryPoint\",\"urlTemplate\":\"https:\/\/belvederepalace.wientickets.org\/es\/?s={search_term_string}\"},\"query-input\":{\"@type\":\"PropertyValueSpecification\",\"valueRequired\":true,\"valueName\":\"search_term_string\"}}],\"inLanguage\":\"es\"},{\"@type\":\"Organization\",\"@id\":\"https:\/\/belvederepalace.wientickets.org\/es\/#organization\",\"name\":\"Entradas para el Palacio Belvedere\",\"url\":\"https:\/\/belvederepalace.wientickets.org\/es\/\",\"logo\":{\"@type\":\"ImageObject\",\"inLanguage\":\"es\",\"@id\":\"https:\/\/belvederepalace.wientickets.org\/es\/#\/schema\/logo\/image\/\",\"url\":\"https:\/\/belvederepalace.wientickets.org\/wp-content\/uploads\/2024\/08\/belvedere-palace-tickets-logo.png\",\"contentUrl\":\"https:\/\/belvederepalace.wientickets.org\/wp-content\/uploads\/2024\/08\/belvedere-palace-tickets-logo.png\",\"width\":375,\"height\":70,\"caption\":\"Entradas para el Palacio Belvedere\"},\"image\":{\"@id\":\"https:\/\/belvederepalace.wientickets.org\/es\/#\/schema\/logo\/image\/\"}}]}<\/script>\n<!-- \/ Yoast SEO plugin. -->","yoast_head_json":{"title":"Mercado de Navidad de Belvedere | Fechas, horarios e informaci\u00f3n","description":"El Mercado de Navidad del Belvedere es uno de los m\u00e1s famosos de Viena. Si quieres visitarlo durante las fiestas, aqu\u00ed tienes los detalles","robots":{"index":"index","follow":"follow","max-snippet":"max-snippet:-1","max-image-preview":"max-image-preview:large","max-video-preview":"max-video-preview:-1"},"canonical":"https:\/\/belvederepalace.wientickets.org\/es\/mercado-de-navidad-de-belvedere\/","og_locale":"es_ES","og_type":"article","og_title":"Mercado de Navidad de Belvedere | Fechas, horarios e informaci\u00f3n","og_description":"El Mercado de Navidad del Belvedere es uno de los m\u00e1s famosos de Viena. Si quieres visitarlo durante las fiestas, aqu\u00ed tienes los detalles","og_url":"https:\/\/belvederepalace.wientickets.org\/es\/mercado-de-navidad-de-belvedere\/","og_site_name":"Belvedere Palace Tickets","article_modified_time":"2026-01-23T11:57:47+00:00","og_image":[{"width":800,"height":532,"url":"https:\/\/belvederepalace.wientickets.org\/wp-content\/uploads\/2025\/12\/belvedere-christmas-market-vienna-day.webp","type":"image\/webp"}],"twitter_card":"summary_large_image","twitter_misc":{"Tiempo de lectura":"10 minutos"},"schema":{"@context":"https:\/\/schema.org","@graph":[{"@type":"WebPage","@id":"https:\/\/belvederepalace.wientickets.org\/es\/mercado-de-navidad-de-belvedere\/","url":"https:\/\/belvederepalace.wientickets.org\/es\/mercado-de-navidad-de-belvedere\/","name":"Mercado de Navidad de Belvedere | Fechas, horarios e informaci\u00f3n","isPartOf":{"@id":"https:\/\/belvederepalace.wientickets.org\/es\/#website"},"primaryImageOfPage":{"@id":"https:\/\/belvederepalace.wientickets.org\/es\/mercado-de-navidad-de-belvedere\/#primaryimage"},"image":{"@id":"https:\/\/belvederepalace.wientickets.org\/es\/mercado-de-navidad-de-belvedere\/#primaryimage"},"thumbnailUrl":"https:\/\/belvederepalace.wientickets.org\/wp-content\/uploads\/2025\/12\/belvedere-christmas-market-vienna-day.webp","datePublished":"2025-12-15T16:14:20+00:00","dateModified":"2026-01-23T11:57:47+00:00","description":"El Mercado de Navidad del Belvedere es uno de los m\u00e1s famosos de Viena. Si quieres visitarlo durante las fiestas, aqu\u00ed tienes los detalles","breadcrumb":{"@id":"https:\/\/belvederepalace.wientickets.org\/es\/mercado-de-navidad-de-belvedere\/#breadcrumb"},"inLanguage":"es","potentialAction":[{"@type":"ReadAction","target":["https:\/\/belvederepalace.wientickets.org\/es\/mercado-de-navidad-de-belvedere\/"]}]},{"@type":"ImageObject","inLanguage":"es","@id":"https:\/\/belvederepalace.wientickets.org\/es\/mercado-de-navidad-de-belvedere\/#primaryimage","url":"https:\/\/belvederepalace.wientickets.org\/wp-content\/uploads\/2025\/12\/belvedere-christmas-market-vienna-day.webp","contentUrl":"https:\/\/belvederepalace.wientickets.org\/wp-content\/uploads\/2025\/12\/belvedere-christmas-market-vienna-day.webp","width":800,"height":532,"caption":"Mercado de Navidad de Belvedere durante el d\u00eda"},{"@type":"BreadcrumbList","@id":"https:\/\/belvederepalace.wientickets.org\/es\/mercado-de-navidad-de-belvedere\/#breadcrumb","itemListElement":[{"@type":"ListItem","position":1,"name":"Home","item":"https:\/\/belvederepalace.wientickets.org\/es\/"},{"@type":"ListItem","position":2,"name":"Mercado de Navidad de Belvedere"}]},{"@type":"WebSite","@id":"https:\/\/belvederepalace.wientickets.org\/es\/#website","url":"https:\/\/belvederepalace.wientickets.org\/es\/","name":"Belvedere Palace Tickets","description":"","publisher":{"@id":"https:\/\/belvederepalace.wientickets.org\/es\/#organization"},"potentialAction":[{"@type":"SearchAction","target":{"@type":"EntryPoint","urlTemplate":"https:\/\/belvederepalace.wientickets.org\/es\/?s={search_term_string}"},"query-input":{"@type":"PropertyValueSpecification","valueRequired":true,"valueName":"search_term_string"}}],"inLanguage":"es"},{"@type":"Organization","@id":"https:\/\/belvederepalace.wientickets.org\/es\/#organization","name":"Entradas para el Palacio Belvedere","url":"https:\/\/belvederepalace.wientickets.org\/es\/","logo":{"@type":"ImageObject","inLanguage":"es","@id":"https:\/\/belvederepalace.wientickets.org\/es\/#\/schema\/logo\/image\/","url":"https:\/\/belvederepalace.wientickets.org\/wp-content\/uploads\/2024\/08\/belvedere-palace-tickets-logo.png","contentUrl":"https:\/\/belvederepalace.wientickets.org\/wp-content\/uploads\/2024\/08\/belvedere-palace-tickets-logo.png","width":375,"height":70,"caption":"Entradas para el Palacio Belvedere"},"image":{"@id":"https:\/\/belvederepalace.wientickets.org\/es\/#\/schema\/logo\/image\/"}}]}},"_links":{"self":[{"href":"https:\/\/belvederepalace.wientickets.org\/es\/wp-json\/wp\/v2\/pages\/2003","targetHints":{"allow":["GET"]}}],"collection":[{"href":"https:\/\/belvederepalace.wientickets.org\/es\/wp-json\/wp\/v2\/pages"}],"about":[{"href":"https:\/\/belvederepalace.wientickets.org\/es\/wp-json\/wp\/v2\/types\/page"}],"author":[{"embeddable":true,"href":"https:\/\/belvederepalace.wientickets.org\/es\/wp-json\/wp\/v2\/users\/2"}],"replies":[{"embeddable":true,"href":"https:\/\/belvederepalace.wientickets.org\/es\/wp-json\/wp\/v2\/comments?post=2003"}],"version-history":[{"count":16,"href":"https:\/\/belvederepalace.wientickets.org\/es\/wp-json\/wp\/v2\/pages\/2003\/revisions"}],"predecessor-version":[{"id":2482,"href":"https:\/\/belvederepalace.wientickets.org\/es\/wp-json\/wp\/v2\/pages\/2003\/revisions\/2482"}],"wp:featuredmedia":[{"embeddable":true,"href":"https:\/\/belvederepalace.wientickets.org\/es\/wp-json\/wp\/v2\/media\/2004"}],"wp:attachment":[{"href":"https:\/\/belvederepalace.wientickets.org\/es\/wp-json\/wp\/v2\/media?parent=2003"}],"curies":[{"name":"wp","href":"https:\/\/api.w.org\/{rel}","templated":true}]}}