{"id":2007,"date":"2025-11-12T11:04:54","date_gmt":"2025-11-12T11:04:54","guid":{"rendered":"https:\/\/belvederepalace.wientickets.org\/interior-del-palacio-belvedere\/"},"modified":"2026-01-23T11:58:05","modified_gmt":"2026-01-23T11:58:05","slug":"interior-del-palacio-belvedere","status":"publish","type":"page","link":"https:\/\/belvederepalace.wientickets.org\/es\/interior-del-palacio-belvedere\/","title":{"rendered":"Interior del Palacio Belvedere"},"content":{"rendered":"\t\t<div data-elementor-type=\"wp-page\" data-elementor-id=\"2007\" class=\"elementor elementor-2007 elementor-661\">\n\t\t\t\t\t\t<section class=\"elementor-section elementor-top-section elementor-element elementor-element-9f1829a intro-section elementor-section-boxed elementor-section-height-default elementor-section-height-default\" data-id=\"9f1829a\" data-element_type=\"section\">\n\t\t\t\t\t\t<div class=\"elementor-container elementor-column-gap-default\">\n\t\t\t\t\t<div class=\"elementor-column elementor-col-50 elementor-top-column elementor-element elementor-element-9bc1dd1\" data-id=\"9bc1dd1\" data-element_type=\"column\">\n\t\t\t<div class=\"elementor-widget-wrap elementor-element-populated\">\n\t\t\t\t\t\t<section class=\"elementor-section elementor-inner-section elementor-element elementor-element-fc32b2e elementor-section-boxed elementor-section-height-default elementor-section-height-default\" data-id=\"fc32b2e\" data-element_type=\"section\">\n\t\t\t\t\t\t<div class=\"elementor-container elementor-column-gap-default\">\n\t\t\t\t\t<div class=\"elementor-column elementor-col-100 elementor-inner-column elementor-element elementor-element-44c7bc4\" data-id=\"44c7bc4\" data-element_type=\"column\">\n\t\t\t<div class=\"elementor-widget-wrap elementor-element-populated\">\n\t\t\t\t\t\t<div class=\"elementor-element elementor-element-883f3a6 title-mobile elementor-widget elementor-widget-heading\" data-id=\"883f3a6\" data-element_type=\"widget\" data-widget_type=\"heading.default\">\n\t\t\t\t<div class=\"elementor-widget-container\">\n\t\t\t\t\t<h1 class=\"elementor-heading-title elementor-size-default\">Interior del Palacio Belvedere<\/h1>\t\t\t\t<\/div>\n\t\t\t\t<\/div>\n\t\t\t\t<div class=\"elementor-element elementor-element-0cc7918 text-mobile elementor-widget__width-initial elementor-widget elementor-widget-text-editor\" data-id=\"0cc7918\" data-element_type=\"widget\" data-widget_type=\"text-editor.default\">\n\t\t\t\t<div class=\"elementor-widget-container\">\n\t\t\t\t\t\t\t\t\t<p>Ad\u00e9ntrate en el complejo del Palacio Belvedere y descubrir\u00e1s dos mundos que no podr\u00edan ser m\u00e1s diferentes.<\/p>\t\t\t\t\t\t\t\t<\/div>\n\t\t\t\t<\/div>\n\t\t\t\t\t<\/div>\n\t\t<\/div>\n\t\t\t\t\t<\/div>\n\t\t<\/section>\n\t\t\t\t<div class=\"elementor-element elementor-element-2cfaa55 btn-primary elementor-widget elementor-widget-button\" data-id=\"2cfaa55\" data-element_type=\"widget\" data-widget_type=\"button.default\">\n\t\t\t\t<div class=\"elementor-widget-container\">\n\t\t\t\t\t\t\t\t\t<div class=\"elementor-button-wrapper\">\n\t\t\t\t\t<a class=\"elementor-button elementor-button-link elementor-size-sm\" href=\"https:\/\/belvederepalace.wientickets.org\/es\/entradas-para-el-palacio-belvedere\/\">\n\t\t\t\t\t\t<span class=\"elementor-button-content-wrapper\">\n\t\t\t\t\t\t\t\t\t<span class=\"elementor-button-text\">Reservar entradas<\/span>\n\t\t\t\t\t<\/span>\n\t\t\t\t\t<\/a>\n\t\t\t\t<\/div>\n\t\t\t\t\t\t\t\t<\/div>\n\t\t\t\t<\/div>\n\t\t\t\t\t<\/div>\n\t\t<\/div>\n\t\t\t\t<div class=\"elementor-column elementor-col-50 elementor-top-column elementor-element elementor-element-36abfc2\" data-id=\"36abfc2\" data-element_type=\"column\">\n\t\t\t<div class=\"elementor-widget-wrap elementor-element-populated\">\n\t\t\t\t\t\t<div class=\"elementor-element elementor-element-e28069f elementor-hidden-mobile elementor-widget__width-initial elementor-widget elementor-widget-image\" data-id=\"e28069f\" data-element_type=\"widget\" data-widget_type=\"image.default\">\n\t\t\t\t<div class=\"elementor-widget-container\">\n\t\t\t\t\t\t\t\t\t\t\t\t\t\t\t<img fetchpriority=\"high\" decoding=\"async\" width=\"800\" height=\"534\" src=\"https:\/\/belvederepalace.wientickets.org\/wp-content\/uploads\/2025\/11\/lower-belvedere-1-1024x683.webp\" class=\"attachment-large size-large wp-image-1531\" alt=\"Bajo Belvedere\" srcset=\"https:\/\/belvederepalace.wientickets.org\/wp-content\/uploads\/2025\/11\/lower-belvedere-1-1024x683.webp 1024w, https:\/\/belvederepalace.wientickets.org\/wp-content\/uploads\/2025\/11\/lower-belvedere-1-300x200.webp 300w, https:\/\/belvederepalace.wientickets.org\/wp-content\/uploads\/2025\/11\/lower-belvedere-1-768x512.webp 768w, https:\/\/belvederepalace.wientickets.org\/wp-content\/uploads\/2025\/11\/lower-belvedere-1.webp 1200w\" sizes=\"(max-width: 800px) 100vw, 800px\" \/>\t\t\t\t\t\t\t\t\t\t\t\t\t\t\t<\/div>\n\t\t\t\t<\/div>\n\t\t\t\t\t<\/div>\n\t\t<\/div>\n\t\t\t\t\t<\/div>\n\t\t<\/section>\n\t\t\t\t<section class=\"elementor-section elementor-top-section elementor-element elementor-element-3a74e7e elementor-section-height-min-height elementor-section-boxed elementor-section-height-default elementor-section-items-middle\" data-id=\"3a74e7e\" data-element_type=\"section\" data-settings=\"{&quot;background_background&quot;:&quot;classic&quot;}\">\n\t\t\t\t\t\t<div class=\"elementor-container elementor-column-gap-default\">\n\t\t\t\t\t<div class=\"elementor-column elementor-col-100 elementor-top-column elementor-element elementor-element-4f356ab\" data-id=\"4f356ab\" data-element_type=\"column\">\n\t\t\t<div class=\"elementor-widget-wrap\">\n\t\t\t\t\t\t\t<\/div>\n\t\t<\/div>\n\t\t\t\t\t<\/div>\n\t\t<\/section>\n\t\t\t\t<section class=\"elementor-section elementor-top-section elementor-element elementor-element-af99c6b elementor-section-height-min-height elementor-hidden-tablet elementor-hidden-mobile elementor-section-boxed elementor-section-height-default elementor-section-items-middle\" data-id=\"af99c6b\" data-element_type=\"section\" data-settings=\"{&quot;background_background&quot;:&quot;classic&quot;}\">\n\t\t\t\t\t\t<div class=\"elementor-container elementor-column-gap-default\">\n\t\t\t\t\t<div class=\"elementor-column elementor-col-33 elementor-top-column elementor-element elementor-element-139e320\" data-id=\"139e320\" data-element_type=\"column\">\n\t\t\t<div class=\"elementor-widget-wrap elementor-element-populated\">\n\t\t\t\t\t\t<section class=\"elementor-section elementor-inner-section elementor-element elementor-element-78182b8 elementor-section-content-middle elementor-section-boxed elementor-section-height-default elementor-section-height-default\" data-id=\"78182b8\" data-element_type=\"section\">\n\t\t\t\t\t\t<div class=\"elementor-container elementor-column-gap-default\">\n\t\t\t\t\t<div class=\"elementor-column elementor-col-50 elementor-inner-column elementor-element elementor-element-a0c94f9\" data-id=\"a0c94f9\" data-element_type=\"column\">\n\t\t\t<div class=\"elementor-widget-wrap elementor-element-populated\">\n\t\t\t\t\t\t<div class=\"elementor-element elementor-element-b46d54d elementor-widget elementor-widget-image\" data-id=\"b46d54d\" data-element_type=\"widget\" data-widget_type=\"image.default\">\n\t\t\t\t<div class=\"elementor-widget-container\">\n\t\t\t\t\t\t\t\t\t\t\t\t\t\t\t<img decoding=\"async\" width=\"496\" height=\"496\" src=\"https:\/\/belvederepalace.wientickets.org\/wp-content\/uploads\/2024\/08\/customer-service-1-1.png\" class=\"attachment-large size-large wp-image-1378\" alt=\"\" srcset=\"https:\/\/belvederepalace.wientickets.org\/wp-content\/uploads\/2024\/08\/customer-service-1-1.png 496w, https:\/\/belvederepalace.wientickets.org\/wp-content\/uploads\/2024\/08\/customer-service-1-1-300x300.png 300w, https:\/\/belvederepalace.wientickets.org\/wp-content\/uploads\/2024\/08\/customer-service-1-1-150x150.png 150w\" sizes=\"(max-width: 496px) 100vw, 496px\" \/>\t\t\t\t\t\t\t\t\t\t\t\t\t\t\t<\/div>\n\t\t\t\t<\/div>\n\t\t\t\t\t<\/div>\n\t\t<\/div>\n\t\t\t\t<div class=\"elementor-column elementor-col-50 elementor-inner-column elementor-element elementor-element-7f4c08d\" data-id=\"7f4c08d\" data-element_type=\"column\">\n\t\t\t<div class=\"elementor-widget-wrap elementor-element-populated\">\n\t\t\t\t\t\t<div class=\"elementor-element elementor-element-0a63dd8 elementor-widget elementor-widget-heading\" data-id=\"0a63dd8\" data-element_type=\"widget\" data-widget_type=\"heading.default\">\n\t\t\t\t<div class=\"elementor-widget-container\">\n\t\t\t\t\t<p class=\"elementor-heading-title elementor-size-default\">Asistencia cuando la necesites<\/p>\t\t\t\t<\/div>\n\t\t\t\t<\/div>\n\t\t\t\t<div class=\"elementor-element elementor-element-b864d99 elementor-widget elementor-widget-heading\" data-id=\"b864d99\" data-element_type=\"widget\" data-widget_type=\"heading.default\">\n\t\t\t\t<div class=\"elementor-widget-container\">\n\t\t\t\t\t<p class=\"elementor-heading-title elementor-size-default\">Atenci\u00f3n al cliente para ayudarte con todo lo que necesites desde las 8:00 a. m. hasta las 6:00 p. m.<\/p>\t\t\t\t<\/div>\n\t\t\t\t<\/div>\n\t\t\t\t\t<\/div>\n\t\t<\/div>\n\t\t\t\t\t<\/div>\n\t\t<\/section>\n\t\t\t\t\t<\/div>\n\t\t<\/div>\n\t\t\t\t<div class=\"elementor-column elementor-col-33 elementor-top-column elementor-element elementor-element-291a193\" data-id=\"291a193\" data-element_type=\"column\">\n\t\t\t<div class=\"elementor-widget-wrap elementor-element-populated\">\n\t\t\t\t\t\t<section class=\"elementor-section elementor-inner-section elementor-element elementor-element-179eff0 elementor-section-content-middle elementor-section-boxed elementor-section-height-default elementor-section-height-default\" data-id=\"179eff0\" data-element_type=\"section\">\n\t\t\t\t\t\t<div class=\"elementor-container elementor-column-gap-default\">\n\t\t\t\t\t<div class=\"elementor-column elementor-col-50 elementor-inner-column elementor-element elementor-element-77bc8a9\" data-id=\"77bc8a9\" data-element_type=\"column\">\n\t\t\t<div class=\"elementor-widget-wrap elementor-element-populated\">\n\t\t\t\t\t\t<div class=\"elementor-element elementor-element-123874e elementor-widget elementor-widget-image\" data-id=\"123874e\" data-element_type=\"widget\" data-widget_type=\"image.default\">\n\t\t\t\t<div class=\"elementor-widget-container\">\n\t\t\t\t\t\t\t\t\t\t\t\t\t\t\t<img decoding=\"async\" width=\"488\" height=\"488\" src=\"https:\/\/belvederepalace.wientickets.org\/wp-content\/uploads\/2024\/08\/Group-333.png\" class=\"attachment-large size-large wp-image-1379\" alt=\"\" srcset=\"https:\/\/belvederepalace.wientickets.org\/wp-content\/uploads\/2024\/08\/Group-333.png 488w, https:\/\/belvederepalace.wientickets.org\/wp-content\/uploads\/2024\/08\/Group-333-300x300.png 300w, https:\/\/belvederepalace.wientickets.org\/wp-content\/uploads\/2024\/08\/Group-333-150x150.png 150w\" sizes=\"(max-width: 488px) 100vw, 488px\" \/>\t\t\t\t\t\t\t\t\t\t\t\t\t\t\t<\/div>\n\t\t\t\t<\/div>\n\t\t\t\t\t<\/div>\n\t\t<\/div>\n\t\t\t\t<div class=\"elementor-column elementor-col-50 elementor-inner-column elementor-element elementor-element-2aa5ec9\" data-id=\"2aa5ec9\" data-element_type=\"column\">\n\t\t\t<div class=\"elementor-widget-wrap elementor-element-populated\">\n\t\t\t\t\t\t<div class=\"elementor-element elementor-element-810c677 elementor-widget elementor-widget-heading\" data-id=\"810c677\" data-element_type=\"widget\" data-widget_type=\"heading.default\">\n\t\t\t\t<div class=\"elementor-widget-container\">\n\t\t\t\t\t<p class=\"elementor-heading-title elementor-size-default\">Reserva r\u00e1pida y en l\u00ednea<\/p>\t\t\t\t<\/div>\n\t\t\t\t<\/div>\n\t\t\t\t<div class=\"elementor-element elementor-element-582757e elementor-widget elementor-widget-heading\" data-id=\"582757e\" data-element_type=\"widget\" data-widget_type=\"heading.default\">\n\t\t\t\t<div class=\"elementor-widget-container\">\n\t\t\t\t\t<p class=\"elementor-heading-title elementor-size-default\">Elige la mejor opci\u00f3n para tus necesidades o preferencias y evita las colas reservando aqu\u00ed<\/p>\t\t\t\t<\/div>\n\t\t\t\t<\/div>\n\t\t\t\t\t<\/div>\n\t\t<\/div>\n\t\t\t\t\t<\/div>\n\t\t<\/section>\n\t\t\t\t\t<\/div>\n\t\t<\/div>\n\t\t\t\t<div class=\"elementor-column elementor-col-33 elementor-top-column elementor-element elementor-element-064059b\" data-id=\"064059b\" data-element_type=\"column\">\n\t\t\t<div class=\"elementor-widget-wrap elementor-element-populated\">\n\t\t\t\t\t\t<section class=\"elementor-section elementor-inner-section elementor-element elementor-element-22d73cf elementor-section-content-middle elementor-section-boxed elementor-section-height-default elementor-section-height-default\" data-id=\"22d73cf\" data-element_type=\"section\">\n\t\t\t\t\t\t<div class=\"elementor-container elementor-column-gap-default\">\n\t\t\t\t\t<div class=\"elementor-column elementor-col-50 elementor-inner-column elementor-element elementor-element-e3a0898\" data-id=\"e3a0898\" data-element_type=\"column\">\n\t\t\t<div class=\"elementor-widget-wrap elementor-element-populated\">\n\t\t\t\t\t\t<div class=\"elementor-element elementor-element-ae0a5ad elementor-widget elementor-widget-image\" data-id=\"ae0a5ad\" data-element_type=\"widget\" data-widget_type=\"image.default\">\n\t\t\t\t<div class=\"elementor-widget-container\">\n\t\t\t\t\t\t\t\t\t\t\t\t\t\t\t<img loading=\"lazy\" decoding=\"async\" width=\"462\" height=\"683\" src=\"https:\/\/belvederepalace.wientickets.org\/wp-content\/uploads\/2024\/08\/top-attractions-in-paris.webp\" class=\"attachment-large size-large wp-image-1380\" alt=\"\" srcset=\"https:\/\/belvederepalace.wientickets.org\/wp-content\/uploads\/2024\/08\/top-attractions-in-paris.webp 462w, https:\/\/belvederepalace.wientickets.org\/wp-content\/uploads\/2024\/08\/top-attractions-in-paris-203x300.webp 203w\" sizes=\"(max-width: 462px) 100vw, 462px\" \/>\t\t\t\t\t\t\t\t\t\t\t\t\t\t\t<\/div>\n\t\t\t\t<\/div>\n\t\t\t\t\t<\/div>\n\t\t<\/div>\n\t\t\t\t<div class=\"elementor-column elementor-col-50 elementor-inner-column elementor-element elementor-element-2af7a4c\" data-id=\"2af7a4c\" data-element_type=\"column\">\n\t\t\t<div class=\"elementor-widget-wrap elementor-element-populated\">\n\t\t\t\t\t\t<div class=\"elementor-element elementor-element-5b5bcfb elementor-widget elementor-widget-heading\" data-id=\"5b5bcfb\" data-element_type=\"widget\" data-widget_type=\"heading.default\">\n\t\t\t\t<div class=\"elementor-widget-container\">\n\t\t\t\t\t<p class=\"elementor-heading-title elementor-size-default\">La 2.\u00aa mejor atracci\u00f3n de Viena<\/p>\t\t\t\t<\/div>\n\t\t\t\t<\/div>\n\t\t\t\t<div class=\"elementor-element elementor-element-2e2da4b elementor-widget elementor-widget-heading\" data-id=\"2e2da4b\" data-element_type=\"widget\" data-widget_type=\"heading.default\">\n\t\t\t\t<div class=\"elementor-widget-container\">\n\t\t\t\t\t<p class=\"elementor-heading-title elementor-size-default\">Explora el Palacio Belvedere en Viena: belleza barroca, exuberantes jardines y el arte ic\u00f3nico de Klimt.\n\n\n\n\n\n\n\n\n<\/p>\t\t\t\t<\/div>\n\t\t\t\t<\/div>\n\t\t\t\t\t<\/div>\n\t\t<\/div>\n\t\t\t\t\t<\/div>\n\t\t<\/section>\n\t\t\t\t\t<\/div>\n\t\t<\/div>\n\t\t\t\t\t<\/div>\n\t\t<\/section>\n\t\t\t\t<section class=\"elementor-section elementor-top-section elementor-element elementor-element-6ec10e8 elementor-section-boxed elementor-section-height-default elementor-section-height-default\" data-id=\"6ec10e8\" data-element_type=\"section\">\n\t\t\t\t\t\t<div class=\"elementor-container elementor-column-gap-default\">\n\t\t\t\t\t<div class=\"elementor-column elementor-col-50 elementor-top-column elementor-element elementor-element-af87e61\" data-id=\"af87e61\" data-element_type=\"column\">\n\t\t\t<div class=\"elementor-widget-wrap elementor-element-populated\">\n\t\t\t\t\t\t<div class=\"elementor-element elementor-element-f464232 elementor-widget elementor-widget-heading\" data-id=\"f464232\" data-element_type=\"widget\" data-widget_type=\"heading.default\">\n\t\t\t\t<div class=\"elementor-widget-container\">\n\t\t\t\t\t<h2 class=\"elementor-heading-title elementor-size-default\">Interior del Palacio Belvedere Superior<\/h2>\t\t\t\t<\/div>\n\t\t\t\t<\/div>\n\t\t\t\t<div class=\"elementor-element elementor-element-558e8ed elementor-widget elementor-widget-text-editor\" data-id=\"558e8ed\" data-element_type=\"widget\" data-widget_type=\"text-editor.default\">\n\t\t\t\t<div class=\"elementor-widget-container\">\n\t\t\t\t\t\t\t\t\t<p>El Alto Belvedere no se construy\u00f3 como vivienda. El pr\u00edncipe Eugenio de Saboya encarg\u00f3 este palacio a principios del siglo XVIII con un \u00fanico prop\u00f3sito: <b>impresionar a sus invitados<\/b>. &nbsp;<\/p><p>Ten en cuenta que es el equivalente barroco de una sala de exposiciones de lujo, dise\u00f1ada por el arquitecto Johann Lukas von Hildebrandt para exhibir poder, riqueza y un gusto impecable.<\/p>\n<p>Hoy en d\u00eda, este edificio sirve como galer\u00eda de arte nacional de Austria, albergando la colecci\u00f3n permanente que abarca 800 a\u00f1os de arte austriaco. \u00bfLa iron\u00eda? Un palacio construido para presumir muestra ahora los mayores logros art\u00edsticos de la naci\u00f3n.  <\/p>\t\t\t\t\t\t\t\t<\/div>\n\t\t\t\t<\/div>\n\t\t\t\t\t<\/div>\n\t\t<\/div>\n\t\t\t\t<div class=\"elementor-column elementor-col-50 elementor-top-column elementor-element elementor-element-89606f4\" data-id=\"89606f4\" data-element_type=\"column\">\n\t\t\t<div class=\"elementor-widget-wrap elementor-element-populated\">\n\t\t\t\t\t\t<div class=\"elementor-element elementor-element-d5cc4fd elementor-widget elementor-widget-html\" data-id=\"d5cc4fd\" data-element_type=\"widget\" data-widget_type=\"html.default\">\n\t\t\t\t<div class=\"elementor-widget-container\">\n\t\t\t\t\t<div class=\"image-carousel-wrapper\">\r\n  <div class=\"image-carousel\">\r\n    <!-- Im\u00e1genes del Belvedere Palace -->\r\n    <div class=\"carousel-item active\">\r\n      <img decoding=\"async\" src=\"https:\/\/belvederepalace.wientickets.org\/wp-content\/uploads\/2025\/11\/belvedere-palace.webp\" alt=\"Vista frontal del Palacio Belvedere por la noche\">\r\n    <\/div>\r\n    <div class=\"carousel-item\">\r\n      <img decoding=\"async\" src=\"https:\/\/belvederepalace.wientickets.org\/wp-content\/uploads\/2025\/11\/gustav-klimt-the-kiss.webp\" alt=\"El beso de Gustav Klimt\">\r\n    <\/div>\r\n    <div class=\"carousel-item\">\r\n      <img decoding=\"async\" src=\"https:\/\/belvederepalace.wientickets.org\/wp-content\/uploads\/2025\/11\/judith-by-gustav-klimt.jpg\" alt=\"Judith y la cabeza de Holofernes de Gustav Klimt\">\r\n    <\/div>\r\n    <div class=\"carousel-item\">\r\n      <img decoding=\"async\" src=\"https:\/\/belvederepalace.wientickets.org\/wp-content\/uploads\/2025\/11\/Mother-with-Two-Children-III-by-Egon-Schiele.jpg\" alt=\"Madre con dos hijos III de Egon Schiele\">\r\n    <\/div>\r\n    <div class=\"carousel-item\">\r\n      <img decoding=\"async\" src=\"https:\/\/belvederepalace.wientickets.org\/wp-content\/uploads\/2025\/11\/Portrait-of-the-publisher-Eduard-Kosmack-by-Egon-Schiele.jpg\" alt=\"Retrato del editor Eduard Kosmack por Egon Schiele\">\r\n    <\/div>\r\n    <div class=\"carousel-item\">\r\n      <img decoding=\"async\" src=\"https:\/\/belvederepalace.wientickets.org\/wp-content\/uploads\/2026\/01\/the-kiss-detail.webp\" alt=\"El Beso en detalle\">\r\n    <\/div>\r\n    \r\n    <!-- Botones de navegaci\u00f3n -->\r\n    <button class=\"carousel-btn prev\" aria-label=\"Anterior\">\r\n      <svg width=\"24\" height=\"24\" viewbox=\"0 0 24 24\" fill=\"none\" stroke=\"currentColor\" stroke-width=\"2\">\r\n        <polyline points=\"15 18 9 12 15 6\"><\/polyline>\r\n      <\/polyline><\/svg>\r\n    <\/button>\r\n    <button class=\"carousel-btn next\" aria-label=\"Siguiente\">\r\n      <svg width=\"24\" height=\"24\" viewbox=\"0 0 24 24\" fill=\"none\" stroke=\"currentColor\" stroke-width=\"2\">\r\n        <polyline points=\"9 18 15 12 9 6\"><\/polyline>\r\n      <\/polyline><\/svg>\r\n    <\/button>\r\n    <div class=\"carousel-caption\"><\/div>\r\n  <\/div>\r\n  \r\n  \r\n  <!-- Indicadores -->\r\n  <div class=\"carousel-indicators\"><\/div>\r\n<\/div>\r\n\r\n<style>\r\n.image-carousel-wrapper {\r\n  width: 100%;\r\n  position: relative;\r\n}\r\n\r\n.image-carousel {\r\n  position: relative;\r\n  width: 100%;\r\n  height: 400px;\r\n  overflow: hidden;\r\n  border-radius: 8px;\r\n}\r\n\r\n.carousel-item {\r\n  position: absolute;\r\n  top: 0;\r\n  left: 0;\r\n  width: 100%;\r\n  height: 100%;\r\n  opacity: 0;\r\n  transition: opacity 0.5s ease-in-out;\r\n  pointer-events: none;\r\n}\r\n\r\n.carousel-item.active {\r\n  opacity: 1;\r\n  pointer-events: auto;\r\n}\r\n\r\n.carousel-item img {\r\n  width: 100%;\r\n  height: 400px;\r\n  object-fit: cover;\r\n  object-position: top center;\r\n  display: block;\r\n}\r\n\r\n.carousel-btn {\r\n  position: absolute;\r\n  top: 50%;\r\n  transform: translateY(-50%);\r\n  background: rgba(0, 0, 0, 0.5);\r\n  color: white;\r\n  border: none;\r\n  width: 45px;\r\n  height: 45px;\r\n  border-radius: 50%;\r\n  cursor: pointer;\r\n  display: flex;\r\n  align-items: center;\r\n  justify-content: center;\r\n  transition: background 0.3s ease;\r\n  z-index: 10;\r\n}\r\n\r\n\/* Asegurar que los SVG se vean correctamente *\/\r\n.carousel-btn svg {\r\n  display: block;\r\n  flex-shrink: 0;\r\n  width: 20px;\r\n  height: 20px;\r\n}\r\n\r\n.carousel-btn:hover {\r\n  background: rgba(0, 0, 0, 0.7);\r\n}\r\n\r\n.carousel-btn:focus {\r\n  background: #CE2B37;\r\n  outline: none;\r\n}\r\n\r\n.carousel-btn.prev {\r\n  left: 15px;\r\n}\r\n\r\n.carousel-btn.next {\r\n  right: 15px;\r\n}\r\n\r\n.carousel-indicators {\r\n  display: flex;\r\n  justify-content: center;\r\n  gap: 8px;\r\n  margin-top: 15px;\r\n}\r\n\r\n.carousel-indicator {\r\n  width: 10px;\r\n  height: 10px;\r\n  border-radius: 50%;\r\n  background: #ddd;\r\n  cursor: pointer;\r\n  transition: all 0.3s ease;\r\n}\r\n\r\n.carousel-indicator.active {\r\n  background: #333;\r\n  width: 30px;\r\n  border-radius: 5px;\r\n}\r\n\r\n\/* Mobile adjustments *\/\r\n@media (max-width: 768px) {\r\n  .carousel-btn {\r\n    width: 35px;\r\n    height: 35px;\r\n  }\r\n  \r\n  .carousel-btn.prev {\r\n    left: 10px;\r\n  }\r\n  \r\n  .carousel-btn.next {\r\n    right: 10px;\r\n  }\r\n  \r\n  .carousel-btn svg {\r\n    width: 18px;\r\n    height: 18px;\r\n  }\r\n}\r\n\r\n.carousel-caption {\r\n  position: absolute;\r\n  bottom: 15px;\r\n  left: 15px;\r\n  background: rgba(0, 0, 0, 0.6);\r\n  color: white;\r\n  padding: 10px 15px;\r\n  border-radius: 5px;\r\n  font-size: 14px;\r\n  max-width: 80%;\r\n  z-index: 10;\r\n}\r\n\r\n@media (max-width: 768px) {\r\n  .carousel-caption {\r\n    font-size: 12px;\r\n    padding: 8px 12px;\r\n    bottom: 10px;\r\n    left: 10px;\r\n  }\r\n}\r\n\r\n<\/style>\r\n\r\n<script>\r\ndocument.addEventListener('DOMContentLoaded', function() {\r\n  const carousels = document.querySelectorAll('.image-carousel-wrapper');\r\n  \r\n  carousels.forEach((wrapper) => {\r\n    const carousel = wrapper.querySelector('.image-carousel');\r\n    const items = carousel.querySelectorAll('.carousel-item');\r\n    const prevBtn = carousel.querySelector('.prev');\r\n    const nextBtn = carousel.querySelector('.next');\r\n    const indicatorsContainer = wrapper.querySelector('.carousel-indicators');\r\n    const caption = carousel.querySelector('.carousel-caption');\r\n    \r\n    let currentIndex = 0;\r\n    let autoplayInterval;\r\n    \r\n    \/\/ Variables para swipe\r\n    let touchStartX = 0;\r\n    let touchEndX = 0;\r\n    let touchStartY = 0;\r\n    let touchEndY = 0;\r\n    \r\n    items.forEach((_, index) => {\r\n      const indicator = document.createElement('div');\r\n      indicator.classList.add('carousel-indicator');\r\n      if (index === 0) indicator.classList.add('active');\r\n      indicator.addEventListener('click', () => {\r\n        stopAutoplay();\r\n        goToSlide(index);\r\n      });\r\n      indicatorsContainer.appendChild(indicator);\r\n    });\r\n    \r\n    const indicators = indicatorsContainer.querySelectorAll('.carousel-indicator');\r\n    \r\n    function updateCarousel() {\r\n      items.forEach((item, index) => {\r\n        item.classList.toggle('active', index === currentIndex);\r\n      });\r\n      \r\n      indicators.forEach((indicator, index) => {\r\n        indicator.classList.toggle('active', index === currentIndex);\r\n      });\r\n      \r\n      const currentImg = items[currentIndex].querySelector('img');\r\n      caption.textContent = currentImg.alt;\r\n    }\r\n    \r\n    function goToSlide(index) {\r\n      currentIndex = index;\r\n      updateCarousel();\r\n    }\r\n    \r\n    function nextSlide() {\r\n      currentIndex = (currentIndex + 1) % items.length;\r\n      updateCarousel();\r\n    }\r\n    \r\n    function prevSlide() {\r\n      currentIndex = (currentIndex - 1 + items.length) % items.length;\r\n      updateCarousel();\r\n    }\r\n    \r\n    function stopAutoplay() {\r\n      if (autoplayInterval) {\r\n        clearInterval(autoplayInterval);\r\n        autoplayInterval = null;\r\n      }\r\n    }\r\n    \r\n    \/\/ Detectar swipe\r\n    function handleSwipe() {\r\n      const diffX = touchEndX - touchStartX;\r\n      const diffY = Math.abs(touchEndY - touchStartY);\r\n      \r\n      \/\/ Solo procesar si el movimiento horizontal es mayor que el vertical\r\n      \/\/ y si el desplazamiento es suficiente (m\u00e1s de 50px)\r\n      if (Math.abs(diffX) > 50 && Math.abs(diffX) > diffY) {\r\n        stopAutoplay();\r\n        \r\n        if (diffX > 0) {\r\n          \/\/ Swipe derecha - ir a anterior\r\n          prevSlide();\r\n        } else {\r\n          \/\/ Swipe izquierda - ir a siguiente\r\n          nextSlide();\r\n        }\r\n      }\r\n    }\r\n    \r\n    \/\/ Event listeners para touch\r\n    carousel.addEventListener('touchstart', (e) => {\r\n      touchStartX = e.changedTouches[0].screenX;\r\n      touchStartY = e.changedTouches[0].screenY;\r\n    }, { passive: true });\r\n    \r\n    carousel.addEventListener('touchend', (e) => {\r\n      touchEndX = e.changedTouches[0].screenX;\r\n      touchEndY = e.changedTouches[0].screenY;\r\n      handleSwipe();\r\n    }, { passive: true });\r\n    \r\n    \/\/ Inicializar\r\n    updateCarousel();\r\n    \r\n    prevBtn.addEventListener('click', () => {\r\n      stopAutoplay();\r\n      prevSlide();\r\n    });\r\n    \r\n    nextBtn.addEventListener('click', () => {\r\n      stopAutoplay();\r\n      nextSlide();\r\n    });\r\n    \r\n    \/\/ Auto-play cada 6 segundos\r\n    autoplayInterval = setInterval(nextSlide, 6000);\r\n  });\r\n});\r\n<\/script>\t\t\t\t<\/div>\n\t\t\t\t<\/div>\n\t\t\t\t\t<\/div>\n\t\t<\/div>\n\t\t\t\t\t<\/div>\n\t\t<\/section>\n\t\t\t\t<section class=\"elementor-section elementor-top-section elementor-element elementor-element-46f117f elementor-section-boxed elementor-section-height-default elementor-section-height-default\" data-id=\"46f117f\" data-element_type=\"section\">\n\t\t\t\t\t\t<div class=\"elementor-container elementor-column-gap-default\">\n\t\t\t\t\t<div class=\"elementor-column elementor-col-100 elementor-top-column elementor-element elementor-element-fca8805\" data-id=\"fca8805\" data-element_type=\"column\">\n\t\t\t<div class=\"elementor-widget-wrap elementor-element-populated\">\n\t\t\t\t\t\t<div class=\"elementor-element elementor-element-6529e7b elementor-widget elementor-widget-heading\" data-id=\"6529e7b\" data-element_type=\"widget\" data-widget_type=\"heading.default\">\n\t\t\t\t<div class=\"elementor-widget-container\">\n\t\t\t\t\t<h3 class=\"elementor-heading-title elementor-size-default\">El Sal\u00f3n de M\u00e1rmol<\/h3>\t\t\t\t<\/div>\n\t\t\t\t<\/div>\n\t\t\t\t<div class=\"elementor-element elementor-element-0d41872 elementor-widget elementor-widget-text-editor\" data-id=\"0d41872\" data-element_type=\"widget\" data-widget_type=\"text-editor.default\">\n\t\t\t\t<div class=\"elementor-widget-container\">\n\t\t\t\t\t\t\t\t\t<p>Antes de llegar a Klimt, debes comprender el coraz\u00f3n de este palacio. El <b>Sal\u00f3n de M\u00e1rmol (Marmorsaal)<\/b> es un espacio ceremonial de dos pisos que se extiende por el centro del edificio. Mira hacia arriba y ver\u00e1s el fresco del techo de Carlo Carlone de 1720, una arremolinada obra maestra barroca que glorifica las victorias militares del pr\u00edncipe Eugenio.  <\/p><p>Pero he aqu\u00ed lo que hace que esta sala sea realmente especial: el 15 de mayo de 1955 se firm\u00f3 aqu\u00ed mismo el Tratado de Estado de Austria, que puso fin a la ocupaci\u00f3n aliada tras la II Guerra Mundial y restableci\u00f3 la soberan\u00eda de Austria. El gobierno no eligi\u00f3 este lugar al azar. Seleccionaron deliberadamente la sala m\u00e1s grandiosa del pasado imperial de Austria, un espacio que hab\u00eda sido bombardeado durante la guerra y minuciosamente restaurado, para dar nacimiento a la Segunda Rep\u00fablica. Ese es el tipo de poder simb\u00f3lico que tiene esta sala.   <\/p><p>La sala utiliza una t\u00e9cnica llamada cuadratura, esencialmente un truco arquitect\u00f3nico mediante pintura que hace que el techo parezca disolverse en el cielo. Combinado con el suntuoso trabajo del m\u00e1rmol, est\u00e1 dise\u00f1ado para hacerte sentir peque\u00f1o y asombrado. Y funciona.  <\/p>\t\t\t\t\t\t\t\t<\/div>\n\t\t\t\t<\/div>\n\t\t\t\t\t<\/div>\n\t\t<\/div>\n\t\t\t\t\t<\/div>\n\t\t<\/section>\n\t\t\t\t<section class=\"elementor-section elementor-top-section elementor-element elementor-element-4829a30 elementor-section-boxed elementor-section-height-default elementor-section-height-default\" data-id=\"4829a30\" data-element_type=\"section\">\n\t\t\t\t\t\t<div class=\"elementor-container elementor-column-gap-default\">\n\t\t\t\t\t<div class=\"elementor-column elementor-col-100 elementor-top-column elementor-element elementor-element-ae91503\" data-id=\"ae91503\" data-element_type=\"column\">\n\t\t\t<div class=\"elementor-widget-wrap elementor-element-populated\">\n\t\t\t\t\t\t<div class=\"elementor-element elementor-element-8a7c46d elementor-widget elementor-widget-heading\" data-id=\"8a7c46d\" data-element_type=\"widget\" data-widget_type=\"heading.default\">\n\t\t\t\t<div class=\"elementor-widget-container\">\n\t\t\t\t\t<h3 class=\"elementor-heading-title elementor-size-default\">El beso y las obras maestras de Klimt<\/h3>\t\t\t\t<\/div>\n\t\t\t\t<\/div>\n\t\t\t\t<div class=\"elementor-element elementor-element-c0b5d3c elementor-widget elementor-widget-text-editor\" data-id=\"c0b5d3c\" data-element_type=\"widget\" data-widget_type=\"text-editor.default\">\n\t\t\t\t<div class=\"elementor-widget-container\">\n\t\t\t\t\t\t\t\t\t<p>Ahora llegamos al acontecimiento principal. El Belvedere Superior alberga <b>la mayor colecci\u00f3n del mundo de \u00f3leos de Gustav Klimt<\/b>, con 24 obras del maestro. Entrar en la galer\u00eda central, donde est\u00e1 colgado <i>El beso<\/i> (1908), es una experiencia que detiene a la gente.  <\/p><p>Probablemente hayas visto este cuadro miles de veces en postales, carteles y tazas de caf\u00e9, pero nada te prepara para verlo en persona. El lienzo mide aproximadamente 180 x 180 cm, y Klimt lo cubri\u00f3 con pan de oro aut\u00e9ntico, t\u00e9cnica que tom\u00f3 prestada de los mosaicos bizantinos. Los dos amantes, envueltos en elaboradas t\u00fanicas decoradas con motivos geom\u00e9tricos y formas org\u00e1nicas, existen en su propio universo dorado sobre un campo de flores.  <\/p><p>La colecci\u00f3n no termina con El beso. Encontrar\u00e1s a <b><i>Judith <\/i><\/b>(1901), otra obra maestra de pan de oro en la que Klimt retrata a la hero\u00edna b\u00edblica como una femme fatale rebosante de sensualidad. Tambi\u00e9n est\u00e1n sus paisajes, retratos de sociedad y obras anteriores que muestran su evoluci\u00f3n de pintor acad\u00e9mico a fundador del movimiento de la Secesi\u00f3n vienesa.  <\/p><p>La galer\u00eda dedicada a Viena 1900 sit\u00faa a Klimt en su contexto junto a sus contempor\u00e1neos, Egon Schiele y Oskar Kokoschka.<\/p>\t\t\t\t\t\t\t\t<\/div>\n\t\t\t\t<\/div>\n\t\t\t\t\t<\/div>\n\t\t<\/div>\n\t\t\t\t\t<\/div>\n\t\t<\/section>\n\t\t\t\t<section class=\"elementor-section elementor-top-section elementor-element elementor-element-c5ae31c elementor-section-boxed elementor-section-height-default elementor-section-height-default\" data-id=\"c5ae31c\" data-element_type=\"section\">\n\t\t\t\t\t\t<div class=\"elementor-container elementor-column-gap-default\">\n\t\t\t\t\t<div class=\"elementor-column elementor-col-50 elementor-top-column elementor-element elementor-element-22d634d\" data-id=\"22d634d\" data-element_type=\"column\">\n\t\t\t<div class=\"elementor-widget-wrap elementor-element-populated\">\n\t\t\t\t\t\t<div class=\"elementor-element elementor-element-d4852a6 elementor-widget elementor-widget-heading\" data-id=\"d4852a6\" data-element_type=\"widget\" data-widget_type=\"heading.default\">\n\t\t\t\t<div class=\"elementor-widget-container\">\n\t\t\t\t\t<h2 class=\"elementor-heading-title elementor-size-default\">Interior del Belvedere Inferior<\/h2>\t\t\t\t<\/div>\n\t\t\t\t<\/div>\n\t\t\t\t<div class=\"elementor-element elementor-element-979abac elementor-widget elementor-widget-text-editor\" data-id=\"979abac\" data-element_type=\"widget\" data-widget_type=\"text-editor.default\">\n\t\t\t\t<div class=\"elementor-widget-container\">\n\t\t\t\t\t\t\t\t\t<p>Baja la colina hasta el <a style=\"color: #7e0009;\" href=\"https:\/\/belvederepalace.wientickets.org\/es\/palacio-del-bajo-belvedere\/\">Belvedere Inferior<\/a> y el ambiente cambia por completo. \u00c9sta fue <b>la residencia real del pr\u00edncipe Eugenio<\/b>, construida entre 1712 y 1717, antes del palacio de arriba. Estas salas se dise\u00f1aron para vivir, para mantener conversaciones \u00edntimas con colegas coleccionistas y eruditos, para disfrutar del arte en privado en lugar de hacerlo desfilar ante los embajadores.<\/p><p>En el Belvedere Inferior, las <b>propias salas son la exposici\u00f3n permanente<\/b>. El palacio utiliza estas hist\u00f3ricas salas de estado como escenarios atmosf\u00e9ricos para exposiciones temporales de alto nivel, creando este fascinante di\u00e1logo entre la opulencia del siglo XVIII y cualquier arte contempor\u00e1neo o hist\u00f3rico que se exponga. <\/p><div> <\/div>\t\t\t\t\t\t\t\t<\/div>\n\t\t\t\t<\/div>\n\t\t\t\t\t<\/div>\n\t\t<\/div>\n\t\t\t\t<div class=\"elementor-column elementor-col-50 elementor-top-column elementor-element elementor-element-75f0666\" data-id=\"75f0666\" data-element_type=\"column\">\n\t\t\t<div class=\"elementor-widget-wrap elementor-element-populated\">\n\t\t\t\t\t\t<div class=\"elementor-element elementor-element-8966c8d elementor-widget elementor-widget-html\" data-id=\"8966c8d\" data-element_type=\"widget\" data-widget_type=\"html.default\">\n\t\t\t\t<div class=\"elementor-widget-container\">\n\t\t\t\t\t<div class=\"image-carousel-wrapper\">\r\n  <div class=\"image-carousel\">\r\n    <div class=\"carousel-item active\">\r\n      <img decoding=\"async\" src=\"https:\/\/belvederepalace.wientickets.org\/wp-content\/uploads\/2025\/11\/lower-belvedere-1.webp\" alt=\"Belvedere Inferior\">\r\n    <\/div>\r\n    <div class=\"carousel-item\">\r\n      <img decoding=\"async\" src=\"https:\/\/belvederepalace.wientickets.org\/wp-content\/uploads\/2025\/11\/Orangery-Lower-Belvedere.webp\" alt=\"Invernadero en Lower Belvedere\">\r\n    <\/div>\r\n    <div class=\"carousel-item\">\r\n      <img decoding=\"async\" src=\"https:\/\/belvederepalace.wientickets.org\/wp-content\/uploads\/2025\/11\/lower-belvedere-fountain.jpg\" alt=\"Fuente del Belvedere Inferior\">\r\n    <\/div>\r\n    <div class=\"carousel-item\">\r\n      <img decoding=\"async\" src=\"https:\/\/belvederepalace.wientickets.org\/wp-content\/uploads\/2025\/11\/golden-hall-belvedere-palace.webp\" alt=\"Sala Dorada en el Bajo Belvedere\">\r\n    <\/div>\r\n    <div class=\"carousel-item\">\r\n      <img decoding=\"async\" src=\"https:\/\/belvederepalace.wientickets.org\/wp-content\/uploads\/2025\/11\/belvedere-marble-hall.webp\" alt=\"Sala de M\u00e1rmol en el Bajo Belvedere\">\r\n    <\/div>\r\n    <div class=\"carousel-item\">\r\n      <img decoding=\"async\" src=\"https:\/\/belvederepalace.wientickets.org\/wp-content\/uploads\/2025\/11\/upper-belvedere-chapel.webp\" alt=\"Capilla del Belvedere Superior\">\r\n    <\/div>\r\n    \r\n    <button class=\"carousel-btn prev\" aria-label=\"Anterior\">\r\n      <svg width=\"24\" height=\"24\" viewbox=\"0 0 24 24\" fill=\"none\" stroke=\"currentColor\" stroke-width=\"2\">\r\n        <polyline points=\"15 18 9 12 15 6\"><\/polyline>\r\n      <\/svg>\r\n    <\/button>\r\n    <button class=\"carousel-btn next\" aria-label=\"Siguiente\">\r\n      <svg width=\"24\" height=\"24\" viewbox=\"0 0 24 24\" fill=\"none\" stroke=\"currentColor\" stroke-width=\"2\">\r\n        <polyline points=\"9 18 15 12 9 6\"><\/polyline>\r\n      <\/svg>\r\n    <\/button>\r\n    <div class=\"carousel-caption\"><\/div>\r\n  <\/div>\r\n  \r\n  <div class=\"carousel-indicators\"><\/div>\r\n<\/div>\t\t\t\t<\/div>\n\t\t\t\t<\/div>\n\t\t\t\t\t<\/div>\n\t\t<\/div>\n\t\t\t\t\t<\/div>\n\t\t<\/section>\n\t\t\t\t<section class=\"elementor-section elementor-top-section elementor-element elementor-element-9073b38 elementor-section-boxed elementor-section-height-default elementor-section-height-default\" data-id=\"9073b38\" data-element_type=\"section\">\n\t\t\t\t\t\t<div class=\"elementor-container elementor-column-gap-default\">\n\t\t\t\t\t<div class=\"elementor-column elementor-col-100 elementor-top-column elementor-element elementor-element-a7a9366\" data-id=\"a7a9366\" data-element_type=\"column\">\n\t\t\t<div class=\"elementor-widget-wrap elementor-element-populated\">\n\t\t\t\t\t\t<div class=\"elementor-element elementor-element-8fdb4d7 elementor-widget elementor-widget-heading\" data-id=\"8fdb4d7\" data-element_type=\"widget\" data-widget_type=\"heading.default\">\n\t\t\t\t<div class=\"elementor-widget-container\">\n\t\t\t\t\t<h3 class=\"elementor-heading-title elementor-size-default\">Gabinete dorado y perfecci\u00f3n rococ\u00f3<\/h3>\t\t\t\t<\/div>\n\t\t\t\t<\/div>\n\t\t\t\t<div class=\"elementor-element elementor-element-d39189f elementor-widget elementor-widget-text-editor\" data-id=\"d39189f\" data-element_type=\"widget\" data-widget_type=\"text-editor.default\">\n\t\t\t\t<div class=\"elementor-widget-container\">\n\t\t\t\t\t\t\t\t\t<p><b>El Gabinete Dorado (Goldkabinett)<\/b> podr\u00eda ser la sala m\u00e1s exquisita de todo el complejo. Concebida originalmente como sala de conversaci\u00f3n, fue renovada bajo la emperatriz Mar\u00eda Teresa y se convirti\u00f3 en una obra maestra de la decoraci\u00f3n rococ\u00f3. El nombre lo dice todo: las paredes brillan con decoraci\u00f3n dorada, salpicada de enormes espejos y caprichosas pinturas grotescas.  <\/p><p>Sit\u00faate en el centro y mira a tu alrededor. Los espejos se enfrentan a trav\u00e9s de la sala, creando lo que un observador llam\u00f3 \u00abuna cascada interminable de arcos dorados\u00bb. Esto es teatro barroco cl\u00e1sico, que utiliza espejos para multiplicar el espacio y la luz de las velas, haciendo que la sala parezca infinita.    <\/p><p>Francesco Solimena pint\u00f3 el techo en 1719, a\u00f1adiendo otra capa de prestigio art\u00edstico a un espacio ya de por s\u00ed impresionante.<\/p>\t\t\t\t\t\t\t\t<\/div>\n\t\t\t\t<\/div>\n\t\t\t\t\t<\/div>\n\t\t<\/div>\n\t\t\t\t\t<\/div>\n\t\t<\/section>\n\t\t\t\t<section class=\"elementor-section elementor-top-section elementor-element elementor-element-2e24e79 elementor-section-boxed elementor-section-height-default elementor-section-height-default\" data-id=\"2e24e79\" data-element_type=\"section\">\n\t\t\t\t\t\t<div class=\"elementor-container elementor-column-gap-default\">\n\t\t\t\t\t<div class=\"elementor-column elementor-col-100 elementor-top-column elementor-element elementor-element-07d71a2\" data-id=\"07d71a2\" data-element_type=\"column\">\n\t\t\t<div class=\"elementor-widget-wrap elementor-element-populated\">\n\t\t\t\t\t\t<div class=\"elementor-element elementor-element-966ca37 elementor-widget elementor-widget-heading\" data-id=\"966ca37\" data-element_type=\"widget\" data-widget_type=\"heading.default\">\n\t\t\t\t<div class=\"elementor-widget-container\">\n\t\t\t\t\t<h3 class=\"elementor-heading-title elementor-size-default\">Galer\u00eda del M\u00e1rmol<\/h3>\t\t\t\t<\/div>\n\t\t\t\t<\/div>\n\t\t\t\t<div class=\"elementor-element elementor-element-484c9bb elementor-widget elementor-widget-text-editor\" data-id=\"484c9bb\" data-element_type=\"widget\" data-widget_type=\"text-editor.default\">\n\t\t\t\t<div class=\"elementor-widget-container\">\n\t\t\t\t\t\t\t\t\t<p>No la confundas con la Galer\u00eda de M\u00e1rmol del Belvedere Superior. La Galer\u00eda de M\u00e1rmol (Marmorgalerie) del Belvedere Inferior es una galer\u00eda residencial de una sola planta, magn\u00edficamente decorada, pero dise\u00f1ada para un fin completamente distinto. Las pinturas hist\u00f3ricas la muestran como la \u00abSala de M\u00e1rmol de la Colecci\u00f3n Ambras\u00bb, decorada con relieves de estuco y esculturas en lugar de frescos en el techo.  <\/p><p>Aqu\u00ed era donde el pr\u00edncipe Eugenio expon\u00eda su colecci\u00f3n de esculturas y entreten\u00eda a invitados cultos. La escala parece humana, no abrumadora. <\/p>\t\t\t\t\t\t\t\t<\/div>\n\t\t\t\t<\/div>\n\t\t\t\t\t<\/div>\n\t\t<\/div>\n\t\t\t\t\t<\/div>\n\t\t<\/section>\n\t\t\t\t<section class=\"elementor-section elementor-top-section elementor-element elementor-element-d475af4 elementor-section-boxed elementor-section-height-default elementor-section-height-default\" data-id=\"d475af4\" data-element_type=\"section\">\n\t\t\t\t\t\t<div class=\"elementor-container elementor-column-gap-default\">\n\t\t\t\t\t<div class=\"elementor-column elementor-col-100 elementor-top-column elementor-element elementor-element-6ce4990\" data-id=\"6ce4990\" data-element_type=\"column\">\n\t\t\t<div class=\"elementor-widget-wrap elementor-element-populated\">\n\t\t\t\t\t\t<div class=\"elementor-element elementor-element-7c717f8 elementor-widget elementor-widget-heading\" data-id=\"7c717f8\" data-element_type=\"widget\" data-widget_type=\"heading.default\">\n\t\t\t\t<div class=\"elementor-widget-container\">\n\t\t\t\t\t<h3 class=\"elementor-heading-title elementor-size-default\">Invernadero y Caballerizas del Palacio<\/h3>\t\t\t\t<\/div>\n\t\t\t\t<\/div>\n\t\t\t\t<div class=\"elementor-element elementor-element-f71c33c elementor-widget elementor-widget-text-editor\" data-id=\"f71c33c\" data-element_type=\"widget\" data-widget_type=\"text-editor.default\">\n\t\t\t\t<div class=\"elementor-widget-container\">\n\t\t\t\t\t\t\t\t\t<p>Tu entrada al Belvedere Inferior incluye en realidad el acceso a tres edificios distintos, lo que puede resultar confuso, pero tiene sentido una vez que comprendes la disposici\u00f3n.<\/p><p>El <b>Invernadero <\/b>era originalmente el invernadero del pr\u00edncipe Eugenio para proteger los delicados naranjos durante los duros inviernos de Viena. Hoy se ha convertido en una galer\u00eda minimalista de \u00abcubo blanco\u00bb, que suele utilizarse para exposiciones de arte moderno y contempor\u00e1neo que complementan las que se presentan en el palacio principal. <\/p><p>Los <b>Establos del Palacio<\/b> (Prunkstall) merecen una menci\u00f3n especial. No eran establos corrientes, sino alojamientos de lujo para los 14 caballos de montar m\u00e1s preciados del pr\u00edncipe Eugenio. Desde 2007, albergan la colecci\u00f3n permanente de arte medieval y renacentista del Belvedere, que abarca desde mediados del siglo XIV hasta principios del XVI.  <\/p><p>Esto incluye el <b><i>Retablo de Salzburgo<\/i><\/b> del pintor g\u00f3tico tard\u00edo Rueland Frueauf el Viejo, pinturas sobre tabla de Michael Pacher y Thomas von Villach, figuras talladas de Hans Klocker y esculturas de arenisca del Maestro de Grosslobming.<\/p>\t\t\t\t\t\t\t\t<\/div>\n\t\t\t\t<\/div>\n\t\t\t\t\t<\/div>\n\t\t<\/div>\n\t\t\t\t\t<\/div>\n\t\t<\/section>\n\t\t\t\t<section class=\"elementor-section elementor-top-section elementor-element elementor-element-bf4065d elementor-section-boxed elementor-section-height-default elementor-section-height-default\" data-id=\"bf4065d\" data-element_type=\"section\">\n\t\t\t\t\t\t<div class=\"elementor-container elementor-column-gap-default\">\n\t\t\t\t\t<div class=\"elementor-column elementor-col-100 elementor-top-column elementor-element elementor-element-7719f4d\" data-id=\"7719f4d\" data-element_type=\"column\">\n\t\t\t<div class=\"elementor-widget-wrap elementor-element-populated\">\n\t\t\t\t\t\t<div class=\"elementor-element elementor-element-a68a64d elementor-widget elementor-widget-heading\" data-id=\"a68a64d\" data-element_type=\"widget\" data-widget_type=\"heading.default\">\n\t\t\t\t<div class=\"elementor-widget-container\">\n\t\t\t\t\t<h2 class=\"elementor-heading-title elementor-size-default\">Informaci\u00f3n sobre las entradas<\/h2>\t\t\t\t<\/div>\n\t\t\t\t<\/div>\n\t\t\t\t\t<\/div>\n\t\t<\/div>\n\t\t\t\t\t<\/div>\n\t\t<\/section>\n\t\t\t\t<section class=\"elementor-section elementor-top-section elementor-element elementor-element-4a78a3a elementor-section-boxed elementor-section-height-default elementor-section-height-default\" data-id=\"4a78a3a\" data-element_type=\"section\">\n\t\t\t\t\t\t<div class=\"elementor-container elementor-column-gap-default\">\n\t\t\t\t\t<div class=\"elementor-column elementor-col-50 elementor-top-column elementor-element elementor-element-1fc5bee\" data-id=\"1fc5bee\" data-element_type=\"column\">\n\t\t\t<div class=\"elementor-widget-wrap elementor-element-populated\">\n\t\t\t\t\t\t<div class=\"elementor-element elementor-element-9f14239 elementor-widget elementor-widget-image\" data-id=\"9f14239\" data-element_type=\"widget\" data-widget_type=\"image.default\">\n\t\t\t\t<div class=\"elementor-widget-container\">\n\t\t\t\t\t\t\t\t\t\t\t\t\t\t\t<img loading=\"lazy\" decoding=\"async\" width=\"600\" height=\"400\" src=\"https:\/\/belvederepalace.wientickets.org\/wp-content\/uploads\/2024\/08\/upper-belvedere-palace-tickets.webp\" class=\"attachment-large size-large wp-image-1364\" alt=\"\" srcset=\"https:\/\/belvederepalace.wientickets.org\/wp-content\/uploads\/2024\/08\/upper-belvedere-palace-tickets.webp 600w, https:\/\/belvederepalace.wientickets.org\/wp-content\/uploads\/2024\/08\/upper-belvedere-palace-tickets-300x200.webp 300w\" sizes=\"(max-width: 600px) 100vw, 600px\" \/>\t\t\t\t\t\t\t\t\t\t\t\t\t\t\t<\/div>\n\t\t\t\t<\/div>\n\t\t\t\t\t<\/div>\n\t\t<\/div>\n\t\t\t\t<div class=\"elementor-column elementor-col-50 elementor-top-column elementor-element elementor-element-b0400e6\" data-id=\"b0400e6\" data-element_type=\"column\">\n\t\t\t<div class=\"elementor-widget-wrap elementor-element-populated\">\n\t\t\t\t\t\t<div class=\"elementor-element elementor-element-1404e07 elementor-mobile-align-center elementor-hidden-desktop elementor-widget elementor-widget-button\" data-id=\"1404e07\" data-element_type=\"widget\" data-widget_type=\"button.default\">\n\t\t\t\t<div class=\"elementor-widget-container\">\n\t\t\t\t\t\t\t\t\t<div class=\"elementor-button-wrapper\">\n\t\t\t\t\t<a class=\"elementor-button elementor-button-link elementor-size-md\" href=\"https:\/\/belvederepalace.wientickets.org\/es\/entradas-para-el-palacio-belvedere\/\">\n\t\t\t\t\t\t<span class=\"elementor-button-content-wrapper\">\n\t\t\t\t\t\t\t\t\t<span class=\"elementor-button-text\">Ver informaci\u00f3n de las entradas<\/span>\n\t\t\t\t\t<\/span>\n\t\t\t\t\t<\/a>\n\t\t\t\t<\/div>\n\t\t\t\t\t\t\t\t<\/div>\n\t\t\t\t<\/div>\n\t\t\t\t<div class=\"elementor-element elementor-element-0fb0255 elementor-hidden-tablet elementor-hidden-mobile elementor-widget elementor-widget-text-editor\" data-id=\"0fb0255\" data-element_type=\"widget\" data-widget_type=\"text-editor.default\">\n\t\t\t\t<div class=\"elementor-widget-container\">\n\t\t\t\t\t\t\t\t\t<p>La experiencia comienza con un paseo por los jardines bellamente dise\u00f1ados que conectan el Belvedere Superior e Inferior. Estos jardines, dise\u00f1ados en un estilo franc\u00e9s formal, cuentan con fuentes escalonadas, esculturas y macizos de flores meticulosamente cuidados, que ofrecen un entorno sereno para un paseo tranquilo. <\/p><p>Una visita al Palacio Belvedere proporciona informaci\u00f3n sobre las vidas de las figuras hist\u00f3ricas que vivieron all\u00ed y los movimientos art\u00edsticos que dieron forma a Europa.<\/p>\t\t\t\t\t\t\t\t<\/div>\n\t\t\t\t<\/div>\n\t\t\t\t<div class=\"elementor-element elementor-element-9b40f10 elementor-mobile-align-center elementor-hidden-tablet elementor-hidden-mobile elementor-widget elementor-widget-button\" data-id=\"9b40f10\" data-element_type=\"widget\" data-widget_type=\"button.default\">\n\t\t\t\t<div class=\"elementor-widget-container\">\n\t\t\t\t\t\t\t\t\t<div class=\"elementor-button-wrapper\">\n\t\t\t\t\t<a class=\"elementor-button elementor-button-link elementor-size-md\" href=\"https:\/\/belvederepalace.wientickets.org\/es\/entradas-para-el-palacio-belvedere\/\">\n\t\t\t\t\t\t<span class=\"elementor-button-content-wrapper\">\n\t\t\t\t\t\t\t\t\t<span class=\"elementor-button-text\">Ver informaci\u00f3n de las entradas<\/span>\n\t\t\t\t\t<\/span>\n\t\t\t\t\t<\/a>\n\t\t\t\t<\/div>\n\t\t\t\t\t\t\t\t<\/div>\n\t\t\t\t<\/div>\n\t\t\t\t\t<\/div>\n\t\t<\/div>\n\t\t\t\t\t<\/div>\n\t\t<\/section>\n\t\t\t\t<section class=\"elementor-section elementor-top-section elementor-element elementor-element-4a43a89 elementor-section-boxed elementor-section-height-default elementor-section-height-default\" data-id=\"4a43a89\" data-element_type=\"section\">\n\t\t\t\t\t\t<div class=\"elementor-container elementor-column-gap-default\">\n\t\t\t\t\t<div class=\"elementor-column elementor-col-100 elementor-top-column elementor-element elementor-element-72e4b60\" data-id=\"72e4b60\" data-element_type=\"column\">\n\t\t\t<div class=\"elementor-widget-wrap elementor-element-populated\">\n\t\t\t\t\t\t<div class=\"elementor-element elementor-element-3b312c0 elementor-widget elementor-widget-heading\" data-id=\"3b312c0\" data-element_type=\"widget\" data-widget_type=\"heading.default\">\n\t\t\t\t<div class=\"elementor-widget-container\">\n\t\t\t\t\t<h3 class=\"elementor-heading-title elementor-size-default\">M\u00e1s informaci\u00f3n sobre el Palacio Belvedere<\/h3>\t\t\t\t<\/div>\n\t\t\t\t<\/div>\n\t\t\t\t\t<\/div>\n\t\t<\/div>\n\t\t\t\t\t<\/div>\n\t\t<\/section>\n\t\t\t\t<section class=\"elementor-section elementor-top-section elementor-element elementor-element-d61aff5 elementor-section-boxed elementor-section-height-default elementor-section-height-default\" data-id=\"d61aff5\" data-element_type=\"section\">\n\t\t\t\t\t\t<div class=\"elementor-container elementor-column-gap-custom\">\n\t\t\t\t\t<div class=\"elementor-column elementor-col-33 elementor-top-column elementor-element elementor-element-9149bd3\" data-id=\"9149bd3\" data-element_type=\"column\">\n\t\t\t<div class=\"elementor-widget-wrap elementor-element-populated\">\n\t\t\t\t\t\t<div class=\"elementor-element elementor-element-fc2b0f7 elementor-widget elementor-widget-image\" data-id=\"fc2b0f7\" data-element_type=\"widget\" data-widget_type=\"image.default\">\n\t\t\t\t<div class=\"elementor-widget-container\">\n\t\t\t\t\t\t\t\t\t\t\t\t\t\t\t\t<a href=\"https:\/\/belvederepalace.wientickets.org\/es\/entradas-para-el-palacio-belvedere\/\">\n\t\t\t\t\t\t\t<img loading=\"lazy\" decoding=\"async\" width=\"800\" height=\"472\" src=\"https:\/\/belvederepalace.wientickets.org\/wp-content\/uploads\/2024\/08\/belvedere-palace-faqs.webp\" class=\"attachment-large size-large wp-image-1562\" alt=\"\" srcset=\"https:\/\/belvederepalace.wientickets.org\/wp-content\/uploads\/2024\/08\/belvedere-palace-faqs.webp 900w, https:\/\/belvederepalace.wientickets.org\/wp-content\/uploads\/2024\/08\/belvedere-palace-faqs-300x177.webp 300w, https:\/\/belvederepalace.wientickets.org\/wp-content\/uploads\/2024\/08\/belvedere-palace-faqs-768x453.webp 768w\" sizes=\"(max-width: 800px) 100vw, 800px\" \/>\t\t\t\t\t\t\t\t<\/a>\n\t\t\t\t\t\t\t\t\t\t\t\t\t\t\t<\/div>\n\t\t\t\t<\/div>\n\t\t\t\t<div class=\"elementor-element elementor-element-d2bb8b7 elementor-widget elementor-widget-heading\" data-id=\"d2bb8b7\" data-element_type=\"widget\" data-widget_type=\"heading.default\">\n\t\t\t\t<div class=\"elementor-widget-container\">\n\t\t\t\t\t<p class=\"elementor-heading-title elementor-size-default\">ENTRADAS PARA EL PALACIO BELVEDERE<\/p>\t\t\t\t<\/div>\n\t\t\t\t<\/div>\n\t\t\t\t<div class=\"elementor-element elementor-element-00f6de5 elementor-widget elementor-widget-heading\" data-id=\"00f6de5\" data-element_type=\"widget\" data-widget_type=\"heading.default\">\n\t\t\t\t<div class=\"elementor-widget-container\">\n\t\t\t\t\t<h3 class=\"elementor-heading-title elementor-size-default\"><a href=\"https:\/\/belvederepalace.wientickets.org\/es\/entradas-para-el-palacio-belvedere\/\">Entradas para el Palacio Belvedere Superior<\/a><\/h3>\t\t\t\t<\/div>\n\t\t\t\t<\/div>\n\t\t\t\t<div class=\"elementor-element elementor-element-c7cbe42 elementor-widget elementor-widget-text-editor\" data-id=\"c7cbe42\" data-element_type=\"widget\" data-widget_type=\"text-editor.default\">\n\t\t\t\t<div class=\"elementor-widget-container\">\n\t\t\t\t\t\t\t\t\tLas entradas al Palacio Belvedere dan acceso a sus renombradas exposiciones de arte y a sus hermosos jardines. El palacio est\u00e1 dividido en dos partes principales&#8230; <a href=\"https:\/\/belvederepalace.wientickets.org\/es\/entradas-para-el-palacio-belvedere\/\" style=\"color:#7E0009;\">ver m\u00e1s<\/a> \n\t\t\t\t\t\t\t\t<\/div>\n\t\t\t\t<\/div>\n\t\t\t\t\t<\/div>\n\t\t<\/div>\n\t\t\t\t<div class=\"elementor-column elementor-col-33 elementor-top-column elementor-element elementor-element-f9f9067\" data-id=\"f9f9067\" data-element_type=\"column\">\n\t\t\t<div class=\"elementor-widget-wrap elementor-element-populated\">\n\t\t\t\t\t\t<div class=\"elementor-element elementor-element-1475c65 elementor-widget elementor-widget-image\" data-id=\"1475c65\" data-element_type=\"widget\" data-widget_type=\"image.default\">\n\t\t\t\t<div class=\"elementor-widget-container\">\n\t\t\t\t\t\t\t\t\t\t\t\t\t\t\t\t<a href=\"https:\/\/belvederepalace.wientickets.org\/es\/horarios\/\">\n\t\t\t\t\t\t\t<img loading=\"lazy\" decoding=\"async\" width=\"600\" height=\"400\" src=\"https:\/\/belvederepalace.wientickets.org\/wp-content\/uploads\/2024\/08\/location-of-belvedere-palace.webp\" class=\"attachment-large size-large wp-image-1369\" alt=\"\" srcset=\"https:\/\/belvederepalace.wientickets.org\/wp-content\/uploads\/2024\/08\/location-of-belvedere-palace.webp 600w, https:\/\/belvederepalace.wientickets.org\/wp-content\/uploads\/2024\/08\/location-of-belvedere-palace-300x200.webp 300w\" sizes=\"(max-width: 600px) 100vw, 600px\" \/>\t\t\t\t\t\t\t\t<\/a>\n\t\t\t\t\t\t\t\t\t\t\t\t\t\t\t<\/div>\n\t\t\t\t<\/div>\n\t\t\t\t<div class=\"elementor-element elementor-element-f5f3903 elementor-widget elementor-widget-heading\" data-id=\"f5f3903\" data-element_type=\"widget\" data-widget_type=\"heading.default\">\n\t\t\t\t<div class=\"elementor-widget-container\">\n\t\t\t\t\t<p class=\"elementor-heading-title elementor-size-default\">INFORMACI\u00d3N PARA EL VIAJERO<\/p>\t\t\t\t<\/div>\n\t\t\t\t<\/div>\n\t\t\t\t<div class=\"elementor-element elementor-element-13aeefe elementor-widget elementor-widget-heading\" data-id=\"13aeefe\" data-element_type=\"widget\" data-widget_type=\"heading.default\">\n\t\t\t\t<div class=\"elementor-widget-container\">\n\t\t\t\t\t<h3 class=\"elementor-heading-title elementor-size-default\"><a href=\"https:\/\/belvederepalace.wientickets.org\/es\/ubicacion-del-palacio-belvedere\/\">Ubicaci\u00f3n del Palacio Belvedere<\/a><\/h3>\t\t\t\t<\/div>\n\t\t\t\t<\/div>\n\t\t\t\t<div class=\"elementor-element elementor-element-6d42011 elementor-widget elementor-widget-text-editor\" data-id=\"6d42011\" data-element_type=\"widget\" data-widget_type=\"text-editor.default\">\n\t\t\t\t<div class=\"elementor-widget-container\">\n\t\t\t\t\t\t\t\t\tEl Palacio Belvedere est\u00e1 situado en el distrito de Landstra\u00dfe de Viena, lo que facilita el acceso desde varias partes de la ciudad. Est\u00e1 c\u00e9ntricamente&#8230; <a href=\"https:\/\/belvederepalace.wientickets.org\/es\/ubicacion-del-palacio-belvedere\/\" style=\"color:#7E0009;\">ver m\u00e1s<\/a> \n\t\t\t\t\t\t\t\t<\/div>\n\t\t\t\t<\/div>\n\t\t\t\t\t<\/div>\n\t\t<\/div>\n\t\t\t\t<div class=\"elementor-column elementor-col-33 elementor-top-column elementor-element elementor-element-018532f\" data-id=\"018532f\" data-element_type=\"column\">\n\t\t\t<div class=\"elementor-widget-wrap elementor-element-populated\">\n\t\t\t\t\t\t<div class=\"elementor-element elementor-element-a3dbaf9 elementor-widget elementor-widget-image\" data-id=\"a3dbaf9\" data-element_type=\"widget\" data-widget_type=\"image.default\">\n\t\t\t\t<div class=\"elementor-widget-container\">\n\t\t\t\t\t\t\t\t\t\t\t\t\t\t\t\t<a href=\"https:\/\/belvederepalace.wientickets.org\/es\/lo-mas-destacado-del-palacio-belvedere\/\">\n\t\t\t\t\t\t\t<img loading=\"lazy\" decoding=\"async\" width=\"800\" height=\"523\" src=\"https:\/\/belvederepalace.wientickets.org\/wp-content\/uploads\/2025\/12\/upper-belvedere-facade.webp\" class=\"attachment-large size-large wp-image-2005\" alt=\"Fachada superior del Belvedere\" srcset=\"https:\/\/belvederepalace.wientickets.org\/wp-content\/uploads\/2025\/12\/upper-belvedere-facade.webp 1024w, https:\/\/belvederepalace.wientickets.org\/wp-content\/uploads\/2025\/12\/upper-belvedere-facade-300x196.webp 300w, https:\/\/belvederepalace.wientickets.org\/wp-content\/uploads\/2025\/12\/upper-belvedere-facade-768x503.webp 768w\" sizes=\"(max-width: 800px) 100vw, 800px\" \/>\t\t\t\t\t\t\t\t<\/a>\n\t\t\t\t\t\t\t\t\t\t\t\t\t\t\t<\/div>\n\t\t\t\t<\/div>\n\t\t\t\t<div class=\"elementor-element elementor-element-3d10a93 elementor-widget elementor-widget-heading\" data-id=\"3d10a93\" data-element_type=\"widget\" data-widget_type=\"heading.default\">\n\t\t\t\t<div class=\"elementor-widget-container\">\n\t\t\t\t\t<p class=\"elementor-heading-title elementor-size-default\">INFORMACI\u00d3N DEL PALACIO BELVEDERE<\/p>\t\t\t\t<\/div>\n\t\t\t\t<\/div>\n\t\t\t\t<div class=\"elementor-element elementor-element-06c2e13 elementor-widget elementor-widget-heading\" data-id=\"06c2e13\" data-element_type=\"widget\" data-widget_type=\"heading.default\">\n\t\t\t\t<div class=\"elementor-widget-container\">\n\t\t\t\t\t<h3 class=\"elementor-heading-title elementor-size-default\"><a href=\"https:\/\/belvederepalace.wientickets.org\/es\/palacio-belvedere-frente-al-palacio-de-schonbrunn\/\">Palacio Belvedere o Sch\u00f6nbrunn<\/a><\/h3>\t\t\t\t<\/div>\n\t\t\t\t<\/div>\n\t\t\t\t<div class=\"elementor-element elementor-element-c8bbfde elementor-widget elementor-widget-text-editor\" data-id=\"c8bbfde\" data-element_type=\"widget\" data-widget_type=\"text-editor.default\">\n\t\t\t\t<div class=\"elementor-widget-container\">\n\t\t\t\t\t\t\t\t\tComparamos dos de los monumentos m\u00e1s emblem\u00e1ticos de Viena. Exploraremos sus diferencias hist\u00f3ricas, sus colecciones de arte y las experiencias de otros viajeros para ayudarte a decidir cu\u00e1l visitar&#8230; <a href=\"https:\/\/belvederepalace.wientickets.org\/es\/palacio-belvedere-frente-al-palacio-de-schonbrunn\/\" style=\"color:#7E0009;\">ver m\u00e1s<\/a> \t\t\t\t\t\t\t\t<\/div>\n\t\t\t\t<\/div>\n\t\t\t\t\t<\/div>\n\t\t<\/div>\n\t\t\t\t\t<\/div>\n\t\t<\/section>\n\t\t\t\t<\/div>\n\t\t","protected":false},"excerpt":{"rendered":"<p>Interior del Palacio Belvedere Ad\u00e9ntrate en el complejo del Palacio Belvedere y descubrir\u00e1s dos mundos que no podr\u00edan ser m\u00e1s diferentes. Reservar entradas Asistencia cuando la necesites Atenci\u00f3n al cliente para ayudarte con todo lo que necesites desde las 8:00 a. m. hasta las 6:00 p. m. Reserva r\u00e1pida y en l\u00ednea Elige la mejor [&hellip;]<\/p>\n","protected":false},"author":2,"featured_media":1531,"parent":0,"menu_order":0,"comment_status":"closed","ping_status":"closed","template":"elementor_header_footer","meta":{"footnotes":""},"class_list":["post-2007","page","type-page","status-publish","has-post-thumbnail","hentry"],"yoast_head":"<!-- This site is optimized with the Yoast SEO plugin v26.7 - https:\/\/yoast.com\/wordpress\/plugins\/seo\/ -->\n<title>Interior del Palacio Belvedere | Superior e Inferior<\/title>\n<meta name=\"description\" content=\"El Beso de Klimt espera en el interior del Belvedere Superior \u2705 Conoce qu\u00e9 hace tan diferentes a las salas del Belvedere Inferior y por qu\u00e9 los jardines son de visita libre\" \/>\n<meta name=\"robots\" content=\"index, follow, max-snippet:-1, max-image-preview:large, max-video-preview:-1\" \/>\n<link rel=\"canonical\" href=\"https:\/\/belvederepalace.wientickets.org\/es\/interior-del-palacio-belvedere\/\" \/>\n<meta property=\"og:locale\" content=\"es_ES\" \/>\n<meta property=\"og:type\" content=\"article\" \/>\n<meta property=\"og:title\" content=\"Interior del Palacio Belvedere | Superior e Inferior\" \/>\n<meta property=\"og:description\" content=\"El Beso de Klimt espera en el interior del Belvedere Superior \u2705 Conoce qu\u00e9 hace tan diferentes a las salas del Belvedere Inferior y por qu\u00e9 los jardines son de visita libre\" \/>\n<meta property=\"og:url\" content=\"https:\/\/belvederepalace.wientickets.org\/es\/interior-del-palacio-belvedere\/\" \/>\n<meta property=\"og:site_name\" content=\"Belvedere Palace Tickets\" \/>\n<meta property=\"article:modified_time\" content=\"2026-01-23T11:58:05+00:00\" \/>\n<meta property=\"og:image\" content=\"https:\/\/belvederepalace.wientickets.org\/wp-content\/uploads\/2025\/11\/lower-belvedere-1.webp\" \/>\n\t<meta property=\"og:image:width\" content=\"1200\" \/>\n\t<meta property=\"og:image:height\" content=\"800\" \/>\n\t<meta property=\"og:image:type\" content=\"image\/webp\" \/>\n<meta name=\"twitter:card\" content=\"summary_large_image\" \/>\n<meta name=\"twitter:label1\" content=\"Tiempo de lectura\" \/>\n\t<meta name=\"twitter:data1\" content=\"10 minutos\" \/>\n<script type=\"application\/ld+json\" class=\"yoast-schema-graph\">{\"@context\":\"https:\/\/schema.org\",\"@graph\":[{\"@type\":\"WebPage\",\"@id\":\"https:\/\/belvederepalace.wientickets.org\/es\/interior-del-palacio-belvedere\/\",\"url\":\"https:\/\/belvederepalace.wientickets.org\/es\/interior-del-palacio-belvedere\/\",\"name\":\"Interior del Palacio Belvedere | Superior e Inferior\",\"isPartOf\":{\"@id\":\"https:\/\/belvederepalace.wientickets.org\/es\/#website\"},\"primaryImageOfPage\":{\"@id\":\"https:\/\/belvederepalace.wientickets.org\/es\/interior-del-palacio-belvedere\/#primaryimage\"},\"image\":{\"@id\":\"https:\/\/belvederepalace.wientickets.org\/es\/interior-del-palacio-belvedere\/#primaryimage\"},\"thumbnailUrl\":\"https:\/\/belvederepalace.wientickets.org\/wp-content\/uploads\/2025\/11\/lower-belvedere-1.webp\",\"datePublished\":\"2025-11-12T11:04:54+00:00\",\"dateModified\":\"2026-01-23T11:58:05+00:00\",\"description\":\"El Beso de Klimt espera en el interior del Belvedere Superior \u2705 Conoce qu\u00e9 hace tan diferentes a las salas del Belvedere Inferior y por qu\u00e9 los jardines son de visita libre\",\"breadcrumb\":{\"@id\":\"https:\/\/belvederepalace.wientickets.org\/es\/interior-del-palacio-belvedere\/#breadcrumb\"},\"inLanguage\":\"es\",\"potentialAction\":[{\"@type\":\"ReadAction\",\"target\":[\"https:\/\/belvederepalace.wientickets.org\/es\/interior-del-palacio-belvedere\/\"]}]},{\"@type\":\"ImageObject\",\"inLanguage\":\"es\",\"@id\":\"https:\/\/belvederepalace.wientickets.org\/es\/interior-del-palacio-belvedere\/#primaryimage\",\"url\":\"https:\/\/belvederepalace.wientickets.org\/wp-content\/uploads\/2025\/11\/lower-belvedere-1.webp\",\"contentUrl\":\"https:\/\/belvederepalace.wientickets.org\/wp-content\/uploads\/2025\/11\/lower-belvedere-1.webp\",\"width\":1200,\"height\":800,\"caption\":\"Bajo Belvedere\"},{\"@type\":\"BreadcrumbList\",\"@id\":\"https:\/\/belvederepalace.wientickets.org\/es\/interior-del-palacio-belvedere\/#breadcrumb\",\"itemListElement\":[{\"@type\":\"ListItem\",\"position\":1,\"name\":\"Home\",\"item\":\"https:\/\/belvederepalace.wientickets.org\/es\/\"},{\"@type\":\"ListItem\",\"position\":2,\"name\":\"Interior del Palacio Belvedere\"}]},{\"@type\":\"WebSite\",\"@id\":\"https:\/\/belvederepalace.wientickets.org\/es\/#website\",\"url\":\"https:\/\/belvederepalace.wientickets.org\/es\/\",\"name\":\"Belvedere Palace Tickets\",\"description\":\"\",\"publisher\":{\"@id\":\"https:\/\/belvederepalace.wientickets.org\/es\/#organization\"},\"potentialAction\":[{\"@type\":\"SearchAction\",\"target\":{\"@type\":\"EntryPoint\",\"urlTemplate\":\"https:\/\/belvederepalace.wientickets.org\/es\/?s={search_term_string}\"},\"query-input\":{\"@type\":\"PropertyValueSpecification\",\"valueRequired\":true,\"valueName\":\"search_term_string\"}}],\"inLanguage\":\"es\"},{\"@type\":\"Organization\",\"@id\":\"https:\/\/belvederepalace.wientickets.org\/es\/#organization\",\"name\":\"Entradas para el Palacio Belvedere\",\"url\":\"https:\/\/belvederepalace.wientickets.org\/es\/\",\"logo\":{\"@type\":\"ImageObject\",\"inLanguage\":\"es\",\"@id\":\"https:\/\/belvederepalace.wientickets.org\/es\/#\/schema\/logo\/image\/\",\"url\":\"https:\/\/belvederepalace.wientickets.org\/wp-content\/uploads\/2024\/08\/belvedere-palace-tickets-logo.png\",\"contentUrl\":\"https:\/\/belvederepalace.wientickets.org\/wp-content\/uploads\/2024\/08\/belvedere-palace-tickets-logo.png\",\"width\":375,\"height\":70,\"caption\":\"Entradas para el Palacio Belvedere\"},\"image\":{\"@id\":\"https:\/\/belvederepalace.wientickets.org\/es\/#\/schema\/logo\/image\/\"}}]}<\/script>\n<!-- \/ Yoast SEO plugin. -->","yoast_head_json":{"title":"Interior del Palacio Belvedere | Superior e Inferior","description":"El Beso de Klimt espera en el interior del Belvedere Superior \u2705 Conoce qu\u00e9 hace tan diferentes a las salas del Belvedere Inferior y por qu\u00e9 los jardines son de visita libre","robots":{"index":"index","follow":"follow","max-snippet":"max-snippet:-1","max-image-preview":"max-image-preview:large","max-video-preview":"max-video-preview:-1"},"canonical":"https:\/\/belvederepalace.wientickets.org\/es\/interior-del-palacio-belvedere\/","og_locale":"es_ES","og_type":"article","og_title":"Interior del Palacio Belvedere | Superior e Inferior","og_description":"El Beso de Klimt espera en el interior del Belvedere Superior \u2705 Conoce qu\u00e9 hace tan diferentes a las salas del Belvedere Inferior y por qu\u00e9 los jardines son de visita libre","og_url":"https:\/\/belvederepalace.wientickets.org\/es\/interior-del-palacio-belvedere\/","og_site_name":"Belvedere Palace Tickets","article_modified_time":"2026-01-23T11:58:05+00:00","og_image":[{"width":1200,"height":800,"url":"https:\/\/belvederepalace.wientickets.org\/wp-content\/uploads\/2025\/11\/lower-belvedere-1.webp","type":"image\/webp"}],"twitter_card":"summary_large_image","twitter_misc":{"Tiempo de lectura":"10 minutos"},"schema":{"@context":"https:\/\/schema.org","@graph":[{"@type":"WebPage","@id":"https:\/\/belvederepalace.wientickets.org\/es\/interior-del-palacio-belvedere\/","url":"https:\/\/belvederepalace.wientickets.org\/es\/interior-del-palacio-belvedere\/","name":"Interior del Palacio Belvedere | Superior e Inferior","isPartOf":{"@id":"https:\/\/belvederepalace.wientickets.org\/es\/#website"},"primaryImageOfPage":{"@id":"https:\/\/belvederepalace.wientickets.org\/es\/interior-del-palacio-belvedere\/#primaryimage"},"image":{"@id":"https:\/\/belvederepalace.wientickets.org\/es\/interior-del-palacio-belvedere\/#primaryimage"},"thumbnailUrl":"https:\/\/belvederepalace.wientickets.org\/wp-content\/uploads\/2025\/11\/lower-belvedere-1.webp","datePublished":"2025-11-12T11:04:54+00:00","dateModified":"2026-01-23T11:58:05+00:00","description":"El Beso de Klimt espera en el interior del Belvedere Superior \u2705 Conoce qu\u00e9 hace tan diferentes a las salas del Belvedere Inferior y por qu\u00e9 los jardines son de visita libre","breadcrumb":{"@id":"https:\/\/belvederepalace.wientickets.org\/es\/interior-del-palacio-belvedere\/#breadcrumb"},"inLanguage":"es","potentialAction":[{"@type":"ReadAction","target":["https:\/\/belvederepalace.wientickets.org\/es\/interior-del-palacio-belvedere\/"]}]},{"@type":"ImageObject","inLanguage":"es","@id":"https:\/\/belvederepalace.wientickets.org\/es\/interior-del-palacio-belvedere\/#primaryimage","url":"https:\/\/belvederepalace.wientickets.org\/wp-content\/uploads\/2025\/11\/lower-belvedere-1.webp","contentUrl":"https:\/\/belvederepalace.wientickets.org\/wp-content\/uploads\/2025\/11\/lower-belvedere-1.webp","width":1200,"height":800,"caption":"Bajo Belvedere"},{"@type":"BreadcrumbList","@id":"https:\/\/belvederepalace.wientickets.org\/es\/interior-del-palacio-belvedere\/#breadcrumb","itemListElement":[{"@type":"ListItem","position":1,"name":"Home","item":"https:\/\/belvederepalace.wientickets.org\/es\/"},{"@type":"ListItem","position":2,"name":"Interior del Palacio Belvedere"}]},{"@type":"WebSite","@id":"https:\/\/belvederepalace.wientickets.org\/es\/#website","url":"https:\/\/belvederepalace.wientickets.org\/es\/","name":"Belvedere Palace Tickets","description":"","publisher":{"@id":"https:\/\/belvederepalace.wientickets.org\/es\/#organization"},"potentialAction":[{"@type":"SearchAction","target":{"@type":"EntryPoint","urlTemplate":"https:\/\/belvederepalace.wientickets.org\/es\/?s={search_term_string}"},"query-input":{"@type":"PropertyValueSpecification","valueRequired":true,"valueName":"search_term_string"}}],"inLanguage":"es"},{"@type":"Organization","@id":"https:\/\/belvederepalace.wientickets.org\/es\/#organization","name":"Entradas para el Palacio Belvedere","url":"https:\/\/belvederepalace.wientickets.org\/es\/","logo":{"@type":"ImageObject","inLanguage":"es","@id":"https:\/\/belvederepalace.wientickets.org\/es\/#\/schema\/logo\/image\/","url":"https:\/\/belvederepalace.wientickets.org\/wp-content\/uploads\/2024\/08\/belvedere-palace-tickets-logo.png","contentUrl":"https:\/\/belvederepalace.wientickets.org\/wp-content\/uploads\/2024\/08\/belvedere-palace-tickets-logo.png","width":375,"height":70,"caption":"Entradas para el Palacio Belvedere"},"image":{"@id":"https:\/\/belvederepalace.wientickets.org\/es\/#\/schema\/logo\/image\/"}}]}},"_links":{"self":[{"href":"https:\/\/belvederepalace.wientickets.org\/es\/wp-json\/wp\/v2\/pages\/2007","targetHints":{"allow":["GET"]}}],"collection":[{"href":"https:\/\/belvederepalace.wientickets.org\/es\/wp-json\/wp\/v2\/pages"}],"about":[{"href":"https:\/\/belvederepalace.wientickets.org\/es\/wp-json\/wp\/v2\/types\/page"}],"author":[{"embeddable":true,"href":"https:\/\/belvederepalace.wientickets.org\/es\/wp-json\/wp\/v2\/users\/2"}],"replies":[{"embeddable":true,"href":"https:\/\/belvederepalace.wientickets.org\/es\/wp-json\/wp\/v2\/comments?post=2007"}],"version-history":[{"count":20,"href":"https:\/\/belvederepalace.wientickets.org\/es\/wp-json\/wp\/v2\/pages\/2007\/revisions"}],"predecessor-version":[{"id":2686,"href":"https:\/\/belvederepalace.wientickets.org\/es\/wp-json\/wp\/v2\/pages\/2007\/revisions\/2686"}],"wp:featuredmedia":[{"embeddable":true,"href":"https:\/\/belvederepalace.wientickets.org\/es\/wp-json\/wp\/v2\/media\/1531"}],"wp:attachment":[{"href":"https:\/\/belvederepalace.wientickets.org\/es\/wp-json\/wp\/v2\/media?parent=2007"}],"curies":[{"name":"wp","href":"https:\/\/api.w.org\/{rel}","templated":true}]}}