{"id":2055,"date":"2026-01-15T09:53:11","date_gmt":"2026-01-15T09:53:11","guid":{"rendered":"https:\/\/belvederepalace.wientickets.org\/visita-al-palacio-de-belvedere\/"},"modified":"2026-01-23T10:27:41","modified_gmt":"2026-01-23T10:27:41","slug":"visita-al-palacio-de-belvedere","status":"publish","type":"page","link":"https:\/\/belvederepalace.wientickets.org\/es\/visita-al-palacio-de-belvedere\/","title":{"rendered":"Visita al Palacio de Belvedere"},"content":{"rendered":"\t\t<div data-elementor-type=\"wp-page\" data-elementor-id=\"2055\" class=\"elementor elementor-2055 elementor-1670\">\n\t\t\t\t\t\t<section class=\"elementor-section elementor-top-section elementor-element elementor-element-fbee05a intro-section elementor-section-boxed elementor-section-height-default elementor-section-height-default\" data-id=\"fbee05a\" data-element_type=\"section\">\n\t\t\t\t\t\t<div class=\"elementor-container elementor-column-gap-default\">\n\t\t\t\t\t<div class=\"elementor-column elementor-col-50 elementor-top-column elementor-element elementor-element-c8cf3d3\" data-id=\"c8cf3d3\" data-element_type=\"column\">\n\t\t\t<div class=\"elementor-widget-wrap elementor-element-populated\">\n\t\t\t\t\t\t<section class=\"elementor-section elementor-inner-section elementor-element elementor-element-d6caffc elementor-section-boxed elementor-section-height-default elementor-section-height-default\" data-id=\"d6caffc\" data-element_type=\"section\">\n\t\t\t\t\t\t<div class=\"elementor-container elementor-column-gap-default\">\n\t\t\t\t\t<div class=\"elementor-column elementor-col-100 elementor-inner-column elementor-element elementor-element-e18d91f\" data-id=\"e18d91f\" data-element_type=\"column\">\n\t\t\t<div class=\"elementor-widget-wrap elementor-element-populated\">\n\t\t\t\t\t\t<div class=\"elementor-element elementor-element-7fffae9 title-mobile elementor-widget__width-initial elementor-widget elementor-widget-heading\" data-id=\"7fffae9\" data-element_type=\"widget\" data-widget_type=\"heading.default\">\n\t\t\t\t<div class=\"elementor-widget-container\">\n\t\t\t\t\t<h1 class=\"elementor-heading-title elementor-size-default\">Visita al Palacio de Belvedere<\/h1>\t\t\t\t<\/div>\n\t\t\t\t<\/div>\n\t\t\t\t<div class=\"elementor-element elementor-element-c6cb90b text-mobile elementor-widget__width-initial elementor-widget elementor-widget-text-editor\" data-id=\"c6cb90b\" data-element_type=\"widget\" data-widget_type=\"text-editor.default\">\n\t\t\t\t<div class=\"elementor-widget-container\">\n\t\t\t\t\t\t\t\t\t<p>El Palacio del Belvedere alberga una extensa colecci\u00f3n de arte que abarca desde la Edad Media hasta obras contempor\u00e1neas. Entre las principales atracciones se encuentran el <b>Belvedere<\/b> <b>Superior<\/b>, que alberga <b>El Beso de Gustav Klimt<\/b> y el ornamentado <b>Sal\u00f3n de M\u00e1rmol<\/b>, conectado con el <b>Belvedere Inferior<\/b> por jardines sim\u00e9tricos de estilo franc\u00e9s. El complejo tambi\u00e9n alberga el tesoro medieval de <b>las Caballerizas del Palacio <\/b>y las exposiciones de arte moderno <b>del Belvedere 21<\/b>.  <\/p>\t\t\t\t\t\t\t\t<\/div>\n\t\t\t\t<\/div>\n\t\t\t\t\t<\/div>\n\t\t<\/div>\n\t\t\t\t\t<\/div>\n\t\t<\/section>\n\t\t\t\t<div class=\"elementor-element elementor-element-640449b btn-primary elementor-widget elementor-widget-button\" data-id=\"640449b\" data-element_type=\"widget\" data-widget_type=\"button.default\">\n\t\t\t\t<div class=\"elementor-widget-container\">\n\t\t\t\t\t\t\t\t\t<div class=\"elementor-button-wrapper\">\n\t\t\t\t\t<a class=\"elementor-button elementor-button-link elementor-size-sm\" href=\"https:\/\/belvederepalace.wientickets.org\/es\/entradas-para-el-palacio-belvedere\/\">\n\t\t\t\t\t\t<span class=\"elementor-button-content-wrapper\">\n\t\t\t\t\t\t\t\t\t<span class=\"elementor-button-text\">Reservar entradas<\/span>\n\t\t\t\t\t<\/span>\n\t\t\t\t\t<\/a>\n\t\t\t\t<\/div>\n\t\t\t\t\t\t\t\t<\/div>\n\t\t\t\t<\/div>\n\t\t\t\t\t<\/div>\n\t\t<\/div>\n\t\t\t\t<div class=\"elementor-column elementor-col-50 elementor-top-column elementor-element elementor-element-5d4f57f\" data-id=\"5d4f57f\" data-element_type=\"column\">\n\t\t\t<div class=\"elementor-widget-wrap elementor-element-populated\">\n\t\t\t\t\t\t<div class=\"elementor-element elementor-element-9691215 elementor-hidden-mobile elementor-widget__width-initial elementor-widget elementor-widget-image\" data-id=\"9691215\" data-element_type=\"widget\" data-widget_type=\"image.default\">\n\t\t\t\t<div class=\"elementor-widget-container\">\n\t\t\t\t\t\t\t\t\t\t\t\t\t\t\t<img fetchpriority=\"high\" decoding=\"async\" width=\"800\" height=\"450\" src=\"https:\/\/belvederepalace.wientickets.org\/wp-content\/uploads\/2026\/01\/visiting-belvedere-palace-1024x576.webp\" class=\"attachment-large size-large wp-image-2056\" alt=\"Visita al Palacio de Belvedere\" srcset=\"https:\/\/belvederepalace.wientickets.org\/wp-content\/uploads\/2026\/01\/visiting-belvedere-palace-1024x576.webp 1024w, https:\/\/belvederepalace.wientickets.org\/wp-content\/uploads\/2026\/01\/visiting-belvedere-palace-300x169.webp 300w, https:\/\/belvederepalace.wientickets.org\/wp-content\/uploads\/2026\/01\/visiting-belvedere-palace-768x432.webp 768w, https:\/\/belvederepalace.wientickets.org\/wp-content\/uploads\/2026\/01\/visiting-belvedere-palace.webp 1280w\" sizes=\"(max-width: 800px) 100vw, 800px\" \/>\t\t\t\t\t\t\t\t\t\t\t\t\t\t\t<\/div>\n\t\t\t\t<\/div>\n\t\t\t\t\t<\/div>\n\t\t<\/div>\n\t\t\t\t\t<\/div>\n\t\t<\/section>\n\t\t\t\t<section class=\"elementor-section elementor-top-section elementor-element elementor-element-ed77e07 elementor-section-height-min-height elementor-section-boxed elementor-section-height-default elementor-section-items-middle\" data-id=\"ed77e07\" data-element_type=\"section\" data-settings=\"{&quot;background_background&quot;:&quot;classic&quot;}\">\n\t\t\t\t\t\t<div class=\"elementor-container elementor-column-gap-default\">\n\t\t\t\t\t<div class=\"elementor-column elementor-col-100 elementor-top-column elementor-element elementor-element-7df47cf\" data-id=\"7df47cf\" data-element_type=\"column\">\n\t\t\t<div class=\"elementor-widget-wrap\">\n\t\t\t\t\t\t\t<\/div>\n\t\t<\/div>\n\t\t\t\t\t<\/div>\n\t\t<\/section>\n\t\t\t\t<section class=\"elementor-section elementor-top-section elementor-element elementor-element-66e57f7 elementor-section-height-min-height elementor-hidden-tablet elementor-hidden-mobile elementor-section-boxed elementor-section-height-default elementor-section-items-middle\" data-id=\"66e57f7\" data-element_type=\"section\" data-settings=\"{&quot;background_background&quot;:&quot;classic&quot;}\">\n\t\t\t\t\t\t<div class=\"elementor-container elementor-column-gap-default\">\n\t\t\t\t\t<div class=\"elementor-column elementor-col-33 elementor-top-column elementor-element elementor-element-84e6fa8\" data-id=\"84e6fa8\" data-element_type=\"column\">\n\t\t\t<div class=\"elementor-widget-wrap elementor-element-populated\">\n\t\t\t\t\t\t<section class=\"elementor-section elementor-inner-section elementor-element elementor-element-9aea14f elementor-section-content-middle elementor-section-boxed elementor-section-height-default elementor-section-height-default\" data-id=\"9aea14f\" data-element_type=\"section\">\n\t\t\t\t\t\t<div class=\"elementor-container elementor-column-gap-default\">\n\t\t\t\t\t<div class=\"elementor-column elementor-col-50 elementor-inner-column elementor-element elementor-element-35cac85\" data-id=\"35cac85\" data-element_type=\"column\">\n\t\t\t<div class=\"elementor-widget-wrap elementor-element-populated\">\n\t\t\t\t\t\t<div class=\"elementor-element elementor-element-4a94d5c elementor-widget elementor-widget-image\" data-id=\"4a94d5c\" data-element_type=\"widget\" data-widget_type=\"image.default\">\n\t\t\t\t<div class=\"elementor-widget-container\">\n\t\t\t\t\t\t\t\t\t\t\t\t\t\t\t<img decoding=\"async\" width=\"496\" height=\"496\" src=\"https:\/\/belvederepalace.wientickets.org\/wp-content\/uploads\/2024\/08\/customer-service-1-1.png\" class=\"attachment-large size-large wp-image-1378\" alt=\"\" srcset=\"https:\/\/belvederepalace.wientickets.org\/wp-content\/uploads\/2024\/08\/customer-service-1-1.png 496w, https:\/\/belvederepalace.wientickets.org\/wp-content\/uploads\/2024\/08\/customer-service-1-1-300x300.png 300w, https:\/\/belvederepalace.wientickets.org\/wp-content\/uploads\/2024\/08\/customer-service-1-1-150x150.png 150w\" sizes=\"(max-width: 496px) 100vw, 496px\" \/>\t\t\t\t\t\t\t\t\t\t\t\t\t\t\t<\/div>\n\t\t\t\t<\/div>\n\t\t\t\t\t<\/div>\n\t\t<\/div>\n\t\t\t\t<div class=\"elementor-column elementor-col-50 elementor-inner-column elementor-element elementor-element-e0ac473\" data-id=\"e0ac473\" data-element_type=\"column\">\n\t\t\t<div class=\"elementor-widget-wrap elementor-element-populated\">\n\t\t\t\t\t\t<div class=\"elementor-element elementor-element-de6f00e elementor-widget elementor-widget-heading\" data-id=\"de6f00e\" data-element_type=\"widget\" data-widget_type=\"heading.default\">\n\t\t\t\t<div class=\"elementor-widget-container\">\n\t\t\t\t\t<p class=\"elementor-heading-title elementor-size-default\">Asistencia cuando la necesites<\/p>\t\t\t\t<\/div>\n\t\t\t\t<\/div>\n\t\t\t\t<div class=\"elementor-element elementor-element-4c00fae elementor-widget elementor-widget-heading\" data-id=\"4c00fae\" data-element_type=\"widget\" data-widget_type=\"heading.default\">\n\t\t\t\t<div class=\"elementor-widget-container\">\n\t\t\t\t\t<p class=\"elementor-heading-title elementor-size-default\">Atenci\u00f3n al cliente para ayudarte con todo lo que necesites desde las 8:00 a. m. hasta las 6:00 p. m.<\/p>\t\t\t\t<\/div>\n\t\t\t\t<\/div>\n\t\t\t\t\t<\/div>\n\t\t<\/div>\n\t\t\t\t\t<\/div>\n\t\t<\/section>\n\t\t\t\t\t<\/div>\n\t\t<\/div>\n\t\t\t\t<div class=\"elementor-column elementor-col-33 elementor-top-column elementor-element elementor-element-38ab035\" data-id=\"38ab035\" data-element_type=\"column\">\n\t\t\t<div class=\"elementor-widget-wrap elementor-element-populated\">\n\t\t\t\t\t\t<section class=\"elementor-section elementor-inner-section elementor-element elementor-element-c0f20b6 elementor-section-content-middle elementor-section-boxed elementor-section-height-default elementor-section-height-default\" data-id=\"c0f20b6\" data-element_type=\"section\">\n\t\t\t\t\t\t<div class=\"elementor-container elementor-column-gap-default\">\n\t\t\t\t\t<div class=\"elementor-column elementor-col-50 elementor-inner-column elementor-element elementor-element-160745d\" data-id=\"160745d\" data-element_type=\"column\">\n\t\t\t<div class=\"elementor-widget-wrap elementor-element-populated\">\n\t\t\t\t\t\t<div class=\"elementor-element elementor-element-b21306c elementor-widget elementor-widget-image\" data-id=\"b21306c\" data-element_type=\"widget\" data-widget_type=\"image.default\">\n\t\t\t\t<div class=\"elementor-widget-container\">\n\t\t\t\t\t\t\t\t\t\t\t\t\t\t\t<img decoding=\"async\" width=\"488\" height=\"488\" src=\"https:\/\/belvederepalace.wientickets.org\/wp-content\/uploads\/2024\/08\/Group-333.png\" class=\"attachment-large size-large wp-image-1379\" alt=\"\" srcset=\"https:\/\/belvederepalace.wientickets.org\/wp-content\/uploads\/2024\/08\/Group-333.png 488w, https:\/\/belvederepalace.wientickets.org\/wp-content\/uploads\/2024\/08\/Group-333-300x300.png 300w, https:\/\/belvederepalace.wientickets.org\/wp-content\/uploads\/2024\/08\/Group-333-150x150.png 150w\" sizes=\"(max-width: 488px) 100vw, 488px\" \/>\t\t\t\t\t\t\t\t\t\t\t\t\t\t\t<\/div>\n\t\t\t\t<\/div>\n\t\t\t\t\t<\/div>\n\t\t<\/div>\n\t\t\t\t<div class=\"elementor-column elementor-col-50 elementor-inner-column elementor-element elementor-element-51112fe\" data-id=\"51112fe\" data-element_type=\"column\">\n\t\t\t<div class=\"elementor-widget-wrap elementor-element-populated\">\n\t\t\t\t\t\t<div class=\"elementor-element elementor-element-7ea3cd3 elementor-widget elementor-widget-heading\" data-id=\"7ea3cd3\" data-element_type=\"widget\" data-widget_type=\"heading.default\">\n\t\t\t\t<div class=\"elementor-widget-container\">\n\t\t\t\t\t<p class=\"elementor-heading-title elementor-size-default\">Reserva r\u00e1pida y en l\u00ednea<\/p>\t\t\t\t<\/div>\n\t\t\t\t<\/div>\n\t\t\t\t<div class=\"elementor-element elementor-element-2ea3220 elementor-widget elementor-widget-heading\" data-id=\"2ea3220\" data-element_type=\"widget\" data-widget_type=\"heading.default\">\n\t\t\t\t<div class=\"elementor-widget-container\">\n\t\t\t\t\t<p class=\"elementor-heading-title elementor-size-default\">Elige la mejor opci\u00f3n para tus necesidades o preferencias y evita las colas reservando aqu\u00ed<\/p>\t\t\t\t<\/div>\n\t\t\t\t<\/div>\n\t\t\t\t\t<\/div>\n\t\t<\/div>\n\t\t\t\t\t<\/div>\n\t\t<\/section>\n\t\t\t\t\t<\/div>\n\t\t<\/div>\n\t\t\t\t<div class=\"elementor-column elementor-col-33 elementor-top-column elementor-element elementor-element-f0276d4\" data-id=\"f0276d4\" data-element_type=\"column\">\n\t\t\t<div class=\"elementor-widget-wrap elementor-element-populated\">\n\t\t\t\t\t\t<section class=\"elementor-section elementor-inner-section elementor-element elementor-element-29b3bfe elementor-section-content-middle elementor-section-boxed elementor-section-height-default elementor-section-height-default\" data-id=\"29b3bfe\" data-element_type=\"section\">\n\t\t\t\t\t\t<div class=\"elementor-container elementor-column-gap-default\">\n\t\t\t\t\t<div class=\"elementor-column elementor-col-50 elementor-inner-column elementor-element elementor-element-0272a7b\" data-id=\"0272a7b\" data-element_type=\"column\">\n\t\t\t<div class=\"elementor-widget-wrap elementor-element-populated\">\n\t\t\t\t\t\t<div class=\"elementor-element elementor-element-beacb12 elementor-widget elementor-widget-image\" data-id=\"beacb12\" data-element_type=\"widget\" data-widget_type=\"image.default\">\n\t\t\t\t<div class=\"elementor-widget-container\">\n\t\t\t\t\t\t\t\t\t\t\t\t\t\t\t<img loading=\"lazy\" decoding=\"async\" width=\"462\" height=\"683\" src=\"https:\/\/belvederepalace.wientickets.org\/wp-content\/uploads\/2024\/08\/top-attractions-in-paris.webp\" class=\"attachment-large size-large wp-image-1380\" alt=\"\" srcset=\"https:\/\/belvederepalace.wientickets.org\/wp-content\/uploads\/2024\/08\/top-attractions-in-paris.webp 462w, https:\/\/belvederepalace.wientickets.org\/wp-content\/uploads\/2024\/08\/top-attractions-in-paris-203x300.webp 203w\" sizes=\"(max-width: 462px) 100vw, 462px\" \/>\t\t\t\t\t\t\t\t\t\t\t\t\t\t\t<\/div>\n\t\t\t\t<\/div>\n\t\t\t\t\t<\/div>\n\t\t<\/div>\n\t\t\t\t<div class=\"elementor-column elementor-col-50 elementor-inner-column elementor-element elementor-element-d6e00cd\" data-id=\"d6e00cd\" data-element_type=\"column\">\n\t\t\t<div class=\"elementor-widget-wrap elementor-element-populated\">\n\t\t\t\t\t\t<div class=\"elementor-element elementor-element-b5850bb elementor-widget elementor-widget-heading\" data-id=\"b5850bb\" data-element_type=\"widget\" data-widget_type=\"heading.default\">\n\t\t\t\t<div class=\"elementor-widget-container\">\n\t\t\t\t\t<p class=\"elementor-heading-title elementor-size-default\">La 2.\u00aa mejor atracci\u00f3n de Viena<\/p>\t\t\t\t<\/div>\n\t\t\t\t<\/div>\n\t\t\t\t<div class=\"elementor-element elementor-element-8df66dd elementor-widget elementor-widget-heading\" data-id=\"8df66dd\" data-element_type=\"widget\" data-widget_type=\"heading.default\">\n\t\t\t\t<div class=\"elementor-widget-container\">\n\t\t\t\t\t<p class=\"elementor-heading-title elementor-size-default\">Explora el Palacio Belvedere en Viena: belleza barroca, exuberantes jardines y el arte ic\u00f3nico de Klimt.\n\n\n\n\n\n\n\n\n<\/p>\t\t\t\t<\/div>\n\t\t\t\t<\/div>\n\t\t\t\t\t<\/div>\n\t\t<\/div>\n\t\t\t\t\t<\/div>\n\t\t<\/section>\n\t\t\t\t\t<\/div>\n\t\t<\/div>\n\t\t\t\t\t<\/div>\n\t\t<\/section>\n\t\t<div class=\"elementor-element elementor-element-43ec2c3 e-flex e-con-boxed e-con e-parent\" data-id=\"43ec2c3\" data-element_type=\"container\">\n\t\t\t\t\t<div class=\"e-con-inner\">\n\t\t\t\t<div class=\"elementor-element elementor-element-ef4dcce elementor-widget elementor-widget-spacer\" data-id=\"ef4dcce\" data-element_type=\"widget\" data-widget_type=\"spacer.default\">\n\t\t\t\t<div class=\"elementor-widget-container\">\n\t\t\t\t\t\t\t<div class=\"elementor-spacer\">\n\t\t\t<div class=\"elementor-spacer-inner\"><\/div>\n\t\t<\/div>\n\t\t\t\t\t\t<\/div>\n\t\t\t\t<\/div>\n\t\t\t\t\t<\/div>\n\t\t\t\t<\/div>\n\t\t<div class=\"elementor-element elementor-element-331191e e-flex e-con-boxed e-con e-parent\" data-id=\"331191e\" data-element_type=\"container\">\n\t\t\t\t\t<div class=\"e-con-inner\">\n\t\t\t\t<div class=\"elementor-element elementor-element-888bd7a elementor-widget elementor-widget-heading\" data-id=\"888bd7a\" data-element_type=\"widget\" data-widget_type=\"heading.default\">\n\t\t\t\t<div class=\"elementor-widget-container\">\n\t\t\t\t\t<h2 class=\"elementor-heading-title elementor-size-default\">\u00cdndice<\/h2>\t\t\t\t<\/div>\n\t\t\t\t<\/div>\n\t\t\t\t\t<\/div>\n\t\t\t\t<\/div>\n\t\t<div class=\"elementor-element elementor-element-8c85565 e-flex e-con-boxed e-con e-parent\" data-id=\"8c85565\" data-element_type=\"container\">\n\t\t\t\t\t<div class=\"e-con-inner\">\n\t\t<div class=\"elementor-element elementor-element-7ae799b e-con-full e-flex e-con e-child\" data-id=\"7ae799b\" data-element_type=\"container\">\n\t\t\t\t<div class=\"elementor-element elementor-element-7466790 elementor-widget elementor-widget-text-editor\" data-id=\"7466790\" data-element_type=\"widget\" data-widget_type=\"text-editor.default\">\n\t\t\t\t<div class=\"elementor-widget-container\">\n\t\t\t\t\t\t\t\t\t<ul><li><a href=\"#famous\">\u00bfPor qu\u00e9 es famoso el Palacio Belvedere?<\/a><\/li><li><a href=\"#palace\">\u00bfQu\u00e9 puedes ver en el Palacio Belvedere?<\/a><\/li><li><a href=\"#upper\">\u00bfQu\u00e9 ver en el Belvedere Superior?<\/a><\/li><\/ul>\t\t\t\t\t\t\t\t<\/div>\n\t\t\t\t<\/div>\n\t\t\t\t<\/div>\n\t\t<div class=\"elementor-element elementor-element-7e35c2e e-con-full e-flex e-con e-child\" data-id=\"7e35c2e\" data-element_type=\"container\">\n\t\t\t\t<div class=\"elementor-element elementor-element-49d55a8 elementor-widget elementor-widget-text-editor\" data-id=\"49d55a8\" data-element_type=\"widget\" data-widget_type=\"text-editor.default\">\n\t\t\t\t<div class=\"elementor-widget-container\">\n\t\t\t\t\t\t\t\t\t<ul><li><a href=\"#lower\">\u00bfQu\u00e9 ver en el Belvedere Inferior?<\/a><\/li><li><a href=\"#belvedere21\">Cosas que ver en Belvedere 21<\/a><\/li><li><a href=\"#near\">Cosas que hacer cerca del Palacio Belvedere<\/a><\/li><\/ul>\t\t\t\t\t\t\t\t<\/div>\n\t\t\t\t<\/div>\n\t\t\t\t<\/div>\n\t\t\t\t\t<\/div>\n\t\t\t\t<\/div>\n\t\t\t\t<section class=\"elementor-section elementor-top-section elementor-element elementor-element-8411ba7 elementor-section-boxed elementor-section-height-default elementor-section-height-default\" data-id=\"8411ba7\" data-element_type=\"section\">\n\t\t\t\t\t\t<div class=\"elementor-container elementor-column-gap-default\">\n\t\t\t\t\t<div class=\"elementor-column elementor-col-100 elementor-top-column elementor-element elementor-element-0ce5a9a\" data-id=\"0ce5a9a\" data-element_type=\"column\">\n\t\t\t<div class=\"elementor-widget-wrap elementor-element-populated\">\n\t\t\t\t\t\t<div class=\"elementor-element elementor-element-bbfc346 elementor-widget elementor-widget-heading\" data-id=\"bbfc346\" data-element_type=\"widget\" id=\"famous\" data-widget_type=\"heading.default\">\n\t\t\t\t<div class=\"elementor-widget-container\">\n\t\t\t\t\t<h2 class=\"elementor-heading-title elementor-size-default\">\u00bfPor qu\u00e9 es famoso el Palacio Belvedere?<\/h2>\t\t\t\t<\/div>\n\t\t\t\t<\/div>\n\t\t\t\t<div class=\"elementor-element elementor-element-fec0169 elementor-widget elementor-widget-text-editor\" data-id=\"fec0169\" data-element_type=\"widget\" data-widget_type=\"text-editor.default\">\n\t\t\t\t<div class=\"elementor-widget-container\">\n\t\t\t\t\t\t\t\t\t<p>El Palacio del Belvedere es famoso por <strong>albergar <em>El Beso<\/em> de Gustav Klimt<\/strong> y por <strong>ser el escenario de la firma del Tratado de Estado Austriaco en 1955<\/strong>, acontecimiento que devolvi\u00f3 la independencia al pa\u00eds. Adem\u00e1s, integra dos edificios donde se exponen colecciones de la Edad Media. <\/p>\t\t\t\t\t\t\t\t<\/div>\n\t\t\t\t<\/div>\n\t\t\t\t\t<\/div>\n\t\t<\/div>\n\t\t\t\t\t<\/div>\n\t\t<\/section>\n\t\t\t\t<section class=\"elementor-section elementor-top-section elementor-element elementor-element-64ca896 elementor-section-boxed elementor-section-height-default elementor-section-height-default\" data-id=\"64ca896\" data-element_type=\"section\">\n\t\t\t\t\t\t<div class=\"elementor-container elementor-column-gap-default\">\n\t\t\t\t\t<div class=\"elementor-column elementor-col-100 elementor-top-column elementor-element elementor-element-66bf939\" data-id=\"66bf939\" data-element_type=\"column\">\n\t\t\t<div class=\"elementor-widget-wrap elementor-element-populated\">\n\t\t\t\t\t\t<div class=\"elementor-element elementor-element-c6ff9f8 elementor-widget elementor-widget-heading\" data-id=\"c6ff9f8\" data-element_type=\"widget\" id=\"palace\" data-widget_type=\"heading.default\">\n\t\t\t\t<div class=\"elementor-widget-container\">\n\t\t\t\t\t<h2 class=\"elementor-heading-title elementor-size-default\">\u00bfQu\u00e9 puedes ver en el Palacio Belvedere?<\/h2>\t\t\t\t<\/div>\n\t\t\t\t<\/div>\n\t\t\t\t<div class=\"elementor-element elementor-element-9bbeda7 elementor-widget elementor-widget-text-editor\" data-id=\"9bbeda7\" data-element_type=\"widget\" data-widget_type=\"text-editor.default\">\n\t\t\t\t<div class=\"elementor-widget-container\">\n\t\t\t\t\t\t\t\t\t<p>El Palacio del Belvedere est\u00e1 dividido en tres zonas: <strong>el Belvedere Superior, el <a style=\"color: #7e0009;\" href=\"https:\/\/belvederepalace.wientickets.org\/es\/palacio-del-bajo-belvedere\/\">Belvedere Inferior<\/a> y el Belvedere 21<\/strong>. Destaca por su arquitectura barroca, sus <a style=\"color: #7e0009;\" href=\"https:\/\/belvederepalace.wientickets.org\/es\/belvedere-schlossgarten-jardines\/\">jardines franceses<\/a> y una colecci\u00f3n que abarca desde la Edad Media hasta el arte contempor\u00e1neo.<\/p>\t\t\t\t\t\t\t\t<\/div>\n\t\t\t\t<\/div>\n\t\t\t\t\t<\/div>\n\t\t<\/div>\n\t\t\t\t\t<\/div>\n\t\t<\/section>\n\t\t\t\t<section class=\"elementor-section elementor-top-section elementor-element elementor-element-a522cb6 elementor-section-boxed elementor-section-height-default elementor-section-height-default\" data-id=\"a522cb6\" data-element_type=\"section\">\n\t\t\t\t\t\t<div class=\"elementor-container elementor-column-gap-default\">\n\t\t\t\t\t<div class=\"elementor-column elementor-col-100 elementor-top-column elementor-element elementor-element-6ffa646\" data-id=\"6ffa646\" data-element_type=\"column\">\n\t\t\t<div class=\"elementor-widget-wrap elementor-element-populated\">\n\t\t\t\t\t\t<div class=\"elementor-element elementor-element-bfc7d6e elementor-widget elementor-widget-heading\" data-id=\"bfc7d6e\" data-element_type=\"widget\" id=\"upper\" data-widget_type=\"heading.default\">\n\t\t\t\t<div class=\"elementor-widget-container\">\n\t\t\t\t\t<h2 class=\"elementor-heading-title elementor-size-default\">\u00bfQu\u00e9 ver en el Belvedere Superior?<\/h2>\t\t\t\t<\/div>\n\t\t\t\t<\/div>\n\t\t\t\t<div class=\"elementor-element elementor-element-6d5ebb7 elementor-widget elementor-widget-text-editor\" data-id=\"6d5ebb7\" data-element_type=\"widget\" data-widget_type=\"text-editor.default\">\n\t\t\t\t<div class=\"elementor-widget-container\">\n\t\t\t\t\t\t\t\t\t<p>El Belvedere Superior alberga<strong> la colecci\u00f3n de arte permanente<\/strong>, donde se exponen obras fundamentales del arte austriaco, destacando piezas de la Secesi\u00f3n vienesa y de maestros internacionales. Adem\u00e1s, este edificio contiene <strong>salas y jardines hist\u00f3ricos<\/strong>. <\/p>\t\t\t\t\t\t\t\t<\/div>\n\t\t\t\t<\/div>\n\t\t\t\t\t<\/div>\n\t\t<\/div>\n\t\t\t\t\t<\/div>\n\t\t<\/section>\n\t\t<div class=\"elementor-element elementor-element-5fadcc6 e-flex e-con-boxed e-con e-parent\" data-id=\"5fadcc6\" data-element_type=\"container\">\n\t\t\t\t\t<div class=\"e-con-inner\">\n\t\t<div class=\"elementor-element elementor-element-16003e3 e-con-full e-flex e-con e-child\" data-id=\"16003e3\" data-element_type=\"container\">\n\t\t\t\t<div class=\"elementor-element elementor-element-66becc5 elementor-widget elementor-widget-image\" data-id=\"66becc5\" data-element_type=\"widget\" data-widget_type=\"image.default\">\n\t\t\t\t<div class=\"elementor-widget-container\">\n\t\t\t\t\t\t\t\t\t\t\t\t\t\t\t<img loading=\"lazy\" decoding=\"async\" width=\"1024\" height=\"686\" src=\"https:\/\/belvederepalace.wientickets.org\/wp-content\/uploads\/2026\/01\/the-kiss-detail.webp\" class=\"attachment-full size-full wp-image-1939\" alt=\"El Beso en detalle\" srcset=\"https:\/\/belvederepalace.wientickets.org\/wp-content\/uploads\/2026\/01\/the-kiss-detail.webp 1024w, https:\/\/belvederepalace.wientickets.org\/wp-content\/uploads\/2026\/01\/the-kiss-detail-300x201.webp 300w, https:\/\/belvederepalace.wientickets.org\/wp-content\/uploads\/2026\/01\/the-kiss-detail-768x515.webp 768w\" sizes=\"(max-width: 1024px) 100vw, 1024px\" \/>\t\t\t\t\t\t\t\t\t\t\t\t\t\t\t<\/div>\n\t\t\t\t<\/div>\n\t\t\t\t<\/div>\n\t\t<div class=\"elementor-element elementor-element-820fa9e e-con-full e-flex e-con e-child\" data-id=\"820fa9e\" data-element_type=\"container\">\n\t\t\t\t<div class=\"elementor-element elementor-element-7ef3eb3 elementor-widget elementor-widget-heading\" data-id=\"7ef3eb3\" data-element_type=\"widget\" data-widget_type=\"heading.default\">\n\t\t\t\t<div class=\"elementor-widget-container\">\n\t\t\t\t\t<h3 class=\"elementor-heading-title elementor-size-default\">\"El beso\", de Gustav Klimt<\/h3>\t\t\t\t<\/div>\n\t\t\t\t<\/div>\n\t\t\t\t<div class=\"elementor-element elementor-element-82da72f elementor-widget elementor-widget-text-editor\" data-id=\"82da72f\" data-element_type=\"widget\" data-widget_type=\"text-editor.default\">\n\t\t\t\t<div class=\"elementor-widget-container\">\n\t\t\t\t\t\t\t\t\t<p>La obra <a style=\"color: #7e0009;\" href=\"https:\/\/en.wikipedia.org\/wiki\/The_Kiss_(Klimt)\" target=\"_blank\" rel=\"noopener\"><i>El beso<\/i><\/a> del artista <a style=\"color: #7e0009;\" href=\"https:\/\/en.wikipedia.org\/wiki\/Gustav_Klimt\" target=\"_blank\" rel=\"noopener\">Gustav Klimt<\/a> se encuentra en la primera planta del Belvedere Superior, <a style=\"color: #7e0009;\" href=\"https:\/\/belvederepalace.wientickets.org\/es\/interior-del-palacio-belvedere\/\"><strong>dentro de la galer\u00eda dedicada a la Secesi\u00f3n vienesa<\/strong><\/a>. La pieza utiliza pan de oro para representar a una pareja abrazada en un prado florido. Su importancia radica en ser el s\u00edmbolo de la identidad cultural del pa\u00eds y el m\u00e1ximo ejemplo del estilo decorativo de Klimt.<\/p><p>La ubicaci\u00f3n de la obra permite observar la t\u00e9cnica del mosaico y el uso de materiales que definieron el Periodo Dorado del autor. Para algunos visitantes, <a style=\"color: #7e0009;\" href=\"https:\/\/www.facebook.com\/groups\/1101346787289814\/posts\/1602121770545644\/\" target=\"_blank\" rel=\"noopener\">como algunos usuarios de Facebook<\/a>, el palacio posee una <strong>\u00abmaravillosa colecci\u00f3n\u00bb de Klimt<\/strong> y destacan que \u00absus cuadros son incre\u00edbles\u00bb. <\/p><p><em>Foto: \u00abDetalle de \u00abEl beso\u00bb de Gustav Klimt, Galer\u00eda Nacional Austriaca, Palacio del Belvedere Superior, Viena\u00bb, de <a style=\"color: #7e0009;\" href=\"https:\/\/www.flickr.com\/photos\/alex-david\/\" target=\"_blank\" rel=\"noopener\">Alex-David Baldi<\/a>.<\/em><\/p>\t\t\t\t\t\t\t\t<\/div>\n\t\t\t\t<\/div>\n\t\t\t\t<\/div>\n\t\t\t\t\t<\/div>\n\t\t\t\t<\/div>\n\t\t<div class=\"elementor-element elementor-element-b6d54a7 e-flex e-con-boxed e-con e-parent\" data-id=\"b6d54a7\" data-element_type=\"container\">\n\t\t\t\t\t<div class=\"e-con-inner\">\n\t\t\t\t<div class=\"elementor-element elementor-element-3d95ec8 elementor-widget elementor-widget-spacer\" data-id=\"3d95ec8\" data-element_type=\"widget\" data-widget_type=\"spacer.default\">\n\t\t\t\t<div class=\"elementor-widget-container\">\n\t\t\t\t\t\t\t<div class=\"elementor-spacer\">\n\t\t\t<div class=\"elementor-spacer-inner\"><\/div>\n\t\t<\/div>\n\t\t\t\t\t\t<\/div>\n\t\t\t\t<\/div>\n\t\t\t\t\t<\/div>\n\t\t\t\t<\/div>\n\t\t<div class=\"elementor-element elementor-element-bba28bb e-flex e-con-boxed e-con e-parent\" data-id=\"bba28bb\" data-element_type=\"container\">\n\t\t\t\t\t<div class=\"e-con-inner\">\n\t\t<div class=\"elementor-element elementor-element-34ff98d e-con-full e-flex e-con e-child\" data-id=\"34ff98d\" data-element_type=\"container\">\n\t\t\t\t<div class=\"elementor-element elementor-element-db69e2a elementor-widget elementor-widget-heading\" data-id=\"db69e2a\" data-element_type=\"widget\" data-widget_type=\"heading.default\">\n\t\t\t\t<div class=\"elementor-widget-container\">\n\t\t\t\t\t<h3 class=\"elementor-heading-title elementor-size-default\">Sal\u00f3n de M\u00e1rmol<\/h3>\t\t\t\t<\/div>\n\t\t\t\t<\/div>\n\t\t\t\t<div class=\"elementor-element elementor-element-0768bfd elementor-widget elementor-widget-text-editor\" data-id=\"0768bfd\" data-element_type=\"widget\" data-widget_type=\"text-editor.default\">\n\t\t\t\t<div class=\"elementor-widget-container\">\n\t\t\t\t\t\t\t\t\t<p>El Sal\u00f3n de M\u00e1rmol tiene dos plantas y destaca por sus paredes revestidas de m\u00e1rmol rojizo, decoraciones doradas y un fresco en el techo que <strong>celebra las victorias militares del pr\u00edncipe Eugenio de Saboya<\/strong>, uno de los generales m\u00e1s destacados del Imperio de los Habsburgo. <\/p><p>La importancia pol\u00edtica de esta sala se consolid\u00f3 el 15 de mayo de 1955, cuando los funcionarios firmaron all\u00ed el <a style=\"color: #7e0009;\" href=\"https:\/\/en.wikipedia.org\/wiki\/Austrian_State_Treaty\" target=\"_blank\" rel=\"noopener\">Tratado de Estado Austriaco<\/a>. Este documento puso fin a la ocupaci\u00f3n de las potencias aliadas y restableci\u00f3 a Austria como Estado soberano y democr\u00e1tico.<\/p><p>Desde sus ventanas, el sal\u00f3n ofrece una perspectiva sim\u00e9trica de los jardines y la ciudad de Viena. La arquitectura de la sala refleja <strong>el poder imperial de la \u00e9poca<\/strong> y sirve de escenario para actos oficiales, manteniendo su funci\u00f3n de s\u00edmbolo de la libertad austriaca moderna. <\/p>\t\t\t\t\t\t\t\t<\/div>\n\t\t\t\t<\/div>\n\t\t\t\t<\/div>\n\t\t<div class=\"elementor-element elementor-element-98ef7e8 e-con-full e-flex e-con e-child\" data-id=\"98ef7e8\" data-element_type=\"container\">\n\t\t\t\t<div class=\"elementor-element elementor-element-93dc3d1 elementor-widget elementor-widget-image\" data-id=\"93dc3d1\" data-element_type=\"widget\" data-widget_type=\"image.default\">\n\t\t\t\t<div class=\"elementor-widget-container\">\n\t\t\t\t\t\t\t\t\t\t\t\t\t\t\t<img loading=\"lazy\" decoding=\"async\" width=\"800\" height=\"534\" src=\"https:\/\/belvederepalace.wientickets.org\/wp-content\/uploads\/2025\/11\/belvedere-marble-hall-1024x684.webp\" class=\"attachment-large size-large wp-image-1920\" alt=\"Sal\u00f3n de M\u00e1rmol Belvedere\" srcset=\"https:\/\/belvederepalace.wientickets.org\/wp-content\/uploads\/2025\/11\/belvedere-marble-hall-1024x684.webp 1024w, https:\/\/belvederepalace.wientickets.org\/wp-content\/uploads\/2025\/11\/belvedere-marble-hall-300x200.webp 300w, https:\/\/belvederepalace.wientickets.org\/wp-content\/uploads\/2025\/11\/belvedere-marble-hall-768x513.webp 768w, https:\/\/belvederepalace.wientickets.org\/wp-content\/uploads\/2025\/11\/belvedere-marble-hall.webp 1200w\" sizes=\"(max-width: 800px) 100vw, 800px\" \/>\t\t\t\t\t\t\t\t\t\t\t\t\t\t\t<\/div>\n\t\t\t\t<\/div>\n\t\t\t\t<\/div>\n\t\t\t\t\t<\/div>\n\t\t\t\t<\/div>\n\t\t<div class=\"elementor-element elementor-element-0983fef e-flex e-con-boxed e-con e-parent\" data-id=\"0983fef\" data-element_type=\"container\">\n\t\t\t\t\t<div class=\"e-con-inner\">\n\t\t\t\t<div class=\"elementor-element elementor-element-e24e1f4 elementor-widget elementor-widget-spacer\" data-id=\"e24e1f4\" data-element_type=\"widget\" data-widget_type=\"spacer.default\">\n\t\t\t\t<div class=\"elementor-widget-container\">\n\t\t\t\t\t\t\t<div class=\"elementor-spacer\">\n\t\t\t<div class=\"elementor-spacer-inner\"><\/div>\n\t\t<\/div>\n\t\t\t\t\t\t<\/div>\n\t\t\t\t<\/div>\n\t\t\t\t\t<\/div>\n\t\t\t\t<\/div>\n\t\t<div class=\"elementor-element elementor-element-293b254 e-flex e-con-boxed e-con e-parent\" data-id=\"293b254\" data-element_type=\"container\">\n\t\t\t\t\t<div class=\"e-con-inner\">\n\t\t<div class=\"elementor-element elementor-element-d94f46f e-con-full e-flex e-con e-child\" data-id=\"d94f46f\" data-element_type=\"container\">\n\t\t\t\t<div class=\"elementor-element elementor-element-cef7d27 elementor-widget elementor-widget-image\" data-id=\"cef7d27\" data-element_type=\"widget\" data-widget_type=\"image.default\">\n\t\t\t\t<div class=\"elementor-widget-container\">\n\t\t\t\t\t\t\t\t\t\t\t\t\t\t\t<img loading=\"lazy\" decoding=\"async\" width=\"800\" height=\"536\" src=\"https:\/\/belvederepalace.wientickets.org\/wp-content\/uploads\/2026\/01\/baroque-garden-belvedere-1024x686.webp\" class=\"attachment-large size-large wp-image-1574\" alt=\"El jard\u00edn barroco\" srcset=\"https:\/\/belvederepalace.wientickets.org\/wp-content\/uploads\/2026\/01\/baroque-garden-belvedere-1024x686.webp 1024w, https:\/\/belvederepalace.wientickets.org\/wp-content\/uploads\/2026\/01\/baroque-garden-belvedere-300x201.webp 300w, https:\/\/belvederepalace.wientickets.org\/wp-content\/uploads\/2026\/01\/baroque-garden-belvedere-768x514.webp 768w, https:\/\/belvederepalace.wientickets.org\/wp-content\/uploads\/2026\/01\/baroque-garden-belvedere.webp 1280w\" sizes=\"(max-width: 800px) 100vw, 800px\" \/>\t\t\t\t\t\t\t\t\t\t\t\t\t\t\t<\/div>\n\t\t\t\t<\/div>\n\t\t\t\t<\/div>\n\t\t<div class=\"elementor-element elementor-element-dae2819 e-con-full e-flex e-con e-child\" data-id=\"dae2819\" data-element_type=\"container\">\n\t\t\t\t<div class=\"elementor-element elementor-element-0c5ca83 elementor-widget elementor-widget-heading\" data-id=\"0c5ca83\" data-element_type=\"widget\" data-widget_type=\"heading.default\">\n\t\t\t\t<div class=\"elementor-widget-container\">\n\t\t\t\t\t<h3 class=\"elementor-heading-title elementor-size-default\">Jardines Belvedere<\/h3>\t\t\t\t<\/div>\n\t\t\t\t<\/div>\n\t\t\t\t<div class=\"elementor-element elementor-element-6451c56 elementor-widget elementor-widget-text-editor\" data-id=\"6451c56\" data-element_type=\"widget\" data-widget_type=\"text-editor.default\">\n\t\t\t\t<div class=\"elementor-widget-container\">\n\t\t\t\t\t\t\t\t\t<p><a style=\"color: #7e0009;\" href=\"https:\/\/belvederepalace.wientickets.org\/es\/belvedere-schlossgarten-jardines\/\">Los Jardines del Belvedere<\/a> conectan los palacios Superior e Inferior mediante un dise\u00f1o de estilo franc\u00e9s creado por el arquitecto e ingeniero <strong>Dominique Girard<\/strong>. El espacio sigue un esquema formal con parterres sim\u00e9tricos, fuentes con juegos de agua, cascadas y esculturas mitol\u00f3gicas.<\/p><p>Un <a style=\"color: #7e0009;\" href=\"https:\/\/www.tripadvisor.com\/FAQ_Answers-g190454-d245701-t8212793-I_am_planning_to_visit_the_Upper_and_Lower.html\" target=\"_blank\" rel=\"noopener\">usuario de Tripadvisor<\/a> se\u00f1ala: \u00abLa parte m\u00e1s atractiva del Palacio del Belvedere es su espectacular jard\u00edn trasero, situado entre los edificios superior e inferior del Palacio del Belvedere. Desde este jard\u00edn trasero, puedes disfrutar viendo ambos edificios del palacio y el centro de Viena a lo lejos.\u00bb La disposici\u00f3n del terreno aprovecha la pendiente natural para crear terrazas que ofrecen <strong>vistas panor\u00e1micas<\/strong>.<\/p><p><em>Foto: \u00abSchlosspark Belvedere Wien\u00bb de <a style=\"color: #7e0009;\" href=\"https:\/\/commons.wikimedia.org\/wiki\/User:LuMaBe\" target=\"_blank\" rel=\"noopener\">LuMaBe<\/a>.<\/em><\/p>\t\t\t\t\t\t\t\t<\/div>\n\t\t\t\t<\/div>\n\t\t\t\t<\/div>\n\t\t\t\t\t<\/div>\n\t\t\t\t<\/div>\n\t\t<div class=\"elementor-element elementor-element-c43caf5 e-flex e-con-boxed e-con e-parent\" data-id=\"c43caf5\" data-element_type=\"container\">\n\t\t\t\t\t<div class=\"e-con-inner\">\n\t\t\t\t<div class=\"elementor-element elementor-element-4e3160a elementor-widget elementor-widget-spacer\" data-id=\"4e3160a\" data-element_type=\"widget\" data-widget_type=\"spacer.default\">\n\t\t\t\t<div class=\"elementor-widget-container\">\n\t\t\t\t\t\t\t<div class=\"elementor-spacer\">\n\t\t\t<div class=\"elementor-spacer-inner\"><\/div>\n\t\t<\/div>\n\t\t\t\t\t\t<\/div>\n\t\t\t\t<\/div>\n\t\t\t\t\t<\/div>\n\t\t\t\t<\/div>\n\t\t<div class=\"elementor-element elementor-element-f3b099d e-flex e-con-boxed e-con e-parent\" data-id=\"f3b099d\" data-element_type=\"container\">\n\t\t\t\t\t<div class=\"e-con-inner\">\n\t\t<div class=\"elementor-element elementor-element-dabbfdf e-con-full e-flex e-con e-child\" data-id=\"dabbfdf\" data-element_type=\"container\">\n\t\t\t\t<div class=\"elementor-element elementor-element-8ab8f34 elementor-widget elementor-widget-heading\" data-id=\"8ab8f34\" data-element_type=\"widget\" data-widget_type=\"heading.default\">\n\t\t\t\t<div class=\"elementor-widget-container\">\n\t\t\t\t\t<h3 class=\"elementor-heading-title elementor-size-default\">Bustos de Franz Xaver Messerschmidt<\/h3>\t\t\t\t<\/div>\n\t\t\t\t<\/div>\n\t\t\t\t<div class=\"elementor-element elementor-element-09adb0b elementor-widget elementor-widget-text-editor\" data-id=\"09adb0b\" data-element_type=\"widget\" data-widget_type=\"text-editor.default\">\n\t\t\t\t<div class=\"elementor-widget-container\">\n\t\t\t\t\t\t\t\t\t<p>El Palacio del Belvedere alberga una serie de esculturas del artista barroco Franz Xaver Messerschmidt conocidas como <strong>Cabezas de personajes<\/strong>. Estas piezas consisten en bustos de metal o alabastro que plasman expresiones faciales extremas y gestos exagerados. El autor cre\u00f3 estas obras durante el siglo XVIII, alej\u00e1ndose del idealismo neocl\u00e1sico para explorar la fisionom\u00eda y la psicolog\u00eda humanas de un modo radical para su \u00e9poca.  <\/p><p>Cada una de las obras representa un estado emocional o f\u00edsico concreto, como el bostezo, el dolor o la risa forzada. Estas esculturas son fundamentales para comprender la <strong>transici\u00f3n hacia el realismo<\/strong> y el estudio de las emociones en el arte pl\u00e1stico.   <\/p><p>La ubicaci\u00f3n de los bustos permite a los visitantes apreciar de cerca los detalles anat\u00f3micos y la t\u00e9cnica de vaciado que Messerschmidt emple\u00f3 para documentar sus investigaciones sobre el rostro humano.<\/p><p><em>Foto: \u00abFranz Xaver Messerschmidt &#8211; Charakterkopf\u00bb de <a style=\"color: #7e0009;\" title=\"Usuario:DALIBRI\" href=\"https:\/\/commons.wikimedia.org\/wiki\/User:DALIBRI\" target=\"_blank\" rel=\"noopener\"><bdi>DALIBRI<\/bdi><\/a>.<\/em><\/p>\t\t\t\t\t\t\t\t<\/div>\n\t\t\t\t<\/div>\n\t\t\t\t<\/div>\n\t\t<div class=\"elementor-element elementor-element-d5353ea e-con-full e-flex e-con e-child\" data-id=\"d5353ea\" data-element_type=\"container\">\n\t\t\t\t<div class=\"elementor-element elementor-element-bb0974c elementor-widget elementor-widget-image\" data-id=\"bb0974c\" data-element_type=\"widget\" data-widget_type=\"image.default\">\n\t\t\t\t<div class=\"elementor-widget-container\">\n\t\t\t\t\t\t\t\t\t\t\t\t\t\t\t<img loading=\"lazy\" decoding=\"async\" width=\"800\" height=\"563\" src=\"https:\/\/belvederepalace.wientickets.org\/wp-content\/uploads\/2025\/12\/messerschmidt-character-head.webp\" class=\"attachment-large size-large wp-image-1535\" alt=\"Cabeza de personaje de Messerschmidt\" srcset=\"https:\/\/belvederepalace.wientickets.org\/wp-content\/uploads\/2025\/12\/messerschmidt-character-head.webp 1024w, https:\/\/belvederepalace.wientickets.org\/wp-content\/uploads\/2025\/12\/messerschmidt-character-head-300x211.webp 300w, https:\/\/belvederepalace.wientickets.org\/wp-content\/uploads\/2025\/12\/messerschmidt-character-head-768x540.webp 768w\" sizes=\"(max-width: 800px) 100vw, 800px\" \/>\t\t\t\t\t\t\t\t\t\t\t\t\t\t\t<\/div>\n\t\t\t\t<\/div>\n\t\t\t\t<\/div>\n\t\t\t\t\t<\/div>\n\t\t\t\t<\/div>\n\t\t<div class=\"elementor-element elementor-element-6658001 e-flex e-con-boxed e-con e-parent\" data-id=\"6658001\" data-element_type=\"container\">\n\t\t\t\t\t<div class=\"e-con-inner\">\n\t\t\t\t<div class=\"elementor-element elementor-element-498420e elementor-widget elementor-widget-spacer\" data-id=\"498420e\" data-element_type=\"widget\" data-widget_type=\"spacer.default\">\n\t\t\t\t<div class=\"elementor-widget-container\">\n\t\t\t\t\t\t\t<div class=\"elementor-spacer\">\n\t\t\t<div class=\"elementor-spacer-inner\"><\/div>\n\t\t<\/div>\n\t\t\t\t\t\t<\/div>\n\t\t\t\t<\/div>\n\t\t\t\t\t<\/div>\n\t\t\t\t<\/div>\n\t\t<div class=\"elementor-element elementor-element-dbe4d2c e-flex e-con-boxed e-con e-parent\" data-id=\"dbe4d2c\" data-element_type=\"container\">\n\t\t\t\t\t<div class=\"e-con-inner\">\n\t\t<div class=\"elementor-element elementor-element-077b61b e-con-full e-flex e-con e-child\" data-id=\"077b61b\" data-element_type=\"container\">\n\t\t\t\t<div class=\"elementor-element elementor-element-5dd3970 elementor-widget elementor-widget-html\" data-id=\"5dd3970\" data-element_type=\"widget\" data-widget_type=\"html.default\">\n\t\t\t\t<div class=\"elementor-widget-container\">\n\t\t\t\t\t<div class=\"image-carousel-wrapper\">\r\n  <div class=\"image-carousel\">\r\n    <!-- Im\u00e1genes del Belvedere Palace -->\r\n    <div class=\"carousel-item active\">\r\n      <img decoding=\"async\" src=\"https:\/\/belvederepalace.wientickets.org\/wp-content\/uploads\/2026\/01\/napoleon-crossing-the-alps.webp\" alt=\"Napole\u00f3n cruzando los Alpes (Jacques-Louis David)\">\r\n    <\/div>\r\n    <div class=\"carousel-item\">\r\n      <img decoding=\"async\" src=\"https:\/\/belvederepalace.wientickets.org\/wp-content\/uploads\/2025\/11\/Mother-with-Two-Children-III-by-Egon-Schiele.jpg\" alt=\"Madre con dos hijos III (Egon Schiele)\">\r\n    <\/div>\r\n    <div class=\"carousel-item\">\r\n      <img decoding=\"async\" src=\"https:\/\/belvederepalace.wientickets.org\/wp-content\/uploads\/2026\/01\/the-plain-of-auvers.webp\" alt=\"La llanura de Auvers (Vincent van Gogh)\">\r\n    <\/div>\r\n    \r\n    <!-- Botones de navegaci\u00f3n -->\r\n    <button class=\"carousel-btn prev\" aria-label=\"Anterior\">\r\n      <svg width=\"24\" height=\"24\" viewbox=\"0 0 24 24\" fill=\"none\" stroke=\"currentColor\" stroke-width=\"2\">\r\n        <polyline points=\"15 18 9 12 15 6\"><\/polyline>\r\n      <\/polyline><\/svg>\r\n    <\/button>\r\n    <button class=\"carousel-btn next\" aria-label=\"Siguiente\">\r\n      <svg width=\"24\" height=\"24\" viewbox=\"0 0 24 24\" fill=\"none\" stroke=\"currentColor\" stroke-width=\"2\">\r\n        <polyline points=\"9 18 15 12 9 6\"><\/polyline>\r\n      <\/polyline><\/svg>\r\n    <\/button>\r\n    <div class=\"carousel-caption\"><\/div>\r\n  <\/div>\r\n  \r\n  \r\n  <!-- Indicadores -->\r\n  <div class=\"carousel-indicators\"><\/div>\r\n<\/div>\r\n\r\n<style>\r\n.image-carousel-wrapper {\r\n  width: 100%;\r\n  position: relative;\r\n}\r\n\r\n.image-carousel {\r\n  position: relative;\r\n  width: 100%;\r\n  height: 400px;\r\n  overflow: hidden;\r\n  border-radius: 8px;\r\n}\r\n\r\n.carousel-item {\r\n  position: absolute;\r\n  top: 0;\r\n  left: 0;\r\n  width: 100%;\r\n  height: 100%;\r\n  opacity: 0;\r\n  transition: opacity 0.5s ease-in-out;\r\n  pointer-events: none;\r\n}\r\n\r\n.carousel-item.active {\r\n  opacity: 1;\r\n  pointer-events: auto;\r\n}\r\n\r\n.carousel-item img {\r\n  width: 100%;\r\n  height: 400px;\r\n  object-fit: cover;\r\n  object-position: top center;\r\n  display: block;\r\n}\r\n\r\n.carousel-btn {\r\n  position: absolute;\r\n  top: 50%;\r\n  transform: translateY(-50%);\r\n  background: rgba(0, 0, 0, 0.5);\r\n  color: white;\r\n  border: none;\r\n  width: 45px;\r\n  height: 45px;\r\n  border-radius: 50%;\r\n  cursor: pointer;\r\n  display: flex;\r\n  align-items: center;\r\n  justify-content: center;\r\n  transition: background 0.3s ease;\r\n  z-index: 10;\r\n}\r\n\r\n\/* Asegurar que los SVG se vean correctamente *\/\r\n.carousel-btn svg {\r\n  display: block;\r\n  flex-shrink: 0;\r\n  width: 20px;\r\n  height: 20px;\r\n}\r\n\r\n.carousel-btn:hover {\r\n  background: rgba(0, 0, 0, 0.7);\r\n}\r\n\r\n.carousel-btn:focus {\r\n  background: #CE2B37;\r\n  outline: none;\r\n}\r\n\r\n.carousel-btn.prev {\r\n  left: 15px;\r\n}\r\n\r\n.carousel-btn.next {\r\n  right: 15px;\r\n}\r\n\r\n.carousel-indicators {\r\n  display: flex;\r\n  justify-content: center;\r\n  gap: 8px;\r\n  margin-top: 15px;\r\n}\r\n\r\n.carousel-indicator {\r\n  width: 10px;\r\n  height: 10px;\r\n  border-radius: 50%;\r\n  background: #ddd;\r\n  cursor: pointer;\r\n  transition: all 0.3s ease;\r\n}\r\n\r\n.carousel-indicator.active {\r\n  background: #333;\r\n  width: 30px;\r\n  border-radius: 5px;\r\n}\r\n\r\n\/* Mobile adjustments *\/\r\n@media (max-width: 768px) {\r\n  .carousel-btn {\r\n    width: 35px;\r\n    height: 35px;\r\n  }\r\n  \r\n  .carousel-btn.prev {\r\n    left: 10px;\r\n  }\r\n  \r\n  .carousel-btn.next {\r\n    right: 10px;\r\n  }\r\n  \r\n  .carousel-btn svg {\r\n    width: 18px;\r\n    height: 18px;\r\n  }\r\n}\r\n\r\n.carousel-caption {\r\n  position: absolute;\r\n  bottom: 15px;\r\n  left: 15px;\r\n  background: rgba(0, 0, 0, 0.6);\r\n  color: white;\r\n  padding: 10px 15px;\r\n  border-radius: 5px;\r\n  font-size: 14px;\r\n  max-width: 80%;\r\n  z-index: 10;\r\n}\r\n\r\n@media (max-width: 768px) {\r\n  .carousel-caption {\r\n    font-size: 12px;\r\n    padding: 8px 12px;\r\n    bottom: 10px;\r\n    left: 10px;\r\n  }\r\n}\r\n\r\n<\/style>\r\n\r\n<script>\r\ndocument.addEventListener('DOMContentLoaded', function() {\r\n  const carousels = document.querySelectorAll('.image-carousel-wrapper');\r\n  \r\n  carousels.forEach((wrapper) => {\r\n    const carousel = wrapper.querySelector('.image-carousel');\r\n    const items = carousel.querySelectorAll('.carousel-item');\r\n    const prevBtn = carousel.querySelector('.prev');\r\n    const nextBtn = carousel.querySelector('.next');\r\n    const indicatorsContainer = wrapper.querySelector('.carousel-indicators');\r\n    const caption = carousel.querySelector('.carousel-caption');\r\n    \r\n    let currentIndex = 0;\r\n    let autoplayInterval;\r\n    \r\n    \/\/ Variables para swipe\r\n    let touchStartX = 0;\r\n    let touchEndX = 0;\r\n    let touchStartY = 0;\r\n    let touchEndY = 0;\r\n    \r\n    items.forEach((_, index) => {\r\n      const indicator = document.createElement('div');\r\n      indicator.classList.add('carousel-indicator');\r\n      if (index === 0) indicator.classList.add('active');\r\n      indicator.addEventListener('click', () => {\r\n        stopAutoplay();\r\n        goToSlide(index);\r\n      });\r\n      indicatorsContainer.appendChild(indicator);\r\n    });\r\n    \r\n    const indicators = indicatorsContainer.querySelectorAll('.carousel-indicator');\r\n    \r\n    function updateCarousel() {\r\n      items.forEach((item, index) => {\r\n        item.classList.toggle('active', index === currentIndex);\r\n      });\r\n      \r\n      indicators.forEach((indicator, index) => {\r\n        indicator.classList.toggle('active', index === currentIndex);\r\n      });\r\n      \r\n      const currentImg = items[currentIndex].querySelector('img');\r\n      caption.textContent = currentImg.alt;\r\n    }\r\n    \r\n    function goToSlide(index) {\r\n      currentIndex = index;\r\n      updateCarousel();\r\n    }\r\n    \r\n    function nextSlide() {\r\n      currentIndex = (currentIndex + 1) % items.length;\r\n      updateCarousel();\r\n    }\r\n    \r\n    function prevSlide() {\r\n      currentIndex = (currentIndex - 1 + items.length) % items.length;\r\n      updateCarousel();\r\n    }\r\n    \r\n    function stopAutoplay() {\r\n      if (autoplayInterval) {\r\n        clearInterval(autoplayInterval);\r\n        autoplayInterval = null;\r\n      }\r\n    }\r\n    \r\n    \/\/ Detectar swipe\r\n    function handleSwipe() {\r\n      const diffX = touchEndX - touchStartX;\r\n      const diffY = Math.abs(touchEndY - touchStartY);\r\n      \r\n      \/\/ Solo procesar si el movimiento horizontal es mayor que el vertical\r\n      \/\/ y si el desplazamiento es suficiente (m\u00e1s de 50px)\r\n      if (Math.abs(diffX) > 50 && Math.abs(diffX) > diffY) {\r\n        stopAutoplay();\r\n        \r\n        if (diffX > 0) {\r\n          \/\/ Swipe derecha - ir a anterior\r\n          prevSlide();\r\n        } else {\r\n          \/\/ Swipe izquierda - ir a siguiente\r\n          nextSlide();\r\n        }\r\n      }\r\n    }\r\n    \r\n    \/\/ Event listeners para touch\r\n    carousel.addEventListener('touchstart', (e) => {\r\n      touchStartX = e.changedTouches[0].screenX;\r\n      touchStartY = e.changedTouches[0].screenY;\r\n    }, { passive: true });\r\n    \r\n    carousel.addEventListener('touchend', (e) => {\r\n      touchEndX = e.changedTouches[0].screenX;\r\n      touchEndY = e.changedTouches[0].screenY;\r\n      handleSwipe();\r\n    }, { passive: true });\r\n    \r\n    \/\/ Inicializar\r\n    updateCarousel();\r\n    \r\n    prevBtn.addEventListener('click', () => {\r\n      stopAutoplay();\r\n      prevSlide();\r\n    });\r\n    \r\n    nextBtn.addEventListener('click', () => {\r\n      stopAutoplay();\r\n      nextSlide();\r\n    });\r\n    \r\n    \/\/ Auto-play cada 6 segundos\r\n    autoplayInterval = setInterval(nextSlide, 6000);\r\n  });\r\n});\r\n<\/script>\t\t\t\t<\/div>\n\t\t\t\t<\/div>\n\t\t\t\t<\/div>\n\t\t<div class=\"elementor-element elementor-element-cec1461 e-con-full e-flex e-con e-child\" data-id=\"cec1461\" data-element_type=\"container\">\n\t\t\t\t<div class=\"elementor-element elementor-element-d09f5bb elementor-widget elementor-widget-heading\" data-id=\"d09f5bb\" data-element_type=\"widget\" data-widget_type=\"heading.default\">\n\t\t\t\t<div class=\"elementor-widget-container\">\n\t\t\t\t\t<h3 class=\"elementor-heading-title elementor-size-default\">Colecci\u00f3n permanente<\/h3>\t\t\t\t<\/div>\n\t\t\t\t<\/div>\n\t\t\t\t<div class=\"elementor-element elementor-element-0c0c8a2 elementor-widget elementor-widget-text-editor\" data-id=\"0c0c8a2\" data-element_type=\"widget\" data-widget_type=\"text-editor.default\">\n\t\t\t\t<div class=\"elementor-widget-container\">\n\t\t\t\t\t\t\t\t\t<p>La exposici\u00f3n permanente est\u00e1 organizada para que el espectador comprenda la transici\u00f3n entre el arte sacro, el Biedermeier y las vanguardias modernas. Como afirma un <a style=\"color: #7e0009;\" href=\"https:\/\/www.reddit.com\/r\/Europetravel\/comments\/1h8ehyi\/if_i_had_to-pick-one-belvedere_palace_or\/\" target=\"_blank\" rel=\"noopener\">usuario en Reddit<\/a> \u00abEl Belvedere tiene una gran colecci\u00f3n de arte\u00bb, que <strong>presenta una evoluci\u00f3n cronol\u00f3gica desde la \u00e9poca medieval hasta el siglo XX<\/strong>.  <\/p><p>Las salas albergan <strong>piezas ic\u00f3nicas<\/strong> que definen la historia del arte europeo y austriaco, permitiendo una visi\u00f3n integral del desarrollo est\u00e9tico regional. La colecci\u00f3n incluye las siguientes obras, artistas y estilos destacados: <\/p><ul><li><i>Napole\u00f3n cruzando los Alpes<\/i> (Jacques-Louis David)<\/li><li><i>Madre con dos hijos III<\/i> (Arte de Egon Schiele)<\/li><li><em>La llanura de Auvers<\/em> (Vincent van Gogh)<\/li><li>Arte de Oskar Kokoschka<\/li><li>Claude Monet<\/li><li>Auguste Rodin<\/li><li>L\u00e1szl\u00f3 Moholy-Nagy<\/li><li>Biedermeier<\/li><li>Impresionismo franc\u00e9s<\/li><\/ul>\t\t\t\t\t\t\t\t<\/div>\n\t\t\t\t<\/div>\n\t\t\t\t<\/div>\n\t\t\t\t\t<\/div>\n\t\t\t\t<\/div>\n\t\t\t\t<section class=\"elementor-section elementor-top-section elementor-element elementor-element-622a773 elementor-section-boxed elementor-section-height-default elementor-section-height-default\" data-id=\"622a773\" data-element_type=\"section\">\n\t\t\t\t\t\t<div class=\"elementor-container elementor-column-gap-default\">\n\t\t\t\t\t<div class=\"elementor-column elementor-col-100 elementor-top-column elementor-element elementor-element-cc01ca0\" data-id=\"cc01ca0\" data-element_type=\"column\">\n\t\t\t<div class=\"elementor-widget-wrap elementor-element-populated\">\n\t\t\t\t\t\t<div class=\"elementor-element elementor-element-0fc9c94 elementor-widget elementor-widget-heading\" data-id=\"0fc9c94\" data-element_type=\"widget\" id=\"lower\" data-widget_type=\"heading.default\">\n\t\t\t\t<div class=\"elementor-widget-container\">\n\t\t\t\t\t<h2 class=\"elementor-heading-title elementor-size-default\">\u00bfQu\u00e9 ver en el Belvedere Inferior?<\/h2>\t\t\t\t<\/div>\n\t\t\t\t<\/div>\n\t\t\t\t<div class=\"elementor-element elementor-element-71d57f6 elementor-widget elementor-widget-text-editor\" data-id=\"71d57f6\" data-element_type=\"widget\" data-widget_type=\"text-editor.default\">\n\t\t\t\t<div class=\"elementor-widget-container\">\n\t\t\t\t\t\t\t\t\t<p>El Belvedere Inferior se dedica principalmente a la organizaci\u00f3n de <strong>exposiciones temporales de arte<\/strong>. Adem\u00e1s, los visitantes pueden recorrer los antiguos <strong>apartamentos privados<\/strong> y <strong>salas de ceremonias del pr\u00edncipe Eugenio<\/strong>, que conservan la decoraci\u00f3n original del palacio barroco. <\/p>\t\t\t\t\t\t\t\t<\/div>\n\t\t\t\t<\/div>\n\t\t\t\t\t<\/div>\n\t\t<\/div>\n\t\t\t\t\t<\/div>\n\t\t<\/section>\n\t\t<div class=\"elementor-element elementor-element-7216d66 e-flex e-con-boxed e-con e-parent\" data-id=\"7216d66\" data-element_type=\"container\">\n\t\t\t\t\t<div class=\"e-con-inner\">\n\t\t<div class=\"elementor-element elementor-element-a22f938 e-con-full e-flex e-con e-child\" data-id=\"a22f938\" data-element_type=\"container\">\n\t\t\t\t<div class=\"elementor-element elementor-element-1d147af elementor-widget elementor-widget-heading\" data-id=\"1d147af\" data-element_type=\"widget\" data-widget_type=\"heading.default\">\n\t\t\t\t<div class=\"elementor-widget-container\">\n\t\t\t\t\t<h3 class=\"elementor-heading-title elementor-size-default\">Caballerizas del Palacio (Prunkstall)<\/h3>\t\t\t\t<\/div>\n\t\t\t\t<\/div>\n\t\t\t\t<div class=\"elementor-element elementor-element-fbd11d8 elementor-widget elementor-widget-text-editor\" data-id=\"fbd11d8\" data-element_type=\"widget\" data-widget_type=\"text-editor.default\">\n\t\t\t\t<div class=\"elementor-widget-container\">\n\t\t\t\t\t\t\t\t\t<p>Las Caballerizas del Palacio est\u00e1n situadas en el extremo oriental del Belvedere Inferior y hoy funcionan como <strong>espacio de exposici\u00f3n especializado<\/strong>. <\/p><p>Originalmente, este edificio albergaba los caballos personales del pr\u00edncipe Eugenio, pero tras una renovaci\u00f3n se transform\u00f3 en el <strong>Tesoro del Belvedere<\/strong>, donde la instituci\u00f3n expone su colecci\u00f3n de arte medieval, que incluye retablos, paneles pintados y esculturas de madera de los siglos XIV y XV.<\/p><p>La arquitectura interior conserva elementos de su funci\u00f3n original, adaptados para la conservaci\u00f3n de delicadas <strong>piezas g\u00f3ticas<\/strong>. <\/p><p>La ubicaci\u00f3n de las caballerizas permite un flujo continuo desde las salas principales del Belvedere Inferior, ofreciendo una perspectiva sobre la devoci\u00f3n religiosa y la artesan\u00eda de la Edad Media en la regi\u00f3n alpina y Europa Central. Es una parada recomendada para comprender los or\u00edgenes del arte austriaco anterior al Renacimiento. <\/p>\t\t\t\t\t\t\t\t<\/div>\n\t\t\t\t<\/div>\n\t\t\t\t<\/div>\n\t\t<div class=\"elementor-element elementor-element-967b35e e-con-full e-flex e-con e-child\" data-id=\"967b35e\" data-element_type=\"container\">\n\t\t\t\t<div class=\"elementor-element elementor-element-36ba7f3 elementor-widget elementor-widget-image\" data-id=\"36ba7f3\" data-element_type=\"widget\" data-widget_type=\"image.default\">\n\t\t\t\t<div class=\"elementor-widget-container\">\n\t\t\t\t\t\t\t\t\t\t\t\t\t\t\t<img loading=\"lazy\" decoding=\"async\" width=\"800\" height=\"534\" src=\"https:\/\/belvederepalace.wientickets.org\/wp-content\/uploads\/2025\/11\/lower-belvedere-1-1024x683.webp\" class=\"attachment-large size-large wp-image-1531\" alt=\"Bajo Belvedere\" srcset=\"https:\/\/belvederepalace.wientickets.org\/wp-content\/uploads\/2025\/11\/lower-belvedere-1-1024x683.webp 1024w, https:\/\/belvederepalace.wientickets.org\/wp-content\/uploads\/2025\/11\/lower-belvedere-1-300x200.webp 300w, https:\/\/belvederepalace.wientickets.org\/wp-content\/uploads\/2025\/11\/lower-belvedere-1-768x512.webp 768w, https:\/\/belvederepalace.wientickets.org\/wp-content\/uploads\/2025\/11\/lower-belvedere-1.webp 1200w\" sizes=\"(max-width: 800px) 100vw, 800px\" \/>\t\t\t\t\t\t\t\t\t\t\t\t\t\t\t<\/div>\n\t\t\t\t<\/div>\n\t\t\t\t<\/div>\n\t\t\t\t\t<\/div>\n\t\t\t\t<\/div>\n\t\t<div class=\"elementor-element elementor-element-cc93eae e-flex e-con-boxed e-con e-parent\" data-id=\"cc93eae\" data-element_type=\"container\">\n\t\t\t\t\t<div class=\"e-con-inner\">\n\t\t\t\t<div class=\"elementor-element elementor-element-7bb67d6 elementor-widget elementor-widget-spacer\" data-id=\"7bb67d6\" data-element_type=\"widget\" data-widget_type=\"spacer.default\">\n\t\t\t\t<div class=\"elementor-widget-container\">\n\t\t\t\t\t\t\t<div class=\"elementor-spacer\">\n\t\t\t<div class=\"elementor-spacer-inner\"><\/div>\n\t\t<\/div>\n\t\t\t\t\t\t<\/div>\n\t\t\t\t<\/div>\n\t\t\t\t\t<\/div>\n\t\t\t\t<\/div>\n\t\t<div class=\"elementor-element elementor-element-6d7d75f e-flex e-con-boxed e-con e-parent\" data-id=\"6d7d75f\" data-element_type=\"container\">\n\t\t\t\t\t<div class=\"e-con-inner\">\n\t\t<div class=\"elementor-element elementor-element-29bf65f e-con-full e-flex e-con e-child\" data-id=\"29bf65f\" data-element_type=\"container\">\n\t\t\t\t<div class=\"elementor-element elementor-element-a64af1c elementor-widget elementor-widget-image\" data-id=\"a64af1c\" data-element_type=\"widget\" data-widget_type=\"image.default\">\n\t\t\t\t<div class=\"elementor-widget-container\">\n\t\t\t\t\t\t\t\t\t\t\t\t\t\t\t<img loading=\"lazy\" decoding=\"async\" width=\"800\" height=\"600\" src=\"https:\/\/belvederepalace.wientickets.org\/wp-content\/uploads\/2025\/11\/golden-hall-belvedere-palace.webp\" class=\"attachment-large size-large wp-image-1921\" alt=\"Sal\u00f3n Dorado Belvedere\" srcset=\"https:\/\/belvederepalace.wientickets.org\/wp-content\/uploads\/2025\/11\/golden-hall-belvedere-palace.webp 960w, https:\/\/belvederepalace.wientickets.org\/wp-content\/uploads\/2025\/11\/golden-hall-belvedere-palace-300x225.webp 300w, https:\/\/belvederepalace.wientickets.org\/wp-content\/uploads\/2025\/11\/golden-hall-belvedere-palace-768x576.webp 768w\" sizes=\"(max-width: 800px) 100vw, 800px\" \/>\t\t\t\t\t\t\t\t\t\t\t\t\t\t\t<\/div>\n\t\t\t\t<\/div>\n\t\t\t\t<\/div>\n\t\t<div class=\"elementor-element elementor-element-c451609 e-con-full e-flex e-con e-child\" data-id=\"c451609\" data-element_type=\"container\">\n\t\t\t\t<div class=\"elementor-element elementor-element-e4726c5 elementor-widget elementor-widget-heading\" data-id=\"e4726c5\" data-element_type=\"widget\" data-widget_type=\"heading.default\">\n\t\t\t\t<div class=\"elementor-widget-container\">\n\t\t\t\t\t<h3 class=\"elementor-heading-title elementor-size-default\">Exposiciones temporales<\/h3>\t\t\t\t<\/div>\n\t\t\t\t<\/div>\n\t\t\t\t<div class=\"elementor-element elementor-element-8404fee elementor-widget elementor-widget-text-editor\" data-id=\"8404fee\" data-element_type=\"widget\" data-widget_type=\"text-editor.default\">\n\t\t\t\t<div class=\"elementor-widget-container\">\n\t\t\t\t\t\t\t\t\t<p><a style=\"color: #7e0009;\" href=\"https:\/\/belvederepalace.wientickets.org\/es\/palacio-del-bajo-belvedere\/\">Las exposiciones temporales del Belvedere Inferior<\/a> ofrecen un an\u00e1lisis de artistas concretos o periodos hist\u00f3ricos determinados. Estos <strong>eventos rotativos<\/strong> permiten al museo exponer piezas que no forman parte de la colecci\u00f3n permanente.  <\/p><p>La ubicaci\u00f3n de estas exposiciones en salas hist\u00f3ricas, como la Galer\u00eda de M\u00e1rmol o el Gabinete de Oro, a\u00f1ade un valor contextual \u00fanico a las obras expuestas.<\/p><p>Las exposiciones suelen <strong>cambiar cada pocos meses<\/strong> y abarcan temas que van desde el Simbolismo hasta el Modernismo internacional. Esta rotaci\u00f3n garantiza que cada visita al palacio ofrezca una experiencia distinta y actualizada sobre las tendencias y la investigaci\u00f3n en historia del arte. <\/p><p><em>Foto: \u00abBelvedere en invierno &#8211; Interior del Belvedere Inferior\u00bb de <a style=\"color: #7e0009;\" href=\"https:\/\/commons.wikimedia.org\/wiki\/User:Deror_avi\" target=\"_blank\" rel=\"noopener\">Deror avi<\/a>.<\/em><\/p>\t\t\t\t\t\t\t\t<\/div>\n\t\t\t\t<\/div>\n\t\t\t\t<\/div>\n\t\t\t\t\t<\/div>\n\t\t\t\t<\/div>\n\t\t<div class=\"elementor-element elementor-element-72e3285 e-flex e-con-boxed e-con e-parent\" data-id=\"72e3285\" data-element_type=\"container\">\n\t\t\t\t\t<div class=\"e-con-inner\">\n\t\t\t\t<div class=\"elementor-element elementor-element-0eb37d4 elementor-widget elementor-widget-spacer\" data-id=\"0eb37d4\" data-element_type=\"widget\" data-widget_type=\"spacer.default\">\n\t\t\t\t<div class=\"elementor-widget-container\">\n\t\t\t\t\t\t\t<div class=\"elementor-spacer\">\n\t\t\t<div class=\"elementor-spacer-inner\"><\/div>\n\t\t<\/div>\n\t\t\t\t\t\t<\/div>\n\t\t\t\t<\/div>\n\t\t\t\t\t<\/div>\n\t\t\t\t<\/div>\n\t\t<div class=\"elementor-element elementor-element-cd387b2 e-flex e-con-boxed e-con e-parent\" data-id=\"cd387b2\" data-element_type=\"container\">\n\t\t\t\t\t<div class=\"e-con-inner\">\n\t\t<div class=\"elementor-element elementor-element-d75dd1c e-con-full e-flex e-con e-child\" data-id=\"d75dd1c\" data-element_type=\"container\">\n\t\t\t\t<div class=\"elementor-element elementor-element-6e9204e elementor-widget elementor-widget-heading\" data-id=\"6e9204e\" data-element_type=\"widget\" data-widget_type=\"heading.default\">\n\t\t\t\t<div class=\"elementor-widget-container\">\n\t\t\t\t\t<h3 class=\"elementor-heading-title elementor-size-default\">Orangerie<\/h3>\t\t\t\t<\/div>\n\t\t\t\t<\/div>\n\t\t\t\t<div class=\"elementor-element elementor-element-6f913fa elementor-widget elementor-widget-text-editor\" data-id=\"6f913fa\" data-element_type=\"widget\" data-widget_type=\"text-editor.default\">\n\t\t\t\t<div class=\"elementor-widget-container\">\n\t\t\t\t\t\t\t\t\t<p>El invernadero est\u00e1 situado junto al Belvedere Inferior. Originalmente funcionaba como invernadero para plantas ex\u00f3ticas durante el invierno, especialmente naranjos. Hoy, este edificio es una <strong>sala de exposiciones<\/strong> que combina la estructura barroca con un dise\u00f1o interior minimalista.  <\/p><p>Su arquitectura destaca por las grandes ventanas orientadas al sur que permit\u00edan la entrada de luz solar para la vegetaci\u00f3n. La transici\u00f3n de invernadero a galer\u00eda de arte refleja la <strong>adaptabilidad del complejo del Belvedere<\/strong> a las necesidades culturales actuales.   <\/p><p>Su ubicaci\u00f3n en el nivel inferior del jard\u00edn hace que sea f\u00e1cilmente accesible tras recorrer los apartamentos privados, ofreciendo un importante contraste arquitect\u00f3nico entre el opulento Barroco y la moderna funcionalidad de los museos actuales.<\/p>\t\t\t\t\t\t\t\t<\/div>\n\t\t\t\t<\/div>\n\t\t\t\t<\/div>\n\t\t<div class=\"elementor-element elementor-element-4cb2fe9 e-con-full e-flex e-con e-child\" data-id=\"4cb2fe9\" data-element_type=\"container\">\n\t\t\t\t<div class=\"elementor-element elementor-element-ab91911 elementor-widget elementor-widget-image\" data-id=\"ab91911\" data-element_type=\"widget\" data-widget_type=\"image.default\">\n\t\t\t\t<div class=\"elementor-widget-container\">\n\t\t\t\t\t\t\t\t\t\t\t\t\t\t\t<img loading=\"lazy\" decoding=\"async\" width=\"800\" height=\"530\" src=\"https:\/\/belvederepalace.wientickets.org\/wp-content\/uploads\/2025\/11\/Orangery-Lower-Belvedere.webp\" class=\"attachment-large size-large wp-image-1923\" alt=\"Invernadero Lower Belvedere\" srcset=\"https:\/\/belvederepalace.wientickets.org\/wp-content\/uploads\/2025\/11\/Orangery-Lower-Belvedere.webp 1024w, https:\/\/belvederepalace.wientickets.org\/wp-content\/uploads\/2025\/11\/Orangery-Lower-Belvedere-300x199.webp 300w, https:\/\/belvederepalace.wientickets.org\/wp-content\/uploads\/2025\/11\/Orangery-Lower-Belvedere-768x509.webp 768w\" sizes=\"(max-width: 800px) 100vw, 800px\" \/>\t\t\t\t\t\t\t\t\t\t\t\t\t\t\t<\/div>\n\t\t\t\t<\/div>\n\t\t\t\t<\/div>\n\t\t\t\t\t<\/div>\n\t\t\t\t<\/div>\n\t\t\t\t<section class=\"elementor-section elementor-top-section elementor-element elementor-element-a621f56 elementor-section-boxed elementor-section-height-default elementor-section-height-default\" data-id=\"a621f56\" data-element_type=\"section\">\n\t\t\t\t\t\t<div class=\"elementor-container elementor-column-gap-default\">\n\t\t\t\t\t<div class=\"elementor-column elementor-col-100 elementor-top-column elementor-element elementor-element-b650527\" data-id=\"b650527\" data-element_type=\"column\">\n\t\t\t<div class=\"elementor-widget-wrap elementor-element-populated\">\n\t\t\t\t\t\t<div class=\"elementor-element elementor-element-712336c elementor-widget elementor-widget-heading\" data-id=\"712336c\" data-element_type=\"widget\" id=\"belvedere21\" data-widget_type=\"heading.default\">\n\t\t\t\t<div class=\"elementor-widget-container\">\n\t\t\t\t\t<h2 class=\"elementor-heading-title elementor-size-default\">Cosas que ver en Belvedere 21<\/h2>\t\t\t\t<\/div>\n\t\t\t\t<\/div>\n\t\t\t\t<div class=\"elementor-element elementor-element-1965c3b elementor-widget elementor-widget-text-editor\" data-id=\"1965c3b\" data-element_type=\"widget\" data-widget_type=\"text-editor.default\">\n\t\t\t\t<div class=\"elementor-widget-container\">\n\t\t\t\t\t\t\t\t\t<p>Belvedere 21 representa la faceta contempor\u00e1nea del complejo, centr\u00e1ndose en el arte de los siglos XX y XXI. Este edificio modernista, dise\u00f1ado por Karl Schwanzer, ofrece <strong>exposiciones temporales<\/strong>, un <strong>jard\u00edn de esculturas<\/strong> y un <strong>cine<\/strong>. <\/p>\t\t\t\t\t\t\t\t<\/div>\n\t\t\t\t<\/div>\n\t\t\t\t\t<\/div>\n\t\t<\/div>\n\t\t\t\t\t<\/div>\n\t\t<\/section>\n\t\t<div class=\"elementor-element elementor-element-0a3b962 e-flex e-con-boxed e-con e-parent\" data-id=\"0a3b962\" data-element_type=\"container\">\n\t\t\t\t\t<div class=\"e-con-inner\">\n\t\t<div class=\"elementor-element elementor-element-e969836 e-con-full e-flex e-con e-child\" data-id=\"e969836\" data-element_type=\"container\">\n\t\t\t\t<div class=\"elementor-element elementor-element-acc7209 elementor-widget elementor-widget-image\" data-id=\"acc7209\" data-element_type=\"widget\" data-widget_type=\"image.default\">\n\t\t\t\t<div class=\"elementor-widget-container\">\n\t\t\t\t\t\t\t\t\t\t\t\t\t\t\t<img loading=\"lazy\" decoding=\"async\" width=\"800\" height=\"577\" src=\"https:\/\/belvederepalace.wientickets.org\/wp-content\/uploads\/2026\/01\/exhibition-belvedere-21-1024x738.webp\" class=\"attachment-large size-large wp-image-2057\" alt=\"Exposici\u00f3n en Belvedere 21\" srcset=\"https:\/\/belvederepalace.wientickets.org\/wp-content\/uploads\/2026\/01\/exhibition-belvedere-21-1024x738.webp 1024w, https:\/\/belvederepalace.wientickets.org\/wp-content\/uploads\/2026\/01\/exhibition-belvedere-21-300x216.webp 300w, https:\/\/belvederepalace.wientickets.org\/wp-content\/uploads\/2026\/01\/exhibition-belvedere-21-768x553.webp 768w, https:\/\/belvederepalace.wientickets.org\/wp-content\/uploads\/2026\/01\/exhibition-belvedere-21.webp 1280w\" sizes=\"(max-width: 800px) 100vw, 800px\" \/>\t\t\t\t\t\t\t\t\t\t\t\t\t\t\t<\/div>\n\t\t\t\t<\/div>\n\t\t\t\t<\/div>\n\t\t<div class=\"elementor-element elementor-element-5f3b843 e-con-full e-flex e-con e-child\" data-id=\"5f3b843\" data-element_type=\"container\">\n\t\t\t\t<div class=\"elementor-element elementor-element-dc163c5 elementor-widget elementor-widget-heading\" data-id=\"dc163c5\" data-element_type=\"widget\" data-widget_type=\"heading.default\">\n\t\t\t\t<div class=\"elementor-widget-container\">\n\t\t\t\t\t<h3 class=\"elementor-heading-title elementor-size-default\">Exposiciones temporales<\/h3>\t\t\t\t<\/div>\n\t\t\t\t<\/div>\n\t\t\t\t<div class=\"elementor-element elementor-element-5baab11 elementor-widget elementor-widget-text-editor\" data-id=\"5baab11\" data-element_type=\"widget\" data-widget_type=\"text-editor.default\">\n\t\t\t\t<div class=\"elementor-widget-container\">\n\t\t\t\t\t\t\t\t\t<p>Belvedere 21 act\u00faa como <strong>plataforma din\u00e1mica para el arte contempor\u00e1neo<\/strong>, presentando exposiciones temporales de artistas nacionales e internacionales activos desde la posguerra hasta el presente. A diferencia de los palacios hist\u00f3ricos, este espacio se centra en temas sociales, experimentaci\u00f3n medi\u00e1tica y nuevas narrativas visuales. <\/p><p>La importancia de estas exposiciones radica en su capacidad para cuestionar la actualidad y <strong>mostrar la evoluci\u00f3n de la escena art\u00edstica vienesa m\u00e1s reciente<\/strong>. Los visitantes pueden encontrar v\u00eddeos, fotograf\u00edas, pinturas contempor\u00e1neas y proyectos interdisciplinarios. La programaci\u00f3n pretende conectar el patrimonio hist\u00f3rico del Belvedere con las preocupaciones del presente.  <\/p><p><em>Foto: \u00abBelvedere 21\u00bb de Tudoi61.<\/em><\/p>\t\t\t\t\t\t\t\t<\/div>\n\t\t\t\t<\/div>\n\t\t\t\t<\/div>\n\t\t\t\t\t<\/div>\n\t\t\t\t<\/div>\n\t\t<div class=\"elementor-element elementor-element-81c39d8 e-flex e-con-boxed e-con e-parent\" data-id=\"81c39d8\" data-element_type=\"container\">\n\t\t\t\t\t<div class=\"e-con-inner\">\n\t\t\t\t<div class=\"elementor-element elementor-element-df7cfa8 elementor-widget elementor-widget-spacer\" data-id=\"df7cfa8\" data-element_type=\"widget\" data-widget_type=\"spacer.default\">\n\t\t\t\t<div class=\"elementor-widget-container\">\n\t\t\t\t\t\t\t<div class=\"elementor-spacer\">\n\t\t\t<div class=\"elementor-spacer-inner\"><\/div>\n\t\t<\/div>\n\t\t\t\t\t\t<\/div>\n\t\t\t\t<\/div>\n\t\t\t\t\t<\/div>\n\t\t\t\t<\/div>\n\t\t<div class=\"elementor-element elementor-element-1d21fef e-flex e-con-boxed e-con e-parent\" data-id=\"1d21fef\" data-element_type=\"container\">\n\t\t\t\t\t<div class=\"e-con-inner\">\n\t\t<div class=\"elementor-element elementor-element-b0e35c2 e-con-full e-flex e-con e-child\" data-id=\"b0e35c2\" data-element_type=\"container\">\n\t\t\t\t<div class=\"elementor-element elementor-element-fa959ca elementor-widget elementor-widget-heading\" data-id=\"fa959ca\" data-element_type=\"widget\" data-widget_type=\"heading.default\">\n\t\t\t\t<div class=\"elementor-widget-container\">\n\t\t\t\t\t<h3 class=\"elementor-heading-title elementor-size-default\">Jard\u00edn de Esculturas<\/h3>\t\t\t\t<\/div>\n\t\t\t\t<\/div>\n\t\t\t\t<div class=\"elementor-element elementor-element-c3f6071 elementor-widget elementor-widget-text-editor\" data-id=\"c3f6071\" data-element_type=\"widget\" data-widget_type=\"text-editor.default\">\n\t\t\t\t<div class=\"elementor-widget-container\">\n\t\t\t\t\t\t\t\t\t<p>El Jard\u00edn Escult\u00f3rico de Belvedere 21 es <a style=\"color: #7e0009;\" href=\"https:\/\/belvederepalace.wientickets.org\/es\/belvedere-schlossgarten-jardines\/\">uno de los jardines del complejo<\/a>. Este espacio rodea el edificio modernista y <strong>alberga obras tridimensionales de artistas contempor\u00e1neos<\/strong>. El jard\u00edn funciona como una prolongaci\u00f3n de las galer\u00edas interiores.<\/p><p>La colecci\u00f3n de exteriores incluye obras permanentes y pr\u00e9stamos que exploran la forma, el material y el espacio p\u00fablico. Su importancia radica en ofrecer una experiencia est\u00e9tica accesible sin las restricciones de un entorno de galer\u00eda cerrado. <strong>Una de las obras expuestas es \u00abB-Girls, go!\u00bb de Maru\u0161a Sagadin<\/strong>, que reinterpreta una gorra de b\u00e9isbol a trav\u00e9s del arte pop. <\/p><p><em>Foto: \u00abMarusa Sagadin &#8211; B-Girls, Go!\u00bb de <a style=\"color: #7e0009;\" href=\"https:\/\/commons.wikimedia.org\/wiki\/User:1rhb\" target=\"_blank\" rel=\"noopener\">1rhb<\/a>.<\/em><\/p>\t\t\t\t\t\t\t\t<\/div>\n\t\t\t\t<\/div>\n\t\t\t\t<\/div>\n\t\t<div class=\"elementor-element elementor-element-543f42d e-con-full e-flex e-con e-child\" data-id=\"543f42d\" data-element_type=\"container\">\n\t\t\t\t<div class=\"elementor-element elementor-element-1d120f1 elementor-widget elementor-widget-image\" data-id=\"1d120f1\" data-element_type=\"widget\" data-widget_type=\"image.default\">\n\t\t\t\t<div class=\"elementor-widget-container\">\n\t\t\t\t\t\t\t\t\t\t\t\t\t\t\t<img loading=\"lazy\" decoding=\"async\" width=\"800\" height=\"533\" src=\"https:\/\/belvederepalace.wientickets.org\/wp-content\/uploads\/2026\/01\/b-girls-go-sculpture-by-marusa-sagadin-1024x682.webp\" class=\"attachment-large size-large wp-image-1576\" alt=\"Escultura \u201cB-Girls, go!\u201d de Maru\u0161a Sagadin\" srcset=\"https:\/\/belvederepalace.wientickets.org\/wp-content\/uploads\/2026\/01\/b-girls-go-sculpture-by-marusa-sagadin-1024x682.webp 1024w, https:\/\/belvederepalace.wientickets.org\/wp-content\/uploads\/2026\/01\/b-girls-go-sculpture-by-marusa-sagadin-300x200.webp 300w, https:\/\/belvederepalace.wientickets.org\/wp-content\/uploads\/2026\/01\/b-girls-go-sculpture-by-marusa-sagadin-768x511.webp 768w, https:\/\/belvederepalace.wientickets.org\/wp-content\/uploads\/2026\/01\/b-girls-go-sculpture-by-marusa-sagadin.webp 1280w\" sizes=\"(max-width: 800px) 100vw, 800px\" \/>\t\t\t\t\t\t\t\t\t\t\t\t\t\t\t<\/div>\n\t\t\t\t<\/div>\n\t\t\t\t<\/div>\n\t\t\t\t\t<\/div>\n\t\t\t\t<\/div>\n\t\t<div class=\"elementor-element elementor-element-f8e88a9 e-flex e-con-boxed e-con e-parent\" data-id=\"f8e88a9\" data-element_type=\"container\">\n\t\t\t\t\t<div class=\"e-con-inner\">\n\t\t\t\t<div class=\"elementor-element elementor-element-966f9f8 elementor-widget elementor-widget-spacer\" data-id=\"966f9f8\" data-element_type=\"widget\" data-widget_type=\"spacer.default\">\n\t\t\t\t<div class=\"elementor-widget-container\">\n\t\t\t\t\t\t\t<div class=\"elementor-spacer\">\n\t\t\t<div class=\"elementor-spacer-inner\"><\/div>\n\t\t<\/div>\n\t\t\t\t\t\t<\/div>\n\t\t\t\t<\/div>\n\t\t\t\t\t<\/div>\n\t\t\t\t<\/div>\n\t\t<div class=\"elementor-element elementor-element-e112cff e-flex e-con-boxed e-con e-parent\" data-id=\"e112cff\" data-element_type=\"container\">\n\t\t\t\t\t<div class=\"e-con-inner\">\n\t\t<div class=\"elementor-element elementor-element-aab86b8 e-con-full e-flex e-con e-child\" data-id=\"aab86b8\" data-element_type=\"container\">\n\t\t\t\t<div class=\"elementor-element elementor-element-2f7262c elementor-widget elementor-widget-image\" data-id=\"2f7262c\" data-element_type=\"widget\" data-widget_type=\"image.default\">\n\t\t\t\t<div class=\"elementor-widget-container\">\n\t\t\t\t\t\t\t\t\t\t\t\t\t\t\t<img loading=\"lazy\" decoding=\"async\" width=\"800\" height=\"405\" src=\"https:\/\/belvederepalace.wientickets.org\/wp-content\/uploads\/2024\/08\/belvedere-21-1024x518.webp\" class=\"attachment-large size-large wp-image-2035\" alt=\"\" srcset=\"https:\/\/belvederepalace.wientickets.org\/wp-content\/uploads\/2024\/08\/belvedere-21-1024x518.webp 1024w, https:\/\/belvederepalace.wientickets.org\/wp-content\/uploads\/2024\/08\/belvedere-21-300x152.webp 300w, https:\/\/belvederepalace.wientickets.org\/wp-content\/uploads\/2024\/08\/belvedere-21-768x388.webp 768w, https:\/\/belvederepalace.wientickets.org\/wp-content\/uploads\/2024\/08\/belvedere-21.webp 1100w\" sizes=\"(max-width: 800px) 100vw, 800px\" \/>\t\t\t\t\t\t\t\t\t\t\t\t\t\t\t<\/div>\n\t\t\t\t<\/div>\n\t\t\t\t<\/div>\n\t\t<div class=\"elementor-element elementor-element-5fdef3b e-con-full e-flex e-con e-child\" data-id=\"5fdef3b\" data-element_type=\"container\">\n\t\t\t\t<div class=\"elementor-element elementor-element-fab9e31 elementor-widget elementor-widget-heading\" data-id=\"fab9e31\" data-element_type=\"widget\" data-widget_type=\"heading.default\">\n\t\t\t\t<div class=\"elementor-widget-container\">\n\t\t\t\t\t<h3 class=\"elementor-heading-title elementor-size-default\">Cine y Arquitectura (Blickle Kino)<\/h3>\t\t\t\t<\/div>\n\t\t\t\t<\/div>\n\t\t\t\t<div class=\"elementor-element elementor-element-38fa873 elementor-widget elementor-widget-text-editor\" data-id=\"38fa873\" data-element_type=\"widget\" data-widget_type=\"text-editor.default\">\n\t\t\t\t<div class=\"elementor-widget-container\">\n\t\t\t\t\t\t\t\t\t<p>Belvedere 21 tambi\u00e9n destaca por albergar el <strong>Blickle Kino<\/strong> o <strong>Cine Blickle<\/strong>, el <strong>\u00fanico cine de Viena que conserva su dise\u00f1o original de los a\u00f1os 50<\/strong>. Esta sala de proyecci\u00f3n es una pieza fundamental de la arquitectura de posguerra y se utiliza para ciclos de cine de autor, documentales de arte y presentaciones acad\u00e9micas. El dise\u00f1o del cine, con su mobiliario y est\u00e9tica retro, ofrece un valor hist\u00f3rico adicional al edificio.  <\/p>\t\t\t\t\t\t\t\t<\/div>\n\t\t\t\t<\/div>\n\t\t\t\t<\/div>\n\t\t\t\t\t<\/div>\n\t\t\t\t<\/div>\n\t\t\t\t<section class=\"elementor-section elementor-top-section elementor-element elementor-element-3606eb5 elementor-section-boxed elementor-section-height-default elementor-section-height-default\" data-id=\"3606eb5\" data-element_type=\"section\">\n\t\t\t\t\t\t<div class=\"elementor-container elementor-column-gap-default\">\n\t\t\t\t\t<div class=\"elementor-column elementor-col-100 elementor-top-column elementor-element elementor-element-0967684\" data-id=\"0967684\" data-element_type=\"column\">\n\t\t\t<div class=\"elementor-widget-wrap elementor-element-populated\">\n\t\t\t\t\t\t<div class=\"elementor-element elementor-element-de7300a elementor-widget elementor-widget-text-editor\" data-id=\"de7300a\" data-element_type=\"widget\" data-widget_type=\"text-editor.default\">\n\t\t\t\t<div class=\"elementor-widget-container\">\n\t\t\t\t\t\t\t\t\t<p>Adem\u00e1s, la propia estructura del Belvedere 21 es objeto de estudio: fue el pabell\u00f3n austriaco de la Exposici\u00f3n Universal de Bruselas de 1958 antes de ser trasladado a su ubicaci\u00f3n actual. Los visitantes interesados en la arquitectura moderna podr\u00e1n apreciar el uso innovador de <strong>materiales industriales<\/strong>, que diferencia radicalmente esta secci\u00f3n del complejo de las estructuras barrocas del Belvedere Superior e Inferior. <\/p>\t\t\t\t\t\t\t\t<\/div>\n\t\t\t\t<\/div>\n\t\t\t\t\t<\/div>\n\t\t<\/div>\n\t\t\t\t\t<\/div>\n\t\t<\/section>\n\t\t\t\t<section class=\"elementor-section elementor-top-section elementor-element elementor-element-89e3771 elementor-section-boxed elementor-section-height-default elementor-section-height-default\" data-id=\"89e3771\" data-element_type=\"section\">\n\t\t\t\t\t\t<div class=\"elementor-container elementor-column-gap-default\">\n\t\t\t\t\t<div class=\"elementor-column elementor-col-100 elementor-top-column elementor-element elementor-element-e1d56e9\" data-id=\"e1d56e9\" data-element_type=\"column\">\n\t\t\t<div class=\"elementor-widget-wrap elementor-element-populated\">\n\t\t\t\t\t\t<div class=\"elementor-element elementor-element-b6769e5 elementor-widget elementor-widget-heading\" data-id=\"b6769e5\" data-element_type=\"widget\" id=\"near\" data-widget_type=\"heading.default\">\n\t\t\t\t<div class=\"elementor-widget-container\">\n\t\t\t\t\t<h2 class=\"elementor-heading-title elementor-size-default\">Cosas que hacer cerca del Palacio Belvedere<\/h2>\t\t\t\t<\/div>\n\t\t\t\t<\/div>\n\t\t\t\t<div class=\"elementor-element elementor-element-021f04a elementor-widget elementor-widget-text-editor\" data-id=\"021f04a\" data-element_type=\"widget\" data-widget_type=\"text-editor.default\">\n\t\t\t\t<div class=\"elementor-widget-container\">\n\t\t\t\t\t\t\t\t\t<p>Hay <strong>m\u00faltiples puntos de inter\u00e9s cultural e hist\u00f3rico situados a poca distancia del Palacio del Belvedere<\/strong>, lo que permite a los visitantes completar su itinerario por el centro de Viena y el distrito de la Landstra\u00dfe. Estos lugares ofrecen una perspectiva complementaria de la historia imperial y de la vida urbana actual: <\/p>\t\t\t\t\t\t\t\t<\/div>\n\t\t\t\t<\/div>\n\t\t\t\t\t<\/div>\n\t\t<\/div>\n\t\t\t\t\t<\/div>\n\t\t<\/section>\n\t\t<div class=\"elementor-element elementor-element-0e46df4 e-grid e-con-boxed e-con e-parent\" data-id=\"0e46df4\" data-element_type=\"container\">\n\t\t\t\t\t<div class=\"e-con-inner\">\n\t\t<div class=\"elementor-element elementor-element-c376d6b e-con-full e-flex e-con e-child\" data-id=\"c376d6b\" data-element_type=\"container\">\n\t\t\t\t<div class=\"elementor-element elementor-element-707e557 elementor-widget elementor-widget-image\" data-id=\"707e557\" data-element_type=\"widget\" data-widget_type=\"image.default\">\n\t\t\t\t<div class=\"elementor-widget-container\">\n\t\t\t\t\t\t\t\t\t\t\t\t\t\t\t<img loading=\"lazy\" decoding=\"async\" width=\"800\" height=\"450\" src=\"https:\/\/belvederepalace.wientickets.org\/wp-content\/uploads\/2026\/01\/botanical-garden-1024x576.webp\" class=\"attachment-large size-large wp-image-1577\" alt=\"El jard\u00edn bot\u00e1nico\" srcset=\"https:\/\/belvederepalace.wientickets.org\/wp-content\/uploads\/2026\/01\/botanical-garden-1024x576.webp 1024w, https:\/\/belvederepalace.wientickets.org\/wp-content\/uploads\/2026\/01\/botanical-garden-300x169.webp 300w, https:\/\/belvederepalace.wientickets.org\/wp-content\/uploads\/2026\/01\/botanical-garden-768x432.webp 768w, https:\/\/belvederepalace.wientickets.org\/wp-content\/uploads\/2026\/01\/botanical-garden.webp 1280w\" sizes=\"(max-width: 800px) 100vw, 800px\" \/>\t\t\t\t\t\t\t\t\t\t\t\t\t\t\t<\/div>\n\t\t\t\t<\/div>\n\t\t\t\t<div class=\"elementor-element elementor-element-2375c32 elementor-widget elementor-widget-heading\" data-id=\"2375c32\" data-element_type=\"widget\" data-widget_type=\"heading.default\">\n\t\t\t\t<div class=\"elementor-widget-container\">\n\t\t\t\t\t<h3 class=\"elementor-heading-title elementor-size-default\">Jard\u00edn Bot\u00e1nico de la Universidad de Viena<\/h3>\t\t\t\t<\/div>\n\t\t\t\t<\/div>\n\t\t\t\t<div class=\"elementor-element elementor-element-8215b29 elementor-widget elementor-widget-text-editor\" data-id=\"8215b29\" data-element_type=\"widget\" data-widget_type=\"text-editor.default\">\n\t\t\t\t<div class=\"elementor-widget-container\">\n\t\t\t\t\t\t\t\t\t<p>Justo al lado del Belvedere se encuentra este espacio verde que <strong>alberga miles de especies vegetales<\/strong> con fines de investigaci\u00f3n y paseo.<\/p>\t\t\t\t\t\t\t\t<\/div>\n\t\t\t\t<\/div>\n\t\t\t\t<\/div>\n\t\t<div class=\"elementor-element elementor-element-cd36513 e-con-full e-flex e-con e-child\" data-id=\"cd36513\" data-element_type=\"container\">\n\t\t\t\t<div class=\"elementor-element elementor-element-701a5b3 elementor-widget elementor-widget-image\" data-id=\"701a5b3\" data-element_type=\"widget\" data-widget_type=\"image.default\">\n\t\t\t\t<div class=\"elementor-widget-container\">\n\t\t\t\t\t\t\t\t\t\t\t\t\t\t\t<img loading=\"lazy\" decoding=\"async\" width=\"800\" height=\"450\" src=\"https:\/\/belvederepalace.wientickets.org\/wp-content\/uploads\/2026\/01\/konzerthaus-1024x576.webp\" class=\"attachment-large size-large wp-image-2058\" alt=\"Konzerthaus\" srcset=\"https:\/\/belvederepalace.wientickets.org\/wp-content\/uploads\/2026\/01\/konzerthaus-1024x576.webp 1024w, https:\/\/belvederepalace.wientickets.org\/wp-content\/uploads\/2026\/01\/konzerthaus-300x169.webp 300w, https:\/\/belvederepalace.wientickets.org\/wp-content\/uploads\/2026\/01\/konzerthaus-768x432.webp 768w, https:\/\/belvederepalace.wientickets.org\/wp-content\/uploads\/2026\/01\/konzerthaus.webp 1280w\" sizes=\"(max-width: 800px) 100vw, 800px\" \/>\t\t\t\t\t\t\t\t\t\t\t\t\t\t\t<\/div>\n\t\t\t\t<\/div>\n\t\t\t\t<div class=\"elementor-element elementor-element-85b1937 elementor-widget elementor-widget-heading\" data-id=\"85b1937\" data-element_type=\"widget\" data-widget_type=\"heading.default\">\n\t\t\t\t<div class=\"elementor-widget-container\">\n\t\t\t\t\t<h3 class=\"elementor-heading-title elementor-size-default\">Konzerthaus<\/h3>\t\t\t\t<\/div>\n\t\t\t\t<\/div>\n\t\t\t\t<div class=\"elementor-element elementor-element-216a2a8 elementor-widget elementor-widget-spacer\" data-id=\"216a2a8\" data-element_type=\"widget\" data-widget_type=\"spacer.default\">\n\t\t\t\t<div class=\"elementor-widget-container\">\n\t\t\t\t\t\t\t<div class=\"elementor-spacer\">\n\t\t\t<div class=\"elementor-spacer-inner\"><\/div>\n\t\t<\/div>\n\t\t\t\t\t\t<\/div>\n\t\t\t\t<\/div>\n\t\t\t\t<div class=\"elementor-element elementor-element-13b69c0 elementor-widget elementor-widget-text-editor\" data-id=\"13b69c0\" data-element_type=\"widget\" data-widget_type=\"text-editor.default\">\n\t\t\t\t<div class=\"elementor-widget-container\">\n\t\t\t\t\t\t\t\t\t<p>A unos 15 minutos a pie se encuentra esta sala de conciertos donde se celebran <strong>actuaciones de m\u00fasica cl\u00e1sica y contempor\u00e1nea<\/strong>.<\/p>\t\t\t\t\t\t\t\t<\/div>\n\t\t\t\t<\/div>\n\t\t\t\t<\/div>\n\t\t<div class=\"elementor-element elementor-element-984a2b2 e-con-full e-flex e-con e-child\" data-id=\"984a2b2\" data-element_type=\"container\">\n\t\t\t\t<div class=\"elementor-element elementor-element-5a62c37 elementor-widget elementor-widget-image\" data-id=\"5a62c37\" data-element_type=\"widget\" data-widget_type=\"image.default\">\n\t\t\t\t<div class=\"elementor-widget-container\">\n\t\t\t\t\t\t\t\t\t\t\t\t\t\t\t<img loading=\"lazy\" decoding=\"async\" width=\"800\" height=\"450\" src=\"https:\/\/belvederepalace.wientickets.org\/wp-content\/uploads\/2026\/01\/st-charles-church-karlskirche-1024x576.webp\" class=\"attachment-large size-large wp-image-2059\" alt=\"Iglesia de San Carlos (Karlskirche)\" srcset=\"https:\/\/belvederepalace.wientickets.org\/wp-content\/uploads\/2026\/01\/st-charles-church-karlskirche-1024x576.webp 1024w, https:\/\/belvederepalace.wientickets.org\/wp-content\/uploads\/2026\/01\/st-charles-church-karlskirche-300x169.webp 300w, https:\/\/belvederepalace.wientickets.org\/wp-content\/uploads\/2026\/01\/st-charles-church-karlskirche-768x432.webp 768w, https:\/\/belvederepalace.wientickets.org\/wp-content\/uploads\/2026\/01\/st-charles-church-karlskirche.webp 1280w\" sizes=\"(max-width: 800px) 100vw, 800px\" \/>\t\t\t\t\t\t\t\t\t\t\t\t\t\t\t<\/div>\n\t\t\t\t<\/div>\n\t\t\t\t<div class=\"elementor-element elementor-element-6ebe3eb elementor-widget elementor-widget-heading\" data-id=\"6ebe3eb\" data-element_type=\"widget\" data-widget_type=\"heading.default\">\n\t\t\t\t<div class=\"elementor-widget-container\">\n\t\t\t\t\t<h3 class=\"elementor-heading-title elementor-size-default\">Iglesia de San Carlos (Karlskirche)<\/h3>\t\t\t\t<\/div>\n\t\t\t\t<\/div>\n\t\t\t\t<div class=\"elementor-element elementor-element-53e2453 elementor-widget elementor-widget-text-editor\" data-id=\"53e2453\" data-element_type=\"widget\" data-widget_type=\"text-editor.default\">\n\t\t\t\t<div class=\"elementor-widget-container\">\n\t\t\t\t\t\t\t\t\t<p><span style=\"background-color: transparent;\">En Karlsplatz, a unos 15-20 minutos a pie, se encuentra este <strong>templo barroco<\/strong> con su c\u00fapula y columnas inspiradas en la Columna de Trajano.<\/span><\/p>\t\t\t\t\t\t\t\t<\/div>\n\t\t\t\t<\/div>\n\t\t\t\t<\/div>\n\t\t<div class=\"elementor-element elementor-element-1b99a1e e-con-full e-flex e-con e-child\" data-id=\"1b99a1e\" data-element_type=\"container\">\n\t\t\t\t<div class=\"elementor-element elementor-element-0bde97d elementor-widget elementor-widget-image\" data-id=\"0bde97d\" data-element_type=\"widget\" data-widget_type=\"image.default\">\n\t\t\t\t<div class=\"elementor-widget-container\">\n\t\t\t\t\t\t\t\t\t\t\t\t\t\t\t<img loading=\"lazy\" decoding=\"async\" width=\"800\" height=\"450\" src=\"https:\/\/belvederepalace.wientickets.org\/wp-content\/uploads\/2026\/01\/heeresgeschichtliches-museum-1024x576.webp\" class=\"attachment-large size-large wp-image-2060\" alt=\"Museo Heeresgeschichtliches\" srcset=\"https:\/\/belvederepalace.wientickets.org\/wp-content\/uploads\/2026\/01\/heeresgeschichtliches-museum-1024x576.webp 1024w, https:\/\/belvederepalace.wientickets.org\/wp-content\/uploads\/2026\/01\/heeresgeschichtliches-museum-300x169.webp 300w, https:\/\/belvederepalace.wientickets.org\/wp-content\/uploads\/2026\/01\/heeresgeschichtliches-museum-768x432.webp 768w, https:\/\/belvederepalace.wientickets.org\/wp-content\/uploads\/2026\/01\/heeresgeschichtliches-museum.webp 1280w\" sizes=\"(max-width: 800px) 100vw, 800px\" \/>\t\t\t\t\t\t\t\t\t\t\t\t\t\t\t<\/div>\n\t\t\t\t<\/div>\n\t\t\t\t<div class=\"elementor-element elementor-element-37632f1 elementor-widget elementor-widget-heading\" data-id=\"37632f1\" data-element_type=\"widget\" data-widget_type=\"heading.default\">\n\t\t\t\t<div class=\"elementor-widget-container\">\n\t\t\t\t\t<h3 class=\"elementor-heading-title elementor-size-default\">Museo Heeresgeschichtliches<\/h3>\t\t\t\t<\/div>\n\t\t\t\t<\/div>\n\t\t\t\t<div class=\"elementor-element elementor-element-df5f4df elementor-widget elementor-widget-text-editor\" data-id=\"df5f4df\" data-element_type=\"widget\" data-widget_type=\"text-editor.default\">\n\t\t\t\t<div class=\"elementor-widget-container\">\n\t\t\t\t\t\t\t\t\t<p>Situado en el Arsenal (a 25-30 minutos a pie), el <strong>Museo de Historia Militar<\/strong> muestra las fuerzas armadas y los conflictos hist\u00f3ricos del Imperio Austriaco.<\/p>\t\t\t\t\t\t\t\t<\/div>\n\t\t\t\t<\/div>\n\t\t\t\t<\/div>\n\t\t\t\t\t<\/div>\n\t\t\t\t<\/div>\n\t\t\t\t<\/div>\n\t\t","protected":false},"excerpt":{"rendered":"<p>Visita al Palacio de Belvedere El Palacio del Belvedere alberga una extensa colecci\u00f3n de arte que abarca desde la Edad Media hasta obras contempor\u00e1neas. Entre las principales atracciones se encuentran el Belvedere Superior, que alberga El Beso de Gustav Klimt y el ornamentado Sal\u00f3n de M\u00e1rmol, conectado con el Belvedere Inferior por jardines sim\u00e9tricos de [&hellip;]<\/p>\n","protected":false},"author":2,"featured_media":2056,"parent":0,"menu_order":0,"comment_status":"closed","ping_status":"closed","template":"elementor_header_footer","meta":{"footnotes":""},"class_list":["post-2055","page","type-page","status-publish","has-post-thumbnail","hentry"],"yoast_head":"<!-- This site is optimized with the Yoast SEO plugin v26.7 - https:\/\/yoast.com\/wordpress\/plugins\/seo\/ -->\n<title>\u00bfQu\u00e9 ver en el Palacio Belvedere?<\/title>\n<meta name=\"description\" content=\"Una visita al Palacio Belvedere ofrece la posibilidad de explorar sus jardines, edificios hist\u00f3ricos, colecci\u00f3n de arte austriaco y mucho m\u00e1s.\" \/>\n<meta name=\"robots\" content=\"index, follow, max-snippet:-1, max-image-preview:large, max-video-preview:-1\" \/>\n<link rel=\"canonical\" href=\"https:\/\/belvederepalace.wientickets.org\/es\/visita-al-palacio-de-belvedere\/\" \/>\n<meta property=\"og:locale\" content=\"es_ES\" \/>\n<meta property=\"og:type\" content=\"article\" \/>\n<meta property=\"og:title\" content=\"\u00bfQu\u00e9 ver en el Palacio Belvedere?\" \/>\n<meta property=\"og:description\" content=\"Una visita al Palacio Belvedere ofrece la posibilidad de explorar sus jardines, edificios hist\u00f3ricos, colecci\u00f3n de arte austriaco y mucho m\u00e1s.\" \/>\n<meta property=\"og:url\" content=\"https:\/\/belvederepalace.wientickets.org\/es\/visita-al-palacio-de-belvedere\/\" \/>\n<meta property=\"og:site_name\" content=\"Belvedere Palace Tickets\" \/>\n<meta property=\"article:modified_time\" content=\"2026-01-23T10:27:41+00:00\" \/>\n<meta property=\"og:image\" content=\"https:\/\/belvederepalace.wientickets.org\/wp-content\/uploads\/2026\/01\/visiting-belvedere-palace.webp\" \/>\n\t<meta property=\"og:image:width\" content=\"1280\" \/>\n\t<meta property=\"og:image:height\" content=\"720\" \/>\n\t<meta property=\"og:image:type\" content=\"image\/webp\" \/>\n<meta name=\"twitter:card\" content=\"summary_large_image\" \/>\n<meta name=\"twitter:label1\" content=\"Tiempo de lectura\" \/>\n\t<meta name=\"twitter:data1\" content=\"10 minutos\" \/>\n<script type=\"application\/ld+json\" class=\"yoast-schema-graph\">{\"@context\":\"https:\/\/schema.org\",\"@graph\":[{\"@type\":\"WebPage\",\"@id\":\"https:\/\/belvederepalace.wientickets.org\/es\/visita-al-palacio-de-belvedere\/\",\"url\":\"https:\/\/belvederepalace.wientickets.org\/es\/visita-al-palacio-de-belvedere\/\",\"name\":\"\u00bfQu\u00e9 ver en el Palacio Belvedere?\",\"isPartOf\":{\"@id\":\"https:\/\/belvederepalace.wientickets.org\/es\/#website\"},\"primaryImageOfPage\":{\"@id\":\"https:\/\/belvederepalace.wientickets.org\/es\/visita-al-palacio-de-belvedere\/#primaryimage\"},\"image\":{\"@id\":\"https:\/\/belvederepalace.wientickets.org\/es\/visita-al-palacio-de-belvedere\/#primaryimage\"},\"thumbnailUrl\":\"https:\/\/belvederepalace.wientickets.org\/wp-content\/uploads\/2026\/01\/visiting-belvedere-palace.webp\",\"datePublished\":\"2026-01-15T09:53:11+00:00\",\"dateModified\":\"2026-01-23T10:27:41+00:00\",\"description\":\"Una visita al Palacio Belvedere ofrece la posibilidad de explorar sus jardines, edificios hist\u00f3ricos, colecci\u00f3n de arte austriaco y mucho m\u00e1s.\",\"breadcrumb\":{\"@id\":\"https:\/\/belvederepalace.wientickets.org\/es\/visita-al-palacio-de-belvedere\/#breadcrumb\"},\"inLanguage\":\"es\",\"potentialAction\":[{\"@type\":\"ReadAction\",\"target\":[\"https:\/\/belvederepalace.wientickets.org\/es\/visita-al-palacio-de-belvedere\/\"]}]},{\"@type\":\"ImageObject\",\"inLanguage\":\"es\",\"@id\":\"https:\/\/belvederepalace.wientickets.org\/es\/visita-al-palacio-de-belvedere\/#primaryimage\",\"url\":\"https:\/\/belvederepalace.wientickets.org\/wp-content\/uploads\/2026\/01\/visiting-belvedere-palace.webp\",\"contentUrl\":\"https:\/\/belvederepalace.wientickets.org\/wp-content\/uploads\/2026\/01\/visiting-belvedere-palace.webp\",\"width\":1280,\"height\":720,\"caption\":\"Visita al Palacio de Belvedere\"},{\"@type\":\"BreadcrumbList\",\"@id\":\"https:\/\/belvederepalace.wientickets.org\/es\/visita-al-palacio-de-belvedere\/#breadcrumb\",\"itemListElement\":[{\"@type\":\"ListItem\",\"position\":1,\"name\":\"Home\",\"item\":\"https:\/\/belvederepalace.wientickets.org\/es\/\"},{\"@type\":\"ListItem\",\"position\":2,\"name\":\"Visita al Palacio de Belvedere\"}]},{\"@type\":\"WebSite\",\"@id\":\"https:\/\/belvederepalace.wientickets.org\/es\/#website\",\"url\":\"https:\/\/belvederepalace.wientickets.org\/es\/\",\"name\":\"Belvedere Palace Tickets\",\"description\":\"\",\"publisher\":{\"@id\":\"https:\/\/belvederepalace.wientickets.org\/es\/#organization\"},\"potentialAction\":[{\"@type\":\"SearchAction\",\"target\":{\"@type\":\"EntryPoint\",\"urlTemplate\":\"https:\/\/belvederepalace.wientickets.org\/es\/?s={search_term_string}\"},\"query-input\":{\"@type\":\"PropertyValueSpecification\",\"valueRequired\":true,\"valueName\":\"search_term_string\"}}],\"inLanguage\":\"es\"},{\"@type\":\"Organization\",\"@id\":\"https:\/\/belvederepalace.wientickets.org\/es\/#organization\",\"name\":\"Entradas para el Palacio Belvedere\",\"url\":\"https:\/\/belvederepalace.wientickets.org\/es\/\",\"logo\":{\"@type\":\"ImageObject\",\"inLanguage\":\"es\",\"@id\":\"https:\/\/belvederepalace.wientickets.org\/es\/#\/schema\/logo\/image\/\",\"url\":\"https:\/\/belvederepalace.wientickets.org\/wp-content\/uploads\/2024\/08\/belvedere-palace-tickets-logo.png\",\"contentUrl\":\"https:\/\/belvederepalace.wientickets.org\/wp-content\/uploads\/2024\/08\/belvedere-palace-tickets-logo.png\",\"width\":375,\"height\":70,\"caption\":\"Entradas para el Palacio Belvedere\"},\"image\":{\"@id\":\"https:\/\/belvederepalace.wientickets.org\/es\/#\/schema\/logo\/image\/\"}}]}<\/script>\n<!-- \/ Yoast SEO plugin. -->","yoast_head_json":{"title":"\u00bfQu\u00e9 ver en el Palacio Belvedere?","description":"Una visita al Palacio Belvedere ofrece la posibilidad de explorar sus jardines, edificios hist\u00f3ricos, colecci\u00f3n de arte austriaco y mucho m\u00e1s.","robots":{"index":"index","follow":"follow","max-snippet":"max-snippet:-1","max-image-preview":"max-image-preview:large","max-video-preview":"max-video-preview:-1"},"canonical":"https:\/\/belvederepalace.wientickets.org\/es\/visita-al-palacio-de-belvedere\/","og_locale":"es_ES","og_type":"article","og_title":"\u00bfQu\u00e9 ver en el Palacio Belvedere?","og_description":"Una visita al Palacio Belvedere ofrece la posibilidad de explorar sus jardines, edificios hist\u00f3ricos, colecci\u00f3n de arte austriaco y mucho m\u00e1s.","og_url":"https:\/\/belvederepalace.wientickets.org\/es\/visita-al-palacio-de-belvedere\/","og_site_name":"Belvedere Palace Tickets","article_modified_time":"2026-01-23T10:27:41+00:00","og_image":[{"width":1280,"height":720,"url":"https:\/\/belvederepalace.wientickets.org\/wp-content\/uploads\/2026\/01\/visiting-belvedere-palace.webp","type":"image\/webp"}],"twitter_card":"summary_large_image","twitter_misc":{"Tiempo de lectura":"10 minutos"},"schema":{"@context":"https:\/\/schema.org","@graph":[{"@type":"WebPage","@id":"https:\/\/belvederepalace.wientickets.org\/es\/visita-al-palacio-de-belvedere\/","url":"https:\/\/belvederepalace.wientickets.org\/es\/visita-al-palacio-de-belvedere\/","name":"\u00bfQu\u00e9 ver en el Palacio Belvedere?","isPartOf":{"@id":"https:\/\/belvederepalace.wientickets.org\/es\/#website"},"primaryImageOfPage":{"@id":"https:\/\/belvederepalace.wientickets.org\/es\/visita-al-palacio-de-belvedere\/#primaryimage"},"image":{"@id":"https:\/\/belvederepalace.wientickets.org\/es\/visita-al-palacio-de-belvedere\/#primaryimage"},"thumbnailUrl":"https:\/\/belvederepalace.wientickets.org\/wp-content\/uploads\/2026\/01\/visiting-belvedere-palace.webp","datePublished":"2026-01-15T09:53:11+00:00","dateModified":"2026-01-23T10:27:41+00:00","description":"Una visita al Palacio Belvedere ofrece la posibilidad de explorar sus jardines, edificios hist\u00f3ricos, colecci\u00f3n de arte austriaco y mucho m\u00e1s.","breadcrumb":{"@id":"https:\/\/belvederepalace.wientickets.org\/es\/visita-al-palacio-de-belvedere\/#breadcrumb"},"inLanguage":"es","potentialAction":[{"@type":"ReadAction","target":["https:\/\/belvederepalace.wientickets.org\/es\/visita-al-palacio-de-belvedere\/"]}]},{"@type":"ImageObject","inLanguage":"es","@id":"https:\/\/belvederepalace.wientickets.org\/es\/visita-al-palacio-de-belvedere\/#primaryimage","url":"https:\/\/belvederepalace.wientickets.org\/wp-content\/uploads\/2026\/01\/visiting-belvedere-palace.webp","contentUrl":"https:\/\/belvederepalace.wientickets.org\/wp-content\/uploads\/2026\/01\/visiting-belvedere-palace.webp","width":1280,"height":720,"caption":"Visita al Palacio de Belvedere"},{"@type":"BreadcrumbList","@id":"https:\/\/belvederepalace.wientickets.org\/es\/visita-al-palacio-de-belvedere\/#breadcrumb","itemListElement":[{"@type":"ListItem","position":1,"name":"Home","item":"https:\/\/belvederepalace.wientickets.org\/es\/"},{"@type":"ListItem","position":2,"name":"Visita al Palacio de Belvedere"}]},{"@type":"WebSite","@id":"https:\/\/belvederepalace.wientickets.org\/es\/#website","url":"https:\/\/belvederepalace.wientickets.org\/es\/","name":"Belvedere Palace Tickets","description":"","publisher":{"@id":"https:\/\/belvederepalace.wientickets.org\/es\/#organization"},"potentialAction":[{"@type":"SearchAction","target":{"@type":"EntryPoint","urlTemplate":"https:\/\/belvederepalace.wientickets.org\/es\/?s={search_term_string}"},"query-input":{"@type":"PropertyValueSpecification","valueRequired":true,"valueName":"search_term_string"}}],"inLanguage":"es"},{"@type":"Organization","@id":"https:\/\/belvederepalace.wientickets.org\/es\/#organization","name":"Entradas para el Palacio Belvedere","url":"https:\/\/belvederepalace.wientickets.org\/es\/","logo":{"@type":"ImageObject","inLanguage":"es","@id":"https:\/\/belvederepalace.wientickets.org\/es\/#\/schema\/logo\/image\/","url":"https:\/\/belvederepalace.wientickets.org\/wp-content\/uploads\/2024\/08\/belvedere-palace-tickets-logo.png","contentUrl":"https:\/\/belvederepalace.wientickets.org\/wp-content\/uploads\/2024\/08\/belvedere-palace-tickets-logo.png","width":375,"height":70,"caption":"Entradas para el Palacio Belvedere"},"image":{"@id":"https:\/\/belvederepalace.wientickets.org\/es\/#\/schema\/logo\/image\/"}}]}},"_links":{"self":[{"href":"https:\/\/belvederepalace.wientickets.org\/es\/wp-json\/wp\/v2\/pages\/2055","targetHints":{"allow":["GET"]}}],"collection":[{"href":"https:\/\/belvederepalace.wientickets.org\/es\/wp-json\/wp\/v2\/pages"}],"about":[{"href":"https:\/\/belvederepalace.wientickets.org\/es\/wp-json\/wp\/v2\/types\/page"}],"author":[{"embeddable":true,"href":"https:\/\/belvederepalace.wientickets.org\/es\/wp-json\/wp\/v2\/users\/2"}],"replies":[{"embeddable":true,"href":"https:\/\/belvederepalace.wientickets.org\/es\/wp-json\/wp\/v2\/comments?post=2055"}],"version-history":[{"count":13,"href":"https:\/\/belvederepalace.wientickets.org\/es\/wp-json\/wp\/v2\/pages\/2055\/revisions"}],"predecessor-version":[{"id":2510,"href":"https:\/\/belvederepalace.wientickets.org\/es\/wp-json\/wp\/v2\/pages\/2055\/revisions\/2510"}],"wp:featuredmedia":[{"embeddable":true,"href":"https:\/\/belvederepalace.wientickets.org\/es\/wp-json\/wp\/v2\/media\/2056"}],"wp:attachment":[{"href":"https:\/\/belvederepalace.wientickets.org\/es\/wp-json\/wp\/v2\/media?parent=2055"}],"curies":[{"name":"wp","href":"https:\/\/api.w.org\/{rel}","templated":true}]}}