{"id":1521,"date":"2025-12-23T13:11:58","date_gmt":"2025-12-23T13:11:58","guid":{"rendered":"https:\/\/belvederepalace.wientickets.org\/palais-du-belvedere-inferieur\/"},"modified":"2026-04-30T07:15:30","modified_gmt":"2026-04-30T07:15:30","slug":"palais-du-belvedere-inferieur","status":"publish","type":"page","link":"https:\/\/belvederepalace.wientickets.org\/fr\/palais-du-belvedere-inferieur\/","title":{"rendered":"Palais du Belv\u00e9d\u00e8re inf\u00e9rieur"},"content":{"rendered":"\t\t<div data-elementor-type=\"wp-page\" data-elementor-id=\"1521\" class=\"elementor elementor-1521 elementor-1048\">\n\t\t\t\t\t\t<section class=\"elementor-section elementor-top-section elementor-element elementor-element-f07fb43 intro-section elementor-section-boxed elementor-section-height-default elementor-section-height-default\" data-id=\"f07fb43\" data-element_type=\"section\">\n\t\t\t\t\t\t<div class=\"elementor-container elementor-column-gap-default\">\n\t\t\t\t\t<div class=\"elementor-column elementor-col-50 elementor-top-column elementor-element elementor-element-15e6bd9\" data-id=\"15e6bd9\" data-element_type=\"column\">\n\t\t\t<div class=\"elementor-widget-wrap elementor-element-populated\">\n\t\t\t\t\t\t<section class=\"elementor-section elementor-inner-section elementor-element elementor-element-5f9cff7 elementor-section-boxed elementor-section-height-default elementor-section-height-default\" data-id=\"5f9cff7\" data-element_type=\"section\">\n\t\t\t\t\t\t<div class=\"elementor-container elementor-column-gap-default\">\n\t\t\t\t\t<div class=\"elementor-column elementor-col-100 elementor-inner-column elementor-element elementor-element-56fce23\" data-id=\"56fce23\" data-element_type=\"column\">\n\t\t\t<div class=\"elementor-widget-wrap elementor-element-populated\">\n\t\t\t\t\t\t<div class=\"elementor-element elementor-element-3c557e6 title-mobile elementor-widget elementor-widget-heading\" data-id=\"3c557e6\" data-element_type=\"widget\" data-widget_type=\"heading.default\">\n\t\t\t\t<div class=\"elementor-widget-container\">\n\t\t\t\t\t<h1 class=\"elementor-heading-title elementor-size-default\">Palais du Belv\u00e9d\u00e8re inf\u00e9rieur<\/h1>\t\t\t\t<\/div>\n\t\t\t\t<\/div>\n\t\t\t\t<div class=\"elementor-element elementor-element-22a5a69 text-mobile elementor-widget__width-initial elementor-widget elementor-widget-text-editor\" data-id=\"22a5a69\" data-element_type=\"widget\" data-widget_type=\"text-editor.default\">\n\t\t\t\t<div class=\"elementor-widget-container\">\n\t\t\t\t\t\t\t\t\t<p>Voici tout ce que vous devez savoir pour visiter le <b>Palais du Belv\u00e9d\u00e8re inf\u00e9rieur<\/b>, l&rsquo;un des complexes baroques les plus \u00e9poustouflants de Vienne. D\u00e9couvrez ses salles historiques et les expositions temporaires actuelles. <\/p>\t\t\t\t\t\t\t\t<\/div>\n\t\t\t\t<\/div>\n\t\t\t\t\t<\/div>\n\t\t<\/div>\n\t\t\t\t\t<\/div>\n\t\t<\/section>\n\t\t\t\t<div class=\"elementor-element elementor-element-e99669e btn-primary elementor-widget elementor-widget-button\" data-id=\"e99669e\" data-element_type=\"widget\" data-widget_type=\"button.default\">\n\t\t\t\t<div class=\"elementor-widget-container\">\n\t\t\t\t\t\t\t\t\t<div class=\"elementor-button-wrapper\">\n\t\t\t\t\t<a class=\"elementor-button elementor-button-link elementor-size-sm\" href=\"https:\/\/belvederepalace.wientickets.org\/fr\/billets-pour-le-chateau-de-belvedere\/\">\n\t\t\t\t\t\t<span class=\"elementor-button-content-wrapper\">\n\t\t\t\t\t\t\t\t\t<span class=\"elementor-button-text\">R\u00e9server des billets<\/span>\n\t\t\t\t\t<\/span>\n\t\t\t\t\t<\/a>\n\t\t\t\t<\/div>\n\t\t\t\t\t\t\t\t<\/div>\n\t\t\t\t<\/div>\n\t\t\t\t\t<\/div>\n\t\t<\/div>\n\t\t\t\t<div class=\"elementor-column elementor-col-50 elementor-top-column elementor-element elementor-element-69bee14\" data-id=\"69bee14\" data-element_type=\"column\">\n\t\t\t<div class=\"elementor-widget-wrap elementor-element-populated\">\n\t\t\t\t\t\t<div class=\"elementor-element elementor-element-8316480 elementor-hidden-mobile elementor-widget__width-initial elementor-widget elementor-widget-image\" data-id=\"8316480\" data-element_type=\"widget\" data-widget_type=\"image.default\">\n\t\t\t\t<div class=\"elementor-widget-container\">\n\t\t\t\t\t\t\t\t\t\t\t\t\t\t\t<img fetchpriority=\"high\" decoding=\"async\" width=\"800\" height=\"534\" src=\"https:\/\/belvederepalace.wientickets.org\/wp-content\/uploads\/2025\/11\/lower-belvedere-1-1024x683.webp\" class=\"attachment-large size-large wp-image-1522\" alt=\"Belv\u00e9d\u00e8re inf\u00e9rieur\" srcset=\"https:\/\/belvederepalace.wientickets.org\/wp-content\/uploads\/2025\/11\/lower-belvedere-1-1024x683.webp 1024w, https:\/\/belvederepalace.wientickets.org\/wp-content\/uploads\/2025\/11\/lower-belvedere-1-300x200.webp 300w, https:\/\/belvederepalace.wientickets.org\/wp-content\/uploads\/2025\/11\/lower-belvedere-1-768x512.webp 768w, https:\/\/belvederepalace.wientickets.org\/wp-content\/uploads\/2025\/11\/lower-belvedere-1.webp 1200w\" sizes=\"(max-width: 800px) 100vw, 800px\" \/>\t\t\t\t\t\t\t\t\t\t\t\t\t\t\t<\/div>\n\t\t\t\t<\/div>\n\t\t\t\t\t<\/div>\n\t\t<\/div>\n\t\t\t\t\t<\/div>\n\t\t<\/section>\n\t\t\t\t<section class=\"elementor-section elementor-top-section elementor-element elementor-element-d53ad08 elementor-section-height-min-height elementor-section-boxed elementor-section-height-default elementor-section-items-middle\" data-id=\"d53ad08\" data-element_type=\"section\" data-settings=\"{&quot;background_background&quot;:&quot;classic&quot;}\">\n\t\t\t\t\t\t<div class=\"elementor-container elementor-column-gap-default\">\n\t\t\t\t\t<div class=\"elementor-column elementor-col-100 elementor-top-column elementor-element elementor-element-c2e6aa0\" data-id=\"c2e6aa0\" data-element_type=\"column\">\n\t\t\t<div class=\"elementor-widget-wrap\">\n\t\t\t\t\t\t\t<\/div>\n\t\t<\/div>\n\t\t\t\t\t<\/div>\n\t\t<\/section>\n\t\t\t\t<section class=\"elementor-section elementor-top-section elementor-element elementor-element-7346652 elementor-section-height-min-height elementor-hidden-tablet elementor-hidden-mobile elementor-section-boxed elementor-section-height-default elementor-section-items-middle\" data-id=\"7346652\" data-element_type=\"section\" data-settings=\"{&quot;background_background&quot;:&quot;classic&quot;}\">\n\t\t\t\t\t\t<div class=\"elementor-container elementor-column-gap-default\">\n\t\t\t\t\t<div class=\"elementor-column elementor-col-33 elementor-top-column elementor-element elementor-element-0298fca\" data-id=\"0298fca\" data-element_type=\"column\">\n\t\t\t<div class=\"elementor-widget-wrap elementor-element-populated\">\n\t\t\t\t\t\t<section class=\"elementor-section elementor-inner-section elementor-element elementor-element-db916b5 elementor-section-content-middle elementor-section-boxed elementor-section-height-default elementor-section-height-default\" data-id=\"db916b5\" data-element_type=\"section\">\n\t\t\t\t\t\t<div class=\"elementor-container elementor-column-gap-default\">\n\t\t\t\t\t<div class=\"elementor-column elementor-col-50 elementor-inner-column elementor-element elementor-element-5c2fc70\" data-id=\"5c2fc70\" data-element_type=\"column\">\n\t\t\t<div class=\"elementor-widget-wrap elementor-element-populated\">\n\t\t\t\t\t\t<div class=\"elementor-element elementor-element-d46f84a elementor-widget elementor-widget-image\" data-id=\"d46f84a\" data-element_type=\"widget\" data-widget_type=\"image.default\">\n\t\t\t\t<div class=\"elementor-widget-container\">\n\t\t\t\t\t\t\t\t\t\t\t\t\t\t\t<img decoding=\"async\" width=\"496\" height=\"496\" src=\"https:\/\/belvederepalace.wientickets.org\/wp-content\/uploads\/2024\/08\/customer-service-1-1.png\" class=\"attachment-large size-large wp-image-1356\" alt=\"\" srcset=\"https:\/\/belvederepalace.wientickets.org\/wp-content\/uploads\/2024\/08\/customer-service-1-1.png 496w, https:\/\/belvederepalace.wientickets.org\/wp-content\/uploads\/2024\/08\/customer-service-1-1-300x300.png 300w, https:\/\/belvederepalace.wientickets.org\/wp-content\/uploads\/2024\/08\/customer-service-1-1-150x150.png 150w\" sizes=\"(max-width: 496px) 100vw, 496px\" \/>\t\t\t\t\t\t\t\t\t\t\t\t\t\t\t<\/div>\n\t\t\t\t<\/div>\n\t\t\t\t\t<\/div>\n\t\t<\/div>\n\t\t\t\t<div class=\"elementor-column elementor-col-50 elementor-inner-column elementor-element elementor-element-b8078e6\" data-id=\"b8078e6\" data-element_type=\"column\">\n\t\t\t<div class=\"elementor-widget-wrap elementor-element-populated\">\n\t\t\t\t\t\t<div class=\"elementor-element elementor-element-360a98b elementor-widget elementor-widget-heading\" data-id=\"360a98b\" data-element_type=\"widget\" data-widget_type=\"heading.default\">\n\t\t\t\t<div class=\"elementor-widget-container\">\n\t\t\t\t\t<p class=\"elementor-heading-title elementor-size-default\">Assistance quand vous en avez besoin<\/p>\t\t\t\t<\/div>\n\t\t\t\t<\/div>\n\t\t\t\t<div class=\"elementor-element elementor-element-de3418a elementor-widget elementor-widget-heading\" data-id=\"de3418a\" data-element_type=\"widget\" data-widget_type=\"heading.default\">\n\t\t\t\t<div class=\"elementor-widget-container\">\n\t\t\t\t\t<p class=\"elementor-heading-title elementor-size-default\">Un service client \u00e0 votre enti\u00e8re disposition de 8h00 \u00e0 18h00.<\/p>\t\t\t\t<\/div>\n\t\t\t\t<\/div>\n\t\t\t\t\t<\/div>\n\t\t<\/div>\n\t\t\t\t\t<\/div>\n\t\t<\/section>\n\t\t\t\t\t<\/div>\n\t\t<\/div>\n\t\t\t\t<div class=\"elementor-column elementor-col-33 elementor-top-column elementor-element elementor-element-7f73152\" data-id=\"7f73152\" data-element_type=\"column\">\n\t\t\t<div class=\"elementor-widget-wrap elementor-element-populated\">\n\t\t\t\t\t\t<section class=\"elementor-section elementor-inner-section elementor-element elementor-element-0f661b5 elementor-section-content-middle elementor-section-boxed elementor-section-height-default elementor-section-height-default\" data-id=\"0f661b5\" data-element_type=\"section\">\n\t\t\t\t\t\t<div class=\"elementor-container elementor-column-gap-default\">\n\t\t\t\t\t<div class=\"elementor-column elementor-col-50 elementor-inner-column elementor-element elementor-element-35630c8\" data-id=\"35630c8\" data-element_type=\"column\">\n\t\t\t<div class=\"elementor-widget-wrap elementor-element-populated\">\n\t\t\t\t\t\t<div class=\"elementor-element elementor-element-ffafa18 elementor-widget elementor-widget-image\" data-id=\"ffafa18\" data-element_type=\"widget\" data-widget_type=\"image.default\">\n\t\t\t\t<div class=\"elementor-widget-container\">\n\t\t\t\t\t\t\t\t\t\t\t\t\t\t\t<img decoding=\"async\" width=\"488\" height=\"488\" src=\"https:\/\/belvederepalace.wientickets.org\/wp-content\/uploads\/2024\/08\/Group-333.png\" class=\"attachment-large size-large wp-image-1357\" alt=\"\" srcset=\"https:\/\/belvederepalace.wientickets.org\/wp-content\/uploads\/2024\/08\/Group-333.png 488w, https:\/\/belvederepalace.wientickets.org\/wp-content\/uploads\/2024\/08\/Group-333-300x300.png 300w, https:\/\/belvederepalace.wientickets.org\/wp-content\/uploads\/2024\/08\/Group-333-150x150.png 150w\" sizes=\"(max-width: 488px) 100vw, 488px\" \/>\t\t\t\t\t\t\t\t\t\t\t\t\t\t\t<\/div>\n\t\t\t\t<\/div>\n\t\t\t\t\t<\/div>\n\t\t<\/div>\n\t\t\t\t<div class=\"elementor-column elementor-col-50 elementor-inner-column elementor-element elementor-element-2916fbc\" data-id=\"2916fbc\" data-element_type=\"column\">\n\t\t\t<div class=\"elementor-widget-wrap elementor-element-populated\">\n\t\t\t\t\t\t<div class=\"elementor-element elementor-element-c68e702 elementor-widget elementor-widget-heading\" data-id=\"c68e702\" data-element_type=\"widget\" data-widget_type=\"heading.default\">\n\t\t\t\t<div class=\"elementor-widget-container\">\n\t\t\t\t\t<p class=\"elementor-heading-title elementor-size-default\">R\u00e9servation rapide et en ligne<\/p>\t\t\t\t<\/div>\n\t\t\t\t<\/div>\n\t\t\t\t<div class=\"elementor-element elementor-element-f29b063 elementor-widget elementor-widget-heading\" data-id=\"f29b063\" data-element_type=\"widget\" data-widget_type=\"heading.default\">\n\t\t\t\t<div class=\"elementor-widget-container\">\n\t\t\t\t\t<p class=\"elementor-heading-title elementor-size-default\">Choisissez la meilleure option pour vos besoins et pr\u00e9f\u00e9rences et \u00e9vitez les files d'attente en r\u00e9servant ici<\/p>\t\t\t\t<\/div>\n\t\t\t\t<\/div>\n\t\t\t\t\t<\/div>\n\t\t<\/div>\n\t\t\t\t\t<\/div>\n\t\t<\/section>\n\t\t\t\t\t<\/div>\n\t\t<\/div>\n\t\t\t\t<div class=\"elementor-column elementor-col-33 elementor-top-column elementor-element elementor-element-4394fce\" data-id=\"4394fce\" data-element_type=\"column\">\n\t\t\t<div class=\"elementor-widget-wrap elementor-element-populated\">\n\t\t\t\t\t\t<section class=\"elementor-section elementor-inner-section elementor-element elementor-element-694387b elementor-section-content-middle elementor-section-boxed elementor-section-height-default elementor-section-height-default\" data-id=\"694387b\" data-element_type=\"section\">\n\t\t\t\t\t\t<div class=\"elementor-container elementor-column-gap-default\">\n\t\t\t\t\t<div class=\"elementor-column elementor-col-50 elementor-inner-column elementor-element elementor-element-119a207\" data-id=\"119a207\" data-element_type=\"column\">\n\t\t\t<div class=\"elementor-widget-wrap elementor-element-populated\">\n\t\t\t\t\t\t<div class=\"elementor-element elementor-element-a8f29fa elementor-widget elementor-widget-image\" data-id=\"a8f29fa\" data-element_type=\"widget\" data-widget_type=\"image.default\">\n\t\t\t\t<div class=\"elementor-widget-container\">\n\t\t\t\t\t\t\t\t\t\t\t\t\t\t\t<img loading=\"lazy\" decoding=\"async\" width=\"462\" height=\"683\" src=\"https:\/\/belvederepalace.wientickets.org\/wp-content\/uploads\/2024\/08\/top-attractions-in-paris.webp\" class=\"attachment-large size-large wp-image-1358\" alt=\"\" srcset=\"https:\/\/belvederepalace.wientickets.org\/wp-content\/uploads\/2024\/08\/top-attractions-in-paris.webp 462w, https:\/\/belvederepalace.wientickets.org\/wp-content\/uploads\/2024\/08\/top-attractions-in-paris-203x300.webp 203w\" sizes=\"(max-width: 462px) 100vw, 462px\" \/>\t\t\t\t\t\t\t\t\t\t\t\t\t\t\t<\/div>\n\t\t\t\t<\/div>\n\t\t\t\t\t<\/div>\n\t\t<\/div>\n\t\t\t\t<div class=\"elementor-column elementor-col-50 elementor-inner-column elementor-element elementor-element-dc1368c\" data-id=\"dc1368c\" data-element_type=\"column\">\n\t\t\t<div class=\"elementor-widget-wrap elementor-element-populated\">\n\t\t\t\t\t\t<div class=\"elementor-element elementor-element-00c1e4e elementor-widget elementor-widget-heading\" data-id=\"00c1e4e\" data-element_type=\"widget\" data-widget_type=\"heading.default\">\n\t\t\t\t<div class=\"elementor-widget-container\">\n\t\t\t\t\t<p class=\"elementor-heading-title elementor-size-default\">Attraction n\u00b02 \u00e0 Vienne<\/p>\t\t\t\t<\/div>\n\t\t\t\t<\/div>\n\t\t\t\t<div class=\"elementor-element elementor-element-ead42e6 elementor-widget elementor-widget-heading\" data-id=\"ead42e6\" data-element_type=\"widget\" data-widget_type=\"heading.default\">\n\t\t\t\t<div class=\"elementor-widget-container\">\n\t\t\t\t\t<p class=\"elementor-heading-title elementor-size-default\">Explorez le ch\u00e2teau du Belv\u00e9d\u00e8re \u00e0 Vienne&nbsp;: beaut\u00e9 baroque, jardins luxuriants et art embl\u00e9matique de Klimt.\n\n\n\n\n\n\n\n\n<\/p>\t\t\t\t<\/div>\n\t\t\t\t<\/div>\n\t\t\t\t\t<\/div>\n\t\t<\/div>\n\t\t\t\t\t<\/div>\n\t\t<\/section>\n\t\t\t\t\t<\/div>\n\t\t<\/div>\n\t\t\t\t\t<\/div>\n\t\t<\/section>\n\t\t<div class=\"elementor-element elementor-element-e71292e e-flex e-con-boxed e-con e-parent\" data-id=\"e71292e\" data-element_type=\"container\">\n\t\t\t\t\t<div class=\"e-con-inner\">\n\t\t\t\t<div class=\"elementor-element elementor-element-f361e8b elementor-widget elementor-widget-spacer\" data-id=\"f361e8b\" data-element_type=\"widget\" data-widget_type=\"spacer.default\">\n\t\t\t\t<div class=\"elementor-widget-container\">\n\t\t\t\t\t\t\t<div class=\"elementor-spacer\">\n\t\t\t<div class=\"elementor-spacer-inner\"><\/div>\n\t\t<\/div>\n\t\t\t\t\t\t<\/div>\n\t\t\t\t<\/div>\n\t\t\t\t\t<\/div>\n\t\t\t\t<\/div>\n\t\t<div class=\"elementor-element elementor-element-c9d13a9 e-flex e-con-boxed e-con e-parent\" data-id=\"c9d13a9\" data-element_type=\"container\">\n\t\t\t\t\t<div class=\"e-con-inner\">\n\t\t\t\t<div class=\"elementor-element elementor-element-1bdec60 elementor-widget elementor-widget-heading\" data-id=\"1bdec60\" data-element_type=\"widget\" data-widget_type=\"heading.default\">\n\t\t\t\t<div class=\"elementor-widget-container\">\n\t\t\t\t\t<h2 class=\"elementor-heading-title elementor-size-default\">Qu'est-ce que le Palais du Belv\u00e9d\u00e8re inf\u00e9rieur et o\u00f9 se trouve-t-il ?<\/h2>\t\t\t\t<\/div>\n\t\t\t\t<\/div>\n\t\t\t\t\t<\/div>\n\t\t\t\t<\/div>\n\t\t<div class=\"elementor-element elementor-element-d057245 e-flex e-con-boxed e-con e-parent\" data-id=\"d057245\" data-element_type=\"container\">\n\t\t\t\t\t<div class=\"e-con-inner\">\n\t\t<div class=\"elementor-element elementor-element-5bfbcda e-con-full e-flex e-con e-child\" data-id=\"5bfbcda\" data-element_type=\"container\">\n\t\t\t\t<div class=\"elementor-element elementor-element-d9a7f71 elementor-widget elementor-widget-image\" data-id=\"d9a7f71\" data-element_type=\"widget\" data-widget_type=\"image.default\">\n\t\t\t\t<div class=\"elementor-widget-container\">\n\t\t\t\t\t\t\t\t\t\t\t\t\t\t\t<img loading=\"lazy\" decoding=\"async\" width=\"837\" height=\"1024\" src=\"https:\/\/belvederepalace.wientickets.org\/wp-content\/uploads\/2025\/12\/eugene-of-savoy.jpeg\" class=\"attachment-full size-full wp-image-1523\" alt=\"Prince Eug\u00e8ne de Savoie\" srcset=\"https:\/\/belvederepalace.wientickets.org\/wp-content\/uploads\/2025\/12\/eugene-of-savoy.jpeg 837w, https:\/\/belvederepalace.wientickets.org\/wp-content\/uploads\/2025\/12\/eugene-of-savoy-245x300.jpeg 245w, https:\/\/belvederepalace.wientickets.org\/wp-content\/uploads\/2025\/12\/eugene-of-savoy-768x940.jpeg 768w\" sizes=\"(max-width: 837px) 100vw, 837px\" \/>\t\t\t\t\t\t\t\t\t\t\t\t\t\t\t<\/div>\n\t\t\t\t<\/div>\n\t\t\t\t<\/div>\n\t\t<div class=\"elementor-element elementor-element-090eeb0 e-con-full e-flex e-con e-child\" data-id=\"090eeb0\" data-element_type=\"container\">\n\t\t\t\t<div class=\"elementor-element elementor-element-9b3710b elementor-widget elementor-widget-text-editor\" data-id=\"9b3710b\" data-element_type=\"widget\" data-widget_type=\"text-editor.default\">\n\t\t\t\t<div class=\"elementor-widget-container\">\n\t\t\t\t\t\t\t\t\t<p>Le Palais du Belv\u00e9d\u00e8re inf\u00e9rieur fait partie <b>de l&rsquo;une des r\u00e9sidences d&rsquo;\u00e9t\u00e9 les plus spectaculaires jamais construites<\/b>. Il a \u00e9t\u00e9 command\u00e9 par le <u>prince Eug\u00e8ne de Savoie<\/u>, un brillant commandant militaire et l&rsquo;un des plus grands hommes d&rsquo;\u00c9tat du d\u00e9but de l&rsquo;Europe moderne. <\/p><p>N\u00e9 \u00e0 Paris, il a \u00e9t\u00e9 rejet\u00e9 par l&rsquo;arm\u00e9e fran\u00e7aise et a donc poursuivi sa carri\u00e8re en Autriche, o\u00f9 il s&rsquo;est distingu\u00e9 par son talent militaire et sa discipline. Il a jou\u00e9 un r\u00f4le cl\u00e9 dans les guerres contre l&rsquo;Empire ottoman, remportant des victoires majeures telles que Zenta et la capture de Belgrade, et a \u00e9galement particip\u00e9 de mani\u00e8re d\u00e9cisive \u00e0 la guerre de Succession d&rsquo;Espagne contre la France. Au-del\u00e0 de sa carri\u00e8re militaire, il \u00e9tait un homme politique influent et un m\u00e9c\u00e8ne des arts, contribuant \u00e0 renforcer la puissance et le prestige de l&rsquo;Empire autrichien.  <\/p><p>Contrairement au <a style=\"color: #7e0009;\" href=\"https:\/\/belvederepalace.wientickets.org\/fr\/belvedere-superieur-ou-inferieur\/\" rel=\"noopener\">Belv\u00e9d\u00e8re sup\u00e9rieur<\/a>, qui avait une fonction plus c\u00e9r\u00e9monielle et de repr\u00e9sentation, <b>ce b\u00e2timent a \u00e9t\u00e9 con\u00e7u comme sa r\u00e9sidence priv\u00e9e<\/b>, l&rsquo;endroit o\u00f9 il vivait r\u00e9ellement et recevait ses invit\u00e9s les plus proches.<\/p><p>Pour comprendre pourquoi ce palais est si important, nous devons parler un peu <u>des Habsbourg<\/u>. Cette dynastie a \u00e9t\u00e9 l&rsquo;une des maisons royales les plus influentes d&rsquo;Europe, r\u00e9gnant pendant des si\u00e8cles sur un empire dont Vienne \u00e9tait le c\u0153ur culturel et politique. <\/p>\t\t\t\t\t\t\t\t<\/div>\n\t\t\t\t<\/div>\n\t\t\t\t<\/div>\n\t\t\t\t\t<\/div>\n\t\t\t\t<\/div>\n\t\t<div class=\"elementor-element elementor-element-59406f6 e-flex e-con-boxed e-con e-parent\" data-id=\"59406f6\" data-element_type=\"container\">\n\t\t\t\t\t<div class=\"e-con-inner\">\n\t\t\t\t<div class=\"elementor-element elementor-element-6bb0a9c elementor-widget elementor-widget-text-editor\" data-id=\"6bb0a9c\" data-element_type=\"widget\" data-widget_type=\"text-editor.default\">\n\t\t\t\t<div class=\"elementor-widget-container\">\n\t\t\t\t\t\t\t\t\t<p>Bien que le prince Eug\u00e8ne ne f\u00fbt pas lui-m\u00eame un Habsbourg, sa loyaut\u00e9 envers la couronne et ses victoires militaires ont \u00e9t\u00e9 essentielles \u00e0 la stabilit\u00e9 de l&#8217;empire, lui permettant de construire ce mus\u00e9e dont nous profitons aujourd&rsquo;hui. Les Habsbourg ont finalement acquis le complexe des ann\u00e9es apr\u00e8s sa mort, le transformant en un espace pour abriter la collection d&rsquo;art imp\u00e9riale, une tradition qui se poursuit encore aujourd&rsquo;hui. <\/p><p>De nos jours, le Belv\u00e9d\u00e8re inf\u00e9rieur a transform\u00e9 ses quartiers r\u00e9sidentiels en <b>salles d&rsquo;exposition de classe mondiale<\/b>. Alors que le b\u00e2timent sup\u00e9rieur se concentre sur la collection permanente, cet espace est principalement d\u00e9di\u00e9 aux <u>expositions temporaires<\/u> explorant diff\u00e9rentes p\u00e9riodes de l&rsquo;art autrichien et international. C&rsquo;est un lieu o\u00f9 le design baroque original coexiste avec des propositions modernes, offrant une exp\u00e9rience beaucoup plus intime et d\u00e9taill\u00e9e que les grandes salles du b\u00e2timent sup\u00e9rieur.  <\/p><p>En ce qui concerne son emplacement, <b>il se trouve dans le troisi\u00e8me arrondissement de Vienne, en Autriche<\/b>, juste \u00e0 l&rsquo;extr\u00e9mit\u00e9 inf\u00e9rieure des <a href=\"https:\/\/belvederepalace.wientickets.org\/fr\/belvedere-schlossgarten-jardins\/\">jardins<\/a> en terrasses qui relient les deux structures. Il est situ\u00e9 tr\u00e8s pr\u00e8s du centre historique, ce qui le rend facilement accessible \u00e0 pied ou par les transports en commun. Ne vous souciez pas des d\u00e9tails logistiques pour le moment ; dans les lignes suivantes, nous vous expliquerons comment atteindre cet arr\u00eat \u00ab\u00a0incontournable\u00a0\u00bb si vous voulez comprendre comment l&rsquo;aristocratie de l&rsquo;\u00e9poque vivait dans un environnement de grande opulence.  <\/p>\t\t\t\t\t\t\t\t<\/div>\n\t\t\t\t<\/div>\n\t\t\t\t\t<\/div>\n\t\t\t\t<\/div>\n\t\t\t\t<section class=\"elementor-section elementor-top-section elementor-element elementor-element-730b3d6 elementor-section-boxed elementor-section-height-default elementor-section-height-default\" data-id=\"730b3d6\" data-element_type=\"section\">\n\t\t\t\t\t\t<div class=\"elementor-container elementor-column-gap-default\">\n\t\t\t\t\t<div class=\"elementor-column elementor-col-50 elementor-top-column elementor-element elementor-element-2a250d9\" data-id=\"2a250d9\" data-element_type=\"column\">\n\t\t\t<div class=\"elementor-widget-wrap elementor-element-populated\">\n\t\t\t\t\t\t<div class=\"elementor-element elementor-element-d288cd1 elementor-widget elementor-widget-heading\" data-id=\"d288cd1\" data-element_type=\"widget\" data-widget_type=\"heading.default\">\n\t\t\t\t<div class=\"elementor-widget-container\">\n\t\t\t\t\t<h2 class=\"elementor-heading-title elementor-size-default\">Que trouve-t-on \u00e0 l'int\u00e9rieur du Belv\u00e9d\u00e8re inf\u00e9rieur ?<\/h2>\t\t\t\t<\/div>\n\t\t\t\t<\/div>\n\t\t\t\t<div class=\"elementor-element elementor-element-a78b2ab elementor-widget elementor-widget-text-editor\" data-id=\"a78b2ab\" data-element_type=\"widget\" data-widget_type=\"text-editor.default\">\n\t\t\t\t<div class=\"elementor-widget-container\">\n\t\t\t\t\t\t\t\t\t<p>En entrant dans l&rsquo;int\u00e9rieur du Belv\u00e9d\u00e8re inf\u00e9rieur, vous d\u00e9couvrirez des salles qui conservent une grande partie de leur d\u00e9coration d&rsquo;origine. Voici les \u00e9l\u00e9ments essentiels : <\/p><ul><li><strong>Salle de marbre :<\/strong> Le c\u0153ur du palais, d\u00e9cor\u00e9 de reliefs et de fresques c\u00e9l\u00e9brant les victoires du prince.<\/li><li><strong>Cabinet dor\u00e9 :<\/strong> Un petit bijou visuel o\u00f9 la feuille d&rsquo;or et les miroirs cr\u00e9ent un effet brillant.<\/li><li><strong>Salle des Grotesques :<\/strong> Remarquable pour ses peintures murales inspir\u00e9es de la Rome antique, pleines de d\u00e9tails fantastiques et curieux.<\/li><li><strong>Orangerie :<\/strong> L&rsquo;ancienne serre d&rsquo;agrumes qui sert aujourd&rsquo;hui d&rsquo;espace d&rsquo;exposition moderne et lumineux.<\/li><\/ul>\t\t\t\t\t\t\t\t<\/div>\n\t\t\t\t<\/div>\n\t\t\t\t\t<\/div>\n\t\t<\/div>\n\t\t\t\t<div class=\"elementor-column elementor-col-50 elementor-top-column elementor-element elementor-element-efe2bf3\" data-id=\"efe2bf3\" data-element_type=\"column\">\n\t\t\t<div class=\"elementor-widget-wrap elementor-element-populated\">\n\t\t\t\t\t\t<div class=\"elementor-element elementor-element-ddc3732 elementor-widget elementor-widget-html\" data-id=\"ddc3732\" data-element_type=\"widget\" data-widget_type=\"html.default\">\n\t\t\t\t<div class=\"elementor-widget-container\">\n\t\t\t\t\t<div class=\"image-carousel-wrapper\">\r\n  <div class=\"image-carousel\">\r\n    <!-- Im\u00e1genes del Belvedere Palace -->\r\n    <div class=\"carousel-item active\">\r\n      <img decoding=\"async\" src=\"https:\/\/belvederepalace.wientickets.org\/wp-content\/uploads\/2025\/11\/belvedere-marble-hall.webp\" alt=\"Salle de marbre\">\r\n      <\/div>\r\n    <div class=\"carousel-item\">\r\n      <img decoding=\"async\" src=\"https:\/\/belvederepalace.wientickets.org\/wp-content\/uploads\/2025\/11\/golden-hall-belvedere-palace.webp\" alt=\"Cabinet dor\u00e9\">\r\n    <\/div>\r\n    <div class=\"carousel-item\">\r\n      <img decoding=\"async\" src=\"https:\/\/belvederepalace.wientickets.org\/wp-content\/uploads\/2025\/12\/hall-of-the-grotesques.webp\" alt=\"Salle des Grotesques\">\r\n    <\/div>\r\n       <div class=\"carousel-item\">\r\n      <img decoding=\"async\" src=\"https:\/\/belvederepalace.wientickets.org\/wp-content\/uploads\/2025\/11\/Orangery-Lower-Belvedere.webp\" alt=\"Orangerie\">\r\n    <\/div>\r\n    \r\n    <!-- Botones de navegaci\u00f3n -->\r\n    <button class=\"carousel-btn prev\" aria-label=\"Anterior\">\r\n      <svg width=\"24\" height=\"24\" viewbox=\"0 0 24 24\" fill=\"none\" stroke=\"currentColor\" stroke-width=\"2\">\r\n        <polyline points=\"15 18 9 12 15 6\"><\/polyline>\r\n      <\/polyline><\/svg>\r\n    <\/button>\r\n    <button class=\"carousel-btn next\" aria-label=\"Siguiente\">\r\n      <svg width=\"24\" height=\"24\" viewbox=\"0 0 24 24\" fill=\"none\" stroke=\"currentColor\" stroke-width=\"2\">\r\n        <polyline points=\"9 18 15 12 9 6\"><\/polyline>\r\n      <\/polyline><\/svg>\r\n    <\/button>\r\n    <div class=\"carousel-caption\"><\/div>\r\n  <\/div>\r\n  \r\n  \r\n  <!-- Indicadores -->\r\n  <div class=\"carousel-indicators\"><\/div>\r\n<\/div>\r\n\r\n<style>\r\n.image-carousel-wrapper {\r\n  width: 100%;\r\n  position: relative;\r\n}\r\n\r\n.image-carousel {\r\n  position: relative;\r\n  width: 100%;\r\n  height: 400px;\r\n  overflow: hidden;\r\n  border-radius: 8px;\r\n}\r\n\r\n.carousel-item {\r\n  position: absolute;\r\n  top: 0;\r\n  left: 0;\r\n  width: 100%;\r\n  height: 100%;\r\n  opacity: 0;\r\n  transition: opacity 0.5s ease-in-out;\r\n  pointer-events: none;\r\n}\r\n\r\n.carousel-item.active {\r\n  opacity: 1;\r\n  pointer-events: auto;\r\n}\r\n\r\n.carousel-item img {\r\n  width: 100%;\r\n  height: 400px;\r\n  object-fit: cover;\r\n  object-position: top center;\r\n  display: block;\r\n}\r\n\r\n.carousel-btn {\r\n  position: absolute;\r\n  top: 50%;\r\n  transform: translateY(-50%);\r\n  background: rgba(0, 0, 0, 0.5);\r\n  color: white;\r\n  border: none;\r\n  width: 45px;\r\n  height: 45px;\r\n  border-radius: 50%;\r\n  cursor: pointer;\r\n  display: flex;\r\n  align-items: center;\r\n  justify-content: center;\r\n  transition: background 0.3s ease;\r\n  z-index: 10;\r\n}\r\n\r\n\/* Asegurar que los SVG se vean correctamente *\/\r\n.carousel-btn svg {\r\n  display: block;\r\n  flex-shrink: 0;\r\n  width: 20px;\r\n  height: 20px;\r\n}\r\n\r\n.carousel-btn:hover {\r\n  background: rgba(0, 0, 0, 0.7);\r\n}\r\n\r\n.carousel-btn:focus {\r\n  background: #CE2B37;\r\n  outline: none;\r\n}\r\n\r\n.carousel-btn.prev {\r\n  left: 15px;\r\n}\r\n\r\n.carousel-btn.next {\r\n  right: 15px;\r\n}\r\n\r\n.carousel-indicators {\r\n  display: flex;\r\n  justify-content: center;\r\n  gap: 8px;\r\n  margin-top: 15px;\r\n}\r\n\r\n.carousel-indicator {\r\n  width: 10px;\r\n  height: 10px;\r\n  border-radius: 50%;\r\n  background: #ddd;\r\n  cursor: pointer;\r\n  transition: all 0.3s ease;\r\n}\r\n\r\n.carousel-indicator.active {\r\n  background: #333;\r\n  width: 30px;\r\n  border-radius: 5px;\r\n}\r\n\r\n\/* Mobile adjustments *\/\r\n@media (max-width: 768px) {\r\n  .carousel-btn {\r\n    width: 35px;\r\n    height: 35px;\r\n  }\r\n  \r\n  .carousel-btn.prev {\r\n    left: 10px;\r\n  }\r\n  \r\n  .carousel-btn.next {\r\n    right: 10px;\r\n  }\r\n  \r\n  .carousel-btn svg {\r\n    width: 18px;\r\n    height: 18px;\r\n  }\r\n}\r\n\r\n.carousel-caption {\r\n  position: absolute;\r\n  bottom: 15px;\r\n  left: 15px;\r\n  background: rgba(0, 0, 0, 0.6);\r\n  color: white;\r\n  padding: 10px 15px;\r\n  border-radius: 5px;\r\n  font-size: 14px;\r\n  max-width: 80%;\r\n  z-index: 10;\r\n}\r\n\r\n@media (max-width: 768px) {\r\n  .carousel-caption {\r\n    font-size: 12px;\r\n    padding: 8px 12px;\r\n    bottom: 10px;\r\n    left: 10px;\r\n  }\r\n}\r\n\r\n<\/style>\r\n\r\n<script>\r\ndocument.addEventListener('DOMContentLoaded', function() {\r\n  const carousels = document.querySelectorAll('.image-carousel-wrapper');\r\n  \r\n  carousels.forEach((wrapper) => {\r\n    const carousel = wrapper.querySelector('.image-carousel');\r\n    const items = carousel.querySelectorAll('.carousel-item');\r\n    const prevBtn = carousel.querySelector('.prev');\r\n    const nextBtn = carousel.querySelector('.next');\r\n    const indicatorsContainer = wrapper.querySelector('.carousel-indicators');\r\n    const caption = carousel.querySelector('.carousel-caption');\r\n    \r\n    let currentIndex = 0;\r\n    let autoplayInterval;\r\n    \r\n    \/\/ Variables para swipe\r\n    let touchStartX = 0;\r\n    let touchEndX = 0;\r\n    let touchStartY = 0;\r\n    let touchEndY = 0;\r\n    \r\n    items.forEach((_, index) => {\r\n      const indicator = document.createElement('div');\r\n      indicator.classList.add('carousel-indicator');\r\n      if (index === 0) indicator.classList.add('active');\r\n      indicator.addEventListener('click', () => {\r\n        stopAutoplay();\r\n        goToSlide(index);\r\n      });\r\n      indicatorsContainer.appendChild(indicator);\r\n    });\r\n    \r\n    const indicators = indicatorsContainer.querySelectorAll('.carousel-indicator');\r\n    \r\n    function updateCarousel() {\r\n      items.forEach((item, index) => {\r\n        item.classList.toggle('active', index === currentIndex);\r\n      });\r\n      \r\n      indicators.forEach((indicator, index) => {\r\n        indicator.classList.toggle('active', index === currentIndex);\r\n      });\r\n      \r\n      const currentImg = items[currentIndex].querySelector('img');\r\n      caption.textContent = currentImg.alt;\r\n    }\r\n    \r\n    function goToSlide(index) {\r\n      currentIndex = index;\r\n      updateCarousel();\r\n    }\r\n    \r\n    function nextSlide() {\r\n      currentIndex = (currentIndex + 1) % items.length;\r\n      updateCarousel();\r\n    }\r\n    \r\n    function prevSlide() {\r\n      currentIndex = (currentIndex - 1 + items.length) % items.length;\r\n      updateCarousel();\r\n    }\r\n    \r\n    function stopAutoplay() {\r\n      if (autoplayInterval) {\r\n        clearInterval(autoplayInterval);\r\n        autoplayInterval = null;\r\n      }\r\n    }\r\n    \r\n    \/\/ Detectar swipe\r\n    function handleSwipe() {\r\n      const diffX = touchEndX - touchStartX;\r\n      const diffY = Math.abs(touchEndY - touchStartY);\r\n      \r\n      \/\/ Solo procesar si el movimiento horizontal es mayor que el vertical\r\n      \/\/ y si el desplazamiento es suficiente (m\u00e1s de 50px)\r\n      if (Math.abs(diffX) > 50 && Math.abs(diffX) > diffY) {\r\n        stopAutoplay();\r\n        \r\n        if (diffX > 0) {\r\n          \/\/ Swipe derecha - ir a anterior\r\n          prevSlide();\r\n        } else {\r\n          \/\/ Swipe izquierda - ir a siguiente\r\n          nextSlide();\r\n        }\r\n      }\r\n    }\r\n    \r\n    \/\/ Event listeners para touch\r\n    carousel.addEventListener('touchstart', (e) => {\r\n      touchStartX = e.changedTouches[0].screenX;\r\n      touchStartY = e.changedTouches[0].screenY;\r\n    }, { passive: true });\r\n    \r\n    carousel.addEventListener('touchend', (e) => {\r\n      touchEndX = e.changedTouches[0].screenX;\r\n      touchEndY = e.changedTouches[0].screenY;\r\n      handleSwipe();\r\n    }, { passive: true });\r\n    \r\n    \/\/ Inicializar\r\n    updateCarousel();\r\n    \r\n    prevBtn.addEventListener('click', () => {\r\n      stopAutoplay();\r\n      prevSlide();\r\n    });\r\n    \r\n    nextBtn.addEventListener('click', () => {\r\n      stopAutoplay();\r\n      nextSlide();\r\n    });\r\n    \r\n    \/\/ Auto-play cada 6 segundos\r\n    autoplayInterval = setInterval(nextSlide, 6000);\r\n  });\r\n});\r\n<\/script>\t\t\t\t<\/div>\n\t\t\t\t<\/div>\n\t\t\t\t\t<\/div>\n\t\t<\/div>\n\t\t\t\t\t<\/div>\n\t\t<\/section>\n\t\t\t\t<section class=\"elementor-section elementor-top-section elementor-element elementor-element-ffb7036 elementor-section-boxed elementor-section-height-default elementor-section-height-default\" data-id=\"ffb7036\" data-element_type=\"section\">\n\t\t\t\t\t\t<div class=\"elementor-container elementor-column-gap-default\">\n\t\t\t\t\t<div class=\"elementor-column elementor-col-100 elementor-top-column elementor-element elementor-element-51ca641\" data-id=\"51ca641\" data-element_type=\"column\">\n\t\t\t<div class=\"elementor-widget-wrap elementor-element-populated\">\n\t\t\t\t\t\t<div class=\"elementor-element elementor-element-33022b3 elementor-widget elementor-widget-heading\" data-id=\"33022b3\" data-element_type=\"widget\" data-widget_type=\"heading.default\">\n\t\t\t\t<div class=\"elementor-widget-container\">\n\t\t\t\t\t<h2 class=\"elementor-heading-title elementor-size-default\">Diff\u00e9rences entre le Belv\u00e9d\u00e8re inf\u00e9rieur et sup\u00e9rieur<\/h2>\t\t\t\t<\/div>\n\t\t\t\t<\/div>\n\t\t\t\t<div class=\"elementor-element elementor-element-995909f elementor-widget elementor-widget-text-editor\" data-id=\"995909f\" data-element_type=\"widget\" data-widget_type=\"text-editor.default\">\n\t\t\t\t<div class=\"elementor-widget-container\">\n\t\t\t\t\t\t\t\t\t<p>Il est tr\u00e8s courant, lors de la planification de votre visite, de se demander s&rsquo;il vaut la peine d&rsquo;entrer dans les deux ou si l&rsquo;un suffit. La principale <a style=\"color: #7e0009;\" href=\"https:\/\/belvederepalace.wientickets.org\/fr\/belvedere-superieur-ou-inferieur\/\" rel=\"noopener\">diff\u00e9rence entre le Belv\u00e9d\u00e8re inf\u00e9rieur et sup\u00e9rieur<\/a> r\u00e9side dans ce que vous trouverez \u00e0 l&rsquo;int\u00e9rieur de ces complexes. <\/p><p>Le <b>Belv\u00e9d\u00e8re sup\u00e9rieur<\/b> est le visage le plus connu du complexe, principalement parce qu&rsquo;il abrite la collection permanente d&rsquo;art m\u00e9di\u00e9val et baroque, et bien s\u00fbr, des \u0153uvres de Gustav Klimt comme \u00ab Le Baiser \u00bb. Si vous recherchez les grandes ic\u00f4nes de l&rsquo;art autrichien, c&rsquo;est l&rsquo;endroit id\u00e9al ! Mais soyez pr\u00eat \u00e0 partager l&rsquo;espace avec beaucoup plus de visiteurs.  <\/p>\t\t\t\t\t\t\t\t<\/div>\n\t\t\t\t<\/div>\n\t\t\t\t\t<\/div>\n\t\t<\/div>\n\t\t\t\t\t<\/div>\n\t\t<\/section>\n\t\t<div class=\"elementor-element elementor-element-43ccdca e-flex e-con-boxed e-con e-parent\" data-id=\"43ccdca\" data-element_type=\"container\">\n\t\t\t\t\t<div class=\"e-con-inner\">\n\t\t\t\t<div class=\"elementor-element elementor-element-3a8f3b4 elementor-widget elementor-widget-image\" data-id=\"3a8f3b4\" data-element_type=\"widget\" data-widget_type=\"image.default\">\n\t\t\t\t<div class=\"elementor-widget-container\">\n\t\t\t\t\t\t\t\t\t\t\t\t\t\t\t<img loading=\"lazy\" decoding=\"async\" width=\"800\" height=\"405\" src=\"https:\/\/belvederepalace.wientickets.org\/wp-content\/uploads\/2024\/08\/upper-belvedere-1024x518.webp\" class=\"attachment-large size-large wp-image-2569\" alt=\"\" srcset=\"https:\/\/belvederepalace.wientickets.org\/wp-content\/uploads\/2024\/08\/upper-belvedere-1024x518.webp 1024w, https:\/\/belvederepalace.wientickets.org\/wp-content\/uploads\/2024\/08\/upper-belvedere-300x152.webp 300w, https:\/\/belvederepalace.wientickets.org\/wp-content\/uploads\/2024\/08\/upper-belvedere-768x388.webp 768w, https:\/\/belvederepalace.wientickets.org\/wp-content\/uploads\/2024\/08\/upper-belvedere.webp 1100w\" sizes=\"(max-width: 800px) 100vw, 800px\" \/>\t\t\t\t\t\t\t\t\t\t\t\t\t\t\t<\/div>\n\t\t\t\t<\/div>\n\t\t\t\t<div class=\"elementor-element elementor-element-b48c20b elementor-widget elementor-widget-text-editor\" data-id=\"b48c20b\" data-element_type=\"widget\" data-widget_type=\"text-editor.default\">\n\t\t\t\t<div class=\"elementor-widget-container\">\n\t\t\t\t\t\t\t\t\t<p>\u00c0 l&rsquo;inverse, le <b>Belv\u00e9d\u00e8re inf\u00e9rieur<\/b> offre une exp\u00e9rience beaucoup plus calme, ax\u00e9e sur l&rsquo;<a href=\"https:\/\/belvederepalace.wientickets.org\/fr\/histoire-du-palais-du-belvedere\/\" target=\"_blank\" rel=\"noopener\">histoire du b\u00e2timent lui-m\u00eame<\/a>. Ici, vous pouvez vous promener dans les chambres royales et les salles de loisirs du prince, en ayant l&rsquo;impression d&rsquo;\u00eatre dans une maison (tr\u00e8s luxueuse, cela dit) et non dans une simple galerie d&rsquo;art. Alors que le palais sup\u00e9rieur est imposant et monumental, le palais inf\u00e9rieur est d\u00e9taill\u00e9 et d\u00e9coratif. L&rsquo;architecture du Belv\u00e9d\u00e8re inf\u00e9rieur est plus \u00e9tendue et s&rsquo;int\u00e8gre subtilement au quartier environnant.   <\/p>\t\t\t\t\t\t\t\t<\/div>\n\t\t\t\t<\/div>\n\t\t\t\t<div class=\"elementor-element elementor-element-447272e elementor-widget elementor-widget-image\" data-id=\"447272e\" data-element_type=\"widget\" data-widget_type=\"image.default\">\n\t\t\t\t<div class=\"elementor-widget-container\">\n\t\t\t\t\t\t\t\t\t\t\t\t\t\t\t<img loading=\"lazy\" decoding=\"async\" width=\"800\" height=\"410\" src=\"https:\/\/belvederepalace.wientickets.org\/wp-content\/uploads\/2025\/11\/lower-belvedere-1024x525.webp\" class=\"attachment-large size-large wp-image-1355\" alt=\"Belv\u00e9d\u00e8re inf\u00e9rieur\" srcset=\"https:\/\/belvederepalace.wientickets.org\/wp-content\/uploads\/2025\/11\/lower-belvedere-1024x525.webp 1024w, https:\/\/belvederepalace.wientickets.org\/wp-content\/uploads\/2025\/11\/lower-belvedere-300x154.webp 300w, https:\/\/belvederepalace.wientickets.org\/wp-content\/uploads\/2025\/11\/lower-belvedere-768x394.webp 768w, https:\/\/belvederepalace.wientickets.org\/wp-content\/uploads\/2025\/11\/lower-belvedere.webp 1300w\" sizes=\"(max-width: 800px) 100vw, 800px\" \/>\t\t\t\t\t\t\t\t\t\t\t\t\t\t\t<\/div>\n\t\t\t\t<\/div>\n\t\t\t\t<div class=\"elementor-element elementor-element-e11b6d5 elementor-widget elementor-widget-text-editor\" data-id=\"e11b6d5\" data-element_type=\"widget\" data-widget_type=\"text-editor.default\">\n\t\t\t\t<div class=\"elementor-widget-container\">\n\t\t\t\t\t\t\t\t\t<p>Une autre diff\u00e9rence fondamentale est le type d&rsquo;art : <u>dans le b\u00e2timent inf\u00e9rieur, les expositions changent tous les quelques mois<\/u>, ce qui signifie qu&rsquo;il y a toujours quelque chose de nouveau \u00e0 voir, m\u00eame pour ceux qui ont d\u00e9j\u00e0 visit\u00e9 la ville. C&rsquo;est un espace de d\u00e9couverte constante ! <\/p>\t\t\t\t\t\t\t\t<\/div>\n\t\t\t\t<\/div>\n\t\t\t\t\t<\/div>\n\t\t\t\t<\/div>\n\t\t\t\t<section class=\"elementor-section elementor-top-section elementor-element elementor-element-ecf61e1 elementor-section-boxed elementor-section-height-default elementor-section-height-default\" data-id=\"ecf61e1\" data-element_type=\"section\">\n\t\t\t\t\t\t<div class=\"elementor-container elementor-column-gap-default\">\n\t\t\t\t\t<div class=\"elementor-column elementor-col-100 elementor-top-column elementor-element elementor-element-e2f038f\" data-id=\"e2f038f\" data-element_type=\"column\">\n\t\t\t<div class=\"elementor-widget-wrap elementor-element-populated\">\n\t\t\t\t\t\t<div class=\"elementor-element elementor-element-fbb20fe elementor-widget elementor-widget-heading\" data-id=\"fbb20fe\" data-element_type=\"widget\" data-widget_type=\"heading.default\">\n\t\t\t\t<div class=\"elementor-widget-container\">\n\t\t\t\t\t<h2 class=\"elementor-heading-title elementor-size-default\">Quelles expositions vont avoir lieu ?<\/h2>\t\t\t\t<\/div>\n\t\t\t\t<\/div>\n\t\t\t\t<div class=\"elementor-element elementor-element-d1f7379 elementor-widget elementor-widget-text-editor\" data-id=\"d1f7379\" data-element_type=\"widget\" data-widget_type=\"text-editor.default\">\n\t\t\t\t<div class=\"elementor-widget-container\">\n\t\t\t\t\t\t\t\t\tLe programme du Palais du Belv\u00e9d\u00e8re inf\u00e9rieur est assez vari\u00e9 et dynamique. Actuellement, selon <a href=\"https:\/\/www.belvedere.at\/en\/current-exhibitions#LowerBelvedere\" target=\"_blank\" rel=\"noopener\" style=\"color:#7E0009;\">le site web officiel du mus\u00e9e<\/a>, voici les expositions temporaires que vous trouverez : \n\t\t\t\t\t\t\t\t<\/div>\n\t\t\t\t<\/div>\n\t\t\t\t\t<\/div>\n\t\t<\/div>\n\t\t\t\t\t<\/div>\n\t\t<\/section>\n\t\t<div class=\"elementor-element elementor-element-fe6f98e e-flex e-con-boxed e-con e-parent\" data-id=\"fe6f98e\" data-element_type=\"container\">\n\t\t\t\t\t<div class=\"e-con-inner\">\n\t\t<div class=\"elementor-element elementor-element-d204229 e-con-full e-flex e-con e-child\" data-id=\"d204229\" data-element_type=\"container\">\n\t\t\t\t<div class=\"elementor-element elementor-element-0fd0ad2 elementor-widget elementor-widget-image\" data-id=\"0fd0ad2\" data-element_type=\"widget\" data-widget_type=\"image.default\">\n\t\t\t\t<div class=\"elementor-widget-container\">\n\t\t\t\t\t\t\t\t\t\t\t\t\t\t\t<img loading=\"lazy\" decoding=\"async\" width=\"800\" height=\"782\" src=\"https:\/\/belvederepalace.wientickets.org\/wp-content\/uploads\/2026\/02\/ferdinand-georg-waldmuller-bad-ischl.webp\" class=\"attachment-large size-large wp-image-3159\" alt=\"Ferdinand Georg Waldm\u00fcller - Bad Ischl\" srcset=\"https:\/\/belvederepalace.wientickets.org\/wp-content\/uploads\/2026\/02\/ferdinand-georg-waldmuller-bad-ischl.webp 818w, https:\/\/belvederepalace.wientickets.org\/wp-content\/uploads\/2026\/02\/ferdinand-georg-waldmuller-bad-ischl-300x293.webp 300w, https:\/\/belvederepalace.wientickets.org\/wp-content\/uploads\/2026\/02\/ferdinand-georg-waldmuller-bad-ischl-768x751.webp 768w\" sizes=\"(max-width: 800px) 100vw, 800px\" \/>\t\t\t\t\t\t\t\t\t\t\t\t\t\t\t<\/div>\n\t\t\t\t<\/div>\n\t\t\t\t<\/div>\n\t\t<div class=\"elementor-element elementor-element-eb2ae28 e-con-full e-flex e-con e-child\" data-id=\"eb2ae28\" data-element_type=\"container\">\n\t\t\t\t<div class=\"elementor-element elementor-element-4f95b28 elementor-widget elementor-widget-heading\" data-id=\"4f95b28\" data-element_type=\"widget\" data-widget_type=\"heading.default\">\n\t\t\t\t<div class=\"elementor-widget-container\">\n\t\t\t\t\t<h3 class=\"elementor-heading-title elementor-size-default\">Ferdinand Georg Waldm\u00fcller (Fid\u00e8le \u00e0 la nature)<\/h3>\t\t\t\t<\/div>\n\t\t\t\t<\/div>\n\t\t\t\t<div class=\"elementor-element elementor-element-1358470 elementor-widget elementor-widget-text-editor\" data-id=\"1358470\" data-element_type=\"widget\" data-widget_type=\"text-editor.default\">\n\t\t\t\t<div class=\"elementor-widget-container\">\n\t\t\t\t\t\t\t\t\t<p>Dans l\u2019exposition \u00ab Ferdinand Georg Waldm\u00fcller : Fid\u00e8le \u00e0 la nature \u00bb au Belv\u00e9d\u00e8re, vous d\u00e9couvrirez <strong>l\u2019\u00e2ge d\u2019or de la peinture de paysage europ\u00e9enne au XIXe si\u00e8cle<\/strong>. Vous pourrez admirer la ma\u00eetrise de Waldm\u00fcller, qui saisit le monde naturel \u00e0 travers d\u2019intimes portraits d\u2019arbres et de vastes vues du Salzkammergut. <\/p><p>En d\u00e9couvrant son \u0153uvre aux c\u00f4t\u00e9s de chefs-d\u2019\u0153uvre de John Constable et de Corot, vous verrez comment Waldm\u00fcller s\u2019inscrit dans le mouvement artistique europ\u00e9en au sens large. <strong>Vous avez jusqu\u2019au 14 juin 2026 pour d\u00e9couvrir cette collaboration avec la National Gallery de Londres<\/strong>.<\/p>\t\t\t\t\t\t\t\t<\/div>\n\t\t\t\t<\/div>\n\t\t\t\t<\/div>\n\t\t\t\t\t<\/div>\n\t\t\t\t<\/div>\n\t\t<div class=\"elementor-element elementor-element-e932e08 e-flex e-con-boxed e-con e-parent\" data-id=\"e932e08\" data-element_type=\"container\">\n\t\t\t\t\t<div class=\"e-con-inner\">\n\t\t\t\t<div class=\"elementor-element elementor-element-86c184e elementor-widget elementor-widget-spacer\" data-id=\"86c184e\" data-element_type=\"widget\" data-widget_type=\"spacer.default\">\n\t\t\t\t<div class=\"elementor-widget-container\">\n\t\t\t\t\t\t\t<div class=\"elementor-spacer\">\n\t\t\t<div class=\"elementor-spacer-inner\"><\/div>\n\t\t<\/div>\n\t\t\t\t\t\t<\/div>\n\t\t\t\t<\/div>\n\t\t\t\t\t<\/div>\n\t\t\t\t<\/div>\n\t\t<div class=\"elementor-element elementor-element-061a4e1 e-flex e-con-boxed e-con e-parent\" data-id=\"061a4e1\" data-element_type=\"container\">\n\t\t\t\t\t<div class=\"e-con-inner\">\n\t\t<div class=\"elementor-element elementor-element-bbe3e2e e-con-full e-flex e-con e-child\" data-id=\"bbe3e2e\" data-element_type=\"container\">\n\t\t\t\t<div class=\"elementor-element elementor-element-edb47a5 elementor-widget elementor-widget-heading\" data-id=\"edb47a5\" data-element_type=\"widget\" data-widget_type=\"heading.default\">\n\t\t\t\t<div class=\"elementor-widget-container\">\n\t\t\t\t\t<h3 class=\"elementor-heading-title elementor-size-default\">Anni Albers (Construction de textiles)<\/h3>\t\t\t\t<\/div>\n\t\t\t\t<\/div>\n\t\t\t\t<div class=\"elementor-element elementor-element-f199c02 elementor-widget elementor-widget-text-editor\" data-id=\"f199c02\" data-element_type=\"widget\" data-widget_type=\"text-editor.default\">\n\t\t\t\t<div class=\"elementor-widget-container\">\n\t\t\t\t\t\t\t\t\t<p>Cette exposition vous invite \u00e0 <strong>repenser les fronti\u00e8res entre l&rsquo;artisanat et les beaux-arts<\/strong> \u00e0 travers le regard d&rsquo;une pionni\u00e8re qui a red\u00e9fini la trame du m\u00e9tier \u00e0 tisser. Vous d\u00e9couvrirez une collection impressionnante d&rsquo;\u0153uvres qui illustrent la capacit\u00e9 unique d&rsquo;Albers \u00e0 fusionner les techniques de tissage ancestrales avec la g\u00e9om\u00e9trie audacieuse du modernisme. <\/p><p>En explorant son \u0153uvre (qui s&rsquo;\u00e9tend de ses ann\u00e9es de formation au Bauhaus \u00e0 sa p\u00e9riode prolifique au Black Mountain College), vous verrez comment elle a transform\u00e9 des mat\u00e9riaux modestes en objets fonctionnels et en \u0153uvres d&rsquo;art autonomes puissantes. <strong>Vous avez jusqu&rsquo;au 16 ao\u00fbt 2026 pour d\u00e9couvrir cette collaboration avec le Zentrum Paul Klee, Berne, et la Fondation Josef et Anni Albers<\/strong>.<\/p>\t\t\t\t\t\t\t\t<\/div>\n\t\t\t\t<\/div>\n\t\t\t\t<\/div>\n\t\t<div class=\"elementor-element elementor-element-041180a e-con-full e-flex e-con e-child\" data-id=\"041180a\" data-element_type=\"container\">\n\t\t\t\t<div class=\"elementor-element elementor-element-6c99176 elementor-widget elementor-widget-image\" data-id=\"6c99176\" data-element_type=\"widget\" data-widget_type=\"image.default\">\n\t\t\t\t<div class=\"elementor-widget-container\">\n\t\t\t\t\t\t\t\t\t\t\t\t\t\t\t<img loading=\"lazy\" decoding=\"async\" width=\"800\" height=\"533\" src=\"https:\/\/belvederepalace.wientickets.org\/wp-content\/uploads\/2026\/04\/anni-albers-constructing-textiles-1024x682.webp\" class=\"attachment-large size-large wp-image-3195\" alt=\"Anni Albers (Construction de textiles)\" srcset=\"https:\/\/belvederepalace.wientickets.org\/wp-content\/uploads\/2026\/04\/anni-albers-constructing-textiles-1024x682.webp 1024w, https:\/\/belvederepalace.wientickets.org\/wp-content\/uploads\/2026\/04\/anni-albers-constructing-textiles-300x200.webp 300w, https:\/\/belvederepalace.wientickets.org\/wp-content\/uploads\/2026\/04\/anni-albers-constructing-textiles-768x512.webp 768w, https:\/\/belvederepalace.wientickets.org\/wp-content\/uploads\/2026\/04\/anni-albers-constructing-textiles.webp 1280w\" sizes=\"(max-width: 800px) 100vw, 800px\" \/>\t\t\t\t\t\t\t\t\t\t\t\t\t\t\t<\/div>\n\t\t\t\t<\/div>\n\t\t\t\t<\/div>\n\t\t\t\t\t<\/div>\n\t\t\t\t<\/div>\n\t\t\t\t<section class=\"elementor-section elementor-top-section elementor-element elementor-element-d1ff77b elementor-section-boxed elementor-section-height-default elementor-section-height-default\" data-id=\"d1ff77b\" data-element_type=\"section\">\n\t\t\t\t\t\t<div class=\"elementor-container elementor-column-gap-default\">\n\t\t\t\t\t<div class=\"elementor-column elementor-col-100 elementor-top-column elementor-element elementor-element-709efda\" data-id=\"709efda\" data-element_type=\"column\">\n\t\t\t<div class=\"elementor-widget-wrap elementor-element-populated\">\n\t\t\t\t\t\t<div class=\"elementor-element elementor-element-736bb5a elementor-widget elementor-widget-heading\" data-id=\"736bb5a\" data-element_type=\"widget\" data-widget_type=\"heading.default\">\n\t\t\t\t<div class=\"elementor-widget-container\">\n\t\t\t\t\t<h2 class=\"elementor-heading-title elementor-size-default\">Que pensent les utilisateurs ? Vaut-il la peine d'\u00eatre visit\u00e9 ? <\/h2>\t\t\t\t<\/div>\n\t\t\t\t<\/div>\n\t\t\t\t<div class=\"elementor-element elementor-element-902aa12 elementor-widget elementor-widget-text-editor\" data-id=\"902aa12\" data-element_type=\"widget\" data-widget_type=\"text-editor.default\">\n\t\t\t\t<div class=\"elementor-widget-container\">\n\t\t\t\t\t\t\t\t\t<p>L\u2019<b>avis des autres voyageurs<\/b> est toujours utile pour d\u00e9cider comment passer votre temps dans une ville avec une telle vari\u00e9t\u00e9 culturelle. Il est vrai que de nombreux visiteurs disposant de peu de temps ont tendance \u00e0 privil\u00e9gier la partie sup\u00e9rieure du palais. Par exemple, <a style=\"color: #7e0009;\" href=\"https:\/\/www.facebook.com\/groups\/943838713190379\/posts\/1724867435087499\/\" target=\"_blank\" rel=\"noopener\">sur Facebook<\/a>, vous pouvez voir des commentaires tels que \u00ab&nbsp;Si vous ne devez en voir qu\u2019un, visitez le Belv\u00e9d\u00e8re sup\u00e9rieur&nbsp;\u00bb ou des d\u00e9clarations plus directes comme \u00ab&nbsp;Le sup\u00e9rieur est mieux&nbsp;!&nbsp;\u00bb. Cette pr\u00e9f\u00e9rence est g\u00e9n\u00e9ralement bas\u00e9e sur le fait que le b\u00e2timent sup\u00e9rieur est plus grand et abrite les peintures les plus c\u00e9l\u00e8bres, satisfaisant ainsi les besoins des touristes \u00e0 la recherche de l\u2019essentiel.   <\/p><p>Cependant, si vous vous en tenez uniquement \u00e0 ce point de vue, vous risquez de passer \u00e0 c\u00f4t\u00e9 d&rsquo;exp\u00e9riences uniques. <a style=\"color: #7e0009;\" href=\"https:\/\/community.ricksteves.com\/travel-forum\/austria\/combo-museum-passes-in-vienna\" target=\"_blank\" rel=\"noopener\">D&rsquo;autres utilisateurs ajoutent souvent des nuances int\u00e9ressantes \u00e0 ces opinions<\/a> : \u00ab Je suis d&rsquo;accord que normalement le sup\u00e9rieur suffit, mais consultez le site web pour voir ce qu&rsquo;il y a au inf\u00e9rieur. Lorsque nous y sommes all\u00e9s, il y avait une exposition sp\u00e9ciale sur Klimt au inf\u00e9rieur que j&rsquo;aurais \u00e9t\u00e9 tr\u00e8s d\u00e9sol\u00e9 de manquer, donc je suis content d&rsquo;avoir les deux. \u00bb C&rsquo;est la cl\u00e9 du Belv\u00e9d\u00e8re inf\u00e9rieur ! En tant que si\u00e8ge d&rsquo;expositions temporaires, il accueille souvent des \u0153uvres internationales ou des plong\u00e9es profondes dans des artistes sp\u00e9cifiques que vous ne verrez nulle part ailleurs.  <\/p><p>Notre recommandation est que si vous aimez l&rsquo;art, <b>le Belv\u00e9d\u00e8re inf\u00e9rieur est le compl\u00e9ment parfait<\/b>. Il vous permet de vous \u00e9loigner de la foule et de profiter d&rsquo;un b\u00e2timent de premier ordre dans des salles qui, \u00e0 elles seules, justifient le prix du billet. \u00c0 vrai dire, se promener dans le Cabinet dor\u00e9 sans la pr\u00e9cipitation que l&rsquo;on trouve devant \u00ab Le Baiser \u00bb est un plaisir que je recommande vivement de vivre.  <\/p>\t\t\t\t\t\t\t\t<\/div>\n\t\t\t\t<\/div>\n\t\t\t\t\t<\/div>\n\t\t<\/div>\n\t\t\t\t\t<\/div>\n\t\t<\/section>\n\t\t\t\t<section class=\"elementor-section elementor-top-section elementor-element elementor-element-3dbaefb elementor-section-boxed elementor-section-height-default elementor-section-height-default\" data-id=\"3dbaefb\" data-element_type=\"section\">\n\t\t\t\t\t\t<div class=\"elementor-container elementor-column-gap-default\">\n\t\t\t\t\t<div class=\"elementor-column elementor-col-100 elementor-top-column elementor-element elementor-element-5708de2\" data-id=\"5708de2\" data-element_type=\"column\">\n\t\t\t<div class=\"elementor-widget-wrap elementor-element-populated\">\n\t\t\t\t\t\t<div class=\"elementor-element elementor-element-3179aeb elementor-widget elementor-widget-heading\" data-id=\"3179aeb\" data-element_type=\"widget\" data-widget_type=\"heading.default\">\n\t\t\t\t<div class=\"elementor-widget-container\">\n\t\t\t\t\t<h2 class=\"elementor-heading-title elementor-size-default\">FAQ sur le Palais du Belv\u00e9d\u00e8re inf\u00e9rieur<\/h2>\t\t\t\t<\/div>\n\t\t\t\t<\/div>\n\t\t\t\t\t<\/div>\n\t\t<\/div>\n\t\t\t\t\t<\/div>\n\t\t<\/section>\n\t\t<div class=\"elementor-element elementor-element-cbf4224 e-flex e-con-boxed e-con e-parent\" data-id=\"cbf4224\" data-element_type=\"container\">\n\t\t\t\t\t<div class=\"e-con-inner\">\n\t\t\t\t<div class=\"elementor-element elementor-element-b04fe94 elementor-widget elementor-widget-toggle\" data-id=\"b04fe94\" data-element_type=\"widget\" data-widget_type=\"toggle.default\">\n\t\t\t\t<div class=\"elementor-widget-container\">\n\t\t\t\t\t\t\t<div class=\"elementor-toggle\">\n\t\t\t\t\t\t\t<div class=\"elementor-toggle-item\">\n\t\t\t\t\t<h3 id=\"elementor-tab-title-1841\" class=\"elementor-tab-title\" data-tab=\"1\" role=\"button\" aria-controls=\"elementor-tab-content-1841\" aria-expanded=\"false\">\n\t\t\t\t\t\t\t\t\t\t\t\t<span class=\"elementor-toggle-icon elementor-toggle-icon-left\" aria-hidden=\"true\">\n\t\t\t\t\t\t\t\t\t\t\t\t\t\t\t<span class=\"elementor-toggle-icon-closed\"><svg class=\"e-font-icon-svg e-fas-caret-right\" viewBox=\"0 0 192 512\" xmlns=\"http:\/\/www.w3.org\/2000\/svg\"><path d=\"M0 384.662V127.338c0-17.818 21.543-26.741 34.142-14.142l128.662 128.662c7.81 7.81 7.81 20.474 0 28.284L34.142 398.804C21.543 411.404 0 402.48 0 384.662z\"><\/path><\/svg><\/span>\n\t\t\t\t\t\t\t\t<span class=\"elementor-toggle-icon-opened\"><svg class=\"elementor-toggle-icon-opened e-font-icon-svg e-fas-caret-up\" viewBox=\"0 0 320 512\" xmlns=\"http:\/\/www.w3.org\/2000\/svg\"><path d=\"M288.662 352H31.338c-17.818 0-26.741-21.543-14.142-34.142l128.662-128.662c7.81-7.81 20.474-7.81 28.284 0l128.662 128.662c12.6 12.599 3.676 34.142-14.142 34.142z\"><\/path><\/svg><\/span>\n\t\t\t\t\t\t\t\t\t\t\t\t\t<\/span>\n\t\t\t\t\t\t\t\t\t\t\t\t<a class=\"elementor-toggle-title\" tabindex=\"0\">Ai-je besoin d'un billet s\u00e9par\u00e9 pour le Belv\u00e9d\u00e8re inf\u00e9rieur ?<\/a>\n\t\t\t\t\t<\/h3>\n\n\t\t\t\t\t<div id=\"elementor-tab-content-1841\" class=\"elementor-tab-content elementor-clearfix\" data-tab=\"1\" role=\"region\" aria-labelledby=\"elementor-tab-title-1841\"><p><strong>Oui, vous avez besoin d&rsquo;un billet sp\u00e9cifique<\/strong>. Bien qu&rsquo;il existe des billets combin\u00e9s qui vous permettent de visiter les deux palais, qui sont g\u00e9n\u00e9ralement plus avantageux si vous pr\u00e9voyez de voir l&rsquo;ensemble du complexe, vous pouvez acheter un billet individuel uniquement pour le Belv\u00e9d\u00e8re inf\u00e9rieur si vous \u00eates uniquement int\u00e9ress\u00e9 par les expositions temporaires qui s&rsquo;y d\u00e9roulent \u00e0 ce moment-l\u00e0. <\/p>\n<\/div>\n\t\t\t\t<\/div>\n\t\t\t\t\t\t\t<div class=\"elementor-toggle-item\">\n\t\t\t\t\t<h3 id=\"elementor-tab-title-1842\" class=\"elementor-tab-title\" data-tab=\"2\" role=\"button\" aria-controls=\"elementor-tab-content-1842\" aria-expanded=\"false\">\n\t\t\t\t\t\t\t\t\t\t\t\t<span class=\"elementor-toggle-icon elementor-toggle-icon-left\" aria-hidden=\"true\">\n\t\t\t\t\t\t\t\t\t\t\t\t\t\t\t<span class=\"elementor-toggle-icon-closed\"><svg class=\"e-font-icon-svg e-fas-caret-right\" viewBox=\"0 0 192 512\" xmlns=\"http:\/\/www.w3.org\/2000\/svg\"><path d=\"M0 384.662V127.338c0-17.818 21.543-26.741 34.142-14.142l128.662 128.662c7.81 7.81 7.81 20.474 0 28.284L34.142 398.804C21.543 411.404 0 402.48 0 384.662z\"><\/path><\/svg><\/span>\n\t\t\t\t\t\t\t\t<span class=\"elementor-toggle-icon-opened\"><svg class=\"elementor-toggle-icon-opened e-font-icon-svg e-fas-caret-up\" viewBox=\"0 0 320 512\" xmlns=\"http:\/\/www.w3.org\/2000\/svg\"><path d=\"M288.662 352H31.338c-17.818 0-26.741-21.543-14.142-34.142l128.662-128.662c7.81-7.81 20.474-7.81 28.284 0l128.662 128.662c12.6 12.599 3.676 34.142-14.142 34.142z\"><\/path><\/svg><\/span>\n\t\t\t\t\t\t\t\t\t\t\t\t\t<\/span>\n\t\t\t\t\t\t\t\t\t\t\t\t<a class=\"elementor-toggle-title\" tabindex=\"0\">Combien de temps faut-il pour visiter le Belv\u00e9d\u00e8re inf\u00e9rieur ?<\/a>\n\t\t\t\t\t<\/h3>\n\n\t\t\t\t\t<div id=\"elementor-tab-content-1842\" class=\"elementor-tab-content elementor-clearfix\" data-tab=\"2\" role=\"region\" aria-labelledby=\"elementor-tab-title-1842\"><p>Pour en profiter sans se pr\u00e9cipiter, je vous recommande de pr\u00e9voir au moins <strong>une heure et demie<\/strong>. Cela vous donnera suffisamment de temps pour visiter les salles historiques, telles que la salle de marbre, et prendre votre temps avec l&rsquo;exposition temporaire en cours. <\/p>\n<\/div>\n\t\t\t\t<\/div>\n\t\t\t\t\t\t\t<div class=\"elementor-toggle-item\">\n\t\t\t\t\t<h3 id=\"elementor-tab-title-1843\" class=\"elementor-tab-title\" data-tab=\"3\" role=\"button\" aria-controls=\"elementor-tab-content-1843\" aria-expanded=\"false\">\n\t\t\t\t\t\t\t\t\t\t\t\t<span class=\"elementor-toggle-icon elementor-toggle-icon-left\" aria-hidden=\"true\">\n\t\t\t\t\t\t\t\t\t\t\t\t\t\t\t<span class=\"elementor-toggle-icon-closed\"><svg class=\"e-font-icon-svg e-fas-caret-right\" viewBox=\"0 0 192 512\" xmlns=\"http:\/\/www.w3.org\/2000\/svg\"><path d=\"M0 384.662V127.338c0-17.818 21.543-26.741 34.142-14.142l128.662 128.662c7.81 7.81 7.81 20.474 0 28.284L34.142 398.804C21.543 411.404 0 402.48 0 384.662z\"><\/path><\/svg><\/span>\n\t\t\t\t\t\t\t\t<span class=\"elementor-toggle-icon-opened\"><svg class=\"elementor-toggle-icon-opened e-font-icon-svg e-fas-caret-up\" viewBox=\"0 0 320 512\" xmlns=\"http:\/\/www.w3.org\/2000\/svg\"><path d=\"M288.662 352H31.338c-17.818 0-26.741-21.543-14.142-34.142l128.662-128.662c7.81-7.81 20.474-7.81 28.284 0l128.662 128.662c12.6 12.599 3.676 34.142-14.142 34.142z\"><\/path><\/svg><\/span>\n\t\t\t\t\t\t\t\t\t\t\t\t\t<\/span>\n\t\t\t\t\t\t\t\t\t\t\t\t<a class=\"elementor-toggle-title\" tabindex=\"0\">Le \u00ab Baiser \u00bb de Gustav Klimt se trouve-t-il au Belv\u00e9d\u00e8re sup\u00e9rieur ou inf\u00e9rieur ?<\/a>\n\t\t\t\t\t<\/h3>\n\n\t\t\t\t\t<div id=\"elementor-tab-content-1843\" class=\"elementor-tab-content elementor-clearfix\" data-tab=\"3\" role=\"region\" aria-labelledby=\"elementor-tab-title-1843\"><p><strong>Le \u00ab Baiser \u00bb de Gustav Klimt est situ\u00e9 en permanence au Belv\u00e9d\u00e8re sup\u00e9rieur<\/strong>. Bien que le Belv\u00e9d\u00e8re inf\u00e9rieur accueille souvent des expositions temporaires tr\u00e8s int\u00e9ressantes sur Klimt ou ses contemporains, l&rsquo;\u0153uvre la plus c\u00e9l\u00e8bre de l&rsquo;artiste est toujours expos\u00e9e dans le b\u00e2timent situ\u00e9 au sommet de la colline. <\/p>\n<\/div>\n\t\t\t\t<\/div>\n\t\t\t\t\t\t\t<div class=\"elementor-toggle-item\">\n\t\t\t\t\t<h3 id=\"elementor-tab-title-1844\" class=\"elementor-tab-title\" data-tab=\"4\" role=\"button\" aria-controls=\"elementor-tab-content-1844\" aria-expanded=\"false\">\n\t\t\t\t\t\t\t\t\t\t\t\t<span class=\"elementor-toggle-icon elementor-toggle-icon-left\" aria-hidden=\"true\">\n\t\t\t\t\t\t\t\t\t\t\t\t\t\t\t<span class=\"elementor-toggle-icon-closed\"><svg class=\"e-font-icon-svg e-fas-caret-right\" viewBox=\"0 0 192 512\" xmlns=\"http:\/\/www.w3.org\/2000\/svg\"><path d=\"M0 384.662V127.338c0-17.818 21.543-26.741 34.142-14.142l128.662 128.662c7.81 7.81 7.81 20.474 0 28.284L34.142 398.804C21.543 411.404 0 402.48 0 384.662z\"><\/path><\/svg><\/span>\n\t\t\t\t\t\t\t\t<span class=\"elementor-toggle-icon-opened\"><svg class=\"elementor-toggle-icon-opened e-font-icon-svg e-fas-caret-up\" viewBox=\"0 0 320 512\" xmlns=\"http:\/\/www.w3.org\/2000\/svg\"><path d=\"M288.662 352H31.338c-17.818 0-26.741-21.543-14.142-34.142l128.662-128.662c7.81-7.81 20.474-7.81 28.284 0l128.662 128.662c12.6 12.599 3.676 34.142-14.142 34.142z\"><\/path><\/svg><\/span>\n\t\t\t\t\t\t\t\t\t\t\t\t\t<\/span>\n\t\t\t\t\t\t\t\t\t\t\t\t<a class=\"elementor-toggle-title\" tabindex=\"0\">Est-ce que quelqu'un vit au Belv\u00e9d\u00e8re inf\u00e9rieur ?<\/a>\n\t\t\t\t\t<\/h3>\n\n\t\t\t\t\t<div id=\"elementor-tab-content-1844\" class=\"elementor-tab-content elementor-clearfix\" data-tab=\"4\" role=\"region\" aria-labelledby=\"elementor-tab-title-1844\"><p><strong>Non, personne n&rsquo;y r\u00e9side aujourd&rsquo;hui<\/strong>. Bien qu&rsquo;il ait \u00e9t\u00e9 \u00e0 l&rsquo;origine la demeure du prince Eug\u00e8ne de Savoie et ait ensuite \u00e9t\u00e9 utilis\u00e9 par des membres de la famille imp\u00e9riale des Habsbourg, aujourd&rsquo;hui, l&rsquo;ensemble du b\u00e2timent fonctionne exclusivement comme un mus\u00e9e public et un espace de bureaux pour l&rsquo;administration de la galerie. <\/p>\n<\/div>\n\t\t\t\t<\/div>\n\t\t\t\t\t\t\t<div class=\"elementor-toggle-item\">\n\t\t\t\t\t<h3 id=\"elementor-tab-title-1845\" class=\"elementor-tab-title\" data-tab=\"5\" role=\"button\" aria-controls=\"elementor-tab-content-1845\" aria-expanded=\"false\">\n\t\t\t\t\t\t\t\t\t\t\t\t<span class=\"elementor-toggle-icon elementor-toggle-icon-left\" aria-hidden=\"true\">\n\t\t\t\t\t\t\t\t\t\t\t\t\t\t\t<span class=\"elementor-toggle-icon-closed\"><svg class=\"e-font-icon-svg e-fas-caret-right\" viewBox=\"0 0 192 512\" xmlns=\"http:\/\/www.w3.org\/2000\/svg\"><path d=\"M0 384.662V127.338c0-17.818 21.543-26.741 34.142-14.142l128.662 128.662c7.81 7.81 7.81 20.474 0 28.284L34.142 398.804C21.543 411.404 0 402.48 0 384.662z\"><\/path><\/svg><\/span>\n\t\t\t\t\t\t\t\t<span class=\"elementor-toggle-icon-opened\"><svg class=\"elementor-toggle-icon-opened e-font-icon-svg e-fas-caret-up\" viewBox=\"0 0 320 512\" xmlns=\"http:\/\/www.w3.org\/2000\/svg\"><path d=\"M288.662 352H31.338c-17.818 0-26.741-21.543-14.142-34.142l128.662-128.662c7.81-7.81 20.474-7.81 28.284 0l128.662 128.662c12.6 12.599 3.676 34.142-14.142 34.142z\"><\/path><\/svg><\/span>\n\t\t\t\t\t\t\t\t\t\t\t\t\t<\/span>\n\t\t\t\t\t\t\t\t\t\t\t\t<a class=\"elementor-toggle-title\" tabindex=\"0\">Y a-t-il un code vestimentaire pour entrer au Belv\u00e9d\u00e8re inf\u00e9rieur ?<\/a>\n\t\t\t\t\t<\/h3>\n\n\t\t\t\t\t<div id=\"elementor-tab-content-1845\" class=\"elementor-tab-content elementor-clearfix\" data-tab=\"5\" role=\"region\" aria-labelledby=\"elementor-tab-title-1845\"><p>Il n&rsquo;y a pas de code vestimentaire formel, vous <strong>pouvez donc porter des v\u00eatements de marche confortables<\/strong>. La seule chose \u00e0 garder \u00e0 l&rsquo;esprit est que <span style=\"text-decoration: underline;\">les grands sacs \u00e0 dos ou les parapluies ne sont pas autoris\u00e9s \u00e0 l&rsquo;int\u00e9rieur<\/span>, mais le palais dispose d&rsquo;un service de vestiaire gratuit o\u00f9 vous pouvez laisser vos affaires en toute s\u00e9curit\u00e9. <\/p>\n<\/div>\n\t\t\t\t<\/div>\n\t\t\t\t\t\t\t<div class=\"elementor-toggle-item\">\n\t\t\t\t\t<h3 id=\"elementor-tab-title-1846\" class=\"elementor-tab-title\" data-tab=\"6\" role=\"button\" aria-controls=\"elementor-tab-content-1846\" aria-expanded=\"false\">\n\t\t\t\t\t\t\t\t\t\t\t\t<span class=\"elementor-toggle-icon elementor-toggle-icon-left\" aria-hidden=\"true\">\n\t\t\t\t\t\t\t\t\t\t\t\t\t\t\t<span class=\"elementor-toggle-icon-closed\"><svg class=\"e-font-icon-svg e-fas-caret-right\" viewBox=\"0 0 192 512\" xmlns=\"http:\/\/www.w3.org\/2000\/svg\"><path d=\"M0 384.662V127.338c0-17.818 21.543-26.741 34.142-14.142l128.662 128.662c7.81 7.81 7.81 20.474 0 28.284L34.142 398.804C21.543 411.404 0 402.48 0 384.662z\"><\/path><\/svg><\/span>\n\t\t\t\t\t\t\t\t<span class=\"elementor-toggle-icon-opened\"><svg class=\"elementor-toggle-icon-opened e-font-icon-svg e-fas-caret-up\" viewBox=\"0 0 320 512\" xmlns=\"http:\/\/www.w3.org\/2000\/svg\"><path d=\"M288.662 352H31.338c-17.818 0-26.741-21.543-14.142-34.142l128.662-128.662c7.81-7.81 20.474-7.81 28.284 0l128.662 128.662c12.6 12.599 3.676 34.142-14.142 34.142z\"><\/path><\/svg><\/span>\n\t\t\t\t\t\t\t\t\t\t\t\t\t<\/span>\n\t\t\t\t\t\t\t\t\t\t\t\t<a class=\"elementor-toggle-title\" tabindex=\"0\">Comment se rendre du Belv\u00e9d\u00e8re sup\u00e9rieur au Belv\u00e9d\u00e8re inf\u00e9rieur ?<\/a>\n\t\t\t\t\t<\/h3>\n\n\t\t\t\t\t<div id=\"elementor-tab-content-1846\" class=\"elementor-tab-content elementor-clearfix\" data-tab=\"6\" role=\"region\" aria-labelledby=\"elementor-tab-title-1846\"><p>S&rsquo;y rendre est tr\u00e8s facile ! <strong>Il suffit de traverser les jardins imp\u00e9riaux qui relient les deux b\u00e2timents<\/strong>. C&rsquo;est une agr\u00e9able promenade de 10 \u00e0 15 minutes. Si vous vous sentez un peu perdu, vous pouvez <a href=\"https:\/\/belvederepalace.wientickets.org\/fr\/plan-du-chateau-du-belvedere\/\" style=\"color:#7E0009;\">consulter cette carte du Palais du Belv\u00e9d\u00e8re<\/a> pour vous orienter entre les diff\u00e9rentes entr\u00e9es et b\u00e2timents.  <\/p>\n<\/div>\n\t\t\t\t<\/div>\n\t\t\t\t\t\t\t<div class=\"elementor-toggle-item\">\n\t\t\t\t\t<h3 id=\"elementor-tab-title-1847\" class=\"elementor-tab-title\" data-tab=\"7\" role=\"button\" aria-controls=\"elementor-tab-content-1847\" aria-expanded=\"false\">\n\t\t\t\t\t\t\t\t\t\t\t\t<span class=\"elementor-toggle-icon elementor-toggle-icon-left\" aria-hidden=\"true\">\n\t\t\t\t\t\t\t\t\t\t\t\t\t\t\t<span class=\"elementor-toggle-icon-closed\"><svg class=\"e-font-icon-svg e-fas-caret-right\" viewBox=\"0 0 192 512\" xmlns=\"http:\/\/www.w3.org\/2000\/svg\"><path d=\"M0 384.662V127.338c0-17.818 21.543-26.741 34.142-14.142l128.662 128.662c7.81 7.81 7.81 20.474 0 28.284L34.142 398.804C21.543 411.404 0 402.48 0 384.662z\"><\/path><\/svg><\/span>\n\t\t\t\t\t\t\t\t<span class=\"elementor-toggle-icon-opened\"><svg class=\"elementor-toggle-icon-opened e-font-icon-svg e-fas-caret-up\" viewBox=\"0 0 320 512\" xmlns=\"http:\/\/www.w3.org\/2000\/svg\"><path d=\"M288.662 352H31.338c-17.818 0-26.741-21.543-14.142-34.142l128.662-128.662c7.81-7.81 20.474-7.81 28.284 0l128.662 128.662c12.6 12.599 3.676 34.142-14.142 34.142z\"><\/path><\/svg><\/span>\n\t\t\t\t\t\t\t\t\t\t\t\t\t<\/span>\n\t\t\t\t\t\t\t\t\t\t\t\t<a class=\"elementor-toggle-title\" tabindex=\"0\">Est-il accessible aux personnes \u00e0 mobilit\u00e9 r\u00e9duite ?<\/a>\n\t\t\t\t\t<\/h3>\n\n\t\t\t\t\t<div id=\"elementor-tab-content-1847\" class=\"elementor-tab-content elementor-clearfix\" data-tab=\"7\" role=\"region\" aria-labelledby=\"elementor-tab-title-1847\"><p><strong>Oui, le palais est enti\u00e8rement adapt\u00e9<\/strong>. Bien qu&rsquo;il s&rsquo;agisse d&rsquo;un b\u00e2timent historique, il dispose de rampes et d&rsquo;ascenseurs qui permettent d&rsquo;acc\u00e9der \u00e0 toutes les salles d&rsquo;exposition. De plus, le personnel du mus\u00e9e est g\u00e9n\u00e9ralement tr\u00e8s serviable et vous aidera \u00e0 trouver les itin\u00e9raires les plus confortables \u00e0 travers les galeries.  <\/p>\n<\/div>\n\t\t\t\t<\/div>\n\t\t\t\t\t\t\t<div class=\"elementor-toggle-item\">\n\t\t\t\t\t<h3 id=\"elementor-tab-title-1848\" class=\"elementor-tab-title\" data-tab=\"8\" role=\"button\" aria-controls=\"elementor-tab-content-1848\" aria-expanded=\"false\">\n\t\t\t\t\t\t\t\t\t\t\t\t<span class=\"elementor-toggle-icon elementor-toggle-icon-left\" aria-hidden=\"true\">\n\t\t\t\t\t\t\t\t\t\t\t\t\t\t\t<span class=\"elementor-toggle-icon-closed\"><svg class=\"e-font-icon-svg e-fas-caret-right\" viewBox=\"0 0 192 512\" xmlns=\"http:\/\/www.w3.org\/2000\/svg\"><path d=\"M0 384.662V127.338c0-17.818 21.543-26.741 34.142-14.142l128.662 128.662c7.81 7.81 7.81 20.474 0 28.284L34.142 398.804C21.543 411.404 0 402.48 0 384.662z\"><\/path><\/svg><\/span>\n\t\t\t\t\t\t\t\t<span class=\"elementor-toggle-icon-opened\"><svg class=\"elementor-toggle-icon-opened e-font-icon-svg e-fas-caret-up\" viewBox=\"0 0 320 512\" xmlns=\"http:\/\/www.w3.org\/2000\/svg\"><path d=\"M288.662 352H31.338c-17.818 0-26.741-21.543-14.142-34.142l128.662-128.662c7.81-7.81 20.474-7.81 28.284 0l128.662 128.662c12.6 12.599 3.676 34.142-14.142 34.142z\"><\/path><\/svg><\/span>\n\t\t\t\t\t\t\t\t\t\t\t\t\t<\/span>\n\t\t\t\t\t\t\t\t\t\t\t\t<a class=\"elementor-toggle-title\" tabindex=\"0\">Puis-je visiter les jardins sans payer le billet du Belv\u00e9d\u00e8re inf\u00e9rieur ?<\/a>\n\t\t\t\t\t<\/h3>\n\n\t\t\t\t\t<div id=\"elementor-tab-content-1848\" class=\"elementor-tab-content elementor-clearfix\" data-tab=\"8\" role=\"region\" aria-labelledby=\"elementor-tab-title-1848\"><p><strong>Bien s\u00fbr !<\/strong>  Les jardins baroques reliant les deux palais sont gratuits pour tous pendant les heures d&rsquo;ouverture. C&rsquo;est un endroit fantastique pour se promener, profiter des fontaines et prendre des photos des fa\u00e7ades sans avoir besoin d&rsquo;acheter un billet, bien que l&rsquo;exp\u00e9rience compl\u00e8te comprenne certainement l&rsquo;int\u00e9rieur. <\/p>\n<\/div>\n\t\t\t\t<\/div>\n\t\t\t\t\t\t\t\t<\/div>\n\t\t\t\t\t\t<\/div>\n\t\t\t\t<\/div>\n\t\t\t\t\t<\/div>\n\t\t\t\t<\/div>\n\t\t\t\t<section class=\"elementor-section elementor-top-section elementor-element elementor-element-daf17e4 elementor-section-boxed elementor-section-height-default elementor-section-height-default\" data-id=\"daf17e4\" data-element_type=\"section\">\n\t\t\t\t\t\t<div class=\"elementor-container elementor-column-gap-default\">\n\t\t\t\t\t<div class=\"elementor-column elementor-col-100 elementor-top-column elementor-element elementor-element-e42cf06\" data-id=\"e42cf06\" data-element_type=\"column\">\n\t\t\t<div class=\"elementor-widget-wrap elementor-element-populated\">\n\t\t\t\t\t\t<div class=\"elementor-element elementor-element-1c9fb84 elementor-widget elementor-widget-heading\" data-id=\"1c9fb84\" data-element_type=\"widget\" data-widget_type=\"heading.default\">\n\t\t\t\t<div class=\"elementor-widget-container\">\n\t\t\t\t\t<h2 class=\"elementor-heading-title elementor-size-default\">Planifiez votre visite<\/h2>\t\t\t\t<\/div>\n\t\t\t\t<\/div>\n\t\t\t\t\t<\/div>\n\t\t<\/div>\n\t\t\t\t\t<\/div>\n\t\t<\/section>\n\t\t\t\t<section class=\"elementor-section elementor-top-section elementor-element elementor-element-f8acc3d elementor-section-boxed elementor-section-height-default elementor-section-height-default\" data-id=\"f8acc3d\" data-element_type=\"section\">\n\t\t\t\t\t\t<div class=\"elementor-container elementor-column-gap-default\">\n\t\t\t\t\t<div class=\"elementor-column elementor-col-50 elementor-top-column elementor-element elementor-element-884fa95\" data-id=\"884fa95\" data-element_type=\"column\">\n\t\t\t<div class=\"elementor-widget-wrap elementor-element-populated\">\n\t\t\t\t\t\t<div class=\"elementor-element elementor-element-5f788a5 elementor-widget elementor-widget-image\" data-id=\"5f788a5\" data-element_type=\"widget\" data-widget_type=\"image.default\">\n\t\t\t\t<div class=\"elementor-widget-container\">\n\t\t\t\t\t\t\t\t\t\t\t\t\t\t\t<img loading=\"lazy\" decoding=\"async\" width=\"800\" height=\"403\" src=\"https:\/\/belvederepalace.wientickets.org\/wp-content\/uploads\/2024\/08\/belvedere-palace-architecture-1024x516.webp\" class=\"attachment-large size-large wp-image-1359\" alt=\"\" srcset=\"https:\/\/belvederepalace.wientickets.org\/wp-content\/uploads\/2024\/08\/belvedere-palace-architecture-1024x516.webp 1024w, https:\/\/belvederepalace.wientickets.org\/wp-content\/uploads\/2024\/08\/belvedere-palace-architecture-300x151.webp 300w, https:\/\/belvederepalace.wientickets.org\/wp-content\/uploads\/2024\/08\/belvedere-palace-architecture-768x387.webp 768w, https:\/\/belvederepalace.wientickets.org\/wp-content\/uploads\/2024\/08\/belvedere-palace-architecture.webp 1100w\" sizes=\"(max-width: 800px) 100vw, 800px\" \/>\t\t\t\t\t\t\t\t\t\t\t\t\t\t\t<\/div>\n\t\t\t\t<\/div>\n\t\t\t\t<div class=\"elementor-element elementor-element-5afd131 elementor-widget elementor-widget-heading\" data-id=\"5afd131\" data-element_type=\"widget\" data-widget_type=\"heading.default\">\n\t\t\t\t<div class=\"elementor-widget-container\">\n\t\t\t\t\t<h3 class=\"elementor-heading-title elementor-size-default\"><a href=\"https:\/\/belvederepalace.wientickets.org\/fr\/heures-douverture-du-palais-du-belvedere\/\">Horaires d'ouverture du ch\u00e2teau du Belv\u00e9d\u00e8re<\/a><\/h3>\t\t\t\t<\/div>\n\t\t\t\t<\/div>\n\t\t\t\t<div class=\"elementor-element elementor-element-6ad95ed elementor-widget elementor-widget-text-editor\" data-id=\"6ad95ed\" data-element_type=\"widget\" data-widget_type=\"text-editor.default\">\n\t\t\t\t<div class=\"elementor-widget-container\">\n\t\t\t\t\t\t\t\t\tLes horaires d&rsquo;ouverture du ch\u00e2teau du Belv\u00e9d\u00e8re varient en fonction de la saison et de la partie sp\u00e9cifique du complexe que vous souhaitez visiter. En g\u00e9n\u00e9ral, le Belv\u00e9d\u00e8re sup\u00e9rieur est ouvert de 10h00 \u00e0 18h00, avec des heures prolong\u00e9es le vendredi jusqu&rsquo;\u00e0 21h00. Le Belv\u00e9d\u00e8re inf\u00e9rieur et l&rsquo;Orangerie suivent g\u00e9n\u00e9ralement des horaires similaires, mais il est conseill\u00e9&#8230; <a href=\"https:\/\/belvederepalace.wientickets.org\/fr\/heures-douverture-du-palais-du-belvedere\/\" style=\"color:#7E0009;\">voir plus<\/a>  \n\t\t\t\t\t\t\t\t<\/div>\n\t\t\t\t<\/div>\n\t\t\t\t\t<\/div>\n\t\t<\/div>\n\t\t\t\t<div class=\"elementor-column elementor-col-50 elementor-top-column elementor-element elementor-element-e647d3a\" data-id=\"e647d3a\" data-element_type=\"column\">\n\t\t\t<div class=\"elementor-widget-wrap elementor-element-populated\">\n\t\t\t\t\t\t<div class=\"elementor-element elementor-element-32c6b37 elementor-widget elementor-widget-image\" data-id=\"32c6b37\" data-element_type=\"widget\" data-widget_type=\"image.default\">\n\t\t\t\t<div class=\"elementor-widget-container\">\n\t\t\t\t\t\t\t\t\t\t\t\t\t\t\t<img loading=\"lazy\" decoding=\"async\" width=\"800\" height=\"799\" src=\"https:\/\/belvederepalace.wientickets.org\/wp-content\/uploads\/2025\/11\/belvedere-map-entrances.jpg\" class=\"attachment-large size-large wp-image-1360\" alt=\"Plan du Belv\u00e9d\u00e8re avec les entr\u00e9es\" srcset=\"https:\/\/belvederepalace.wientickets.org\/wp-content\/uploads\/2025\/11\/belvedere-map-entrances.jpg 800w, https:\/\/belvederepalace.wientickets.org\/wp-content\/uploads\/2025\/11\/belvedere-map-entrances-300x300.jpg 300w, https:\/\/belvederepalace.wientickets.org\/wp-content\/uploads\/2025\/11\/belvedere-map-entrances-150x150.jpg 150w, https:\/\/belvederepalace.wientickets.org\/wp-content\/uploads\/2025\/11\/belvedere-map-entrances-768x767.jpg 768w\" sizes=\"(max-width: 800px) 100vw, 800px\" \/>\t\t\t\t\t\t\t\t\t\t\t\t\t\t\t<\/div>\n\t\t\t\t<\/div>\n\t\t\t\t<div class=\"elementor-element elementor-element-29ae05f elementor-widget elementor-widget-heading\" data-id=\"29ae05f\" data-element_type=\"widget\" data-widget_type=\"heading.default\">\n\t\t\t\t<div class=\"elementor-widget-container\">\n\t\t\t\t\t<h3 class=\"elementor-heading-title elementor-size-default\"><a href=\"https:\/\/belvederepalace.wientickets.org\/fr\/plan-du-chateau-du-belvedere\/\">Plan du ch\u00e2teau du Belv\u00e9d\u00e8re<\/a><\/h3>\t\t\t\t<\/div>\n\t\t\t\t<\/div>\n\t\t\t\t<div class=\"elementor-element elementor-element-4cacc2a elementor-widget elementor-widget-text-editor\" data-id=\"4cacc2a\" data-element_type=\"widget\" data-widget_type=\"text-editor.default\">\n\t\t\t\t<div class=\"elementor-widget-container\">\n\t\t\t\t\t\t\t\t\tUn plan d\u00e9taill\u00e9 du ch\u00e2teau du Belv\u00e9d\u00e8re est disponible \u00e0 l&rsquo;entr\u00e9e et en ligne, aidant les visiteurs \u00e0 s&rsquo;orienter dans le vaste domaine et \u00e0 localiser des points d&rsquo;int\u00e9r\u00eat sp\u00e9cifiques. Le plan met en \u00e9vidence les zones cl\u00e9s du complexe, notamment le Belv\u00e9d\u00e8re sup\u00e9rieur et inf\u00e9rieur, l&rsquo;Orangerie, les \u00c9curies du Palais et les jardins de liaison. La signalisation&#8230; <a href=\"https:\/\/belvederepalace.wientickets.org\/fr\/plan-du-chateau-du-belvedere\/\" style=\"color:#7E0009;\">voir plus<\/a>  \n\t\t\t\t\t\t\t\t<\/div>\n\t\t\t\t<\/div>\n\t\t\t\t\t<\/div>\n\t\t<\/div>\n\t\t\t\t\t<\/div>\n\t\t<\/section>\n\t\t\t\t<section class=\"elementor-section elementor-top-section elementor-element elementor-element-4744fc5 elementor-section-boxed elementor-section-height-default elementor-section-height-default\" data-id=\"4744fc5\" data-element_type=\"section\">\n\t\t\t\t\t\t<div class=\"elementor-container elementor-column-gap-default\">\n\t\t\t\t\t<div class=\"elementor-column elementor-col-50 elementor-top-column elementor-element elementor-element-4e7e05f\" data-id=\"4e7e05f\" data-element_type=\"column\">\n\t\t\t<div class=\"elementor-widget-wrap elementor-element-populated\">\n\t\t\t\t\t\t<div class=\"elementor-element elementor-element-1d8dca9 elementor-widget elementor-widget-image\" data-id=\"1d8dca9\" data-element_type=\"widget\" data-widget_type=\"image.default\">\n\t\t\t\t<div class=\"elementor-widget-container\">\n\t\t\t\t\t\t\t\t\t\t\t\t\t\t\t<img loading=\"lazy\" decoding=\"async\" width=\"600\" height=\"400\" src=\"https:\/\/belvederepalace.wientickets.org\/wp-content\/uploads\/2024\/08\/location-of-belvedere-palace.webp\" class=\"attachment-large size-large wp-image-1347\" alt=\"\" srcset=\"https:\/\/belvederepalace.wientickets.org\/wp-content\/uploads\/2024\/08\/location-of-belvedere-palace.webp 600w, https:\/\/belvederepalace.wientickets.org\/wp-content\/uploads\/2024\/08\/location-of-belvedere-palace-300x200.webp 300w\" sizes=\"(max-width: 600px) 100vw, 600px\" \/>\t\t\t\t\t\t\t\t\t\t\t\t\t\t\t<\/div>\n\t\t\t\t<\/div>\n\t\t\t\t<div class=\"elementor-element elementor-element-6816be7 elementor-widget elementor-widget-heading\" data-id=\"6816be7\" data-element_type=\"widget\" data-widget_type=\"heading.default\">\n\t\t\t\t<div class=\"elementor-widget-container\">\n\t\t\t\t\t<h3 class=\"elementor-heading-title elementor-size-default\"><a href=\"https:\/\/belvederepalace.wientickets.org\/fr\/emplacement-du-chateau-du-belvedere\/\">Emplacement du ch\u00e2teau du Belv\u00e9d\u00e8re<\/a><\/h3>\t\t\t\t<\/div>\n\t\t\t\t<\/div>\n\t\t\t\t<div class=\"elementor-element elementor-element-65dd5e2 elementor-widget elementor-widget-text-editor\" data-id=\"65dd5e2\" data-element_type=\"widget\" data-widget_type=\"text-editor.default\">\n\t\t\t\t<div class=\"elementor-widget-container\">\n\t\t\t\t\t\t\t\t\tLe ch\u00e2teau du Belv\u00e9d\u00e8re est situ\u00e9 dans le troisi\u00e8me arrondissement de Vienne, au Prinz Eugen-Stra\u00dfe 27. L&#8217;emplacement est facilement accessible. Le ch\u00e2teau du Belv\u00e9d\u00e8re offre des installations pour accueillir les visiteurs handicap\u00e9s, notamment des rampes et des ascenseurs. Il est conseill\u00e9 de contacter le ch\u00e2teau \u00e0 l&rsquo;avance pour organiser toute assistance sp\u00e9cifique n\u00e9&#8230;<a href=\"https:\/\/belvederepalace.wientickets.org\/fr\/emplacement-du-chateau-du-belvedere\/\" style=\"color:#7E0009;\"> see more<\/a>   \n\t\t\t\t\t\t\t\t<\/div>\n\t\t\t\t<\/div>\n\t\t\t\t\t<\/div>\n\t\t<\/div>\n\t\t\t\t<div class=\"elementor-column elementor-col-50 elementor-top-column elementor-element elementor-element-b8892f6\" data-id=\"b8892f6\" data-element_type=\"column\">\n\t\t\t<div class=\"elementor-widget-wrap elementor-element-populated\">\n\t\t\t\t\t\t<div class=\"elementor-element elementor-element-e6b9507 elementor-widget elementor-widget-image\" data-id=\"e6b9507\" data-element_type=\"widget\" data-widget_type=\"image.default\">\n\t\t\t\t<div class=\"elementor-widget-container\">\n\t\t\t\t\t\t\t\t\t\t\t\t\t\t\t<img loading=\"lazy\" decoding=\"async\" width=\"600\" height=\"400\" src=\"https:\/\/belvederepalace.wientickets.org\/wp-content\/uploads\/2024\/08\/faqs-about-belvedere-palace.webp\" class=\"attachment-large size-large wp-image-1348\" alt=\"\" srcset=\"https:\/\/belvederepalace.wientickets.org\/wp-content\/uploads\/2024\/08\/faqs-about-belvedere-palace.webp 600w, https:\/\/belvederepalace.wientickets.org\/wp-content\/uploads\/2024\/08\/faqs-about-belvedere-palace-300x200.webp 300w\" sizes=\"(max-width: 600px) 100vw, 600px\" \/>\t\t\t\t\t\t\t\t\t\t\t\t\t\t\t<\/div>\n\t\t\t\t<\/div>\n\t\t\t\t<div class=\"elementor-element elementor-element-e055737 elementor-widget elementor-widget-heading\" data-id=\"e055737\" data-element_type=\"widget\" data-widget_type=\"heading.default\">\n\t\t\t\t<div class=\"elementor-widget-container\">\n\t\t\t\t\t<h3 class=\"elementor-heading-title elementor-size-default\"><a href=\"https:\/\/belvederepalace.wientickets.org\/fr\/faq-sur-les-billets-et-les-visites-du-palais-du-belvedere\/\">FAQ sur le ch\u00e2teau du Belv\u00e9d\u00e8re<\/a><\/h3>\t\t\t\t<\/div>\n\t\t\t\t<\/div>\n\t\t\t\t<div class=\"elementor-element elementor-element-cde8739 elementor-widget elementor-widget-text-editor\" data-id=\"cde8739\" data-element_type=\"widget\" data-widget_type=\"text-editor.default\">\n\t\t\t\t<div class=\"elementor-widget-container\">\n\t\t\t\t\t\t\t\t\tFaire une visite du ch\u00e2teau du Belv\u00e9d\u00e8re est l&rsquo;une des meilleures fa\u00e7ons d&rsquo;appr\u00e9cier pleinement l&rsquo;art et l&rsquo;histoire abrit\u00e9s dans ce site embl\u00e9matique. Des visites sont disponibles en plusieurs langues et r\u00e9pondent \u00e0 diff\u00e9rents int\u00e9r\u00eats, que vous soyez un amateur d&rsquo;art ou un passionn\u00e9 d&rsquo;histoire. Pour rendre votre visite simple et sans tracas, nous allons aborder certains des&#8230; <a href=\"https:\/\/belvederepalace.wientickets.org\/fr\/faq-sur-les-billets-et-les-visites-du-palais-du-belvedere\/\" style=\"color:#7E0009;\">see more<\/a>  \n\t\t\t\t\t\t\t\t<\/div>\n\t\t\t\t<\/div>\n\t\t\t\t\t<\/div>\n\t\t<\/div>\n\t\t\t\t\t<\/div>\n\t\t<\/section>\n\t\t\t\t<\/div>\n\t\t","protected":false},"excerpt":{"rendered":"<p>Palais du Belv\u00e9d\u00e8re inf\u00e9rieur Voici tout ce que vous devez savoir pour visiter le Palais du Belv\u00e9d\u00e8re inf\u00e9rieur, l&rsquo;un des complexes baroques les plus \u00e9poustouflants de Vienne. D\u00e9couvrez ses salles historiques et les expositions temporaires actuelles. R\u00e9server des billets Assistance quand vous en avez besoin Un service client \u00e0 votre enti\u00e8re disposition de 8h00 \u00e0 [&hellip;]<\/p>\n","protected":false},"author":2,"featured_media":1522,"parent":0,"menu_order":0,"comment_status":"closed","ping_status":"closed","template":"elementor_header_footer","meta":{"footnotes":""},"class_list":["post-1521","page","type-page","status-publish","has-post-thumbnail","hentry"],"yoast_head":"<!-- This site is optimized with the Yoast SEO plugin v26.7 - https:\/\/yoast.com\/wordpress\/plugins\/seo\/ -->\n<title>Palais du Belv\u00e9d\u00e8re inf\u00e9rieur | Vaut-il la peine d&#039;\u00eatre visit\u00e9 ?<\/title>\n<meta name=\"description\" content=\"D\u00e9couvrez un guide complet du Palais du Belv\u00e9d\u00e8re inf\u00e9rieur \u00e0 Vienne \u2705 Nous explorons son architecture, son histoire et s&#039;il vaut vraiment la peine d&#039;\u00eatre visit\u00e9.\" \/>\n<meta name=\"robots\" content=\"index, follow, max-snippet:-1, max-image-preview:large, max-video-preview:-1\" \/>\n<link rel=\"canonical\" href=\"https:\/\/belvederepalace.wientickets.org\/fr\/palais-du-belvedere-inferieur\/\" \/>\n<meta property=\"og:locale\" content=\"fr_FR\" \/>\n<meta property=\"og:type\" content=\"article\" \/>\n<meta property=\"og:title\" content=\"Palais du Belv\u00e9d\u00e8re inf\u00e9rieur | Vaut-il la peine d&#039;\u00eatre visit\u00e9 ?\" \/>\n<meta property=\"og:description\" content=\"D\u00e9couvrez un guide complet du Palais du Belv\u00e9d\u00e8re inf\u00e9rieur \u00e0 Vienne \u2705 Nous explorons son architecture, son histoire et s&#039;il vaut vraiment la peine d&#039;\u00eatre visit\u00e9.\" \/>\n<meta property=\"og:url\" content=\"https:\/\/belvederepalace.wientickets.org\/fr\/palais-du-belvedere-inferieur\/\" \/>\n<meta property=\"og:site_name\" content=\"Belvedere Palace Tickets\" \/>\n<meta property=\"article:modified_time\" content=\"2026-04-30T07:15:30+00:00\" \/>\n<meta property=\"og:image\" content=\"https:\/\/belvederepalace.wientickets.org\/wp-content\/uploads\/2025\/11\/lower-belvedere-1.webp\" \/>\n\t<meta property=\"og:image:width\" content=\"1200\" \/>\n\t<meta property=\"og:image:height\" content=\"800\" \/>\n\t<meta property=\"og:image:type\" content=\"image\/webp\" \/>\n<meta name=\"twitter:card\" content=\"summary_large_image\" \/>\n<meta name=\"twitter:label1\" content=\"Dur\u00e9e de lecture estim\u00e9e\" \/>\n\t<meta name=\"twitter:data1\" content=\"15 minutes\" \/>\n<script type=\"application\/ld+json\" class=\"yoast-schema-graph\">{\"@context\":\"https:\/\/schema.org\",\"@graph\":[{\"@type\":\"WebPage\",\"@id\":\"https:\/\/belvederepalace.wientickets.org\/fr\/palais-du-belvedere-inferieur\/\",\"url\":\"https:\/\/belvederepalace.wientickets.org\/fr\/palais-du-belvedere-inferieur\/\",\"name\":\"Palais du Belv\u00e9d\u00e8re inf\u00e9rieur | Vaut-il la peine d'\u00eatre visit\u00e9 ?\",\"isPartOf\":{\"@id\":\"https:\/\/belvederepalace.wientickets.org\/fr\/#website\"},\"primaryImageOfPage\":{\"@id\":\"https:\/\/belvederepalace.wientickets.org\/fr\/palais-du-belvedere-inferieur\/#primaryimage\"},\"image\":{\"@id\":\"https:\/\/belvederepalace.wientickets.org\/fr\/palais-du-belvedere-inferieur\/#primaryimage\"},\"thumbnailUrl\":\"https:\/\/belvederepalace.wientickets.org\/wp-content\/uploads\/2025\/11\/lower-belvedere-1.webp\",\"datePublished\":\"2025-12-23T13:11:58+00:00\",\"dateModified\":\"2026-04-30T07:15:30+00:00\",\"description\":\"D\u00e9couvrez un guide complet du Palais du Belv\u00e9d\u00e8re inf\u00e9rieur \u00e0 Vienne \u2705 Nous explorons son architecture, son histoire et s'il vaut vraiment la peine d'\u00eatre visit\u00e9.\",\"breadcrumb\":{\"@id\":\"https:\/\/belvederepalace.wientickets.org\/fr\/palais-du-belvedere-inferieur\/#breadcrumb\"},\"inLanguage\":\"fr-FR\",\"potentialAction\":[{\"@type\":\"ReadAction\",\"target\":[\"https:\/\/belvederepalace.wientickets.org\/fr\/palais-du-belvedere-inferieur\/\"]}]},{\"@type\":\"ImageObject\",\"inLanguage\":\"fr-FR\",\"@id\":\"https:\/\/belvederepalace.wientickets.org\/fr\/palais-du-belvedere-inferieur\/#primaryimage\",\"url\":\"https:\/\/belvederepalace.wientickets.org\/wp-content\/uploads\/2025\/11\/lower-belvedere-1.webp\",\"contentUrl\":\"https:\/\/belvederepalace.wientickets.org\/wp-content\/uploads\/2025\/11\/lower-belvedere-1.webp\",\"width\":1200,\"height\":800,\"caption\":\"Belv\u00e9d\u00e8re inf\u00e9rieur\"},{\"@type\":\"BreadcrumbList\",\"@id\":\"https:\/\/belvederepalace.wientickets.org\/fr\/palais-du-belvedere-inferieur\/#breadcrumb\",\"itemListElement\":[{\"@type\":\"ListItem\",\"position\":1,\"name\":\"Home\",\"item\":\"https:\/\/belvederepalace.wientickets.org\/fr\/\"},{\"@type\":\"ListItem\",\"position\":2,\"name\":\"Palais du Belv\u00e9d\u00e8re inf\u00e9rieur\"}]},{\"@type\":\"WebSite\",\"@id\":\"https:\/\/belvederepalace.wientickets.org\/fr\/#website\",\"url\":\"https:\/\/belvederepalace.wientickets.org\/fr\/\",\"name\":\"Belvedere Palace Tickets\",\"description\":\"\",\"publisher\":{\"@id\":\"https:\/\/belvederepalace.wientickets.org\/fr\/#organization\"},\"potentialAction\":[{\"@type\":\"SearchAction\",\"target\":{\"@type\":\"EntryPoint\",\"urlTemplate\":\"https:\/\/belvederepalace.wientickets.org\/fr\/?s={search_term_string}\"},\"query-input\":{\"@type\":\"PropertyValueSpecification\",\"valueRequired\":true,\"valueName\":\"search_term_string\"}}],\"inLanguage\":\"fr-FR\"},{\"@type\":\"Organization\",\"@id\":\"https:\/\/belvederepalace.wientickets.org\/fr\/#organization\",\"name\":\"Billets pour le ch\u00e2teau de Belvedere\",\"url\":\"https:\/\/belvederepalace.wientickets.org\/fr\/\",\"logo\":{\"@type\":\"ImageObject\",\"inLanguage\":\"fr-FR\",\"@id\":\"https:\/\/belvederepalace.wientickets.org\/fr\/#\/schema\/logo\/image\/\",\"url\":\"https:\/\/belvederepalace.wientickets.org\/wp-content\/uploads\/2024\/08\/belvedere-palace-tickets-logo.png\",\"contentUrl\":\"https:\/\/belvederepalace.wientickets.org\/wp-content\/uploads\/2024\/08\/belvedere-palace-tickets-logo.png\",\"width\":375,\"height\":70,\"caption\":\"Billets pour le ch\u00e2teau de Belvedere\"},\"image\":{\"@id\":\"https:\/\/belvederepalace.wientickets.org\/fr\/#\/schema\/logo\/image\/\"}}]}<\/script>\n<!-- \/ Yoast SEO plugin. -->","yoast_head_json":{"title":"Palais du Belv\u00e9d\u00e8re inf\u00e9rieur | Vaut-il la peine d'\u00eatre visit\u00e9 ?","description":"D\u00e9couvrez un guide complet du Palais du Belv\u00e9d\u00e8re inf\u00e9rieur \u00e0 Vienne \u2705 Nous explorons son architecture, son histoire et s'il vaut vraiment la peine d'\u00eatre visit\u00e9.","robots":{"index":"index","follow":"follow","max-snippet":"max-snippet:-1","max-image-preview":"max-image-preview:large","max-video-preview":"max-video-preview:-1"},"canonical":"https:\/\/belvederepalace.wientickets.org\/fr\/palais-du-belvedere-inferieur\/","og_locale":"fr_FR","og_type":"article","og_title":"Palais du Belv\u00e9d\u00e8re inf\u00e9rieur | Vaut-il la peine d'\u00eatre visit\u00e9 ?","og_description":"D\u00e9couvrez un guide complet du Palais du Belv\u00e9d\u00e8re inf\u00e9rieur \u00e0 Vienne \u2705 Nous explorons son architecture, son histoire et s'il vaut vraiment la peine d'\u00eatre visit\u00e9.","og_url":"https:\/\/belvederepalace.wientickets.org\/fr\/palais-du-belvedere-inferieur\/","og_site_name":"Belvedere Palace Tickets","article_modified_time":"2026-04-30T07:15:30+00:00","og_image":[{"width":1200,"height":800,"url":"https:\/\/belvederepalace.wientickets.org\/wp-content\/uploads\/2025\/11\/lower-belvedere-1.webp","type":"image\/webp"}],"twitter_card":"summary_large_image","twitter_misc":{"Dur\u00e9e de lecture estim\u00e9e":"15 minutes"},"schema":{"@context":"https:\/\/schema.org","@graph":[{"@type":"WebPage","@id":"https:\/\/belvederepalace.wientickets.org\/fr\/palais-du-belvedere-inferieur\/","url":"https:\/\/belvederepalace.wientickets.org\/fr\/palais-du-belvedere-inferieur\/","name":"Palais du Belv\u00e9d\u00e8re inf\u00e9rieur | Vaut-il la peine d'\u00eatre visit\u00e9 ?","isPartOf":{"@id":"https:\/\/belvederepalace.wientickets.org\/fr\/#website"},"primaryImageOfPage":{"@id":"https:\/\/belvederepalace.wientickets.org\/fr\/palais-du-belvedere-inferieur\/#primaryimage"},"image":{"@id":"https:\/\/belvederepalace.wientickets.org\/fr\/palais-du-belvedere-inferieur\/#primaryimage"},"thumbnailUrl":"https:\/\/belvederepalace.wientickets.org\/wp-content\/uploads\/2025\/11\/lower-belvedere-1.webp","datePublished":"2025-12-23T13:11:58+00:00","dateModified":"2026-04-30T07:15:30+00:00","description":"D\u00e9couvrez un guide complet du Palais du Belv\u00e9d\u00e8re inf\u00e9rieur \u00e0 Vienne \u2705 Nous explorons son architecture, son histoire et s'il vaut vraiment la peine d'\u00eatre visit\u00e9.","breadcrumb":{"@id":"https:\/\/belvederepalace.wientickets.org\/fr\/palais-du-belvedere-inferieur\/#breadcrumb"},"inLanguage":"fr-FR","potentialAction":[{"@type":"ReadAction","target":["https:\/\/belvederepalace.wientickets.org\/fr\/palais-du-belvedere-inferieur\/"]}]},{"@type":"ImageObject","inLanguage":"fr-FR","@id":"https:\/\/belvederepalace.wientickets.org\/fr\/palais-du-belvedere-inferieur\/#primaryimage","url":"https:\/\/belvederepalace.wientickets.org\/wp-content\/uploads\/2025\/11\/lower-belvedere-1.webp","contentUrl":"https:\/\/belvederepalace.wientickets.org\/wp-content\/uploads\/2025\/11\/lower-belvedere-1.webp","width":1200,"height":800,"caption":"Belv\u00e9d\u00e8re inf\u00e9rieur"},{"@type":"BreadcrumbList","@id":"https:\/\/belvederepalace.wientickets.org\/fr\/palais-du-belvedere-inferieur\/#breadcrumb","itemListElement":[{"@type":"ListItem","position":1,"name":"Home","item":"https:\/\/belvederepalace.wientickets.org\/fr\/"},{"@type":"ListItem","position":2,"name":"Palais du Belv\u00e9d\u00e8re inf\u00e9rieur"}]},{"@type":"WebSite","@id":"https:\/\/belvederepalace.wientickets.org\/fr\/#website","url":"https:\/\/belvederepalace.wientickets.org\/fr\/","name":"Belvedere Palace Tickets","description":"","publisher":{"@id":"https:\/\/belvederepalace.wientickets.org\/fr\/#organization"},"potentialAction":[{"@type":"SearchAction","target":{"@type":"EntryPoint","urlTemplate":"https:\/\/belvederepalace.wientickets.org\/fr\/?s={search_term_string}"},"query-input":{"@type":"PropertyValueSpecification","valueRequired":true,"valueName":"search_term_string"}}],"inLanguage":"fr-FR"},{"@type":"Organization","@id":"https:\/\/belvederepalace.wientickets.org\/fr\/#organization","name":"Billets pour le ch\u00e2teau de Belvedere","url":"https:\/\/belvederepalace.wientickets.org\/fr\/","logo":{"@type":"ImageObject","inLanguage":"fr-FR","@id":"https:\/\/belvederepalace.wientickets.org\/fr\/#\/schema\/logo\/image\/","url":"https:\/\/belvederepalace.wientickets.org\/wp-content\/uploads\/2024\/08\/belvedere-palace-tickets-logo.png","contentUrl":"https:\/\/belvederepalace.wientickets.org\/wp-content\/uploads\/2024\/08\/belvedere-palace-tickets-logo.png","width":375,"height":70,"caption":"Billets pour le ch\u00e2teau de Belvedere"},"image":{"@id":"https:\/\/belvederepalace.wientickets.org\/fr\/#\/schema\/logo\/image\/"}}]}},"_links":{"self":[{"href":"https:\/\/belvederepalace.wientickets.org\/fr\/wp-json\/wp\/v2\/pages\/1521","targetHints":{"allow":["GET"]}}],"collection":[{"href":"https:\/\/belvederepalace.wientickets.org\/fr\/wp-json\/wp\/v2\/pages"}],"about":[{"href":"https:\/\/belvederepalace.wientickets.org\/fr\/wp-json\/wp\/v2\/types\/page"}],"author":[{"embeddable":true,"href":"https:\/\/belvederepalace.wientickets.org\/fr\/wp-json\/wp\/v2\/users\/2"}],"replies":[{"embeddable":true,"href":"https:\/\/belvederepalace.wientickets.org\/fr\/wp-json\/wp\/v2\/comments?post=1521"}],"version-history":[{"count":42,"href":"https:\/\/belvederepalace.wientickets.org\/fr\/wp-json\/wp\/v2\/pages\/1521\/revisions"}],"predecessor-version":[{"id":3197,"href":"https:\/\/belvederepalace.wientickets.org\/fr\/wp-json\/wp\/v2\/pages\/1521\/revisions\/3197"}],"wp:featuredmedia":[{"embeddable":true,"href":"https:\/\/belvederepalace.wientickets.org\/fr\/wp-json\/wp\/v2\/media\/1522"}],"wp:attachment":[{"href":"https:\/\/belvederepalace.wientickets.org\/fr\/wp-json\/wp\/v2\/media?parent=1521"}],"curies":[{"name":"wp","href":"https:\/\/api.w.org\/{rel}","templated":true}]}}