{"id":1552,"date":"2025-12-12T07:29:27","date_gmt":"2025-12-12T07:29:27","guid":{"rendered":"https:\/\/belvederepalace.wientickets.org\/belvedere-superieur-ou-inferieur\/"},"modified":"2026-02-13T07:58:47","modified_gmt":"2026-02-13T07:58:47","slug":"belvedere-superieur-ou-inferieur","status":"publish","type":"page","link":"https:\/\/belvederepalace.wientickets.org\/fr\/belvedere-superieur-ou-inferieur\/","title":{"rendered":"Belv\u00e9d\u00e8re sup\u00e9rieur ou inf\u00e9rieur"},"content":{"rendered":"\t\t<div data-elementor-type=\"wp-page\" data-elementor-id=\"1552\" class=\"elementor elementor-1552 elementor-762\">\n\t\t\t\t\t\t<section class=\"elementor-section elementor-top-section elementor-element elementor-element-c87d905 elementor-section-height-min-height elementor-section-boxed elementor-section-height-default elementor-section-items-middle\" data-id=\"c87d905\" data-element_type=\"section\" data-settings=\"{&quot;background_background&quot;:&quot;classic&quot;}\">\n\t\t\t\t\t\t\t<div class=\"elementor-background-overlay\"><\/div>\n\t\t\t\t\t\t\t<div class=\"elementor-container elementor-column-gap-default\">\n\t\t\t\t\t<div class=\"elementor-column elementor-col-50 elementor-top-column elementor-element elementor-element-e8b3199\" data-id=\"e8b3199\" data-element_type=\"column\">\n\t\t\t<div class=\"elementor-widget-wrap elementor-element-populated\">\n\t\t\t\t\t\t<div class=\"elementor-element elementor-element-84497d4 elementor-widget elementor-widget-heading\" data-id=\"84497d4\" data-element_type=\"widget\" data-widget_type=\"heading.default\">\n\t\t\t\t<div class=\"elementor-widget-container\">\n\t\t\t\t\t<h1 class=\"elementor-heading-title elementor-size-default\">Belv\u00e9d\u00e8re sup\u00e9rieur ou inf\u00e9rieur<\/h1>\t\t\t\t<\/div>\n\t\t\t\t<\/div>\n\t\t\t\t<div class=\"elementor-element elementor-element-b3e247b elementor-widget elementor-widget-text-editor\" data-id=\"b3e247b\" data-element_type=\"widget\" data-widget_type=\"text-editor.default\">\n\t\t\t\t<div class=\"elementor-widget-container\">\n\t\t\t\t\t\t\t\t\t<p>Avant de vous rendre \u00e0 Vienne, vous devriez conna\u00eetre les <strong>diff\u00e9rences entre le Belv\u00e9d\u00e8re sup\u00e9rieur et le Belv\u00e9d\u00e8re inf\u00e9rieur<\/strong>. Ci-dessous, nous d\u00e9taillons les aspects cl\u00e9s des deux mus\u00e9es pour vous aider \u00e0 choisir celui qui vous convient. <\/p>\t\t\t\t\t\t\t\t<\/div>\n\t\t\t\t<\/div>\n\t\t\t\t\t<\/div>\n\t\t<\/div>\n\t\t\t\t<div class=\"elementor-column elementor-col-50 elementor-top-column elementor-element elementor-element-f77e5b8\" data-id=\"f77e5b8\" data-element_type=\"column\">\n\t\t\t<div class=\"elementor-widget-wrap\">\n\t\t\t\t\t\t\t<\/div>\n\t\t<\/div>\n\t\t\t\t\t<\/div>\n\t\t<\/section>\n\t\t\t\t<section class=\"elementor-section elementor-top-section elementor-element elementor-element-4023707 elementor-section-height-min-height elementor-section-boxed elementor-section-height-default elementor-section-items-middle\" data-id=\"4023707\" data-element_type=\"section\" data-settings=\"{&quot;background_background&quot;:&quot;classic&quot;}\">\n\t\t\t\t\t\t<div class=\"elementor-container elementor-column-gap-default\">\n\t\t\t\t\t<div class=\"elementor-column elementor-col-100 elementor-top-column elementor-element elementor-element-af4518c\" data-id=\"af4518c\" data-element_type=\"column\">\n\t\t\t<div class=\"elementor-widget-wrap\">\n\t\t\t\t\t\t\t<\/div>\n\t\t<\/div>\n\t\t\t\t\t<\/div>\n\t\t<\/section>\n\t\t\t\t<section class=\"elementor-section elementor-top-section elementor-element elementor-element-8544994 elementor-section-boxed elementor-section-height-default elementor-section-height-default\" data-id=\"8544994\" data-element_type=\"section\">\n\t\t\t\t\t\t<div class=\"elementor-container elementor-column-gap-default\">\n\t\t\t\t\t<div class=\"elementor-column elementor-col-50 elementor-top-column elementor-element elementor-element-6ba9f0c elementor-hidden-mobile\" data-id=\"6ba9f0c\" data-element_type=\"column\">\n\t\t\t<div class=\"elementor-widget-wrap elementor-element-populated\">\n\t\t\t\t\t\t<div class=\"elementor-element elementor-element-a80a097 elementor-widget elementor-widget-heading\" data-id=\"a80a097\" data-element_type=\"widget\" data-widget_type=\"heading.default\">\n\t\t\t\t<div class=\"elementor-widget-container\">\n\t\t\t\t\t<p class=\"elementor-heading-title elementor-size-default\"><a href=\"https:\/\/belvederepalace.wientickets.org\/fr\/heures-douverture-du-palais-du-belvedere\/\">Horaires d'ouverture<\/a><\/p>\t\t\t\t<\/div>\n\t\t\t\t<\/div>\n\t\t\t\t<div class=\"elementor-element elementor-element-c1e54e1 elementor-widget elementor-widget-heading\" data-id=\"c1e54e1\" data-element_type=\"widget\" data-widget_type=\"heading.default\">\n\t\t\t\t<div class=\"elementor-widget-container\">\n\t\t\t\t\t<p class=\"elementor-heading-title elementor-size-default\"><a href=\"https:\/\/belvederepalace.wientickets.org\/fr\/emplacement-du-chateau-du-belvedere\/\">Comment s'y rendre<\/a><\/p>\t\t\t\t<\/div>\n\t\t\t\t<\/div>\n\t\t\t\t<div class=\"elementor-element elementor-element-c746e74 elementor-widget elementor-widget-heading\" data-id=\"c746e74\" data-element_type=\"widget\" data-widget_type=\"heading.default\">\n\t\t\t\t<div class=\"elementor-widget-container\">\n\t\t\t\t\t<p class=\"elementor-heading-title elementor-size-default\"><a href=\"https:\/\/belvederepalace.wientickets.org\/fr\/plan-du-chateau-du-belvedere\/\">Plan et entr\u00e9e<\/a><\/p>\t\t\t\t<\/div>\n\t\t\t\t<\/div>\n\t\t\t\t<div class=\"elementor-element elementor-element-de6ddbe elementor-widget elementor-widget-heading\" data-id=\"de6ddbe\" data-element_type=\"widget\" data-widget_type=\"heading.default\">\n\t\t\t\t<div class=\"elementor-widget-container\">\n\t\t\t\t\t<p class=\"elementor-heading-title elementor-size-default\">Belv\u00e9d\u00e8re sup\u00e9rieur ou inf\u00e9rieur<\/p>\t\t\t\t<\/div>\n\t\t\t\t<\/div>\n\t\t\t\t<div class=\"elementor-element elementor-element-6e9fd7e elementor-widget elementor-widget-heading\" data-id=\"6e9fd7e\" data-element_type=\"widget\" data-widget_type=\"heading.default\">\n\t\t\t\t<div class=\"elementor-widget-container\">\n\t\t\t\t\t<p class=\"elementor-heading-title elementor-size-default\"><a href=\"https:\/\/belvederepalace.wientickets.org\/fr\/marche-de-noel-du-belvedere\/\">March\u00e9 de No\u00ebl<\/a><\/p>\t\t\t\t<\/div>\n\t\t\t\t<\/div>\n\t\t\t\t<div class=\"elementor-element elementor-element-0a64ba1 elementor-widget elementor-widget-heading\" data-id=\"0a64ba1\" data-element_type=\"widget\" data-widget_type=\"heading.default\">\n\t\t\t\t<div class=\"elementor-widget-container\">\n\t\t\t\t\t<p class=\"elementor-heading-title elementor-size-default\"><a href=\"https:\/\/belvederepalace.wientickets.org\/fr\/palais-du-belvedere-contre-chateau-de-schonbrunn\/\">Belv\u00e9d\u00e8re ou Sch\u00f6nbrunn<\/a><\/p>\t\t\t\t<\/div>\n\t\t\t\t<\/div>\n\t\t\t\t\t<\/div>\n\t\t<\/div>\n\t\t\t\t<div class=\"elementor-column elementor-col-50 elementor-top-column elementor-element elementor-element-f5ec307\" data-id=\"f5ec307\" data-element_type=\"column\">\n\t\t\t<div class=\"elementor-widget-wrap elementor-element-populated\">\n\t\t\t\t\t\t<div class=\"elementor-element elementor-element-94cfd79 elementor-widget elementor-widget-heading\" data-id=\"94cfd79\" data-element_type=\"widget\" data-widget_type=\"heading.default\">\n\t\t\t\t<div class=\"elementor-widget-container\">\n\t\t\t\t\t<h2 class=\"elementor-heading-title elementor-size-default\">Quelle est la diff\u00e9rence entre le Belv\u00e9d\u00e8re inf\u00e9rieur et le Belv\u00e9d\u00e8re sup\u00e9rieur ?<\/h2>\t\t\t\t<\/div>\n\t\t\t\t<\/div>\n\t\t\t\t<div class=\"elementor-element elementor-element-6ca7f1c elementor-widget elementor-widget-text-editor\" data-id=\"6ca7f1c\" data-element_type=\"widget\" data-widget_type=\"text-editor.default\">\n\t\t\t\t<div class=\"elementor-widget-container\">\n\t\t\t\t\t\t\t\t\t<p>Avant de \u00ab confronter \u00bb le <strong>Belv\u00e9d\u00e8re sup\u00e9rieur VS le Belv\u00e9d\u00e8re inf\u00e9rieur<\/strong>, vous devez comprendre que la principale diff\u00e9rence entre les deux mus\u00e9es r\u00e9side dans la collection que chacun abrite, un aspect auquel vous accordez probablement le plus d&rsquo;importance si vous \u00eates un amateur d&rsquo;art.<\/p>\n<p>Le <b>Belv\u00e9d\u00e8re sup\u00e9rieur<\/b> abrite la plus importante <b>collection d&rsquo;art permanente<\/b>, mettant en avant, surtout, le modernisme viennois, avec des \u0153uvres embl\u00e9matiques comme <i>Le Baiser<\/i> de Gustav Klimt. En revanche, le <b>Belv\u00e9d\u00e8re inf\u00e9rieur<\/b> se concentre davantage sur l&rsquo;accueil d&rsquo;<b>expositions temporaires<\/b> et la pr\u00e9sentation de l&rsquo;opulence des anciennes salles r\u00e9sidentielles du palais. <\/p>\n<p>Pour mieux comprendre cela, revenons \u00e0 la rubrique&nbsp;l<a href=\"https:\/\/belvederepalace.wientickets.org\/fr\/histoire-du-palais-du-belvedere\/\" target=\"_blank\">&lsquo;histoire des deux b\u00e2timents<\/a>. Le palais du Belv\u00e9d\u00e8re est en fait un complexe de deux palais baroques, <u>con\u00e7u par Johann Lukas von Hildebrandt<\/u> pour le prince Eug\u00e8ne de Savoie. Le prince Eug\u00e8ne utilisait le palais comme r\u00e9sidence d&rsquo;\u00e9t\u00e9.  <\/p>\n<p><b>Le Belv\u00e9d\u00e8re sup\u00e9rieur<\/b>, situ\u00e9 dans la partie haute des <a href=\"https:\/\/belvederepalace.wientickets.org\/fr\/belvedere-schlossgarten-jardins\/\">jardins<\/a>, \u00e9tait principalement <b>utilis\u00e9 pour les c\u00e9r\u00e9monies et les fonctions de repr\u00e9sentation<\/b>, tandis que <b>le Belv\u00e9d\u00e8re inf\u00e9rieur<\/b>, situ\u00e9 dans la partie basse des jardins, <b>\u00e9tait son palais r\u00e9sidentiel<\/b>. Ainsi, en substance, l&rsquo;un servait \u00e0 \u00ab\u00a0se montrer\u00a0\u00bb et l&rsquo;autre \u00e0 vivre.<\/p>\n<p>Aujourd&rsquo;hui, cette distinction historique se refl\u00e8te dans son utilisation comme mus\u00e9e. <b>Le Belv\u00e9d\u00e8re sup\u00e9rieur est le plus c\u00e9l\u00e8bre et le plus fr\u00e9quent\u00e9<\/b>, gr\u00e2ce \u00e0 son impressionnante collection permanente. \u00c0 l&rsquo;int\u00e9rieur, vous trouverez la salle de marbre, un espace spectaculaire, en plus des salles d\u00e9di\u00e9es \u00e0 la collection d&rsquo;art, qui s&rsquo;\u00e9tend du Moyen \u00c2ge au XXe si\u00e8cle, avec, bien s\u00fbr, la salle d\u00e9di\u00e9e \u00e0 Klimt comme point culminant. <\/p>\n<p><b>Le <a style=\"color: #7e0009;\" href=\"https:\/\/belvederepalace.wientickets.org\/fr\/palais-du-belvedere-inferieur\/\">Belv\u00e9d\u00e8re inf\u00e9rieur<\/a><\/b>, quant \u00e0 lui, m\u00eame s&rsquo;il ne poss\u00e8de pas la collection permanente la plus c\u00e9l\u00e8bre, <b>est un tr\u00e9sor en soi<\/b>. En le visitant, vous pourrez vous faire une id\u00e9e de la vie dans un palais baroque, en parcourant des espaces historiques comme la Galerie de marbre, la Salle des grotesques ou le Salon d&rsquo;or. En outre, des espaces sont consacr\u00e9s \u00e0 des expositions d&rsquo;art, ce qui lui conf\u00e8re un caract\u00e8re beaucoup plus dynamique et changeant.<\/p>\n<p>Les deux sont reli\u00e9s par de magnifiques jardins baroques (dont nous parlerons plus tard), qui sont parfaits pour une promenade et sont situ\u00e9s dans le 3e arrondissement de Vienne, Landstra\u00dfe. <b>Le Belv\u00e9d\u00e8re sup\u00e9rieur se trouve Prinz-Eugen-Stra\u00dfe 27 et le Belv\u00e9d\u00e8re inf\u00e9rieur se trouve Rennweg 6<\/b>.<\/p>\n<p>Pour tout voir d&rsquo;un coup d&rsquo;\u0153il, nous avons pr\u00e9par\u00e9 ce tableau comparatif entre <b>le Belv\u00e9d\u00e8re sup\u00e9rieur VS le Belv\u00e9d\u00e8re inf\u00e9rieur<\/b> :<\/p>\t\t\t\t\t\t\t\t<\/div>\n\t\t\t\t<\/div>\n\t\t\t\t<div class=\"elementor-element elementor-element-e9fe218 elementor-widget elementor-widget-html\" data-id=\"e9fe218\" data-element_type=\"widget\" data-widget_type=\"html.default\">\n\t\t\t\t<div class=\"elementor-widget-container\">\n\t\t\t\t\t<style>\r\n  \/* General table styles *\/\r\n  table {\r\n    width: 100%;\r\n    border-collapse: collapse;\r\n    margin: 10px 0;\r\n    font-size: 1em;\r\n    font-family: sans-serif;\r\n    box-shadow: 0 0 20px rgba(0, 0, 0, 0.15);\r\n  }\r\n\r\n  \/* Header color *\/\r\n  table thead tr {\r\n    background-color: #7E0009 !important;\r\n    color: #ffffff;\r\n    text-align: left;\r\n  }\r\n\r\n  table th,\r\n  table td {\r\n    padding: 12px 15px;\r\n  }\r\n\r\n  table tbody tr {\r\n    border-bottom: 1px solid #dddddd;\r\n  }\r\n\r\n  table tbody tr:nth-of-type(even) {\r\n    background-color: #f3f3f3;\r\n  }\r\n\r\n  table tbody tr:last-of-type {\r\n    border-bottom: 2px solid #7E0009;\r\n  }\r\n\r\n  \/* MOBILE STYLES *\/\r\n  @media screen and (max-width: 600px) {\r\n    table {\r\n      border: 0;\r\n    }\r\n    \r\n    table thead {\r\n      display: none;\r\n    }\r\n    \r\n    table tr {\r\n      display: block;\r\n      margin-bottom: 20px;\r\n      border-bottom: 3px solid #7E0009;\r\n    }\r\n    \r\n    table td {\r\n      display: block;\r\n      text-align: right;\r\n      border-bottom: 1px dotted #ccc;\r\n      font-size: 0.9em;\r\n    }\r\n    \r\n    table td:last-child {\r\n      border-bottom: 0;\r\n    }\r\n    \r\n    table td::before {\r\n      content: attr(data-label);\r\n      float: left;\r\n      font-weight: bold;\r\n      text-transform: uppercase;\r\n    }\r\n  }\r\n<\/style>\r\n\r\n<table>\r\n  <thead>\r\n    <tr>\r\n      <th>Caract\u00e9ristique<\/th>\r\n      <th>Belv\u00e9d\u00e8re sup\u00e9rieur<\/th>\r\n      <th>Belv\u00e9d\u00e8re inf\u00e9rieur<\/th>\r\n    <\/tr>\r\n  <\/thead>\r\n  <tbody>\r\n    <tr>\r\n      <td data-label=\"Feature\">Objectif principal<\/td>\r\n      <td data-label=\"Upper Belvedere\">Collection d'art permanente (modernisme viennois, y compris Le Baiser de Klimt)<\/td>\r\n      <td data-label=\"Lower Belvedere\">Expositions temporaires et int\u00e9rieurs historiques<\/td>\r\n    <\/tr>\r\n    <tr>\r\n      <td data-label=\"Feature\">Fonction historique<\/td>\r\n      <td data-label=\"Upper Belvedere\">R\u00e9sidence de c\u00e9r\u00e9monie<\/td>\r\n      <td data-label=\"Lower Belvedere\">Palais r\u00e9sidentiel du prince Eug\u00e8ne<\/td>\r\n    <\/tr>\r\n    <tr>\r\n      <td data-label=\"Feature\">Espaces cl\u00e9s<\/td>\r\n      <td data-label=\"Upper Belvedere\">Salle de marbre et salles d'art permanent<\/td>\r\n      <td data-label=\"Lower Belvedere\">Galerie de marbre, salle des grotesques, salle dor\u00e9e<\/td>\r\n    <\/tr>\r\n    <tr>\r\n      <td data-label=\"Feature\">Emplacement<\/td>\r\n      <td data-label=\"Upper Belvedere\">Partie haute des jardins<\/td>\r\n      <td data-label=\"Lower Belvedere\">Partie basse des jardins (comprend l'Orangerie et les \u00e9curies du palais)<\/td>\r\n    <\/tr>\r\n  <\/tbody>\r\n<\/table>\r\n\t\t\t\t<\/div>\n\t\t\t\t<\/div>\n\t\t\t\t<div class=\"elementor-element elementor-element-78e65d2 elementor-widget elementor-widget-heading\" data-id=\"78e65d2\" data-element_type=\"widget\" data-widget_type=\"heading.default\">\n\t\t\t\t<div class=\"elementor-widget-container\">\n\t\t\t\t\t<h3 class=\"elementor-heading-title elementor-size-default\">Les deux valent-ils la peine d'\u00eatre visit\u00e9s ?<\/h3>\t\t\t\t<\/div>\n\t\t\t\t<\/div>\n\t\t\t\t<div class=\"elementor-element elementor-element-f5ce3f1 elementor-widget elementor-widget-text-editor\" data-id=\"f5ce3f1\" data-element_type=\"widget\" data-widget_type=\"text-editor.default\">\n\t\t\t\t<div class=\"elementor-widget-container\">\n\t\t\t\t\t\t\t\t\t<p><b>La r\u00e9ponse courte est : oui<\/b>. Surtout si vous avez suffisamment de temps. Dans ce cas, nous vous recommandons de visiter les deux espaces, bien que nous comprenions que le temps peut \u00eatre limit\u00e9 pendant votre voyage.  <\/p>\n<p>Si votre principal int\u00e9r\u00eat est de <b>voir des chefs-d&rsquo;\u0153uvre<\/b>, en particulier le c\u00e9l\u00e8bre <b>\u00ab\u202f<i>Baiser<\/i><\/b> de Gustav Klimt <span style=\"font-weight: bold;\">\u202f\u00bb<\/span>, alors <b>le Belv\u00e9d\u00e8re sup\u00e9rieur est un incontournable<\/b> et devrait \u00eatre votre priorit\u00e9 lors de votre visite \u00e0 Vienne. Sa collection permanente est de classe mondiale et ne vous d\u00e9cevra pas.<\/p>\t\t\t\t\t\t\t\t<\/div>\n\t\t\t\t<\/div>\n\t\t\t\t<div class=\"elementor-element elementor-element-2bf5b63 elementor-widget elementor-widget-image\" data-id=\"2bf5b63\" data-element_type=\"widget\" data-widget_type=\"image.default\">\n\t\t\t\t<div class=\"elementor-widget-container\">\n\t\t\t\t\t\t\t\t\t\t\t\t\t\t\t<img fetchpriority=\"high\" decoding=\"async\" width=\"800\" height=\"798\" src=\"https:\/\/belvederepalace.wientickets.org\/wp-content\/uploads\/2025\/11\/gustav-klimt-the-kiss.webp\" class=\"attachment-large size-large wp-image-1553\" alt=\"Le Baiser de Gustav Klimt\" srcset=\"https:\/\/belvederepalace.wientickets.org\/wp-content\/uploads\/2025\/11\/gustav-klimt-the-kiss.webp 1024w, https:\/\/belvederepalace.wientickets.org\/wp-content\/uploads\/2025\/11\/gustav-klimt-the-kiss-300x300.webp 300w, https:\/\/belvederepalace.wientickets.org\/wp-content\/uploads\/2025\/11\/gustav-klimt-the-kiss-150x150.webp 150w, https:\/\/belvederepalace.wientickets.org\/wp-content\/uploads\/2025\/11\/gustav-klimt-the-kiss-768x766.webp 768w\" sizes=\"(max-width: 800px) 100vw, 800px\" \/>\t\t\t\t\t\t\t\t\t\t\t\t\t\t\t<\/div>\n\t\t\t\t<\/div>\n\t\t\t\t<div class=\"elementor-element elementor-element-8131117 elementor-widget elementor-widget-text-editor\" data-id=\"8131117\" data-element_type=\"widget\" data-widget_type=\"text-editor.default\">\n\t\t\t\t<div class=\"elementor-widget-container\">\n\t\t\t\t\t\t\t\t\t<p>D&rsquo;un autre c\u00f4t\u00e9, <b>le Belv\u00e9d\u00e8re inf\u00e9rieur<\/b> vous offre une exp\u00e9rience diff\u00e9rente. Comme nous l&rsquo;avons mentionn\u00e9 pr\u00e9c\u00e9demment, il se concentre sur les expositions temporaires. Cela signifie que <b>son attrait change constamment<\/b>, ce qui est un plus si vous aimez la vari\u00e9t\u00e9 ou si vous \u00eates d\u00e9j\u00e0 venu. Par cons\u00e9quent, il vaut la peine de consulter leur site web avant d&rsquo;y aller pour voir quelle exposition temporaire est pr\u00e9vue, juste pour vous assurer que le sujet vous int\u00e9resse vraiment. De plus, <b>les salles historiques du Belv\u00e9d\u00e8re inf\u00e9rieur sont fascinantes<\/b> et vous permettent de vous connecter avec l&rsquo;histoire du palais d&rsquo;une mani\u00e8re diff\u00e9rente, ce qui se traduit par un compl\u00e9ment parfait au Belv\u00e9d\u00e8re sup\u00e9rieur. Il ne s&rsquo;agit pas seulement d&rsquo;art, mais aussi d&rsquo;architecture et d&rsquo;histoire de la vie palatiale.     <\/p>\t\t\t\t\t\t\t\t<\/div>\n\t\t\t\t<\/div>\n\t\t\t\t<div class=\"elementor-element elementor-element-b32ac1e elementor-widget elementor-widget-image\" data-id=\"b32ac1e\" data-element_type=\"widget\" data-widget_type=\"image.default\">\n\t\t\t\t<div class=\"elementor-widget-container\">\n\t\t\t\t\t\t\t\t\t\t\t\t\t\t\t<img decoding=\"async\" width=\"800\" height=\"534\" src=\"https:\/\/belvederepalace.wientickets.org\/wp-content\/uploads\/2025\/11\/lower-belvedere-1-1024x683.webp\" class=\"attachment-large size-large wp-image-1522\" alt=\"Belv\u00e9d\u00e8re inf\u00e9rieur\" srcset=\"https:\/\/belvederepalace.wientickets.org\/wp-content\/uploads\/2025\/11\/lower-belvedere-1-1024x683.webp 1024w, https:\/\/belvederepalace.wientickets.org\/wp-content\/uploads\/2025\/11\/lower-belvedere-1-300x200.webp 300w, https:\/\/belvederepalace.wientickets.org\/wp-content\/uploads\/2025\/11\/lower-belvedere-1-768x512.webp 768w, https:\/\/belvederepalace.wientickets.org\/wp-content\/uploads\/2025\/11\/lower-belvedere-1.webp 1200w\" sizes=\"(max-width: 800px) 100vw, 800px\" \/>\t\t\t\t\t\t\t\t\t\t\t\t\t\t\t<\/div>\n\t\t\t\t<\/div>\n\t\t\t\t<div class=\"elementor-element elementor-element-0513b4e elementor-widget elementor-widget-text-editor\" data-id=\"0513b4e\" data-element_type=\"widget\" data-widget_type=\"text-editor.default\">\n\t\t\t\t<div class=\"elementor-widget-container\">\n\t\t\t\t\t\t\t\t\t<div style=\"text-align: center;\">Photo : \u00ab <a id=\"yui_3_16_0_1_1765469381636_2571\" title=\"Austria-03441 - Lower Belvedere Palace\" href=\"https:\/\/www.flickr.com\/photos\/archer10\/32812811091\" target=\"_blank\" rel=\"noopener noreferrer\" style=\"color:#7E0009;\">Austria-03441 &#8211; Lower Belvedere Palace<\/a> \u00bb par <a id=\"yui_3_16_0_1_1765469381636_2570\" href=\"https:\/\/www.flickr.com\/photos\/archer10\/\" target=\"_blank\" rel=\"noopener noreferrer\" style=\"color:#7E0009;\">Dennis Jarvis<\/a>, <a href=\"https:\/\/creativecommons.org\/licenses\/by-sa\/2.0\/deed.es\" target=\"_blank\" rel=\"license noopener noreferrer\" style=\"color:#7E0009;\">CC BY-SA 2.0<\/a>.<\/div>\n\t\t\t\t\t\t\t\t<\/div>\n\t\t\t\t<\/div>\n\t\t\t\t<div class=\"elementor-element elementor-element-170fd13 elementor-widget elementor-widget-heading\" data-id=\"170fd13\" data-element_type=\"widget\" data-widget_type=\"heading.default\">\n\t\t\t\t<div class=\"elementor-widget-container\">\n\t\t\t\t\t<h3 class=\"elementor-heading-title elementor-size-default\">Ai-je besoin d'un billet pour le Belv\u00e9d\u00e8re sup\u00e9rieur ou inf\u00e9rieur ?<\/h3>\t\t\t\t<\/div>\n\t\t\t\t<\/div>\n\t\t\t\t<div class=\"elementor-element elementor-element-faba783 elementor-widget elementor-widget-text-editor\" data-id=\"faba783\" data-element_type=\"widget\" data-widget_type=\"text-editor.default\">\n\t\t\t\t<div class=\"elementor-widget-container\">\n\t\t\t\t\t\t\t\t\t<p><b>Oui, vous avez besoin d&rsquo;un billet pour le Belv\u00e9d\u00e8re sup\u00e9rieur et inf\u00e9rieur<\/b>, car les deux sont des mus\u00e9es ind\u00e9pendants et, par cons\u00e9quent, n\u00e9cessitent un billet d&rsquo;entr\u00e9e pour visiter les int\u00e9rieurs. Il est important de savoir que les billets sont vendus s\u00e9par\u00e9ment pour chacun, ou vous pouvez \u00e9galement acheter un billet combin\u00e9 qui vous donne acc\u00e8s aux deux (ce qui finit souvent par \u00eatre plus \u00e9conomique). <\/p><p>La bonne nouvelle est que le splendide <b>jardin ext\u00e9rieur<\/b> qui relie le Belv\u00e9d\u00e8re sup\u00e9rieur et inf\u00e9rieur est <b>enti\u00e8rement gratuit<\/b>. Vous pouvez entrer et sortir des jardins quand vous le souhaitez, sans frais ! <\/p>\t\t\t\t\t\t\t\t<\/div>\n\t\t\t\t<\/div>\n\t\t\t\t<div class=\"elementor-element elementor-element-7547e06 elementor-widget elementor-widget-image\" data-id=\"7547e06\" data-element_type=\"widget\" data-widget_type=\"image.default\">\n\t\t\t\t<div class=\"elementor-widget-container\">\n\t\t\t\t\t\t\t\t\t\t\t\t\t\t\t<img decoding=\"async\" width=\"800\" height=\"536\" src=\"https:\/\/belvederepalace.wientickets.org\/wp-content\/uploads\/2025\/12\/belvedere-palace-garden-1024x686.webp\" class=\"attachment-large size-large wp-image-1554\" alt=\"Jardin du palais du Belv\u00e9d\u00e8re\" srcset=\"https:\/\/belvederepalace.wientickets.org\/wp-content\/uploads\/2025\/12\/belvedere-palace-garden-1024x686.webp 1024w, https:\/\/belvederepalace.wientickets.org\/wp-content\/uploads\/2025\/12\/belvedere-palace-garden-300x201.webp 300w, https:\/\/belvederepalace.wientickets.org\/wp-content\/uploads\/2025\/12\/belvedere-palace-garden-768x514.webp 768w, https:\/\/belvederepalace.wientickets.org\/wp-content\/uploads\/2025\/12\/belvedere-palace-garden.webp 1280w\" sizes=\"(max-width: 800px) 100vw, 800px\" \/>\t\t\t\t\t\t\t\t\t\t\t\t\t\t\t<\/div>\n\t\t\t\t<\/div>\n\t\t\t\t<div class=\"elementor-element elementor-element-a158d7e elementor-widget elementor-widget-text-editor\" data-id=\"a158d7e\" data-element_type=\"widget\" data-widget_type=\"text-editor.default\">\n\t\t\t\t<div class=\"elementor-widget-container\">\n\t\t\t\t\t\t\t\t\t<p>Ces jardins sont une <b>\u0153uvre d&rsquo;art baroque<\/b> avec des fontaines, des \u00e9tangs, des parterres de fleurs sym\u00e9triques et des statues. En fait, beaucoup de gens les visitent juste pour profiter des vues et de la tranquillit\u00e9 qu&rsquo;ils offrent. Vous pouvez prendre des photos spectaculaires des palais et de la vue qui s&rsquo;ouvre sur la ville de Vienne. En fin de compte, c&rsquo;est une autre excellente fa\u00e7on de profiter du complexe sans avoir \u00e0 payer le prix d&rsquo;entr\u00e9e. Cela semble plut\u00f4t bien, non ?    <\/p>\t\t\t\t\t\t\t\t<\/div>\n\t\t\t\t<\/div>\n\t\t\t\t<div class=\"elementor-element elementor-element-9dcff11 elementor-widget elementor-widget-heading\" data-id=\"9dcff11\" data-element_type=\"widget\" data-widget_type=\"heading.default\">\n\t\t\t\t<div class=\"elementor-widget-container\">\n\t\t\t\t\t<h3 class=\"elementor-heading-title elementor-size-default\">Combien de temps faut-il pour visiter chacun d'eux ?<\/h3>\t\t\t\t<\/div>\n\t\t\t\t<\/div>\n\t\t\t\t<div class=\"elementor-element elementor-element-7145ea9 elementor-widget elementor-widget-text-editor\" data-id=\"7145ea9\" data-element_type=\"widget\" data-widget_type=\"text-editor.default\">\n\t\t\t\t<div class=\"elementor-widget-container\">\n\t\t\t\t\t\t\t\t\t<p>La v\u00e9rit\u00e9 est que <b>le temps que vous passerez \u00e0 la visite d\u00e9pendra de votre rythme<\/b> et du temps que vous vous arr\u00eaterez pour admirer chaque \u0153uvre, mais ce seraient des estimations approximatives afin que vous puissiez planifier votre visite :<\/p><p>Pour le <b>Belv\u00e9d\u00e8re sup\u00e9rieur<\/b>, la plupart des gens passent entre <b>1,5 et 2,5 heures<\/b>. C&rsquo;est un grand b\u00e2timent et il y a beaucoup d&rsquo;art de haute qualit\u00e9 \u00e0 voir, donc notre recommandation est d&rsquo;y aller avec suffisamment de temps et de ne pas se pr\u00e9cipiter. <\/p><p>Quant au <b>Belv\u00e9d\u00e8re inf\u00e9rieur<\/b>, le temps de visite est g\u00e9n\u00e9ralement un peu plus court, environ <b>1 \u00e0 1,5 heure<\/b>. Tout d\u00e9pendra du temps que vous consacrerez \u00e0 profiter de l&rsquo;Orangerie et des \u00e9curies du palais, o\u00f9 se d\u00e9roulent les expositions. <\/p><p>De plus, vous ne devez pas oublier que vous avez \u00e9galement la possibilit\u00e9 de <b>vous promener gratuitement dans les jardins<\/b>. Cette promenade pourrait vous prendre environ <b>20 ou 30 minutes<\/b>. <\/p><p>Par cons\u00e9quent, si vous d\u00e9cidez de visiter les deux et de profiter d&rsquo;une promenade dans les jardins, votre visite au Belv\u00e9d\u00e8re sup\u00e9rieur et inf\u00e9rieur pourrait facilement vous prendre une <b>matin\u00e9e ou un apr\u00e8s-midi complet<\/b>, soit 3 \u00e0 4 heures au total. Faites vos plans et profitez-en calmement ! <\/p><p>Sur cette carte, vous pouvez voir <strong>la distance entre les deux b\u00e2timents<\/strong> :<\/p>\t\t\t\t\t\t\t\t<\/div>\n\t\t\t\t<\/div>\n\t\t\t\t<div class=\"elementor-element elementor-element-bba4806 elementor-widget elementor-widget-image\" data-id=\"bba4806\" data-element_type=\"widget\" data-widget_type=\"image.default\">\n\t\t\t\t<div class=\"elementor-widget-container\">\n\t\t\t\t\t\t\t\t\t\t\t\t\t\t\t<img loading=\"lazy\" decoding=\"async\" width=\"800\" height=\"799\" src=\"https:\/\/belvederepalace.wientickets.org\/wp-content\/uploads\/2025\/11\/belvedere-map-entrances.jpg\" class=\"attachment-large size-large wp-image-1360\" alt=\"Plan du Belv\u00e9d\u00e8re avec les entr\u00e9es\" srcset=\"https:\/\/belvederepalace.wientickets.org\/wp-content\/uploads\/2025\/11\/belvedere-map-entrances.jpg 800w, https:\/\/belvederepalace.wientickets.org\/wp-content\/uploads\/2025\/11\/belvedere-map-entrances-300x300.jpg 300w, https:\/\/belvederepalace.wientickets.org\/wp-content\/uploads\/2025\/11\/belvedere-map-entrances-150x150.jpg 150w, https:\/\/belvederepalace.wientickets.org\/wp-content\/uploads\/2025\/11\/belvedere-map-entrances-768x767.jpg 768w\" sizes=\"(max-width: 800px) 100vw, 800px\" \/>\t\t\t\t\t\t\t\t\t\t\t\t\t\t\t<\/div>\n\t\t\t\t<\/div>\n\t\t\t\t<div class=\"elementor-element elementor-element-224d851 elementor-widget elementor-widget-heading\" data-id=\"224d851\" data-element_type=\"widget\" data-widget_type=\"heading.default\">\n\t\t\t\t<div class=\"elementor-widget-container\">\n\t\t\t\t\t<h2 class=\"elementor-heading-title elementor-size-default\">Horaires d'ouverture du Belv\u00e9d\u00e8re sup\u00e9rieur et inf\u00e9rieur<\/h2>\t\t\t\t<\/div>\n\t\t\t\t<\/div>\n\t\t\t\t<div class=\"elementor-element elementor-element-e2267f3 elementor-widget elementor-widget-text-editor\" data-id=\"e2267f3\" data-element_type=\"widget\" data-widget_type=\"text-editor.default\">\n\t\t\t\t<div class=\"elementor-widget-container\">\n\t\t\t\t\t\t\t\t\t<p>Les horaires d&rsquo;ouverture du <strong>Belv\u00e9d\u00e8re<\/strong> <b>sup\u00e9rieur<\/b> sont g\u00e9n\u00e9ralement de <b>9h00 \u00e0 18h00<\/b>, tandis que <strong>le Belv\u00e9d\u00e8re inf\u00e9rieur<\/strong> ouvre un peu plus tard, de <strong>10h00 \u00e0 18h00<\/strong>. Ces horaires ont tendance \u00e0 \u00eatre assez stables, mais il est toujours bon de les confirmer sur le site web officiel, surtout si vous voyagez pendant la basse saison ou les jours f\u00e9ri\u00e9s : <\/p>\t\t\t\t\t\t\t\t<\/div>\n\t\t\t\t<\/div>\n\t\t\t\t<div class=\"elementor-element elementor-element-1dc3698 elementor-widget elementor-widget-html\" data-id=\"1dc3698\" data-element_type=\"widget\" data-widget_type=\"html.default\">\n\t\t\t\t<div class=\"elementor-widget-container\">\n\t\t\t\t\t<style>\n  \/* General table styles *\/\n  table {\n    width: 100%;\n    border-collapse: collapse;\n    margin: 10px 0;\n    font-size: 1em;\n    font-family: sans-serif;\n    box-shadow: 0 0 20px rgba(0, 0, 0, 0.15);\n  }\n\n  \/* --- CHANGE HERE --- *\/\n  \/* Header color is now #7E0009 *\/\n  table thead tr {\n    background-color: #7E0009 !important; \/* Updated color for desktop *\/\n    color: #ffffff;\n    text-align: left;\n  }\n\n  table th,\n  table td {\n    padding: 12px 15px;\n  }\n\n  table tbody tr {\n    border-bottom: 1px solid #dddddd;\n  }\n\n  table tbody tr:nth-of-type(even) {\n    background-color: #f3f3f3;\n  }\n\n  table tbody tr:last-of-type {\n    border-bottom: 2px solid #7E0009; \/* Also updated this border to match *\/\n  }\n\n  \/* --- MOBILE STYLES --- *\/\n  \/* Applied on screens 600px or less *\/\n  @media screen and (max-width: 600px) {\n    table {\n      border: 0;\n    }\n    \n    table thead {\n      display: none;\n    }\n    \n    table tr {\n      display: block;\n      margin-bottom: 20px;\n      border-bottom: 3px solid #7E0009; \/* Matching bottom border *\/\n    }\n    \n    table td {\n      display: block;\n      text-align: right;\n      border-bottom: 1px dotted #ccc;\n      font-size: 0.9em;\n    }\n    \n    table td:last-child {\n      border-bottom: 0;\n    }\n    \n    table td::before {\n      content: attr(data-label);\n      float: left;\n      font-weight: bold;\n      text-transform: uppercase;\n    }\n  }\n<\/style>\n\n<table>\n  <thead>\n    <tr>\n      <th>Emplacement<\/th>\n      <th>Jours d'ouverture<\/th>\n      <th>Heures normales<\/th>\n      <th>Derni\u00e8re admission<\/th>\n    <\/tr>\n  <\/thead>\n  <tbody>\n    <tr>\n      <td data-label=\"Location\">Belv\u00e9d\u00e8re sup\u00e9rieur<\/td>\n      <td data-label=\"Days Open\">Lundi \u2013 Dimanche<\/td>\n      <td data-label=\"Regular Hours\">09:00 \u2013 18:00<\/td>\n      <td data-label=\"Last Admission\">17:30<\/td>\n    <\/tr>\n    <tr>\n      <td data-label=\"Location\">Belv\u00e9d\u00e8re inf\u00e9rieur<\/td>\n      <td data-label=\"Days Open\">Lundi \u2013 Dimanche<\/td>\n      <td data-label=\"Regular Hours\">10:00 \u2013 18:00<\/td>\n      <td data-label=\"Last Admission\">17:30<\/td>\n    <\/tr>\n    <tr>\n      <td data-label=\"Location\">Belv\u00e9d\u00e8re 21<\/td>\n      <td data-label=\"Days Open\">Mardi \u2013 Dimanche<\/td>\n      <td data-label=\"Regular Hours\">11:00 \u2013 18:00<\/td>\n      <td data-label=\"Last Admission\">17:30<\/td>\n    <\/tr>\n    <tr>\n      <td data-label=\"Location\">Belv\u00e9d\u00e8re 21<\/td>\n      <td data-label=\"Days Open\">Jeudi (Nocturne)<\/td>\n      <td data-label=\"Regular Hours\">11:00 \u2013 21:00<\/td>\n      <td data-label=\"Last Admission\">20:30<\/td>\n    <\/tr>\n    <tr>\n      <td data-label=\"Location\">Belv\u00e9d\u00e8re 21<\/td>\n      <td data-label=\"Days Open\">Lundi<\/td>\n      <td data-label=\"Regular Hours\">Ferm\u00e9*<\/td>\n      <td data-label=\"Last Admission\">N\/A<\/td>\n    <\/tr>\n  <\/tbody>\n<\/table>\t\t\t\t<\/div>\n\t\t\t\t<\/div>\n\t\t\t\t<div class=\"elementor-element elementor-element-953baa2 elementor-widget elementor-widget-text-editor\" data-id=\"953baa2\" data-element_type=\"widget\" data-widget_type=\"text-editor.default\">\n\t\t\t\t<div class=\"elementor-widget-container\">\n\t\t\t\t\t\t\t\t\t<p>Une chose importante que vous devriez consid\u00e9rer est la <strong>\u00ab Politique de derni\u00e8re admission \u00bb.<\/strong> Dans la plupart des mus\u00e9es, et le Belv\u00e9d\u00e8re ne fait pas exception, l&rsquo;entr\u00e9e est autoris\u00e9e jusqu&rsquo;\u00e0 une certaine heure avant la fermeture, qui est g\u00e9n\u00e9ralement d&rsquo;environ 30 minutes. Cela signifie que s&rsquo;ils ferment \u00e0 18h00, vous devez vous assurer d&rsquo;entrer avant 17h30 pour avoir le temps d&rsquo;acc\u00e9der et de faire la visite. <\/p><p>Par cons\u00e9quent, <strong>notre recommandation est d&rsquo;entrer au moins une heure et demie avant la fermeture<\/strong>, afin que vous puissiez profiter de la visite sans le stress d&rsquo;\u00eatre pr\u00e9cipit\u00e9 dehors. Si vous arrivez trop tard, vous n&rsquo;aurez pas le temps d&rsquo;appr\u00e9cier pleinement les \u0153uvres d&rsquo;art ou les int\u00e9rieurs historiques avec le calme qu&rsquo;ils m\u00e9ritent. Ne l&rsquo;oubliez pas !  <\/p>\t\t\t\t\t\t\t\t<\/div>\n\t\t\t\t<\/div>\n\t\t\t\t\t<\/div>\n\t\t<\/div>\n\t\t\t\t\t<\/div>\n\t\t<\/section>\n\t\t<div class=\"elementor-element elementor-element-b056e17 e-flex e-con-boxed e-con e-parent\" data-id=\"b056e17\" data-element_type=\"container\">\n\t\t\t\t\t<div class=\"e-con-inner\">\n\t\t\t\t<div class=\"elementor-element elementor-element-4df49cb elementor-widget elementor-widget-heading\" data-id=\"4df49cb\" data-element_type=\"widget\" data-widget_type=\"heading.default\">\n\t\t\t\t<div class=\"elementor-widget-container\">\n\t\t\t\t\t<h2 class=\"elementor-heading-title elementor-size-default\">Plus d'informations sur le palais du Belv\u00e9d\u00e8re<\/h2>\t\t\t\t<\/div>\n\t\t\t\t<\/div>\n\t\t\t\t\t<\/div>\n\t\t\t\t<\/div>\n\t\t\t\t<section class=\"elementor-section elementor-top-section elementor-element elementor-element-36cce6b elementor-section-boxed elementor-section-height-default elementor-section-height-default\" data-id=\"36cce6b\" data-element_type=\"section\">\n\t\t\t\t\t\t<div class=\"elementor-container elementor-column-gap-custom\">\n\t\t\t\t\t<div class=\"elementor-column elementor-col-33 elementor-top-column elementor-element elementor-element-2b6b187\" data-id=\"2b6b187\" data-element_type=\"column\">\n\t\t\t<div class=\"elementor-widget-wrap elementor-element-populated\">\n\t\t\t\t\t\t<div class=\"elementor-element elementor-element-b98aaf4 elementor-widget elementor-widget-image\" data-id=\"b98aaf4\" data-element_type=\"widget\" data-widget_type=\"image.default\">\n\t\t\t\t<div class=\"elementor-widget-container\">\n\t\t\t\t\t\t\t\t\t\t\t\t\t\t\t\t<a href=\"https:\/\/belvederepalace.wientickets.org\/fr\/billets-pour-le-chateau-de-belvedere\/\">\n\t\t\t\t\t\t\t<img loading=\"lazy\" decoding=\"async\" width=\"800\" height=\"472\" src=\"https:\/\/belvederepalace.wientickets.org\/wp-content\/uploads\/2024\/08\/belvedere-palace-faqs.webp\" class=\"attachment-large size-large wp-image-1555\" alt=\"\" srcset=\"https:\/\/belvederepalace.wientickets.org\/wp-content\/uploads\/2024\/08\/belvedere-palace-faqs.webp 900w, https:\/\/belvederepalace.wientickets.org\/wp-content\/uploads\/2024\/08\/belvedere-palace-faqs-300x177.webp 300w, https:\/\/belvederepalace.wientickets.org\/wp-content\/uploads\/2024\/08\/belvedere-palace-faqs-768x453.webp 768w\" sizes=\"(max-width: 800px) 100vw, 800px\" \/>\t\t\t\t\t\t\t\t<\/a>\n\t\t\t\t\t\t\t\t\t\t\t\t\t\t\t<\/div>\n\t\t\t\t<\/div>\n\t\t\t\t<div class=\"elementor-element elementor-element-5018418 elementor-widget elementor-widget-heading\" data-id=\"5018418\" data-element_type=\"widget\" data-widget_type=\"heading.default\">\n\t\t\t\t<div class=\"elementor-widget-container\">\n\t\t\t\t\t<p class=\"elementor-heading-title elementor-size-default\">BILLETS POUR LE PALAIS DU BELV\u00c9D\u00c8RE<\/p>\t\t\t\t<\/div>\n\t\t\t\t<\/div>\n\t\t\t\t<div class=\"elementor-element elementor-element-9bc3986 elementor-widget elementor-widget-heading\" data-id=\"9bc3986\" data-element_type=\"widget\" data-widget_type=\"heading.default\">\n\t\t\t\t<div class=\"elementor-widget-container\">\n\t\t\t\t\t<h3 class=\"elementor-heading-title elementor-size-default\"><a href=\"https:\/\/belvederepalace.wientickets.org\/fr\/billets-pour-le-chateau-de-belvedere\/\">Billets pour le palais du Belv\u00e9d\u00e8re sup\u00e9rieur<\/a><\/h3>\t\t\t\t<\/div>\n\t\t\t\t<\/div>\n\t\t\t\t<div class=\"elementor-element elementor-element-c3b9693 elementor-widget elementor-widget-text-editor\" data-id=\"c3b9693\" data-element_type=\"widget\" data-widget_type=\"text-editor.default\">\n\t\t\t\t<div class=\"elementor-widget-container\">\n\t\t\t\t\t\t\t\t\tLes billets d&rsquo;entr\u00e9e au palais du Belv\u00e9d\u00e8re donnent acc\u00e8s \u00e0 ses expositions d&rsquo;art renomm\u00e9es et \u00e0 ses magnifiques jardins. Le palais est divis\u00e9 en deux parties principales&#8230; <a href=\"https:\/\/belvederepalace.wientickets.org\/fr\/billets-pour-le-chateau-de-belvedere\/\" style=\"color:#7E0009;\">voir plus<\/a> \n\t\t\t\t\t\t\t\t<\/div>\n\t\t\t\t<\/div>\n\t\t\t\t\t<\/div>\n\t\t<\/div>\n\t\t\t\t<div class=\"elementor-column elementor-col-33 elementor-top-column elementor-element elementor-element-7c17084\" data-id=\"7c17084\" data-element_type=\"column\">\n\t\t\t<div class=\"elementor-widget-wrap elementor-element-populated\">\n\t\t\t\t\t\t<div class=\"elementor-element elementor-element-cdfa36e elementor-widget elementor-widget-image\" data-id=\"cdfa36e\" data-element_type=\"widget\" data-widget_type=\"image.default\">\n\t\t\t\t<div class=\"elementor-widget-container\">\n\t\t\t\t\t\t\t\t\t\t\t\t\t\t\t\t<a href=\"https:\/\/belvederepalace.wientickets.org\/fr\/heures-douverture-du-palais-du-belvedere\/\">\n\t\t\t\t\t\t\t<img loading=\"lazy\" decoding=\"async\" width=\"600\" height=\"400\" src=\"https:\/\/belvederepalace.wientickets.org\/wp-content\/uploads\/2024\/08\/location-of-belvedere-palace.webp\" class=\"attachment-large size-large wp-image-1347\" alt=\"\" srcset=\"https:\/\/belvederepalace.wientickets.org\/wp-content\/uploads\/2024\/08\/location-of-belvedere-palace.webp 600w, https:\/\/belvederepalace.wientickets.org\/wp-content\/uploads\/2024\/08\/location-of-belvedere-palace-300x200.webp 300w\" sizes=\"(max-width: 600px) 100vw, 600px\" \/>\t\t\t\t\t\t\t\t<\/a>\n\t\t\t\t\t\t\t\t\t\t\t\t\t\t\t<\/div>\n\t\t\t\t<\/div>\n\t\t\t\t<div class=\"elementor-element elementor-element-7afca79 elementor-widget elementor-widget-heading\" data-id=\"7afca79\" data-element_type=\"widget\" data-widget_type=\"heading.default\">\n\t\t\t\t<div class=\"elementor-widget-container\">\n\t\t\t\t\t<p class=\"elementor-heading-title elementor-size-default\">INFORMATIONS AUX VOYAGEURS<\/p>\t\t\t\t<\/div>\n\t\t\t\t<\/div>\n\t\t\t\t<div class=\"elementor-element elementor-element-85792c6 elementor-widget elementor-widget-heading\" data-id=\"85792c6\" data-element_type=\"widget\" data-widget_type=\"heading.default\">\n\t\t\t\t<div class=\"elementor-widget-container\">\n\t\t\t\t\t<h3 class=\"elementor-heading-title elementor-size-default\"><a href=\"https:\/\/belvederepalace.wientickets.org\/fr\/emplacement-du-chateau-du-belvedere\/\">Emplacement du palais du Belv\u00e9d\u00e8re<\/a><\/h3>\t\t\t\t<\/div>\n\t\t\t\t<\/div>\n\t\t\t\t<div class=\"elementor-element elementor-element-a46e72b elementor-widget elementor-widget-text-editor\" data-id=\"a46e72b\" data-element_type=\"widget\" data-widget_type=\"text-editor.default\">\n\t\t\t\t<div class=\"elementor-widget-container\">\n\t\t\t\t\t\t\t\t\tLe palais du Belv\u00e9d\u00e8re est situ\u00e9 dans le quartier de Landstra\u00dfe \u00e0 Vienne, ce qui le rend facile d&rsquo;acc\u00e8s depuis diff\u00e9rentes parties de la ville. Il est situ\u00e9 au centre&#8230; <a href=\"https:\/\/belvederepalace.wientickets.org\/fr\/emplacement-du-chateau-du-belvedere\/\" style=\"color:#7E0009;\">voir plus<\/a> \n\t\t\t\t\t\t\t\t<\/div>\n\t\t\t\t<\/div>\n\t\t\t\t\t<\/div>\n\t\t<\/div>\n\t\t\t\t<div class=\"elementor-column elementor-col-33 elementor-top-column elementor-element elementor-element-16ac3c6\" data-id=\"16ac3c6\" data-element_type=\"column\">\n\t\t\t<div class=\"elementor-widget-wrap elementor-element-populated\">\n\t\t\t\t\t\t<div class=\"elementor-element elementor-element-76340b8 elementor-widget elementor-widget-image\" data-id=\"76340b8\" data-element_type=\"widget\" data-widget_type=\"image.default\">\n\t\t\t\t<div class=\"elementor-widget-container\">\n\t\t\t\t\t\t\t\t\t\t\t\t\t\t\t\t<a href=\"https:\/\/belvederepalace.wientickets.org\/fr\/points-forts-du-palais-du-belvedere\/\">\n\t\t\t\t\t\t\t<img loading=\"lazy\" decoding=\"async\" width=\"600\" height=\"400\" src=\"https:\/\/belvederepalace.wientickets.org\/wp-content\/uploads\/2024\/08\/highlights-of-belvedere-palace.webp\" class=\"attachment-large size-large wp-image-1344\" alt=\"\" srcset=\"https:\/\/belvederepalace.wientickets.org\/wp-content\/uploads\/2024\/08\/highlights-of-belvedere-palace.webp 600w, https:\/\/belvederepalace.wientickets.org\/wp-content\/uploads\/2024\/08\/highlights-of-belvedere-palace-300x200.webp 300w\" sizes=\"(max-width: 600px) 100vw, 600px\" \/>\t\t\t\t\t\t\t\t<\/a>\n\t\t\t\t\t\t\t\t\t\t\t\t\t\t\t<\/div>\n\t\t\t\t<\/div>\n\t\t\t\t<div class=\"elementor-element elementor-element-f48b852 elementor-widget elementor-widget-heading\" data-id=\"f48b852\" data-element_type=\"widget\" data-widget_type=\"heading.default\">\n\t\t\t\t<div class=\"elementor-widget-container\">\n\t\t\t\t\t<p class=\"elementor-heading-title elementor-size-default\">INFORMATIONS SUR LE PALAIS DU BELV\u00c9D\u00c8RE<\/p>\t\t\t\t<\/div>\n\t\t\t\t<\/div>\n\t\t\t\t<div class=\"elementor-element elementor-element-0512110 elementor-widget elementor-widget-heading\" data-id=\"0512110\" data-element_type=\"widget\" data-widget_type=\"heading.default\">\n\t\t\t\t<div class=\"elementor-widget-container\">\n\t\t\t\t\t<h3 class=\"elementor-heading-title elementor-size-default\"><a href=\"https:\/\/belvederepalace.wientickets.org\/fr\/informations-sur-le-palais-du-belvedere\/\">Informations sur le palais du Belv\u00e9d\u00e8re<\/a><\/h3>\t\t\t\t<\/div>\n\t\t\t\t<\/div>\n\t\t\t\t<div class=\"elementor-element elementor-element-e471082 elementor-widget elementor-widget-text-editor\" data-id=\"e471082\" data-element_type=\"widget\" data-widget_type=\"text-editor.default\">\n\t\t\t\t<div class=\"elementor-widget-container\">\n\t\t\t\t\t\t\t\t\tLe complexe du palais du Belv\u00e9d\u00e8re est plus que deux palais ; c&rsquo;est un tr\u00e9sor culturel qui offre un aper\u00e7u complet de Vienne&#8230; <a href=\"https:\/\/belvederepalace.wientickets.org\/fr\/informations-sur-le-palais-du-belvedere\/\" style=\"color:#7E0009;\">voir plus<\/a>\t\t\t\t\t\t\t\t<\/div>\n\t\t\t\t<\/div>\n\t\t\t\t\t<\/div>\n\t\t<\/div>\n\t\t\t\t\t<\/div>\n\t\t<\/section>\n\t\t\t\t<\/div>\n\t\t","protected":false},"excerpt":{"rendered":"<p>Belv\u00e9d\u00e8re sup\u00e9rieur ou inf\u00e9rieur Avant de vous rendre \u00e0 Vienne, vous devriez conna\u00eetre les diff\u00e9rences entre le Belv\u00e9d\u00e8re sup\u00e9rieur et le Belv\u00e9d\u00e8re inf\u00e9rieur. Ci-dessous, nous d\u00e9taillons les aspects cl\u00e9s des deux mus\u00e9es pour vous aider \u00e0 choisir celui qui vous convient. Horaires d&rsquo;ouverture Comment s&rsquo;y rendre Plan et entr\u00e9e Belv\u00e9d\u00e8re sup\u00e9rieur ou inf\u00e9rieur March\u00e9 de [&hellip;]<\/p>\n","protected":false},"author":2,"featured_media":1354,"parent":0,"menu_order":0,"comment_status":"closed","ping_status":"closed","template":"elementor_header_footer","meta":{"footnotes":""},"class_list":["post-1552","page","type-page","status-publish","has-post-thumbnail","hentry"],"yoast_head":"<!-- This site is optimized with the Yoast SEO plugin v26.7 - https:\/\/yoast.com\/wordpress\/plugins\/seo\/ -->\n<title>Belv\u00e9d\u00e8re sup\u00e9rieur ou inf\u00e9rieur | Diff\u00e9rences entre les deux<\/title>\n<meta name=\"description\" content=\"Voici les diff\u00e9rences entre le Belv\u00e9d\u00e8re sup\u00e9rieur et le Belv\u00e9d\u00e8re inf\u00e9rieur. \u2705 D\u00e9couvrez leurs horaires d&#039;ouverture, leur emplacement et bien plus encore !\" \/>\n<meta name=\"robots\" content=\"index, follow, max-snippet:-1, max-image-preview:large, max-video-preview:-1\" \/>\n<link rel=\"canonical\" href=\"https:\/\/belvederepalace.wientickets.org\/fr\/belvedere-superieur-ou-inferieur\/\" \/>\n<meta property=\"og:locale\" content=\"fr_FR\" \/>\n<meta property=\"og:type\" content=\"article\" \/>\n<meta property=\"og:title\" content=\"Belv\u00e9d\u00e8re sup\u00e9rieur ou inf\u00e9rieur | Diff\u00e9rences entre les deux\" \/>\n<meta property=\"og:description\" content=\"Voici les diff\u00e9rences entre le Belv\u00e9d\u00e8re sup\u00e9rieur et le Belv\u00e9d\u00e8re inf\u00e9rieur. \u2705 D\u00e9couvrez leurs horaires d&#039;ouverture, leur emplacement et bien plus encore !\" \/>\n<meta property=\"og:url\" content=\"https:\/\/belvederepalace.wientickets.org\/fr\/belvedere-superieur-ou-inferieur\/\" \/>\n<meta property=\"og:site_name\" content=\"Belvedere Palace Tickets\" \/>\n<meta property=\"article:modified_time\" content=\"2026-02-13T07:58:47+00:00\" \/>\n<meta property=\"og:image\" content=\"https:\/\/belvederepalace.wientickets.org\/wp-content\/uploads\/2025\/11\/belvedere-palace.webp\" \/>\n\t<meta property=\"og:image:width\" content=\"1300\" \/>\n\t<meta property=\"og:image:height\" content=\"572\" \/>\n\t<meta property=\"og:image:type\" content=\"image\/webp\" \/>\n<meta name=\"twitter:card\" content=\"summary_large_image\" \/>\n<meta name=\"twitter:label1\" content=\"Dur\u00e9e de lecture estim\u00e9e\" \/>\n\t<meta name=\"twitter:data1\" content=\"10 minutes\" \/>\n<script type=\"application\/ld+json\" class=\"yoast-schema-graph\">{\"@context\":\"https:\/\/schema.org\",\"@graph\":[{\"@type\":\"WebPage\",\"@id\":\"https:\/\/belvederepalace.wientickets.org\/fr\/belvedere-superieur-ou-inferieur\/\",\"url\":\"https:\/\/belvederepalace.wientickets.org\/fr\/belvedere-superieur-ou-inferieur\/\",\"name\":\"Belv\u00e9d\u00e8re sup\u00e9rieur ou inf\u00e9rieur | Diff\u00e9rences entre les deux\",\"isPartOf\":{\"@id\":\"https:\/\/belvederepalace.wientickets.org\/fr\/#website\"},\"primaryImageOfPage\":{\"@id\":\"https:\/\/belvederepalace.wientickets.org\/fr\/belvedere-superieur-ou-inferieur\/#primaryimage\"},\"image\":{\"@id\":\"https:\/\/belvederepalace.wientickets.org\/fr\/belvedere-superieur-ou-inferieur\/#primaryimage\"},\"thumbnailUrl\":\"https:\/\/belvederepalace.wientickets.org\/wp-content\/uploads\/2025\/11\/belvedere-palace.webp\",\"datePublished\":\"2025-12-12T07:29:27+00:00\",\"dateModified\":\"2026-02-13T07:58:47+00:00\",\"description\":\"Voici les diff\u00e9rences entre le Belv\u00e9d\u00e8re sup\u00e9rieur et le Belv\u00e9d\u00e8re inf\u00e9rieur. \u2705 D\u00e9couvrez leurs horaires d'ouverture, leur emplacement et bien plus encore !\",\"breadcrumb\":{\"@id\":\"https:\/\/belvederepalace.wientickets.org\/fr\/belvedere-superieur-ou-inferieur\/#breadcrumb\"},\"inLanguage\":\"fr-FR\",\"potentialAction\":[{\"@type\":\"ReadAction\",\"target\":[\"https:\/\/belvederepalace.wientickets.org\/fr\/belvedere-superieur-ou-inferieur\/\"]}]},{\"@type\":\"ImageObject\",\"inLanguage\":\"fr-FR\",\"@id\":\"https:\/\/belvederepalace.wientickets.org\/fr\/belvedere-superieur-ou-inferieur\/#primaryimage\",\"url\":\"https:\/\/belvederepalace.wientickets.org\/wp-content\/uploads\/2025\/11\/belvedere-palace.webp\",\"contentUrl\":\"https:\/\/belvederepalace.wientickets.org\/wp-content\/uploads\/2025\/11\/belvedere-palace.webp\",\"width\":1300,\"height\":572,\"caption\":\"Vue de face du ch\u00e2teau du Belv\u00e9d\u00e8re la nuit\"},{\"@type\":\"BreadcrumbList\",\"@id\":\"https:\/\/belvederepalace.wientickets.org\/fr\/belvedere-superieur-ou-inferieur\/#breadcrumb\",\"itemListElement\":[{\"@type\":\"ListItem\",\"position\":1,\"name\":\"Home\",\"item\":\"https:\/\/belvederepalace.wientickets.org\/fr\/\"},{\"@type\":\"ListItem\",\"position\":2,\"name\":\"Belv\u00e9d\u00e8re sup\u00e9rieur ou inf\u00e9rieur\"}]},{\"@type\":\"WebSite\",\"@id\":\"https:\/\/belvederepalace.wientickets.org\/fr\/#website\",\"url\":\"https:\/\/belvederepalace.wientickets.org\/fr\/\",\"name\":\"Belvedere Palace Tickets\",\"description\":\"\",\"publisher\":{\"@id\":\"https:\/\/belvederepalace.wientickets.org\/fr\/#organization\"},\"potentialAction\":[{\"@type\":\"SearchAction\",\"target\":{\"@type\":\"EntryPoint\",\"urlTemplate\":\"https:\/\/belvederepalace.wientickets.org\/fr\/?s={search_term_string}\"},\"query-input\":{\"@type\":\"PropertyValueSpecification\",\"valueRequired\":true,\"valueName\":\"search_term_string\"}}],\"inLanguage\":\"fr-FR\"},{\"@type\":\"Organization\",\"@id\":\"https:\/\/belvederepalace.wientickets.org\/fr\/#organization\",\"name\":\"Billets pour le ch\u00e2teau de Belvedere\",\"url\":\"https:\/\/belvederepalace.wientickets.org\/fr\/\",\"logo\":{\"@type\":\"ImageObject\",\"inLanguage\":\"fr-FR\",\"@id\":\"https:\/\/belvederepalace.wientickets.org\/fr\/#\/schema\/logo\/image\/\",\"url\":\"https:\/\/belvederepalace.wientickets.org\/wp-content\/uploads\/2024\/08\/belvedere-palace-tickets-logo.png\",\"contentUrl\":\"https:\/\/belvederepalace.wientickets.org\/wp-content\/uploads\/2024\/08\/belvedere-palace-tickets-logo.png\",\"width\":375,\"height\":70,\"caption\":\"Billets pour le ch\u00e2teau de Belvedere\"},\"image\":{\"@id\":\"https:\/\/belvederepalace.wientickets.org\/fr\/#\/schema\/logo\/image\/\"}}]}<\/script>\n<!-- \/ Yoast SEO plugin. -->","yoast_head_json":{"title":"Belv\u00e9d\u00e8re sup\u00e9rieur ou inf\u00e9rieur | Diff\u00e9rences entre les deux","description":"Voici les diff\u00e9rences entre le Belv\u00e9d\u00e8re sup\u00e9rieur et le Belv\u00e9d\u00e8re inf\u00e9rieur. \u2705 D\u00e9couvrez leurs horaires d'ouverture, leur emplacement et bien plus encore !","robots":{"index":"index","follow":"follow","max-snippet":"max-snippet:-1","max-image-preview":"max-image-preview:large","max-video-preview":"max-video-preview:-1"},"canonical":"https:\/\/belvederepalace.wientickets.org\/fr\/belvedere-superieur-ou-inferieur\/","og_locale":"fr_FR","og_type":"article","og_title":"Belv\u00e9d\u00e8re sup\u00e9rieur ou inf\u00e9rieur | Diff\u00e9rences entre les deux","og_description":"Voici les diff\u00e9rences entre le Belv\u00e9d\u00e8re sup\u00e9rieur et le Belv\u00e9d\u00e8re inf\u00e9rieur. \u2705 D\u00e9couvrez leurs horaires d'ouverture, leur emplacement et bien plus encore !","og_url":"https:\/\/belvederepalace.wientickets.org\/fr\/belvedere-superieur-ou-inferieur\/","og_site_name":"Belvedere Palace Tickets","article_modified_time":"2026-02-13T07:58:47+00:00","og_image":[{"width":1300,"height":572,"url":"https:\/\/belvederepalace.wientickets.org\/wp-content\/uploads\/2025\/11\/belvedere-palace.webp","type":"image\/webp"}],"twitter_card":"summary_large_image","twitter_misc":{"Dur\u00e9e de lecture estim\u00e9e":"10 minutes"},"schema":{"@context":"https:\/\/schema.org","@graph":[{"@type":"WebPage","@id":"https:\/\/belvederepalace.wientickets.org\/fr\/belvedere-superieur-ou-inferieur\/","url":"https:\/\/belvederepalace.wientickets.org\/fr\/belvedere-superieur-ou-inferieur\/","name":"Belv\u00e9d\u00e8re sup\u00e9rieur ou inf\u00e9rieur | Diff\u00e9rences entre les deux","isPartOf":{"@id":"https:\/\/belvederepalace.wientickets.org\/fr\/#website"},"primaryImageOfPage":{"@id":"https:\/\/belvederepalace.wientickets.org\/fr\/belvedere-superieur-ou-inferieur\/#primaryimage"},"image":{"@id":"https:\/\/belvederepalace.wientickets.org\/fr\/belvedere-superieur-ou-inferieur\/#primaryimage"},"thumbnailUrl":"https:\/\/belvederepalace.wientickets.org\/wp-content\/uploads\/2025\/11\/belvedere-palace.webp","datePublished":"2025-12-12T07:29:27+00:00","dateModified":"2026-02-13T07:58:47+00:00","description":"Voici les diff\u00e9rences entre le Belv\u00e9d\u00e8re sup\u00e9rieur et le Belv\u00e9d\u00e8re inf\u00e9rieur. \u2705 D\u00e9couvrez leurs horaires d'ouverture, leur emplacement et bien plus encore !","breadcrumb":{"@id":"https:\/\/belvederepalace.wientickets.org\/fr\/belvedere-superieur-ou-inferieur\/#breadcrumb"},"inLanguage":"fr-FR","potentialAction":[{"@type":"ReadAction","target":["https:\/\/belvederepalace.wientickets.org\/fr\/belvedere-superieur-ou-inferieur\/"]}]},{"@type":"ImageObject","inLanguage":"fr-FR","@id":"https:\/\/belvederepalace.wientickets.org\/fr\/belvedere-superieur-ou-inferieur\/#primaryimage","url":"https:\/\/belvederepalace.wientickets.org\/wp-content\/uploads\/2025\/11\/belvedere-palace.webp","contentUrl":"https:\/\/belvederepalace.wientickets.org\/wp-content\/uploads\/2025\/11\/belvedere-palace.webp","width":1300,"height":572,"caption":"Vue de face du ch\u00e2teau du Belv\u00e9d\u00e8re la nuit"},{"@type":"BreadcrumbList","@id":"https:\/\/belvederepalace.wientickets.org\/fr\/belvedere-superieur-ou-inferieur\/#breadcrumb","itemListElement":[{"@type":"ListItem","position":1,"name":"Home","item":"https:\/\/belvederepalace.wientickets.org\/fr\/"},{"@type":"ListItem","position":2,"name":"Belv\u00e9d\u00e8re sup\u00e9rieur ou inf\u00e9rieur"}]},{"@type":"WebSite","@id":"https:\/\/belvederepalace.wientickets.org\/fr\/#website","url":"https:\/\/belvederepalace.wientickets.org\/fr\/","name":"Belvedere Palace Tickets","description":"","publisher":{"@id":"https:\/\/belvederepalace.wientickets.org\/fr\/#organization"},"potentialAction":[{"@type":"SearchAction","target":{"@type":"EntryPoint","urlTemplate":"https:\/\/belvederepalace.wientickets.org\/fr\/?s={search_term_string}"},"query-input":{"@type":"PropertyValueSpecification","valueRequired":true,"valueName":"search_term_string"}}],"inLanguage":"fr-FR"},{"@type":"Organization","@id":"https:\/\/belvederepalace.wientickets.org\/fr\/#organization","name":"Billets pour le ch\u00e2teau de Belvedere","url":"https:\/\/belvederepalace.wientickets.org\/fr\/","logo":{"@type":"ImageObject","inLanguage":"fr-FR","@id":"https:\/\/belvederepalace.wientickets.org\/fr\/#\/schema\/logo\/image\/","url":"https:\/\/belvederepalace.wientickets.org\/wp-content\/uploads\/2024\/08\/belvedere-palace-tickets-logo.png","contentUrl":"https:\/\/belvederepalace.wientickets.org\/wp-content\/uploads\/2024\/08\/belvedere-palace-tickets-logo.png","width":375,"height":70,"caption":"Billets pour le ch\u00e2teau de Belvedere"},"image":{"@id":"https:\/\/belvederepalace.wientickets.org\/fr\/#\/schema\/logo\/image\/"}}]}},"_links":{"self":[{"href":"https:\/\/belvederepalace.wientickets.org\/fr\/wp-json\/wp\/v2\/pages\/1552","targetHints":{"allow":["GET"]}}],"collection":[{"href":"https:\/\/belvederepalace.wientickets.org\/fr\/wp-json\/wp\/v2\/pages"}],"about":[{"href":"https:\/\/belvederepalace.wientickets.org\/fr\/wp-json\/wp\/v2\/types\/page"}],"author":[{"embeddable":true,"href":"https:\/\/belvederepalace.wientickets.org\/fr\/wp-json\/wp\/v2\/users\/2"}],"replies":[{"embeddable":true,"href":"https:\/\/belvederepalace.wientickets.org\/fr\/wp-json\/wp\/v2\/comments?post=1552"}],"version-history":[{"count":17,"href":"https:\/\/belvederepalace.wientickets.org\/fr\/wp-json\/wp\/v2\/pages\/1552\/revisions"}],"predecessor-version":[{"id":3112,"href":"https:\/\/belvederepalace.wientickets.org\/fr\/wp-json\/wp\/v2\/pages\/1552\/revisions\/3112"}],"wp:featuredmedia":[{"embeddable":true,"href":"https:\/\/belvederepalace.wientickets.org\/fr\/wp-json\/wp\/v2\/media\/1354"}],"wp:attachment":[{"href":"https:\/\/belvederepalace.wientickets.org\/fr\/wp-json\/wp\/v2\/media?parent=1552"}],"curies":[{"name":"wp","href":"https:\/\/api.w.org\/{rel}","templated":true}]}}