{"id":1604,"date":"2026-01-13T09:51:56","date_gmt":"2026-01-13T09:51:56","guid":{"rendered":"https:\/\/belvederepalace.wientickets.org\/belvedere-schlossgarten-jardins\/"},"modified":"2026-04-17T08:26:54","modified_gmt":"2026-04-17T08:26:54","slug":"belvedere-schlossgarten-jardins","status":"publish","type":"page","link":"https:\/\/belvederepalace.wientickets.org\/fr\/belvedere-schlossgarten-jardins\/","title":{"rendered":"Belvedere Schlossgarten (jardins)"},"content":{"rendered":"\t\t<div data-elementor-type=\"wp-page\" data-elementor-id=\"1604\" class=\"elementor elementor-1604 elementor-1384\">\n\t\t\t\t\t\t<section class=\"elementor-section elementor-top-section elementor-element elementor-element-d9f9314 intro-section elementor-section-boxed elementor-section-height-default elementor-section-height-default\" data-id=\"d9f9314\" data-element_type=\"section\">\n\t\t\t\t\t\t<div class=\"elementor-container elementor-column-gap-default\">\n\t\t\t\t\t<div class=\"elementor-column elementor-col-50 elementor-top-column elementor-element elementor-element-93072ec\" data-id=\"93072ec\" data-element_type=\"column\">\n\t\t\t<div class=\"elementor-widget-wrap elementor-element-populated\">\n\t\t\t\t\t\t<section class=\"elementor-section elementor-inner-section elementor-element elementor-element-60d5ba5 elementor-section-boxed elementor-section-height-default elementor-section-height-default\" data-id=\"60d5ba5\" data-element_type=\"section\">\n\t\t\t\t\t\t<div class=\"elementor-container elementor-column-gap-default\">\n\t\t\t\t\t<div class=\"elementor-column elementor-col-100 elementor-inner-column elementor-element elementor-element-4693576\" data-id=\"4693576\" data-element_type=\"column\">\n\t\t\t<div class=\"elementor-widget-wrap elementor-element-populated\">\n\t\t\t\t\t\t<div class=\"elementor-element elementor-element-92a82d6 title-mobile elementor-widget__width-initial elementor-widget elementor-widget-heading\" data-id=\"92a82d6\" data-element_type=\"widget\" data-widget_type=\"heading.default\">\n\t\t\t\t<div class=\"elementor-widget-container\">\n\t\t\t\t\t<h1 class=\"elementor-heading-title elementor-size-default\">Belvedere Schlossgarten (jardins)<\/h1>\t\t\t\t<\/div>\n\t\t\t\t<\/div>\n\t\t\t\t<div class=\"elementor-element elementor-element-e016f26 text-mobile elementor-widget__width-initial elementor-widget elementor-widget-text-editor\" data-id=\"e016f26\" data-element_type=\"widget\" data-widget_type=\"text-editor.default\">\n\t\t\t\t<div class=\"elementor-widget-container\">\n\t\t\t\t\t\t\t\t\t<p>Les <strong>jardins du palais du Belv\u00e9d\u00e8re<\/strong> \u00e0 Vienne constituent un ensemble d&rsquo;espaces verts de styles et de fonctions diff\u00e9rents qui unissent architecturalement les r\u00e9sidences du complexe. Nous d\u00e9taillerons ici le contenu de chacun d&rsquo;entre eux et leur histoire. <\/p>\t\t\t\t\t\t\t\t<\/div>\n\t\t\t\t<\/div>\n\t\t\t\t\t<\/div>\n\t\t<\/div>\n\t\t\t\t\t<\/div>\n\t\t<\/section>\n\t\t\t\t<div class=\"elementor-element elementor-element-22a410a btn-primary elementor-widget elementor-widget-button\" data-id=\"22a410a\" data-element_type=\"widget\" data-widget_type=\"button.default\">\n\t\t\t\t<div class=\"elementor-widget-container\">\n\t\t\t\t\t\t\t\t\t<div class=\"elementor-button-wrapper\">\n\t\t\t\t\t<a class=\"elementor-button elementor-button-link elementor-size-sm\" href=\"https:\/\/belvederepalace.wientickets.org\/fr\/billets-pour-le-chateau-de-belvedere\/\">\n\t\t\t\t\t\t<span class=\"elementor-button-content-wrapper\">\n\t\t\t\t\t\t\t\t\t<span class=\"elementor-button-text\">R\u00e9server des billets<\/span>\n\t\t\t\t\t<\/span>\n\t\t\t\t\t<\/a>\n\t\t\t\t<\/div>\n\t\t\t\t\t\t\t\t<\/div>\n\t\t\t\t<\/div>\n\t\t\t\t\t<\/div>\n\t\t<\/div>\n\t\t\t\t<div class=\"elementor-column elementor-col-50 elementor-top-column elementor-element elementor-element-7edfb37\" data-id=\"7edfb37\" data-element_type=\"column\">\n\t\t\t<div class=\"elementor-widget-wrap elementor-element-populated\">\n\t\t\t\t\t\t<div class=\"elementor-element elementor-element-d6a6031 elementor-hidden-mobile elementor-widget__width-initial elementor-widget elementor-widget-image\" data-id=\"d6a6031\" data-element_type=\"widget\" data-widget_type=\"image.default\">\n\t\t\t\t<div class=\"elementor-widget-container\">\n\t\t\t\t\t\t\t\t\t\t\t\t\t\t\t<img fetchpriority=\"high\" decoding=\"async\" width=\"800\" height=\"529\" src=\"https:\/\/belvederepalace.wientickets.org\/wp-content\/uploads\/2026\/01\/belvedere-schlossgarten-1024x677.webp\" class=\"attachment-large size-large wp-image-1605\" alt=\"Jardin du ch\u00e2teau du Belv\u00e9d\u00e8re\" srcset=\"https:\/\/belvederepalace.wientickets.org\/wp-content\/uploads\/2026\/01\/belvedere-schlossgarten-1024x677.webp 1024w, https:\/\/belvederepalace.wientickets.org\/wp-content\/uploads\/2026\/01\/belvedere-schlossgarten-300x198.webp 300w, https:\/\/belvederepalace.wientickets.org\/wp-content\/uploads\/2026\/01\/belvedere-schlossgarten-768x508.webp 768w, https:\/\/belvederepalace.wientickets.org\/wp-content\/uploads\/2026\/01\/belvedere-schlossgarten.webp 1280w\" sizes=\"(max-width: 800px) 100vw, 800px\" \/>\t\t\t\t\t\t\t\t\t\t\t\t\t\t\t<\/div>\n\t\t\t\t<\/div>\n\t\t\t\t\t<\/div>\n\t\t<\/div>\n\t\t\t\t\t<\/div>\n\t\t<\/section>\n\t\t\t\t<section class=\"elementor-section elementor-top-section elementor-element elementor-element-230cd5c elementor-section-height-min-height elementor-section-boxed elementor-section-height-default elementor-section-items-middle\" data-id=\"230cd5c\" data-element_type=\"section\" data-settings=\"{&quot;background_background&quot;:&quot;classic&quot;}\">\n\t\t\t\t\t\t<div class=\"elementor-container elementor-column-gap-default\">\n\t\t\t\t\t<div class=\"elementor-column elementor-col-100 elementor-top-column elementor-element elementor-element-00437ed\" data-id=\"00437ed\" data-element_type=\"column\">\n\t\t\t<div class=\"elementor-widget-wrap\">\n\t\t\t\t\t\t\t<\/div>\n\t\t<\/div>\n\t\t\t\t\t<\/div>\n\t\t<\/section>\n\t\t\t\t<section class=\"elementor-section elementor-top-section elementor-element elementor-element-9cd6848 elementor-section-height-min-height elementor-hidden-tablet elementor-hidden-mobile elementor-section-boxed elementor-section-height-default elementor-section-items-middle\" data-id=\"9cd6848\" data-element_type=\"section\" data-settings=\"{&quot;background_background&quot;:&quot;classic&quot;}\">\n\t\t\t\t\t\t<div class=\"elementor-container elementor-column-gap-default\">\n\t\t\t\t\t<div class=\"elementor-column elementor-col-33 elementor-top-column elementor-element elementor-element-9e6383b\" data-id=\"9e6383b\" data-element_type=\"column\">\n\t\t\t<div class=\"elementor-widget-wrap elementor-element-populated\">\n\t\t\t\t\t\t<section class=\"elementor-section elementor-inner-section elementor-element elementor-element-adf9d55 elementor-section-content-middle elementor-section-boxed elementor-section-height-default elementor-section-height-default\" data-id=\"adf9d55\" data-element_type=\"section\">\n\t\t\t\t\t\t<div class=\"elementor-container elementor-column-gap-default\">\n\t\t\t\t\t<div class=\"elementor-column elementor-col-50 elementor-inner-column elementor-element elementor-element-99588f5\" data-id=\"99588f5\" data-element_type=\"column\">\n\t\t\t<div class=\"elementor-widget-wrap elementor-element-populated\">\n\t\t\t\t\t\t<div class=\"elementor-element elementor-element-e36ddda elementor-widget elementor-widget-image\" data-id=\"e36ddda\" data-element_type=\"widget\" data-widget_type=\"image.default\">\n\t\t\t\t<div class=\"elementor-widget-container\">\n\t\t\t\t\t\t\t\t\t\t\t\t\t\t\t<img decoding=\"async\" width=\"496\" height=\"496\" src=\"https:\/\/belvederepalace.wientickets.org\/wp-content\/uploads\/2024\/08\/customer-service-1-1.png\" class=\"attachment-large size-large wp-image-1356\" alt=\"\" srcset=\"https:\/\/belvederepalace.wientickets.org\/wp-content\/uploads\/2024\/08\/customer-service-1-1.png 496w, https:\/\/belvederepalace.wientickets.org\/wp-content\/uploads\/2024\/08\/customer-service-1-1-300x300.png 300w, https:\/\/belvederepalace.wientickets.org\/wp-content\/uploads\/2024\/08\/customer-service-1-1-150x150.png 150w\" sizes=\"(max-width: 496px) 100vw, 496px\" \/>\t\t\t\t\t\t\t\t\t\t\t\t\t\t\t<\/div>\n\t\t\t\t<\/div>\n\t\t\t\t\t<\/div>\n\t\t<\/div>\n\t\t\t\t<div class=\"elementor-column elementor-col-50 elementor-inner-column elementor-element elementor-element-850e7ff\" data-id=\"850e7ff\" data-element_type=\"column\">\n\t\t\t<div class=\"elementor-widget-wrap elementor-element-populated\">\n\t\t\t\t\t\t<div class=\"elementor-element elementor-element-ef88c31 elementor-widget elementor-widget-heading\" data-id=\"ef88c31\" data-element_type=\"widget\" data-widget_type=\"heading.default\">\n\t\t\t\t<div class=\"elementor-widget-container\">\n\t\t\t\t\t<p class=\"elementor-heading-title elementor-size-default\">Assistance quand vous en avez besoin<\/p>\t\t\t\t<\/div>\n\t\t\t\t<\/div>\n\t\t\t\t<div class=\"elementor-element elementor-element-0bad76c elementor-widget elementor-widget-heading\" data-id=\"0bad76c\" data-element_type=\"widget\" data-widget_type=\"heading.default\">\n\t\t\t\t<div class=\"elementor-widget-container\">\n\t\t\t\t\t<p class=\"elementor-heading-title elementor-size-default\">Un service client \u00e0 votre enti\u00e8re disposition de 8h00 \u00e0 18h00.<\/p>\t\t\t\t<\/div>\n\t\t\t\t<\/div>\n\t\t\t\t\t<\/div>\n\t\t<\/div>\n\t\t\t\t\t<\/div>\n\t\t<\/section>\n\t\t\t\t\t<\/div>\n\t\t<\/div>\n\t\t\t\t<div class=\"elementor-column elementor-col-33 elementor-top-column elementor-element elementor-element-db09347\" data-id=\"db09347\" data-element_type=\"column\">\n\t\t\t<div class=\"elementor-widget-wrap elementor-element-populated\">\n\t\t\t\t\t\t<section class=\"elementor-section elementor-inner-section elementor-element elementor-element-944af68 elementor-section-content-middle elementor-section-boxed elementor-section-height-default elementor-section-height-default\" data-id=\"944af68\" data-element_type=\"section\">\n\t\t\t\t\t\t<div class=\"elementor-container elementor-column-gap-default\">\n\t\t\t\t\t<div class=\"elementor-column elementor-col-50 elementor-inner-column elementor-element elementor-element-058d089\" data-id=\"058d089\" data-element_type=\"column\">\n\t\t\t<div class=\"elementor-widget-wrap elementor-element-populated\">\n\t\t\t\t\t\t<div class=\"elementor-element elementor-element-631719e elementor-widget elementor-widget-image\" data-id=\"631719e\" data-element_type=\"widget\" data-widget_type=\"image.default\">\n\t\t\t\t<div class=\"elementor-widget-container\">\n\t\t\t\t\t\t\t\t\t\t\t\t\t\t\t<img decoding=\"async\" width=\"488\" height=\"488\" src=\"https:\/\/belvederepalace.wientickets.org\/wp-content\/uploads\/2024\/08\/Group-333.png\" class=\"attachment-large size-large wp-image-1357\" alt=\"\" srcset=\"https:\/\/belvederepalace.wientickets.org\/wp-content\/uploads\/2024\/08\/Group-333.png 488w, https:\/\/belvederepalace.wientickets.org\/wp-content\/uploads\/2024\/08\/Group-333-300x300.png 300w, https:\/\/belvederepalace.wientickets.org\/wp-content\/uploads\/2024\/08\/Group-333-150x150.png 150w\" sizes=\"(max-width: 488px) 100vw, 488px\" \/>\t\t\t\t\t\t\t\t\t\t\t\t\t\t\t<\/div>\n\t\t\t\t<\/div>\n\t\t\t\t\t<\/div>\n\t\t<\/div>\n\t\t\t\t<div class=\"elementor-column elementor-col-50 elementor-inner-column elementor-element elementor-element-29ee4a9\" data-id=\"29ee4a9\" data-element_type=\"column\">\n\t\t\t<div class=\"elementor-widget-wrap elementor-element-populated\">\n\t\t\t\t\t\t<div class=\"elementor-element elementor-element-84dcfb9 elementor-widget elementor-widget-heading\" data-id=\"84dcfb9\" data-element_type=\"widget\" data-widget_type=\"heading.default\">\n\t\t\t\t<div class=\"elementor-widget-container\">\n\t\t\t\t\t<p class=\"elementor-heading-title elementor-size-default\">R\u00e9servation rapide et en ligne<\/p>\t\t\t\t<\/div>\n\t\t\t\t<\/div>\n\t\t\t\t<div class=\"elementor-element elementor-element-0001b35 elementor-widget elementor-widget-heading\" data-id=\"0001b35\" data-element_type=\"widget\" data-widget_type=\"heading.default\">\n\t\t\t\t<div class=\"elementor-widget-container\">\n\t\t\t\t\t<p class=\"elementor-heading-title elementor-size-default\">Choisissez la meilleure option pour vos besoins et pr\u00e9f\u00e9rences et \u00e9vitez les files d'attente en r\u00e9servant ici<\/p>\t\t\t\t<\/div>\n\t\t\t\t<\/div>\n\t\t\t\t\t<\/div>\n\t\t<\/div>\n\t\t\t\t\t<\/div>\n\t\t<\/section>\n\t\t\t\t\t<\/div>\n\t\t<\/div>\n\t\t\t\t<div class=\"elementor-column elementor-col-33 elementor-top-column elementor-element elementor-element-489f8f9\" data-id=\"489f8f9\" data-element_type=\"column\">\n\t\t\t<div class=\"elementor-widget-wrap elementor-element-populated\">\n\t\t\t\t\t\t<section class=\"elementor-section elementor-inner-section elementor-element elementor-element-efa59f4 elementor-section-content-middle elementor-section-boxed elementor-section-height-default elementor-section-height-default\" data-id=\"efa59f4\" data-element_type=\"section\">\n\t\t\t\t\t\t<div class=\"elementor-container elementor-column-gap-default\">\n\t\t\t\t\t<div class=\"elementor-column elementor-col-50 elementor-inner-column elementor-element elementor-element-9c526e7\" data-id=\"9c526e7\" data-element_type=\"column\">\n\t\t\t<div class=\"elementor-widget-wrap elementor-element-populated\">\n\t\t\t\t\t\t<div class=\"elementor-element elementor-element-07ec56e elementor-widget elementor-widget-image\" data-id=\"07ec56e\" data-element_type=\"widget\" data-widget_type=\"image.default\">\n\t\t\t\t<div class=\"elementor-widget-container\">\n\t\t\t\t\t\t\t\t\t\t\t\t\t\t\t<img loading=\"lazy\" decoding=\"async\" width=\"462\" height=\"683\" src=\"https:\/\/belvederepalace.wientickets.org\/wp-content\/uploads\/2024\/08\/top-attractions-in-paris.webp\" class=\"attachment-large size-large wp-image-1358\" alt=\"\" srcset=\"https:\/\/belvederepalace.wientickets.org\/wp-content\/uploads\/2024\/08\/top-attractions-in-paris.webp 462w, https:\/\/belvederepalace.wientickets.org\/wp-content\/uploads\/2024\/08\/top-attractions-in-paris-203x300.webp 203w\" sizes=\"(max-width: 462px) 100vw, 462px\" \/>\t\t\t\t\t\t\t\t\t\t\t\t\t\t\t<\/div>\n\t\t\t\t<\/div>\n\t\t\t\t\t<\/div>\n\t\t<\/div>\n\t\t\t\t<div class=\"elementor-column elementor-col-50 elementor-inner-column elementor-element elementor-element-d4b11c9\" data-id=\"d4b11c9\" data-element_type=\"column\">\n\t\t\t<div class=\"elementor-widget-wrap elementor-element-populated\">\n\t\t\t\t\t\t<div class=\"elementor-element elementor-element-b7d14cc elementor-widget elementor-widget-heading\" data-id=\"b7d14cc\" data-element_type=\"widget\" data-widget_type=\"heading.default\">\n\t\t\t\t<div class=\"elementor-widget-container\">\n\t\t\t\t\t<p class=\"elementor-heading-title elementor-size-default\">Attraction n\u00b02 \u00e0 Vienne<\/p>\t\t\t\t<\/div>\n\t\t\t\t<\/div>\n\t\t\t\t<div class=\"elementor-element elementor-element-6f9dbc1 elementor-widget elementor-widget-heading\" data-id=\"6f9dbc1\" data-element_type=\"widget\" data-widget_type=\"heading.default\">\n\t\t\t\t<div class=\"elementor-widget-container\">\n\t\t\t\t\t<p class=\"elementor-heading-title elementor-size-default\">Explorez le ch\u00e2teau du Belv\u00e9d\u00e8re \u00e0 Vienne&nbsp;: beaut\u00e9 baroque, jardins luxuriants et art embl\u00e9matique de Klimt.\n\n\n\n\n\n\n\n\n<\/p>\t\t\t\t<\/div>\n\t\t\t\t<\/div>\n\t\t\t\t\t<\/div>\n\t\t<\/div>\n\t\t\t\t\t<\/div>\n\t\t<\/section>\n\t\t\t\t\t<\/div>\n\t\t<\/div>\n\t\t\t\t\t<\/div>\n\t\t<\/section>\n\t\t<div class=\"elementor-element elementor-element-6697256 e-flex e-con-boxed e-con e-parent\" data-id=\"6697256\" data-element_type=\"container\">\n\t\t\t\t\t<div class=\"e-con-inner\">\n\t\t\t\t<div class=\"elementor-element elementor-element-24bd42c elementor-widget elementor-widget-spacer\" data-id=\"24bd42c\" data-element_type=\"widget\" data-widget_type=\"spacer.default\">\n\t\t\t\t<div class=\"elementor-widget-container\">\n\t\t\t\t\t\t\t<div class=\"elementor-spacer\">\n\t\t\t<div class=\"elementor-spacer-inner\"><\/div>\n\t\t<\/div>\n\t\t\t\t\t\t<\/div>\n\t\t\t\t<\/div>\n\t\t\t\t\t<\/div>\n\t\t\t\t<\/div>\n\t\t<div class=\"elementor-element elementor-element-a7a1e2f e-flex e-con-boxed e-con e-parent\" data-id=\"a7a1e2f\" data-element_type=\"container\">\n\t\t\t\t\t<div class=\"e-con-inner\">\n\t\t\t\t<div class=\"elementor-element elementor-element-35e48a1 elementor-widget elementor-widget-heading\" data-id=\"35e48a1\" data-element_type=\"widget\" data-widget_type=\"heading.default\">\n\t\t\t\t<div class=\"elementor-widget-container\">\n\t\t\t\t\t<h2 class=\"elementor-heading-title elementor-size-default\">Voir en d\u00e9tail<\/h2>\t\t\t\t<\/div>\n\t\t\t\t<\/div>\n\t\t\t\t\t<\/div>\n\t\t\t\t<\/div>\n\t\t<div class=\"elementor-element elementor-element-fe6abd3 e-flex e-con-boxed e-con e-parent\" data-id=\"fe6abd3\" data-element_type=\"container\">\n\t\t\t\t\t<div class=\"e-con-inner\">\n\t\t<div class=\"elementor-element elementor-element-c0ce31e e-con-full e-flex e-con e-child\" data-id=\"c0ce31e\" data-element_type=\"container\">\n\t\t\t\t<div class=\"elementor-element elementor-element-e9533fa elementor-widget elementor-widget-text-editor\" data-id=\"e9533fa\" data-element_type=\"widget\" data-widget_type=\"text-editor.default\">\n\t\t\t\t<div class=\"elementor-widget-container\">\n\t\t\t\t\t\t\t\t\t<ul><li><a href=\"#see\">Que peut-on voir dans les jardins du Belv\u00e9d\u00e8re&nbsp;?<\/a><\/li><li><a href=\"#visitor\">Informations aux visiteurs pour le Schlossgarten<\/a><\/li><li><a href=\"#near\">Quoi d\u2019autre \u00e0 proximit\u00e9 des jardins&nbsp;?<\/a><\/li><\/ul>\t\t\t\t\t\t\t\t<\/div>\n\t\t\t\t<\/div>\n\t\t\t\t<\/div>\n\t\t<div class=\"elementor-element elementor-element-f31599b e-con-full e-flex e-con e-child\" data-id=\"f31599b\" data-element_type=\"container\">\n\t\t\t\t<div class=\"elementor-element elementor-element-f3726dd elementor-widget elementor-widget-text-editor\" data-id=\"f3726dd\" data-element_type=\"widget\" data-widget_type=\"text-editor.default\">\n\t\t\t\t<div class=\"elementor-widget-container\">\n\t\t\t\t\t\t\t\t\t<ul><li><a href=\"#history\">Contexte historique&nbsp;: que faut-il savoir avant de visiter&nbsp;?<\/a><\/li><li><a href=\"#faqs\">FAQ sur les jardins du Belv\u00e9d\u00e8re<\/a><\/li><\/ul>\t\t\t\t\t\t\t\t<\/div>\n\t\t\t\t<\/div>\n\t\t\t\t<\/div>\n\t\t\t\t\t<\/div>\n\t\t\t\t<\/div>\n\t\t\t\t<section class=\"elementor-section elementor-top-section elementor-element elementor-element-b5f148c elementor-section-boxed elementor-section-height-default elementor-section-height-default\" data-id=\"b5f148c\" data-element_type=\"section\">\n\t\t\t\t\t\t<div class=\"elementor-container elementor-column-gap-default\">\n\t\t\t\t\t<div class=\"elementor-column elementor-col-100 elementor-top-column elementor-element elementor-element-0458ce1\" data-id=\"0458ce1\" data-element_type=\"column\">\n\t\t\t<div class=\"elementor-widget-wrap elementor-element-populated\">\n\t\t\t\t\t\t<div class=\"elementor-element elementor-element-767261e elementor-widget elementor-widget-text-editor\" data-id=\"767261e\" data-element_type=\"widget\" data-widget_type=\"text-editor.default\">\n\t\t\t\t<div class=\"elementor-widget-container\">\n\t\t\t\t\t\t\t\t\t<p>Tout d\u2019abord, il convient de mentionner que <strong>l\u2019acc\u00e8s aux jardins est gratuit pour tous les visiteurs tout au long de l\u2019ann\u00e9e<\/strong>, \u00e0 l\u2019exception du jardin alpin qui n\u00e9cessite un billet sp\u00e9cifique. Ainsi, les visiteurs peuvent se promener dans ses espaces, admirer ses plantes et ses fontaines, ou profiter de vues sur la ville sans avoir \u00e0 acheter un billet pour les palais. <\/p>\t\t\t\t\t\t\t\t<\/div>\n\t\t\t\t<\/div>\n\t\t\t\t\t<\/div>\n\t\t<\/div>\n\t\t\t\t\t<\/div>\n\t\t<\/section>\n\t\t\t\t<section class=\"elementor-section elementor-top-section elementor-element elementor-element-fc7c141 elementor-section-boxed elementor-section-height-default elementor-section-height-default\" data-id=\"fc7c141\" data-element_type=\"section\">\n\t\t\t\t\t\t<div class=\"elementor-container elementor-column-gap-default\">\n\t\t\t\t\t<div class=\"elementor-column elementor-col-100 elementor-top-column elementor-element elementor-element-08fc692\" data-id=\"08fc692\" data-element_type=\"column\">\n\t\t\t<div class=\"elementor-widget-wrap elementor-element-populated\">\n\t\t\t\t\t\t<div class=\"elementor-element elementor-element-e1ecfe2 elementor-widget elementor-widget-heading\" data-id=\"e1ecfe2\" data-element_type=\"widget\" id=\"see\" data-widget_type=\"heading.default\">\n\t\t\t\t<div class=\"elementor-widget-container\">\n\t\t\t\t\t<h2 class=\"elementor-heading-title elementor-size-default\">Que peut-on voir dans les jardins du Belv\u00e9d\u00e8re&nbsp;?<\/h2>\t\t\t\t<\/div>\n\t\t\t\t<\/div>\n\t\t\t\t<div class=\"elementor-element elementor-element-0cfb87c elementor-widget elementor-widget-text-editor\" data-id=\"0cfb87c\" data-element_type=\"widget\" data-widget_type=\"text-editor.default\">\n\t\t\t\t<div class=\"elementor-widget-container\">\n\t\t\t\t\t\t\t\t\t<p>Les jardins du Belv\u00e9d\u00e8re conservent la conception originale du XVIIIe si\u00e8cle et offrent une perspective unique sur l\u2019am\u00e9nagement paysager imp\u00e9rial et la botanique scientifique en Autriche. Ce \u00ab Schlossgarten \u00bb (un terme d\u2019origine allemande qui se traduit par \u00ab jardin du palais \u00bb) <b> du style baroque fran\u00e7ais<\/b>, int\u00e9grant des fontaines \u00e0 gradins, des sculptures mythologiques et des chemins de gravier. Il s\u2019agit d\u2019un ensemble paysager divis\u00e9 en zones aux fonctions et \u00e0 l\u2019esth\u00e9tique distinctes qui consolident sa valeur en tant que destination touristique et historique. Comme <a style=\"color: #7e0009;\" href=\"https:\/\/www.reddit.com\/r\/wien\/comments\/1kob4yk\/schonbrunn_palace_worth_it\/\" target=\"_blank\" rel=\"noopener\">un utilisateur de Reddit le souligne \u00e0 juste titre<\/a> : \u00ab Les jardins (qui sont gratuits) sont un incontournable. \u00bb   <\/p><p>:<\/p>\t\t\t\t\t\t\t\t<\/div>\n\t\t\t\t<\/div>\n\t\t\t\t\t<\/div>\n\t\t<\/div>\n\t\t\t\t\t<\/div>\n\t\t<\/section>\n\t\t<div class=\"elementor-element elementor-element-47db6f3 e-flex e-con-boxed e-con e-parent\" data-id=\"47db6f3\" data-element_type=\"container\">\n\t\t\t\t\t<div class=\"e-con-inner\">\n\t\t<div class=\"elementor-element elementor-element-7e8f5e4 e-con-full e-flex e-con e-child\" data-id=\"7e8f5e4\" data-element_type=\"container\">\n\t\t\t\t<div class=\"elementor-element elementor-element-3fe1f20 elementor-widget elementor-widget-image\" data-id=\"3fe1f20\" data-element_type=\"widget\" data-widget_type=\"image.default\">\n\t\t\t\t<div class=\"elementor-widget-container\">\n\t\t\t\t\t\t\t\t\t\t\t\t\t\t\t<img loading=\"lazy\" decoding=\"async\" width=\"800\" height=\"536\" src=\"https:\/\/belvederepalace.wientickets.org\/wp-content\/uploads\/2026\/01\/baroque-garden-belvedere-1024x686.webp\" class=\"attachment-large size-large wp-image-1606\" alt=\"Le jardin baroque\" srcset=\"https:\/\/belvederepalace.wientickets.org\/wp-content\/uploads\/2026\/01\/baroque-garden-belvedere-1024x686.webp 1024w, https:\/\/belvederepalace.wientickets.org\/wp-content\/uploads\/2026\/01\/baroque-garden-belvedere-300x201.webp 300w, https:\/\/belvederepalace.wientickets.org\/wp-content\/uploads\/2026\/01\/baroque-garden-belvedere-768x514.webp 768w, https:\/\/belvederepalace.wientickets.org\/wp-content\/uploads\/2026\/01\/baroque-garden-belvedere.webp 1280w\" sizes=\"(max-width: 800px) 100vw, 800px\" \/>\t\t\t\t\t\t\t\t\t\t\t\t\t\t\t<\/div>\n\t\t\t\t<\/div>\n\t\t\t\t<\/div>\n\t\t<div class=\"elementor-element elementor-element-6727324 e-con-full e-flex e-con e-child\" data-id=\"6727324\" data-element_type=\"container\">\n\t\t\t\t<div class=\"elementor-element elementor-element-b4b025d elementor-widget elementor-widget-heading\" data-id=\"b4b025d\" data-element_type=\"widget\" data-widget_type=\"heading.default\">\n\t\t\t\t<div class=\"elementor-widget-container\">\n\t\t\t\t\t<h3 class=\"elementor-heading-title elementor-size-default\">Le jardin baroque<\/h3>\t\t\t\t<\/div>\n\t\t\t\t<\/div>\n\t\t\t\t<div class=\"elementor-element elementor-element-47b2d12 elementor-widget elementor-widget-text-editor\" data-id=\"47b2d12\" data-element_type=\"widget\" data-widget_type=\"text-editor.default\">\n\t\t\t\t<div class=\"elementor-widget-container\">\n\t\t\t\t\t\t\t\t\t<p>Le jardin baroque principal <strong>constitue l\u2019axe central qui relie architecturalement les deux palais<\/strong>. Cet espace se caract\u00e9rise par ses larges parterres de broderie, ses fontaines \u00e0 gradins et sa grande d\u00e9coration sculpturale. Les cascades s\u2019\u00e9coulent des niveaux sup\u00e9rieurs vers les niveaux inf\u00e9rieurs.  <\/p><p>De plus, des figures mythologiques et des sphinx dominent le paysage, guidant le regard des visiteurs vers la ville de Vienne. <strong>La conception recherche la monumentalit\u00e9<\/strong>, en utilisant la pente naturelle du terrain pour g\u00e9n\u00e9rer une sensation d\u2019immensit\u00e9 et de puissance.<\/p><p><em>Photo&nbsp;: \u00ab&nbsp;Schlosspark Belvedere Wien&nbsp;\u00bb par <a style=\"color: #7e0009;\" href=\"https:\/\/commons.wikimedia.org\/wiki\/User:LuMaBe\" target=\"_blank\" rel=\"noopener\">LuMaBe<\/a>.<\/em><\/p>\t\t\t\t\t\t\t\t<\/div>\n\t\t\t\t<\/div>\n\t\t\t\t<\/div>\n\t\t\t\t\t<\/div>\n\t\t\t\t<\/div>\n\t\t<div class=\"elementor-element elementor-element-0c9f69f e-flex e-con-boxed e-con e-parent\" data-id=\"0c9f69f\" data-element_type=\"container\">\n\t\t\t\t\t<div class=\"e-con-inner\">\n\t\t\t\t<div class=\"elementor-element elementor-element-d25d2a3 elementor-widget elementor-widget-spacer\" data-id=\"d25d2a3\" data-element_type=\"widget\" data-widget_type=\"spacer.default\">\n\t\t\t\t<div class=\"elementor-widget-container\">\n\t\t\t\t\t\t\t<div class=\"elementor-spacer\">\n\t\t\t<div class=\"elementor-spacer-inner\"><\/div>\n\t\t<\/div>\n\t\t\t\t\t\t<\/div>\n\t\t\t\t<\/div>\n\t\t\t\t\t<\/div>\n\t\t\t\t<\/div>\n\t\t<div class=\"elementor-element elementor-element-ce63c61 e-flex e-con-boxed e-con e-parent\" data-id=\"ce63c61\" data-element_type=\"container\">\n\t\t\t\t\t<div class=\"e-con-inner\">\n\t\t<div class=\"elementor-element elementor-element-196d20c e-con-full e-flex e-con e-child\" data-id=\"196d20c\" data-element_type=\"container\">\n\t\t\t\t<div class=\"elementor-element elementor-element-321a59c elementor-widget elementor-widget-heading\" data-id=\"321a59c\" data-element_type=\"widget\" data-widget_type=\"heading.default\">\n\t\t\t\t<div class=\"elementor-widget-container\">\n\t\t\t\t\t<h3 class=\"elementor-heading-title elementor-size-default\">Le jardin priv\u00e9 (Kammergarten)<\/h3>\t\t\t\t<\/div>\n\t\t\t\t<\/div>\n\t\t\t\t<div class=\"elementor-element elementor-element-e5f3a79 elementor-widget elementor-widget-text-editor\" data-id=\"e5f3a79\" data-element_type=\"widget\" data-widget_type=\"text-editor.default\">\n\t\t\t\t<div class=\"elementor-widget-container\">\n\t\t\t\t\t\t\t\t\t<p>Le jardin priv\u00e9, connu historiquement sous le nom de \u00ab&nbsp;Kammergarten&nbsp;\u00bb, offre un environnement beaucoup plus intime et abrit\u00e9 que l\u2019axe principal. Cet espace a \u00e9t\u00e9 initialement con\u00e7u comme un <strong>refuge exclusif pour le prince Eug\u00e8ne de Savoie<\/strong>, l\u2019un des strat\u00e8ges militaires les plus importants de l\u2019histoire europ\u00e9enne, essentiel \u00e0 l\u2019ascension de l\u2019Empire autrichien en tant que grande puissance. <\/p><p>Le jardin est divis\u00e9 en <strong>deux terrasses<\/strong> et se caract\u00e9rise par de <strong>d\u00e9licats parterres de fleurs<\/strong> et des structures qui permettaient au prince de profiter de la nature en toute intimit\u00e9, loin des fonctions publiques de la cour.<\/p><p><em>Photo&nbsp;: \u00ab&nbsp;Kammergarten des Schloss Belvederes&nbsp;\u00bb<\/em><em> par <a style=\"color: #7e0009;\" href=\"https:\/\/commons.wikimedia.org\/wiki\/User:LuMaBe\" target=\"_blank\" rel=\"noopener\">LuMaBe<\/a>.<\/em><\/p>\t\t\t\t\t\t\t\t<\/div>\n\t\t\t\t<\/div>\n\t\t\t\t<\/div>\n\t\t<div class=\"elementor-element elementor-element-eb78187 e-con-full e-flex e-con e-child\" data-id=\"eb78187\" data-element_type=\"container\">\n\t\t\t\t<div class=\"elementor-element elementor-element-c3ad5b9 elementor-widget elementor-widget-image\" data-id=\"c3ad5b9\" data-element_type=\"widget\" data-widget_type=\"image.default\">\n\t\t\t\t<div class=\"elementor-widget-container\">\n\t\t\t\t\t\t\t\t\t\t\t\t\t\t\t<img loading=\"lazy\" decoding=\"async\" width=\"800\" height=\"533\" src=\"https:\/\/belvederepalace.wientickets.org\/wp-content\/uploads\/2026\/01\/privy-garden-belvedere-1024x682.webp\" class=\"attachment-large size-large wp-image-1607\" alt=\"Le jardin priv\u00e9 (Kammergarten)\" srcset=\"https:\/\/belvederepalace.wientickets.org\/wp-content\/uploads\/2026\/01\/privy-garden-belvedere-1024x682.webp 1024w, https:\/\/belvederepalace.wientickets.org\/wp-content\/uploads\/2026\/01\/privy-garden-belvedere-300x200.webp 300w, https:\/\/belvederepalace.wientickets.org\/wp-content\/uploads\/2026\/01\/privy-garden-belvedere-768x511.webp 768w, https:\/\/belvederepalace.wientickets.org\/wp-content\/uploads\/2026\/01\/privy-garden-belvedere.webp 1280w\" sizes=\"(max-width: 800px) 100vw, 800px\" \/>\t\t\t\t\t\t\t\t\t\t\t\t\t\t\t<\/div>\n\t\t\t\t<\/div>\n\t\t\t\t<\/div>\n\t\t\t\t\t<\/div>\n\t\t\t\t<\/div>\n\t\t<div class=\"elementor-element elementor-element-971e950 e-flex e-con-boxed e-con e-parent\" data-id=\"971e950\" data-element_type=\"container\">\n\t\t\t\t\t<div class=\"e-con-inner\">\n\t\t\t\t<div class=\"elementor-element elementor-element-d3326e4 elementor-widget elementor-widget-spacer\" data-id=\"d3326e4\" data-element_type=\"widget\" data-widget_type=\"spacer.default\">\n\t\t\t\t<div class=\"elementor-widget-container\">\n\t\t\t\t\t\t\t<div class=\"elementor-spacer\">\n\t\t\t<div class=\"elementor-spacer-inner\"><\/div>\n\t\t<\/div>\n\t\t\t\t\t\t<\/div>\n\t\t\t\t<\/div>\n\t\t\t\t\t<\/div>\n\t\t\t\t<\/div>\n\t\t<div class=\"elementor-element elementor-element-3f15a3e e-flex e-con-boxed e-con e-parent\" data-id=\"3f15a3e\" data-element_type=\"container\">\n\t\t\t\t\t<div class=\"e-con-inner\">\n\t\t<div class=\"elementor-element elementor-element-71fe2c7 e-con-full e-flex e-con e-child\" data-id=\"71fe2c7\" data-element_type=\"container\">\n\t\t\t\t<div class=\"elementor-element elementor-element-1da742a elementor-widget elementor-widget-image\" data-id=\"1da742a\" data-element_type=\"widget\" data-widget_type=\"image.default\">\n\t\t\t\t<div class=\"elementor-widget-container\">\n\t\t\t\t\t\t\t\t\t\t\t\t\t\t\t<img loading=\"lazy\" decoding=\"async\" width=\"800\" height=\"533\" src=\"https:\/\/belvederepalace.wientickets.org\/wp-content\/uploads\/2026\/01\/b-girls-go-sculpture-by-marusa-sagadin-1024x682.webp\" class=\"attachment-large size-large wp-image-1608\" alt=\"Sculpture \u00ab&nbsp;B-Girls, go!&nbsp;\u00bb de Maru\u0161a Sagadin\" srcset=\"https:\/\/belvederepalace.wientickets.org\/wp-content\/uploads\/2026\/01\/b-girls-go-sculpture-by-marusa-sagadin-1024x682.webp 1024w, https:\/\/belvederepalace.wientickets.org\/wp-content\/uploads\/2026\/01\/b-girls-go-sculpture-by-marusa-sagadin-300x200.webp 300w, https:\/\/belvederepalace.wientickets.org\/wp-content\/uploads\/2026\/01\/b-girls-go-sculpture-by-marusa-sagadin-768x511.webp 768w, https:\/\/belvederepalace.wientickets.org\/wp-content\/uploads\/2026\/01\/b-girls-go-sculpture-by-marusa-sagadin.webp 1280w\" sizes=\"(max-width: 800px) 100vw, 800px\" \/>\t\t\t\t\t\t\t\t\t\t\t\t\t\t\t<\/div>\n\t\t\t\t<\/div>\n\t\t\t\t<\/div>\n\t\t<div class=\"elementor-element elementor-element-ca51b74 e-con-full e-flex e-con e-child\" data-id=\"ca51b74\" data-element_type=\"container\">\n\t\t\t\t<div class=\"elementor-element elementor-element-2843e5f elementor-widget elementor-widget-heading\" data-id=\"2843e5f\" data-element_type=\"widget\" data-widget_type=\"heading.default\">\n\t\t\t\t<div class=\"elementor-widget-container\">\n\t\t\t\t\t<h3 class=\"elementor-heading-title elementor-size-default\">Le jardin de sculptures<\/h3>\t\t\t\t<\/div>\n\t\t\t\t<\/div>\n\t\t\t\t<div class=\"elementor-element elementor-element-5ef0a77 elementor-widget elementor-widget-text-editor\" data-id=\"5ef0a77\" data-element_type=\"widget\" data-widget_type=\"text-editor.default\">\n\t\t\t\t<div class=\"elementor-widget-container\">\n\t\t\t\t\t\t\t\t\t<p>Le jardin de sculptures est situ\u00e9 dans la zone entourant le mus\u00e9e Belvedere&nbsp;21, s\u2019\u00e9tendant vers les zones ext\u00e9rieures du complexe. Contrairement aux sculptures classiques et mythologiques du jardin baroque, <strong>cet espace est d\u00e9di\u00e9 \u00e0 l\u2019art moderne et contemporain<\/strong>. <\/p><p>Il pr\u00e9sente des \u0153uvres d\u2019artistes internationaux et locaux, comme celle de <b>Maru\u0161a Sagadin intitul\u00e9e \u00ab&nbsp;B-Girls, go!&nbsp;\u00bb<\/b>, une pi\u00e8ce grand format qui r\u00e9interpr\u00e8te une casquette de baseball \u00e0 travers un langage qui fusionne l\u2019architecture, le design et le pop art.<\/p><p>Ce jardin r\u00e9alise une transition fluide entre l\u2019h\u00e9ritage historique des Habsbourg et les expressions artistiques actuelles, consolidant le Belv\u00e9d\u00e8re comme <strong>un espace o\u00f9 diff\u00e9rentes \u00e9poques de l\u2019art coexistent<\/strong>.<\/p><p><em>Photo&nbsp;: \u00ab&nbsp;Marusa Sagadin &#8211; B-Girls, Go!&nbsp;\u00bb par <a style=\"color: #7e0009;\" href=\"https:\/\/commons.wikimedia.org\/wiki\/User:1rhb\" target=\"_blank\" rel=\"noopener\">1rhb<\/a>.<\/em><\/p>\t\t\t\t\t\t\t\t<\/div>\n\t\t\t\t<\/div>\n\t\t\t\t<\/div>\n\t\t\t\t\t<\/div>\n\t\t\t\t<\/div>\n\t\t<div class=\"elementor-element elementor-element-f6979a7 e-flex e-con-boxed e-con e-parent\" data-id=\"f6979a7\" data-element_type=\"container\">\n\t\t\t\t\t<div class=\"e-con-inner\">\n\t\t\t\t<div class=\"elementor-element elementor-element-2bd8a78 elementor-widget elementor-widget-spacer\" data-id=\"2bd8a78\" data-element_type=\"widget\" data-widget_type=\"spacer.default\">\n\t\t\t\t<div class=\"elementor-widget-container\">\n\t\t\t\t\t\t\t<div class=\"elementor-spacer\">\n\t\t\t<div class=\"elementor-spacer-inner\"><\/div>\n\t\t<\/div>\n\t\t\t\t\t\t<\/div>\n\t\t\t\t<\/div>\n\t\t\t\t\t<\/div>\n\t\t\t\t<\/div>\n\t\t<div class=\"elementor-element elementor-element-3dfc763 e-flex e-con-boxed e-con e-parent\" data-id=\"3dfc763\" data-element_type=\"container\">\n\t\t\t\t\t<div class=\"e-con-inner\">\n\t\t<div class=\"elementor-element elementor-element-244e7cc e-con-full e-flex e-con e-child\" data-id=\"244e7cc\" data-element_type=\"container\">\n\t\t\t\t<div class=\"elementor-element elementor-element-7e136ac elementor-widget elementor-widget-heading\" data-id=\"7e136ac\" data-element_type=\"widget\" data-widget_type=\"heading.default\">\n\t\t\t\t<div class=\"elementor-widget-container\">\n\t\t\t\t\t<h3 class=\"elementor-heading-title elementor-size-default\">Le jardin botanique<\/h3>\t\t\t\t<\/div>\n\t\t\t\t<\/div>\n\t\t\t\t<div class=\"elementor-element elementor-element-b67ffdd elementor-widget elementor-widget-text-editor\" data-id=\"b67ffdd\" data-element_type=\"widget\" data-widget_type=\"text-editor.default\">\n\t\t\t\t<div class=\"elementor-widget-container\">\n\t\t\t\t\t\t\t\t\t<p>Le jardin botanique de l\u2019universit\u00e9 de Vienne fait partie de la ceinture verte du complexe. Il a \u00e9t\u00e9 <b>fond\u00e9 en 1754<\/b> par l\u2019imp\u00e9ratrice Marie-Th\u00e9r\u00e8se, la seule femme qui a r\u00e9gn\u00e9 sur les possessions des Habsbourg et l\u2019une des souveraines les plus influentes de l\u2019histoire europ\u00e9enne. <\/p><p>Cet espace de 8&nbsp;hectares abrite environ <b>11&nbsp;500&nbsp;esp\u00e8ces de plantes du monde entier<\/b>. Le jardin remplit des fonctions de recherche, de conservation des esp\u00e8ces menac\u00e9es et d\u2019\u00e9ducation du public. <\/p>\n<p><em>Photo&nbsp;: \u00ab&nbsp;Wien&nbsp;03 Botanischer Garten&nbsp;03&nbsp;\u00bb par <a href=\"https:\/\/commons.wikimedia.org\/wiki\/User:Gugerell\" target=\"_blank\" rel=\"noopener\" style=\"color:#7E0009;\">Gugerell<\/a>.<\/em><\/p>\t\t\t\t\t\t\t\t<\/div>\n\t\t\t\t<\/div>\n\t\t\t\t<\/div>\n\t\t<div class=\"elementor-element elementor-element-0a4ae58 e-con-full e-flex e-con e-child\" data-id=\"0a4ae58\" data-element_type=\"container\">\n\t\t\t\t<div class=\"elementor-element elementor-element-75dcdb9 elementor-widget elementor-widget-image\" data-id=\"75dcdb9\" data-element_type=\"widget\" data-widget_type=\"image.default\">\n\t\t\t\t<div class=\"elementor-widget-container\">\n\t\t\t\t\t\t\t\t\t\t\t\t\t\t\t<img loading=\"lazy\" decoding=\"async\" width=\"800\" height=\"450\" src=\"https:\/\/belvederepalace.wientickets.org\/wp-content\/uploads\/2026\/01\/botanical-garden-1024x576.webp\" class=\"attachment-large size-large wp-image-1609\" alt=\"Le jardin botanique\" srcset=\"https:\/\/belvederepalace.wientickets.org\/wp-content\/uploads\/2026\/01\/botanical-garden-1024x576.webp 1024w, https:\/\/belvederepalace.wientickets.org\/wp-content\/uploads\/2026\/01\/botanical-garden-300x169.webp 300w, https:\/\/belvederepalace.wientickets.org\/wp-content\/uploads\/2026\/01\/botanical-garden-768x432.webp 768w, https:\/\/belvederepalace.wientickets.org\/wp-content\/uploads\/2026\/01\/botanical-garden.webp 1280w\" sizes=\"(max-width: 800px) 100vw, 800px\" \/>\t\t\t\t\t\t\t\t\t\t\t\t\t\t\t<\/div>\n\t\t\t\t<\/div>\n\t\t\t\t<\/div>\n\t\t\t\t\t<\/div>\n\t\t\t\t<\/div>\n\t\t<div class=\"elementor-element elementor-element-64c5eaa e-flex e-con-boxed e-con e-parent\" data-id=\"64c5eaa\" data-element_type=\"container\">\n\t\t\t\t\t<div class=\"e-con-inner\">\n\t\t\t\t<div class=\"elementor-element elementor-element-18be3b3 elementor-widget elementor-widget-spacer\" data-id=\"18be3b3\" data-element_type=\"widget\" data-widget_type=\"spacer.default\">\n\t\t\t\t<div class=\"elementor-widget-container\">\n\t\t\t\t\t\t\t<div class=\"elementor-spacer\">\n\t\t\t<div class=\"elementor-spacer-inner\"><\/div>\n\t\t<\/div>\n\t\t\t\t\t\t<\/div>\n\t\t\t\t<\/div>\n\t\t\t\t\t<\/div>\n\t\t\t\t<\/div>\n\t\t<div class=\"elementor-element elementor-element-0b8ea8c e-flex e-con-boxed e-con e-parent\" data-id=\"0b8ea8c\" data-element_type=\"container\">\n\t\t\t\t\t<div class=\"e-con-inner\">\n\t\t<div class=\"elementor-element elementor-element-dea278d e-con-full e-flex e-con e-child\" data-id=\"dea278d\" data-element_type=\"container\">\n\t\t\t\t<div class=\"elementor-element elementor-element-5ae38f1 elementor-widget elementor-widget-image\" data-id=\"5ae38f1\" data-element_type=\"widget\" data-widget_type=\"image.default\">\n\t\t\t\t<div class=\"elementor-widget-container\">\n\t\t\t\t\t\t\t\t\t\t\t\t\t\t\t<img loading=\"lazy\" decoding=\"async\" width=\"800\" height=\"573\" src=\"https:\/\/belvederepalace.wientickets.org\/wp-content\/uploads\/2026\/01\/alpine-garden-1024x734.webp\" class=\"attachment-large size-large wp-image-1610\" alt=\"Le jardin alpin\" srcset=\"https:\/\/belvederepalace.wientickets.org\/wp-content\/uploads\/2026\/01\/alpine-garden-1024x734.webp 1024w, https:\/\/belvederepalace.wientickets.org\/wp-content\/uploads\/2026\/01\/alpine-garden-300x215.webp 300w, https:\/\/belvederepalace.wientickets.org\/wp-content\/uploads\/2026\/01\/alpine-garden-768x550.webp 768w, https:\/\/belvederepalace.wientickets.org\/wp-content\/uploads\/2026\/01\/alpine-garden.webp 1280w\" sizes=\"(max-width: 800px) 100vw, 800px\" \/>\t\t\t\t\t\t\t\t\t\t\t\t\t\t\t<\/div>\n\t\t\t\t<\/div>\n\t\t\t\t<\/div>\n\t\t<div class=\"elementor-element elementor-element-9ea6023 e-con-full e-flex e-con e-child\" data-id=\"9ea6023\" data-element_type=\"container\">\n\t\t\t\t<div class=\"elementor-element elementor-element-a994c1e elementor-widget elementor-widget-heading\" data-id=\"a994c1e\" data-element_type=\"widget\" data-widget_type=\"heading.default\">\n\t\t\t\t<div class=\"elementor-widget-container\">\n\t\t\t\t\t<h3 class=\"elementor-heading-title elementor-size-default\">Le jardin alpin<\/h3>\t\t\t\t<\/div>\n\t\t\t\t<\/div>\n\t\t\t\t<div class=\"elementor-element elementor-element-0f58730 elementor-widget elementor-widget-text-editor\" data-id=\"0f58730\" data-element_type=\"widget\" data-widget_type=\"text-editor.default\">\n\t\t\t\t<div class=\"elementor-widget-container\">\n\t\t\t\t\t\t\t\t\t<p>Le jardin alpin se distingue par le fait qu\u2019il est <strong>l\u2019un des plus anciens jardins botaniques sp\u00e9cialis\u00e9s d\u2019Europe<\/strong>. Ce secteur vise \u00e0 la pr\u00e9servation et \u00e0 l\u2019exposition de la riche flore des Alpes, ainsi que d\u2019autres r\u00e9gions montagneuses du monde. <\/p><p>Contrairement \u00e0 la rigidit\u00e9 g\u00e9om\u00e9trique des zones baroques, ce secteur pr\u00e9sente un agencement plus organique, avec des rocailles et des chemins \u00e9troits qui permettent une observation rapproch\u00e9e des esp\u00e8ces v\u00e9g\u00e9tales rares et prot\u00e9g\u00e9es pendant leurs p\u00e9riodes de floraison printani\u00e8re. Comme nous l\u2019avons mentionn\u00e9 pr\u00e9c\u00e9demment, <strong>il est n\u00e9cessaire d\u2019acheter un billet d\u2019acc\u00e8s pour le visiter<\/strong>. <\/p><p><em>Photo&nbsp;: \u00ab&nbsp;Wien &#8211; Alpengarten, Portal&nbsp;\u00bb par <a style=\"color: #7e0009;\" href=\"https:\/\/commons.wikimedia.org\/wiki\/User:Bwag\" target=\"_blank\" rel=\"noopener\">Bwag<\/a>.<\/em><\/p>\t\t\t\t\t\t\t\t<\/div>\n\t\t\t\t<\/div>\n\t\t\t\t<\/div>\n\t\t\t\t\t<\/div>\n\t\t\t\t<\/div>\n\t\t\t\t<section class=\"elementor-section elementor-top-section elementor-element elementor-element-873768a elementor-section-boxed elementor-section-height-default elementor-section-height-default\" data-id=\"873768a\" data-element_type=\"section\">\n\t\t\t\t\t\t<div class=\"elementor-container elementor-column-gap-default\">\n\t\t\t\t\t<div class=\"elementor-column elementor-col-100 elementor-top-column elementor-element elementor-element-a3161be\" data-id=\"a3161be\" data-element_type=\"column\">\n\t\t\t<div class=\"elementor-widget-wrap elementor-element-populated\">\n\t\t\t\t\t\t<div class=\"elementor-element elementor-element-85b7b34 elementor-widget elementor-widget-heading\" data-id=\"85b7b34\" data-element_type=\"widget\" id=\"visitor\" data-widget_type=\"heading.default\">\n\t\t\t\t<div class=\"elementor-widget-container\">\n\t\t\t\t\t<h2 class=\"elementor-heading-title elementor-size-default\">Informations aux visiteurs pour le Schlossgarten<\/h2>\t\t\t\t<\/div>\n\t\t\t\t<\/div>\n\t\t\t\t<div class=\"elementor-element elementor-element-3975fa3 elementor-widget elementor-widget-text-editor\" data-id=\"3975fa3\" data-element_type=\"widget\" data-widget_type=\"text-editor.default\">\n\t\t\t\t<div class=\"elementor-widget-container\">\n\t\t\t\t\t\t\t\t\t<p>Le palais du Belv\u00e9d\u00e8re est un point de rep\u00e8re essentiel dans le 3e&nbsp;arrondissement de Vienne, <strong>accessible par les transports en commun<\/strong> et \u00e0 pied depuis le centre. Pour profiter pleinement du Belv\u00e9d\u00e8re (\u00ab&nbsp;Schlossgarten&nbsp;\u00bb), il est essentiel de conna\u00eetre les <b>heures d\u2019acc\u00e8s<\/b> et les <b>points d\u2019entr\u00e9e<\/b>, car le complexe poss\u00e8de de multiples entr\u00e9es qui se connectent avec les diff\u00e9rents jardins et b\u00e2timents qui font partie de cette enceinte imp\u00e9riale historique. <\/p>\t\t\t\t\t\t\t\t<\/div>\n\t\t\t\t<\/div>\n\t\t\t\t\t<\/div>\n\t\t<\/div>\n\t\t\t\t\t<\/div>\n\t\t<\/section>\n\t\t<div class=\"elementor-element elementor-element-96a34b8 e-flex e-con-boxed e-con e-parent\" data-id=\"96a34b8\" data-element_type=\"container\">\n\t\t\t\t\t<div class=\"e-con-inner\">\n\t\t\t\t<div class=\"elementor-element elementor-element-b266f7c e-n-tabs-none elementor-widget elementor-widget-n-tabs\" data-id=\"b266f7c\" data-element_type=\"widget\" data-settings=\"{&quot;tabs_justify_horizontal&quot;:&quot;start&quot;,&quot;horizontal_scroll_mobile&quot;:&quot;enable&quot;,&quot;horizontal_scroll&quot;:&quot;disable&quot;}\" data-widget_type=\"nested-tabs.default\">\n\t\t\t\t<div class=\"elementor-widget-container\">\n\t\t\t\t\t\t\t<div class=\"e-n-tabs\" data-widget-number=\"187068284\" aria-label=\"Onglets. Ouvrez des \u00e9l\u00e9ments avec Entrer ou Espace, fermez-les avec Echape et naviguez \u00e0 l&#039;aide des touches fl\u00e9ch\u00e9es.\">\n\t\t\t<div class=\"e-n-tabs-heading\" role=\"tablist\">\n\t\t\t\t\t<button id=\"e-n-tab-title-1870682841\" data-tab-title-id=\"e-n-tab-title-1870682841\" class=\"e-n-tab-title\" aria-selected=\"true\" data-tab-index=\"1\" role=\"tab\" tabindex=\"0\" aria-controls=\"e-n-tab-content-1870682841\" style=\"--n-tabs-title-order: 1;\">\n\t\t\t\t\t\t<span class=\"e-n-tab-title-text\">\n\t\t\t\tHeures d\u2019ouverture des jardins\t\t\t<\/span>\n\t\t<\/button>\n\t\t\t\t<button id=\"e-n-tab-title-1870682842\" data-tab-title-id=\"e-n-tab-title-1870682842\" class=\"e-n-tab-title\" aria-selected=\"false\" data-tab-index=\"2\" role=\"tab\" tabindex=\"-1\" aria-controls=\"e-n-tab-content-1870682842\" style=\"--n-tabs-title-order: 2;\">\n\t\t\t\t\t\t<span class=\"e-n-tab-title-text\">\n\t\t\t\tComment s\u2019y rendre\t\t\t<\/span>\n\t\t<\/button>\n\t\t\t\t<button id=\"e-n-tab-title-1870682843\" data-tab-title-id=\"e-n-tab-title-1870682843\" class=\"e-n-tab-title\" aria-selected=\"false\" data-tab-index=\"3\" role=\"tab\" tabindex=\"-1\" aria-controls=\"e-n-tab-content-1870682843\" style=\"--n-tabs-title-order: 3;\">\n\t\t\t\t\t\t<span class=\"e-n-tab-title-text\">\n\t\t\t\tPlan du complexe\t\t\t<\/span>\n\t\t<\/button>\n\t\t\t\t\t<\/div>\n\t\t\t<div class=\"e-n-tabs-content\">\n\t\t\t\t<div id=\"e-n-tab-content-1870682841\" role=\"tabpanel\" aria-labelledby=\"e-n-tab-title-1870682841\" data-tab-index=\"1\" style=\"--n-tabs-title-order: 1;\" class=\"e-active elementor-element elementor-element-c66e8dc e-flex e-con-boxed e-con e-child\" data-id=\"c66e8dc\" data-element_type=\"container\">\n\t\t\t\t\t<div class=\"e-con-inner\">\n\t\t<div class=\"elementor-element elementor-element-cbe1937 e-flex e-con-boxed e-con e-child\" data-id=\"cbe1937\" data-element_type=\"container\">\n\t\t\t\t\t<div class=\"e-con-inner\">\n\t\t<div class=\"elementor-element elementor-element-a078895 e-con-full e-flex e-con e-child\" data-id=\"a078895\" data-element_type=\"container\">\n\t\t\t\t<div class=\"elementor-element elementor-element-231c4c9 elementor-widget elementor-widget-image\" data-id=\"231c4c9\" data-element_type=\"widget\" data-widget_type=\"image.default\">\n\t\t\t\t<div class=\"elementor-widget-container\">\n\t\t\t\t\t\t\t\t\t\t\t\t\t\t\t<img loading=\"lazy\" decoding=\"async\" width=\"800\" height=\"536\" src=\"https:\/\/belvederepalace.wientickets.org\/wp-content\/uploads\/2025\/12\/belvedere-palace-garden-1024x686.webp\" class=\"attachment-large size-large wp-image-1554\" alt=\"Jardin du palais du Belv\u00e9d\u00e8re\" srcset=\"https:\/\/belvederepalace.wientickets.org\/wp-content\/uploads\/2025\/12\/belvedere-palace-garden-1024x686.webp 1024w, https:\/\/belvederepalace.wientickets.org\/wp-content\/uploads\/2025\/12\/belvedere-palace-garden-300x201.webp 300w, https:\/\/belvederepalace.wientickets.org\/wp-content\/uploads\/2025\/12\/belvedere-palace-garden-768x514.webp 768w, https:\/\/belvederepalace.wientickets.org\/wp-content\/uploads\/2025\/12\/belvedere-palace-garden.webp 1280w\" sizes=\"(max-width: 800px) 100vw, 800px\" \/>\t\t\t\t\t\t\t\t\t\t\t\t\t\t\t<\/div>\n\t\t\t\t<\/div>\n\t\t\t\t<\/div>\n\t\t<div class=\"elementor-element elementor-element-5c8d23b e-con-full e-flex e-con e-child\" data-id=\"5c8d23b\" data-element_type=\"container\">\n\t\t\t\t<div class=\"elementor-element elementor-element-59940c4 elementor-widget elementor-widget-heading\" data-id=\"59940c4\" data-element_type=\"widget\" data-widget_type=\"heading.default\">\n\t\t\t\t<div class=\"elementor-widget-container\">\n\t\t\t\t\t<h3 class=\"elementor-heading-title elementor-size-default\">Heures d\u2019ouverture des jardins<\/h3>\t\t\t\t<\/div>\n\t\t\t\t<\/div>\n\t\t\t\t<div class=\"elementor-element elementor-element-e9714dd elementor-widget elementor-widget-text-editor\" data-id=\"e9714dd\" data-element_type=\"widget\" data-widget_type=\"text-editor.default\">\n\t\t\t\t<div class=\"elementor-widget-container\">\n\t\t\t\t\t\t\t\t\t<p>Les heures d\u2019ouverture des jardins varient en fonction de l\u2019espace et de la saison de l\u2019ann\u00e9e. Voici les heures officielles pour chacun des jardins&nbsp;: <\/p><ul><li><strong>Jardins du palais :<\/strong> Leurs heures varient selon la dur\u00e9e du jour, ouvrant g\u00e9n\u00e9ralement \u00e0 06 h 30 ou 07 h 00 et fermant entre 18 h 00 (hiver) et 21 h 00 (\u00e9t\u00e9).<\/li><li><strong>Jardin priv\u00e9&nbsp;:<\/strong> Ouvert tous les jours de 10&nbsp;h&nbsp;00 \u00e0 18&nbsp;h&nbsp;00.<\/li><li><strong>Jardin de sculptures :<\/strong> L&rsquo;acc\u00e8s aux sculptures ext\u00e9rieures suit les horaires du mus\u00e9e Belvedere 21, ouvert du mardi au dimanche de 11h00 \u00e0 18h00 (les jeudis jusqu\u2019\u00e0 21h00) et ferm\u00e9 le lundi.<\/li><li><strong>Jardin botanique&nbsp;:<\/strong> Ouvert tous les jours \u00e0 partir de 10&nbsp;h&nbsp;00. La fermeture varie selon le mois&nbsp;: \u00e0 16&nbsp;h&nbsp;00 (novembre-janvier), 17&nbsp;h&nbsp;00 (f\u00e9vrier, mars et octobre), 18&nbsp;h&nbsp;00 (avril \u00e0 septembre). <\/li><li><strong>Jardin alpin&nbsp;:<\/strong> Ce jardin est saisonnier et n\u2019ouvre que pendant les mois de floraison, de fin mars \u00e0 d\u00e9but ao\u00fbt, tous les jours de 10&nbsp;h&nbsp;00 \u00e0 18&nbsp;h&nbsp;00.<\/li><\/ul>\t\t\t\t\t\t\t\t<\/div>\n\t\t\t\t<\/div>\n\t\t\t\t<\/div>\n\t\t\t\t\t<\/div>\n\t\t\t\t<\/div>\n\t\t\t\t\t<\/div>\n\t\t\t\t<\/div>\n\t\t<div id=\"e-n-tab-content-1870682842\" role=\"tabpanel\" aria-labelledby=\"e-n-tab-title-1870682842\" data-tab-index=\"2\" style=\"--n-tabs-title-order: 2;\" class=\" elementor-element elementor-element-05af9bd e-flex e-con-boxed e-con e-child\" data-id=\"05af9bd\" data-element_type=\"container\">\n\t\t\t\t\t<div class=\"e-con-inner\">\n\t\t<div class=\"elementor-element elementor-element-ac36fd5 e-con-full e-flex e-con e-child\" data-id=\"ac36fd5\" data-element_type=\"container\">\n\t\t<div class=\"elementor-element elementor-element-9fcf706 e-con-full e-flex e-con e-child\" data-id=\"9fcf706\" data-element_type=\"container\">\n\t\t\t\t<div class=\"elementor-element elementor-element-8bda4ce elementor-widget elementor-widget-image\" data-id=\"8bda4ce\" data-element_type=\"widget\" data-widget_type=\"image.default\">\n\t\t\t\t<div class=\"elementor-widget-container\">\n\t\t\t\t\t\t\t\t\t\t\t\t\t\t\t<img loading=\"lazy\" decoding=\"async\" width=\"800\" height=\"564\" src=\"https:\/\/belvederepalace.wientickets.org\/wp-content\/uploads\/2026\/01\/tram-stop-schloss-belvedere-1024x722.webp\" class=\"attachment-large size-large wp-image-1611\" alt=\"Arr\u00eat de tramway Schloss Belvedere\" srcset=\"https:\/\/belvederepalace.wientickets.org\/wp-content\/uploads\/2026\/01\/tram-stop-schloss-belvedere-1024x722.webp 1024w, https:\/\/belvederepalace.wientickets.org\/wp-content\/uploads\/2026\/01\/tram-stop-schloss-belvedere-300x211.webp 300w, https:\/\/belvederepalace.wientickets.org\/wp-content\/uploads\/2026\/01\/tram-stop-schloss-belvedere-768x541.webp 768w, https:\/\/belvederepalace.wientickets.org\/wp-content\/uploads\/2026\/01\/tram-stop-schloss-belvedere.webp 1280w\" sizes=\"(max-width: 800px) 100vw, 800px\" \/>\t\t\t\t\t\t\t\t\t\t\t\t\t\t\t<\/div>\n\t\t\t\t<\/div>\n\t\t\t\t<\/div>\n\t\t<div class=\"elementor-element elementor-element-1d42fb9 e-con-full e-flex e-con e-child\" data-id=\"1d42fb9\" data-element_type=\"container\">\n\t\t\t\t<div class=\"elementor-element elementor-element-898aa3b elementor-widget elementor-widget-heading\" data-id=\"898aa3b\" data-element_type=\"widget\" data-widget_type=\"heading.default\">\n\t\t\t\t<div class=\"elementor-widget-container\">\n\t\t\t\t\t<h3 class=\"elementor-heading-title elementor-size-default\">Comment s\u2019y rendre<\/h3>\t\t\t\t<\/div>\n\t\t\t\t<\/div>\n\t\t\t\t<div class=\"elementor-element elementor-element-36fecb0 elementor-widget elementor-widget-text-editor\" data-id=\"36fecb0\" data-element_type=\"widget\" data-widget_type=\"text-editor.default\">\n\t\t\t\t<div class=\"elementor-widget-container\">\n\t\t\t\t\t\t\t\t\t<p>L\u2019acc\u00e8s aux jardins du Belv\u00e9d\u00e8re \u00e0 Vienne est simple via le r\u00e9seau de transport urbain&nbsp;:<\/p><ul><li><strong>Tramway&nbsp;:<\/strong> C\u2019est l\u2019option la plus proche. Pour entrer par le Belv\u00e9d\u00e8re sup\u00e9rieur (entr\u00e9e sup\u00e9rieure), prenez la ligne&nbsp;D et descendez \u00e0 l\u2019arr\u00eat Schloss Belvedere. Vous pouvez \u00e9galement utiliser les lignes&nbsp;18 ou&nbsp;O, en descendant \u00e0 l\u2019arr\u00eat Quartier Belvedere. Pour entrer par le Belv\u00e9d\u00e8re inf\u00e9rieur (entr\u00e9e inf\u00e9rieure), il est recommand\u00e9 d\u2019utiliser la ligne&nbsp;71, plus pr\u00e9cis\u00e9ment \u00e0 l\u2019arr\u00eat Unteres Belvedere.   <\/li><li><strong>M\u00e9tro :<\/strong> Ligne U1 (rouge). Descendez \u00e0 la station Hauptbahnhof (gare centrale). De l\u00e0, vous devrez marcher environ 15 minutes jusqu\u2019au Belv\u00e9d\u00e8re sup\u00e9rieur ou prendre le tramway de la ligne D.  <\/li><li><strong>Bus&nbsp;:<\/strong> Ligne&nbsp;13A. L\u2019arr\u00eat doit \u00eatre Mommsengasse, et de l\u00e0, vous devez marcher jusqu\u2019\u00e0 l\u2019entr\u00e9e du Belv\u00e9d\u00e8re sup\u00e9rieur. <\/li><\/ul><p><em>Photo&nbsp;: \u00ab&nbsp;Tram stop Schloss Belvedere, Vienna&nbsp;\u00bb par <a style=\"color: #7e0009;\" href=\"https:\/\/commons.wikimedia.org\/wiki\/User:Herzi_Pinki\" target=\"_blank\" rel=\"noopener\">Herzi Pinki<\/a>.<\/em><\/p>\t\t\t\t\t\t\t\t<\/div>\n\t\t\t\t<\/div>\n\t\t\t\t<div class=\"elementor-element elementor-element-a6cd955 link-secundary elementor-widget elementor-widget-text-editor\" data-id=\"a6cd955\" data-element_type=\"widget\" data-widget_type=\"text-editor.default\">\n\t\t\t\t<div class=\"elementor-widget-container\">\n\t\t\t\t\t\t\t\t\t<p><a href=\"https:\/\/belvederepalace.wientickets.org\/fr\/emplacement-du-chateau-du-belvedere\/\">Comment se rendre au palais du Belv\u00e9d\u00e8re \u00e0 Vienne &gt;<\/a><\/p>\t\t\t\t\t\t\t\t<\/div>\n\t\t\t\t<\/div>\n\t\t\t\t<\/div>\n\t\t\t\t<\/div>\n\t\t\t\t\t<\/div>\n\t\t\t\t<\/div>\n\t\t<div id=\"e-n-tab-content-1870682843\" role=\"tabpanel\" aria-labelledby=\"e-n-tab-title-1870682843\" data-tab-index=\"3\" style=\"--n-tabs-title-order: 3;\" class=\" elementor-element elementor-element-17d34c6 e-flex e-con-boxed e-con e-child\" data-id=\"17d34c6\" data-element_type=\"container\">\n\t\t\t\t\t<div class=\"e-con-inner\">\n\t\t<div class=\"elementor-element elementor-element-51747dc e-con-full e-flex e-con e-child\" data-id=\"51747dc\" data-element_type=\"container\">\n\t\t<div class=\"elementor-element elementor-element-59f49c3 e-con-full e-flex e-con e-child\" data-id=\"59f49c3\" data-element_type=\"container\">\n\t\t\t\t<div class=\"elementor-element elementor-element-b6d25fd elementor-widget elementor-widget-image\" data-id=\"b6d25fd\" data-element_type=\"widget\" data-widget_type=\"image.default\">\n\t\t\t\t<div class=\"elementor-widget-container\">\n\t\t\t\t\t\t\t\t\t\t\t\t\t\t\t<img loading=\"lazy\" decoding=\"async\" width=\"800\" height=\"799\" src=\"https:\/\/belvederepalace.wientickets.org\/wp-content\/uploads\/2025\/11\/belvedere-map-entrances.jpg\" class=\"attachment-full size-full wp-image-1360\" alt=\"Plan du Belv\u00e9d\u00e8re avec les entr\u00e9es\" srcset=\"https:\/\/belvederepalace.wientickets.org\/wp-content\/uploads\/2025\/11\/belvedere-map-entrances.jpg 800w, https:\/\/belvederepalace.wientickets.org\/wp-content\/uploads\/2025\/11\/belvedere-map-entrances-300x300.jpg 300w, https:\/\/belvederepalace.wientickets.org\/wp-content\/uploads\/2025\/11\/belvedere-map-entrances-150x150.jpg 150w, https:\/\/belvederepalace.wientickets.org\/wp-content\/uploads\/2025\/11\/belvedere-map-entrances-768x767.jpg 768w\" sizes=\"(max-width: 800px) 100vw, 800px\" \/>\t\t\t\t\t\t\t\t\t\t\t\t\t\t\t<\/div>\n\t\t\t\t<\/div>\n\t\t\t\t<\/div>\n\t\t<div class=\"elementor-element elementor-element-ce893da e-con-full e-flex e-con e-child\" data-id=\"ce893da\" data-element_type=\"container\">\n\t\t\t\t<div class=\"elementor-element elementor-element-674bbbd elementor-widget elementor-widget-heading\" data-id=\"674bbbd\" data-element_type=\"widget\" data-widget_type=\"heading.default\">\n\t\t\t\t<div class=\"elementor-widget-container\">\n\t\t\t\t\t<h3 class=\"elementor-heading-title elementor-size-default\">Plan du complexe<\/h3>\t\t\t\t<\/div>\n\t\t\t\t<\/div>\n\t\t\t\t<div class=\"elementor-element elementor-element-ce19c21 elementor-widget elementor-widget-text-editor\" data-id=\"ce19c21\" data-element_type=\"widget\" data-widget_type=\"text-editor.default\">\n\t\t\t\t<div class=\"elementor-widget-container\">\n\t\t\t\t\t\t\t\t\t<p>Le syst\u00e8me de jardins du palais du Belv\u00e9d\u00e8re se trouve au centre d\u2019un axe culturel important&nbsp;:<\/p><ul><li>Le Belv\u00e9d\u00e8re sup\u00e9rieur occupe l\u2019extr\u00e9mit\u00e9 sud et le <a style=\"color: #7e0009;\" href=\"https:\/\/belvederepalace.wientickets.org\/fr\/palais-du-belvedere-inferieur\/\">Belv\u00e9d\u00e8re inf\u00e9rieur<\/a> d\u00e9finit la limite nord.<\/li><li>Le jardin botanique de l\u2019universit\u00e9 de Vienne borde le complexe \u00e0 l\u2019ouest, offrant une vaste collection d\u2019esp\u00e8ces v\u00e9g\u00e9tales diverses.<\/li><li>Le mus\u00e9e d\u2019art contemporain Belvedere&nbsp;21 se trouve au sud-est et dispose d\u2019un jardin de sculptures d\u00e9di\u00e9 dans son enceinte moderne.<\/li><\/ul><p>Un r\u00e9seau de chemins sym\u00e9triques relie ces diff\u00e9rents sites, cr\u00e9ant un flux continu entre l\u2019architecture baroque historique et le design du XXe&nbsp;si\u00e8cle. Cet am\u00e9nagement strat\u00e9gique facilite une visite compl\u00e8te de plusieurs sites culturels dans un seul p\u00e9rim\u00e8tre int\u00e9gr\u00e9. <\/p>\t\t\t\t\t\t\t\t<\/div>\n\t\t\t\t<\/div>\n\t\t\t\t<div class=\"elementor-element elementor-element-d9af680 link-secundary elementor-widget elementor-widget-text-editor\" data-id=\"d9af680\" data-element_type=\"widget\" data-widget_type=\"text-editor.default\">\n\t\t\t\t<div class=\"elementor-widget-container\">\n\t\t\t\t\t\t\t\t\t<p><a href=\"https:\/\/belvederepalace.wientickets.org\/fr\/plan-du-chateau-du-belvedere\/\">Plan du ch\u00e2teau du Belv\u00e9d\u00e8re &gt;<\/a><\/p>\t\t\t\t\t\t\t\t<\/div>\n\t\t\t\t<\/div>\n\t\t\t\t<\/div>\n\t\t\t\t<\/div>\n\t\t\t\t\t<\/div>\n\t\t\t\t<\/div>\n\t\t\t\t\t<\/div>\n\t\t<\/div>\n\t\t\t\t\t\t<\/div>\n\t\t\t\t<\/div>\n\t\t\t\t\t<\/div>\n\t\t\t\t<\/div>\n\t\t\t\t<section class=\"elementor-section elementor-top-section elementor-element elementor-element-817d633 elementor-section-boxed elementor-section-height-default elementor-section-height-default\" data-id=\"817d633\" data-element_type=\"section\">\n\t\t\t\t\t\t<div class=\"elementor-container elementor-column-gap-default\">\n\t\t\t\t\t<div class=\"elementor-column elementor-col-100 elementor-top-column elementor-element elementor-element-513e49f\" data-id=\"513e49f\" data-element_type=\"column\">\n\t\t\t<div class=\"elementor-widget-wrap elementor-element-populated\">\n\t\t\t\t\t\t<div class=\"elementor-element elementor-element-c3993a2 elementor-widget elementor-widget-heading\" data-id=\"c3993a2\" data-element_type=\"widget\" id=\"near\" data-widget_type=\"heading.default\">\n\t\t\t\t<div class=\"elementor-widget-container\">\n\t\t\t\t\t<h2 class=\"elementor-heading-title elementor-size-default\">Quoi d\u2019autre \u00e0 proximit\u00e9 des jardins&nbsp;?<\/h2>\t\t\t\t<\/div>\n\t\t\t\t<\/div>\n\t\t\t\t<div class=\"elementor-element elementor-element-3ace295 elementor-widget elementor-widget-text-editor\" data-id=\"3ace295\" data-element_type=\"widget\" data-widget_type=\"text-editor.default\">\n\t\t\t\t<div class=\"elementor-widget-container\">\n\t\t\t\t\t\t\t\t\t<p>Les jardins du palais du Belv\u00e9d\u00e8re servent de lien physique entre les <b>deux grands b\u00e2timents du complexe&nbsp;: le Belv\u00e9d\u00e8re sup\u00e9rieur et le <\/b><a href=\"https:\/\/belvederepalace.wientickets.org\/fr\/palais-du-belvedere-inferieur\/\" rel=\"noopener\"><strong>Belv\u00e9d\u00e8re inf\u00e9rieur<\/strong><\/a>. Bien que l\u2019acc\u00e8s \u00e0 la plupart des espaces verts soit gratuit, l\u2019entr\u00e9e \u00e0 l\u2019int\u00e9rieur des deux palais et au jardin alpin n\u00e9cessite le paiement d\u2019un billet sp\u00e9cifique. Ces b\u00e2timents fonctionnent aujourd\u2019hui comme des mus\u00e9es qui abritent des collections allant du Moyen&nbsp;\u00c2ge \u00e0 l\u2019art contemporain.  <\/p><p>La proximit\u00e9 entre ces points et les diff\u00e9rents jardins permet au visiteur d\u2019alterner une promenade dans la nature avec l\u2019observation de chefs-d\u2019\u0153uvre de l\u2019art europ\u00e9en. Il est important de souligner que <b>les palais sont des mus\u00e9es payants<\/b>, il est donc recommand\u00e9 de planifier la visite si vous souhaitez acc\u00e9der aux galeries int\u00e9rieures de ces deux grands b\u00e2timents&nbsp;: <\/p>\t\t\t\t\t\t\t\t<\/div>\n\t\t\t\t<\/div>\n\t\t\t\t\t<\/div>\n\t\t<\/div>\n\t\t\t\t\t<\/div>\n\t\t<\/section>\n\t\t\t\t<section class=\"elementor-section elementor-top-section elementor-element elementor-element-001d78d elementor-section-boxed elementor-section-height-default elementor-section-height-default\" data-id=\"001d78d\" data-element_type=\"section\">\n\t\t\t\t\t\t<div class=\"elementor-container elementor-column-gap-default\">\n\t\t\t\t\t<div class=\"elementor-column elementor-col-50 elementor-top-column elementor-element elementor-element-880309b\" data-id=\"880309b\" data-element_type=\"column\">\n\t\t\t<div class=\"elementor-widget-wrap elementor-element-populated\">\n\t\t\t\t\t\t<div class=\"elementor-element elementor-element-6caafbc elementor-widget elementor-widget-image\" data-id=\"6caafbc\" data-element_type=\"widget\" data-widget_type=\"image.default\">\n\t\t\t\t<div class=\"elementor-widget-container\">\n\t\t\t\t\t\t\t\t\t\t\t\t\t\t\t<img loading=\"lazy\" decoding=\"async\" width=\"600\" height=\"400\" src=\"https:\/\/belvederepalace.wientickets.org\/wp-content\/uploads\/2025\/10\/belvedere-palace-vienna-austria-1.webp\" class=\"attachment-medium_large size-medium_large wp-image-1350\" alt=\"Ch\u00e2teau du Belv\u00e9d\u00e8re sup\u00e9rieur\" srcset=\"https:\/\/belvederepalace.wientickets.org\/wp-content\/uploads\/2025\/10\/belvedere-palace-vienna-austria-1.webp 600w, https:\/\/belvederepalace.wientickets.org\/wp-content\/uploads\/2025\/10\/belvedere-palace-vienna-austria-1-300x200.webp 300w\" sizes=\"(max-width: 600px) 100vw, 600px\" \/>\t\t\t\t\t\t\t\t\t\t\t\t\t\t\t<\/div>\n\t\t\t\t<\/div>\n\t\t\t\t<div class=\"elementor-element elementor-element-7f48423 elementor-widget elementor-widget-spacer\" data-id=\"7f48423\" data-element_type=\"widget\" data-widget_type=\"spacer.default\">\n\t\t\t\t<div class=\"elementor-widget-container\">\n\t\t\t\t\t\t\t<div class=\"elementor-spacer\">\n\t\t\t<div class=\"elementor-spacer-inner\"><\/div>\n\t\t<\/div>\n\t\t\t\t\t\t<\/div>\n\t\t\t\t<\/div>\n\t\t\t\t<div class=\"elementor-element elementor-element-c8a8305 elementor-widget elementor-widget-heading\" data-id=\"c8a8305\" data-element_type=\"widget\" data-widget_type=\"heading.default\">\n\t\t\t\t<div class=\"elementor-widget-container\">\n\t\t\t\t\t<h3 class=\"elementor-heading-title elementor-size-default\">Belv\u00e9d\u00e8re sup\u00e9rieur<\/h3>\t\t\t\t<\/div>\n\t\t\t\t<\/div>\n\t\t\t\t<div class=\"elementor-element elementor-element-43f949c elementor-widget elementor-widget-text-editor\" data-id=\"43f949c\" data-element_type=\"widget\" data-widget_type=\"text-editor.default\">\n\t\t\t\t<div class=\"elementor-widget-container\">\n\t\t\t\t\t\t\t\t\t<p>Le Belv\u00e9d\u00e8re sup\u00e9rieur est situ\u00e9 \u00e0 l\u2019extr\u00e9mit\u00e9 sud du complexe. Ce b\u00e2timent abrite la plus importante collection permanente du mus\u00e9e, mettant en valeur l\u2019art autrichien du XIXe&nbsp;si\u00e8cle \u00e0 nos jours. \u00c0 l\u2019int\u00e9rieur, des \u0153uvres embl\u00e9matiques du modernisme viennois sont expos\u00e9es. Les salles conservent leur d\u00e9coration baroque d\u2019origine, notamment la salle de marbre, un espace d\u2019une grande importance historique pour la nation autrichienne.   <\/p>\t\t\t\t\t\t\t\t<\/div>\n\t\t\t\t<\/div>\n\t\t\t\t\t<\/div>\n\t\t<\/div>\n\t\t\t\t<div class=\"elementor-column elementor-col-50 elementor-top-column elementor-element elementor-element-f6047ef\" data-id=\"f6047ef\" data-element_type=\"column\">\n\t\t\t<div class=\"elementor-widget-wrap elementor-element-populated\">\n\t\t\t\t\t\t<div class=\"elementor-element elementor-element-30584d0 elementor-widget elementor-widget-image\" data-id=\"30584d0\" data-element_type=\"widget\" data-widget_type=\"image.default\">\n\t\t\t\t<div class=\"elementor-widget-container\">\n\t\t\t\t\t\t\t\t\t\t\t\t\t\t\t<img loading=\"lazy\" decoding=\"async\" width=\"768\" height=\"394\" src=\"https:\/\/belvederepalace.wientickets.org\/wp-content\/uploads\/2025\/11\/lower-belvedere-768x394.webp\" class=\"attachment-medium_large size-medium_large wp-image-1355\" alt=\"Belv\u00e9d\u00e8re inf\u00e9rieur\" srcset=\"https:\/\/belvederepalace.wientickets.org\/wp-content\/uploads\/2025\/11\/lower-belvedere-768x394.webp 768w, https:\/\/belvederepalace.wientickets.org\/wp-content\/uploads\/2025\/11\/lower-belvedere-300x154.webp 300w, https:\/\/belvederepalace.wientickets.org\/wp-content\/uploads\/2025\/11\/lower-belvedere-1024x525.webp 1024w, https:\/\/belvederepalace.wientickets.org\/wp-content\/uploads\/2025\/11\/lower-belvedere.webp 1300w\" sizes=\"(max-width: 768px) 100vw, 768px\" \/>\t\t\t\t\t\t\t\t\t\t\t\t\t\t\t<\/div>\n\t\t\t\t<\/div>\n\t\t\t\t<div class=\"elementor-element elementor-element-2bd9acc elementor-widget elementor-widget-spacer\" data-id=\"2bd9acc\" data-element_type=\"widget\" data-widget_type=\"spacer.default\">\n\t\t\t\t<div class=\"elementor-widget-container\">\n\t\t\t\t\t\t\t<div class=\"elementor-spacer\">\n\t\t\t<div class=\"elementor-spacer-inner\"><\/div>\n\t\t<\/div>\n\t\t\t\t\t\t<\/div>\n\t\t\t\t<\/div>\n\t\t\t\t<div class=\"elementor-element elementor-element-10df0fa elementor-widget elementor-widget-heading\" data-id=\"10df0fa\" data-element_type=\"widget\" data-widget_type=\"heading.default\">\n\t\t\t\t<div class=\"elementor-widget-container\">\n\t\t\t\t\t<h3 class=\"elementor-heading-title elementor-size-default\">Belv\u00e9d\u00e8re inf\u00e9rieur<\/h3>\t\t\t\t<\/div>\n\t\t\t\t<\/div>\n\t\t\t\t<div class=\"elementor-element elementor-element-510bf4e elementor-widget elementor-widget-text-editor\" data-id=\"510bf4e\" data-element_type=\"widget\" data-widget_type=\"text-editor.default\">\n\t\t\t\t<div class=\"elementor-widget-container\">\n\t\t\t\t\t\t\t\t\tLe <a href=\"https:\/\/belvederepalace.wientickets.org\/fr\/palais-du-belvedere-inferieur\/\" style=\"color:#7E0009;\">Belv\u00e9d\u00e8re inf\u00e9rieur<\/a> est situ\u00e9 au bas du versant nord de l\u2019enceinte. Ce palais est principalement d\u00e9di\u00e9 aux expositions temporaires de grande qualit\u00e9 qui explorent diverses p\u00e9riodes de l\u2019art international. Les visiteurs peuvent visiter des salles historiques de nature priv\u00e9e, telles que la galerie de marbre et la salle des miroirs. Le b\u00e2timent est \u00e9galement reli\u00e9 \u00e0 l\u2019Orangerie et au jardin priv\u00e9, offrant une exp\u00e9rience plus intime de la vie de cour.   \n\t\t\t\t\t\t\t\t<\/div>\n\t\t\t\t<\/div>\n\t\t\t\t\t<\/div>\n\t\t<\/div>\n\t\t\t\t\t<\/div>\n\t\t<\/section>\n\t\t<div class=\"elementor-element elementor-element-a3e3e37 e-flex e-con-boxed e-con e-parent\" data-id=\"a3e3e37\" data-element_type=\"container\">\n\t\t\t\t\t<div class=\"e-con-inner\">\n\t\t\t\t<div class=\"elementor-element elementor-element-dba3783 elementor-widget elementor-widget-heading\" data-id=\"dba3783\" data-element_type=\"widget\" id=\"history\" data-widget_type=\"heading.default\">\n\t\t\t\t<div class=\"elementor-widget-container\">\n\t\t\t\t\t<h2 class=\"elementor-heading-title elementor-size-default\">Contexte historique&nbsp;: que faut-il savoir avant de visiter&nbsp;?<\/h2>\t\t\t\t<\/div>\n\t\t\t\t<\/div>\n\t\t\t\t\t<\/div>\n\t\t\t\t<\/div>\n\t\t<div class=\"elementor-element elementor-element-c0652b5 e-flex e-con-boxed e-con e-parent\" data-id=\"c0652b5\" data-element_type=\"container\">\n\t\t\t\t\t<div class=\"e-con-inner\">\n\t\t<div class=\"elementor-element elementor-element-04fc408 e-con-full e-flex e-con e-child\" data-id=\"04fc408\" data-element_type=\"container\">\n\t\t\t\t<div class=\"elementor-element elementor-element-eb70d92 elementor-widget elementor-widget-text-editor\" data-id=\"eb70d92\" data-element_type=\"widget\" data-widget_type=\"text-editor.default\">\n\t\t\t\t<div class=\"elementor-widget-container\">\n\t\t\t\t\t\t\t\t\t<p>La construction du palais et des jardins du Belv\u00e9d\u00e8re a commenc\u00e9 au d\u00e9but du XVIIIe si\u00e8cle sur ordre du <strong>prince Eug\u00e8ne de Savoie<\/strong> qui, comme nous l\u2019avons d\u00e9taill\u00e9 pr\u00e9c\u00e9demment, \u00e9tait un chef militaire brillant du Saint-Empire romain germanique. Suite \u00e0 ses victoires militaires, le prince d\u00e9cida de cr\u00e9er une r\u00e9sidence d\u2019\u00e9t\u00e9 qui refl\u00e9tait son statut. <\/p><p><strong>L\u2019architecte Johann Lukas von Hildebrandt a con\u00e7u les b\u00e2timents<\/strong>, tandis que <strong>Dominique Girard<\/strong>, un disciple d\u2019Andr\u00e9 Le N\u00f4tre, <strong>\u00e9tait en charge de l\u2019am\u00e9nagement paysager<\/strong>. L\u2019ex\u00e9cution de ces jardins a \u00e9t\u00e9 un travail d\u2019ing\u00e9nierie colossal qui a transform\u00e9 une colline \u00e0 la p\u00e9riph\u00e9rie de la ville en un complexe palatial de r\u00e9f\u00e9rence mondiale. <\/p><p>Le <strong>Belv\u00e9d\u00e8re inf\u00e9rieur<\/strong> a \u00e9t\u00e9 achev\u00e9 en <strong>1716<\/strong> pour servir de r\u00e9sidence principale. Par la suite, en <strong>1724<\/strong>, le <strong>Belv\u00e9d\u00e8re sup\u00e9rieur<\/strong> a \u00e9t\u00e9 achev\u00e9, con\u00e7u comme une galerie d\u2019art et un espace de r\u00e9ception. Le nom \u00ab&nbsp;Belv\u00e9d\u00e8re&nbsp;\u00bb, qui signifie \u00ab&nbsp;belle vue&nbsp;\u00bb, a \u00e9t\u00e9 consolid\u00e9 apr\u00e8s la mort du prince en&nbsp;1736.  <\/p><p><b>L\u2019imp\u00e9ratrice Marie-Th\u00e9r\u00e8se<\/b> a acquis la propri\u00e9t\u00e9 en&nbsp;1752, et sous le r\u00e8gne des Habsbourg, le Belv\u00e9d\u00e8re sup\u00e9rieur a \u00e9t\u00e9 transform\u00e9 en l\u2019un des premiers mus\u00e9es publics au monde en&nbsp;1781. L\u2019intention \u00e9tait de d\u00e9mocratiser l\u2019acc\u00e8s aux collections royales, un concept r\u00e9volutionnaire pour l\u2019\u00e9poque. <\/p><p>Le niveau inf\u00e9rieur des jardins repr\u00e9sente le domaine des quatre \u00e9l\u00e9ments&nbsp;; le niveau interm\u00e9diaire symbolise le Parnasse et le niveau sup\u00e9rieur est d\u00e9di\u00e9 \u00e0 l\u2019Olympe. Cette structure hi\u00e9rarchique visait \u00e0 exalter la figure du prince Eug\u00e8ne en tant qu\u2019homme de culture et d\u2019ordre. Les fontaines, les cascades et les statues font partie d\u2019un <strong>r\u00e9cit qui c\u00e9l\u00e8bre le triomphe de la civilisation sur le chaos<\/strong>, un th\u00e8me r\u00e9current dans l\u2019art baroque.  <\/p>\t\t\t\t\t\t\t\t<\/div>\n\t\t\t\t<\/div>\n\t\t\t\t<\/div>\n\t\t<div class=\"elementor-element elementor-element-2f1cafd e-con-full e-flex e-con e-child\" data-id=\"2f1cafd\" data-element_type=\"container\">\n\t\t\t\t<div class=\"elementor-element elementor-element-86d5970 elementor-widget elementor-widget-image\" data-id=\"86d5970\" data-element_type=\"widget\" data-widget_type=\"image.default\">\n\t\t\t\t<div class=\"elementor-widget-container\">\n\t\t\t\t\t\t\t\t\t\t\t\t\t\t\t<img loading=\"lazy\" decoding=\"async\" width=\"768\" height=\"940\" src=\"https:\/\/belvederepalace.wientickets.org\/wp-content\/uploads\/2025\/12\/eugene-of-savoy-768x940.jpeg\" class=\"attachment-medium_large size-medium_large wp-image-1523\" alt=\"Prince Eug\u00e8ne de Savoie\" srcset=\"https:\/\/belvederepalace.wientickets.org\/wp-content\/uploads\/2025\/12\/eugene-of-savoy-768x940.jpeg 768w, https:\/\/belvederepalace.wientickets.org\/wp-content\/uploads\/2025\/12\/eugene-of-savoy-245x300.jpeg 245w, https:\/\/belvederepalace.wientickets.org\/wp-content\/uploads\/2025\/12\/eugene-of-savoy.jpeg 837w\" sizes=\"(max-width: 768px) 100vw, 768px\" \/>\t\t\t\t\t\t\t\t\t\t\t\t\t\t\t<\/div>\n\t\t\t\t<\/div>\n\t\t\t\t<\/div>\n\t\t\t\t\t<\/div>\n\t\t\t\t<\/div>\n\t\t<div class=\"elementor-element elementor-element-c4f7a88 e-flex e-con-boxed e-con e-parent\" data-id=\"c4f7a88\" data-element_type=\"container\">\n\t\t\t\t\t<div class=\"e-con-inner\">\n\t\t\t\t<div class=\"elementor-element elementor-element-7b9259e elementor-widget elementor-widget-text-editor\" data-id=\"7b9259e\" data-element_type=\"widget\" data-widget_type=\"text-editor.default\">\n\t\t\t\t<div class=\"elementor-widget-container\">\n\t\t\t\t\t\t\t\t\t<p>Tout au long des XIXe et XXe&nbsp;si\u00e8cles, le complexe a \u00e9t\u00e9 le th\u00e9\u00e2tre d\u2019\u00e9v\u00e9nements historiques d\u00e9cisifs. Il a \u00e9t\u00e9 la r\u00e9sidence de l\u2019archiduc Fran\u00e7ois-Ferdinand avant son assassinat en&nbsp;1914. Apr\u00e8s la chute de la monarchie en&nbsp;1918, l\u2019\u00c9tat a assum\u00e9 la propri\u00e9t\u00e9 du site. En&nbsp;1955, la signature du trait\u00e9 d\u2019\u00c9tat autrichien au Belv\u00e9d\u00e8re sup\u00e9rieur a rendu l\u2019ind\u00e9pendance \u00e0 l\u2019Autriche apr\u00e8s la Seconde Guerre mondiale. La compr\u00e9hension de ces \u00e9tapes permet au visiteur d\u2019appr\u00e9cier que <b>les jardins du palais du Belv\u00e9d\u00e8re sont un monument vivant de l\u2019histoire europ\u00e9enne<\/b> et non un simple parc ornemental.    <\/p>\t\t\t\t\t\t\t\t<\/div>\n\t\t\t\t<\/div>\n\t\t\t\t\t<\/div>\n\t\t\t\t<\/div>\n\t\t\t\t<section class=\"elementor-section elementor-top-section elementor-element elementor-element-1588da0 elementor-section-boxed elementor-section-height-default elementor-section-height-default\" data-id=\"1588da0\" data-element_type=\"section\">\n\t\t\t\t\t\t<div class=\"elementor-container elementor-column-gap-default\">\n\t\t\t\t\t<div class=\"elementor-column elementor-col-100 elementor-top-column elementor-element elementor-element-1608ef4\" data-id=\"1608ef4\" data-element_type=\"column\">\n\t\t\t<div class=\"elementor-widget-wrap elementor-element-populated\">\n\t\t\t\t\t\t<div class=\"elementor-element elementor-element-79a070f elementor-widget elementor-widget-heading\" data-id=\"79a070f\" data-element_type=\"widget\" id=\"faqs\" data-widget_type=\"heading.default\">\n\t\t\t\t<div class=\"elementor-widget-container\">\n\t\t\t\t\t<h2 class=\"elementor-heading-title elementor-size-default\">FAQ sur les jardins du Belv\u00e9d\u00e8re<\/h2>\t\t\t\t<\/div>\n\t\t\t\t<\/div>\n\t\t\t\t\t<\/div>\n\t\t<\/div>\n\t\t\t\t\t<\/div>\n\t\t<\/section>\n\t\t<div class=\"elementor-element elementor-element-7e5861f e-flex e-con-boxed e-con e-parent\" data-id=\"7e5861f\" data-element_type=\"container\">\n\t\t\t\t\t<div class=\"e-con-inner\">\n\t\t\t\t<div class=\"elementor-element elementor-element-e9a1dad elementor-widget elementor-widget-toggle\" data-id=\"e9a1dad\" data-element_type=\"widget\" data-widget_type=\"toggle.default\">\n\t\t\t\t<div class=\"elementor-widget-container\">\n\t\t\t\t\t\t\t<div class=\"elementor-toggle\">\n\t\t\t\t\t\t\t<div class=\"elementor-toggle-item\">\n\t\t\t\t\t<h3 id=\"elementor-tab-title-2441\" class=\"elementor-tab-title\" data-tab=\"1\" role=\"button\" aria-controls=\"elementor-tab-content-2441\" aria-expanded=\"false\">\n\t\t\t\t\t\t\t\t\t\t\t\t<span class=\"elementor-toggle-icon elementor-toggle-icon-left\" aria-hidden=\"true\">\n\t\t\t\t\t\t\t\t\t\t\t\t\t\t\t<span class=\"elementor-toggle-icon-closed\"><svg class=\"e-font-icon-svg e-fas-caret-right\" viewBox=\"0 0 192 512\" xmlns=\"http:\/\/www.w3.org\/2000\/svg\"><path d=\"M0 384.662V127.338c0-17.818 21.543-26.741 34.142-14.142l128.662 128.662c7.81 7.81 7.81 20.474 0 28.284L34.142 398.804C21.543 411.404 0 402.48 0 384.662z\"><\/path><\/svg><\/span>\n\t\t\t\t\t\t\t\t<span class=\"elementor-toggle-icon-opened\"><svg class=\"elementor-toggle-icon-opened e-font-icon-svg e-fas-caret-up\" viewBox=\"0 0 320 512\" xmlns=\"http:\/\/www.w3.org\/2000\/svg\"><path d=\"M288.662 352H31.338c-17.818 0-26.741-21.543-14.142-34.142l128.662-128.662c7.81-7.81 20.474-7.81 28.284 0l128.662 128.662c12.6 12.599 3.676 34.142-14.142 34.142z\"><\/path><\/svg><\/span>\n\t\t\t\t\t\t\t\t\t\t\t\t\t<\/span>\n\t\t\t\t\t\t\t\t\t\t\t\t<a class=\"elementor-toggle-title\" tabindex=\"0\">La visite du palais du Belv\u00e9d\u00e8re sup\u00e9rieur ou inf\u00e9rieur est-elle gratuite&nbsp;?<\/a>\n\t\t\t\t\t<\/h3>\n\n\t\t\t\t\t<div id=\"elementor-tab-content-2441\" class=\"elementor-tab-content elementor-clearfix\" data-tab=\"1\" role=\"region\" aria-labelledby=\"elementor-tab-title-2441\"><p><strong>La visite de l\u2019int\u00e9rieur des palais n\u2019est pas gratuite<\/strong>. Bien que les jardins du palais du Belv\u00e9d\u00e8re soient en effet gratuits pour le grand public, les galeries d\u2019art situ\u00e9es \u00e0 l\u2019int\u00e9rieur du Belv\u00e9d\u00e8re sup\u00e9rieur et inf\u00e9rieur n\u00e9cessitent <a style=\"color: #7e0009;\" href=\"https:\/\/belvederepalace.wientickets.org\/fr\/\">l\u2019achat de billets sp\u00e9cifiques<\/a>. <\/p>\n<\/div>\n\t\t\t\t<\/div>\n\t\t\t\t\t\t\t<div class=\"elementor-toggle-item\">\n\t\t\t\t\t<h3 id=\"elementor-tab-title-2442\" class=\"elementor-tab-title\" data-tab=\"2\" role=\"button\" aria-controls=\"elementor-tab-content-2442\" aria-expanded=\"false\">\n\t\t\t\t\t\t\t\t\t\t\t\t<span class=\"elementor-toggle-icon elementor-toggle-icon-left\" aria-hidden=\"true\">\n\t\t\t\t\t\t\t\t\t\t\t\t\t\t\t<span class=\"elementor-toggle-icon-closed\"><svg class=\"e-font-icon-svg e-fas-caret-right\" viewBox=\"0 0 192 512\" xmlns=\"http:\/\/www.w3.org\/2000\/svg\"><path d=\"M0 384.662V127.338c0-17.818 21.543-26.741 34.142-14.142l128.662 128.662c7.81 7.81 7.81 20.474 0 28.284L34.142 398.804C21.543 411.404 0 402.48 0 384.662z\"><\/path><\/svg><\/span>\n\t\t\t\t\t\t\t\t<span class=\"elementor-toggle-icon-opened\"><svg class=\"elementor-toggle-icon-opened e-font-icon-svg e-fas-caret-up\" viewBox=\"0 0 320 512\" xmlns=\"http:\/\/www.w3.org\/2000\/svg\"><path d=\"M288.662 352H31.338c-17.818 0-26.741-21.543-14.142-34.142l128.662-128.662c7.81-7.81 20.474-7.81 28.284 0l128.662 128.662c12.6 12.599 3.676 34.142-14.142 34.142z\"><\/path><\/svg><\/span>\n\t\t\t\t\t\t\t\t\t\t\t\t\t<\/span>\n\t\t\t\t\t\t\t\t\t\t\t\t<a class=\"elementor-toggle-title\" tabindex=\"0\">O\u00f9 se trouve \u00ab&nbsp;Le Baiser&nbsp;\u00bb de Klimt, au Belv\u00e9d\u00e8re sup\u00e9rieur ou inf\u00e9rieur&nbsp;?<\/a>\n\t\t\t\t\t<\/h3>\n\n\t\t\t\t\t<div id=\"elementor-tab-content-2442\" class=\"elementor-tab-content elementor-clearfix\" data-tab=\"2\" role=\"region\" aria-labelledby=\"elementor-tab-title-2442\"><p>La c\u00e9l\u00e8bre \u0153uvre \u00ab&nbsp;Le Baiser&nbsp;\u00bb de Gustav Klimt est situ\u00e9e au <strong>Belv\u00e9d\u00e8re sup\u00e9rieur<\/strong>. Cette peinture est la pi\u00e8ce ma\u00eetresse de la collection permanente du mus\u00e9e et est expos\u00e9e dans la section d\u00e9di\u00e9e au modernisme viennois. Les visiteurs int\u00e9ress\u00e9s \u00e0 voir ce chef-d\u2019\u0153uvre devraient se diriger vers le palais situ\u00e9 dans la partie la plus haute des jardins.  <\/p>\n<\/div>\n\t\t\t\t<\/div>\n\t\t\t\t\t\t\t<div class=\"elementor-toggle-item\">\n\t\t\t\t\t<h3 id=\"elementor-tab-title-2443\" class=\"elementor-tab-title\" data-tab=\"3\" role=\"button\" aria-controls=\"elementor-tab-content-2443\" aria-expanded=\"false\">\n\t\t\t\t\t\t\t\t\t\t\t\t<span class=\"elementor-toggle-icon elementor-toggle-icon-left\" aria-hidden=\"true\">\n\t\t\t\t\t\t\t\t\t\t\t\t\t\t\t<span class=\"elementor-toggle-icon-closed\"><svg class=\"e-font-icon-svg e-fas-caret-right\" viewBox=\"0 0 192 512\" xmlns=\"http:\/\/www.w3.org\/2000\/svg\"><path d=\"M0 384.662V127.338c0-17.818 21.543-26.741 34.142-14.142l128.662 128.662c7.81 7.81 7.81 20.474 0 28.284L34.142 398.804C21.543 411.404 0 402.48 0 384.662z\"><\/path><\/svg><\/span>\n\t\t\t\t\t\t\t\t<span class=\"elementor-toggle-icon-opened\"><svg class=\"elementor-toggle-icon-opened e-font-icon-svg e-fas-caret-up\" viewBox=\"0 0 320 512\" xmlns=\"http:\/\/www.w3.org\/2000\/svg\"><path d=\"M288.662 352H31.338c-17.818 0-26.741-21.543-14.142-34.142l128.662-128.662c7.81-7.81 20.474-7.81 28.284 0l128.662 128.662c12.6 12.599 3.676 34.142-14.142 34.142z\"><\/path><\/svg><\/span>\n\t\t\t\t\t\t\t\t\t\t\t\t\t<\/span>\n\t\t\t\t\t\t\t\t\t\t\t\t<a class=\"elementor-toggle-title\" tabindex=\"0\">Vaut-il la peine d\u2019entrer dans les palais du Belv\u00e9d\u00e8re&nbsp;?<\/a>\n\t\t\t\t\t<\/h3>\n\n\t\t\t\t\t<div id=\"elementor-tab-content-2443\" class=\"elementor-tab-content elementor-clearfix\" data-tab=\"3\" role=\"region\" aria-labelledby=\"elementor-tab-title-2443\"><p><strong>Oui, <a href=\"https:\/\/belvederepalace.wientickets.org\/fr\/interieur-du-palais-du-belvedere\/\" style=\"color:#7E0009;\">il vaut la peine d\u2019entrer pour les passionn\u00e9s d\u2019art et d\u2019histoire<\/a>.<\/strong> Le Belv\u00e9d\u00e8re sup\u00e9rieur abrite la plus grande collection de Klimt au monde et offre d\u2019impressionnants int\u00e9rieurs baroques. Pour sa part, le <a href=\"https:\/\/belvederepalace.wientickets.org\/fr\/palais-du-belvedere-inferieur\/\" style=\"color:#7E0009;\">Belv\u00e9d\u00e8re inf\u00e9rieur<\/a> se distingue par ses expositions temporaires et ses luxueuses salles priv\u00e9es. La combinaison de la richesse artistique et de la pr\u00e9servation architecturale justifie le co\u00fbt d\u2019entr\u00e9e pour une exp\u00e9rience culturelle compl\u00e8te.  <\/p>\n<\/div>\n\t\t\t\t<\/div>\n\t\t\t\t\t\t\t<div class=\"elementor-toggle-item\">\n\t\t\t\t\t<h3 id=\"elementor-tab-title-2444\" class=\"elementor-tab-title\" data-tab=\"4\" role=\"button\" aria-controls=\"elementor-tab-content-2444\" aria-expanded=\"false\">\n\t\t\t\t\t\t\t\t\t\t\t\t<span class=\"elementor-toggle-icon elementor-toggle-icon-left\" aria-hidden=\"true\">\n\t\t\t\t\t\t\t\t\t\t\t\t\t\t\t<span class=\"elementor-toggle-icon-closed\"><svg class=\"e-font-icon-svg e-fas-caret-right\" viewBox=\"0 0 192 512\" xmlns=\"http:\/\/www.w3.org\/2000\/svg\"><path d=\"M0 384.662V127.338c0-17.818 21.543-26.741 34.142-14.142l128.662 128.662c7.81 7.81 7.81 20.474 0 28.284L34.142 398.804C21.543 411.404 0 402.48 0 384.662z\"><\/path><\/svg><\/span>\n\t\t\t\t\t\t\t\t<span class=\"elementor-toggle-icon-opened\"><svg class=\"elementor-toggle-icon-opened e-font-icon-svg e-fas-caret-up\" viewBox=\"0 0 320 512\" xmlns=\"http:\/\/www.w3.org\/2000\/svg\"><path d=\"M288.662 352H31.338c-17.818 0-26.741-21.543-14.142-34.142l128.662-128.662c7.81-7.81 20.474-7.81 28.284 0l128.662 128.662c12.6 12.599 3.676 34.142-14.142 34.142z\"><\/path><\/svg><\/span>\n\t\t\t\t\t\t\t\t\t\t\t\t\t<\/span>\n\t\t\t\t\t\t\t\t\t\t\t\t<a class=\"elementor-toggle-title\" tabindex=\"0\">?<\/a>\n\t\t\t\t\t<\/h3>\n\n\t\t\t\t\t<div id=\"elementor-tab-content-2444\" class=\"elementor-tab-content elementor-clearfix\" data-tab=\"4\" role=\"region\" aria-labelledby=\"elementor-tab-title-2444\"><p>Les personnes qui souhaitent les visiter pendant les mois d\u2019hiver doivent tenir compte du fait que <strong>l\u2019exp\u00e9rience esth\u00e9tique est consid\u00e9rablement r\u00e9duite \u00e0 cette p\u00e9riode de l\u2019ann\u00e9e<\/strong>. Selon <a style=\"color: #7e0009;\" href=\"https:\/\/www.reddit.com\/r\/solotravel\/comments\/5qt3ml\/solo_travel_to_vienna_is_there_any_place_that\/\" target=\"_blank\" rel=\"noopener\">un utilisateur dans un fil de discussion Reddit<\/a>&nbsp;: \u00ab&nbsp;Le Belv\u00e9d\u00e8re serait beaucoup plus agr\u00e9able en toute autre saison qu\u2019en hiver. J\u2019y suis all\u00e9 juste avant le Nouvel An et les jardins sont inexistants. Cependant, les galeries aux deux extr\u00e9mit\u00e9s sont agr\u00e9ables, mais pr\u00e9parez-vous \u00e0 des foules assez importantes.&nbsp;\u00bb En hiver, les fontaines sont \u00e9teintes et les plantes sont en dormance.  <\/p>\n<\/div>\n\t\t\t\t<\/div>\n\t\t\t\t\t\t\t\t<\/div>\n\t\t\t\t\t\t<\/div>\n\t\t\t\t<\/div>\n\t\t\t\t\t<\/div>\n\t\t\t\t<\/div>\n\t\t<div class=\"elementor-element elementor-element-f7305ee e-flex e-con-boxed e-con e-parent\" data-id=\"f7305ee\" data-element_type=\"container\">\n\t\t\t\t\t<div class=\"e-con-inner\">\n\t\t\t\t<div class=\"elementor-element elementor-element-bae2e3e elementor-widget elementor-widget-html\" data-id=\"bae2e3e\" data-element_type=\"widget\" data-widget_type=\"html.default\">\n\t\t\t\t<div class=\"elementor-widget-container\">\n\t\t\t\t\t<style>body {\n    font-family: 'Inter';\n}\n\nh1, h2, h3, h4, h5, h6 {\n    font-family: 'Inter' !important;\n    margin: 0 !important;\n    color: #222222 !important;\n}\n\nh1 {\n    color: #222222 !important;\n    margin-bottom: 30px !important;\n}\n\n#content h2 {\n    margin-bottom: 30px !important;\n}\n\nh3 {\n    margin-bottom: 20px !important;\n    font-weight: 600 !important;\n    font-size: 20px !important;\n}\n\nh4 {\n    font-size: 20px !important;\n    margin-bottom: 16px !important;\n}\n\np {\n    color: #222222 !important;\n    margin-bottom: 12px !important;\n}\n\n#content ul {\n    margin: 0 0 1.5em 1.5em !important;\n    margin-bottom: 16px !important;\n}\n\n#content li {\n    font-size: 16px !important;\n    color: #222222 !important;\n    list-style-type: disc !important;\n}\n\n.elementor-widget:not(:last-child) {\n    margin: 0;\n}\n\n.type-items>div {\n    flex-direction: column;\n}\n\n.ticket-description {\n    margin-bottom: 16px !important;\n    flex-grow: 1;\n}\n\n.how-to-select-item>div {\n    flex-direction: column;\n}\n\n.text-list h3>span {\n    font-weight: 600 !important;\n}\n\n.text-list {\n    flex-grow: 1;\n}\n\n.what-include {\n    margin-bottom: 6px !important;\n}\n\n.included-list {\n    margin-bottom: 16px !important;\n}\n\n.included-list p {\n    margin: 0 !important;\n}\n\n.tab-item-desktop a {\n    color: #7E0009 !important;\n}\n\n.link-secundary a {\n    text-decoration: underline !important;\n    font-size: 16px !important;\n    color: #7E0009 !important;\n}\n\n.text-mobile {\n    margin-bottom: 30px !important;\n}\n\n.text-mobile p {\n    margin: 0 !important;\n}\n\n.btn-primary a {\n    background-color: #CE2B37 !important;\n    color: #fff;\n    padding: 16px 28px;\n    border-radius: 8px;\n}\n\n.btn-primary a:hover {\n    background-color: #7E0009 !important;\n    color: #fff;\n}\n\n.btn-icon .elementor-button-icon {\n    display: flex;\n}\n\n.btn-icon .elementor-button-icon svg {\n    width: 24px;\n}\n\n.btn-icon a {\n    display: flex;\n    justify-content: center;\n    align-items: center;\n}\n\n.btn-icon .elementor-button-content-wrapper {\n    display: flex;\n    justify-content: center;\n    width: fit-content;\n    gap: 6px;\n    align-items: center;\n}\n\n.full a {\n    width: 100% !important;\n}\n\n.card-section > div {\n    display: flex !important;\n    gap: 24px !important;\n}\n\n.card-info {\n    background-color: #f4f4f4;\n    border-radius: 8px;\n}\n\n.types-title-section {\n    margin-bottom: 0 !important;\n}\n\n.how-to-select-type-section > div {\n    gap: 12px !important;\n    display: flex !important;\n}\n\n.tab-section h3 {\n    margin-bottom: 16px !important;\n}\n\nbutton.tab-button,\nbutton.tab-button-desktop {\n    background: transparent;\n    border: 0;\n    color: #222 !important;\n    font-weight: 600;\n    font-family: \"Inter\" !important;\n    font-size: 18px;\n    border-radius: 8px;\n}\n\nbutton.tab-button-desktop:hover {\n    background-color: #f4f4f4;\n}\n\n.tab-button-desktop:focus,\n.tab-button-desktop:focus-visible {\n    outline: none;\n    background-color: #f4f4f4;\n}\n\nbutton.tab-button.active,\nbutton.tab-button-desktop.active{\n    background: #f4f4f4;\n    border-radius: 8px;\n}\n\n.elementor-accordion {\n    display: flex;\n    flex-direction: column;\n    gap: 16px;\n}\n\n.elementor-accordion-item {\n    border-radius: 8px;\n    overflow: auto;\n}\n\n.places-of-interest-section {\n    margin: 0 auto !important;\n}\n\n.places-of-interest-section>div  {\n    gap: 62px !important;\n}\n\n.pagination-item a {\n    width: 100%;\n    margin: 0 !important;\n    font-size: 18px !important;\n    font-weight: 600;\n}\n\n#content.other-things-to-do-section > div {\n    display: flex !important;\n    width: 100% !important;\n    flex-wrap: nowrap !important;\n    gap: 12px;\n    position: relative !important;\n    overflow-x: auto;\n    overflow-y: hidden;\n    background-color: #fff;\n    margin: 0 auto;\n    white-space: nowrap;\n}\n\n.other-things-to-do-section .elementor-widget-image {\n    width: 300px;\n}\n\n.other-things-to-do-section .elementor-widget-image a {\n    width: 100%;\n}\n\n.carrousel-item {\n    width: 250px !important;\n    flex-grow: 1;\n    scroll-snap-align: start;\n    flex: 0 0 auto;\n}\n\n.carrousel-item a {\n    width: 100%;\n    margin: 0 !important;\n    font-size: 18px !important;\n    font-weight: 600;\n    color: #222 !important;\n}\n\n.tab-item-desktop a,\n.tab-item-desktop a:hover {\n    text-decoration: underline;\n}\n\n.tabs {\n    display: flex;\n    gap: 8px;\n    overflow-x: auto;\n}\n\n@media (max-width: 500px) {\n    .other-things-to-do-section .elementor-container {\n        flex-wrap: nowrap !important;\n        gap: 12px;\n        overflow-x: auto;\n    }\n}\n\n@media (min-width: 768px) {\n    .type-tickets-section > div {\n        gap: 40px;\n    }\n    \n    .other-things-to-do-section > div {\n        display: flex !important;\n        gap: 12px;\n    }\n    \n    .other-things-to-do-section > div::-webkit-scrollbar {\n        display: none;\n    }\n    \n    .other-things-to-do-section .elementor-widget-image {\n        width: 100% !important;\n    }\n    \n    .places-of-interest-section {\n        margin: auto !important;\n    }\n}\n\n@media (min-width: 1024px) {\n    \n    #content h2 {\n        font-size: 42px !important;\n    }\n    \n    #content section {\n        margin-left: auto;\n        margin-right: auto;\n        width: 1100px;\n    }\n    \n    .types-title-section>div {\n        gap: 56px;\n    }\n    \n    .tab-item-desktop>div {\n        gap: 30px !important;\n        display: flex !important;\n    }\n}\n<\/style>\t\t\t\t<\/div>\n\t\t\t\t<\/div>\n\t\t\t\t\t<\/div>\n\t\t\t\t<\/div>\n\t\t\t\t<\/div>\n\t\t","protected":false},"excerpt":{"rendered":"<p>Belvedere Schlossgarten (jardins) Les jardins du palais du Belv\u00e9d\u00e8re \u00e0 Vienne constituent un ensemble d&rsquo;espaces verts de styles et de fonctions diff\u00e9rents qui unissent architecturalement les r\u00e9sidences du complexe. Nous d\u00e9taillerons ici le contenu de chacun d&rsquo;entre eux et leur histoire. R\u00e9server des billets Assistance quand vous en avez besoin Un service client \u00e0 votre [&hellip;]<\/p>\n","protected":false},"author":2,"featured_media":0,"parent":0,"menu_order":0,"comment_status":"closed","ping_status":"closed","template":"elementor_header_footer","meta":{"footnotes":""},"class_list":["post-1604","page","type-page","status-publish","hentry"],"yoast_head":"<!-- This site is optimized with the Yoast SEO plugin v26.7 - https:\/\/yoast.com\/wordpress\/plugins\/seo\/ -->\n<title>Belvedere Schlossgarten | Jardins \u00e0 Vienne<\/title>\n<meta name=\"description\" content=\"Nous d\u00e9taillons les jardins du ch\u00e2teau du Belv\u00e9d\u00e8re, connus sous le nom de \u00ab\u00a0Schlossgarten\u00a0\u00bb, qui peuvent \u00eatre visit\u00e9s gratuitement ou en payant \u00e0 Vienne. \u2705\" \/>\n<meta name=\"robots\" content=\"index, follow, max-snippet:-1, max-image-preview:large, max-video-preview:-1\" \/>\n<link rel=\"canonical\" href=\"https:\/\/belvederepalace.wientickets.org\/fr\/belvedere-schlossgarten-jardins\/\" \/>\n<meta property=\"og:locale\" content=\"fr_FR\" \/>\n<meta property=\"og:type\" content=\"article\" \/>\n<meta property=\"og:title\" content=\"Belvedere Schlossgarten | Jardins \u00e0 Vienne\" \/>\n<meta property=\"og:description\" content=\"Nous d\u00e9taillons les jardins du ch\u00e2teau du Belv\u00e9d\u00e8re, connus sous le nom de \u00ab\u00a0Schlossgarten\u00a0\u00bb, qui peuvent \u00eatre visit\u00e9s gratuitement ou en payant \u00e0 Vienne. \u2705\" \/>\n<meta property=\"og:url\" content=\"https:\/\/belvederepalace.wientickets.org\/fr\/belvedere-schlossgarten-jardins\/\" \/>\n<meta property=\"og:site_name\" content=\"Belvedere Palace Tickets\" \/>\n<meta property=\"article:modified_time\" content=\"2026-04-17T08:26:54+00:00\" \/>\n<meta property=\"og:image\" content=\"https:\/\/belvederepalace.wientickets.org\/wp-content\/uploads\/2026\/01\/belvedere-schlossgarten.webp\" \/>\n\t<meta property=\"og:image:width\" content=\"1280\" \/>\n\t<meta property=\"og:image:height\" content=\"846\" \/>\n\t<meta property=\"og:image:type\" content=\"image\/webp\" \/>\n<meta name=\"twitter:card\" content=\"summary_large_image\" \/>\n<meta name=\"twitter:label1\" content=\"Dur\u00e9e de lecture estim\u00e9e\" \/>\n\t<meta name=\"twitter:data1\" content=\"18 minutes\" \/>\n<script type=\"application\/ld+json\" class=\"yoast-schema-graph\">{\"@context\":\"https:\/\/schema.org\",\"@graph\":[{\"@type\":\"WebPage\",\"@id\":\"https:\/\/belvederepalace.wientickets.org\/fr\/belvedere-schlossgarten-jardins\/\",\"url\":\"https:\/\/belvederepalace.wientickets.org\/fr\/belvedere-schlossgarten-jardins\/\",\"name\":\"Belvedere Schlossgarten | Jardins \u00e0 Vienne\",\"isPartOf\":{\"@id\":\"https:\/\/belvederepalace.wientickets.org\/fr\/#website\"},\"primaryImageOfPage\":{\"@id\":\"https:\/\/belvederepalace.wientickets.org\/fr\/belvedere-schlossgarten-jardins\/#primaryimage\"},\"image\":{\"@id\":\"https:\/\/belvederepalace.wientickets.org\/fr\/belvedere-schlossgarten-jardins\/#primaryimage\"},\"thumbnailUrl\":\"https:\/\/belvederepalace.wientickets.org\/wp-content\/uploads\/2026\/01\/belvedere-schlossgarten-1024x677.webp\",\"datePublished\":\"2026-01-13T09:51:56+00:00\",\"dateModified\":\"2026-04-17T08:26:54+00:00\",\"description\":\"Nous d\u00e9taillons les jardins du ch\u00e2teau du Belv\u00e9d\u00e8re, connus sous le nom de \u00ab\u00a0Schlossgarten\u00a0\u00bb, qui peuvent \u00eatre visit\u00e9s gratuitement ou en payant \u00e0 Vienne. \u2705\",\"breadcrumb\":{\"@id\":\"https:\/\/belvederepalace.wientickets.org\/fr\/belvedere-schlossgarten-jardins\/#breadcrumb\"},\"inLanguage\":\"fr-FR\",\"potentialAction\":[{\"@type\":\"ReadAction\",\"target\":[\"https:\/\/belvederepalace.wientickets.org\/fr\/belvedere-schlossgarten-jardins\/\"]}]},{\"@type\":\"ImageObject\",\"inLanguage\":\"fr-FR\",\"@id\":\"https:\/\/belvederepalace.wientickets.org\/fr\/belvedere-schlossgarten-jardins\/#primaryimage\",\"url\":\"https:\/\/belvederepalace.wientickets.org\/wp-content\/uploads\/2026\/01\/belvedere-schlossgarten-1024x677.webp\",\"contentUrl\":\"https:\/\/belvederepalace.wientickets.org\/wp-content\/uploads\/2026\/01\/belvedere-schlossgarten-1024x677.webp\"},{\"@type\":\"BreadcrumbList\",\"@id\":\"https:\/\/belvederepalace.wientickets.org\/fr\/belvedere-schlossgarten-jardins\/#breadcrumb\",\"itemListElement\":[{\"@type\":\"ListItem\",\"position\":1,\"name\":\"Home\",\"item\":\"https:\/\/belvederepalace.wientickets.org\/fr\/\"},{\"@type\":\"ListItem\",\"position\":2,\"name\":\"Belvedere Schlossgarten (jardins)\"}]},{\"@type\":\"WebSite\",\"@id\":\"https:\/\/belvederepalace.wientickets.org\/fr\/#website\",\"url\":\"https:\/\/belvederepalace.wientickets.org\/fr\/\",\"name\":\"Belvedere Palace Tickets\",\"description\":\"\",\"publisher\":{\"@id\":\"https:\/\/belvederepalace.wientickets.org\/fr\/#organization\"},\"potentialAction\":[{\"@type\":\"SearchAction\",\"target\":{\"@type\":\"EntryPoint\",\"urlTemplate\":\"https:\/\/belvederepalace.wientickets.org\/fr\/?s={search_term_string}\"},\"query-input\":{\"@type\":\"PropertyValueSpecification\",\"valueRequired\":true,\"valueName\":\"search_term_string\"}}],\"inLanguage\":\"fr-FR\"},{\"@type\":\"Organization\",\"@id\":\"https:\/\/belvederepalace.wientickets.org\/fr\/#organization\",\"name\":\"Billets pour le ch\u00e2teau de Belvedere\",\"url\":\"https:\/\/belvederepalace.wientickets.org\/fr\/\",\"logo\":{\"@type\":\"ImageObject\",\"inLanguage\":\"fr-FR\",\"@id\":\"https:\/\/belvederepalace.wientickets.org\/fr\/#\/schema\/logo\/image\/\",\"url\":\"https:\/\/belvederepalace.wientickets.org\/wp-content\/uploads\/2024\/08\/belvedere-palace-tickets-logo.png\",\"contentUrl\":\"https:\/\/belvederepalace.wientickets.org\/wp-content\/uploads\/2024\/08\/belvedere-palace-tickets-logo.png\",\"width\":375,\"height\":70,\"caption\":\"Billets pour le ch\u00e2teau de Belvedere\"},\"image\":{\"@id\":\"https:\/\/belvederepalace.wientickets.org\/fr\/#\/schema\/logo\/image\/\"}}]}<\/script>\n<!-- \/ Yoast SEO plugin. -->","yoast_head_json":{"title":"Belvedere Schlossgarten | Jardins \u00e0 Vienne","description":"Nous d\u00e9taillons les jardins du ch\u00e2teau du Belv\u00e9d\u00e8re, connus sous le nom de \u00ab\u00a0Schlossgarten\u00a0\u00bb, qui peuvent \u00eatre visit\u00e9s gratuitement ou en payant \u00e0 Vienne. \u2705","robots":{"index":"index","follow":"follow","max-snippet":"max-snippet:-1","max-image-preview":"max-image-preview:large","max-video-preview":"max-video-preview:-1"},"canonical":"https:\/\/belvederepalace.wientickets.org\/fr\/belvedere-schlossgarten-jardins\/","og_locale":"fr_FR","og_type":"article","og_title":"Belvedere Schlossgarten | Jardins \u00e0 Vienne","og_description":"Nous d\u00e9taillons les jardins du ch\u00e2teau du Belv\u00e9d\u00e8re, connus sous le nom de \u00ab\u00a0Schlossgarten\u00a0\u00bb, qui peuvent \u00eatre visit\u00e9s gratuitement ou en payant \u00e0 Vienne. \u2705","og_url":"https:\/\/belvederepalace.wientickets.org\/fr\/belvedere-schlossgarten-jardins\/","og_site_name":"Belvedere Palace Tickets","article_modified_time":"2026-04-17T08:26:54+00:00","og_image":[{"width":1280,"height":846,"url":"https:\/\/belvederepalace.wientickets.org\/wp-content\/uploads\/2026\/01\/belvedere-schlossgarten.webp","type":"image\/webp"}],"twitter_card":"summary_large_image","twitter_misc":{"Dur\u00e9e de lecture estim\u00e9e":"18 minutes"},"schema":{"@context":"https:\/\/schema.org","@graph":[{"@type":"WebPage","@id":"https:\/\/belvederepalace.wientickets.org\/fr\/belvedere-schlossgarten-jardins\/","url":"https:\/\/belvederepalace.wientickets.org\/fr\/belvedere-schlossgarten-jardins\/","name":"Belvedere Schlossgarten | Jardins \u00e0 Vienne","isPartOf":{"@id":"https:\/\/belvederepalace.wientickets.org\/fr\/#website"},"primaryImageOfPage":{"@id":"https:\/\/belvederepalace.wientickets.org\/fr\/belvedere-schlossgarten-jardins\/#primaryimage"},"image":{"@id":"https:\/\/belvederepalace.wientickets.org\/fr\/belvedere-schlossgarten-jardins\/#primaryimage"},"thumbnailUrl":"https:\/\/belvederepalace.wientickets.org\/wp-content\/uploads\/2026\/01\/belvedere-schlossgarten-1024x677.webp","datePublished":"2026-01-13T09:51:56+00:00","dateModified":"2026-04-17T08:26:54+00:00","description":"Nous d\u00e9taillons les jardins du ch\u00e2teau du Belv\u00e9d\u00e8re, connus sous le nom de \u00ab\u00a0Schlossgarten\u00a0\u00bb, qui peuvent \u00eatre visit\u00e9s gratuitement ou en payant \u00e0 Vienne. \u2705","breadcrumb":{"@id":"https:\/\/belvederepalace.wientickets.org\/fr\/belvedere-schlossgarten-jardins\/#breadcrumb"},"inLanguage":"fr-FR","potentialAction":[{"@type":"ReadAction","target":["https:\/\/belvederepalace.wientickets.org\/fr\/belvedere-schlossgarten-jardins\/"]}]},{"@type":"ImageObject","inLanguage":"fr-FR","@id":"https:\/\/belvederepalace.wientickets.org\/fr\/belvedere-schlossgarten-jardins\/#primaryimage","url":"https:\/\/belvederepalace.wientickets.org\/wp-content\/uploads\/2026\/01\/belvedere-schlossgarten-1024x677.webp","contentUrl":"https:\/\/belvederepalace.wientickets.org\/wp-content\/uploads\/2026\/01\/belvedere-schlossgarten-1024x677.webp"},{"@type":"BreadcrumbList","@id":"https:\/\/belvederepalace.wientickets.org\/fr\/belvedere-schlossgarten-jardins\/#breadcrumb","itemListElement":[{"@type":"ListItem","position":1,"name":"Home","item":"https:\/\/belvederepalace.wientickets.org\/fr\/"},{"@type":"ListItem","position":2,"name":"Belvedere Schlossgarten (jardins)"}]},{"@type":"WebSite","@id":"https:\/\/belvederepalace.wientickets.org\/fr\/#website","url":"https:\/\/belvederepalace.wientickets.org\/fr\/","name":"Belvedere Palace Tickets","description":"","publisher":{"@id":"https:\/\/belvederepalace.wientickets.org\/fr\/#organization"},"potentialAction":[{"@type":"SearchAction","target":{"@type":"EntryPoint","urlTemplate":"https:\/\/belvederepalace.wientickets.org\/fr\/?s={search_term_string}"},"query-input":{"@type":"PropertyValueSpecification","valueRequired":true,"valueName":"search_term_string"}}],"inLanguage":"fr-FR"},{"@type":"Organization","@id":"https:\/\/belvederepalace.wientickets.org\/fr\/#organization","name":"Billets pour le ch\u00e2teau de Belvedere","url":"https:\/\/belvederepalace.wientickets.org\/fr\/","logo":{"@type":"ImageObject","inLanguage":"fr-FR","@id":"https:\/\/belvederepalace.wientickets.org\/fr\/#\/schema\/logo\/image\/","url":"https:\/\/belvederepalace.wientickets.org\/wp-content\/uploads\/2024\/08\/belvedere-palace-tickets-logo.png","contentUrl":"https:\/\/belvederepalace.wientickets.org\/wp-content\/uploads\/2024\/08\/belvedere-palace-tickets-logo.png","width":375,"height":70,"caption":"Billets pour le ch\u00e2teau de Belvedere"},"image":{"@id":"https:\/\/belvederepalace.wientickets.org\/fr\/#\/schema\/logo\/image\/"}}]}},"_links":{"self":[{"href":"https:\/\/belvederepalace.wientickets.org\/fr\/wp-json\/wp\/v2\/pages\/1604","targetHints":{"allow":["GET"]}}],"collection":[{"href":"https:\/\/belvederepalace.wientickets.org\/fr\/wp-json\/wp\/v2\/pages"}],"about":[{"href":"https:\/\/belvederepalace.wientickets.org\/fr\/wp-json\/wp\/v2\/types\/page"}],"author":[{"embeddable":true,"href":"https:\/\/belvederepalace.wientickets.org\/fr\/wp-json\/wp\/v2\/users\/2"}],"replies":[{"embeddable":true,"href":"https:\/\/belvederepalace.wientickets.org\/fr\/wp-json\/wp\/v2\/comments?post=1604"}],"version-history":[{"count":21,"href":"https:\/\/belvederepalace.wientickets.org\/fr\/wp-json\/wp\/v2\/pages\/1604\/revisions"}],"predecessor-version":[{"id":3188,"href":"https:\/\/belvederepalace.wientickets.org\/fr\/wp-json\/wp\/v2\/pages\/1604\/revisions\/3188"}],"wp:attachment":[{"href":"https:\/\/belvederepalace.wientickets.org\/fr\/wp-json\/wp\/v2\/media?parent=1604"}],"curies":[{"name":"wp","href":"https:\/\/api.w.org\/{rel}","templated":true}]}}