{"id":1736,"date":"2025-12-30T13:58:25","date_gmt":"2025-12-30T13:58:25","guid":{"rendered":"https:\/\/belvederepalace.wientickets.org\/palais-du-belvedere-contre-chateau-de-schonbrunn\/"},"modified":"2026-01-23T13:14:17","modified_gmt":"2026-01-23T13:14:17","slug":"palais-du-belvedere-contre-chateau-de-schonbrunn","status":"publish","type":"page","link":"https:\/\/belvederepalace.wientickets.org\/fr\/palais-du-belvedere-contre-chateau-de-schonbrunn\/","title":{"rendered":"Palais du Belv\u00e9d\u00e8re contre ch\u00e2teau de Sch\u00f6nbrunn"},"content":{"rendered":"\t\t<div data-elementor-type=\"wp-page\" data-elementor-id=\"1736\" class=\"elementor elementor-1736 elementor-1179\">\n\t\t\t\t\t\t<section class=\"elementor-section elementor-top-section elementor-element elementor-element-d660578 intro-section elementor-section-boxed elementor-section-height-default elementor-section-height-default\" data-id=\"d660578\" data-element_type=\"section\">\n\t\t\t\t\t\t<div class=\"elementor-container elementor-column-gap-default\">\n\t\t\t\t\t<div class=\"elementor-column elementor-col-50 elementor-top-column elementor-element elementor-element-1a827fd\" data-id=\"1a827fd\" data-element_type=\"column\">\n\t\t\t<div class=\"elementor-widget-wrap elementor-element-populated\">\n\t\t\t\t\t\t<section class=\"elementor-section elementor-inner-section elementor-element elementor-element-0226dd9 elementor-section-boxed elementor-section-height-default elementor-section-height-default\" data-id=\"0226dd9\" data-element_type=\"section\">\n\t\t\t\t\t\t<div class=\"elementor-container elementor-column-gap-default\">\n\t\t\t\t\t<div class=\"elementor-column elementor-col-100 elementor-inner-column elementor-element elementor-element-03aefe3\" data-id=\"03aefe3\" data-element_type=\"column\">\n\t\t\t<div class=\"elementor-widget-wrap elementor-element-populated\">\n\t\t\t\t\t\t<div class=\"elementor-element elementor-element-727164e title-mobile elementor-widget elementor-widget-heading\" data-id=\"727164e\" data-element_type=\"widget\" data-widget_type=\"heading.default\">\n\t\t\t\t<div class=\"elementor-widget-container\">\n\t\t\t\t\t<h1 class=\"elementor-heading-title elementor-size-default\">Palais du Belv\u00e9d\u00e8re contre ch\u00e2teau de Sch\u00f6nbrunn<\/h1>\t\t\t\t<\/div>\n\t\t\t\t<\/div>\n\t\t\t\t<div class=\"elementor-element elementor-element-aefd11b text-mobile elementor-widget__width-initial elementor-widget elementor-widget-text-editor\" data-id=\"aefd11b\" data-element_type=\"widget\" data-widget_type=\"text-editor.default\">\n\t\t\t\t<div class=\"elementor-widget-container\">\n\t\t\t\t\t\t\t\t\t<p>Dans ce guide, nous comparons deux des monuments les plus embl\u00e9matiques de Vienne. Nous explorerons leurs diff\u00e9rences historiques, leurs collections d\u2019art et les exp\u00e9riences d\u2019autres voyageurs pour vous aider \u00e0 d\u00e9cider lequel visiter&nbsp;: Sch\u00f6nbrunn ou le Belv\u00e9d\u00e8re. <\/p>\t\t\t\t\t\t\t\t<\/div>\n\t\t\t\t<\/div>\n\t\t\t\t\t<\/div>\n\t\t<\/div>\n\t\t\t\t\t<\/div>\n\t\t<\/section>\n\t\t\t\t<div class=\"elementor-element elementor-element-d7f1801 btn-primary elementor-widget elementor-widget-button\" data-id=\"d7f1801\" data-element_type=\"widget\" data-widget_type=\"button.default\">\n\t\t\t\t<div class=\"elementor-widget-container\">\n\t\t\t\t\t\t\t\t\t<div class=\"elementor-button-wrapper\">\n\t\t\t\t\t<a class=\"elementor-button elementor-button-link elementor-size-sm\" href=\"https:\/\/belvederepalace.wientickets.org\/fr\/billets-pour-le-chateau-de-belvedere\/\">\n\t\t\t\t\t\t<span class=\"elementor-button-content-wrapper\">\n\t\t\t\t\t\t\t\t\t<span class=\"elementor-button-text\">R\u00e9server des billets<\/span>\n\t\t\t\t\t<\/span>\n\t\t\t\t\t<\/a>\n\t\t\t\t<\/div>\n\t\t\t\t\t\t\t\t<\/div>\n\t\t\t\t<\/div>\n\t\t\t\t\t<\/div>\n\t\t<\/div>\n\t\t\t\t<div class=\"elementor-column elementor-col-50 elementor-top-column elementor-element elementor-element-c876f36\" data-id=\"c876f36\" data-element_type=\"column\">\n\t\t\t<div class=\"elementor-widget-wrap elementor-element-populated\">\n\t\t\t\t\t\t<div class=\"elementor-element elementor-element-737f86d elementor-hidden-mobile elementor-widget__width-initial elementor-widget elementor-widget-image\" data-id=\"737f86d\" data-element_type=\"widget\" data-widget_type=\"image.default\">\n\t\t\t\t<div class=\"elementor-widget-container\">\n\t\t\t\t\t\t\t\t\t\t\t\t\t\t\t<img fetchpriority=\"high\" decoding=\"async\" width=\"800\" height=\"534\" src=\"https:\/\/belvederepalace.wientickets.org\/wp-content\/uploads\/2025\/11\/lower-belvedere-1-1024x683.webp\" class=\"attachment-large size-large wp-image-1522\" alt=\"Belv\u00e9d\u00e8re inf\u00e9rieur\" srcset=\"https:\/\/belvederepalace.wientickets.org\/wp-content\/uploads\/2025\/11\/lower-belvedere-1-1024x683.webp 1024w, https:\/\/belvederepalace.wientickets.org\/wp-content\/uploads\/2025\/11\/lower-belvedere-1-300x200.webp 300w, https:\/\/belvederepalace.wientickets.org\/wp-content\/uploads\/2025\/11\/lower-belvedere-1-768x512.webp 768w, https:\/\/belvederepalace.wientickets.org\/wp-content\/uploads\/2025\/11\/lower-belvedere-1.webp 1200w\" sizes=\"(max-width: 800px) 100vw, 800px\" \/>\t\t\t\t\t\t\t\t\t\t\t\t\t\t\t<\/div>\n\t\t\t\t<\/div>\n\t\t\t\t\t<\/div>\n\t\t<\/div>\n\t\t\t\t\t<\/div>\n\t\t<\/section>\n\t\t\t\t<section class=\"elementor-section elementor-top-section elementor-element elementor-element-7c4bf36 elementor-section-height-min-height elementor-section-boxed elementor-section-height-default elementor-section-items-middle\" data-id=\"7c4bf36\" data-element_type=\"section\" data-settings=\"{&quot;background_background&quot;:&quot;classic&quot;}\">\n\t\t\t\t\t\t<div class=\"elementor-container elementor-column-gap-default\">\n\t\t\t\t\t<div class=\"elementor-column elementor-col-100 elementor-top-column elementor-element elementor-element-860bb08\" data-id=\"860bb08\" data-element_type=\"column\">\n\t\t\t<div class=\"elementor-widget-wrap\">\n\t\t\t\t\t\t\t<\/div>\n\t\t<\/div>\n\t\t\t\t\t<\/div>\n\t\t<\/section>\n\t\t\t\t<section class=\"elementor-section elementor-top-section elementor-element elementor-element-7e3d47d elementor-section-height-min-height elementor-hidden-tablet elementor-hidden-mobile elementor-section-boxed elementor-section-height-default elementor-section-items-middle\" data-id=\"7e3d47d\" data-element_type=\"section\" data-settings=\"{&quot;background_background&quot;:&quot;classic&quot;}\">\n\t\t\t\t\t\t<div class=\"elementor-container elementor-column-gap-default\">\n\t\t\t\t\t<div class=\"elementor-column elementor-col-33 elementor-top-column elementor-element elementor-element-f1965b3\" data-id=\"f1965b3\" data-element_type=\"column\">\n\t\t\t<div class=\"elementor-widget-wrap elementor-element-populated\">\n\t\t\t\t\t\t<section class=\"elementor-section elementor-inner-section elementor-element elementor-element-beee066 elementor-section-content-middle elementor-section-boxed elementor-section-height-default elementor-section-height-default\" data-id=\"beee066\" data-element_type=\"section\">\n\t\t\t\t\t\t<div class=\"elementor-container elementor-column-gap-default\">\n\t\t\t\t\t<div class=\"elementor-column elementor-col-50 elementor-inner-column elementor-element elementor-element-2a46bcc\" data-id=\"2a46bcc\" data-element_type=\"column\">\n\t\t\t<div class=\"elementor-widget-wrap elementor-element-populated\">\n\t\t\t\t\t\t<div class=\"elementor-element elementor-element-56eb018 elementor-widget elementor-widget-image\" data-id=\"56eb018\" data-element_type=\"widget\" data-widget_type=\"image.default\">\n\t\t\t\t<div class=\"elementor-widget-container\">\n\t\t\t\t\t\t\t\t\t\t\t\t\t\t\t<img decoding=\"async\" width=\"496\" height=\"496\" src=\"https:\/\/belvederepalace.wientickets.org\/wp-content\/uploads\/2024\/08\/customer-service-1-1.png\" class=\"attachment-large size-large wp-image-1356\" alt=\"\" srcset=\"https:\/\/belvederepalace.wientickets.org\/wp-content\/uploads\/2024\/08\/customer-service-1-1.png 496w, https:\/\/belvederepalace.wientickets.org\/wp-content\/uploads\/2024\/08\/customer-service-1-1-300x300.png 300w, https:\/\/belvederepalace.wientickets.org\/wp-content\/uploads\/2024\/08\/customer-service-1-1-150x150.png 150w\" sizes=\"(max-width: 496px) 100vw, 496px\" \/>\t\t\t\t\t\t\t\t\t\t\t\t\t\t\t<\/div>\n\t\t\t\t<\/div>\n\t\t\t\t\t<\/div>\n\t\t<\/div>\n\t\t\t\t<div class=\"elementor-column elementor-col-50 elementor-inner-column elementor-element elementor-element-ef47172\" data-id=\"ef47172\" data-element_type=\"column\">\n\t\t\t<div class=\"elementor-widget-wrap elementor-element-populated\">\n\t\t\t\t\t\t<div class=\"elementor-element elementor-element-94219e5 elementor-widget elementor-widget-heading\" data-id=\"94219e5\" data-element_type=\"widget\" data-widget_type=\"heading.default\">\n\t\t\t\t<div class=\"elementor-widget-container\">\n\t\t\t\t\t<p class=\"elementor-heading-title elementor-size-default\">Assistance quand vous en avez besoin<\/p>\t\t\t\t<\/div>\n\t\t\t\t<\/div>\n\t\t\t\t<div class=\"elementor-element elementor-element-a7fffdb elementor-widget elementor-widget-heading\" data-id=\"a7fffdb\" data-element_type=\"widget\" data-widget_type=\"heading.default\">\n\t\t\t\t<div class=\"elementor-widget-container\">\n\t\t\t\t\t<p class=\"elementor-heading-title elementor-size-default\">Un service client pour vous aider avec tout ce dont vous avez besoin de 8h00 \u00e0 18h00.<\/p>\t\t\t\t<\/div>\n\t\t\t\t<\/div>\n\t\t\t\t\t<\/div>\n\t\t<\/div>\n\t\t\t\t\t<\/div>\n\t\t<\/section>\n\t\t\t\t\t<\/div>\n\t\t<\/div>\n\t\t\t\t<div class=\"elementor-column elementor-col-33 elementor-top-column elementor-element elementor-element-c44b91e\" data-id=\"c44b91e\" data-element_type=\"column\">\n\t\t\t<div class=\"elementor-widget-wrap elementor-element-populated\">\n\t\t\t\t\t\t<section class=\"elementor-section elementor-inner-section elementor-element elementor-element-4b4ca25 elementor-section-content-middle elementor-section-boxed elementor-section-height-default elementor-section-height-default\" data-id=\"4b4ca25\" data-element_type=\"section\">\n\t\t\t\t\t\t<div class=\"elementor-container elementor-column-gap-default\">\n\t\t\t\t\t<div class=\"elementor-column elementor-col-50 elementor-inner-column elementor-element elementor-element-58297fa\" data-id=\"58297fa\" data-element_type=\"column\">\n\t\t\t<div class=\"elementor-widget-wrap elementor-element-populated\">\n\t\t\t\t\t\t<div class=\"elementor-element elementor-element-9b08591 elementor-widget elementor-widget-image\" data-id=\"9b08591\" data-element_type=\"widget\" data-widget_type=\"image.default\">\n\t\t\t\t<div class=\"elementor-widget-container\">\n\t\t\t\t\t\t\t\t\t\t\t\t\t\t\t<img decoding=\"async\" width=\"488\" height=\"488\" src=\"https:\/\/belvederepalace.wientickets.org\/wp-content\/uploads\/2024\/08\/Group-333.png\" class=\"attachment-large size-large wp-image-1357\" alt=\"\" srcset=\"https:\/\/belvederepalace.wientickets.org\/wp-content\/uploads\/2024\/08\/Group-333.png 488w, https:\/\/belvederepalace.wientickets.org\/wp-content\/uploads\/2024\/08\/Group-333-300x300.png 300w, https:\/\/belvederepalace.wientickets.org\/wp-content\/uploads\/2024\/08\/Group-333-150x150.png 150w\" sizes=\"(max-width: 488px) 100vw, 488px\" \/>\t\t\t\t\t\t\t\t\t\t\t\t\t\t\t<\/div>\n\t\t\t\t<\/div>\n\t\t\t\t\t<\/div>\n\t\t<\/div>\n\t\t\t\t<div class=\"elementor-column elementor-col-50 elementor-inner-column elementor-element elementor-element-afb088d\" data-id=\"afb088d\" data-element_type=\"column\">\n\t\t\t<div class=\"elementor-widget-wrap elementor-element-populated\">\n\t\t\t\t\t\t<div class=\"elementor-element elementor-element-e514b7a elementor-widget elementor-widget-heading\" data-id=\"e514b7a\" data-element_type=\"widget\" data-widget_type=\"heading.default\">\n\t\t\t\t<div class=\"elementor-widget-container\">\n\t\t\t\t\t<p class=\"elementor-heading-title elementor-size-default\">R\u00e9servation rapide et en ligne<\/p>\t\t\t\t<\/div>\n\t\t\t\t<\/div>\n\t\t\t\t<div class=\"elementor-element elementor-element-f8163b6 elementor-widget elementor-widget-heading\" data-id=\"f8163b6\" data-element_type=\"widget\" data-widget_type=\"heading.default\">\n\t\t\t\t<div class=\"elementor-widget-container\">\n\t\t\t\t\t<p class=\"elementor-heading-title elementor-size-default\">Choisissez la meilleure option pour vos besoins et pr\u00e9f\u00e9rences et \u00e9vitez les files d'attente en r\u00e9servant ici<\/p>\t\t\t\t<\/div>\n\t\t\t\t<\/div>\n\t\t\t\t\t<\/div>\n\t\t<\/div>\n\t\t\t\t\t<\/div>\n\t\t<\/section>\n\t\t\t\t\t<\/div>\n\t\t<\/div>\n\t\t\t\t<div class=\"elementor-column elementor-col-33 elementor-top-column elementor-element elementor-element-0c56862\" data-id=\"0c56862\" data-element_type=\"column\">\n\t\t\t<div class=\"elementor-widget-wrap elementor-element-populated\">\n\t\t\t\t\t\t<section class=\"elementor-section elementor-inner-section elementor-element elementor-element-24bfeba elementor-section-content-middle elementor-section-boxed elementor-section-height-default elementor-section-height-default\" data-id=\"24bfeba\" data-element_type=\"section\">\n\t\t\t\t\t\t<div class=\"elementor-container elementor-column-gap-default\">\n\t\t\t\t\t<div class=\"elementor-column elementor-col-50 elementor-inner-column elementor-element elementor-element-fa7493a\" data-id=\"fa7493a\" data-element_type=\"column\">\n\t\t\t<div class=\"elementor-widget-wrap elementor-element-populated\">\n\t\t\t\t\t\t<div class=\"elementor-element elementor-element-fe4c944 elementor-widget elementor-widget-image\" data-id=\"fe4c944\" data-element_type=\"widget\" data-widget_type=\"image.default\">\n\t\t\t\t<div class=\"elementor-widget-container\">\n\t\t\t\t\t\t\t\t\t\t\t\t\t\t\t<img loading=\"lazy\" decoding=\"async\" width=\"462\" height=\"683\" src=\"https:\/\/belvederepalace.wientickets.org\/wp-content\/uploads\/2024\/08\/top-attractions-in-paris.webp\" class=\"attachment-large size-large wp-image-1358\" alt=\"\" srcset=\"https:\/\/belvederepalace.wientickets.org\/wp-content\/uploads\/2024\/08\/top-attractions-in-paris.webp 462w, https:\/\/belvederepalace.wientickets.org\/wp-content\/uploads\/2024\/08\/top-attractions-in-paris-203x300.webp 203w\" sizes=\"(max-width: 462px) 100vw, 462px\" \/>\t\t\t\t\t\t\t\t\t\t\t\t\t\t\t<\/div>\n\t\t\t\t<\/div>\n\t\t\t\t\t<\/div>\n\t\t<\/div>\n\t\t\t\t<div class=\"elementor-column elementor-col-50 elementor-inner-column elementor-element elementor-element-f5c98fe\" data-id=\"f5c98fe\" data-element_type=\"column\">\n\t\t\t<div class=\"elementor-widget-wrap elementor-element-populated\">\n\t\t\t\t\t\t<div class=\"elementor-element elementor-element-e45571d elementor-widget elementor-widget-heading\" data-id=\"e45571d\" data-element_type=\"widget\" data-widget_type=\"heading.default\">\n\t\t\t\t<div class=\"elementor-widget-container\">\n\t\t\t\t\t<p class=\"elementor-heading-title elementor-size-default\">Attraction n\u00b02 \u00e0 Vienne<\/p>\t\t\t\t<\/div>\n\t\t\t\t<\/div>\n\t\t\t\t<div class=\"elementor-element elementor-element-df358f9 elementor-widget elementor-widget-heading\" data-id=\"df358f9\" data-element_type=\"widget\" data-widget_type=\"heading.default\">\n\t\t\t\t<div class=\"elementor-widget-container\">\n\t\t\t\t\t<p class=\"elementor-heading-title elementor-size-default\">Explorez le ch\u00e2teau du Belv\u00e9d\u00e8re \u00e0 Vienne&nbsp;: beaut\u00e9 baroque, jardins luxuriants et art embl\u00e9matique de Klimt.\n\n\n\n\n\n\n\n\n<\/p>\t\t\t\t<\/div>\n\t\t\t\t<\/div>\n\t\t\t\t\t<\/div>\n\t\t<\/div>\n\t\t\t\t\t<\/div>\n\t\t<\/section>\n\t\t\t\t\t<\/div>\n\t\t<\/div>\n\t\t\t\t\t<\/div>\n\t\t<\/section>\n\t\t\t\t<section class=\"elementor-section elementor-top-section elementor-element elementor-element-008cd27 elementor-section-boxed elementor-section-height-default elementor-section-height-default\" data-id=\"008cd27\" data-element_type=\"section\">\n\t\t\t\t\t\t<div class=\"elementor-container elementor-column-gap-default\">\n\t\t\t\t\t<div class=\"elementor-column elementor-col-100 elementor-top-column elementor-element elementor-element-3d233bb\" data-id=\"3d233bb\" data-element_type=\"column\">\n\t\t\t<div class=\"elementor-widget-wrap elementor-element-populated\">\n\t\t\t\t\t\t<div class=\"elementor-element elementor-element-79700c8 elementor-widget elementor-widget-heading\" data-id=\"79700c8\" data-element_type=\"widget\" data-widget_type=\"heading.default\">\n\t\t\t\t<div class=\"elementor-widget-container\">\n\t\t\t\t\t<h2 class=\"elementor-heading-title elementor-size-default\">Si je ne peux choisir qu\u2019un seul palais \u00e0 Vienne, lequel dois-je choisir&nbsp;?<\/h2>\t\t\t\t<\/div>\n\t\t\t\t<\/div>\n\t\t\t\t<div class=\"elementor-element elementor-element-7844827 elementor-widget elementor-widget-text-editor\" data-id=\"7844827\" data-element_type=\"widget\" data-widget_type=\"text-editor.default\">\n\t\t\t\t<div class=\"elementor-widget-container\">\n\t\t\t\t\t\t\t\t\t<p>Choisir entre <strong>Sch\u00f6nbrunn ou le Belv\u00e9d\u00e8re<\/strong> n\u2019est pas une t\u00e2che facile. Bien qu\u2019ils puissent sembler similaires en raison de leur architecture baroque, ils offrent des exp\u00e9riences tr\u00e8s diff\u00e9rentes\u00a0:<\/p><p><a style=\"color: #7e0009;\" href=\"https:\/\/schonbrunnpalace.wientickets.org\/fr\/\" target=\"_blank\" rel=\"noopener\"><strong>S<\/strong><b>e ch\u00e2teau de sch\u00f6nbrunn<\/b><\/a> est id\u00e9al si vous souhaitez d\u00e9couvrir la vie quotidienne de la monarchie. Vous pouvez visiter des appartements priv\u00e9s et vous faire une id\u00e9e de la vie de l&rsquo;imp\u00e9ratrice Sissi &#8211; n\u00e9e \u00c9lisabeth de Bavi\u00e8re, elle \u00e9tait l&rsquo;\u00e9pouse de l&#8217;empereur Fran\u00e7ois-Joseph Ier et reste l&rsquo;une des figures les plus embl\u00e9matiques de l&rsquo;Empire austro-hongrois.<\/p><p>En revanche, si vous pr\u00e9f\u00e9rez une exp\u00e9rience plus raffin\u00e9e, ax\u00e9e sur l&rsquo;\u00e9volution esth\u00e9tique de l&rsquo;Europe, <a style=\"color: #7e0009;\" href=\"https:\/\/belvederepalace.wientickets.org\/fr\/\"><b>Palais du Belv\u00e9d\u00e8re<\/b><\/a> fonctionne davantage comme un mus\u00e9e d&rsquo;art de classe mondiale que comme une r\u00e9sidence historique.<\/p><p>Lorsque vous effectuez cette <b>comparaison entre le palais du Belv\u00e9d\u00e8re et le ch\u00e2teau de Sch\u00f6nbrunn<\/b>, vous devez \u00e9galement tenir compte de votre emploi du temps et des personnes avec qui vous voyagez. Par exemple, Sch\u00f6nbrunn est immense et n\u00e9cessite pr\u00e8s d\u2019une journ\u00e9e enti\u00e8re si vous souhaitez explorer les jardins et le zoo. En revanche, le Belv\u00e9d\u00e8re est plus compact et mieux int\u00e9gr\u00e9 dans le plan urbain de la ville.<\/p><p>Pour vous aider \u00e0 faire le meilleur choix, nous avons rassembl\u00e9 ce tableau avec des informations cl\u00e9s pour chaque type de voyageur\u00a0:<\/p>\t\t\t\t\t\t\t\t<\/div>\n\t\t\t\t<\/div>\n\t\t\t\t\t<\/div>\n\t\t<\/div>\n\t\t\t\t\t<\/div>\n\t\t<\/section>\n\t\t<div class=\"elementor-element elementor-element-6f74bf8 e-flex e-con-boxed e-con e-parent\" data-id=\"6f74bf8\" data-element_type=\"container\">\n\t\t\t\t\t<div class=\"e-con-inner\">\n\t\t\t\t<div class=\"elementor-element elementor-element-edccbaa elementor-widget elementor-widget-html\" data-id=\"edccbaa\" data-element_type=\"widget\" data-widget_type=\"html.default\">\n\t\t\t\t<div class=\"elementor-widget-container\">\n\t\t\t\t\t<style>\r\n  \/* General table styles *\/\r\n  table {\r\n    width: 100%;\r\n    border-collapse: collapse;\r\n    margin: 10px 0;\r\n    font-size: 1em;\r\n    font-family: sans-serif;\r\n    box-shadow: 0 0 20px rgba(0, 0, 0, 0.15);\r\n  }\r\n\r\n  \/* Header color *\/\r\n  table thead tr {\r\n    background-color: #7E0009 !important;\r\n    color: #ffffff;\r\n    text-align: left;\r\n  }\r\n\r\n  table th,\r\n  table td {\r\n    padding: 12px 15px;\r\n  }\r\n\r\n  table tbody tr {\r\n    border-bottom: 1px solid #dddddd;\r\n  }\r\n\r\n  table tbody tr:nth-of-type(even) {\r\n    background-color: #f3f3f3;\r\n  }\r\n\r\n  table tbody tr:last-of-type {\r\n    border-bottom: 2px solid #7E0009;\r\n  }\r\n\r\n  \/* MOBILE STYLES *\/\r\n  @media screen and (max-width: 600px) {\r\n    table {\r\n      border: 0;\r\n    }\r\n    \r\n    table thead {\r\n      display: none;\r\n    }\r\n    \r\n    table tr {\r\n      display: block;\r\n      margin-bottom: 20px;\r\n      border-bottom: 3px solid #7E0009;\r\n    }\r\n    \r\n    table td {\r\n      display: block;\r\n      text-align: right;\r\n      border-bottom: 1px dotted #ccc;\r\n      font-size: 0.9em;\r\n    }\r\n    \r\n    table td:last-child {\r\n      border-bottom: 0;\r\n    }\r\n    \r\n    table td::before {\r\n      content: attr(data-label);\r\n      float: left;\r\n      font-weight: bold;\r\n      text-transform: uppercase;\r\n    }\r\n  }\r\n<\/style>\r\n\r\n<table>\r\n  <thead>\r\n    <tr>\r\n      <th>Profil du voyageur<\/th>\r\n<th>Palais recommand\u00e9<\/th>\r\n<th>Ce que vous trouverez<\/th>\r\n    <\/tr>\r\n  <\/thead>\r\n  <tbody>\r\n    <tr>\r\n      <td data-label=\"Traveler Profile\">Amateurs d\u2019art<\/td>\r\n      <td data-label=\"Recommended Palace\">Belv\u00e9d\u00e8re<\/td>\r\n      <td data-label=\"What You\u2019ll Find\">La plus grande collection d\u2019art autrichien, y compris <em>Le Baiser<\/em> de Klimt.<\/td>\r\n    <\/tr>\r\n    <tr>\r\n      <td data-label=\"Traveler Profile\">Familles avec enfants<\/td>\r\n      <td data-label=\"Recommended Palace\">Sch\u00f6nbrunn<\/td>\r\n      <td data-label=\"What You\u2019ll Find\">Le plus ancien zoo du monde, un labyrinthe de haies et un mus\u00e9e interactif pour enfants.<\/td>\r\n    <\/tr>\r\n    <tr>\r\n      <td data-label=\"Traveler Profile\">Passionn\u00e9s d\u2019histoire<\/td>\r\n      <td data-label=\"Recommended Palace\">Sch\u00f6nbrunn \/ Hofburg<\/td>\r\n      <td data-label=\"What You\u2019ll Find\">L\u2019\u00e9picentre du pouvoir imp\u00e9rial et les appartements priv\u00e9s des empereurs.<\/td>\r\n    <\/tr>\r\n    <tr>\r\n      <td data-label=\"Traveler Profile\">Peu de temps<\/td>\r\n      <td data-label=\"Recommended Palace\">Belv\u00e9d\u00e8re \/ Hofburg<\/td>\r\n      <td data-label=\"What You\u2019ll Find\">Emplacements centraux avec des itin\u00e9raires de visite plus courts et plus directs.<\/td>\r\n    <\/tr>\r\n    <tr>\r\n      <td data-label=\"Traveler Profile\">Le \u00ab&nbsp;forfait complet&nbsp;\u00bb<\/td>\r\n      <td data-label=\"Recommended Palace\">Sch\u00f6nbrunn \/ Hofburg<\/td>\r\n      <td data-label=\"What You\u2019ll Find\">Vastes terrains, march\u00e9s saisonniers et plusieurs mus\u00e9es en un seul endroit.<\/td>\r\n    <\/tr>\r\n    <tr>\r\n      <td data-label=\"Traveler Profile\">Amateurs de vues<\/td>\r\n      <td data-label=\"Recommended Palace\">Belv\u00e9d\u00e8re sup\u00e9rieur<\/td>\r\n      <td data-label=\"What You\u2019ll Find\">L\u2019une des meilleures vues sur l\u2019horizon de Vienne depuis les jardins.<\/td>\r\n    <\/tr>\r\n  <\/tbody>\r\n<\/table>\r\n\t\t\t\t<\/div>\n\t\t\t\t<\/div>\n\t\t\t\t\t<\/div>\n\t\t\t\t<\/div>\n\t\t\t\t<section class=\"elementor-section elementor-top-section elementor-element elementor-element-c84dc22 elementor-section-boxed elementor-section-height-default elementor-section-height-default\" data-id=\"c84dc22\" data-element_type=\"section\">\n\t\t\t\t\t\t<div class=\"elementor-container elementor-column-gap-default\">\n\t\t\t\t\t<div class=\"elementor-column elementor-col-50 elementor-top-column elementor-element elementor-element-c854e26\" data-id=\"c854e26\" data-element_type=\"column\">\n\t\t\t<div class=\"elementor-widget-wrap elementor-element-populated\">\n\t\t\t\t\t\t<div class=\"elementor-element elementor-element-b42eeb6 elementor-widget elementor-widget-heading\" data-id=\"b42eeb6\" data-element_type=\"widget\" data-widget_type=\"heading.default\">\n\t\t\t\t<div class=\"elementor-widget-container\">\n\t\t\t\t\t<h2 class=\"elementor-heading-title elementor-size-default\">\u00c0 quoi ressemble le Belv\u00e9d\u00e8re&nbsp;?<\/h2>\t\t\t\t<\/div>\n\t\t\t\t<\/div>\n\t\t\t\t<div class=\"elementor-element elementor-element-5cd2484 elementor-widget elementor-widget-text-editor\" data-id=\"5cd2484\" data-element_type=\"widget\" data-widget_type=\"text-editor.default\">\n\t\t\t\t<div class=\"elementor-widget-container\">\n\t\t\t\t\t\t\t\t\t<p>Le Belv\u00e9d\u00e8re <b>est un complexe architectural \u00e9l\u00e9gant et tr\u00e8s sophistiqu\u00e9<\/b>, divis\u00e9 en deux b\u00e2timents principaux&nbsp;: le Belv\u00e9d\u00e8re sup\u00e9rieur et le Belv\u00e9d\u00e8re inf\u00e9rieur, reli\u00e9s par des jardins parfaitement sym\u00e9triques.<\/p><p>Ce n\u2019est pas votre palais typique avec des chambres royales et des pi\u00e8ces \u00e0 vivre&nbsp;; <b>c\u2019est une galerie d\u2019art de premier plan<\/b>. L\u2019int\u00e9rieur est lumineux et majestueux, con\u00e7u pour impressionner l\u2019\u0153il plut\u00f4t que pour servir de maison fonctionnelle. Il invite les visiteurs \u00e0 se promener \u00e0 un rythme d\u00e9tendu, en admirant les superbes fresques du plafond ainsi que les chefs-d\u2019\u0153uvre qui ornent les murs.  <\/p><p>Chaque b\u00e2timent du Belv\u00e9d\u00e8re a son propre caract\u00e8re unique. Le <u>Belv\u00e9d\u00e8re inf\u00e9rieur<\/u> pr\u00e9sente des salles d\u00e9cor\u00e9es de fresques baroques et des espaces qui mettent en valeur l\u2019\u00e9l\u00e9gance du XVIIIe&nbsp;si\u00e8cle, tandis que le plus imposant <u>Belv\u00e9d\u00e8re sup\u00e9rieur<\/u> abrite des collections d\u2019art de renomm\u00e9e mondiale, notamment des chefs-d\u2019\u0153uvre autrichiens de diff\u00e9rentes \u00e9poques. Parmi ceux-ci, l\u2019embl\u00e9matique <em>L<\/em><i>e Baiser<\/i> de Gustav Klimt se distingue, faisant du Belv\u00e9d\u00e8re une destination incontournable pour les amateurs d\u2019art. Les galeries et les salles sont am\u00e9nag\u00e9es avec soin, permettant aux visiteurs d\u2019appr\u00e9cier pleinement l\u2019architecture et les \u0153uvres d\u2019art.   <\/p>\t\t\t\t\t\t\t\t<\/div>\n\t\t\t\t<\/div>\n\t\t\t\t\t<\/div>\n\t\t<\/div>\n\t\t\t\t<div class=\"elementor-column elementor-col-50 elementor-top-column elementor-element elementor-element-e22eba1\" data-id=\"e22eba1\" data-element_type=\"column\">\n\t\t\t<div class=\"elementor-widget-wrap elementor-element-populated\">\n\t\t\t\t\t\t<div class=\"elementor-element elementor-element-d5616cd elementor-widget elementor-widget-html\" data-id=\"d5616cd\" data-element_type=\"widget\" data-widget_type=\"html.default\">\n\t\t\t\t<div class=\"elementor-widget-container\">\n\t\t\t\t\t<div class=\"image-carousel-wrapper\">\r\n  <div class=\"image-carousel\">\r\n    <!-- Im\u00e1genes del Belvedere Palace -->\r\n    <div class=\"carousel-item active\">\r\n      <img decoding=\"async\" src=\"https:\/\/belvederepalace.wientickets.org\/wp-content\/uploads\/2025\/11\/lower-belvedere.webp\" alt=\"Belv\u00e9d\u00e8re inf\u00e9rieur\">\r\n      <\/div>\r\n    <div class=\"carousel-item\">\r\n      <img decoding=\"async\" src=\"https:\/\/belvederepalace.wientickets.org\/wp-content\/uploads\/2024\/08\/upper-belvedere.webp\" alt=\"Belv\u00e9d\u00e8re sup\u00e9rieur\">\r\n    <\/div>\r\n      <div class=\"carousel-item\">\r\n      <img decoding=\"async\" src=\"https:\/\/belvederepalace.wientickets.org\/wp-content\/uploads\/2025\/11\/upper-belvedere-chapel.webp\" alt=\"Chapelle du Belv\u00e9d\u00e8re sup\u00e9rieur\">\r\n    <\/div>\r\n       <div class=\"carousel-item\">\r\n      <img decoding=\"async\" src=\"https:\/\/belvederepalace.wientickets.org\/wp-content\/uploads\/2025\/11\/Orangery-Lower-Belvedere.webp\" alt=\"Orangerie\">\r\n    <\/div>\r\n      <div class=\"carousel-item\">\r\n      <img decoding=\"async\" src=\"https:\/\/belvederepalace.wientickets.org\/wp-content\/uploads\/2026\/01\/the-kiss-detail.webp\" alt=\"Le Baiser de Gustav Klimt\">\r\n    <\/div>\r\n    \r\n    <!-- Botones de navegaci\u00f3n -->\r\n    <button class=\"carousel-btn prev\" aria-label=\"Anterior\">\r\n      <svg width=\"24\" height=\"24\" viewbox=\"0 0 24 24\" fill=\"none\" stroke=\"currentColor\" stroke-width=\"2\">\r\n        <polyline points=\"15 18 9 12 15 6\"><\/polyline>\r\n      <\/polyline><\/svg>\r\n    <\/button>\r\n    <button class=\"carousel-btn next\" aria-label=\"Siguiente\">\r\n      <svg width=\"24\" height=\"24\" viewbox=\"0 0 24 24\" fill=\"none\" stroke=\"currentColor\" stroke-width=\"2\">\r\n        <polyline points=\"9 18 15 12 9 6\"><\/polyline>\r\n      <\/polyline><\/svg>\r\n    <\/button>\r\n    <div class=\"carousel-caption\"><\/div>\r\n  <\/div>\r\n  \r\n  \r\n  <!-- Indicadores -->\r\n  <div class=\"carousel-indicators\"><\/div>\r\n<\/div>\r\n\r\n<style>\r\n.image-carousel-wrapper {\r\n  width: 100%;\r\n  position: relative;\r\n}\r\n\r\n.image-carousel {\r\n  position: relative;\r\n  width: 100%;\r\n  height: 400px;\r\n  overflow: hidden;\r\n  border-radius: 8px;\r\n}\r\n\r\n.carousel-item {\r\n  position: absolute;\r\n  top: 0;\r\n  left: 0;\r\n  width: 100%;\r\n  height: 100%;\r\n  opacity: 0;\r\n  transition: opacity 0.5s ease-in-out;\r\n  pointer-events: none;\r\n}\r\n\r\n.carousel-item.active {\r\n  opacity: 1;\r\n  pointer-events: auto;\r\n}\r\n\r\n.carousel-item img {\r\n  width: 100%;\r\n  height: 400px;\r\n  object-fit: cover;\r\n  object-position: top center;\r\n  display: block;\r\n}\r\n\r\n.carousel-btn {\r\n  position: absolute;\r\n  top: 50%;\r\n  transform: translateY(-50%);\r\n  background: rgba(0, 0, 0, 0.5);\r\n  color: white;\r\n  border: none;\r\n  width: 45px;\r\n  height: 45px;\r\n  border-radius: 50%;\r\n  cursor: pointer;\r\n  display: flex;\r\n  align-items: center;\r\n  justify-content: center;\r\n  transition: background 0.3s ease;\r\n  z-index: 10;\r\n}\r\n\r\n\/* Asegurar que los SVG se vean correctamente *\/\r\n.carousel-btn svg {\r\n  display: block;\r\n  flex-shrink: 0;\r\n  width: 20px;\r\n  height: 20px;\r\n}\r\n\r\n.carousel-btn:hover {\r\n  background: rgba(0, 0, 0, 0.7);\r\n}\r\n\r\n.carousel-btn:focus {\r\n  background: #CE2B37;\r\n  outline: none;\r\n}\r\n\r\n.carousel-btn.prev {\r\n  left: 15px;\r\n}\r\n\r\n.carousel-btn.next {\r\n  right: 15px;\r\n}\r\n\r\n.carousel-indicators {\r\n  display: flex;\r\n  justify-content: center;\r\n  gap: 8px;\r\n  margin-top: 15px;\r\n}\r\n\r\n.carousel-indicator {\r\n  width: 10px;\r\n  height: 10px;\r\n  border-radius: 50%;\r\n  background: #ddd;\r\n  cursor: pointer;\r\n  transition: all 0.3s ease;\r\n}\r\n\r\n.carousel-indicator.active {\r\n  background: #333;\r\n  width: 30px;\r\n  border-radius: 5px;\r\n}\r\n\r\n\/* Mobile adjustments *\/\r\n@media (max-width: 768px) {\r\n  .carousel-btn {\r\n    width: 35px;\r\n    height: 35px;\r\n  }\r\n  \r\n  .carousel-btn.prev {\r\n    left: 10px;\r\n  }\r\n  \r\n  .carousel-btn.next {\r\n    right: 10px;\r\n  }\r\n  \r\n  .carousel-btn svg {\r\n    width: 18px;\r\n    height: 18px;\r\n  }\r\n}\r\n\r\n.carousel-caption {\r\n  position: absolute;\r\n  bottom: 15px;\r\n  left: 15px;\r\n  background: rgba(0, 0, 0, 0.6);\r\n  color: white;\r\n  padding: 10px 15px;\r\n  border-radius: 5px;\r\n  font-size: 14px;\r\n  max-width: 80%;\r\n  z-index: 10;\r\n}\r\n\r\n@media (max-width: 768px) {\r\n  .carousel-caption {\r\n    font-size: 12px;\r\n    padding: 8px 12px;\r\n    bottom: 10px;\r\n    left: 10px;\r\n  }\r\n}\r\n\r\n<\/style>\r\n\r\n<script>\r\ndocument.addEventListener('DOMContentLoaded', function() {\r\n  const carousels = document.querySelectorAll('.image-carousel-wrapper');\r\n  \r\n  carousels.forEach((wrapper) => {\r\n    const carousel = wrapper.querySelector('.image-carousel');\r\n    const items = carousel.querySelectorAll('.carousel-item');\r\n    const prevBtn = carousel.querySelector('.prev');\r\n    const nextBtn = carousel.querySelector('.next');\r\n    const indicatorsContainer = wrapper.querySelector('.carousel-indicators');\r\n    const caption = carousel.querySelector('.carousel-caption');\r\n    \r\n    let currentIndex = 0;\r\n    let autoplayInterval;\r\n    \r\n    \/\/ Variables para swipe\r\n    let touchStartX = 0;\r\n    let touchEndX = 0;\r\n    let touchStartY = 0;\r\n    let touchEndY = 0;\r\n    \r\n    items.forEach((_, index) => {\r\n      const indicator = document.createElement('div');\r\n      indicator.classList.add('carousel-indicator');\r\n      if (index === 0) indicator.classList.add('active');\r\n      indicator.addEventListener('click', () => {\r\n        stopAutoplay();\r\n        goToSlide(index);\r\n      });\r\n      indicatorsContainer.appendChild(indicator);\r\n    });\r\n    \r\n    const indicators = indicatorsContainer.querySelectorAll('.carousel-indicator');\r\n    \r\n    function updateCarousel() {\r\n      items.forEach((item, index) => {\r\n        item.classList.toggle('active', index === currentIndex);\r\n      });\r\n      \r\n      indicators.forEach((indicator, index) => {\r\n        indicator.classList.toggle('active', index === currentIndex);\r\n      });\r\n      \r\n      const currentImg = items[currentIndex].querySelector('img');\r\n      caption.textContent = currentImg.alt;\r\n    }\r\n    \r\n    function goToSlide(index) {\r\n      currentIndex = index;\r\n      updateCarousel();\r\n    }\r\n    \r\n    function nextSlide() {\r\n      currentIndex = (currentIndex + 1) % items.length;\r\n      updateCarousel();\r\n    }\r\n    \r\n    function prevSlide() {\r\n      currentIndex = (currentIndex - 1 + items.length) % items.length;\r\n      updateCarousel();\r\n    }\r\n    \r\n    function stopAutoplay() {\r\n      if (autoplayInterval) {\r\n        clearInterval(autoplayInterval);\r\n        autoplayInterval = null;\r\n      }\r\n    }\r\n    \r\n    \/\/ Detectar swipe\r\n    function handleSwipe() {\r\n      const diffX = touchEndX - touchStartX;\r\n      const diffY = Math.abs(touchEndY - touchStartY);\r\n      \r\n      \/\/ Solo procesar si el movimiento horizontal es mayor que el vertical\r\n      \/\/ y si el desplazamiento es suficiente (m\u00e1s de 50px)\r\n      if (Math.abs(diffX) > 50 && Math.abs(diffX) > diffY) {\r\n        stopAutoplay();\r\n        \r\n        if (diffX > 0) {\r\n          \/\/ Swipe derecha - ir a anterior\r\n          prevSlide();\r\n        } else {\r\n          \/\/ Swipe izquierda - ir a siguiente\r\n          nextSlide();\r\n        }\r\n      }\r\n    }\r\n    \r\n    \/\/ Event listeners para touch\r\n    carousel.addEventListener('touchstart', (e) => {\r\n      touchStartX = e.changedTouches[0].screenX;\r\n      touchStartY = e.changedTouches[0].screenY;\r\n    }, { passive: true });\r\n    \r\n    carousel.addEventListener('touchend', (e) => {\r\n      touchEndX = e.changedTouches[0].screenX;\r\n      touchEndY = e.changedTouches[0].screenY;\r\n      handleSwipe();\r\n    }, { passive: true });\r\n    \r\n    \/\/ Inicializar\r\n    updateCarousel();\r\n    \r\n    prevBtn.addEventListener('click', () => {\r\n      stopAutoplay();\r\n      prevSlide();\r\n    });\r\n    \r\n    nextBtn.addEventListener('click', () => {\r\n      stopAutoplay();\r\n      nextSlide();\r\n    });\r\n    \r\n    \/\/ Auto-play cada 6 segundos\r\n    autoplayInterval = setInterval(nextSlide, 6000);\r\n  });\r\n});\r\n<\/script>\t\t\t\t<\/div>\n\t\t\t\t<\/div>\n\t\t\t\t\t<\/div>\n\t\t<\/div>\n\t\t\t\t\t<\/div>\n\t\t<\/section>\n\t\t<div class=\"elementor-element elementor-element-ceb95c0 e-flex e-con-boxed e-con e-parent\" data-id=\"ceb95c0\" data-element_type=\"container\">\n\t\t\t\t\t<div class=\"e-con-inner\">\n\t\t<div class=\"elementor-element elementor-element-f8349c5 e-con-full e-flex e-con e-child\" data-id=\"f8349c5\" data-element_type=\"container\">\n\t\t\t\t<div class=\"elementor-element elementor-element-84aabd6 elementor-widget elementor-widget-image\" data-id=\"84aabd6\" data-element_type=\"widget\" data-widget_type=\"image.default\">\n\t\t\t\t<div class=\"elementor-widget-container\">\n\t\t\t\t\t\t\t\t\t\t\t\t\t\t\t<img loading=\"lazy\" decoding=\"async\" width=\"837\" height=\"1024\" src=\"https:\/\/belvederepalace.wientickets.org\/wp-content\/uploads\/2025\/12\/eugene-of-savoy.jpeg\" class=\"attachment-full size-full wp-image-1523\" alt=\"Prince Eug\u00e8ne de Savoie\" srcset=\"https:\/\/belvederepalace.wientickets.org\/wp-content\/uploads\/2025\/12\/eugene-of-savoy.jpeg 837w, https:\/\/belvederepalace.wientickets.org\/wp-content\/uploads\/2025\/12\/eugene-of-savoy-245x300.jpeg 245w, https:\/\/belvederepalace.wientickets.org\/wp-content\/uploads\/2025\/12\/eugene-of-savoy-768x940.jpeg 768w\" sizes=\"(max-width: 837px) 100vw, 837px\" \/>\t\t\t\t\t\t\t\t\t\t\t\t\t\t\t<\/div>\n\t\t\t\t<\/div>\n\t\t\t\t<\/div>\n\t\t<div class=\"elementor-element elementor-element-79f3880 e-con-full e-flex e-con e-child\" data-id=\"79f3880\" data-element_type=\"container\">\n\t\t\t\t<div class=\"elementor-element elementor-element-91eabcd elementor-widget elementor-widget-heading\" data-id=\"91eabcd\" data-element_type=\"widget\" data-widget_type=\"heading.default\">\n\t\t\t\t<div class=\"elementor-widget-container\">\n\t\t\t\t\t<h3 class=\"elementor-heading-title elementor-size-default\">Contexte historique<\/h3>\t\t\t\t<\/div>\n\t\t\t\t<\/div>\n\t\t\t\t<div class=\"elementor-element elementor-element-1eccc9e elementor-widget elementor-widget-text-editor\" data-id=\"1eccc9e\" data-element_type=\"widget\" data-widget_type=\"text-editor.default\">\n\t\t\t\t<div class=\"elementor-widget-container\">\n\t\t\t\t\t\t\t\t\t<p>L\u2019histoire du palais du Belv\u00e9d\u00e8re a commenc\u00e9 lorsque <b>le prince Eug\u00e8ne de Savoie<\/b>, un brillant commandant militaire, a cherch\u00e9 une r\u00e9sidence d\u2019\u00e9t\u00e9 qui refl\u00e9terait son immense succ\u00e8s. La construction a commenc\u00e9 au d\u00e9but du XVIIIe&nbsp;si\u00e8cle, <u>sous la direction de l\u2019architecte Johann Lukas von Hildebrandt<\/u>, l\u2019un des ma\u00eetres les plus renomm\u00e9s du style baroque. <\/p><p>Contrairement \u00e0 d\u2019autres palais qui appartenaient directement \u00e0 la famille imp\u00e9riale, le Belv\u00e9d\u00e8re a commenc\u00e9 comme le domaine priv\u00e9 d\u2019un h\u00e9ros de guerre. Cependant, apr\u00e8s la mort du prince, <b>l\u2019imp\u00e9ratrice Marie-Th\u00e9r\u00e8se<\/b> a acquis le complexe. Le d\u00e9tail le plus fascinant est peut-\u00eatre qu\u2019\u00e0 la fin du XVIIIe&nbsp;si\u00e8cle, le Belv\u00e9d\u00e8re sup\u00e9rieur \u00e9tait devenu l\u2019un des premiers mus\u00e9es publics au monde&nbsp;; la famille imp\u00e9riale a d\u00e9cid\u00e9 d\u2019y d\u00e9placer une partie de sa collection d\u2019art afin qu\u2019elle puisse \u00eatre admir\u00e9e par le grand public.  <\/p><p>Au-del\u00e0 de son r\u00f4le culturel, il y a un fait historique essentiel que vous devez conna\u00eetre&nbsp;: <u>le palais a \u00e9t\u00e9 le th\u00e9\u00e2tre de la signature du trait\u00e9 d\u2019\u00c9tat autrichien<\/u> en 1955, le document m\u00eame qui a restaur\u00e9 l\u2019ind\u00e9pendance du pays apr\u00e8s la Seconde Guerre mondiale.<\/p>\t\t\t\t\t\t\t\t<\/div>\n\t\t\t\t<\/div>\n\t\t\t\t<\/div>\n\t\t\t\t\t<\/div>\n\t\t\t\t<\/div>\n\t\t\t\t<section class=\"elementor-section elementor-top-section elementor-element elementor-element-4a223d1 elementor-section-boxed elementor-section-height-default elementor-section-height-default\" data-id=\"4a223d1\" data-element_type=\"section\">\n\t\t\t\t\t\t<div class=\"elementor-container elementor-column-gap-default\">\n\t\t\t\t\t<div class=\"elementor-column elementor-col-100 elementor-top-column elementor-element elementor-element-7edc488\" data-id=\"7edc488\" data-element_type=\"column\">\n\t\t\t<div class=\"elementor-widget-wrap elementor-element-populated\">\n\t\t\t\t\t\t<div class=\"elementor-element elementor-element-ce7e25f elementor-widget elementor-widget-heading\" data-id=\"ce7e25f\" data-element_type=\"widget\" data-widget_type=\"heading.default\">\n\t\t\t\t<div class=\"elementor-widget-container\">\n\t\t\t\t\t<h3 class=\"elementor-heading-title elementor-size-default\">Que devriez-vous visiter&nbsp;?<\/h3>\t\t\t\t<\/div>\n\t\t\t\t<\/div>\n\t\t\t\t<div class=\"elementor-element elementor-element-d9e6fcd elementor-widget elementor-widget-text-editor\" data-id=\"d9e6fcd\" data-element_type=\"widget\" data-widget_type=\"text-editor.default\">\n\t\t\t\t<div class=\"elementor-widget-container\">\n\t\t\t\t\t\t\t\t\t<p>Si vous d\u00e9cidez de visiter le palais du Belv\u00e9d\u00e8re, il y a quelques endroits \u00e0 ne surtout pas manquer&nbsp;:<\/p><ul><li><strong><a style=\"color: #7e0009;\" href=\"https:\/\/belvederepalace.wientickets.org\/fr\/belvedere-superieur-ou-inferieur\/\">Belv\u00e9d\u00e8re sup\u00e9rieur<\/a>&nbsp;:<\/strong> Le b\u00e2timent principal abritant la collection permanente.<\/li><li><strong>La collection Klimt&nbsp;:<\/strong> Abrite <i>Le Baiser<\/i>, <i>Judith<\/i> et plusieurs de ses paysages.<\/li><li><strong><a style=\"color: #7e0009;\" href=\"https:\/\/belvederepalace.wientickets.org\/fr\/palais-du-belvedere-inferieur\/\">Belv\u00e9d\u00e8re inf\u00e9rieur<\/a>&nbsp;:<\/strong> Accueille g\u00e9n\u00e9ralement des expositions temporaires et pr\u00e9sente les appartements priv\u00e9s d\u2019origine du prince.<\/li><\/ul><div> <\/div><div><strong>Remarque pour les voyageurs d\u2019hiver&nbsp;:<\/strong> Pendant l\u2019hiver, <a style=\"color: #7e0009;\" href=\"https:\/\/www.reddit.com\/r\/Europetravel\/comments\/1h8ehyi\/if_i_had_to_pick-one_belvedere_palace_or\/\" target=\"_blank\" rel=\"noopener\">comme indiqu\u00e9 dans ce fil Reddit<\/a>, les jardins perdent une grande partie de leur charme&nbsp;: \u00ab&nbsp;En janvier, les terrains des deux sont morts, j\u2019y suis all\u00e9 en f\u00e9vrier de cette ann\u00e9e et je ne peux qu\u2019imaginer \u00e0 quel point les jardins et les fontaines des deux seraient spectaculaires en pleine floraison.&nbsp;\u00bb<\/div>\t\t\t\t\t\t\t\t<\/div>\n\t\t\t\t<\/div>\n\t\t\t\t\t<\/div>\n\t\t<\/div>\n\t\t\t\t\t<\/div>\n\t\t<\/section>\n\t\t\t\t<section class=\"elementor-section elementor-top-section elementor-element elementor-element-907ae15 elementor-section-boxed elementor-section-height-default elementor-section-height-default\" data-id=\"907ae15\" data-element_type=\"section\">\n\t\t\t\t\t\t<div class=\"elementor-container elementor-column-gap-default\">\n\t\t\t\t\t<div class=\"elementor-column elementor-col-100 elementor-top-column elementor-element elementor-element-2ca75eb\" data-id=\"2ca75eb\" data-element_type=\"column\">\n\t\t\t<div class=\"elementor-widget-wrap elementor-element-populated\">\n\t\t\t\t\t\t<div class=\"elementor-element elementor-element-25f76f3 elementor-widget elementor-widget-heading\" data-id=\"25f76f3\" data-element_type=\"widget\" data-widget_type=\"heading.default\">\n\t\t\t\t<div class=\"elementor-widget-container\">\n\t\t\t\t\t<h3 class=\"elementor-heading-title elementor-size-default\">Pour quel type de visiteurs&nbsp;?<\/h3>\t\t\t\t<\/div>\n\t\t\t\t<\/div>\n\t\t\t\t<div class=\"elementor-element elementor-element-6efde2c elementor-widget elementor-widget-text-editor\" data-id=\"6efde2c\" data-element_type=\"widget\" data-widget_type=\"text-editor.default\">\n\t\t\t\t<div class=\"elementor-widget-container\">\n\t\t\t\t\t\t\t\t\t<p>Le Belv\u00e9d\u00e8re <b>est con\u00e7u pour ceux qui appr\u00e9cient la beaut\u00e9 visuelle et l\u2019art<\/b> sans avoir besoin de parcourir des kilom\u00e8tres de couloirs. Il est important de noter que le Belv\u00e9d\u00e8re est principalement un mus\u00e9e d\u2019art&nbsp;; contrairement au ch\u00e2teau de Sch\u00f6nbrunn, il n\u2019offre pas l\u2019acc\u00e8s \u00e0 des salles historiques meubl\u00e9es avec des pi\u00e8ces d\u2019\u00e9poque originales. Si votre principal int\u00e9r\u00eat r\u00e9side dans la d\u00e9coration int\u00e9rieure imp\u00e9riale et la vie quotidienne des monarques, ce n\u2019est peut-\u00eatre pas l\u2019endroit pour vous.  <\/p><p>D\u2019un autre c\u00f4t\u00e9,<b> <\/b><u>son emplacement est un \u00e9norme avantage<\/u>. Comme <a style=\"color: #7e0009;\" href=\"https:\/\/www.facebook.com\/groups\/943838713190379\/posts\/1851908569050051\/\" target=\"_blank\" rel=\"noopener\">le souligne un utilisateur de Facebook<\/a>&nbsp;: \u00ab&nbsp;Il est plus proche du centre-ville, vous pouvez donc le visiter et faire beaucoup d\u2019autres visites le m\u00eame jour.&nbsp;\u00bb <\/p><p>En fin de compte, c\u2019est le choix id\u00e9al si vous voulez voir quelque chose de spectaculaire sans vous engager dans les cinq ou six heures requises par un complexe plus grand comme Sch\u00f6nbrunn.<\/p>\t\t\t\t\t\t\t\t<\/div>\n\t\t\t\t<\/div>\n\t\t\t\t\t<\/div>\n\t\t<\/div>\n\t\t\t\t\t<\/div>\n\t\t<\/section>\n\t\t\t\t<section class=\"elementor-section elementor-top-section elementor-element elementor-element-d3b05a7 elementor-section-boxed elementor-section-height-default elementor-section-height-default\" data-id=\"d3b05a7\" data-element_type=\"section\">\n\t\t\t\t\t\t<div class=\"elementor-container elementor-column-gap-default\">\n\t\t\t\t\t<div class=\"elementor-column elementor-col-50 elementor-top-column elementor-element elementor-element-825889a\" data-id=\"825889a\" data-element_type=\"column\">\n\t\t\t<div class=\"elementor-widget-wrap elementor-element-populated\">\n\t\t\t\t\t\t<div class=\"elementor-element elementor-element-126ddc8 elementor-widget elementor-widget-heading\" data-id=\"126ddc8\" data-element_type=\"widget\" data-widget_type=\"heading.default\">\n\t\t\t\t<div class=\"elementor-widget-container\">\n\t\t\t\t\t<h2 class=\"elementor-heading-title elementor-size-default\">\u00c0 quoi ressemble Sch\u00f6nbrunn&nbsp;?<\/h2>\t\t\t\t<\/div>\n\t\t\t\t<\/div>\n\t\t\t\t<div class=\"elementor-element elementor-element-8878a03 elementor-widget elementor-widget-text-editor\" data-id=\"8878a03\" data-element_type=\"widget\" data-widget_type=\"text-editor.default\">\n\t\t\t\t<div class=\"elementor-widget-container\">\n\t\t\t\t\t\t\t\t\t<p><strong>Sch\u00f6nbrunn est l\u2019un des palais les plus \u00e9poustouflants d\u2019Europe<\/strong><b>g<\/b>. \u00c0 votre arriv\u00e9e, vous \u00eates accueilli par une vaste cour peinte en \u00ab&nbsp;jaune Sch\u00f6nbrunn&nbsp;\u00bb, une teinte qui est finalement devenue la norme pour les b\u00e2timents imp\u00e9riaux. <\/p><p>\u00c0 l\u2019int\u00e9rieur, vous trouverez une opulence pure&nbsp;: des lustres en cristal, des tapisseries en soie et des murs orn\u00e9s de feuilles d\u2019or. <b>Chaque pi\u00e8ce raconte une histoire sp\u00e9cifique des Habsbourg<\/b>, l\u2019une des dynasties les plus puissantes et influentes d\u2019Europe. Pendant des si\u00e8cles, ils ont r\u00e9gn\u00e9 sur de vastes territoires, \u00e9tendant leur influence par l\u2019h\u00e9ritage, les mariages strat\u00e9giques et les alliances politiques. <\/p><p>Au-del\u00e0 des int\u00e9rieurs somptueux, <u>les jardins de Sch\u00f6nbrunn<\/u> sont tout aussi magnifiques. Con\u00e7us dans le style baroque, ils pr\u00e9sentent des pelouses parfaitement entretenues, des fontaines orn\u00e9es et de grandes avenues qui m\u00e8nent l\u2019\u0153il vers l\u2019horizon. Vous pouvez vous promener dans les vastes terrains, d\u00e9couvrir des statues et m\u00eame un petit zoo (le plus ancien d\u2019Europe).  <\/p>\t\t\t\t\t\t\t\t<\/div>\n\t\t\t\t<\/div>\n\t\t\t\t\t<\/div>\n\t\t<\/div>\n\t\t\t\t<div class=\"elementor-column elementor-col-50 elementor-top-column elementor-element elementor-element-f009d8d\" data-id=\"f009d8d\" data-element_type=\"column\">\n\t\t\t<div class=\"elementor-widget-wrap elementor-element-populated\">\n\t\t\t\t\t\t<div class=\"elementor-element elementor-element-a1c053b elementor-widget elementor-widget-html\" data-id=\"a1c053b\" data-element_type=\"widget\" data-widget_type=\"html.default\">\n\t\t\t\t<div class=\"elementor-widget-container\">\n\t\t\t\t\t<div class=\"image-carousel-wrapper\">\r\n  <div class=\"image-carousel\">\r\n    <div class=\"carousel-item active\">\r\n      <img decoding=\"async\" src=\"https:\/\/schonbrunnpalace.wientickets.org\/wp-content\/uploads\/schonbrunn-palace-tickets.webp\" alt=\"Ch\u00e2teau de Sch\u00f6nbrunn\">\r\n    <\/div>\r\n    <div class=\"carousel-item\">\r\n      <img decoding=\"async\" src=\"https:\/\/schonbrunnpalace.wientickets.org\/wp-content\/uploads\/Schonbrunn-Palaces-Great-Gallery.webp\" alt=\"La Grande Galerie du ch\u00e2teau de Sch\u00f6nbrunn\">\r\n    <\/div>\r\n      <div class=\"carousel-item\">\r\n      <img decoding=\"async\" src=\"https:\/\/schonbrunnpalace.wientickets.org\/wp-content\/uploads\/the-gloriette-schonbrunn-palace.webp\" alt=\"La Gloriette\">\r\n    <\/div>\r\n     <div class=\"carousel-item\">\r\n      <img decoding=\"async\" src=\"https:\/\/schonbrunnpalace.wientickets.org\/wp-content\/uploads\/schonbrunn-palace-gardens.webp\" alt=\"Jardins du ch\u00e2teau de Sch\u00f6nbrunn\">\r\n    <\/div>\r\n    <div class=\"carousel-item\">\r\n      <img decoding=\"async\" src=\"https:\/\/schonbrunnpalace.wientickets.org\/wp-content\/uploads\/schonbrunn-labyrinth.webp\" alt=\"Le labyrinthe\">\r\n    <\/div>\r\n    \r\n    <!-- Botones de navegaci\u00f3n -->\r\n    <button class=\"carousel-btn prev\" aria-label=\"Anterior\">\r\n      <svg width=\"24\" height=\"24\" viewbox=\"0 0 24 24\" fill=\"none\" stroke=\"currentColor\" stroke-width=\"2\">\r\n        <polyline points=\"15 18 9 12 15 6\"><\/polyline>\r\n      <\/svg>\r\n    <\/button>\r\n    <button class=\"carousel-btn next\" aria-label=\"Siguiente\">\r\n      <svg width=\"24\" height=\"24\" viewbox=\"0 0 24 24\" fill=\"none\" stroke=\"currentColor\" stroke-width=\"2\">\r\n        <polyline points=\"9 18 15 12 9 6\"><\/polyline>\r\n      <\/svg>\r\n    <\/button>\r\n    <div class=\"carousel-caption\"><\/div>\r\n  <\/div>\r\n  \r\n  <!-- Indicadores -->\r\n  <div class=\"carousel-indicators\"><\/div>\r\n<\/div>\t\t\t\t<\/div>\n\t\t\t\t<\/div>\n\t\t\t\t\t<\/div>\n\t\t<\/div>\n\t\t\t\t\t<\/div>\n\t\t<\/section>\n\t\t<div class=\"elementor-element elementor-element-2ec6448 e-flex e-con-boxed e-con e-parent\" data-id=\"2ec6448\" data-element_type=\"container\">\n\t\t\t\t\t<div class=\"e-con-inner\">\n\t\t<div class=\"elementor-element elementor-element-67b37b0 e-con-full e-flex e-con e-child\" data-id=\"67b37b0\" data-element_type=\"container\">\n\t\t\t\t<div class=\"elementor-element elementor-element-1f8050a elementor-widget elementor-widget-image\" data-id=\"1f8050a\" data-element_type=\"widget\" data-widget_type=\"image.default\">\n\t\t\t\t<div class=\"elementor-widget-container\">\n\t\t\t\t\t\t\t\t\t\t\t\t\t\t\t<img decoding=\"async\" src=\"https:\/\/schonbrunnpalace.wientickets.org\/wp-content\/uploads\/empress-maria-theresa-austria.jpg\" title=\"\" alt=\"Empress Maria Theresa I of Austria\" loading=\"lazy\" \/>\t\t\t\t\t\t\t\t\t\t\t\t\t\t\t<\/div>\n\t\t\t\t<\/div>\n\t\t\t\t<\/div>\n\t\t<div class=\"elementor-element elementor-element-adf9cba e-con-full e-flex e-con e-child\" data-id=\"adf9cba\" data-element_type=\"container\">\n\t\t\t\t<div class=\"elementor-element elementor-element-f411e88 elementor-widget elementor-widget-heading\" data-id=\"f411e88\" data-element_type=\"widget\" data-widget_type=\"heading.default\">\n\t\t\t\t<div class=\"elementor-widget-container\">\n\t\t\t\t\t<h3 class=\"elementor-heading-title elementor-size-default\">Contexte historique<\/h3>\t\t\t\t<\/div>\n\t\t\t\t<\/div>\n\t\t\t\t<div class=\"elementor-element elementor-element-a94f7fe elementor-widget elementor-widget-text-editor\" data-id=\"a94f7fe\" data-element_type=\"widget\" data-widget_type=\"text-editor.default\">\n\t\t\t\t<div class=\"elementor-widget-container\">\n\t\t\t\t\t\t\t\t\t<p><b>Le ch\u00e2teau de Sch\u00f6nbrunn a travers\u00e9 de nombreuses phases<\/b>. C\u2019\u00e9tait \u00e0 l\u2019origine un pavillon de chasse, mais \u00e0 la fin du XVIIe&nbsp;si\u00e8cle, <u>l\u2019empereur L\u00e9opold&nbsp;Ier<\/u> (l\u2019un des monarques les plus importants de la branche autrichienne des Habsbourg) a command\u00e9 la construction d\u2019un palais royal. L\u00e9opold&nbsp;Ier a personnellement supervis\u00e9 les premi\u00e8res conceptions, chargeant des architectes et des artistes de cr\u00e9er un espace qui refl\u00e9terait \u00e0 la fois le pouvoir des Habsbourg et leur go\u00fbt raffin\u00e9, jetant ainsi les bases de ce qui allait devenir l\u2019une des plus grandes r\u00e9sidences imp\u00e9riales d\u2019Europe.  <\/p><p>C\u2019est pendant le r\u00e8gne de <u>Marie-Th\u00e9r\u00e8se<\/u> au XVIIIe&nbsp;si\u00e8cle (la seule femme \u00e0 diriger les dominions des Habsbourg) que le ch\u00e2teau de Sch\u00f6nbrunn a atteint son apog\u00e9e et est devenu la r\u00e9sidence d\u2019\u00e9t\u00e9 officielle de la cour. C\u2019est elle qui a donn\u00e9 au palais la touche personnelle et majestueuse que nous connaissons aujourd\u2019hui, le transformant en c\u0153ur social et politique de l\u2019empire. <\/p><p>Des d\u00e9cennies plus tard, le palais est rest\u00e9 un site cl\u00e9 pour la famille imp\u00e9riale&nbsp;: il a \u00e9t\u00e9 le lieu de naissance et de d\u00e9c\u00e8s de <u>l\u2019empereur Fran\u00e7ois-Joseph&nbsp;Ier<\/u>, dont on se souvient pour son long r\u00e8gne et son sens du devoir in\u00e9branlable. C\u2019est \u00e9galement l\u00e0 que la c\u00e9l\u00e8bre <u>Sissi<\/u>, son \u00e9pouse, a pass\u00e9 une grande partie de sa vie, connue pour son ind\u00e9pendance, sa beaut\u00e9 et son esprit agit\u00e9 dans les limites strictes de la vie de cour. <\/p><p>Le palais est plus qu\u2019un simple b\u00e2timent&nbsp;; <b>c\u2019est un symbole du pouvoir absolu et de la long\u00e9vit\u00e9 de l\u2019une des familles les plus influentes de l\u2019histoire europ\u00e9enne<\/b>. Se promener dans ses pi\u00e8ces, c\u2019est litt\u00e9ralement se promener dans le lieu m\u00eame o\u00f9 le destin de la moiti\u00e9 du continent s\u2019est jou\u00e9 pendant des si\u00e8cles. <\/p>\t\t\t\t\t\t\t\t<\/div>\n\t\t\t\t<\/div>\n\t\t\t\t<\/div>\n\t\t\t\t\t<\/div>\n\t\t\t\t<\/div>\n\t\t\t\t<section class=\"elementor-section elementor-top-section elementor-element elementor-element-a0cdbe0 elementor-section-boxed elementor-section-height-default elementor-section-height-default\" data-id=\"a0cdbe0\" data-element_type=\"section\">\n\t\t\t\t\t\t<div class=\"elementor-container elementor-column-gap-default\">\n\t\t\t\t\t<div class=\"elementor-column elementor-col-100 elementor-top-column elementor-element elementor-element-506c3ff\" data-id=\"506c3ff\" data-element_type=\"column\">\n\t\t\t<div class=\"elementor-widget-wrap elementor-element-populated\">\n\t\t\t\t\t\t<div class=\"elementor-element elementor-element-794d971 elementor-widget elementor-widget-heading\" data-id=\"794d971\" data-element_type=\"widget\" data-widget_type=\"heading.default\">\n\t\t\t\t<div class=\"elementor-widget-container\">\n\t\t\t\t\t<h3 class=\"elementor-heading-title elementor-size-default\">Que devriez-vous visiter&nbsp;?<\/h3>\t\t\t\t<\/div>\n\t\t\t\t<\/div>\n\t\t\t\t<div class=\"elementor-element elementor-element-0199d3a elementor-widget elementor-widget-text-editor\" data-id=\"0199d3a\" data-element_type=\"widget\" data-widget_type=\"text-editor.default\">\n\t\t\t\t<div class=\"elementor-widget-container\">\n\t\t\t\t\t\t\t\t\t<p>Une visite au ch\u00e2teau de Sch\u00f6nbrunn est assez longue, donc si vous manquez de temps, il est pr\u00e9f\u00e9rable de donner la priorit\u00e9 \u00e0 ces endroits\u00a0:<\/p><ul><li><b><a style=\"color: #7e0009;\" href=\"https:\/\/schonbrunnpalace.wientickets.org\/fr\/gloriette-de-schonbrunn\/\" target=\"_blank\" rel=\"noopener\">La Gloriette<\/a>\u00a0:<\/b> Perch\u00e9e sur une colline, elle offre la meilleure vue sur le palais avec la ville en toile de fond.<\/li><li><b><a style=\"color: #7e0009;\" href=\"https:\/\/schonbrunnpalace.wientickets.org\/fr\/jardins-du-chateau-de-schonbrunn-information-et-guide\/\" target=\"_blank\" rel=\"noopener\">Les jardins du palais<\/a>\u00a0:<\/b> Jardins baroques sym\u00e9triques con\u00e7us pour refl\u00e9ter l\u2019ordre et le pouvoir.<\/li><li><b><a style=\"color: #7e0009;\" href=\"https:\/\/schonbrunnpalace.wientickets.org\/fr\/labyrinthe-de-schonbrunn\/\" target=\"_blank\" rel=\"noopener\">Le labyrinthe<\/a>\u00a0:<\/b> Un labyrinthe de haies amusant bas\u00e9 sur des conceptions baroques originales.<\/li><li><b><a style=\"color: #7e0009;\" href=\"https:\/\/schonbrunnpalace.wientickets.org\/fr\/orangerie-de-schonbrunn\/\" target=\"_blank\" rel=\"noopener\">L\u2019Orangerie<\/a>\u00a0:<\/b> L\u2019une des plus longues serres historiques d\u2019Europe, autrefois utilis\u00e9e pour les plantes d\u2019agrumes exotiques.<\/li><\/ul>\t\t\t\t\t\t\t\t<\/div>\n\t\t\t\t<\/div>\n\t\t\t\t\t<\/div>\n\t\t<\/div>\n\t\t\t\t\t<\/div>\n\t\t<\/section>\n\t\t\t\t<section class=\"elementor-section elementor-top-section elementor-element elementor-element-deca19b elementor-section-boxed elementor-section-height-default elementor-section-height-default\" data-id=\"deca19b\" data-element_type=\"section\">\n\t\t\t\t\t\t<div class=\"elementor-container elementor-column-gap-default\">\n\t\t\t\t\t<div class=\"elementor-column elementor-col-100 elementor-top-column elementor-element elementor-element-df10e00\" data-id=\"df10e00\" data-element_type=\"column\">\n\t\t\t<div class=\"elementor-widget-wrap elementor-element-populated\">\n\t\t\t\t\t\t<div class=\"elementor-element elementor-element-5ac820b elementor-widget elementor-widget-heading\" data-id=\"5ac820b\" data-element_type=\"widget\" data-widget_type=\"heading.default\">\n\t\t\t\t<div class=\"elementor-widget-container\">\n\t\t\t\t\t<h3 class=\"elementor-heading-title elementor-size-default\">Pour quel type de visiteurs&nbsp;?<\/h3>\t\t\t\t<\/div>\n\t\t\t\t<\/div>\n\t\t\t\t<div class=\"elementor-element elementor-element-750c11e elementor-widget elementor-widget-text-editor\" data-id=\"750c11e\" data-element_type=\"widget\" data-widget_type=\"text-editor.default\">\n\t\t\t\t<div class=\"elementor-widget-container\">\n\t\t\t\t\t\t\t\t\t<p>Ce palais est destin\u00e9 aux voyageurs <b>qui veulent vivre une exp\u00e9rience imp\u00e9riale compl\u00e8te et qui ne sont pas press\u00e9s<\/b>. \u00cates-vous l\u2019un d\u2019eux&nbsp;? Si c\u2019est le cas, gardez \u00e0 l\u2019esprit que Sch\u00f6nbrunn est situ\u00e9 loin du centre-ville, vous devrez donc prendre l\u2019U-Bahn (ligne&nbsp;U4) et planifier soigneusement votre horaire. De plus, en tant que principale attraction touristique de la ville, il a tendance \u00e0 \u00eatre beaucoup plus fr\u00e9quent\u00e9, ce qui peut affecter le d\u00e9roulement de votre visite, en particulier dans les pi\u00e8ces int\u00e9rieures.   <\/p><p>La visite du ch\u00e2teau de Sch\u00f6nbrunn prend beaucoup plus de temps que celle du Belv\u00e9d\u00e8re, alors pr\u00e9parez-vous \u00e0 marcher beaucoup. C <b>&lsquo;est l&rsquo;endroit id\u00e9al pour les amateurs d&rsquo;architecture et les passionn\u00e9s d&rsquo;histoire<\/b>. <a style=\"color: #7e0009;\" href=\"https:\/\/www.reddit.com\/r\/Europetravel\/comments\/1h8ehyi\/if_i_had_to_pick_one_belvedere_palace_or\/\" target=\"_blank\" rel=\"noopener\">Les utilisateurs de Reddit sont quelque peu divis\u00e9s<\/a> sur son ampleur. D&rsquo;une part, quelqu&rsquo;un a mentionn\u00e9 : \u00ab\u00a0Je suis un grand fan de palais et de ch\u00e2teaux, alors Sch\u00f6nbrunn \u00e9tait un incontournable pour moi. En plus, il y a des jardins et le zoo \u00e0 l&rsquo;arri\u00e8re !\u00a0\u00bb. Cependant, d&rsquo;autres avertissent que cela peut devenir \u00e9puisant : \u00ab\u00a0Schoenbrunn est un gigantesque palais et, \u00e0 un moment donn\u00e9, il est devenu ennuyeux de parcourir les salles. Si vous vous sentez d\u00e9pass\u00e9 par les foules ou les circuits tr\u00e8s longs, vous pr\u00e9f\u00e9rerez peut-\u00eatre une autre option.<\/p>\t\t\t\t\t\t\t\t<\/div>\n\t\t\t\t<\/div>\n\t\t\t\t\t<\/div>\n\t\t<\/div>\n\t\t\t\t\t<\/div>\n\t\t<\/section>\n\t\t\t\t<section class=\"elementor-section elementor-top-section elementor-element elementor-element-9e35915 elementor-section-boxed elementor-section-height-default elementor-section-height-default\" data-id=\"9e35915\" data-element_type=\"section\">\n\t\t\t\t\t\t<div class=\"elementor-container elementor-column-gap-default\">\n\t\t\t\t\t<div class=\"elementor-column elementor-col-100 elementor-top-column elementor-element elementor-element-a8c884e\" data-id=\"a8c884e\" data-element_type=\"column\">\n\t\t\t<div class=\"elementor-widget-wrap elementor-element-populated\">\n\t\t\t\t\t\t<div class=\"elementor-element elementor-element-bd52c51 elementor-widget elementor-widget-heading\" data-id=\"bd52c51\" data-element_type=\"widget\" data-widget_type=\"heading.default\">\n\t\t\t\t<div class=\"elementor-widget-container\">\n\t\t\t\t\t<h2 class=\"elementor-heading-title elementor-size-default\">Principales diff\u00e9rences entre le Belv\u00e9d\u00e8re et Sch\u00f6nbrunn<\/h2>\t\t\t\t<\/div>\n\t\t\t\t<\/div>\n\t\t\t\t<div class=\"elementor-element elementor-element-0286e02 elementor-widget elementor-widget-text-editor\" data-id=\"0286e02\" data-element_type=\"widget\" data-widget_type=\"text-editor.default\">\n\t\t\t\t<div class=\"elementor-widget-container\">\n\t\t\t\t\t\t\t\t\t<p>Pour r\u00e9capituler notre comparaison entre <b>le palais du Belv\u00e9d\u00e8re et le ch\u00e2teau de Sch\u00f6nbrunn<\/b>, voici une ventilation des principales diff\u00e9rences entre les deux&nbsp;:<\/p>\t\t\t\t\t\t\t\t<\/div>\n\t\t\t\t<\/div>\n\t\t\t\t\t<\/div>\n\t\t<\/div>\n\t\t\t\t\t<\/div>\n\t\t<\/section>\n\t\t<div class=\"elementor-element elementor-element-a5d25ad e-flex e-con-boxed e-con e-parent\" data-id=\"a5d25ad\" data-element_type=\"container\">\n\t\t\t\t\t<div class=\"e-con-inner\">\n\t\t\t\t<div class=\"elementor-element elementor-element-2ac8c88 elementor-widget elementor-widget-html\" data-id=\"2ac8c88\" data-element_type=\"widget\" data-widget_type=\"html.default\">\n\t\t\t\t<div class=\"elementor-widget-container\">\n\t\t\t\t\t<style>\r\n  \/* General table styles *\/\r\n  table {\r\n    width: 100%;\r\n    border-collapse: collapse;\r\n    margin: 10px 0;\r\n    font-size: 1em;\r\n    font-family: sans-serif;\r\n    box-shadow: 0 0 20px rgba(0, 0, 0, 0.15);\r\n  }\r\n\r\n  \/* Header color *\/\r\n  table thead tr {\r\n    background-color: #7E0009 !important;\r\n    color: #ffffff;\r\n    text-align: left;\r\n  }\r\n\r\n  table th,\r\n  table td {\r\n    padding: 12px 15px;\r\n  }\r\n\r\n  table tbody tr {\r\n    border-bottom: 1px solid #dddddd;\r\n  }\r\n\r\n  table tbody tr:nth-of-type(even) {\r\n    background-color: #f3f3f3;\r\n  }\r\n\r\n  table tbody tr:last-of-type {\r\n    border-bottom: 2px solid #7E0009;\r\n  }\r\n\r\n  \/* MOBILE STYLES *\/\r\n  @media screen and (max-width: 600px) {\r\n    table {\r\n      border: 0;\r\n    }\r\n    \r\n    table thead {\r\n      display: none;\r\n    }\r\n    \r\n    table tr {\r\n      display: block;\r\n      margin-bottom: 20px;\r\n      border-bottom: 3px solid #7E0009;\r\n    }\r\n    \r\n    table td {\r\n      display: block;\r\n      text-align: right;\r\n      border-bottom: 1px dotted #ccc;\r\n      font-size: 0.9em;\r\n    }\r\n    \r\n    table td:last-child {\r\n      border-bottom: 0;\r\n    }\r\n    \r\n    table td::before {\r\n      content: attr(data-label);\r\n      float: left;\r\n      font-weight: bold;\r\n      text-transform: uppercase;\r\n    }\r\n  }\r\n<\/style>\r\n\r\n<table>\r\n  <thead>\r\n    <tr>\r\n      <th>Caract\u00e9ristique<\/th>\r\n      <th>Palais du Belv\u00e9d\u00e8re<\/th>\r\n      <th>Ch\u00e2teau de Sch\u00f6nbrunn<\/th>\r\n    <\/tr>\r\n  <\/thead>\r\n  <tbody>\r\n    <tr>\r\n      <td data-label=\"Feature\">Utilisation principale<\/td>\r\n      <td data-label=\"Belvedere Palace\">Galerie d\u2019art \/ Mus\u00e9e<\/td>\r\n      <td data-label=\"Sch\u00f6nbrunn Palace\">R\u00e9sidence historique \/ Site patrimonial<\/td>\r\n    <\/tr>\r\n    <tr>\r\n      <td data-label=\"Feature\">Emplacement<\/td>\r\n      <td data-label=\"Belvedere Palace\">Relativement central (3e&nbsp;arrondissement)<\/td>\r\n      <td data-label=\"Sch\u00f6nbrunn Palace\">\u00c0 l\u2019ext\u00e9rieur du centre (13e&nbsp;arrondissement)<\/td>\r\n    <\/tr>\r\n    <tr>\r\n      <td data-label=\"Feature\">Dur\u00e9e de la visite<\/td>\r\n      <td data-label=\"Belvedere Palace\">2 \u00e0 3&nbsp;heures<\/td>\r\n      <td data-label=\"Sch\u00f6nbrunn Palace\">4 \u00e0 6&nbsp;heures (ou une journ\u00e9e compl\u00e8te)<\/td>\r\n    <\/tr>\r\n    <tr>\r\n      <td data-label=\"Feature\">Foule<\/td>\r\n      <td data-label=\"Belvedere Palace\">Mod\u00e9r\u00e9e<\/td>\r\n      <td data-label=\"Sch\u00f6nbrunn Palace\">\u00c9lev\u00e9e (surtout en haute saison)<\/td>\r\n    <\/tr>\r\n    <tr>\r\n      <td data-label=\"Feature\">Id\u00e9al pour<\/td>\r\n      <td data-label=\"Belvedere Palace\">Les amateurs d\u2019art et d\u2019esth\u00e9tique<\/td>\r\n      <td data-label=\"Sch\u00f6nbrunn Palace\">Les familles et les passionn\u00e9s d\u2019histoire imp\u00e9riale<\/td>\r\n    <\/tr>\r\n    <tr>\r\n      <td data-label=\"Feature\">Int\u00e9rieurs<\/td>\r\n      <td data-label=\"Belvedere Palace\">Galeries de mus\u00e9e<\/td>\r\n      <td data-label=\"Sch\u00f6nbrunn Palace\">Appartements royaux, meubles d\u2019origine<\/td>\r\n    <\/tr>\r\n    <tr>\r\n      <td data-label=\"Feature\">Ext\u00e9rieurs<\/td>\r\n      <td data-label=\"Belvedere Palace\">Jardins fran\u00e7ais sym\u00e9triques<\/td>\r\n      <td data-label=\"Sch\u00f6nbrunn Palace\">Vastes terrains, zoo, collines et fontaines<\/td>\r\n    <\/tr>\r\n  <\/tbody>\r\n<\/table>\r\n\t\t\t\t<\/div>\n\t\t\t\t<\/div>\n\t\t\t\t\t<\/div>\n\t\t\t\t<\/div>\n\t\t\t\t<section class=\"elementor-section elementor-top-section elementor-element elementor-element-da2e8cf elementor-section-boxed elementor-section-height-default elementor-section-height-default\" data-id=\"da2e8cf\" data-element_type=\"section\">\n\t\t\t\t\t\t<div class=\"elementor-container elementor-column-gap-default\">\n\t\t\t\t\t<div class=\"elementor-column elementor-col-100 elementor-top-column elementor-element elementor-element-57714e0\" data-id=\"57714e0\" data-element_type=\"column\">\n\t\t\t<div class=\"elementor-widget-wrap elementor-element-populated\">\n\t\t\t\t\t\t<div class=\"elementor-element elementor-element-1524833 elementor-widget elementor-widget-heading\" data-id=\"1524833\" data-element_type=\"widget\" data-widget_type=\"heading.default\">\n\t\t\t\t<div class=\"elementor-widget-container\">\n\t\t\t\t\t<h2 class=\"elementor-heading-title elementor-size-default\">FAQ sur le Belv\u00e9d\u00e8re et Sch\u00f6nbrunn<\/h2>\t\t\t\t<\/div>\n\t\t\t\t<\/div>\n\t\t\t\t\t<\/div>\n\t\t<\/div>\n\t\t\t\t\t<\/div>\n\t\t<\/section>\n\t\t<div class=\"elementor-element elementor-element-26987f4 e-flex e-con-boxed e-con e-parent\" data-id=\"26987f4\" data-element_type=\"container\">\n\t\t\t\t\t<div class=\"e-con-inner\">\n\t\t\t\t<div class=\"elementor-element elementor-element-e03b38a elementor-widget elementor-widget-toggle\" data-id=\"e03b38a\" data-element_type=\"widget\" data-widget_type=\"toggle.default\">\n\t\t\t\t<div class=\"elementor-widget-container\">\n\t\t\t\t\t\t\t<div class=\"elementor-toggle\">\n\t\t\t\t\t\t\t<div class=\"elementor-toggle-item\">\n\t\t\t\t\t<h3 id=\"elementor-tab-title-2351\" class=\"elementor-tab-title\" data-tab=\"1\" role=\"button\" aria-controls=\"elementor-tab-content-2351\" aria-expanded=\"false\">\n\t\t\t\t\t\t\t\t\t\t\t\t<span class=\"elementor-toggle-icon elementor-toggle-icon-left\" aria-hidden=\"true\">\n\t\t\t\t\t\t\t\t\t\t\t\t\t\t\t<span class=\"elementor-toggle-icon-closed\"><svg class=\"e-font-icon-svg e-fas-caret-right\" viewBox=\"0 0 192 512\" xmlns=\"http:\/\/www.w3.org\/2000\/svg\"><path d=\"M0 384.662V127.338c0-17.818 21.543-26.741 34.142-14.142l128.662 128.662c7.81 7.81 7.81 20.474 0 28.284L34.142 398.804C21.543 411.404 0 402.48 0 384.662z\"><\/path><\/svg><\/span>\n\t\t\t\t\t\t\t\t<span class=\"elementor-toggle-icon-opened\"><svg class=\"elementor-toggle-icon-opened e-font-icon-svg e-fas-caret-up\" viewBox=\"0 0 320 512\" xmlns=\"http:\/\/www.w3.org\/2000\/svg\"><path d=\"M288.662 352H31.338c-17.818 0-26.741-21.543-14.142-34.142l128.662-128.662c7.81-7.81 20.474-7.81 28.284 0l128.662 128.662c12.6 12.599 3.676 34.142-14.142 34.142z\"><\/path><\/svg><\/span>\n\t\t\t\t\t\t\t\t\t\t\t\t\t<\/span>\n\t\t\t\t\t\t\t\t\t\t\t\t<a class=\"elementor-toggle-title\" tabindex=\"0\">Vaut-il la peine d\u2019aller \u00e0 l\u2019int\u00e9rieur, ou l\u2019ext\u00e9rieur suffit-il&nbsp;?<\/a>\n\t\t\t\t\t<\/h3>\n\n\t\t\t\t\t<div id=\"elementor-tab-content-2351\" class=\"elementor-tab-content elementor-clearfix\" data-tab=\"1\" role=\"region\" aria-labelledby=\"elementor-tab-title-2351\"><p>Tr\u00e8s certainement, mais <strong>cela d\u00e9pend de ce que vous recherchez<\/strong>. Dans le cas du ch\u00e2teau de Sch\u00f6nbrunn, il est essentiel d\u2019aller \u00e0 l\u2019int\u00e9rieur si vous voulez \u00eatre t\u00e9moin de la v\u00e9ritable richesse des Habsbourg, tandis que le Belv\u00e9d\u00e8re est un incontournable si vous \u00eates un fan de Klimt. <\/p>\n<p>De nombreux voyageurs se demandent si le simple fait d\u2019explorer les terrains est suffisant, mais la r\u00e9alit\u00e9 est que <strong>les int\u00e9rieurs compl\u00e8tent le r\u00e9cit historique<\/strong>. Comme <a style=\"color: #7e0009;\" href=\"https:\/\/community.ricksteves.com\/travel-forum\/austria\/which-vienna-palace\" target=\"_blank\" rel=\"noopener\">l\u2019a dit un voyageur en ligne<\/a>&nbsp;: \u00ab&nbsp;Ce ne sont pas les palais eux-m\u00eames qui m\u2019attirent, mais plut\u00f4t tout le bataclan&nbsp;: palais, terrains, jardins, d\u00e9cors, etc.&nbsp;\u00bb <\/p>\n<\/div>\n\t\t\t\t<\/div>\n\t\t\t\t\t\t\t<div class=\"elementor-toggle-item\">\n\t\t\t\t\t<h3 id=\"elementor-tab-title-2352\" class=\"elementor-tab-title\" data-tab=\"2\" role=\"button\" aria-controls=\"elementor-tab-content-2352\" aria-expanded=\"false\">\n\t\t\t\t\t\t\t\t\t\t\t\t<span class=\"elementor-toggle-icon elementor-toggle-icon-left\" aria-hidden=\"true\">\n\t\t\t\t\t\t\t\t\t\t\t\t\t\t\t<span class=\"elementor-toggle-icon-closed\"><svg class=\"e-font-icon-svg e-fas-caret-right\" viewBox=\"0 0 192 512\" xmlns=\"http:\/\/www.w3.org\/2000\/svg\"><path d=\"M0 384.662V127.338c0-17.818 21.543-26.741 34.142-14.142l128.662 128.662c7.81 7.81 7.81 20.474 0 28.284L34.142 398.804C21.543 411.404 0 402.48 0 384.662z\"><\/path><\/svg><\/span>\n\t\t\t\t\t\t\t\t<span class=\"elementor-toggle-icon-opened\"><svg class=\"elementor-toggle-icon-opened e-font-icon-svg e-fas-caret-up\" viewBox=\"0 0 320 512\" xmlns=\"http:\/\/www.w3.org\/2000\/svg\"><path d=\"M288.662 352H31.338c-17.818 0-26.741-21.543-14.142-34.142l128.662-128.662c7.81-7.81 20.474-7.81 28.284 0l128.662 128.662c12.6 12.599 3.676 34.142-14.142 34.142z\"><\/path><\/svg><\/span>\n\t\t\t\t\t\t\t\t\t\t\t\t\t<\/span>\n\t\t\t\t\t\t\t\t\t\t\t\t<a class=\"elementor-toggle-title\" tabindex=\"0\">Ces palais valent-ils la peine d\u2019\u00eatre visit\u00e9s par rapport \u00e0 d\u2019autres palais europ\u00e9ens&nbsp;?<\/a>\n\t\t\t\t\t<\/h3>\n\n\t\t\t\t\t<div id=\"elementor-tab-content-2352\" class=\"elementor-tab-content elementor-clearfix\" data-tab=\"2\" role=\"region\" aria-labelledby=\"elementor-tab-title-2352\"><p>Sans aucun doute ! <a style=\"color: #7e0009;\" href=\"https:\/\/community.ricksteves.com\/travel-forum\/austria\/which-vienna-palace\" target=\"_blank\" rel=\"noopener\">Certains voyageurs vont m\u00eame<\/a> jusqu&rsquo;\u00e0 dire : \u00ab\u00a0Nous avons pr\u00e9f\u00e9r\u00e9 notre visite \u00e0 Schonbrunn plut\u00f4t qu&rsquo;\u00e0 Versailles\u00a0\u00bb. L <strong>&lsquo;avantage des palais viennois est leur excellent \u00e9tat de conservation<\/strong> et la mani\u00e8re dont sont racont\u00e9es les histoires de personnages magn\u00e9tiques comme Sissi ou Marie-Th\u00e9r\u00e8se. Cela rend la visite tr\u00e8s humaine et moins \u00ab\u00a0impersonnelle\u00a0\u00bb que d&rsquo;autres monuments europ\u00e9ens.<\/p>\n<\/div>\n\t\t\t\t<\/div>\n\t\t\t\t\t\t\t<div class=\"elementor-toggle-item\">\n\t\t\t\t\t<h3 id=\"elementor-tab-title-2353\" class=\"elementor-tab-title\" data-tab=\"3\" role=\"button\" aria-controls=\"elementor-tab-content-2353\" aria-expanded=\"false\">\n\t\t\t\t\t\t\t\t\t\t\t\t<span class=\"elementor-toggle-icon elementor-toggle-icon-left\" aria-hidden=\"true\">\n\t\t\t\t\t\t\t\t\t\t\t\t\t\t\t<span class=\"elementor-toggle-icon-closed\"><svg class=\"e-font-icon-svg e-fas-caret-right\" viewBox=\"0 0 192 512\" xmlns=\"http:\/\/www.w3.org\/2000\/svg\"><path d=\"M0 384.662V127.338c0-17.818 21.543-26.741 34.142-14.142l128.662 128.662c7.81 7.81 7.81 20.474 0 28.284L34.142 398.804C21.543 411.404 0 402.48 0 384.662z\"><\/path><\/svg><\/span>\n\t\t\t\t\t\t\t\t<span class=\"elementor-toggle-icon-opened\"><svg class=\"elementor-toggle-icon-opened e-font-icon-svg e-fas-caret-up\" viewBox=\"0 0 320 512\" xmlns=\"http:\/\/www.w3.org\/2000\/svg\"><path d=\"M288.662 352H31.338c-17.818 0-26.741-21.543-14.142-34.142l128.662-128.662c7.81-7.81 20.474-7.81 28.284 0l128.662 128.662c12.6 12.599 3.676 34.142-14.142 34.142z\"><\/path><\/svg><\/span>\n\t\t\t\t\t\t\t\t\t\t\t\t\t<\/span>\n\t\t\t\t\t\t\t\t\t\t\t\t<a class=\"elementor-toggle-title\" tabindex=\"0\">Est-il possible de voir le Belv\u00e9d\u00e8re et Sch\u00f6nbrunn le m\u00eame jour&nbsp;?<\/a>\n\t\t\t\t\t<\/h3>\n\n\t\t\t\t\t<div id=\"elementor-tab-content-2353\" class=\"elementor-tab-content elementor-clearfix\" data-tab=\"3\" role=\"region\" aria-labelledby=\"elementor-tab-title-2353\"><p><strong>Oui, mais vous finirez \u00e9puis\u00e9<\/strong>. Si vous d\u00e9cidez de vous lancer, notre conseil est de commencer tr\u00e8s t\u00f4t \u00e0 Sch\u00f6nbrunn, car c\u2019est le plus long et le plus fr\u00e9quent\u00e9. Selon <a style=\"color: #7e0009;\" href=\"https:\/\/www.reddit.com\/r\/wien\/comments\/1fn2w5k\/schonbrunn_or_belvedere_palace_vienna\/\" target=\"_blank\" rel=\"noopener\">un utilisateur de Reddit<\/a> : \u00ab Si vous visitez simplement le palais de Sch\u00f6nbrunn + montez \u00e0 Gloriette, les deux sont possibles en une seule journ\u00e9e. \u00bb Apr\u00e8s le d\u00e9jeuner, vous pouvez vous rendre au Belv\u00e9d\u00e8re pour profiter de l\u2019art \u00e0 un rythme plus d\u00e9tendu.   <\/p>\n<p>Cependant, gardez \u00e0 l\u2019esprit que vous passeriez presque toute votre journ\u00e9e dans deux palais baroques, ce qui <strong>pourrait sembler r\u00e9p\u00e9titif<\/strong>. Si vous n\u2019avez qu\u2019une seule journ\u00e9e, il serait peut-\u00eatre pr\u00e9f\u00e9rable de relire la comparaison entre Sch\u00f6nbrunn et le Belv\u00e9d\u00e8re et peut-\u00eatre de combiner l\u2019un d\u2019eux avec une promenade dans le centre historique de la ville. <\/p>\n<\/div>\n\t\t\t\t<\/div>\n\t\t\t\t\t\t\t<div class=\"elementor-toggle-item\">\n\t\t\t\t\t<h3 id=\"elementor-tab-title-2354\" class=\"elementor-tab-title\" data-tab=\"4\" role=\"button\" aria-controls=\"elementor-tab-content-2354\" aria-expanded=\"false\">\n\t\t\t\t\t\t\t\t\t\t\t\t<span class=\"elementor-toggle-icon elementor-toggle-icon-left\" aria-hidden=\"true\">\n\t\t\t\t\t\t\t\t\t\t\t\t\t\t\t<span class=\"elementor-toggle-icon-closed\"><svg class=\"e-font-icon-svg e-fas-caret-right\" viewBox=\"0 0 192 512\" xmlns=\"http:\/\/www.w3.org\/2000\/svg\"><path d=\"M0 384.662V127.338c0-17.818 21.543-26.741 34.142-14.142l128.662 128.662c7.81 7.81 7.81 20.474 0 28.284L34.142 398.804C21.543 411.404 0 402.48 0 384.662z\"><\/path><\/svg><\/span>\n\t\t\t\t\t\t\t\t<span class=\"elementor-toggle-icon-opened\"><svg class=\"elementor-toggle-icon-opened e-font-icon-svg e-fas-caret-up\" viewBox=\"0 0 320 512\" xmlns=\"http:\/\/www.w3.org\/2000\/svg\"><path d=\"M288.662 352H31.338c-17.818 0-26.741-21.543-14.142-34.142l128.662-128.662c7.81-7.81 20.474-7.81 28.284 0l128.662 128.662c12.6 12.599 3.676 34.142-14.142 34.142z\"><\/path><\/svg><\/span>\n\t\t\t\t\t\t\t\t\t\t\t\t\t<\/span>\n\t\t\t\t\t\t\t\t\t\t\t\t<a class=\"elementor-toggle-title\" tabindex=\"0\">O\u00f9 se trouve \u00ab&nbsp;Le Baiser&nbsp;\u00bb de Klimt&nbsp;?<\/a>\n\t\t\t\t\t<\/h3>\n\n\t\t\t\t\t<div id=\"elementor-tab-content-2354\" class=\"elementor-tab-content elementor-clearfix\" data-tab=\"4\" role=\"region\" aria-labelledby=\"elementor-tab-title-2354\"><p>Le Baiser de Gustav Klimt est expos\u00e9 en permanence au <strong>Belv\u00e9d\u00e8re sup\u00e9rieur<\/strong>. Il est important de ne pas le confondre avec le Belv\u00e9d\u00e8re inf\u00e9rieur, qui est g\u00e9n\u00e9ralement utilis\u00e9 pour des expositions temporaires. <\/p>\n<\/div>\n\t\t\t\t<\/div>\n\t\t\t\t\t\t\t\t<\/div>\n\t\t\t\t\t\t<\/div>\n\t\t\t\t<\/div>\n\t\t\t\t\t<\/div>\n\t\t\t\t<\/div>\n\t\t<div class=\"elementor-element elementor-element-c8effa2 e-flex e-con-boxed e-con e-parent\" data-id=\"c8effa2\" data-element_type=\"container\">\n\t\t\t\t\t<div class=\"e-con-inner\">\n\t\t\t\t<div class=\"elementor-element elementor-element-a775ff5 elementor-widget elementor-widget-heading\" data-id=\"a775ff5\" data-element_type=\"widget\" data-widget_type=\"heading.default\">\n\t\t\t\t<div class=\"elementor-widget-container\">\n\t\t\t\t\t<h3 class=\"elementor-heading-title elementor-size-default\">Plus d'informations sur le palais du Belv\u00e9d\u00e8re<\/h3>\t\t\t\t<\/div>\n\t\t\t\t<\/div>\n\t\t\t\t\t<\/div>\n\t\t\t\t<\/div>\n\t\t\t\t<section class=\"elementor-section elementor-top-section elementor-element elementor-element-7e26ab8 elementor-section-boxed elementor-section-height-default elementor-section-height-default\" data-id=\"7e26ab8\" data-element_type=\"section\">\n\t\t\t\t\t\t<div class=\"elementor-container elementor-column-gap-custom\">\n\t\t\t\t\t<div class=\"elementor-column elementor-col-33 elementor-top-column elementor-element elementor-element-1b41bcf\" data-id=\"1b41bcf\" data-element_type=\"column\">\n\t\t\t<div class=\"elementor-widget-wrap elementor-element-populated\">\n\t\t\t\t\t\t<div class=\"elementor-element elementor-element-6594ce0 elementor-widget elementor-widget-image\" data-id=\"6594ce0\" data-element_type=\"widget\" data-widget_type=\"image.default\">\n\t\t\t\t<div class=\"elementor-widget-container\">\n\t\t\t\t\t\t\t\t\t\t\t\t\t\t\t\t<a href=\"https:\/\/belvederepalace.wientickets.org\/fr\/billets-pour-le-chateau-de-belvedere\/\">\n\t\t\t\t\t\t\t<img loading=\"lazy\" decoding=\"async\" width=\"800\" height=\"472\" src=\"https:\/\/belvederepalace.wientickets.org\/wp-content\/uploads\/2024\/08\/belvedere-palace-faqs.webp\" class=\"attachment-large size-large wp-image-1555\" alt=\"\" srcset=\"https:\/\/belvederepalace.wientickets.org\/wp-content\/uploads\/2024\/08\/belvedere-palace-faqs.webp 900w, https:\/\/belvederepalace.wientickets.org\/wp-content\/uploads\/2024\/08\/belvedere-palace-faqs-300x177.webp 300w, https:\/\/belvederepalace.wientickets.org\/wp-content\/uploads\/2024\/08\/belvedere-palace-faqs-768x453.webp 768w\" sizes=\"(max-width: 800px) 100vw, 800px\" \/>\t\t\t\t\t\t\t\t<\/a>\n\t\t\t\t\t\t\t\t\t\t\t\t\t\t\t<\/div>\n\t\t\t\t<\/div>\n\t\t\t\t<div class=\"elementor-element elementor-element-ec59f92 elementor-widget elementor-widget-heading\" data-id=\"ec59f92\" data-element_type=\"widget\" data-widget_type=\"heading.default\">\n\t\t\t\t<div class=\"elementor-widget-container\">\n\t\t\t\t\t<p class=\"elementor-heading-title elementor-size-default\">BILLETS POUR LE PALAIS DU BELV\u00c9D\u00c8RE<\/p>\t\t\t\t<\/div>\n\t\t\t\t<\/div>\n\t\t\t\t<div class=\"elementor-element elementor-element-790eade elementor-widget elementor-widget-heading\" data-id=\"790eade\" data-element_type=\"widget\" data-widget_type=\"heading.default\">\n\t\t\t\t<div class=\"elementor-widget-container\">\n\t\t\t\t\t<h3 class=\"elementor-heading-title elementor-size-default\"><a href=\"https:\/\/belvederepalace.wientickets.org\/fr\/billets-pour-le-chateau-de-belvedere\/\">Billets pour le palais du Belv\u00e9d\u00e8re sup\u00e9rieur<\/a><\/h3>\t\t\t\t<\/div>\n\t\t\t\t<\/div>\n\t\t\t\t<div class=\"elementor-element elementor-element-07be3d2 elementor-widget elementor-widget-text-editor\" data-id=\"07be3d2\" data-element_type=\"widget\" data-widget_type=\"text-editor.default\">\n\t\t\t\t<div class=\"elementor-widget-container\">\n\t\t\t\t\t\t\t\t\tLes billets d&rsquo;entr\u00e9e au palais du Belv\u00e9d\u00e8re donnent acc\u00e8s \u00e0 ses expositions d&rsquo;art renomm\u00e9es et \u00e0 ses magnifiques jardins. Le palais est divis\u00e9 en deux parties principales&#8230; <a href=\"https:\/\/belvederepalace.wientickets.org\/fr\/billets-pour-le-chateau-de-belvedere\/\" style=\"color:#7E0009;\">voir plus<\/a> \n\t\t\t\t\t\t\t\t<\/div>\n\t\t\t\t<\/div>\n\t\t\t\t\t<\/div>\n\t\t<\/div>\n\t\t\t\t<div class=\"elementor-column elementor-col-33 elementor-top-column elementor-element elementor-element-7987720\" data-id=\"7987720\" data-element_type=\"column\">\n\t\t\t<div class=\"elementor-widget-wrap elementor-element-populated\">\n\t\t\t\t\t\t<div class=\"elementor-element elementor-element-056a2af elementor-widget elementor-widget-image\" data-id=\"056a2af\" data-element_type=\"widget\" data-widget_type=\"image.default\">\n\t\t\t\t<div class=\"elementor-widget-container\">\n\t\t\t\t\t\t\t\t\t\t\t\t\t\t\t\t<a href=\"https:\/\/belvederepalace.wientickets.org\/fr\/heures-douverture-du-palais-du-belvedere\/\">\n\t\t\t\t\t\t\t<img loading=\"lazy\" decoding=\"async\" width=\"600\" height=\"400\" src=\"https:\/\/belvederepalace.wientickets.org\/wp-content\/uploads\/2024\/08\/location-of-belvedere-palace.webp\" class=\"attachment-large size-large wp-image-1347\" alt=\"\" srcset=\"https:\/\/belvederepalace.wientickets.org\/wp-content\/uploads\/2024\/08\/location-of-belvedere-palace.webp 600w, https:\/\/belvederepalace.wientickets.org\/wp-content\/uploads\/2024\/08\/location-of-belvedere-palace-300x200.webp 300w\" sizes=\"(max-width: 600px) 100vw, 600px\" \/>\t\t\t\t\t\t\t\t<\/a>\n\t\t\t\t\t\t\t\t\t\t\t\t\t\t\t<\/div>\n\t\t\t\t<\/div>\n\t\t\t\t<div class=\"elementor-element elementor-element-d62f475 elementor-widget elementor-widget-heading\" data-id=\"d62f475\" data-element_type=\"widget\" data-widget_type=\"heading.default\">\n\t\t\t\t<div class=\"elementor-widget-container\">\n\t\t\t\t\t<p class=\"elementor-heading-title elementor-size-default\">INFORMATIONS AUX VOYAGEURS<\/p>\t\t\t\t<\/div>\n\t\t\t\t<\/div>\n\t\t\t\t<div class=\"elementor-element elementor-element-bbdc5ad elementor-widget elementor-widget-heading\" data-id=\"bbdc5ad\" data-element_type=\"widget\" data-widget_type=\"heading.default\">\n\t\t\t\t<div class=\"elementor-widget-container\">\n\t\t\t\t\t<h3 class=\"elementor-heading-title elementor-size-default\"><a href=\"https:\/\/belvederepalace.wientickets.org\/fr\/emplacement-du-chateau-du-belvedere\/\">Emplacement du palais du Belv\u00e9d\u00e8re<\/a><\/h3>\t\t\t\t<\/div>\n\t\t\t\t<\/div>\n\t\t\t\t<div class=\"elementor-element elementor-element-8c5c8bc elementor-widget elementor-widget-text-editor\" data-id=\"8c5c8bc\" data-element_type=\"widget\" data-widget_type=\"text-editor.default\">\n\t\t\t\t<div class=\"elementor-widget-container\">\n\t\t\t\t\t\t\t\t\tLe palais du Belv\u00e9d\u00e8re est situ\u00e9 dans le quartier de Landstra\u00dfe \u00e0 Vienne, ce qui le rend facile d&rsquo;acc\u00e8s depuis diff\u00e9rentes parties de la ville. Il est situ\u00e9 au centre&#8230; <a href=\"https:\/\/belvederepalace.wientickets.org\/fr\/emplacement-du-chateau-du-belvedere\/\" style=\"color:#7E0009;\">voir plus<\/a> \n\t\t\t\t\t\t\t\t<\/div>\n\t\t\t\t<\/div>\n\t\t\t\t\t<\/div>\n\t\t<\/div>\n\t\t\t\t<div class=\"elementor-column elementor-col-33 elementor-top-column elementor-element elementor-element-ea0759b\" data-id=\"ea0759b\" data-element_type=\"column\">\n\t\t\t<div class=\"elementor-widget-wrap elementor-element-populated\">\n\t\t\t\t\t\t<div class=\"elementor-element elementor-element-4316a24 elementor-widget elementor-widget-image\" data-id=\"4316a24\" data-element_type=\"widget\" data-widget_type=\"image.default\">\n\t\t\t\t<div class=\"elementor-widget-container\">\n\t\t\t\t\t\t\t\t\t\t\t\t\t\t\t\t<a href=\"https:\/\/belvederepalace.wientickets.org\/fr\/points-forts-du-palais-du-belvedere\/\">\n\t\t\t\t\t\t\t<img loading=\"lazy\" decoding=\"async\" width=\"600\" height=\"400\" src=\"https:\/\/belvederepalace.wientickets.org\/wp-content\/uploads\/2024\/08\/highlights-of-belvedere-palace.webp\" class=\"attachment-large size-large wp-image-1344\" alt=\"\" srcset=\"https:\/\/belvederepalace.wientickets.org\/wp-content\/uploads\/2024\/08\/highlights-of-belvedere-palace.webp 600w, https:\/\/belvederepalace.wientickets.org\/wp-content\/uploads\/2024\/08\/highlights-of-belvedere-palace-300x200.webp 300w\" sizes=\"(max-width: 600px) 100vw, 600px\" \/>\t\t\t\t\t\t\t\t<\/a>\n\t\t\t\t\t\t\t\t\t\t\t\t\t\t\t<\/div>\n\t\t\t\t<\/div>\n\t\t\t\t<div class=\"elementor-element elementor-element-3e59f12 elementor-widget elementor-widget-heading\" data-id=\"3e59f12\" data-element_type=\"widget\" data-widget_type=\"heading.default\">\n\t\t\t\t<div class=\"elementor-widget-container\">\n\t\t\t\t\t<p class=\"elementor-heading-title elementor-size-default\">INFORMATIONS SUR LE PALAIS DU BELV\u00c9D\u00c8RE<\/p>\t\t\t\t<\/div>\n\t\t\t\t<\/div>\n\t\t\t\t<div class=\"elementor-element elementor-element-bdb17d8 elementor-widget elementor-widget-heading\" data-id=\"bdb17d8\" data-element_type=\"widget\" data-widget_type=\"heading.default\">\n\t\t\t\t<div class=\"elementor-widget-container\">\n\t\t\t\t\t<h3 class=\"elementor-heading-title elementor-size-default\"><a href=\"https:\/\/belvederepalace.wientickets.org\/fr\/informations-sur-le-palais-du-belvedere\/\">Informations sur le palais du Belv\u00e9d\u00e8re<\/a><\/h3>\t\t\t\t<\/div>\n\t\t\t\t<\/div>\n\t\t\t\t<div class=\"elementor-element elementor-element-686bf1d elementor-widget elementor-widget-text-editor\" data-id=\"686bf1d\" data-element_type=\"widget\" data-widget_type=\"text-editor.default\">\n\t\t\t\t<div class=\"elementor-widget-container\">\n\t\t\t\t\t\t\t\t\t<p>Le complexe du palais du Belv\u00e9d\u00e8re est plus que deux palais ; c&rsquo;est un tr\u00e9sor culturel qui offre un aper\u00e7u complet de Vienne&#8230; <a style=\"color: #7e0009;\" href=\"https:\/\/belvederepalace.wientickets.org\/fr\/informations-sur-le-palais-du-belvedere\/\">voir plus<\/a><\/p>\t\t\t\t\t\t\t\t<\/div>\n\t\t\t\t<\/div>\n\t\t\t\t\t<\/div>\n\t\t<\/div>\n\t\t\t\t\t<\/div>\n\t\t<\/section>\n\t\t\t\t<\/div>\n\t\t","protected":false},"excerpt":{"rendered":"<p>Palais du Belv\u00e9d\u00e8re contre ch\u00e2teau de Sch\u00f6nbrunn Dans ce guide, nous comparons deux des monuments les plus embl\u00e9matiques de Vienne. Nous explorerons leurs diff\u00e9rences historiques, leurs collections d\u2019art et les exp\u00e9riences d\u2019autres voyageurs pour vous aider \u00e0 d\u00e9cider lequel visiter&nbsp;: Sch\u00f6nbrunn ou le Belv\u00e9d\u00e8re. R\u00e9server des billets Assistance quand vous en avez besoin Un service [&hellip;]<\/p>\n","protected":false},"author":2,"featured_media":1522,"parent":0,"menu_order":0,"comment_status":"closed","ping_status":"closed","template":"elementor_header_footer","meta":{"footnotes":""},"class_list":["post-1736","page","type-page","status-publish","has-post-thumbnail","hentry"],"yoast_head":"<!-- This site is optimized with the Yoast SEO plugin v26.7 - https:\/\/yoast.com\/wordpress\/plugins\/seo\/ -->\n<title>Que visiter\u00a0: le ch\u00e2teau de Sch\u00f6nbrunn ou le Belv\u00e9d\u00e8re\u00a0?<\/title>\n<meta name=\"description\" content=\"Ce sont tous deux des palais embl\u00e9matiques de Vienne, mais nous analysons ici leur histoire et leurs espaces int\u00e9rieurs pour vous aider \u00e0 choisir entre Sch\u00f6nbrunn et le Belv\u00e9d\u00e8re.\" \/>\n<meta name=\"robots\" content=\"index, follow, max-snippet:-1, max-image-preview:large, max-video-preview:-1\" \/>\n<link rel=\"canonical\" href=\"https:\/\/belvederepalace.wientickets.org\/fr\/palais-du-belvedere-contre-chateau-de-schonbrunn\/\" \/>\n<meta property=\"og:locale\" content=\"fr_FR\" \/>\n<meta property=\"og:type\" content=\"article\" \/>\n<meta property=\"og:title\" content=\"Que visiter\u00a0: le ch\u00e2teau de Sch\u00f6nbrunn ou le Belv\u00e9d\u00e8re\u00a0?\" \/>\n<meta property=\"og:description\" content=\"Ce sont tous deux des palais embl\u00e9matiques de Vienne, mais nous analysons ici leur histoire et leurs espaces int\u00e9rieurs pour vous aider \u00e0 choisir entre Sch\u00f6nbrunn et le Belv\u00e9d\u00e8re.\" \/>\n<meta property=\"og:url\" content=\"https:\/\/belvederepalace.wientickets.org\/fr\/palais-du-belvedere-contre-chateau-de-schonbrunn\/\" \/>\n<meta property=\"og:site_name\" content=\"Belvedere Palace Tickets\" \/>\n<meta property=\"article:modified_time\" content=\"2026-01-23T13:14:17+00:00\" \/>\n<meta property=\"og:image\" content=\"https:\/\/belvederepalace.wientickets.org\/wp-content\/uploads\/2025\/11\/lower-belvedere-1.webp\" \/>\n\t<meta property=\"og:image:width\" content=\"1200\" \/>\n\t<meta property=\"og:image:height\" content=\"800\" \/>\n\t<meta property=\"og:image:type\" content=\"image\/webp\" \/>\n<meta name=\"twitter:card\" content=\"summary_large_image\" \/>\n<meta name=\"twitter:label1\" content=\"Dur\u00e9e de lecture estim\u00e9e\" \/>\n\t<meta name=\"twitter:data1\" content=\"17 minutes\" \/>\n<script type=\"application\/ld+json\" class=\"yoast-schema-graph\">{\"@context\":\"https:\/\/schema.org\",\"@graph\":[{\"@type\":\"WebPage\",\"@id\":\"https:\/\/belvederepalace.wientickets.org\/fr\/palais-du-belvedere-contre-chateau-de-schonbrunn\/\",\"url\":\"https:\/\/belvederepalace.wientickets.org\/fr\/palais-du-belvedere-contre-chateau-de-schonbrunn\/\",\"name\":\"Que visiter\u00a0: le ch\u00e2teau de Sch\u00f6nbrunn ou le Belv\u00e9d\u00e8re\u00a0?\",\"isPartOf\":{\"@id\":\"https:\/\/belvederepalace.wientickets.org\/fr\/#website\"},\"primaryImageOfPage\":{\"@id\":\"https:\/\/belvederepalace.wientickets.org\/fr\/palais-du-belvedere-contre-chateau-de-schonbrunn\/#primaryimage\"},\"image\":{\"@id\":\"https:\/\/belvederepalace.wientickets.org\/fr\/palais-du-belvedere-contre-chateau-de-schonbrunn\/#primaryimage\"},\"thumbnailUrl\":\"https:\/\/belvederepalace.wientickets.org\/wp-content\/uploads\/2025\/11\/lower-belvedere-1.webp\",\"datePublished\":\"2025-12-30T13:58:25+00:00\",\"dateModified\":\"2026-01-23T13:14:17+00:00\",\"description\":\"Ce sont tous deux des palais embl\u00e9matiques de Vienne, mais nous analysons ici leur histoire et leurs espaces int\u00e9rieurs pour vous aider \u00e0 choisir entre Sch\u00f6nbrunn et le Belv\u00e9d\u00e8re.\",\"breadcrumb\":{\"@id\":\"https:\/\/belvederepalace.wientickets.org\/fr\/palais-du-belvedere-contre-chateau-de-schonbrunn\/#breadcrumb\"},\"inLanguage\":\"fr-FR\",\"potentialAction\":[{\"@type\":\"ReadAction\",\"target\":[\"https:\/\/belvederepalace.wientickets.org\/fr\/palais-du-belvedere-contre-chateau-de-schonbrunn\/\"]}]},{\"@type\":\"ImageObject\",\"inLanguage\":\"fr-FR\",\"@id\":\"https:\/\/belvederepalace.wientickets.org\/fr\/palais-du-belvedere-contre-chateau-de-schonbrunn\/#primaryimage\",\"url\":\"https:\/\/belvederepalace.wientickets.org\/wp-content\/uploads\/2025\/11\/lower-belvedere-1.webp\",\"contentUrl\":\"https:\/\/belvederepalace.wientickets.org\/wp-content\/uploads\/2025\/11\/lower-belvedere-1.webp\",\"width\":1200,\"height\":800,\"caption\":\"Belv\u00e9d\u00e8re inf\u00e9rieur\"},{\"@type\":\"BreadcrumbList\",\"@id\":\"https:\/\/belvederepalace.wientickets.org\/fr\/palais-du-belvedere-contre-chateau-de-schonbrunn\/#breadcrumb\",\"itemListElement\":[{\"@type\":\"ListItem\",\"position\":1,\"name\":\"Home\",\"item\":\"https:\/\/belvederepalace.wientickets.org\/fr\/\"},{\"@type\":\"ListItem\",\"position\":2,\"name\":\"Palais du Belv\u00e9d\u00e8re contre ch\u00e2teau de Sch\u00f6nbrunn\"}]},{\"@type\":\"WebSite\",\"@id\":\"https:\/\/belvederepalace.wientickets.org\/fr\/#website\",\"url\":\"https:\/\/belvederepalace.wientickets.org\/fr\/\",\"name\":\"Belvedere Palace Tickets\",\"description\":\"\",\"publisher\":{\"@id\":\"https:\/\/belvederepalace.wientickets.org\/fr\/#organization\"},\"potentialAction\":[{\"@type\":\"SearchAction\",\"target\":{\"@type\":\"EntryPoint\",\"urlTemplate\":\"https:\/\/belvederepalace.wientickets.org\/fr\/?s={search_term_string}\"},\"query-input\":{\"@type\":\"PropertyValueSpecification\",\"valueRequired\":true,\"valueName\":\"search_term_string\"}}],\"inLanguage\":\"fr-FR\"},{\"@type\":\"Organization\",\"@id\":\"https:\/\/belvederepalace.wientickets.org\/fr\/#organization\",\"name\":\"Billets pour le ch\u00e2teau de Belvedere\",\"url\":\"https:\/\/belvederepalace.wientickets.org\/fr\/\",\"logo\":{\"@type\":\"ImageObject\",\"inLanguage\":\"fr-FR\",\"@id\":\"https:\/\/belvederepalace.wientickets.org\/fr\/#\/schema\/logo\/image\/\",\"url\":\"https:\/\/belvederepalace.wientickets.org\/wp-content\/uploads\/2024\/08\/belvedere-palace-tickets-logo.png\",\"contentUrl\":\"https:\/\/belvederepalace.wientickets.org\/wp-content\/uploads\/2024\/08\/belvedere-palace-tickets-logo.png\",\"width\":375,\"height\":70,\"caption\":\"Billets pour le ch\u00e2teau de Belvedere\"},\"image\":{\"@id\":\"https:\/\/belvederepalace.wientickets.org\/fr\/#\/schema\/logo\/image\/\"}}]}<\/script>\n<!-- \/ Yoast SEO plugin. -->","yoast_head_json":{"title":"Que visiter\u00a0: le ch\u00e2teau de Sch\u00f6nbrunn ou le Belv\u00e9d\u00e8re\u00a0?","description":"Ce sont tous deux des palais embl\u00e9matiques de Vienne, mais nous analysons ici leur histoire et leurs espaces int\u00e9rieurs pour vous aider \u00e0 choisir entre Sch\u00f6nbrunn et le Belv\u00e9d\u00e8re.","robots":{"index":"index","follow":"follow","max-snippet":"max-snippet:-1","max-image-preview":"max-image-preview:large","max-video-preview":"max-video-preview:-1"},"canonical":"https:\/\/belvederepalace.wientickets.org\/fr\/palais-du-belvedere-contre-chateau-de-schonbrunn\/","og_locale":"fr_FR","og_type":"article","og_title":"Que visiter\u00a0: le ch\u00e2teau de Sch\u00f6nbrunn ou le Belv\u00e9d\u00e8re\u00a0?","og_description":"Ce sont tous deux des palais embl\u00e9matiques de Vienne, mais nous analysons ici leur histoire et leurs espaces int\u00e9rieurs pour vous aider \u00e0 choisir entre Sch\u00f6nbrunn et le Belv\u00e9d\u00e8re.","og_url":"https:\/\/belvederepalace.wientickets.org\/fr\/palais-du-belvedere-contre-chateau-de-schonbrunn\/","og_site_name":"Belvedere Palace Tickets","article_modified_time":"2026-01-23T13:14:17+00:00","og_image":[{"width":1200,"height":800,"url":"https:\/\/belvederepalace.wientickets.org\/wp-content\/uploads\/2025\/11\/lower-belvedere-1.webp","type":"image\/webp"}],"twitter_card":"summary_large_image","twitter_misc":{"Dur\u00e9e de lecture estim\u00e9e":"17 minutes"},"schema":{"@context":"https:\/\/schema.org","@graph":[{"@type":"WebPage","@id":"https:\/\/belvederepalace.wientickets.org\/fr\/palais-du-belvedere-contre-chateau-de-schonbrunn\/","url":"https:\/\/belvederepalace.wientickets.org\/fr\/palais-du-belvedere-contre-chateau-de-schonbrunn\/","name":"Que visiter\u00a0: le ch\u00e2teau de Sch\u00f6nbrunn ou le Belv\u00e9d\u00e8re\u00a0?","isPartOf":{"@id":"https:\/\/belvederepalace.wientickets.org\/fr\/#website"},"primaryImageOfPage":{"@id":"https:\/\/belvederepalace.wientickets.org\/fr\/palais-du-belvedere-contre-chateau-de-schonbrunn\/#primaryimage"},"image":{"@id":"https:\/\/belvederepalace.wientickets.org\/fr\/palais-du-belvedere-contre-chateau-de-schonbrunn\/#primaryimage"},"thumbnailUrl":"https:\/\/belvederepalace.wientickets.org\/wp-content\/uploads\/2025\/11\/lower-belvedere-1.webp","datePublished":"2025-12-30T13:58:25+00:00","dateModified":"2026-01-23T13:14:17+00:00","description":"Ce sont tous deux des palais embl\u00e9matiques de Vienne, mais nous analysons ici leur histoire et leurs espaces int\u00e9rieurs pour vous aider \u00e0 choisir entre Sch\u00f6nbrunn et le Belv\u00e9d\u00e8re.","breadcrumb":{"@id":"https:\/\/belvederepalace.wientickets.org\/fr\/palais-du-belvedere-contre-chateau-de-schonbrunn\/#breadcrumb"},"inLanguage":"fr-FR","potentialAction":[{"@type":"ReadAction","target":["https:\/\/belvederepalace.wientickets.org\/fr\/palais-du-belvedere-contre-chateau-de-schonbrunn\/"]}]},{"@type":"ImageObject","inLanguage":"fr-FR","@id":"https:\/\/belvederepalace.wientickets.org\/fr\/palais-du-belvedere-contre-chateau-de-schonbrunn\/#primaryimage","url":"https:\/\/belvederepalace.wientickets.org\/wp-content\/uploads\/2025\/11\/lower-belvedere-1.webp","contentUrl":"https:\/\/belvederepalace.wientickets.org\/wp-content\/uploads\/2025\/11\/lower-belvedere-1.webp","width":1200,"height":800,"caption":"Belv\u00e9d\u00e8re inf\u00e9rieur"},{"@type":"BreadcrumbList","@id":"https:\/\/belvederepalace.wientickets.org\/fr\/palais-du-belvedere-contre-chateau-de-schonbrunn\/#breadcrumb","itemListElement":[{"@type":"ListItem","position":1,"name":"Home","item":"https:\/\/belvederepalace.wientickets.org\/fr\/"},{"@type":"ListItem","position":2,"name":"Palais du Belv\u00e9d\u00e8re contre ch\u00e2teau de Sch\u00f6nbrunn"}]},{"@type":"WebSite","@id":"https:\/\/belvederepalace.wientickets.org\/fr\/#website","url":"https:\/\/belvederepalace.wientickets.org\/fr\/","name":"Belvedere Palace Tickets","description":"","publisher":{"@id":"https:\/\/belvederepalace.wientickets.org\/fr\/#organization"},"potentialAction":[{"@type":"SearchAction","target":{"@type":"EntryPoint","urlTemplate":"https:\/\/belvederepalace.wientickets.org\/fr\/?s={search_term_string}"},"query-input":{"@type":"PropertyValueSpecification","valueRequired":true,"valueName":"search_term_string"}}],"inLanguage":"fr-FR"},{"@type":"Organization","@id":"https:\/\/belvederepalace.wientickets.org\/fr\/#organization","name":"Billets pour le ch\u00e2teau de Belvedere","url":"https:\/\/belvederepalace.wientickets.org\/fr\/","logo":{"@type":"ImageObject","inLanguage":"fr-FR","@id":"https:\/\/belvederepalace.wientickets.org\/fr\/#\/schema\/logo\/image\/","url":"https:\/\/belvederepalace.wientickets.org\/wp-content\/uploads\/2024\/08\/belvedere-palace-tickets-logo.png","contentUrl":"https:\/\/belvederepalace.wientickets.org\/wp-content\/uploads\/2024\/08\/belvedere-palace-tickets-logo.png","width":375,"height":70,"caption":"Billets pour le ch\u00e2teau de Belvedere"},"image":{"@id":"https:\/\/belvederepalace.wientickets.org\/fr\/#\/schema\/logo\/image\/"}}]}},"_links":{"self":[{"href":"https:\/\/belvederepalace.wientickets.org\/fr\/wp-json\/wp\/v2\/pages\/1736","targetHints":{"allow":["GET"]}}],"collection":[{"href":"https:\/\/belvederepalace.wientickets.org\/fr\/wp-json\/wp\/v2\/pages"}],"about":[{"href":"https:\/\/belvederepalace.wientickets.org\/fr\/wp-json\/wp\/v2\/types\/page"}],"author":[{"embeddable":true,"href":"https:\/\/belvederepalace.wientickets.org\/fr\/wp-json\/wp\/v2\/users\/2"}],"replies":[{"embeddable":true,"href":"https:\/\/belvederepalace.wientickets.org\/fr\/wp-json\/wp\/v2\/comments?post=1736"}],"version-history":[{"count":26,"href":"https:\/\/belvederepalace.wientickets.org\/fr\/wp-json\/wp\/v2\/pages\/1736\/revisions"}],"predecessor-version":[{"id":2753,"href":"https:\/\/belvederepalace.wientickets.org\/fr\/wp-json\/wp\/v2\/pages\/1736\/revisions\/2753"}],"wp:featuredmedia":[{"embeddable":true,"href":"https:\/\/belvederepalace.wientickets.org\/fr\/wp-json\/wp\/v2\/media\/1522"}],"wp:attachment":[{"href":"https:\/\/belvederepalace.wientickets.org\/fr\/wp-json\/wp\/v2\/media?parent=1736"}],"curies":[{"name":"wp","href":"https:\/\/api.w.org\/{rel}","templated":true}]}}