{"id":1940,"date":"2026-01-21T09:43:37","date_gmt":"2026-01-21T09:43:37","guid":{"rendered":"https:\/\/belvederepalace.wientickets.org\/parking-du-palais-du-belvedere\/"},"modified":"2026-01-23T11:52:34","modified_gmt":"2026-01-23T11:52:34","slug":"parking-du-palais-du-belvedere","status":"publish","type":"page","link":"https:\/\/belvederepalace.wientickets.org\/fr\/parking-du-palais-du-belvedere\/","title":{"rendered":"Parking du Palais du Belv\u00e9d\u00e8re"},"content":{"rendered":"\t\t<div data-elementor-type=\"wp-page\" data-elementor-id=\"1940\" class=\"elementor elementor-1940 elementor-1860\">\n\t\t\t\t\t\t<section class=\"elementor-section elementor-top-section elementor-element elementor-element-ffcebd4 elementor-section-height-min-height elementor-section-boxed elementor-section-height-default elementor-section-items-middle\" data-id=\"ffcebd4\" data-element_type=\"section\" data-settings=\"{&quot;background_background&quot;:&quot;classic&quot;}\">\n\t\t\t\t\t\t\t<div class=\"elementor-background-overlay\"><\/div>\n\t\t\t\t\t\t\t<div class=\"elementor-container elementor-column-gap-default\">\n\t\t\t\t\t<div class=\"elementor-column elementor-col-50 elementor-top-column elementor-element elementor-element-6c24a2c\" data-id=\"6c24a2c\" data-element_type=\"column\">\n\t\t\t<div class=\"elementor-widget-wrap elementor-element-populated\">\n\t\t\t\t\t\t<div class=\"elementor-element elementor-element-b060ce4 elementor-widget elementor-widget-heading\" data-id=\"b060ce4\" data-element_type=\"widget\" data-widget_type=\"heading.default\">\n\t\t\t\t<div class=\"elementor-widget-container\">\n\t\t\t\t\t<h1 class=\"elementor-heading-title elementor-size-default\">Parking du Palais du Belv\u00e9d\u00e8re<\/h1>\t\t\t\t<\/div>\n\t\t\t\t<\/div>\n\t\t\t\t<div class=\"elementor-element elementor-element-5ee6b90 elementor-widget elementor-widget-text-editor\" data-id=\"5ee6b90\" data-element_type=\"widget\" data-widget_type=\"text-editor.default\">\n\t\t\t\t<div class=\"elementor-widget-container\">\n\t\t\t\t\t\t\t\t\t<p>Le palais du Belv\u00e9d\u00e8re \u00e0 Vienne ne dispose pas d&rsquo;un parking r\u00e9serv\u00e9 aux visiteurs. En revanche, il existe plusieurs possibilit\u00e9s de stationnement \u00e0 proximit\u00e9 du complexe, qui permettent d&rsquo;acc\u00e9der aux galeries et aux jardins par quelques minutes de marche. <\/p>\t\t\t\t\t\t\t\t<\/div>\n\t\t\t\t<\/div>\n\t\t\t\t\t<\/div>\n\t\t<\/div>\n\t\t\t\t<div class=\"elementor-column elementor-col-50 elementor-top-column elementor-element elementor-element-781a312\" data-id=\"781a312\" data-element_type=\"column\">\n\t\t\t<div class=\"elementor-widget-wrap\">\n\t\t\t\t\t\t\t<\/div>\n\t\t<\/div>\n\t\t\t\t\t<\/div>\n\t\t<\/section>\n\t\t\t\t<section class=\"elementor-section elementor-top-section elementor-element elementor-element-9ad901b elementor-section-height-min-height elementor-section-boxed elementor-section-height-default elementor-section-items-middle\" data-id=\"9ad901b\" data-element_type=\"section\" data-settings=\"{&quot;background_background&quot;:&quot;classic&quot;}\">\n\t\t\t\t\t\t<div class=\"elementor-container elementor-column-gap-default\">\n\t\t\t\t\t<div class=\"elementor-column elementor-col-100 elementor-top-column elementor-element elementor-element-3a5c2eb\" data-id=\"3a5c2eb\" data-element_type=\"column\">\n\t\t\t<div class=\"elementor-widget-wrap\">\n\t\t\t\t\t\t\t<\/div>\n\t\t<\/div>\n\t\t\t\t\t<\/div>\n\t\t<\/section>\n\t\t\t\t<section class=\"elementor-section elementor-top-section elementor-element elementor-element-c03dc1f elementor-section-boxed elementor-section-height-default elementor-section-height-default\" data-id=\"c03dc1f\" data-element_type=\"section\">\n\t\t\t\t\t\t<div class=\"elementor-container elementor-column-gap-default\">\n\t\t\t\t\t<div class=\"elementor-column elementor-col-50 elementor-top-column elementor-element elementor-element-d4d9d62 elementor-hidden-mobile\" data-id=\"d4d9d62\" data-element_type=\"column\">\n\t\t\t<div class=\"elementor-widget-wrap elementor-element-populated\">\n\t\t\t\t\t\t<div class=\"elementor-element elementor-element-35c0844 elementor-widget elementor-widget-heading\" data-id=\"35c0844\" data-element_type=\"widget\" data-widget_type=\"heading.default\">\n\t\t\t\t<div class=\"elementor-widget-container\">\n\t\t\t\t\t<p class=\"elementor-heading-title elementor-size-default\"><a href=\"https:\/\/belvederepalace.wientickets.org\/fr\/heures-douverture-du-palais-du-belvedere\/\">Horaires d'ouverture<\/a><\/p>\t\t\t\t<\/div>\n\t\t\t\t<\/div>\n\t\t\t\t<div class=\"elementor-element elementor-element-b5c0795 elementor-widget elementor-widget-heading\" data-id=\"b5c0795\" data-element_type=\"widget\" data-widget_type=\"heading.default\">\n\t\t\t\t<div class=\"elementor-widget-container\">\n\t\t\t\t\t<p class=\"elementor-heading-title elementor-size-default\"><a href=\"https:\/\/belvederepalace.wientickets.org\/fr\/emplacement-du-chateau-du-belvedere\/\">Comment s'y rendre<\/a><\/p>\t\t\t\t<\/div>\n\t\t\t\t<\/div>\n\t\t\t\t<div class=\"elementor-element elementor-element-b071417 elementor-widget elementor-widget-heading\" data-id=\"b071417\" data-element_type=\"widget\" data-widget_type=\"heading.default\">\n\t\t\t\t<div class=\"elementor-widget-container\">\n\t\t\t\t\t<p class=\"elementor-heading-title elementor-size-default\">Parking<\/p>\t\t\t\t<\/div>\n\t\t\t\t<\/div>\n\t\t\t\t<div class=\"elementor-element elementor-element-c9f2a9a elementor-widget elementor-widget-heading\" data-id=\"c9f2a9a\" data-element_type=\"widget\" data-widget_type=\"heading.default\">\n\t\t\t\t<div class=\"elementor-widget-container\">\n\t\t\t\t\t<p class=\"elementor-heading-title elementor-size-default\"><a href=\"https:\/\/belvederepalace.wientickets.org\/fr\/plan-du-chateau-du-belvedere\/\">Plan et entr\u00e9e<\/a><\/p>\t\t\t\t<\/div>\n\t\t\t\t<\/div>\n\t\t\t\t<div class=\"elementor-element elementor-element-96e2e5e elementor-widget elementor-widget-heading\" data-id=\"96e2e5e\" data-element_type=\"widget\" data-widget_type=\"heading.default\">\n\t\t\t\t<div class=\"elementor-widget-container\">\n\t\t\t\t\t<p class=\"elementor-heading-title elementor-size-default\"><a href=\"https:\/\/belvederepalace.wientickets.org\/fr\/faq-sur-les-billets-et-les-visites-du-palais-du-belvedere\/\">FAQ sur le Belv\u00e9d\u00e8re<\/a><\/p>\t\t\t\t<\/div>\n\t\t\t\t<\/div>\n\t\t\t\t<div class=\"elementor-element elementor-element-e9484e0 elementor-widget elementor-widget-heading\" data-id=\"e9484e0\" data-element_type=\"widget\" data-widget_type=\"heading.default\">\n\t\t\t\t<div class=\"elementor-widget-container\">\n\t\t\t\t\t<p class=\"elementor-heading-title elementor-size-default\"><a href=\"https:\/\/belvederepalace.wientickets.org\/fr\/palais-du-belvedere-inferieur\/\">Palais du Belv\u00e9d\u00e8re inf\u00e9rieur<\/a><\/p>\t\t\t\t<\/div>\n\t\t\t\t<\/div>\n\t\t\t\t\t<\/div>\n\t\t<\/div>\n\t\t\t\t<div class=\"elementor-column elementor-col-50 elementor-top-column elementor-element elementor-element-920c562\" data-id=\"920c562\" data-element_type=\"column\">\n\t\t\t<div class=\"elementor-widget-wrap elementor-element-populated\">\n\t\t\t\t\t\t<div class=\"elementor-element elementor-element-662f84d elementor-widget elementor-widget-text-editor\" data-id=\"662f84d\" data-element_type=\"widget\" data-widget_type=\"text-editor.default\">\n\t\t\t\t<div class=\"elementor-widget-container\">\n\t\t\t\t\t\t\t\t\t<p>Plusieurs <strong>garages souterrains<\/strong> et <strong>parkings payants<\/strong> sont situ\u00e9s \u00e0 proximit\u00e9 du Palais du Belv\u00e9d\u00e8re. Le tableau suivant r\u00e9sume les options les plus recommand\u00e9es en fonction de leur emplacement et des tarifs en vigueur : <\/p>\t\t\t\t\t\t\t\t<\/div>\n\t\t\t\t<\/div>\n\t\t\t\t<div class=\"elementor-element elementor-element-b7cd2d2 elementor-widget elementor-widget-html\" data-id=\"b7cd2d2\" data-element_type=\"widget\" data-widget_type=\"html.default\">\n\t\t\t\t<div class=\"elementor-widget-container\">\n\t\t\t\t\t<style>\r\n  \/* General table styles *\/\r\n  table {\r\n    width: 100%;\r\n    border-collapse: collapse;\r\n    margin: 0px 0;\r\n    font-size: 1em;\r\n    font-family: sans-serif;\r\n    box-shadow: 0 0 20px rgba(0, 0, 0, 0.15);\r\n  }\r\n\r\n  \/* Header color is now #7E0009 *\/\r\n  table thead tr {\r\n    background-color: #7E0009 !important;\r\n    color: #ffffff;\r\n    text-align: left;\r\n  }\r\n\r\n  table th,\r\n  table td {\r\n    padding: 12px 15px;\r\n  }\r\n\r\n  table tbody tr {\r\n    border-bottom: 1px solid #dddddd;\r\n  }\r\n\r\n  table tbody tr:nth-of-type(even) {\r\n    background-color: #f3f3f3;\r\n  }\r\n\r\n  table tbody tr:last-of-type {\r\n    border-bottom: 2px solid #7E0009;\r\n  }\r\n\r\n  \/* MOBILE STYLES *\/\r\n  @media screen and (max-width: 600px) {\r\n    table {\r\n      border: 0;\r\n    }\r\n    \r\n    table thead {\r\n      display: none;\r\n    }\r\n    \r\n    table tr {\r\n      display: block;\r\n      margin-bottom: 20px;\r\n      border-bottom: 3px solid #7E0009;\r\n    }\r\n    \r\n    table td {\r\n      display: block;\r\n      text-align: right;\r\n      border-bottom: 1px dotted #ccc;\r\n      font-size: 0.9em;\r\n    }\r\n    \r\n    table td:last-child {\r\n      border-bottom: 0;\r\n    }\r\n    \r\n    table td::before {\r\n      content: attr(data-label);\r\n      float: left;\r\n      font-weight: bold;\r\n      text-transform: uppercase;\r\n    }\r\n  }\r\n<\/style>\r\n\r\n<table>\r\n  <thead>\r\n    <tr>\r\n      <th>Parking<\/th>\r\n      <th>Adresse<\/th>\r\n      <th>Tarif approximatif<\/th>\r\n    <\/tr>\r\n  <\/thead>\r\n  <tbody>\r\n    <tr>\r\n      <td data-label=\"Parking\">P+R Erdberg<\/td>\r\n      <td data-label=\"Address\">Franzosengraben 2, 1030 Wien<\/td>\r\n      <td data-label=\"Approximate Rate\">4,60 \u20ac \/ jour<\/td>\r\n    <\/tr>\r\n    <tr>\r\n      <td data-label=\"Parking\">Garage de la gare centrale (Hauptbahnhof)<\/td>\r\n      <td data-label=\"Address\">Gerhard-Bronner-Stra\u00dfe, 1100 Wien<\/td>\r\n      <td data-label=\"Approximate Rate\">4,50 \u20ac \/ heure<\/td>\r\n    <\/tr>\r\n    <tr>\r\n      <td data-label=\"Parking\">Garage Schwarzenbergplatz<\/td>\r\n      <td data-label=\"Address\">Rennweg 5-9, 1030 Wien<\/td>\r\n      <td data-label=\"Approximate Rate\">4,90 \u20ac \/ heure<\/td>\r\n    <\/tr>\r\n    <tr>\r\n      <td data-label=\"Parking\">Garage Palais Schwarzenberg<\/td>\r\n<td data-label=\"Address\">Prinz Eugen-Stra\u00dfe 9, 1030 Wien<\/td>\r\n<td data-label=\"Approximate Rate\">4,90 \u20ac \/ heure<\/td>\r\n    <\/tr>\r\n  <\/tbody>\r\n<\/table>\r\n\t\t\t\t<\/div>\n\t\t\t\t<\/div>\n\t\t\t\t<div class=\"elementor-element elementor-element-f91bde3 elementor-widget elementor-widget-text-editor\" data-id=\"f91bde3\" data-element_type=\"widget\" data-widget_type=\"text-editor.default\">\n\t\t\t\t<div class=\"elementor-widget-container\">\n\t\t\t\t\t\t\t\t\t<p>Bien que l&rsquo;on puisse essayer de se garer dans la rue, cette option n&rsquo;est ni gratuite ni recommand\u00e9e. <strong>\u00c0 Vienne, la plupart des quartiers<\/strong> (y compris les quartiers 3 et 4 entourant le palais) <strong>sont des zones de stationnement de courte dur\u00e9e <\/strong><em>(Kurzparkzone<\/em>). Ces zones limitent la dur\u00e9e maximale du s\u00e9jour, g\u00e9n\u00e9ralement \u00e0 2 heures, et n\u00e9cessitent l&rsquo;utilisation de tickets de stationnement <em>(Parkschein<\/em>). <\/p>\n<p>En outre, <strong>de nombreux espaces restent r\u00e9serv\u00e9s exclusivement aux r\u00e9sidents<\/strong> et font l&rsquo;objet d&rsquo;une surveillance stricte. Comme l&rsquo;indique un <a style=\"color: #7e0009;\" href=\"https:\/\/www.facebook.com\/groups\/943838713190379\/posts\/1755530452021197\/\" target=\"_blank\" rel=\"noopener\">utilisateur de Facebook<\/a>: \u00ab\u00a0Pour \u00eatre honn\u00eate, il est difficile de trouver des places de parking publiques\u00a0\u00bb. <\/p>\n<p>Une strat\u00e9gie courante pour \u00e9conomiser de l&rsquo;argent provient d&rsquo;une autre <a style=\"color: #7e0009;\" href=\"https:\/\/www.facebook.com\/groups\/943838713190379\/posts\/1347212802852966\/\" target=\"_blank\" rel=\"noopener\">recommandation d&rsquo;un utilisateur de Facebook<\/a>: \u00ab\u00a0Laissez-le en dehors de Vienne si vous voulez qu&rsquo;il ne soit pas cher\u00a0\u00bb. Cette suggestion consiste \u00e0 <strong>garer le v\u00e9hicule dans les zones p\u00e9riph\u00e9riques de la ville<\/strong> ou dans les villes voisines afin d&rsquo;\u00e9viter les tarifs centraux on\u00e9reux. Cette m\u00e9thode permet aux voyageurs de se rendre facilement au palais du Belv\u00e9d\u00e8re en utilisant le r\u00e9seau de trains de banlieue S-Bahn ou les lignes de m\u00e9tro.<\/p>\t\t\t\t\t\t\t\t<\/div>\n\t\t\t\t<\/div>\n\t\t\t\t<div class=\"elementor-element elementor-element-b5c5a6c elementor-widget elementor-widget-heading\" data-id=\"b5c5a6c\" data-element_type=\"widget\" data-widget_type=\"heading.default\">\n\t\t\t\t<div class=\"elementor-widget-container\">\n\t\t\t\t\t<h2 class=\"elementor-heading-title elementor-size-default\">Comment se rendre au palais du Belv\u00e9d\u00e8re<\/h2>\t\t\t\t<\/div>\n\t\t\t\t<\/div>\n\t\t\t\t<div class=\"elementor-element elementor-element-e573adc elementor-widget elementor-widget-text-editor\" data-id=\"e573adc\" data-element_type=\"widget\" data-widget_type=\"text-editor.default\">\n\t\t\t\t<div class=\"elementor-widget-container\">\n\t\t\t\t\t\t\t\t\t<p>Le complexe du palais du Belv\u00e9d\u00e8re se divise principalement en trois zones culturelles et mus\u00e9ales : le Belv\u00e9d\u00e8re Sup\u00e9rieur, le Belv\u00e9d\u00e8re Inf\u00e9rieur et le Belv\u00e9d\u00e8re 21. <a style=\"color: #7e0009;\" href=\"https:\/\/belvederepalace.wientickets.org\/fr\/emplacement-du-chateau-du-belvedere\/\">Les visiteurs peuvent y acc\u00e9der par diff\u00e9rents moyens de transport<\/a>:<\/p><ul><li><strong>Le tramway :<\/strong> Le tramway est le moyen de transport le plus efficace pour acc\u00e9der aux entr\u00e9es principales. Pour acc\u00e9der au Belv\u00e9d\u00e8re sup\u00e9rieur, la ligne D s&rsquo;arr\u00eate au Schloss Belvedere. Pour acc\u00e9der au Belv\u00e9d\u00e8re inf\u00e9rieur, les lignes 71 et O s&rsquo;arr\u00eatent \u00e0 Unteres Belvedere.  <\/li><li><strong>M\u00e9tro :<\/strong> La station de m\u00e9tro la plus proche est Hauptbahnhof (ligne U1), situ\u00e9e \u00e0 environ 15 minutes de marche de l&rsquo;entr\u00e9e sud. Une autre option est la station Karlsplatz (lignes U1 et U4), qui permet aux visiteurs d&rsquo;atteindre le Belv\u00e9d\u00e8re inf\u00e9rieur apr\u00e8s une marche de 10 minutes \u00e0 travers Schwarzenbergplatz. <\/li><li><strong>Bus :<\/strong> La ligne de bus 13A s&rsquo;arr\u00eate \u00e0 proximit\u00e9 du Belv\u00e9d\u00e8re sup\u00e9rieur, notamment \u00e0 l&rsquo;arr\u00eat Mommsengasse. La ligne 69A dessert \u00e9galement le quartier de la gare centrale de Vienne. <\/li><li><strong>Voiture :<\/strong> Les automobilistes doivent se diriger vers les rues p\u00e9riph\u00e9riques : Prinz Eugen-Stra\u00dfe pour la partie sup\u00e9rieure ou Rennweg pour la partie inf\u00e9rieure. Comme indiqu\u00e9 pr\u00e9c\u00e9demment, le palais ne recommande pas l&rsquo;acc\u00e8s en v\u00e9hicule priv\u00e9 en raison de la saturation du trafic et du manque d&rsquo;espaces libres. <\/li><li><strong>S-Bahn (trains de banlieue) : <\/strong>Le r\u00e9seau S-Bahn est l&rsquo;une des options les plus rapides pour les visiteurs venant de l&rsquo;ext\u00e9rieur du centre de Vienne. La station Quartier Belvedere se trouve \u00e0 quelques m\u00e8tres du Belv\u00e9d\u00e8re sup\u00e9rieur et du Belv\u00e9d\u00e8re 21, et propose des services fr\u00e9quents des lignes S1, S2 et S3. La station Wien Rennweg, quant \u00e0 elle, offre un acc\u00e8s direct et proche \u00e0 l&rsquo;entr\u00e9e du Belv\u00e9d\u00e8re inf\u00e9rieur.  <\/li><li><strong>A pied :<\/strong> Depuis le centre ville (Stephansplatz), la marche dure environ 20-25 minutes. L&rsquo;itin\u00e9raire traverse le quartier des ambassades et permet d&rsquo;acc\u00e9der au Belv\u00e9d\u00e8re inf\u00e9rieur par la rue Rennweg. <\/li><\/ul>\t\t\t\t\t\t\t\t<\/div>\n\t\t\t\t<\/div>\n\t\t\t\t<div class=\"elementor-element elementor-element-6f70f2e elementor-widget elementor-widget-heading\" data-id=\"6f70f2e\" data-element_type=\"widget\" data-widget_type=\"heading.default\">\n\t\t\t\t<div class=\"elementor-widget-container\">\n\t\t\t\t\t<h2 class=\"elementor-heading-title elementor-size-default\">Parkings pr\u00e8s du Palais du Belv\u00e9d\u00e8re pour les personnes handicap\u00e9es<\/h2>\t\t\t\t<\/div>\n\t\t\t\t<\/div>\n\t\t\t\t<div class=\"elementor-element elementor-element-dac5257 elementor-widget elementor-widget-text-editor\" data-id=\"dac5257\" data-element_type=\"widget\" data-widget_type=\"text-editor.default\">\n\t\t\t\t<div class=\"elementor-widget-container\">\n\t\t\t\t\t\t\t\t\t<p>L&rsquo;acc\u00e8s des personnes \u00e0 mobilit\u00e9 r\u00e9duite est r\u00e9glement\u00e9 afin de garantir la proximit\u00e9 des <a style=\"color: #7e0009;\" href=\"https:\/\/belvederepalace.wientickets.org\/fr\/plan-du-chateau-du-belvedere\/\">entr\u00e9es principales du mus\u00e9e<\/a>. <strong>Le Palais du Belv\u00e9d\u00e8re dispose de places de parking r\u00e9serv\u00e9es aux personnes handicap\u00e9es<\/strong>, situ\u00e9es \u00e0 proximit\u00e9 de l&rsquo;entr\u00e9e, Arsenalstra\u00dfe 1, dans la zone Belv\u00e9d\u00e8re 21.<\/p><p>Pour utiliser ces places r\u00e9serv\u00e9es, les visiteurs doivent arriver suffisamment \u00e0 l&rsquo;avance car la disponibilit\u00e9 est limit\u00e9e. Une fois sur place, le visiteur doit pr\u00e9senter sa <strong>carte d&rsquo;invalidit\u00e9<\/strong>. Si le visiteur ne trouve pas de place libre, il lui est recommand\u00e9 de se renseigner \u00e0 l&rsquo;entr\u00e9e du mus\u00e9e sur les places disponibles \u00e0 proximit\u00e9. De m\u00eame, la personne peut contacter le Palais du Belv\u00e9d\u00e8re avant sa visite pour v\u00e9rifier la disponibilit\u00e9 des places.   <\/p><p>En outre, les <strong>garages commerciaux de la r\u00e9gion<\/strong>, tels que la gare centrale (Hauptbahnhof) et le garage Schwarzenbergplatz, offrent des espaces r\u00e9serv\u00e9s aux dimensions adapt\u00e9es et un acc\u00e8s par ascenseur \u00e0 la surface.<\/p><p><strong>La r\u00e9glementation viennoise offre des avantages significatifs aux d\u00e9tenteurs de titres officiels<\/strong>. Selon l&rsquo;<a style=\"color: #7e0009;\" href=\"https:\/\/www.facebook.com\/groups\/943838713190379\/posts\/1755530452021197\/\" target=\"_blank\" rel=\"noopener\">exp\u00e9rience d&rsquo;un utilisateur de Facebook<\/a>, Nous utilisons le macaron officiel autrichien de stationnement pour personnes handicap\u00e9es (format A6 et plastifi\u00e9) et nous pouvons nous garer sur n&rsquo;importe quelle place de parking public, \u00e0 tout moment et gratuitement, avec le macaron dans la vitre avant du c\u00f4t\u00e9 du conducteur. Cette r\u00e8gle permet un stationnement illimit\u00e9 dans les zones de courte dur\u00e9e<em>(Kurzparkzonen<\/em>) sans qu&rsquo;il soit n\u00e9cessaire de payer un ticket municipal.  <\/p>\t\t\t\t\t\t\t\t<\/div>\n\t\t\t\t<\/div>\n\t\t\t\t<div class=\"elementor-element elementor-element-4fdceff elementor-widget elementor-widget-html\" data-id=\"4fdceff\" data-element_type=\"widget\" data-widget_type=\"html.default\">\n\t\t\t\t<div class=\"elementor-widget-container\">\n\t\t\t\t\t<table>\r\n  <thead>\r\n    <tr>\r\n      <th>Option de stationnement pour personnes handicap\u00e9es<\/th>\r\n      <th>Adresse<\/th>\r\n      <th>D\u00e9tails du tarif<\/th>\r\n    <\/tr>\r\n  <\/thead>\r\n  <tbody>\r\n    <tr>\r\n      <td data-label=\"Disability Parking Option\">Espace officiel du Belv\u00e9d\u00e8re<\/td>\r\n      <td data-label=\"Address\">Arsenalstra\u00dfe 1, 1030 Wien<\/td>\r\n      <td data-label=\"Rate Details\">Gratuit (avec accr\u00e9ditation)<\/td>\r\n    <\/tr>\r\n    <tr>\r\n      <td data-label=\"Disability Parking Option\">Garage de la gare centrale (Hauptbahnhof)<\/td>\r\n      <td data-label=\"Address\">Gerhard-Bronner-Stra\u00dfe, 1100 Wien<\/td>\r\n      <td data-label=\"Rate Details\">4,50 \u20ac \/ heure<\/td>\r\n    <\/tr>\r\n    <tr>\r\n      <td data-label=\"Disability Parking Option\">Garage Schwarzenbergplatz<\/td>\r\n      <td data-label=\"Address\">Rennweg 5-9, 1030 Wien<\/td>\r\n      <td data-label=\"Rate Details\">4,90 \u20ac \/ heure<\/td>\r\n    <\/tr>\r\n    <tr>\r\n      <td data-label=\"Disability Parking Option\">Rue publique (toute zone signal\u00e9e)<\/td>\r\n<td data-label=\"Address\">Rues environnantes<\/td>\r\n<td data-label=\"Rate Details\">Libre (avec macaron officiel)<\/td>\r\n    <\/tr>\r\n  <\/tbody>\r\n<\/table>\r\n\t\t\t\t<\/div>\n\t\t\t\t<\/div>\n\t\t\t\t<div class=\"elementor-element elementor-element-37cf4f0 elementor-widget elementor-widget-heading\" data-id=\"37cf4f0\" data-element_type=\"widget\" data-widget_type=\"heading.default\">\n\t\t\t\t<div class=\"elementor-widget-container\">\n\t\t\t\t\t<h2 class=\"elementor-heading-title elementor-size-default\">Adresse exacte des entr\u00e9es du Belv\u00e9d\u00e8re<\/h2>\t\t\t\t<\/div>\n\t\t\t\t<\/div>\n\t\t\t\t<div class=\"elementor-element elementor-element-5ed2c36 elementor-widget elementor-widget-text-editor\" data-id=\"5ed2c36\" data-element_type=\"widget\" data-widget_type=\"text-editor.default\">\n\t\t\t\t<div class=\"elementor-widget-container\">\n\t\t\t\t\t\t\t\t\t<p>L&rsquo;<strong>adresse officielle du palais du Belv\u00e9d\u00e8re est Prinz Eugen-Stra\u00dfe 27, 1030 Vienne, Autriche<\/strong>. Cependant, en raison de la grande taille des jardins et de la s\u00e9paration des b\u00e2timents, il existe diff\u00e9rents points d&rsquo;acc\u00e8s en fonction de la destination sp\u00e9cifique. <\/p><p>Pour visiter le <a style=\"color: #7e0009;\" href=\"https:\/\/belvederepalace.wientickets.org\/fr\/belvedere-superieur-ou-inferieur\/\">Belv\u00e9d\u00e8re sup\u00e9rieur<\/a>, l&rsquo;entr\u00e9e principale se trouve Prinz Eugen-Stra\u00dfe 27, 1030 Wien. Le <a style=\"color: #7e0009;\" href=\"https:\/\/belvederepalace.wientickets.org\/fr\/palais-du-belvedere-inferieur\/\">Belv\u00e9d\u00e8re inf\u00e9rieur<\/a> a son acc\u00e8s principal au Rennweg 6, 1030 Wien, situ\u00e9 au bas des <a style=\"color: #7e0009;\" href=\"https:\/\/belvederepalace.wientickets.org\/fr\/belvedere-schlossgarten-jardins\/\">jardins baroques<\/a>. Enfin, le mus\u00e9e d&rsquo;art contemporain Belvedere 21 est situ\u00e9 \u00e0 Arsenalstra\u00dfe 1, 1030 Wien. Les jardins sont accessibles depuis les deux entr\u00e9es principales du palais pendant les heures d&rsquo;ouverture.<\/p>\t\t\t\t\t\t\t\t<\/div>\n\t\t\t\t<\/div>\n\t\t\t\t<div class=\"elementor-element elementor-element-49f45c2 elementor-widget elementor-widget-html\" data-id=\"49f45c2\" data-element_type=\"widget\" data-widget_type=\"html.default\">\n\t\t\t\t<div class=\"elementor-widget-container\">\n\t\t\t\t\t<table>\r\n  <thead>\r\n    <tr>\r\n      <th>Lieu<\/th>\r\n      <th>Adresse exacte<\/th>\r\n    <\/tr>\r\n  <\/thead>\r\n  <tbody>\r\n    <tr>\r\n      <td data-label=\"Entity\">Belv\u00e9d\u00e8re sup\u00e9rieur<\/td>\r\n      <td data-label=\"Exact Address\">Prinz Eugen-Stra\u00dfe 27, 1030 Wien<\/td>\r\n    <\/tr>\r\n    <tr>\r\n      <td data-label=\"Entity\">Belv\u00e9d\u00e8re inf\u00e9rieur<\/td>\r\n      <td data-label=\"Exact Address\">Rennweg 6, 1030 Wien<\/td>\r\n    <\/tr>\r\n    <tr>\r\n      <td data-label=\"Entity\">Belv\u00e9d\u00e8re 21<\/td>\r\n      <td data-label=\"Exact Address\">Arsenalstra\u00dfe 1, 1030 Wien<\/td>\r\n    <\/tr>\r\n  <\/tbody>\r\n<\/table>\r\n\t\t\t\t<\/div>\n\t\t\t\t<\/div>\n\t\t\t\t<div class=\"elementor-element elementor-element-f453220 elementor-widget elementor-widget-image\" data-id=\"f453220\" data-element_type=\"widget\" data-widget_type=\"image.default\">\n\t\t\t\t<div class=\"elementor-widget-container\">\n\t\t\t\t\t\t\t\t\t\t\t\t\t\t\t<img fetchpriority=\"high\" decoding=\"async\" width=\"800\" height=\"799\" src=\"https:\/\/belvederepalace.wientickets.org\/wp-content\/uploads\/2025\/11\/belvedere-map-entrances.jpg\" class=\"attachment-large size-large wp-image-1360\" alt=\"Plan du Belv\u00e9d\u00e8re avec les entr\u00e9es\" srcset=\"https:\/\/belvederepalace.wientickets.org\/wp-content\/uploads\/2025\/11\/belvedere-map-entrances.jpg 800w, https:\/\/belvederepalace.wientickets.org\/wp-content\/uploads\/2025\/11\/belvedere-map-entrances-300x300.jpg 300w, https:\/\/belvederepalace.wientickets.org\/wp-content\/uploads\/2025\/11\/belvedere-map-entrances-150x150.jpg 150w, https:\/\/belvederepalace.wientickets.org\/wp-content\/uploads\/2025\/11\/belvedere-map-entrances-768x767.jpg 768w\" sizes=\"(max-width: 800px) 100vw, 800px\" \/>\t\t\t\t\t\t\t\t\t\t\t\t\t\t\t<\/div>\n\t\t\t\t<\/div>\n\t\t\t\t\t<\/div>\n\t\t<\/div>\n\t\t\t\t\t<\/div>\n\t\t<\/section>\n\t\t\t\t<section class=\"elementor-section elementor-top-section elementor-element elementor-element-435cbe0 elementor-section-boxed elementor-section-height-default elementor-section-height-default\" data-id=\"435cbe0\" data-element_type=\"section\">\n\t\t\t\t\t\t<div class=\"elementor-container elementor-column-gap-default\">\n\t\t\t\t\t<div class=\"elementor-column elementor-col-100 elementor-top-column elementor-element elementor-element-ca3c29d\" data-id=\"ca3c29d\" data-element_type=\"column\">\n\t\t\t<div class=\"elementor-widget-wrap elementor-element-populated\">\n\t\t\t\t\t\t<div class=\"elementor-element elementor-element-081e470 elementor-widget elementor-widget-heading\" data-id=\"081e470\" data-element_type=\"widget\" data-widget_type=\"heading.default\">\n\t\t\t\t<div class=\"elementor-widget-container\">\n\t\t\t\t\t<h2 class=\"elementor-heading-title elementor-size-default\">FAQ sur le stationnement au Palais du Belv\u00e9d\u00e8re<\/h2>\t\t\t\t<\/div>\n\t\t\t\t<\/div>\n\t\t\t\t\t<\/div>\n\t\t<\/div>\n\t\t\t\t\t<\/div>\n\t\t<\/section>\n\t\t<div class=\"elementor-element elementor-element-ea4081f e-flex e-con-boxed e-con e-parent\" data-id=\"ea4081f\" data-element_type=\"container\">\n\t\t\t\t\t<div class=\"e-con-inner\">\n\t\t\t\t<div class=\"elementor-element elementor-element-4fad7b7 elementor-widget elementor-widget-toggle\" data-id=\"4fad7b7\" data-element_type=\"widget\" data-widget_type=\"toggle.default\">\n\t\t\t\t<div class=\"elementor-widget-container\">\n\t\t\t\t\t\t\t<div class=\"elementor-toggle\">\n\t\t\t\t\t\t\t<div class=\"elementor-toggle-item\">\n\t\t\t\t\t<h3 id=\"elementor-tab-title-8351\" class=\"elementor-tab-title\" data-tab=\"1\" role=\"button\" aria-controls=\"elementor-tab-content-8351\" aria-expanded=\"false\">\n\t\t\t\t\t\t\t\t\t\t\t\t<span class=\"elementor-toggle-icon elementor-toggle-icon-left\" aria-hidden=\"true\">\n\t\t\t\t\t\t\t\t\t\t\t\t\t\t\t<span class=\"elementor-toggle-icon-closed\"><svg class=\"e-font-icon-svg e-fas-caret-right\" viewBox=\"0 0 192 512\" xmlns=\"http:\/\/www.w3.org\/2000\/svg\"><path d=\"M0 384.662V127.338c0-17.818 21.543-26.741 34.142-14.142l128.662 128.662c7.81 7.81 7.81 20.474 0 28.284L34.142 398.804C21.543 411.404 0 402.48 0 384.662z\"><\/path><\/svg><\/span>\n\t\t\t\t\t\t\t\t<span class=\"elementor-toggle-icon-opened\"><svg class=\"elementor-toggle-icon-opened e-font-icon-svg e-fas-caret-up\" viewBox=\"0 0 320 512\" xmlns=\"http:\/\/www.w3.org\/2000\/svg\"><path d=\"M288.662 352H31.338c-17.818 0-26.741-21.543-14.142-34.142l128.662-128.662c7.81-7.81 20.474-7.81 28.284 0l128.662 128.662c12.6 12.599 3.676 34.142-14.142 34.142z\"><\/path><\/svg><\/span>\n\t\t\t\t\t\t\t\t\t\t\t\t\t<\/span>\n\t\t\t\t\t\t\t\t\t\t\t\t<a class=\"elementor-toggle-title\" tabindex=\"0\">Le Belv\u00e9d\u00e8re dispose-t-il d'un parking gratuit ?<\/a>\n\t\t\t\t\t<\/h3>\n\n\t\t\t\t\t<div id=\"elementor-tab-content-8351\" class=\"elementor-tab-content elementor-clearfix\" data-tab=\"1\" role=\"region\" aria-labelledby=\"elementor-tab-title-8351\"><p><strong>Il n&rsquo;existe pas de parking gratuit pour le grand public dans l&rsquo;enceinte du Palais du Belv\u00e9d\u00e8re<\/strong>. Toute la zone environnante de l&rsquo;arrondissement 3 de Vienne est class\u00e9e comme zone de stationnement r\u00e9glement\u00e9 payant. La seule exception au stationnement gratuit est la d\u00e9tention d&rsquo;une carte europ\u00e9enne de stationnement pour personnes \u00e0 mobilit\u00e9 r\u00e9duite, qui permet de stationner gratuitement et sans limitation de dur\u00e9e sur les voies publiques (sur les places signal\u00e9es).  <\/p>\n<\/div>\n\t\t\t\t<\/div>\n\t\t\t\t\t\t\t<div class=\"elementor-toggle-item\">\n\t\t\t\t\t<h3 id=\"elementor-tab-title-8352\" class=\"elementor-tab-title\" data-tab=\"2\" role=\"button\" aria-controls=\"elementor-tab-content-8352\" aria-expanded=\"false\">\n\t\t\t\t\t\t\t\t\t\t\t\t<span class=\"elementor-toggle-icon elementor-toggle-icon-left\" aria-hidden=\"true\">\n\t\t\t\t\t\t\t\t\t\t\t\t\t\t\t<span class=\"elementor-toggle-icon-closed\"><svg class=\"e-font-icon-svg e-fas-caret-right\" viewBox=\"0 0 192 512\" xmlns=\"http:\/\/www.w3.org\/2000\/svg\"><path d=\"M0 384.662V127.338c0-17.818 21.543-26.741 34.142-14.142l128.662 128.662c7.81 7.81 7.81 20.474 0 28.284L34.142 398.804C21.543 411.404 0 402.48 0 384.662z\"><\/path><\/svg><\/span>\n\t\t\t\t\t\t\t\t<span class=\"elementor-toggle-icon-opened\"><svg class=\"elementor-toggle-icon-opened e-font-icon-svg e-fas-caret-up\" viewBox=\"0 0 320 512\" xmlns=\"http:\/\/www.w3.org\/2000\/svg\"><path d=\"M288.662 352H31.338c-17.818 0-26.741-21.543-14.142-34.142l128.662-128.662c7.81-7.81 20.474-7.81 28.284 0l128.662 128.662c12.6 12.599 3.676 34.142-14.142 34.142z\"><\/path><\/svg><\/span>\n\t\t\t\t\t\t\t\t\t\t\t\t\t<\/span>\n\t\t\t\t\t\t\t\t\t\t\t\t<a class=\"elementor-toggle-title\" tabindex=\"0\">Peut-on se garer dans la rue \u00e0 Vienne ?<\/a>\n\t\t\t\t\t<\/h3>\n\n\t\t\t\t\t<div id=\"elementor-tab-content-8352\" class=\"elementor-tab-content elementor-clearfix\" data-tab=\"2\" role=\"region\" aria-labelledby=\"elementor-tab-title-8352\"><p><strong>Oui, il est possible de se garer dans la rue, mais<\/strong> <strong>le stationnement est soumis \u00e0 des r\u00e8gles strictes qui s&rsquo;appliquent \u00e0 tous les conducteurs non r\u00e9sidents<\/strong>. Dans les zones proches du Belv\u00e9d\u00e8re, le stationnement est payant pour tout visiteur entre 9h00 et 22h00 du lundi au vendredi. Il est indispensable de pr\u00e9senter un <em>Parkschein<\/em> (ticket de stationnement). En outre, les visiteurs doivent \u00e9viter les places r\u00e9serv\u00e9es aux r\u00e9sidents<em>(Anwohnerparken<\/em>), o\u00f9 le stationnement est interdit m\u00eame avec un ticket. En raison de ces restrictions et de la forte demande dans le district 3, il peut \u00eatre extr\u00eamement difficile de trouver une place libre.    <\/p>\n<\/div>\n\t\t\t\t<\/div>\n\t\t\t\t\t\t\t<div class=\"elementor-toggle-item\">\n\t\t\t\t\t<h3 id=\"elementor-tab-title-8353\" class=\"elementor-tab-title\" data-tab=\"3\" role=\"button\" aria-controls=\"elementor-tab-content-8353\" aria-expanded=\"false\">\n\t\t\t\t\t\t\t\t\t\t\t\t<span class=\"elementor-toggle-icon elementor-toggle-icon-left\" aria-hidden=\"true\">\n\t\t\t\t\t\t\t\t\t\t\t\t\t\t\t<span class=\"elementor-toggle-icon-closed\"><svg class=\"e-font-icon-svg e-fas-caret-right\" viewBox=\"0 0 192 512\" xmlns=\"http:\/\/www.w3.org\/2000\/svg\"><path d=\"M0 384.662V127.338c0-17.818 21.543-26.741 34.142-14.142l128.662 128.662c7.81 7.81 7.81 20.474 0 28.284L34.142 398.804C21.543 411.404 0 402.48 0 384.662z\"><\/path><\/svg><\/span>\n\t\t\t\t\t\t\t\t<span class=\"elementor-toggle-icon-opened\"><svg class=\"elementor-toggle-icon-opened e-font-icon-svg e-fas-caret-up\" viewBox=\"0 0 320 512\" xmlns=\"http:\/\/www.w3.org\/2000\/svg\"><path d=\"M288.662 352H31.338c-17.818 0-26.741-21.543-14.142-34.142l128.662-128.662c7.81-7.81 20.474-7.81 28.284 0l128.662 128.662c12.6 12.599 3.676 34.142-14.142 34.142z\"><\/path><\/svg><\/span>\n\t\t\t\t\t\t\t\t\t\t\t\t\t<\/span>\n\t\t\t\t\t\t\t\t\t\t\t\t<a class=\"elementor-toggle-title\" tabindex=\"0\">Le Belv\u00e9d\u00e8re est-il facilement accessible par les transports publics ?<\/a>\n\t\t\t\t\t<\/h3>\n\n\t\t\t\t\t<div id=\"elementor-tab-content-8353\" class=\"elementor-tab-content elementor-clearfix\" data-tab=\"3\" role=\"region\" aria-labelledby=\"elementor-tab-title-8353\"><p><strong>Se rendre au Belv\u00e9d\u00e8re par les transports publics est l&rsquo;option la plus simple et la plus recommand\u00e9e<\/strong>. Le syst\u00e8me de transport viennois relie le palais gr\u00e2ce \u00e0 plusieurs lignes de tramway (D, 71, O), au m\u00e9tro (U1) et aux trains de banlieue (S-Bahn aux stations Rennweg ou Quartier Belvedere). La fr\u00e9quence du service est \u00e9lev\u00e9e, g\u00e9n\u00e9ralement toutes les 3 \u00e0 5 minutes, et les arr\u00eats sont situ\u00e9s \u00e0 quelques m\u00e8tres des portes d&rsquo;acc\u00e8s.  <\/p>\n<\/div>\n\t\t\t\t<\/div>\n\t\t\t\t\t\t\t<div class=\"elementor-toggle-item\">\n\t\t\t\t\t<h3 id=\"elementor-tab-title-8354\" class=\"elementor-tab-title\" data-tab=\"4\" role=\"button\" aria-controls=\"elementor-tab-content-8354\" aria-expanded=\"false\">\n\t\t\t\t\t\t\t\t\t\t\t\t<span class=\"elementor-toggle-icon elementor-toggle-icon-left\" aria-hidden=\"true\">\n\t\t\t\t\t\t\t\t\t\t\t\t\t\t\t<span class=\"elementor-toggle-icon-closed\"><svg class=\"e-font-icon-svg e-fas-caret-right\" viewBox=\"0 0 192 512\" xmlns=\"http:\/\/www.w3.org\/2000\/svg\"><path d=\"M0 384.662V127.338c0-17.818 21.543-26.741 34.142-14.142l128.662 128.662c7.81 7.81 7.81 20.474 0 28.284L34.142 398.804C21.543 411.404 0 402.48 0 384.662z\"><\/path><\/svg><\/span>\n\t\t\t\t\t\t\t\t<span class=\"elementor-toggle-icon-opened\"><svg class=\"elementor-toggle-icon-opened e-font-icon-svg e-fas-caret-up\" viewBox=\"0 0 320 512\" xmlns=\"http:\/\/www.w3.org\/2000\/svg\"><path d=\"M288.662 352H31.338c-17.818 0-26.741-21.543-14.142-34.142l128.662-128.662c7.81-7.81 20.474-7.81 28.284 0l128.662 128.662c12.6 12.599 3.676 34.142-14.142 34.142z\"><\/path><\/svg><\/span>\n\t\t\t\t\t\t\t\t\t\t\t\t\t<\/span>\n\t\t\t\t\t\t\t\t\t\t\t\t<a class=\"elementor-toggle-title\" tabindex=\"0\">Combien de temps faut-il pour visiter le palais du Belv\u00e9d\u00e8re ?<\/a>\n\t\t\t\t\t<\/h3>\n\n\t\t\t\t\t<div id=\"elementor-tab-content-8354\" class=\"elementor-tab-content elementor-clearfix\" data-tab=\"4\" role=\"region\" aria-labelledby=\"elementor-tab-title-8354\"><p>Une visite compl\u00e8te peut durer de <strong>3 \u00e0 4 heures<\/strong>. Cette dur\u00e9e comprend la visite de la <a style=\"color: #7e0009;\" href=\"https:\/\/belvederepalace.wientickets.org\/fr\/interieur-du-palais-du-belvedere\/\">collection permanente du Belv\u00e9d\u00e8re sup\u00e9rieur<\/a> (o\u00f9 se trouve \u00ab\u00a0Le Baiser\u00a0\u00bb de Klimt), des <a style=\"color: #7e0009;\" href=\"https:\/\/belvederepalace.wientickets.org\/fr\/belvedere-schlossgarten-jardins\/\">jardins baroques<\/a> et des <a style=\"color: #7e0009;\" href=\"https:\/\/belvederepalace.wientickets.org\/fr\/palais-du-belvedere-inferieur\/\">expositions temporaires du Belv\u00e9d\u00e8re inf\u00e9rieur<\/a>. Si le visiteur souhaite inclure le Belv\u00e9d\u00e8re 21 ou se promener tranquillement dans les jardins botaniques adjacents, la dur\u00e9e totale peut s&rsquo;\u00e9tendre sur une matin\u00e9e ou un apr\u00e8s-midi entier.  <\/p>\n<\/div>\n\t\t\t\t<\/div>\n\t\t\t\t\t\t\t\t<\/div>\n\t\t\t\t\t\t<\/div>\n\t\t\t\t<\/div>\n\t\t\t\t\t<\/div>\n\t\t\t\t<\/div>\n\t\t\t\t<section class=\"elementor-section elementor-top-section elementor-element elementor-element-bd69e54 elementor-section-boxed elementor-section-height-default elementor-section-height-default\" data-id=\"bd69e54\" data-element_type=\"section\">\n\t\t\t\t\t\t<div class=\"elementor-container elementor-column-gap-default\">\n\t\t\t\t\t<div class=\"elementor-column elementor-col-100 elementor-top-column elementor-element elementor-element-7db30b9\" data-id=\"7db30b9\" data-element_type=\"column\">\n\t\t\t<div class=\"elementor-widget-wrap elementor-element-populated\">\n\t\t\t\t\t\t<div class=\"elementor-element elementor-element-d697562 elementor-widget elementor-widget-heading\" data-id=\"d697562\" data-element_type=\"widget\" data-widget_type=\"heading.default\">\n\t\t\t\t<div class=\"elementor-widget-container\">\n\t\t\t\t\t<h3 class=\"elementor-heading-title elementor-size-default\">Plus d'informations sur le palais du Belv\u00e9d\u00e8re<\/h3>\t\t\t\t<\/div>\n\t\t\t\t<\/div>\n\t\t\t\t\t<\/div>\n\t\t<\/div>\n\t\t\t\t\t<\/div>\n\t\t<\/section>\n\t\t\t\t<section class=\"elementor-section elementor-top-section elementor-element elementor-element-10a81d6 elementor-section-boxed elementor-section-height-default elementor-section-height-default\" data-id=\"10a81d6\" data-element_type=\"section\">\n\t\t\t\t\t\t<div class=\"elementor-container elementor-column-gap-custom\">\n\t\t\t\t\t<div class=\"elementor-column elementor-col-33 elementor-top-column elementor-element elementor-element-6445795\" data-id=\"6445795\" data-element_type=\"column\">\n\t\t\t<div class=\"elementor-widget-wrap elementor-element-populated\">\n\t\t\t\t\t\t<div class=\"elementor-element elementor-element-e36e212 elementor-widget elementor-widget-image\" data-id=\"e36e212\" data-element_type=\"widget\" data-widget_type=\"image.default\">\n\t\t\t\t<div class=\"elementor-widget-container\">\n\t\t\t\t\t\t\t\t\t\t\t\t\t\t\t\t<a href=\"https:\/\/belvederepalace.wientickets.org\/fr\/billets-pour-le-chateau-de-belvedere\/\">\n\t\t\t\t\t\t\t<img decoding=\"async\" width=\"600\" height=\"400\" src=\"https:\/\/belvederepalace.wientickets.org\/wp-content\/uploads\/2024\/08\/upper-belvedere-palace-tickets.webp\" class=\"attachment-large size-large wp-image-1342\" alt=\"\" srcset=\"https:\/\/belvederepalace.wientickets.org\/wp-content\/uploads\/2024\/08\/upper-belvedere-palace-tickets.webp 600w, https:\/\/belvederepalace.wientickets.org\/wp-content\/uploads\/2024\/08\/upper-belvedere-palace-tickets-300x200.webp 300w\" sizes=\"(max-width: 600px) 100vw, 600px\" \/>\t\t\t\t\t\t\t\t<\/a>\n\t\t\t\t\t\t\t\t\t\t\t\t\t\t\t<\/div>\n\t\t\t\t<\/div>\n\t\t\t\t<div class=\"elementor-element elementor-element-1659772 elementor-widget elementor-widget-heading\" data-id=\"1659772\" data-element_type=\"widget\" data-widget_type=\"heading.default\">\n\t\t\t\t<div class=\"elementor-widget-container\">\n\t\t\t\t\t<p class=\"elementor-heading-title elementor-size-default\">BILLETS POUR LE PALAIS DU BELV\u00c9D\u00c8RE<\/p>\t\t\t\t<\/div>\n\t\t\t\t<\/div>\n\t\t\t\t<div class=\"elementor-element elementor-element-7027350 elementor-widget elementor-widget-heading\" data-id=\"7027350\" data-element_type=\"widget\" data-widget_type=\"heading.default\">\n\t\t\t\t<div class=\"elementor-widget-container\">\n\t\t\t\t\t<h3 class=\"elementor-heading-title elementor-size-default\"><a href=\"https:\/\/belvederepalace.wientickets.org\/fr\/billets-pour-le-chateau-de-belvedere\/\">Billets pour le palais du Belv\u00e9d\u00e8re sup\u00e9rieur<\/a><\/h3>\t\t\t\t<\/div>\n\t\t\t\t<\/div>\n\t\t\t\t<div class=\"elementor-element elementor-element-7ceaa03 elementor-widget elementor-widget-text-editor\" data-id=\"7ceaa03\" data-element_type=\"widget\" data-widget_type=\"text-editor.default\">\n\t\t\t\t<div class=\"elementor-widget-container\">\n\t\t\t\t\t\t\t\t\tLes billets d&rsquo;entr\u00e9e au palais du Belv\u00e9d\u00e8re donnent acc\u00e8s \u00e0 ses expositions d&rsquo;art renomm\u00e9es et \u00e0 ses magnifiques jardins. Le palais est divis\u00e9 en deux parties principales&#8230; <a href=\"https:\/\/belvederepalace.wientickets.org\/fr\/billets-pour-le-chateau-de-belvedere\/\" style=\"color:#7E0009;\">voir plus<\/a> \n\t\t\t\t\t\t\t\t<\/div>\n\t\t\t\t<\/div>\n\t\t\t\t\t<\/div>\n\t\t<\/div>\n\t\t\t\t<div class=\"elementor-column elementor-col-33 elementor-top-column elementor-element elementor-element-203e1e5\" data-id=\"203e1e5\" data-element_type=\"column\">\n\t\t\t<div class=\"elementor-widget-wrap elementor-element-populated\">\n\t\t\t\t\t\t<div class=\"elementor-element elementor-element-7fc98c4 elementor-widget elementor-widget-image\" data-id=\"7fc98c4\" data-element_type=\"widget\" data-widget_type=\"image.default\">\n\t\t\t\t<div class=\"elementor-widget-container\">\n\t\t\t\t\t\t\t\t\t\t\t\t\t\t\t\t<a href=\"https:\/\/belvederepalace.wientickets.org\/fr\/heures-douverture-du-palais-du-belvedere\/\">\n\t\t\t\t\t\t\t<img decoding=\"async\" width=\"600\" height=\"400\" src=\"https:\/\/belvederepalace.wientickets.org\/wp-content\/uploads\/2024\/08\/belvedere-palace-visiting-hours.webp\" class=\"attachment-large size-large wp-image-1343\" alt=\"\" srcset=\"https:\/\/belvederepalace.wientickets.org\/wp-content\/uploads\/2024\/08\/belvedere-palace-visiting-hours.webp 600w, https:\/\/belvederepalace.wientickets.org\/wp-content\/uploads\/2024\/08\/belvedere-palace-visiting-hours-300x200.webp 300w\" sizes=\"(max-width: 600px) 100vw, 600px\" \/>\t\t\t\t\t\t\t\t<\/a>\n\t\t\t\t\t\t\t\t\t\t\t\t\t\t\t<\/div>\n\t\t\t\t<\/div>\n\t\t\t\t<div class=\"elementor-element elementor-element-b38c23d elementor-widget elementor-widget-heading\" data-id=\"b38c23d\" data-element_type=\"widget\" data-widget_type=\"heading.default\">\n\t\t\t\t<div class=\"elementor-widget-container\">\n\t\t\t\t\t<p class=\"elementor-heading-title elementor-size-default\">INFORMATIONS AUX VOYAGEURS<\/p>\t\t\t\t<\/div>\n\t\t\t\t<\/div>\n\t\t\t\t<div class=\"elementor-element elementor-element-152dabb elementor-widget elementor-widget-heading\" data-id=\"152dabb\" data-element_type=\"widget\" data-widget_type=\"heading.default\">\n\t\t\t\t<div class=\"elementor-widget-container\">\n\t\t\t\t\t<h3 class=\"elementor-heading-title elementor-size-default\"><a href=\"https:\/\/belvederepalace.wientickets.org\/fr\/heures-douverture-du-palais-du-belvedere\/\">Horaires d'ouverture du palais du Belv\u00e9d\u00e8re<\/a><\/h3>\t\t\t\t<\/div>\n\t\t\t\t<\/div>\n\t\t\t\t<div class=\"elementor-element elementor-element-72e39da elementor-widget elementor-widget-text-editor\" data-id=\"72e39da\" data-element_type=\"widget\" data-widget_type=\"text-editor.default\">\n\t\t\t\t<div class=\"elementor-widget-container\">\n\t\t\t\t\t\t\t\t\tLes horaires d&rsquo;ouverture du palais du Belv\u00e9d\u00e8re varient en fonction de la saison et de la partie du complexe que vous souhaitez visiter. G\u00e9n\u00e9ralement, le&#8230;<a href=\"https:\/\/belvederepalace.wientickets.org\/fr\/heures-douverture-du-palais-du-belvedere\/\" style=\"color:#7E0009;\"> voir plus<\/a> \n\t\t\t\t\t\t\t\t<\/div>\n\t\t\t\t<\/div>\n\t\t\t\t\t<\/div>\n\t\t<\/div>\n\t\t\t\t<div class=\"elementor-column elementor-col-33 elementor-top-column elementor-element elementor-element-2af56a9\" data-id=\"2af56a9\" data-element_type=\"column\">\n\t\t\t<div class=\"elementor-widget-wrap elementor-element-populated\">\n\t\t\t\t\t\t<div class=\"elementor-element elementor-element-fa3c534 elementor-widget elementor-widget-image\" data-id=\"fa3c534\" data-element_type=\"widget\" data-widget_type=\"image.default\">\n\t\t\t\t<div class=\"elementor-widget-container\">\n\t\t\t\t\t\t\t\t\t\t\t\t\t\t\t\t<a href=\"https:\/\/belvederepalace.wientickets.org\/fr\/informations-sur-le-palais-du-belvedere\/\">\n\t\t\t\t\t\t\t<img loading=\"lazy\" decoding=\"async\" width=\"600\" height=\"400\" src=\"https:\/\/belvederepalace.wientickets.org\/wp-content\/uploads\/2024\/08\/highlights-of-belvedere-palace.webp\" class=\"attachment-large size-large wp-image-1344\" alt=\"\" srcset=\"https:\/\/belvederepalace.wientickets.org\/wp-content\/uploads\/2024\/08\/highlights-of-belvedere-palace.webp 600w, https:\/\/belvederepalace.wientickets.org\/wp-content\/uploads\/2024\/08\/highlights-of-belvedere-palace-300x200.webp 300w\" sizes=\"(max-width: 600px) 100vw, 600px\" \/>\t\t\t\t\t\t\t\t<\/a>\n\t\t\t\t\t\t\t\t\t\t\t\t\t\t\t<\/div>\n\t\t\t\t<\/div>\n\t\t\t\t<div class=\"elementor-element elementor-element-207a9de elementor-widget elementor-widget-heading\" data-id=\"207a9de\" data-element_type=\"widget\" data-widget_type=\"heading.default\">\n\t\t\t\t<div class=\"elementor-widget-container\">\n\t\t\t\t\t<p class=\"elementor-heading-title elementor-size-default\">INFORMATIONS SUR LE PALAIS DU BELV\u00c9D\u00c8RE<\/p>\t\t\t\t<\/div>\n\t\t\t\t<\/div>\n\t\t\t\t<div class=\"elementor-element elementor-element-05d917b elementor-widget elementor-widget-heading\" data-id=\"05d917b\" data-element_type=\"widget\" data-widget_type=\"heading.default\">\n\t\t\t\t<div class=\"elementor-widget-container\">\n\t\t\t\t\t<h3 class=\"elementor-heading-title elementor-size-default\"><a href=\"https:\/\/belvederepalace.wientickets.org\/fr\/informations-sur-le-palais-du-belvedere\/\">Informations sur le palais du Belv\u00e9d\u00e8re<\/a><\/h3>\t\t\t\t<\/div>\n\t\t\t\t<\/div>\n\t\t\t\t<div class=\"elementor-element elementor-element-ef6fe19 elementor-widget elementor-widget-text-editor\" data-id=\"ef6fe19\" data-element_type=\"widget\" data-widget_type=\"text-editor.default\">\n\t\t\t\t<div class=\"elementor-widget-container\">\n\t\t\t\t\t\t\t\t\tLe complexe du palais du Belv\u00e9d\u00e8re est plus que deux palais ; c&rsquo;est un tr\u00e9sor culturel qui offre un aper\u00e7u complet de Vienne&#8230; <a href=\"https:\/\/belvederepalace.wientickets.org\/fr\/informations-sur-le-palais-du-belvedere\/\" style=\"color:#7E0009;\">voir plus<\/a>\t\t\t\t\t\t\t\t<\/div>\n\t\t\t\t<\/div>\n\t\t\t\t\t<\/div>\n\t\t<\/div>\n\t\t\t\t\t<\/div>\n\t\t<\/section>\n\t\t\t\t<\/div>\n\t\t","protected":false},"excerpt":{"rendered":"<p>Parking du Palais du Belv\u00e9d\u00e8re Le palais du Belv\u00e9d\u00e8re \u00e0 Vienne ne dispose pas d&rsquo;un parking r\u00e9serv\u00e9 aux visiteurs. En revanche, il existe plusieurs possibilit\u00e9s de stationnement \u00e0 proximit\u00e9 du complexe, qui permettent d&rsquo;acc\u00e9der aux galeries et aux jardins par quelques minutes de marche. Horaires d&rsquo;ouverture Comment s&rsquo;y rendre Parking Plan et entr\u00e9e FAQ sur [&hellip;]<\/p>\n","protected":false},"author":2,"featured_media":0,"parent":0,"menu_order":0,"comment_status":"closed","ping_status":"closed","template":"elementor_header_footer","meta":{"footnotes":""},"class_list":["post-1940","page","type-page","status-publish","hentry"],"yoast_head":"<!-- This site is optimized with the Yoast SEO plugin v26.7 - https:\/\/yoast.com\/wordpress\/plugins\/seo\/ -->\n<title>Y a-t-il un parking \u00e0 proximit\u00e9 du Belv\u00e9d\u00e8re ?<\/title>\n<meta name=\"description\" content=\"Le Belvedere Palace n&#039;a pas de parking sur place, mais les visiteurs peuvent utiliser les parkings voisins d\u00e9taill\u00e9s ici \ud83c\udd7f\ufe0f Voir les adresses et les tarifs mis \u00e0 jour.\" \/>\n<meta name=\"robots\" content=\"index, follow, max-snippet:-1, max-image-preview:large, max-video-preview:-1\" \/>\n<link rel=\"canonical\" href=\"https:\/\/belvederepalace.wientickets.org\/fr\/parking-du-palais-du-belvedere\/\" \/>\n<meta property=\"og:locale\" content=\"fr_FR\" \/>\n<meta property=\"og:type\" content=\"article\" \/>\n<meta property=\"og:title\" content=\"Y a-t-il un parking \u00e0 proximit\u00e9 du Belv\u00e9d\u00e8re ?\" \/>\n<meta property=\"og:description\" content=\"Le Belvedere Palace n&#039;a pas de parking sur place, mais les visiteurs peuvent utiliser les parkings voisins d\u00e9taill\u00e9s ici \ud83c\udd7f\ufe0f Voir les adresses et les tarifs mis \u00e0 jour.\" \/>\n<meta property=\"og:url\" content=\"https:\/\/belvederepalace.wientickets.org\/fr\/parking-du-palais-du-belvedere\/\" \/>\n<meta property=\"og:site_name\" content=\"Belvedere Palace Tickets\" \/>\n<meta property=\"article:modified_time\" content=\"2026-01-23T11:52:34+00:00\" \/>\n<meta property=\"og:image\" content=\"https:\/\/belvederepalace.wientickets.org\/wp-content\/uploads\/2025\/11\/belvedere-map-entrances.jpg\" \/>\n\t<meta property=\"og:image:width\" content=\"800\" \/>\n\t<meta property=\"og:image:height\" content=\"799\" \/>\n\t<meta property=\"og:image:type\" content=\"image\/jpeg\" \/>\n<meta name=\"twitter:card\" content=\"summary_large_image\" \/>\n<meta name=\"twitter:label1\" content=\"Dur\u00e9e de lecture estim\u00e9e\" \/>\n\t<meta name=\"twitter:data1\" content=\"9 minutes\" \/>\n<script type=\"application\/ld+json\" class=\"yoast-schema-graph\">{\"@context\":\"https:\/\/schema.org\",\"@graph\":[{\"@type\":\"WebPage\",\"@id\":\"https:\/\/belvederepalace.wientickets.org\/fr\/parking-du-palais-du-belvedere\/\",\"url\":\"https:\/\/belvederepalace.wientickets.org\/fr\/parking-du-palais-du-belvedere\/\",\"name\":\"Y a-t-il un parking \u00e0 proximit\u00e9 du Belv\u00e9d\u00e8re ?\",\"isPartOf\":{\"@id\":\"https:\/\/belvederepalace.wientickets.org\/fr\/#website\"},\"primaryImageOfPage\":{\"@id\":\"https:\/\/belvederepalace.wientickets.org\/fr\/parking-du-palais-du-belvedere\/#primaryimage\"},\"image\":{\"@id\":\"https:\/\/belvederepalace.wientickets.org\/fr\/parking-du-palais-du-belvedere\/#primaryimage\"},\"thumbnailUrl\":\"https:\/\/belvederepalace.wientickets.org\/wp-content\/uploads\/2025\/11\/belvedere-map-entrances.jpg\",\"datePublished\":\"2026-01-21T09:43:37+00:00\",\"dateModified\":\"2026-01-23T11:52:34+00:00\",\"description\":\"Le Belvedere Palace n'a pas de parking sur place, mais les visiteurs peuvent utiliser les parkings voisins d\u00e9taill\u00e9s ici \ud83c\udd7f\ufe0f Voir les adresses et les tarifs mis \u00e0 jour.\",\"breadcrumb\":{\"@id\":\"https:\/\/belvederepalace.wientickets.org\/fr\/parking-du-palais-du-belvedere\/#breadcrumb\"},\"inLanguage\":\"fr-FR\",\"potentialAction\":[{\"@type\":\"ReadAction\",\"target\":[\"https:\/\/belvederepalace.wientickets.org\/fr\/parking-du-palais-du-belvedere\/\"]}]},{\"@type\":\"ImageObject\",\"inLanguage\":\"fr-FR\",\"@id\":\"https:\/\/belvederepalace.wientickets.org\/fr\/parking-du-palais-du-belvedere\/#primaryimage\",\"url\":\"https:\/\/belvederepalace.wientickets.org\/wp-content\/uploads\/2025\/11\/belvedere-map-entrances.jpg\",\"contentUrl\":\"https:\/\/belvederepalace.wientickets.org\/wp-content\/uploads\/2025\/11\/belvedere-map-entrances.jpg\"},{\"@type\":\"BreadcrumbList\",\"@id\":\"https:\/\/belvederepalace.wientickets.org\/fr\/parking-du-palais-du-belvedere\/#breadcrumb\",\"itemListElement\":[{\"@type\":\"ListItem\",\"position\":1,\"name\":\"Home\",\"item\":\"https:\/\/belvederepalace.wientickets.org\/fr\/\"},{\"@type\":\"ListItem\",\"position\":2,\"name\":\"Parking du Palais du Belv\u00e9d\u00e8re\"}]},{\"@type\":\"WebSite\",\"@id\":\"https:\/\/belvederepalace.wientickets.org\/fr\/#website\",\"url\":\"https:\/\/belvederepalace.wientickets.org\/fr\/\",\"name\":\"Belvedere Palace Tickets\",\"description\":\"\",\"publisher\":{\"@id\":\"https:\/\/belvederepalace.wientickets.org\/fr\/#organization\"},\"potentialAction\":[{\"@type\":\"SearchAction\",\"target\":{\"@type\":\"EntryPoint\",\"urlTemplate\":\"https:\/\/belvederepalace.wientickets.org\/fr\/?s={search_term_string}\"},\"query-input\":{\"@type\":\"PropertyValueSpecification\",\"valueRequired\":true,\"valueName\":\"search_term_string\"}}],\"inLanguage\":\"fr-FR\"},{\"@type\":\"Organization\",\"@id\":\"https:\/\/belvederepalace.wientickets.org\/fr\/#organization\",\"name\":\"Billets pour le ch\u00e2teau de Belvedere\",\"url\":\"https:\/\/belvederepalace.wientickets.org\/fr\/\",\"logo\":{\"@type\":\"ImageObject\",\"inLanguage\":\"fr-FR\",\"@id\":\"https:\/\/belvederepalace.wientickets.org\/fr\/#\/schema\/logo\/image\/\",\"url\":\"https:\/\/belvederepalace.wientickets.org\/wp-content\/uploads\/2024\/08\/belvedere-palace-tickets-logo.png\",\"contentUrl\":\"https:\/\/belvederepalace.wientickets.org\/wp-content\/uploads\/2024\/08\/belvedere-palace-tickets-logo.png\",\"width\":375,\"height\":70,\"caption\":\"Billets pour le ch\u00e2teau de Belvedere\"},\"image\":{\"@id\":\"https:\/\/belvederepalace.wientickets.org\/fr\/#\/schema\/logo\/image\/\"}}]}<\/script>\n<!-- \/ Yoast SEO plugin. -->","yoast_head_json":{"title":"Y a-t-il un parking \u00e0 proximit\u00e9 du Belv\u00e9d\u00e8re ?","description":"Le Belvedere Palace n'a pas de parking sur place, mais les visiteurs peuvent utiliser les parkings voisins d\u00e9taill\u00e9s ici \ud83c\udd7f\ufe0f Voir les adresses et les tarifs mis \u00e0 jour.","robots":{"index":"index","follow":"follow","max-snippet":"max-snippet:-1","max-image-preview":"max-image-preview:large","max-video-preview":"max-video-preview:-1"},"canonical":"https:\/\/belvederepalace.wientickets.org\/fr\/parking-du-palais-du-belvedere\/","og_locale":"fr_FR","og_type":"article","og_title":"Y a-t-il un parking \u00e0 proximit\u00e9 du Belv\u00e9d\u00e8re ?","og_description":"Le Belvedere Palace n'a pas de parking sur place, mais les visiteurs peuvent utiliser les parkings voisins d\u00e9taill\u00e9s ici \ud83c\udd7f\ufe0f Voir les adresses et les tarifs mis \u00e0 jour.","og_url":"https:\/\/belvederepalace.wientickets.org\/fr\/parking-du-palais-du-belvedere\/","og_site_name":"Belvedere Palace Tickets","article_modified_time":"2026-01-23T11:52:34+00:00","og_image":[{"width":800,"height":799,"url":"https:\/\/belvederepalace.wientickets.org\/wp-content\/uploads\/2025\/11\/belvedere-map-entrances.jpg","type":"image\/jpeg"}],"twitter_card":"summary_large_image","twitter_misc":{"Dur\u00e9e de lecture estim\u00e9e":"9 minutes"},"schema":{"@context":"https:\/\/schema.org","@graph":[{"@type":"WebPage","@id":"https:\/\/belvederepalace.wientickets.org\/fr\/parking-du-palais-du-belvedere\/","url":"https:\/\/belvederepalace.wientickets.org\/fr\/parking-du-palais-du-belvedere\/","name":"Y a-t-il un parking \u00e0 proximit\u00e9 du Belv\u00e9d\u00e8re ?","isPartOf":{"@id":"https:\/\/belvederepalace.wientickets.org\/fr\/#website"},"primaryImageOfPage":{"@id":"https:\/\/belvederepalace.wientickets.org\/fr\/parking-du-palais-du-belvedere\/#primaryimage"},"image":{"@id":"https:\/\/belvederepalace.wientickets.org\/fr\/parking-du-palais-du-belvedere\/#primaryimage"},"thumbnailUrl":"https:\/\/belvederepalace.wientickets.org\/wp-content\/uploads\/2025\/11\/belvedere-map-entrances.jpg","datePublished":"2026-01-21T09:43:37+00:00","dateModified":"2026-01-23T11:52:34+00:00","description":"Le Belvedere Palace n'a pas de parking sur place, mais les visiteurs peuvent utiliser les parkings voisins d\u00e9taill\u00e9s ici \ud83c\udd7f\ufe0f Voir les adresses et les tarifs mis \u00e0 jour.","breadcrumb":{"@id":"https:\/\/belvederepalace.wientickets.org\/fr\/parking-du-palais-du-belvedere\/#breadcrumb"},"inLanguage":"fr-FR","potentialAction":[{"@type":"ReadAction","target":["https:\/\/belvederepalace.wientickets.org\/fr\/parking-du-palais-du-belvedere\/"]}]},{"@type":"ImageObject","inLanguage":"fr-FR","@id":"https:\/\/belvederepalace.wientickets.org\/fr\/parking-du-palais-du-belvedere\/#primaryimage","url":"https:\/\/belvederepalace.wientickets.org\/wp-content\/uploads\/2025\/11\/belvedere-map-entrances.jpg","contentUrl":"https:\/\/belvederepalace.wientickets.org\/wp-content\/uploads\/2025\/11\/belvedere-map-entrances.jpg"},{"@type":"BreadcrumbList","@id":"https:\/\/belvederepalace.wientickets.org\/fr\/parking-du-palais-du-belvedere\/#breadcrumb","itemListElement":[{"@type":"ListItem","position":1,"name":"Home","item":"https:\/\/belvederepalace.wientickets.org\/fr\/"},{"@type":"ListItem","position":2,"name":"Parking du Palais du Belv\u00e9d\u00e8re"}]},{"@type":"WebSite","@id":"https:\/\/belvederepalace.wientickets.org\/fr\/#website","url":"https:\/\/belvederepalace.wientickets.org\/fr\/","name":"Belvedere Palace Tickets","description":"","publisher":{"@id":"https:\/\/belvederepalace.wientickets.org\/fr\/#organization"},"potentialAction":[{"@type":"SearchAction","target":{"@type":"EntryPoint","urlTemplate":"https:\/\/belvederepalace.wientickets.org\/fr\/?s={search_term_string}"},"query-input":{"@type":"PropertyValueSpecification","valueRequired":true,"valueName":"search_term_string"}}],"inLanguage":"fr-FR"},{"@type":"Organization","@id":"https:\/\/belvederepalace.wientickets.org\/fr\/#organization","name":"Billets pour le ch\u00e2teau de Belvedere","url":"https:\/\/belvederepalace.wientickets.org\/fr\/","logo":{"@type":"ImageObject","inLanguage":"fr-FR","@id":"https:\/\/belvederepalace.wientickets.org\/fr\/#\/schema\/logo\/image\/","url":"https:\/\/belvederepalace.wientickets.org\/wp-content\/uploads\/2024\/08\/belvedere-palace-tickets-logo.png","contentUrl":"https:\/\/belvederepalace.wientickets.org\/wp-content\/uploads\/2024\/08\/belvedere-palace-tickets-logo.png","width":375,"height":70,"caption":"Billets pour le ch\u00e2teau de Belvedere"},"image":{"@id":"https:\/\/belvederepalace.wientickets.org\/fr\/#\/schema\/logo\/image\/"}}]}},"_links":{"self":[{"href":"https:\/\/belvederepalace.wientickets.org\/fr\/wp-json\/wp\/v2\/pages\/1940","targetHints":{"allow":["GET"]}}],"collection":[{"href":"https:\/\/belvederepalace.wientickets.org\/fr\/wp-json\/wp\/v2\/pages"}],"about":[{"href":"https:\/\/belvederepalace.wientickets.org\/fr\/wp-json\/wp\/v2\/types\/page"}],"author":[{"embeddable":true,"href":"https:\/\/belvederepalace.wientickets.org\/fr\/wp-json\/wp\/v2\/users\/2"}],"replies":[{"embeddable":true,"href":"https:\/\/belvederepalace.wientickets.org\/fr\/wp-json\/wp\/v2\/comments?post=1940"}],"version-history":[{"count":21,"href":"https:\/\/belvederepalace.wientickets.org\/fr\/wp-json\/wp\/v2\/pages\/1940\/revisions"}],"predecessor-version":[{"id":2640,"href":"https:\/\/belvederepalace.wientickets.org\/fr\/wp-json\/wp\/v2\/pages\/1940\/revisions\/2640"}],"wp:attachment":[{"href":"https:\/\/belvederepalace.wientickets.org\/fr\/wp-json\/wp\/v2\/media?parent=1940"}],"curies":[{"name":"wp","href":"https:\/\/api.w.org\/{rel}","templated":true}]}}