{"id":1956,"date":"2026-01-15T09:53:11","date_gmt":"2026-01-15T09:53:11","guid":{"rendered":"https:\/\/belvederepalace.wientickets.org\/visite-du-palais-du-belvedere\/"},"modified":"2026-01-23T09:18:17","modified_gmt":"2026-01-23T09:18:17","slug":"visite-du-palais-du-belvedere","status":"publish","type":"page","link":"https:\/\/belvederepalace.wientickets.org\/fr\/visite-du-palais-du-belvedere\/","title":{"rendered":"Visite du palais du Belv\u00e9d\u00e8re"},"content":{"rendered":"\t\t<div data-elementor-type=\"wp-page\" data-elementor-id=\"1956\" class=\"elementor elementor-1956 elementor-1670\">\n\t\t\t\t\t\t<section class=\"elementor-section elementor-top-section elementor-element elementor-element-fbee05a intro-section elementor-section-boxed elementor-section-height-default elementor-section-height-default\" data-id=\"fbee05a\" data-element_type=\"section\">\n\t\t\t\t\t\t<div class=\"elementor-container elementor-column-gap-default\">\n\t\t\t\t\t<div class=\"elementor-column elementor-col-50 elementor-top-column elementor-element elementor-element-c8cf3d3\" data-id=\"c8cf3d3\" data-element_type=\"column\">\n\t\t\t<div class=\"elementor-widget-wrap elementor-element-populated\">\n\t\t\t\t\t\t<section class=\"elementor-section elementor-inner-section elementor-element elementor-element-d6caffc elementor-section-boxed elementor-section-height-default elementor-section-height-default\" data-id=\"d6caffc\" data-element_type=\"section\">\n\t\t\t\t\t\t<div class=\"elementor-container elementor-column-gap-default\">\n\t\t\t\t\t<div class=\"elementor-column elementor-col-100 elementor-inner-column elementor-element elementor-element-e18d91f\" data-id=\"e18d91f\" data-element_type=\"column\">\n\t\t\t<div class=\"elementor-widget-wrap elementor-element-populated\">\n\t\t\t\t\t\t<div class=\"elementor-element elementor-element-7fffae9 title-mobile elementor-widget__width-initial elementor-widget elementor-widget-heading\" data-id=\"7fffae9\" data-element_type=\"widget\" data-widget_type=\"heading.default\">\n\t\t\t\t<div class=\"elementor-widget-container\">\n\t\t\t\t\t<h1 class=\"elementor-heading-title elementor-size-default\">Visite du palais du Belv\u00e9d\u00e8re<\/h1>\t\t\t\t<\/div>\n\t\t\t\t<\/div>\n\t\t\t\t<div class=\"elementor-element elementor-element-c6cb90b text-mobile elementor-widget__width-initial elementor-widget elementor-widget-text-editor\" data-id=\"c6cb90b\" data-element_type=\"widget\" data-widget_type=\"text-editor.default\">\n\t\t\t\t<div class=\"elementor-widget-container\">\n\t\t\t\t\t\t\t\t\t<p>Le palais du Belv\u00e9d\u00e8re abrite une vaste collection d&rsquo;\u0153uvres d&rsquo;art allant du Moyen \u00c2ge aux \u0153uvres contemporaines. Les principales attractions sont le <b>Belv\u00e9d\u00e8re sup\u00e9rieur<\/b>, qui abrite <b>Le Baiser de Gustav Klimt<\/b> et la <b>Salle de Marbre<\/b>, reli\u00e9s au <b>Belv\u00e9d\u00e8re inf\u00e9rieur<\/b> par des jardins sym\u00e9triques \u00e0 la fran\u00e7aise. Le complexe comprend \u00e9galement le tr\u00e9sor m\u00e9di\u00e9val des <b>\u00e9curies du palais <\/b>et les expositions d&rsquo;art moderne du <b>Belv\u00e9d\u00e8re 21<\/b>.<\/p>\t\t\t\t\t\t\t\t<\/div>\n\t\t\t\t<\/div>\n\t\t\t\t\t<\/div>\n\t\t<\/div>\n\t\t\t\t\t<\/div>\n\t\t<\/section>\n\t\t\t\t<div class=\"elementor-element elementor-element-640449b btn-primary elementor-widget elementor-widget-button\" data-id=\"640449b\" data-element_type=\"widget\" data-widget_type=\"button.default\">\n\t\t\t\t<div class=\"elementor-widget-container\">\n\t\t\t\t\t\t\t\t\t<div class=\"elementor-button-wrapper\">\n\t\t\t\t\t<a class=\"elementor-button elementor-button-link elementor-size-sm\" href=\"https:\/\/belvederepalace.wientickets.org\/fr\/billets-pour-le-chateau-de-belvedere\/\">\n\t\t\t\t\t\t<span class=\"elementor-button-content-wrapper\">\n\t\t\t\t\t\t\t\t\t<span class=\"elementor-button-text\">R\u00e9server des billets<\/span>\n\t\t\t\t\t<\/span>\n\t\t\t\t\t<\/a>\n\t\t\t\t<\/div>\n\t\t\t\t\t\t\t\t<\/div>\n\t\t\t\t<\/div>\n\t\t\t\t\t<\/div>\n\t\t<\/div>\n\t\t\t\t<div class=\"elementor-column elementor-col-50 elementor-top-column elementor-element elementor-element-5d4f57f\" data-id=\"5d4f57f\" data-element_type=\"column\">\n\t\t\t<div class=\"elementor-widget-wrap elementor-element-populated\">\n\t\t\t\t\t\t<div class=\"elementor-element elementor-element-9691215 elementor-hidden-mobile elementor-widget__width-initial elementor-widget elementor-widget-image\" data-id=\"9691215\" data-element_type=\"widget\" data-widget_type=\"image.default\">\n\t\t\t\t<div class=\"elementor-widget-container\">\n\t\t\t\t\t\t\t\t\t\t\t\t\t\t\t<img fetchpriority=\"high\" decoding=\"async\" width=\"800\" height=\"450\" src=\"https:\/\/belvederepalace.wientickets.org\/wp-content\/uploads\/2026\/01\/visiting-belvedere-palace-1024x576.webp\" class=\"attachment-large size-large wp-image-1957\" alt=\"Visite du palais du Belv\u00e9d\u00e8re\" srcset=\"https:\/\/belvederepalace.wientickets.org\/wp-content\/uploads\/2026\/01\/visiting-belvedere-palace-1024x576.webp 1024w, https:\/\/belvederepalace.wientickets.org\/wp-content\/uploads\/2026\/01\/visiting-belvedere-palace-300x169.webp 300w, https:\/\/belvederepalace.wientickets.org\/wp-content\/uploads\/2026\/01\/visiting-belvedere-palace-768x432.webp 768w, https:\/\/belvederepalace.wientickets.org\/wp-content\/uploads\/2026\/01\/visiting-belvedere-palace.webp 1280w\" sizes=\"(max-width: 800px) 100vw, 800px\" \/>\t\t\t\t\t\t\t\t\t\t\t\t\t\t\t<\/div>\n\t\t\t\t<\/div>\n\t\t\t\t\t<\/div>\n\t\t<\/div>\n\t\t\t\t\t<\/div>\n\t\t<\/section>\n\t\t\t\t<section class=\"elementor-section elementor-top-section elementor-element elementor-element-ed77e07 elementor-section-height-min-height elementor-section-boxed elementor-section-height-default elementor-section-items-middle\" data-id=\"ed77e07\" data-element_type=\"section\" data-settings=\"{&quot;background_background&quot;:&quot;classic&quot;}\">\n\t\t\t\t\t\t<div class=\"elementor-container elementor-column-gap-default\">\n\t\t\t\t\t<div class=\"elementor-column elementor-col-100 elementor-top-column elementor-element elementor-element-7df47cf\" data-id=\"7df47cf\" data-element_type=\"column\">\n\t\t\t<div class=\"elementor-widget-wrap\">\n\t\t\t\t\t\t\t<\/div>\n\t\t<\/div>\n\t\t\t\t\t<\/div>\n\t\t<\/section>\n\t\t\t\t<section class=\"elementor-section elementor-top-section elementor-element elementor-element-66e57f7 elementor-section-height-min-height elementor-hidden-tablet elementor-hidden-mobile elementor-section-boxed elementor-section-height-default elementor-section-items-middle\" data-id=\"66e57f7\" data-element_type=\"section\" data-settings=\"{&quot;background_background&quot;:&quot;classic&quot;}\">\n\t\t\t\t\t\t<div class=\"elementor-container elementor-column-gap-default\">\n\t\t\t\t\t<div class=\"elementor-column elementor-col-33 elementor-top-column elementor-element elementor-element-84e6fa8\" data-id=\"84e6fa8\" data-element_type=\"column\">\n\t\t\t<div class=\"elementor-widget-wrap elementor-element-populated\">\n\t\t\t\t\t\t<section class=\"elementor-section elementor-inner-section elementor-element elementor-element-9aea14f elementor-section-content-middle elementor-section-boxed elementor-section-height-default elementor-section-height-default\" data-id=\"9aea14f\" data-element_type=\"section\">\n\t\t\t\t\t\t<div class=\"elementor-container elementor-column-gap-default\">\n\t\t\t\t\t<div class=\"elementor-column elementor-col-50 elementor-inner-column elementor-element elementor-element-35cac85\" data-id=\"35cac85\" data-element_type=\"column\">\n\t\t\t<div class=\"elementor-widget-wrap elementor-element-populated\">\n\t\t\t\t\t\t<div class=\"elementor-element elementor-element-4a94d5c elementor-widget elementor-widget-image\" data-id=\"4a94d5c\" data-element_type=\"widget\" data-widget_type=\"image.default\">\n\t\t\t\t<div class=\"elementor-widget-container\">\n\t\t\t\t\t\t\t\t\t\t\t\t\t\t\t<img decoding=\"async\" width=\"496\" height=\"496\" src=\"https:\/\/belvederepalace.wientickets.org\/wp-content\/uploads\/2024\/08\/customer-service-1-1.png\" class=\"attachment-large size-large wp-image-1356\" alt=\"\" srcset=\"https:\/\/belvederepalace.wientickets.org\/wp-content\/uploads\/2024\/08\/customer-service-1-1.png 496w, https:\/\/belvederepalace.wientickets.org\/wp-content\/uploads\/2024\/08\/customer-service-1-1-300x300.png 300w, https:\/\/belvederepalace.wientickets.org\/wp-content\/uploads\/2024\/08\/customer-service-1-1-150x150.png 150w\" sizes=\"(max-width: 496px) 100vw, 496px\" \/>\t\t\t\t\t\t\t\t\t\t\t\t\t\t\t<\/div>\n\t\t\t\t<\/div>\n\t\t\t\t\t<\/div>\n\t\t<\/div>\n\t\t\t\t<div class=\"elementor-column elementor-col-50 elementor-inner-column elementor-element elementor-element-e0ac473\" data-id=\"e0ac473\" data-element_type=\"column\">\n\t\t\t<div class=\"elementor-widget-wrap elementor-element-populated\">\n\t\t\t\t\t\t<div class=\"elementor-element elementor-element-de6f00e elementor-widget elementor-widget-heading\" data-id=\"de6f00e\" data-element_type=\"widget\" data-widget_type=\"heading.default\">\n\t\t\t\t<div class=\"elementor-widget-container\">\n\t\t\t\t\t<p class=\"elementor-heading-title elementor-size-default\">Assistance quand vous en avez besoin<\/p>\t\t\t\t<\/div>\n\t\t\t\t<\/div>\n\t\t\t\t<div class=\"elementor-element elementor-element-4c00fae elementor-widget elementor-widget-heading\" data-id=\"4c00fae\" data-element_type=\"widget\" data-widget_type=\"heading.default\">\n\t\t\t\t<div class=\"elementor-widget-container\">\n\t\t\t\t\t<p class=\"elementor-heading-title elementor-size-default\">Un service client pour vous aider avec tout ce dont vous avez besoin de 8h00 \u00e0 18h00.<\/p>\t\t\t\t<\/div>\n\t\t\t\t<\/div>\n\t\t\t\t\t<\/div>\n\t\t<\/div>\n\t\t\t\t\t<\/div>\n\t\t<\/section>\n\t\t\t\t\t<\/div>\n\t\t<\/div>\n\t\t\t\t<div class=\"elementor-column elementor-col-33 elementor-top-column elementor-element elementor-element-38ab035\" data-id=\"38ab035\" data-element_type=\"column\">\n\t\t\t<div class=\"elementor-widget-wrap elementor-element-populated\">\n\t\t\t\t\t\t<section class=\"elementor-section elementor-inner-section elementor-element elementor-element-c0f20b6 elementor-section-content-middle elementor-section-boxed elementor-section-height-default elementor-section-height-default\" data-id=\"c0f20b6\" data-element_type=\"section\">\n\t\t\t\t\t\t<div class=\"elementor-container elementor-column-gap-default\">\n\t\t\t\t\t<div class=\"elementor-column elementor-col-50 elementor-inner-column elementor-element elementor-element-160745d\" data-id=\"160745d\" data-element_type=\"column\">\n\t\t\t<div class=\"elementor-widget-wrap elementor-element-populated\">\n\t\t\t\t\t\t<div class=\"elementor-element elementor-element-b21306c elementor-widget elementor-widget-image\" data-id=\"b21306c\" data-element_type=\"widget\" data-widget_type=\"image.default\">\n\t\t\t\t<div class=\"elementor-widget-container\">\n\t\t\t\t\t\t\t\t\t\t\t\t\t\t\t<img decoding=\"async\" width=\"488\" height=\"488\" src=\"https:\/\/belvederepalace.wientickets.org\/wp-content\/uploads\/2024\/08\/Group-333.png\" class=\"attachment-large size-large wp-image-1357\" alt=\"\" srcset=\"https:\/\/belvederepalace.wientickets.org\/wp-content\/uploads\/2024\/08\/Group-333.png 488w, https:\/\/belvederepalace.wientickets.org\/wp-content\/uploads\/2024\/08\/Group-333-300x300.png 300w, https:\/\/belvederepalace.wientickets.org\/wp-content\/uploads\/2024\/08\/Group-333-150x150.png 150w\" sizes=\"(max-width: 488px) 100vw, 488px\" \/>\t\t\t\t\t\t\t\t\t\t\t\t\t\t\t<\/div>\n\t\t\t\t<\/div>\n\t\t\t\t\t<\/div>\n\t\t<\/div>\n\t\t\t\t<div class=\"elementor-column elementor-col-50 elementor-inner-column elementor-element elementor-element-51112fe\" data-id=\"51112fe\" data-element_type=\"column\">\n\t\t\t<div class=\"elementor-widget-wrap elementor-element-populated\">\n\t\t\t\t\t\t<div class=\"elementor-element elementor-element-7ea3cd3 elementor-widget elementor-widget-heading\" data-id=\"7ea3cd3\" data-element_type=\"widget\" data-widget_type=\"heading.default\">\n\t\t\t\t<div class=\"elementor-widget-container\">\n\t\t\t\t\t<p class=\"elementor-heading-title elementor-size-default\">R\u00e9servation rapide et en ligne<\/p>\t\t\t\t<\/div>\n\t\t\t\t<\/div>\n\t\t\t\t<div class=\"elementor-element elementor-element-2ea3220 elementor-widget elementor-widget-heading\" data-id=\"2ea3220\" data-element_type=\"widget\" data-widget_type=\"heading.default\">\n\t\t\t\t<div class=\"elementor-widget-container\">\n\t\t\t\t\t<p class=\"elementor-heading-title elementor-size-default\">Choisissez la meilleure option pour vos besoins et pr\u00e9f\u00e9rences et \u00e9vitez les files d'attente en r\u00e9servant ici<\/p>\t\t\t\t<\/div>\n\t\t\t\t<\/div>\n\t\t\t\t\t<\/div>\n\t\t<\/div>\n\t\t\t\t\t<\/div>\n\t\t<\/section>\n\t\t\t\t\t<\/div>\n\t\t<\/div>\n\t\t\t\t<div class=\"elementor-column elementor-col-33 elementor-top-column elementor-element elementor-element-f0276d4\" data-id=\"f0276d4\" data-element_type=\"column\">\n\t\t\t<div class=\"elementor-widget-wrap elementor-element-populated\">\n\t\t\t\t\t\t<section class=\"elementor-section elementor-inner-section elementor-element elementor-element-29b3bfe elementor-section-content-middle elementor-section-boxed elementor-section-height-default elementor-section-height-default\" data-id=\"29b3bfe\" data-element_type=\"section\">\n\t\t\t\t\t\t<div class=\"elementor-container elementor-column-gap-default\">\n\t\t\t\t\t<div class=\"elementor-column elementor-col-50 elementor-inner-column elementor-element elementor-element-0272a7b\" data-id=\"0272a7b\" data-element_type=\"column\">\n\t\t\t<div class=\"elementor-widget-wrap elementor-element-populated\">\n\t\t\t\t\t\t<div class=\"elementor-element elementor-element-beacb12 elementor-widget elementor-widget-image\" data-id=\"beacb12\" data-element_type=\"widget\" data-widget_type=\"image.default\">\n\t\t\t\t<div class=\"elementor-widget-container\">\n\t\t\t\t\t\t\t\t\t\t\t\t\t\t\t<img loading=\"lazy\" decoding=\"async\" width=\"462\" height=\"683\" src=\"https:\/\/belvederepalace.wientickets.org\/wp-content\/uploads\/2024\/08\/top-attractions-in-paris.webp\" class=\"attachment-large size-large wp-image-1358\" alt=\"\" srcset=\"https:\/\/belvederepalace.wientickets.org\/wp-content\/uploads\/2024\/08\/top-attractions-in-paris.webp 462w, https:\/\/belvederepalace.wientickets.org\/wp-content\/uploads\/2024\/08\/top-attractions-in-paris-203x300.webp 203w\" sizes=\"(max-width: 462px) 100vw, 462px\" \/>\t\t\t\t\t\t\t\t\t\t\t\t\t\t\t<\/div>\n\t\t\t\t<\/div>\n\t\t\t\t\t<\/div>\n\t\t<\/div>\n\t\t\t\t<div class=\"elementor-column elementor-col-50 elementor-inner-column elementor-element elementor-element-d6e00cd\" data-id=\"d6e00cd\" data-element_type=\"column\">\n\t\t\t<div class=\"elementor-widget-wrap elementor-element-populated\">\n\t\t\t\t\t\t<div class=\"elementor-element elementor-element-b5850bb elementor-widget elementor-widget-heading\" data-id=\"b5850bb\" data-element_type=\"widget\" data-widget_type=\"heading.default\">\n\t\t\t\t<div class=\"elementor-widget-container\">\n\t\t\t\t\t<p class=\"elementor-heading-title elementor-size-default\">Attraction n\u00b02 \u00e0 Vienne<\/p>\t\t\t\t<\/div>\n\t\t\t\t<\/div>\n\t\t\t\t<div class=\"elementor-element elementor-element-8df66dd elementor-widget elementor-widget-heading\" data-id=\"8df66dd\" data-element_type=\"widget\" data-widget_type=\"heading.default\">\n\t\t\t\t<div class=\"elementor-widget-container\">\n\t\t\t\t\t<p class=\"elementor-heading-title elementor-size-default\">Explorez le ch\u00e2teau du Belv\u00e9d\u00e8re \u00e0 Vienne&nbsp;: beaut\u00e9 baroque, jardins luxuriants et art embl\u00e9matique de Klimt.\n\n\n\n\n\n\n\n\n<\/p>\t\t\t\t<\/div>\n\t\t\t\t<\/div>\n\t\t\t\t\t<\/div>\n\t\t<\/div>\n\t\t\t\t\t<\/div>\n\t\t<\/section>\n\t\t\t\t\t<\/div>\n\t\t<\/div>\n\t\t\t\t\t<\/div>\n\t\t<\/section>\n\t\t<div class=\"elementor-element elementor-element-43ec2c3 e-flex e-con-boxed e-con e-parent\" data-id=\"43ec2c3\" data-element_type=\"container\">\n\t\t\t\t\t<div class=\"e-con-inner\">\n\t\t\t\t<div class=\"elementor-element elementor-element-ef4dcce elementor-widget elementor-widget-spacer\" data-id=\"ef4dcce\" data-element_type=\"widget\" data-widget_type=\"spacer.default\">\n\t\t\t\t<div class=\"elementor-widget-container\">\n\t\t\t\t\t\t\t<div class=\"elementor-spacer\">\n\t\t\t<div class=\"elementor-spacer-inner\"><\/div>\n\t\t<\/div>\n\t\t\t\t\t\t<\/div>\n\t\t\t\t<\/div>\n\t\t\t\t\t<\/div>\n\t\t\t\t<\/div>\n\t\t<div class=\"elementor-element elementor-element-331191e e-flex e-con-boxed e-con e-parent\" data-id=\"331191e\" data-element_type=\"container\">\n\t\t\t\t\t<div class=\"e-con-inner\">\n\t\t\t\t<div class=\"elementor-element elementor-element-888bd7a elementor-widget elementor-widget-heading\" data-id=\"888bd7a\" data-element_type=\"widget\" data-widget_type=\"heading.default\">\n\t\t\t\t<div class=\"elementor-widget-container\">\n\t\t\t\t\t<h2 class=\"elementor-heading-title elementor-size-default\">Table des mati\u00e8res<\/h2>\t\t\t\t<\/div>\n\t\t\t\t<\/div>\n\t\t\t\t\t<\/div>\n\t\t\t\t<\/div>\n\t\t<div class=\"elementor-element elementor-element-8c85565 e-flex e-con-boxed e-con e-parent\" data-id=\"8c85565\" data-element_type=\"container\">\n\t\t\t\t\t<div class=\"e-con-inner\">\n\t\t<div class=\"elementor-element elementor-element-7ae799b e-con-full e-flex e-con e-child\" data-id=\"7ae799b\" data-element_type=\"container\">\n\t\t\t\t<div class=\"elementor-element elementor-element-7466790 elementor-widget elementor-widget-text-editor\" data-id=\"7466790\" data-element_type=\"widget\" data-widget_type=\"text-editor.default\">\n\t\t\t\t<div class=\"elementor-widget-container\">\n\t\t\t\t\t\t\t\t\t<ul><li><a href=\"#famous\">Pourquoi le palais du Belv\u00e9d\u00e8re est-il c\u00e9l\u00e8bre ?<\/a><\/li><li><a href=\"#palace\">Que peut-on voir au palais du Belv\u00e9d\u00e8re ?<\/a><\/li><li><a href=\"#upper\">Que voir au Belv\u00e9d\u00e8re sup\u00e9rieur ?<\/a><\/li><\/ul>\t\t\t\t\t\t\t\t<\/div>\n\t\t\t\t<\/div>\n\t\t\t\t<\/div>\n\t\t<div class=\"elementor-element elementor-element-7e35c2e e-con-full e-flex e-con e-child\" data-id=\"7e35c2e\" data-element_type=\"container\">\n\t\t\t\t<div class=\"elementor-element elementor-element-49d55a8 elementor-widget elementor-widget-text-editor\" data-id=\"49d55a8\" data-element_type=\"widget\" data-widget_type=\"text-editor.default\">\n\t\t\t\t<div class=\"elementor-widget-container\">\n\t\t\t\t\t\t\t\t\t<ul><li><a href=\"#lower\">Que voir au Bas Belv\u00e9d\u00e8re ?<\/a><\/li><li><a href=\"#belvedere21\">\u00c0 voir au Belv\u00e9d\u00e8re 21<\/a><\/li><li><a href=\"#near\">Activit\u00e9s \u00e0 proximit\u00e9 du Palais du Belv\u00e9d\u00e8re<\/a><\/li><\/ul>\t\t\t\t\t\t\t\t<\/div>\n\t\t\t\t<\/div>\n\t\t\t\t<\/div>\n\t\t\t\t\t<\/div>\n\t\t\t\t<\/div>\n\t\t\t\t<section class=\"elementor-section elementor-top-section elementor-element elementor-element-8411ba7 elementor-section-boxed elementor-section-height-default elementor-section-height-default\" data-id=\"8411ba7\" data-element_type=\"section\">\n\t\t\t\t\t\t<div class=\"elementor-container elementor-column-gap-default\">\n\t\t\t\t\t<div class=\"elementor-column elementor-col-100 elementor-top-column elementor-element elementor-element-0ce5a9a\" data-id=\"0ce5a9a\" data-element_type=\"column\">\n\t\t\t<div class=\"elementor-widget-wrap elementor-element-populated\">\n\t\t\t\t\t\t<div class=\"elementor-element elementor-element-bbfc346 elementor-widget elementor-widget-heading\" data-id=\"bbfc346\" data-element_type=\"widget\" id=\"famous\" data-widget_type=\"heading.default\">\n\t\t\t\t<div class=\"elementor-widget-container\">\n\t\t\t\t\t<h2 class=\"elementor-heading-title elementor-size-default\">Pourquoi le palais du Belv\u00e9d\u00e8re est-il c\u00e9l\u00e8bre ?<\/h2>\t\t\t\t<\/div>\n\t\t\t\t<\/div>\n\t\t\t\t<div class=\"elementor-element elementor-element-fec0169 elementor-widget elementor-widget-text-editor\" data-id=\"fec0169\" data-element_type=\"widget\" data-widget_type=\"text-editor.default\">\n\t\t\t\t<div class=\"elementor-widget-container\">\n\t\t\t\t\t\t\t\t\t<p>Le palais du Belv\u00e9d\u00e8re est c\u00e9l\u00e8bre pour avoir <strong>abrit\u00e9 <em>Le Baiser<\/em> de Gustav Klimt<\/strong> et pour avoir <strong>\u00e9t\u00e9 le lieu de la signature du trait\u00e9 d&rsquo;\u00c9tat autrichien en 1955<\/strong>, un \u00e9v\u00e9nement qui a restaur\u00e9 l&rsquo;ind\u00e9pendance du pays. En outre, il int\u00e8gre deux b\u00e2timents o\u00f9 sont expos\u00e9es des collections du Moyen \u00c2ge. <\/p>\t\t\t\t\t\t\t\t<\/div>\n\t\t\t\t<\/div>\n\t\t\t\t\t<\/div>\n\t\t<\/div>\n\t\t\t\t\t<\/div>\n\t\t<\/section>\n\t\t\t\t<section class=\"elementor-section elementor-top-section elementor-element elementor-element-64ca896 elementor-section-boxed elementor-section-height-default elementor-section-height-default\" data-id=\"64ca896\" data-element_type=\"section\">\n\t\t\t\t\t\t<div class=\"elementor-container elementor-column-gap-default\">\n\t\t\t\t\t<div class=\"elementor-column elementor-col-100 elementor-top-column elementor-element elementor-element-66bf939\" data-id=\"66bf939\" data-element_type=\"column\">\n\t\t\t<div class=\"elementor-widget-wrap elementor-element-populated\">\n\t\t\t\t\t\t<div class=\"elementor-element elementor-element-c6ff9f8 elementor-widget elementor-widget-heading\" data-id=\"c6ff9f8\" data-element_type=\"widget\" id=\"palace\" data-widget_type=\"heading.default\">\n\t\t\t\t<div class=\"elementor-widget-container\">\n\t\t\t\t\t<h2 class=\"elementor-heading-title elementor-size-default\">Que peut-on voir au palais du Belv\u00e9d\u00e8re ?<\/h2>\t\t\t\t<\/div>\n\t\t\t\t<\/div>\n\t\t\t\t<div class=\"elementor-element elementor-element-9bbeda7 elementor-widget elementor-widget-text-editor\" data-id=\"9bbeda7\" data-element_type=\"widget\" data-widget_type=\"text-editor.default\">\n\t\t\t\t<div class=\"elementor-widget-container\">\n\t\t\t\t\t\t\t\t\t<p>Le palais du Belv\u00e9d\u00e8re est divis\u00e9 en trois zones : <strong>le Belv\u00e9d\u00e8re sup\u00e9rieur, le <a style=\"color: #7e0009;\" href=\"https:\/\/belvederepalace.wientickets.org\/fr\/palais-du-belvedere-inferieur\/\">Belv\u00e9d\u00e8re inf\u00e9rieur<\/a> et le Belv\u00e9d\u00e8re 21.<\/strong> Le site se distingue par son architecture baroque, ses <a style=\"color: #7e0009;\" href=\"https:\/\/belvederepalace.wientickets.org\/fr\/belvedere-schlossgarten-jardins\/\">jardins \u00e0 la fran\u00e7aise<\/a> et sa collection qui s&rsquo;\u00e9tend du Moyen \u00c2ge \u00e0 l&rsquo;art contemporain.<\/p>\t\t\t\t\t\t\t\t<\/div>\n\t\t\t\t<\/div>\n\t\t\t\t\t<\/div>\n\t\t<\/div>\n\t\t\t\t\t<\/div>\n\t\t<\/section>\n\t\t\t\t<section class=\"elementor-section elementor-top-section elementor-element elementor-element-a522cb6 elementor-section-boxed elementor-section-height-default elementor-section-height-default\" data-id=\"a522cb6\" data-element_type=\"section\">\n\t\t\t\t\t\t<div class=\"elementor-container elementor-column-gap-default\">\n\t\t\t\t\t<div class=\"elementor-column elementor-col-100 elementor-top-column elementor-element elementor-element-6ffa646\" data-id=\"6ffa646\" data-element_type=\"column\">\n\t\t\t<div class=\"elementor-widget-wrap elementor-element-populated\">\n\t\t\t\t\t\t<div class=\"elementor-element elementor-element-bfc7d6e elementor-widget elementor-widget-heading\" data-id=\"bfc7d6e\" data-element_type=\"widget\" id=\"upper\" data-widget_type=\"heading.default\">\n\t\t\t\t<div class=\"elementor-widget-container\">\n\t\t\t\t\t<h2 class=\"elementor-heading-title elementor-size-default\">Que voir au Belv\u00e9d\u00e8re sup\u00e9rieur ?<\/h2>\t\t\t\t<\/div>\n\t\t\t\t<\/div>\n\t\t\t\t<div class=\"elementor-element elementor-element-6d5ebb7 elementor-widget elementor-widget-text-editor\" data-id=\"6d5ebb7\" data-element_type=\"widget\" data-widget_type=\"text-editor.default\">\n\t\t\t\t<div class=\"elementor-widget-container\">\n\t\t\t\t\t\t\t\t\t<p>Le Belv\u00e9d\u00e8re sup\u00e9rieur abrite<strong> la collection d&rsquo;art permanente<\/strong>, qui pr\u00e9sente des \u0153uvres fondamentales de l&rsquo;art autrichien, en particulier des pi\u00e8ces de la S\u00e9cession viennoise et de ma\u00eetres internationaux. En outre, ce b\u00e2timent contient des <strong>salles et des jardins historiques<\/strong>. <\/p>\t\t\t\t\t\t\t\t<\/div>\n\t\t\t\t<\/div>\n\t\t\t\t\t<\/div>\n\t\t<\/div>\n\t\t\t\t\t<\/div>\n\t\t<\/section>\n\t\t<div class=\"elementor-element elementor-element-5fadcc6 e-flex e-con-boxed e-con e-parent\" data-id=\"5fadcc6\" data-element_type=\"container\">\n\t\t\t\t\t<div class=\"e-con-inner\">\n\t\t<div class=\"elementor-element elementor-element-16003e3 e-con-full e-flex e-con e-child\" data-id=\"16003e3\" data-element_type=\"container\">\n\t\t\t\t<div class=\"elementor-element elementor-element-66becc5 elementor-widget elementor-widget-image\" data-id=\"66becc5\" data-element_type=\"widget\" data-widget_type=\"image.default\">\n\t\t\t\t<div class=\"elementor-widget-container\">\n\t\t\t\t\t\t\t\t\t\t\t\t\t\t\t<img loading=\"lazy\" decoding=\"async\" width=\"1024\" height=\"686\" src=\"https:\/\/belvederepalace.wientickets.org\/wp-content\/uploads\/2026\/01\/the-kiss-detail.webp\" class=\"attachment-full size-full wp-image-1958\" alt=\"Le baiser en d\u00e9tail\" srcset=\"https:\/\/belvederepalace.wientickets.org\/wp-content\/uploads\/2026\/01\/the-kiss-detail.webp 1024w, https:\/\/belvederepalace.wientickets.org\/wp-content\/uploads\/2026\/01\/the-kiss-detail-300x201.webp 300w, https:\/\/belvederepalace.wientickets.org\/wp-content\/uploads\/2026\/01\/the-kiss-detail-768x515.webp 768w\" sizes=\"(max-width: 1024px) 100vw, 1024px\" \/>\t\t\t\t\t\t\t\t\t\t\t\t\t\t\t<\/div>\n\t\t\t\t<\/div>\n\t\t\t\t<\/div>\n\t\t<div class=\"elementor-element elementor-element-820fa9e e-con-full e-flex e-con e-child\" data-id=\"820fa9e\" data-element_type=\"container\">\n\t\t\t\t<div class=\"elementor-element elementor-element-7ef3eb3 elementor-widget elementor-widget-heading\" data-id=\"7ef3eb3\" data-element_type=\"widget\" data-widget_type=\"heading.default\">\n\t\t\t\t<div class=\"elementor-widget-container\">\n\t\t\t\t\t<h3 class=\"elementor-heading-title elementor-size-default\">\"Le baiser\", de Gustav Klimt<\/h3>\t\t\t\t<\/div>\n\t\t\t\t<\/div>\n\t\t\t\t<div class=\"elementor-element elementor-element-82da72f elementor-widget elementor-widget-text-editor\" data-id=\"82da72f\" data-element_type=\"widget\" data-widget_type=\"text-editor.default\">\n\t\t\t\t<div class=\"elementor-widget-container\">\n\t\t\t\t\t\t\t\t\t<p>L&rsquo;\u0153uvre <a style=\"color: #7e0009;\" href=\"https:\/\/en.wikipedia.org\/wiki\/The_Kiss_(Klimt)\" target=\"_blank\" rel=\"noopener\"><i>Le Baiser<\/i><\/a> de l&rsquo;artiste <a style=\"color: #7e0009;\" href=\"https:\/\/en.wikipedia.org\/wiki\/Gustav_Klimt\" target=\"_blank\" rel=\"noopener\">Gustav Klimt<\/a> se trouve au premier \u00e9tage du Belv\u00e9d\u00e8re sup\u00e9rieur, <a style=\"color: #7e0009;\" href=\"https:\/\/belvederepalace.wientickets.org\/fr\/interieur-du-palais-du-belvedere\/\"><strong>\u00e0 l&rsquo;int\u00e9rieur de la galerie consacr\u00e9e \u00e0 la S\u00e9cession viennoise<\/strong><\/a>. L&rsquo;\u0153uvre utilise des feuilles d&rsquo;or pour repr\u00e9senter un couple enlac\u00e9 dans une prairie fleurie. Son importance r\u00e9side dans le fait qu&rsquo;il est le symbole de l&rsquo;identit\u00e9 culturelle du pays et l&rsquo;exemple ultime du style d\u00e9coratif de Klimt.<\/p><p>L&#8217;emplacement de l&rsquo;\u0153uvre permet d&rsquo;observer la technique de la mosa\u00efque et l&rsquo;utilisation des mat\u00e9riaux qui ont d\u00e9fini la Phase dor\u00e9e de l&rsquo;artiste (o p\u00e9riode dor\u00e9e). Pour certains visiteurs, <a style=\"color: #7e0009;\" href=\"https:\/\/www.facebook.com\/groups\/1101346787289814\/posts\/1602121770545644\/\" target=\"_blank\" rel=\"noopener\">comme ces utilisateurs de Facebook<\/a>, le palais poss\u00e8de une <strong>\u00ab\u00a0merveilleuse collection\u00a0\u00bb de Klimt<\/strong> et ils soulignent que \u00ab\u00a0ses peintures sont incroyables\u00a0\u00bb.<\/p><p><em>Photo : \u00ab\u00a0D\u00e9tail du \u00ab\u00a0Baiser\u00a0\u00bb de Gustav Klimt, Galerie nationale autrichienne, Palais du Belv\u00e9d\u00e8re sup\u00e9rieur, Vienne\u00a0\u00bb par <a style=\"color: #7e0009;\" href=\"https:\/\/www.flickr.com\/photos\/alex-david\/\" target=\"_blank\" rel=\"noopener\">Alex-David Baldi<\/a>.<\/em><\/p>\t\t\t\t\t\t\t\t<\/div>\n\t\t\t\t<\/div>\n\t\t\t\t<\/div>\n\t\t\t\t\t<\/div>\n\t\t\t\t<\/div>\n\t\t<div class=\"elementor-element elementor-element-b6d54a7 e-flex e-con-boxed e-con e-parent\" data-id=\"b6d54a7\" data-element_type=\"container\">\n\t\t\t\t\t<div class=\"e-con-inner\">\n\t\t\t\t<div class=\"elementor-element elementor-element-3d95ec8 elementor-widget elementor-widget-spacer\" data-id=\"3d95ec8\" data-element_type=\"widget\" data-widget_type=\"spacer.default\">\n\t\t\t\t<div class=\"elementor-widget-container\">\n\t\t\t\t\t\t\t<div class=\"elementor-spacer\">\n\t\t\t<div class=\"elementor-spacer-inner\"><\/div>\n\t\t<\/div>\n\t\t\t\t\t\t<\/div>\n\t\t\t\t<\/div>\n\t\t\t\t\t<\/div>\n\t\t\t\t<\/div>\n\t\t<div class=\"elementor-element elementor-element-bba28bb e-flex e-con-boxed e-con e-parent\" data-id=\"bba28bb\" data-element_type=\"container\">\n\t\t\t\t\t<div class=\"e-con-inner\">\n\t\t<div class=\"elementor-element elementor-element-34ff98d e-con-full e-flex e-con e-child\" data-id=\"34ff98d\" data-element_type=\"container\">\n\t\t\t\t<div class=\"elementor-element elementor-element-db69e2a elementor-widget elementor-widget-heading\" data-id=\"db69e2a\" data-element_type=\"widget\" data-widget_type=\"heading.default\">\n\t\t\t\t<div class=\"elementor-widget-container\">\n\t\t\t\t\t<h3 class=\"elementor-heading-title elementor-size-default\">Salle de Marbre<\/h3>\t\t\t\t<\/div>\n\t\t\t\t<\/div>\n\t\t\t\t<div class=\"elementor-element elementor-element-0768bfd elementor-widget elementor-widget-text-editor\" data-id=\"0768bfd\" data-element_type=\"widget\" data-widget_type=\"text-editor.default\">\n\t\t\t\t<div class=\"elementor-widget-container\">\n\t\t\t\t\t\t\t\t\t<p>La Salle de Marbre s&rsquo;\u00e9tend sur deux \u00e9tages et se distingue par ses murs rev\u00eatus de marbre rouge, ses d\u00e9corations dor\u00e9es et une fresque au plafond qui <strong>c\u00e9l\u00e8bre les victoires militaires du prince Eug\u00e8ne de Savoie<\/strong>, l&rsquo;un des g\u00e9n\u00e9raux les plus \u00e9minents de l&rsquo;Empire des Habsbourg.<\/p><p>L&rsquo;importance politique de cette salle a \u00e9t\u00e9 renforc\u00e9e le 15 mai 1955, lorsque des fonctionnaires y ont sign\u00e9 le <a style=\"color: #7e0009;\" href=\"https:\/\/en.wikipedia.org\/wiki\/Austrian_State_Treaty\" target=\"_blank\" rel=\"noopener\">trait\u00e9 d&rsquo;\u00c9tat autrichien.<\/a> Ce document met fin \u00e0 l&rsquo;occupation des puissances alli\u00e9es et r\u00e9tablit l&rsquo;Autriche en tant qu&rsquo;\u00c9tat souverain et d\u00e9mocratique.<\/p><p>Depuis ses fen\u00eatres, le hall offre une perspective sym\u00e9trique sur les jardins et la ville de Vienne. L&rsquo;architecture de la salle refl\u00e8te le <strong>pouvoir imp\u00e9rial de l&rsquo;\u00e9poque<\/strong> et sert de cadre \u00e0 des \u00e9v\u00e9nements officiels, tout en conservant sa fonction de symbole de la libert\u00e9 autrichienne moderne.<\/p>\t\t\t\t\t\t\t\t<\/div>\n\t\t\t\t<\/div>\n\t\t\t\t<\/div>\n\t\t<div class=\"elementor-element elementor-element-98ef7e8 e-con-full e-flex e-con e-child\" data-id=\"98ef7e8\" data-element_type=\"container\">\n\t\t\t\t<div class=\"elementor-element elementor-element-93dc3d1 elementor-widget elementor-widget-image\" data-id=\"93dc3d1\" data-element_type=\"widget\" data-widget_type=\"image.default\">\n\t\t\t\t<div class=\"elementor-widget-container\">\n\t\t\t\t\t\t\t\t\t\t\t\t\t\t\t<img decoding=\"async\" src=\"https:\/\/belvederepalace.wientickets.org\/wp-content\/uploads\/2025\/11\/belvedere-marble-hall.webp\" title=\"\" alt=\"Marble Hall Belvedere\" loading=\"lazy\" \/>\t\t\t\t\t\t\t\t\t\t\t\t\t\t\t<\/div>\n\t\t\t\t<\/div>\n\t\t\t\t<\/div>\n\t\t\t\t\t<\/div>\n\t\t\t\t<\/div>\n\t\t<div class=\"elementor-element elementor-element-0983fef e-flex e-con-boxed e-con e-parent\" data-id=\"0983fef\" data-element_type=\"container\">\n\t\t\t\t\t<div class=\"e-con-inner\">\n\t\t\t\t<div class=\"elementor-element elementor-element-e24e1f4 elementor-widget elementor-widget-spacer\" data-id=\"e24e1f4\" data-element_type=\"widget\" data-widget_type=\"spacer.default\">\n\t\t\t\t<div class=\"elementor-widget-container\">\n\t\t\t\t\t\t\t<div class=\"elementor-spacer\">\n\t\t\t<div class=\"elementor-spacer-inner\"><\/div>\n\t\t<\/div>\n\t\t\t\t\t\t<\/div>\n\t\t\t\t<\/div>\n\t\t\t\t\t<\/div>\n\t\t\t\t<\/div>\n\t\t<div class=\"elementor-element elementor-element-293b254 e-flex e-con-boxed e-con e-parent\" data-id=\"293b254\" data-element_type=\"container\">\n\t\t\t\t\t<div class=\"e-con-inner\">\n\t\t<div class=\"elementor-element elementor-element-d94f46f e-con-full e-flex e-con e-child\" data-id=\"d94f46f\" data-element_type=\"container\">\n\t\t\t\t<div class=\"elementor-element elementor-element-cef7d27 elementor-widget elementor-widget-image\" data-id=\"cef7d27\" data-element_type=\"widget\" data-widget_type=\"image.default\">\n\t\t\t\t<div class=\"elementor-widget-container\">\n\t\t\t\t\t\t\t\t\t\t\t\t\t\t\t<img loading=\"lazy\" decoding=\"async\" width=\"800\" height=\"536\" src=\"https:\/\/belvederepalace.wientickets.org\/wp-content\/uploads\/2026\/01\/baroque-garden-belvedere-1024x686.webp\" class=\"attachment-large size-large wp-image-1606\" alt=\"Le jardin baroque\" srcset=\"https:\/\/belvederepalace.wientickets.org\/wp-content\/uploads\/2026\/01\/baroque-garden-belvedere-1024x686.webp 1024w, https:\/\/belvederepalace.wientickets.org\/wp-content\/uploads\/2026\/01\/baroque-garden-belvedere-300x201.webp 300w, https:\/\/belvederepalace.wientickets.org\/wp-content\/uploads\/2026\/01\/baroque-garden-belvedere-768x514.webp 768w, https:\/\/belvederepalace.wientickets.org\/wp-content\/uploads\/2026\/01\/baroque-garden-belvedere.webp 1280w\" sizes=\"(max-width: 800px) 100vw, 800px\" \/>\t\t\t\t\t\t\t\t\t\t\t\t\t\t\t<\/div>\n\t\t\t\t<\/div>\n\t\t\t\t<\/div>\n\t\t<div class=\"elementor-element elementor-element-dae2819 e-con-full e-flex e-con e-child\" data-id=\"dae2819\" data-element_type=\"container\">\n\t\t\t\t<div class=\"elementor-element elementor-element-0c5ca83 elementor-widget elementor-widget-heading\" data-id=\"0c5ca83\" data-element_type=\"widget\" data-widget_type=\"heading.default\">\n\t\t\t\t<div class=\"elementor-widget-container\">\n\t\t\t\t\t<h3 class=\"elementor-heading-title elementor-size-default\">Jardins du Belv\u00e9d\u00e8re<\/h3>\t\t\t\t<\/div>\n\t\t\t\t<\/div>\n\t\t\t\t<div class=\"elementor-element elementor-element-6451c56 elementor-widget elementor-widget-text-editor\" data-id=\"6451c56\" data-element_type=\"widget\" data-widget_type=\"text-editor.default\">\n\t\t\t\t<div class=\"elementor-widget-container\">\n\t\t\t\t\t\t\t\t\t<p>Les <a style=\"color: #7e0009;\" href=\"https:\/\/belvederepalace.wientickets.org\/fr\/belvedere-schlossgarten-jardins\/\">jardins du Belv\u00e9d\u00e8re<\/a> relient les palais sup\u00e9rieur et inf\u00e9rieur gr\u00e2ce \u00e0 une conception \u00e0 la fran\u00e7aise cr\u00e9\u00e9e par l&rsquo;architecte et ing\u00e9nieur <strong>Dominique Girard<\/strong>. L&rsquo;espace suit un sch\u00e9ma formel avec des parterres sym\u00e9triques, des fontaines avec des jeux d&rsquo;eau, des cascades et des sculptures mythologiques.<\/p><p>Un <a style=\"color: #7e0009;\" href=\"https:\/\/www.tripadvisor.com\/FAQ_Answers-g190454-d245701-t8212793-I_am_planning_to_visit_the_Upper_and_Lower.html\" target=\"_blank\" rel=\"noopener\">utilisateur de Tripadvisor<\/a> note : \u00ab\u00a0La partie la plus attrayante du palais du Belv\u00e9d\u00e8re est son spectaculaire jardin arri\u00e8re situ\u00e9 entre les b\u00e2timents sup\u00e9rieur et inf\u00e9rieur du palais du Belv\u00e9d\u00e8re. Depuis ce jardin, vous pouvez admirer les deux b\u00e2timents du palais et le centre de Vienne au loin.\u00a0\u00bb L&rsquo;am\u00e9nagement du terrain tire parti de la pente naturelle pour cr\u00e9er des terrasses qui offrent des <strong>vues panoramiques<\/strong>.<\/p><p><em>Photo&nbsp;: \u00ab&nbsp;Schlosspark Belvedere Wien&nbsp;\u00bb par <a style=\"color: #7e0009;\" href=\"https:\/\/commons.wikimedia.org\/wiki\/User:LuMaBe\" target=\"_blank\" rel=\"noopener\">LuMaBe<\/a>.<\/em><\/p>\t\t\t\t\t\t\t\t<\/div>\n\t\t\t\t<\/div>\n\t\t\t\t<\/div>\n\t\t\t\t\t<\/div>\n\t\t\t\t<\/div>\n\t\t<div class=\"elementor-element elementor-element-c43caf5 e-flex e-con-boxed e-con e-parent\" data-id=\"c43caf5\" data-element_type=\"container\">\n\t\t\t\t\t<div class=\"e-con-inner\">\n\t\t\t\t<div class=\"elementor-element elementor-element-4e3160a elementor-widget elementor-widget-spacer\" data-id=\"4e3160a\" data-element_type=\"widget\" data-widget_type=\"spacer.default\">\n\t\t\t\t<div class=\"elementor-widget-container\">\n\t\t\t\t\t\t\t<div class=\"elementor-spacer\">\n\t\t\t<div class=\"elementor-spacer-inner\"><\/div>\n\t\t<\/div>\n\t\t\t\t\t\t<\/div>\n\t\t\t\t<\/div>\n\t\t\t\t\t<\/div>\n\t\t\t\t<\/div>\n\t\t<div class=\"elementor-element elementor-element-f3b099d e-flex e-con-boxed e-con e-parent\" data-id=\"f3b099d\" data-element_type=\"container\">\n\t\t\t\t\t<div class=\"e-con-inner\">\n\t\t<div class=\"elementor-element elementor-element-dabbfdf e-con-full e-flex e-con e-child\" data-id=\"dabbfdf\" data-element_type=\"container\">\n\t\t\t\t<div class=\"elementor-element elementor-element-8ab8f34 elementor-widget elementor-widget-heading\" data-id=\"8ab8f34\" data-element_type=\"widget\" data-widget_type=\"heading.default\">\n\t\t\t\t<div class=\"elementor-widget-container\">\n\t\t\t\t\t<h3 class=\"elementor-heading-title elementor-size-default\">Bustes de Franz Xaver Messerschmidt<\/h3>\t\t\t\t<\/div>\n\t\t\t\t<\/div>\n\t\t\t\t<div class=\"elementor-element elementor-element-09adb0b elementor-widget elementor-widget-text-editor\" data-id=\"09adb0b\" data-element_type=\"widget\" data-widget_type=\"text-editor.default\">\n\t\t\t\t<div class=\"elementor-widget-container\">\n\t\t\t\t\t\t\t\t\t<p>Le palais du Belv\u00e9d\u00e8re abrite une s\u00e9rie de sculptures de l&rsquo;artiste baroque Franz Xaver Messerschmidt, connues sous le nom de <strong>t\u00eates de personnages<\/strong>. Il s&rsquo;agit de bustes en m\u00e9tal ou en alb\u00e2tre qui repr\u00e9sentent des expressions faciales extr\u00eames et des gestes exag\u00e9r\u00e9s. L&rsquo;auteur a cr\u00e9\u00e9 ces \u0153uvres au cours du XVIIIe si\u00e8cle, s&rsquo;\u00e9loignant de l&rsquo;id\u00e9alisme n\u00e9oclassique pour explorer la physiognomonie et la psychologie humaines d&rsquo;une mani\u00e8re radicale pour son \u00e9poque.  <\/p><p>Chacune des \u0153uvres repr\u00e9sente un \u00e9tat \u00e9motionnel ou physique sp\u00e9cifique, comme le b\u00e2illement, la douleur ou le rire forc\u00e9. Ces sculptures sont fondamentales pour comprendre la <strong>transition vers le r\u00e9alisme<\/strong> et l&rsquo;\u00e9tude des \u00e9motions dans les arts plastiques.   <\/p><p>L&#8217;emplacement des bustes permet aux visiteurs d&rsquo;appr\u00e9cier de pr\u00e8s les d\u00e9tails anatomiques et la technique de moulage utilis\u00e9e par Messerschmidt pour documenter ses recherches sur le visage humain.<\/p><p><em>Photo : \u00ab\u00a0Franz Xaver Messerschmidt &#8211; Charakterkopf\u00a0\u00bb par <a style=\"color: #7e0009;\" title=\"User:DALIBRI\" href=\"https:\/\/commons.wikimedia.org\/wiki\/User:DALIBRI\" target=\"_blank\" rel=\"noopener\"><bdi>DALIBRI<\/bdi><\/a>.<\/em><\/p>\t\t\t\t\t\t\t\t<\/div>\n\t\t\t\t<\/div>\n\t\t\t\t<\/div>\n\t\t<div class=\"elementor-element elementor-element-d5353ea e-con-full e-flex e-con e-child\" data-id=\"d5353ea\" data-element_type=\"container\">\n\t\t\t\t<div class=\"elementor-element elementor-element-bb0974c elementor-widget elementor-widget-image\" data-id=\"bb0974c\" data-element_type=\"widget\" data-widget_type=\"image.default\">\n\t\t\t\t<div class=\"elementor-widget-container\">\n\t\t\t\t\t\t\t\t\t\t\t\t\t\t\t<img loading=\"lazy\" decoding=\"async\" width=\"800\" height=\"563\" src=\"https:\/\/belvederepalace.wientickets.org\/wp-content\/uploads\/2025\/12\/messerschmidt-character-head.webp\" class=\"attachment-large size-large wp-image-1526\" alt=\"T\u00eate de caract\u00e8re de Messerschmidt\" srcset=\"https:\/\/belvederepalace.wientickets.org\/wp-content\/uploads\/2025\/12\/messerschmidt-character-head.webp 1024w, https:\/\/belvederepalace.wientickets.org\/wp-content\/uploads\/2025\/12\/messerschmidt-character-head-300x211.webp 300w, https:\/\/belvederepalace.wientickets.org\/wp-content\/uploads\/2025\/12\/messerschmidt-character-head-768x540.webp 768w\" sizes=\"(max-width: 800px) 100vw, 800px\" \/>\t\t\t\t\t\t\t\t\t\t\t\t\t\t\t<\/div>\n\t\t\t\t<\/div>\n\t\t\t\t<\/div>\n\t\t\t\t\t<\/div>\n\t\t\t\t<\/div>\n\t\t<div class=\"elementor-element elementor-element-6658001 e-flex e-con-boxed e-con e-parent\" data-id=\"6658001\" data-element_type=\"container\">\n\t\t\t\t\t<div class=\"e-con-inner\">\n\t\t\t\t<div class=\"elementor-element elementor-element-498420e elementor-widget elementor-widget-spacer\" data-id=\"498420e\" data-element_type=\"widget\" data-widget_type=\"spacer.default\">\n\t\t\t\t<div class=\"elementor-widget-container\">\n\t\t\t\t\t\t\t<div class=\"elementor-spacer\">\n\t\t\t<div class=\"elementor-spacer-inner\"><\/div>\n\t\t<\/div>\n\t\t\t\t\t\t<\/div>\n\t\t\t\t<\/div>\n\t\t\t\t\t<\/div>\n\t\t\t\t<\/div>\n\t\t<div class=\"elementor-element elementor-element-dbe4d2c e-flex e-con-boxed e-con e-parent\" data-id=\"dbe4d2c\" data-element_type=\"container\">\n\t\t\t\t\t<div class=\"e-con-inner\">\n\t\t<div class=\"elementor-element elementor-element-077b61b e-con-full e-flex e-con e-child\" data-id=\"077b61b\" data-element_type=\"container\">\n\t\t\t\t<div class=\"elementor-element elementor-element-5dd3970 elementor-widget elementor-widget-html\" data-id=\"5dd3970\" data-element_type=\"widget\" data-widget_type=\"html.default\">\n\t\t\t\t<div class=\"elementor-widget-container\">\n\t\t\t\t\t<div class=\"image-carousel-wrapper\">\r\n  <div class=\"image-carousel\">\r\n    <!-- Im\u00e1genes del Belvedere Palace -->\r\n    <div class=\"carousel-item active\">\r\n      <img decoding=\"async\" src=\"https:\/\/belvederepalace.wientickets.org\/wp-content\/uploads\/2026\/01\/napoleon-crossing-the-alps.webp\" alt=\"Napol\u00e9on franchissant les Alpes (Jacques-Louis David)\">\r\n    <\/div>\r\n    <div class=\"carousel-item\">\r\n      <img decoding=\"async\" src=\"https:\/\/belvederepalace.wientickets.org\/wp-content\/uploads\/2025\/11\/Mother-with-Two-Children-III-by-Egon-Schiele.jpg\" alt=\"M\u00e8re avec deux enfants III (Egon Schiele)\">\r\n    <\/div>\r\n    <div class=\"carousel-item\">\r\n      <img decoding=\"async\" src=\"https:\/\/belvederepalace.wientickets.org\/wp-content\/uploads\/2026\/01\/the-plain-of-auvers.webp\" alt=\"La plaine d'Auvers (Vincent van Gogh)\">\r\n    <\/div>\r\n    \r\n    <!-- Botones de navegaci\u00f3n -->\r\n    <button class=\"carousel-btn prev\" aria-label=\"Anterior\">\r\n      <svg width=\"24\" height=\"24\" viewbox=\"0 0 24 24\" fill=\"none\" stroke=\"currentColor\" stroke-width=\"2\">\r\n        <polyline points=\"15 18 9 12 15 6\"><\/polyline>\r\n      <\/polyline><\/svg>\r\n    <\/button>\r\n    <button class=\"carousel-btn next\" aria-label=\"Siguiente\">\r\n      <svg width=\"24\" height=\"24\" viewbox=\"0 0 24 24\" fill=\"none\" stroke=\"currentColor\" stroke-width=\"2\">\r\n        <polyline points=\"9 18 15 12 9 6\"><\/polyline>\r\n      <\/polyline><\/svg>\r\n    <\/button>\r\n    <div class=\"carousel-caption\"><\/div>\r\n  <\/div>\r\n  \r\n  \r\n  <!-- Indicadores -->\r\n  <div class=\"carousel-indicators\"><\/div>\r\n<\/div>\r\n\r\n<style>\r\n.image-carousel-wrapper {\r\n  width: 100%;\r\n  position: relative;\r\n}\r\n\r\n.image-carousel {\r\n  position: relative;\r\n  width: 100%;\r\n  height: 400px;\r\n  overflow: hidden;\r\n  border-radius: 8px;\r\n}\r\n\r\n.carousel-item {\r\n  position: absolute;\r\n  top: 0;\r\n  left: 0;\r\n  width: 100%;\r\n  height: 100%;\r\n  opacity: 0;\r\n  transition: opacity 0.5s ease-in-out;\r\n  pointer-events: none;\r\n}\r\n\r\n.carousel-item.active {\r\n  opacity: 1;\r\n  pointer-events: auto;\r\n}\r\n\r\n.carousel-item img {\r\n  width: 100%;\r\n  height: 400px;\r\n  object-fit: cover;\r\n  object-position: top center;\r\n  display: block;\r\n}\r\n\r\n.carousel-btn {\r\n  position: absolute;\r\n  top: 50%;\r\n  transform: translateY(-50%);\r\n  background: rgba(0, 0, 0, 0.5);\r\n  color: white;\r\n  border: none;\r\n  width: 45px;\r\n  height: 45px;\r\n  border-radius: 50%;\r\n  cursor: pointer;\r\n  display: flex;\r\n  align-items: center;\r\n  justify-content: center;\r\n  transition: background 0.3s ease;\r\n  z-index: 10;\r\n}\r\n\r\n\/* Asegurar que los SVG se vean correctamente *\/\r\n.carousel-btn svg {\r\n  display: block;\r\n  flex-shrink: 0;\r\n  width: 20px;\r\n  height: 20px;\r\n}\r\n\r\n.carousel-btn:hover {\r\n  background: rgba(0, 0, 0, 0.7);\r\n}\r\n\r\n.carousel-btn:focus {\r\n  background: #CE2B37;\r\n  outline: none;\r\n}\r\n\r\n.carousel-btn.prev {\r\n  left: 15px;\r\n}\r\n\r\n.carousel-btn.next {\r\n  right: 15px;\r\n}\r\n\r\n.carousel-indicators {\r\n  display: flex;\r\n  justify-content: center;\r\n  gap: 8px;\r\n  margin-top: 15px;\r\n}\r\n\r\n.carousel-indicator {\r\n  width: 10px;\r\n  height: 10px;\r\n  border-radius: 50%;\r\n  background: #ddd;\r\n  cursor: pointer;\r\n  transition: all 0.3s ease;\r\n}\r\n\r\n.carousel-indicator.active {\r\n  background: #333;\r\n  width: 30px;\r\n  border-radius: 5px;\r\n}\r\n\r\n\/* Mobile adjustments *\/\r\n@media (max-width: 768px) {\r\n  .carousel-btn {\r\n    width: 35px;\r\n    height: 35px;\r\n  }\r\n  \r\n  .carousel-btn.prev {\r\n    left: 10px;\r\n  }\r\n  \r\n  .carousel-btn.next {\r\n    right: 10px;\r\n  }\r\n  \r\n  .carousel-btn svg {\r\n    width: 18px;\r\n    height: 18px;\r\n  }\r\n}\r\n\r\n.carousel-caption {\r\n  position: absolute;\r\n  bottom: 15px;\r\n  left: 15px;\r\n  background: rgba(0, 0, 0, 0.6);\r\n  color: white;\r\n  padding: 10px 15px;\r\n  border-radius: 5px;\r\n  font-size: 14px;\r\n  max-width: 80%;\r\n  z-index: 10;\r\n}\r\n\r\n@media (max-width: 768px) {\r\n  .carousel-caption {\r\n    font-size: 12px;\r\n    padding: 8px 12px;\r\n    bottom: 10px;\r\n    left: 10px;\r\n  }\r\n}\r\n\r\n<\/style>\r\n\r\n<script>\r\ndocument.addEventListener('DOMContentLoaded', function() {\r\n  const carousels = document.querySelectorAll('.image-carousel-wrapper');\r\n  \r\n  carousels.forEach((wrapper) => {\r\n    const carousel = wrapper.querySelector('.image-carousel');\r\n    const items = carousel.querySelectorAll('.carousel-item');\r\n    const prevBtn = carousel.querySelector('.prev');\r\n    const nextBtn = carousel.querySelector('.next');\r\n    const indicatorsContainer = wrapper.querySelector('.carousel-indicators');\r\n    const caption = carousel.querySelector('.carousel-caption');\r\n    \r\n    let currentIndex = 0;\r\n    let autoplayInterval;\r\n    \r\n    \/\/ Variables para swipe\r\n    let touchStartX = 0;\r\n    let touchEndX = 0;\r\n    let touchStartY = 0;\r\n    let touchEndY = 0;\r\n    \r\n    items.forEach((_, index) => {\r\n      const indicator = document.createElement('div');\r\n      indicator.classList.add('carousel-indicator');\r\n      if (index === 0) indicator.classList.add('active');\r\n      indicator.addEventListener('click', () => {\r\n        stopAutoplay();\r\n        goToSlide(index);\r\n      });\r\n      indicatorsContainer.appendChild(indicator);\r\n    });\r\n    \r\n    const indicators = indicatorsContainer.querySelectorAll('.carousel-indicator');\r\n    \r\n    function updateCarousel() {\r\n      items.forEach((item, index) => {\r\n        item.classList.toggle('active', index === currentIndex);\r\n      });\r\n      \r\n      indicators.forEach((indicator, index) => {\r\n        indicator.classList.toggle('active', index === currentIndex);\r\n      });\r\n      \r\n      const currentImg = items[currentIndex].querySelector('img');\r\n      caption.textContent = currentImg.alt;\r\n    }\r\n    \r\n    function goToSlide(index) {\r\n      currentIndex = index;\r\n      updateCarousel();\r\n    }\r\n    \r\n    function nextSlide() {\r\n      currentIndex = (currentIndex + 1) % items.length;\r\n      updateCarousel();\r\n    }\r\n    \r\n    function prevSlide() {\r\n      currentIndex = (currentIndex - 1 + items.length) % items.length;\r\n      updateCarousel();\r\n    }\r\n    \r\n    function stopAutoplay() {\r\n      if (autoplayInterval) {\r\n        clearInterval(autoplayInterval);\r\n        autoplayInterval = null;\r\n      }\r\n    }\r\n    \r\n    \/\/ Detectar swipe\r\n    function handleSwipe() {\r\n      const diffX = touchEndX - touchStartX;\r\n      const diffY = Math.abs(touchEndY - touchStartY);\r\n      \r\n      \/\/ Solo procesar si el movimiento horizontal es mayor que el vertical\r\n      \/\/ y si el desplazamiento es suficiente (m\u00e1s de 50px)\r\n      if (Math.abs(diffX) > 50 && Math.abs(diffX) > diffY) {\r\n        stopAutoplay();\r\n        \r\n        if (diffX > 0) {\r\n          \/\/ Swipe derecha - ir a anterior\r\n          prevSlide();\r\n        } else {\r\n          \/\/ Swipe izquierda - ir a siguiente\r\n          nextSlide();\r\n        }\r\n      }\r\n    }\r\n    \r\n    \/\/ Event listeners para touch\r\n    carousel.addEventListener('touchstart', (e) => {\r\n      touchStartX = e.changedTouches[0].screenX;\r\n      touchStartY = e.changedTouches[0].screenY;\r\n    }, { passive: true });\r\n    \r\n    carousel.addEventListener('touchend', (e) => {\r\n      touchEndX = e.changedTouches[0].screenX;\r\n      touchEndY = e.changedTouches[0].screenY;\r\n      handleSwipe();\r\n    }, { passive: true });\r\n    \r\n    \/\/ Inicializar\r\n    updateCarousel();\r\n    \r\n    prevBtn.addEventListener('click', () => {\r\n      stopAutoplay();\r\n      prevSlide();\r\n    });\r\n    \r\n    nextBtn.addEventListener('click', () => {\r\n      stopAutoplay();\r\n      nextSlide();\r\n    });\r\n    \r\n    \/\/ Auto-play cada 6 segundos\r\n    autoplayInterval = setInterval(nextSlide, 6000);\r\n  });\r\n});\r\n<\/script>\t\t\t\t<\/div>\n\t\t\t\t<\/div>\n\t\t\t\t<\/div>\n\t\t<div class=\"elementor-element elementor-element-cec1461 e-con-full e-flex e-con e-child\" data-id=\"cec1461\" data-element_type=\"container\">\n\t\t\t\t<div class=\"elementor-element elementor-element-d09f5bb elementor-widget elementor-widget-heading\" data-id=\"d09f5bb\" data-element_type=\"widget\" data-widget_type=\"heading.default\">\n\t\t\t\t<div class=\"elementor-widget-container\">\n\t\t\t\t\t<h3 class=\"elementor-heading-title elementor-size-default\">Collection permanente<\/h3>\t\t\t\t<\/div>\n\t\t\t\t<\/div>\n\t\t\t\t<div class=\"elementor-element elementor-element-0c0c8a2 elementor-widget elementor-widget-text-editor\" data-id=\"0c0c8a2\" data-element_type=\"widget\" data-widget_type=\"text-editor.default\">\n\t\t\t\t<div class=\"elementor-widget-container\">\n\t\t\t\t\t\t\t\t\t<p>L&rsquo;exposition permanente est organis\u00e9e de mani\u00e8re \u00e0 ce que le spectateur comprenne la transition entre l&rsquo;art sacr\u00e9, le Biedermeier et les avant-gardes modernes. Comme l&rsquo;indique un <a style=\"color: #7e0009;\" href=\"https:\/\/www.reddit.com\/r\/Europetravel\/comments\/1h8ehyi\/if_i_had_to-pick-one-belvedere_palace_or\/\" target=\"_blank\" rel=\"noopener\">utilisateur sur Reddit<\/a>: \u00ab\u00a0Le Belv\u00e9d\u00e8re poss\u00e8de une grande collection d&rsquo;art\u00a0\u00bb, qui <strong>pr\u00e9sente une \u00e9volution chronologique de la p\u00e9riode m\u00e9di\u00e9vale au XXe si\u00e8cle.<\/strong> <\/p><p>Les salles abritent des <strong>pi\u00e8ces embl\u00e9matiques<\/strong> qui d\u00e9finissent l&rsquo;histoire de l&rsquo;art europ\u00e9en et autrichien, permettant une vision int\u00e9grale du d\u00e9veloppement esth\u00e9tique r\u00e9gional. La collection comprend les \u0153uvres, artistes et styles suivants : <\/p><ul><li><i>Napol\u00e9on franchissant les Alpes<\/i> (Jacques-Louis David)<\/li><li><i>M\u00e8re avec deux enfants III<\/i> (Egon Schiele Art)<\/li><li><em>La plaine d&rsquo;Auvers<\/em> (Vincent van Gogh)<\/li><li>Oskar Kokoschka Art<\/li><li>Claude Monet<\/li><li>Auguste Rodin<\/li><li>L\u00e1szl\u00f3 Moholy-Nagy<\/li><li>Biedermeier<\/li><li>L&rsquo;impressionnisme fran\u00e7ais<\/li><\/ul>\t\t\t\t\t\t\t\t<\/div>\n\t\t\t\t<\/div>\n\t\t\t\t<\/div>\n\t\t\t\t\t<\/div>\n\t\t\t\t<\/div>\n\t\t\t\t<section class=\"elementor-section elementor-top-section elementor-element elementor-element-622a773 elementor-section-boxed elementor-section-height-default elementor-section-height-default\" data-id=\"622a773\" data-element_type=\"section\">\n\t\t\t\t\t\t<div class=\"elementor-container elementor-column-gap-default\">\n\t\t\t\t\t<div class=\"elementor-column elementor-col-100 elementor-top-column elementor-element elementor-element-cc01ca0\" data-id=\"cc01ca0\" data-element_type=\"column\">\n\t\t\t<div class=\"elementor-widget-wrap elementor-element-populated\">\n\t\t\t\t\t\t<div class=\"elementor-element elementor-element-0fc9c94 elementor-widget elementor-widget-heading\" data-id=\"0fc9c94\" data-element_type=\"widget\" id=\"lower\" data-widget_type=\"heading.default\">\n\t\t\t\t<div class=\"elementor-widget-container\">\n\t\t\t\t\t<h2 class=\"elementor-heading-title elementor-size-default\">Que voir au Bas Belv\u00e9d\u00e8re ?<\/h2>\t\t\t\t<\/div>\n\t\t\t\t<\/div>\n\t\t\t\t<div class=\"elementor-element elementor-element-71d57f6 elementor-widget elementor-widget-text-editor\" data-id=\"71d57f6\" data-element_type=\"widget\" data-widget_type=\"text-editor.default\">\n\t\t\t\t<div class=\"elementor-widget-container\">\n\t\t\t\t\t\t\t\t\t<p>Le Belv\u00e9d\u00e8re inf\u00e9rieur est principalement consacr\u00e9 \u00e0 l&rsquo;organisation d&rsquo;<strong>expositions artistiques temporaires<\/strong>. En outre, les visiteurs peuvent visiter les anciens <strong>appartements priv\u00e9s<\/strong> et les <strong>salles de c\u00e9r\u00e9monie du prince Eug\u00e8ne<\/strong>, qui conservent la d\u00e9coration originale du palais baroque. <\/p>\t\t\t\t\t\t\t\t<\/div>\n\t\t\t\t<\/div>\n\t\t\t\t\t<\/div>\n\t\t<\/div>\n\t\t\t\t\t<\/div>\n\t\t<\/section>\n\t\t<div class=\"elementor-element elementor-element-7216d66 e-flex e-con-boxed e-con e-parent\" data-id=\"7216d66\" data-element_type=\"container\">\n\t\t\t\t\t<div class=\"e-con-inner\">\n\t\t<div class=\"elementor-element elementor-element-a22f938 e-con-full e-flex e-con e-child\" data-id=\"a22f938\" data-element_type=\"container\">\n\t\t\t\t<div class=\"elementor-element elementor-element-1d147af elementor-widget elementor-widget-heading\" data-id=\"1d147af\" data-element_type=\"widget\" data-widget_type=\"heading.default\">\n\t\t\t\t<div class=\"elementor-widget-container\">\n\t\t\t\t\t<h3 class=\"elementor-heading-title elementor-size-default\">Les \u00e9curies du palais<\/h3>\t\t\t\t<\/div>\n\t\t\t\t<\/div>\n\t\t\t\t<div class=\"elementor-element elementor-element-fbd11d8 elementor-widget elementor-widget-text-editor\" data-id=\"fbd11d8\" data-element_type=\"widget\" data-widget_type=\"text-editor.default\">\n\t\t\t\t<div class=\"elementor-widget-container\">\n\t\t\t\t\t\t\t\t\t<p>Les \u00e9curies du palais sont situ\u00e9es \u00e0 l&rsquo;extr\u00e9mit\u00e9 est du Belv\u00e9d\u00e8re inf\u00e9rieur et servent aujourd&rsquo;hui d&rsquo;<strong>espace d&rsquo;exposition sp\u00e9cialis\u00e9.<\/strong> <\/p><p>\u00c0 l&rsquo;origine, ce b\u00e2timent abritait les chevaux personnels du prince Eug\u00e8ne, mais apr\u00e8s une r\u00e9novation, il a \u00e9t\u00e9 transform\u00e9 en <strong>Tr\u00e9sor du Belv\u00e9d\u00e8re<\/strong>, o\u00f9 l&rsquo;institution pr\u00e9sente sa collection d&rsquo;art m\u00e9di\u00e9val, notamment des retables, des panneaux peints et des sculptures en bois des XIVe et XVe si\u00e8cles.<\/p><p>L&rsquo;architecture int\u00e9rieure conserve des \u00e9l\u00e9ments de sa fonction d&rsquo;origine, adapt\u00e9s \u00e0 la conservation de <strong>pi\u00e8ces gothiques<\/strong> d\u00e9licates.  <\/p><p>L&#8217;emplacement des \u00e9curies permet un flux continu depuis les salles principales du Belv\u00e9d\u00e8re inf\u00e9rieur, offrant une perspective sur la d\u00e9votion religieuse et l&rsquo;artisanat du Moyen \u00c2ge dans la r\u00e9gion alpine et l&rsquo;Europe centrale. C&rsquo;est une \u00e9tape recommand\u00e9e pour comprendre les origines de l&rsquo;art autrichien avant la Renaissance. <\/p>\t\t\t\t\t\t\t\t<\/div>\n\t\t\t\t<\/div>\n\t\t\t\t<\/div>\n\t\t<div class=\"elementor-element elementor-element-967b35e e-con-full e-flex e-con e-child\" data-id=\"967b35e\" data-element_type=\"container\">\n\t\t\t\t<div class=\"elementor-element elementor-element-36ba7f3 elementor-widget elementor-widget-image\" data-id=\"36ba7f3\" data-element_type=\"widget\" data-widget_type=\"image.default\">\n\t\t\t\t<div class=\"elementor-widget-container\">\n\t\t\t\t\t\t\t\t\t\t\t\t\t\t\t<img loading=\"lazy\" decoding=\"async\" width=\"800\" height=\"534\" src=\"https:\/\/belvederepalace.wientickets.org\/wp-content\/uploads\/2025\/11\/lower-belvedere-1-1024x683.webp\" class=\"attachment-large size-large wp-image-1522\" alt=\"Belv\u00e9d\u00e8re inf\u00e9rieur\" srcset=\"https:\/\/belvederepalace.wientickets.org\/wp-content\/uploads\/2025\/11\/lower-belvedere-1-1024x683.webp 1024w, https:\/\/belvederepalace.wientickets.org\/wp-content\/uploads\/2025\/11\/lower-belvedere-1-300x200.webp 300w, https:\/\/belvederepalace.wientickets.org\/wp-content\/uploads\/2025\/11\/lower-belvedere-1-768x512.webp 768w, https:\/\/belvederepalace.wientickets.org\/wp-content\/uploads\/2025\/11\/lower-belvedere-1.webp 1200w\" sizes=\"(max-width: 800px) 100vw, 800px\" \/>\t\t\t\t\t\t\t\t\t\t\t\t\t\t\t<\/div>\n\t\t\t\t<\/div>\n\t\t\t\t<\/div>\n\t\t\t\t\t<\/div>\n\t\t\t\t<\/div>\n\t\t<div class=\"elementor-element elementor-element-cc93eae e-flex e-con-boxed e-con e-parent\" data-id=\"cc93eae\" data-element_type=\"container\">\n\t\t\t\t\t<div class=\"e-con-inner\">\n\t\t\t\t<div class=\"elementor-element elementor-element-7bb67d6 elementor-widget elementor-widget-spacer\" data-id=\"7bb67d6\" data-element_type=\"widget\" data-widget_type=\"spacer.default\">\n\t\t\t\t<div class=\"elementor-widget-container\">\n\t\t\t\t\t\t\t<div class=\"elementor-spacer\">\n\t\t\t<div class=\"elementor-spacer-inner\"><\/div>\n\t\t<\/div>\n\t\t\t\t\t\t<\/div>\n\t\t\t\t<\/div>\n\t\t\t\t\t<\/div>\n\t\t\t\t<\/div>\n\t\t<div class=\"elementor-element elementor-element-6d7d75f e-flex e-con-boxed e-con e-parent\" data-id=\"6d7d75f\" data-element_type=\"container\">\n\t\t\t\t\t<div class=\"e-con-inner\">\n\t\t<div class=\"elementor-element elementor-element-29bf65f e-con-full e-flex e-con e-child\" data-id=\"29bf65f\" data-element_type=\"container\">\n\t\t\t\t<div class=\"elementor-element elementor-element-a64af1c elementor-widget elementor-widget-image\" data-id=\"a64af1c\" data-element_type=\"widget\" data-widget_type=\"image.default\">\n\t\t\t\t<div class=\"elementor-widget-container\">\n\t\t\t\t\t\t\t\t\t\t\t\t\t\t\t<img loading=\"lazy\" decoding=\"async\" width=\"800\" height=\"600\" src=\"https:\/\/belvederepalace.wientickets.org\/wp-content\/uploads\/2025\/11\/golden-hall-belvedere-palace.webp\" class=\"attachment-large size-large wp-image-1929\" alt=\"Salle dor\u00e9e du Belv\u00e9d\u00e8re\" srcset=\"https:\/\/belvederepalace.wientickets.org\/wp-content\/uploads\/2025\/11\/golden-hall-belvedere-palace.webp 960w, https:\/\/belvederepalace.wientickets.org\/wp-content\/uploads\/2025\/11\/golden-hall-belvedere-palace-300x225.webp 300w, https:\/\/belvederepalace.wientickets.org\/wp-content\/uploads\/2025\/11\/golden-hall-belvedere-palace-768x576.webp 768w\" sizes=\"(max-width: 800px) 100vw, 800px\" \/>\t\t\t\t\t\t\t\t\t\t\t\t\t\t\t<\/div>\n\t\t\t\t<\/div>\n\t\t\t\t<\/div>\n\t\t<div class=\"elementor-element elementor-element-c451609 e-con-full e-flex e-con e-child\" data-id=\"c451609\" data-element_type=\"container\">\n\t\t\t\t<div class=\"elementor-element elementor-element-e4726c5 elementor-widget elementor-widget-heading\" data-id=\"e4726c5\" data-element_type=\"widget\" data-widget_type=\"heading.default\">\n\t\t\t\t<div class=\"elementor-widget-container\">\n\t\t\t\t\t<h3 class=\"elementor-heading-title elementor-size-default\">Expositions temporaires<\/h3>\t\t\t\t<\/div>\n\t\t\t\t<\/div>\n\t\t\t\t<div class=\"elementor-element elementor-element-8404fee elementor-widget elementor-widget-text-editor\" data-id=\"8404fee\" data-element_type=\"widget\" data-widget_type=\"text-editor.default\">\n\t\t\t\t<div class=\"elementor-widget-container\">\n\t\t\t\t\t\t\t\t\t<p>Les <a style=\"color: #7e0009;\" href=\"https:\/\/belvederepalace.wientickets.org\/fr\/palais-du-belvedere-inferieur\/\">expositions temporaires du Belv\u00e9d\u00e8re inf\u00e9rieur<\/a> proposent une analyse d&rsquo;artistes sp\u00e9cifiques ou de p\u00e9riodes historiques d\u00e9termin\u00e9es. Ces <strong>\u00e9v\u00e9nements tournants<\/strong> permettent au mus\u00e9e d&rsquo;exposer des pi\u00e8ces qui ne font pas partie de la collection permanente.  <\/p><p>L&#8217;emplacement de ces expositions dans des salles historiques, telles que la Galerie de marbre ou le Cabinet d&rsquo;or, ajoute une valeur contextuelle unique aux \u0153uvres expos\u00e9es.<\/p><p>Les expositions <strong>changent<\/strong> g\u00e9n\u00e9ralement <strong>tous les deux mois<\/strong> et couvrent des th\u00e8mes allant du symbolisme au modernisme international. Cette rotation garantit que chaque visite au palais offre une exp\u00e9rience distincte et actualis\u00e9e en ce qui concerne les tendances et la recherche en histoire de l&rsquo;art. <\/p><p><em>Photo : \u00ab\u00a0Belv\u00e9d\u00e8re en hiver &#8211; Int\u00e9rieur du Belv\u00e9d\u00e8re inf\u00e9rieur\u00a0\u00bb par <a style=\"color: #7e0009;\" href=\"https:\/\/commons.wikimedia.org\/wiki\/User:Deror_avi\" target=\"_blank\" rel=\"noopener\">Deror avi.<\/a><\/em><\/p>\t\t\t\t\t\t\t\t<\/div>\n\t\t\t\t<\/div>\n\t\t\t\t<\/div>\n\t\t\t\t\t<\/div>\n\t\t\t\t<\/div>\n\t\t<div class=\"elementor-element elementor-element-72e3285 e-flex e-con-boxed e-con e-parent\" data-id=\"72e3285\" data-element_type=\"container\">\n\t\t\t\t\t<div class=\"e-con-inner\">\n\t\t\t\t<div class=\"elementor-element elementor-element-0eb37d4 elementor-widget elementor-widget-spacer\" data-id=\"0eb37d4\" data-element_type=\"widget\" data-widget_type=\"spacer.default\">\n\t\t\t\t<div class=\"elementor-widget-container\">\n\t\t\t\t\t\t\t<div class=\"elementor-spacer\">\n\t\t\t<div class=\"elementor-spacer-inner\"><\/div>\n\t\t<\/div>\n\t\t\t\t\t\t<\/div>\n\t\t\t\t<\/div>\n\t\t\t\t\t<\/div>\n\t\t\t\t<\/div>\n\t\t<div class=\"elementor-element elementor-element-cd387b2 e-flex e-con-boxed e-con e-parent\" data-id=\"cd387b2\" data-element_type=\"container\">\n\t\t\t\t\t<div class=\"e-con-inner\">\n\t\t<div class=\"elementor-element elementor-element-d75dd1c e-con-full e-flex e-con e-child\" data-id=\"d75dd1c\" data-element_type=\"container\">\n\t\t\t\t<div class=\"elementor-element elementor-element-6e9204e elementor-widget elementor-widget-heading\" data-id=\"6e9204e\" data-element_type=\"widget\" data-widget_type=\"heading.default\">\n\t\t\t\t<div class=\"elementor-widget-container\">\n\t\t\t\t\t<h3 class=\"elementor-heading-title elementor-size-default\">Orangerie<\/h3>\t\t\t\t<\/div>\n\t\t\t\t<\/div>\n\t\t\t\t<div class=\"elementor-element elementor-element-6f913fa elementor-widget elementor-widget-text-editor\" data-id=\"6f913fa\" data-element_type=\"widget\" data-widget_type=\"text-editor.default\">\n\t\t\t\t<div class=\"elementor-widget-container\">\n\t\t\t\t\t\t\t\t\t<p>L&rsquo;Orangerie est situ\u00e9e \u00e0 c\u00f4t\u00e9 du Belv\u00e9d\u00e8re inf\u00e9rieur. Elle servait \u00e0 l&rsquo;origine de serre pour les plantes exotiques pendant l&rsquo;hiver, en particulier les orangers. Aujourd&rsquo;hui, ce b\u00e2timent est une <strong>salle d&rsquo;exposition<\/strong> qui combine la structure baroque avec un design int\u00e9rieur minimaliste.  <\/p><p>Son architecture se distingue par ses grandes fen\u00eatres orient\u00e9es vers le sud qui permettent \u00e0 la v\u00e9g\u00e9tation de b\u00e9n\u00e9ficier de la lumi\u00e8re du soleil. La transition de la serre \u00e0 la galerie d&rsquo;art refl\u00e8te l&rsquo;<strong>adaptabilit\u00e9 du complexe du Belv\u00e9d\u00e8re<\/strong> aux besoins culturels actuels.   <\/p><p>Sa situation au niveau inf\u00e9rieur du jardin le rend facilement accessible apr\u00e8s la visite des appartements priv\u00e9s, offrant un contraste architectural significatif entre l&rsquo;opulence du baroque et la fonctionnalit\u00e9 moderne des mus\u00e9es actuels.<\/p>\t\t\t\t\t\t\t\t<\/div>\n\t\t\t\t<\/div>\n\t\t\t\t<\/div>\n\t\t<div class=\"elementor-element elementor-element-4cb2fe9 e-con-full e-flex e-con e-child\" data-id=\"4cb2fe9\" data-element_type=\"container\">\n\t\t\t\t<div class=\"elementor-element elementor-element-ab91911 elementor-widget elementor-widget-image\" data-id=\"ab91911\" data-element_type=\"widget\" data-widget_type=\"image.default\">\n\t\t\t\t<div class=\"elementor-widget-container\">\n\t\t\t\t\t\t\t\t\t\t\t\t\t\t\t<img loading=\"lazy\" decoding=\"async\" width=\"800\" height=\"530\" src=\"https:\/\/belvederepalace.wientickets.org\/wp-content\/uploads\/2025\/11\/Orangery-Lower-Belvedere.webp\" class=\"attachment-large size-large wp-image-1931\" alt=\"Orangerie Lower Belvedere\" srcset=\"https:\/\/belvederepalace.wientickets.org\/wp-content\/uploads\/2025\/11\/Orangery-Lower-Belvedere.webp 1024w, https:\/\/belvederepalace.wientickets.org\/wp-content\/uploads\/2025\/11\/Orangery-Lower-Belvedere-300x199.webp 300w, https:\/\/belvederepalace.wientickets.org\/wp-content\/uploads\/2025\/11\/Orangery-Lower-Belvedere-768x509.webp 768w\" sizes=\"(max-width: 800px) 100vw, 800px\" \/>\t\t\t\t\t\t\t\t\t\t\t\t\t\t\t<\/div>\n\t\t\t\t<\/div>\n\t\t\t\t<\/div>\n\t\t\t\t\t<\/div>\n\t\t\t\t<\/div>\n\t\t\t\t<section class=\"elementor-section elementor-top-section elementor-element elementor-element-a621f56 elementor-section-boxed elementor-section-height-default elementor-section-height-default\" data-id=\"a621f56\" data-element_type=\"section\">\n\t\t\t\t\t\t<div class=\"elementor-container elementor-column-gap-default\">\n\t\t\t\t\t<div class=\"elementor-column elementor-col-100 elementor-top-column elementor-element elementor-element-b650527\" data-id=\"b650527\" data-element_type=\"column\">\n\t\t\t<div class=\"elementor-widget-wrap elementor-element-populated\">\n\t\t\t\t\t\t<div class=\"elementor-element elementor-element-712336c elementor-widget elementor-widget-heading\" data-id=\"712336c\" data-element_type=\"widget\" id=\"belvedere21\" data-widget_type=\"heading.default\">\n\t\t\t\t<div class=\"elementor-widget-container\">\n\t\t\t\t\t<h2 class=\"elementor-heading-title elementor-size-default\">\u00c0 voir au Belv\u00e9d\u00e8re 21<\/h2>\t\t\t\t<\/div>\n\t\t\t\t<\/div>\n\t\t\t\t<div class=\"elementor-element elementor-element-1965c3b elementor-widget elementor-widget-text-editor\" data-id=\"1965c3b\" data-element_type=\"widget\" data-widget_type=\"text-editor.default\">\n\t\t\t\t<div class=\"elementor-widget-container\">\n\t\t\t\t\t\t\t\t\t<p>Le Belv\u00e9d\u00e8re 21 repr\u00e9sente la facette contemporaine du complexe, ax\u00e9e sur l&rsquo;art des XXe et XXIe si\u00e8cles. Ce b\u00e2timent moderniste, con\u00e7u par Karl Schwanzer, propose des <strong>expositions temporaires<\/strong>, un <strong>jardin de sculptures<\/strong> et un <strong>cin\u00e9ma<\/strong>. <\/p>\t\t\t\t\t\t\t\t<\/div>\n\t\t\t\t<\/div>\n\t\t\t\t\t<\/div>\n\t\t<\/div>\n\t\t\t\t\t<\/div>\n\t\t<\/section>\n\t\t<div class=\"elementor-element elementor-element-0a3b962 e-flex e-con-boxed e-con e-parent\" data-id=\"0a3b962\" data-element_type=\"container\">\n\t\t\t\t\t<div class=\"e-con-inner\">\n\t\t<div class=\"elementor-element elementor-element-e969836 e-con-full e-flex e-con e-child\" data-id=\"e969836\" data-element_type=\"container\">\n\t\t\t\t<div class=\"elementor-element elementor-element-acc7209 elementor-widget elementor-widget-image\" data-id=\"acc7209\" data-element_type=\"widget\" data-widget_type=\"image.default\">\n\t\t\t\t<div class=\"elementor-widget-container\">\n\t\t\t\t\t\t\t\t\t\t\t\t\t\t\t<img loading=\"lazy\" decoding=\"async\" width=\"800\" height=\"577\" src=\"https:\/\/belvederepalace.wientickets.org\/wp-content\/uploads\/2026\/01\/exhibition-belvedere-21-1024x738.webp\" class=\"attachment-large size-large wp-image-1959\" alt=\"Exposition au Belv\u00e9d\u00e8re 21\" srcset=\"https:\/\/belvederepalace.wientickets.org\/wp-content\/uploads\/2026\/01\/exhibition-belvedere-21-1024x738.webp 1024w, https:\/\/belvederepalace.wientickets.org\/wp-content\/uploads\/2026\/01\/exhibition-belvedere-21-300x216.webp 300w, https:\/\/belvederepalace.wientickets.org\/wp-content\/uploads\/2026\/01\/exhibition-belvedere-21-768x553.webp 768w, https:\/\/belvederepalace.wientickets.org\/wp-content\/uploads\/2026\/01\/exhibition-belvedere-21.webp 1280w\" sizes=\"(max-width: 800px) 100vw, 800px\" \/>\t\t\t\t\t\t\t\t\t\t\t\t\t\t\t<\/div>\n\t\t\t\t<\/div>\n\t\t\t\t<\/div>\n\t\t<div class=\"elementor-element elementor-element-5f3b843 e-con-full e-flex e-con e-child\" data-id=\"5f3b843\" data-element_type=\"container\">\n\t\t\t\t<div class=\"elementor-element elementor-element-dc163c5 elementor-widget elementor-widget-heading\" data-id=\"dc163c5\" data-element_type=\"widget\" data-widget_type=\"heading.default\">\n\t\t\t\t<div class=\"elementor-widget-container\">\n\t\t\t\t\t<h3 class=\"elementor-heading-title elementor-size-default\">Expositions temporaires<\/h3>\t\t\t\t<\/div>\n\t\t\t\t<\/div>\n\t\t\t\t<div class=\"elementor-element elementor-element-5baab11 elementor-widget elementor-widget-text-editor\" data-id=\"5baab11\" data-element_type=\"widget\" data-widget_type=\"text-editor.default\">\n\t\t\t\t<div class=\"elementor-widget-container\">\n\t\t\t\t\t\t\t\t\t<p>Le Belv\u00e9d\u00e8re 21 est une <strong>plateforme dynamique pour l&rsquo;art contemporain<\/strong>, qui pr\u00e9sente des expositions temporaires d&rsquo;artistes nationaux et internationaux actifs depuis l&rsquo;apr\u00e8s-guerre jusqu&rsquo;\u00e0 aujourd&rsquo;hui. Contrairement aux palais historiques, cet espace se concentre sur des th\u00e8mes sociaux, l&rsquo;exp\u00e9rimentation des m\u00e9dias et de nouvelles narrations visuelles. <\/p><p>L&rsquo;importance de ces expositions r\u00e9side dans leur capacit\u00e9 \u00e0 questionner l&rsquo;actualit\u00e9 et \u00e0 <strong>montrer l&rsquo;\u00e9volution de la sc\u00e8ne artistique viennoise la plus r\u00e9cente<\/strong>. Les visiteurs y trouveront des vid\u00e9os, des photographies, des peintures contemporaines et des projets interdisciplinaires. La programmation cherche \u00e0 relier l&rsquo;h\u00e9ritage historique du Belv\u00e9d\u00e8re aux pr\u00e9occupations du pr\u00e9sent.  <\/p><p><em>Photo : \u00ab\u00a0Belvedere 21\u00a0\u00bb par Tudoi61.<\/em><\/p>\t\t\t\t\t\t\t\t<\/div>\n\t\t\t\t<\/div>\n\t\t\t\t<\/div>\n\t\t\t\t\t<\/div>\n\t\t\t\t<\/div>\n\t\t<div class=\"elementor-element elementor-element-81c39d8 e-flex e-con-boxed e-con e-parent\" data-id=\"81c39d8\" data-element_type=\"container\">\n\t\t\t\t\t<div class=\"e-con-inner\">\n\t\t\t\t<div class=\"elementor-element elementor-element-df7cfa8 elementor-widget elementor-widget-spacer\" data-id=\"df7cfa8\" data-element_type=\"widget\" data-widget_type=\"spacer.default\">\n\t\t\t\t<div class=\"elementor-widget-container\">\n\t\t\t\t\t\t\t<div class=\"elementor-spacer\">\n\t\t\t<div class=\"elementor-spacer-inner\"><\/div>\n\t\t<\/div>\n\t\t\t\t\t\t<\/div>\n\t\t\t\t<\/div>\n\t\t\t\t\t<\/div>\n\t\t\t\t<\/div>\n\t\t<div class=\"elementor-element elementor-element-1d21fef e-flex e-con-boxed e-con e-parent\" data-id=\"1d21fef\" data-element_type=\"container\">\n\t\t\t\t\t<div class=\"e-con-inner\">\n\t\t<div class=\"elementor-element elementor-element-b0e35c2 e-con-full e-flex e-con e-child\" data-id=\"b0e35c2\" data-element_type=\"container\">\n\t\t\t\t<div class=\"elementor-element elementor-element-fa959ca elementor-widget elementor-widget-heading\" data-id=\"fa959ca\" data-element_type=\"widget\" data-widget_type=\"heading.default\">\n\t\t\t\t<div class=\"elementor-widget-container\">\n\t\t\t\t\t<h3 class=\"elementor-heading-title elementor-size-default\">Jardin de sculptures<\/h3>\t\t\t\t<\/div>\n\t\t\t\t<\/div>\n\t\t\t\t<div class=\"elementor-element elementor-element-c3f6071 elementor-widget elementor-widget-text-editor\" data-id=\"c3f6071\" data-element_type=\"widget\" data-widget_type=\"text-editor.default\">\n\t\t\t\t<div class=\"elementor-widget-container\">\n\t\t\t\t\t\t\t\t\t<p>Le jardin de sculptures du Belv\u00e9d\u00e8re 21 est l <a style=\"color: #7e0009;\" href=\"https:\/\/belvederepalace.wientickets.org\/fr\/belvedere-schlossgarten-jardins\/\">&lsquo;un des jardins du complexe.<\/a> Cet espace entoure le b\u00e2timent moderniste et <strong>abrite des \u0153uvres tridimensionnelles d&rsquo;artistes contemporains<\/strong>. Le jardin fonctionne comme une extension des galeries int\u00e9rieures.<\/p><p>La collection ext\u00e9rieure comprend des \u0153uvres permanentes et des pr\u00eats qui explorent la forme, le mat\u00e9riau et l&rsquo;espace public. Son importance r\u00e9side dans le fait qu&rsquo;elle offre une exp\u00e9rience esth\u00e9tique accessible sans les restrictions d&rsquo;une galerie ferm\u00e9e. L&rsquo;<strong>une des \u0153uvres expos\u00e9es est \u00ab\u00a0B-Girls, go !\u00a0\u00bb de Maru\u0161a Sagadin<\/strong>, qui r\u00e9interpr\u00e8te une casquette de baseball \u00e0 travers le pop art. <\/p><p><em>Photo&nbsp;: \u00ab&nbsp;Marusa Sagadin &#8211; B-Girls, Go!&nbsp;\u00bb par <a style=\"color: #7e0009;\" href=\"https:\/\/commons.wikimedia.org\/wiki\/User:1rhb\" target=\"_blank\" rel=\"noopener\">1rhb<\/a>.<\/em><\/p>\t\t\t\t\t\t\t\t<\/div>\n\t\t\t\t<\/div>\n\t\t\t\t<\/div>\n\t\t<div class=\"elementor-element elementor-element-543f42d e-con-full e-flex e-con e-child\" data-id=\"543f42d\" data-element_type=\"container\">\n\t\t\t\t<div class=\"elementor-element elementor-element-1d120f1 elementor-widget elementor-widget-image\" data-id=\"1d120f1\" data-element_type=\"widget\" data-widget_type=\"image.default\">\n\t\t\t\t<div class=\"elementor-widget-container\">\n\t\t\t\t\t\t\t\t\t\t\t\t\t\t\t<img loading=\"lazy\" decoding=\"async\" width=\"800\" height=\"533\" src=\"https:\/\/belvederepalace.wientickets.org\/wp-content\/uploads\/2026\/01\/b-girls-go-sculpture-by-marusa-sagadin-1024x682.webp\" class=\"attachment-large size-large wp-image-1608\" alt=\"Sculpture \u00ab&nbsp;B-Girls, go!&nbsp;\u00bb de Maru\u0161a Sagadin\" srcset=\"https:\/\/belvederepalace.wientickets.org\/wp-content\/uploads\/2026\/01\/b-girls-go-sculpture-by-marusa-sagadin-1024x682.webp 1024w, https:\/\/belvederepalace.wientickets.org\/wp-content\/uploads\/2026\/01\/b-girls-go-sculpture-by-marusa-sagadin-300x200.webp 300w, https:\/\/belvederepalace.wientickets.org\/wp-content\/uploads\/2026\/01\/b-girls-go-sculpture-by-marusa-sagadin-768x511.webp 768w, https:\/\/belvederepalace.wientickets.org\/wp-content\/uploads\/2026\/01\/b-girls-go-sculpture-by-marusa-sagadin.webp 1280w\" sizes=\"(max-width: 800px) 100vw, 800px\" \/>\t\t\t\t\t\t\t\t\t\t\t\t\t\t\t<\/div>\n\t\t\t\t<\/div>\n\t\t\t\t<\/div>\n\t\t\t\t\t<\/div>\n\t\t\t\t<\/div>\n\t\t<div class=\"elementor-element elementor-element-f8e88a9 e-flex e-con-boxed e-con e-parent\" data-id=\"f8e88a9\" data-element_type=\"container\">\n\t\t\t\t\t<div class=\"e-con-inner\">\n\t\t\t\t<div class=\"elementor-element elementor-element-966f9f8 elementor-widget elementor-widget-spacer\" data-id=\"966f9f8\" data-element_type=\"widget\" data-widget_type=\"spacer.default\">\n\t\t\t\t<div class=\"elementor-widget-container\">\n\t\t\t\t\t\t\t<div class=\"elementor-spacer\">\n\t\t\t<div class=\"elementor-spacer-inner\"><\/div>\n\t\t<\/div>\n\t\t\t\t\t\t<\/div>\n\t\t\t\t<\/div>\n\t\t\t\t\t<\/div>\n\t\t\t\t<\/div>\n\t\t<div class=\"elementor-element elementor-element-e112cff e-flex e-con-boxed e-con e-parent\" data-id=\"e112cff\" data-element_type=\"container\">\n\t\t\t\t\t<div class=\"e-con-inner\">\n\t\t<div class=\"elementor-element elementor-element-aab86b8 e-con-full e-flex e-con e-child\" data-id=\"aab86b8\" data-element_type=\"container\">\n\t\t\t\t<div class=\"elementor-element elementor-element-2f7262c elementor-widget elementor-widget-image\" data-id=\"2f7262c\" data-element_type=\"widget\" data-widget_type=\"image.default\">\n\t\t\t\t<div class=\"elementor-widget-container\">\n\t\t\t\t\t\t\t\t\t\t\t\t\t\t\t<img loading=\"lazy\" decoding=\"async\" width=\"800\" height=\"405\" src=\"https:\/\/belvederepalace.wientickets.org\/wp-content\/uploads\/2024\/08\/belvedere-21-1024x518.webp\" class=\"attachment-large size-large wp-image-1960\" alt=\"\" srcset=\"https:\/\/belvederepalace.wientickets.org\/wp-content\/uploads\/2024\/08\/belvedere-21-1024x518.webp 1024w, https:\/\/belvederepalace.wientickets.org\/wp-content\/uploads\/2024\/08\/belvedere-21-300x152.webp 300w, https:\/\/belvederepalace.wientickets.org\/wp-content\/uploads\/2024\/08\/belvedere-21-768x388.webp 768w, https:\/\/belvederepalace.wientickets.org\/wp-content\/uploads\/2024\/08\/belvedere-21.webp 1100w\" sizes=\"(max-width: 800px) 100vw, 800px\" \/>\t\t\t\t\t\t\t\t\t\t\t\t\t\t\t<\/div>\n\t\t\t\t<\/div>\n\t\t\t\t<\/div>\n\t\t<div class=\"elementor-element elementor-element-5fdef3b e-con-full e-flex e-con e-child\" data-id=\"5fdef3b\" data-element_type=\"container\">\n\t\t\t\t<div class=\"elementor-element elementor-element-fab9e31 elementor-widget elementor-widget-heading\" data-id=\"fab9e31\" data-element_type=\"widget\" data-widget_type=\"heading.default\">\n\t\t\t\t<div class=\"elementor-widget-container\">\n\t\t\t\t\t<h3 class=\"elementor-heading-title elementor-size-default\">Cin\u00e9ma et architecture (Blickle Kino)<\/h3>\t\t\t\t<\/div>\n\t\t\t\t<\/div>\n\t\t\t\t<div class=\"elementor-element elementor-element-38fa873 elementor-widget elementor-widget-text-editor\" data-id=\"38fa873\" data-element_type=\"widget\" data-widget_type=\"text-editor.default\">\n\t\t\t\t<div class=\"elementor-widget-container\">\n\t\t\t\t\t\t\t\t\t<p>Le Belvedere 21 se distingue \u00e9galement par la pr\u00e9sence du <strong>Blickle Kino<\/strong> ou <strong>Blickle Cinema<\/strong>, le <strong>seul cin\u00e9ma de Vienne \u00e0 avoir conserv\u00e9 son design original des ann\u00e9es 1950<\/strong>. Cette salle de projection est une pi\u00e8ce fondamentale de l&rsquo;architecture d&rsquo;apr\u00e8s-guerre et est utilis\u00e9e pour des cycles de films d&rsquo;auteur, des documentaires artistiques et des pr\u00e9sentations acad\u00e9miques. Le design du cin\u00e9ma, avec son mobilier et son esth\u00e9tique r\u00e9tro, conf\u00e8re une valeur historique suppl\u00e9mentaire au b\u00e2timent.  <\/p>\t\t\t\t\t\t\t\t<\/div>\n\t\t\t\t<\/div>\n\t\t\t\t<\/div>\n\t\t\t\t\t<\/div>\n\t\t\t\t<\/div>\n\t\t\t\t<section class=\"elementor-section elementor-top-section elementor-element elementor-element-3606eb5 elementor-section-boxed elementor-section-height-default elementor-section-height-default\" data-id=\"3606eb5\" data-element_type=\"section\">\n\t\t\t\t\t\t<div class=\"elementor-container elementor-column-gap-default\">\n\t\t\t\t\t<div class=\"elementor-column elementor-col-100 elementor-top-column elementor-element elementor-element-0967684\" data-id=\"0967684\" data-element_type=\"column\">\n\t\t\t<div class=\"elementor-widget-wrap elementor-element-populated\">\n\t\t\t\t\t\t<div class=\"elementor-element elementor-element-de7300a elementor-widget elementor-widget-text-editor\" data-id=\"de7300a\" data-element_type=\"widget\" data-widget_type=\"text-editor.default\">\n\t\t\t\t<div class=\"elementor-widget-container\">\n\t\t\t\t\t\t\t\t\t<p>En outre, la structure m\u00eame du Belv\u00e9d\u00e8re 21 est un objet d&rsquo;\u00e9tude : il s&rsquo;agissait du pavillon autrichien de l&rsquo;exposition universelle de Bruxelles en 1958, avant d&rsquo;\u00eatre d\u00e9plac\u00e9 \u00e0 son emplacement actuel. Les visiteurs int\u00e9ress\u00e9s par l&rsquo;architecture moderne pourront appr\u00e9cier l&rsquo;utilisation innovante de <strong>mat\u00e9riaux industriels<\/strong>, qui diff\u00e9rencie radicalement cette section du complexe des structures baroques du Belv\u00e9d\u00e8re sup\u00e9rieur et du Belv\u00e9d\u00e8re inf\u00e9rieur. <\/p>\t\t\t\t\t\t\t\t<\/div>\n\t\t\t\t<\/div>\n\t\t\t\t\t<\/div>\n\t\t<\/div>\n\t\t\t\t\t<\/div>\n\t\t<\/section>\n\t\t\t\t<section class=\"elementor-section elementor-top-section elementor-element elementor-element-89e3771 elementor-section-boxed elementor-section-height-default elementor-section-height-default\" data-id=\"89e3771\" data-element_type=\"section\">\n\t\t\t\t\t\t<div class=\"elementor-container elementor-column-gap-default\">\n\t\t\t\t\t<div class=\"elementor-column elementor-col-100 elementor-top-column elementor-element elementor-element-e1d56e9\" data-id=\"e1d56e9\" data-element_type=\"column\">\n\t\t\t<div class=\"elementor-widget-wrap elementor-element-populated\">\n\t\t\t\t\t\t<div class=\"elementor-element elementor-element-b6769e5 elementor-widget elementor-widget-heading\" data-id=\"b6769e5\" data-element_type=\"widget\" id=\"near\" data-widget_type=\"heading.default\">\n\t\t\t\t<div class=\"elementor-widget-container\">\n\t\t\t\t\t<h2 class=\"elementor-heading-title elementor-size-default\">Activit\u00e9s \u00e0 proximit\u00e9 du Palais du Belv\u00e9d\u00e8re<\/h2>\t\t\t\t<\/div>\n\t\t\t\t<\/div>\n\t\t\t\t<div class=\"elementor-element elementor-element-021f04a elementor-widget elementor-widget-text-editor\" data-id=\"021f04a\" data-element_type=\"widget\" data-widget_type=\"text-editor.default\">\n\t\t\t\t<div class=\"elementor-widget-container\">\n\t\t\t\t\t\t\t\t\t<p><strong>De nombreux points d&rsquo;int\u00e9r\u00eat culturel et historique sont situ\u00e9s \u00e0 proximit\u00e9 du palais du Belv\u00e9d\u00e8re<\/strong>, permettant aux visiteurs de compl\u00e9ter leur itin\u00e9raire dans le centre de Vienne et le quartier de la Landstra\u00dfe. Ces sites offrent une perspective compl\u00e9mentaire sur l&rsquo;histoire imp\u00e9riale et la vie urbaine actuelle : <\/p>\t\t\t\t\t\t\t\t<\/div>\n\t\t\t\t<\/div>\n\t\t\t\t\t<\/div>\n\t\t<\/div>\n\t\t\t\t\t<\/div>\n\t\t<\/section>\n\t\t<div class=\"elementor-element elementor-element-0e46df4 e-grid e-con-boxed e-con e-parent\" data-id=\"0e46df4\" data-element_type=\"container\">\n\t\t\t\t\t<div class=\"e-con-inner\">\n\t\t<div class=\"elementor-element elementor-element-c376d6b e-con-full e-flex e-con e-child\" data-id=\"c376d6b\" data-element_type=\"container\">\n\t\t\t\t<div class=\"elementor-element elementor-element-707e557 elementor-widget elementor-widget-image\" data-id=\"707e557\" data-element_type=\"widget\" data-widget_type=\"image.default\">\n\t\t\t\t<div class=\"elementor-widget-container\">\n\t\t\t\t\t\t\t\t\t\t\t\t\t\t\t<img loading=\"lazy\" decoding=\"async\" width=\"800\" height=\"450\" src=\"https:\/\/belvederepalace.wientickets.org\/wp-content\/uploads\/2026\/01\/botanical-garden-1024x576.webp\" class=\"attachment-large size-large wp-image-1609\" alt=\"Le jardin botanique\" srcset=\"https:\/\/belvederepalace.wientickets.org\/wp-content\/uploads\/2026\/01\/botanical-garden-1024x576.webp 1024w, https:\/\/belvederepalace.wientickets.org\/wp-content\/uploads\/2026\/01\/botanical-garden-300x169.webp 300w, https:\/\/belvederepalace.wientickets.org\/wp-content\/uploads\/2026\/01\/botanical-garden-768x432.webp 768w, https:\/\/belvederepalace.wientickets.org\/wp-content\/uploads\/2026\/01\/botanical-garden.webp 1280w\" sizes=\"(max-width: 800px) 100vw, 800px\" \/>\t\t\t\t\t\t\t\t\t\t\t\t\t\t\t<\/div>\n\t\t\t\t<\/div>\n\t\t\t\t<div class=\"elementor-element elementor-element-2375c32 elementor-widget elementor-widget-heading\" data-id=\"2375c32\" data-element_type=\"widget\" data-widget_type=\"heading.default\">\n\t\t\t\t<div class=\"elementor-widget-container\">\n\t\t\t\t\t<h3 class=\"elementor-heading-title elementor-size-default\">Jardin botanique de l'Universit\u00e9 de Vienne<\/h3>\t\t\t\t<\/div>\n\t\t\t\t<\/div>\n\t\t\t\t<div class=\"elementor-element elementor-element-8215b29 elementor-widget elementor-widget-text-editor\" data-id=\"8215b29\" data-element_type=\"widget\" data-widget_type=\"text-editor.default\">\n\t\t\t\t<div class=\"elementor-widget-container\">\n\t\t\t\t\t\t\t\t\t<p>Juste \u00e0 c\u00f4t\u00e9 du Belv\u00e9d\u00e8re se trouve cet espace vert qui <strong>abrite des milliers d&rsquo;esp\u00e8ces v\u00e9g\u00e9tales<\/strong> \u00e0 des fins de recherche et de promenade.<\/p>\t\t\t\t\t\t\t\t<\/div>\n\t\t\t\t<\/div>\n\t\t\t\t<\/div>\n\t\t<div class=\"elementor-element elementor-element-cd36513 e-con-full e-flex e-con e-child\" data-id=\"cd36513\" data-element_type=\"container\">\n\t\t\t\t<div class=\"elementor-element elementor-element-701a5b3 elementor-widget elementor-widget-image\" data-id=\"701a5b3\" data-element_type=\"widget\" data-widget_type=\"image.default\">\n\t\t\t\t<div class=\"elementor-widget-container\">\n\t\t\t\t\t\t\t\t\t\t\t\t\t\t\t<img loading=\"lazy\" decoding=\"async\" width=\"800\" height=\"450\" src=\"https:\/\/belvederepalace.wientickets.org\/wp-content\/uploads\/2026\/01\/konzerthaus-1024x576.webp\" class=\"attachment-large size-large wp-image-1961\" alt=\"Konzerthaus\" srcset=\"https:\/\/belvederepalace.wientickets.org\/wp-content\/uploads\/2026\/01\/konzerthaus-1024x576.webp 1024w, https:\/\/belvederepalace.wientickets.org\/wp-content\/uploads\/2026\/01\/konzerthaus-300x169.webp 300w, https:\/\/belvederepalace.wientickets.org\/wp-content\/uploads\/2026\/01\/konzerthaus-768x432.webp 768w, https:\/\/belvederepalace.wientickets.org\/wp-content\/uploads\/2026\/01\/konzerthaus.webp 1280w\" sizes=\"(max-width: 800px) 100vw, 800px\" \/>\t\t\t\t\t\t\t\t\t\t\t\t\t\t\t<\/div>\n\t\t\t\t<\/div>\n\t\t\t\t<div class=\"elementor-element elementor-element-85b1937 elementor-widget elementor-widget-heading\" data-id=\"85b1937\" data-element_type=\"widget\" data-widget_type=\"heading.default\">\n\t\t\t\t<div class=\"elementor-widget-container\">\n\t\t\t\t\t<h3 class=\"elementor-heading-title elementor-size-default\">Konzerthaus<\/h3>\t\t\t\t<\/div>\n\t\t\t\t<\/div>\n\t\t\t\t<div class=\"elementor-element elementor-element-216a2a8 elementor-widget elementor-widget-spacer\" data-id=\"216a2a8\" data-element_type=\"widget\" data-widget_type=\"spacer.default\">\n\t\t\t\t<div class=\"elementor-widget-container\">\n\t\t\t\t\t\t\t<div class=\"elementor-spacer\">\n\t\t\t<div class=\"elementor-spacer-inner\"><\/div>\n\t\t<\/div>\n\t\t\t\t\t\t<\/div>\n\t\t\t\t<\/div>\n\t\t\t\t<div class=\"elementor-element elementor-element-13b69c0 elementor-widget elementor-widget-text-editor\" data-id=\"13b69c0\" data-element_type=\"widget\" data-widget_type=\"text-editor.default\">\n\t\t\t\t<div class=\"elementor-widget-container\">\n\t\t\t\t\t\t\t\t\t<p>\u00c0 environ 15 minutes de marche se trouve cette salle de concert o\u00f9 se d\u00e9roulent <strong>des spectacles de musique classique et contemporaine.<\/strong><\/p>\t\t\t\t\t\t\t\t<\/div>\n\t\t\t\t<\/div>\n\t\t\t\t<\/div>\n\t\t<div class=\"elementor-element elementor-element-984a2b2 e-con-full e-flex e-con e-child\" data-id=\"984a2b2\" data-element_type=\"container\">\n\t\t\t\t<div class=\"elementor-element elementor-element-5a62c37 elementor-widget elementor-widget-image\" data-id=\"5a62c37\" data-element_type=\"widget\" data-widget_type=\"image.default\">\n\t\t\t\t<div class=\"elementor-widget-container\">\n\t\t\t\t\t\t\t\t\t\t\t\t\t\t\t<img loading=\"lazy\" decoding=\"async\" width=\"800\" height=\"450\" src=\"https:\/\/belvederepalace.wientickets.org\/wp-content\/uploads\/2026\/01\/st-charles-church-karlskirche-1024x576.webp\" class=\"attachment-large size-large wp-image-1962\" alt=\"\u00c9glise Saint-Charles (Karlskirche)\" srcset=\"https:\/\/belvederepalace.wientickets.org\/wp-content\/uploads\/2026\/01\/st-charles-church-karlskirche-1024x576.webp 1024w, https:\/\/belvederepalace.wientickets.org\/wp-content\/uploads\/2026\/01\/st-charles-church-karlskirche-300x169.webp 300w, https:\/\/belvederepalace.wientickets.org\/wp-content\/uploads\/2026\/01\/st-charles-church-karlskirche-768x432.webp 768w, https:\/\/belvederepalace.wientickets.org\/wp-content\/uploads\/2026\/01\/st-charles-church-karlskirche.webp 1280w\" sizes=\"(max-width: 800px) 100vw, 800px\" \/>\t\t\t\t\t\t\t\t\t\t\t\t\t\t\t<\/div>\n\t\t\t\t<\/div>\n\t\t\t\t<div class=\"elementor-element elementor-element-6ebe3eb elementor-widget elementor-widget-heading\" data-id=\"6ebe3eb\" data-element_type=\"widget\" data-widget_type=\"heading.default\">\n\t\t\t\t<div class=\"elementor-widget-container\">\n\t\t\t\t\t<h3 class=\"elementor-heading-title elementor-size-default\">\u00c9glise Saint-Charles (Karlskirche)<\/h3>\t\t\t\t<\/div>\n\t\t\t\t<\/div>\n\t\t\t\t<div class=\"elementor-element elementor-element-53e2453 elementor-widget elementor-widget-text-editor\" data-id=\"53e2453\" data-element_type=\"widget\" data-widget_type=\"text-editor.default\">\n\t\t\t\t<div class=\"elementor-widget-container\">\n\t\t\t\t\t\t\t\t\t<p><span style=\"background-color: transparent;\">Sur la Karlsplatz, \u00e0 environ 15-20 minutes \u00e0 pied, se trouve ce <strong>temple baroque<\/strong> avec son d\u00f4me et ses colonnes inspir\u00e9s de la colonne de Trajan.<\/span><\/p>\t\t\t\t\t\t\t\t<\/div>\n\t\t\t\t<\/div>\n\t\t\t\t<\/div>\n\t\t<div class=\"elementor-element elementor-element-1b99a1e e-con-full e-flex e-con e-child\" data-id=\"1b99a1e\" data-element_type=\"container\">\n\t\t\t\t<div class=\"elementor-element elementor-element-0bde97d elementor-widget elementor-widget-image\" data-id=\"0bde97d\" data-element_type=\"widget\" data-widget_type=\"image.default\">\n\t\t\t\t<div class=\"elementor-widget-container\">\n\t\t\t\t\t\t\t\t\t\t\t\t\t\t\t<img loading=\"lazy\" decoding=\"async\" width=\"800\" height=\"450\" src=\"https:\/\/belvederepalace.wientickets.org\/wp-content\/uploads\/2026\/01\/heeresgeschichtliches-museum-1024x576.webp\" class=\"attachment-large size-large wp-image-1963\" alt=\"Heeresgeschichtliches Museum\" srcset=\"https:\/\/belvederepalace.wientickets.org\/wp-content\/uploads\/2026\/01\/heeresgeschichtliches-museum-1024x576.webp 1024w, https:\/\/belvederepalace.wientickets.org\/wp-content\/uploads\/2026\/01\/heeresgeschichtliches-museum-300x169.webp 300w, https:\/\/belvederepalace.wientickets.org\/wp-content\/uploads\/2026\/01\/heeresgeschichtliches-museum-768x432.webp 768w, https:\/\/belvederepalace.wientickets.org\/wp-content\/uploads\/2026\/01\/heeresgeschichtliches-museum.webp 1280w\" sizes=\"(max-width: 800px) 100vw, 800px\" \/>\t\t\t\t\t\t\t\t\t\t\t\t\t\t\t<\/div>\n\t\t\t\t<\/div>\n\t\t\t\t<div class=\"elementor-element elementor-element-37632f1 elementor-widget elementor-widget-heading\" data-id=\"37632f1\" data-element_type=\"widget\" data-widget_type=\"heading.default\">\n\t\t\t\t<div class=\"elementor-widget-container\">\n\t\t\t\t\t<h3 class=\"elementor-heading-title elementor-size-default\">Heeresgeschichtliches Museum<\/h3>\t\t\t\t<\/div>\n\t\t\t\t<\/div>\n\t\t\t\t<div class=\"elementor-element elementor-element-df5f4df elementor-widget elementor-widget-text-editor\" data-id=\"df5f4df\" data-element_type=\"widget\" data-widget_type=\"text-editor.default\">\n\t\t\t\t<div class=\"elementor-widget-container\">\n\t\t\t\t\t\t\t\t\t<p>Situ\u00e9 dans l&rsquo;Arsenal (25-30 minutes de marche), le <strong>mus\u00e9e de l&rsquo;histoire militaire<\/strong> pr\u00e9sente les forces arm\u00e9es de l&rsquo;Empire autrichien et les conflits historiques.<\/p>\t\t\t\t\t\t\t\t<\/div>\n\t\t\t\t<\/div>\n\t\t\t\t<\/div>\n\t\t\t\t\t<\/div>\n\t\t\t\t<\/div>\n\t\t\t\t<\/div>\n\t\t","protected":false},"excerpt":{"rendered":"<p>Visite du palais du Belv\u00e9d\u00e8re Le palais du Belv\u00e9d\u00e8re abrite une vaste collection d&rsquo;\u0153uvres d&rsquo;art allant du Moyen \u00c2ge aux \u0153uvres contemporaines. Les principales attractions sont le Belv\u00e9d\u00e8re sup\u00e9rieur, qui abrite Le Baiser de Gustav Klimt et la Salle de Marbre, reli\u00e9s au Belv\u00e9d\u00e8re inf\u00e9rieur par des jardins sym\u00e9triques \u00e0 la fran\u00e7aise. Le complexe comprend [&hellip;]<\/p>\n","protected":false},"author":2,"featured_media":1957,"parent":0,"menu_order":0,"comment_status":"closed","ping_status":"closed","template":"elementor_header_footer","meta":{"footnotes":""},"class_list":["post-1956","page","type-page","status-publish","has-post-thumbnail","hentry"],"yoast_head":"<!-- This site is optimized with the Yoast SEO plugin v26.7 - https:\/\/yoast.com\/wordpress\/plugins\/seo\/ -->\n<title>Que voir au palais du Belv\u00e9d\u00e8re ?<\/title>\n<meta name=\"description\" content=\"Une visite au palais du Belv\u00e9d\u00e8re vous permettra de d\u00e9couvrir ses jardins, ses b\u00e2timents historiques, sa collection d&#039;art autrichien et bien d&#039;autres choses encore.\" \/>\n<meta name=\"robots\" content=\"index, follow, max-snippet:-1, max-image-preview:large, max-video-preview:-1\" \/>\n<link rel=\"canonical\" href=\"https:\/\/belvederepalace.wientickets.org\/fr\/visite-du-palais-du-belvedere\/\" \/>\n<meta property=\"og:locale\" content=\"fr_FR\" \/>\n<meta property=\"og:type\" content=\"article\" \/>\n<meta property=\"og:title\" content=\"Que voir au palais du Belv\u00e9d\u00e8re ?\" \/>\n<meta property=\"og:description\" content=\"Une visite au palais du Belv\u00e9d\u00e8re vous permettra de d\u00e9couvrir ses jardins, ses b\u00e2timents historiques, sa collection d&#039;art autrichien et bien d&#039;autres choses encore.\" \/>\n<meta property=\"og:url\" content=\"https:\/\/belvederepalace.wientickets.org\/fr\/visite-du-palais-du-belvedere\/\" \/>\n<meta property=\"og:site_name\" content=\"Belvedere Palace Tickets\" \/>\n<meta property=\"article:modified_time\" content=\"2026-01-23T09:18:17+00:00\" \/>\n<meta property=\"og:image\" content=\"https:\/\/belvederepalace.wientickets.org\/wp-content\/uploads\/2026\/01\/visiting-belvedere-palace.webp\" \/>\n\t<meta property=\"og:image:width\" content=\"1280\" \/>\n\t<meta property=\"og:image:height\" content=\"720\" \/>\n\t<meta property=\"og:image:type\" content=\"image\/webp\" \/>\n<meta name=\"twitter:card\" content=\"summary_large_image\" \/>\n<meta name=\"twitter:label1\" content=\"Dur\u00e9e de lecture estim\u00e9e\" \/>\n\t<meta name=\"twitter:data1\" content=\"15 minutes\" \/>\n<script type=\"application\/ld+json\" class=\"yoast-schema-graph\">{\"@context\":\"https:\/\/schema.org\",\"@graph\":[{\"@type\":\"WebPage\",\"@id\":\"https:\/\/belvederepalace.wientickets.org\/fr\/visite-du-palais-du-belvedere\/\",\"url\":\"https:\/\/belvederepalace.wientickets.org\/fr\/visite-du-palais-du-belvedere\/\",\"name\":\"Que voir au palais du Belv\u00e9d\u00e8re ?\",\"isPartOf\":{\"@id\":\"https:\/\/belvederepalace.wientickets.org\/fr\/#website\"},\"primaryImageOfPage\":{\"@id\":\"https:\/\/belvederepalace.wientickets.org\/fr\/visite-du-palais-du-belvedere\/#primaryimage\"},\"image\":{\"@id\":\"https:\/\/belvederepalace.wientickets.org\/fr\/visite-du-palais-du-belvedere\/#primaryimage\"},\"thumbnailUrl\":\"https:\/\/belvederepalace.wientickets.org\/wp-content\/uploads\/2026\/01\/visiting-belvedere-palace.webp\",\"datePublished\":\"2026-01-15T09:53:11+00:00\",\"dateModified\":\"2026-01-23T09:18:17+00:00\",\"description\":\"Une visite au palais du Belv\u00e9d\u00e8re vous permettra de d\u00e9couvrir ses jardins, ses b\u00e2timents historiques, sa collection d'art autrichien et bien d'autres choses encore.\",\"breadcrumb\":{\"@id\":\"https:\/\/belvederepalace.wientickets.org\/fr\/visite-du-palais-du-belvedere\/#breadcrumb\"},\"inLanguage\":\"fr-FR\",\"potentialAction\":[{\"@type\":\"ReadAction\",\"target\":[\"https:\/\/belvederepalace.wientickets.org\/fr\/visite-du-palais-du-belvedere\/\"]}]},{\"@type\":\"ImageObject\",\"inLanguage\":\"fr-FR\",\"@id\":\"https:\/\/belvederepalace.wientickets.org\/fr\/visite-du-palais-du-belvedere\/#primaryimage\",\"url\":\"https:\/\/belvederepalace.wientickets.org\/wp-content\/uploads\/2026\/01\/visiting-belvedere-palace.webp\",\"contentUrl\":\"https:\/\/belvederepalace.wientickets.org\/wp-content\/uploads\/2026\/01\/visiting-belvedere-palace.webp\",\"width\":1280,\"height\":720,\"caption\":\"Visite du palais du Belv\u00e9d\u00e8re\"},{\"@type\":\"BreadcrumbList\",\"@id\":\"https:\/\/belvederepalace.wientickets.org\/fr\/visite-du-palais-du-belvedere\/#breadcrumb\",\"itemListElement\":[{\"@type\":\"ListItem\",\"position\":1,\"name\":\"Home\",\"item\":\"https:\/\/belvederepalace.wientickets.org\/fr\/\"},{\"@type\":\"ListItem\",\"position\":2,\"name\":\"Visite du palais du Belv\u00e9d\u00e8re\"}]},{\"@type\":\"WebSite\",\"@id\":\"https:\/\/belvederepalace.wientickets.org\/fr\/#website\",\"url\":\"https:\/\/belvederepalace.wientickets.org\/fr\/\",\"name\":\"Belvedere Palace Tickets\",\"description\":\"\",\"publisher\":{\"@id\":\"https:\/\/belvederepalace.wientickets.org\/fr\/#organization\"},\"potentialAction\":[{\"@type\":\"SearchAction\",\"target\":{\"@type\":\"EntryPoint\",\"urlTemplate\":\"https:\/\/belvederepalace.wientickets.org\/fr\/?s={search_term_string}\"},\"query-input\":{\"@type\":\"PropertyValueSpecification\",\"valueRequired\":true,\"valueName\":\"search_term_string\"}}],\"inLanguage\":\"fr-FR\"},{\"@type\":\"Organization\",\"@id\":\"https:\/\/belvederepalace.wientickets.org\/fr\/#organization\",\"name\":\"Billets pour le ch\u00e2teau de Belvedere\",\"url\":\"https:\/\/belvederepalace.wientickets.org\/fr\/\",\"logo\":{\"@type\":\"ImageObject\",\"inLanguage\":\"fr-FR\",\"@id\":\"https:\/\/belvederepalace.wientickets.org\/fr\/#\/schema\/logo\/image\/\",\"url\":\"https:\/\/belvederepalace.wientickets.org\/wp-content\/uploads\/2024\/08\/belvedere-palace-tickets-logo.png\",\"contentUrl\":\"https:\/\/belvederepalace.wientickets.org\/wp-content\/uploads\/2024\/08\/belvedere-palace-tickets-logo.png\",\"width\":375,\"height\":70,\"caption\":\"Billets pour le ch\u00e2teau de Belvedere\"},\"image\":{\"@id\":\"https:\/\/belvederepalace.wientickets.org\/fr\/#\/schema\/logo\/image\/\"}}]}<\/script>\n<!-- \/ Yoast SEO plugin. -->","yoast_head_json":{"title":"Que voir au palais du Belv\u00e9d\u00e8re ?","description":"Une visite au palais du Belv\u00e9d\u00e8re vous permettra de d\u00e9couvrir ses jardins, ses b\u00e2timents historiques, sa collection d'art autrichien et bien d'autres choses encore.","robots":{"index":"index","follow":"follow","max-snippet":"max-snippet:-1","max-image-preview":"max-image-preview:large","max-video-preview":"max-video-preview:-1"},"canonical":"https:\/\/belvederepalace.wientickets.org\/fr\/visite-du-palais-du-belvedere\/","og_locale":"fr_FR","og_type":"article","og_title":"Que voir au palais du Belv\u00e9d\u00e8re ?","og_description":"Une visite au palais du Belv\u00e9d\u00e8re vous permettra de d\u00e9couvrir ses jardins, ses b\u00e2timents historiques, sa collection d'art autrichien et bien d'autres choses encore.","og_url":"https:\/\/belvederepalace.wientickets.org\/fr\/visite-du-palais-du-belvedere\/","og_site_name":"Belvedere Palace Tickets","article_modified_time":"2026-01-23T09:18:17+00:00","og_image":[{"width":1280,"height":720,"url":"https:\/\/belvederepalace.wientickets.org\/wp-content\/uploads\/2026\/01\/visiting-belvedere-palace.webp","type":"image\/webp"}],"twitter_card":"summary_large_image","twitter_misc":{"Dur\u00e9e de lecture estim\u00e9e":"15 minutes"},"schema":{"@context":"https:\/\/schema.org","@graph":[{"@type":"WebPage","@id":"https:\/\/belvederepalace.wientickets.org\/fr\/visite-du-palais-du-belvedere\/","url":"https:\/\/belvederepalace.wientickets.org\/fr\/visite-du-palais-du-belvedere\/","name":"Que voir au palais du Belv\u00e9d\u00e8re ?","isPartOf":{"@id":"https:\/\/belvederepalace.wientickets.org\/fr\/#website"},"primaryImageOfPage":{"@id":"https:\/\/belvederepalace.wientickets.org\/fr\/visite-du-palais-du-belvedere\/#primaryimage"},"image":{"@id":"https:\/\/belvederepalace.wientickets.org\/fr\/visite-du-palais-du-belvedere\/#primaryimage"},"thumbnailUrl":"https:\/\/belvederepalace.wientickets.org\/wp-content\/uploads\/2026\/01\/visiting-belvedere-palace.webp","datePublished":"2026-01-15T09:53:11+00:00","dateModified":"2026-01-23T09:18:17+00:00","description":"Une visite au palais du Belv\u00e9d\u00e8re vous permettra de d\u00e9couvrir ses jardins, ses b\u00e2timents historiques, sa collection d'art autrichien et bien d'autres choses encore.","breadcrumb":{"@id":"https:\/\/belvederepalace.wientickets.org\/fr\/visite-du-palais-du-belvedere\/#breadcrumb"},"inLanguage":"fr-FR","potentialAction":[{"@type":"ReadAction","target":["https:\/\/belvederepalace.wientickets.org\/fr\/visite-du-palais-du-belvedere\/"]}]},{"@type":"ImageObject","inLanguage":"fr-FR","@id":"https:\/\/belvederepalace.wientickets.org\/fr\/visite-du-palais-du-belvedere\/#primaryimage","url":"https:\/\/belvederepalace.wientickets.org\/wp-content\/uploads\/2026\/01\/visiting-belvedere-palace.webp","contentUrl":"https:\/\/belvederepalace.wientickets.org\/wp-content\/uploads\/2026\/01\/visiting-belvedere-palace.webp","width":1280,"height":720,"caption":"Visite du palais du Belv\u00e9d\u00e8re"},{"@type":"BreadcrumbList","@id":"https:\/\/belvederepalace.wientickets.org\/fr\/visite-du-palais-du-belvedere\/#breadcrumb","itemListElement":[{"@type":"ListItem","position":1,"name":"Home","item":"https:\/\/belvederepalace.wientickets.org\/fr\/"},{"@type":"ListItem","position":2,"name":"Visite du palais du Belv\u00e9d\u00e8re"}]},{"@type":"WebSite","@id":"https:\/\/belvederepalace.wientickets.org\/fr\/#website","url":"https:\/\/belvederepalace.wientickets.org\/fr\/","name":"Belvedere Palace Tickets","description":"","publisher":{"@id":"https:\/\/belvederepalace.wientickets.org\/fr\/#organization"},"potentialAction":[{"@type":"SearchAction","target":{"@type":"EntryPoint","urlTemplate":"https:\/\/belvederepalace.wientickets.org\/fr\/?s={search_term_string}"},"query-input":{"@type":"PropertyValueSpecification","valueRequired":true,"valueName":"search_term_string"}}],"inLanguage":"fr-FR"},{"@type":"Organization","@id":"https:\/\/belvederepalace.wientickets.org\/fr\/#organization","name":"Billets pour le ch\u00e2teau de Belvedere","url":"https:\/\/belvederepalace.wientickets.org\/fr\/","logo":{"@type":"ImageObject","inLanguage":"fr-FR","@id":"https:\/\/belvederepalace.wientickets.org\/fr\/#\/schema\/logo\/image\/","url":"https:\/\/belvederepalace.wientickets.org\/wp-content\/uploads\/2024\/08\/belvedere-palace-tickets-logo.png","contentUrl":"https:\/\/belvederepalace.wientickets.org\/wp-content\/uploads\/2024\/08\/belvedere-palace-tickets-logo.png","width":375,"height":70,"caption":"Billets pour le ch\u00e2teau de Belvedere"},"image":{"@id":"https:\/\/belvederepalace.wientickets.org\/fr\/#\/schema\/logo\/image\/"}}]}},"_links":{"self":[{"href":"https:\/\/belvederepalace.wientickets.org\/fr\/wp-json\/wp\/v2\/pages\/1956","targetHints":{"allow":["GET"]}}],"collection":[{"href":"https:\/\/belvederepalace.wientickets.org\/fr\/wp-json\/wp\/v2\/pages"}],"about":[{"href":"https:\/\/belvederepalace.wientickets.org\/fr\/wp-json\/wp\/v2\/types\/page"}],"author":[{"embeddable":true,"href":"https:\/\/belvederepalace.wientickets.org\/fr\/wp-json\/wp\/v2\/users\/2"}],"replies":[{"embeddable":true,"href":"https:\/\/belvederepalace.wientickets.org\/fr\/wp-json\/wp\/v2\/comments?post=1956"}],"version-history":[{"count":14,"href":"https:\/\/belvederepalace.wientickets.org\/fr\/wp-json\/wp\/v2\/pages\/1956\/revisions"}],"predecessor-version":[{"id":2476,"href":"https:\/\/belvederepalace.wientickets.org\/fr\/wp-json\/wp\/v2\/pages\/1956\/revisions\/2476"}],"wp:featuredmedia":[{"embeddable":true,"href":"https:\/\/belvederepalace.wientickets.org\/fr\/wp-json\/wp\/v2\/media\/1957"}],"wp:attachment":[{"href":"https:\/\/belvederepalace.wientickets.org\/fr\/wp-json\/wp\/v2\/media?parent=1956"}],"curies":[{"name":"wp","href":"https:\/\/api.w.org\/{rel}","templated":true}]}}