{"id":1992,"date":"2024-08-19T07:42:47","date_gmt":"2024-08-19T07:42:47","guid":{"rendered":"https:\/\/belvederepalace.wientickets.org\/heures-douverture-du-palais-du-belvedere\/"},"modified":"2026-01-22T14:55:26","modified_gmt":"2026-01-22T14:55:26","slug":"heures-douverture-du-palais-du-belvedere","status":"publish","type":"page","link":"https:\/\/belvederepalace.wientickets.org\/fr\/heures-douverture-du-palais-du-belvedere\/","title":{"rendered":"Heures d&rsquo;ouverture du palais du Belv\u00e9d\u00e8re"},"content":{"rendered":"\t\t<div data-elementor-type=\"wp-page\" data-elementor-id=\"1992\" class=\"elementor elementor-1992 elementor-59\">\n\t\t\t\t\t\t<section class=\"elementor-section elementor-top-section elementor-element elementor-element-14d7692e elementor-section-height-min-height elementor-section-boxed elementor-section-height-default elementor-section-items-middle\" data-id=\"14d7692e\" data-element_type=\"section\" data-settings=\"{&quot;background_background&quot;:&quot;classic&quot;}\">\n\t\t\t\t\t\t\t<div class=\"elementor-background-overlay\"><\/div>\n\t\t\t\t\t\t\t<div class=\"elementor-container elementor-column-gap-default\">\n\t\t\t\t\t<div class=\"elementor-column elementor-col-50 elementor-top-column elementor-element elementor-element-43785fb2\" data-id=\"43785fb2\" data-element_type=\"column\">\n\t\t\t<div class=\"elementor-widget-wrap elementor-element-populated\">\n\t\t\t\t\t\t<div class=\"elementor-element elementor-element-100a95b elementor-widget elementor-widget-heading\" data-id=\"100a95b\" data-element_type=\"widget\" data-widget_type=\"heading.default\">\n\t\t\t\t<div class=\"elementor-widget-container\">\n\t\t\t\t\t<h1 class=\"elementor-heading-title elementor-size-default\">Heures d'ouverture du palais du Belv\u00e9d\u00e8re<\/h1>\t\t\t\t<\/div>\n\t\t\t\t<\/div>\n\t\t\t\t<div class=\"elementor-element elementor-element-607d5524 elementor-widget elementor-widget-text-editor\" data-id=\"607d5524\" data-element_type=\"widget\" data-widget_type=\"text-editor.default\">\n\t\t\t\t<div class=\"elementor-widget-container\">\n\t\t\t\t\t\t\t\t\tTrouvez les heures d&rsquo;ouverture actuelles du Palais du Belv\u00e9d\u00e8re de Vienne. Planifiez votre visite pour d\u00e9couvrir ses jardins, ses collections d&rsquo;art et son architecture historique aux meilleures heures. \t\t\t\t\t\t\t\t<\/div>\n\t\t\t\t<\/div>\n\t\t\t\t\t<\/div>\n\t\t<\/div>\n\t\t\t\t<div class=\"elementor-column elementor-col-50 elementor-top-column elementor-element elementor-element-414ced16\" data-id=\"414ced16\" data-element_type=\"column\">\n\t\t\t<div class=\"elementor-widget-wrap\">\n\t\t\t\t\t\t\t<\/div>\n\t\t<\/div>\n\t\t\t\t\t<\/div>\n\t\t<\/section>\n\t\t\t\t<section class=\"elementor-section elementor-top-section elementor-element elementor-element-790dffa0 elementor-section-height-min-height elementor-section-boxed elementor-section-height-default elementor-section-items-middle\" data-id=\"790dffa0\" data-element_type=\"section\" data-settings=\"{&quot;background_background&quot;:&quot;classic&quot;}\">\n\t\t\t\t\t\t<div class=\"elementor-container elementor-column-gap-default\">\n\t\t\t\t\t<div class=\"elementor-column elementor-col-100 elementor-top-column elementor-element elementor-element-67dc67a6\" data-id=\"67dc67a6\" data-element_type=\"column\">\n\t\t\t<div class=\"elementor-widget-wrap\">\n\t\t\t\t\t\t\t<\/div>\n\t\t<\/div>\n\t\t\t\t\t<\/div>\n\t\t<\/section>\n\t\t\t\t<section class=\"elementor-section elementor-top-section elementor-element elementor-element-7357a401 elementor-section-boxed elementor-section-height-default elementor-section-height-default\" data-id=\"7357a401\" data-element_type=\"section\">\n\t\t\t\t\t\t<div class=\"elementor-container elementor-column-gap-default\">\n\t\t\t\t\t<div class=\"elementor-column elementor-col-50 elementor-top-column elementor-element elementor-element-154c41c1 elementor-hidden-mobile\" data-id=\"154c41c1\" data-element_type=\"column\">\n\t\t\t<div class=\"elementor-widget-wrap elementor-element-populated\">\n\t\t\t\t\t\t<div class=\"elementor-element elementor-element-22309873 elementor-widget elementor-widget-heading\" data-id=\"22309873\" data-element_type=\"widget\" data-widget_type=\"heading.default\">\n\t\t\t\t<div class=\"elementor-widget-container\">\n\t\t\t\t\t<p class=\"elementor-heading-title elementor-size-default\"><a href=\"https:\/\/belvederepalace.wientickets.org\/fr\/heures-douverture-du-palais-du-belvedere\/\">Horaires d'ouverture<\/a><\/p>\t\t\t\t<\/div>\n\t\t\t\t<\/div>\n\t\t\t\t<div class=\"elementor-element elementor-element-2cfd2f5a elementor-widget elementor-widget-heading\" data-id=\"2cfd2f5a\" data-element_type=\"widget\" data-widget_type=\"heading.default\">\n\t\t\t\t<div class=\"elementor-widget-container\">\n\t\t\t\t\t<p class=\"elementor-heading-title elementor-size-default\"><a href=\"https:\/\/belvederepalace.wientickets.org\/fr\/emplacement-du-chateau-du-belvedere\/\">Comment s'y rendre<\/a><\/p>\t\t\t\t<\/div>\n\t\t\t\t<\/div>\n\t\t\t\t<div class=\"elementor-element elementor-element-38dd028a elementor-widget elementor-widget-heading\" data-id=\"38dd028a\" data-element_type=\"widget\" data-widget_type=\"heading.default\">\n\t\t\t\t<div class=\"elementor-widget-container\">\n\t\t\t\t\t<p class=\"elementor-heading-title elementor-size-default\"><a href=\"https:\/\/belvederepalace.wientickets.org\/fr\/plan-du-chateau-du-belvedere\/\">Plan et entr\u00e9e<\/a><\/p>\t\t\t\t<\/div>\n\t\t\t\t<\/div>\n\t\t\t\t<div class=\"elementor-element elementor-element-c4bc25d elementor-widget elementor-widget-heading\" data-id=\"c4bc25d\" data-element_type=\"widget\" data-widget_type=\"heading.default\">\n\t\t\t\t<div class=\"elementor-widget-container\">\n\t\t\t\t\t<p class=\"elementor-heading-title elementor-size-default\"><a href=\"https:\/\/belvederepalace.wientickets.org\/fr\/belvedere-superieur-ou-inferieur\/\">Belv\u00e9d\u00e8re sup\u00e9rieur ou inf\u00e9rieur<\/a><\/p>\t\t\t\t<\/div>\n\t\t\t\t<\/div>\n\t\t\t\t<div class=\"elementor-element elementor-element-7a9a043 elementor-widget elementor-widget-heading\" data-id=\"7a9a043\" data-element_type=\"widget\" data-widget_type=\"heading.default\">\n\t\t\t\t<div class=\"elementor-widget-container\">\n\t\t\t\t\t<p class=\"elementor-heading-title elementor-size-default\"><a href=\"https:\/\/belvederepalace.wientickets.org\/fr\/palais-du-belvedere-inferieur\/\">Palais du Belv\u00e9d\u00e8re inf\u00e9rieur<\/a><\/p>\t\t\t\t<\/div>\n\t\t\t\t<\/div>\n\t\t\t\t\t<\/div>\n\t\t<\/div>\n\t\t\t\t<div class=\"elementor-column elementor-col-50 elementor-top-column elementor-element elementor-element-34c286b9\" data-id=\"34c286b9\" data-element_type=\"column\">\n\t\t\t<div class=\"elementor-widget-wrap elementor-element-populated\">\n\t\t\t\t\t\t<div class=\"elementor-element elementor-element-5720d3dd elementor-widget elementor-widget-text-editor\" data-id=\"5720d3dd\" data-element_type=\"widget\" data-widget_type=\"text-editor.default\">\n\t\t\t\t<div class=\"elementor-widget-container\">\n\t\t\t\t\t\t\t\t\t<p>Les heures d&rsquo;ouverture du Belv\u00e9d\u00e8re sup\u00e9rieur, du Belv\u00e9d\u00e8re inf\u00e9rieur et du Belv\u00e9d\u00e8re 21 sont les suivantes :<\/p>\t\t\t\t\t\t\t\t<\/div>\n\t\t\t\t<\/div>\n\t\t\t\t<div class=\"elementor-element elementor-element-540f4ba elementor-widget elementor-widget-html\" data-id=\"540f4ba\" data-element_type=\"widget\" data-widget_type=\"html.default\">\n\t\t\t\t<div class=\"elementor-widget-container\">\n\t\t\t\t\t<style>\r\n  \/* General table styles *\/\r\n  table {\r\n    width: 100%;\r\n    border-collapse: collapse;\r\n    font-size: 1em;\r\n    font-family: sans-serif;\r\n    box-shadow: 0 0 20px rgba(0, 0, 0, 0.15);\r\n  }\r\n\r\n  \/* --- CHANGE HERE --- *\/\r\n  \/* Header color is now #7E0009 *\/\r\n  table thead tr {\r\n    background-color: #7E0009 !important; \/* Updated color for desktop *\/\r\n    color: #ffffff;\r\n    text-align: left;\r\n  }\r\n\r\n  table th,\r\n  table td {\r\n    padding: 12px 15px;\r\n    vertical-align: top; \/* Ensures text aligns to top if multiple lines exist *\/\r\n  }\r\n\r\n  table tbody tr {\r\n    border-bottom: 1px solid #dddddd;\r\n  }\r\n\r\n  table tbody tr:nth-of-type(even) {\r\n    background-color: #f3f3f3;\r\n  }\r\n\r\n  table tbody tr:last-of-type {\r\n    border-bottom: 2px solid #7E0009; \/* Also updated this border to match *\/\r\n  }\r\n\r\n  \/* Small text helper class for notes *\/\r\n  .note {\r\n    display: block;\r\n    font-size: 0.85em;\r\n    color: #666;\r\n    margin-top: 4px;\r\n    font-style: italic;\r\n  }\r\n\r\n  \/* --- MOBILE STYLES --- *\/\r\n  \/* Applied on screens 600px or less *\/\r\n  @media screen and (max-width: 600px) {\r\n    table {\r\n      border: 0;\r\n    }\r\n    \r\n    table thead {\r\n      display: none;\r\n    }\r\n    \r\n    table tr {\r\n      display: block;\r\n      margin-bottom: 20px;\r\n      border-bottom: 3px solid #7E0009; \/* Matching bottom border *\/\r\n    }\r\n    \r\n    table td {\r\n      display: block;\r\n      text-align: right;\r\n      border-bottom: 1px dotted #ccc;\r\n      font-size: 0.9em;\r\n    }\r\n    \r\n    table td:last-child {\r\n      border-bottom: 0;\r\n    }\r\n    \r\n    table td::before {\r\n      content: attr(data-label);\r\n      float: left;\r\n      font-weight: bold;\r\n      text-transform: uppercase;\r\n    }\r\n  }\r\n<\/style>\r\n\r\n<table>\r\n  <thead>\r\n    <tr>\r\n      <th>Emplacement<\/th>\r\n      <th>Jours d'ouverture<\/th>\r\n      <th>Heures normales<\/th>\r\n      <th>Derni\u00e8re admission<\/th>\r\n    <\/tr>\r\n  <\/thead>\r\n  <tbody>\r\n    <tr>\r\n      <td data-label=\"Location\">Belv\u00e9d\u00e8re sup\u00e9rieur<\/td>\r\n      <td data-label=\"Days Open\">Du lundi au dimanche<\/td>\r\n      <td data-label=\"Regular Hours\">\r\n 09:00 - 18:00\r\n <span class=\"note\">(*Jusqu'\u00e0 19:00 en haute saison)<\/span>\r\n <\/td>\r\n      <td data-label=\"Last Admission\">17:30<\/td>\r\n    <\/tr>\r\n    <tr>\r\n      <td data-label=\"Location\">Belv\u00e9d\u00e8re inf\u00e9rieur<\/td>\r\n      <td data-label=\"Days Open\">Lundi \u2013 Dimanche<\/td>\r\n      <td data-label=\"Regular Hours\">10:00 \u2013 18:00<\/td>\r\n      <td data-label=\"Last Admission\">17:30<\/td>\r\n    <\/tr>\r\n    <tr>\r\n      <td data-label=\"Location\">Belv\u00e9d\u00e8re 21<\/td>\r\n      <td data-label=\"Days Open\">Mardi \u2013 Dimanche<\/td>\r\n      <td data-label=\"Regular Hours\">11:00 \u2013 18:00<\/td>\r\n      <td data-label=\"Last Admission\">17:30<\/td>\r\n    <\/tr>\r\n    <tr>\r\n      <td data-label=\"Location\">Belv\u00e9d\u00e8re 21<\/td>\r\n      <td data-label=\"Days Open\">Jeudi (Nocturne)<\/td>\r\n      <td data-label=\"Regular Hours\">11:00 \u2013 21:00<\/td>\r\n      <td data-label=\"Last Admission\">20:30<\/td>\r\n    <\/tr>\r\n    <tr>\r\n      <td data-label=\"Location\">Belv\u00e9d\u00e8re 21<\/td>\r\n      <td data-label=\"Days Open\">Lundi<\/td>\r\n      <td data-label=\"Regular Hours\">\r\n Ferm\u00e9*\r\n <span class=\"note\">(ouvert les jours f\u00e9ri\u00e9s)<\/span>\r\n <\/td>\r\n      <td data-label=\"Last Admission\">N\/A<\/td>\r\n    <\/tr>\r\n  <\/tbody>\r\n<\/table>\t\t\t\t<\/div>\n\t\t\t\t<\/div>\n\t\t\t\t<div class=\"elementor-element elementor-element-2f60c6b elementor-widget elementor-widget-text-editor\" data-id=\"2f60c6b\" data-element_type=\"widget\" data-widget_type=\"text-editor.default\">\n\t\t\t\t<div class=\"elementor-widget-container\">\n\t\t\t\t\t\t\t\t\t<p>Le Belv\u00e9d\u00e8re sup\u00e9rieur prolonge son heure de fermeture d&rsquo;une heure (fermeture \u00e0 19h00 au lieu de 18h00) pendant ces p\u00e9riodes de forte affluence touristique :<\/p><ul><li>No\u00ebl et Nouvel An : De fin novembre au 6 janvier (co\u00efncidant avec la saison du march\u00e9 de No\u00ebl et les vacances scolaires).<\/li><li>Saison de P\u00e2ques (printemps) : G\u00e9n\u00e9ralement les semaines autour de P\u00e2ques. Pour 2026, cela s&rsquo;applique approximativement du 28 mars au 12 avril 2026. <\/li><li>Saison d&rsquo;\u00e9t\u00e9 : G\u00e9n\u00e9ralement de d\u00e9but juillet \u00e0 fin ao\u00fbt.<\/li><\/ul>\t\t\t\t\t\t\t\t<\/div>\n\t\t\t\t<\/div>\n\t\t\t\t<div class=\"elementor-element elementor-element-6939724 elementor-widget elementor-widget-text-editor\" data-id=\"6939724\" data-element_type=\"widget\" data-widget_type=\"text-editor.default\">\n\t\t\t\t<div class=\"elementor-widget-container\">\n\t\t\t\t\t\t\t\t\t<p>Le Belv\u00e9d\u00e8re 21 est normalement ferm\u00e9 le lundi. Toutefois, il ouvre ses portes les lundis qui tombent sur des jours f\u00e9ri\u00e9s officiels autrichiens. <\/p><p>Pour 2026, le Belv\u00e9d\u00e8re 21 sera ouvert les lundis suivants :<\/p><ul><li>6 avril 2026 (lundi de P\u00e2ques \/ Ostermontag)<\/li><li>25 mai 2026 (Lundi de Pentec\u00f4te \/ Pfingstmontag)<\/li><li>26 octobre 2026 (F\u00eate nationale autrichienne \/ Nationalfeiertag)<\/li><\/ul>\t\t\t\t\t\t\t\t<\/div>\n\t\t\t\t<\/div>\n\t\t\t\t<div class=\"elementor-element elementor-element-50af5a02 elementor-widget elementor-widget-heading\" data-id=\"50af5a02\" data-element_type=\"widget\" data-widget_type=\"heading.default\">\n\t\t\t\t<div class=\"elementor-widget-container\">\n\t\t\t\t\t<h2 class=\"elementor-heading-title elementor-size-default\">Politique de \u00ab derni\u00e8re admission \u00bb<\/h2>\t\t\t\t<\/div>\n\t\t\t\t<\/div>\n\t\t\t\t<div class=\"elementor-element elementor-element-0560da6 elementor-widget elementor-widget-text-editor\" data-id=\"0560da6\" data-element_type=\"widget\" data-widget_type=\"text-editor.default\">\n\t\t\t\t<div class=\"elementor-widget-container\">\n\t\t\t\t\t\t\t\t\t<p>Avant de planifier votre visite, il y a une chose que vous devez savoir et qui pourrait sauver votre voyage : le <b>Belv\u00e9d\u00e8re impose une limite stricte de 30 minutes avant l&rsquo;heure de fermeture<\/b>. Il ne s&rsquo;agit pas d&rsquo;une simple suggestion, mais d&rsquo;une politique stricte appliqu\u00e9e dans les trois mus\u00e9es.<\/p><p>Ce que cela signifie pour vous est simple. Si le Belv\u00e9d\u00e8re sup\u00e9rieur ferme \u00e0 18h00, vous ne pourrez plus franchir le contr\u00f4le d&rsquo;acc\u00e8s \u00e0 17h31. Les portes ferment en effet \u00e0 17h30 pr\u00e9cises. Le personnel du mus\u00e9e commence \u00e0 vider les salles d&rsquo;exposition \u00e0 l&rsquo;heure de la fermeture officielle, si bien qu&rsquo;en arrivant dans les derni\u00e8res minutes, vous n&rsquo;aurez pas le temps d&rsquo;explorer les lieux.<\/p><p>La m\u00eame r\u00e8gle s&rsquo;applique au Belvedere 21 les jeudis de fin de soir\u00e9e. M\u00eame s&rsquo;il reste ouvert jusqu&rsquo;\u00e0 21 heures, <b>votre derni\u00e8re chance d&rsquo;entrer est 20 h 30<\/b>. Ne laissez pas un malentendu sur cette politique transformer votre visite en un voyage g\u00e2ch\u00e9 \u00e0 travers Vienne.<\/p>\t\t\t\t\t\t\t\t<\/div>\n\t\t\t\t<\/div>\n\t\t\t\t<div class=\"elementor-element elementor-element-083e19f elementor-widget elementor-widget-heading\" data-id=\"083e19f\" data-element_type=\"widget\" data-widget_type=\"heading.default\">\n\t\t\t\t<div class=\"elementor-widget-container\">\n\t\t\t\t\t<h2 class=\"elementor-heading-title elementor-size-default\">Horaires d'ouverture et de fermeture des jardins<\/h2>\t\t\t\t<\/div>\n\t\t\t\t<\/div>\n\t\t\t\t<div class=\"elementor-element elementor-element-0f26b25 elementor-widget elementor-widget-text-editor\" data-id=\"0f26b25\" data-element_type=\"widget\" data-widget_type=\"text-editor.default\">\n\t\t\t\t<div class=\"elementor-widget-container\">\n\t\t\t\t\t\t\t\t\t<p><b>Les jardins du Belv\u00e9d\u00e8re sont enti\u00e8rement libres d&rsquo;acc\u00e8s<\/b> et fonctionnent selon un horaire totalement diff\u00e9rent de celui des mus\u00e9es.<\/p><p>Les jardins baroques qui relient le Belv\u00e9d\u00e8re sup\u00e9rieur et le Belv\u00e9d\u00e8re inf\u00e9rieur ouvrent t\u00f4t, tr\u00e8s t\u00f4t. Vous pouvez vous y promener \u00e0 partir de <strong>06h30 ou 07h00 du matin<\/strong>, bien avant que les portes du mus\u00e9e ne s&rsquo;ouvrent. <\/p>\t\t\t\t\t\t\t\t<\/div>\n\t\t\t\t<\/div>\n\t\t\t\t<div class=\"elementor-element elementor-element-6ad0801 elementor-widget elementor-widget-html\" data-id=\"6ad0801\" data-element_type=\"widget\" data-widget_type=\"html.default\">\n\t\t\t\t<div class=\"elementor-widget-container\">\n\t\t\t\t\t<style>\n  \/* General table styles *\/\n  table {\n    width: 100%;\n    border-collapse: collapse;\n    margin: 20px 0;\n    font-size: 1em;\n    font-family: sans-serif;\n    box-shadow: 0 0 20px rgba(0, 0, 0, 0.15);\n  }\n\n  \/* --- CHANGE HERE --- *\/\n  \/* Header color is now #7E0009 *\/\n  table thead tr {\n    background-color: #7E0009 !important; \/* Updated color for desktop *\/\n    color: #ffffff;\n    text-align: left;\n  }\n\n  table th,\n  table td {\n    padding: 12px 15px;\n  }\n\n  table tbody tr {\n    border-bottom: 1px solid #dddddd;\n  }\n\n  table tbody tr:nth-of-type(even) {\n    background-color: #f3f3f3;\n  }\n\n  table tbody tr:last-of-type {\n    border-bottom: 2px solid #7E0009; \/* Also updated this border to match *\/\n  }\n\n  \/* --- MOBILE STYLES --- *\/\n  \/* Applied on screens 600px or less *\/\n  @media screen and (max-width: 600px) {\n    table {\n      border: 0;\n    }\n    \n    table thead {\n      display: none;\n    }\n    \n    table tr {\n      display: block;\n      margin-bottom: 20px;\n      border-bottom: 3px solid #7E0009; \/* Matching bottom border *\/\n    }\n    \n    table td {\n      display: block;\n      text-align: right;\n      border-bottom: 1px dotted #ccc;\n      font-size: 0.9em;\n    }\n    \n    table td:last-child {\n      border-bottom: 0;\n    }\n    \n    table td::before {\n      content: attr(data-label);\n      float: left;\n      font-weight: bold;\n      text-transform: uppercase;\n    }\n  }\n<\/style>\n\n<table>\n  <thead>\n    <tr>\n      <th>Mois(s)<\/th>\n      <th>Heures d'ouverture<\/th>\n    <\/tr>\n  <\/thead>\n  <tbody>\n    <tr>\n      <td data-label=\"Month(s)\">Mars<\/td>\n      <td data-label=\"Opening Hours\">7 heures \u00e0 19 heures<\/td>\n    <\/tr>\n    <tr>\n      <td data-label=\"Month(s)\">Avril<\/td>\n      <td data-label=\"Opening Hours\">6h30 \u00e0 20h<\/td>\n    <\/tr>\n    <tr>\n      <td data-label=\"Month(s)\">De mai \u00e0 juillet<\/td>\n      <td data-label=\"Opening Hours\">6h30 \u00e0 21h<\/td>\n    <\/tr>\n    <tr>\n      <td data-label=\"Month(s)\">Ao\u00fbt \u00e0 septembre<\/td>\n      <td data-label=\"Opening Hours\">6h30 \u00e0 20h<\/td>\n    <\/tr>\n    <tr>\n      <td data-label=\"Month(s)\">Octobre<\/td>\n      <td data-label=\"Opening Hours\">6h30 \u00e0 19h<\/td>\n    <\/tr>\n    <tr>\n      <td data-label=\"Month(s)\">De novembre \u00e0 f\u00e9vrier<\/td>\n      <td data-label=\"Opening Hours\">de 7h \u00e0 17h30<\/td>\n    <\/tr>\n  <\/tbody>\n<\/table>\t\t\t\t<\/div>\n\t\t\t\t<\/div>\n\t\t\t\t<div class=\"elementor-element elementor-element-42b2746 elementor-widget elementor-widget-heading\" data-id=\"42b2746\" data-element_type=\"widget\" data-widget_type=\"heading.default\">\n\t\t\t\t<div class=\"elementor-widget-container\">\n\t\t\t\t\t<h2 class=\"elementor-heading-title elementor-size-default\">Meilleure p\u00e9riode pour visiter le mus\u00e9e du Belv\u00e9d\u00e8re<\/h2>\t\t\t\t<\/div>\n\t\t\t\t<\/div>\n\t\t\t\t<div class=\"elementor-element elementor-element-3f00a7dc elementor-widget elementor-widget-image\" data-id=\"3f00a7dc\" data-element_type=\"widget\" data-widget_type=\"image.default\">\n\t\t\t\t<div class=\"elementor-widget-container\">\n\t\t\t\t\t\t\t\t\t\t\t\t\t\t\t<img fetchpriority=\"high\" decoding=\"async\" width=\"800\" height=\"472\" src=\"https:\/\/belvederepalace.wientickets.org\/wp-content\/uploads\/2024\/08\/belvedere-palace-opening-hours.webp\" class=\"attachment-large size-large wp-image-1993\" alt=\"\" srcset=\"https:\/\/belvederepalace.wientickets.org\/wp-content\/uploads\/2024\/08\/belvedere-palace-opening-hours.webp 900w, https:\/\/belvederepalace.wientickets.org\/wp-content\/uploads\/2024\/08\/belvedere-palace-opening-hours-300x177.webp 300w, https:\/\/belvederepalace.wientickets.org\/wp-content\/uploads\/2024\/08\/belvedere-palace-opening-hours-768x453.webp 768w\" sizes=\"(max-width: 800px) 100vw, 800px\" \/>\t\t\t\t\t\t\t\t\t\t\t\t\t\t\t<\/div>\n\t\t\t\t<\/div>\n\t\t\t\t<div class=\"elementor-element elementor-element-e0d78ea elementor-widget elementor-widget-text-editor\" data-id=\"e0d78ea\" data-element_type=\"widget\" data-widget_type=\"text-editor.default\">\n\t\t\t\t<div class=\"elementor-widget-container\">\n\t\t\t\t\t\t\t\t\t<p>Le choix du bon moment pour votre visite peut faire la diff\u00e9rence entre une exp\u00e9rience artistique paisible et un passage au pas de course devant les chefs-d&rsquo;\u0153uvre de Klimt. Laissez-moi vous expliquer ce qui fonctionne vraiment.<\/p><p><b>En semaine, le d\u00e9but de matin\u00e9e<\/b> est votre fen\u00eatre d&rsquo;or. Le Belv\u00e9d\u00e8re sup\u00e9rieur ouvre \u00e0 9 heures, et cette premi\u00e8re heure (de 9 heures \u00e0 10 heures) est relativement calme. La plupart des groupes de touristes n&rsquo;arrivent pas avant le milieu de la matin\u00e9e et les voyageurs ind\u00e9pendants font souvent la grasse matin\u00e9e apr\u00e8s un d\u00eener viennois tardif. Vous aurez de bien meilleures chances de voir \u00ab\u00a0Le Baiser\u00a0\u00bb sans une triple rang\u00e9e de personnes devant vous.<\/p><p>Si vous \u00eates particuli\u00e8rement int\u00e9ress\u00e9 par l&rsquo;art contemporain au Belv\u00e9d\u00e8re 21, les <b>jeudis soirs sont criminellement m\u00e9connus<\/b>. Les heures de fin de soir\u00e9e (18h00 \u00e0 21h00) attirent une foule tout \u00e0 fait diff\u00e9rente et moins nombreuse. De nombreux touristes ne savent m\u00eame pas que cette option existe, et vous aurez souvent l&rsquo;occasion de respirer.<br \/>D&rsquo;un point de vue saisonnier, les saisons interm\u00e9diaires (avril-mai et septembre-octobre) sont id\u00e9ales. Vous \u00e9viterez la cohue estivale des groupes de touristes tout en b\u00e9n\u00e9ficiant d&rsquo;un temps convenable pour visiter les jardins. L&rsquo;hiver a son propre charme, avec moins de visiteurs, mais vous sacrifierez le temps pass\u00e9 dans les jardins en raison des fermetures pr\u00e9coces.<\/p><p>Voici une chose que la plupart des guides ne vous diront pas : \u00e9vitez <b>autant que possible<\/b> les <b>matin\u00e9es du mardi au jeudi<\/b>. Ce sont les jours de pr\u00e9dilection pour les groupes de touristes organis\u00e9s, en particulier au Belv\u00e9d\u00e8re sup\u00e9rieur. Les week-ends peuvent \u00eatre tr\u00e8s fr\u00e9quent\u00e9s, mais la foule y est plus d\u00e9tendue et m\u00e9lang\u00e9e, compos\u00e9e de locaux et de touristes, que les vagues de groupes organis\u00e9s.<\/p>\t\t\t\t\t\t\t\t<\/div>\n\t\t\t\t<\/div>\n\t\t\t\t\t<\/div>\n\t\t<\/div>\n\t\t\t\t\t<\/div>\n\t\t<\/section>\n\t\t\t\t<section class=\"elementor-section elementor-top-section elementor-element elementor-element-0fc03bb elementor-section-boxed elementor-section-height-default elementor-section-height-default\" data-id=\"0fc03bb\" data-element_type=\"section\">\n\t\t\t\t\t\t<div class=\"elementor-container elementor-column-gap-default\">\n\t\t\t\t\t<div class=\"elementor-column elementor-col-100 elementor-top-column elementor-element elementor-element-da9f11b\" data-id=\"da9f11b\" data-element_type=\"column\">\n\t\t\t<div class=\"elementor-widget-wrap elementor-element-populated\">\n\t\t\t\t\t\t<div class=\"elementor-element elementor-element-2a696df elementor-widget elementor-widget-heading\" data-id=\"2a696df\" data-element_type=\"widget\" data-widget_type=\"heading.default\">\n\t\t\t\t<div class=\"elementor-widget-container\">\n\t\t\t\t\t<h2 class=\"elementor-heading-title elementor-size-default\">Que savoir de plus sur le Belv\u00e9d\u00e8re ?<\/h2>\t\t\t\t<\/div>\n\t\t\t\t<\/div>\n\t\t\t\t\t<\/div>\n\t\t<\/div>\n\t\t\t\t\t<\/div>\n\t\t<\/section>\n\t\t<div class=\"elementor-element elementor-element-edb57e9 e-flex e-con-boxed e-con e-parent\" data-id=\"edb57e9\" data-element_type=\"container\">\n\t\t\t\t\t<div class=\"e-con-inner\">\n\t\t\t\t<div class=\"elementor-element elementor-element-417737b elementor-widget elementor-widget-toggle\" data-id=\"417737b\" data-element_type=\"widget\" data-widget_type=\"toggle.default\">\n\t\t\t\t<div class=\"elementor-widget-container\">\n\t\t\t\t\t\t\t<div class=\"elementor-toggle\">\n\t\t\t\t\t\t\t<div class=\"elementor-toggle-item\">\n\t\t\t\t\t<h3 id=\"elementor-tab-title-6861\" class=\"elementor-tab-title\" data-tab=\"1\" role=\"button\" aria-controls=\"elementor-tab-content-6861\" aria-expanded=\"false\">\n\t\t\t\t\t\t\t\t\t\t\t\t<span class=\"elementor-toggle-icon elementor-toggle-icon-left\" aria-hidden=\"true\">\n\t\t\t\t\t\t\t\t\t\t\t\t\t\t\t<span class=\"elementor-toggle-icon-closed\"><svg class=\"e-font-icon-svg e-fas-caret-right\" viewBox=\"0 0 192 512\" xmlns=\"http:\/\/www.w3.org\/2000\/svg\"><path d=\"M0 384.662V127.338c0-17.818 21.543-26.741 34.142-14.142l128.662 128.662c7.81 7.81 7.81 20.474 0 28.284L34.142 398.804C21.543 411.404 0 402.48 0 384.662z\"><\/path><\/svg><\/span>\n\t\t\t\t\t\t\t\t<span class=\"elementor-toggle-icon-opened\"><svg class=\"elementor-toggle-icon-opened e-font-icon-svg e-fas-caret-up\" viewBox=\"0 0 320 512\" xmlns=\"http:\/\/www.w3.org\/2000\/svg\"><path d=\"M288.662 352H31.338c-17.818 0-26.741-21.543-14.142-34.142l128.662-128.662c7.81-7.81 20.474-7.81 28.284 0l128.662 128.662c12.6 12.599 3.676 34.142-14.142 34.142z\"><\/path><\/svg><\/span>\n\t\t\t\t\t\t\t\t\t\t\t\t\t<\/span>\n\t\t\t\t\t\t\t\t\t\t\t\t<a class=\"elementor-toggle-title\" tabindex=\"0\">Existe-t-il un code vestimentaire pour l'entr\u00e9e ?<\/a>\n\t\t\t\t\t<\/h3>\n\n\t\t\t\t\t<div id=\"elementor-tab-content-6861\" class=\"elementor-tab-content elementor-clearfix\" data-tab=\"1\" role=\"region\" aria-labelledby=\"elementor-tab-title-6861\"><p><strong>Il n&rsquo;y a pas de code vestimentaire au Belv\u00e9d\u00e8re<\/strong>. Vous ne verrez pas de videurs v\u00e9rifier si votre tenue r\u00e9pond \u00e0 une norme arbitraire. Le r\u00e8glement int\u00e9rieur officiel \u00e9num\u00e8re des dizaines d&rsquo;interdictions (ne pas toucher aux \u0153uvres d&rsquo;art, ne pas fumer, ne pas t\u00e9l\u00e9phoner bruyamment dans les galeries), mais le code vestimentaire ? Il n&rsquo;est mentionn\u00e9 nulle part.<\/p><p>Mais voici ce qui compte vraiment, et qui prend presque tout le monde au d\u00e9pourvu : la <strong>r\u00e8gle du vestiaire obligatoire<\/strong>. C&rsquo;est le v\u00e9ritable \u00ab\u00a0code vestimentaire\u00a0\u00bb dont vous devez vous pr\u00e9occuper, et l&rsquo;ignorer vous fera perdre du temps.<\/p><p>Vous devez imp\u00e9rativement d\u00e9poser les objets suivants dans le vestiaire gratuit avant d&rsquo;entrer dans les halls d&rsquo;exposition :<\/p><ul><li>Tous les manteaux et vestes d&rsquo;ext\u00e9rieur.<\/li><li>Parapluies.<\/li><li>Sacs \u00e0 dos de toutes tailles.<\/li><li>Sacs de voyage et grands sacs \u00e0 main.<\/li><\/ul><p>Ce n&rsquo;est pas une suggestion. La s\u00e9curit\u00e9 ne vous laissera pas passer le point de contr\u00f4le avec ces objets. Le mus\u00e9e met gratuitement \u00e0 votre disposition des casiers pour ranger vos objets (mais il vous faudra peut-\u00eatre ins\u00e9rer une pi\u00e8ce de 2 euros en caution pour obtenir la cl\u00e9). Si vous voyagez avec des bagages, utilisez les casiers de la gare centrale avant de vous y rendre.<\/p><\/div>\n\t\t\t\t<\/div>\n\t\t\t\t\t\t\t<div class=\"elementor-toggle-item\">\n\t\t\t\t\t<h3 id=\"elementor-tab-title-6862\" class=\"elementor-tab-title\" data-tab=\"2\" role=\"button\" aria-controls=\"elementor-tab-content-6862\" aria-expanded=\"false\">\n\t\t\t\t\t\t\t\t\t\t\t\t<span class=\"elementor-toggle-icon elementor-toggle-icon-left\" aria-hidden=\"true\">\n\t\t\t\t\t\t\t\t\t\t\t\t\t\t\t<span class=\"elementor-toggle-icon-closed\"><svg class=\"e-font-icon-svg e-fas-caret-right\" viewBox=\"0 0 192 512\" xmlns=\"http:\/\/www.w3.org\/2000\/svg\"><path d=\"M0 384.662V127.338c0-17.818 21.543-26.741 34.142-14.142l128.662 128.662c7.81 7.81 7.81 20.474 0 28.284L34.142 398.804C21.543 411.404 0 402.48 0 384.662z\"><\/path><\/svg><\/span>\n\t\t\t\t\t\t\t\t<span class=\"elementor-toggle-icon-opened\"><svg class=\"elementor-toggle-icon-opened e-font-icon-svg e-fas-caret-up\" viewBox=\"0 0 320 512\" xmlns=\"http:\/\/www.w3.org\/2000\/svg\"><path d=\"M288.662 352H31.338c-17.818 0-26.741-21.543-14.142-34.142l128.662-128.662c7.81-7.81 20.474-7.81 28.284 0l128.662 128.662c12.6 12.599 3.676 34.142-14.142 34.142z\"><\/path><\/svg><\/span>\n\t\t\t\t\t\t\t\t\t\t\t\t\t<\/span>\n\t\t\t\t\t\t\t\t\t\t\t\t<a class=\"elementor-toggle-title\" tabindex=\"0\">Quand les files d'attente sont-elles les plus longues ?<\/a>\n\t\t\t\t\t<\/h3>\n\n\t\t\t\t\t<div id=\"elementor-tab-content-6862\" class=\"elementor-tab-content elementor-clearfix\" data-tab=\"2\" role=\"region\" aria-labelledby=\"elementor-tab-title-6862\"><p>C&rsquo;est pendant les mois d&rsquo;\u00e9t\u00e9 que l&rsquo;affluence est la plus forte, mais les trois heures de la mi-journ\u00e9e (de 11h00 \u00e0 14h00) sont toujours bond\u00e9es tout au long de l&rsquo;ann\u00e9e. En haute saison, la file d&rsquo;attente au guichet peut durer de 30 \u00e0 60 minutes. Il ne s&rsquo;agit pas de la file d&rsquo;attente \u00e0 l&rsquo;entr\u00e9e, mais de la file d\u2019attente pour l\u2019achat des billets.<\/p><p>Sachez que si vous vous pr\u00e9sentez sans billet pr\u00e9achet\u00e9 et que vous essayez d&rsquo;en acheter un au guichet pendant les heures de pointe, non seulement vous devrez attendre longtemps pour l&rsquo;acheter, mais vous n&rsquo;obtiendrez probablement qu&rsquo;un cr\u00e9neau horaire pour 16 heures ou 17 heures le m\u00eame jour. Vous faites donc la queue pendant 45 minutes, vous achetez enfin votre billet et vous d\u00e9couvrez que vous ne pourrez entrer dans le mus\u00e9e qu&rsquo;en fin d&rsquo;apr\u00e8s-midi. Votre matin\u00e9e est g\u00e2ch\u00e9e.<\/p><p>Le Belv\u00e9d\u00e8re sup\u00e9rieur ouvre \u00e0 9h00, mais l&rsquo;affluence n&rsquo;atteint pas son maximum avant 11h00. Cela cr\u00e9e une fen\u00eatre d&rsquo;or de deux heures. L&rsquo;encombrement ne se limite pas \u00e0 l&rsquo;entr\u00e9e, il se concentre \u00e0 l&rsquo;int\u00e9rieur, notamment dans la galerie Vienne 1900 o\u00f9 est accroch\u00e9 \u00ab\u00a0Le Baiser\u00a0\u00bb.<\/p><\/div>\n\t\t\t\t<\/div>\n\t\t\t\t\t\t\t<div class=\"elementor-toggle-item\">\n\t\t\t\t\t<h3 id=\"elementor-tab-title-6863\" class=\"elementor-tab-title\" data-tab=\"3\" role=\"button\" aria-controls=\"elementor-tab-content-6863\" aria-expanded=\"false\">\n\t\t\t\t\t\t\t\t\t\t\t\t<span class=\"elementor-toggle-icon elementor-toggle-icon-left\" aria-hidden=\"true\">\n\t\t\t\t\t\t\t\t\t\t\t\t\t\t\t<span class=\"elementor-toggle-icon-closed\"><svg class=\"e-font-icon-svg e-fas-caret-right\" viewBox=\"0 0 192 512\" xmlns=\"http:\/\/www.w3.org\/2000\/svg\"><path d=\"M0 384.662V127.338c0-17.818 21.543-26.741 34.142-14.142l128.662 128.662c7.81 7.81 7.81 20.474 0 28.284L34.142 398.804C21.543 411.404 0 402.48 0 384.662z\"><\/path><\/svg><\/span>\n\t\t\t\t\t\t\t\t<span class=\"elementor-toggle-icon-opened\"><svg class=\"elementor-toggle-icon-opened e-font-icon-svg e-fas-caret-up\" viewBox=\"0 0 320 512\" xmlns=\"http:\/\/www.w3.org\/2000\/svg\"><path d=\"M288.662 352H31.338c-17.818 0-26.741-21.543-14.142-34.142l128.662-128.662c7.81-7.81 20.474-7.81 28.284 0l128.662 128.662c12.6 12.599 3.676 34.142-14.142 34.142z\"><\/path><\/svg><\/span>\n\t\t\t\t\t\t\t\t\t\t\t\t\t<\/span>\n\t\t\t\t\t\t\t\t\t\t\t\t<a class=\"elementor-toggle-title\" tabindex=\"0\">La tour est-elle ouverte aux visiteurs ?<\/a>\n\t\t\t\t\t<\/h3>\n\n\t\t\t\t\t<div id=\"elementor-tab-content-6863\" class=\"elementor-tab-content elementor-clearfix\" data-tab=\"3\" role=\"region\" aria-labelledby=\"elementor-tab-title-6863\"><p>Non, et cela m\u00e9rite d&rsquo;\u00eatre clarifi\u00e9 car il s&rsquo;agit d&rsquo;une question \u00e9tonnamment fr\u00e9quente. Le palais du Belv\u00e9d\u00e8re \u00e0 Vienne n&rsquo;a pas de tour ouverte au public. Ni pour l&rsquo;escalade, ni pour les vues, ni pour rien du tout.<\/p><p>La confusion vient du nom \u00ab\u00a0Belv\u00e9d\u00e8re\u00a0\u00bb lui-m\u00eame, qui appara\u00eet sur de nombreuses attractions touristiques \u00e0 travers l&rsquo;Europe qui n&rsquo;ont rien \u00e0 voir avec le palais viennois. Il existe une tour du Belv\u00e9d\u00e8re \u00e0 Bregaglia, en Suisse. Une autre \u00e0 Aix-la-Chapelle, en Allemagne (le Drehturm Belvedere). Une autre \u00e0 Oranjewoud, aux Pays-Bas. Le Belv\u00e9d\u00e8re Pfingstberg \u00e0 Potsdam, en Allemagne. Autant d&rsquo;endroits compl\u00e8tement diff\u00e9rents qui partagent le m\u00eame nom.<\/p><\/div>\n\t\t\t\t<\/div>\n\t\t\t\t\t\t\t<div class=\"elementor-toggle-item\">\n\t\t\t\t\t<h3 id=\"elementor-tab-title-6864\" class=\"elementor-tab-title\" data-tab=\"4\" role=\"button\" aria-controls=\"elementor-tab-content-6864\" aria-expanded=\"false\">\n\t\t\t\t\t\t\t\t\t\t\t\t<span class=\"elementor-toggle-icon elementor-toggle-icon-left\" aria-hidden=\"true\">\n\t\t\t\t\t\t\t\t\t\t\t\t\t\t\t<span class=\"elementor-toggle-icon-closed\"><svg class=\"e-font-icon-svg e-fas-caret-right\" viewBox=\"0 0 192 512\" xmlns=\"http:\/\/www.w3.org\/2000\/svg\"><path d=\"M0 384.662V127.338c0-17.818 21.543-26.741 34.142-14.142l128.662 128.662c7.81 7.81 7.81 20.474 0 28.284L34.142 398.804C21.543 411.404 0 402.48 0 384.662z\"><\/path><\/svg><\/span>\n\t\t\t\t\t\t\t\t<span class=\"elementor-toggle-icon-opened\"><svg class=\"elementor-toggle-icon-opened e-font-icon-svg e-fas-caret-up\" viewBox=\"0 0 320 512\" xmlns=\"http:\/\/www.w3.org\/2000\/svg\"><path d=\"M288.662 352H31.338c-17.818 0-26.741-21.543-14.142-34.142l128.662-128.662c7.81-7.81 20.474-7.81 28.284 0l128.662 128.662c12.6 12.599 3.676 34.142-14.142 34.142z\"><\/path><\/svg><\/span>\n\t\t\t\t\t\t\t\t\t\t\t\t\t<\/span>\n\t\t\t\t\t\t\t\t\t\t\t\t<a class=\"elementor-toggle-title\" tabindex=\"0\">Ai-je besoin d'un billet pour acc\u00e9der aux jardins du Belv\u00e9d\u00e8re ?<\/a>\n\t\t\t\t\t<\/h3>\n\n\t\t\t\t\t<div id=\"elementor-tab-content-6864\" class=\"elementor-tab-content elementor-clearfix\" data-tab=\"4\" role=\"region\" aria-labelledby=\"elementor-tab-title-6864\"><p>L&rsquo;entr\u00e9e dans les jardins principaux du palais est totalement gratuite ; aucun billet n&rsquo;est n\u00e9cessaire.<\/p><p>Ce jardin principal (appel\u00e9 Schlossgarten) s&rsquo;\u00e9tend sur trois grandes terrasses entre le Belv\u00e9d\u00e8re sup\u00e9rieur et le Belv\u00e9d\u00e8re inf\u00e9rieur, avec des parterres sym\u00e9triques, des bassins d&rsquo;eau, des haies entretenues et ces fameux bassins r\u00e9fl\u00e9chissants qui cr\u00e9ent une image miroir de la fa\u00e7ade du palais. Les jardins ouvrent bien plus t\u00f4t que les mus\u00e9es (d\u00e8s 6h30 en \u00e9t\u00e9) et ferment au cr\u00e9puscule, qui varie selon les saisons de 17h30 en hiver \u00e0 21h00 en plein \u00e9t\u00e9.<\/p><p>Mais il y a une exception : le Kammergarten (jardin priv\u00e9). Ce jardin plus petit et isol\u00e9, adjacent au Belv\u00e9d\u00e8re inf\u00e9rieur, \u00e9tait historiquement \u00ab\u00a0\u00e0 l&rsquo;usage exclusif du prince\u00a0\u00bb. L&rsquo;acc\u00e8s \u00e0 ce jardin n&rsquo;est pas gratuit, il est inclus dans l&rsquo;entr\u00e9e payante du Belv\u00e9d\u00e8re inf\u00e9rieur.<\/p><\/div>\n\t\t\t\t<\/div>\n\t\t\t\t\t\t\t\t<\/div>\n\t\t\t\t\t\t<\/div>\n\t\t\t\t<\/div>\n\t\t\t\t\t<\/div>\n\t\t\t\t<\/div>\n\t\t\t\t<section class=\"elementor-section elementor-top-section elementor-element elementor-element-4a555f39 elementor-section-boxed elementor-section-height-default elementor-section-height-default\" data-id=\"4a555f39\" data-element_type=\"section\">\n\t\t\t\t\t\t<div class=\"elementor-container elementor-column-gap-default\">\n\t\t\t\t\t<div class=\"elementor-column elementor-col-100 elementor-top-column elementor-element elementor-element-12b0da88\" data-id=\"12b0da88\" data-element_type=\"column\">\n\t\t\t<div class=\"elementor-widget-wrap elementor-element-populated\">\n\t\t\t\t\t\t<div class=\"elementor-element elementor-element-171654e2 elementor-widget elementor-widget-heading\" data-id=\"171654e2\" data-element_type=\"widget\" data-widget_type=\"heading.default\">\n\t\t\t\t<div class=\"elementor-widget-container\">\n\t\t\t\t\t<h3 class=\"elementor-heading-title elementor-size-default\">Plus d'informations sur le palais du Belv\u00e9d\u00e8re<\/h3>\t\t\t\t<\/div>\n\t\t\t\t<\/div>\n\t\t\t\t\t<\/div>\n\t\t<\/div>\n\t\t\t\t\t<\/div>\n\t\t<\/section>\n\t\t\t\t<section class=\"elementor-section elementor-top-section elementor-element elementor-element-4139d62 elementor-section-boxed elementor-section-height-default elementor-section-height-default\" data-id=\"4139d62\" data-element_type=\"section\">\n\t\t\t\t\t\t<div class=\"elementor-container elementor-column-gap-custom\">\n\t\t\t\t\t<div class=\"elementor-column elementor-col-33 elementor-top-column elementor-element elementor-element-bc1c28a\" data-id=\"bc1c28a\" data-element_type=\"column\">\n\t\t\t<div class=\"elementor-widget-wrap elementor-element-populated\">\n\t\t\t\t\t\t<div class=\"elementor-element elementor-element-f2300c1 elementor-widget elementor-widget-image\" data-id=\"f2300c1\" data-element_type=\"widget\" data-widget_type=\"image.default\">\n\t\t\t\t<div class=\"elementor-widget-container\">\n\t\t\t\t\t\t\t\t\t\t\t\t\t\t\t\t<a href=\"https:\/\/belvederepalace.wientickets.org\/fr\/billets-pour-le-chateau-de-belvedere\/\">\n\t\t\t\t\t\t\t<img decoding=\"async\" width=\"600\" height=\"400\" src=\"https:\/\/belvederepalace.wientickets.org\/wp-content\/uploads\/2024\/08\/upper-belvedere-palace-tickets.webp\" class=\"attachment-large size-large wp-image-1342\" alt=\"\" srcset=\"https:\/\/belvederepalace.wientickets.org\/wp-content\/uploads\/2024\/08\/upper-belvedere-palace-tickets.webp 600w, https:\/\/belvederepalace.wientickets.org\/wp-content\/uploads\/2024\/08\/upper-belvedere-palace-tickets-300x200.webp 300w\" sizes=\"(max-width: 600px) 100vw, 600px\" \/>\t\t\t\t\t\t\t\t<\/a>\n\t\t\t\t\t\t\t\t\t\t\t\t\t\t\t<\/div>\n\t\t\t\t<\/div>\n\t\t\t\t<div class=\"elementor-element elementor-element-71043c7 elementor-widget elementor-widget-heading\" data-id=\"71043c7\" data-element_type=\"widget\" data-widget_type=\"heading.default\">\n\t\t\t\t<div class=\"elementor-widget-container\">\n\t\t\t\t\t<p class=\"elementor-heading-title elementor-size-default\">BILLETS POUR LE PALAIS DU BELV\u00c9D\u00c8RE<\/p>\t\t\t\t<\/div>\n\t\t\t\t<\/div>\n\t\t\t\t<div class=\"elementor-element elementor-element-96d57c2 elementor-widget elementor-widget-heading\" data-id=\"96d57c2\" data-element_type=\"widget\" data-widget_type=\"heading.default\">\n\t\t\t\t<div class=\"elementor-widget-container\">\n\t\t\t\t\t<h3 class=\"elementor-heading-title elementor-size-default\"><a href=\"https:\/\/belvederepalace.wientickets.org\/fr\/billets-pour-le-chateau-de-belvedere\/\">Billets pour le palais du Belv\u00e9d\u00e8re sup\u00e9rieur<\/a><\/h3>\t\t\t\t<\/div>\n\t\t\t\t<\/div>\n\t\t\t\t<div class=\"elementor-element elementor-element-e8e8481 elementor-widget elementor-widget-text-editor\" data-id=\"e8e8481\" data-element_type=\"widget\" data-widget_type=\"text-editor.default\">\n\t\t\t\t<div class=\"elementor-widget-container\">\n\t\t\t\t\t\t\t\t\t<p>Les billets d&rsquo;entr\u00e9e au palais du Belv\u00e9d\u00e8re donnent acc\u00e8s \u00e0 ses expositions d&rsquo;art renomm\u00e9es et \u00e0 ses magnifiques jardins. Le palais est divis\u00e9 en deux parties principales&#8230; <a href=\"https:\/\/belvederepalace.wientickets.org\/fr\/billets-pour-le-chateau-de-belvedere\/\">voir plus<\/a> <\/p>\t\t\t\t\t\t\t\t<\/div>\n\t\t\t\t<\/div>\n\t\t\t\t\t<\/div>\n\t\t<\/div>\n\t\t\t\t<div class=\"elementor-column elementor-col-33 elementor-top-column elementor-element elementor-element-7335301\" data-id=\"7335301\" data-element_type=\"column\">\n\t\t\t<div class=\"elementor-widget-wrap elementor-element-populated\">\n\t\t\t\t\t\t<div class=\"elementor-element elementor-element-e129eef elementor-widget elementor-widget-image\" data-id=\"e129eef\" data-element_type=\"widget\" data-widget_type=\"image.default\">\n\t\t\t\t<div class=\"elementor-widget-container\">\n\t\t\t\t\t\t\t\t\t\t\t\t\t\t\t\t<a href=\"https:\/\/belvederepalace.wientickets.org\/fr\/heures-douverture-du-palais-du-belvedere\/\">\n\t\t\t\t\t\t\t<img decoding=\"async\" width=\"600\" height=\"400\" src=\"https:\/\/belvederepalace.wientickets.org\/wp-content\/uploads\/2024\/08\/location-of-belvedere-palace.webp\" class=\"attachment-large size-large wp-image-1347\" alt=\"\" srcset=\"https:\/\/belvederepalace.wientickets.org\/wp-content\/uploads\/2024\/08\/location-of-belvedere-palace.webp 600w, https:\/\/belvederepalace.wientickets.org\/wp-content\/uploads\/2024\/08\/location-of-belvedere-palace-300x200.webp 300w\" sizes=\"(max-width: 600px) 100vw, 600px\" \/>\t\t\t\t\t\t\t\t<\/a>\n\t\t\t\t\t\t\t\t\t\t\t\t\t\t\t<\/div>\n\t\t\t\t<\/div>\n\t\t\t\t<div class=\"elementor-element elementor-element-aad53c7 elementor-widget elementor-widget-heading\" data-id=\"aad53c7\" data-element_type=\"widget\" data-widget_type=\"heading.default\">\n\t\t\t\t<div class=\"elementor-widget-container\">\n\t\t\t\t\t<p class=\"elementor-heading-title elementor-size-default\">INFORMATIONS AUX VOYAGEURS<\/p>\t\t\t\t<\/div>\n\t\t\t\t<\/div>\n\t\t\t\t<div class=\"elementor-element elementor-element-67e4f45 elementor-widget elementor-widget-heading\" data-id=\"67e4f45\" data-element_type=\"widget\" data-widget_type=\"heading.default\">\n\t\t\t\t<div class=\"elementor-widget-container\">\n\t\t\t\t\t<h3 class=\"elementor-heading-title elementor-size-default\"><a href=\"https:\/\/belvederepalace.wientickets.org\/fr\/emplacement-du-chateau-du-belvedere\/\">Localisation du Palais du Belv\u00e9d\u00e8re<\/a><\/h3>\t\t\t\t<\/div>\n\t\t\t\t<\/div>\n\t\t\t\t<div class=\"elementor-element elementor-element-9d24b2a elementor-widget elementor-widget-text-editor\" data-id=\"9d24b2a\" data-element_type=\"widget\" data-widget_type=\"text-editor.default\">\n\t\t\t\t<div class=\"elementor-widget-container\">\n\t\t\t\t\t\t\t\t\t<p>Le palais du Belv\u00e9d\u00e8re est situ\u00e9 dans le quartier de Landstra\u00dfe \u00e0 Vienne, ce qui le rend facile d&rsquo;acc\u00e8s depuis diff\u00e9rentes parties de la ville. Il est situ\u00e9 au centre&#8230; <a href=\"https:\/\/belvederepalace.wientickets.org\/fr\/emplacement-du-chateau-du-belvedere\/\">voir plus<\/a><\/p>\t\t\t\t\t\t\t\t<\/div>\n\t\t\t\t<\/div>\n\t\t\t\t\t<\/div>\n\t\t<\/div>\n\t\t\t\t<div class=\"elementor-column elementor-col-33 elementor-top-column elementor-element elementor-element-66addd3\" data-id=\"66addd3\" data-element_type=\"column\">\n\t\t\t<div class=\"elementor-widget-wrap elementor-element-populated\">\n\t\t\t\t\t\t<div class=\"elementor-element elementor-element-f700421 elementor-widget elementor-widget-image\" data-id=\"f700421\" data-element_type=\"widget\" data-widget_type=\"image.default\">\n\t\t\t\t<div class=\"elementor-widget-container\">\n\t\t\t\t\t\t\t\t\t\t\t\t\t\t\t\t<a href=\"https:\/\/belvederepalace.wientickets.org\/fr\/points-forts-du-palais-du-belvedere\/\">\n\t\t\t\t\t\t\t<img loading=\"lazy\" decoding=\"async\" width=\"600\" height=\"400\" src=\"https:\/\/belvederepalace.wientickets.org\/wp-content\/uploads\/2024\/08\/highlights-of-belvedere-palace.webp\" class=\"attachment-large size-large wp-image-1344\" alt=\"\" srcset=\"https:\/\/belvederepalace.wientickets.org\/wp-content\/uploads\/2024\/08\/highlights-of-belvedere-palace.webp 600w, https:\/\/belvederepalace.wientickets.org\/wp-content\/uploads\/2024\/08\/highlights-of-belvedere-palace-300x200.webp 300w\" sizes=\"(max-width: 600px) 100vw, 600px\" \/>\t\t\t\t\t\t\t\t<\/a>\n\t\t\t\t\t\t\t\t\t\t\t\t\t\t\t<\/div>\n\t\t\t\t<\/div>\n\t\t\t\t<div class=\"elementor-element elementor-element-64b49be elementor-widget elementor-widget-heading\" data-id=\"64b49be\" data-element_type=\"widget\" data-widget_type=\"heading.default\">\n\t\t\t\t<div class=\"elementor-widget-container\">\n\t\t\t\t\t<p class=\"elementor-heading-title elementor-size-default\">INFORMATIONS SUR LE PALAIS DU BELV\u00c9D\u00c8RE<\/p>\t\t\t\t<\/div>\n\t\t\t\t<\/div>\n\t\t\t\t<div class=\"elementor-element elementor-element-039d532 elementor-widget elementor-widget-heading\" data-id=\"039d532\" data-element_type=\"widget\" data-widget_type=\"heading.default\">\n\t\t\t\t<div class=\"elementor-widget-container\">\n\t\t\t\t\t<h3 class=\"elementor-heading-title elementor-size-default\"><a href=\"https:\/\/belvederepalace.wientickets.org\/fr\/informations-sur-le-palais-du-belvedere\/\">Informations sur le palais du Belv\u00e9d\u00e8re<\/a><\/h3>\t\t\t\t<\/div>\n\t\t\t\t<\/div>\n\t\t\t\t<div class=\"elementor-element elementor-element-ad0ec99 elementor-widget elementor-widget-text-editor\" data-id=\"ad0ec99\" data-element_type=\"widget\" data-widget_type=\"text-editor.default\">\n\t\t\t\t<div class=\"elementor-widget-container\">\n\t\t\t\t\t\t\t\t\t<p>Le complexe du palais du Belv\u00e9d\u00e8re est plus que deux palais ; c&rsquo;est un tr\u00e9sor culturel qui offre un aper\u00e7u complet de Vienne&#8230; <a href=\"https:\/\/belvederepalace.wientickets.org\/fr\/informations-sur-le-palais-du-belvedere\/\">voir plus<\/a><\/p>\t\t\t\t\t\t\t\t<\/div>\n\t\t\t\t<\/div>\n\t\t\t\t\t<\/div>\n\t\t<\/div>\n\t\t\t\t\t<\/div>\n\t\t<\/section>\n\t\t\t\t<\/div>\n\t\t","protected":false},"excerpt":{"rendered":"<p>Heures d&rsquo;ouverture du palais du Belv\u00e9d\u00e8re Trouvez les heures d&rsquo;ouverture actuelles du Palais du Belv\u00e9d\u00e8re de Vienne. Planifiez votre visite pour d\u00e9couvrir ses jardins, ses collections d&rsquo;art et son architecture historique aux meilleures heures. Horaires d&rsquo;ouverture Comment s&rsquo;y rendre Plan et entr\u00e9e Belv\u00e9d\u00e8re sup\u00e9rieur ou inf\u00e9rieur Palais du Belv\u00e9d\u00e8re inf\u00e9rieur Les heures d&rsquo;ouverture du Belv\u00e9d\u00e8re [&hellip;]<\/p>\n","protected":false},"author":1,"featured_media":0,"parent":0,"menu_order":0,"comment_status":"closed","ping_status":"closed","template":"elementor_header_footer","meta":{"footnotes":""},"class_list":["post-1992","page","type-page","status-publish","hentry"],"yoast_head":"<!-- This site is optimized with the Yoast SEO plugin v26.7 - https:\/\/yoast.com\/wordpress\/plugins\/seo\/ -->\n<title>Heures d&#039;ouverture du Palais du Belv\u00e9d\u00e8re \u00e0 Vienne : Planifiez votre visite<\/title>\n<meta name=\"description\" content=\"D\u00e9couvrez les heures d&#039;ouverture du palais du Belv\u00e9d\u00e8re. Planifiez votre visite pour d\u00e9couvrir ses jardins, ses collections d&#039;art et son architecture aux meilleures heures.\" \/>\n<meta name=\"robots\" content=\"index, follow, max-snippet:-1, max-image-preview:large, max-video-preview:-1\" \/>\n<link rel=\"canonical\" href=\"https:\/\/belvederepalace.wientickets.org\/fr\/heures-douverture-du-palais-du-belvedere\/\" \/>\n<meta property=\"og:locale\" content=\"fr_FR\" \/>\n<meta property=\"og:type\" content=\"article\" \/>\n<meta property=\"og:title\" content=\"Heures d&#039;ouverture du Palais du Belv\u00e9d\u00e8re \u00e0 Vienne : Planifiez votre visite\" \/>\n<meta property=\"og:description\" content=\"D\u00e9couvrez les heures d&#039;ouverture du palais du Belv\u00e9d\u00e8re. Planifiez votre visite pour d\u00e9couvrir ses jardins, ses collections d&#039;art et son architecture aux meilleures heures.\" \/>\n<meta property=\"og:url\" content=\"https:\/\/belvederepalace.wientickets.org\/fr\/heures-douverture-du-palais-du-belvedere\/\" \/>\n<meta property=\"og:site_name\" content=\"Belvedere Palace Tickets\" \/>\n<meta property=\"article:modified_time\" content=\"2026-01-22T14:55:26+00:00\" \/>\n<meta property=\"og:image\" content=\"https:\/\/belvederepalace.wientickets.org\/wp-content\/uploads\/2024\/08\/belvedere-palace-opening-hours.webp\" \/>\n\t<meta property=\"og:image:width\" content=\"900\" \/>\n\t<meta property=\"og:image:height\" content=\"531\" \/>\n\t<meta property=\"og:image:type\" content=\"image\/webp\" \/>\n<meta name=\"twitter:card\" content=\"summary_large_image\" \/>\n<meta name=\"twitter:label1\" content=\"Dur\u00e9e de lecture estim\u00e9e\" \/>\n\t<meta name=\"twitter:data1\" content=\"9 minutes\" \/>\n<script type=\"application\/ld+json\" class=\"yoast-schema-graph\">{\"@context\":\"https:\/\/schema.org\",\"@graph\":[{\"@type\":\"WebPage\",\"@id\":\"https:\/\/belvederepalace.wientickets.org\/fr\/heures-douverture-du-palais-du-belvedere\/\",\"url\":\"https:\/\/belvederepalace.wientickets.org\/fr\/heures-douverture-du-palais-du-belvedere\/\",\"name\":\"Heures d'ouverture du Palais du Belv\u00e9d\u00e8re \u00e0 Vienne : Planifiez votre visite\",\"isPartOf\":{\"@id\":\"https:\/\/belvederepalace.wientickets.org\/fr\/#website\"},\"primaryImageOfPage\":{\"@id\":\"https:\/\/belvederepalace.wientickets.org\/fr\/heures-douverture-du-palais-du-belvedere\/#primaryimage\"},\"image\":{\"@id\":\"https:\/\/belvederepalace.wientickets.org\/fr\/heures-douverture-du-palais-du-belvedere\/#primaryimage\"},\"thumbnailUrl\":\"https:\/\/belvederepalace.wientickets.org\/wp-content\/uploads\/2024\/08\/belvedere-palace-opening-hours.webp\",\"datePublished\":\"2024-08-19T07:42:47+00:00\",\"dateModified\":\"2026-01-22T14:55:26+00:00\",\"description\":\"D\u00e9couvrez les heures d'ouverture du palais du Belv\u00e9d\u00e8re. Planifiez votre visite pour d\u00e9couvrir ses jardins, ses collections d'art et son architecture aux meilleures heures.\",\"breadcrumb\":{\"@id\":\"https:\/\/belvederepalace.wientickets.org\/fr\/heures-douverture-du-palais-du-belvedere\/#breadcrumb\"},\"inLanguage\":\"fr-FR\",\"potentialAction\":[{\"@type\":\"ReadAction\",\"target\":[\"https:\/\/belvederepalace.wientickets.org\/fr\/heures-douverture-du-palais-du-belvedere\/\"]}]},{\"@type\":\"ImageObject\",\"inLanguage\":\"fr-FR\",\"@id\":\"https:\/\/belvederepalace.wientickets.org\/fr\/heures-douverture-du-palais-du-belvedere\/#primaryimage\",\"url\":\"https:\/\/belvederepalace.wientickets.org\/wp-content\/uploads\/2024\/08\/belvedere-palace-opening-hours.webp\",\"contentUrl\":\"https:\/\/belvederepalace.wientickets.org\/wp-content\/uploads\/2024\/08\/belvedere-palace-opening-hours.webp\"},{\"@type\":\"BreadcrumbList\",\"@id\":\"https:\/\/belvederepalace.wientickets.org\/fr\/heures-douverture-du-palais-du-belvedere\/#breadcrumb\",\"itemListElement\":[{\"@type\":\"ListItem\",\"position\":1,\"name\":\"Home\",\"item\":\"https:\/\/belvederepalace.wientickets.org\/fr\/\"},{\"@type\":\"ListItem\",\"position\":2,\"name\":\"Heures d&#8217;ouverture du palais du Belv\u00e9d\u00e8re\"}]},{\"@type\":\"WebSite\",\"@id\":\"https:\/\/belvederepalace.wientickets.org\/fr\/#website\",\"url\":\"https:\/\/belvederepalace.wientickets.org\/fr\/\",\"name\":\"Belvedere Palace Tickets\",\"description\":\"\",\"publisher\":{\"@id\":\"https:\/\/belvederepalace.wientickets.org\/fr\/#organization\"},\"potentialAction\":[{\"@type\":\"SearchAction\",\"target\":{\"@type\":\"EntryPoint\",\"urlTemplate\":\"https:\/\/belvederepalace.wientickets.org\/fr\/?s={search_term_string}\"},\"query-input\":{\"@type\":\"PropertyValueSpecification\",\"valueRequired\":true,\"valueName\":\"search_term_string\"}}],\"inLanguage\":\"fr-FR\"},{\"@type\":\"Organization\",\"@id\":\"https:\/\/belvederepalace.wientickets.org\/fr\/#organization\",\"name\":\"Billets pour le ch\u00e2teau de Belvedere\",\"url\":\"https:\/\/belvederepalace.wientickets.org\/fr\/\",\"logo\":{\"@type\":\"ImageObject\",\"inLanguage\":\"fr-FR\",\"@id\":\"https:\/\/belvederepalace.wientickets.org\/fr\/#\/schema\/logo\/image\/\",\"url\":\"https:\/\/belvederepalace.wientickets.org\/wp-content\/uploads\/2024\/08\/belvedere-palace-tickets-logo.png\",\"contentUrl\":\"https:\/\/belvederepalace.wientickets.org\/wp-content\/uploads\/2024\/08\/belvedere-palace-tickets-logo.png\",\"width\":375,\"height\":70,\"caption\":\"Billets pour le ch\u00e2teau de Belvedere\"},\"image\":{\"@id\":\"https:\/\/belvederepalace.wientickets.org\/fr\/#\/schema\/logo\/image\/\"}}]}<\/script>\n<!-- \/ Yoast SEO plugin. -->","yoast_head_json":{"title":"Heures d'ouverture du Palais du Belv\u00e9d\u00e8re \u00e0 Vienne : Planifiez votre visite","description":"D\u00e9couvrez les heures d'ouverture du palais du Belv\u00e9d\u00e8re. Planifiez votre visite pour d\u00e9couvrir ses jardins, ses collections d'art et son architecture aux meilleures heures.","robots":{"index":"index","follow":"follow","max-snippet":"max-snippet:-1","max-image-preview":"max-image-preview:large","max-video-preview":"max-video-preview:-1"},"canonical":"https:\/\/belvederepalace.wientickets.org\/fr\/heures-douverture-du-palais-du-belvedere\/","og_locale":"fr_FR","og_type":"article","og_title":"Heures d'ouverture du Palais du Belv\u00e9d\u00e8re \u00e0 Vienne : Planifiez votre visite","og_description":"D\u00e9couvrez les heures d'ouverture du palais du Belv\u00e9d\u00e8re. Planifiez votre visite pour d\u00e9couvrir ses jardins, ses collections d'art et son architecture aux meilleures heures.","og_url":"https:\/\/belvederepalace.wientickets.org\/fr\/heures-douverture-du-palais-du-belvedere\/","og_site_name":"Belvedere Palace Tickets","article_modified_time":"2026-01-22T14:55:26+00:00","og_image":[{"width":900,"height":531,"url":"https:\/\/belvederepalace.wientickets.org\/wp-content\/uploads\/2024\/08\/belvedere-palace-opening-hours.webp","type":"image\/webp"}],"twitter_card":"summary_large_image","twitter_misc":{"Dur\u00e9e de lecture estim\u00e9e":"9 minutes"},"schema":{"@context":"https:\/\/schema.org","@graph":[{"@type":"WebPage","@id":"https:\/\/belvederepalace.wientickets.org\/fr\/heures-douverture-du-palais-du-belvedere\/","url":"https:\/\/belvederepalace.wientickets.org\/fr\/heures-douverture-du-palais-du-belvedere\/","name":"Heures d'ouverture du Palais du Belv\u00e9d\u00e8re \u00e0 Vienne : Planifiez votre visite","isPartOf":{"@id":"https:\/\/belvederepalace.wientickets.org\/fr\/#website"},"primaryImageOfPage":{"@id":"https:\/\/belvederepalace.wientickets.org\/fr\/heures-douverture-du-palais-du-belvedere\/#primaryimage"},"image":{"@id":"https:\/\/belvederepalace.wientickets.org\/fr\/heures-douverture-du-palais-du-belvedere\/#primaryimage"},"thumbnailUrl":"https:\/\/belvederepalace.wientickets.org\/wp-content\/uploads\/2024\/08\/belvedere-palace-opening-hours.webp","datePublished":"2024-08-19T07:42:47+00:00","dateModified":"2026-01-22T14:55:26+00:00","description":"D\u00e9couvrez les heures d'ouverture du palais du Belv\u00e9d\u00e8re. Planifiez votre visite pour d\u00e9couvrir ses jardins, ses collections d'art et son architecture aux meilleures heures.","breadcrumb":{"@id":"https:\/\/belvederepalace.wientickets.org\/fr\/heures-douverture-du-palais-du-belvedere\/#breadcrumb"},"inLanguage":"fr-FR","potentialAction":[{"@type":"ReadAction","target":["https:\/\/belvederepalace.wientickets.org\/fr\/heures-douverture-du-palais-du-belvedere\/"]}]},{"@type":"ImageObject","inLanguage":"fr-FR","@id":"https:\/\/belvederepalace.wientickets.org\/fr\/heures-douverture-du-palais-du-belvedere\/#primaryimage","url":"https:\/\/belvederepalace.wientickets.org\/wp-content\/uploads\/2024\/08\/belvedere-palace-opening-hours.webp","contentUrl":"https:\/\/belvederepalace.wientickets.org\/wp-content\/uploads\/2024\/08\/belvedere-palace-opening-hours.webp"},{"@type":"BreadcrumbList","@id":"https:\/\/belvederepalace.wientickets.org\/fr\/heures-douverture-du-palais-du-belvedere\/#breadcrumb","itemListElement":[{"@type":"ListItem","position":1,"name":"Home","item":"https:\/\/belvederepalace.wientickets.org\/fr\/"},{"@type":"ListItem","position":2,"name":"Heures d&#8217;ouverture du palais du Belv\u00e9d\u00e8re"}]},{"@type":"WebSite","@id":"https:\/\/belvederepalace.wientickets.org\/fr\/#website","url":"https:\/\/belvederepalace.wientickets.org\/fr\/","name":"Belvedere Palace Tickets","description":"","publisher":{"@id":"https:\/\/belvederepalace.wientickets.org\/fr\/#organization"},"potentialAction":[{"@type":"SearchAction","target":{"@type":"EntryPoint","urlTemplate":"https:\/\/belvederepalace.wientickets.org\/fr\/?s={search_term_string}"},"query-input":{"@type":"PropertyValueSpecification","valueRequired":true,"valueName":"search_term_string"}}],"inLanguage":"fr-FR"},{"@type":"Organization","@id":"https:\/\/belvederepalace.wientickets.org\/fr\/#organization","name":"Billets pour le ch\u00e2teau de Belvedere","url":"https:\/\/belvederepalace.wientickets.org\/fr\/","logo":{"@type":"ImageObject","inLanguage":"fr-FR","@id":"https:\/\/belvederepalace.wientickets.org\/fr\/#\/schema\/logo\/image\/","url":"https:\/\/belvederepalace.wientickets.org\/wp-content\/uploads\/2024\/08\/belvedere-palace-tickets-logo.png","contentUrl":"https:\/\/belvederepalace.wientickets.org\/wp-content\/uploads\/2024\/08\/belvedere-palace-tickets-logo.png","width":375,"height":70,"caption":"Billets pour le ch\u00e2teau de Belvedere"},"image":{"@id":"https:\/\/belvederepalace.wientickets.org\/fr\/#\/schema\/logo\/image\/"}}]}},"_links":{"self":[{"href":"https:\/\/belvederepalace.wientickets.org\/fr\/wp-json\/wp\/v2\/pages\/1992","targetHints":{"allow":["GET"]}}],"collection":[{"href":"https:\/\/belvederepalace.wientickets.org\/fr\/wp-json\/wp\/v2\/pages"}],"about":[{"href":"https:\/\/belvederepalace.wientickets.org\/fr\/wp-json\/wp\/v2\/types\/page"}],"author":[{"embeddable":true,"href":"https:\/\/belvederepalace.wientickets.org\/fr\/wp-json\/wp\/v2\/users\/1"}],"replies":[{"embeddable":true,"href":"https:\/\/belvederepalace.wientickets.org\/fr\/wp-json\/wp\/v2\/comments?post=1992"}],"version-history":[{"count":15,"href":"https:\/\/belvederepalace.wientickets.org\/fr\/wp-json\/wp\/v2\/pages\/1992\/revisions"}],"predecessor-version":[{"id":2329,"href":"https:\/\/belvederepalace.wientickets.org\/fr\/wp-json\/wp\/v2\/pages\/1992\/revisions\/2329"}],"wp:attachment":[{"href":"https:\/\/belvederepalace.wientickets.org\/fr\/wp-json\/wp\/v2\/media?parent=1992"}],"curies":[{"name":"wp","href":"https:\/\/api.w.org\/{rel}","templated":true}]}}