{"id":2012,"date":"2025-12-15T16:14:20","date_gmt":"2025-12-15T16:14:20","guid":{"rendered":"https:\/\/belvederepalace.wientickets.org\/marche-de-noel-du-belvedere\/"},"modified":"2026-01-23T11:57:40","modified_gmt":"2026-01-23T11:57:40","slug":"marche-de-noel-du-belvedere","status":"publish","type":"page","link":"https:\/\/belvederepalace.wientickets.org\/fr\/marche-de-noel-du-belvedere\/","title":{"rendered":"March\u00e9 de No\u00ebl du Belv\u00e9d\u00e8re"},"content":{"rendered":"\t\t<div data-elementor-type=\"wp-page\" data-elementor-id=\"2012\" class=\"elementor elementor-2012 elementor-800\">\n\t\t\t\t\t\t<section class=\"elementor-section elementor-top-section elementor-element elementor-element-7dc6aa5 intro-section elementor-section-boxed elementor-section-height-default elementor-section-height-default\" data-id=\"7dc6aa5\" data-element_type=\"section\">\n\t\t\t\t\t\t<div class=\"elementor-container elementor-column-gap-default\">\n\t\t\t\t\t<div class=\"elementor-column elementor-col-50 elementor-top-column elementor-element elementor-element-15ede4f\" data-id=\"15ede4f\" data-element_type=\"column\">\n\t\t\t<div class=\"elementor-widget-wrap elementor-element-populated\">\n\t\t\t\t\t\t<section class=\"elementor-section elementor-inner-section elementor-element elementor-element-2834688 elementor-section-boxed elementor-section-height-default elementor-section-height-default\" data-id=\"2834688\" data-element_type=\"section\">\n\t\t\t\t\t\t<div class=\"elementor-container elementor-column-gap-default\">\n\t\t\t\t\t<div class=\"elementor-column elementor-col-100 elementor-inner-column elementor-element elementor-element-294d9a2\" data-id=\"294d9a2\" data-element_type=\"column\">\n\t\t\t<div class=\"elementor-widget-wrap elementor-element-populated\">\n\t\t\t\t\t\t<div class=\"elementor-element elementor-element-18e21c3 title-mobile elementor-widget elementor-widget-heading\" data-id=\"18e21c3\" data-element_type=\"widget\" data-widget_type=\"heading.default\">\n\t\t\t\t<div class=\"elementor-widget-container\">\n\t\t\t\t\t<h1 class=\"elementor-heading-title elementor-size-default\">March\u00e9 de No\u00ebl du Belv\u00e9d\u00e8re<\/h1>\t\t\t\t<\/div>\n\t\t\t\t<\/div>\n\t\t\t\t<div class=\"elementor-element elementor-element-a3d0c92 text-mobile elementor-widget__width-initial elementor-widget elementor-widget-text-editor\" data-id=\"a3d0c92\" data-element_type=\"widget\" data-widget_type=\"text-editor.default\">\n\t\t\t\t<div class=\"elementor-widget-container\">\n\t\t\t\t\t\t\t\t\t<p>Le <strong>march\u00e9 de No\u00ebl du Belv\u00e9d\u00e8re<\/strong> est l&rsquo;un des plus beaux de Vienne, gr\u00e2ce \u00e0 sa situation exceptionnelle devant le majestueux palais du Belv\u00e9d\u00e8re. Nous vous expliquons ici tout ce qu&rsquo;il faut savoir pour pr\u00e9parer votre visite. <\/p>\t\t\t\t\t\t\t\t<\/div>\n\t\t\t\t<\/div>\n\t\t\t\t\t<\/div>\n\t\t<\/div>\n\t\t\t\t\t<\/div>\n\t\t<\/section>\n\t\t\t\t<div class=\"elementor-element elementor-element-54ad01d btn-primary elementor-widget elementor-widget-button\" data-id=\"54ad01d\" data-element_type=\"widget\" data-widget_type=\"button.default\">\n\t\t\t\t<div class=\"elementor-widget-container\">\n\t\t\t\t\t\t\t\t\t<div class=\"elementor-button-wrapper\">\n\t\t\t\t\t<a class=\"elementor-button elementor-button-link elementor-size-sm\" href=\"https:\/\/belvederepalace.wientickets.org\/fr\/billets-pour-le-chateau-de-belvedere\/\">\n\t\t\t\t\t\t<span class=\"elementor-button-content-wrapper\">\n\t\t\t\t\t\t\t\t\t<span class=\"elementor-button-text\">R\u00e9server des billets<\/span>\n\t\t\t\t\t<\/span>\n\t\t\t\t\t<\/a>\n\t\t\t\t<\/div>\n\t\t\t\t\t\t\t\t<\/div>\n\t\t\t\t<\/div>\n\t\t\t\t\t<\/div>\n\t\t<\/div>\n\t\t\t\t<div class=\"elementor-column elementor-col-50 elementor-top-column elementor-element elementor-element-0fd519f\" data-id=\"0fd519f\" data-element_type=\"column\">\n\t\t\t<div class=\"elementor-widget-wrap elementor-element-populated\">\n\t\t\t\t\t\t<div class=\"elementor-element elementor-element-d086d11 elementor-hidden-mobile elementor-widget__width-initial elementor-widget elementor-widget-image\" data-id=\"d086d11\" data-element_type=\"widget\" data-widget_type=\"image.default\">\n\t\t\t\t<div class=\"elementor-widget-container\">\n\t\t\t\t\t\t\t\t\t\t\t\t\t\t\t<img fetchpriority=\"high\" decoding=\"async\" width=\"800\" height=\"532\" src=\"https:\/\/belvederepalace.wientickets.org\/wp-content\/uploads\/2025\/12\/belvedere-christmas-market-vienna-day.webp\" class=\"attachment-large size-large wp-image-2014\" alt=\"March\u00e9 de No\u00ebl du Belv\u00e9d\u00e8re pendant la journ\u00e9e\" srcset=\"https:\/\/belvederepalace.wientickets.org\/wp-content\/uploads\/2025\/12\/belvedere-christmas-market-vienna-day.webp 800w, https:\/\/belvederepalace.wientickets.org\/wp-content\/uploads\/2025\/12\/belvedere-christmas-market-vienna-day-300x200.webp 300w, https:\/\/belvederepalace.wientickets.org\/wp-content\/uploads\/2025\/12\/belvedere-christmas-market-vienna-day-768x511.webp 768w\" sizes=\"(max-width: 800px) 100vw, 800px\" \/>\t\t\t\t\t\t\t\t\t\t\t\t\t\t\t<\/div>\n\t\t\t\t<\/div>\n\t\t\t\t\t<\/div>\n\t\t<\/div>\n\t\t\t\t\t<\/div>\n\t\t<\/section>\n\t\t\t\t<section class=\"elementor-section elementor-top-section elementor-element elementor-element-886f707 elementor-section-height-min-height elementor-section-boxed elementor-section-height-default elementor-section-items-middle\" data-id=\"886f707\" data-element_type=\"section\" data-settings=\"{&quot;background_background&quot;:&quot;classic&quot;}\">\n\t\t\t\t\t\t<div class=\"elementor-container elementor-column-gap-default\">\n\t\t\t\t\t<div class=\"elementor-column elementor-col-100 elementor-top-column elementor-element elementor-element-f0d092d\" data-id=\"f0d092d\" data-element_type=\"column\">\n\t\t\t<div class=\"elementor-widget-wrap\">\n\t\t\t\t\t\t\t<\/div>\n\t\t<\/div>\n\t\t\t\t\t<\/div>\n\t\t<\/section>\n\t\t\t\t<section class=\"elementor-section elementor-top-section elementor-element elementor-element-a0c66ef elementor-section-height-min-height elementor-hidden-tablet elementor-hidden-mobile elementor-section-boxed elementor-section-height-default elementor-section-items-middle\" data-id=\"a0c66ef\" data-element_type=\"section\" data-settings=\"{&quot;background_background&quot;:&quot;classic&quot;}\">\n\t\t\t\t\t\t<div class=\"elementor-container elementor-column-gap-default\">\n\t\t\t\t\t<div class=\"elementor-column elementor-col-33 elementor-top-column elementor-element elementor-element-e874908\" data-id=\"e874908\" data-element_type=\"column\">\n\t\t\t<div class=\"elementor-widget-wrap elementor-element-populated\">\n\t\t\t\t\t\t<section class=\"elementor-section elementor-inner-section elementor-element elementor-element-d6def53 elementor-section-content-middle elementor-section-boxed elementor-section-height-default elementor-section-height-default\" data-id=\"d6def53\" data-element_type=\"section\">\n\t\t\t\t\t\t<div class=\"elementor-container elementor-column-gap-default\">\n\t\t\t\t\t<div class=\"elementor-column elementor-col-50 elementor-inner-column elementor-element elementor-element-f816bb8\" data-id=\"f816bb8\" data-element_type=\"column\">\n\t\t\t<div class=\"elementor-widget-wrap elementor-element-populated\">\n\t\t\t\t\t\t<div class=\"elementor-element elementor-element-2e149a0 elementor-widget elementor-widget-image\" data-id=\"2e149a0\" data-element_type=\"widget\" data-widget_type=\"image.default\">\n\t\t\t\t<div class=\"elementor-widget-container\">\n\t\t\t\t\t\t\t\t\t\t\t\t\t\t\t<img decoding=\"async\" width=\"496\" height=\"496\" src=\"https:\/\/belvederepalace.wientickets.org\/wp-content\/uploads\/2024\/08\/customer-service-1-1.png\" class=\"attachment-large size-large wp-image-1356\" alt=\"\" srcset=\"https:\/\/belvederepalace.wientickets.org\/wp-content\/uploads\/2024\/08\/customer-service-1-1.png 496w, https:\/\/belvederepalace.wientickets.org\/wp-content\/uploads\/2024\/08\/customer-service-1-1-300x300.png 300w, https:\/\/belvederepalace.wientickets.org\/wp-content\/uploads\/2024\/08\/customer-service-1-1-150x150.png 150w\" sizes=\"(max-width: 496px) 100vw, 496px\" \/>\t\t\t\t\t\t\t\t\t\t\t\t\t\t\t<\/div>\n\t\t\t\t<\/div>\n\t\t\t\t\t<\/div>\n\t\t<\/div>\n\t\t\t\t<div class=\"elementor-column elementor-col-50 elementor-inner-column elementor-element elementor-element-a7c4fae\" data-id=\"a7c4fae\" data-element_type=\"column\">\n\t\t\t<div class=\"elementor-widget-wrap elementor-element-populated\">\n\t\t\t\t\t\t<div class=\"elementor-element elementor-element-8b14000 elementor-widget elementor-widget-heading\" data-id=\"8b14000\" data-element_type=\"widget\" data-widget_type=\"heading.default\">\n\t\t\t\t<div class=\"elementor-widget-container\">\n\t\t\t\t\t<p class=\"elementor-heading-title elementor-size-default\">Assistance quand vous en avez besoin<\/p>\t\t\t\t<\/div>\n\t\t\t\t<\/div>\n\t\t\t\t<div class=\"elementor-element elementor-element-cdc5d3c elementor-widget elementor-widget-heading\" data-id=\"cdc5d3c\" data-element_type=\"widget\" data-widget_type=\"heading.default\">\n\t\t\t\t<div class=\"elementor-widget-container\">\n\t\t\t\t\t<p class=\"elementor-heading-title elementor-size-default\">Un service client pour vous aider avec tout ce dont vous avez besoin de 8h00 \u00e0 18h00.<\/p>\t\t\t\t<\/div>\n\t\t\t\t<\/div>\n\t\t\t\t\t<\/div>\n\t\t<\/div>\n\t\t\t\t\t<\/div>\n\t\t<\/section>\n\t\t\t\t\t<\/div>\n\t\t<\/div>\n\t\t\t\t<div class=\"elementor-column elementor-col-33 elementor-top-column elementor-element elementor-element-15e6b6a\" data-id=\"15e6b6a\" data-element_type=\"column\">\n\t\t\t<div class=\"elementor-widget-wrap elementor-element-populated\">\n\t\t\t\t\t\t<section class=\"elementor-section elementor-inner-section elementor-element elementor-element-b7493ad elementor-section-content-middle elementor-section-boxed elementor-section-height-default elementor-section-height-default\" data-id=\"b7493ad\" data-element_type=\"section\">\n\t\t\t\t\t\t<div class=\"elementor-container elementor-column-gap-default\">\n\t\t\t\t\t<div class=\"elementor-column elementor-col-50 elementor-inner-column elementor-element elementor-element-14d10f6\" data-id=\"14d10f6\" data-element_type=\"column\">\n\t\t\t<div class=\"elementor-widget-wrap elementor-element-populated\">\n\t\t\t\t\t\t<div class=\"elementor-element elementor-element-ed3cfa9 elementor-widget elementor-widget-image\" data-id=\"ed3cfa9\" data-element_type=\"widget\" data-widget_type=\"image.default\">\n\t\t\t\t<div class=\"elementor-widget-container\">\n\t\t\t\t\t\t\t\t\t\t\t\t\t\t\t<img decoding=\"async\" width=\"488\" height=\"488\" src=\"https:\/\/belvederepalace.wientickets.org\/wp-content\/uploads\/2024\/08\/Group-333.png\" class=\"attachment-large size-large wp-image-1357\" alt=\"\" srcset=\"https:\/\/belvederepalace.wientickets.org\/wp-content\/uploads\/2024\/08\/Group-333.png 488w, https:\/\/belvederepalace.wientickets.org\/wp-content\/uploads\/2024\/08\/Group-333-300x300.png 300w, https:\/\/belvederepalace.wientickets.org\/wp-content\/uploads\/2024\/08\/Group-333-150x150.png 150w\" sizes=\"(max-width: 488px) 100vw, 488px\" \/>\t\t\t\t\t\t\t\t\t\t\t\t\t\t\t<\/div>\n\t\t\t\t<\/div>\n\t\t\t\t\t<\/div>\n\t\t<\/div>\n\t\t\t\t<div class=\"elementor-column elementor-col-50 elementor-inner-column elementor-element elementor-element-0dcf15e\" data-id=\"0dcf15e\" data-element_type=\"column\">\n\t\t\t<div class=\"elementor-widget-wrap elementor-element-populated\">\n\t\t\t\t\t\t<div class=\"elementor-element elementor-element-d6a97c6 elementor-widget elementor-widget-heading\" data-id=\"d6a97c6\" data-element_type=\"widget\" data-widget_type=\"heading.default\">\n\t\t\t\t<div class=\"elementor-widget-container\">\n\t\t\t\t\t<p class=\"elementor-heading-title elementor-size-default\">R\u00e9servation rapide et en ligne<\/p>\t\t\t\t<\/div>\n\t\t\t\t<\/div>\n\t\t\t\t<div class=\"elementor-element elementor-element-8c2ad4a elementor-widget elementor-widget-heading\" data-id=\"8c2ad4a\" data-element_type=\"widget\" data-widget_type=\"heading.default\">\n\t\t\t\t<div class=\"elementor-widget-container\">\n\t\t\t\t\t<p class=\"elementor-heading-title elementor-size-default\">Choisissez la meilleure option pour vos besoins et pr\u00e9f\u00e9rences et \u00e9vitez les files d'attente en r\u00e9servant ici<\/p>\t\t\t\t<\/div>\n\t\t\t\t<\/div>\n\t\t\t\t\t<\/div>\n\t\t<\/div>\n\t\t\t\t\t<\/div>\n\t\t<\/section>\n\t\t\t\t\t<\/div>\n\t\t<\/div>\n\t\t\t\t<div class=\"elementor-column elementor-col-33 elementor-top-column elementor-element elementor-element-59f24b8\" data-id=\"59f24b8\" data-element_type=\"column\">\n\t\t\t<div class=\"elementor-widget-wrap elementor-element-populated\">\n\t\t\t\t\t\t<section class=\"elementor-section elementor-inner-section elementor-element elementor-element-b4f71cc elementor-section-content-middle elementor-section-boxed elementor-section-height-default elementor-section-height-default\" data-id=\"b4f71cc\" data-element_type=\"section\">\n\t\t\t\t\t\t<div class=\"elementor-container elementor-column-gap-default\">\n\t\t\t\t\t<div class=\"elementor-column elementor-col-50 elementor-inner-column elementor-element elementor-element-c79dfe5\" data-id=\"c79dfe5\" data-element_type=\"column\">\n\t\t\t<div class=\"elementor-widget-wrap elementor-element-populated\">\n\t\t\t\t\t\t<div class=\"elementor-element elementor-element-51bef04 elementor-widget elementor-widget-image\" data-id=\"51bef04\" data-element_type=\"widget\" data-widget_type=\"image.default\">\n\t\t\t\t<div class=\"elementor-widget-container\">\n\t\t\t\t\t\t\t\t\t\t\t\t\t\t\t<img loading=\"lazy\" decoding=\"async\" width=\"462\" height=\"683\" src=\"https:\/\/belvederepalace.wientickets.org\/wp-content\/uploads\/2024\/08\/top-attractions-in-paris.webp\" class=\"attachment-large size-large wp-image-1358\" alt=\"\" srcset=\"https:\/\/belvederepalace.wientickets.org\/wp-content\/uploads\/2024\/08\/top-attractions-in-paris.webp 462w, https:\/\/belvederepalace.wientickets.org\/wp-content\/uploads\/2024\/08\/top-attractions-in-paris-203x300.webp 203w\" sizes=\"(max-width: 462px) 100vw, 462px\" \/>\t\t\t\t\t\t\t\t\t\t\t\t\t\t\t<\/div>\n\t\t\t\t<\/div>\n\t\t\t\t\t<\/div>\n\t\t<\/div>\n\t\t\t\t<div class=\"elementor-column elementor-col-50 elementor-inner-column elementor-element elementor-element-c0a76aa\" data-id=\"c0a76aa\" data-element_type=\"column\">\n\t\t\t<div class=\"elementor-widget-wrap elementor-element-populated\">\n\t\t\t\t\t\t<div class=\"elementor-element elementor-element-eada2ef elementor-widget elementor-widget-heading\" data-id=\"eada2ef\" data-element_type=\"widget\" data-widget_type=\"heading.default\">\n\t\t\t\t<div class=\"elementor-widget-container\">\n\t\t\t\t\t<p class=\"elementor-heading-title elementor-size-default\">Attraction n\u00b02 \u00e0 Vienne<\/p>\t\t\t\t<\/div>\n\t\t\t\t<\/div>\n\t\t\t\t<div class=\"elementor-element elementor-element-35a0503 elementor-widget elementor-widget-heading\" data-id=\"35a0503\" data-element_type=\"widget\" data-widget_type=\"heading.default\">\n\t\t\t\t<div class=\"elementor-widget-container\">\n\t\t\t\t\t<p class=\"elementor-heading-title elementor-size-default\">Explorez le ch\u00e2teau du Belv\u00e9d\u00e8re \u00e0 Vienne&nbsp;: beaut\u00e9 baroque, jardins luxuriants et art embl\u00e9matique de Klimt.\n\n\n\n\n\n\n\n\n<\/p>\t\t\t\t<\/div>\n\t\t\t\t<\/div>\n\t\t\t\t\t<\/div>\n\t\t<\/div>\n\t\t\t\t\t<\/div>\n\t\t<\/section>\n\t\t\t\t\t<\/div>\n\t\t<\/div>\n\t\t\t\t\t<\/div>\n\t\t<\/section>\n\t\t\t\t<section class=\"elementor-section elementor-top-section elementor-element elementor-element-e4fbeaf elementor-section-boxed elementor-section-height-default elementor-section-height-default\" data-id=\"e4fbeaf\" data-element_type=\"section\">\n\t\t\t\t\t\t<div class=\"elementor-container elementor-column-gap-default\">\n\t\t\t\t\t<div class=\"elementor-column elementor-col-100 elementor-top-column elementor-element elementor-element-6ccdcd3\" data-id=\"6ccdcd3\" data-element_type=\"column\">\n\t\t\t<div class=\"elementor-widget-wrap elementor-element-populated\">\n\t\t\t\t\t\t<div class=\"elementor-element elementor-element-65152bd elementor-widget elementor-widget-heading\" data-id=\"65152bd\" data-element_type=\"widget\" data-widget_type=\"heading.default\">\n\t\t\t\t<div class=\"elementor-widget-container\">\n\t\t\t\t\t<h2 class=\"elementor-heading-title elementor-size-default\">Quand le march\u00e9 de No\u00ebl du Belv\u00e9d\u00e8re ouvre-t-il ?<\/h2>\t\t\t\t<\/div>\n\t\t\t\t<\/div>\n\t\t\t\t<div class=\"elementor-element elementor-element-38a4f86 elementor-widget elementor-widget-text-editor\" data-id=\"38a4f86\" data-element_type=\"widget\" data-widget_type=\"text-editor.default\">\n\t\t\t\t<div class=\"elementor-widget-container\">\n\t\t\t\t\t\t\t\t\t<p>Le march\u00e9 de No\u00ebl du Belv\u00e9d\u00e8re, \u00e0 Vienne, <strong>ouvre<\/strong> g\u00e9n\u00e9ralement <strong>\u00e0 la mi-novembre et se poursuit jusqu&rsquo;\u00e0 la Saint-Sylvestre<\/strong>. Vous disposez donc d&rsquo;un large cr\u00e9neau pour programmer votre visite, m\u00eame si vous ne voyagez pas sp\u00e9cifiquement en d\u00e9cembre. <\/p><p>Les dates du march\u00e9 de No\u00ebl du palais du Belv\u00e9d\u00e8re sont les suivantes : <strong>14 novembre au 31 d\u00e9cembre 2025<\/strong>. Quant aux horaires, ils varient selon les jours : <\/p><ul><li><strong>Du lundi au vendredi :<\/strong> de 11 heures \u00e0 21 heures.<\/li><li><strong>Les samedis et dimanches :<\/strong> 10h00 \u00e0 21h00.<\/li><li><strong>Veille de No\u00ebl (24 d\u00e9cembre) :<\/strong> de 11 heures \u00e0 16 heures.<\/li><li><strong>Apr\u00e8s No\u00ebl (du 25 au 30 d\u00e9cembre) :<\/strong> de 11 h \u00e0 20 h.<\/li><li><strong>R\u00e9veillon du Nouvel An (31 d\u00e9cembre) :<\/strong> de 11 h \u00e0 18 h.<\/li><\/ul><p><br>Si vous vous interrogez d\u00e9j\u00e0 sur les <strong>dates et horaires du March\u00e9 de No\u00ebl du Palais du Belv\u00e9d\u00e8re en 2026<\/strong>, cette information n <strong>&lsquo;est pas encore disponible<\/strong>, car ces d\u00e9tails sont g\u00e9n\u00e9ralement confirm\u00e9s quelques mois \u00e0 l&rsquo;avance. Vous pouvez toutefois vous r\u00e9f\u00e9rer au calendrier 2025, qui est tr\u00e8s similaire d&rsquo;une ann\u00e9e \u00e0 l&rsquo;autre. <\/p>\t\t\t\t\t\t\t\t<\/div>\n\t\t\t\t<\/div>\n\t\t\t\t\t<\/div>\n\t\t<\/div>\n\t\t\t\t\t<\/div>\n\t\t<\/section>\n\t\t\t\t<section class=\"elementor-section elementor-top-section elementor-element elementor-element-af4ff3c elementor-section-boxed elementor-section-height-default elementor-section-height-default\" data-id=\"af4ff3c\" data-element_type=\"section\">\n\t\t\t\t\t\t<div class=\"elementor-container elementor-column-gap-default\">\n\t\t\t\t\t<div class=\"elementor-column elementor-col-50 elementor-top-column elementor-element elementor-element-a5f43ba\" data-id=\"a5f43ba\" data-element_type=\"column\">\n\t\t\t<div class=\"elementor-widget-wrap elementor-element-populated\">\n\t\t\t\t\t\t<div class=\"elementor-element elementor-element-528bbab elementor-widget elementor-widget-heading\" data-id=\"528bbab\" data-element_type=\"widget\" data-widget_type=\"heading.default\">\n\t\t\t\t<div class=\"elementor-widget-container\">\n\t\t\t\t\t<h2 class=\"elementor-heading-title elementor-size-default\">Les incontournables du march\u00e9 de No\u00ebl du Belv\u00e9d\u00e8re<\/h2>\t\t\t\t<\/div>\n\t\t\t\t<\/div>\n\t\t\t\t<div class=\"elementor-element elementor-element-ee55b83 elementor-widget elementor-widget-text-editor\" data-id=\"ee55b83\" data-element_type=\"widget\" data-widget_type=\"text-editor.default\">\n\t\t\t\t<div class=\"elementor-widget-container\">\n\t\t\t\t\t\t\t\t\t<p>Le <strong>march\u00e9 de No\u00ebl du palais du Belv\u00e9d\u00e8re<\/strong> est c\u00e9l\u00e8bre pour son cadre, ainsi que pour la qualit\u00e9 et la vari\u00e9t\u00e9 de ses stands. Nous vous recommandons d&rsquo;y aller suffisamment \u00e0 l&rsquo;avance pour vous en impr\u00e9gner. Voici quelques exemples de ce que vous y trouverez :  <\/p><ul><li><strong>Stands d&rsquo;artisanat :<\/strong> Vous d\u00e9couvrirez des produits autrichiens uniques, tels que des ornements en verre souffl\u00e9, des c\u00e9ramiques peintes \u00e0 la main et des jouets en bois traditionnels.<\/li><li><strong>Tasses \u00e0 <em>Gl\u00fchwein<\/em> \u00e0 collectionner :<\/strong> Chaque march\u00e9 de Vienne a sa propre tasse \u00e0 vin chaud, et celle du Belv\u00e9d\u00e8re est particuli\u00e8rement attrayante.<\/li><li><strong>Sp\u00e9cialit\u00e9s culinaires :<\/strong> Ne partez pas sans avoir go\u00fbt\u00e9 aux Kaiserschmarrn (un dessert \u00e0 base de cr\u00eapes r\u00e2p\u00e9es et de compote de pommes) ou aux d\u00e9licieuses pommes de terre r\u00f4ties.<\/li><li><strong>Arbre \u00e0 souhaits :<\/strong> Le march\u00e9 comporte souvent un endroit sp\u00e9cial o\u00f9 vous pouvez accrocher vos souhaits ou vos r\u00e9solutions pour la nouvelle ann\u00e9e.<\/li><li><strong>L&rsquo;illumination du palais :<\/strong> Restez jusqu&rsquo;\u00e0 la tomb\u00e9e de la nuit pour voir le palais du Belv\u00e9d\u00e8re illumin\u00e9, c&rsquo;est vraiment spectaculaire !<\/li><\/ul>\t\t\t\t\t\t\t\t<\/div>\n\t\t\t\t<\/div>\n\t\t\t\t\t<\/div>\n\t\t<\/div>\n\t\t\t\t<div class=\"elementor-column elementor-col-50 elementor-top-column elementor-element elementor-element-16c8ab5\" data-id=\"16c8ab5\" data-element_type=\"column\">\n\t\t\t<div class=\"elementor-widget-wrap elementor-element-populated\">\n\t\t\t\t\t\t<div class=\"elementor-element elementor-element-f509041 elementor-widget elementor-widget-html\" data-id=\"f509041\" data-element_type=\"widget\" data-widget_type=\"html.default\">\n\t\t\t\t<div class=\"elementor-widget-container\">\n\t\t\t\t\t<div class=\"image-carousel-wrapper\">\r\n  <div class=\"image-carousel\">\r\n    <!-- Im\u00e1genes del Belvedere Palace -->\r\n    <div class=\"carousel-item active\">\r\n      <img decoding=\"async\" src=\"https:\/\/belvederepalace.wientickets.org\/wp-content\/uploads\/2025\/12\/Belvedere-christmas-market-decorations.webp\" alt=\"D\u00e9corations de No\u00ebl par Paul Easton, CC BY-NC-ND 2.0\">\r\n      <\/div>\r\n    <div class=\"carousel-item\">\r\n      <img decoding=\"async\" src=\"https:\/\/belvederepalace.wientickets.org\/wp-content\/uploads\/2025\/12\/lighting-belvedere-palace.webp\" alt=\"\"Belv\u00e9d\u00e8re \u00e0 No\u00ebl\" par fededotcom, CC BY-NC-SA 2.0\">\r\n    <\/div>\r\n    <div class=\"carousel-item\">\r\n      <img decoding=\"async\" src=\"https:\/\/belvederepalace.wientickets.org\/wp-content\/uploads\/2025\/12\/snow-globes-Belvedere-Christmas-market.webp\" alt=\"\"March\u00e9 de No\u00ebl du Belv\u00e9d\u00e8re - Vienne 2011\" par Otto Schlappack, CC BY 2.0\">\r\n    <\/div>\r\n    \r\n    <!-- Botones de navegaci\u00f3n -->\r\n    <button class=\"carousel-btn prev\" aria-label=\"Anterior\">\r\n      <svg width=\"24\" height=\"24\" viewbox=\"0 0 24 24\" fill=\"none\" stroke=\"currentColor\" stroke-width=\"2\">\r\n        <polyline points=\"15 18 9 12 15 6\"><\/polyline>\r\n      <\/polyline><\/svg>\r\n    <\/button>\r\n    <button class=\"carousel-btn next\" aria-label=\"Siguiente\">\r\n      <svg width=\"24\" height=\"24\" viewbox=\"0 0 24 24\" fill=\"none\" stroke=\"currentColor\" stroke-width=\"2\">\r\n        <polyline points=\"9 18 15 12 9 6\"><\/polyline>\r\n      <\/polyline><\/svg>\r\n    <\/button>\r\n    <div class=\"carousel-caption\"><\/div>\r\n  <\/div>\r\n  \r\n  \r\n  <!-- Indicadores -->\r\n  <div class=\"carousel-indicators\"><\/div>\r\n<\/div>\r\n\r\n<style>\r\n.image-carousel-wrapper {\r\n  width: 100%;\r\n  position: relative;\r\n}\r\n\r\n.image-carousel {\r\n  position: relative;\r\n  width: 100%;\r\n  height: 400px;\r\n  overflow: hidden;\r\n  border-radius: 8px;\r\n}\r\n\r\n.carousel-item {\r\n  position: absolute;\r\n  top: 0;\r\n  left: 0;\r\n  width: 100%;\r\n  height: 100%;\r\n  opacity: 0;\r\n  transition: opacity 0.5s ease-in-out;\r\n  pointer-events: none;\r\n}\r\n\r\n.carousel-item.active {\r\n  opacity: 1;\r\n  pointer-events: auto;\r\n}\r\n\r\n.carousel-item img {\r\n  width: 100%;\r\n  height: 400px;\r\n  object-fit: cover;\r\n  object-position: top center;\r\n  display: block;\r\n}\r\n\r\n.carousel-btn {\r\n  position: absolute;\r\n  top: 50%;\r\n  transform: translateY(-50%);\r\n  background: rgba(0, 0, 0, 0.5);\r\n  color: white;\r\n  border: none;\r\n  width: 45px;\r\n  height: 45px;\r\n  border-radius: 50%;\r\n  cursor: pointer;\r\n  display: flex;\r\n  align-items: center;\r\n  justify-content: center;\r\n  transition: background 0.3s ease;\r\n  z-index: 10;\r\n}\r\n\r\n\/* Asegurar que los SVG se vean correctamente *\/\r\n.carousel-btn svg {\r\n  display: block;\r\n  flex-shrink: 0;\r\n  width: 20px;\r\n  height: 20px;\r\n}\r\n\r\n.carousel-btn:hover {\r\n  background: rgba(0, 0, 0, 0.7);\r\n}\r\n\r\n.carousel-btn:focus {\r\n  background: #CE2B37;\r\n  outline: none;\r\n}\r\n\r\n.carousel-btn.prev {\r\n  left: 15px;\r\n}\r\n\r\n.carousel-btn.next {\r\n  right: 15px;\r\n}\r\n\r\n.carousel-indicators {\r\n  display: flex;\r\n  justify-content: center;\r\n  gap: 8px;\r\n  margin-top: 15px;\r\n}\r\n\r\n.carousel-indicator {\r\n  width: 10px;\r\n  height: 10px;\r\n  border-radius: 50%;\r\n  background: #ddd;\r\n  cursor: pointer;\r\n  transition: all 0.3s ease;\r\n}\r\n\r\n.carousel-indicator.active {\r\n  background: #333;\r\n  width: 30px;\r\n  border-radius: 5px;\r\n}\r\n\r\n\/* Mobile adjustments *\/\r\n@media (max-width: 768px) {\r\n  .carousel-btn {\r\n    width: 35px;\r\n    height: 35px;\r\n  }\r\n  \r\n  .carousel-btn.prev {\r\n    left: 10px;\r\n  }\r\n  \r\n  .carousel-btn.next {\r\n    right: 10px;\r\n  }\r\n  \r\n  .carousel-btn svg {\r\n    width: 18px;\r\n    height: 18px;\r\n  }\r\n}\r\n\r\n.carousel-caption {\r\n  position: absolute;\r\n  bottom: 15px;\r\n  left: 15px;\r\n  background: rgba(0, 0, 0, 0.6);\r\n  color: white;\r\n  padding: 10px 15px;\r\n  border-radius: 5px;\r\n  font-size: 14px;\r\n  max-width: 80%;\r\n  z-index: 10;\r\n}\r\n\r\n@media (max-width: 768px) {\r\n  .carousel-caption {\r\n    font-size: 12px;\r\n    padding: 8px 12px;\r\n    bottom: 10px;\r\n    left: 10px;\r\n  }\r\n}\r\n\r\n<\/style>\r\n\r\n<script>\r\ndocument.addEventListener('DOMContentLoaded', function() {\r\n  const carousels = document.querySelectorAll('.image-carousel-wrapper');\r\n  \r\n  carousels.forEach((wrapper) => {\r\n    const carousel = wrapper.querySelector('.image-carousel');\r\n    const items = carousel.querySelectorAll('.carousel-item');\r\n    const prevBtn = carousel.querySelector('.prev');\r\n    const nextBtn = carousel.querySelector('.next');\r\n    const indicatorsContainer = wrapper.querySelector('.carousel-indicators');\r\n    const caption = carousel.querySelector('.carousel-caption');\r\n    \r\n    let currentIndex = 0;\r\n    let autoplayInterval;\r\n    \r\n    \/\/ Variables para swipe\r\n    let touchStartX = 0;\r\n    let touchEndX = 0;\r\n    let touchStartY = 0;\r\n    let touchEndY = 0;\r\n    \r\n    items.forEach((_, index) => {\r\n      const indicator = document.createElement('div');\r\n      indicator.classList.add('carousel-indicator');\r\n      if (index === 0) indicator.classList.add('active');\r\n      indicator.addEventListener('click', () => {\r\n        stopAutoplay();\r\n        goToSlide(index);\r\n      });\r\n      indicatorsContainer.appendChild(indicator);\r\n    });\r\n    \r\n    const indicators = indicatorsContainer.querySelectorAll('.carousel-indicator');\r\n    \r\n    function updateCarousel() {\r\n      items.forEach((item, index) => {\r\n        item.classList.toggle('active', index === currentIndex);\r\n      });\r\n      \r\n      indicators.forEach((indicator, index) => {\r\n        indicator.classList.toggle('active', index === currentIndex);\r\n      });\r\n      \r\n      const currentImg = items[currentIndex].querySelector('img');\r\n      caption.textContent = currentImg.alt;\r\n    }\r\n    \r\n    function goToSlide(index) {\r\n      currentIndex = index;\r\n      updateCarousel();\r\n    }\r\n    \r\n    function nextSlide() {\r\n      currentIndex = (currentIndex + 1) % items.length;\r\n      updateCarousel();\r\n    }\r\n    \r\n    function prevSlide() {\r\n      currentIndex = (currentIndex - 1 + items.length) % items.length;\r\n      updateCarousel();\r\n    }\r\n    \r\n    function stopAutoplay() {\r\n      if (autoplayInterval) {\r\n        clearInterval(autoplayInterval);\r\n        autoplayInterval = null;\r\n      }\r\n    }\r\n    \r\n    \/\/ Detectar swipe\r\n    function handleSwipe() {\r\n      const diffX = touchEndX - touchStartX;\r\n      const diffY = Math.abs(touchEndY - touchStartY);\r\n      \r\n      \/\/ Solo procesar si el movimiento horizontal es mayor que el vertical\r\n      \/\/ y si el desplazamiento es suficiente (m\u00e1s de 50px)\r\n      if (Math.abs(diffX) > 50 && Math.abs(diffX) > diffY) {\r\n        stopAutoplay();\r\n        \r\n        if (diffX > 0) {\r\n          \/\/ Swipe derecha - ir a anterior\r\n          prevSlide();\r\n        } else {\r\n          \/\/ Swipe izquierda - ir a siguiente\r\n          nextSlide();\r\n        }\r\n      }\r\n    }\r\n    \r\n    \/\/ Event listeners para touch\r\n    carousel.addEventListener('touchstart', (e) => {\r\n      touchStartX = e.changedTouches[0].screenX;\r\n      touchStartY = e.changedTouches[0].screenY;\r\n    }, { passive: true });\r\n    \r\n    carousel.addEventListener('touchend', (e) => {\r\n      touchEndX = e.changedTouches[0].screenX;\r\n      touchEndY = e.changedTouches[0].screenY;\r\n      handleSwipe();\r\n    }, { passive: true });\r\n    \r\n    \/\/ Inicializar\r\n    updateCarousel();\r\n    \r\n    prevBtn.addEventListener('click', () => {\r\n      stopAutoplay();\r\n      prevSlide();\r\n    });\r\n    \r\n    nextBtn.addEventListener('click', () => {\r\n      stopAutoplay();\r\n      nextSlide();\r\n    });\r\n    \r\n    \/\/ Auto-play cada 6 segundos\r\n    autoplayInterval = setInterval(nextSlide, 6000);\r\n  });\r\n});\r\n<\/script>\t\t\t\t<\/div>\n\t\t\t\t<\/div>\n\t\t\t\t\t<\/div>\n\t\t<\/div>\n\t\t\t\t\t<\/div>\n\t\t<\/section>\n\t\t\t\t<section class=\"elementor-section elementor-top-section elementor-element elementor-element-6740906 elementor-section-boxed elementor-section-height-default elementor-section-height-default\" data-id=\"6740906\" data-element_type=\"section\">\n\t\t\t\t\t\t<div class=\"elementor-container elementor-column-gap-default\">\n\t\t\t\t\t<div class=\"elementor-column elementor-col-100 elementor-top-column elementor-element elementor-element-d44bcc8\" data-id=\"d44bcc8\" data-element_type=\"column\">\n\t\t\t<div class=\"elementor-widget-wrap elementor-element-populated\">\n\t\t\t\t\t\t<div class=\"elementor-element elementor-element-6b7837b elementor-widget elementor-widget-heading\" data-id=\"6b7837b\" data-element_type=\"widget\" data-widget_type=\"heading.default\">\n\t\t\t\t<div class=\"elementor-widget-container\">\n\t\t\t\t\t<h2 class=\"elementor-heading-title elementor-size-default\">\u00c0 quoi ressemble le march\u00e9 de No\u00ebl du Belv\u00e9d\u00e8re ?<\/h2>\t\t\t\t<\/div>\n\t\t\t\t<\/div>\n\t\t\t\t<div class=\"elementor-element elementor-element-af31662 elementor-widget elementor-widget-text-editor\" data-id=\"af31662\" data-element_type=\"widget\" data-widget_type=\"text-editor.default\">\n\t\t\t\t<div class=\"elementor-widget-container\">\n\t\t\t\t\t\t\t\t\t<p>Le march\u00e9 de No\u00ebl du Belv\u00e9d\u00e8re est <strong>l&rsquo;un des march\u00e9s les plus \u00e9l\u00e9gants et les plus caract\u00e9ristiques de Vienne<\/strong>, et la raison en est tr\u00e8s simple : son emplacement. Il se d\u00e9roule sur la place baroque situ\u00e9e juste en face de l&rsquo;impressionnant palais du Belv\u00e9d\u00e8re, cr\u00e9ant une toile de fond qui conf\u00e8re un air de majest\u00e9 que peu d&rsquo;autres march\u00e9s peuvent \u00e9galer. <\/p>\t\t\t\t\t\t\t\t<\/div>\n\t\t\t\t<\/div>\n\t\t\t\t<div class=\"elementor-element elementor-element-e8541f9 elementor-widget elementor-widget-text-editor\" data-id=\"e8541f9\" data-element_type=\"widget\" data-widget_type=\"text-editor.default\">\n\t\t\t\t<div class=\"elementor-widget-container\">\n\t\t\t\t\t\t\t\t\t<h3>D\u00e9coration et \u00e9clairage des march\u00e9s<\/h3><p>Honn\u00eatement, <strong>la d\u00e9coration du march\u00e9 de No\u00ebl du Belv\u00e9d\u00e8re, \u00e0 Vienne, est essentielle pour comprendre pourquoi il est si c\u00e9l\u00e8bre<\/strong>. Vous ne verrez pas un exc\u00e8s de lumi\u00e8res de couleurs vives et flashy, mais plut\u00f4t une illumination chaleureuse et sophistiqu\u00e9e qui met en valeur l&rsquo;architecture baroque du palais. <\/p><p>Imaginez des guirlandes de lumi\u00e8res blanches et dor\u00e9es enroul\u00e9es autour des arbres et des toits en bois des \u00e9tals, cr\u00e9ant une atmosph\u00e8re intime et chaleureuse. C&rsquo;est un march\u00e9 qui <span style=\"text-decoration: underline;\">allie<\/span> avec succ\u00e8s l <span style=\"text-decoration: underline;\">&lsquo;\u00e9l\u00e9gance et l&rsquo;histoire<\/span> pendant les f\u00eates de fin d&rsquo;ann\u00e9e. <\/p><p>La nuit, l&rsquo;effet est vraiment magique. La <strong>fa\u00e7ade du palais du Belv\u00e9d\u00e8re<\/strong> est \u00e9clair\u00e9e d&rsquo;une lumi\u00e8re douce et glorieuse, et le reflet dans l&rsquo;\u00e9tang (souvent gel\u00e9) en fait une image digne d&rsquo;une carte postale de No\u00ebl. <\/p><p>De plus, la sensation de fl\u00e2ner parmi les petits chalets en bois, avec l&rsquo;odeur du <em>Gl\u00fchwein<\/em> et de la cannelle dans l&rsquo;air, est tout simplement inoubliable. L&rsquo;atmosph\u00e8re est g\u00e9n\u00e9ralement <strong>un peu plus calme que celle des march\u00e9s plus centraux<\/strong>, ce qui vous permet de profiter d&rsquo;une promenade plus d\u00e9tendue. <\/p>\t\t\t\t\t\t\t\t<\/div>\n\t\t\t\t<\/div>\n\t\t\t\t<div class=\"elementor-element elementor-element-0e69424 elementor-widget elementor-widget-image\" data-id=\"0e69424\" data-element_type=\"widget\" data-widget_type=\"image.default\">\n\t\t\t\t<div class=\"elementor-widget-container\">\n\t\t\t\t\t\t\t\t\t\t\t\t\t\t\t<img loading=\"lazy\" decoding=\"async\" width=\"800\" height=\"523\" src=\"https:\/\/belvederepalace.wientickets.org\/wp-content\/uploads\/2025\/12\/upper-belvedere-facade.webp\" class=\"attachment-large size-large wp-image-2016\" alt=\"Fa\u00e7ade du Belv\u00e9d\u00e8re sup\u00e9rieur\" srcset=\"https:\/\/belvederepalace.wientickets.org\/wp-content\/uploads\/2025\/12\/upper-belvedere-facade.webp 1024w, https:\/\/belvederepalace.wientickets.org\/wp-content\/uploads\/2025\/12\/upper-belvedere-facade-300x196.webp 300w, https:\/\/belvederepalace.wientickets.org\/wp-content\/uploads\/2025\/12\/upper-belvedere-facade-768x503.webp 768w\" sizes=\"(max-width: 800px) 100vw, 800px\" \/>\t\t\t\t\t\t\t\t\t\t\t\t\t\t\t<\/div>\n\t\t\t\t<\/div>\n\t\t\t\t<div class=\"elementor-element elementor-element-03feeae elementor-widget elementor-widget-text-editor\" data-id=\"03feeae\" data-element_type=\"widget\" data-widget_type=\"text-editor.default\">\n\t\t\t\t<div class=\"elementor-widget-container\">\n\t\t\t\t\t\t\t\t\t<h3>Artisanat et produits uniques<\/h3><p>Une autre raison pour laquelle le march\u00e9 de No\u00ebl du Belv\u00e9d\u00e8re vaut la peine d&rsquo;\u00eatre visit\u00e9 est la qualit\u00e9 de ses produits. Ici, les <strong>vendeurs sont soigneusement s\u00e9lectionn\u00e9s pour s&rsquo;assurer que les produits propos\u00e9s sont issus d&rsquo;un artisanat authentique<\/strong>. Vous ne trouverez pas les souvenirs typiques que vous voyez partout. Au contraire, le march\u00e9 se sp\u00e9cialise dans les produits suivants :   <\/p><ul><li><strong>Des d\u00e9corations de No\u00ebl faites \u00e0 la main :<\/strong> Des boules de verre minutieusement peintes aux figurines uniques en feutre.<\/li><li><strong>Textiles et mode hivernale :<\/strong> \u00c9charpes en laine d&rsquo;alpaga, bonnets tricot\u00e9s et gants en cuir de haute qualit\u00e9, parfaits pour lutter contre le froid viennois.<\/li><li><strong>Produits gastronomiques :<\/strong> Miel local, liqueurs artisanales et confitures maison, parfaits pour offrir ou se faire plaisir.<\/li><\/ul>\t\t\t\t\t\t\t\t<\/div>\n\t\t\t\t<\/div>\n\t\t\t\t<div class=\"elementor-element elementor-element-f6fcc82 elementor-widget elementor-widget-text-editor\" data-id=\"f6fcc82\" data-element_type=\"widget\" data-widget_type=\"text-editor.default\">\n\t\t\t\t<div class=\"elementor-widget-container\">\n\t\t\t\t\t\t\t\t\t<h3>L&rsquo;offre culinaire<\/h3><p>En ce qui concerne les sucreries et les plats locaux, l <strong>&lsquo;offre culinaire du march\u00e9 de No\u00ebl du palais du Belv\u00e9d\u00e8re est excellente<\/strong> et, outre les classiques, elle comprend des sp\u00e9cialit\u00e9s que vous adorerez. La star incontest\u00e9e est le <em>Gl\u00fchwein<\/em> (vin chaud \u00e9pic\u00e9), servi dans les mugs design que nous avons mentionn\u00e9s plus haut. C&rsquo;est une boisson traditionnelle qui vous r\u00e9chauffe instantan\u00e9ment, mais il y a aussi d&rsquo;autres d\u00e9lices que vous devriez go\u00fbter :  <\/p><ul><li><strong><em>Punsch<\/em>:<\/strong> Une alternative au <em>Gl\u00fchwein<\/em>, souvent \u00e0 base de rhum, de th\u00e9 ou de jus de fruits, qui est tr\u00e8s populaire.<\/li><li><strong><em>Bratwurst et Krainer<\/em>:<\/strong> Saucisses grill\u00e9es servies sur du pain ou avec des pommes de terre, un classique de la cuisine de rue autrichienne en hiver.<\/li><li><em><strong>Langos : <\/strong><\/em>Une sorte de pain plat frit garni d&rsquo;ail, de fromage et de cr\u00e8me aigre, tr\u00e8s savoureux !<\/li><\/ul>\t\t\t\t\t\t\t\t<\/div>\n\t\t\t\t<\/div>\n\t\t\t\t<div class=\"elementor-element elementor-element-c09dea1 elementor-widget elementor-widget-image\" data-id=\"c09dea1\" data-element_type=\"widget\" data-widget_type=\"image.default\">\n\t\t\t\t<div class=\"elementor-widget-container\">\n\t\t\t\t\t\t\t\t\t\t\t\t\t\t\t<img loading=\"lazy\" decoding=\"async\" width=\"800\" height=\"534\" src=\"https:\/\/belvederepalace.wientickets.org\/wp-content\/uploads\/2025\/12\/vienna-bratwurst-1024x683.webp\" class=\"attachment-large size-large wp-image-2017\" alt=\"Saucisse viennoise\" srcset=\"https:\/\/belvederepalace.wientickets.org\/wp-content\/uploads\/2025\/12\/vienna-bratwurst-1024x683.webp 1024w, https:\/\/belvederepalace.wientickets.org\/wp-content\/uploads\/2025\/12\/vienna-bratwurst-300x200.webp 300w, https:\/\/belvederepalace.wientickets.org\/wp-content\/uploads\/2025\/12\/vienna-bratwurst-768x512.webp 768w, https:\/\/belvederepalace.wientickets.org\/wp-content\/uploads\/2025\/12\/vienna-bratwurst.webp 1200w\" sizes=\"(max-width: 800px) 100vw, 800px\" \/>\t\t\t\t\t\t\t\t\t\t\t\t\t\t\t<\/div>\n\t\t\t\t<\/div>\n\t\t\t\t<div class=\"elementor-element elementor-element-c75158a elementor-widget elementor-widget-text-editor\" data-id=\"c75158a\" data-element_type=\"widget\" data-widget_type=\"text-editor.default\">\n\t\t\t\t<div class=\"elementor-widget-container\">\n\t\t\t\t\t\t\t\t\t<p>En r\u00e9alit\u00e9, il y en a pour tous les go\u00fbts, du sucr\u00e9 au sal\u00e9. L <strong>&lsquo;espace restauration<\/strong> comporte g\u00e9n\u00e9ralement des tables hautes o\u00f9 les gens se rassemblent, ce qui contribue \u00e0 l&rsquo;atmosph\u00e8re communautaire et festive si agr\u00e9able en cette p\u00e9riode de l&rsquo;ann\u00e9e.<\/p>\t\t\t\t\t\t\t\t<\/div>\n\t\t\t\t<\/div>\n\t\t\t\t\t<\/div>\n\t\t<\/div>\n\t\t\t\t\t<\/div>\n\t\t<\/section>\n\t\t\t\t<section class=\"elementor-section elementor-top-section elementor-element elementor-element-80599df elementor-section-boxed elementor-section-height-default elementor-section-height-default\" data-id=\"80599df\" data-element_type=\"section\">\n\t\t\t\t\t\t<div class=\"elementor-container elementor-column-gap-default\">\n\t\t\t\t\t<div class=\"elementor-column elementor-col-100 elementor-top-column elementor-element elementor-element-64e8ef6\" data-id=\"64e8ef6\" data-element_type=\"column\">\n\t\t\t<div class=\"elementor-widget-wrap elementor-element-populated\">\n\t\t\t\t\t\t<div class=\"elementor-element elementor-element-43ced94 elementor-widget elementor-widget-heading\" data-id=\"43ced94\" data-element_type=\"widget\" data-widget_type=\"heading.default\">\n\t\t\t\t<div class=\"elementor-widget-container\">\n\t\t\t\t\t<h2 class=\"elementor-heading-title elementor-size-default\">FAQ sur le march\u00e9 de No\u00ebl du Belv\u00e9d\u00e8re<\/h2>\t\t\t\t<\/div>\n\t\t\t\t<\/div>\n\t\t\t\t\t<\/div>\n\t\t<\/div>\n\t\t\t\t\t<\/div>\n\t\t<\/section>\n\t\t<div class=\"elementor-element elementor-element-834dbdc e-flex e-con-boxed e-con e-parent\" data-id=\"834dbdc\" data-element_type=\"container\">\n\t\t\t\t\t<div class=\"e-con-inner\">\n\t\t\t\t<div class=\"elementor-element elementor-element-0888475 elementor-widget elementor-widget-toggle\" data-id=\"0888475\" data-element_type=\"widget\" data-widget_type=\"toggle.default\">\n\t\t\t\t<div class=\"elementor-widget-container\">\n\t\t\t\t\t\t\t<div class=\"elementor-toggle\">\n\t\t\t\t\t\t\t<div class=\"elementor-toggle-item\">\n\t\t\t\t\t<h3 id=\"elementor-tab-title-8941\" class=\"elementor-tab-title\" data-tab=\"1\" role=\"button\" aria-controls=\"elementor-tab-content-8941\" aria-expanded=\"false\">\n\t\t\t\t\t\t\t\t\t\t\t\t<span class=\"elementor-toggle-icon elementor-toggle-icon-left\" aria-hidden=\"true\">\n\t\t\t\t\t\t\t\t\t\t\t\t\t\t\t<span class=\"elementor-toggle-icon-closed\"><svg class=\"e-font-icon-svg e-fas-caret-right\" viewBox=\"0 0 192 512\" xmlns=\"http:\/\/www.w3.org\/2000\/svg\"><path d=\"M0 384.662V127.338c0-17.818 21.543-26.741 34.142-14.142l128.662 128.662c7.81 7.81 7.81 20.474 0 28.284L34.142 398.804C21.543 411.404 0 402.48 0 384.662z\"><\/path><\/svg><\/span>\n\t\t\t\t\t\t\t\t<span class=\"elementor-toggle-icon-opened\"><svg class=\"elementor-toggle-icon-opened e-font-icon-svg e-fas-caret-up\" viewBox=\"0 0 320 512\" xmlns=\"http:\/\/www.w3.org\/2000\/svg\"><path d=\"M288.662 352H31.338c-17.818 0-26.741-21.543-14.142-34.142l128.662-128.662c7.81-7.81 20.474-7.81 28.284 0l128.662 128.662c12.6 12.599 3.676 34.142-14.142 34.142z\"><\/path><\/svg><\/span>\n\t\t\t\t\t\t\t\t\t\t\t\t\t<\/span>\n\t\t\t\t\t\t\t\t\t\t\t\t<a class=\"elementor-toggle-title\" tabindex=\"0\">Le Palais du Belv\u00e9d\u00e8re est-il ouvert pendant le march\u00e9 de No\u00ebl ?<\/a>\n\t\t\t\t\t<\/h3>\n\n\t\t\t\t\t<div id=\"elementor-tab-content-8941\" class=\"elementor-tab-content elementor-clearfix\" data-tab=\"1\" role=\"region\" aria-labelledby=\"elementor-tab-title-8941\"><p>Absolument ! <strong>Le palais du Belv\u00e9d\u00e8re continue de fonctionner selon les horaires habituels du mus\u00e9e<\/strong> pendant la dur\u00e9e du march\u00e9 de No\u00ebl du Belv\u00e9d\u00e8re. Le march\u00e9 \u00e9tant situ\u00e9 sur la place ext\u00e9rieure, il n&rsquo;interf\u00e8re pas avec les visites de la collection d&rsquo;\u0153uvres d&rsquo;art du palais. Vous pouvez donc facilement combiner votre visite culturelle avec le march\u00e9, manger quelque chose de d\u00e9licieux et acheter un souvenir pour vous et vos amis.  <\/p>\n<\/div>\n\t\t\t\t<\/div>\n\t\t\t\t\t\t\t<div class=\"elementor-toggle-item\">\n\t\t\t\t\t<h3 id=\"elementor-tab-title-8942\" class=\"elementor-tab-title\" data-tab=\"2\" role=\"button\" aria-controls=\"elementor-tab-content-8942\" aria-expanded=\"false\">\n\t\t\t\t\t\t\t\t\t\t\t\t<span class=\"elementor-toggle-icon elementor-toggle-icon-left\" aria-hidden=\"true\">\n\t\t\t\t\t\t\t\t\t\t\t\t\t\t\t<span class=\"elementor-toggle-icon-closed\"><svg class=\"e-font-icon-svg e-fas-caret-right\" viewBox=\"0 0 192 512\" xmlns=\"http:\/\/www.w3.org\/2000\/svg\"><path d=\"M0 384.662V127.338c0-17.818 21.543-26.741 34.142-14.142l128.662 128.662c7.81 7.81 7.81 20.474 0 28.284L34.142 398.804C21.543 411.404 0 402.48 0 384.662z\"><\/path><\/svg><\/span>\n\t\t\t\t\t\t\t\t<span class=\"elementor-toggle-icon-opened\"><svg class=\"elementor-toggle-icon-opened e-font-icon-svg e-fas-caret-up\" viewBox=\"0 0 320 512\" xmlns=\"http:\/\/www.w3.org\/2000\/svg\"><path d=\"M288.662 352H31.338c-17.818 0-26.741-21.543-14.142-34.142l128.662-128.662c7.81-7.81 20.474-7.81 28.284 0l128.662 128.662c12.6 12.599 3.676 34.142-14.142 34.142z\"><\/path><\/svg><\/span>\n\t\t\t\t\t\t\t\t\t\t\t\t\t<\/span>\n\t\t\t\t\t\t\t\t\t\t\t\t<a class=\"elementor-toggle-title\" tabindex=\"0\">Y a-t-il d'autres march\u00e9s de No\u00ebl \u00e0 Vienne ?<\/a>\n\t\t\t\t\t<\/h3>\n\n\t\t\t\t\t<div id=\"elementor-tab-content-8942\" class=\"elementor-tab-content elementor-clearfix\" data-tab=\"2\" role=\"region\" aria-labelledby=\"elementor-tab-title-8942\"><p><strong>Oui, et c&rsquo;est l&rsquo;un des grands avantages de visiter la capitale autrichienne en hiver<\/strong>. Vienne est c\u00e9l\u00e8bre pour son grand nombre de march\u00e9s de No\u00ebl. Les plus connus sont celui de la <span style=\"text-decoration: underline;\">Rathausplatz<\/span> (devant l&rsquo;h\u00f4tel de ville), le plus grand et le plus traditionnel, et celui du <span style=\"text-decoration: underline;\">Spittelberg<\/span>, plus petit mais au charme boh\u00e8me. Vous pouvez \u00e9galement visiter le march\u00e9 de <span style=\"text-decoration: underline;\">Karlsplatz<\/span>, qui se concentre sur l&rsquo;artisanat d&rsquo;art, et enfin, le march\u00e9 de No\u00ebl du Belv\u00e9d\u00e8re lui-m\u00eame. Si vous avez le temps, vous pouvez en visiter au moins deux pour d\u00e9couvrir les diff\u00e9rentes atmosph\u00e8res qu&rsquo;ils offrent.    <\/p>\n<\/div>\n\t\t\t\t<\/div>\n\t\t\t\t\t\t\t<div class=\"elementor-toggle-item\">\n\t\t\t\t\t<h3 id=\"elementor-tab-title-8943\" class=\"elementor-tab-title\" data-tab=\"3\" role=\"button\" aria-controls=\"elementor-tab-content-8943\" aria-expanded=\"false\">\n\t\t\t\t\t\t\t\t\t\t\t\t<span class=\"elementor-toggle-icon elementor-toggle-icon-left\" aria-hidden=\"true\">\n\t\t\t\t\t\t\t\t\t\t\t\t\t\t\t<span class=\"elementor-toggle-icon-closed\"><svg class=\"e-font-icon-svg e-fas-caret-right\" viewBox=\"0 0 192 512\" xmlns=\"http:\/\/www.w3.org\/2000\/svg\"><path d=\"M0 384.662V127.338c0-17.818 21.543-26.741 34.142-14.142l128.662 128.662c7.81 7.81 7.81 20.474 0 28.284L34.142 398.804C21.543 411.404 0 402.48 0 384.662z\"><\/path><\/svg><\/span>\n\t\t\t\t\t\t\t\t<span class=\"elementor-toggle-icon-opened\"><svg class=\"elementor-toggle-icon-opened e-font-icon-svg e-fas-caret-up\" viewBox=\"0 0 320 512\" xmlns=\"http:\/\/www.w3.org\/2000\/svg\"><path d=\"M288.662 352H31.338c-17.818 0-26.741-21.543-14.142-34.142l128.662-128.662c7.81-7.81 20.474-7.81 28.284 0l128.662 128.662c12.6 12.599 3.676 34.142-14.142 34.142z\"><\/path><\/svg><\/span>\n\t\t\t\t\t\t\t\t\t\t\t\t\t<\/span>\n\t\t\t\t\t\t\t\t\t\t\t\t<a class=\"elementor-toggle-title\" tabindex=\"0\">Pourquoi les march\u00e9s de No\u00ebl de Vienne sont-ils si c\u00e9l\u00e8bres ?<\/a>\n\t\t\t\t\t<\/h3>\n\n\t\t\t\t\t<div id=\"elementor-tab-content-8943\" class=\"elementor-tab-content elementor-clearfix\" data-tab=\"3\" role=\"region\" aria-labelledby=\"elementor-tab-title-8943\"><p>Les march\u00e9s de No\u00ebl de Vienne sont c\u00e9l\u00e8bres parce qu&rsquo;ils sont le fruit d&rsquo;une <strong>tradition profond\u00e9ment enracin\u00e9e qui remonte au XIIIe si\u00e8cle<\/strong>. Leur renomm\u00e9e r\u00e9side dans la combinaison parfaite de l&rsquo;histoire, de l&rsquo;art et de l&rsquo;atmosph\u00e8re festive. Il ne s&rsquo;agit pas seulement de la qualit\u00e9 de l&rsquo;artisanat et de la gastronomie, mais aussi du cadre incomparable offert par les places baroques et imp\u00e9riales. Des lieux comme le palais du Belv\u00e9d\u00e8re ou le Rathaus ne sont pas seulement le lieu, ils font partie de l&rsquo;exp\u00e9rience. De plus, la culture viennoise met tout en \u0153uvre pour cr\u00e9er une atmosph\u00e8re de <em>Gem\u00fctlichkeit<\/em> (convivialit\u00e9 et gaiet\u00e9) incontournable.    <\/p>\n<\/div>\n\t\t\t\t<\/div>\n\t\t\t\t\t\t\t<div class=\"elementor-toggle-item\">\n\t\t\t\t\t<h3 id=\"elementor-tab-title-8944\" class=\"elementor-tab-title\" data-tab=\"4\" role=\"button\" aria-controls=\"elementor-tab-content-8944\" aria-expanded=\"false\">\n\t\t\t\t\t\t\t\t\t\t\t\t<span class=\"elementor-toggle-icon elementor-toggle-icon-left\" aria-hidden=\"true\">\n\t\t\t\t\t\t\t\t\t\t\t\t\t\t\t<span class=\"elementor-toggle-icon-closed\"><svg class=\"e-font-icon-svg e-fas-caret-right\" viewBox=\"0 0 192 512\" xmlns=\"http:\/\/www.w3.org\/2000\/svg\"><path d=\"M0 384.662V127.338c0-17.818 21.543-26.741 34.142-14.142l128.662 128.662c7.81 7.81 7.81 20.474 0 28.284L34.142 398.804C21.543 411.404 0 402.48 0 384.662z\"><\/path><\/svg><\/span>\n\t\t\t\t\t\t\t\t<span class=\"elementor-toggle-icon-opened\"><svg class=\"elementor-toggle-icon-opened e-font-icon-svg e-fas-caret-up\" viewBox=\"0 0 320 512\" xmlns=\"http:\/\/www.w3.org\/2000\/svg\"><path d=\"M288.662 352H31.338c-17.818 0-26.741-21.543-14.142-34.142l128.662-128.662c7.81-7.81 20.474-7.81 28.284 0l128.662 128.662c12.6 12.599 3.676 34.142-14.142 34.142z\"><\/path><\/svg><\/span>\n\t\t\t\t\t\t\t\t\t\t\t\t\t<\/span>\n\t\t\t\t\t\t\t\t\t\t\t\t<a class=\"elementor-toggle-title\" tabindex=\"0\">Le march\u00e9 de No\u00ebl du Belv\u00e9d\u00e8re est-il gratuit ?<\/a>\n\t\t\t\t\t<\/h3>\n\n\t\t\t\t\t<div id=\"elementor-tab-content-8944\" class=\"elementor-tab-content elementor-clearfix\" data-tab=\"4\" role=\"region\" aria-labelledby=\"elementor-tab-title-8944\"><p><strong>Oui !<\/strong> L&rsquo;acc\u00e8s au march\u00e9 de No\u00ebl du Belv\u00e9d\u00e8re <strong>est enti\u00e8rement gratuit<\/strong>. Vous ne devez payer aucun droit d&rsquo;entr\u00e9e pour fl\u00e2ner parmi les \u00e9tals, profiter de l&rsquo;ambiance et voir les illuminations. Vous ne paierez que ce que vous d\u00e9ciderez de consommer (nourriture, boisson, artisanat&#8230;). C&rsquo;est donc une activit\u00e9 accessible \u00e0 tous les budgets.   <\/p>\n<\/div>\n\t\t\t\t<\/div>\n\t\t\t\t\t\t\t<div class=\"elementor-toggle-item\">\n\t\t\t\t\t<h3 id=\"elementor-tab-title-8945\" class=\"elementor-tab-title\" data-tab=\"5\" role=\"button\" aria-controls=\"elementor-tab-content-8945\" aria-expanded=\"false\">\n\t\t\t\t\t\t\t\t\t\t\t\t<span class=\"elementor-toggle-icon elementor-toggle-icon-left\" aria-hidden=\"true\">\n\t\t\t\t\t\t\t\t\t\t\t\t\t\t\t<span class=\"elementor-toggle-icon-closed\"><svg class=\"e-font-icon-svg e-fas-caret-right\" viewBox=\"0 0 192 512\" xmlns=\"http:\/\/www.w3.org\/2000\/svg\"><path d=\"M0 384.662V127.338c0-17.818 21.543-26.741 34.142-14.142l128.662 128.662c7.81 7.81 7.81 20.474 0 28.284L34.142 398.804C21.543 411.404 0 402.48 0 384.662z\"><\/path><\/svg><\/span>\n\t\t\t\t\t\t\t\t<span class=\"elementor-toggle-icon-opened\"><svg class=\"elementor-toggle-icon-opened e-font-icon-svg e-fas-caret-up\" viewBox=\"0 0 320 512\" xmlns=\"http:\/\/www.w3.org\/2000\/svg\"><path d=\"M288.662 352H31.338c-17.818 0-26.741-21.543-14.142-34.142l128.662-128.662c7.81-7.81 20.474-7.81 28.284 0l128.662 128.662c12.6 12.599 3.676 34.142-14.142 34.142z\"><\/path><\/svg><\/span>\n\t\t\t\t\t\t\t\t\t\t\t\t\t<\/span>\n\t\t\t\t\t\t\t\t\t\t\t\t<a class=\"elementor-toggle-title\" tabindex=\"0\">N'acceptent-ils que les paiements en esp\u00e8ces ?<\/a>\n\t\t\t\t\t<\/h3>\n\n\t\t\t\t\t<div id=\"elementor-tab-content-8945\" class=\"elementor-tab-content elementor-clearfix\" data-tab=\"5\" role=\"region\" aria-labelledby=\"elementor-tab-title-8945\"><p>Bien que de nombreux stands du march\u00e9 acceptent les paiements par carte, en particulier ceux qui vendent des articles de plus grande valeur ou des plats pr\u00e9par\u00e9s, il est toujours bon d&rsquo;avoir un peu d&rsquo;argent liquide sur soi. <strong>Les petits stands<\/strong> ou ceux qui vendent du <em>Gl\u00fchwein<\/em> <strong>pr\u00e9f\u00e8rent<\/strong> souvent <strong>ou n&rsquo;acceptent que les paiements en esp\u00e8ces<\/strong> pour acc\u00e9l\u00e9rer le service, surtout aux heures de pointe. C&rsquo;est pourquoi nous vous conseillons d&rsquo;avoir sur vous quelques pi\u00e8ces et petites coupures pour \u00e9viter tout d\u00e9sagr\u00e9ment et vous permettre d&rsquo;acheter rapidement ce que vous voulez. <\/p>\n<\/div>\n\t\t\t\t<\/div>\n\t\t\t\t\t\t\t\t<\/div>\n\t\t\t\t\t\t<\/div>\n\t\t\t\t<\/div>\n\t\t\t\t\t<\/div>\n\t\t\t\t<\/div>\n\t\t<div class=\"elementor-element elementor-element-2eabf2d e-flex e-con-boxed e-con e-parent\" data-id=\"2eabf2d\" data-element_type=\"container\">\n\t\t\t\t\t<div class=\"e-con-inner\">\n\t\t\t\t<div class=\"elementor-element elementor-element-8b67f0d elementor-widget elementor-widget-heading\" data-id=\"8b67f0d\" data-element_type=\"widget\" data-widget_type=\"heading.default\">\n\t\t\t\t<div class=\"elementor-widget-container\">\n\t\t\t\t\t<h3 class=\"elementor-heading-title elementor-size-default\">Plus d'informations sur le palais du Belv\u00e9d\u00e8re<\/h3>\t\t\t\t<\/div>\n\t\t\t\t<\/div>\n\t\t\t\t\t<\/div>\n\t\t\t\t<\/div>\n\t\t\t\t<section class=\"elementor-section elementor-top-section elementor-element elementor-element-2c6ad6a elementor-section-boxed elementor-section-height-default elementor-section-height-default\" data-id=\"2c6ad6a\" data-element_type=\"section\">\n\t\t\t\t\t\t<div class=\"elementor-container elementor-column-gap-custom\">\n\t\t\t\t\t<div class=\"elementor-column elementor-col-33 elementor-top-column elementor-element elementor-element-47dc0e8\" data-id=\"47dc0e8\" data-element_type=\"column\">\n\t\t\t<div class=\"elementor-widget-wrap elementor-element-populated\">\n\t\t\t\t\t\t<div class=\"elementor-element elementor-element-b6e0b1b elementor-widget elementor-widget-image\" data-id=\"b6e0b1b\" data-element_type=\"widget\" data-widget_type=\"image.default\">\n\t\t\t\t<div class=\"elementor-widget-container\">\n\t\t\t\t\t\t\t\t\t\t\t\t\t\t\t\t<a href=\"https:\/\/belvederepalace.wientickets.org\/fr\/billets-pour-le-chateau-de-belvedere\/\">\n\t\t\t\t\t\t\t<img loading=\"lazy\" decoding=\"async\" width=\"800\" height=\"472\" src=\"https:\/\/belvederepalace.wientickets.org\/wp-content\/uploads\/2024\/08\/belvedere-palace-faqs.webp\" class=\"attachment-large size-large wp-image-1555\" alt=\"\" srcset=\"https:\/\/belvederepalace.wientickets.org\/wp-content\/uploads\/2024\/08\/belvedere-palace-faqs.webp 900w, https:\/\/belvederepalace.wientickets.org\/wp-content\/uploads\/2024\/08\/belvedere-palace-faqs-300x177.webp 300w, https:\/\/belvederepalace.wientickets.org\/wp-content\/uploads\/2024\/08\/belvedere-palace-faqs-768x453.webp 768w\" sizes=\"(max-width: 800px) 100vw, 800px\" \/>\t\t\t\t\t\t\t\t<\/a>\n\t\t\t\t\t\t\t\t\t\t\t\t\t\t\t<\/div>\n\t\t\t\t<\/div>\n\t\t\t\t<div class=\"elementor-element elementor-element-0bbd35f elementor-widget elementor-widget-heading\" data-id=\"0bbd35f\" data-element_type=\"widget\" data-widget_type=\"heading.default\">\n\t\t\t\t<div class=\"elementor-widget-container\">\n\t\t\t\t\t<p class=\"elementor-heading-title elementor-size-default\">BILLETS POUR LE PALAIS DU BELV\u00c9D\u00c8RE<\/p>\t\t\t\t<\/div>\n\t\t\t\t<\/div>\n\t\t\t\t<div class=\"elementor-element elementor-element-f785ea9 elementor-widget elementor-widget-heading\" data-id=\"f785ea9\" data-element_type=\"widget\" data-widget_type=\"heading.default\">\n\t\t\t\t<div class=\"elementor-widget-container\">\n\t\t\t\t\t<h3 class=\"elementor-heading-title elementor-size-default\"><a href=\"https:\/\/belvederepalace.wientickets.org\/fr\/billets-pour-le-chateau-de-belvedere\/\">Billets pour le palais du Belv\u00e9d\u00e8re sup\u00e9rieur<\/a><\/h3>\t\t\t\t<\/div>\n\t\t\t\t<\/div>\n\t\t\t\t<div class=\"elementor-element elementor-element-d46d4e5 elementor-widget elementor-widget-text-editor\" data-id=\"d46d4e5\" data-element_type=\"widget\" data-widget_type=\"text-editor.default\">\n\t\t\t\t<div class=\"elementor-widget-container\">\n\t\t\t\t\t\t\t\t\tLes billets d&rsquo;entr\u00e9e au palais du Belv\u00e9d\u00e8re donnent acc\u00e8s \u00e0 ses expositions d&rsquo;art renomm\u00e9es et \u00e0 ses magnifiques jardins. Le palais est divis\u00e9 en deux parties principales&#8230; <a href=\"https:\/\/belvederepalace.wientickets.org\/fr\/billets-pour-le-chateau-de-belvedere\/\" style=\"color:#7E0009;\">voir plus<\/a> \n\t\t\t\t\t\t\t\t<\/div>\n\t\t\t\t<\/div>\n\t\t\t\t\t<\/div>\n\t\t<\/div>\n\t\t\t\t<div class=\"elementor-column elementor-col-33 elementor-top-column elementor-element elementor-element-7c5882b\" data-id=\"7c5882b\" data-element_type=\"column\">\n\t\t\t<div class=\"elementor-widget-wrap elementor-element-populated\">\n\t\t\t\t\t\t<div class=\"elementor-element elementor-element-e1be2a9 elementor-widget elementor-widget-image\" data-id=\"e1be2a9\" data-element_type=\"widget\" data-widget_type=\"image.default\">\n\t\t\t\t<div class=\"elementor-widget-container\">\n\t\t\t\t\t\t\t\t\t\t\t\t\t\t\t\t<a href=\"https:\/\/belvederepalace.wientickets.org\/fr\/heures-douverture-du-palais-du-belvedere\/\">\n\t\t\t\t\t\t\t<img loading=\"lazy\" decoding=\"async\" width=\"600\" height=\"400\" src=\"https:\/\/belvederepalace.wientickets.org\/wp-content\/uploads\/2024\/08\/location-of-belvedere-palace.webp\" class=\"attachment-large size-large wp-image-1347\" alt=\"\" srcset=\"https:\/\/belvederepalace.wientickets.org\/wp-content\/uploads\/2024\/08\/location-of-belvedere-palace.webp 600w, https:\/\/belvederepalace.wientickets.org\/wp-content\/uploads\/2024\/08\/location-of-belvedere-palace-300x200.webp 300w\" sizes=\"(max-width: 600px) 100vw, 600px\" \/>\t\t\t\t\t\t\t\t<\/a>\n\t\t\t\t\t\t\t\t\t\t\t\t\t\t\t<\/div>\n\t\t\t\t<\/div>\n\t\t\t\t<div class=\"elementor-element elementor-element-4b025fa elementor-widget elementor-widget-heading\" data-id=\"4b025fa\" data-element_type=\"widget\" data-widget_type=\"heading.default\">\n\t\t\t\t<div class=\"elementor-widget-container\">\n\t\t\t\t\t<p class=\"elementor-heading-title elementor-size-default\">INFORMATIONS AUX VOYAGEURS<\/p>\t\t\t\t<\/div>\n\t\t\t\t<\/div>\n\t\t\t\t<div class=\"elementor-element elementor-element-b162fc3 elementor-widget elementor-widget-heading\" data-id=\"b162fc3\" data-element_type=\"widget\" data-widget_type=\"heading.default\">\n\t\t\t\t<div class=\"elementor-widget-container\">\n\t\t\t\t\t<h3 class=\"elementor-heading-title elementor-size-default\"><a href=\"https:\/\/belvederepalace.wientickets.org\/fr\/emplacement-du-chateau-du-belvedere\/\">Emplacement du palais du Belv\u00e9d\u00e8re<\/a><\/h3>\t\t\t\t<\/div>\n\t\t\t\t<\/div>\n\t\t\t\t<div class=\"elementor-element elementor-element-35d4859 elementor-widget elementor-widget-text-editor\" data-id=\"35d4859\" data-element_type=\"widget\" data-widget_type=\"text-editor.default\">\n\t\t\t\t<div class=\"elementor-widget-container\">\n\t\t\t\t\t\t\t\t\t<p>Le palais du Belv\u00e9d\u00e8re est situ\u00e9 dans le quartier de Landstra\u00dfe \u00e0 Vienne, ce qui le rend facile d&rsquo;acc\u00e8s depuis diff\u00e9rentes parties de la ville. Il est situ\u00e9 au centre&#8230; <a style=\"color: #7e0009;\" href=\"https:\/\/belvederepalace.wientickets.org\/fr\/emplacement-du-chateau-du-belvedere\/\">voir plus<\/a> <\/p>\t\t\t\t\t\t\t\t<\/div>\n\t\t\t\t<\/div>\n\t\t\t\t\t<\/div>\n\t\t<\/div>\n\t\t\t\t<div class=\"elementor-column elementor-col-33 elementor-top-column elementor-element elementor-element-5be813b\" data-id=\"5be813b\" data-element_type=\"column\">\n\t\t\t<div class=\"elementor-widget-wrap elementor-element-populated\">\n\t\t\t\t\t\t<div class=\"elementor-element elementor-element-42339a5 elementor-widget elementor-widget-image\" data-id=\"42339a5\" data-element_type=\"widget\" data-widget_type=\"image.default\">\n\t\t\t\t<div class=\"elementor-widget-container\">\n\t\t\t\t\t\t\t\t\t\t\t\t\t\t\t\t<a href=\"https:\/\/belvederepalace.wientickets.org\/fr\/points-forts-du-palais-du-belvedere\/\">\n\t\t\t\t\t\t\t<img loading=\"lazy\" decoding=\"async\" width=\"600\" height=\"400\" src=\"https:\/\/belvederepalace.wientickets.org\/wp-content\/uploads\/2024\/08\/highlights-of-belvedere-palace.webp\" class=\"attachment-large size-large wp-image-1344\" alt=\"\" srcset=\"https:\/\/belvederepalace.wientickets.org\/wp-content\/uploads\/2024\/08\/highlights-of-belvedere-palace.webp 600w, https:\/\/belvederepalace.wientickets.org\/wp-content\/uploads\/2024\/08\/highlights-of-belvedere-palace-300x200.webp 300w\" sizes=\"(max-width: 600px) 100vw, 600px\" \/>\t\t\t\t\t\t\t\t<\/a>\n\t\t\t\t\t\t\t\t\t\t\t\t\t\t\t<\/div>\n\t\t\t\t<\/div>\n\t\t\t\t<div class=\"elementor-element elementor-element-d495239 elementor-widget elementor-widget-heading\" data-id=\"d495239\" data-element_type=\"widget\" data-widget_type=\"heading.default\">\n\t\t\t\t<div class=\"elementor-widget-container\">\n\t\t\t\t\t<p class=\"elementor-heading-title elementor-size-default\">INFORMATIONS SUR LE PALAIS DU BELV\u00c9D\u00c8RE<\/p>\t\t\t\t<\/div>\n\t\t\t\t<\/div>\n\t\t\t\t<div class=\"elementor-element elementor-element-54f3eb6 elementor-widget elementor-widget-heading\" data-id=\"54f3eb6\" data-element_type=\"widget\" data-widget_type=\"heading.default\">\n\t\t\t\t<div class=\"elementor-widget-container\">\n\t\t\t\t\t<h3 class=\"elementor-heading-title elementor-size-default\"><a href=\"https:\/\/belvederepalace.wientickets.org\/fr\/informations-sur-le-palais-du-belvedere\/\">Informations sur le palais du Belv\u00e9d\u00e8re<\/a><\/h3>\t\t\t\t<\/div>\n\t\t\t\t<\/div>\n\t\t\t\t<div class=\"elementor-element elementor-element-e8f7ddd elementor-widget elementor-widget-text-editor\" data-id=\"e8f7ddd\" data-element_type=\"widget\" data-widget_type=\"text-editor.default\">\n\t\t\t\t<div class=\"elementor-widget-container\">\n\t\t\t\t\t\t\t\t\tLe complexe du palais du Belv\u00e9d\u00e8re est plus que deux palais ; c&rsquo;est un tr\u00e9sor culturel qui offre un aper\u00e7u complet de Vienne&#8230; <a href=\"https:\/\/belvederepalace.wientickets.org\/fr\/informations-sur-le-palais-du-belvedere\/\" style=\"color:#7E0009;\">voir plus<\/a>\t\t\t\t\t\t\t\t<\/div>\n\t\t\t\t<\/div>\n\t\t\t\t\t<\/div>\n\t\t<\/div>\n\t\t\t\t\t<\/div>\n\t\t<\/section>\n\t\t\t\t<\/div>\n\t\t","protected":false},"excerpt":{"rendered":"<p>March\u00e9 de No\u00ebl du Belv\u00e9d\u00e8re Le march\u00e9 de No\u00ebl du Belv\u00e9d\u00e8re est l&rsquo;un des plus beaux de Vienne, gr\u00e2ce \u00e0 sa situation exceptionnelle devant le majestueux palais du Belv\u00e9d\u00e8re. Nous vous expliquons ici tout ce qu&rsquo;il faut savoir pour pr\u00e9parer votre visite. R\u00e9server des billets Assistance quand vous en avez besoin Un service client pour [&hellip;]<\/p>\n","protected":false},"author":2,"featured_media":2014,"parent":0,"menu_order":0,"comment_status":"closed","ping_status":"closed","template":"elementor_header_footer","meta":{"footnotes":""},"class_list":["post-2012","page","type-page","status-publish","has-post-thumbnail","hentry"],"yoast_head":"<!-- This site is optimized with the Yoast SEO plugin v26.7 - https:\/\/yoast.com\/wordpress\/plugins\/seo\/ -->\n<title>March\u00e9 de No\u00ebl du Belv\u00e9d\u00e8re - Dates, heures et informations<\/title>\n<meta name=\"description\" content=\"Le march\u00e9 de No\u00ebl du Belv\u00e9d\u00e8re est l&#039;un des plus c\u00e9l\u00e8bres de Vienne. Si vous souhaitez le visiter pendant les f\u00eates de fin d&#039;ann\u00e9e, voici les d\u00e9tails\" \/>\n<meta name=\"robots\" content=\"index, follow, max-snippet:-1, max-image-preview:large, max-video-preview:-1\" \/>\n<link rel=\"canonical\" href=\"https:\/\/belvederepalace.wientickets.org\/fr\/marche-de-noel-du-belvedere\/\" \/>\n<meta property=\"og:locale\" content=\"fr_FR\" \/>\n<meta property=\"og:type\" content=\"article\" \/>\n<meta property=\"og:title\" content=\"March\u00e9 de No\u00ebl du Belv\u00e9d\u00e8re - Dates, heures et informations\" \/>\n<meta property=\"og:description\" content=\"Le march\u00e9 de No\u00ebl du Belv\u00e9d\u00e8re est l&#039;un des plus c\u00e9l\u00e8bres de Vienne. Si vous souhaitez le visiter pendant les f\u00eates de fin d&#039;ann\u00e9e, voici les d\u00e9tails\" \/>\n<meta property=\"og:url\" content=\"https:\/\/belvederepalace.wientickets.org\/fr\/marche-de-noel-du-belvedere\/\" \/>\n<meta property=\"og:site_name\" content=\"Belvedere Palace Tickets\" \/>\n<meta property=\"article:modified_time\" content=\"2026-01-23T11:57:40+00:00\" \/>\n<meta property=\"og:image\" content=\"https:\/\/belvederepalace.wientickets.org\/wp-content\/uploads\/2025\/12\/belvedere-christmas-market-vienna-day.webp\" \/>\n\t<meta property=\"og:image:width\" content=\"800\" \/>\n\t<meta property=\"og:image:height\" content=\"532\" \/>\n\t<meta property=\"og:image:type\" content=\"image\/webp\" \/>\n<meta name=\"twitter:card\" content=\"summary_large_image\" \/>\n<meta name=\"twitter:label1\" content=\"Dur\u00e9e de lecture estim\u00e9e\" \/>\n\t<meta name=\"twitter:data1\" content=\"11 minutes\" \/>\n<script type=\"application\/ld+json\" class=\"yoast-schema-graph\">{\"@context\":\"https:\/\/schema.org\",\"@graph\":[{\"@type\":\"WebPage\",\"@id\":\"https:\/\/belvederepalace.wientickets.org\/fr\/marche-de-noel-du-belvedere\/\",\"url\":\"https:\/\/belvederepalace.wientickets.org\/fr\/marche-de-noel-du-belvedere\/\",\"name\":\"March\u00e9 de No\u00ebl du Belv\u00e9d\u00e8re - Dates, heures et informations\",\"isPartOf\":{\"@id\":\"https:\/\/belvederepalace.wientickets.org\/fr\/#website\"},\"primaryImageOfPage\":{\"@id\":\"https:\/\/belvederepalace.wientickets.org\/fr\/marche-de-noel-du-belvedere\/#primaryimage\"},\"image\":{\"@id\":\"https:\/\/belvederepalace.wientickets.org\/fr\/marche-de-noel-du-belvedere\/#primaryimage\"},\"thumbnailUrl\":\"https:\/\/belvederepalace.wientickets.org\/wp-content\/uploads\/2025\/12\/belvedere-christmas-market-vienna-day.webp\",\"datePublished\":\"2025-12-15T16:14:20+00:00\",\"dateModified\":\"2026-01-23T11:57:40+00:00\",\"description\":\"Le march\u00e9 de No\u00ebl du Belv\u00e9d\u00e8re est l'un des plus c\u00e9l\u00e8bres de Vienne. Si vous souhaitez le visiter pendant les f\u00eates de fin d'ann\u00e9e, voici les d\u00e9tails\",\"breadcrumb\":{\"@id\":\"https:\/\/belvederepalace.wientickets.org\/fr\/marche-de-noel-du-belvedere\/#breadcrumb\"},\"inLanguage\":\"fr-FR\",\"potentialAction\":[{\"@type\":\"ReadAction\",\"target\":[\"https:\/\/belvederepalace.wientickets.org\/fr\/marche-de-noel-du-belvedere\/\"]}]},{\"@type\":\"ImageObject\",\"inLanguage\":\"fr-FR\",\"@id\":\"https:\/\/belvederepalace.wientickets.org\/fr\/marche-de-noel-du-belvedere\/#primaryimage\",\"url\":\"https:\/\/belvederepalace.wientickets.org\/wp-content\/uploads\/2025\/12\/belvedere-christmas-market-vienna-day.webp\",\"contentUrl\":\"https:\/\/belvederepalace.wientickets.org\/wp-content\/uploads\/2025\/12\/belvedere-christmas-market-vienna-day.webp\",\"width\":800,\"height\":532,\"caption\":\"March\u00e9 de No\u00ebl du Belv\u00e9d\u00e8re pendant la journ\u00e9e\"},{\"@type\":\"BreadcrumbList\",\"@id\":\"https:\/\/belvederepalace.wientickets.org\/fr\/marche-de-noel-du-belvedere\/#breadcrumb\",\"itemListElement\":[{\"@type\":\"ListItem\",\"position\":1,\"name\":\"Home\",\"item\":\"https:\/\/belvederepalace.wientickets.org\/fr\/\"},{\"@type\":\"ListItem\",\"position\":2,\"name\":\"March\u00e9 de No\u00ebl du Belv\u00e9d\u00e8re\"}]},{\"@type\":\"WebSite\",\"@id\":\"https:\/\/belvederepalace.wientickets.org\/fr\/#website\",\"url\":\"https:\/\/belvederepalace.wientickets.org\/fr\/\",\"name\":\"Belvedere Palace Tickets\",\"description\":\"\",\"publisher\":{\"@id\":\"https:\/\/belvederepalace.wientickets.org\/fr\/#organization\"},\"potentialAction\":[{\"@type\":\"SearchAction\",\"target\":{\"@type\":\"EntryPoint\",\"urlTemplate\":\"https:\/\/belvederepalace.wientickets.org\/fr\/?s={search_term_string}\"},\"query-input\":{\"@type\":\"PropertyValueSpecification\",\"valueRequired\":true,\"valueName\":\"search_term_string\"}}],\"inLanguage\":\"fr-FR\"},{\"@type\":\"Organization\",\"@id\":\"https:\/\/belvederepalace.wientickets.org\/fr\/#organization\",\"name\":\"Billets pour le ch\u00e2teau de Belvedere\",\"url\":\"https:\/\/belvederepalace.wientickets.org\/fr\/\",\"logo\":{\"@type\":\"ImageObject\",\"inLanguage\":\"fr-FR\",\"@id\":\"https:\/\/belvederepalace.wientickets.org\/fr\/#\/schema\/logo\/image\/\",\"url\":\"https:\/\/belvederepalace.wientickets.org\/wp-content\/uploads\/2024\/08\/belvedere-palace-tickets-logo.png\",\"contentUrl\":\"https:\/\/belvederepalace.wientickets.org\/wp-content\/uploads\/2024\/08\/belvedere-palace-tickets-logo.png\",\"width\":375,\"height\":70,\"caption\":\"Billets pour le ch\u00e2teau de Belvedere\"},\"image\":{\"@id\":\"https:\/\/belvederepalace.wientickets.org\/fr\/#\/schema\/logo\/image\/\"}}]}<\/script>\n<!-- \/ Yoast SEO plugin. -->","yoast_head_json":{"title":"March\u00e9 de No\u00ebl du Belv\u00e9d\u00e8re - Dates, heures et informations","description":"Le march\u00e9 de No\u00ebl du Belv\u00e9d\u00e8re est l'un des plus c\u00e9l\u00e8bres de Vienne. Si vous souhaitez le visiter pendant les f\u00eates de fin d'ann\u00e9e, voici les d\u00e9tails","robots":{"index":"index","follow":"follow","max-snippet":"max-snippet:-1","max-image-preview":"max-image-preview:large","max-video-preview":"max-video-preview:-1"},"canonical":"https:\/\/belvederepalace.wientickets.org\/fr\/marche-de-noel-du-belvedere\/","og_locale":"fr_FR","og_type":"article","og_title":"March\u00e9 de No\u00ebl du Belv\u00e9d\u00e8re - Dates, heures et informations","og_description":"Le march\u00e9 de No\u00ebl du Belv\u00e9d\u00e8re est l'un des plus c\u00e9l\u00e8bres de Vienne. Si vous souhaitez le visiter pendant les f\u00eates de fin d'ann\u00e9e, voici les d\u00e9tails","og_url":"https:\/\/belvederepalace.wientickets.org\/fr\/marche-de-noel-du-belvedere\/","og_site_name":"Belvedere Palace Tickets","article_modified_time":"2026-01-23T11:57:40+00:00","og_image":[{"width":800,"height":532,"url":"https:\/\/belvederepalace.wientickets.org\/wp-content\/uploads\/2025\/12\/belvedere-christmas-market-vienna-day.webp","type":"image\/webp"}],"twitter_card":"summary_large_image","twitter_misc":{"Dur\u00e9e de lecture estim\u00e9e":"11 minutes"},"schema":{"@context":"https:\/\/schema.org","@graph":[{"@type":"WebPage","@id":"https:\/\/belvederepalace.wientickets.org\/fr\/marche-de-noel-du-belvedere\/","url":"https:\/\/belvederepalace.wientickets.org\/fr\/marche-de-noel-du-belvedere\/","name":"March\u00e9 de No\u00ebl du Belv\u00e9d\u00e8re - Dates, heures et informations","isPartOf":{"@id":"https:\/\/belvederepalace.wientickets.org\/fr\/#website"},"primaryImageOfPage":{"@id":"https:\/\/belvederepalace.wientickets.org\/fr\/marche-de-noel-du-belvedere\/#primaryimage"},"image":{"@id":"https:\/\/belvederepalace.wientickets.org\/fr\/marche-de-noel-du-belvedere\/#primaryimage"},"thumbnailUrl":"https:\/\/belvederepalace.wientickets.org\/wp-content\/uploads\/2025\/12\/belvedere-christmas-market-vienna-day.webp","datePublished":"2025-12-15T16:14:20+00:00","dateModified":"2026-01-23T11:57:40+00:00","description":"Le march\u00e9 de No\u00ebl du Belv\u00e9d\u00e8re est l'un des plus c\u00e9l\u00e8bres de Vienne. Si vous souhaitez le visiter pendant les f\u00eates de fin d'ann\u00e9e, voici les d\u00e9tails","breadcrumb":{"@id":"https:\/\/belvederepalace.wientickets.org\/fr\/marche-de-noel-du-belvedere\/#breadcrumb"},"inLanguage":"fr-FR","potentialAction":[{"@type":"ReadAction","target":["https:\/\/belvederepalace.wientickets.org\/fr\/marche-de-noel-du-belvedere\/"]}]},{"@type":"ImageObject","inLanguage":"fr-FR","@id":"https:\/\/belvederepalace.wientickets.org\/fr\/marche-de-noel-du-belvedere\/#primaryimage","url":"https:\/\/belvederepalace.wientickets.org\/wp-content\/uploads\/2025\/12\/belvedere-christmas-market-vienna-day.webp","contentUrl":"https:\/\/belvederepalace.wientickets.org\/wp-content\/uploads\/2025\/12\/belvedere-christmas-market-vienna-day.webp","width":800,"height":532,"caption":"March\u00e9 de No\u00ebl du Belv\u00e9d\u00e8re pendant la journ\u00e9e"},{"@type":"BreadcrumbList","@id":"https:\/\/belvederepalace.wientickets.org\/fr\/marche-de-noel-du-belvedere\/#breadcrumb","itemListElement":[{"@type":"ListItem","position":1,"name":"Home","item":"https:\/\/belvederepalace.wientickets.org\/fr\/"},{"@type":"ListItem","position":2,"name":"March\u00e9 de No\u00ebl du Belv\u00e9d\u00e8re"}]},{"@type":"WebSite","@id":"https:\/\/belvederepalace.wientickets.org\/fr\/#website","url":"https:\/\/belvederepalace.wientickets.org\/fr\/","name":"Belvedere Palace Tickets","description":"","publisher":{"@id":"https:\/\/belvederepalace.wientickets.org\/fr\/#organization"},"potentialAction":[{"@type":"SearchAction","target":{"@type":"EntryPoint","urlTemplate":"https:\/\/belvederepalace.wientickets.org\/fr\/?s={search_term_string}"},"query-input":{"@type":"PropertyValueSpecification","valueRequired":true,"valueName":"search_term_string"}}],"inLanguage":"fr-FR"},{"@type":"Organization","@id":"https:\/\/belvederepalace.wientickets.org\/fr\/#organization","name":"Billets pour le ch\u00e2teau de Belvedere","url":"https:\/\/belvederepalace.wientickets.org\/fr\/","logo":{"@type":"ImageObject","inLanguage":"fr-FR","@id":"https:\/\/belvederepalace.wientickets.org\/fr\/#\/schema\/logo\/image\/","url":"https:\/\/belvederepalace.wientickets.org\/wp-content\/uploads\/2024\/08\/belvedere-palace-tickets-logo.png","contentUrl":"https:\/\/belvederepalace.wientickets.org\/wp-content\/uploads\/2024\/08\/belvedere-palace-tickets-logo.png","width":375,"height":70,"caption":"Billets pour le ch\u00e2teau de Belvedere"},"image":{"@id":"https:\/\/belvederepalace.wientickets.org\/fr\/#\/schema\/logo\/image\/"}}]}},"_links":{"self":[{"href":"https:\/\/belvederepalace.wientickets.org\/fr\/wp-json\/wp\/v2\/pages\/2012","targetHints":{"allow":["GET"]}}],"collection":[{"href":"https:\/\/belvederepalace.wientickets.org\/fr\/wp-json\/wp\/v2\/pages"}],"about":[{"href":"https:\/\/belvederepalace.wientickets.org\/fr\/wp-json\/wp\/v2\/types\/page"}],"author":[{"embeddable":true,"href":"https:\/\/belvederepalace.wientickets.org\/fr\/wp-json\/wp\/v2\/users\/2"}],"replies":[{"embeddable":true,"href":"https:\/\/belvederepalace.wientickets.org\/fr\/wp-json\/wp\/v2\/comments?post=2012"}],"version-history":[{"count":14,"href":"https:\/\/belvederepalace.wientickets.org\/fr\/wp-json\/wp\/v2\/pages\/2012\/revisions"}],"predecessor-version":[{"id":2682,"href":"https:\/\/belvederepalace.wientickets.org\/fr\/wp-json\/wp\/v2\/pages\/2012\/revisions\/2682"}],"wp:featuredmedia":[{"embeddable":true,"href":"https:\/\/belvederepalace.wientickets.org\/fr\/wp-json\/wp\/v2\/media\/2014"}],"wp:attachment":[{"href":"https:\/\/belvederepalace.wientickets.org\/fr\/wp-json\/wp\/v2\/media?parent=2012"}],"curies":[{"name":"wp","href":"https:\/\/api.w.org\/{rel}","templated":true}]}}