{"id":2025,"date":"2024-08-19T08:49:31","date_gmt":"2024-08-19T08:49:31","guid":{"rendered":"https:\/\/belvederepalace.wientickets.org\/informations-sur-le-palais-du-belvedere\/"},"modified":"2026-01-21T15:22:02","modified_gmt":"2026-01-21T15:22:02","slug":"informations-sur-le-palais-du-belvedere","status":"publish","type":"page","link":"https:\/\/belvederepalace.wientickets.org\/fr\/informations-sur-le-palais-du-belvedere\/","title":{"rendered":"Informations sur le palais du Belv\u00e9d\u00e8re"},"content":{"rendered":"\t\t<div data-elementor-type=\"wp-page\" data-elementor-id=\"2025\" class=\"elementor elementor-2025 elementor-112\">\n\t\t\t\t\t\t<section class=\"elementor-section elementor-top-section elementor-element elementor-element-a788391 elementor-section-height-min-height elementor-section-boxed elementor-section-height-default elementor-section-items-middle\" data-id=\"a788391\" data-element_type=\"section\" data-settings=\"{&quot;background_background&quot;:&quot;classic&quot;}\">\n\t\t\t\t\t\t\t<div class=\"elementor-background-overlay\"><\/div>\n\t\t\t\t\t\t\t<div class=\"elementor-container elementor-column-gap-default\">\n\t\t\t\t\t<div class=\"elementor-column elementor-col-50 elementor-top-column elementor-element elementor-element-3d0c56a\" data-id=\"3d0c56a\" data-element_type=\"column\">\n\t\t\t<div class=\"elementor-widget-wrap elementor-element-populated\">\n\t\t\t\t\t\t<div class=\"elementor-element elementor-element-e63628f elementor-widget elementor-widget-heading\" data-id=\"e63628f\" data-element_type=\"widget\" data-widget_type=\"heading.default\">\n\t\t\t\t<div class=\"elementor-widget-container\">\n\t\t\t\t\t<h1 class=\"elementor-heading-title elementor-size-default\">Informations sur le palais du Belv\u00e9d\u00e8re\n<\/h1>\t\t\t\t<\/div>\n\t\t\t\t<\/div>\n\t\t\t\t<div class=\"elementor-element elementor-element-298c8fe elementor-widget elementor-widget-text-editor\" data-id=\"298c8fe\" data-element_type=\"widget\" data-widget_type=\"text-editor.default\">\n\t\t\t\t<div class=\"elementor-widget-container\">\n\t\t\t\t\t\t\t\t\tExplorez la riche histoire et l&rsquo;architecture \u00e9tonnante du palais du Belv\u00e9d\u00e8re \u00e0 Vienne. D\u00e9couvrez son design baroque, l&rsquo;architecte qui l&rsquo;a con\u00e7u et son importance culturelle. \n\n\n\n\n\n\n\t\t\t\t\t\t\t\t<\/div>\n\t\t\t\t<\/div>\n\t\t\t\t\t<\/div>\n\t\t<\/div>\n\t\t\t\t<div class=\"elementor-column elementor-col-50 elementor-top-column elementor-element elementor-element-3ef3f5e\" data-id=\"3ef3f5e\" data-element_type=\"column\">\n\t\t\t<div class=\"elementor-widget-wrap\">\n\t\t\t\t\t\t\t<\/div>\n\t\t<\/div>\n\t\t\t\t\t<\/div>\n\t\t<\/section>\n\t\t\t\t<section class=\"elementor-section elementor-top-section elementor-element elementor-element-ebb1795 elementor-section-height-min-height elementor-section-boxed elementor-section-height-default elementor-section-items-middle\" data-id=\"ebb1795\" data-element_type=\"section\" data-settings=\"{&quot;background_background&quot;:&quot;classic&quot;}\">\n\t\t\t\t\t\t<div class=\"elementor-container elementor-column-gap-default\">\n\t\t\t\t\t<div class=\"elementor-column elementor-col-100 elementor-top-column elementor-element elementor-element-9d27c2b\" data-id=\"9d27c2b\" data-element_type=\"column\">\n\t\t\t<div class=\"elementor-widget-wrap\">\n\t\t\t\t\t\t\t<\/div>\n\t\t<\/div>\n\t\t\t\t\t<\/div>\n\t\t<\/section>\n\t\t\t\t<section class=\"elementor-section elementor-top-section elementor-element elementor-element-4b39644 elementor-section-boxed elementor-section-height-default elementor-section-height-default\" data-id=\"4b39644\" data-element_type=\"section\">\n\t\t\t\t\t\t<div class=\"elementor-container elementor-column-gap-default\">\n\t\t\t\t\t<div class=\"elementor-column elementor-col-100 elementor-top-column elementor-element elementor-element-09591d8\" data-id=\"09591d8\" data-element_type=\"column\">\n\t\t\t<div class=\"elementor-widget-wrap elementor-element-populated\">\n\t\t\t\t\t\t<div class=\"elementor-element elementor-element-e5788b4 elementor-widget elementor-widget-text-editor\" data-id=\"e5788b4\" data-element_type=\"widget\" data-widget_type=\"text-editor.default\">\n\t\t\t\t<div class=\"elementor-widget-container\">\n\t\t\t\t\t\t\t\t\t<p>Le complexe du palais du Belv\u00e9d\u00e8re est plus que deux palais, c&rsquo;est un tr\u00e9sor culturel qui offre un aper\u00e7u complet de l&rsquo;\u00e9volution artistique et historique de Vienne. Le complexe comprend le Belv\u00e9d\u00e8re sup\u00e9rieur et le Belv\u00e9d\u00e8re inf\u00e9rieur, l&rsquo;Orangerie et les \u00e9curies du palais, chacun avec ses expositions et ses caract\u00e9ristiques architecturales uniques. <\/p><p>Les jardins qui relient les palais sont un point fort, offrant une toile de fond pittoresque aux visiteurs. Avec sa riche histoire, son architecture \u00e9poustouflante et ses collections d&rsquo;art de classe mondiale, le complexe du palais du Belv\u00e9d\u00e8re est une destination incontournable \u00e0 Vienne, o\u00f9 chacun trouvera son bonheur. <\/p><p>Le site est facilement accessible par les transports en commun, ce qui le rend pratique pour les touristes s\u00e9journant dans diff\u00e9rents quartiers de la ville. Les visiteurs peuvent se rendre au palais en prenant le tramway (ligne D) jusqu&rsquo;\u00e0 l&rsquo;arr\u00eat Schloss Belvedere ou le S-Bahn jusqu&rsquo;\u00e0 la station Quartier Belvedere. En outre, plusieurs lignes de bus desservent le quartier, et de nombreuses places de parking sont disponibles pour les personnes arrivant en voiture.  <\/p><p>Le palais est ouvert toute l&rsquo;ann\u00e9e, avec des horaires prolong\u00e9s pendant la haute saison touristique. Il est recommand\u00e9 de consulter le site officiel du palais du Belv\u00e9d\u00e8re pour obtenir des informations \u00e0 jour sur les prix des billets, les expositions sp\u00e9ciales et les changements d&rsquo;horaires d&rsquo;ouverture. <\/p><p>La photographie est g\u00e9n\u00e9ralement autoris\u00e9e, mais les flashs et les tr\u00e9pieds sont interdits. Il est pr\u00e9f\u00e9rable de v\u00e9rifier s&rsquo;il existe des restrictions sp\u00e9cifiques pour certaines expositions ou zones. Des visites guid\u00e9es sont \u00e9galement disponibles en plusieurs langues, dont l&rsquo;anglais, pour les visiteurs internationaux.  <\/p>\t\t\t\t\t\t\t\t<\/div>\n\t\t\t\t<\/div>\n\t\t\t\t<div class=\"elementor-element elementor-element-424d8d0 elementor-widget elementor-widget-image\" data-id=\"424d8d0\" data-element_type=\"widget\" data-widget_type=\"image.default\">\n\t\t\t\t<div class=\"elementor-widget-container\">\n\t\t\t\t\t\t\t\t\t\t\t\t\t\t\t<img fetchpriority=\"high\" decoding=\"async\" width=\"1100\" height=\"554\" src=\"https:\/\/belvederepalace.wientickets.org\/wp-content\/uploads\/2024\/08\/history-of-belvedere-palace.webp\" class=\"attachment-full size-full wp-image-2026\" alt=\"\" srcset=\"https:\/\/belvederepalace.wientickets.org\/wp-content\/uploads\/2024\/08\/history-of-belvedere-palace.webp 1100w, https:\/\/belvederepalace.wientickets.org\/wp-content\/uploads\/2024\/08\/history-of-belvedere-palace-300x151.webp 300w, https:\/\/belvederepalace.wientickets.org\/wp-content\/uploads\/2024\/08\/history-of-belvedere-palace-1024x516.webp 1024w, https:\/\/belvederepalace.wientickets.org\/wp-content\/uploads\/2024\/08\/history-of-belvedere-palace-768x387.webp 768w\" sizes=\"(max-width: 1100px) 100vw, 1100px\" \/>\t\t\t\t\t\t\t\t\t\t\t\t\t\t\t<\/div>\n\t\t\t\t<\/div>\n\t\t\t\t<div class=\"elementor-element elementor-element-785bf12 elementor-widget elementor-widget-heading\" data-id=\"785bf12\" data-element_type=\"widget\" data-widget_type=\"heading.default\">\n\t\t\t\t<div class=\"elementor-widget-container\">\n\t\t\t\t\t<h2 class=\"elementor-heading-title elementor-size-default\">Histoire du palais du Belv\u00e9d\u00e8re\n<\/h2>\t\t\t\t<\/div>\n\t\t\t\t<\/div>\n\t\t\t\t<div class=\"elementor-element elementor-element-ed8b72e elementor-widget elementor-widget-text-editor\" data-id=\"ed8b72e\" data-element_type=\"widget\" data-widget_type=\"text-editor.default\">\n\t\t\t\t<div class=\"elementor-widget-container\">\n\t\t\t\t\t\t\t\t\t<p>Le palais du Belv\u00e9d\u00e8re est un chef-d&rsquo;\u0153uvre de l&rsquo;architecture baroque, con\u00e7u par le c\u00e9l\u00e8bre architecte Johann Lucas von Hildebrandt au d\u00e9but du XVIIIe si\u00e8cle. Le complexe \u00e9tait \u00e0 l&rsquo;origine destin\u00e9 \u00e0 servir de r\u00e9sidence d&rsquo;\u00e9t\u00e9 au prince Eug\u00e8ne de Savoie, chef militaire et m\u00e9c\u00e8ne. Aujourd&rsquo;hui, le palais est class\u00e9 au patrimoine mondial de l&rsquo;UNESCO et constitue un symbole de l&rsquo;h\u00e9ritage artistique et historique de Vienne.  <\/p><p>La place du Belv\u00e9d\u00e8re sup\u00e9rieur a \u00e9t\u00e9 con\u00e7ue par l&rsquo;architecte Johann Lucas von Hildebrandt, elle a \u00e9t\u00e9 achev\u00e9e en 1723 et a servi de r\u00e9sidence d&rsquo;\u00e9t\u00e9 au prince Eug\u00e8ne de Savoie.<\/p><p>Le palais du Belv\u00e9d\u00e8re inf\u00e9rieur a \u00e9t\u00e9 construit entre 1714 et 1716 et a servi de r\u00e9sidence principale au prince Eug\u00e8ne. Il a \u00e9t\u00e9 con\u00e7u pour compl\u00e9ter le Belv\u00e9d\u00e8re sup\u00e9rieur, offrant un espace plus personnel et priv\u00e9 au prince. <\/p><p>L&rsquo;architecture du palais refl\u00e8te l&rsquo;\u00e9l\u00e9gance et la sophistication du style baroque, avec ses d\u00e9corations ornementales et sa conception sym\u00e9trique. Aujourd&rsquo;hui, il sert de mus\u00e9e et d&rsquo;espace d&rsquo;exposition, offrant aux visiteurs l&rsquo;occasion d&rsquo;explorer la richesse de l&rsquo;histoire et de l&rsquo;art de l&rsquo;\u00e8re baroque. <\/p>\t\t\t\t\t\t\t\t<\/div>\n\t\t\t\t<\/div>\n\t\t\t\t<div class=\"elementor-element elementor-element-93cef70 elementor-widget elementor-widget-image\" data-id=\"93cef70\" data-element_type=\"widget\" data-widget_type=\"image.default\">\n\t\t\t\t<div class=\"elementor-widget-container\">\n\t\t\t\t\t\t\t\t\t\t\t\t\t\t\t<img decoding=\"async\" width=\"1100\" height=\"554\" src=\"https:\/\/belvederepalace.wientickets.org\/wp-content\/uploads\/2024\/08\/belvedere-palace-architecture.webp\" class=\"attachment-full size-full wp-image-1359\" alt=\"\" srcset=\"https:\/\/belvederepalace.wientickets.org\/wp-content\/uploads\/2024\/08\/belvedere-palace-architecture.webp 1100w, https:\/\/belvederepalace.wientickets.org\/wp-content\/uploads\/2024\/08\/belvedere-palace-architecture-300x151.webp 300w, https:\/\/belvederepalace.wientickets.org\/wp-content\/uploads\/2024\/08\/belvedere-palace-architecture-1024x516.webp 1024w, https:\/\/belvederepalace.wientickets.org\/wp-content\/uploads\/2024\/08\/belvedere-palace-architecture-768x387.webp 768w\" sizes=\"(max-width: 1100px) 100vw, 1100px\" \/>\t\t\t\t\t\t\t\t\t\t\t\t\t\t\t<\/div>\n\t\t\t\t<\/div>\n\t\t\t\t<div class=\"elementor-element elementor-element-13c06bd elementor-widget elementor-widget-heading\" data-id=\"13c06bd\" data-element_type=\"widget\" data-widget_type=\"heading.default\">\n\t\t\t\t<div class=\"elementor-widget-container\">\n\t\t\t\t\t<h2 class=\"elementor-heading-title elementor-size-default\">Architecture du palais du Belv\u00e9d\u00e8re\n<\/h2>\t\t\t\t<\/div>\n\t\t\t\t<\/div>\n\t\t\t\t<div class=\"elementor-element elementor-element-37855cb elementor-widget elementor-widget-text-editor\" data-id=\"37855cb\" data-element_type=\"widget\" data-widget_type=\"text-editor.default\">\n\t\t\t\t<div class=\"elementor-widget-container\">\n\t\t\t\t\t\t\t\t\t<p>La visite du palais du Belv\u00e9d\u00e8re est un must pour tous ceux qui explorent Vienne. Ce palais pr\u00e9sente non seulement une architecture \u00e0 couper le souffle, mais il abrite \u00e9galement l&rsquo;une des plus importantes collections d&rsquo;art d&rsquo;Autriche. Les visiteurs peuvent y admirer des chefs-d&rsquo;\u0153uvre d&rsquo;artistes renomm\u00e9s tels que Gustav Klimt, Egon Schiele et Oskar Kokoschka. Le palais est une destination id\u00e9ale pour ceux qui souhaitent s&rsquo;immerger dans le riche patrimoine culturel de la ville.   <\/p><p>Le palais du Belv\u00e9d\u00e8re est construit dans le style Broque, qui comprend de vastes am\u00e9nagements mettant en valeur les courbes, la sym\u00e9trie et l&rsquo;ornementation. Le Belv\u00e9d\u00e8re sup\u00e9rieur est le point central de la structure. Il est entour\u00e9 de deux ailes. La fa\u00e7ade est tr\u00e8s d\u00e9cor\u00e9e de stucs, de colonnes et de sculptures. Le Belv\u00e9d\u00e8re inf\u00e9rieur comprend une maison d&rsquo;h\u00f4tes et une orangerie donnant sur un jardin central.    <\/p><p>Les touristes peuvent appr\u00e9cier l&rsquo;art et l&rsquo;histoire que rec\u00e8le ce site embl\u00e9matique. Au Belv\u00e9d\u00e8re sup\u00e9rieur, les visiteurs peuvent admirer le c\u00e9l\u00e8bre tableau de Klimt, \u00ab\u00a0Le Baiser\u00a0\u00bb, ainsi que d&rsquo;autres \u0153uvres importantes du mouvement Art nouveau autrichien. <\/p><p>La grande salle de marbre du palais du Belv\u00e9d\u00e8re, avec son impressionnante fresque au plafond, et d&rsquo;autres salles opulentes refl\u00e8tent l&rsquo;importance historique du palais. Le Belv\u00e9d\u00e8re inf\u00e9rieur offre un aper\u00e7u plus intime de l&rsquo;ancienne demeure du prince et pr\u00e9sente des expositions sp\u00e9ciales qui changent tout au long de l&rsquo;ann\u00e9e. Le palais du Belv\u00e9d\u00e8re est r\u00e9put\u00e9 pour la richesse de ses expositions et de ses collections, offrant une vue d&rsquo;ensemble de l&rsquo;extravagance architecturale.  <\/p>\t\t\t\t\t\t\t\t<\/div>\n\t\t\t\t<\/div>\n\t\t\t\t<div class=\"elementor-element elementor-element-e5ca842 elementor-widget elementor-widget-heading\" data-id=\"e5ca842\" data-element_type=\"widget\" data-widget_type=\"heading.default\">\n\t\t\t\t<div class=\"elementor-widget-container\">\n\t\t\t\t\t<h2 class=\"elementor-heading-title elementor-size-default\">Architecte du palais du Belv\u00e9d\u00e8re\n<\/h2>\t\t\t\t<\/div>\n\t\t\t\t<\/div>\n\t\t\t\t<div class=\"elementor-element elementor-element-07b04f4 elementor-widget elementor-widget-text-editor\" data-id=\"07b04f4\" data-element_type=\"widget\" data-widget_type=\"text-editor.default\">\n\t\t\t\t<div class=\"elementor-widget-container\">\n\t\t\t\t\t\t\t\t\tLe palais a \u00e9t\u00e9 con\u00e7u par l&rsquo;architecte Johann Lucas von Hildebrandt et achev\u00e9 au d\u00e9but du XVIIIe si\u00e8cle. Le prince Eug\u00e8ne de Savoie, chef militaire renomm\u00e9 et m\u00e9c\u00e8ne d&rsquo;art, a command\u00e9 le palais pour en faire une r\u00e9sidence d&rsquo;\u00e9t\u00e9 et un lieu de r\u00e9ception. Aujourd&rsquo;hui, le Belv\u00e9d\u00e8re abrite l&rsquo;une des plus importantes collections d&rsquo;art d&rsquo;Autriche, qui s&rsquo;\u00e9tend du Moyen \u00c2ge aux \u0153uvres contemporaines, avec un fort accent sur les artistes autrichiens  \n\t\t\t\t\t\t\t\t<\/div>\n\t\t\t\t<\/div>\n\t\t\t\t\t<\/div>\n\t\t<\/div>\n\t\t\t\t\t<\/div>\n\t\t<\/section>\n\t\t\t\t<section class=\"elementor-section elementor-top-section elementor-element elementor-element-83abffa elementor-section-boxed elementor-section-height-default elementor-section-height-default\" data-id=\"83abffa\" data-element_type=\"section\">\n\t\t\t\t\t\t<div class=\"elementor-container elementor-column-gap-default\">\n\t\t\t\t\t<div class=\"elementor-column elementor-col-100 elementor-top-column elementor-element elementor-element-7996804\" data-id=\"7996804\" data-element_type=\"column\">\n\t\t\t<div class=\"elementor-widget-wrap elementor-element-populated\">\n\t\t\t\t\t\t<div class=\"elementor-element elementor-element-8028a6f elementor-widget elementor-widget-heading\" data-id=\"8028a6f\" data-element_type=\"widget\" data-widget_type=\"heading.default\">\n\t\t\t\t<div class=\"elementor-widget-container\">\n\t\t\t\t\t<h3 class=\"elementor-heading-title elementor-size-default\">Plus d'informations sur le palais du Belv\u00e9d\u00e8re<\/h3>\t\t\t\t<\/div>\n\t\t\t\t<\/div>\n\t\t\t\t\t<\/div>\n\t\t<\/div>\n\t\t\t\t\t<\/div>\n\t\t<\/section>\n\t\t\t\t<section class=\"elementor-section elementor-top-section elementor-element elementor-element-c58040f elementor-section-boxed elementor-section-height-default elementor-section-height-default\" data-id=\"c58040f\" data-element_type=\"section\">\n\t\t\t\t\t\t<div class=\"elementor-container elementor-column-gap-custom\">\n\t\t\t\t\t<div class=\"elementor-column elementor-col-33 elementor-top-column elementor-element elementor-element-6a46b1a\" data-id=\"6a46b1a\" data-element_type=\"column\">\n\t\t\t<div class=\"elementor-widget-wrap elementor-element-populated\">\n\t\t\t\t\t\t<div class=\"elementor-element elementor-element-c37d9ad elementor-widget elementor-widget-image\" data-id=\"c37d9ad\" data-element_type=\"widget\" data-widget_type=\"image.default\">\n\t\t\t\t<div class=\"elementor-widget-container\">\n\t\t\t\t\t\t\t\t\t\t\t\t\t\t\t\t<a href=\"https:\/\/belvederepalace.wientickets.org\/fr\/billets-pour-le-chateau-de-belvedere\/\">\n\t\t\t\t\t\t\t<img decoding=\"async\" width=\"600\" height=\"400\" src=\"https:\/\/belvederepalace.wientickets.org\/wp-content\/uploads\/2024\/08\/upper-belvedere-palace-tickets.webp\" class=\"attachment-large size-large wp-image-1342\" alt=\"\" srcset=\"https:\/\/belvederepalace.wientickets.org\/wp-content\/uploads\/2024\/08\/upper-belvedere-palace-tickets.webp 600w, https:\/\/belvederepalace.wientickets.org\/wp-content\/uploads\/2024\/08\/upper-belvedere-palace-tickets-300x200.webp 300w\" sizes=\"(max-width: 600px) 100vw, 600px\" \/>\t\t\t\t\t\t\t\t<\/a>\n\t\t\t\t\t\t\t\t\t\t\t\t\t\t\t<\/div>\n\t\t\t\t<\/div>\n\t\t\t\t<div class=\"elementor-element elementor-element-8ac7a64 elementor-widget elementor-widget-heading\" data-id=\"8ac7a64\" data-element_type=\"widget\" data-widget_type=\"heading.default\">\n\t\t\t\t<div class=\"elementor-widget-container\">\n\t\t\t\t\t<p class=\"elementor-heading-title elementor-size-default\">BILLETS POUR LE PALAIS DU BELV\u00c9D\u00c8RE<\/p>\t\t\t\t<\/div>\n\t\t\t\t<\/div>\n\t\t\t\t<div class=\"elementor-element elementor-element-cd9fd10 elementor-widget elementor-widget-heading\" data-id=\"cd9fd10\" data-element_type=\"widget\" data-widget_type=\"heading.default\">\n\t\t\t\t<div class=\"elementor-widget-container\">\n\t\t\t\t\t<h3 class=\"elementor-heading-title elementor-size-default\">Billets pour le palais du Belv\u00e9d\u00e8re sup\u00e9rieur<\/h3>\t\t\t\t<\/div>\n\t\t\t\t<\/div>\n\t\t\t\t<div class=\"elementor-element elementor-element-5b61ca3 elementor-widget elementor-widget-text-editor\" data-id=\"5b61ca3\" data-element_type=\"widget\" data-widget_type=\"text-editor.default\">\n\t\t\t\t<div class=\"elementor-widget-container\">\n\t\t\t\t\t\t\t\t\t<p>Les billets d&rsquo;entr\u00e9e au palais du Belv\u00e9d\u00e8re donnent acc\u00e8s \u00e0 ses expositions d&rsquo;art renomm\u00e9es et \u00e0 ses magnifiques jardins. Le palais est divis\u00e9 en deux parties principales&#8230; <a href=\"https:\/\/belvederepalace.wientickets.org\/fr\/billets-pour-le-chateau-de-belvedere\/\">voir plus<\/a> <\/p>\t\t\t\t\t\t\t\t<\/div>\n\t\t\t\t<\/div>\n\t\t\t\t\t<\/div>\n\t\t<\/div>\n\t\t\t\t<div class=\"elementor-column elementor-col-33 elementor-top-column elementor-element elementor-element-e079a8e\" data-id=\"e079a8e\" data-element_type=\"column\">\n\t\t\t<div class=\"elementor-widget-wrap elementor-element-populated\">\n\t\t\t\t\t\t<div class=\"elementor-element elementor-element-84f1747 elementor-widget elementor-widget-image\" data-id=\"84f1747\" data-element_type=\"widget\" data-widget_type=\"image.default\">\n\t\t\t\t<div class=\"elementor-widget-container\">\n\t\t\t\t\t\t\t\t\t\t\t\t\t\t\t\t<a href=\"https:\/\/belvederepalace.wientickets.org\/fr\/heures-douverture-du-palais-du-belvedere\/\">\n\t\t\t\t\t\t\t<img loading=\"lazy\" decoding=\"async\" width=\"600\" height=\"400\" src=\"https:\/\/belvederepalace.wientickets.org\/wp-content\/uploads\/2024\/08\/belvedere-palace-visiting-hours.webp\" class=\"attachment-large size-large wp-image-1343\" alt=\"\" srcset=\"https:\/\/belvederepalace.wientickets.org\/wp-content\/uploads\/2024\/08\/belvedere-palace-visiting-hours.webp 600w, https:\/\/belvederepalace.wientickets.org\/wp-content\/uploads\/2024\/08\/belvedere-palace-visiting-hours-300x200.webp 300w\" sizes=\"(max-width: 600px) 100vw, 600px\" \/>\t\t\t\t\t\t\t\t<\/a>\n\t\t\t\t\t\t\t\t\t\t\t\t\t\t\t<\/div>\n\t\t\t\t<\/div>\n\t\t\t\t<div class=\"elementor-element elementor-element-7f428e3 elementor-widget elementor-widget-heading\" data-id=\"7f428e3\" data-element_type=\"widget\" data-widget_type=\"heading.default\">\n\t\t\t\t<div class=\"elementor-widget-container\">\n\t\t\t\t\t<p class=\"elementor-heading-title elementor-size-default\">INFORMATIONS AUX VOYAGEURS<\/p>\t\t\t\t<\/div>\n\t\t\t\t<\/div>\n\t\t\t\t<div class=\"elementor-element elementor-element-fa109e0 elementor-widget elementor-widget-heading\" data-id=\"fa109e0\" data-element_type=\"widget\" data-widget_type=\"heading.default\">\n\t\t\t\t<div class=\"elementor-widget-container\">\n\t\t\t\t\t<h3 class=\"elementor-heading-title elementor-size-default\">Heures d'ouverture du Palais de Belevere<\/h3>\t\t\t\t<\/div>\n\t\t\t\t<\/div>\n\t\t\t\t<div class=\"elementor-element elementor-element-fda190f elementor-widget elementor-widget-text-editor\" data-id=\"fda190f\" data-element_type=\"widget\" data-widget_type=\"text-editor.default\">\n\t\t\t\t<div class=\"elementor-widget-container\">\n\t\t\t\t\t\t\t\t\t<p>Les horaires d&rsquo;ouverture du palais du Belv\u00e9d\u00e8re varient en fonction de la saison et de la partie du complexe que vous souhaitez visiter. G\u00e9n\u00e9ralement, le&#8230;<a href=\"https:\/\/belvederepalace.wientickets.org\/fr\/heures-douverture-du-palais-du-belvedere\/\"> voir plus<\/a> <\/p>\t\t\t\t\t\t\t\t<\/div>\n\t\t\t\t<\/div>\n\t\t\t\t\t<\/div>\n\t\t<\/div>\n\t\t\t\t<div class=\"elementor-column elementor-col-33 elementor-top-column elementor-element elementor-element-c426618\" data-id=\"c426618\" data-element_type=\"column\">\n\t\t\t<div class=\"elementor-widget-wrap elementor-element-populated\">\n\t\t\t\t\t\t<div class=\"elementor-element elementor-element-05522e7 elementor-widget elementor-widget-image\" data-id=\"05522e7\" data-element_type=\"widget\" data-widget_type=\"image.default\">\n\t\t\t\t<div class=\"elementor-widget-container\">\n\t\t\t\t\t\t\t\t\t\t\t\t\t\t\t\t<a href=\"https:\/\/belvederepalace.wientickets.org\/fr\/points-forts-du-palais-du-belvedere\/\">\n\t\t\t\t\t\t\t<img loading=\"lazy\" decoding=\"async\" width=\"600\" height=\"400\" src=\"https:\/\/belvederepalace.wientickets.org\/wp-content\/uploads\/2024\/08\/highlights-of-belvedere-palace.webp\" class=\"attachment-large size-large wp-image-1344\" alt=\"\" srcset=\"https:\/\/belvederepalace.wientickets.org\/wp-content\/uploads\/2024\/08\/highlights-of-belvedere-palace.webp 600w, https:\/\/belvederepalace.wientickets.org\/wp-content\/uploads\/2024\/08\/highlights-of-belvedere-palace-300x200.webp 300w\" sizes=\"(max-width: 600px) 100vw, 600px\" \/>\t\t\t\t\t\t\t\t<\/a>\n\t\t\t\t\t\t\t\t\t\t\t\t\t\t\t<\/div>\n\t\t\t\t<\/div>\n\t\t\t\t<div class=\"elementor-element elementor-element-8b3d549 elementor-widget elementor-widget-heading\" data-id=\"8b3d549\" data-element_type=\"widget\" data-widget_type=\"heading.default\">\n\t\t\t\t<div class=\"elementor-widget-container\">\n\t\t\t\t\t<p class=\"elementor-heading-title elementor-size-default\">INFORMATIONS SUR LE PALAIS DU BELV\u00c9D\u00c8RE<\/p>\t\t\t\t<\/div>\n\t\t\t\t<\/div>\n\t\t\t\t<div class=\"elementor-element elementor-element-206dd15 elementor-widget elementor-widget-heading\" data-id=\"206dd15\" data-element_type=\"widget\" data-widget_type=\"heading.default\">\n\t\t\t\t<div class=\"elementor-widget-container\">\n\t\t\t\t\t<h3 class=\"elementor-heading-title elementor-size-default\">Points forts du palais du Belv\u00e9d\u00e8re<\/h3>\t\t\t\t<\/div>\n\t\t\t\t<\/div>\n\t\t\t\t<div class=\"elementor-element elementor-element-2cf3a70 elementor-widget elementor-widget-text-editor\" data-id=\"2cf3a70\" data-element_type=\"widget\" data-widget_type=\"text-editor.default\">\n\t\t\t\t<div class=\"elementor-widget-container\">\n\t\t\t\t\t\t\t\t\t<p>Le palais du Belv\u00e9d\u00e8re, situ\u00e9 au c\u0153ur de Vienne, est l&rsquo;un des sites historiques les plus importants d&rsquo;Autriche. Ce magnifique complexe baroque comprend&#8230; <a href=\"https:\/\/belvederepalace.wientickets.org\/fr\/points-forts-du-palais-du-belvedere\/\">voir plus<\/a> <\/p>\t\t\t\t\t\t\t\t<\/div>\n\t\t\t\t<\/div>\n\t\t\t\t\t<\/div>\n\t\t<\/div>\n\t\t\t\t\t<\/div>\n\t\t<\/section>\n\t\t\t\t<\/div>\n\t\t","protected":false},"excerpt":{"rendered":"<p>Informations sur le palais du Belv\u00e9d\u00e8re Explorez la riche histoire et l&rsquo;architecture \u00e9tonnante du palais du Belv\u00e9d\u00e8re \u00e0 Vienne. D\u00e9couvrez son design baroque, l&rsquo;architecte qui l&rsquo;a con\u00e7u et son importance culturelle. Le complexe du palais du Belv\u00e9d\u00e8re est plus que deux palais, c&rsquo;est un tr\u00e9sor culturel qui offre un aper\u00e7u complet de l&rsquo;\u00e9volution artistique et [&hellip;]<\/p>\n","protected":false},"author":1,"featured_media":0,"parent":0,"menu_order":0,"comment_status":"closed","ping_status":"closed","template":"elementor_header_footer","meta":{"footnotes":""},"class_list":["post-2025","page","type-page","status-publish","hentry"],"yoast_head":"<!-- This site is optimized with the Yoast SEO plugin v26.7 - https:\/\/yoast.com\/wordpress\/plugins\/seo\/ -->\n<title>Informations sur le palais du Belv\u00e9d\u00e8re : Histoire et architecture<\/title>\n<meta name=\"description\" content=\"Explorez la riche histoire et l&#039;architecture \u00e9tonnante du palais du Belv\u00e9d\u00e8re. Apprenez-en plus sur sa conception baroque, son architecte et son importance culturelle.\" \/>\n<meta name=\"robots\" content=\"index, follow, max-snippet:-1, max-image-preview:large, max-video-preview:-1\" \/>\n<link rel=\"canonical\" href=\"https:\/\/belvederepalace.wientickets.org\/fr\/informations-sur-le-palais-du-belvedere\/\" \/>\n<meta property=\"og:locale\" content=\"fr_FR\" \/>\n<meta property=\"og:type\" content=\"article\" \/>\n<meta property=\"og:title\" content=\"Informations sur le palais du Belv\u00e9d\u00e8re : Histoire et architecture\" \/>\n<meta property=\"og:description\" content=\"Explorez la riche histoire et l&#039;architecture \u00e9tonnante du palais du Belv\u00e9d\u00e8re. Apprenez-en plus sur sa conception baroque, son architecte et son importance culturelle.\" \/>\n<meta property=\"og:url\" content=\"https:\/\/belvederepalace.wientickets.org\/fr\/informations-sur-le-palais-du-belvedere\/\" \/>\n<meta property=\"og:site_name\" content=\"Belvedere Palace Tickets\" \/>\n<meta property=\"article:modified_time\" content=\"2026-01-21T15:22:02+00:00\" \/>\n<meta property=\"og:image\" content=\"https:\/\/belvederepalace.wientickets.org\/wp-content\/uploads\/2024\/08\/history-of-belvedere-palace.webp\" \/>\n\t<meta property=\"og:image:width\" content=\"1100\" \/>\n\t<meta property=\"og:image:height\" content=\"554\" \/>\n\t<meta property=\"og:image:type\" content=\"image\/webp\" \/>\n<meta name=\"twitter:card\" content=\"summary_large_image\" \/>\n<meta name=\"twitter:label1\" content=\"Dur\u00e9e de lecture estim\u00e9e\" \/>\n\t<meta name=\"twitter:data1\" content=\"5 minutes\" \/>\n<script type=\"application\/ld+json\" class=\"yoast-schema-graph\">{\"@context\":\"https:\/\/schema.org\",\"@graph\":[{\"@type\":\"WebPage\",\"@id\":\"https:\/\/belvederepalace.wientickets.org\/fr\/informations-sur-le-palais-du-belvedere\/\",\"url\":\"https:\/\/belvederepalace.wientickets.org\/fr\/informations-sur-le-palais-du-belvedere\/\",\"name\":\"Informations sur le palais du Belv\u00e9d\u00e8re : Histoire et architecture\",\"isPartOf\":{\"@id\":\"https:\/\/belvederepalace.wientickets.org\/fr\/#website\"},\"primaryImageOfPage\":{\"@id\":\"https:\/\/belvederepalace.wientickets.org\/fr\/informations-sur-le-palais-du-belvedere\/#primaryimage\"},\"image\":{\"@id\":\"https:\/\/belvederepalace.wientickets.org\/fr\/informations-sur-le-palais-du-belvedere\/#primaryimage\"},\"thumbnailUrl\":\"https:\/\/belvederepalace.wientickets.org\/wp-content\/uploads\/2024\/08\/history-of-belvedere-palace.webp\",\"datePublished\":\"2024-08-19T08:49:31+00:00\",\"dateModified\":\"2026-01-21T15:22:02+00:00\",\"description\":\"Explorez la riche histoire et l'architecture \u00e9tonnante du palais du Belv\u00e9d\u00e8re. Apprenez-en plus sur sa conception baroque, son architecte et son importance culturelle.\",\"breadcrumb\":{\"@id\":\"https:\/\/belvederepalace.wientickets.org\/fr\/informations-sur-le-palais-du-belvedere\/#breadcrumb\"},\"inLanguage\":\"fr-FR\",\"potentialAction\":[{\"@type\":\"ReadAction\",\"target\":[\"https:\/\/belvederepalace.wientickets.org\/fr\/informations-sur-le-palais-du-belvedere\/\"]}]},{\"@type\":\"ImageObject\",\"inLanguage\":\"fr-FR\",\"@id\":\"https:\/\/belvederepalace.wientickets.org\/fr\/informations-sur-le-palais-du-belvedere\/#primaryimage\",\"url\":\"https:\/\/belvederepalace.wientickets.org\/wp-content\/uploads\/2024\/08\/history-of-belvedere-palace.webp\",\"contentUrl\":\"https:\/\/belvederepalace.wientickets.org\/wp-content\/uploads\/2024\/08\/history-of-belvedere-palace.webp\"},{\"@type\":\"BreadcrumbList\",\"@id\":\"https:\/\/belvederepalace.wientickets.org\/fr\/informations-sur-le-palais-du-belvedere\/#breadcrumb\",\"itemListElement\":[{\"@type\":\"ListItem\",\"position\":1,\"name\":\"Home\",\"item\":\"https:\/\/belvederepalace.wientickets.org\/fr\/\"},{\"@type\":\"ListItem\",\"position\":2,\"name\":\"Informations sur le palais du Belv\u00e9d\u00e8re\"}]},{\"@type\":\"WebSite\",\"@id\":\"https:\/\/belvederepalace.wientickets.org\/fr\/#website\",\"url\":\"https:\/\/belvederepalace.wientickets.org\/fr\/\",\"name\":\"Belvedere Palace Tickets\",\"description\":\"\",\"publisher\":{\"@id\":\"https:\/\/belvederepalace.wientickets.org\/fr\/#organization\"},\"potentialAction\":[{\"@type\":\"SearchAction\",\"target\":{\"@type\":\"EntryPoint\",\"urlTemplate\":\"https:\/\/belvederepalace.wientickets.org\/fr\/?s={search_term_string}\"},\"query-input\":{\"@type\":\"PropertyValueSpecification\",\"valueRequired\":true,\"valueName\":\"search_term_string\"}}],\"inLanguage\":\"fr-FR\"},{\"@type\":\"Organization\",\"@id\":\"https:\/\/belvederepalace.wientickets.org\/fr\/#organization\",\"name\":\"Billets pour le ch\u00e2teau de Belvedere\",\"url\":\"https:\/\/belvederepalace.wientickets.org\/fr\/\",\"logo\":{\"@type\":\"ImageObject\",\"inLanguage\":\"fr-FR\",\"@id\":\"https:\/\/belvederepalace.wientickets.org\/fr\/#\/schema\/logo\/image\/\",\"url\":\"https:\/\/belvederepalace.wientickets.org\/wp-content\/uploads\/2024\/08\/belvedere-palace-tickets-logo.png\",\"contentUrl\":\"https:\/\/belvederepalace.wientickets.org\/wp-content\/uploads\/2024\/08\/belvedere-palace-tickets-logo.png\",\"width\":375,\"height\":70,\"caption\":\"Billets pour le ch\u00e2teau de Belvedere\"},\"image\":{\"@id\":\"https:\/\/belvederepalace.wientickets.org\/fr\/#\/schema\/logo\/image\/\"}}]}<\/script>\n<!-- \/ Yoast SEO plugin. -->","yoast_head_json":{"title":"Informations sur le palais du Belv\u00e9d\u00e8re : Histoire et architecture","description":"Explorez la riche histoire et l'architecture \u00e9tonnante du palais du Belv\u00e9d\u00e8re. Apprenez-en plus sur sa conception baroque, son architecte et son importance culturelle.","robots":{"index":"index","follow":"follow","max-snippet":"max-snippet:-1","max-image-preview":"max-image-preview:large","max-video-preview":"max-video-preview:-1"},"canonical":"https:\/\/belvederepalace.wientickets.org\/fr\/informations-sur-le-palais-du-belvedere\/","og_locale":"fr_FR","og_type":"article","og_title":"Informations sur le palais du Belv\u00e9d\u00e8re : Histoire et architecture","og_description":"Explorez la riche histoire et l'architecture \u00e9tonnante du palais du Belv\u00e9d\u00e8re. Apprenez-en plus sur sa conception baroque, son architecte et son importance culturelle.","og_url":"https:\/\/belvederepalace.wientickets.org\/fr\/informations-sur-le-palais-du-belvedere\/","og_site_name":"Belvedere Palace Tickets","article_modified_time":"2026-01-21T15:22:02+00:00","og_image":[{"width":1100,"height":554,"url":"https:\/\/belvederepalace.wientickets.org\/wp-content\/uploads\/2024\/08\/history-of-belvedere-palace.webp","type":"image\/webp"}],"twitter_card":"summary_large_image","twitter_misc":{"Dur\u00e9e de lecture estim\u00e9e":"5 minutes"},"schema":{"@context":"https:\/\/schema.org","@graph":[{"@type":"WebPage","@id":"https:\/\/belvederepalace.wientickets.org\/fr\/informations-sur-le-palais-du-belvedere\/","url":"https:\/\/belvederepalace.wientickets.org\/fr\/informations-sur-le-palais-du-belvedere\/","name":"Informations sur le palais du Belv\u00e9d\u00e8re : Histoire et architecture","isPartOf":{"@id":"https:\/\/belvederepalace.wientickets.org\/fr\/#website"},"primaryImageOfPage":{"@id":"https:\/\/belvederepalace.wientickets.org\/fr\/informations-sur-le-palais-du-belvedere\/#primaryimage"},"image":{"@id":"https:\/\/belvederepalace.wientickets.org\/fr\/informations-sur-le-palais-du-belvedere\/#primaryimage"},"thumbnailUrl":"https:\/\/belvederepalace.wientickets.org\/wp-content\/uploads\/2024\/08\/history-of-belvedere-palace.webp","datePublished":"2024-08-19T08:49:31+00:00","dateModified":"2026-01-21T15:22:02+00:00","description":"Explorez la riche histoire et l'architecture \u00e9tonnante du palais du Belv\u00e9d\u00e8re. Apprenez-en plus sur sa conception baroque, son architecte et son importance culturelle.","breadcrumb":{"@id":"https:\/\/belvederepalace.wientickets.org\/fr\/informations-sur-le-palais-du-belvedere\/#breadcrumb"},"inLanguage":"fr-FR","potentialAction":[{"@type":"ReadAction","target":["https:\/\/belvederepalace.wientickets.org\/fr\/informations-sur-le-palais-du-belvedere\/"]}]},{"@type":"ImageObject","inLanguage":"fr-FR","@id":"https:\/\/belvederepalace.wientickets.org\/fr\/informations-sur-le-palais-du-belvedere\/#primaryimage","url":"https:\/\/belvederepalace.wientickets.org\/wp-content\/uploads\/2024\/08\/history-of-belvedere-palace.webp","contentUrl":"https:\/\/belvederepalace.wientickets.org\/wp-content\/uploads\/2024\/08\/history-of-belvedere-palace.webp"},{"@type":"BreadcrumbList","@id":"https:\/\/belvederepalace.wientickets.org\/fr\/informations-sur-le-palais-du-belvedere\/#breadcrumb","itemListElement":[{"@type":"ListItem","position":1,"name":"Home","item":"https:\/\/belvederepalace.wientickets.org\/fr\/"},{"@type":"ListItem","position":2,"name":"Informations sur le palais du Belv\u00e9d\u00e8re"}]},{"@type":"WebSite","@id":"https:\/\/belvederepalace.wientickets.org\/fr\/#website","url":"https:\/\/belvederepalace.wientickets.org\/fr\/","name":"Belvedere Palace Tickets","description":"","publisher":{"@id":"https:\/\/belvederepalace.wientickets.org\/fr\/#organization"},"potentialAction":[{"@type":"SearchAction","target":{"@type":"EntryPoint","urlTemplate":"https:\/\/belvederepalace.wientickets.org\/fr\/?s={search_term_string}"},"query-input":{"@type":"PropertyValueSpecification","valueRequired":true,"valueName":"search_term_string"}}],"inLanguage":"fr-FR"},{"@type":"Organization","@id":"https:\/\/belvederepalace.wientickets.org\/fr\/#organization","name":"Billets pour le ch\u00e2teau de Belvedere","url":"https:\/\/belvederepalace.wientickets.org\/fr\/","logo":{"@type":"ImageObject","inLanguage":"fr-FR","@id":"https:\/\/belvederepalace.wientickets.org\/fr\/#\/schema\/logo\/image\/","url":"https:\/\/belvederepalace.wientickets.org\/wp-content\/uploads\/2024\/08\/belvedere-palace-tickets-logo.png","contentUrl":"https:\/\/belvederepalace.wientickets.org\/wp-content\/uploads\/2024\/08\/belvedere-palace-tickets-logo.png","width":375,"height":70,"caption":"Billets pour le ch\u00e2teau de Belvedere"},"image":{"@id":"https:\/\/belvederepalace.wientickets.org\/fr\/#\/schema\/logo\/image\/"}}]}},"_links":{"self":[{"href":"https:\/\/belvederepalace.wientickets.org\/fr\/wp-json\/wp\/v2\/pages\/2025","targetHints":{"allow":["GET"]}}],"collection":[{"href":"https:\/\/belvederepalace.wientickets.org\/fr\/wp-json\/wp\/v2\/pages"}],"about":[{"href":"https:\/\/belvederepalace.wientickets.org\/fr\/wp-json\/wp\/v2\/types\/page"}],"author":[{"embeddable":true,"href":"https:\/\/belvederepalace.wientickets.org\/fr\/wp-json\/wp\/v2\/users\/1"}],"replies":[{"embeddable":true,"href":"https:\/\/belvederepalace.wientickets.org\/fr\/wp-json\/wp\/v2\/comments?post=2025"}],"version-history":[{"count":2,"href":"https:\/\/belvederepalace.wientickets.org\/fr\/wp-json\/wp\/v2\/pages\/2025\/revisions"}],"predecessor-version":[{"id":2037,"href":"https:\/\/belvederepalace.wientickets.org\/fr\/wp-json\/wp\/v2\/pages\/2025\/revisions\/2037"}],"wp:attachment":[{"href":"https:\/\/belvederepalace.wientickets.org\/fr\/wp-json\/wp\/v2\/media?parent=2025"}],"curies":[{"name":"wp","href":"https:\/\/api.w.org\/{rel}","templated":true}]}}