{"id":2072,"date":"2024-08-19T07:43:15","date_gmt":"2024-08-19T07:43:15","guid":{"rendered":"https:\/\/belvederepalace.wientickets.org\/emplacement-du-chateau-du-belvedere\/"},"modified":"2026-01-23T11:53:27","modified_gmt":"2026-01-23T11:53:27","slug":"emplacement-du-chateau-du-belvedere","status":"publish","type":"page","link":"https:\/\/belvederepalace.wientickets.org\/fr\/emplacement-du-chateau-du-belvedere\/","title":{"rendered":"Emplacement du ch\u00e2teau du Belv\u00e9d\u00e8re"},"content":{"rendered":"\t\t<div data-elementor-type=\"wp-page\" data-elementor-id=\"2072\" class=\"elementor elementor-2072 elementor-70\">\n\t\t\t\t\t\t<section class=\"elementor-section elementor-top-section elementor-element elementor-element-c1106d9 elementor-section-height-min-height elementor-section-boxed elementor-section-height-default elementor-section-items-middle\" data-id=\"c1106d9\" data-element_type=\"section\" data-settings=\"{&quot;background_background&quot;:&quot;classic&quot;}\">\n\t\t\t\t\t\t\t<div class=\"elementor-background-overlay\"><\/div>\n\t\t\t\t\t\t\t<div class=\"elementor-container elementor-column-gap-default\">\n\t\t\t\t\t<div class=\"elementor-column elementor-col-50 elementor-top-column elementor-element elementor-element-473039c\" data-id=\"473039c\" data-element_type=\"column\">\n\t\t\t<div class=\"elementor-widget-wrap elementor-element-populated\">\n\t\t\t\t\t\t<div class=\"elementor-element elementor-element-9836863 elementor-widget elementor-widget-heading\" data-id=\"9836863\" data-element_type=\"widget\" data-widget_type=\"heading.default\">\n\t\t\t\t<div class=\"elementor-widget-container\">\n\t\t\t\t\t<h1 class=\"elementor-heading-title elementor-size-default\">Comment se rendre au palais du Belv\u00e9d\u00e8re \u00e0 Vienne<\/h1>\t\t\t\t<\/div>\n\t\t\t\t<\/div>\n\t\t\t\t<div class=\"elementor-element elementor-element-7566855 elementor-widget elementor-widget-text-editor\" data-id=\"7566855\" data-element_type=\"widget\" data-widget_type=\"text-editor.default\">\n\t\t\t\t<div class=\"elementor-widget-container\">\n\t\t\t\t\t\t\t\t\t<p>Nous vous indiquerons les adresses exactes, les meilleures options de transport public pour vous rendre dans chaque partie du complexe, et comment naviguer dans l&rsquo;enceinte du palais une fois sur place.<\/p>\t\t\t\t\t\t\t\t<\/div>\n\t\t\t\t<\/div>\n\t\t\t\t\t<\/div>\n\t\t<\/div>\n\t\t\t\t<div class=\"elementor-column elementor-col-50 elementor-top-column elementor-element elementor-element-d3f7d67\" data-id=\"d3f7d67\" data-element_type=\"column\">\n\t\t\t<div class=\"elementor-widget-wrap\">\n\t\t\t\t\t\t\t<\/div>\n\t\t<\/div>\n\t\t\t\t\t<\/div>\n\t\t<\/section>\n\t\t\t\t<section class=\"elementor-section elementor-top-section elementor-element elementor-element-c78fecc elementor-section-height-min-height elementor-section-boxed elementor-section-height-default elementor-section-items-middle\" data-id=\"c78fecc\" data-element_type=\"section\" data-settings=\"{&quot;background_background&quot;:&quot;classic&quot;}\">\n\t\t\t\t\t\t<div class=\"elementor-container elementor-column-gap-default\">\n\t\t\t\t\t<div class=\"elementor-column elementor-col-100 elementor-top-column elementor-element elementor-element-8cac2ce\" data-id=\"8cac2ce\" data-element_type=\"column\">\n\t\t\t<div class=\"elementor-widget-wrap\">\n\t\t\t\t\t\t\t<\/div>\n\t\t<\/div>\n\t\t\t\t\t<\/div>\n\t\t<\/section>\n\t\t\t\t<section class=\"elementor-section elementor-top-section elementor-element elementor-element-d14c8d4 elementor-section-boxed elementor-section-height-default elementor-section-height-default\" data-id=\"d14c8d4\" data-element_type=\"section\">\n\t\t\t\t\t\t<div class=\"elementor-container elementor-column-gap-default\">\n\t\t\t\t\t<div class=\"elementor-column elementor-col-50 elementor-top-column elementor-element elementor-element-199054a elementor-hidden-mobile\" data-id=\"199054a\" data-element_type=\"column\">\n\t\t\t<div class=\"elementor-widget-wrap elementor-element-populated\">\n\t\t\t\t\t\t<div class=\"elementor-element elementor-element-cb34240 elementor-widget elementor-widget-heading\" data-id=\"cb34240\" data-element_type=\"widget\" data-widget_type=\"heading.default\">\n\t\t\t\t<div class=\"elementor-widget-container\">\n\t\t\t\t\t<p class=\"elementor-heading-title elementor-size-default\"><a href=\"https:\/\/belvederepalace.wientickets.org\/fr\/heures-douverture-du-palais-du-belvedere\/\">Horaires d'ouverture<\/a><\/p>\t\t\t\t<\/div>\n\t\t\t\t<\/div>\n\t\t\t\t<div class=\"elementor-element elementor-element-5c97e51 elementor-widget elementor-widget-heading\" data-id=\"5c97e51\" data-element_type=\"widget\" data-widget_type=\"heading.default\">\n\t\t\t\t<div class=\"elementor-widget-container\">\n\t\t\t\t\t<p class=\"elementor-heading-title elementor-size-default\"><a href=\"https:\/\/belvederepalace.wientickets.org\/fr\/emplacement-du-chateau-du-belvedere\/\">Comment s'y rendre<\/a><\/p>\t\t\t\t<\/div>\n\t\t\t\t<\/div>\n\t\t\t\t<div class=\"elementor-element elementor-element-157a98f elementor-widget elementor-widget-heading\" data-id=\"157a98f\" data-element_type=\"widget\" data-widget_type=\"heading.default\">\n\t\t\t\t<div class=\"elementor-widget-container\">\n\t\t\t\t\t<p class=\"elementor-heading-title elementor-size-default\"><a href=\"https:\/\/belvederepalace.wientickets.org\/fr\/parking-du-palais-du-belvedere\/\">Parking<\/a><\/p>\t\t\t\t<\/div>\n\t\t\t\t<\/div>\n\t\t\t\t<div class=\"elementor-element elementor-element-9169b7b elementor-widget elementor-widget-heading\" data-id=\"9169b7b\" data-element_type=\"widget\" data-widget_type=\"heading.default\">\n\t\t\t\t<div class=\"elementor-widget-container\">\n\t\t\t\t\t<p class=\"elementor-heading-title elementor-size-default\"><a href=\"https:\/\/belvederepalace.wientickets.org\/fr\/plan-du-chateau-du-belvedere\/\">Plan et entr\u00e9e<\/a><\/p>\t\t\t\t<\/div>\n\t\t\t\t<\/div>\n\t\t\t\t<div class=\"elementor-element elementor-element-5b21d6c elementor-widget elementor-widget-heading\" data-id=\"5b21d6c\" data-element_type=\"widget\" data-widget_type=\"heading.default\">\n\t\t\t\t<div class=\"elementor-widget-container\">\n\t\t\t\t\t<p class=\"elementor-heading-title elementor-size-default\"><a href=\"https:\/\/belvederepalace.wientickets.org\/fr\/palais-du-belvedere-inferieur\/\">Palais du Belv\u00e9d\u00e8re inf\u00e9rieur<\/a><\/p>\t\t\t\t<\/div>\n\t\t\t\t<\/div>\n\t\t\t\t\t<\/div>\n\t\t<\/div>\n\t\t\t\t<div class=\"elementor-column elementor-col-50 elementor-top-column elementor-element elementor-element-1c979d8\" data-id=\"1c979d8\" data-element_type=\"column\">\n\t\t\t<div class=\"elementor-widget-wrap elementor-element-populated\">\n\t\t\t\t\t\t<div class=\"elementor-element elementor-element-4bc45c4 elementor-widget elementor-widget-text-editor\" data-id=\"4bc45c4\" data-element_type=\"widget\" data-widget_type=\"text-editor.default\">\n\t\t\t\t<div class=\"elementor-widget-container\">\n\t\t\t\t\t\t\t\t\t<p><strong>R\u00e9sum\u00e9<\/strong><\/p><ul><li><a href=\"#address\">Adresse du palais du Belv\u00e9d\u00e8re<\/a><\/li><li><a href=\"#table\">Tableau avec toutes les options<\/a><\/li><li><a href=\"#metro\">Acc\u00e8s par le m\u00e9tro<\/a><\/li><li><a href=\"#tram\">Acc\u00e8s par le tramway<\/a><\/li><li><a href=\"#foot\">S&rsquo;y rendre \u00e0 pied<\/a><\/li><li><a href=\"#bus\">Acc\u00e8s en bus<\/a><\/li><li><a href=\"#car\">Pouvez-vous vous y rendre en voiture ?<\/a><\/li><li><a href=\"#entrance\">Trouvez les entr\u00e9es principales<\/a><\/li><\/ul>\t\t\t\t\t\t\t\t<\/div>\n\t\t\t\t<\/div>\n\t\t\t\t<div class=\"elementor-element elementor-element-0daf9cb elementor-widget elementor-widget-heading\" data-id=\"0daf9cb\" data-element_type=\"widget\" id=\"address\" data-widget_type=\"heading.default\">\n\t\t\t\t<div class=\"elementor-widget-container\">\n\t\t\t\t\t<h2 class=\"elementor-heading-title elementor-size-default\">Adresse du Belvedere Palace<\/h2>\t\t\t\t<\/div>\n\t\t\t\t<\/div>\n\t\t\t\t<div class=\"elementor-element elementor-element-30df1b6 elementor-widget elementor-widget-text-editor\" data-id=\"30df1b6\" data-element_type=\"widget\" data-widget_type=\"text-editor.default\">\n\t\t\t\t<div class=\"elementor-widget-container\">\n\t\t\t\t\t\t\t\t\t<p>Le palais du Belv\u00e9d\u00e8re d\u00e9signe en fait <strong>trois b\u00e2timents distincts<\/strong> r\u00e9partis sur un site inscrit au patrimoine mondial de l&rsquo;UNESCO.<\/p><p>Tout d&rsquo;abord, le <b>Belv\u00e9d\u00e8re sup\u00e9rieur<\/b> se trouve dans la Prinz-Eugen-Stra\u00dfe 27, 1030 Vienne. C&rsquo;est la galerie principale o\u00f9 vous trouverez \u00ab\u00a0Le Baiser\u00a0\u00bb de Klimt et la plus importante collection d&rsquo;\u0153uvres d&rsquo;art. Il s&rsquo;agit de votre premi\u00e8re destination.  <\/p><p>Le <b>Belv\u00e9d\u00e8re inf\u00e9rieur<\/b> se trouve quant \u00e0 lui au Rennweg 6, 1030 Vienne. Il s&rsquo;agit de l&rsquo;actuel palais r\u00e9sidentiel du prince Eug\u00e8ne de Savoie, qui accueille aujourd&rsquo;hui des expositions sp\u00e9ciales par roulement, ainsi que les opulentes salles d&rsquo;apparat baroques. <\/p><p>Le <b>Belv\u00e9d\u00e8re 21<\/b>, situ\u00e9 \u00e0 l&rsquo;Arsenalstra\u00dfe 1, 1030 Vienne, se concentre sur l&rsquo;art contemporain et se trouve \u00e0 l&rsquo;\u00e9cart du complexe principal.<\/p><p>Les jardins baroques formels relient les palais sup\u00e9rieur et inf\u00e9rieur. Mais il faut savoir que ces jardins ne sont pas une promenade \u00e0 plat. Ils sont construits sur trois terrasses massives sur une pente importante, avec le Belv\u00e9d\u00e8re inf\u00e9rieur en bas et le Belv\u00e9d\u00e8re sup\u00e9rieur au sommet de la colline.  <\/p>\t\t\t\t\t\t\t\t<\/div>\n\t\t\t\t<\/div>\n\t\t\t\t<div class=\"elementor-element elementor-element-5f42514 elementor-widget elementor-widget-image\" data-id=\"5f42514\" data-element_type=\"widget\" data-widget_type=\"image.default\">\n\t\t\t\t<div class=\"elementor-widget-container\">\n\t\t\t\t\t\t\t\t\t\t\t\t\t\t\t<img fetchpriority=\"high\" decoding=\"async\" width=\"800\" height=\"799\" src=\"https:\/\/belvederepalace.wientickets.org\/wp-content\/uploads\/2025\/11\/belvedere-map-entrances.jpg\" class=\"attachment-large size-large wp-image-1360\" alt=\"Plan du Belv\u00e9d\u00e8re avec les entr\u00e9es\" srcset=\"https:\/\/belvederepalace.wientickets.org\/wp-content\/uploads\/2025\/11\/belvedere-map-entrances.jpg 800w, https:\/\/belvederepalace.wientickets.org\/wp-content\/uploads\/2025\/11\/belvedere-map-entrances-300x300.jpg 300w, https:\/\/belvederepalace.wientickets.org\/wp-content\/uploads\/2025\/11\/belvedere-map-entrances-150x150.jpg 150w, https:\/\/belvederepalace.wientickets.org\/wp-content\/uploads\/2025\/11\/belvedere-map-entrances-768x767.jpg 768w\" sizes=\"(max-width: 800px) 100vw, 800px\" \/>\t\t\t\t\t\t\t\t\t\t\t\t\t\t\t<\/div>\n\t\t\t\t<\/div>\n\t\t\t\t<div class=\"elementor-element elementor-element-804b5ef elementor-widget elementor-widget-heading\" data-id=\"804b5ef\" data-element_type=\"widget\" data-widget_type=\"heading.default\">\n\t\t\t\t<div class=\"elementor-widget-container\">\n\t\t\t\t\t<h2 class=\"elementor-heading-title elementor-size-default\">Comment s'y rendre par les transports publics et priv\u00e9s<\/h2>\t\t\t\t<\/div>\n\t\t\t\t<\/div>\n\t\t\t\t<div class=\"elementor-element elementor-element-c05dfa8 elementor-widget elementor-widget-text-editor\" data-id=\"c05dfa8\" data-element_type=\"widget\" data-widget_type=\"text-editor.default\">\n\t\t\t\t<div class=\"elementor-widget-container\">\n\t\t\t\t\t\t\t\t\t<p>Je dois \u00eatre direct : <b>ne pensez m\u00eame pas \u00e0 conduire<\/b>. Le complexe du palais ne dispose pas de parking pour les visiteurs, et trouver un parking dans la rue dans le 3e arrondissement de Vienne est d\u00e9crit par les habitants comme \u00ab\u00a0difficile\u00a0\u00bb, au mieux. Vous risqueriez de rater votre billet \u00e0 cr\u00e9neau horaire en vous battant avec les r\u00e8gles de stationnement. Les transports publics ne sont pas seulement pratiques, c&rsquo;est la seule option sens\u00e9e.   <\/p><p>La vraie question n&rsquo;est pas de savoir s&rsquo;il faut utiliser les transports publics, mais de savoir quel itin\u00e9raire vous permet d&rsquo;arriver exactement l\u00e0 o\u00f9 vous le souhaitez.<\/p>\t\t\t\t\t\t\t\t<\/div>\n\t\t\t\t<\/div>\n\t\t\t\t<div class=\"elementor-element elementor-element-5ec194d elementor-widget elementor-widget-html\" data-id=\"5ec194d\" data-element_type=\"widget\" id=\"table\" data-widget_type=\"html.default\">\n\t\t\t\t<div class=\"elementor-widget-container\">\n\t\t\t\t\t<style>\n  \/* General table styles *\/\n  table {\n    width: 100%;\n    border-collapse: collapse;\n    margin: 20px 0;\n    font-size: 1em;\n    font-family: sans-serif;\n    box-shadow: 0 0 20px rgba(0, 0, 0, 0.15);\n  }\n\n  \/* --- CHANGE HERE --- *\/\n  \/* Header color is now #7E0009 *\/\n  table thead tr {\n    background-color: #7E0009 !important; \/* Updated color for desktop *\/\n    color: #ffffff;\n    text-align: left;\n  }\n\n  table th,\n  table td {\n    padding: 12px 15px;\n  }\n\n  table tbody tr {\n    border-bottom: 1px solid #dddddd;\n  }\n\n  table tbody tr:nth-of-type(even) {\n    background-color: #f3f3f3;\n  }\n\n  table tbody tr:last-of-type {\n    border-bottom: 2px solid #7E0009; \/* Also updated this border to match *\/\n  }\n\n  \/* --- MOBILE STYLES --- *\/\n  \/* Applied on screens 600px or less *\/\n  @media screen and (max-width: 600px) {\n    table {\n      border: 0;\n    }\n    \n    table thead {\n      display: none;\n    }\n    \n    table tr {\n      display: block;\n      margin-bottom: 20px;\n      border-bottom: 3px solid #7E0009; \/* Matching bottom border *\/\n    }\n    \n    table td {\n      display: block;\n      text-align: right;\n      border-bottom: 1px dotted #ccc;\n      font-size: 0.9em;\n    }\n    \n    table td:last-child {\n      border-bottom: 0;\n    }\n    \n    table td::before {\n      content: attr(data-label);\n      float: left;\n      font-weight: bold;\n      text-transform: uppercase;\n    }\n  }\n<\/style>\n\n<table>\n  <thead>\n    <tr>\n      <th>Destination<\/th>\n<th>Mode de transport<\/th>\n<th>Ligne<\/th>\n<th>Arr\u00eat de sortie<\/th>\n<th>Avis \/ Recommandation<\/th>\n    <\/tr>\n  <\/thead>\n  <tbody>\n    <tr>\n      <td data-label=\"Destination\">Belv\u00e9d\u00e8re sup\u00e9rieur (Klimt, \"Le Baiser\")<\/td>\n      <td data-label=\"Transport Mode\">Tram<\/td>\n      <td data-label=\"Line\">D<\/td>\n      <td data-label=\"Exit Stop\">Schloss Belvedere<\/td>\n      <td data-label=\"Analysis \/ Recommendation Level\">Recommandation la plus \u00e9lev\u00e9e. L'itin\u00e9raire le plus direct. L'arr\u00eat se trouve \"juste en face de l'entr\u00e9e\".  <\/td>\n    <\/tr>\n    <tr>\n      <td data-label=\"Destination\">Belv\u00e9d\u00e8re sup\u00e9rieur<\/td>\n      <td data-label=\"Transport Mode\">Tram<\/td>\n      <td data-label=\"Line\">18, O<\/td>\n      <td data-label=\"Exit Stop\">Quartier Belvedere<\/td>\n      <td data-label=\"Analysis \/ Recommendation Level\">Recommandation moyenne. Bonne option, reli\u00e9e \u00e0 la gare centrale. N\u00e9cessite 7 minutes de marche.  <\/td>\n    <\/tr>\n    <tr>\n      <td data-label=\"Destination\">Belv\u00e9d\u00e8re sup\u00e9rieur<\/td>\n      <td data-label=\"Transport Mode\">S-Bahn (Train)<\/td>\n      <td data-label=\"Line\">S1, S2, S3, S4<\/td>\n      <td data-label=\"Exit Stop\">Quartier Belvedere<\/td>\n      <td data-label=\"Analysis \/ Recommendation Level\">Recommandation moyenne. Identique aux trams 18\/O. N\u00e9cessite 7 minutes de marche.  <\/td>\n    <\/tr>\n    <tr>\n      <td data-label=\"Destination\">Belv\u00e9d\u00e8re sup\u00e9rieur<\/td>\n      <td data-label=\"Transport Mode\">U-Bahn (m\u00e9tro)<\/td>\n      <td data-label=\"Line\">U1<\/td>\n      <td data-label=\"Exit Stop\">Hauptbahnhof<\/td>\n      <td data-label=\"Analysis \/ Recommendation Level\">Non recommand\u00e9. N\u00e9cessite une marche de 15 minutes dans une station \"difficile \u00e0 naviguer\". <\/td>\n    <\/tr>\n    <tr>\n      <td data-label=\"Destination\">Belv\u00e9d\u00e8re inf\u00e9rieur (Expositions temporaires)<\/td>\n      <td data-label=\"Transport Mode\">Tram<\/td>\n      <td data-label=\"Line\">71<\/td>\n      <td data-label=\"Exit Stop\">Unteres Belvedere<\/td>\n      <td data-label=\"Analysis \/ Recommendation Level\">Recommandation la plus \u00e9lev\u00e9e (pour le bas seulement). L'arr\u00eat est \"en face de l'entr\u00e9e\". <\/td>\n    <\/tr>\n    <tr>\n      <td data-label=\"Destination\">Belv\u00e9d\u00e8re inf\u00e9rieur<\/td>\n<td data-label=\"Transport Mode\">Bus<\/td>\n<td data-label=\"Line\">13A<\/td>\n<td data-sub-label=\"Exit Stop\">Mommsengasse<\/td>\n<td data-label=\"Analysis \/ Recommendation Level\">Option secondaire.<\/td>\n    <\/tr>\n  <\/tbody>\n<\/table>\t\t\t\t<\/div>\n\t\t\t\t<\/div>\n\t\t\t\t<div class=\"elementor-element elementor-element-a975e3f elementor-widget elementor-widget-heading\" data-id=\"a975e3f\" data-element_type=\"widget\" id=\"metro\" data-widget_type=\"heading.default\">\n\t\t\t\t<div class=\"elementor-widget-container\">\n\t\t\t\t\t<h3 class=\"elementor-heading-title elementor-size-default\">Comment se rendre au palais du Belv\u00e9d\u00e8re en m\u00e9tro<\/h3>\t\t\t\t<\/div>\n\t\t\t\t<\/div>\n\t\t\t\t<div class=\"elementor-element elementor-element-1c316af elementor-widget elementor-widget-text-editor\" data-id=\"1c316af\" data-element_type=\"widget\" data-widget_type=\"text-editor.default\">\n\t\t\t\t<div class=\"elementor-widget-container\">\n\t\t\t\t\t\t\t\t\t<p>Le U-Bahn (le m\u00e9tro de Vienne) peut vous rapprocher du Belv\u00e9d\u00e8re, mais ce n&rsquo;est pas le meilleur moyen de s&rsquo;y rendre. Vous pouvez prendre la <b>ligne U1 jusqu&rsquo;\u00e0 la station Hauptbahnhof<\/b> (Wien Hauptbahnhof). De l\u00e0, il y a environ <u>15 minutes de marche<\/u> jusqu&rsquo;\u00e0 l&rsquo;entr\u00e9e du Belv\u00e9d\u00e8re sup\u00e9rieur. Cela semble raisonnable, n&rsquo;est-ce pas ? Mais la gare Hauptbahnhof est d\u00e9crite comme \u00ab\u00a0\u00e9norme\u00a0\u00bb et \u00ab\u00a0difficile \u00e0 naviguer\u00a0\u00bb par ceux qui y sont all\u00e9s. Trouver la bonne sortie peut vous faire perdre un temps pr\u00e9cieux, surtout si vous \u00eates press\u00e9 d&rsquo;arriver \u00e0 votre cr\u00e9neau horaire.     <\/p><p>Il y a un meilleur moyen. Si vous venez du centre ville (Stephansplatz), prenez le <b>U1 en direction de Reumannplatz<\/b> pour 2 arr\u00eats jusqu&rsquo;\u00e0 Karlsplatz<u>(environ 3 minutes<\/u>). Prenez ensuite le tram D au niveau de la rue. Cette combinaison vaut mieux que d&rsquo;aller jusqu&rsquo;\u00e0 la Hauptbahnhof et vous offre un trajet pittoresque le long de la c\u00e9l\u00e8bre Ringstrasse avant de vous d\u00e9poser juste \u00e0 l&rsquo;entr\u00e9e du palais.   <\/p>\t\t\t\t\t\t\t\t<\/div>\n\t\t\t\t<\/div>\n\t\t\t\t<div class=\"elementor-element elementor-element-379c3a8 elementor-widget elementor-widget-heading\" data-id=\"379c3a8\" data-element_type=\"widget\" id=\"tram\" data-widget_type=\"heading.default\">\n\t\t\t\t<div class=\"elementor-widget-container\">\n\t\t\t\t\t<h3 class=\"elementor-heading-title elementor-size-default\">Comment se rendre au palais du Belv\u00e9d\u00e8re en tramway<\/h3>\t\t\t\t<\/div>\n\t\t\t\t<\/div>\n\t\t\t\t<div class=\"elementor-element elementor-element-6985be4 elementor-widget elementor-widget-text-editor\" data-id=\"6985be4\" data-element_type=\"widget\" data-widget_type=\"text-editor.default\">\n\t\t\t\t<div class=\"elementor-widget-container\">\n\t\t\t\t\t\t\t\t\t<p>Pour le <b>Belv\u00e9d\u00e8re sup\u00e9rieur<\/b> (o\u00f9 est expos\u00e9 \u00ab\u00a0Le Baiser\u00a0\u00bb) :<\/p><p>Le tramway D est votre billet d&rsquo;or. Prenez-le jusqu&rsquo;\u00e0 l&rsquo;arr\u00eat \u00ab\u00a0Schloss Belvedere\u00a0\u00bb et vous vous trouverez litt\u00e9ralement devant l&rsquo;entr\u00e9e. C&rsquo;est l&rsquo;itin\u00e9raire le plus direct possible. Le tramway circule r\u00e9guli\u00e8rement tout au long de la journ\u00e9e, et si vous faites la correspondance depuis la Karlsplatz, comme indiqu\u00e9 plus haut, vous profiterez d&rsquo;un trajet agr\u00e9able \u00e0 travers le centre de Vienne.   <\/p><p>Les trams 18 et O sont \u00e9galement une bonne alternative. Les deux s&rsquo;arr\u00eatent au \u00ab\u00a0Quartier Belvedere\u00a0\u00bb, ce qui n\u00e9cessite environ <span style=\"text-decoration: underline;\">7 minutes de marche<\/span> jusqu&rsquo;\u00e0 l&rsquo;entr\u00e9e du Haut Belv\u00e9d\u00e8re. <\/p><p>Pour le <strong>Belv\u00e9d\u00e8re inf\u00e9rieur<\/strong>:<\/p><p>Le tram 71 est votre ligne. Descendez \u00e0 l&rsquo;arr\u00eat \u00ab\u00a0Unteres Belvedere\u00a0\u00bb et l&rsquo;entr\u00e9e se trouve juste en face. C&rsquo;est aussi simple que cela.  <\/p>\t\t\t\t\t\t\t\t<\/div>\n\t\t\t\t<\/div>\n\t\t\t\t<div class=\"elementor-element elementor-element-8f4708a elementor-widget elementor-widget-heading\" data-id=\"8f4708a\" data-element_type=\"widget\" id=\"foot\" data-widget_type=\"heading.default\">\n\t\t\t\t<div class=\"elementor-widget-container\">\n\t\t\t\t\t<h3 class=\"elementor-heading-title elementor-size-default\">S'y rendre \u00e0 pied<\/h3>\t\t\t\t<\/div>\n\t\t\t\t<\/div>\n\t\t\t\t<div class=\"elementor-element elementor-element-fcfb59a elementor-widget elementor-widget-text-editor\" data-id=\"fcfb59a\" data-element_type=\"widget\" data-widget_type=\"text-editor.default\">\n\t\t\t\t<div class=\"elementor-widget-container\">\n\t\t\t\t\t\t\t\t\t<p><b>Depuis le<\/b> quartier de l<b>&lsquo;Op\u00e9ra<\/b> (le Ring), il faut compter environ <u>30 minutes de marche<\/u>. L&rsquo;itin\u00e9raire passe par la Schwarzenbergplatz, par le M\u00e9morial de la guerre sovi\u00e9tique, puis par la rue Rennweg. Une chose \u00e0 garder \u00e0 l&rsquo;esprit : cet itin\u00e9raire vous am\u00e8ne naturellement en premier lieu \u00e0 l&rsquo;entr\u00e9e du Belv\u00e9d\u00e8re inf\u00e9rieur.  <\/p><p><b>Depuis la Hauptbahnhof<\/b>, il vous faudra <u>environ 15 minutes<\/u> \u00e0 pied pour atteindre le Belv\u00e9d\u00e8re sup\u00e9rieur, en supposant que vous r\u00e9ussissiez \u00e0 sortir efficacement de cette gare gigantesque.<\/p><p>La promenade elle-m\u00eame est agr\u00e9able et permet de d\u00e9couvrir l&rsquo;architecture \u00e9l\u00e9gante de Vienne. Mais faites attention \u00e0 ce qui vous entoure, en particulier aux pistes cyclables. Vienne dispose d&rsquo;un vaste r\u00e9seau cyclable et les touristes qui marchent sur les pistes cyclables sont une source majeure de tensions avec les habitants (et d&rsquo;accidents).  <\/p>\t\t\t\t\t\t\t\t<\/div>\n\t\t\t\t<\/div>\n\t\t\t\t<div class=\"elementor-element elementor-element-797dc8d elementor-widget elementor-widget-heading\" data-id=\"797dc8d\" data-element_type=\"widget\" id=\"bus\" data-widget_type=\"heading.default\">\n\t\t\t\t<div class=\"elementor-widget-container\">\n\t\t\t\t\t<h3 class=\"elementor-heading-title elementor-size-default\">Acc\u00e8s en bus<\/h3>\t\t\t\t<\/div>\n\t\t\t\t<\/div>\n\t\t\t\t<div class=\"elementor-element elementor-element-00ade0f elementor-widget elementor-widget-text-editor\" data-id=\"00ade0f\" data-element_type=\"widget\" data-widget_type=\"text-editor.default\">\n\t\t\t\t<div class=\"elementor-widget-container\">\n\t\t\t\t\t\t\t\t\t<p>Le bus n&rsquo;est g\u00e9n\u00e9ralement pas l&rsquo;option de choix pour atteindre Belv\u00e9d\u00e8re, mais il existe en tant qu&rsquo;itin\u00e9raire secondaire.<\/p><p><b>Le bus 13A<\/b> s&rsquo;arr\u00eate \u00e0 la \u00ab\u00a0Mommsengasse\u00a0\u00bb, ce qui peut vous rapprocher raisonnablement de votre point de d\u00e9part. Cependant, les tramways sont g\u00e9n\u00e9ralement plus fr\u00e9quents et mieux reli\u00e9s aux principaux quartiers touristiques et aux gares. Par cons\u00e9quent, \u00e0 moins que le bus ne passe devant votre point de d\u00e9part exact, vous trouverez probablement le tramway plus pratique. <\/p><p>La plupart des bus touristiques \u00e0 Vienne comprennent un arr\u00eat d\u00e9di\u00e9 au palais du Belv\u00e9d\u00e8re, ce qui permet d&rsquo;int\u00e9grer le palais dans une visite plus large de la ville, si c&rsquo;est votre style.<\/p>\t\t\t\t\t\t\t\t<\/div>\n\t\t\t\t<\/div>\n\t\t\t\t<div class=\"elementor-element elementor-element-cfe3aaa elementor-widget elementor-widget-heading\" data-id=\"cfe3aaa\" data-element_type=\"widget\" id=\"car\" data-widget_type=\"heading.default\">\n\t\t\t\t<div class=\"elementor-widget-container\">\n\t\t\t\t\t<h3 class=\"elementor-heading-title elementor-size-default\">Pouvez-vous vous y rendre en voiture ?<\/h3>\t\t\t\t<\/div>\n\t\t\t\t<\/div>\n\t\t\t\t<div class=\"elementor-element elementor-element-1020ca7 elementor-widget elementor-widget-text-editor\" data-id=\"1020ca7\" data-element_type=\"widget\" data-widget_type=\"text-editor.default\">\n\t\t\t\t<div class=\"elementor-widget-container\">\n\t\t\t\t\t\t\t\t\t<p>Je sais que je l&rsquo;ai d\u00e9j\u00e0 mentionn\u00e9, mais il m\u00e9rite sa propre section car de nombreux visiteurs l&rsquo;essaient encore.<\/p><p>La r\u00e9ponse est un non cat\u00e9gorique. Le complexe du Belv\u00e9d\u00e8re ne pr\u00e9voit absolument aucun parking pour les visiteurs. Aucun. Il n&rsquo;est pas seulement difficile de trouver une place de stationnement dans la rue dans le quartier r\u00e9sidentiel environnant, mais il faut aussi respecter les r\u00e8gles complexes de la zone de stationnement r\u00e9sidentiel de Vienne, que vous n&rsquo;avez probablement pas envie de comprendre alors que votre fen\u00eatre d&rsquo;entr\u00e9e chronom\u00e9tr\u00e9e est en train de se refermer.   <\/p><p>Vos seules options si vous insistez pour conduire sont les garages priv\u00e9s payants dans le quartier comme le Rennweg Garage, le Garage Andaz Vienna Am Belvedere, ou le Park Apartments. Mais honn\u00eatement ? Vous d\u00e9penserez plus de temps et d&rsquo;argent pour le parking que vous n&rsquo;en auriez d\u00e9pens\u00e9 pour un simple ticket de tram, et vous arriverez stress\u00e9 au lieu d&rsquo;\u00eatre d\u00e9tendu.  <\/p><p>Les services de taxi tels que Taxi 40100 ou Taxi 13300 sont parfaitement viables si vous souhaitez un service porte-\u00e0-porte.<\/p>\t\t\t\t\t\t\t\t<\/div>\n\t\t\t\t<\/div>\n\t\t\t\t<div class=\"elementor-element elementor-element-a46626c elementor-widget elementor-widget-heading\" data-id=\"a46626c\" data-element_type=\"widget\" id=\"entrance\" data-widget_type=\"heading.default\">\n\t\t\t\t<div class=\"elementor-widget-container\">\n\t\t\t\t\t<h2 class=\"elementor-heading-title elementor-size-default\">Une fois sur place, comment trouver l'entr\u00e9e principale et chaque point d'int\u00e9r\u00eat ?<\/h2>\t\t\t\t<\/div>\n\t\t\t\t<\/div>\n\t\t\t\t<div class=\"elementor-element elementor-element-ae94b5c elementor-widget elementor-widget-text-editor\" data-id=\"ae94b5c\" data-element_type=\"widget\" data-widget_type=\"text-editor.default\">\n\t\t\t\t<div class=\"elementor-widget-container\">\n\t\t\t\t\t\t\t\t\t<ul><li><strong>Trouver l&rsquo;entr\u00e9e du Belv\u00e9d\u00e8re sup\u00e9rieur<\/strong>: Si vous avez pris le tramway D jusqu&rsquo;au \u00ab\u00a0Schloss Belvedere\u00a0\u00bb, vous \u00eates d\u00e9j\u00e0 face \u00e0 la bonne entr\u00e9e. Cherchez le grand b\u00e2timent baroque au sommet de la colline. L&rsquo;entr\u00e9e principale est clairement indiqu\u00e9e et vous verrez des points de contr\u00f4le de s\u00e9curit\u00e9 o\u00f9 l&rsquo;on scanne votre ticket chronom\u00e9tr\u00e9. Ne vous laissez pas distraire par les jardins, dirigez-vous directement vers l&rsquo;entr\u00e9e si votre cr\u00e9neau horaire approche.   <\/li><li><strong>Trouver l&rsquo;entr\u00e9e du Belv\u00e9d\u00e8re inf\u00e9rieur<\/strong>: En venant du tram 71 \u00e0 \u00ab\u00a0Unteres Belvedere\u00a0\u00bb, l&rsquo;entr\u00e9e se trouve directement en face de votre arr\u00eat Rennweg 6. Vous le reconna\u00eetrez \u00e0 son caract\u00e8re de palais r\u00e9sidentiel plus intime que le grandiose Belv\u00e9d\u00e8re sup\u00e9rieur. <\/li><li><strong>Naviguer entre les deux palais<\/strong>: Voici la partie strat\u00e9gique. Les jardins relient les deux palais, mais vous souvenez-vous de la pente que j&rsquo;ai mentionn\u00e9e ? La meilleure strat\u00e9gie de visite consiste \u00e0 commencer par le Belv\u00e9d\u00e8re sup\u00e9rieur (voir d&rsquo;abord les chefs-d&rsquo;\u0153uvre de Klimt), puis \u00e0 descendre le long des jardins baroques formels pour atteindre le Belv\u00e9d\u00e8re inf\u00e9rieur.  <\/li><li><b>Trouver le Belv\u00e9d\u00e8re 21<\/b>: Cet espace d&rsquo;art contemporain se trouve \u00e0 l&rsquo;\u00e9cart, dans la Arsenalstra\u00dfe 1. Il ne fait pas partie de la promenade principale du palais. Vous devrez prendre un autre moyen de transport pour l&rsquo;atteindre s&rsquo;il figure sur votre itin\u00e9raire.  <\/li><li><strong>Note importante pour les visiteurs ayant des probl\u00e8mes de mobilit\u00e9<\/strong>: Si les deux b\u00e2timents du palais sont parfaitement accessibles \u00e0 l&rsquo;int\u00e9rieur (rampes, ascenseurs, fauteuils roulants disponibles), le chemin du jardin qui les relie n&rsquo;est pas sans obstacles en raison de la topographie en terrasses. Si vous \u00eates en fauteuil roulant ou si votre mobilit\u00e9 est fortement r\u00e9duite, consid\u00e9rez le Belv\u00e9d\u00e8re sup\u00e9rieur et le Belv\u00e9d\u00e8re inf\u00e9rieur comme deux visites compl\u00e8tement distinctes. Vous devrez sortir d&rsquo;un b\u00e2timent et utiliser un moyen de transport externe (taxi ou transport public) pour atteindre l&rsquo;entr\u00e9e de l&rsquo;autre b\u00e2timent.  <\/li><\/ul>\t\t\t\t\t\t\t\t<\/div>\n\t\t\t\t<\/div>\n\t\t\t\t\t<\/div>\n\t\t<\/div>\n\t\t\t\t\t<\/div>\n\t\t<\/section>\n\t\t\t\t<section class=\"elementor-section elementor-top-section elementor-element elementor-element-73cd229 elementor-section-boxed elementor-section-height-default elementor-section-height-default\" data-id=\"73cd229\" data-element_type=\"section\">\n\t\t\t\t\t\t<div class=\"elementor-container elementor-column-gap-default\">\n\t\t\t\t\t<div class=\"elementor-column elementor-col-100 elementor-top-column elementor-element elementor-element-cb1dd9c\" data-id=\"cb1dd9c\" data-element_type=\"column\">\n\t\t\t<div class=\"elementor-widget-wrap elementor-element-populated\">\n\t\t\t\t\t\t<div class=\"elementor-element elementor-element-a8ef4e2 elementor-widget elementor-widget-heading\" data-id=\"a8ef4e2\" data-element_type=\"widget\" data-widget_type=\"heading.default\">\n\t\t\t\t<div class=\"elementor-widget-container\">\n\t\t\t\t\t<h3 class=\"elementor-heading-title elementor-size-default\">Plus d'informations sur le palais du Belv\u00e9d\u00e8re<\/h3>\t\t\t\t<\/div>\n\t\t\t\t<\/div>\n\t\t\t\t\t<\/div>\n\t\t<\/div>\n\t\t\t\t\t<\/div>\n\t\t<\/section>\n\t\t\t\t<section class=\"elementor-section elementor-top-section elementor-element elementor-element-8a2a16d elementor-section-boxed elementor-section-height-default elementor-section-height-default\" data-id=\"8a2a16d\" data-element_type=\"section\">\n\t\t\t\t\t\t<div class=\"elementor-container elementor-column-gap-custom\">\n\t\t\t\t\t<div class=\"elementor-column elementor-col-33 elementor-top-column elementor-element elementor-element-230c9dd\" data-id=\"230c9dd\" data-element_type=\"column\">\n\t\t\t<div class=\"elementor-widget-wrap elementor-element-populated\">\n\t\t\t\t\t\t<div class=\"elementor-element elementor-element-520057f elementor-widget elementor-widget-image\" data-id=\"520057f\" data-element_type=\"widget\" data-widget_type=\"image.default\">\n\t\t\t\t<div class=\"elementor-widget-container\">\n\t\t\t\t\t\t\t\t\t\t\t\t\t\t\t\t<a href=\"https:\/\/belvederepalace.wientickets.org\/fr\/billets-pour-le-chateau-de-belvedere\/\">\n\t\t\t\t\t\t\t<img decoding=\"async\" width=\"600\" height=\"400\" src=\"https:\/\/belvederepalace.wientickets.org\/wp-content\/uploads\/2024\/08\/upper-belvedere-palace-tickets.webp\" class=\"attachment-large size-large wp-image-1342\" alt=\"\" srcset=\"https:\/\/belvederepalace.wientickets.org\/wp-content\/uploads\/2024\/08\/upper-belvedere-palace-tickets.webp 600w, https:\/\/belvederepalace.wientickets.org\/wp-content\/uploads\/2024\/08\/upper-belvedere-palace-tickets-300x200.webp 300w\" sizes=\"(max-width: 600px) 100vw, 600px\" \/>\t\t\t\t\t\t\t\t<\/a>\n\t\t\t\t\t\t\t\t\t\t\t\t\t\t\t<\/div>\n\t\t\t\t<\/div>\n\t\t\t\t<div class=\"elementor-element elementor-element-999da7d elementor-widget elementor-widget-heading\" data-id=\"999da7d\" data-element_type=\"widget\" data-widget_type=\"heading.default\">\n\t\t\t\t<div class=\"elementor-widget-container\">\n\t\t\t\t\t<p class=\"elementor-heading-title elementor-size-default\">BILLETS POUR LE PALAIS DU BELV\u00c9D\u00c8RE<\/p>\t\t\t\t<\/div>\n\t\t\t\t<\/div>\n\t\t\t\t<div class=\"elementor-element elementor-element-2e934fc elementor-widget elementor-widget-heading\" data-id=\"2e934fc\" data-element_type=\"widget\" data-widget_type=\"heading.default\">\n\t\t\t\t<div class=\"elementor-widget-container\">\n\t\t\t\t\t<h3 class=\"elementor-heading-title elementor-size-default\"><a href=\"https:\/\/belvederepalace.wientickets.org\/fr\/billets-pour-le-chateau-de-belvedere\/\">Billets pour le palais du Belv\u00e9d\u00e8re sup\u00e9rieur<\/a><\/h3>\t\t\t\t<\/div>\n\t\t\t\t<\/div>\n\t\t\t\t<div class=\"elementor-element elementor-element-c88070f elementor-widget elementor-widget-text-editor\" data-id=\"c88070f\" data-element_type=\"widget\" data-widget_type=\"text-editor.default\">\n\t\t\t\t<div class=\"elementor-widget-container\">\n\t\t\t\t\t\t\t\t\t<p>Les billets d&rsquo;entr\u00e9e au palais du Belv\u00e9d\u00e8re donnent acc\u00e8s \u00e0 ses expositions d&rsquo;art renomm\u00e9es et \u00e0 ses magnifiques jardins. Le palais est divis\u00e9 en deux parties principales&#8230; <a href=\"https:\/\/belvederepalace.wientickets.org\/fr\/billets-pour-le-chateau-de-belvedere\/\">voir plus<\/a> <\/p>\t\t\t\t\t\t\t\t<\/div>\n\t\t\t\t<\/div>\n\t\t\t\t\t<\/div>\n\t\t<\/div>\n\t\t\t\t<div class=\"elementor-column elementor-col-33 elementor-top-column elementor-element elementor-element-88e498d\" data-id=\"88e498d\" data-element_type=\"column\">\n\t\t\t<div class=\"elementor-widget-wrap elementor-element-populated\">\n\t\t\t\t\t\t<div class=\"elementor-element elementor-element-5cd4803 elementor-widget elementor-widget-image\" data-id=\"5cd4803\" data-element_type=\"widget\" data-widget_type=\"image.default\">\n\t\t\t\t<div class=\"elementor-widget-container\">\n\t\t\t\t\t\t\t\t\t\t\t\t\t\t\t\t<a href=\"https:\/\/belvederepalace.wientickets.org\/fr\/heures-douverture-du-palais-du-belvedere\/\">\n\t\t\t\t\t\t\t<img decoding=\"async\" width=\"600\" height=\"400\" src=\"https:\/\/belvederepalace.wientickets.org\/wp-content\/uploads\/2024\/08\/belvedere-palace-visiting-hours.webp\" class=\"attachment-large size-large wp-image-1343\" alt=\"\" srcset=\"https:\/\/belvederepalace.wientickets.org\/wp-content\/uploads\/2024\/08\/belvedere-palace-visiting-hours.webp 600w, https:\/\/belvederepalace.wientickets.org\/wp-content\/uploads\/2024\/08\/belvedere-palace-visiting-hours-300x200.webp 300w\" sizes=\"(max-width: 600px) 100vw, 600px\" \/>\t\t\t\t\t\t\t\t<\/a>\n\t\t\t\t\t\t\t\t\t\t\t\t\t\t\t<\/div>\n\t\t\t\t<\/div>\n\t\t\t\t<div class=\"elementor-element elementor-element-be5944d elementor-widget elementor-widget-heading\" data-id=\"be5944d\" data-element_type=\"widget\" data-widget_type=\"heading.default\">\n\t\t\t\t<div class=\"elementor-widget-container\">\n\t\t\t\t\t<p class=\"elementor-heading-title elementor-size-default\">INFORMATIONS AUX VOYAGEURS<\/p>\t\t\t\t<\/div>\n\t\t\t\t<\/div>\n\t\t\t\t<div class=\"elementor-element elementor-element-e83d021 elementor-widget elementor-widget-heading\" data-id=\"e83d021\" data-element_type=\"widget\" data-widget_type=\"heading.default\">\n\t\t\t\t<div class=\"elementor-widget-container\">\n\t\t\t\t\t<h3 class=\"elementor-heading-title elementor-size-default\"><a href=\"https:\/\/belvederepalace.wientickets.org\/fr\/heures-douverture-du-palais-du-belvedere\/\">Heures d'ouverture du palais du Belv\u00e9d\u00e8re<\/a><\/h3>\t\t\t\t<\/div>\n\t\t\t\t<\/div>\n\t\t\t\t<div class=\"elementor-element elementor-element-75c4fe4 elementor-widget elementor-widget-text-editor\" data-id=\"75c4fe4\" data-element_type=\"widget\" data-widget_type=\"text-editor.default\">\n\t\t\t\t<div class=\"elementor-widget-container\">\n\t\t\t\t\t\t\t\t\t<p>Les horaires d&rsquo;ouverture du palais du Belv\u00e9d\u00e8re varient en fonction de la saison et de la partie du complexe que vous souhaitez visiter. G\u00e9n\u00e9ralement, le&#8230;<a href=\"https:\/\/belvederepalace.wientickets.org\/fr\/heures-douverture-du-palais-du-belvedere\/\"> voir plus<\/a> <\/p>\t\t\t\t\t\t\t\t<\/div>\n\t\t\t\t<\/div>\n\t\t\t\t\t<\/div>\n\t\t<\/div>\n\t\t\t\t<div class=\"elementor-column elementor-col-33 elementor-top-column elementor-element elementor-element-5ee6258\" data-id=\"5ee6258\" data-element_type=\"column\">\n\t\t\t<div class=\"elementor-widget-wrap elementor-element-populated\">\n\t\t\t\t\t\t<div class=\"elementor-element elementor-element-f93b5fa elementor-widget elementor-widget-image\" data-id=\"f93b5fa\" data-element_type=\"widget\" data-widget_type=\"image.default\">\n\t\t\t\t<div class=\"elementor-widget-container\">\n\t\t\t\t\t\t\t\t\t\t\t\t\t\t\t\t<a href=\"https:\/\/belvederepalace.wientickets.org\/fr\/informations-sur-le-palais-du-belvedere\/\">\n\t\t\t\t\t\t\t<img loading=\"lazy\" decoding=\"async\" width=\"600\" height=\"400\" src=\"https:\/\/belvederepalace.wientickets.org\/wp-content\/uploads\/2024\/08\/highlights-of-belvedere-palace.webp\" class=\"attachment-large size-large wp-image-1344\" alt=\"\" srcset=\"https:\/\/belvederepalace.wientickets.org\/wp-content\/uploads\/2024\/08\/highlights-of-belvedere-palace.webp 600w, https:\/\/belvederepalace.wientickets.org\/wp-content\/uploads\/2024\/08\/highlights-of-belvedere-palace-300x200.webp 300w\" sizes=\"(max-width: 600px) 100vw, 600px\" \/>\t\t\t\t\t\t\t\t<\/a>\n\t\t\t\t\t\t\t\t\t\t\t\t\t\t\t<\/div>\n\t\t\t\t<\/div>\n\t\t\t\t<div class=\"elementor-element elementor-element-9523386 elementor-widget elementor-widget-heading\" data-id=\"9523386\" data-element_type=\"widget\" data-widget_type=\"heading.default\">\n\t\t\t\t<div class=\"elementor-widget-container\">\n\t\t\t\t\t<p class=\"elementor-heading-title elementor-size-default\">INFORMATIONS SUR LE PALAIS DU BELV\u00c9D\u00c8RE<\/p>\t\t\t\t<\/div>\n\t\t\t\t<\/div>\n\t\t\t\t<div class=\"elementor-element elementor-element-31ab8cb elementor-widget elementor-widget-heading\" data-id=\"31ab8cb\" data-element_type=\"widget\" data-widget_type=\"heading.default\">\n\t\t\t\t<div class=\"elementor-widget-container\">\n\t\t\t\t\t<h3 class=\"elementor-heading-title elementor-size-default\"><a href=\"https:\/\/belvederepalace.wientickets.org\/fr\/informations-sur-le-palais-du-belvedere\/\">Informations sur le palais du Belv\u00e9d\u00e8re<\/a><\/h3>\t\t\t\t<\/div>\n\t\t\t\t<\/div>\n\t\t\t\t<div class=\"elementor-element elementor-element-9648fe6 elementor-widget elementor-widget-text-editor\" data-id=\"9648fe6\" data-element_type=\"widget\" data-widget_type=\"text-editor.default\">\n\t\t\t\t<div class=\"elementor-widget-container\">\n\t\t\t\t\t\t\t\t\t<p>Le complexe du palais du Belv\u00e9d\u00e8re est plus que deux palais ; c&rsquo;est un tr\u00e9sor culturel qui offre un aper\u00e7u complet de Vienne&#8230; <a href=\"https:\/\/belvederepalace.wientickets.org\/fr\/informations-sur-le-palais-du-belvedere\/\">voir plus<\/a><\/p>\t\t\t\t\t\t\t\t<\/div>\n\t\t\t\t<\/div>\n\t\t\t\t\t<\/div>\n\t\t<\/div>\n\t\t\t\t\t<\/div>\n\t\t<\/section>\n\t\t\t\t<\/div>\n\t\t","protected":false},"excerpt":{"rendered":"<p>Comment se rendre au palais du Belv\u00e9d\u00e8re \u00e0 Vienne Nous vous indiquerons les adresses exactes, les meilleures options de transport public pour vous rendre dans chaque partie du complexe, et comment naviguer dans l&rsquo;enceinte du palais une fois sur place. Horaires d&rsquo;ouverture Comment s&rsquo;y rendre Parking Plan et entr\u00e9e Palais du Belv\u00e9d\u00e8re inf\u00e9rieur R\u00e9sum\u00e9 Adresse [&hellip;]<\/p>\n","protected":false},"author":1,"featured_media":1355,"parent":0,"menu_order":0,"comment_status":"closed","ping_status":"closed","template":"elementor_header_footer","meta":{"footnotes":""},"class_list":["post-2072","page","type-page","status-publish","has-post-thumbnail","hentry"],"yoast_head":"<!-- This site is optimized with the Yoast SEO plugin v26.7 - https:\/\/yoast.com\/wordpress\/plugins\/seo\/ -->\n<title>Comment se rendre au palais du Belv\u00e9d\u00e8re et \u00e0 l&#039;entr\u00e9e principale ?<\/title>\n<meta name=\"description\" content=\"Si vous vous trompez en arrivant au palais du Belv\u00e9d\u00e8re, vous risquez de rater votre billet minut\u00e9. \u2705 D\u00e9couvrez quelle option vous permet d&#039;acc\u00e9der directement \u00e0 l&#039;entr\u00e9e du Belv\u00e9d\u00e8re sup\u00e9rieur.\" \/>\n<meta name=\"robots\" content=\"index, follow, max-snippet:-1, max-image-preview:large, max-video-preview:-1\" \/>\n<link rel=\"canonical\" href=\"https:\/\/belvederepalace.wientickets.org\/fr\/emplacement-du-chateau-du-belvedere\/\" \/>\n<meta property=\"og:locale\" content=\"fr_FR\" \/>\n<meta property=\"og:type\" content=\"article\" \/>\n<meta property=\"og:title\" content=\"Comment se rendre au palais du Belv\u00e9d\u00e8re et \u00e0 l&#039;entr\u00e9e principale ?\" \/>\n<meta property=\"og:description\" content=\"Si vous vous trompez en arrivant au palais du Belv\u00e9d\u00e8re, vous risquez de rater votre billet minut\u00e9. \u2705 D\u00e9couvrez quelle option vous permet d&#039;acc\u00e9der directement \u00e0 l&#039;entr\u00e9e du Belv\u00e9d\u00e8re sup\u00e9rieur.\" \/>\n<meta property=\"og:url\" content=\"https:\/\/belvederepalace.wientickets.org\/fr\/emplacement-du-chateau-du-belvedere\/\" \/>\n<meta property=\"og:site_name\" content=\"Belvedere Palace Tickets\" \/>\n<meta property=\"article:modified_time\" content=\"2026-01-23T11:53:27+00:00\" \/>\n<meta property=\"og:image\" content=\"https:\/\/belvederepalace.wientickets.org\/wp-content\/uploads\/2025\/11\/lower-belvedere.webp\" \/>\n\t<meta property=\"og:image:width\" content=\"1300\" \/>\n\t<meta property=\"og:image:height\" content=\"667\" \/>\n\t<meta property=\"og:image:type\" content=\"image\/webp\" \/>\n<meta name=\"twitter:card\" content=\"summary_large_image\" \/>\n<meta name=\"twitter:label1\" content=\"Dur\u00e9e de lecture estim\u00e9e\" \/>\n\t<meta name=\"twitter:data1\" content=\"10 minutes\" \/>\n<script type=\"application\/ld+json\" class=\"yoast-schema-graph\">{\"@context\":\"https:\/\/schema.org\",\"@graph\":[{\"@type\":\"WebPage\",\"@id\":\"https:\/\/belvederepalace.wientickets.org\/fr\/emplacement-du-chateau-du-belvedere\/\",\"url\":\"https:\/\/belvederepalace.wientickets.org\/fr\/emplacement-du-chateau-du-belvedere\/\",\"name\":\"Comment se rendre au palais du Belv\u00e9d\u00e8re et \u00e0 l'entr\u00e9e principale ?\",\"isPartOf\":{\"@id\":\"https:\/\/belvederepalace.wientickets.org\/fr\/#website\"},\"primaryImageOfPage\":{\"@id\":\"https:\/\/belvederepalace.wientickets.org\/fr\/emplacement-du-chateau-du-belvedere\/#primaryimage\"},\"image\":{\"@id\":\"https:\/\/belvederepalace.wientickets.org\/fr\/emplacement-du-chateau-du-belvedere\/#primaryimage\"},\"thumbnailUrl\":\"https:\/\/belvederepalace.wientickets.org\/wp-content\/uploads\/2025\/11\/lower-belvedere.webp\",\"datePublished\":\"2024-08-19T07:43:15+00:00\",\"dateModified\":\"2026-01-23T11:53:27+00:00\",\"description\":\"Si vous vous trompez en arrivant au palais du Belv\u00e9d\u00e8re, vous risquez de rater votre billet minut\u00e9. \u2705 D\u00e9couvrez quelle option vous permet d'acc\u00e9der directement \u00e0 l'entr\u00e9e du Belv\u00e9d\u00e8re sup\u00e9rieur.\",\"breadcrumb\":{\"@id\":\"https:\/\/belvederepalace.wientickets.org\/fr\/emplacement-du-chateau-du-belvedere\/#breadcrumb\"},\"inLanguage\":\"fr-FR\",\"potentialAction\":[{\"@type\":\"ReadAction\",\"target\":[\"https:\/\/belvederepalace.wientickets.org\/fr\/emplacement-du-chateau-du-belvedere\/\"]}]},{\"@type\":\"ImageObject\",\"inLanguage\":\"fr-FR\",\"@id\":\"https:\/\/belvederepalace.wientickets.org\/fr\/emplacement-du-chateau-du-belvedere\/#primaryimage\",\"url\":\"https:\/\/belvederepalace.wientickets.org\/wp-content\/uploads\/2025\/11\/lower-belvedere.webp\",\"contentUrl\":\"https:\/\/belvederepalace.wientickets.org\/wp-content\/uploads\/2025\/11\/lower-belvedere.webp\",\"width\":1300,\"height\":667,\"caption\":\"Belv\u00e9d\u00e8re inf\u00e9rieur\"},{\"@type\":\"BreadcrumbList\",\"@id\":\"https:\/\/belvederepalace.wientickets.org\/fr\/emplacement-du-chateau-du-belvedere\/#breadcrumb\",\"itemListElement\":[{\"@type\":\"ListItem\",\"position\":1,\"name\":\"Home\",\"item\":\"https:\/\/belvederepalace.wientickets.org\/fr\/\"},{\"@type\":\"ListItem\",\"position\":2,\"name\":\"Emplacement du ch\u00e2teau du Belv\u00e9d\u00e8re\"}]},{\"@type\":\"WebSite\",\"@id\":\"https:\/\/belvederepalace.wientickets.org\/fr\/#website\",\"url\":\"https:\/\/belvederepalace.wientickets.org\/fr\/\",\"name\":\"Belvedere Palace Tickets\",\"description\":\"\",\"publisher\":{\"@id\":\"https:\/\/belvederepalace.wientickets.org\/fr\/#organization\"},\"potentialAction\":[{\"@type\":\"SearchAction\",\"target\":{\"@type\":\"EntryPoint\",\"urlTemplate\":\"https:\/\/belvederepalace.wientickets.org\/fr\/?s={search_term_string}\"},\"query-input\":{\"@type\":\"PropertyValueSpecification\",\"valueRequired\":true,\"valueName\":\"search_term_string\"}}],\"inLanguage\":\"fr-FR\"},{\"@type\":\"Organization\",\"@id\":\"https:\/\/belvederepalace.wientickets.org\/fr\/#organization\",\"name\":\"Billets pour le ch\u00e2teau de Belvedere\",\"url\":\"https:\/\/belvederepalace.wientickets.org\/fr\/\",\"logo\":{\"@type\":\"ImageObject\",\"inLanguage\":\"fr-FR\",\"@id\":\"https:\/\/belvederepalace.wientickets.org\/fr\/#\/schema\/logo\/image\/\",\"url\":\"https:\/\/belvederepalace.wientickets.org\/wp-content\/uploads\/2024\/08\/belvedere-palace-tickets-logo.png\",\"contentUrl\":\"https:\/\/belvederepalace.wientickets.org\/wp-content\/uploads\/2024\/08\/belvedere-palace-tickets-logo.png\",\"width\":375,\"height\":70,\"caption\":\"Billets pour le ch\u00e2teau de Belvedere\"},\"image\":{\"@id\":\"https:\/\/belvederepalace.wientickets.org\/fr\/#\/schema\/logo\/image\/\"}}]}<\/script>\n<!-- \/ Yoast SEO plugin. -->","yoast_head_json":{"title":"Comment se rendre au palais du Belv\u00e9d\u00e8re et \u00e0 l'entr\u00e9e principale ?","description":"Si vous vous trompez en arrivant au palais du Belv\u00e9d\u00e8re, vous risquez de rater votre billet minut\u00e9. \u2705 D\u00e9couvrez quelle option vous permet d'acc\u00e9der directement \u00e0 l'entr\u00e9e du Belv\u00e9d\u00e8re sup\u00e9rieur.","robots":{"index":"index","follow":"follow","max-snippet":"max-snippet:-1","max-image-preview":"max-image-preview:large","max-video-preview":"max-video-preview:-1"},"canonical":"https:\/\/belvederepalace.wientickets.org\/fr\/emplacement-du-chateau-du-belvedere\/","og_locale":"fr_FR","og_type":"article","og_title":"Comment se rendre au palais du Belv\u00e9d\u00e8re et \u00e0 l'entr\u00e9e principale ?","og_description":"Si vous vous trompez en arrivant au palais du Belv\u00e9d\u00e8re, vous risquez de rater votre billet minut\u00e9. \u2705 D\u00e9couvrez quelle option vous permet d'acc\u00e9der directement \u00e0 l'entr\u00e9e du Belv\u00e9d\u00e8re sup\u00e9rieur.","og_url":"https:\/\/belvederepalace.wientickets.org\/fr\/emplacement-du-chateau-du-belvedere\/","og_site_name":"Belvedere Palace Tickets","article_modified_time":"2026-01-23T11:53:27+00:00","og_image":[{"width":1300,"height":667,"url":"https:\/\/belvederepalace.wientickets.org\/wp-content\/uploads\/2025\/11\/lower-belvedere.webp","type":"image\/webp"}],"twitter_card":"summary_large_image","twitter_misc":{"Dur\u00e9e de lecture estim\u00e9e":"10 minutes"},"schema":{"@context":"https:\/\/schema.org","@graph":[{"@type":"WebPage","@id":"https:\/\/belvederepalace.wientickets.org\/fr\/emplacement-du-chateau-du-belvedere\/","url":"https:\/\/belvederepalace.wientickets.org\/fr\/emplacement-du-chateau-du-belvedere\/","name":"Comment se rendre au palais du Belv\u00e9d\u00e8re et \u00e0 l'entr\u00e9e principale ?","isPartOf":{"@id":"https:\/\/belvederepalace.wientickets.org\/fr\/#website"},"primaryImageOfPage":{"@id":"https:\/\/belvederepalace.wientickets.org\/fr\/emplacement-du-chateau-du-belvedere\/#primaryimage"},"image":{"@id":"https:\/\/belvederepalace.wientickets.org\/fr\/emplacement-du-chateau-du-belvedere\/#primaryimage"},"thumbnailUrl":"https:\/\/belvederepalace.wientickets.org\/wp-content\/uploads\/2025\/11\/lower-belvedere.webp","datePublished":"2024-08-19T07:43:15+00:00","dateModified":"2026-01-23T11:53:27+00:00","description":"Si vous vous trompez en arrivant au palais du Belv\u00e9d\u00e8re, vous risquez de rater votre billet minut\u00e9. \u2705 D\u00e9couvrez quelle option vous permet d'acc\u00e9der directement \u00e0 l'entr\u00e9e du Belv\u00e9d\u00e8re sup\u00e9rieur.","breadcrumb":{"@id":"https:\/\/belvederepalace.wientickets.org\/fr\/emplacement-du-chateau-du-belvedere\/#breadcrumb"},"inLanguage":"fr-FR","potentialAction":[{"@type":"ReadAction","target":["https:\/\/belvederepalace.wientickets.org\/fr\/emplacement-du-chateau-du-belvedere\/"]}]},{"@type":"ImageObject","inLanguage":"fr-FR","@id":"https:\/\/belvederepalace.wientickets.org\/fr\/emplacement-du-chateau-du-belvedere\/#primaryimage","url":"https:\/\/belvederepalace.wientickets.org\/wp-content\/uploads\/2025\/11\/lower-belvedere.webp","contentUrl":"https:\/\/belvederepalace.wientickets.org\/wp-content\/uploads\/2025\/11\/lower-belvedere.webp","width":1300,"height":667,"caption":"Belv\u00e9d\u00e8re inf\u00e9rieur"},{"@type":"BreadcrumbList","@id":"https:\/\/belvederepalace.wientickets.org\/fr\/emplacement-du-chateau-du-belvedere\/#breadcrumb","itemListElement":[{"@type":"ListItem","position":1,"name":"Home","item":"https:\/\/belvederepalace.wientickets.org\/fr\/"},{"@type":"ListItem","position":2,"name":"Emplacement du ch\u00e2teau du Belv\u00e9d\u00e8re"}]},{"@type":"WebSite","@id":"https:\/\/belvederepalace.wientickets.org\/fr\/#website","url":"https:\/\/belvederepalace.wientickets.org\/fr\/","name":"Belvedere Palace Tickets","description":"","publisher":{"@id":"https:\/\/belvederepalace.wientickets.org\/fr\/#organization"},"potentialAction":[{"@type":"SearchAction","target":{"@type":"EntryPoint","urlTemplate":"https:\/\/belvederepalace.wientickets.org\/fr\/?s={search_term_string}"},"query-input":{"@type":"PropertyValueSpecification","valueRequired":true,"valueName":"search_term_string"}}],"inLanguage":"fr-FR"},{"@type":"Organization","@id":"https:\/\/belvederepalace.wientickets.org\/fr\/#organization","name":"Billets pour le ch\u00e2teau de Belvedere","url":"https:\/\/belvederepalace.wientickets.org\/fr\/","logo":{"@type":"ImageObject","inLanguage":"fr-FR","@id":"https:\/\/belvederepalace.wientickets.org\/fr\/#\/schema\/logo\/image\/","url":"https:\/\/belvederepalace.wientickets.org\/wp-content\/uploads\/2024\/08\/belvedere-palace-tickets-logo.png","contentUrl":"https:\/\/belvederepalace.wientickets.org\/wp-content\/uploads\/2024\/08\/belvedere-palace-tickets-logo.png","width":375,"height":70,"caption":"Billets pour le ch\u00e2teau de Belvedere"},"image":{"@id":"https:\/\/belvederepalace.wientickets.org\/fr\/#\/schema\/logo\/image\/"}}]}},"_links":{"self":[{"href":"https:\/\/belvederepalace.wientickets.org\/fr\/wp-json\/wp\/v2\/pages\/2072","targetHints":{"allow":["GET"]}}],"collection":[{"href":"https:\/\/belvederepalace.wientickets.org\/fr\/wp-json\/wp\/v2\/pages"}],"about":[{"href":"https:\/\/belvederepalace.wientickets.org\/fr\/wp-json\/wp\/v2\/types\/page"}],"author":[{"embeddable":true,"href":"https:\/\/belvederepalace.wientickets.org\/fr\/wp-json\/wp\/v2\/users\/1"}],"replies":[{"embeddable":true,"href":"https:\/\/belvederepalace.wientickets.org\/fr\/wp-json\/wp\/v2\/comments?post=2072"}],"version-history":[{"count":9,"href":"https:\/\/belvederepalace.wientickets.org\/fr\/wp-json\/wp\/v2\/pages\/2072\/revisions"}],"predecessor-version":[{"id":2362,"href":"https:\/\/belvederepalace.wientickets.org\/fr\/wp-json\/wp\/v2\/pages\/2072\/revisions\/2362"}],"wp:featuredmedia":[{"embeddable":true,"href":"https:\/\/belvederepalace.wientickets.org\/fr\/wp-json\/wp\/v2\/media\/1355"}],"wp:attachment":[{"href":"https:\/\/belvederepalace.wientickets.org\/fr\/wp-json\/wp\/v2\/media?parent=2072"}],"curies":[{"name":"wp","href":"https:\/\/api.w.org\/{rel}","templated":true}]}}