{"id":1275,"date":"2025-12-23T13:11:58","date_gmt":"2025-12-23T13:11:58","guid":{"rendered":"https:\/\/belvederepalace.wientickets.org\/palazzo-del-belvedere-inferiore\/"},"modified":"2026-04-30T07:16:13","modified_gmt":"2026-04-30T07:16:13","slug":"palazzo-del-belvedere-inferiore","status":"publish","type":"page","link":"https:\/\/belvederepalace.wientickets.org\/it\/palazzo-del-belvedere-inferiore\/","title":{"rendered":"Palazzo del Belvedere Inferiore"},"content":{"rendered":"\t\t<div data-elementor-type=\"wp-page\" data-elementor-id=\"1275\" class=\"elementor elementor-1275 elementor-1048\">\n\t\t\t\t\t\t<section class=\"elementor-section elementor-top-section elementor-element elementor-element-f07fb43 intro-section elementor-section-boxed elementor-section-height-default elementor-section-height-default\" data-id=\"f07fb43\" data-element_type=\"section\">\n\t\t\t\t\t\t<div class=\"elementor-container elementor-column-gap-default\">\n\t\t\t\t\t<div class=\"elementor-column elementor-col-50 elementor-top-column elementor-element elementor-element-15e6bd9\" data-id=\"15e6bd9\" data-element_type=\"column\">\n\t\t\t<div class=\"elementor-widget-wrap elementor-element-populated\">\n\t\t\t\t\t\t<section class=\"elementor-section elementor-inner-section elementor-element elementor-element-5f9cff7 elementor-section-boxed elementor-section-height-default elementor-section-height-default\" data-id=\"5f9cff7\" data-element_type=\"section\">\n\t\t\t\t\t\t<div class=\"elementor-container elementor-column-gap-default\">\n\t\t\t\t\t<div class=\"elementor-column elementor-col-100 elementor-inner-column elementor-element elementor-element-56fce23\" data-id=\"56fce23\" data-element_type=\"column\">\n\t\t\t<div class=\"elementor-widget-wrap elementor-element-populated\">\n\t\t\t\t\t\t<div class=\"elementor-element elementor-element-3c557e6 title-mobile elementor-widget elementor-widget-heading\" data-id=\"3c557e6\" data-element_type=\"widget\" data-widget_type=\"heading.default\">\n\t\t\t\t<div class=\"elementor-widget-container\">\n\t\t\t\t\t<h1 class=\"elementor-heading-title elementor-size-default\">Palazzo del Belvedere Inferiore<\/h1>\t\t\t\t<\/div>\n\t\t\t\t<\/div>\n\t\t\t\t<div class=\"elementor-element elementor-element-22a5a69 text-mobile elementor-widget__width-initial elementor-widget elementor-widget-text-editor\" data-id=\"22a5a69\" data-element_type=\"widget\" data-widget_type=\"text-editor.default\">\n\t\t\t\t<div class=\"elementor-widget-container\">\n\t\t\t\t\t\t\t\t\t<p>Ecco tutto ci\u00f2 che devi sapere per visitare il <b>Palazzo del Belvedere Inferiore<\/b>, uno dei complessi barocchi pi\u00f9 straordinari di Vienna. Scopri le sue sale storiche e le attuali mostre temporanee. <\/p>\t\t\t\t\t\t\t\t<\/div>\n\t\t\t\t<\/div>\n\t\t\t\t\t<\/div>\n\t\t<\/div>\n\t\t\t\t\t<\/div>\n\t\t<\/section>\n\t\t\t\t<div class=\"elementor-element elementor-element-e99669e btn-primary elementor-widget elementor-widget-button\" data-id=\"e99669e\" data-element_type=\"widget\" data-widget_type=\"button.default\">\n\t\t\t\t<div class=\"elementor-widget-container\">\n\t\t\t\t\t\t\t\t\t<div class=\"elementor-button-wrapper\">\n\t\t\t\t\t<a class=\"elementor-button elementor-button-link elementor-size-sm\" href=\"https:\/\/belvederepalace.wientickets.org\/it\/biglietti-per-il-palazzo-belvedere\/\">\n\t\t\t\t\t\t<span class=\"elementor-button-content-wrapper\">\n\t\t\t\t\t\t\t\t\t<span class=\"elementor-button-text\">Prenota i biglietti<\/span>\n\t\t\t\t\t<\/span>\n\t\t\t\t\t<\/a>\n\t\t\t\t<\/div>\n\t\t\t\t\t\t\t\t<\/div>\n\t\t\t\t<\/div>\n\t\t\t\t\t<\/div>\n\t\t<\/div>\n\t\t\t\t<div class=\"elementor-column elementor-col-50 elementor-top-column elementor-element elementor-element-69bee14\" data-id=\"69bee14\" data-element_type=\"column\">\n\t\t\t<div class=\"elementor-widget-wrap elementor-element-populated\">\n\t\t\t\t\t\t<div class=\"elementor-element elementor-element-8316480 elementor-hidden-mobile elementor-widget__width-initial elementor-widget elementor-widget-image\" data-id=\"8316480\" data-element_type=\"widget\" data-widget_type=\"image.default\">\n\t\t\t\t<div class=\"elementor-widget-container\">\n\t\t\t\t\t\t\t\t\t\t\t\t\t\t\t<img fetchpriority=\"high\" decoding=\"async\" width=\"800\" height=\"534\" src=\"https:\/\/belvederepalace.wientickets.org\/wp-content\/uploads\/2025\/11\/lower-belvedere-1-1024x683.webp\" class=\"attachment-large size-large wp-image-700\" alt=\"Belvedere Inferiore\" srcset=\"https:\/\/belvederepalace.wientickets.org\/wp-content\/uploads\/2025\/11\/lower-belvedere-1-1024x683.webp 1024w, https:\/\/belvederepalace.wientickets.org\/wp-content\/uploads\/2025\/11\/lower-belvedere-1-300x200.webp 300w, https:\/\/belvederepalace.wientickets.org\/wp-content\/uploads\/2025\/11\/lower-belvedere-1-768x512.webp 768w, https:\/\/belvederepalace.wientickets.org\/wp-content\/uploads\/2025\/11\/lower-belvedere-1.webp 1200w\" sizes=\"(max-width: 800px) 100vw, 800px\" \/>\t\t\t\t\t\t\t\t\t\t\t\t\t\t\t<\/div>\n\t\t\t\t<\/div>\n\t\t\t\t\t<\/div>\n\t\t<\/div>\n\t\t\t\t\t<\/div>\n\t\t<\/section>\n\t\t\t\t<section class=\"elementor-section elementor-top-section elementor-element elementor-element-d53ad08 elementor-section-height-min-height elementor-section-boxed elementor-section-height-default elementor-section-items-middle\" data-id=\"d53ad08\" data-element_type=\"section\" data-settings=\"{&quot;background_background&quot;:&quot;classic&quot;}\">\n\t\t\t\t\t\t<div class=\"elementor-container elementor-column-gap-default\">\n\t\t\t\t\t<div class=\"elementor-column elementor-col-100 elementor-top-column elementor-element elementor-element-c2e6aa0\" data-id=\"c2e6aa0\" data-element_type=\"column\">\n\t\t\t<div class=\"elementor-widget-wrap\">\n\t\t\t\t\t\t\t<\/div>\n\t\t<\/div>\n\t\t\t\t\t<\/div>\n\t\t<\/section>\n\t\t\t\t<section class=\"elementor-section elementor-top-section elementor-element elementor-element-7346652 elementor-section-height-min-height elementor-hidden-tablet elementor-hidden-mobile elementor-section-boxed elementor-section-height-default elementor-section-items-middle\" data-id=\"7346652\" data-element_type=\"section\" data-settings=\"{&quot;background_background&quot;:&quot;classic&quot;}\">\n\t\t\t\t\t\t<div class=\"elementor-container elementor-column-gap-default\">\n\t\t\t\t\t<div class=\"elementor-column elementor-col-33 elementor-top-column elementor-element elementor-element-0298fca\" data-id=\"0298fca\" data-element_type=\"column\">\n\t\t\t<div class=\"elementor-widget-wrap elementor-element-populated\">\n\t\t\t\t\t\t<section class=\"elementor-section elementor-inner-section elementor-element elementor-element-db916b5 elementor-section-content-middle elementor-section-boxed elementor-section-height-default elementor-section-height-default\" data-id=\"db916b5\" data-element_type=\"section\">\n\t\t\t\t\t\t<div class=\"elementor-container elementor-column-gap-default\">\n\t\t\t\t\t<div class=\"elementor-column elementor-col-50 elementor-inner-column elementor-element elementor-element-5c2fc70\" data-id=\"5c2fc70\" data-element_type=\"column\">\n\t\t\t<div class=\"elementor-widget-wrap elementor-element-populated\">\n\t\t\t\t\t\t<div class=\"elementor-element elementor-element-d46f84a elementor-widget elementor-widget-image\" data-id=\"d46f84a\" data-element_type=\"widget\" data-widget_type=\"image.default\">\n\t\t\t\t<div class=\"elementor-widget-container\">\n\t\t\t\t\t\t\t\t\t\t\t\t\t\t\t<img decoding=\"async\" width=\"496\" height=\"496\" src=\"https:\/\/belvederepalace.wientickets.org\/wp-content\/uploads\/2024\/08\/customer-service-1-1.png\" class=\"attachment-large size-large wp-image-453\" alt=\"\" srcset=\"https:\/\/belvederepalace.wientickets.org\/wp-content\/uploads\/2024\/08\/customer-service-1-1.png 496w, https:\/\/belvederepalace.wientickets.org\/wp-content\/uploads\/2024\/08\/customer-service-1-1-300x300.png 300w, https:\/\/belvederepalace.wientickets.org\/wp-content\/uploads\/2024\/08\/customer-service-1-1-150x150.png 150w\" sizes=\"(max-width: 496px) 100vw, 496px\" \/>\t\t\t\t\t\t\t\t\t\t\t\t\t\t\t<\/div>\n\t\t\t\t<\/div>\n\t\t\t\t\t<\/div>\n\t\t<\/div>\n\t\t\t\t<div class=\"elementor-column elementor-col-50 elementor-inner-column elementor-element elementor-element-b8078e6\" data-id=\"b8078e6\" data-element_type=\"column\">\n\t\t\t<div class=\"elementor-widget-wrap elementor-element-populated\">\n\t\t\t\t\t\t<div class=\"elementor-element elementor-element-360a98b elementor-widget elementor-widget-heading\" data-id=\"360a98b\" data-element_type=\"widget\" data-widget_type=\"heading.default\">\n\t\t\t\t<div class=\"elementor-widget-container\">\n\t\t\t\t\t<p class=\"elementor-heading-title elementor-size-default\">Assistenza quando ne hai bisogno<\/p>\t\t\t\t<\/div>\n\t\t\t\t<\/div>\n\t\t\t\t<div class=\"elementor-element elementor-element-de3418a elementor-widget elementor-widget-heading\" data-id=\"de3418a\" data-element_type=\"widget\" data-widget_type=\"heading.default\">\n\t\t\t\t<div class=\"elementor-widget-container\">\n\t\t\t\t\t<p class=\"elementor-heading-title elementor-size-default\">Un'assistenza clienti che ti aiuter\u00e0 per tutto ci\u00f2 di cui hai bisogno dalle 8.00 alle 18.00.<\/p>\t\t\t\t<\/div>\n\t\t\t\t<\/div>\n\t\t\t\t\t<\/div>\n\t\t<\/div>\n\t\t\t\t\t<\/div>\n\t\t<\/section>\n\t\t\t\t\t<\/div>\n\t\t<\/div>\n\t\t\t\t<div class=\"elementor-column elementor-col-33 elementor-top-column elementor-element elementor-element-7f73152\" data-id=\"7f73152\" data-element_type=\"column\">\n\t\t\t<div class=\"elementor-widget-wrap elementor-element-populated\">\n\t\t\t\t\t\t<section class=\"elementor-section elementor-inner-section elementor-element elementor-element-0f661b5 elementor-section-content-middle elementor-section-boxed elementor-section-height-default elementor-section-height-default\" data-id=\"0f661b5\" data-element_type=\"section\">\n\t\t\t\t\t\t<div class=\"elementor-container elementor-column-gap-default\">\n\t\t\t\t\t<div class=\"elementor-column elementor-col-50 elementor-inner-column elementor-element elementor-element-35630c8\" data-id=\"35630c8\" data-element_type=\"column\">\n\t\t\t<div class=\"elementor-widget-wrap elementor-element-populated\">\n\t\t\t\t\t\t<div class=\"elementor-element elementor-element-ffafa18 elementor-widget elementor-widget-image\" data-id=\"ffafa18\" data-element_type=\"widget\" data-widget_type=\"image.default\">\n\t\t\t\t<div class=\"elementor-widget-container\">\n\t\t\t\t\t\t\t\t\t\t\t\t\t\t\t<img decoding=\"async\" width=\"488\" height=\"488\" src=\"https:\/\/belvederepalace.wientickets.org\/wp-content\/uploads\/2024\/08\/Group-333.png\" class=\"attachment-large size-large wp-image-454\" alt=\"\" srcset=\"https:\/\/belvederepalace.wientickets.org\/wp-content\/uploads\/2024\/08\/Group-333.png 488w, https:\/\/belvederepalace.wientickets.org\/wp-content\/uploads\/2024\/08\/Group-333-300x300.png 300w, https:\/\/belvederepalace.wientickets.org\/wp-content\/uploads\/2024\/08\/Group-333-150x150.png 150w\" sizes=\"(max-width: 488px) 100vw, 488px\" \/>\t\t\t\t\t\t\t\t\t\t\t\t\t\t\t<\/div>\n\t\t\t\t<\/div>\n\t\t\t\t\t<\/div>\n\t\t<\/div>\n\t\t\t\t<div class=\"elementor-column elementor-col-50 elementor-inner-column elementor-element elementor-element-2916fbc\" data-id=\"2916fbc\" data-element_type=\"column\">\n\t\t\t<div class=\"elementor-widget-wrap elementor-element-populated\">\n\t\t\t\t\t\t<div class=\"elementor-element elementor-element-c68e702 elementor-widget elementor-widget-heading\" data-id=\"c68e702\" data-element_type=\"widget\" data-widget_type=\"heading.default\">\n\t\t\t\t<div class=\"elementor-widget-container\">\n\t\t\t\t\t<p class=\"elementor-heading-title elementor-size-default\">Prenotazione veloce e online<\/p>\t\t\t\t<\/div>\n\t\t\t\t<\/div>\n\t\t\t\t<div class=\"elementor-element elementor-element-f29b063 elementor-widget elementor-widget-heading\" data-id=\"f29b063\" data-element_type=\"widget\" data-widget_type=\"heading.default\">\n\t\t\t\t<div class=\"elementor-widget-container\">\n\t\t\t\t\t<p class=\"elementor-heading-title elementor-size-default\">Scegli l'opzione migliore per le tue esigenze e preferenze ed evita le code prenotando qui<\/p>\t\t\t\t<\/div>\n\t\t\t\t<\/div>\n\t\t\t\t\t<\/div>\n\t\t<\/div>\n\t\t\t\t\t<\/div>\n\t\t<\/section>\n\t\t\t\t\t<\/div>\n\t\t<\/div>\n\t\t\t\t<div class=\"elementor-column elementor-col-33 elementor-top-column elementor-element elementor-element-4394fce\" data-id=\"4394fce\" data-element_type=\"column\">\n\t\t\t<div class=\"elementor-widget-wrap elementor-element-populated\">\n\t\t\t\t\t\t<section class=\"elementor-section elementor-inner-section elementor-element elementor-element-694387b elementor-section-content-middle elementor-section-boxed elementor-section-height-default elementor-section-height-default\" data-id=\"694387b\" data-element_type=\"section\">\n\t\t\t\t\t\t<div class=\"elementor-container elementor-column-gap-default\">\n\t\t\t\t\t<div class=\"elementor-column elementor-col-50 elementor-inner-column elementor-element elementor-element-119a207\" data-id=\"119a207\" data-element_type=\"column\">\n\t\t\t<div class=\"elementor-widget-wrap elementor-element-populated\">\n\t\t\t\t\t\t<div class=\"elementor-element elementor-element-a8f29fa elementor-widget elementor-widget-image\" data-id=\"a8f29fa\" data-element_type=\"widget\" data-widget_type=\"image.default\">\n\t\t\t\t<div class=\"elementor-widget-container\">\n\t\t\t\t\t\t\t\t\t\t\t\t\t\t\t<img loading=\"lazy\" decoding=\"async\" width=\"462\" height=\"683\" src=\"https:\/\/belvederepalace.wientickets.org\/wp-content\/uploads\/2024\/08\/top-attractions-in-paris.webp\" class=\"attachment-large size-large wp-image-455\" alt=\"\" srcset=\"https:\/\/belvederepalace.wientickets.org\/wp-content\/uploads\/2024\/08\/top-attractions-in-paris.webp 462w, https:\/\/belvederepalace.wientickets.org\/wp-content\/uploads\/2024\/08\/top-attractions-in-paris-203x300.webp 203w\" sizes=\"(max-width: 462px) 100vw, 462px\" \/>\t\t\t\t\t\t\t\t\t\t\t\t\t\t\t<\/div>\n\t\t\t\t<\/div>\n\t\t\t\t\t<\/div>\n\t\t<\/div>\n\t\t\t\t<div class=\"elementor-column elementor-col-50 elementor-inner-column elementor-element elementor-element-dc1368c\" data-id=\"dc1368c\" data-element_type=\"column\">\n\t\t\t<div class=\"elementor-widget-wrap elementor-element-populated\">\n\t\t\t\t\t\t<div class=\"elementor-element elementor-element-00c1e4e elementor-widget elementor-widget-heading\" data-id=\"00c1e4e\" data-element_type=\"widget\" data-widget_type=\"heading.default\">\n\t\t\t\t<div class=\"elementor-widget-container\">\n\t\t\t\t\t<p class=\"elementor-heading-title elementor-size-default\">La 2\u00aa attrazione pi\u00f9 importante di Vienna<\/p>\t\t\t\t<\/div>\n\t\t\t\t<\/div>\n\t\t\t\t<div class=\"elementor-element elementor-element-ead42e6 elementor-widget elementor-widget-heading\" data-id=\"ead42e6\" data-element_type=\"widget\" data-widget_type=\"heading.default\">\n\t\t\t\t<div class=\"elementor-widget-container\">\n\t\t\t\t\t<p class=\"elementor-heading-title elementor-size-default\">Esplora il Castello del Belvedere di Vienna: bellezza barocca, giardini lussureggianti e l'iconica arte di Klimt.\n\n\n\n\n\n\n\n\n<\/p>\t\t\t\t<\/div>\n\t\t\t\t<\/div>\n\t\t\t\t\t<\/div>\n\t\t<\/div>\n\t\t\t\t\t<\/div>\n\t\t<\/section>\n\t\t\t\t\t<\/div>\n\t\t<\/div>\n\t\t\t\t\t<\/div>\n\t\t<\/section>\n\t\t<div class=\"elementor-element elementor-element-e71292e e-flex e-con-boxed e-con e-parent\" data-id=\"e71292e\" data-element_type=\"container\">\n\t\t\t\t\t<div class=\"e-con-inner\">\n\t\t\t\t<div class=\"elementor-element elementor-element-f361e8b elementor-widget elementor-widget-spacer\" data-id=\"f361e8b\" data-element_type=\"widget\" data-widget_type=\"spacer.default\">\n\t\t\t\t<div class=\"elementor-widget-container\">\n\t\t\t\t\t\t\t<div class=\"elementor-spacer\">\n\t\t\t<div class=\"elementor-spacer-inner\"><\/div>\n\t\t<\/div>\n\t\t\t\t\t\t<\/div>\n\t\t\t\t<\/div>\n\t\t\t\t\t<\/div>\n\t\t\t\t<\/div>\n\t\t<div class=\"elementor-element elementor-element-c9d13a9 e-flex e-con-boxed e-con e-parent\" data-id=\"c9d13a9\" data-element_type=\"container\">\n\t\t\t\t\t<div class=\"e-con-inner\">\n\t\t\t\t<div class=\"elementor-element elementor-element-1bdec60 elementor-widget elementor-widget-heading\" data-id=\"1bdec60\" data-element_type=\"widget\" data-widget_type=\"heading.default\">\n\t\t\t\t<div class=\"elementor-widget-container\">\n\t\t\t\t\t<h2 class=\"elementor-heading-title elementor-size-default\">Che cos'\u00e8 il Palazzo del Belvedere Inferiore e dove si trova?<\/h2>\t\t\t\t<\/div>\n\t\t\t\t<\/div>\n\t\t\t\t\t<\/div>\n\t\t\t\t<\/div>\n\t\t<div class=\"elementor-element elementor-element-d057245 e-flex e-con-boxed e-con e-parent\" data-id=\"d057245\" data-element_type=\"container\">\n\t\t\t\t\t<div class=\"e-con-inner\">\n\t\t<div class=\"elementor-element elementor-element-5bfbcda e-con-full e-flex e-con e-child\" data-id=\"5bfbcda\" data-element_type=\"container\">\n\t\t\t\t<div class=\"elementor-element elementor-element-d9a7f71 elementor-widget elementor-widget-image\" data-id=\"d9a7f71\" data-element_type=\"widget\" data-widget_type=\"image.default\">\n\t\t\t\t<div class=\"elementor-widget-container\">\n\t\t\t\t\t\t\t\t\t\t\t\t\t\t\t<img loading=\"lazy\" decoding=\"async\" width=\"837\" height=\"1024\" src=\"https:\/\/belvederepalace.wientickets.org\/wp-content\/uploads\/2025\/12\/eugene-of-savoy.jpeg\" class=\"attachment-full size-full wp-image-1244\" alt=\"Principe Eugenio di Savoia\" srcset=\"https:\/\/belvederepalace.wientickets.org\/wp-content\/uploads\/2025\/12\/eugene-of-savoy.jpeg 837w, https:\/\/belvederepalace.wientickets.org\/wp-content\/uploads\/2025\/12\/eugene-of-savoy-245x300.jpeg 245w, https:\/\/belvederepalace.wientickets.org\/wp-content\/uploads\/2025\/12\/eugene-of-savoy-768x940.jpeg 768w\" sizes=\"(max-width: 837px) 100vw, 837px\" \/>\t\t\t\t\t\t\t\t\t\t\t\t\t\t\t<\/div>\n\t\t\t\t<\/div>\n\t\t\t\t<\/div>\n\t\t<div class=\"elementor-element elementor-element-090eeb0 e-con-full e-flex e-con e-child\" data-id=\"090eeb0\" data-element_type=\"container\">\n\t\t\t\t<div class=\"elementor-element elementor-element-9b3710b elementor-widget elementor-widget-text-editor\" data-id=\"9b3710b\" data-element_type=\"widget\" data-widget_type=\"text-editor.default\">\n\t\t\t\t<div class=\"elementor-widget-container\">\n\t\t\t\t\t\t\t\t\t<p>Il Palazzo del Belvedere Inferiore fa parte di <b>una delle residenze estive pi\u00f9 spettacolari mai costruite<\/b>. Fu commissionato dal <u>Principe Eugenio di Savoia<\/u>, un brillante comandante militare e uno dei pi\u00f9 grandi statisti della prima et\u00e0 moderna. <\/p><p>Nato a Parigi, fu rifiutato dall&#8217;esercito francese e perci\u00f2 intraprese la sua carriera in Austria, dove si distinse per il suo talento militare e la sua disciplina. Svolse un ruolo chiave nelle guerre contro l&#8217;Impero Ottomano, ottenendo importanti vittorie come Zenta e la conquista di Belgrado, e partecip\u00f2 anche in modo decisivo alla Guerra di Successione Spagnola contro la Francia. Oltre alla sua carriera militare, fu un politico influente e un mecenate delle arti, contribuendo a rafforzare il potere e il prestigio dell&#8217;Impero austriaco.  <\/p><p>A differenza del <a style=\"color: #7e0009;\" href=\"https:\/\/belvederepalace.wientickets.org\/it\/belvedere-superiore-o-inferiore\/\" rel=\"noopener\">Belvedere Superiore<\/a>, che aveva una funzione pi\u00f9 cerimoniale e di rappresentanza, <b>questo edificio fu concepito come sua residenza privata<\/b>, il luogo dove effettivamente viveva e riceveva i suoi ospiti pi\u00f9 intimi.<\/p><p>Per capire perch\u00e9 questo palazzo \u00e8 cos\u00ec importante, dobbiamo parlare un po&#8217; degli <u>Asburgo<\/u>. Questa dinastia \u00e8 stata una delle case reali pi\u00f9 influenti d&#8217;Europa, governando per secoli un impero che aveva Vienna come cuore culturale e politico. <\/p>\t\t\t\t\t\t\t\t<\/div>\n\t\t\t\t<\/div>\n\t\t\t\t<\/div>\n\t\t\t\t\t<\/div>\n\t\t\t\t<\/div>\n\t\t<div class=\"elementor-element elementor-element-59406f6 e-flex e-con-boxed e-con e-parent\" data-id=\"59406f6\" data-element_type=\"container\">\n\t\t\t\t\t<div class=\"e-con-inner\">\n\t\t\t\t<div class=\"elementor-element elementor-element-6bb0a9c elementor-widget elementor-widget-text-editor\" data-id=\"6bb0a9c\" data-element_type=\"widget\" data-widget_type=\"text-editor.default\">\n\t\t\t\t<div class=\"elementor-widget-container\">\n\t\t\t\t\t\t\t\t\t<p>Sebbene il Principe Eugenio non fosse un Asburgo, la sua lealt\u00e0 alla corona e le sue vittorie militari furono fondamentali per la stabilit\u00e0 dell&#8217;impero, permettendogli di costruire questo museo di cui godiamo oggi. Gli Asburgo alla fine acquisirono il complesso anni dopo la sua morte, trasformandolo in uno spazio per ospitare la collezione d&#8217;arte imperiale, una tradizione che continua ancora oggi. <\/p><p>Oggi, il Belvedere Inferiore ha trasformato i suoi quartieri residenziali in <b>sale espositive di livello mondiale<\/b>. Mentre l&#8217;edificio superiore si concentra sulla collezione permanente, questo spazio \u00e8 principalmente dedicato a <u>mostre temporanee<\/u> che esplorano diversi periodi dell&#8217;arte austriaca e internazionale. \u00c8 un luogo dove il design barocco originale convive con proposte moderne, offrendo un&#8217;esperienza molto pi\u00f9 intima e dettagliata rispetto alle grandi sale dell&#8217;edificio superiore.  <\/p><p>Per quanto riguarda la sua posizione, <b>si trova nel terzo distretto di Vienna, in Austria<\/b>, proprio all&#8217;estremit\u00e0 inferiore dei <a href=\"https:\/\/belvederepalace.wientickets.org\/it\/belvedere-schlossgarten-giardini\/\">giardini<\/a> terrazzati che collegano entrambe le strutture. \u00c8 situato molto vicino al centro storico, il che lo rende facilmente raggiungibile a piedi o con i mezzi pubblici. Non preoccuparti dei dettagli logistici per ora; nelle righe seguenti, spiegheremo come raggiungere questa tappa &#8220;imperdibile&#8221; se vuoi capire come l&#8217;aristocrazia dell&#8217;epoca viveva in un ambiente di grande opulenza.  <\/p>\t\t\t\t\t\t\t\t<\/div>\n\t\t\t\t<\/div>\n\t\t\t\t\t<\/div>\n\t\t\t\t<\/div>\n\t\t\t\t<section class=\"elementor-section elementor-top-section elementor-element elementor-element-730b3d6 elementor-section-boxed elementor-section-height-default elementor-section-height-default\" data-id=\"730b3d6\" data-element_type=\"section\">\n\t\t\t\t\t\t<div class=\"elementor-container elementor-column-gap-default\">\n\t\t\t\t\t<div class=\"elementor-column elementor-col-50 elementor-top-column elementor-element elementor-element-2a250d9\" data-id=\"2a250d9\" data-element_type=\"column\">\n\t\t\t<div class=\"elementor-widget-wrap elementor-element-populated\">\n\t\t\t\t\t\t<div class=\"elementor-element elementor-element-d288cd1 elementor-widget elementor-widget-heading\" data-id=\"d288cd1\" data-element_type=\"widget\" data-widget_type=\"heading.default\">\n\t\t\t\t<div class=\"elementor-widget-container\">\n\t\t\t\t\t<h2 class=\"elementor-heading-title elementor-size-default\">Cosa c'\u00e8 all'interno del Belvedere Inferiore?<\/h2>\t\t\t\t<\/div>\n\t\t\t\t<\/div>\n\t\t\t\t<div class=\"elementor-element elementor-element-a78b2ab elementor-widget elementor-widget-text-editor\" data-id=\"a78b2ab\" data-element_type=\"widget\" data-widget_type=\"text-editor.default\">\n\t\t\t\t<div class=\"elementor-widget-container\">\n\t\t\t\t\t\t\t\t\t<p>Entrando all&#8217;interno del Belvedere Inferiore, scoprirai sale che conservano gran parte della loro decorazione originale. Questi sono gli elementi essenziali: <\/p><ul><li><strong>Sala di Marmo:<\/strong> Il cuore del palazzo, decorato con rilievi e affreschi che celebrano le vittorie del principe.<\/li><li><strong>Gabinetto d&#8217;Oro:<\/strong> Un piccolo gioiello visivo dove la foglia d&#8217;oro e gli specchi creano un effetto brillante.<\/li><li><strong>Sala delle Grottesche:<\/strong> Nota per i suoi dipinti murali ispirati all&#8217;antica Roma, ricca di dettagli fantastici e curiosi.<\/li><li><strong>Orangerie:<\/strong> L&#8217;ex serra degli agrumi che ora funge da spazio espositivo moderno e pieno di luce.<\/li><\/ul>\t\t\t\t\t\t\t\t<\/div>\n\t\t\t\t<\/div>\n\t\t\t\t\t<\/div>\n\t\t<\/div>\n\t\t\t\t<div class=\"elementor-column elementor-col-50 elementor-top-column elementor-element elementor-element-efe2bf3\" data-id=\"efe2bf3\" data-element_type=\"column\">\n\t\t\t<div class=\"elementor-widget-wrap elementor-element-populated\">\n\t\t\t\t\t\t<div class=\"elementor-element elementor-element-ddc3732 elementor-widget elementor-widget-html\" data-id=\"ddc3732\" data-element_type=\"widget\" data-widget_type=\"html.default\">\n\t\t\t\t<div class=\"elementor-widget-container\">\n\t\t\t\t\t<div class=\"image-carousel-wrapper\">\r\n  <div class=\"image-carousel\">\r\n    <!-- Im\u00e1genes del Belvedere Palace -->\r\n    <div class=\"carousel-item active\">\r\n      <img decoding=\"async\" src=\"https:\/\/belvederepalace.wientickets.org\/wp-content\/uploads\/2025\/11\/belvedere-marble-hall.webp\" alt=\"Sala di Marmo\">\r\n      <\/div>\r\n    <div class=\"carousel-item\">\r\n      <img decoding=\"async\" src=\"https:\/\/belvederepalace.wientickets.org\/wp-content\/uploads\/2025\/11\/golden-hall-belvedere-palace.webp\" alt=\"Gabinetto d'Oro\">\r\n    <\/div>\r\n    <div class=\"carousel-item\">\r\n      <img decoding=\"async\" src=\"https:\/\/belvederepalace.wientickets.org\/wp-content\/uploads\/2025\/12\/hall-of-the-grotesques.webp\" alt=\"Sala delle Grottesche\">\r\n    <\/div>\r\n       <div class=\"carousel-item\">\r\n      <img decoding=\"async\" src=\"https:\/\/belvederepalace.wientickets.org\/wp-content\/uploads\/2025\/11\/Orangery-Lower-Belvedere.webp\" alt=\"Orangerie\">\r\n    <\/div>\r\n    \r\n    <!-- Botones de navegaci\u00f3n -->\r\n    <button class=\"carousel-btn prev\" aria-label=\"Anterior\">\r\n      <svg width=\"24\" height=\"24\" viewbox=\"0 0 24 24\" fill=\"none\" stroke=\"currentColor\" stroke-width=\"2\">\r\n        <polyline points=\"15 18 9 12 15 6\"><\/polyline>\r\n      <\/polyline><\/svg>\r\n    <\/button>\r\n    <button class=\"carousel-btn next\" aria-label=\"Siguiente\">\r\n      <svg width=\"24\" height=\"24\" viewbox=\"0 0 24 24\" fill=\"none\" stroke=\"currentColor\" stroke-width=\"2\">\r\n        <polyline points=\"9 18 15 12 9 6\"><\/polyline>\r\n      <\/polyline><\/svg>\r\n    <\/button>\r\n    <div class=\"carousel-caption\"><\/div>\r\n  <\/div>\r\n  \r\n  \r\n  <!-- Indicadores -->\r\n  <div class=\"carousel-indicators\"><\/div>\r\n<\/div>\r\n\r\n<style>\r\n.image-carousel-wrapper {\r\n  width: 100%;\r\n  position: relative;\r\n}\r\n\r\n.image-carousel {\r\n  position: relative;\r\n  width: 100%;\r\n  height: 400px;\r\n  overflow: hidden;\r\n  border-radius: 8px;\r\n}\r\n\r\n.carousel-item {\r\n  position: absolute;\r\n  top: 0;\r\n  left: 0;\r\n  width: 100%;\r\n  height: 100%;\r\n  opacity: 0;\r\n  transition: opacity 0.5s ease-in-out;\r\n  pointer-events: none;\r\n}\r\n\r\n.carousel-item.active {\r\n  opacity: 1;\r\n  pointer-events: auto;\r\n}\r\n\r\n.carousel-item img {\r\n  width: 100%;\r\n  height: 400px;\r\n  object-fit: cover;\r\n  object-position: top center;\r\n  display: block;\r\n}\r\n\r\n.carousel-btn {\r\n  position: absolute;\r\n  top: 50%;\r\n  transform: translateY(-50%);\r\n  background: rgba(0, 0, 0, 0.5);\r\n  color: white;\r\n  border: none;\r\n  width: 45px;\r\n  height: 45px;\r\n  border-radius: 50%;\r\n  cursor: pointer;\r\n  display: flex;\r\n  align-items: center;\r\n  justify-content: center;\r\n  transition: background 0.3s ease;\r\n  z-index: 10;\r\n}\r\n\r\n\/* Asegurar que los SVG se vean correctamente *\/\r\n.carousel-btn svg {\r\n  display: block;\r\n  flex-shrink: 0;\r\n  width: 20px;\r\n  height: 20px;\r\n}\r\n\r\n.carousel-btn:hover {\r\n  background: rgba(0, 0, 0, 0.7);\r\n}\r\n\r\n.carousel-btn:focus {\r\n  background: #CE2B37;\r\n  outline: none;\r\n}\r\n\r\n.carousel-btn.prev {\r\n  left: 15px;\r\n}\r\n\r\n.carousel-btn.next {\r\n  right: 15px;\r\n}\r\n\r\n.carousel-indicators {\r\n  display: flex;\r\n  justify-content: center;\r\n  gap: 8px;\r\n  margin-top: 15px;\r\n}\r\n\r\n.carousel-indicator {\r\n  width: 10px;\r\n  height: 10px;\r\n  border-radius: 50%;\r\n  background: #ddd;\r\n  cursor: pointer;\r\n  transition: all 0.3s ease;\r\n}\r\n\r\n.carousel-indicator.active {\r\n  background: #333;\r\n  width: 30px;\r\n  border-radius: 5px;\r\n}\r\n\r\n\/* Mobile adjustments *\/\r\n@media (max-width: 768px) {\r\n  .carousel-btn {\r\n    width: 35px;\r\n    height: 35px;\r\n  }\r\n  \r\n  .carousel-btn.prev {\r\n    left: 10px;\r\n  }\r\n  \r\n  .carousel-btn.next {\r\n    right: 10px;\r\n  }\r\n  \r\n  .carousel-btn svg {\r\n    width: 18px;\r\n    height: 18px;\r\n  }\r\n}\r\n\r\n.carousel-caption {\r\n  position: absolute;\r\n  bottom: 15px;\r\n  left: 15px;\r\n  background: rgba(0, 0, 0, 0.6);\r\n  color: white;\r\n  padding: 10px 15px;\r\n  border-radius: 5px;\r\n  font-size: 14px;\r\n  max-width: 80%;\r\n  z-index: 10;\r\n}\r\n\r\n@media (max-width: 768px) {\r\n  .carousel-caption {\r\n    font-size: 12px;\r\n    padding: 8px 12px;\r\n    bottom: 10px;\r\n    left: 10px;\r\n  }\r\n}\r\n\r\n<\/style>\r\n\r\n<script>\r\ndocument.addEventListener('DOMContentLoaded', function() {\r\n  const carousels = document.querySelectorAll('.image-carousel-wrapper');\r\n  \r\n  carousels.forEach((wrapper) => {\r\n    const carousel = wrapper.querySelector('.image-carousel');\r\n    const items = carousel.querySelectorAll('.carousel-item');\r\n    const prevBtn = carousel.querySelector('.prev');\r\n    const nextBtn = carousel.querySelector('.next');\r\n    const indicatorsContainer = wrapper.querySelector('.carousel-indicators');\r\n    const caption = carousel.querySelector('.carousel-caption');\r\n    \r\n    let currentIndex = 0;\r\n    let autoplayInterval;\r\n    \r\n    \/\/ Variables para swipe\r\n    let touchStartX = 0;\r\n    let touchEndX = 0;\r\n    let touchStartY = 0;\r\n    let touchEndY = 0;\r\n    \r\n    items.forEach((_, index) => {\r\n      const indicator = document.createElement('div');\r\n      indicator.classList.add('carousel-indicator');\r\n      if (index === 0) indicator.classList.add('active');\r\n      indicator.addEventListener('click', () => {\r\n        stopAutoplay();\r\n        goToSlide(index);\r\n      });\r\n      indicatorsContainer.appendChild(indicator);\r\n    });\r\n    \r\n    const indicators = indicatorsContainer.querySelectorAll('.carousel-indicator');\r\n    \r\n    function updateCarousel() {\r\n      items.forEach((item, index) => {\r\n        item.classList.toggle('active', index === currentIndex);\r\n      });\r\n      \r\n      indicators.forEach((indicator, index) => {\r\n        indicator.classList.toggle('active', index === currentIndex);\r\n      });\r\n      \r\n      const currentImg = items[currentIndex].querySelector('img');\r\n      caption.textContent = currentImg.alt;\r\n    }\r\n    \r\n    function goToSlide(index) {\r\n      currentIndex = index;\r\n      updateCarousel();\r\n    }\r\n    \r\n    function nextSlide() {\r\n      currentIndex = (currentIndex + 1) % items.length;\r\n      updateCarousel();\r\n    }\r\n    \r\n    function prevSlide() {\r\n      currentIndex = (currentIndex - 1 + items.length) % items.length;\r\n      updateCarousel();\r\n    }\r\n    \r\n    function stopAutoplay() {\r\n      if (autoplayInterval) {\r\n        clearInterval(autoplayInterval);\r\n        autoplayInterval = null;\r\n      }\r\n    }\r\n    \r\n    \/\/ Detectar swipe\r\n    function handleSwipe() {\r\n      const diffX = touchEndX - touchStartX;\r\n      const diffY = Math.abs(touchEndY - touchStartY);\r\n      \r\n      \/\/ Solo procesar si el movimiento horizontal es mayor que el vertical\r\n      \/\/ y si el desplazamiento es suficiente (m\u00e1s de 50px)\r\n      if (Math.abs(diffX) > 50 && Math.abs(diffX) > diffY) {\r\n        stopAutoplay();\r\n        \r\n        if (diffX > 0) {\r\n          \/\/ Swipe derecha - ir a anterior\r\n          prevSlide();\r\n        } else {\r\n          \/\/ Swipe izquierda - ir a siguiente\r\n          nextSlide();\r\n        }\r\n      }\r\n    }\r\n    \r\n    \/\/ Event listeners para touch\r\n    carousel.addEventListener('touchstart', (e) => {\r\n      touchStartX = e.changedTouches[0].screenX;\r\n      touchStartY = e.changedTouches[0].screenY;\r\n    }, { passive: true });\r\n    \r\n    carousel.addEventListener('touchend', (e) => {\r\n      touchEndX = e.changedTouches[0].screenX;\r\n      touchEndY = e.changedTouches[0].screenY;\r\n      handleSwipe();\r\n    }, { passive: true });\r\n    \r\n    \/\/ Inicializar\r\n    updateCarousel();\r\n    \r\n    prevBtn.addEventListener('click', () => {\r\n      stopAutoplay();\r\n      prevSlide();\r\n    });\r\n    \r\n    nextBtn.addEventListener('click', () => {\r\n      stopAutoplay();\r\n      nextSlide();\r\n    });\r\n    \r\n    \/\/ Auto-play cada 6 segundos\r\n    autoplayInterval = setInterval(nextSlide, 6000);\r\n  });\r\n});\r\n<\/script>\t\t\t\t<\/div>\n\t\t\t\t<\/div>\n\t\t\t\t\t<\/div>\n\t\t<\/div>\n\t\t\t\t\t<\/div>\n\t\t<\/section>\n\t\t\t\t<section class=\"elementor-section elementor-top-section elementor-element elementor-element-ffb7036 elementor-section-boxed elementor-section-height-default elementor-section-height-default\" data-id=\"ffb7036\" data-element_type=\"section\">\n\t\t\t\t\t\t<div class=\"elementor-container elementor-column-gap-default\">\n\t\t\t\t\t<div class=\"elementor-column elementor-col-100 elementor-top-column elementor-element elementor-element-51ca641\" data-id=\"51ca641\" data-element_type=\"column\">\n\t\t\t<div class=\"elementor-widget-wrap elementor-element-populated\">\n\t\t\t\t\t\t<div class=\"elementor-element elementor-element-33022b3 elementor-widget elementor-widget-heading\" data-id=\"33022b3\" data-element_type=\"widget\" data-widget_type=\"heading.default\">\n\t\t\t\t<div class=\"elementor-widget-container\">\n\t\t\t\t\t<h2 class=\"elementor-heading-title elementor-size-default\">Differenze tra il Belvedere Inferiore e Superiore<\/h2>\t\t\t\t<\/div>\n\t\t\t\t<\/div>\n\t\t\t\t<div class=\"elementor-element elementor-element-995909f elementor-widget elementor-widget-text-editor\" data-id=\"995909f\" data-element_type=\"widget\" data-widget_type=\"text-editor.default\">\n\t\t\t\t<div class=\"elementor-widget-container\">\n\t\t\t\t\t\t\t\t\t<p>\u00c8 molto comune, quando si pianifica la visita, chiedersi se valga la pena entrare in entrambi o se uno sia sufficiente. La principale <a style=\"color: #7e0009;\" href=\"https:\/\/belvederepalace.wientickets.org\/it\/belvedere-superiore-o-inferiore\/\" rel=\"noopener\">differenza tra il Belvedere Inferiore e Superiore<\/a> risiede in ci\u00f2 che troverai all&#8217;interno di questi complessi. <\/p><p>Il <b>Belvedere Superiore<\/b> \u00e8 il volto pi\u00f9 noto del complesso, soprattutto perch\u00e9 ospita la collezione permanente di arte medievale e barocca e, naturalmente, opere di Gustav Klimt come &#8220;Il Bacio&#8221;. Se stai cercando le grandi icone dell&#8217;arte austriaca, questo \u00e8 il posto giusto! Ma preparati a condividere lo spazio con molti altri visitatori.  <\/p>\t\t\t\t\t\t\t\t<\/div>\n\t\t\t\t<\/div>\n\t\t\t\t\t<\/div>\n\t\t<\/div>\n\t\t\t\t\t<\/div>\n\t\t<\/section>\n\t\t<div class=\"elementor-element elementor-element-43ccdca e-flex e-con-boxed e-con e-parent\" data-id=\"43ccdca\" data-element_type=\"container\">\n\t\t\t\t\t<div class=\"e-con-inner\">\n\t\t\t\t<div class=\"elementor-element elementor-element-3a8f3b4 elementor-widget elementor-widget-image\" data-id=\"3a8f3b4\" data-element_type=\"widget\" data-widget_type=\"image.default\">\n\t\t\t\t<div class=\"elementor-widget-container\">\n\t\t\t\t\t\t\t\t\t\t\t\t\t\t\t<img loading=\"lazy\" decoding=\"async\" width=\"800\" height=\"405\" src=\"https:\/\/belvederepalace.wientickets.org\/wp-content\/uploads\/2024\/08\/upper-belvedere-1024x518.webp\" class=\"attachment-large size-large wp-image-2568\" alt=\"\" srcset=\"https:\/\/belvederepalace.wientickets.org\/wp-content\/uploads\/2024\/08\/upper-belvedere-1024x518.webp 1024w, https:\/\/belvederepalace.wientickets.org\/wp-content\/uploads\/2024\/08\/upper-belvedere-300x152.webp 300w, https:\/\/belvederepalace.wientickets.org\/wp-content\/uploads\/2024\/08\/upper-belvedere-768x388.webp 768w, https:\/\/belvederepalace.wientickets.org\/wp-content\/uploads\/2024\/08\/upper-belvedere.webp 1100w\" sizes=\"(max-width: 800px) 100vw, 800px\" \/>\t\t\t\t\t\t\t\t\t\t\t\t\t\t\t<\/div>\n\t\t\t\t<\/div>\n\t\t\t\t<div class=\"elementor-element elementor-element-b48c20b elementor-widget elementor-widget-text-editor\" data-id=\"b48c20b\" data-element_type=\"widget\" data-widget_type=\"text-editor.default\">\n\t\t\t\t<div class=\"elementor-widget-container\">\n\t\t\t\t\t\t\t\t\t<p>Al contrario, il <b>Belvedere Inferiore<\/b> offre un&#8217;esperienza molto pi\u00f9 tranquilla, incentrata sulla <a href=\"https:\/\/belvederepalace.wientickets.org\/it\/storia-del-palazzo-belvedere\/\" target=\"_blank\" rel=\"noopener\">storia dell&#8217;edificio stesso<\/a>. Qui puoi passeggiare tra le camere da letto reali e le sale di svago del principe, sentendoti come se fossi in una casa (molto lussuosa, sia chiaro) e non in una semplice galleria. Mentre il palazzo superiore \u00e8 imponente e monumentale, quello inferiore \u00e8 dettagliato e decorativo. L&#8217;architettura del Belvedere Inferiore \u00e8 pi\u00f9 ampia e si integra sottilmente con il quartiere circostante.   <\/p>\t\t\t\t\t\t\t\t<\/div>\n\t\t\t\t<\/div>\n\t\t\t\t<div class=\"elementor-element elementor-element-447272e elementor-widget elementor-widget-image\" data-id=\"447272e\" data-element_type=\"widget\" data-widget_type=\"image.default\">\n\t\t\t\t<div class=\"elementor-widget-container\">\n\t\t\t\t\t\t\t\t\t\t\t\t\t\t\t<img loading=\"lazy\" decoding=\"async\" width=\"800\" height=\"410\" src=\"https:\/\/belvederepalace.wientickets.org\/wp-content\/uploads\/2025\/11\/lower-belvedere-1024x525.webp\" class=\"attachment-large size-large wp-image-626\" alt=\"Belvedere Inferiore\" srcset=\"https:\/\/belvederepalace.wientickets.org\/wp-content\/uploads\/2025\/11\/lower-belvedere-1024x525.webp 1024w, https:\/\/belvederepalace.wientickets.org\/wp-content\/uploads\/2025\/11\/lower-belvedere-300x154.webp 300w, https:\/\/belvederepalace.wientickets.org\/wp-content\/uploads\/2025\/11\/lower-belvedere-768x394.webp 768w, https:\/\/belvederepalace.wientickets.org\/wp-content\/uploads\/2025\/11\/lower-belvedere.webp 1300w\" sizes=\"(max-width: 800px) 100vw, 800px\" \/>\t\t\t\t\t\t\t\t\t\t\t\t\t\t\t<\/div>\n\t\t\t\t<\/div>\n\t\t\t\t<div class=\"elementor-element elementor-element-e11b6d5 elementor-widget elementor-widget-text-editor\" data-id=\"e11b6d5\" data-element_type=\"widget\" data-widget_type=\"text-editor.default\">\n\t\t\t\t<div class=\"elementor-widget-container\">\n\t\t\t\t\t\t\t\t\t<p>Un&#8217;altra differenza fondamentale \u00e8 il tipo di arte: <u>nell&#8217;edificio inferiore, le mostre cambiano ogni pochi mesi<\/u>, il che significa che c&#8217;\u00e8 sempre qualcosa di nuovo da vedere, anche per chi ha gi\u00e0 visitato la citt\u00e0. \u00c8 uno spazio di scoperta continua! <\/p>\t\t\t\t\t\t\t\t<\/div>\n\t\t\t\t<\/div>\n\t\t\t\t\t<\/div>\n\t\t\t\t<\/div>\n\t\t\t\t<section class=\"elementor-section elementor-top-section elementor-element elementor-element-ecf61e1 elementor-section-boxed elementor-section-height-default elementor-section-height-default\" data-id=\"ecf61e1\" data-element_type=\"section\">\n\t\t\t\t\t\t<div class=\"elementor-container elementor-column-gap-default\">\n\t\t\t\t\t<div class=\"elementor-column elementor-col-100 elementor-top-column elementor-element elementor-element-e2f038f\" data-id=\"e2f038f\" data-element_type=\"column\">\n\t\t\t<div class=\"elementor-widget-wrap elementor-element-populated\">\n\t\t\t\t\t\t<div class=\"elementor-element elementor-element-fbb20fe elementor-widget elementor-widget-heading\" data-id=\"fbb20fe\" data-element_type=\"widget\" data-widget_type=\"heading.default\">\n\t\t\t\t<div class=\"elementor-widget-container\">\n\t\t\t\t\t<h2 class=\"elementor-heading-title elementor-size-default\">Quali mostre si terranno?<\/h2>\t\t\t\t<\/div>\n\t\t\t\t<\/div>\n\t\t\t\t<div class=\"elementor-element elementor-element-d1f7379 elementor-widget elementor-widget-text-editor\" data-id=\"d1f7379\" data-element_type=\"widget\" data-widget_type=\"text-editor.default\">\n\t\t\t\t<div class=\"elementor-widget-container\">\n\t\t\t\t\t\t\t\t\tIl programma del Palazzo del Belvedere Inferiore \u00e8 piuttosto vario e dinamico. Attualmente, secondo <a href=\"https:\/\/www.belvedere.at\/en\/current-exhibitions#LowerBelvedere\" target=\"_blank\" rel=\"noopener\" style=\"color:#7E0009;\">il sito web ufficiale del museo<\/a>, queste sono le mostre temporanee che troverai: \n\t\t\t\t\t\t\t\t<\/div>\n\t\t\t\t<\/div>\n\t\t\t\t\t<\/div>\n\t\t<\/div>\n\t\t\t\t\t<\/div>\n\t\t<\/section>\n\t\t<div class=\"elementor-element elementor-element-fe6f98e e-flex e-con-boxed e-con e-parent\" data-id=\"fe6f98e\" data-element_type=\"container\">\n\t\t\t\t\t<div class=\"e-con-inner\">\n\t\t<div class=\"elementor-element elementor-element-d204229 e-con-full e-flex e-con e-child\" data-id=\"d204229\" data-element_type=\"container\">\n\t\t\t\t<div class=\"elementor-element elementor-element-0fd0ad2 elementor-widget elementor-widget-image\" data-id=\"0fd0ad2\" data-element_type=\"widget\" data-widget_type=\"image.default\">\n\t\t\t\t<div class=\"elementor-widget-container\">\n\t\t\t\t\t\t\t\t\t\t\t\t\t\t\t<img loading=\"lazy\" decoding=\"async\" width=\"800\" height=\"782\" src=\"https:\/\/belvederepalace.wientickets.org\/wp-content\/uploads\/2026\/02\/ferdinand-georg-waldmuller-bad-ischl.webp\" class=\"attachment-large size-large wp-image-3165\" alt=\"Ferdinand Georg Waldm\u00fcller - Bad Ischl\" srcset=\"https:\/\/belvederepalace.wientickets.org\/wp-content\/uploads\/2026\/02\/ferdinand-georg-waldmuller-bad-ischl.webp 818w, https:\/\/belvederepalace.wientickets.org\/wp-content\/uploads\/2026\/02\/ferdinand-georg-waldmuller-bad-ischl-300x293.webp 300w, https:\/\/belvederepalace.wientickets.org\/wp-content\/uploads\/2026\/02\/ferdinand-georg-waldmuller-bad-ischl-768x751.webp 768w\" sizes=\"(max-width: 800px) 100vw, 800px\" \/>\t\t\t\t\t\t\t\t\t\t\t\t\t\t\t<\/div>\n\t\t\t\t<\/div>\n\t\t\t\t<\/div>\n\t\t<div class=\"elementor-element elementor-element-eb2ae28 e-con-full e-flex e-con e-child\" data-id=\"eb2ae28\" data-element_type=\"container\">\n\t\t\t\t<div class=\"elementor-element elementor-element-4f95b28 elementor-widget elementor-widget-heading\" data-id=\"4f95b28\" data-element_type=\"widget\" data-widget_type=\"heading.default\">\n\t\t\t\t<div class=\"elementor-widget-container\">\n\t\t\t\t\t<h3 class=\"elementor-heading-title elementor-size-default\">Ferdinand Georg Waldm\u00fcller (Fedele alla natura)<\/h3>\t\t\t\t<\/div>\n\t\t\t\t<\/div>\n\t\t\t\t<div class=\"elementor-element elementor-element-1358470 elementor-widget elementor-widget-text-editor\" data-id=\"1358470\" data-element_type=\"widget\" data-widget_type=\"text-editor.default\">\n\t\t\t\t<div class=\"elementor-widget-container\">\n\t\t\t\t\t\t\t\t\t<p>Nella mostra &#8220;Ferdinand Georg Waldm\u00fcller: Fedele alla natura&#8221; al Belvedere, scoprirai <strong>l&#8217;et\u00e0 d&#8217;oro della pittura di paesaggio europea del XIX secolo<\/strong>. Potrai ammirare la maestria di Waldm\u00fcller mentre cattura il mondo naturale attraverso intimi ritratti di alberi e ampie vedute del Salzkammergut. <\/p><p>Esplorando le sue opere accanto ai capolavori di John Constable e Corot, vedrai come Waldm\u00fcller si inserisce nel pi\u00f9 ampio movimento artistico europeo. <strong>Hai tempo fino al 14 giugno 2026 per vivere questa collaborazione con la National Gallery di Londra<\/strong>.<\/p>\t\t\t\t\t\t\t\t<\/div>\n\t\t\t\t<\/div>\n\t\t\t\t<\/div>\n\t\t\t\t\t<\/div>\n\t\t\t\t<\/div>\n\t\t<div class=\"elementor-element elementor-element-e932e08 e-flex e-con-boxed e-con e-parent\" data-id=\"e932e08\" data-element_type=\"container\">\n\t\t\t\t\t<div class=\"e-con-inner\">\n\t\t\t\t<div class=\"elementor-element elementor-element-86c184e elementor-widget elementor-widget-spacer\" data-id=\"86c184e\" data-element_type=\"widget\" data-widget_type=\"spacer.default\">\n\t\t\t\t<div class=\"elementor-widget-container\">\n\t\t\t\t\t\t\t<div class=\"elementor-spacer\">\n\t\t\t<div class=\"elementor-spacer-inner\"><\/div>\n\t\t<\/div>\n\t\t\t\t\t\t<\/div>\n\t\t\t\t<\/div>\n\t\t\t\t\t<\/div>\n\t\t\t\t<\/div>\n\t\t<div class=\"elementor-element elementor-element-061a4e1 e-flex e-con-boxed e-con e-parent\" data-id=\"061a4e1\" data-element_type=\"container\">\n\t\t\t\t\t<div class=\"e-con-inner\">\n\t\t<div class=\"elementor-element elementor-element-bbe3e2e e-con-full e-flex e-con e-child\" data-id=\"bbe3e2e\" data-element_type=\"container\">\n\t\t\t\t<div class=\"elementor-element elementor-element-edb47a5 elementor-widget elementor-widget-heading\" data-id=\"edb47a5\" data-element_type=\"widget\" data-widget_type=\"heading.default\">\n\t\t\t\t<div class=\"elementor-widget-container\">\n\t\t\t\t\t<h3 class=\"elementor-heading-title elementor-size-default\">Anni Albers (Costruire tessuti)<\/h3>\t\t\t\t<\/div>\n\t\t\t\t<\/div>\n\t\t\t\t<div class=\"elementor-element elementor-element-f199c02 elementor-widget elementor-widget-text-editor\" data-id=\"f199c02\" data-element_type=\"widget\" data-widget_type=\"text-editor.default\">\n\t\t\t\t<div class=\"elementor-widget-container\">\n\t\t\t\t\t\t\t\t\t<p>Questa esposizione ti invita a <strong>ripensare i confini tra artigianato e belle arti<\/strong> attraverso gli occhi di una pioniera che ha ridefinito la griglia del telaio. Incontrerai una splendida serie di opere che dimostrano la straordinaria capacit\u00e0 della Albers di fondere antiche tecniche di tessitura con la decisa geometria del modernismo. <\/p><p>Esplorando il suo lavoro (che spazia dagli anni della formazione al Bauhaus al prolifico periodo al Black Mountain College), vedrai come ha trasformato materiali umili sia in oggetti funzionali che in potenti opere d&#8217;arte autonome. <strong>Hai tempo fino al 16 agosto 2026 per vivere questa collaborazione con lo Zentrum Paul Klee di Berna e la Josef and Anni Albers Foundation<\/strong>.<\/p>\t\t\t\t\t\t\t\t<\/div>\n\t\t\t\t<\/div>\n\t\t\t\t<\/div>\n\t\t<div class=\"elementor-element elementor-element-041180a e-con-full e-flex e-con e-child\" data-id=\"041180a\" data-element_type=\"container\">\n\t\t\t\t<div class=\"elementor-element elementor-element-6c99176 elementor-widget elementor-widget-image\" data-id=\"6c99176\" data-element_type=\"widget\" data-widget_type=\"image.default\">\n\t\t\t\t<div class=\"elementor-widget-container\">\n\t\t\t\t\t\t\t\t\t\t\t\t\t\t\t<img loading=\"lazy\" decoding=\"async\" width=\"800\" height=\"533\" src=\"https:\/\/belvederepalace.wientickets.org\/wp-content\/uploads\/2026\/04\/anni-albers-constructing-textiles-1024x682.webp\" class=\"attachment-large size-large wp-image-3201\" alt=\"Anni Albers (Costruire tessuti)\" srcset=\"https:\/\/belvederepalace.wientickets.org\/wp-content\/uploads\/2026\/04\/anni-albers-constructing-textiles-1024x682.webp 1024w, https:\/\/belvederepalace.wientickets.org\/wp-content\/uploads\/2026\/04\/anni-albers-constructing-textiles-300x200.webp 300w, https:\/\/belvederepalace.wientickets.org\/wp-content\/uploads\/2026\/04\/anni-albers-constructing-textiles-768x512.webp 768w, https:\/\/belvederepalace.wientickets.org\/wp-content\/uploads\/2026\/04\/anni-albers-constructing-textiles.webp 1280w\" sizes=\"(max-width: 800px) 100vw, 800px\" \/>\t\t\t\t\t\t\t\t\t\t\t\t\t\t\t<\/div>\n\t\t\t\t<\/div>\n\t\t\t\t<\/div>\n\t\t\t\t\t<\/div>\n\t\t\t\t<\/div>\n\t\t\t\t<section class=\"elementor-section elementor-top-section elementor-element elementor-element-d1ff77b elementor-section-boxed elementor-section-height-default elementor-section-height-default\" data-id=\"d1ff77b\" data-element_type=\"section\">\n\t\t\t\t\t\t<div class=\"elementor-container elementor-column-gap-default\">\n\t\t\t\t\t<div class=\"elementor-column elementor-col-100 elementor-top-column elementor-element elementor-element-709efda\" data-id=\"709efda\" data-element_type=\"column\">\n\t\t\t<div class=\"elementor-widget-wrap elementor-element-populated\">\n\t\t\t\t\t\t<div class=\"elementor-element elementor-element-736bb5a elementor-widget elementor-widget-heading\" data-id=\"736bb5a\" data-element_type=\"widget\" data-widget_type=\"heading.default\">\n\t\t\t\t<div class=\"elementor-widget-container\">\n\t\t\t\t\t<h2 class=\"elementor-heading-title elementor-size-default\">Cosa ne pensano gli utenti? Vale la pena visitarlo? <\/h2>\t\t\t\t<\/div>\n\t\t\t\t<\/div>\n\t\t\t\t<div class=\"elementor-element elementor-element-902aa12 elementor-widget elementor-widget-text-editor\" data-id=\"902aa12\" data-element_type=\"widget\" data-widget_type=\"text-editor.default\">\n\t\t\t\t<div class=\"elementor-widget-container\">\n\t\t\t\t\t\t\t\t\t<p>L&#8217;<b>opinione di altri viaggiatori<\/b> \u00e8 sempre utile quando si decide come trascorrere il tempo in una citt\u00e0 con cos\u00ec tanta variet\u00e0 culturale. \u00c8 vero che molti visitatori con poco tempo tendono a dare la priorit\u00e0 alla parte superiore del palazzo. Ad esempio, <a style=\"color: #7e0009;\" href=\"https:\/\/www.facebook.com\/groups\/943838713190379\/posts\/1724867435087499\/\" target=\"_blank\" rel=\"noopener\">su Facebook<\/a> si possono leggere commenti come \u201cSe dovete vederne solo uno, scegliete il Belvedere superiore\u201d o affermazioni pi\u00f9 dirette come \u201cIl superiore \u00e8 meglio!\u201d. Questa preferenza si basa solitamente sul fatto che l&#8217;edificio superiore \u00e8 pi\u00f9 grande e ospita i dipinti pi\u00f9 famosi, soddisfacendo le esigenze dei turisti alla ricerca dell&#8217;essenziale.   <\/p><p>Tuttavia, se ti limiti solo a quella visione, potresti perderti esperienze uniche. <a style=\"color: #7e0009;\" href=\"https:\/\/community.ricksteves.com\/travel-forum\/austria\/combo-museum-passes-in-vienna\" target=\"_blank\" rel=\"noopener\">Altri utenti spesso aggiungono interessanti sfumature a queste opinioni<\/a>: \u201cSono d&#8217;accordo che normalmente il Superiore \u00e8 sufficiente, ma controlla il sito web per vedere cosa c&#8217;\u00e8 all&#8217;Inferiore. Quando ci siamo andati c&#8217;era una mostra speciale su Klimt all&#8217;Inferiore che mi sarebbe dispiaciuto molto perdere, quindi sono contento di averli visti entrambi\u201d. Questa \u00e8 la chiave del Belvedere Inferiore! Essendo la sede di mostre temporanee, ospita spesso opere internazionali o approfondimenti su artisti specifici che non vedrai da nessun&#8217;altra parte.  <\/p><p>La nostra raccomandazione \u00e8 che, se ami l&#8217;arte, <b>il Belvedere Inferiore \u00e8 il complemento perfetto<\/b>. Ti permette di allontanarti dalla folla e di goderti un edificio di alto livello in sale che, di per s\u00e9, giustificano il prezzo del biglietto. A dire il vero, passeggiare per il Gabinetto d&#8217;Oro senza la fretta che si trova di fronte a &#8220;Il Bacio&#8221; \u00e8 un piacere che consiglio vivamente di provare.  <\/p>\t\t\t\t\t\t\t\t<\/div>\n\t\t\t\t<\/div>\n\t\t\t\t\t<\/div>\n\t\t<\/div>\n\t\t\t\t\t<\/div>\n\t\t<\/section>\n\t\t\t\t<section class=\"elementor-section elementor-top-section elementor-element elementor-element-3dbaefb elementor-section-boxed elementor-section-height-default elementor-section-height-default\" data-id=\"3dbaefb\" data-element_type=\"section\">\n\t\t\t\t\t\t<div class=\"elementor-container elementor-column-gap-default\">\n\t\t\t\t\t<div class=\"elementor-column elementor-col-100 elementor-top-column elementor-element elementor-element-5708de2\" data-id=\"5708de2\" data-element_type=\"column\">\n\t\t\t<div class=\"elementor-widget-wrap elementor-element-populated\">\n\t\t\t\t\t\t<div class=\"elementor-element elementor-element-3179aeb elementor-widget elementor-widget-heading\" data-id=\"3179aeb\" data-element_type=\"widget\" data-widget_type=\"heading.default\">\n\t\t\t\t<div class=\"elementor-widget-container\">\n\t\t\t\t\t<h2 class=\"elementor-heading-title elementor-size-default\">Domande frequenti sul Palazzo del Belvedere Inferiore<\/h2>\t\t\t\t<\/div>\n\t\t\t\t<\/div>\n\t\t\t\t\t<\/div>\n\t\t<\/div>\n\t\t\t\t\t<\/div>\n\t\t<\/section>\n\t\t<div class=\"elementor-element elementor-element-cbf4224 e-flex e-con-boxed e-con e-parent\" data-id=\"cbf4224\" data-element_type=\"container\">\n\t\t\t\t\t<div class=\"e-con-inner\">\n\t\t\t\t<div class=\"elementor-element elementor-element-b04fe94 elementor-widget elementor-widget-toggle\" data-id=\"b04fe94\" data-element_type=\"widget\" data-widget_type=\"toggle.default\">\n\t\t\t\t<div class=\"elementor-widget-container\">\n\t\t\t\t\t\t\t<div class=\"elementor-toggle\">\n\t\t\t\t\t\t\t<div class=\"elementor-toggle-item\">\n\t\t\t\t\t<h3 id=\"elementor-tab-title-1841\" class=\"elementor-tab-title\" data-tab=\"1\" role=\"button\" aria-controls=\"elementor-tab-content-1841\" aria-expanded=\"false\">\n\t\t\t\t\t\t\t\t\t\t\t\t<span class=\"elementor-toggle-icon elementor-toggle-icon-left\" aria-hidden=\"true\">\n\t\t\t\t\t\t\t\t\t\t\t\t\t\t\t<span class=\"elementor-toggle-icon-closed\"><svg class=\"e-font-icon-svg e-fas-caret-right\" viewBox=\"0 0 192 512\" xmlns=\"http:\/\/www.w3.org\/2000\/svg\"><path d=\"M0 384.662V127.338c0-17.818 21.543-26.741 34.142-14.142l128.662 128.662c7.81 7.81 7.81 20.474 0 28.284L34.142 398.804C21.543 411.404 0 402.48 0 384.662z\"><\/path><\/svg><\/span>\n\t\t\t\t\t\t\t\t<span class=\"elementor-toggle-icon-opened\"><svg class=\"elementor-toggle-icon-opened e-font-icon-svg e-fas-caret-up\" viewBox=\"0 0 320 512\" xmlns=\"http:\/\/www.w3.org\/2000\/svg\"><path d=\"M288.662 352H31.338c-17.818 0-26.741-21.543-14.142-34.142l128.662-128.662c7.81-7.81 20.474-7.81 28.284 0l128.662 128.662c12.6 12.599 3.676 34.142-14.142 34.142z\"><\/path><\/svg><\/span>\n\t\t\t\t\t\t\t\t\t\t\t\t\t<\/span>\n\t\t\t\t\t\t\t\t\t\t\t\t<a class=\"elementor-toggle-title\" tabindex=\"0\">Ho bisogno di un biglietto separato per il Belvedere Inferiore?<\/a>\n\t\t\t\t\t<\/h3>\n\n\t\t\t\t\t<div id=\"elementor-tab-content-1841\" class=\"elementor-tab-content elementor-clearfix\" data-tab=\"1\" role=\"region\" aria-labelledby=\"elementor-tab-title-1841\"><p><strong>S\u00ec, hai bisogno di un biglietto specifico<\/strong>. Sebbene ci siano biglietti combinati che ti permettono di visitare entrambi i palazzi, che di solito sono pi\u00f9 convenienti se hai intenzione di vedere l&#8217;intero complesso, puoi acquistare un biglietto individuale solo per il Belvedere Inferiore se sei interessato solo alle mostre temporanee che si tengono l\u00ec in quel momento. <\/p>\n<\/div>\n\t\t\t\t<\/div>\n\t\t\t\t\t\t\t<div class=\"elementor-toggle-item\">\n\t\t\t\t\t<h3 id=\"elementor-tab-title-1842\" class=\"elementor-tab-title\" data-tab=\"2\" role=\"button\" aria-controls=\"elementor-tab-content-1842\" aria-expanded=\"false\">\n\t\t\t\t\t\t\t\t\t\t\t\t<span class=\"elementor-toggle-icon elementor-toggle-icon-left\" aria-hidden=\"true\">\n\t\t\t\t\t\t\t\t\t\t\t\t\t\t\t<span class=\"elementor-toggle-icon-closed\"><svg class=\"e-font-icon-svg e-fas-caret-right\" viewBox=\"0 0 192 512\" xmlns=\"http:\/\/www.w3.org\/2000\/svg\"><path d=\"M0 384.662V127.338c0-17.818 21.543-26.741 34.142-14.142l128.662 128.662c7.81 7.81 7.81 20.474 0 28.284L34.142 398.804C21.543 411.404 0 402.48 0 384.662z\"><\/path><\/svg><\/span>\n\t\t\t\t\t\t\t\t<span class=\"elementor-toggle-icon-opened\"><svg class=\"elementor-toggle-icon-opened e-font-icon-svg e-fas-caret-up\" viewBox=\"0 0 320 512\" xmlns=\"http:\/\/www.w3.org\/2000\/svg\"><path d=\"M288.662 352H31.338c-17.818 0-26.741-21.543-14.142-34.142l128.662-128.662c7.81-7.81 20.474-7.81 28.284 0l128.662 128.662c12.6 12.599 3.676 34.142-14.142 34.142z\"><\/path><\/svg><\/span>\n\t\t\t\t\t\t\t\t\t\t\t\t\t<\/span>\n\t\t\t\t\t\t\t\t\t\t\t\t<a class=\"elementor-toggle-title\" tabindex=\"0\">Quanto tempo ci vuole per visitare il Belvedere Inferiore?<\/a>\n\t\t\t\t\t<\/h3>\n\n\t\t\t\t\t<div id=\"elementor-tab-content-1842\" class=\"elementor-tab-content elementor-clearfix\" data-tab=\"2\" role=\"region\" aria-labelledby=\"elementor-tab-title-1842\"><p>Per godertelo senza fretta, il mio consiglio \u00e8 di dedicare almeno <strong>un&#8217;ora e mezza<\/strong>. Questo ti dar\u00e0 abbastanza tempo per visitare le sale storiche, come la Sala di Marmo, e prenderti il tuo tempo con la mostra temporanea in corso. <\/p>\n<\/div>\n\t\t\t\t<\/div>\n\t\t\t\t\t\t\t<div class=\"elementor-toggle-item\">\n\t\t\t\t\t<h3 id=\"elementor-tab-title-1843\" class=\"elementor-tab-title\" data-tab=\"3\" role=\"button\" aria-controls=\"elementor-tab-content-1843\" aria-expanded=\"false\">\n\t\t\t\t\t\t\t\t\t\t\t\t<span class=\"elementor-toggle-icon elementor-toggle-icon-left\" aria-hidden=\"true\">\n\t\t\t\t\t\t\t\t\t\t\t\t\t\t\t<span class=\"elementor-toggle-icon-closed\"><svg class=\"e-font-icon-svg e-fas-caret-right\" viewBox=\"0 0 192 512\" xmlns=\"http:\/\/www.w3.org\/2000\/svg\"><path d=\"M0 384.662V127.338c0-17.818 21.543-26.741 34.142-14.142l128.662 128.662c7.81 7.81 7.81 20.474 0 28.284L34.142 398.804C21.543 411.404 0 402.48 0 384.662z\"><\/path><\/svg><\/span>\n\t\t\t\t\t\t\t\t<span class=\"elementor-toggle-icon-opened\"><svg class=\"elementor-toggle-icon-opened e-font-icon-svg e-fas-caret-up\" viewBox=\"0 0 320 512\" xmlns=\"http:\/\/www.w3.org\/2000\/svg\"><path d=\"M288.662 352H31.338c-17.818 0-26.741-21.543-14.142-34.142l128.662-128.662c7.81-7.81 20.474-7.81 28.284 0l128.662 128.662c12.6 12.599 3.676 34.142-14.142 34.142z\"><\/path><\/svg><\/span>\n\t\t\t\t\t\t\t\t\t\t\t\t\t<\/span>\n\t\t\t\t\t\t\t\t\t\t\t\t<a class=\"elementor-toggle-title\" tabindex=\"0\">\"Il Bacio\" di Gustav Klimt si trova nel Belvedere Superiore o Inferiore?<\/a>\n\t\t\t\t\t<\/h3>\n\n\t\t\t\t\t<div id=\"elementor-tab-content-1843\" class=\"elementor-tab-content elementor-clearfix\" data-tab=\"3\" role=\"region\" aria-labelledby=\"elementor-tab-title-1843\"><p><strong>&#8220;Il Bacio&#8221; di Gustav Klimt si trova permanentemente nel Belvedere Superiore<\/strong>. Mentre il Belvedere Inferiore ospita spesso mostre temporanee molto interessanti su Klimt o sui suoi contemporanei, l&#8217;opera pi\u00f9 famosa dell&#8217;artista \u00e8 sempre esposta nell&#8217;edificio in cima alla collina. <\/p>\n<\/div>\n\t\t\t\t<\/div>\n\t\t\t\t\t\t\t<div class=\"elementor-toggle-item\">\n\t\t\t\t\t<h3 id=\"elementor-tab-title-1844\" class=\"elementor-tab-title\" data-tab=\"4\" role=\"button\" aria-controls=\"elementor-tab-content-1844\" aria-expanded=\"false\">\n\t\t\t\t\t\t\t\t\t\t\t\t<span class=\"elementor-toggle-icon elementor-toggle-icon-left\" aria-hidden=\"true\">\n\t\t\t\t\t\t\t\t\t\t\t\t\t\t\t<span class=\"elementor-toggle-icon-closed\"><svg class=\"e-font-icon-svg e-fas-caret-right\" viewBox=\"0 0 192 512\" xmlns=\"http:\/\/www.w3.org\/2000\/svg\"><path d=\"M0 384.662V127.338c0-17.818 21.543-26.741 34.142-14.142l128.662 128.662c7.81 7.81 7.81 20.474 0 28.284L34.142 398.804C21.543 411.404 0 402.48 0 384.662z\"><\/path><\/svg><\/span>\n\t\t\t\t\t\t\t\t<span class=\"elementor-toggle-icon-opened\"><svg class=\"elementor-toggle-icon-opened e-font-icon-svg e-fas-caret-up\" viewBox=\"0 0 320 512\" xmlns=\"http:\/\/www.w3.org\/2000\/svg\"><path d=\"M288.662 352H31.338c-17.818 0-26.741-21.543-14.142-34.142l128.662-128.662c7.81-7.81 20.474-7.81 28.284 0l128.662 128.662c12.6 12.599 3.676 34.142-14.142 34.142z\"><\/path><\/svg><\/span>\n\t\t\t\t\t\t\t\t\t\t\t\t\t<\/span>\n\t\t\t\t\t\t\t\t\t\t\t\t<a class=\"elementor-toggle-title\" tabindex=\"0\">Qualcuno vive nel Belvedere Inferiore?<\/a>\n\t\t\t\t\t<\/h3>\n\n\t\t\t\t\t<div id=\"elementor-tab-content-1844\" class=\"elementor-tab-content elementor-clearfix\" data-tab=\"4\" role=\"region\" aria-labelledby=\"elementor-tab-title-1844\"><p><strong>No, oggi nessuno vi risiede<\/strong>. Sebbene fosse originariamente la casa del Principe Eugenio di Savoia e successivamente utilizzato dai membri della famiglia imperiale degli Asburgo, oggi l&#8217;intero edificio funziona esclusivamente come museo pubblico e spazio ufficio per l&#8217;amministrazione della galleria. <\/p>\n<\/div>\n\t\t\t\t<\/div>\n\t\t\t\t\t\t\t<div class=\"elementor-toggle-item\">\n\t\t\t\t\t<h3 id=\"elementor-tab-title-1845\" class=\"elementor-tab-title\" data-tab=\"5\" role=\"button\" aria-controls=\"elementor-tab-content-1845\" aria-expanded=\"false\">\n\t\t\t\t\t\t\t\t\t\t\t\t<span class=\"elementor-toggle-icon elementor-toggle-icon-left\" aria-hidden=\"true\">\n\t\t\t\t\t\t\t\t\t\t\t\t\t\t\t<span class=\"elementor-toggle-icon-closed\"><svg class=\"e-font-icon-svg e-fas-caret-right\" viewBox=\"0 0 192 512\" xmlns=\"http:\/\/www.w3.org\/2000\/svg\"><path d=\"M0 384.662V127.338c0-17.818 21.543-26.741 34.142-14.142l128.662 128.662c7.81 7.81 7.81 20.474 0 28.284L34.142 398.804C21.543 411.404 0 402.48 0 384.662z\"><\/path><\/svg><\/span>\n\t\t\t\t\t\t\t\t<span class=\"elementor-toggle-icon-opened\"><svg class=\"elementor-toggle-icon-opened e-font-icon-svg e-fas-caret-up\" viewBox=\"0 0 320 512\" xmlns=\"http:\/\/www.w3.org\/2000\/svg\"><path d=\"M288.662 352H31.338c-17.818 0-26.741-21.543-14.142-34.142l128.662-128.662c7.81-7.81 20.474-7.81 28.284 0l128.662 128.662c12.6 12.599 3.676 34.142-14.142 34.142z\"><\/path><\/svg><\/span>\n\t\t\t\t\t\t\t\t\t\t\t\t\t<\/span>\n\t\t\t\t\t\t\t\t\t\t\t\t<a class=\"elementor-toggle-title\" tabindex=\"0\">C'\u00e8 un codice di abbigliamento per entrare nel Belvedere Inferiore?<\/a>\n\t\t\t\t\t<\/h3>\n\n\t\t\t\t\t<div id=\"elementor-tab-content-1845\" class=\"elementor-tab-content elementor-clearfix\" data-tab=\"5\" role=\"region\" aria-labelledby=\"elementor-tab-title-1845\"><p>Non c&#8217;\u00e8 un codice di abbigliamento formale, quindi <strong>puoi indossare abiti comodi per camminare<\/strong>. L&#8217;unica cosa da tenere a mente \u00e8 che <span style=\"text-decoration: underline;\">grandi zaini o ombrelli non sono ammessi all&#8217;interno<\/span>, ma il palazzo ha un servizio di guardaroba gratuito dove puoi lasciare i tuoi effetti personali in sicurezza. <\/p>\n<\/div>\n\t\t\t\t<\/div>\n\t\t\t\t\t\t\t<div class=\"elementor-toggle-item\">\n\t\t\t\t\t<h3 id=\"elementor-tab-title-1846\" class=\"elementor-tab-title\" data-tab=\"6\" role=\"button\" aria-controls=\"elementor-tab-content-1846\" aria-expanded=\"false\">\n\t\t\t\t\t\t\t\t\t\t\t\t<span class=\"elementor-toggle-icon elementor-toggle-icon-left\" aria-hidden=\"true\">\n\t\t\t\t\t\t\t\t\t\t\t\t\t\t\t<span class=\"elementor-toggle-icon-closed\"><svg class=\"e-font-icon-svg e-fas-caret-right\" viewBox=\"0 0 192 512\" xmlns=\"http:\/\/www.w3.org\/2000\/svg\"><path d=\"M0 384.662V127.338c0-17.818 21.543-26.741 34.142-14.142l128.662 128.662c7.81 7.81 7.81 20.474 0 28.284L34.142 398.804C21.543 411.404 0 402.48 0 384.662z\"><\/path><\/svg><\/span>\n\t\t\t\t\t\t\t\t<span class=\"elementor-toggle-icon-opened\"><svg class=\"elementor-toggle-icon-opened e-font-icon-svg e-fas-caret-up\" viewBox=\"0 0 320 512\" xmlns=\"http:\/\/www.w3.org\/2000\/svg\"><path d=\"M288.662 352H31.338c-17.818 0-26.741-21.543-14.142-34.142l128.662-128.662c7.81-7.81 20.474-7.81 28.284 0l128.662 128.662c12.6 12.599 3.676 34.142-14.142 34.142z\"><\/path><\/svg><\/span>\n\t\t\t\t\t\t\t\t\t\t\t\t\t<\/span>\n\t\t\t\t\t\t\t\t\t\t\t\t<a class=\"elementor-toggle-title\" tabindex=\"0\">Come arrivo dal Belvedere Superiore al Belvedere Inferiore?<\/a>\n\t\t\t\t\t<\/h3>\n\n\t\t\t\t\t<div id=\"elementor-tab-content-1846\" class=\"elementor-tab-content elementor-clearfix\" data-tab=\"6\" role=\"region\" aria-labelledby=\"elementor-tab-title-1846\"><p>Arrivare \u00e8 molto facile! <strong>Devi solo attraversare i giardini imperiali che collegano entrambi gli edifici<\/strong>. \u00c8 una piacevole passeggiata di 10-15 minuti. Se ti senti un po&#8217; perso, puoi <a href=\"https:\/\/belvederepalace.wientickets.org\/it\/mappa-del-palazzo-belvedere\/\" style=\"color:#7E0009;\">consultare questa mappa del Palazzo del Belvedere<\/a> per orientarti tra i diversi ingressi ed edifici.  <\/p>\n<\/div>\n\t\t\t\t<\/div>\n\t\t\t\t\t\t\t<div class=\"elementor-toggle-item\">\n\t\t\t\t\t<h3 id=\"elementor-tab-title-1847\" class=\"elementor-tab-title\" data-tab=\"7\" role=\"button\" aria-controls=\"elementor-tab-content-1847\" aria-expanded=\"false\">\n\t\t\t\t\t\t\t\t\t\t\t\t<span class=\"elementor-toggle-icon elementor-toggle-icon-left\" aria-hidden=\"true\">\n\t\t\t\t\t\t\t\t\t\t\t\t\t\t\t<span class=\"elementor-toggle-icon-closed\"><svg class=\"e-font-icon-svg e-fas-caret-right\" viewBox=\"0 0 192 512\" xmlns=\"http:\/\/www.w3.org\/2000\/svg\"><path d=\"M0 384.662V127.338c0-17.818 21.543-26.741 34.142-14.142l128.662 128.662c7.81 7.81 7.81 20.474 0 28.284L34.142 398.804C21.543 411.404 0 402.48 0 384.662z\"><\/path><\/svg><\/span>\n\t\t\t\t\t\t\t\t<span class=\"elementor-toggle-icon-opened\"><svg class=\"elementor-toggle-icon-opened e-font-icon-svg e-fas-caret-up\" viewBox=\"0 0 320 512\" xmlns=\"http:\/\/www.w3.org\/2000\/svg\"><path d=\"M288.662 352H31.338c-17.818 0-26.741-21.543-14.142-34.142l128.662-128.662c7.81-7.81 20.474-7.81 28.284 0l128.662 128.662c12.6 12.599 3.676 34.142-14.142 34.142z\"><\/path><\/svg><\/span>\n\t\t\t\t\t\t\t\t\t\t\t\t\t<\/span>\n\t\t\t\t\t\t\t\t\t\t\t\t<a class=\"elementor-toggle-title\" tabindex=\"0\">\u00c8 accessibile alle persone con mobilit\u00e0 ridotta?<\/a>\n\t\t\t\t\t<\/h3>\n\n\t\t\t\t\t<div id=\"elementor-tab-content-1847\" class=\"elementor-tab-content elementor-clearfix\" data-tab=\"7\" role=\"region\" aria-labelledby=\"elementor-tab-title-1847\"><p><strong>S\u00ec, il palazzo \u00e8 completamente adattato<\/strong>. Pur essendo un edificio storico, dispone di rampe e ascensori che consentono l&#8217;accesso a tutte le sale espositive. Inoltre, il personale del museo \u00e8 solitamente molto disponibile e ti assister\u00e0 nella ricerca dei percorsi pi\u00f9 comodi attraverso le gallerie.  <\/p>\n<\/div>\n\t\t\t\t<\/div>\n\t\t\t\t\t\t\t<div class=\"elementor-toggle-item\">\n\t\t\t\t\t<h3 id=\"elementor-tab-title-1848\" class=\"elementor-tab-title\" data-tab=\"8\" role=\"button\" aria-controls=\"elementor-tab-content-1848\" aria-expanded=\"false\">\n\t\t\t\t\t\t\t\t\t\t\t\t<span class=\"elementor-toggle-icon elementor-toggle-icon-left\" aria-hidden=\"true\">\n\t\t\t\t\t\t\t\t\t\t\t\t\t\t\t<span class=\"elementor-toggle-icon-closed\"><svg class=\"e-font-icon-svg e-fas-caret-right\" viewBox=\"0 0 192 512\" xmlns=\"http:\/\/www.w3.org\/2000\/svg\"><path d=\"M0 384.662V127.338c0-17.818 21.543-26.741 34.142-14.142l128.662 128.662c7.81 7.81 7.81 20.474 0 28.284L34.142 398.804C21.543 411.404 0 402.48 0 384.662z\"><\/path><\/svg><\/span>\n\t\t\t\t\t\t\t\t<span class=\"elementor-toggle-icon-opened\"><svg class=\"elementor-toggle-icon-opened e-font-icon-svg e-fas-caret-up\" viewBox=\"0 0 320 512\" xmlns=\"http:\/\/www.w3.org\/2000\/svg\"><path d=\"M288.662 352H31.338c-17.818 0-26.741-21.543-14.142-34.142l128.662-128.662c7.81-7.81 20.474-7.81 28.284 0l128.662 128.662c12.6 12.599 3.676 34.142-14.142 34.142z\"><\/path><\/svg><\/span>\n\t\t\t\t\t\t\t\t\t\t\t\t\t<\/span>\n\t\t\t\t\t\t\t\t\t\t\t\t<a class=\"elementor-toggle-title\" tabindex=\"0\">Posso visitare i giardini senza pagare il biglietto del Belvedere Inferiore?<\/a>\n\t\t\t\t\t<\/h3>\n\n\t\t\t\t\t<div id=\"elementor-tab-content-1848\" class=\"elementor-tab-content elementor-clearfix\" data-tab=\"8\" role=\"region\" aria-labelledby=\"elementor-tab-title-1848\"><p><strong>Certo!<\/strong>  I giardini barocchi che collegano i due palazzi sono accessibili gratuitamente a tutti durante gli orari di apertura. \u00c8 un posto fantastico per passeggiare, godersi le fontane e scattare foto delle facciate senza bisogno di acquistare un biglietto, anche se l&#8217;esperienza completa include sicuramente l&#8217;interno. <\/p>\n<\/div>\n\t\t\t\t<\/div>\n\t\t\t\t\t\t\t\t<\/div>\n\t\t\t\t\t\t<\/div>\n\t\t\t\t<\/div>\n\t\t\t\t\t<\/div>\n\t\t\t\t<\/div>\n\t\t\t\t<section class=\"elementor-section elementor-top-section elementor-element elementor-element-daf17e4 elementor-section-boxed elementor-section-height-default elementor-section-height-default\" data-id=\"daf17e4\" data-element_type=\"section\">\n\t\t\t\t\t\t<div class=\"elementor-container elementor-column-gap-default\">\n\t\t\t\t\t<div class=\"elementor-column elementor-col-100 elementor-top-column elementor-element elementor-element-e42cf06\" data-id=\"e42cf06\" data-element_type=\"column\">\n\t\t\t<div class=\"elementor-widget-wrap elementor-element-populated\">\n\t\t\t\t\t\t<div class=\"elementor-element elementor-element-1c9fb84 elementor-widget elementor-widget-heading\" data-id=\"1c9fb84\" data-element_type=\"widget\" data-widget_type=\"heading.default\">\n\t\t\t\t<div class=\"elementor-widget-container\">\n\t\t\t\t\t<h2 class=\"elementor-heading-title elementor-size-default\">Pianifica la tua visita<\/h2>\t\t\t\t<\/div>\n\t\t\t\t<\/div>\n\t\t\t\t\t<\/div>\n\t\t<\/div>\n\t\t\t\t\t<\/div>\n\t\t<\/section>\n\t\t\t\t<section class=\"elementor-section elementor-top-section elementor-element elementor-element-f8acc3d elementor-section-boxed elementor-section-height-default elementor-section-height-default\" data-id=\"f8acc3d\" data-element_type=\"section\">\n\t\t\t\t\t\t<div class=\"elementor-container elementor-column-gap-default\">\n\t\t\t\t\t<div class=\"elementor-column elementor-col-50 elementor-top-column elementor-element elementor-element-884fa95\" data-id=\"884fa95\" data-element_type=\"column\">\n\t\t\t<div class=\"elementor-widget-wrap elementor-element-populated\">\n\t\t\t\t\t\t<div class=\"elementor-element elementor-element-5f788a5 elementor-widget elementor-widget-image\" data-id=\"5f788a5\" data-element_type=\"widget\" data-widget_type=\"image.default\">\n\t\t\t\t<div class=\"elementor-widget-container\">\n\t\t\t\t\t\t\t\t\t\t\t\t\t\t\t<img loading=\"lazy\" decoding=\"async\" width=\"800\" height=\"403\" src=\"https:\/\/belvederepalace.wientickets.org\/wp-content\/uploads\/2024\/08\/belvedere-palace-architecture-1024x516.webp\" class=\"attachment-large size-large wp-image-502\" alt=\"\" srcset=\"https:\/\/belvederepalace.wientickets.org\/wp-content\/uploads\/2024\/08\/belvedere-palace-architecture-1024x516.webp 1024w, https:\/\/belvederepalace.wientickets.org\/wp-content\/uploads\/2024\/08\/belvedere-palace-architecture-300x151.webp 300w, https:\/\/belvederepalace.wientickets.org\/wp-content\/uploads\/2024\/08\/belvedere-palace-architecture-768x387.webp 768w, https:\/\/belvederepalace.wientickets.org\/wp-content\/uploads\/2024\/08\/belvedere-palace-architecture.webp 1100w\" sizes=\"(max-width: 800px) 100vw, 800px\" \/>\t\t\t\t\t\t\t\t\t\t\t\t\t\t\t<\/div>\n\t\t\t\t<\/div>\n\t\t\t\t<div class=\"elementor-element elementor-element-5afd131 elementor-widget elementor-widget-heading\" data-id=\"5afd131\" data-element_type=\"widget\" data-widget_type=\"heading.default\">\n\t\t\t\t<div class=\"elementor-widget-container\">\n\t\t\t\t\t<h3 class=\"elementor-heading-title elementor-size-default\"><a href=\"https:\/\/belvederepalace.wientickets.org\/it\/orari-del-palazzo-belvedere\/\">Orari di apertura del Palazzo Belvedere<\/a><\/h3>\t\t\t\t<\/div>\n\t\t\t\t<\/div>\n\t\t\t\t<div class=\"elementor-element elementor-element-6ad95ed elementor-widget elementor-widget-text-editor\" data-id=\"6ad95ed\" data-element_type=\"widget\" data-widget_type=\"text-editor.default\">\n\t\t\t\t<div class=\"elementor-widget-container\">\n\t\t\t\t\t\t\t\t\tIl Palazzo del Belvedere ha orari di apertura variabili a seconda della stagione e della parte specifica del complesso che desideri visitare. In genere il Belvedere Superiore \u00e8 aperto dalle 10:00 alle 18:00, con orari prolungati il venerd\u00ec fino alle 21:00. Il Belvedere Inferiore e l&#8217;Orangerie seguono solitamente orari simili, ma \u00e8 consigliabile&#8230; <a href=\"https:\/\/belvederepalace.wientickets.org\/it\/orari-del-palazzo-belvedere\/\" style=\"color:#7E0009;\">Per saperne di pi\u00f9<\/a>  \n\t\t\t\t\t\t\t\t<\/div>\n\t\t\t\t<\/div>\n\t\t\t\t\t<\/div>\n\t\t<\/div>\n\t\t\t\t<div class=\"elementor-column elementor-col-50 elementor-top-column elementor-element elementor-element-e647d3a\" data-id=\"e647d3a\" data-element_type=\"column\">\n\t\t\t<div class=\"elementor-widget-wrap elementor-element-populated\">\n\t\t\t\t\t\t<div class=\"elementor-element elementor-element-32c6b37 elementor-widget elementor-widget-image\" data-id=\"32c6b37\" data-element_type=\"widget\" data-widget_type=\"image.default\">\n\t\t\t\t<div class=\"elementor-widget-container\">\n\t\t\t\t\t\t\t\t\t\t\t\t\t\t\t<img loading=\"lazy\" decoding=\"async\" width=\"800\" height=\"799\" src=\"https:\/\/belvederepalace.wientickets.org\/wp-content\/uploads\/2025\/11\/belvedere-map-entrances.jpg\" class=\"attachment-large size-large wp-image-655\" alt=\"Mappa del Belvedere con ingressi\" srcset=\"https:\/\/belvederepalace.wientickets.org\/wp-content\/uploads\/2025\/11\/belvedere-map-entrances.jpg 800w, https:\/\/belvederepalace.wientickets.org\/wp-content\/uploads\/2025\/11\/belvedere-map-entrances-300x300.jpg 300w, https:\/\/belvederepalace.wientickets.org\/wp-content\/uploads\/2025\/11\/belvedere-map-entrances-150x150.jpg 150w, https:\/\/belvederepalace.wientickets.org\/wp-content\/uploads\/2025\/11\/belvedere-map-entrances-768x767.jpg 768w\" sizes=\"(max-width: 800px) 100vw, 800px\" \/>\t\t\t\t\t\t\t\t\t\t\t\t\t\t\t<\/div>\n\t\t\t\t<\/div>\n\t\t\t\t<div class=\"elementor-element elementor-element-29ae05f elementor-widget elementor-widget-heading\" data-id=\"29ae05f\" data-element_type=\"widget\" data-widget_type=\"heading.default\">\n\t\t\t\t<div class=\"elementor-widget-container\">\n\t\t\t\t\t<h3 class=\"elementor-heading-title elementor-size-default\"><a href=\"https:\/\/belvederepalace.wientickets.org\/it\/mappa-del-palazzo-belvedere\/\">Mappa del Palazzo Belvedere<\/a><\/h3>\t\t\t\t<\/div>\n\t\t\t\t<\/div>\n\t\t\t\t<div class=\"elementor-element elementor-element-4cacc2a elementor-widget elementor-widget-text-editor\" data-id=\"4cacc2a\" data-element_type=\"widget\" data-widget_type=\"text-editor.default\">\n\t\t\t\t<div class=\"elementor-widget-container\">\n\t\t\t\t\t\t\t\t\tAll&#8217;ingresso e online \u00e8 disponibile una mappa dettagliata del Palazzo del Belvedere, che aiuta i visitatori a orientarsi tra gli ampi spazi e a localizzare i punti di interesse. La mappa evidenzia le aree principali del complesso, tra cui il Belvedere Superiore e Inferiore, l&#8217;Orangerie, le Scuderie del Palazzo e i giardini di collegamento. La segnaletica&#8230; <a href=\"https:\/\/belvederepalace.wientickets.org\/it\/mappa-del-palazzo-belvedere\/\" style=\"color:#7E0009;\">Per saperne di pi\u00f9<\/a>  \n\t\t\t\t\t\t\t\t<\/div>\n\t\t\t\t<\/div>\n\t\t\t\t\t<\/div>\n\t\t<\/div>\n\t\t\t\t\t<\/div>\n\t\t<\/section>\n\t\t\t\t<section class=\"elementor-section elementor-top-section elementor-element elementor-element-4744fc5 elementor-section-boxed elementor-section-height-default elementor-section-height-default\" data-id=\"4744fc5\" data-element_type=\"section\">\n\t\t\t\t\t\t<div class=\"elementor-container elementor-column-gap-default\">\n\t\t\t\t\t<div class=\"elementor-column elementor-col-50 elementor-top-column elementor-element elementor-element-4e7e05f\" data-id=\"4e7e05f\" data-element_type=\"column\">\n\t\t\t<div class=\"elementor-widget-wrap elementor-element-populated\">\n\t\t\t\t\t\t<div class=\"elementor-element elementor-element-1d8dca9 elementor-widget elementor-widget-image\" data-id=\"1d8dca9\" data-element_type=\"widget\" data-widget_type=\"image.default\">\n\t\t\t\t<div class=\"elementor-widget-container\">\n\t\t\t\t\t\t\t\t\t\t\t\t\t\t\t<img loading=\"lazy\" decoding=\"async\" width=\"600\" height=\"400\" src=\"https:\/\/belvederepalace.wientickets.org\/wp-content\/uploads\/2024\/08\/location-of-belvedere-palace.webp\" class=\"attachment-large size-large wp-image-446\" alt=\"\" srcset=\"https:\/\/belvederepalace.wientickets.org\/wp-content\/uploads\/2024\/08\/location-of-belvedere-palace.webp 600w, https:\/\/belvederepalace.wientickets.org\/wp-content\/uploads\/2024\/08\/location-of-belvedere-palace-300x200.webp 300w\" sizes=\"(max-width: 600px) 100vw, 600px\" \/>\t\t\t\t\t\t\t\t\t\t\t\t\t\t\t<\/div>\n\t\t\t\t<\/div>\n\t\t\t\t<div class=\"elementor-element elementor-element-6816be7 elementor-widget elementor-widget-heading\" data-id=\"6816be7\" data-element_type=\"widget\" data-widget_type=\"heading.default\">\n\t\t\t\t<div class=\"elementor-widget-container\">\n\t\t\t\t\t<h3 class=\"elementor-heading-title elementor-size-default\"><a href=\"https:\/\/belvederepalace.wientickets.org\/it\/posizione-del-palazzo-belvedere\/\">Come arrivare al Belvedere<\/a><\/h3>\t\t\t\t<\/div>\n\t\t\t\t<\/div>\n\t\t\t\t<div class=\"elementor-element elementor-element-65dd5e2 elementor-widget elementor-widget-text-editor\" data-id=\"65dd5e2\" data-element_type=\"widget\" data-widget_type=\"text-editor.default\">\n\t\t\t\t<div class=\"elementor-widget-container\">\n\t\t\t\t\t\t\t\t\tIl Palazzo Belvedere \u00e8 situato nel terzo distretto di Vienna, in Prinz Eugen-Stra\u00dfe 27. Il palazzo \u00e8 facilmente raggiungibile. Il Palazzo Belvedere offre strutture per accogliere i visitatori disabili, tra cui rampe e ascensori. Si consiglia di contattare il palazzo in anticipo per concordare l&#8217;assistenza specifica necessaria&#8230;<a href=\"https:\/\/belvederepalace.wientickets.org\/it\/posizione-del-palazzo-belvedere\/\" style=\"color:#7E0009;\"> vedi di pi\u00f9<\/a>   \n\t\t\t\t\t\t\t\t<\/div>\n\t\t\t\t<\/div>\n\t\t\t\t\t<\/div>\n\t\t<\/div>\n\t\t\t\t<div class=\"elementor-column elementor-col-50 elementor-top-column elementor-element elementor-element-b8892f6\" data-id=\"b8892f6\" data-element_type=\"column\">\n\t\t\t<div class=\"elementor-widget-wrap elementor-element-populated\">\n\t\t\t\t\t\t<div class=\"elementor-element elementor-element-e6b9507 elementor-widget elementor-widget-image\" data-id=\"e6b9507\" data-element_type=\"widget\" data-widget_type=\"image.default\">\n\t\t\t\t<div class=\"elementor-widget-container\">\n\t\t\t\t\t\t\t\t\t\t\t\t\t\t\t<img loading=\"lazy\" decoding=\"async\" width=\"600\" height=\"400\" src=\"https:\/\/belvederepalace.wientickets.org\/wp-content\/uploads\/2024\/08\/faqs-about-belvedere-palace.webp\" class=\"attachment-large size-large wp-image-447\" alt=\"\" srcset=\"https:\/\/belvederepalace.wientickets.org\/wp-content\/uploads\/2024\/08\/faqs-about-belvedere-palace.webp 600w, https:\/\/belvederepalace.wientickets.org\/wp-content\/uploads\/2024\/08\/faqs-about-belvedere-palace-300x200.webp 300w\" sizes=\"(max-width: 600px) 100vw, 600px\" \/>\t\t\t\t\t\t\t\t\t\t\t\t\t\t\t<\/div>\n\t\t\t\t<\/div>\n\t\t\t\t<div class=\"elementor-element elementor-element-e055737 elementor-widget elementor-widget-heading\" data-id=\"e055737\" data-element_type=\"widget\" data-widget_type=\"heading.default\">\n\t\t\t\t<div class=\"elementor-widget-container\">\n\t\t\t\t\t<h3 class=\"elementor-heading-title elementor-size-default\"><a href=\"https:\/\/belvederepalace.wientickets.org\/it\/domande-frequenti-su-biglietti-e-tour-del-palazzo-del-belvedere\/\">Domande frequenti sul Palazzo Belvedere<\/a><\/h3>\t\t\t\t<\/div>\n\t\t\t\t<\/div>\n\t\t\t\t<div class=\"elementor-element elementor-element-cde8739 elementor-widget elementor-widget-text-editor\" data-id=\"cde8739\" data-element_type=\"widget\" data-widget_type=\"text-editor.default\">\n\t\t\t\t<div class=\"elementor-widget-container\">\n\t\t\t\t\t\t\t\t\tPartecipare a un tour del Palazzo Belvedere \u00e8 uno dei modi migliori per apprezzare appieno l&#8217;arte e la storia custodite in questo luogo iconico. I tour sono disponibili in diverse lingue e rispondono a diversi interessi, sia che tu sia un amante dell&#8217;arte o un appassionato di storia. Per rendere la tua visita semplice e senza problemi, ti illustreremo alcuni dei&#8230; <a href=\"https:\/\/belvederepalace.wientickets.org\/it\/domande-frequenti-su-biglietti-e-tour-del-palazzo-del-belvedere\/\" style=\"color:#7E0009;\">Per saperne di pi\u00f9<\/a>  \n\t\t\t\t\t\t\t\t<\/div>\n\t\t\t\t<\/div>\n\t\t\t\t\t<\/div>\n\t\t<\/div>\n\t\t\t\t\t<\/div>\n\t\t<\/section>\n\t\t\t\t<\/div>\n\t\t","protected":false},"excerpt":{"rendered":"<p>Palazzo del Belvedere Inferiore Ecco tutto ci\u00f2 che devi sapere per visitare il Palazzo del Belvedere Inferiore, uno dei complessi barocchi pi\u00f9 straordinari di Vienna. Scopri le sue sale storiche e le attuali mostre temporanee. Prenota i biglietti Assistenza quando ne hai bisogno Un&#8217;assistenza clienti che ti aiuter\u00e0 per tutto ci\u00f2 di cui hai bisogno [&hellip;]<\/p>\n","protected":false},"author":2,"featured_media":700,"parent":0,"menu_order":0,"comment_status":"closed","ping_status":"closed","template":"elementor_header_footer","meta":{"footnotes":""},"class_list":["post-1275","page","type-page","status-publish","has-post-thumbnail","hentry"],"yoast_head":"<!-- This site is optimized with the Yoast SEO plugin v26.7 - https:\/\/yoast.com\/wordpress\/plugins\/seo\/ -->\n<title>Palazzo del Belvedere Inferiore | Vale la pena visitarlo?<\/title>\n<meta name=\"description\" content=\"Scopri una guida completa al Palazzo del Belvedere Inferiore a Vienna \u2705 Esploriamo la sua architettura, la sua storia e se vale davvero la pena visitarlo.\" \/>\n<meta name=\"robots\" content=\"index, follow, max-snippet:-1, max-image-preview:large, max-video-preview:-1\" \/>\n<link rel=\"canonical\" href=\"https:\/\/belvederepalace.wientickets.org\/it\/palazzo-del-belvedere-inferiore\/\" \/>\n<meta property=\"og:locale\" content=\"it_IT\" \/>\n<meta property=\"og:type\" content=\"article\" \/>\n<meta property=\"og:title\" content=\"Palazzo del Belvedere Inferiore | Vale la pena visitarlo?\" \/>\n<meta property=\"og:description\" content=\"Scopri una guida completa al Palazzo del Belvedere Inferiore a Vienna \u2705 Esploriamo la sua architettura, la sua storia e se vale davvero la pena visitarlo.\" \/>\n<meta property=\"og:url\" content=\"https:\/\/belvederepalace.wientickets.org\/it\/palazzo-del-belvedere-inferiore\/\" \/>\n<meta property=\"og:site_name\" content=\"Belvedere Palace Tickets\" \/>\n<meta property=\"article:modified_time\" content=\"2026-04-30T07:16:13+00:00\" \/>\n<meta property=\"og:image\" content=\"https:\/\/belvederepalace.wientickets.org\/wp-content\/uploads\/2025\/11\/lower-belvedere-1.webp\" \/>\n\t<meta property=\"og:image:width\" content=\"1200\" \/>\n\t<meta property=\"og:image:height\" content=\"800\" \/>\n\t<meta property=\"og:image:type\" content=\"image\/webp\" \/>\n<meta name=\"twitter:card\" content=\"summary_large_image\" \/>\n<meta name=\"twitter:label1\" content=\"Tempo di lettura stimato\" \/>\n\t<meta name=\"twitter:data1\" content=\"10 minuti\" \/>\n<script type=\"application\/ld+json\" class=\"yoast-schema-graph\">{\"@context\":\"https:\/\/schema.org\",\"@graph\":[{\"@type\":\"WebPage\",\"@id\":\"https:\/\/belvederepalace.wientickets.org\/it\/palazzo-del-belvedere-inferiore\/\",\"url\":\"https:\/\/belvederepalace.wientickets.org\/it\/palazzo-del-belvedere-inferiore\/\",\"name\":\"Palazzo del Belvedere Inferiore | Vale la pena visitarlo?\",\"isPartOf\":{\"@id\":\"https:\/\/belvederepalace.wientickets.org\/it\/#website\"},\"primaryImageOfPage\":{\"@id\":\"https:\/\/belvederepalace.wientickets.org\/it\/palazzo-del-belvedere-inferiore\/#primaryimage\"},\"image\":{\"@id\":\"https:\/\/belvederepalace.wientickets.org\/it\/palazzo-del-belvedere-inferiore\/#primaryimage\"},\"thumbnailUrl\":\"https:\/\/belvederepalace.wientickets.org\/wp-content\/uploads\/2025\/11\/lower-belvedere-1.webp\",\"datePublished\":\"2025-12-23T13:11:58+00:00\",\"dateModified\":\"2026-04-30T07:16:13+00:00\",\"description\":\"Scopri una guida completa al Palazzo del Belvedere Inferiore a Vienna \u2705 Esploriamo la sua architettura, la sua storia e se vale davvero la pena visitarlo.\",\"breadcrumb\":{\"@id\":\"https:\/\/belvederepalace.wientickets.org\/it\/palazzo-del-belvedere-inferiore\/#breadcrumb\"},\"inLanguage\":\"it-IT\",\"potentialAction\":[{\"@type\":\"ReadAction\",\"target\":[\"https:\/\/belvederepalace.wientickets.org\/it\/palazzo-del-belvedere-inferiore\/\"]}]},{\"@type\":\"ImageObject\",\"inLanguage\":\"it-IT\",\"@id\":\"https:\/\/belvederepalace.wientickets.org\/it\/palazzo-del-belvedere-inferiore\/#primaryimage\",\"url\":\"https:\/\/belvederepalace.wientickets.org\/wp-content\/uploads\/2025\/11\/lower-belvedere-1.webp\",\"contentUrl\":\"https:\/\/belvederepalace.wientickets.org\/wp-content\/uploads\/2025\/11\/lower-belvedere-1.webp\",\"width\":1200,\"height\":800,\"caption\":\"Belvedere Inferiore\"},{\"@type\":\"BreadcrumbList\",\"@id\":\"https:\/\/belvederepalace.wientickets.org\/it\/palazzo-del-belvedere-inferiore\/#breadcrumb\",\"itemListElement\":[{\"@type\":\"ListItem\",\"position\":1,\"name\":\"Home\",\"item\":\"https:\/\/belvederepalace.wientickets.org\/it\/\"},{\"@type\":\"ListItem\",\"position\":2,\"name\":\"Palazzo del Belvedere Inferiore\"}]},{\"@type\":\"WebSite\",\"@id\":\"https:\/\/belvederepalace.wientickets.org\/it\/#website\",\"url\":\"https:\/\/belvederepalace.wientickets.org\/it\/\",\"name\":\"Belvedere Palace Tickets\",\"description\":\"\",\"publisher\":{\"@id\":\"https:\/\/belvederepalace.wientickets.org\/it\/#organization\"},\"potentialAction\":[{\"@type\":\"SearchAction\",\"target\":{\"@type\":\"EntryPoint\",\"urlTemplate\":\"https:\/\/belvederepalace.wientickets.org\/it\/?s={search_term_string}\"},\"query-input\":{\"@type\":\"PropertyValueSpecification\",\"valueRequired\":true,\"valueName\":\"search_term_string\"}}],\"inLanguage\":\"it-IT\"},{\"@type\":\"Organization\",\"@id\":\"https:\/\/belvederepalace.wientickets.org\/it\/#organization\",\"name\":\"Biglietti per il Palazzo Belvedere\",\"url\":\"https:\/\/belvederepalace.wientickets.org\/it\/\",\"logo\":{\"@type\":\"ImageObject\",\"inLanguage\":\"it-IT\",\"@id\":\"https:\/\/belvederepalace.wientickets.org\/it\/#\/schema\/logo\/image\/\",\"url\":\"https:\/\/belvederepalace.wientickets.org\/wp-content\/uploads\/2024\/08\/belvedere-palace-tickets-logo.png\",\"contentUrl\":\"https:\/\/belvederepalace.wientickets.org\/wp-content\/uploads\/2024\/08\/belvedere-palace-tickets-logo.png\",\"width\":375,\"height\":70,\"caption\":\"Biglietti per il Palazzo Belvedere\"},\"image\":{\"@id\":\"https:\/\/belvederepalace.wientickets.org\/it\/#\/schema\/logo\/image\/\"}}]}<\/script>\n<!-- \/ Yoast SEO plugin. -->","yoast_head_json":{"title":"Palazzo del Belvedere Inferiore | Vale la pena visitarlo?","description":"Scopri una guida completa al Palazzo del Belvedere Inferiore a Vienna \u2705 Esploriamo la sua architettura, la sua storia e se vale davvero la pena visitarlo.","robots":{"index":"index","follow":"follow","max-snippet":"max-snippet:-1","max-image-preview":"max-image-preview:large","max-video-preview":"max-video-preview:-1"},"canonical":"https:\/\/belvederepalace.wientickets.org\/it\/palazzo-del-belvedere-inferiore\/","og_locale":"it_IT","og_type":"article","og_title":"Palazzo del Belvedere Inferiore | Vale la pena visitarlo?","og_description":"Scopri una guida completa al Palazzo del Belvedere Inferiore a Vienna \u2705 Esploriamo la sua architettura, la sua storia e se vale davvero la pena visitarlo.","og_url":"https:\/\/belvederepalace.wientickets.org\/it\/palazzo-del-belvedere-inferiore\/","og_site_name":"Belvedere Palace Tickets","article_modified_time":"2026-04-30T07:16:13+00:00","og_image":[{"width":1200,"height":800,"url":"https:\/\/belvederepalace.wientickets.org\/wp-content\/uploads\/2025\/11\/lower-belvedere-1.webp","type":"image\/webp"}],"twitter_card":"summary_large_image","twitter_misc":{"Tempo di lettura stimato":"10 minuti"},"schema":{"@context":"https:\/\/schema.org","@graph":[{"@type":"WebPage","@id":"https:\/\/belvederepalace.wientickets.org\/it\/palazzo-del-belvedere-inferiore\/","url":"https:\/\/belvederepalace.wientickets.org\/it\/palazzo-del-belvedere-inferiore\/","name":"Palazzo del Belvedere Inferiore | Vale la pena visitarlo?","isPartOf":{"@id":"https:\/\/belvederepalace.wientickets.org\/it\/#website"},"primaryImageOfPage":{"@id":"https:\/\/belvederepalace.wientickets.org\/it\/palazzo-del-belvedere-inferiore\/#primaryimage"},"image":{"@id":"https:\/\/belvederepalace.wientickets.org\/it\/palazzo-del-belvedere-inferiore\/#primaryimage"},"thumbnailUrl":"https:\/\/belvederepalace.wientickets.org\/wp-content\/uploads\/2025\/11\/lower-belvedere-1.webp","datePublished":"2025-12-23T13:11:58+00:00","dateModified":"2026-04-30T07:16:13+00:00","description":"Scopri una guida completa al Palazzo del Belvedere Inferiore a Vienna \u2705 Esploriamo la sua architettura, la sua storia e se vale davvero la pena visitarlo.","breadcrumb":{"@id":"https:\/\/belvederepalace.wientickets.org\/it\/palazzo-del-belvedere-inferiore\/#breadcrumb"},"inLanguage":"it-IT","potentialAction":[{"@type":"ReadAction","target":["https:\/\/belvederepalace.wientickets.org\/it\/palazzo-del-belvedere-inferiore\/"]}]},{"@type":"ImageObject","inLanguage":"it-IT","@id":"https:\/\/belvederepalace.wientickets.org\/it\/palazzo-del-belvedere-inferiore\/#primaryimage","url":"https:\/\/belvederepalace.wientickets.org\/wp-content\/uploads\/2025\/11\/lower-belvedere-1.webp","contentUrl":"https:\/\/belvederepalace.wientickets.org\/wp-content\/uploads\/2025\/11\/lower-belvedere-1.webp","width":1200,"height":800,"caption":"Belvedere Inferiore"},{"@type":"BreadcrumbList","@id":"https:\/\/belvederepalace.wientickets.org\/it\/palazzo-del-belvedere-inferiore\/#breadcrumb","itemListElement":[{"@type":"ListItem","position":1,"name":"Home","item":"https:\/\/belvederepalace.wientickets.org\/it\/"},{"@type":"ListItem","position":2,"name":"Palazzo del Belvedere Inferiore"}]},{"@type":"WebSite","@id":"https:\/\/belvederepalace.wientickets.org\/it\/#website","url":"https:\/\/belvederepalace.wientickets.org\/it\/","name":"Belvedere Palace Tickets","description":"","publisher":{"@id":"https:\/\/belvederepalace.wientickets.org\/it\/#organization"},"potentialAction":[{"@type":"SearchAction","target":{"@type":"EntryPoint","urlTemplate":"https:\/\/belvederepalace.wientickets.org\/it\/?s={search_term_string}"},"query-input":{"@type":"PropertyValueSpecification","valueRequired":true,"valueName":"search_term_string"}}],"inLanguage":"it-IT"},{"@type":"Organization","@id":"https:\/\/belvederepalace.wientickets.org\/it\/#organization","name":"Biglietti per il Palazzo Belvedere","url":"https:\/\/belvederepalace.wientickets.org\/it\/","logo":{"@type":"ImageObject","inLanguage":"it-IT","@id":"https:\/\/belvederepalace.wientickets.org\/it\/#\/schema\/logo\/image\/","url":"https:\/\/belvederepalace.wientickets.org\/wp-content\/uploads\/2024\/08\/belvedere-palace-tickets-logo.png","contentUrl":"https:\/\/belvederepalace.wientickets.org\/wp-content\/uploads\/2024\/08\/belvedere-palace-tickets-logo.png","width":375,"height":70,"caption":"Biglietti per il Palazzo Belvedere"},"image":{"@id":"https:\/\/belvederepalace.wientickets.org\/it\/#\/schema\/logo\/image\/"}}]}},"_links":{"self":[{"href":"https:\/\/belvederepalace.wientickets.org\/it\/wp-json\/wp\/v2\/pages\/1275","targetHints":{"allow":["GET"]}}],"collection":[{"href":"https:\/\/belvederepalace.wientickets.org\/it\/wp-json\/wp\/v2\/pages"}],"about":[{"href":"https:\/\/belvederepalace.wientickets.org\/it\/wp-json\/wp\/v2\/types\/page"}],"author":[{"embeddable":true,"href":"https:\/\/belvederepalace.wientickets.org\/it\/wp-json\/wp\/v2\/users\/2"}],"replies":[{"embeddable":true,"href":"https:\/\/belvederepalace.wientickets.org\/it\/wp-json\/wp\/v2\/comments?post=1275"}],"version-history":[{"count":15,"href":"https:\/\/belvederepalace.wientickets.org\/it\/wp-json\/wp\/v2\/pages\/1275\/revisions"}],"predecessor-version":[{"id":3202,"href":"https:\/\/belvederepalace.wientickets.org\/it\/wp-json\/wp\/v2\/pages\/1275\/revisions\/3202"}],"wp:featuredmedia":[{"embeddable":true,"href":"https:\/\/belvederepalace.wientickets.org\/it\/wp-json\/wp\/v2\/media\/700"}],"wp:attachment":[{"href":"https:\/\/belvederepalace.wientickets.org\/it\/wp-json\/wp\/v2\/media?parent=1275"}],"curies":[{"name":"wp","href":"https:\/\/api.w.org\/{rel}","templated":true}]}}