{"id":1586,"date":"2026-01-13T09:51:56","date_gmt":"2026-01-13T09:51:56","guid":{"rendered":"https:\/\/belvederepalace.wientickets.org\/belvedere-schlossgarten-giardini\/"},"modified":"2026-04-17T08:26:44","modified_gmt":"2026-04-17T08:26:44","slug":"belvedere-schlossgarten-giardini","status":"publish","type":"page","link":"https:\/\/belvederepalace.wientickets.org\/it\/belvedere-schlossgarten-giardini\/","title":{"rendered":"Belvedere Schlossgarten (giardini)"},"content":{"rendered":"\t\t<div data-elementor-type=\"wp-page\" data-elementor-id=\"1586\" class=\"elementor elementor-1586 elementor-1384\">\n\t\t\t\t\t\t<section class=\"elementor-section elementor-top-section elementor-element elementor-element-d9f9314 intro-section elementor-section-boxed elementor-section-height-default elementor-section-height-default\" data-id=\"d9f9314\" data-element_type=\"section\">\n\t\t\t\t\t\t<div class=\"elementor-container elementor-column-gap-default\">\n\t\t\t\t\t<div class=\"elementor-column elementor-col-50 elementor-top-column elementor-element elementor-element-93072ec\" data-id=\"93072ec\" data-element_type=\"column\">\n\t\t\t<div class=\"elementor-widget-wrap elementor-element-populated\">\n\t\t\t\t\t\t<section class=\"elementor-section elementor-inner-section elementor-element elementor-element-60d5ba5 elementor-section-boxed elementor-section-height-default elementor-section-height-default\" data-id=\"60d5ba5\" data-element_type=\"section\">\n\t\t\t\t\t\t<div class=\"elementor-container elementor-column-gap-default\">\n\t\t\t\t\t<div class=\"elementor-column elementor-col-100 elementor-inner-column elementor-element elementor-element-4693576\" data-id=\"4693576\" data-element_type=\"column\">\n\t\t\t<div class=\"elementor-widget-wrap elementor-element-populated\">\n\t\t\t\t\t\t<div class=\"elementor-element elementor-element-92a82d6 title-mobile elementor-widget__width-initial elementor-widget elementor-widget-heading\" data-id=\"92a82d6\" data-element_type=\"widget\" data-widget_type=\"heading.default\">\n\t\t\t\t<div class=\"elementor-widget-container\">\n\t\t\t\t\t<h1 class=\"elementor-heading-title elementor-size-default\">Belvedere Schlossgarten (giardini)<\/h1>\t\t\t\t<\/div>\n\t\t\t\t<\/div>\n\t\t\t\t<div class=\"elementor-element elementor-element-e016f26 text-mobile elementor-widget__width-initial elementor-widget elementor-widget-text-editor\" data-id=\"e016f26\" data-element_type=\"widget\" data-widget_type=\"text-editor.default\">\n\t\t\t\t<div class=\"elementor-widget-container\">\n\t\t\t\t\t\t\t\t\t<p>I <strong>Giardini del Palazzo Belvedere<\/strong> di Vienna costituiscono un complesso di vari spazi verdi con stili e funzioni diverse che uniscono architettonicamente le residenze del complesso. Di seguito ti spiegheremo cosa c&#8217;\u00e8 in ognuno di essi e qual \u00e8 la loro storia. <\/p>\t\t\t\t\t\t\t\t<\/div>\n\t\t\t\t<\/div>\n\t\t\t\t\t<\/div>\n\t\t<\/div>\n\t\t\t\t\t<\/div>\n\t\t<\/section>\n\t\t\t\t<div class=\"elementor-element elementor-element-22a410a btn-primary elementor-widget elementor-widget-button\" data-id=\"22a410a\" data-element_type=\"widget\" data-widget_type=\"button.default\">\n\t\t\t\t<div class=\"elementor-widget-container\">\n\t\t\t\t\t\t\t\t\t<div class=\"elementor-button-wrapper\">\n\t\t\t\t\t<a class=\"elementor-button elementor-button-link elementor-size-sm\" href=\"https:\/\/belvederepalace.wientickets.org\/it\/biglietti-per-il-palazzo-belvedere\/\">\n\t\t\t\t\t\t<span class=\"elementor-button-content-wrapper\">\n\t\t\t\t\t\t\t\t\t<span class=\"elementor-button-text\">Prenota i biglietti<\/span>\n\t\t\t\t\t<\/span>\n\t\t\t\t\t<\/a>\n\t\t\t\t<\/div>\n\t\t\t\t\t\t\t\t<\/div>\n\t\t\t\t<\/div>\n\t\t\t\t\t<\/div>\n\t\t<\/div>\n\t\t\t\t<div class=\"elementor-column elementor-col-50 elementor-top-column elementor-element elementor-element-7edfb37\" data-id=\"7edfb37\" data-element_type=\"column\">\n\t\t\t<div class=\"elementor-widget-wrap elementor-element-populated\">\n\t\t\t\t\t\t<div class=\"elementor-element elementor-element-d6a6031 elementor-hidden-mobile elementor-widget__width-initial elementor-widget elementor-widget-image\" data-id=\"d6a6031\" data-element_type=\"widget\" data-widget_type=\"image.default\">\n\t\t\t\t<div class=\"elementor-widget-container\">\n\t\t\t\t\t\t\t\t\t\t\t\t\t\t\t<img fetchpriority=\"high\" decoding=\"async\" width=\"800\" height=\"529\" src=\"https:\/\/belvederepalace.wientickets.org\/wp-content\/uploads\/2026\/01\/belvedere-schlossgarten-1024x677.webp\" class=\"attachment-large size-large wp-image-1587\" alt=\"Belvedere Schlossgarten\" srcset=\"https:\/\/belvederepalace.wientickets.org\/wp-content\/uploads\/2026\/01\/belvedere-schlossgarten-1024x677.webp 1024w, https:\/\/belvederepalace.wientickets.org\/wp-content\/uploads\/2026\/01\/belvedere-schlossgarten-300x198.webp 300w, https:\/\/belvederepalace.wientickets.org\/wp-content\/uploads\/2026\/01\/belvedere-schlossgarten-768x508.webp 768w, https:\/\/belvederepalace.wientickets.org\/wp-content\/uploads\/2026\/01\/belvedere-schlossgarten.webp 1280w\" sizes=\"(max-width: 800px) 100vw, 800px\" \/>\t\t\t\t\t\t\t\t\t\t\t\t\t\t\t<\/div>\n\t\t\t\t<\/div>\n\t\t\t\t\t<\/div>\n\t\t<\/div>\n\t\t\t\t\t<\/div>\n\t\t<\/section>\n\t\t\t\t<section class=\"elementor-section elementor-top-section elementor-element elementor-element-230cd5c elementor-section-height-min-height elementor-section-boxed elementor-section-height-default elementor-section-items-middle\" data-id=\"230cd5c\" data-element_type=\"section\" data-settings=\"{&quot;background_background&quot;:&quot;classic&quot;}\">\n\t\t\t\t\t\t<div class=\"elementor-container elementor-column-gap-default\">\n\t\t\t\t\t<div class=\"elementor-column elementor-col-100 elementor-top-column elementor-element elementor-element-00437ed\" data-id=\"00437ed\" data-element_type=\"column\">\n\t\t\t<div class=\"elementor-widget-wrap\">\n\t\t\t\t\t\t\t<\/div>\n\t\t<\/div>\n\t\t\t\t\t<\/div>\n\t\t<\/section>\n\t\t\t\t<section class=\"elementor-section elementor-top-section elementor-element elementor-element-9cd6848 elementor-section-height-min-height elementor-hidden-tablet elementor-hidden-mobile elementor-section-boxed elementor-section-height-default elementor-section-items-middle\" data-id=\"9cd6848\" data-element_type=\"section\" data-settings=\"{&quot;background_background&quot;:&quot;classic&quot;}\">\n\t\t\t\t\t\t<div class=\"elementor-container elementor-column-gap-default\">\n\t\t\t\t\t<div class=\"elementor-column elementor-col-33 elementor-top-column elementor-element elementor-element-9e6383b\" data-id=\"9e6383b\" data-element_type=\"column\">\n\t\t\t<div class=\"elementor-widget-wrap elementor-element-populated\">\n\t\t\t\t\t\t<section class=\"elementor-section elementor-inner-section elementor-element elementor-element-adf9d55 elementor-section-content-middle elementor-section-boxed elementor-section-height-default elementor-section-height-default\" data-id=\"adf9d55\" data-element_type=\"section\">\n\t\t\t\t\t\t<div class=\"elementor-container elementor-column-gap-default\">\n\t\t\t\t\t<div class=\"elementor-column elementor-col-50 elementor-inner-column elementor-element elementor-element-99588f5\" data-id=\"99588f5\" data-element_type=\"column\">\n\t\t\t<div class=\"elementor-widget-wrap elementor-element-populated\">\n\t\t\t\t\t\t<div class=\"elementor-element elementor-element-e36ddda elementor-widget elementor-widget-image\" data-id=\"e36ddda\" data-element_type=\"widget\" data-widget_type=\"image.default\">\n\t\t\t\t<div class=\"elementor-widget-container\">\n\t\t\t\t\t\t\t\t\t\t\t\t\t\t\t<img decoding=\"async\" width=\"496\" height=\"496\" src=\"https:\/\/belvederepalace.wientickets.org\/wp-content\/uploads\/2024\/08\/customer-service-1-1.png\" class=\"attachment-large size-large wp-image-453\" alt=\"\" srcset=\"https:\/\/belvederepalace.wientickets.org\/wp-content\/uploads\/2024\/08\/customer-service-1-1.png 496w, https:\/\/belvederepalace.wientickets.org\/wp-content\/uploads\/2024\/08\/customer-service-1-1-300x300.png 300w, https:\/\/belvederepalace.wientickets.org\/wp-content\/uploads\/2024\/08\/customer-service-1-1-150x150.png 150w\" sizes=\"(max-width: 496px) 100vw, 496px\" \/>\t\t\t\t\t\t\t\t\t\t\t\t\t\t\t<\/div>\n\t\t\t\t<\/div>\n\t\t\t\t\t<\/div>\n\t\t<\/div>\n\t\t\t\t<div class=\"elementor-column elementor-col-50 elementor-inner-column elementor-element elementor-element-850e7ff\" data-id=\"850e7ff\" data-element_type=\"column\">\n\t\t\t<div class=\"elementor-widget-wrap elementor-element-populated\">\n\t\t\t\t\t\t<div class=\"elementor-element elementor-element-ef88c31 elementor-widget elementor-widget-heading\" data-id=\"ef88c31\" data-element_type=\"widget\" data-widget_type=\"heading.default\">\n\t\t\t\t<div class=\"elementor-widget-container\">\n\t\t\t\t\t<p class=\"elementor-heading-title elementor-size-default\">Assistenza quando ne hai bisogno<\/p>\t\t\t\t<\/div>\n\t\t\t\t<\/div>\n\t\t\t\t<div class=\"elementor-element elementor-element-0bad76c elementor-widget elementor-widget-heading\" data-id=\"0bad76c\" data-element_type=\"widget\" data-widget_type=\"heading.default\">\n\t\t\t\t<div class=\"elementor-widget-container\">\n\t\t\t\t\t<p class=\"elementor-heading-title elementor-size-default\">Un'assistenza clienti che ti aiuter\u00e0 per tutto ci\u00f2 di cui hai bisogno dalle 8.00 alle 18.00.<\/p>\t\t\t\t<\/div>\n\t\t\t\t<\/div>\n\t\t\t\t\t<\/div>\n\t\t<\/div>\n\t\t\t\t\t<\/div>\n\t\t<\/section>\n\t\t\t\t\t<\/div>\n\t\t<\/div>\n\t\t\t\t<div class=\"elementor-column elementor-col-33 elementor-top-column elementor-element elementor-element-db09347\" data-id=\"db09347\" data-element_type=\"column\">\n\t\t\t<div class=\"elementor-widget-wrap elementor-element-populated\">\n\t\t\t\t\t\t<section class=\"elementor-section elementor-inner-section elementor-element elementor-element-944af68 elementor-section-content-middle elementor-section-boxed elementor-section-height-default elementor-section-height-default\" data-id=\"944af68\" data-element_type=\"section\">\n\t\t\t\t\t\t<div class=\"elementor-container elementor-column-gap-default\">\n\t\t\t\t\t<div class=\"elementor-column elementor-col-50 elementor-inner-column elementor-element elementor-element-058d089\" data-id=\"058d089\" data-element_type=\"column\">\n\t\t\t<div class=\"elementor-widget-wrap elementor-element-populated\">\n\t\t\t\t\t\t<div class=\"elementor-element elementor-element-631719e elementor-widget elementor-widget-image\" data-id=\"631719e\" data-element_type=\"widget\" data-widget_type=\"image.default\">\n\t\t\t\t<div class=\"elementor-widget-container\">\n\t\t\t\t\t\t\t\t\t\t\t\t\t\t\t<img decoding=\"async\" width=\"488\" height=\"488\" src=\"https:\/\/belvederepalace.wientickets.org\/wp-content\/uploads\/2024\/08\/Group-333.png\" class=\"attachment-large size-large wp-image-454\" alt=\"\" srcset=\"https:\/\/belvederepalace.wientickets.org\/wp-content\/uploads\/2024\/08\/Group-333.png 488w, https:\/\/belvederepalace.wientickets.org\/wp-content\/uploads\/2024\/08\/Group-333-300x300.png 300w, https:\/\/belvederepalace.wientickets.org\/wp-content\/uploads\/2024\/08\/Group-333-150x150.png 150w\" sizes=\"(max-width: 488px) 100vw, 488px\" \/>\t\t\t\t\t\t\t\t\t\t\t\t\t\t\t<\/div>\n\t\t\t\t<\/div>\n\t\t\t\t\t<\/div>\n\t\t<\/div>\n\t\t\t\t<div class=\"elementor-column elementor-col-50 elementor-inner-column elementor-element elementor-element-29ee4a9\" data-id=\"29ee4a9\" data-element_type=\"column\">\n\t\t\t<div class=\"elementor-widget-wrap elementor-element-populated\">\n\t\t\t\t\t\t<div class=\"elementor-element elementor-element-84dcfb9 elementor-widget elementor-widget-heading\" data-id=\"84dcfb9\" data-element_type=\"widget\" data-widget_type=\"heading.default\">\n\t\t\t\t<div class=\"elementor-widget-container\">\n\t\t\t\t\t<p class=\"elementor-heading-title elementor-size-default\">Prenotazione veloce e online<\/p>\t\t\t\t<\/div>\n\t\t\t\t<\/div>\n\t\t\t\t<div class=\"elementor-element elementor-element-0001b35 elementor-widget elementor-widget-heading\" data-id=\"0001b35\" data-element_type=\"widget\" data-widget_type=\"heading.default\">\n\t\t\t\t<div class=\"elementor-widget-container\">\n\t\t\t\t\t<p class=\"elementor-heading-title elementor-size-default\">Scegli l'opzione migliore per le tue esigenze e preferenze ed evita le code prenotando qui<\/p>\t\t\t\t<\/div>\n\t\t\t\t<\/div>\n\t\t\t\t\t<\/div>\n\t\t<\/div>\n\t\t\t\t\t<\/div>\n\t\t<\/section>\n\t\t\t\t\t<\/div>\n\t\t<\/div>\n\t\t\t\t<div class=\"elementor-column elementor-col-33 elementor-top-column elementor-element elementor-element-489f8f9\" data-id=\"489f8f9\" data-element_type=\"column\">\n\t\t\t<div class=\"elementor-widget-wrap elementor-element-populated\">\n\t\t\t\t\t\t<section class=\"elementor-section elementor-inner-section elementor-element elementor-element-efa59f4 elementor-section-content-middle elementor-section-boxed elementor-section-height-default elementor-section-height-default\" data-id=\"efa59f4\" data-element_type=\"section\">\n\t\t\t\t\t\t<div class=\"elementor-container elementor-column-gap-default\">\n\t\t\t\t\t<div class=\"elementor-column elementor-col-50 elementor-inner-column elementor-element elementor-element-9c526e7\" data-id=\"9c526e7\" data-element_type=\"column\">\n\t\t\t<div class=\"elementor-widget-wrap elementor-element-populated\">\n\t\t\t\t\t\t<div class=\"elementor-element elementor-element-07ec56e elementor-widget elementor-widget-image\" data-id=\"07ec56e\" data-element_type=\"widget\" data-widget_type=\"image.default\">\n\t\t\t\t<div class=\"elementor-widget-container\">\n\t\t\t\t\t\t\t\t\t\t\t\t\t\t\t<img loading=\"lazy\" decoding=\"async\" width=\"462\" height=\"683\" src=\"https:\/\/belvederepalace.wientickets.org\/wp-content\/uploads\/2024\/08\/top-attractions-in-paris.webp\" class=\"attachment-large size-large wp-image-455\" alt=\"\" srcset=\"https:\/\/belvederepalace.wientickets.org\/wp-content\/uploads\/2024\/08\/top-attractions-in-paris.webp 462w, https:\/\/belvederepalace.wientickets.org\/wp-content\/uploads\/2024\/08\/top-attractions-in-paris-203x300.webp 203w\" sizes=\"(max-width: 462px) 100vw, 462px\" \/>\t\t\t\t\t\t\t\t\t\t\t\t\t\t\t<\/div>\n\t\t\t\t<\/div>\n\t\t\t\t\t<\/div>\n\t\t<\/div>\n\t\t\t\t<div class=\"elementor-column elementor-col-50 elementor-inner-column elementor-element elementor-element-d4b11c9\" data-id=\"d4b11c9\" data-element_type=\"column\">\n\t\t\t<div class=\"elementor-widget-wrap elementor-element-populated\">\n\t\t\t\t\t\t<div class=\"elementor-element elementor-element-b7d14cc elementor-widget elementor-widget-heading\" data-id=\"b7d14cc\" data-element_type=\"widget\" data-widget_type=\"heading.default\">\n\t\t\t\t<div class=\"elementor-widget-container\">\n\t\t\t\t\t<p class=\"elementor-heading-title elementor-size-default\">La 2\u00aa attrazione pi\u00f9 importante di Vienna<\/p>\t\t\t\t<\/div>\n\t\t\t\t<\/div>\n\t\t\t\t<div class=\"elementor-element elementor-element-6f9dbc1 elementor-widget elementor-widget-heading\" data-id=\"6f9dbc1\" data-element_type=\"widget\" data-widget_type=\"heading.default\">\n\t\t\t\t<div class=\"elementor-widget-container\">\n\t\t\t\t\t<p class=\"elementor-heading-title elementor-size-default\">Esplora il Castello del Belvedere di Vienna: bellezza barocca, giardini lussureggianti e l'iconica arte di Klimt.\n\n\n\n\n\n\n\n\n<\/p>\t\t\t\t<\/div>\n\t\t\t\t<\/div>\n\t\t\t\t\t<\/div>\n\t\t<\/div>\n\t\t\t\t\t<\/div>\n\t\t<\/section>\n\t\t\t\t\t<\/div>\n\t\t<\/div>\n\t\t\t\t\t<\/div>\n\t\t<\/section>\n\t\t<div class=\"elementor-element elementor-element-6697256 e-flex e-con-boxed e-con e-parent\" data-id=\"6697256\" data-element_type=\"container\">\n\t\t\t\t\t<div class=\"e-con-inner\">\n\t\t\t\t<div class=\"elementor-element elementor-element-24bd42c elementor-widget elementor-widget-spacer\" data-id=\"24bd42c\" data-element_type=\"widget\" data-widget_type=\"spacer.default\">\n\t\t\t\t<div class=\"elementor-widget-container\">\n\t\t\t\t\t\t\t<div class=\"elementor-spacer\">\n\t\t\t<div class=\"elementor-spacer-inner\"><\/div>\n\t\t<\/div>\n\t\t\t\t\t\t<\/div>\n\t\t\t\t<\/div>\n\t\t\t\t\t<\/div>\n\t\t\t\t<\/div>\n\t\t<div class=\"elementor-element elementor-element-a7a1e2f e-flex e-con-boxed e-con e-parent\" data-id=\"a7a1e2f\" data-element_type=\"container\">\n\t\t\t\t\t<div class=\"e-con-inner\">\n\t\t\t\t<div class=\"elementor-element elementor-element-35e48a1 elementor-widget elementor-widget-heading\" data-id=\"35e48a1\" data-element_type=\"widget\" data-widget_type=\"heading.default\">\n\t\t\t\t<div class=\"elementor-widget-container\">\n\t\t\t\t\t<h2 class=\"elementor-heading-title elementor-size-default\">Vedi in dettaglio<\/h2>\t\t\t\t<\/div>\n\t\t\t\t<\/div>\n\t\t\t\t\t<\/div>\n\t\t\t\t<\/div>\n\t\t<div class=\"elementor-element elementor-element-fe6abd3 e-flex e-con-boxed e-con e-parent\" data-id=\"fe6abd3\" data-element_type=\"container\">\n\t\t\t\t\t<div class=\"e-con-inner\">\n\t\t<div class=\"elementor-element elementor-element-c0ce31e e-con-full e-flex e-con e-child\" data-id=\"c0ce31e\" data-element_type=\"container\">\n\t\t\t\t<div class=\"elementor-element elementor-element-e9533fa elementor-widget elementor-widget-text-editor\" data-id=\"e9533fa\" data-element_type=\"widget\" data-widget_type=\"text-editor.default\">\n\t\t\t\t<div class=\"elementor-widget-container\">\n\t\t\t\t\t\t\t\t\t<ul><li><a href=\"#see\">Cosa si pu\u00f2 vedere nei Giardini del Belvedere?<\/a><\/li><li><a href=\"#visitor\">Informazioni per i visitatori dello Schlossgarten<\/a><\/li><li><a href=\"#near\">Cos&#8217;altro c&#8217;\u00e8 vicino ai giardini?<\/a><\/li><\/ul>\t\t\t\t\t\t\t\t<\/div>\n\t\t\t\t<\/div>\n\t\t\t\t<\/div>\n\t\t<div class=\"elementor-element elementor-element-f31599b e-con-full e-flex e-con e-child\" data-id=\"f31599b\" data-element_type=\"container\">\n\t\t\t\t<div class=\"elementor-element elementor-element-f3726dd elementor-widget elementor-widget-text-editor\" data-id=\"f3726dd\" data-element_type=\"widget\" data-widget_type=\"text-editor.default\">\n\t\t\t\t<div class=\"elementor-widget-container\">\n\t\t\t\t\t\t\t\t\t<ul><li><a href=\"#history\">Contesto storico: cosa \u00e8 utile sapere prima di visitare?<\/a><\/li><li><a href=\"#faqs\">Domande frequenti sui Giardini del Belvedere<\/a><\/li><\/ul>\t\t\t\t\t\t\t\t<\/div>\n\t\t\t\t<\/div>\n\t\t\t\t<\/div>\n\t\t\t\t\t<\/div>\n\t\t\t\t<\/div>\n\t\t\t\t<section class=\"elementor-section elementor-top-section elementor-element elementor-element-b5f148c elementor-section-boxed elementor-section-height-default elementor-section-height-default\" data-id=\"b5f148c\" data-element_type=\"section\">\n\t\t\t\t\t\t<div class=\"elementor-container elementor-column-gap-default\">\n\t\t\t\t\t<div class=\"elementor-column elementor-col-100 elementor-top-column elementor-element elementor-element-0458ce1\" data-id=\"0458ce1\" data-element_type=\"column\">\n\t\t\t<div class=\"elementor-widget-wrap elementor-element-populated\">\n\t\t\t\t\t\t<div class=\"elementor-element elementor-element-767261e elementor-widget elementor-widget-text-editor\" data-id=\"767261e\" data-element_type=\"widget\" data-widget_type=\"text-editor.default\">\n\t\t\t\t<div class=\"elementor-widget-container\">\n\t\t\t\t\t\t\t\t\t<p>Prima di tutto, dobbiamo ricordare che <strong>l&#8217;accesso ai giardini \u00e8 gratuito per tutti i visitatori durante tutto l&#8217;anno<\/strong>, ad eccezione del Giardino Alpino che richiede un biglietto specifico. Pertanto, potrai passeggiare per i giardini, ammirare le piante e le fontane o godere della vista sulla citt\u00e0 senza dover acquistare un biglietto per i palazzi. <\/p>\t\t\t\t\t\t\t\t<\/div>\n\t\t\t\t<\/div>\n\t\t\t\t\t<\/div>\n\t\t<\/div>\n\t\t\t\t\t<\/div>\n\t\t<\/section>\n\t\t\t\t<section class=\"elementor-section elementor-top-section elementor-element elementor-element-fc7c141 elementor-section-boxed elementor-section-height-default elementor-section-height-default\" data-id=\"fc7c141\" data-element_type=\"section\">\n\t\t\t\t\t\t<div class=\"elementor-container elementor-column-gap-default\">\n\t\t\t\t\t<div class=\"elementor-column elementor-col-100 elementor-top-column elementor-element elementor-element-08fc692\" data-id=\"08fc692\" data-element_type=\"column\">\n\t\t\t<div class=\"elementor-widget-wrap elementor-element-populated\">\n\t\t\t\t\t\t<div class=\"elementor-element elementor-element-e1ecfe2 elementor-widget elementor-widget-heading\" data-id=\"e1ecfe2\" data-element_type=\"widget\" id=\"see\" data-widget_type=\"heading.default\">\n\t\t\t\t<div class=\"elementor-widget-container\">\n\t\t\t\t\t<h2 class=\"elementor-heading-title elementor-size-default\">Cosa si pu\u00f2 vedere nei Giardini del Belvedere?<\/h2>\t\t\t\t<\/div>\n\t\t\t\t<\/div>\n\t\t\t\t<div class=\"elementor-element elementor-element-0cfb87c elementor-widget elementor-widget-text-editor\" data-id=\"0cfb87c\" data-element_type=\"widget\" data-widget_type=\"text-editor.default\">\n\t\t\t\t<div class=\"elementor-widget-container\">\n\t\t\t\t\t\t\t\t\t<p>I Giardini del Belvedere conservano l&#8217;impianto originale del XVIII secolo e offrono una prospettiva unica sul paesaggio imperiale e sulla botanica scientifica in Austria. Questo &#8220;Schlossgarten&#8221; (un termine di origine tedesca che si traduce come &#8216;giardino del palazzo&#8217;) consiste in un <b>paesaggio progettato che segue la rigorosa simmetria dello stile barocco francese<\/b>, integrando fontane a gradoni, sculture mitologiche e sentieri di ghiaia. Sono un insieme paesaggistico che \u00e8 diviso in aree con funzioni ed estetiche distinte che consolidano il loro valore come destinazione turistica e storica. Come <a style=\"color: #7e0009;\" href=\"https:\/\/www.reddit.com\/r\/wien\/comments\/1kob4yk\/schonbrunn_palace_worth_it\/\" target=\"_blank\" rel=\"noopener\">un utente di Reddit fa giustamente notare<\/a>: \u201cI giardini (che sono gratuiti) sono un must\u201d.   <\/p><p>Questi sono <b>i giardini che compongono il complesso<\/b> nella sua interezza:<\/p>\t\t\t\t\t\t\t\t<\/div>\n\t\t\t\t<\/div>\n\t\t\t\t\t<\/div>\n\t\t<\/div>\n\t\t\t\t\t<\/div>\n\t\t<\/section>\n\t\t<div class=\"elementor-element elementor-element-47db6f3 e-flex e-con-boxed e-con e-parent\" data-id=\"47db6f3\" data-element_type=\"container\">\n\t\t\t\t\t<div class=\"e-con-inner\">\n\t\t<div class=\"elementor-element elementor-element-7e8f5e4 e-con-full e-flex e-con e-child\" data-id=\"7e8f5e4\" data-element_type=\"container\">\n\t\t\t\t<div class=\"elementor-element elementor-element-3fe1f20 elementor-widget elementor-widget-image\" data-id=\"3fe1f20\" data-element_type=\"widget\" data-widget_type=\"image.default\">\n\t\t\t\t<div class=\"elementor-widget-container\">\n\t\t\t\t\t\t\t\t\t\t\t\t\t\t\t<img loading=\"lazy\" decoding=\"async\" width=\"800\" height=\"536\" src=\"https:\/\/belvederepalace.wientickets.org\/wp-content\/uploads\/2026\/01\/baroque-garden-belvedere-1024x686.webp\" class=\"attachment-large size-large wp-image-1588\" alt=\"Il Giardino Barocco\" srcset=\"https:\/\/belvederepalace.wientickets.org\/wp-content\/uploads\/2026\/01\/baroque-garden-belvedere-1024x686.webp 1024w, https:\/\/belvederepalace.wientickets.org\/wp-content\/uploads\/2026\/01\/baroque-garden-belvedere-300x201.webp 300w, https:\/\/belvederepalace.wientickets.org\/wp-content\/uploads\/2026\/01\/baroque-garden-belvedere-768x514.webp 768w, https:\/\/belvederepalace.wientickets.org\/wp-content\/uploads\/2026\/01\/baroque-garden-belvedere.webp 1280w\" sizes=\"(max-width: 800px) 100vw, 800px\" \/>\t\t\t\t\t\t\t\t\t\t\t\t\t\t\t<\/div>\n\t\t\t\t<\/div>\n\t\t\t\t<\/div>\n\t\t<div class=\"elementor-element elementor-element-6727324 e-con-full e-flex e-con e-child\" data-id=\"6727324\" data-element_type=\"container\">\n\t\t\t\t<div class=\"elementor-element elementor-element-b4b025d elementor-widget elementor-widget-heading\" data-id=\"b4b025d\" data-element_type=\"widget\" data-widget_type=\"heading.default\">\n\t\t\t\t<div class=\"elementor-widget-container\">\n\t\t\t\t\t<h3 class=\"elementor-heading-title elementor-size-default\">Il Giardino Barocco<\/h3>\t\t\t\t<\/div>\n\t\t\t\t<\/div>\n\t\t\t\t<div class=\"elementor-element elementor-element-47b2d12 elementor-widget elementor-widget-text-editor\" data-id=\"47b2d12\" data-element_type=\"widget\" data-widget_type=\"text-editor.default\">\n\t\t\t\t<div class=\"elementor-widget-container\">\n\t\t\t\t\t\t\t\t\t<p>Il principale Giardino Barocco <strong>costituisce l&#8217;asse centrale che collega architettonicamente i due palazzi<\/strong>. Questo spazio \u00e8 caratterizzato dalle sue ampie aiuole ornamentali, dalle fontane a gradoni e dalla grandiosa decorazione scultorea. Le cascate scorrono dai livelli superiori verso quelli inferiori.  <\/p><p>Inoltre, figure mitologiche e sfingi dominano il paesaggio, guidando lo sguardo dei visitatori verso la citt\u00e0 di Vienna. <strong>Il design ricerca la monumentalit\u00e0<\/strong>, utilizzando il pendio naturale del terreno per generare un senso di vastit\u00e0 e potenza.<\/p><p><em>Foto: &#8220;Schlosspark Belvedere Wien&#8221; di <a style=\"color: #7e0009;\" href=\"https:\/\/commons.wikimedia.org\/wiki\/User:LuMaBe\" target=\"_blank\" rel=\"noopener\">LuMaBe<\/a>.<\/em><\/p>\t\t\t\t\t\t\t\t<\/div>\n\t\t\t\t<\/div>\n\t\t\t\t<\/div>\n\t\t\t\t\t<\/div>\n\t\t\t\t<\/div>\n\t\t<div class=\"elementor-element elementor-element-0c9f69f e-flex e-con-boxed e-con e-parent\" data-id=\"0c9f69f\" data-element_type=\"container\">\n\t\t\t\t\t<div class=\"e-con-inner\">\n\t\t\t\t<div class=\"elementor-element elementor-element-d25d2a3 elementor-widget elementor-widget-spacer\" data-id=\"d25d2a3\" data-element_type=\"widget\" data-widget_type=\"spacer.default\">\n\t\t\t\t<div class=\"elementor-widget-container\">\n\t\t\t\t\t\t\t<div class=\"elementor-spacer\">\n\t\t\t<div class=\"elementor-spacer-inner\"><\/div>\n\t\t<\/div>\n\t\t\t\t\t\t<\/div>\n\t\t\t\t<\/div>\n\t\t\t\t\t<\/div>\n\t\t\t\t<\/div>\n\t\t<div class=\"elementor-element elementor-element-ce63c61 e-flex e-con-boxed e-con e-parent\" data-id=\"ce63c61\" data-element_type=\"container\">\n\t\t\t\t\t<div class=\"e-con-inner\">\n\t\t<div class=\"elementor-element elementor-element-196d20c e-con-full e-flex e-con e-child\" data-id=\"196d20c\" data-element_type=\"container\">\n\t\t\t\t<div class=\"elementor-element elementor-element-321a59c elementor-widget elementor-widget-heading\" data-id=\"321a59c\" data-element_type=\"widget\" data-widget_type=\"heading.default\">\n\t\t\t\t<div class=\"elementor-widget-container\">\n\t\t\t\t\t<h3 class=\"elementor-heading-title elementor-size-default\">Il Giardino Segreto (Kammergarten)<\/h3>\t\t\t\t<\/div>\n\t\t\t\t<\/div>\n\t\t\t\t<div class=\"elementor-element elementor-element-e5f3a79 elementor-widget elementor-widget-text-editor\" data-id=\"e5f3a79\" data-element_type=\"widget\" data-widget_type=\"text-editor.default\">\n\t\t\t\t<div class=\"elementor-widget-container\">\n\t\t\t\t\t\t\t\t\t<p>Il giardino segreto, noto storicamente come &#8220;Kammergarten&#8221;, offre un ambiente molto pi\u00f9 intimo e riparato rispetto all&#8217;asse principale. Questo spazio \u00e8 stato originariamente progettato come un <strong>rifugio esclusivo per il Principe Eugenio di Savoia<\/strong>, uno dei pi\u00f9 importanti strateghi militari della storia europea, fondamentale per l&#8217;ascesa dell&#8217;Impero austriaco come grande potenza. <\/p><p>Il giardino \u00e8 diviso in <strong>due terrazze<\/strong> ed \u00e8 caratterizzato da <strong>delicate aiuole fiorite<\/strong> e strutture che permettevano al principe di godere della natura in totale privacy, lontano dalle funzioni pubbliche della corte.<\/p><p><em>Foto: &#8220;Kammergarten des Schloss Belvederes&#8221;<\/em><em> di <a style=\"color: #7e0009;\" href=\"https:\/\/commons.wikimedia.org\/wiki\/User:LuMaBe\" target=\"_blank\" rel=\"noopener\">LuMaBe<\/a>.<\/em><\/p>\t\t\t\t\t\t\t\t<\/div>\n\t\t\t\t<\/div>\n\t\t\t\t<\/div>\n\t\t<div class=\"elementor-element elementor-element-eb78187 e-con-full e-flex e-con e-child\" data-id=\"eb78187\" data-element_type=\"container\">\n\t\t\t\t<div class=\"elementor-element elementor-element-c3ad5b9 elementor-widget elementor-widget-image\" data-id=\"c3ad5b9\" data-element_type=\"widget\" data-widget_type=\"image.default\">\n\t\t\t\t<div class=\"elementor-widget-container\">\n\t\t\t\t\t\t\t\t\t\t\t\t\t\t\t<img loading=\"lazy\" decoding=\"async\" width=\"800\" height=\"533\" src=\"https:\/\/belvederepalace.wientickets.org\/wp-content\/uploads\/2026\/01\/privy-garden-belvedere-1024x682.webp\" class=\"attachment-large size-large wp-image-1589\" alt=\"Il Giardino Segreto (Kammergarten)\" srcset=\"https:\/\/belvederepalace.wientickets.org\/wp-content\/uploads\/2026\/01\/privy-garden-belvedere-1024x682.webp 1024w, https:\/\/belvederepalace.wientickets.org\/wp-content\/uploads\/2026\/01\/privy-garden-belvedere-300x200.webp 300w, https:\/\/belvederepalace.wientickets.org\/wp-content\/uploads\/2026\/01\/privy-garden-belvedere-768x511.webp 768w, https:\/\/belvederepalace.wientickets.org\/wp-content\/uploads\/2026\/01\/privy-garden-belvedere.webp 1280w\" sizes=\"(max-width: 800px) 100vw, 800px\" \/>\t\t\t\t\t\t\t\t\t\t\t\t\t\t\t<\/div>\n\t\t\t\t<\/div>\n\t\t\t\t<\/div>\n\t\t\t\t\t<\/div>\n\t\t\t\t<\/div>\n\t\t<div class=\"elementor-element elementor-element-971e950 e-flex e-con-boxed e-con e-parent\" data-id=\"971e950\" data-element_type=\"container\">\n\t\t\t\t\t<div class=\"e-con-inner\">\n\t\t\t\t<div class=\"elementor-element elementor-element-d3326e4 elementor-widget elementor-widget-spacer\" data-id=\"d3326e4\" data-element_type=\"widget\" data-widget_type=\"spacer.default\">\n\t\t\t\t<div class=\"elementor-widget-container\">\n\t\t\t\t\t\t\t<div class=\"elementor-spacer\">\n\t\t\t<div class=\"elementor-spacer-inner\"><\/div>\n\t\t<\/div>\n\t\t\t\t\t\t<\/div>\n\t\t\t\t<\/div>\n\t\t\t\t\t<\/div>\n\t\t\t\t<\/div>\n\t\t<div class=\"elementor-element elementor-element-3f15a3e e-flex e-con-boxed e-con e-parent\" data-id=\"3f15a3e\" data-element_type=\"container\">\n\t\t\t\t\t<div class=\"e-con-inner\">\n\t\t<div class=\"elementor-element elementor-element-71fe2c7 e-con-full e-flex e-con e-child\" data-id=\"71fe2c7\" data-element_type=\"container\">\n\t\t\t\t<div class=\"elementor-element elementor-element-1da742a elementor-widget elementor-widget-image\" data-id=\"1da742a\" data-element_type=\"widget\" data-widget_type=\"image.default\">\n\t\t\t\t<div class=\"elementor-widget-container\">\n\t\t\t\t\t\t\t\t\t\t\t\t\t\t\t<img loading=\"lazy\" decoding=\"async\" width=\"800\" height=\"533\" src=\"https:\/\/belvederepalace.wientickets.org\/wp-content\/uploads\/2026\/01\/b-girls-go-sculpture-by-marusa-sagadin-1024x682.webp\" class=\"attachment-large size-large wp-image-1590\" alt=\"Scultura \u201cB-Girls, go!\u201d di Maru\u0161a Sagadin\" srcset=\"https:\/\/belvederepalace.wientickets.org\/wp-content\/uploads\/2026\/01\/b-girls-go-sculpture-by-marusa-sagadin-1024x682.webp 1024w, https:\/\/belvederepalace.wientickets.org\/wp-content\/uploads\/2026\/01\/b-girls-go-sculpture-by-marusa-sagadin-300x200.webp 300w, https:\/\/belvederepalace.wientickets.org\/wp-content\/uploads\/2026\/01\/b-girls-go-sculpture-by-marusa-sagadin-768x511.webp 768w, https:\/\/belvederepalace.wientickets.org\/wp-content\/uploads\/2026\/01\/b-girls-go-sculpture-by-marusa-sagadin.webp 1280w\" sizes=\"(max-width: 800px) 100vw, 800px\" \/>\t\t\t\t\t\t\t\t\t\t\t\t\t\t\t<\/div>\n\t\t\t\t<\/div>\n\t\t\t\t<\/div>\n\t\t<div class=\"elementor-element elementor-element-ca51b74 e-con-full e-flex e-con e-child\" data-id=\"ca51b74\" data-element_type=\"container\">\n\t\t\t\t<div class=\"elementor-element elementor-element-2843e5f elementor-widget elementor-widget-heading\" data-id=\"2843e5f\" data-element_type=\"widget\" data-widget_type=\"heading.default\">\n\t\t\t\t<div class=\"elementor-widget-container\">\n\t\t\t\t\t<h3 class=\"elementor-heading-title elementor-size-default\">Il Giardino delle Sculture<\/h3>\t\t\t\t<\/div>\n\t\t\t\t<\/div>\n\t\t\t\t<div class=\"elementor-element elementor-element-5ef0a77 elementor-widget elementor-widget-text-editor\" data-id=\"5ef0a77\" data-element_type=\"widget\" data-widget_type=\"text-editor.default\">\n\t\t\t\t<div class=\"elementor-widget-container\">\n\t\t\t\t\t\t\t\t\t<p>Il Giardino delle Sculture si trova nell&#8217;area che circonda il museo Belvedere 21, estendendosi verso le zone esterne del complesso. A differenza delle sculture classiche e mitologiche del giardino barocco, <strong>questo spazio \u00e8 dedicato all&#8217;arte moderna e contemporanea<\/strong>. <\/p><p>Presenta opere di artisti internazionali e locali, come quella di <b>Maru\u0161a Sagadin intitolata \u201cB-Girls, go!\u201d<\/b>, un&#8217;opera di grande formato che reinterpreta un berretto da baseball attraverso un linguaggio che fonde architettura, design e pop art.<\/p><p>Questo giardino realizza una transizione fluida tra l&#8217;eredit\u00e0 storica degli Asburgo e le attuali espressioni artistiche, consolidando il Belvedere come <strong>uno spazio in cui convivono diverse epoche dell&#8217;arte<\/strong>.<\/p><p><em>Foto: &#8220;Marusa Sagadin &#8211; B-Girls, Go!&#8221; di <a style=\"color: #7e0009;\" href=\"https:\/\/commons.wikimedia.org\/wiki\/User:1rhb\" target=\"_blank\" rel=\"noopener\">1rhb<\/a>.<\/em><\/p>\t\t\t\t\t\t\t\t<\/div>\n\t\t\t\t<\/div>\n\t\t\t\t<\/div>\n\t\t\t\t\t<\/div>\n\t\t\t\t<\/div>\n\t\t<div class=\"elementor-element elementor-element-f6979a7 e-flex e-con-boxed e-con e-parent\" data-id=\"f6979a7\" data-element_type=\"container\">\n\t\t\t\t\t<div class=\"e-con-inner\">\n\t\t\t\t<div class=\"elementor-element elementor-element-2bd8a78 elementor-widget elementor-widget-spacer\" data-id=\"2bd8a78\" data-element_type=\"widget\" data-widget_type=\"spacer.default\">\n\t\t\t\t<div class=\"elementor-widget-container\">\n\t\t\t\t\t\t\t<div class=\"elementor-spacer\">\n\t\t\t<div class=\"elementor-spacer-inner\"><\/div>\n\t\t<\/div>\n\t\t\t\t\t\t<\/div>\n\t\t\t\t<\/div>\n\t\t\t\t\t<\/div>\n\t\t\t\t<\/div>\n\t\t<div class=\"elementor-element elementor-element-3dfc763 e-flex e-con-boxed e-con e-parent\" data-id=\"3dfc763\" data-element_type=\"container\">\n\t\t\t\t\t<div class=\"e-con-inner\">\n\t\t<div class=\"elementor-element elementor-element-244e7cc e-con-full e-flex e-con e-child\" data-id=\"244e7cc\" data-element_type=\"container\">\n\t\t\t\t<div class=\"elementor-element elementor-element-7e136ac elementor-widget elementor-widget-heading\" data-id=\"7e136ac\" data-element_type=\"widget\" data-widget_type=\"heading.default\">\n\t\t\t\t<div class=\"elementor-widget-container\">\n\t\t\t\t\t<h3 class=\"elementor-heading-title elementor-size-default\">L'Orto Botanico<\/h3>\t\t\t\t<\/div>\n\t\t\t\t<\/div>\n\t\t\t\t<div class=\"elementor-element elementor-element-b67ffdd elementor-widget elementor-widget-text-editor\" data-id=\"b67ffdd\" data-element_type=\"widget\" data-widget_type=\"text-editor.default\">\n\t\t\t\t<div class=\"elementor-widget-container\">\n\t\t\t\t\t\t\t\t\t<p>L&#8217;Orto Botanico dell&#8217;Universit\u00e0 di Vienna fa parte della cintura verde del complesso. \u00c8 stato <b>fondato nel 1754<\/b> dall&#8217;imperatrice Maria Teresa, l&#8217;unica donna che govern\u00f2 i domini asburgici e una delle sovrane pi\u00f9 influenti della storia europea. <\/p><p>Questo spazio di 8 ettari ospita circa <b>11.500 specie di piante provenienti da tutto il mondo<\/b>. Il giardino svolge funzioni di ricerca, conservazione di specie in via di estinzione ed educazione pubblica. <\/p>\n<p><em>Foto: &#8220;Wien 03 Botanischer Garten 03&#8221; di <a href=\"https:\/\/commons.wikimedia.org\/wiki\/User:Gugerell\" target=\"_blank\" rel=\"noopener\" style=\"color:#7E0009;\">Gugerell<\/a>.<\/em><\/p>\t\t\t\t\t\t\t\t<\/div>\n\t\t\t\t<\/div>\n\t\t\t\t<\/div>\n\t\t<div class=\"elementor-element elementor-element-0a4ae58 e-con-full e-flex e-con e-child\" data-id=\"0a4ae58\" data-element_type=\"container\">\n\t\t\t\t<div class=\"elementor-element elementor-element-75dcdb9 elementor-widget elementor-widget-image\" data-id=\"75dcdb9\" data-element_type=\"widget\" data-widget_type=\"image.default\">\n\t\t\t\t<div class=\"elementor-widget-container\">\n\t\t\t\t\t\t\t\t\t\t\t\t\t\t\t<img loading=\"lazy\" decoding=\"async\" width=\"800\" height=\"450\" src=\"https:\/\/belvederepalace.wientickets.org\/wp-content\/uploads\/2026\/01\/botanical-garden-1024x576.webp\" class=\"attachment-large size-large wp-image-1591\" alt=\"L&#039;Orto Botanico\" srcset=\"https:\/\/belvederepalace.wientickets.org\/wp-content\/uploads\/2026\/01\/botanical-garden-1024x576.webp 1024w, https:\/\/belvederepalace.wientickets.org\/wp-content\/uploads\/2026\/01\/botanical-garden-300x169.webp 300w, https:\/\/belvederepalace.wientickets.org\/wp-content\/uploads\/2026\/01\/botanical-garden-768x432.webp 768w, https:\/\/belvederepalace.wientickets.org\/wp-content\/uploads\/2026\/01\/botanical-garden.webp 1280w\" sizes=\"(max-width: 800px) 100vw, 800px\" \/>\t\t\t\t\t\t\t\t\t\t\t\t\t\t\t<\/div>\n\t\t\t\t<\/div>\n\t\t\t\t<\/div>\n\t\t\t\t\t<\/div>\n\t\t\t\t<\/div>\n\t\t<div class=\"elementor-element elementor-element-64c5eaa e-flex e-con-boxed e-con e-parent\" data-id=\"64c5eaa\" data-element_type=\"container\">\n\t\t\t\t\t<div class=\"e-con-inner\">\n\t\t\t\t<div class=\"elementor-element elementor-element-18be3b3 elementor-widget elementor-widget-spacer\" data-id=\"18be3b3\" data-element_type=\"widget\" data-widget_type=\"spacer.default\">\n\t\t\t\t<div class=\"elementor-widget-container\">\n\t\t\t\t\t\t\t<div class=\"elementor-spacer\">\n\t\t\t<div class=\"elementor-spacer-inner\"><\/div>\n\t\t<\/div>\n\t\t\t\t\t\t<\/div>\n\t\t\t\t<\/div>\n\t\t\t\t\t<\/div>\n\t\t\t\t<\/div>\n\t\t<div class=\"elementor-element elementor-element-0b8ea8c e-flex e-con-boxed e-con e-parent\" data-id=\"0b8ea8c\" data-element_type=\"container\">\n\t\t\t\t\t<div class=\"e-con-inner\">\n\t\t<div class=\"elementor-element elementor-element-dea278d e-con-full e-flex e-con e-child\" data-id=\"dea278d\" data-element_type=\"container\">\n\t\t\t\t<div class=\"elementor-element elementor-element-5ae38f1 elementor-widget elementor-widget-image\" data-id=\"5ae38f1\" data-element_type=\"widget\" data-widget_type=\"image.default\">\n\t\t\t\t<div class=\"elementor-widget-container\">\n\t\t\t\t\t\t\t\t\t\t\t\t\t\t\t<img loading=\"lazy\" decoding=\"async\" width=\"800\" height=\"573\" src=\"https:\/\/belvederepalace.wientickets.org\/wp-content\/uploads\/2026\/01\/alpine-garden-1024x734.webp\" class=\"attachment-large size-large wp-image-1592\" alt=\"Il Giardino Alpino\" srcset=\"https:\/\/belvederepalace.wientickets.org\/wp-content\/uploads\/2026\/01\/alpine-garden-1024x734.webp 1024w, https:\/\/belvederepalace.wientickets.org\/wp-content\/uploads\/2026\/01\/alpine-garden-300x215.webp 300w, https:\/\/belvederepalace.wientickets.org\/wp-content\/uploads\/2026\/01\/alpine-garden-768x550.webp 768w, https:\/\/belvederepalace.wientickets.org\/wp-content\/uploads\/2026\/01\/alpine-garden.webp 1280w\" sizes=\"(max-width: 800px) 100vw, 800px\" \/>\t\t\t\t\t\t\t\t\t\t\t\t\t\t\t<\/div>\n\t\t\t\t<\/div>\n\t\t\t\t<\/div>\n\t\t<div class=\"elementor-element elementor-element-9ea6023 e-con-full e-flex e-con e-child\" data-id=\"9ea6023\" data-element_type=\"container\">\n\t\t\t\t<div class=\"elementor-element elementor-element-a994c1e elementor-widget elementor-widget-heading\" data-id=\"a994c1e\" data-element_type=\"widget\" data-widget_type=\"heading.default\">\n\t\t\t\t<div class=\"elementor-widget-container\">\n\t\t\t\t\t<h3 class=\"elementor-heading-title elementor-size-default\">Il Giardino Alpino<\/h3>\t\t\t\t<\/div>\n\t\t\t\t<\/div>\n\t\t\t\t<div class=\"elementor-element elementor-element-0f58730 elementor-widget elementor-widget-text-editor\" data-id=\"0f58730\" data-element_type=\"widget\" data-widget_type=\"text-editor.default\">\n\t\t\t\t<div class=\"elementor-widget-container\">\n\t\t\t\t\t\t\t\t\t<p>Il Giardino Alpino si distingue per essere <strong>uno dei pi\u00f9 antichi giardini botanici specializzati in Europa<\/strong>. Questo settore mira alla conservazione e all&#8217;esposizione della ricca flora delle Alpi, cos\u00ec come di altre regioni montuose del mondo. <\/p><p>A differenza della rigidit\u00e0 geometrica delle aree barocche, questo settore presenta un layout pi\u00f9 organico, con giardini rocciosi e stretti sentieri che consentono un&#8217;osservazione ravvicinata di specie vegetali rare e protette durante i loro periodi di fioritura primaverile. Come abbiamo detto in precedenza, <strong>\u00e8 necessario acquistare un biglietto d&#8217;ingresso per visitarlo<\/strong>. <\/p><p><em>Foto: &#8220;Wien &#8211; Alpengarten, Portal&#8221; di <a style=\"color: #7e0009;\" href=\"https:\/\/commons.wikimedia.org\/wiki\/User:Bwag\" target=\"_blank\" rel=\"noopener\">Bwag<\/a>.<\/em><\/p>\t\t\t\t\t\t\t\t<\/div>\n\t\t\t\t<\/div>\n\t\t\t\t<\/div>\n\t\t\t\t\t<\/div>\n\t\t\t\t<\/div>\n\t\t\t\t<section class=\"elementor-section elementor-top-section elementor-element elementor-element-873768a elementor-section-boxed elementor-section-height-default elementor-section-height-default\" data-id=\"873768a\" data-element_type=\"section\">\n\t\t\t\t\t\t<div class=\"elementor-container elementor-column-gap-default\">\n\t\t\t\t\t<div class=\"elementor-column elementor-col-100 elementor-top-column elementor-element elementor-element-a3161be\" data-id=\"a3161be\" data-element_type=\"column\">\n\t\t\t<div class=\"elementor-widget-wrap elementor-element-populated\">\n\t\t\t\t\t\t<div class=\"elementor-element elementor-element-85b7b34 elementor-widget elementor-widget-heading\" data-id=\"85b7b34\" data-element_type=\"widget\" id=\"visitor\" data-widget_type=\"heading.default\">\n\t\t\t\t<div class=\"elementor-widget-container\">\n\t\t\t\t\t<h2 class=\"elementor-heading-title elementor-size-default\">Informazioni per i visitatori dello Schlossgarten<\/h2>\t\t\t\t<\/div>\n\t\t\t\t<\/div>\n\t\t\t\t<div class=\"elementor-element elementor-element-3975fa3 elementor-widget elementor-widget-text-editor\" data-id=\"3975fa3\" data-element_type=\"widget\" data-widget_type=\"text-editor.default\">\n\t\t\t\t<div class=\"elementor-widget-container\">\n\t\t\t\t\t\t\t\t\t<p>Il Palazzo Belvedere \u00e8 un punto di riferimento essenziale nel 3\u00b0 distretto di Vienna, <strong>accessibile con i mezzi pubblici<\/strong> e a piedi dal centro. Per godere appieno del Belvedere (&#8220;Schlossgarten&#8221;), \u00e8 fondamentale conoscere gli <b>orari di accesso<\/b> e i <b>punti di ingresso<\/b>, poich\u00e9 il complesso ha pi\u00f9 ingressi che si collegano con i diversi giardini ed edifici che fanno parte di questo storico complesso imperiale. <\/p>\t\t\t\t\t\t\t\t<\/div>\n\t\t\t\t<\/div>\n\t\t\t\t\t<\/div>\n\t\t<\/div>\n\t\t\t\t\t<\/div>\n\t\t<\/section>\n\t\t<div class=\"elementor-element elementor-element-96a34b8 e-flex e-con-boxed e-con e-parent\" data-id=\"96a34b8\" data-element_type=\"container\">\n\t\t\t\t\t<div class=\"e-con-inner\">\n\t\t\t\t<div class=\"elementor-element elementor-element-b266f7c e-n-tabs-none elementor-widget elementor-widget-n-tabs\" data-id=\"b266f7c\" data-element_type=\"widget\" data-settings=\"{&quot;tabs_justify_horizontal&quot;:&quot;start&quot;,&quot;horizontal_scroll_mobile&quot;:&quot;enable&quot;,&quot;horizontal_scroll&quot;:&quot;disable&quot;}\" data-widget_type=\"nested-tabs.default\">\n\t\t\t\t<div class=\"elementor-widget-container\">\n\t\t\t\t\t\t\t<div class=\"e-n-tabs\" data-widget-number=\"187068284\" aria-label=\"Schede. Apri gli elementi con Invio o Spazio, chiudili con Esc e naviga con i tasti freccia.\">\n\t\t\t<div class=\"e-n-tabs-heading\" role=\"tablist\">\n\t\t\t\t\t<button id=\"e-n-tab-title-1870682841\" data-tab-title-id=\"e-n-tab-title-1870682841\" class=\"e-n-tab-title\" aria-selected=\"true\" data-tab-index=\"1\" role=\"tab\" tabindex=\"0\" aria-controls=\"e-n-tab-content-1870682841\" style=\"--n-tabs-title-order: 1;\">\n\t\t\t\t\t\t<span class=\"e-n-tab-title-text\">\n\t\t\t\tOrari di apertura dei giardini\t\t\t<\/span>\n\t\t<\/button>\n\t\t\t\t<button id=\"e-n-tab-title-1870682842\" data-tab-title-id=\"e-n-tab-title-1870682842\" class=\"e-n-tab-title\" aria-selected=\"false\" data-tab-index=\"2\" role=\"tab\" tabindex=\"-1\" aria-controls=\"e-n-tab-content-1870682842\" style=\"--n-tabs-title-order: 2;\">\n\t\t\t\t\t\t<span class=\"e-n-tab-title-text\">\n\t\t\t\tCome arrivare\t\t\t<\/span>\n\t\t<\/button>\n\t\t\t\t<button id=\"e-n-tab-title-1870682843\" data-tab-title-id=\"e-n-tab-title-1870682843\" class=\"e-n-tab-title\" aria-selected=\"false\" data-tab-index=\"3\" role=\"tab\" tabindex=\"-1\" aria-controls=\"e-n-tab-content-1870682843\" style=\"--n-tabs-title-order: 3;\">\n\t\t\t\t\t\t<span class=\"e-n-tab-title-text\">\n\t\t\t\tMappa del complesso\t\t\t<\/span>\n\t\t<\/button>\n\t\t\t\t\t<\/div>\n\t\t\t<div class=\"e-n-tabs-content\">\n\t\t\t\t<div id=\"e-n-tab-content-1870682841\" role=\"tabpanel\" aria-labelledby=\"e-n-tab-title-1870682841\" data-tab-index=\"1\" style=\"--n-tabs-title-order: 1;\" class=\"e-active elementor-element elementor-element-c66e8dc e-flex e-con-boxed e-con e-child\" data-id=\"c66e8dc\" data-element_type=\"container\">\n\t\t\t\t\t<div class=\"e-con-inner\">\n\t\t<div class=\"elementor-element elementor-element-cbe1937 e-flex e-con-boxed e-con e-child\" data-id=\"cbe1937\" data-element_type=\"container\">\n\t\t\t\t\t<div class=\"e-con-inner\">\n\t\t<div class=\"elementor-element elementor-element-a078895 e-con-full e-flex e-con e-child\" data-id=\"a078895\" data-element_type=\"container\">\n\t\t\t\t<div class=\"elementor-element elementor-element-231c4c9 elementor-widget elementor-widget-image\" data-id=\"231c4c9\" data-element_type=\"widget\" data-widget_type=\"image.default\">\n\t\t\t\t<div class=\"elementor-widget-container\">\n\t\t\t\t\t\t\t\t\t\t\t\t\t\t\t<img loading=\"lazy\" decoding=\"async\" width=\"800\" height=\"536\" src=\"https:\/\/belvederepalace.wientickets.org\/wp-content\/uploads\/2025\/12\/belvedere-palace-garden-1024x686.webp\" class=\"attachment-large size-large wp-image-936\" alt=\"Giardino del Palazzo del Belvedere\" srcset=\"https:\/\/belvederepalace.wientickets.org\/wp-content\/uploads\/2025\/12\/belvedere-palace-garden-1024x686.webp 1024w, https:\/\/belvederepalace.wientickets.org\/wp-content\/uploads\/2025\/12\/belvedere-palace-garden-300x201.webp 300w, https:\/\/belvederepalace.wientickets.org\/wp-content\/uploads\/2025\/12\/belvedere-palace-garden-768x514.webp 768w, https:\/\/belvederepalace.wientickets.org\/wp-content\/uploads\/2025\/12\/belvedere-palace-garden.webp 1280w\" sizes=\"(max-width: 800px) 100vw, 800px\" \/>\t\t\t\t\t\t\t\t\t\t\t\t\t\t\t<\/div>\n\t\t\t\t<\/div>\n\t\t\t\t<\/div>\n\t\t<div class=\"elementor-element elementor-element-5c8d23b e-con-full e-flex e-con e-child\" data-id=\"5c8d23b\" data-element_type=\"container\">\n\t\t\t\t<div class=\"elementor-element elementor-element-59940c4 elementor-widget elementor-widget-heading\" data-id=\"59940c4\" data-element_type=\"widget\" data-widget_type=\"heading.default\">\n\t\t\t\t<div class=\"elementor-widget-container\">\n\t\t\t\t\t<h3 class=\"elementor-heading-title elementor-size-default\">Orari di apertura dei giardini<\/h3>\t\t\t\t<\/div>\n\t\t\t\t<\/div>\n\t\t\t\t<div class=\"elementor-element elementor-element-e9714dd elementor-widget elementor-widget-text-editor\" data-id=\"e9714dd\" data-element_type=\"widget\" data-widget_type=\"text-editor.default\">\n\t\t\t\t<div class=\"elementor-widget-container\">\n\t\t\t\t\t\t\t\t\t<p>Gli orari di apertura dei giardini variano a seconda dello spazio e della stagione dell&#8217;anno. Questi sono gli orari ufficiali per ciascuno dei giardini: <\/p><ul><li><strong>Giardini del Palazzo:<\/strong> Gli orari variano in base alle ore di luce, generalmente aprendo alle 06:30 o alle 07:00 e chiudendo tra le 18:00 (inverno) e le 21:00 (estate).<\/li><li><strong>Giardino Segreto:<\/strong> Aperto tutti i giorni dalle 10:00 alle 18:00.<\/li><li><strong>Giardino delle Sculture:<\/strong> L&#8217;accesso alle sculture esterne segue l&#8217;orario del museo Belvedere 21, aperto dal marted\u00ec alla domenica dalle 11:00 alle 18:00 (il gioved\u00ec fino alle 21:00) e rimane chiuso il luned\u00ec. <span style=\"text-decoration: underline;\">Attualmente \u00e8 chiuso fino al 15 aprile 2026<\/span>.<\/li><li><strong>Orto Botanico:<\/strong> Aperto tutti i giorni a partire dalle 10:00. La chiusura varia a seconda del mese: alle 16:00 (novembre-gennaio), alle 17:00 (febbraio, marzo e ottobre), alle 18:00 (da aprile a settembre). <\/li><li><strong>Giardino Alpino:<\/strong> Questo giardino \u00e8 stagionale e apre solo durante i mesi di fioritura, da fine marzo a inizio agosto, tutti i giorni dalle 10:00 alle 18:00.<\/li><\/ul>\t\t\t\t\t\t\t\t<\/div>\n\t\t\t\t<\/div>\n\t\t\t\t<\/div>\n\t\t\t\t\t<\/div>\n\t\t\t\t<\/div>\n\t\t\t\t\t<\/div>\n\t\t\t\t<\/div>\n\t\t<div id=\"e-n-tab-content-1870682842\" role=\"tabpanel\" aria-labelledby=\"e-n-tab-title-1870682842\" data-tab-index=\"2\" style=\"--n-tabs-title-order: 2;\" class=\" elementor-element elementor-element-05af9bd e-flex e-con-boxed e-con e-child\" data-id=\"05af9bd\" data-element_type=\"container\">\n\t\t\t\t\t<div class=\"e-con-inner\">\n\t\t<div class=\"elementor-element elementor-element-ac36fd5 e-con-full e-flex e-con e-child\" data-id=\"ac36fd5\" data-element_type=\"container\">\n\t\t<div class=\"elementor-element elementor-element-9fcf706 e-con-full e-flex e-con e-child\" data-id=\"9fcf706\" data-element_type=\"container\">\n\t\t\t\t<div class=\"elementor-element elementor-element-8bda4ce elementor-widget elementor-widget-image\" data-id=\"8bda4ce\" data-element_type=\"widget\" data-widget_type=\"image.default\">\n\t\t\t\t<div class=\"elementor-widget-container\">\n\t\t\t\t\t\t\t\t\t\t\t\t\t\t\t<img loading=\"lazy\" decoding=\"async\" width=\"800\" height=\"564\" src=\"https:\/\/belvederepalace.wientickets.org\/wp-content\/uploads\/2026\/01\/tram-stop-schloss-belvedere-1024x722.webp\" class=\"attachment-large size-large wp-image-1593\" alt=\"Fermata del tram Schloss Belvedere\" srcset=\"https:\/\/belvederepalace.wientickets.org\/wp-content\/uploads\/2026\/01\/tram-stop-schloss-belvedere-1024x722.webp 1024w, https:\/\/belvederepalace.wientickets.org\/wp-content\/uploads\/2026\/01\/tram-stop-schloss-belvedere-300x211.webp 300w, https:\/\/belvederepalace.wientickets.org\/wp-content\/uploads\/2026\/01\/tram-stop-schloss-belvedere-768x541.webp 768w, https:\/\/belvederepalace.wientickets.org\/wp-content\/uploads\/2026\/01\/tram-stop-schloss-belvedere.webp 1280w\" sizes=\"(max-width: 800px) 100vw, 800px\" \/>\t\t\t\t\t\t\t\t\t\t\t\t\t\t\t<\/div>\n\t\t\t\t<\/div>\n\t\t\t\t<\/div>\n\t\t<div class=\"elementor-element elementor-element-1d42fb9 e-con-full e-flex e-con e-child\" data-id=\"1d42fb9\" data-element_type=\"container\">\n\t\t\t\t<div class=\"elementor-element elementor-element-898aa3b elementor-widget elementor-widget-heading\" data-id=\"898aa3b\" data-element_type=\"widget\" data-widget_type=\"heading.default\">\n\t\t\t\t<div class=\"elementor-widget-container\">\n\t\t\t\t\t<h3 class=\"elementor-heading-title elementor-size-default\">Come arrivare<\/h3>\t\t\t\t<\/div>\n\t\t\t\t<\/div>\n\t\t\t\t<div class=\"elementor-element elementor-element-36fecb0 elementor-widget elementor-widget-text-editor\" data-id=\"36fecb0\" data-element_type=\"widget\" data-widget_type=\"text-editor.default\">\n\t\t\t\t<div class=\"elementor-widget-container\">\n\t\t\t\t\t\t\t\t\t<p>L&#8217;accesso ai giardini del Belvedere a Vienna \u00e8 semplice tramite la rete di trasporto urbano:<\/p><ul><li><strong>Tram:<\/strong> Questa \u00e8 l&#8217;opzione pi\u00f9 vicina. Per entrare attraverso il Belvedere Superiore (Ingresso Superiore), prendi la linea D e scendi alla fermata Schloss Belvedere. Puoi anche utilizzare le linee 18 o O, scendendo alla fermata Quartier Belvedere. Per entrare attraverso il Belvedere Inferiore (Ingresso Inferiore), si consiglia di utilizzare la linea 71, in particolare alla fermata Unteres Belvedere.   <\/li><li><strong>Metro:<\/strong> Linea U1 (Rossa). La tua stazione di destinazione dovrebbe essere Hauptbahnhof (Stazione Centrale). Da l\u00ec, dovrai camminare per circa 15 minuti fino al Belvedere Superiore o trasferirti al tram della linea D.  <\/li><li><strong>Autobus:<\/strong> Linea 13A. La fermata dovrebbe essere Mommsengasse e, da l\u00ec, devi camminare fino all&#8217;ingresso del Belvedere Superiore. <\/li><\/ul><p><em>Foto: &#8220;Tram stop Schloss Belvedere, Vienna&#8221; di <a style=\"color: #7e0009;\" href=\"https:\/\/commons.wikimedia.org\/wiki\/User:Herzi_Pinki\" target=\"_blank\" rel=\"noopener\">Herzi Pinki<\/a>.<\/em><\/p>\t\t\t\t\t\t\t\t<\/div>\n\t\t\t\t<\/div>\n\t\t\t\t<div class=\"elementor-element elementor-element-a6cd955 link-secundary elementor-widget elementor-widget-text-editor\" data-id=\"a6cd955\" data-element_type=\"widget\" data-widget_type=\"text-editor.default\">\n\t\t\t\t<div class=\"elementor-widget-container\">\n\t\t\t\t\t\t\t\t\t<p><a href=\"https:\/\/belvederepalace.wientickets.org\/it\/posizione-del-palazzo-belvedere\/\">Come arrivare al Palazzo Belvedere a Vienna &gt;<\/a><\/p>\t\t\t\t\t\t\t\t<\/div>\n\t\t\t\t<\/div>\n\t\t\t\t<\/div>\n\t\t\t\t<\/div>\n\t\t\t\t\t<\/div>\n\t\t\t\t<\/div>\n\t\t<div id=\"e-n-tab-content-1870682843\" role=\"tabpanel\" aria-labelledby=\"e-n-tab-title-1870682843\" data-tab-index=\"3\" style=\"--n-tabs-title-order: 3;\" class=\" elementor-element elementor-element-17d34c6 e-flex e-con-boxed e-con e-child\" data-id=\"17d34c6\" data-element_type=\"container\">\n\t\t\t\t\t<div class=\"e-con-inner\">\n\t\t<div class=\"elementor-element elementor-element-51747dc e-con-full e-flex e-con e-child\" data-id=\"51747dc\" data-element_type=\"container\">\n\t\t<div class=\"elementor-element elementor-element-59f49c3 e-con-full e-flex e-con e-child\" data-id=\"59f49c3\" data-element_type=\"container\">\n\t\t\t\t<div class=\"elementor-element elementor-element-b6d25fd elementor-widget elementor-widget-image\" data-id=\"b6d25fd\" data-element_type=\"widget\" data-widget_type=\"image.default\">\n\t\t\t\t<div class=\"elementor-widget-container\">\n\t\t\t\t\t\t\t\t\t\t\t\t\t\t\t<img loading=\"lazy\" decoding=\"async\" width=\"800\" height=\"799\" src=\"https:\/\/belvederepalace.wientickets.org\/wp-content\/uploads\/2025\/11\/belvedere-map-entrances.jpg\" class=\"attachment-full size-full wp-image-655\" alt=\"Mappa del Belvedere con ingressi\" srcset=\"https:\/\/belvederepalace.wientickets.org\/wp-content\/uploads\/2025\/11\/belvedere-map-entrances.jpg 800w, https:\/\/belvederepalace.wientickets.org\/wp-content\/uploads\/2025\/11\/belvedere-map-entrances-300x300.jpg 300w, https:\/\/belvederepalace.wientickets.org\/wp-content\/uploads\/2025\/11\/belvedere-map-entrances-150x150.jpg 150w, https:\/\/belvederepalace.wientickets.org\/wp-content\/uploads\/2025\/11\/belvedere-map-entrances-768x767.jpg 768w\" sizes=\"(max-width: 800px) 100vw, 800px\" \/>\t\t\t\t\t\t\t\t\t\t\t\t\t\t\t<\/div>\n\t\t\t\t<\/div>\n\t\t\t\t<\/div>\n\t\t<div class=\"elementor-element elementor-element-ce893da e-con-full e-flex e-con e-child\" data-id=\"ce893da\" data-element_type=\"container\">\n\t\t\t\t<div class=\"elementor-element elementor-element-674bbbd elementor-widget elementor-widget-heading\" data-id=\"674bbbd\" data-element_type=\"widget\" data-widget_type=\"heading.default\">\n\t\t\t\t<div class=\"elementor-widget-container\">\n\t\t\t\t\t<h3 class=\"elementor-heading-title elementor-size-default\">Mappa del complesso<\/h3>\t\t\t\t<\/div>\n\t\t\t\t<\/div>\n\t\t\t\t<div class=\"elementor-element elementor-element-ce19c21 elementor-widget elementor-widget-text-editor\" data-id=\"ce19c21\" data-element_type=\"widget\" data-widget_type=\"text-editor.default\">\n\t\t\t\t<div class=\"elementor-widget-container\">\n\t\t\t\t\t\t\t\t\t<p>Il sistema di giardini del Palazzo Belvedere si trova al centro di un importante asse culturale:<\/p><ul><li>Il Belvedere Superiore occupa l&#8217;estremit\u00e0 meridionale e il <a style=\"color: #7e0009;\" href=\"https:\/\/belvederepalace.wientickets.org\/it\/palazzo-del-belvedere-inferiore\/\">Belvedere Inferiore<\/a> definisce il confine settentrionale.<\/li><li>L&#8217;Orto Botanico dell&#8217;Universit\u00e0 di Vienna confina con il complesso a ovest, offrendo una vasta collezione di diverse specie vegetali.<\/li><li>Il museo di arte contemporanea Belvedere 21 si trova a sud-est e presenta un giardino di sculture dedicato all&#8217;interno dei suoi spazi esterni.<\/li><\/ul><p>Una rete di sentieri simmetrici collega questi vari siti, creando un flusso continuo tra l&#8217;architettura barocca storica e il design del XX secolo. Questo layout strategico facilita un tour completo di pi\u00f9 punti di riferimento culturali all&#8217;interno di un unico complesso integrato. <\/p>\t\t\t\t\t\t\t\t<\/div>\n\t\t\t\t<\/div>\n\t\t\t\t<div class=\"elementor-element elementor-element-d9af680 link-secundary elementor-widget elementor-widget-text-editor\" data-id=\"d9af680\" data-element_type=\"widget\" data-widget_type=\"text-editor.default\">\n\t\t\t\t<div class=\"elementor-widget-container\">\n\t\t\t\t\t\t\t\t\t<p><a href=\"https:\/\/belvederepalace.wientickets.org\/it\/mappa-del-palazzo-belvedere\/\">Mappa del Palazzo del Belvedere &gt;<\/a><\/p>\t\t\t\t\t\t\t\t<\/div>\n\t\t\t\t<\/div>\n\t\t\t\t<\/div>\n\t\t\t\t<\/div>\n\t\t\t\t\t<\/div>\n\t\t\t\t<\/div>\n\t\t\t\t\t<\/div>\n\t\t<\/div>\n\t\t\t\t\t\t<\/div>\n\t\t\t\t<\/div>\n\t\t\t\t\t<\/div>\n\t\t\t\t<\/div>\n\t\t\t\t<section class=\"elementor-section elementor-top-section elementor-element elementor-element-817d633 elementor-section-boxed elementor-section-height-default elementor-section-height-default\" data-id=\"817d633\" data-element_type=\"section\">\n\t\t\t\t\t\t<div class=\"elementor-container elementor-column-gap-default\">\n\t\t\t\t\t<div class=\"elementor-column elementor-col-100 elementor-top-column elementor-element elementor-element-513e49f\" data-id=\"513e49f\" data-element_type=\"column\">\n\t\t\t<div class=\"elementor-widget-wrap elementor-element-populated\">\n\t\t\t\t\t\t<div class=\"elementor-element elementor-element-c3993a2 elementor-widget elementor-widget-heading\" data-id=\"c3993a2\" data-element_type=\"widget\" id=\"near\" data-widget_type=\"heading.default\">\n\t\t\t\t<div class=\"elementor-widget-container\">\n\t\t\t\t\t<h2 class=\"elementor-heading-title elementor-size-default\">Cos'altro c'\u00e8 vicino ai giardini?<\/h2>\t\t\t\t<\/div>\n\t\t\t\t<\/div>\n\t\t\t\t<div class=\"elementor-element elementor-element-3ace295 elementor-widget elementor-widget-text-editor\" data-id=\"3ace295\" data-element_type=\"widget\" data-widget_type=\"text-editor.default\">\n\t\t\t\t<div class=\"elementor-widget-container\">\n\t\t\t\t\t\t\t\t\t<p>I giardini del Palazzo del Belvedere fungono da collegamento fisico tra i <b>due grandi edifici del complesso: il Belvedere Superiore e il <\/b><a href=\"https:\/\/belvederepalace.wientickets.org\/it\/palazzo-del-belvedere-inferiore\/\" rel=\"noopener\"><strong>Belvedere Inferiore<\/strong><\/a>. Mentre l&#8217;accesso alla maggior parte delle aree verdi \u00e8 gratuito, l&#8217;ingresso all&#8217;interno di entrambi i palazzi e al Giardino Alpino richiede il pagamento di un biglietto specifico. Oggi questi edifici funzionano come musei che ospitano collezioni dal Medioevo all&#8217;arte contemporanea.<\/p><p>La vicinanza tra questi punti e i vari giardini ti permette di alternare una passeggiata nella natura con l&#8217;osservazione di capolavori dell&#8217;arte europea. \u00c8 importante sottolineare che <b>i palazzi sono musei a pagamento<\/b>, quindi ti consigliamo di pianificare la visita se si desidera accedere alle gallerie interne di questi due grandi edifici: <\/p>\t\t\t\t\t\t\t\t<\/div>\n\t\t\t\t<\/div>\n\t\t\t\t\t<\/div>\n\t\t<\/div>\n\t\t\t\t\t<\/div>\n\t\t<\/section>\n\t\t\t\t<section class=\"elementor-section elementor-top-section elementor-element elementor-element-001d78d elementor-section-boxed elementor-section-height-default elementor-section-height-default\" data-id=\"001d78d\" data-element_type=\"section\">\n\t\t\t\t\t\t<div class=\"elementor-container elementor-column-gap-default\">\n\t\t\t\t\t<div class=\"elementor-column elementor-col-50 elementor-top-column elementor-element elementor-element-880309b\" data-id=\"880309b\" data-element_type=\"column\">\n\t\t\t<div class=\"elementor-widget-wrap elementor-element-populated\">\n\t\t\t\t\t\t<div class=\"elementor-element elementor-element-6caafbc elementor-widget elementor-widget-image\" data-id=\"6caafbc\" data-element_type=\"widget\" data-widget_type=\"image.default\">\n\t\t\t\t<div class=\"elementor-widget-container\">\n\t\t\t\t\t\t\t\t\t\t\t\t\t\t\t<img loading=\"lazy\" decoding=\"async\" width=\"600\" height=\"400\" src=\"https:\/\/belvederepalace.wientickets.org\/wp-content\/uploads\/2025\/10\/belvedere-palace-vienna-austria-1.webp\" class=\"attachment-medium_large size-medium_large wp-image-449\" alt=\"Palazzo Belvedere Superiore\" srcset=\"https:\/\/belvederepalace.wientickets.org\/wp-content\/uploads\/2025\/10\/belvedere-palace-vienna-austria-1.webp 600w, https:\/\/belvederepalace.wientickets.org\/wp-content\/uploads\/2025\/10\/belvedere-palace-vienna-austria-1-300x200.webp 300w\" sizes=\"(max-width: 600px) 100vw, 600px\" \/>\t\t\t\t\t\t\t\t\t\t\t\t\t\t\t<\/div>\n\t\t\t\t<\/div>\n\t\t\t\t<div class=\"elementor-element elementor-element-7f48423 elementor-widget elementor-widget-spacer\" data-id=\"7f48423\" data-element_type=\"widget\" data-widget_type=\"spacer.default\">\n\t\t\t\t<div class=\"elementor-widget-container\">\n\t\t\t\t\t\t\t<div class=\"elementor-spacer\">\n\t\t\t<div class=\"elementor-spacer-inner\"><\/div>\n\t\t<\/div>\n\t\t\t\t\t\t<\/div>\n\t\t\t\t<\/div>\n\t\t\t\t<div class=\"elementor-element elementor-element-c8a8305 elementor-widget elementor-widget-heading\" data-id=\"c8a8305\" data-element_type=\"widget\" data-widget_type=\"heading.default\">\n\t\t\t\t<div class=\"elementor-widget-container\">\n\t\t\t\t\t<h3 class=\"elementor-heading-title elementor-size-default\">Belvedere superiore<\/h3>\t\t\t\t<\/div>\n\t\t\t\t<\/div>\n\t\t\t\t<div class=\"elementor-element elementor-element-43f949c elementor-widget elementor-widget-text-editor\" data-id=\"43f949c\" data-element_type=\"widget\" data-widget_type=\"text-editor.default\">\n\t\t\t\t<div class=\"elementor-widget-container\">\n\t\t\t\t\t\t\t\t\t<p>Il Belvedere Superiore si trova all&#8217;estremit\u00e0 meridionale del complesso. Questo edificio ospita la pi\u00f9 importante collezione permanente del museo, mettendo in evidenza l&#8217;arte austriaca dal XIX secolo ai giorni nostri. All&#8217;interno sono esposte opere iconiche del modernismo viennese. Le sale conservano la loro decorazione barocca originale, tra cui la Sala di Marmo, uno spazio di grande rilevanza storica per la nazione austriaca.   <\/p>\t\t\t\t\t\t\t\t<\/div>\n\t\t\t\t<\/div>\n\t\t\t\t\t<\/div>\n\t\t<\/div>\n\t\t\t\t<div class=\"elementor-column elementor-col-50 elementor-top-column elementor-element elementor-element-f6047ef\" data-id=\"f6047ef\" data-element_type=\"column\">\n\t\t\t<div class=\"elementor-widget-wrap elementor-element-populated\">\n\t\t\t\t\t\t<div class=\"elementor-element elementor-element-30584d0 elementor-widget elementor-widget-image\" data-id=\"30584d0\" data-element_type=\"widget\" data-widget_type=\"image.default\">\n\t\t\t\t<div class=\"elementor-widget-container\">\n\t\t\t\t\t\t\t\t\t\t\t\t\t\t\t<img loading=\"lazy\" decoding=\"async\" width=\"768\" height=\"394\" src=\"https:\/\/belvederepalace.wientickets.org\/wp-content\/uploads\/2025\/11\/lower-belvedere-768x394.webp\" class=\"attachment-medium_large size-medium_large wp-image-626\" alt=\"Belvedere Inferiore\" srcset=\"https:\/\/belvederepalace.wientickets.org\/wp-content\/uploads\/2025\/11\/lower-belvedere-768x394.webp 768w, https:\/\/belvederepalace.wientickets.org\/wp-content\/uploads\/2025\/11\/lower-belvedere-300x154.webp 300w, https:\/\/belvederepalace.wientickets.org\/wp-content\/uploads\/2025\/11\/lower-belvedere-1024x525.webp 1024w, https:\/\/belvederepalace.wientickets.org\/wp-content\/uploads\/2025\/11\/lower-belvedere.webp 1300w\" sizes=\"(max-width: 768px) 100vw, 768px\" \/>\t\t\t\t\t\t\t\t\t\t\t\t\t\t\t<\/div>\n\t\t\t\t<\/div>\n\t\t\t\t<div class=\"elementor-element elementor-element-2bd9acc elementor-widget elementor-widget-spacer\" data-id=\"2bd9acc\" data-element_type=\"widget\" data-widget_type=\"spacer.default\">\n\t\t\t\t<div class=\"elementor-widget-container\">\n\t\t\t\t\t\t\t<div class=\"elementor-spacer\">\n\t\t\t<div class=\"elementor-spacer-inner\"><\/div>\n\t\t<\/div>\n\t\t\t\t\t\t<\/div>\n\t\t\t\t<\/div>\n\t\t\t\t<div class=\"elementor-element elementor-element-10df0fa elementor-widget elementor-widget-heading\" data-id=\"10df0fa\" data-element_type=\"widget\" data-widget_type=\"heading.default\">\n\t\t\t\t<div class=\"elementor-widget-container\">\n\t\t\t\t\t<h3 class=\"elementor-heading-title elementor-size-default\">Belvedere Inferiore<\/h3>\t\t\t\t<\/div>\n\t\t\t\t<\/div>\n\t\t\t\t<div class=\"elementor-element elementor-element-510bf4e elementor-widget elementor-widget-text-editor\" data-id=\"510bf4e\" data-element_type=\"widget\" data-widget_type=\"text-editor.default\">\n\t\t\t\t<div class=\"elementor-widget-container\">\n\t\t\t\t\t\t\t\t\tIl <a href=\"https:\/\/belvederepalace.wientickets.org\/it\/palazzo-del-belvedere-inferiore\/\" style=\"color:#7E0009;\">Belvedere Inferiore<\/a> si trova alla base del versante settentrionale del complesso. Questo palazzo \u00e8 principalmente dedicato a mostre temporanee di alta qualit\u00e0 che esplorano vari periodi dell&#8217;arte internazionale. I visitatori possono visitare sale storiche di carattere privato, come la Galleria di Marmo e la Sala degli Specchi. L&#8217;edificio si collega anche con l&#8217;Orangerie e il Giardino Privato, offrendo un&#8217;esperienza pi\u00f9 intima della vita di corte.\n\t\t\t\t\t\t\t\t<\/div>\n\t\t\t\t<\/div>\n\t\t\t\t\t<\/div>\n\t\t<\/div>\n\t\t\t\t\t<\/div>\n\t\t<\/section>\n\t\t<div class=\"elementor-element elementor-element-a3e3e37 e-flex e-con-boxed e-con e-parent\" data-id=\"a3e3e37\" data-element_type=\"container\">\n\t\t\t\t\t<div class=\"e-con-inner\">\n\t\t\t\t<div class=\"elementor-element elementor-element-dba3783 elementor-widget elementor-widget-heading\" data-id=\"dba3783\" data-element_type=\"widget\" id=\"history\" data-widget_type=\"heading.default\">\n\t\t\t\t<div class=\"elementor-widget-container\">\n\t\t\t\t\t<h2 class=\"elementor-heading-title elementor-size-default\">Contesto storico: cosa \u00e8 utile sapere prima di visitare?<\/h2>\t\t\t\t<\/div>\n\t\t\t\t<\/div>\n\t\t\t\t\t<\/div>\n\t\t\t\t<\/div>\n\t\t<div class=\"elementor-element elementor-element-c0652b5 e-flex e-con-boxed e-con e-parent\" data-id=\"c0652b5\" data-element_type=\"container\">\n\t\t\t\t\t<div class=\"e-con-inner\">\n\t\t<div class=\"elementor-element elementor-element-04fc408 e-con-full e-flex e-con e-child\" data-id=\"04fc408\" data-element_type=\"container\">\n\t\t\t\t<div class=\"elementor-element elementor-element-eb70d92 elementor-widget elementor-widget-text-editor\" data-id=\"eb70d92\" data-element_type=\"widget\" data-widget_type=\"text-editor.default\">\n\t\t\t\t<div class=\"elementor-widget-container\">\n\t\t\t\t\t\t\t\t\t<p>La costruzione del palazzo e dei giardini del Belvedere inizi\u00f2 all&#8217;inizio del XVIII secolo su commissione del <strong>Principe Eugenio di Savoia<\/strong> che, come abbiamo detto in precedenza, fu un leader militare di successo del Sacro Romano Impero. A seguito delle sue vittorie militari, il principe decise di creare una residenza estiva che riflettesse il suo status. <\/p><p><strong>L&#8217;architetto Johann Lukas von Hildebrandt progett\u00f2 gli edifici<\/strong>, mentre <strong>Dominique Girard<\/strong>, un discepolo di Andr\u00e9 Le N\u00f4tre, <strong>fu incaricato del paesaggio<\/strong>. L&#8217;esecuzione di questi giardini fu un&#8217;opera di ingegneria massiccia che trasform\u00f2 una collina alla periferia della citt\u00e0 in un complesso palaziale di riferimento mondiale. <\/p><p>Il <strong>Belvedere Inferiore<\/strong> fu completato nel <strong>1716<\/strong> per servire come residenza principale. Successivamente, nel <strong>1724<\/strong>, fu terminato il <strong>Belvedere Superiore<\/strong>, concepito come galleria d&#8217;arte e spazio di ricevimento. Il nome &#8220;Belvedere&#8221;, che significa &#8220;bella vista&#8221;, si consolid\u00f2 dopo la morte del principe nel 1736.  <\/p><p><b>L&#8217;imperatrice Maria Teresa<\/b> acquis\u00ec la propriet\u00e0 nel 1752 e, sotto il dominio degli Asburgo, il Belvedere Superiore fu trasformato in uno dei primi musei pubblici al mondo nel 1781. L&#8217;intenzione era quella di democratizzare l&#8217;accesso alle collezioni reali, un concetto rivoluzionario per l&#8217;epoca. <\/p><p>Il livello inferiore dei giardini rappresenta il dominio dei quattro elementi; il livello intermedio simboleggia il Parnaso e il livello superiore \u00e8 dedicato all&#8217;Olimpo. Questa struttura gerarchica cercava di esaltare la figura del Principe Eugenio come uomo di cultura e ordine. Le fontane, le cascate e le statue fanno parte di una <strong>narrazione che celebra il trionfo della civilt\u00e0 sul caos<\/strong>, un tema ricorrente nell&#8217;arte barocca.  <\/p>\t\t\t\t\t\t\t\t<\/div>\n\t\t\t\t<\/div>\n\t\t\t\t<\/div>\n\t\t<div class=\"elementor-element elementor-element-2f1cafd e-con-full e-flex e-con e-child\" data-id=\"2f1cafd\" data-element_type=\"container\">\n\t\t\t\t<div class=\"elementor-element elementor-element-86d5970 elementor-widget elementor-widget-image\" data-id=\"86d5970\" data-element_type=\"widget\" data-widget_type=\"image.default\">\n\t\t\t\t<div class=\"elementor-widget-container\">\n\t\t\t\t\t\t\t\t\t\t\t\t\t\t\t<img loading=\"lazy\" decoding=\"async\" width=\"768\" height=\"940\" src=\"https:\/\/belvederepalace.wientickets.org\/wp-content\/uploads\/2025\/12\/eugene-of-savoy-768x940.jpeg\" class=\"attachment-medium_large size-medium_large wp-image-1244\" alt=\"Principe Eugenio di Savoia\" srcset=\"https:\/\/belvederepalace.wientickets.org\/wp-content\/uploads\/2025\/12\/eugene-of-savoy-768x940.jpeg 768w, https:\/\/belvederepalace.wientickets.org\/wp-content\/uploads\/2025\/12\/eugene-of-savoy-245x300.jpeg 245w, https:\/\/belvederepalace.wientickets.org\/wp-content\/uploads\/2025\/12\/eugene-of-savoy.jpeg 837w\" sizes=\"(max-width: 768px) 100vw, 768px\" \/>\t\t\t\t\t\t\t\t\t\t\t\t\t\t\t<\/div>\n\t\t\t\t<\/div>\n\t\t\t\t<\/div>\n\t\t\t\t\t<\/div>\n\t\t\t\t<\/div>\n\t\t<div class=\"elementor-element elementor-element-c4f7a88 e-flex e-con-boxed e-con e-parent\" data-id=\"c4f7a88\" data-element_type=\"container\">\n\t\t\t\t\t<div class=\"e-con-inner\">\n\t\t\t\t<div class=\"elementor-element elementor-element-7b9259e elementor-widget elementor-widget-text-editor\" data-id=\"7b9259e\" data-element_type=\"widget\" data-widget_type=\"text-editor.default\">\n\t\t\t\t<div class=\"elementor-widget-container\">\n\t\t\t\t\t\t\t\t\t<p>Nel corso del XIX e XX secolo, il complesso \u00e8 stato teatro di eventi storici decisivi. Fu la residenza dell&#8217;arciduca Francesco Ferdinando prima del suo assassinio nel 1914. Dopo la caduta della monarchia nel 1918, lo Stato assunse la propriet\u00e0 del sito. Nel 1955, la firma del Trattato di Stato austriaco nel Belvedere Superiore restitu\u00ec l&#8217;indipendenza all&#8217;Austria dopo la seconda guerra mondiale. Comprendere queste pietre miliari permette al visitatore di apprezzare che <b>i giardini del Palazzo Belvedere sono un monumento vivente della storia europea<\/b> e non un semplice parco ornamentale.    <\/p>\t\t\t\t\t\t\t\t<\/div>\n\t\t\t\t<\/div>\n\t\t\t\t\t<\/div>\n\t\t\t\t<\/div>\n\t\t\t\t<section class=\"elementor-section elementor-top-section elementor-element elementor-element-1588da0 elementor-section-boxed elementor-section-height-default elementor-section-height-default\" data-id=\"1588da0\" data-element_type=\"section\">\n\t\t\t\t\t\t<div class=\"elementor-container elementor-column-gap-default\">\n\t\t\t\t\t<div class=\"elementor-column elementor-col-100 elementor-top-column elementor-element elementor-element-1608ef4\" data-id=\"1608ef4\" data-element_type=\"column\">\n\t\t\t<div class=\"elementor-widget-wrap elementor-element-populated\">\n\t\t\t\t\t\t<div class=\"elementor-element elementor-element-79a070f elementor-widget elementor-widget-heading\" data-id=\"79a070f\" data-element_type=\"widget\" id=\"faqs\" data-widget_type=\"heading.default\">\n\t\t\t\t<div class=\"elementor-widget-container\">\n\t\t\t\t\t<h2 class=\"elementor-heading-title elementor-size-default\">Domande frequenti sui Giardini del Belvedere<\/h2>\t\t\t\t<\/div>\n\t\t\t\t<\/div>\n\t\t\t\t\t<\/div>\n\t\t<\/div>\n\t\t\t\t\t<\/div>\n\t\t<\/section>\n\t\t<div class=\"elementor-element elementor-element-7e5861f e-flex e-con-boxed e-con e-parent\" data-id=\"7e5861f\" data-element_type=\"container\">\n\t\t\t\t\t<div class=\"e-con-inner\">\n\t\t\t\t<div class=\"elementor-element elementor-element-e9a1dad elementor-widget elementor-widget-toggle\" data-id=\"e9a1dad\" data-element_type=\"widget\" data-widget_type=\"toggle.default\">\n\t\t\t\t<div class=\"elementor-widget-container\">\n\t\t\t\t\t\t\t<div class=\"elementor-toggle\">\n\t\t\t\t\t\t\t<div class=\"elementor-toggle-item\">\n\t\t\t\t\t<h3 id=\"elementor-tab-title-2441\" class=\"elementor-tab-title\" data-tab=\"1\" role=\"button\" aria-controls=\"elementor-tab-content-2441\" aria-expanded=\"false\">\n\t\t\t\t\t\t\t\t\t\t\t\t<span class=\"elementor-toggle-icon elementor-toggle-icon-left\" aria-hidden=\"true\">\n\t\t\t\t\t\t\t\t\t\t\t\t\t\t\t<span class=\"elementor-toggle-icon-closed\"><svg class=\"e-font-icon-svg e-fas-caret-right\" viewBox=\"0 0 192 512\" xmlns=\"http:\/\/www.w3.org\/2000\/svg\"><path d=\"M0 384.662V127.338c0-17.818 21.543-26.741 34.142-14.142l128.662 128.662c7.81 7.81 7.81 20.474 0 28.284L34.142 398.804C21.543 411.404 0 402.48 0 384.662z\"><\/path><\/svg><\/span>\n\t\t\t\t\t\t\t\t<span class=\"elementor-toggle-icon-opened\"><svg class=\"elementor-toggle-icon-opened e-font-icon-svg e-fas-caret-up\" viewBox=\"0 0 320 512\" xmlns=\"http:\/\/www.w3.org\/2000\/svg\"><path d=\"M288.662 352H31.338c-17.818 0-26.741-21.543-14.142-34.142l128.662-128.662c7.81-7.81 20.474-7.81 28.284 0l128.662 128.662c12.6 12.599 3.676 34.142-14.142 34.142z\"><\/path><\/svg><\/span>\n\t\t\t\t\t\t\t\t\t\t\t\t\t<\/span>\n\t\t\t\t\t\t\t\t\t\t\t\t<a class=\"elementor-toggle-title\" tabindex=\"0\">\u00c8 gratuito visitare il Palazzo Belvedere Superiore o Inferiore?<\/a>\n\t\t\t\t\t<\/h3>\n\n\t\t\t\t\t<div id=\"elementor-tab-content-2441\" class=\"elementor-tab-content elementor-clearfix\" data-tab=\"1\" role=\"region\" aria-labelledby=\"elementor-tab-title-2441\"><p><strong>Non \u00e8 gratuito visitare l&#8217;interno dei palazzi<\/strong>. Sebbene i giardini del Palazzo Belvedere siano effettivamente gratuiti per il pubblico, le gallerie d&#8217;arte che si trovano all&#8217;interno del Belvedere Superiore e Inferiore richiedono l&#8217;<a style=\"color: #7e0009;\" href=\"https:\/\/belvederepalace.wientickets.org\/it\/\">acquisto di biglietti specifici<\/a>.<\/p><\/div>\n\t\t\t\t<\/div>\n\t\t\t\t\t\t\t<div class=\"elementor-toggle-item\">\n\t\t\t\t\t<h3 id=\"elementor-tab-title-2442\" class=\"elementor-tab-title\" data-tab=\"2\" role=\"button\" aria-controls=\"elementor-tab-content-2442\" aria-expanded=\"false\">\n\t\t\t\t\t\t\t\t\t\t\t\t<span class=\"elementor-toggle-icon elementor-toggle-icon-left\" aria-hidden=\"true\">\n\t\t\t\t\t\t\t\t\t\t\t\t\t\t\t<span class=\"elementor-toggle-icon-closed\"><svg class=\"e-font-icon-svg e-fas-caret-right\" viewBox=\"0 0 192 512\" xmlns=\"http:\/\/www.w3.org\/2000\/svg\"><path d=\"M0 384.662V127.338c0-17.818 21.543-26.741 34.142-14.142l128.662 128.662c7.81 7.81 7.81 20.474 0 28.284L34.142 398.804C21.543 411.404 0 402.48 0 384.662z\"><\/path><\/svg><\/span>\n\t\t\t\t\t\t\t\t<span class=\"elementor-toggle-icon-opened\"><svg class=\"elementor-toggle-icon-opened e-font-icon-svg e-fas-caret-up\" viewBox=\"0 0 320 512\" xmlns=\"http:\/\/www.w3.org\/2000\/svg\"><path d=\"M288.662 352H31.338c-17.818 0-26.741-21.543-14.142-34.142l128.662-128.662c7.81-7.81 20.474-7.81 28.284 0l128.662 128.662c12.6 12.599 3.676 34.142-14.142 34.142z\"><\/path><\/svg><\/span>\n\t\t\t\t\t\t\t\t\t\t\t\t\t<\/span>\n\t\t\t\t\t\t\t\t\t\t\t\t<a class=\"elementor-toggle-title\" tabindex=\"0\">Dove si trova \u201cIl Bacio\u201d di Klimt, nel Belvedere Superiore o Inferiore?<\/a>\n\t\t\t\t\t<\/h3>\n\n\t\t\t\t\t<div id=\"elementor-tab-content-2442\" class=\"elementor-tab-content elementor-clearfix\" data-tab=\"2\" role=\"region\" aria-labelledby=\"elementor-tab-title-2442\"><p>La famosa opera &#8220;Il Bacio&#8221; di Gustav Klimt si trova nel <strong>Belvedere Superiore<\/strong>. Questo dipinto \u00e8 il fulcro della collezione permanente del museo ed \u00e8 esposto nella sezione dedicata al modernismo viennese. I visitatori interessati a vedere questo capolavoro dovrebbero dirigersi verso il palazzo situato nella parte pi\u00f9 alta dei giardini.<\/p><\/div>\n\t\t\t\t<\/div>\n\t\t\t\t\t\t\t<div class=\"elementor-toggle-item\">\n\t\t\t\t\t<h3 id=\"elementor-tab-title-2443\" class=\"elementor-tab-title\" data-tab=\"3\" role=\"button\" aria-controls=\"elementor-tab-content-2443\" aria-expanded=\"false\">\n\t\t\t\t\t\t\t\t\t\t\t\t<span class=\"elementor-toggle-icon elementor-toggle-icon-left\" aria-hidden=\"true\">\n\t\t\t\t\t\t\t\t\t\t\t\t\t\t\t<span class=\"elementor-toggle-icon-closed\"><svg class=\"e-font-icon-svg e-fas-caret-right\" viewBox=\"0 0 192 512\" xmlns=\"http:\/\/www.w3.org\/2000\/svg\"><path d=\"M0 384.662V127.338c0-17.818 21.543-26.741 34.142-14.142l128.662 128.662c7.81 7.81 7.81 20.474 0 28.284L34.142 398.804C21.543 411.404 0 402.48 0 384.662z\"><\/path><\/svg><\/span>\n\t\t\t\t\t\t\t\t<span class=\"elementor-toggle-icon-opened\"><svg class=\"elementor-toggle-icon-opened e-font-icon-svg e-fas-caret-up\" viewBox=\"0 0 320 512\" xmlns=\"http:\/\/www.w3.org\/2000\/svg\"><path d=\"M288.662 352H31.338c-17.818 0-26.741-21.543-14.142-34.142l128.662-128.662c7.81-7.81 20.474-7.81 28.284 0l128.662 128.662c12.6 12.599 3.676 34.142-14.142 34.142z\"><\/path><\/svg><\/span>\n\t\t\t\t\t\t\t\t\t\t\t\t\t<\/span>\n\t\t\t\t\t\t\t\t\t\t\t\t<a class=\"elementor-toggle-title\" tabindex=\"0\">Vale la pena entrare nei Palazzi del Belvedere?<\/a>\n\t\t\t\t\t<\/h3>\n\n\t\t\t\t\t<div id=\"elementor-tab-content-2443\" class=\"elementor-tab-content elementor-clearfix\" data-tab=\"3\" role=\"region\" aria-labelledby=\"elementor-tab-title-2443\"><p><strong>S\u00ec, <a style=\"color: #7e0009;\" href=\"https:\/\/belvederepalace.wientickets.org\/it\/interno-del-palazzo-belvedere\/\">vale la pena visitarlo per gli appassionati di arte e storia<\/a>.<\/strong> Il Belvedere Superiore ospita la pi\u00f9 grande collezione di Klimt al mondo e offre interni barocchi impressionanti. Da parte sua, il <a style=\"color: #7e0009;\" href=\"https:\/\/belvederepalace.wientickets.org\/it\/palazzo-del-belvedere-inferiore\/\">Belvedere Inferiore<\/a> si distingue per le sue mostre temporanee e le sue lussuose sale private. La combinazione di ricchezza artistica e conservazione architettonica giustifica il costo del biglietto per un&#8217;esperienza culturale completa.<\/p><\/div>\n\t\t\t\t<\/div>\n\t\t\t\t\t\t\t<div class=\"elementor-toggle-item\">\n\t\t\t\t\t<h3 id=\"elementor-tab-title-2444\" class=\"elementor-tab-title\" data-tab=\"4\" role=\"button\" aria-controls=\"elementor-tab-content-2444\" aria-expanded=\"false\">\n\t\t\t\t\t\t\t\t\t\t\t\t<span class=\"elementor-toggle-icon elementor-toggle-icon-left\" aria-hidden=\"true\">\n\t\t\t\t\t\t\t\t\t\t\t\t\t\t\t<span class=\"elementor-toggle-icon-closed\"><svg class=\"e-font-icon-svg e-fas-caret-right\" viewBox=\"0 0 192 512\" xmlns=\"http:\/\/www.w3.org\/2000\/svg\"><path d=\"M0 384.662V127.338c0-17.818 21.543-26.741 34.142-14.142l128.662 128.662c7.81 7.81 7.81 20.474 0 28.284L34.142 398.804C21.543 411.404 0 402.48 0 384.662z\"><\/path><\/svg><\/span>\n\t\t\t\t\t\t\t\t<span class=\"elementor-toggle-icon-opened\"><svg class=\"elementor-toggle-icon-opened e-font-icon-svg e-fas-caret-up\" viewBox=\"0 0 320 512\" xmlns=\"http:\/\/www.w3.org\/2000\/svg\"><path d=\"M288.662 352H31.338c-17.818 0-26.741-21.543-14.142-34.142l128.662-128.662c7.81-7.81 20.474-7.81 28.284 0l128.662 128.662c12.6 12.599 3.676 34.142-14.142 34.142z\"><\/path><\/svg><\/span>\n\t\t\t\t\t\t\t\t\t\t\t\t\t<\/span>\n\t\t\t\t\t\t\t\t\t\t\t\t<a class=\"elementor-toggle-title\" tabindex=\"0\">Vale la pena visitarli in inverno?<\/a>\n\t\t\t\t\t<\/h3>\n\n\t\t\t\t\t<div id=\"elementor-tab-content-2444\" class=\"elementor-tab-content elementor-clearfix\" data-tab=\"4\" role=\"region\" aria-labelledby=\"elementor-tab-title-2444\"><p>Se desideri visitarli durante i mesi invernali, tieni presente che <strong>l&#8217;esperienza estetica \u00e8 notevolmente ridotta in questo periodo dell&#8217;anno<\/strong>. Secondo <a style=\"color: #7e0009;\" href=\"https:\/\/www.reddit.com\/r\/solotravel\/comments\/5qt3ml\/solo_travel_to_vienna_is_there_any_place_that\/\" target=\"_blank\" rel=\"noopener\">un utente in un thread di Reddit<\/a>: \u201cIl Belvedere sarebbe molto pi\u00f9 bello in qualsiasi altra stagione che in inverno. Ci sono andato poco prima di Capodanno e i giardini sono inesistenti. Tuttavia, le gallerie ad entrambe le estremit\u00e0 sono belle, ma preparatevi a folle ragionevolmente grandi\u201d. In inverno, le fontane sono spente e le piante sono dormienti.<\/p><\/div>\n\t\t\t\t<\/div>\n\t\t\t\t\t\t\t\t<\/div>\n\t\t\t\t\t\t<\/div>\n\t\t\t\t<\/div>\n\t\t\t\t\t<\/div>\n\t\t\t\t<\/div>\n\t\t<div class=\"elementor-element elementor-element-f7305ee e-flex e-con-boxed e-con e-parent\" data-id=\"f7305ee\" data-element_type=\"container\">\n\t\t\t\t\t<div class=\"e-con-inner\">\n\t\t\t\t<div class=\"elementor-element elementor-element-bae2e3e elementor-widget elementor-widget-html\" data-id=\"bae2e3e\" data-element_type=\"widget\" data-widget_type=\"html.default\">\n\t\t\t\t<div class=\"elementor-widget-container\">\n\t\t\t\t\t<style>body {\n    font-family: 'Inter';\n}\n\nh1, h2, h3, h4, h5, h6 {\n    font-family: 'Inter' !important;\n    margin: 0 !important;\n    color: #222222 !important;\n}\n\nh1 {\n    color: #222222 !important;\n    margin-bottom: 30px !important;\n}\n\n#content h2 {\n    margin-bottom: 30px !important;\n}\n\nh3 {\n    margin-bottom: 20px !important;\n    font-weight: 600 !important;\n    font-size: 20px !important;\n}\n\nh4 {\n    font-size: 20px !important;\n    margin-bottom: 16px !important;\n}\n\np {\n    color: #222222 !important;\n    margin-bottom: 12px !important;\n}\n\n#content ul {\n    margin: 0 0 1.5em 1.5em !important;\n    margin-bottom: 16px !important;\n}\n\n#content li {\n    font-size: 16px !important;\n    color: #222222 !important;\n    list-style-type: disc !important;\n}\n\n.elementor-widget:not(:last-child) {\n    margin: 0;\n}\n\n.type-items>div {\n    flex-direction: column;\n}\n\n.ticket-description {\n    margin-bottom: 16px !important;\n    flex-grow: 1;\n}\n\n.how-to-select-item>div {\n    flex-direction: column;\n}\n\n.text-list h3>span {\n    font-weight: 600 !important;\n}\n\n.text-list {\n    flex-grow: 1;\n}\n\n.what-include {\n    margin-bottom: 6px !important;\n}\n\n.included-list {\n    margin-bottom: 16px !important;\n}\n\n.included-list p {\n    margin: 0 !important;\n}\n\n.tab-item-desktop a {\n    color: #7E0009 !important;\n}\n\n.link-secundary a {\n    text-decoration: underline !important;\n    font-size: 16px !important;\n    color: #7E0009 !important;\n}\n\n.text-mobile {\n    margin-bottom: 30px !important;\n}\n\n.text-mobile p {\n    margin: 0 !important;\n}\n\n.btn-primary a {\n    background-color: #CE2B37 !important;\n    color: #fff;\n    padding: 16px 28px;\n    border-radius: 8px;\n}\n\n.btn-primary a:hover {\n    background-color: #7E0009 !important;\n    color: #fff;\n}\n\n.btn-icon .elementor-button-icon {\n    display: flex;\n}\n\n.btn-icon .elementor-button-icon svg {\n    width: 24px;\n}\n\n.btn-icon a {\n    display: flex;\n    justify-content: center;\n    align-items: center;\n}\n\n.btn-icon .elementor-button-content-wrapper {\n    display: flex;\n    justify-content: center;\n    width: fit-content;\n    gap: 6px;\n    align-items: center;\n}\n\n.full a {\n    width: 100% !important;\n}\n\n.card-section > div {\n    display: flex !important;\n    gap: 24px !important;\n}\n\n.card-info {\n    background-color: #f4f4f4;\n    border-radius: 8px;\n}\n\n.types-title-section {\n    margin-bottom: 0 !important;\n}\n\n.how-to-select-type-section > div {\n    gap: 12px !important;\n    display: flex !important;\n}\n\n.tab-section h3 {\n    margin-bottom: 16px !important;\n}\n\nbutton.tab-button,\nbutton.tab-button-desktop {\n    background: transparent;\n    border: 0;\n    color: #222 !important;\n    font-weight: 600;\n    font-family: \"Inter\" !important;\n    font-size: 18px;\n    border-radius: 8px;\n}\n\nbutton.tab-button-desktop:hover {\n    background-color: #f4f4f4;\n}\n\n.tab-button-desktop:focus,\n.tab-button-desktop:focus-visible {\n    outline: none;\n    background-color: #f4f4f4;\n}\n\nbutton.tab-button.active,\nbutton.tab-button-desktop.active{\n    background: #f4f4f4;\n    border-radius: 8px;\n}\n\n.elementor-accordion {\n    display: flex;\n    flex-direction: column;\n    gap: 16px;\n}\n\n.elementor-accordion-item {\n    border-radius: 8px;\n    overflow: auto;\n}\n\n.places-of-interest-section {\n    margin: 0 auto !important;\n}\n\n.places-of-interest-section>div  {\n    gap: 62px !important;\n}\n\n.pagination-item a {\n    width: 100%;\n    margin: 0 !important;\n    font-size: 18px !important;\n    font-weight: 600;\n}\n\n#content.other-things-to-do-section > div {\n    display: flex !important;\n    width: 100% !important;\n    flex-wrap: nowrap !important;\n    gap: 12px;\n    position: relative !important;\n    overflow-x: auto;\n    overflow-y: hidden;\n    background-color: #fff;\n    margin: 0 auto;\n    white-space: nowrap;\n}\n\n.other-things-to-do-section .elementor-widget-image {\n    width: 300px;\n}\n\n.other-things-to-do-section .elementor-widget-image a {\n    width: 100%;\n}\n\n.carrousel-item {\n    width: 250px !important;\n    flex-grow: 1;\n    scroll-snap-align: start;\n    flex: 0 0 auto;\n}\n\n.carrousel-item a {\n    width: 100%;\n    margin: 0 !important;\n    font-size: 18px !important;\n    font-weight: 600;\n    color: #222 !important;\n}\n\n.tab-item-desktop a,\n.tab-item-desktop a:hover {\n    text-decoration: underline;\n}\n\n.tabs {\n    display: flex;\n    gap: 8px;\n    overflow-x: auto;\n}\n\n@media (max-width: 500px) {\n    .other-things-to-do-section .elementor-container {\n        flex-wrap: nowrap !important;\n        gap: 12px;\n        overflow-x: auto;\n    }\n}\n\n@media (min-width: 768px) {\n    .type-tickets-section > div {\n        gap: 40px;\n    }\n    \n    .other-things-to-do-section > div {\n        display: flex !important;\n        gap: 12px;\n    }\n    \n    .other-things-to-do-section > div::-webkit-scrollbar {\n        display: none;\n    }\n    \n    .other-things-to-do-section .elementor-widget-image {\n        width: 100% !important;\n    }\n    \n    .places-of-interest-section {\n        margin: auto !important;\n    }\n}\n\n@media (min-width: 1024px) {\n    \n    #content h2 {\n        font-size: 42px !important;\n    }\n    \n    #content section {\n        margin-left: auto;\n        margin-right: auto;\n        width: 1100px;\n    }\n    \n    .types-title-section>div {\n        gap: 56px;\n    }\n    \n    .tab-item-desktop>div {\n        gap: 30px !important;\n        display: flex !important;\n    }\n}\n<\/style>\t\t\t\t<\/div>\n\t\t\t\t<\/div>\n\t\t\t\t\t<\/div>\n\t\t\t\t<\/div>\n\t\t\t\t<\/div>\n\t\t","protected":false},"excerpt":{"rendered":"<p>Belvedere Schlossgarten (giardini) I Giardini del Palazzo Belvedere di Vienna costituiscono un complesso di vari spazi verdi con stili e funzioni diverse che uniscono architettonicamente le residenze del complesso. Di seguito ti spiegheremo cosa c&#8217;\u00e8 in ognuno di essi e qual \u00e8 la loro storia. Prenota i biglietti Assistenza quando ne hai bisogno Un&#8217;assistenza clienti [&hellip;]<\/p>\n","protected":false},"author":2,"featured_media":0,"parent":0,"menu_order":0,"comment_status":"closed","ping_status":"closed","template":"elementor_header_footer","meta":{"footnotes":""},"class_list":["post-1586","page","type-page","status-publish","hentry"],"yoast_head":"<!-- This site is optimized with the Yoast SEO plugin v26.7 - https:\/\/yoast.com\/wordpress\/plugins\/seo\/ -->\n<title>Belvedere Schlossgarten | Giardini a Vienna<\/title>\n<meta name=\"description\" content=\"Forniamo dettagli sui giardini del Palazzo Belvedere, noti come &quot;Schlossgarten&quot;, che possono essere visitati gratuitamente o a pagamento a Vienna. \u2705\" \/>\n<meta name=\"robots\" content=\"index, follow, max-snippet:-1, max-image-preview:large, max-video-preview:-1\" \/>\n<link rel=\"canonical\" href=\"https:\/\/belvederepalace.wientickets.org\/it\/belvedere-schlossgarten-giardini\/\" \/>\n<meta property=\"og:locale\" content=\"it_IT\" \/>\n<meta property=\"og:type\" content=\"article\" \/>\n<meta property=\"og:title\" content=\"Belvedere Schlossgarten | Giardini a Vienna\" \/>\n<meta property=\"og:description\" content=\"Forniamo dettagli sui giardini del Palazzo Belvedere, noti come &quot;Schlossgarten&quot;, che possono essere visitati gratuitamente o a pagamento a Vienna. \u2705\" \/>\n<meta property=\"og:url\" content=\"https:\/\/belvederepalace.wientickets.org\/it\/belvedere-schlossgarten-giardini\/\" \/>\n<meta property=\"og:site_name\" content=\"Belvedere Palace Tickets\" \/>\n<meta property=\"article:modified_time\" content=\"2026-04-17T08:26:44+00:00\" \/>\n<meta property=\"og:image\" content=\"https:\/\/belvederepalace.wientickets.org\/wp-content\/uploads\/2026\/01\/belvedere-schlossgarten.webp\" \/>\n\t<meta property=\"og:image:width\" content=\"1280\" \/>\n\t<meta property=\"og:image:height\" content=\"846\" \/>\n\t<meta property=\"og:image:type\" content=\"image\/webp\" \/>\n<meta name=\"twitter:card\" content=\"summary_large_image\" \/>\n<meta name=\"twitter:label1\" content=\"Tempo di lettura stimato\" \/>\n\t<meta name=\"twitter:data1\" content=\"18 minuti\" \/>\n<script type=\"application\/ld+json\" class=\"yoast-schema-graph\">{\"@context\":\"https:\/\/schema.org\",\"@graph\":[{\"@type\":\"WebPage\",\"@id\":\"https:\/\/belvederepalace.wientickets.org\/it\/belvedere-schlossgarten-giardini\/\",\"url\":\"https:\/\/belvederepalace.wientickets.org\/it\/belvedere-schlossgarten-giardini\/\",\"name\":\"Belvedere Schlossgarten | Giardini a Vienna\",\"isPartOf\":{\"@id\":\"https:\/\/belvederepalace.wientickets.org\/it\/#website\"},\"primaryImageOfPage\":{\"@id\":\"https:\/\/belvederepalace.wientickets.org\/it\/belvedere-schlossgarten-giardini\/#primaryimage\"},\"image\":{\"@id\":\"https:\/\/belvederepalace.wientickets.org\/it\/belvedere-schlossgarten-giardini\/#primaryimage\"},\"thumbnailUrl\":\"https:\/\/belvederepalace.wientickets.org\/wp-content\/uploads\/2026\/01\/belvedere-schlossgarten-1024x677.webp\",\"datePublished\":\"2026-01-13T09:51:56+00:00\",\"dateModified\":\"2026-04-17T08:26:44+00:00\",\"description\":\"Forniamo dettagli sui giardini del Palazzo Belvedere, noti come \\\"Schlossgarten\\\", che possono essere visitati gratuitamente o a pagamento a Vienna. \u2705\",\"breadcrumb\":{\"@id\":\"https:\/\/belvederepalace.wientickets.org\/it\/belvedere-schlossgarten-giardini\/#breadcrumb\"},\"inLanguage\":\"it-IT\",\"potentialAction\":[{\"@type\":\"ReadAction\",\"target\":[\"https:\/\/belvederepalace.wientickets.org\/it\/belvedere-schlossgarten-giardini\/\"]}]},{\"@type\":\"ImageObject\",\"inLanguage\":\"it-IT\",\"@id\":\"https:\/\/belvederepalace.wientickets.org\/it\/belvedere-schlossgarten-giardini\/#primaryimage\",\"url\":\"https:\/\/belvederepalace.wientickets.org\/wp-content\/uploads\/2026\/01\/belvedere-schlossgarten-1024x677.webp\",\"contentUrl\":\"https:\/\/belvederepalace.wientickets.org\/wp-content\/uploads\/2026\/01\/belvedere-schlossgarten-1024x677.webp\"},{\"@type\":\"BreadcrumbList\",\"@id\":\"https:\/\/belvederepalace.wientickets.org\/it\/belvedere-schlossgarten-giardini\/#breadcrumb\",\"itemListElement\":[{\"@type\":\"ListItem\",\"position\":1,\"name\":\"Home\",\"item\":\"https:\/\/belvederepalace.wientickets.org\/it\/\"},{\"@type\":\"ListItem\",\"position\":2,\"name\":\"Belvedere Schlossgarten (giardini)\"}]},{\"@type\":\"WebSite\",\"@id\":\"https:\/\/belvederepalace.wientickets.org\/it\/#website\",\"url\":\"https:\/\/belvederepalace.wientickets.org\/it\/\",\"name\":\"Belvedere Palace Tickets\",\"description\":\"\",\"publisher\":{\"@id\":\"https:\/\/belvederepalace.wientickets.org\/it\/#organization\"},\"potentialAction\":[{\"@type\":\"SearchAction\",\"target\":{\"@type\":\"EntryPoint\",\"urlTemplate\":\"https:\/\/belvederepalace.wientickets.org\/it\/?s={search_term_string}\"},\"query-input\":{\"@type\":\"PropertyValueSpecification\",\"valueRequired\":true,\"valueName\":\"search_term_string\"}}],\"inLanguage\":\"it-IT\"},{\"@type\":\"Organization\",\"@id\":\"https:\/\/belvederepalace.wientickets.org\/it\/#organization\",\"name\":\"Biglietti per il Palazzo Belvedere\",\"url\":\"https:\/\/belvederepalace.wientickets.org\/it\/\",\"logo\":{\"@type\":\"ImageObject\",\"inLanguage\":\"it-IT\",\"@id\":\"https:\/\/belvederepalace.wientickets.org\/it\/#\/schema\/logo\/image\/\",\"url\":\"https:\/\/belvederepalace.wientickets.org\/wp-content\/uploads\/2024\/08\/belvedere-palace-tickets-logo.png\",\"contentUrl\":\"https:\/\/belvederepalace.wientickets.org\/wp-content\/uploads\/2024\/08\/belvedere-palace-tickets-logo.png\",\"width\":375,\"height\":70,\"caption\":\"Biglietti per il Palazzo Belvedere\"},\"image\":{\"@id\":\"https:\/\/belvederepalace.wientickets.org\/it\/#\/schema\/logo\/image\/\"}}]}<\/script>\n<!-- \/ Yoast SEO plugin. -->","yoast_head_json":{"title":"Belvedere Schlossgarten | Giardini a Vienna","description":"Forniamo dettagli sui giardini del Palazzo Belvedere, noti come \"Schlossgarten\", che possono essere visitati gratuitamente o a pagamento a Vienna. \u2705","robots":{"index":"index","follow":"follow","max-snippet":"max-snippet:-1","max-image-preview":"max-image-preview:large","max-video-preview":"max-video-preview:-1"},"canonical":"https:\/\/belvederepalace.wientickets.org\/it\/belvedere-schlossgarten-giardini\/","og_locale":"it_IT","og_type":"article","og_title":"Belvedere Schlossgarten | Giardini a Vienna","og_description":"Forniamo dettagli sui giardini del Palazzo Belvedere, noti come \"Schlossgarten\", che possono essere visitati gratuitamente o a pagamento a Vienna. \u2705","og_url":"https:\/\/belvederepalace.wientickets.org\/it\/belvedere-schlossgarten-giardini\/","og_site_name":"Belvedere Palace Tickets","article_modified_time":"2026-04-17T08:26:44+00:00","og_image":[{"width":1280,"height":846,"url":"https:\/\/belvederepalace.wientickets.org\/wp-content\/uploads\/2026\/01\/belvedere-schlossgarten.webp","type":"image\/webp"}],"twitter_card":"summary_large_image","twitter_misc":{"Tempo di lettura stimato":"18 minuti"},"schema":{"@context":"https:\/\/schema.org","@graph":[{"@type":"WebPage","@id":"https:\/\/belvederepalace.wientickets.org\/it\/belvedere-schlossgarten-giardini\/","url":"https:\/\/belvederepalace.wientickets.org\/it\/belvedere-schlossgarten-giardini\/","name":"Belvedere Schlossgarten | Giardini a Vienna","isPartOf":{"@id":"https:\/\/belvederepalace.wientickets.org\/it\/#website"},"primaryImageOfPage":{"@id":"https:\/\/belvederepalace.wientickets.org\/it\/belvedere-schlossgarten-giardini\/#primaryimage"},"image":{"@id":"https:\/\/belvederepalace.wientickets.org\/it\/belvedere-schlossgarten-giardini\/#primaryimage"},"thumbnailUrl":"https:\/\/belvederepalace.wientickets.org\/wp-content\/uploads\/2026\/01\/belvedere-schlossgarten-1024x677.webp","datePublished":"2026-01-13T09:51:56+00:00","dateModified":"2026-04-17T08:26:44+00:00","description":"Forniamo dettagli sui giardini del Palazzo Belvedere, noti come \"Schlossgarten\", che possono essere visitati gratuitamente o a pagamento a Vienna. \u2705","breadcrumb":{"@id":"https:\/\/belvederepalace.wientickets.org\/it\/belvedere-schlossgarten-giardini\/#breadcrumb"},"inLanguage":"it-IT","potentialAction":[{"@type":"ReadAction","target":["https:\/\/belvederepalace.wientickets.org\/it\/belvedere-schlossgarten-giardini\/"]}]},{"@type":"ImageObject","inLanguage":"it-IT","@id":"https:\/\/belvederepalace.wientickets.org\/it\/belvedere-schlossgarten-giardini\/#primaryimage","url":"https:\/\/belvederepalace.wientickets.org\/wp-content\/uploads\/2026\/01\/belvedere-schlossgarten-1024x677.webp","contentUrl":"https:\/\/belvederepalace.wientickets.org\/wp-content\/uploads\/2026\/01\/belvedere-schlossgarten-1024x677.webp"},{"@type":"BreadcrumbList","@id":"https:\/\/belvederepalace.wientickets.org\/it\/belvedere-schlossgarten-giardini\/#breadcrumb","itemListElement":[{"@type":"ListItem","position":1,"name":"Home","item":"https:\/\/belvederepalace.wientickets.org\/it\/"},{"@type":"ListItem","position":2,"name":"Belvedere Schlossgarten (giardini)"}]},{"@type":"WebSite","@id":"https:\/\/belvederepalace.wientickets.org\/it\/#website","url":"https:\/\/belvederepalace.wientickets.org\/it\/","name":"Belvedere Palace Tickets","description":"","publisher":{"@id":"https:\/\/belvederepalace.wientickets.org\/it\/#organization"},"potentialAction":[{"@type":"SearchAction","target":{"@type":"EntryPoint","urlTemplate":"https:\/\/belvederepalace.wientickets.org\/it\/?s={search_term_string}"},"query-input":{"@type":"PropertyValueSpecification","valueRequired":true,"valueName":"search_term_string"}}],"inLanguage":"it-IT"},{"@type":"Organization","@id":"https:\/\/belvederepalace.wientickets.org\/it\/#organization","name":"Biglietti per il Palazzo Belvedere","url":"https:\/\/belvederepalace.wientickets.org\/it\/","logo":{"@type":"ImageObject","inLanguage":"it-IT","@id":"https:\/\/belvederepalace.wientickets.org\/it\/#\/schema\/logo\/image\/","url":"https:\/\/belvederepalace.wientickets.org\/wp-content\/uploads\/2024\/08\/belvedere-palace-tickets-logo.png","contentUrl":"https:\/\/belvederepalace.wientickets.org\/wp-content\/uploads\/2024\/08\/belvedere-palace-tickets-logo.png","width":375,"height":70,"caption":"Biglietti per il Palazzo Belvedere"},"image":{"@id":"https:\/\/belvederepalace.wientickets.org\/it\/#\/schema\/logo\/image\/"}}]}},"_links":{"self":[{"href":"https:\/\/belvederepalace.wientickets.org\/it\/wp-json\/wp\/v2\/pages\/1586","targetHints":{"allow":["GET"]}}],"collection":[{"href":"https:\/\/belvederepalace.wientickets.org\/it\/wp-json\/wp\/v2\/pages"}],"about":[{"href":"https:\/\/belvederepalace.wientickets.org\/it\/wp-json\/wp\/v2\/types\/page"}],"author":[{"embeddable":true,"href":"https:\/\/belvederepalace.wientickets.org\/it\/wp-json\/wp\/v2\/users\/2"}],"replies":[{"embeddable":true,"href":"https:\/\/belvederepalace.wientickets.org\/it\/wp-json\/wp\/v2\/comments?post=1586"}],"version-history":[{"count":9,"href":"https:\/\/belvederepalace.wientickets.org\/it\/wp-json\/wp\/v2\/pages\/1586\/revisions"}],"predecessor-version":[{"id":2713,"href":"https:\/\/belvederepalace.wientickets.org\/it\/wp-json\/wp\/v2\/pages\/1586\/revisions\/2713"}],"wp:attachment":[{"href":"https:\/\/belvederepalace.wientickets.org\/it\/wp-json\/wp\/v2\/media?parent=1586"}],"curies":[{"name":"wp","href":"https:\/\/api.w.org\/{rel}","templated":true}]}}