{"id":1818,"date":"2026-01-15T09:53:11","date_gmt":"2026-01-15T09:53:11","guid":{"rendered":"https:\/\/belvederepalace.wientickets.org\/visitare-il-palazzo-belvedere\/"},"modified":"2026-01-23T08:05:12","modified_gmt":"2026-01-23T08:05:12","slug":"visitare-il-palazzo-belvedere","status":"publish","type":"page","link":"https:\/\/belvederepalace.wientickets.org\/it\/visitare-il-palazzo-belvedere\/","title":{"rendered":"Visitare il Palazzo Belvedere"},"content":{"rendered":"\t\t<div data-elementor-type=\"wp-page\" data-elementor-id=\"1818\" class=\"elementor elementor-1818 elementor-1670\">\n\t\t\t\t\t\t<section class=\"elementor-section elementor-top-section elementor-element elementor-element-fbee05a intro-section elementor-section-boxed elementor-section-height-default elementor-section-height-default\" data-id=\"fbee05a\" data-element_type=\"section\">\n\t\t\t\t\t\t<div class=\"elementor-container elementor-column-gap-default\">\n\t\t\t\t\t<div class=\"elementor-column elementor-col-50 elementor-top-column elementor-element elementor-element-c8cf3d3\" data-id=\"c8cf3d3\" data-element_type=\"column\">\n\t\t\t<div class=\"elementor-widget-wrap elementor-element-populated\">\n\t\t\t\t\t\t<section class=\"elementor-section elementor-inner-section elementor-element elementor-element-d6caffc elementor-section-boxed elementor-section-height-default elementor-section-height-default\" data-id=\"d6caffc\" data-element_type=\"section\">\n\t\t\t\t\t\t<div class=\"elementor-container elementor-column-gap-default\">\n\t\t\t\t\t<div class=\"elementor-column elementor-col-100 elementor-inner-column elementor-element elementor-element-e18d91f\" data-id=\"e18d91f\" data-element_type=\"column\">\n\t\t\t<div class=\"elementor-widget-wrap elementor-element-populated\">\n\t\t\t\t\t\t<div class=\"elementor-element elementor-element-7fffae9 title-mobile elementor-widget__width-initial elementor-widget elementor-widget-heading\" data-id=\"7fffae9\" data-element_type=\"widget\" data-widget_type=\"heading.default\">\n\t\t\t\t<div class=\"elementor-widget-container\">\n\t\t\t\t\t<h1 class=\"elementor-heading-title elementor-size-default\">Visitare il Palazzo Belvedere<\/h1>\t\t\t\t<\/div>\n\t\t\t\t<\/div>\n\t\t\t\t<div class=\"elementor-element elementor-element-c6cb90b text-mobile elementor-widget__width-initial elementor-widget elementor-widget-text-editor\" data-id=\"c6cb90b\" data-element_type=\"widget\" data-widget_type=\"text-editor.default\">\n\t\t\t\t<div class=\"elementor-widget-container\">\n\t\t\t\t\t\t\t\t\t<p>Il Palazzo Belvedere ospita una vasta collezione d&#8217;arte che spazia dal Medioevo alle opere contemporanee. Le principali attrazioni includono il <b>Belvedere Superiore<\/b>, che ospita <b>Il bacio di Gustav Klimt<\/b> e la decorata <b>Sala di Marmo<\/b>, collegata al <b>Belvedere Inferiore<\/b> da giardini simmetrici in stile francese. Il complesso comprende anche la Scuderie di Palazzo, il tesoro medievale e le mostre d&#8217;arte moderna al <b>Belvedere 21<\/b>.  <\/p>\t\t\t\t\t\t\t\t<\/div>\n\t\t\t\t<\/div>\n\t\t\t\t\t<\/div>\n\t\t<\/div>\n\t\t\t\t\t<\/div>\n\t\t<\/section>\n\t\t\t\t<div class=\"elementor-element elementor-element-640449b btn-primary elementor-widget elementor-widget-button\" data-id=\"640449b\" data-element_type=\"widget\" data-widget_type=\"button.default\">\n\t\t\t\t<div class=\"elementor-widget-container\">\n\t\t\t\t\t\t\t\t\t<div class=\"elementor-button-wrapper\">\n\t\t\t\t\t<a class=\"elementor-button elementor-button-link elementor-size-sm\" href=\"https:\/\/belvederepalace.wientickets.org\/it\/biglietti-per-il-palazzo-belvedere\/\">\n\t\t\t\t\t\t<span class=\"elementor-button-content-wrapper\">\n\t\t\t\t\t\t\t\t\t<span class=\"elementor-button-text\">Prenota i biglietti<\/span>\n\t\t\t\t\t<\/span>\n\t\t\t\t\t<\/a>\n\t\t\t\t<\/div>\n\t\t\t\t\t\t\t\t<\/div>\n\t\t\t\t<\/div>\n\t\t\t\t\t<\/div>\n\t\t<\/div>\n\t\t\t\t<div class=\"elementor-column elementor-col-50 elementor-top-column elementor-element elementor-element-5d4f57f\" data-id=\"5d4f57f\" data-element_type=\"column\">\n\t\t\t<div class=\"elementor-widget-wrap elementor-element-populated\">\n\t\t\t\t\t\t<div class=\"elementor-element elementor-element-9691215 elementor-hidden-mobile elementor-widget__width-initial elementor-widget elementor-widget-image\" data-id=\"9691215\" data-element_type=\"widget\" data-widget_type=\"image.default\">\n\t\t\t\t<div class=\"elementor-widget-container\">\n\t\t\t\t\t\t\t\t\t\t\t\t\t\t\t<img fetchpriority=\"high\" decoding=\"async\" width=\"800\" height=\"450\" src=\"https:\/\/belvederepalace.wientickets.org\/wp-content\/uploads\/2026\/01\/visiting-belvedere-palace-1024x576.webp\" class=\"attachment-large size-large wp-image-1819\" alt=\"Visitare il Palazzo Belvedere\" srcset=\"https:\/\/belvederepalace.wientickets.org\/wp-content\/uploads\/2026\/01\/visiting-belvedere-palace-1024x576.webp 1024w, https:\/\/belvederepalace.wientickets.org\/wp-content\/uploads\/2026\/01\/visiting-belvedere-palace-300x169.webp 300w, https:\/\/belvederepalace.wientickets.org\/wp-content\/uploads\/2026\/01\/visiting-belvedere-palace-768x432.webp 768w, https:\/\/belvederepalace.wientickets.org\/wp-content\/uploads\/2026\/01\/visiting-belvedere-palace.webp 1280w\" sizes=\"(max-width: 800px) 100vw, 800px\" \/>\t\t\t\t\t\t\t\t\t\t\t\t\t\t\t<\/div>\n\t\t\t\t<\/div>\n\t\t\t\t\t<\/div>\n\t\t<\/div>\n\t\t\t\t\t<\/div>\n\t\t<\/section>\n\t\t\t\t<section class=\"elementor-section elementor-top-section elementor-element elementor-element-ed77e07 elementor-section-height-min-height elementor-section-boxed elementor-section-height-default elementor-section-items-middle\" data-id=\"ed77e07\" data-element_type=\"section\" data-settings=\"{&quot;background_background&quot;:&quot;classic&quot;}\">\n\t\t\t\t\t\t<div class=\"elementor-container elementor-column-gap-default\">\n\t\t\t\t\t<div class=\"elementor-column elementor-col-100 elementor-top-column elementor-element elementor-element-7df47cf\" data-id=\"7df47cf\" data-element_type=\"column\">\n\t\t\t<div class=\"elementor-widget-wrap\">\n\t\t\t\t\t\t\t<\/div>\n\t\t<\/div>\n\t\t\t\t\t<\/div>\n\t\t<\/section>\n\t\t\t\t<section class=\"elementor-section elementor-top-section elementor-element elementor-element-66e57f7 elementor-section-height-min-height elementor-hidden-tablet elementor-hidden-mobile elementor-section-boxed elementor-section-height-default elementor-section-items-middle\" data-id=\"66e57f7\" data-element_type=\"section\" data-settings=\"{&quot;background_background&quot;:&quot;classic&quot;}\">\n\t\t\t\t\t\t<div class=\"elementor-container elementor-column-gap-default\">\n\t\t\t\t\t<div class=\"elementor-column elementor-col-33 elementor-top-column elementor-element elementor-element-84e6fa8\" data-id=\"84e6fa8\" data-element_type=\"column\">\n\t\t\t<div class=\"elementor-widget-wrap elementor-element-populated\">\n\t\t\t\t\t\t<section class=\"elementor-section elementor-inner-section elementor-element elementor-element-9aea14f elementor-section-content-middle elementor-section-boxed elementor-section-height-default elementor-section-height-default\" data-id=\"9aea14f\" data-element_type=\"section\">\n\t\t\t\t\t\t<div class=\"elementor-container elementor-column-gap-default\">\n\t\t\t\t\t<div class=\"elementor-column elementor-col-50 elementor-inner-column elementor-element elementor-element-35cac85\" data-id=\"35cac85\" data-element_type=\"column\">\n\t\t\t<div class=\"elementor-widget-wrap elementor-element-populated\">\n\t\t\t\t\t\t<div class=\"elementor-element elementor-element-4a94d5c elementor-widget elementor-widget-image\" data-id=\"4a94d5c\" data-element_type=\"widget\" data-widget_type=\"image.default\">\n\t\t\t\t<div class=\"elementor-widget-container\">\n\t\t\t\t\t\t\t\t\t\t\t\t\t\t\t<img decoding=\"async\" width=\"496\" height=\"496\" src=\"https:\/\/belvederepalace.wientickets.org\/wp-content\/uploads\/2024\/08\/customer-service-1-1.png\" class=\"attachment-large size-large wp-image-453\" alt=\"\" srcset=\"https:\/\/belvederepalace.wientickets.org\/wp-content\/uploads\/2024\/08\/customer-service-1-1.png 496w, https:\/\/belvederepalace.wientickets.org\/wp-content\/uploads\/2024\/08\/customer-service-1-1-300x300.png 300w, https:\/\/belvederepalace.wientickets.org\/wp-content\/uploads\/2024\/08\/customer-service-1-1-150x150.png 150w\" sizes=\"(max-width: 496px) 100vw, 496px\" \/>\t\t\t\t\t\t\t\t\t\t\t\t\t\t\t<\/div>\n\t\t\t\t<\/div>\n\t\t\t\t\t<\/div>\n\t\t<\/div>\n\t\t\t\t<div class=\"elementor-column elementor-col-50 elementor-inner-column elementor-element elementor-element-e0ac473\" data-id=\"e0ac473\" data-element_type=\"column\">\n\t\t\t<div class=\"elementor-widget-wrap elementor-element-populated\">\n\t\t\t\t\t\t<div class=\"elementor-element elementor-element-de6f00e elementor-widget elementor-widget-heading\" data-id=\"de6f00e\" data-element_type=\"widget\" data-widget_type=\"heading.default\">\n\t\t\t\t<div class=\"elementor-widget-container\">\n\t\t\t\t\t<p class=\"elementor-heading-title elementor-size-default\">Assistenza quando ne hai bisogno<\/p>\t\t\t\t<\/div>\n\t\t\t\t<\/div>\n\t\t\t\t<div class=\"elementor-element elementor-element-4c00fae elementor-widget elementor-widget-heading\" data-id=\"4c00fae\" data-element_type=\"widget\" data-widget_type=\"heading.default\">\n\t\t\t\t<div class=\"elementor-widget-container\">\n\t\t\t\t\t<p class=\"elementor-heading-title elementor-size-default\">Un'assistenza clienti che ti aiuter\u00e0 per tutto ci\u00f2 di cui hai bisogno dalle 8.00 alle 18.00.<\/p>\t\t\t\t<\/div>\n\t\t\t\t<\/div>\n\t\t\t\t\t<\/div>\n\t\t<\/div>\n\t\t\t\t\t<\/div>\n\t\t<\/section>\n\t\t\t\t\t<\/div>\n\t\t<\/div>\n\t\t\t\t<div class=\"elementor-column elementor-col-33 elementor-top-column elementor-element elementor-element-38ab035\" data-id=\"38ab035\" data-element_type=\"column\">\n\t\t\t<div class=\"elementor-widget-wrap elementor-element-populated\">\n\t\t\t\t\t\t<section class=\"elementor-section elementor-inner-section elementor-element elementor-element-c0f20b6 elementor-section-content-middle elementor-section-boxed elementor-section-height-default elementor-section-height-default\" data-id=\"c0f20b6\" data-element_type=\"section\">\n\t\t\t\t\t\t<div class=\"elementor-container elementor-column-gap-default\">\n\t\t\t\t\t<div class=\"elementor-column elementor-col-50 elementor-inner-column elementor-element elementor-element-160745d\" data-id=\"160745d\" data-element_type=\"column\">\n\t\t\t<div class=\"elementor-widget-wrap elementor-element-populated\">\n\t\t\t\t\t\t<div class=\"elementor-element elementor-element-b21306c elementor-widget elementor-widget-image\" data-id=\"b21306c\" data-element_type=\"widget\" data-widget_type=\"image.default\">\n\t\t\t\t<div class=\"elementor-widget-container\">\n\t\t\t\t\t\t\t\t\t\t\t\t\t\t\t<img decoding=\"async\" width=\"488\" height=\"488\" src=\"https:\/\/belvederepalace.wientickets.org\/wp-content\/uploads\/2024\/08\/Group-333.png\" class=\"attachment-large size-large wp-image-454\" alt=\"\" srcset=\"https:\/\/belvederepalace.wientickets.org\/wp-content\/uploads\/2024\/08\/Group-333.png 488w, https:\/\/belvederepalace.wientickets.org\/wp-content\/uploads\/2024\/08\/Group-333-300x300.png 300w, https:\/\/belvederepalace.wientickets.org\/wp-content\/uploads\/2024\/08\/Group-333-150x150.png 150w\" sizes=\"(max-width: 488px) 100vw, 488px\" \/>\t\t\t\t\t\t\t\t\t\t\t\t\t\t\t<\/div>\n\t\t\t\t<\/div>\n\t\t\t\t\t<\/div>\n\t\t<\/div>\n\t\t\t\t<div class=\"elementor-column elementor-col-50 elementor-inner-column elementor-element elementor-element-51112fe\" data-id=\"51112fe\" data-element_type=\"column\">\n\t\t\t<div class=\"elementor-widget-wrap elementor-element-populated\">\n\t\t\t\t\t\t<div class=\"elementor-element elementor-element-7ea3cd3 elementor-widget elementor-widget-heading\" data-id=\"7ea3cd3\" data-element_type=\"widget\" data-widget_type=\"heading.default\">\n\t\t\t\t<div class=\"elementor-widget-container\">\n\t\t\t\t\t<p class=\"elementor-heading-title elementor-size-default\">Prenotazione veloce e online<\/p>\t\t\t\t<\/div>\n\t\t\t\t<\/div>\n\t\t\t\t<div class=\"elementor-element elementor-element-2ea3220 elementor-widget elementor-widget-heading\" data-id=\"2ea3220\" data-element_type=\"widget\" data-widget_type=\"heading.default\">\n\t\t\t\t<div class=\"elementor-widget-container\">\n\t\t\t\t\t<p class=\"elementor-heading-title elementor-size-default\">Scegli l'opzione migliore per le tue esigenze e preferenze ed evita le code prenotando qui<\/p>\t\t\t\t<\/div>\n\t\t\t\t<\/div>\n\t\t\t\t\t<\/div>\n\t\t<\/div>\n\t\t\t\t\t<\/div>\n\t\t<\/section>\n\t\t\t\t\t<\/div>\n\t\t<\/div>\n\t\t\t\t<div class=\"elementor-column elementor-col-33 elementor-top-column elementor-element elementor-element-f0276d4\" data-id=\"f0276d4\" data-element_type=\"column\">\n\t\t\t<div class=\"elementor-widget-wrap elementor-element-populated\">\n\t\t\t\t\t\t<section class=\"elementor-section elementor-inner-section elementor-element elementor-element-29b3bfe elementor-section-content-middle elementor-section-boxed elementor-section-height-default elementor-section-height-default\" data-id=\"29b3bfe\" data-element_type=\"section\">\n\t\t\t\t\t\t<div class=\"elementor-container elementor-column-gap-default\">\n\t\t\t\t\t<div class=\"elementor-column elementor-col-50 elementor-inner-column elementor-element elementor-element-0272a7b\" data-id=\"0272a7b\" data-element_type=\"column\">\n\t\t\t<div class=\"elementor-widget-wrap elementor-element-populated\">\n\t\t\t\t\t\t<div class=\"elementor-element elementor-element-beacb12 elementor-widget elementor-widget-image\" data-id=\"beacb12\" data-element_type=\"widget\" data-widget_type=\"image.default\">\n\t\t\t\t<div class=\"elementor-widget-container\">\n\t\t\t\t\t\t\t\t\t\t\t\t\t\t\t<img loading=\"lazy\" decoding=\"async\" width=\"462\" height=\"683\" src=\"https:\/\/belvederepalace.wientickets.org\/wp-content\/uploads\/2024\/08\/top-attractions-in-paris.webp\" class=\"attachment-large size-large wp-image-455\" alt=\"\" srcset=\"https:\/\/belvederepalace.wientickets.org\/wp-content\/uploads\/2024\/08\/top-attractions-in-paris.webp 462w, https:\/\/belvederepalace.wientickets.org\/wp-content\/uploads\/2024\/08\/top-attractions-in-paris-203x300.webp 203w\" sizes=\"(max-width: 462px) 100vw, 462px\" \/>\t\t\t\t\t\t\t\t\t\t\t\t\t\t\t<\/div>\n\t\t\t\t<\/div>\n\t\t\t\t\t<\/div>\n\t\t<\/div>\n\t\t\t\t<div class=\"elementor-column elementor-col-50 elementor-inner-column elementor-element elementor-element-d6e00cd\" data-id=\"d6e00cd\" data-element_type=\"column\">\n\t\t\t<div class=\"elementor-widget-wrap elementor-element-populated\">\n\t\t\t\t\t\t<div class=\"elementor-element elementor-element-b5850bb elementor-widget elementor-widget-heading\" data-id=\"b5850bb\" data-element_type=\"widget\" data-widget_type=\"heading.default\">\n\t\t\t\t<div class=\"elementor-widget-container\">\n\t\t\t\t\t<p class=\"elementor-heading-title elementor-size-default\">La 2\u00aa attrazione pi\u00f9 importante di Vienna<\/p>\t\t\t\t<\/div>\n\t\t\t\t<\/div>\n\t\t\t\t<div class=\"elementor-element elementor-element-8df66dd elementor-widget elementor-widget-heading\" data-id=\"8df66dd\" data-element_type=\"widget\" data-widget_type=\"heading.default\">\n\t\t\t\t<div class=\"elementor-widget-container\">\n\t\t\t\t\t<p class=\"elementor-heading-title elementor-size-default\">Esplora il Castello del Belvedere di Vienna: bellezza barocca, giardini lussureggianti e l'iconica arte di Klimt.\n\n\n\n\n\n\n\n\n<\/p>\t\t\t\t<\/div>\n\t\t\t\t<\/div>\n\t\t\t\t\t<\/div>\n\t\t<\/div>\n\t\t\t\t\t<\/div>\n\t\t<\/section>\n\t\t\t\t\t<\/div>\n\t\t<\/div>\n\t\t\t\t\t<\/div>\n\t\t<\/section>\n\t\t<div class=\"elementor-element elementor-element-43ec2c3 e-flex e-con-boxed e-con e-parent\" data-id=\"43ec2c3\" data-element_type=\"container\">\n\t\t\t\t\t<div class=\"e-con-inner\">\n\t\t\t\t<div class=\"elementor-element elementor-element-ef4dcce elementor-widget elementor-widget-spacer\" data-id=\"ef4dcce\" data-element_type=\"widget\" data-widget_type=\"spacer.default\">\n\t\t\t\t<div class=\"elementor-widget-container\">\n\t\t\t\t\t\t\t<div class=\"elementor-spacer\">\n\t\t\t<div class=\"elementor-spacer-inner\"><\/div>\n\t\t<\/div>\n\t\t\t\t\t\t<\/div>\n\t\t\t\t<\/div>\n\t\t\t\t\t<\/div>\n\t\t\t\t<\/div>\n\t\t<div class=\"elementor-element elementor-element-331191e e-flex e-con-boxed e-con e-parent\" data-id=\"331191e\" data-element_type=\"container\">\n\t\t\t\t\t<div class=\"e-con-inner\">\n\t\t\t\t<div class=\"elementor-element elementor-element-888bd7a elementor-widget elementor-widget-heading\" data-id=\"888bd7a\" data-element_type=\"widget\" data-widget_type=\"heading.default\">\n\t\t\t\t<div class=\"elementor-widget-container\">\n\t\t\t\t\t<h2 class=\"elementor-heading-title elementor-size-default\">Indice<\/h2>\t\t\t\t<\/div>\n\t\t\t\t<\/div>\n\t\t\t\t\t<\/div>\n\t\t\t\t<\/div>\n\t\t<div class=\"elementor-element elementor-element-8c85565 e-flex e-con-boxed e-con e-parent\" data-id=\"8c85565\" data-element_type=\"container\">\n\t\t\t\t\t<div class=\"e-con-inner\">\n\t\t<div class=\"elementor-element elementor-element-7ae799b e-con-full e-flex e-con e-child\" data-id=\"7ae799b\" data-element_type=\"container\">\n\t\t\t\t<div class=\"elementor-element elementor-element-7466790 elementor-widget elementor-widget-text-editor\" data-id=\"7466790\" data-element_type=\"widget\" data-widget_type=\"text-editor.default\">\n\t\t\t\t<div class=\"elementor-widget-container\">\n\t\t\t\t\t\t\t\t\t<ul><li><a href=\"#famous\">Per cosa \u00e8 famoso il Palazzo del Belvedere?<\/a><\/li><li><a href=\"#palace\">Cosa si pu\u00f2 vedere al Palazzo Belvedere?<\/a><\/li><li><a href=\"#upper\">Cosa vedere al Belvedere Superiore?<\/a><\/li><\/ul>\t\t\t\t\t\t\t\t<\/div>\n\t\t\t\t<\/div>\n\t\t\t\t<\/div>\n\t\t<div class=\"elementor-element elementor-element-7e35c2e e-con-full e-flex e-con e-child\" data-id=\"7e35c2e\" data-element_type=\"container\">\n\t\t\t\t<div class=\"elementor-element elementor-element-49d55a8 elementor-widget elementor-widget-text-editor\" data-id=\"49d55a8\" data-element_type=\"widget\" data-widget_type=\"text-editor.default\">\n\t\t\t\t<div class=\"elementor-widget-container\">\n\t\t\t\t\t\t\t\t\t<ul><li><a href=\"#lower\">Cosa vedere al Belvedere Inferiore?<\/a><\/li><li><a href=\"#belvedere21\">Cosa vedere al Belvedere 21?<\/a><\/li><li><a href=\"#near\">Cosa fare vicino al Palazzo Belvedere<\/a><\/li><\/ul>\t\t\t\t\t\t\t\t<\/div>\n\t\t\t\t<\/div>\n\t\t\t\t<\/div>\n\t\t\t\t\t<\/div>\n\t\t\t\t<\/div>\n\t\t\t\t<section class=\"elementor-section elementor-top-section elementor-element elementor-element-8411ba7 elementor-section-boxed elementor-section-height-default elementor-section-height-default\" data-id=\"8411ba7\" data-element_type=\"section\">\n\t\t\t\t\t\t<div class=\"elementor-container elementor-column-gap-default\">\n\t\t\t\t\t<div class=\"elementor-column elementor-col-100 elementor-top-column elementor-element elementor-element-0ce5a9a\" data-id=\"0ce5a9a\" data-element_type=\"column\">\n\t\t\t<div class=\"elementor-widget-wrap elementor-element-populated\">\n\t\t\t\t\t\t<div class=\"elementor-element elementor-element-bbfc346 elementor-widget elementor-widget-heading\" data-id=\"bbfc346\" data-element_type=\"widget\" id=\"famous\" data-widget_type=\"heading.default\">\n\t\t\t\t<div class=\"elementor-widget-container\">\n\t\t\t\t\t<h2 class=\"elementor-heading-title elementor-size-default\">Per cosa \u00e8 famoso il Palazzo del Belvedere?<\/h2>\t\t\t\t<\/div>\n\t\t\t\t<\/div>\n\t\t\t\t<div class=\"elementor-element elementor-element-fec0169 elementor-widget elementor-widget-text-editor\" data-id=\"fec0169\" data-element_type=\"widget\" data-widget_type=\"text-editor.default\">\n\t\t\t\t<div class=\"elementor-widget-container\">\n\t\t\t\t\t\t\t\t\t<p>Il Palazzo del Belvedere \u00e8 famoso per <strong>ospitare <em>Il bacio<\/em> di Gustav Klimt<\/strong> e per <strong>essere stato la sede della firma del Trattato di Stato austriaco nel 1955<\/strong>, un evento che ha restituito l&#8217;indipendenza al paese. Inoltre, integra due edifici in cui sono esposte collezioni del Medioevo. <\/p>\t\t\t\t\t\t\t\t<\/div>\n\t\t\t\t<\/div>\n\t\t\t\t\t<\/div>\n\t\t<\/div>\n\t\t\t\t\t<\/div>\n\t\t<\/section>\n\t\t\t\t<section class=\"elementor-section elementor-top-section elementor-element elementor-element-64ca896 elementor-section-boxed elementor-section-height-default elementor-section-height-default\" data-id=\"64ca896\" data-element_type=\"section\">\n\t\t\t\t\t\t<div class=\"elementor-container elementor-column-gap-default\">\n\t\t\t\t\t<div class=\"elementor-column elementor-col-100 elementor-top-column elementor-element elementor-element-66bf939\" data-id=\"66bf939\" data-element_type=\"column\">\n\t\t\t<div class=\"elementor-widget-wrap elementor-element-populated\">\n\t\t\t\t\t\t<div class=\"elementor-element elementor-element-c6ff9f8 elementor-widget elementor-widget-heading\" data-id=\"c6ff9f8\" data-element_type=\"widget\" id=\"palace\" data-widget_type=\"heading.default\">\n\t\t\t\t<div class=\"elementor-widget-container\">\n\t\t\t\t\t<h2 class=\"elementor-heading-title elementor-size-default\">Cosa si pu\u00f2 vedere al Palazzo Belvedere?<\/h2>\t\t\t\t<\/div>\n\t\t\t\t<\/div>\n\t\t\t\t<div class=\"elementor-element elementor-element-9bbeda7 elementor-widget elementor-widget-text-editor\" data-id=\"9bbeda7\" data-element_type=\"widget\" data-widget_type=\"text-editor.default\">\n\t\t\t\t<div class=\"elementor-widget-container\">\n\t\t\t\t\t\t\t\t\t<p>Il Palazzo Belvedere \u00e8 diviso in tre aree: <strong>il Belvedere Superiore, il <a style=\"color: #7e0009;\" href=\"https:\/\/belvederepalace.wientickets.org\/it\/palazzo-del-belvedere-inferiore\/\">Belvedere Inferiore<\/a> e il Belvedere 21<\/strong>. Il sito si distingue per l&#8217;architettura barocca, i <a style=\"color: #7e0009;\" href=\"https:\/\/belvederepalace.wientickets.org\/it\/belvedere-schlossgarten-giardini\/\">giardini francesi<\/a> e una collezione che spazia dal Medioevo all&#8217;arte contemporanea.<\/p>\t\t\t\t\t\t\t\t<\/div>\n\t\t\t\t<\/div>\n\t\t\t\t\t<\/div>\n\t\t<\/div>\n\t\t\t\t\t<\/div>\n\t\t<\/section>\n\t\t\t\t<section class=\"elementor-section elementor-top-section elementor-element elementor-element-a522cb6 elementor-section-boxed elementor-section-height-default elementor-section-height-default\" data-id=\"a522cb6\" data-element_type=\"section\">\n\t\t\t\t\t\t<div class=\"elementor-container elementor-column-gap-default\">\n\t\t\t\t\t<div class=\"elementor-column elementor-col-100 elementor-top-column elementor-element elementor-element-6ffa646\" data-id=\"6ffa646\" data-element_type=\"column\">\n\t\t\t<div class=\"elementor-widget-wrap elementor-element-populated\">\n\t\t\t\t\t\t<div class=\"elementor-element elementor-element-bfc7d6e elementor-widget elementor-widget-heading\" data-id=\"bfc7d6e\" data-element_type=\"widget\" id=\"upper\" data-widget_type=\"heading.default\">\n\t\t\t\t<div class=\"elementor-widget-container\">\n\t\t\t\t\t<h2 class=\"elementor-heading-title elementor-size-default\">Cosa vedere al Belvedere Superiore?<\/h2>\t\t\t\t<\/div>\n\t\t\t\t<\/div>\n\t\t\t\t<div class=\"elementor-element elementor-element-6d5ebb7 elementor-widget elementor-widget-text-editor\" data-id=\"6d5ebb7\" data-element_type=\"widget\" data-widget_type=\"text-editor.default\">\n\t\t\t\t<div class=\"elementor-widget-container\">\n\t\t\t\t\t\t\t\t\t<p>Il Belvedere Superiore ospita <strong>la collezione d&#8217;arte permanente<\/strong>, dove espone opere fondamentali dell&#8217;arte austriaca, evidenziando opere della Secessione viennese e maestri internazionali. Inoltre, questo edificio contiene <strong>sale e giardini storici<\/strong>. <\/p>\t\t\t\t\t\t\t\t<\/div>\n\t\t\t\t<\/div>\n\t\t\t\t\t<\/div>\n\t\t<\/div>\n\t\t\t\t\t<\/div>\n\t\t<\/section>\n\t\t<div class=\"elementor-element elementor-element-5fadcc6 e-flex e-con-boxed e-con e-parent\" data-id=\"5fadcc6\" data-element_type=\"container\">\n\t\t\t\t\t<div class=\"e-con-inner\">\n\t\t<div class=\"elementor-element elementor-element-16003e3 e-con-full e-flex e-con e-child\" data-id=\"16003e3\" data-element_type=\"container\">\n\t\t\t\t<div class=\"elementor-element elementor-element-66becc5 elementor-widget elementor-widget-image\" data-id=\"66becc5\" data-element_type=\"widget\" data-widget_type=\"image.default\">\n\t\t\t\t<div class=\"elementor-widget-container\">\n\t\t\t\t\t\t\t\t\t\t\t\t\t\t\t<img loading=\"lazy\" decoding=\"async\" width=\"1024\" height=\"686\" src=\"https:\/\/belvederepalace.wientickets.org\/wp-content\/uploads\/2026\/01\/the-kiss-detail.webp\" class=\"attachment-full size-full wp-image-1820\" alt=\"Il bacio in dettaglio\" srcset=\"https:\/\/belvederepalace.wientickets.org\/wp-content\/uploads\/2026\/01\/the-kiss-detail.webp 1024w, https:\/\/belvederepalace.wientickets.org\/wp-content\/uploads\/2026\/01\/the-kiss-detail-300x201.webp 300w, https:\/\/belvederepalace.wientickets.org\/wp-content\/uploads\/2026\/01\/the-kiss-detail-768x515.webp 768w\" sizes=\"(max-width: 1024px) 100vw, 1024px\" \/>\t\t\t\t\t\t\t\t\t\t\t\t\t\t\t<\/div>\n\t\t\t\t<\/div>\n\t\t\t\t<\/div>\n\t\t<div class=\"elementor-element elementor-element-820fa9e e-con-full e-flex e-con e-child\" data-id=\"820fa9e\" data-element_type=\"container\">\n\t\t\t\t<div class=\"elementor-element elementor-element-7ef3eb3 elementor-widget elementor-widget-heading\" data-id=\"7ef3eb3\" data-element_type=\"widget\" data-widget_type=\"heading.default\">\n\t\t\t\t<div class=\"elementor-widget-container\">\n\t\t\t\t\t<h3 class=\"elementor-heading-title elementor-size-default\">\u201cIl bacio\u201d di Gustav Klimt<\/h3>\t\t\t\t<\/div>\n\t\t\t\t<\/div>\n\t\t\t\t<div class=\"elementor-element elementor-element-82da72f elementor-widget elementor-widget-text-editor\" data-id=\"82da72f\" data-element_type=\"widget\" data-widget_type=\"text-editor.default\">\n\t\t\t\t<div class=\"elementor-widget-container\">\n\t\t\t\t\t\t\t\t\t<p>Il lavoro <a style=\"color: #7e0009;\" href=\"https:\/\/en.wikipedia.org\/wiki\/The_Kiss_(Klimt)\" target=\"_blank\" rel=\"noopener\"><i>Il bacio<\/i><\/a> dell&#8217;artista <a style=\"color: #7e0009;\" href=\"https:\/\/en.wikipedia.org\/wiki\/Gustav_Klimt\" target=\"_blank\" rel=\"noopener\">Gustav Klimt<\/a> si trova al primo piano del Belvedere Superiore, <a style=\"color: #7e0009;\" href=\"https:\/\/belvederepalace.wientickets.org\/it\/interno-del-palazzo-belvedere\/\"><strong>all&#8217;interno della galleria dedicata alla Secessione viennese<\/strong><\/a>. L&#8217;opera utilizza la foglia d&#8217;oro per ritrarre una coppia abbracciata su un prato fiorito. La sua importanza risiede nel fatto di essere il simbolo dell&#8217;identit\u00e0 culturale del paese e il massimo esempio dello stile decorativo di Klimt.<\/p><p>La posizione dell&#8217;opera permette di osservare la tecnica del mosaico e l&#8217;uso dei materiali che hanno definito il periodo d&#8217;oro dell&#8217;autore. Per alcuni visitatori, <a style=\"color: #7e0009;\" href=\"https:\/\/www.facebook.com\/groups\/1101346787289814\/posts\/1602121770545644\/\" target=\"_blank\" rel=\"noopener\">come questi utenti di Facebook<\/a>, il palazzo possiede una <strong>\u201cmeravigliosa collezione\u201d di Klimt<\/strong> e sottolineano che \u201ci suoi dipinti sono incredibili\u201d. <\/p><p><em>Foto: &#8220;Dettaglio da &#8216;Il bacio&#8217; di Gustav Klimt, Galleria Nazionale Austriaca, Palazzo Belvedere Superiore, Vienna\u201d di <a style=\"color: #7e0009;\" href=\"https:\/\/www.flickr.com\/photos\/alex-david\/\" target=\"_blank\" rel=\"noopener\">Alex-David Baldi<\/a>.<\/em><\/p>\t\t\t\t\t\t\t\t<\/div>\n\t\t\t\t<\/div>\n\t\t\t\t<\/div>\n\t\t\t\t\t<\/div>\n\t\t\t\t<\/div>\n\t\t<div class=\"elementor-element elementor-element-b6d54a7 e-flex e-con-boxed e-con e-parent\" data-id=\"b6d54a7\" data-element_type=\"container\">\n\t\t\t\t\t<div class=\"e-con-inner\">\n\t\t\t\t<div class=\"elementor-element elementor-element-3d95ec8 elementor-widget elementor-widget-spacer\" data-id=\"3d95ec8\" data-element_type=\"widget\" data-widget_type=\"spacer.default\">\n\t\t\t\t<div class=\"elementor-widget-container\">\n\t\t\t\t\t\t\t<div class=\"elementor-spacer\">\n\t\t\t<div class=\"elementor-spacer-inner\"><\/div>\n\t\t<\/div>\n\t\t\t\t\t\t<\/div>\n\t\t\t\t<\/div>\n\t\t\t\t\t<\/div>\n\t\t\t\t<\/div>\n\t\t<div class=\"elementor-element elementor-element-bba28bb e-flex e-con-boxed e-con e-parent\" data-id=\"bba28bb\" data-element_type=\"container\">\n\t\t\t\t\t<div class=\"e-con-inner\">\n\t\t<div class=\"elementor-element elementor-element-34ff98d e-con-full e-flex e-con e-child\" data-id=\"34ff98d\" data-element_type=\"container\">\n\t\t\t\t<div class=\"elementor-element elementor-element-db69e2a elementor-widget elementor-widget-heading\" data-id=\"db69e2a\" data-element_type=\"widget\" data-widget_type=\"heading.default\">\n\t\t\t\t<div class=\"elementor-widget-container\">\n\t\t\t\t\t<h3 class=\"elementor-heading-title elementor-size-default\">Sala di Marmo<\/h3>\t\t\t\t<\/div>\n\t\t\t\t<\/div>\n\t\t\t\t<div class=\"elementor-element elementor-element-0768bfd elementor-widget elementor-widget-text-editor\" data-id=\"0768bfd\" data-element_type=\"widget\" data-widget_type=\"text-editor.default\">\n\t\t\t\t<div class=\"elementor-widget-container\">\n\t\t\t\t\t\t\t\t\t<p>La Sala di Marmo ha due piani e si distingue per le sue pareti rivestite di marmo rossastro, decorazioni dorate e un affresco sul soffitto che <strong>celebra le vittorie militari del Principe Eugenio di Savoia<\/strong>, uno dei generali pi\u00f9 importanti dell&#8217;Impero Asburgico. <\/p><p>L&#8217;importanza politica di questa sala fu consolidata il 15 maggio 1955, quando i funzionari vi firmarono il <a style=\"color: #7e0009;\" href=\"https:\/\/en.wikipedia.org\/wiki\/Austrian_State_Treaty\" target=\"_blank\" rel=\"noopener\">Trattato di Stato austriaco<\/a>. Questo documento pose fine all&#8217;occupazione delle potenze alleate e ristabil\u00ec l&#8217;Austria come stato sovrano e democratico.<\/p><p>Dalle sue finestre, la sala offre una prospettiva simmetrica dei giardini e della citt\u00e0 di Vienna. L&#8217;architettura della sala riflette <strong>il potere imperiale dell&#8217;epoca<\/strong> e funge da scenario per eventi ufficiali, mantenendo la sua funzione di simbolo della moderna libert\u00e0 austriaca. <\/p>\t\t\t\t\t\t\t\t<\/div>\n\t\t\t\t<\/div>\n\t\t\t\t<\/div>\n\t\t<div class=\"elementor-element elementor-element-98ef7e8 e-con-full e-flex e-con e-child\" data-id=\"98ef7e8\" data-element_type=\"container\">\n\t\t\t\t<div class=\"elementor-element elementor-element-93dc3d1 elementor-widget elementor-widget-image\" data-id=\"93dc3d1\" data-element_type=\"widget\" data-widget_type=\"image.default\">\n\t\t\t\t<div class=\"elementor-widget-container\">\n\t\t\t\t\t\t\t\t\t\t\t\t\t\t\t<img loading=\"lazy\" decoding=\"async\" width=\"800\" height=\"534\" src=\"https:\/\/belvederepalace.wientickets.org\/wp-content\/uploads\/2025\/11\/belvedere-marble-hall-1024x684.webp\" class=\"attachment-large size-large wp-image-1821\" alt=\"Sala di Marmo del Belvedere\" srcset=\"https:\/\/belvederepalace.wientickets.org\/wp-content\/uploads\/2025\/11\/belvedere-marble-hall-1024x684.webp 1024w, https:\/\/belvederepalace.wientickets.org\/wp-content\/uploads\/2025\/11\/belvedere-marble-hall-300x200.webp 300w, https:\/\/belvederepalace.wientickets.org\/wp-content\/uploads\/2025\/11\/belvedere-marble-hall-768x513.webp 768w, https:\/\/belvederepalace.wientickets.org\/wp-content\/uploads\/2025\/11\/belvedere-marble-hall.webp 1200w\" sizes=\"(max-width: 800px) 100vw, 800px\" \/>\t\t\t\t\t\t\t\t\t\t\t\t\t\t\t<\/div>\n\t\t\t\t<\/div>\n\t\t\t\t<\/div>\n\t\t\t\t\t<\/div>\n\t\t\t\t<\/div>\n\t\t<div class=\"elementor-element elementor-element-0983fef e-flex e-con-boxed e-con e-parent\" data-id=\"0983fef\" data-element_type=\"container\">\n\t\t\t\t\t<div class=\"e-con-inner\">\n\t\t\t\t<div class=\"elementor-element elementor-element-e24e1f4 elementor-widget elementor-widget-spacer\" data-id=\"e24e1f4\" data-element_type=\"widget\" data-widget_type=\"spacer.default\">\n\t\t\t\t<div class=\"elementor-widget-container\">\n\t\t\t\t\t\t\t<div class=\"elementor-spacer\">\n\t\t\t<div class=\"elementor-spacer-inner\"><\/div>\n\t\t<\/div>\n\t\t\t\t\t\t<\/div>\n\t\t\t\t<\/div>\n\t\t\t\t\t<\/div>\n\t\t\t\t<\/div>\n\t\t<div class=\"elementor-element elementor-element-293b254 e-flex e-con-boxed e-con e-parent\" data-id=\"293b254\" data-element_type=\"container\">\n\t\t\t\t\t<div class=\"e-con-inner\">\n\t\t<div class=\"elementor-element elementor-element-d94f46f e-con-full e-flex e-con e-child\" data-id=\"d94f46f\" data-element_type=\"container\">\n\t\t\t\t<div class=\"elementor-element elementor-element-cef7d27 elementor-widget elementor-widget-image\" data-id=\"cef7d27\" data-element_type=\"widget\" data-widget_type=\"image.default\">\n\t\t\t\t<div class=\"elementor-widget-container\">\n\t\t\t\t\t\t\t\t\t\t\t\t\t\t\t<img loading=\"lazy\" decoding=\"async\" width=\"800\" height=\"536\" src=\"https:\/\/belvederepalace.wientickets.org\/wp-content\/uploads\/2026\/01\/baroque-garden-belvedere-1024x686.webp\" class=\"attachment-large size-large wp-image-1588\" alt=\"Il Giardino Barocco\" srcset=\"https:\/\/belvederepalace.wientickets.org\/wp-content\/uploads\/2026\/01\/baroque-garden-belvedere-1024x686.webp 1024w, https:\/\/belvederepalace.wientickets.org\/wp-content\/uploads\/2026\/01\/baroque-garden-belvedere-300x201.webp 300w, https:\/\/belvederepalace.wientickets.org\/wp-content\/uploads\/2026\/01\/baroque-garden-belvedere-768x514.webp 768w, https:\/\/belvederepalace.wientickets.org\/wp-content\/uploads\/2026\/01\/baroque-garden-belvedere.webp 1280w\" sizes=\"(max-width: 800px) 100vw, 800px\" \/>\t\t\t\t\t\t\t\t\t\t\t\t\t\t\t<\/div>\n\t\t\t\t<\/div>\n\t\t\t\t<\/div>\n\t\t<div class=\"elementor-element elementor-element-dae2819 e-con-full e-flex e-con e-child\" data-id=\"dae2819\" data-element_type=\"container\">\n\t\t\t\t<div class=\"elementor-element elementor-element-0c5ca83 elementor-widget elementor-widget-heading\" data-id=\"0c5ca83\" data-element_type=\"widget\" data-widget_type=\"heading.default\">\n\t\t\t\t<div class=\"elementor-widget-container\">\n\t\t\t\t\t<h3 class=\"elementor-heading-title elementor-size-default\">Giardini del Belvedere<\/h3>\t\t\t\t<\/div>\n\t\t\t\t<\/div>\n\t\t\t\t<div class=\"elementor-element elementor-element-6451c56 elementor-widget elementor-widget-text-editor\" data-id=\"6451c56\" data-element_type=\"widget\" data-widget_type=\"text-editor.default\">\n\t\t\t\t<div class=\"elementor-widget-container\">\n\t\t\t\t\t\t\t\t\t<p>I <a style=\"color: #7e0009;\" href=\"https:\/\/belvederepalace.wientickets.org\/it\/belvedere-schlossgarten-giardini\/\">Giardini del Belvedere<\/a> collegano i palazzi Superiore e Inferiore grazie a un progetto in stile francese creato dall&#8217;architetto e ingegnere <strong>Dominique Girard<\/strong>. Lo spazio segue uno schema formale con parterre simmetrici, fontane con giochi d&#8217;acqua, cascate e sculture mitologiche.<\/p><p>Un <a style=\"color: #7e0009;\" href=\"https:\/\/www.tripadvisor.com\/FAQ_Answers-g190454-d245701-t8212793-I_am_planning_to_visit_the_Upper_and_Lower.html\" target=\"_blank\" rel=\"noopener\">utente di Tripadvisor<\/a> osserva che: &#8220;La parte pi\u00f9 attraente del Palazzo del Belvedere \u00e8 il suo spettacolare giardino sul retro tra gli edifici del Belvedere Superiore e Inferiore. Da questo giardino posteriore puoi ammirare entrambi gli edifici del palazzo e il centro di Vienna in lontananza&#8221;. La disposizione del terreno sfrutta la pendenza naturale per creare terrazze che offrono <strong>viste panoramiche<\/strong>.<\/p><p><em>Foto: &#8220;Schlosspark Belvedere Wien&#8221; di <a style=\"color: #7e0009;\" href=\"https:\/\/commons.wikimedia.org\/wiki\/User:LuMaBe\" target=\"_blank\" rel=\"noopener\">LuMaBe<\/a>.<\/em><\/p>\t\t\t\t\t\t\t\t<\/div>\n\t\t\t\t<\/div>\n\t\t\t\t<\/div>\n\t\t\t\t\t<\/div>\n\t\t\t\t<\/div>\n\t\t<div class=\"elementor-element elementor-element-c43caf5 e-flex e-con-boxed e-con e-parent\" data-id=\"c43caf5\" data-element_type=\"container\">\n\t\t\t\t\t<div class=\"e-con-inner\">\n\t\t\t\t<div class=\"elementor-element elementor-element-4e3160a elementor-widget elementor-widget-spacer\" data-id=\"4e3160a\" data-element_type=\"widget\" data-widget_type=\"spacer.default\">\n\t\t\t\t<div class=\"elementor-widget-container\">\n\t\t\t\t\t\t\t<div class=\"elementor-spacer\">\n\t\t\t<div class=\"elementor-spacer-inner\"><\/div>\n\t\t<\/div>\n\t\t\t\t\t\t<\/div>\n\t\t\t\t<\/div>\n\t\t\t\t\t<\/div>\n\t\t\t\t<\/div>\n\t\t<div class=\"elementor-element elementor-element-f3b099d e-flex e-con-boxed e-con e-parent\" data-id=\"f3b099d\" data-element_type=\"container\">\n\t\t\t\t\t<div class=\"e-con-inner\">\n\t\t<div class=\"elementor-element elementor-element-dabbfdf e-con-full e-flex e-con e-child\" data-id=\"dabbfdf\" data-element_type=\"container\">\n\t\t\t\t<div class=\"elementor-element elementor-element-8ab8f34 elementor-widget elementor-widget-heading\" data-id=\"8ab8f34\" data-element_type=\"widget\" data-widget_type=\"heading.default\">\n\t\t\t\t<div class=\"elementor-widget-container\">\n\t\t\t\t\t<h3 class=\"elementor-heading-title elementor-size-default\">Busti di Franz Xaver Messerschmidt<\/h3>\t\t\t\t<\/div>\n\t\t\t\t<\/div>\n\t\t\t\t<div class=\"elementor-element elementor-element-09adb0b elementor-widget elementor-widget-text-editor\" data-id=\"09adb0b\" data-element_type=\"widget\" data-widget_type=\"text-editor.default\">\n\t\t\t\t<div class=\"elementor-widget-container\">\n\t\t\t\t\t\t\t\t\t<p>Il Palazzo Belvedere ospita una serie di sculture dell&#8217;artista barocco Franz Xaver Messerschmidt conosciute come <strong>Teste di carattere<\/strong>. Queste opere consistono in busti di metallo o alabastro che catturano espressioni facciali estreme e gesti esagerati. L&#8217;autore cre\u00f2 queste opere durante il XVIII secolo, allontanandosi dall&#8217;idealismo neoclassico per esplorare la fisiognomica e la psicologia umana in modo radicale per il suo tempo.  <\/p><p>Ciascuna delle opere rappresenta uno specifico stato emotivo o fisico, come lo sbadiglio, il dolore o la risata forzata. Queste sculture sono fondamentali per comprendere la <strong>transizione verso il realismo<\/strong> e lo studio delle emozioni nell&#8217;arte plastica.  <\/p><p>La posizione dei busti permette ai visitatori di apprezzare da vicino i dettagli anatomici e la tecnica di fusione che Messerschmidt impieg\u00f2 per documentare la sua ricerca sul volto umano.<\/p><p><em>Foto: &#8220;Franz Xaver Messerschmidt &#8211; Charakterkopf&#8221; di <a style=\"color: #7e0009;\" title=\"User:DALIBRI\" href=\"https:\/\/commons.wikimedia.org\/wiki\/User:DALIBRI\" target=\"_blank\" rel=\"noopener\"><bdi>DALIBRI<\/bdi><\/a>.<\/em><\/p>\t\t\t\t\t\t\t\t<\/div>\n\t\t\t\t<\/div>\n\t\t\t\t<\/div>\n\t\t<div class=\"elementor-element elementor-element-d5353ea e-con-full e-flex e-con e-child\" data-id=\"d5353ea\" data-element_type=\"container\">\n\t\t\t\t<div class=\"elementor-element elementor-element-bb0974c elementor-widget elementor-widget-image\" data-id=\"bb0974c\" data-element_type=\"widget\" data-widget_type=\"image.default\">\n\t\t\t\t<div class=\"elementor-widget-container\">\n\t\t\t\t\t\t\t\t\t\t\t\t\t\t\t<img loading=\"lazy\" decoding=\"async\" width=\"800\" height=\"563\" src=\"https:\/\/belvederepalace.wientickets.org\/wp-content\/uploads\/2025\/12\/messerschmidt-character-head.webp\" class=\"attachment-large size-large wp-image-1277\" alt=\"Testa di carattere di Messerschmidt\" srcset=\"https:\/\/belvederepalace.wientickets.org\/wp-content\/uploads\/2025\/12\/messerschmidt-character-head.webp 1024w, https:\/\/belvederepalace.wientickets.org\/wp-content\/uploads\/2025\/12\/messerschmidt-character-head-300x211.webp 300w, https:\/\/belvederepalace.wientickets.org\/wp-content\/uploads\/2025\/12\/messerschmidt-character-head-768x540.webp 768w\" sizes=\"(max-width: 800px) 100vw, 800px\" \/>\t\t\t\t\t\t\t\t\t\t\t\t\t\t\t<\/div>\n\t\t\t\t<\/div>\n\t\t\t\t<\/div>\n\t\t\t\t\t<\/div>\n\t\t\t\t<\/div>\n\t\t<div class=\"elementor-element elementor-element-6658001 e-flex e-con-boxed e-con e-parent\" data-id=\"6658001\" data-element_type=\"container\">\n\t\t\t\t\t<div class=\"e-con-inner\">\n\t\t\t\t<div class=\"elementor-element elementor-element-498420e elementor-widget elementor-widget-spacer\" data-id=\"498420e\" data-element_type=\"widget\" data-widget_type=\"spacer.default\">\n\t\t\t\t<div class=\"elementor-widget-container\">\n\t\t\t\t\t\t\t<div class=\"elementor-spacer\">\n\t\t\t<div class=\"elementor-spacer-inner\"><\/div>\n\t\t<\/div>\n\t\t\t\t\t\t<\/div>\n\t\t\t\t<\/div>\n\t\t\t\t\t<\/div>\n\t\t\t\t<\/div>\n\t\t<div class=\"elementor-element elementor-element-dbe4d2c e-flex e-con-boxed e-con e-parent\" data-id=\"dbe4d2c\" data-element_type=\"container\">\n\t\t\t\t\t<div class=\"e-con-inner\">\n\t\t<div class=\"elementor-element elementor-element-077b61b e-con-full e-flex e-con e-child\" data-id=\"077b61b\" data-element_type=\"container\">\n\t\t\t\t<div class=\"elementor-element elementor-element-5dd3970 elementor-widget elementor-widget-html\" data-id=\"5dd3970\" data-element_type=\"widget\" data-widget_type=\"html.default\">\n\t\t\t\t<div class=\"elementor-widget-container\">\n\t\t\t\t\t<div class=\"image-carousel-wrapper\">\r\n  <div class=\"image-carousel\">\r\n    <!-- Im\u00e1genes del Belvedere Palace -->\r\n    <div class=\"carousel-item active\">\r\n      <img decoding=\"async\" src=\"https:\/\/belvederepalace.wientickets.org\/wp-content\/uploads\/2026\/01\/napoleon-crossing-the-alps.webp\" alt=\"Napoleone che valica le Alpi (Jacques-Louis David)\">\r\n    <\/div>\r\n    <div class=\"carousel-item\">\r\n      <img decoding=\"async\" src=\"https:\/\/belvederepalace.wientickets.org\/wp-content\/uploads\/2025\/11\/Mother-with-Two-Children-III-by-Egon-Schiele.jpg\" alt=\"Madre con due bambini III (Egon Schiele)\">\r\n    <\/div>\r\n    <div class=\"carousel-item\">\r\n      <img decoding=\"async\" src=\"https:\/\/belvederepalace.wientickets.org\/wp-content\/uploads\/2026\/01\/the-plain-of-auvers.webp\" alt=\"La pianura di Auvers (Vincent van Gogh)\">\r\n    <\/div>\r\n    \r\n    <!-- Botones de navegaci\u00f3n -->\r\n    <button class=\"carousel-btn prev\" aria-label=\"Anterior\">\r\n      <svg width=\"24\" height=\"24\" viewbox=\"0 0 24 24\" fill=\"none\" stroke=\"currentColor\" stroke-width=\"2\">\r\n        <polyline points=\"15 18 9 12 15 6\"><\/polyline>\r\n      <\/polyline><\/svg>\r\n    <\/button>\r\n    <button class=\"carousel-btn next\" aria-label=\"Siguiente\">\r\n      <svg width=\"24\" height=\"24\" viewbox=\"0 0 24 24\" fill=\"none\" stroke=\"currentColor\" stroke-width=\"2\">\r\n        <polyline points=\"9 18 15 12 9 6\"><\/polyline>\r\n      <\/polyline><\/svg>\r\n    <\/button>\r\n    <div class=\"carousel-caption\"><\/div>\r\n  <\/div>\r\n  \r\n  \r\n  <!-- Indicadores -->\r\n  <div class=\"carousel-indicators\"><\/div>\r\n<\/div>\r\n\r\n<style>\r\n.image-carousel-wrapper {\r\n  width: 100%;\r\n  position: relative;\r\n}\r\n\r\n.image-carousel {\r\n  position: relative;\r\n  width: 100%;\r\n  height: 400px;\r\n  overflow: hidden;\r\n  border-radius: 8px;\r\n}\r\n\r\n.carousel-item {\r\n  position: absolute;\r\n  top: 0;\r\n  left: 0;\r\n  width: 100%;\r\n  height: 100%;\r\n  opacity: 0;\r\n  transition: opacity 0.5s ease-in-out;\r\n  pointer-events: none;\r\n}\r\n\r\n.carousel-item.active {\r\n  opacity: 1;\r\n  pointer-events: auto;\r\n}\r\n\r\n.carousel-item img {\r\n  width: 100%;\r\n  height: 400px;\r\n  object-fit: cover;\r\n  object-position: top center;\r\n  display: block;\r\n}\r\n\r\n.carousel-btn {\r\n  position: absolute;\r\n  top: 50%;\r\n  transform: translateY(-50%);\r\n  background: rgba(0, 0, 0, 0.5);\r\n  color: white;\r\n  border: none;\r\n  width: 45px;\r\n  height: 45px;\r\n  border-radius: 50%;\r\n  cursor: pointer;\r\n  display: flex;\r\n  align-items: center;\r\n  justify-content: center;\r\n  transition: background 0.3s ease;\r\n  z-index: 10;\r\n}\r\n\r\n\/* Asegurar que los SVG se vean correctamente *\/\r\n.carousel-btn svg {\r\n  display: block;\r\n  flex-shrink: 0;\r\n  width: 20px;\r\n  height: 20px;\r\n}\r\n\r\n.carousel-btn:hover {\r\n  background: rgba(0, 0, 0, 0.7);\r\n}\r\n\r\n.carousel-btn:focus {\r\n  background: #CE2B37;\r\n  outline: none;\r\n}\r\n\r\n.carousel-btn.prev {\r\n  left: 15px;\r\n}\r\n\r\n.carousel-btn.next {\r\n  right: 15px;\r\n}\r\n\r\n.carousel-indicators {\r\n  display: flex;\r\n  justify-content: center;\r\n  gap: 8px;\r\n  margin-top: 15px;\r\n}\r\n\r\n.carousel-indicator {\r\n  width: 10px;\r\n  height: 10px;\r\n  border-radius: 50%;\r\n  background: #ddd;\r\n  cursor: pointer;\r\n  transition: all 0.3s ease;\r\n}\r\n\r\n.carousel-indicator.active {\r\n  background: #333;\r\n  width: 30px;\r\n  border-radius: 5px;\r\n}\r\n\r\n\/* Mobile adjustments *\/\r\n@media (max-width: 768px) {\r\n  .carousel-btn {\r\n    width: 35px;\r\n    height: 35px;\r\n  }\r\n  \r\n  .carousel-btn.prev {\r\n    left: 10px;\r\n  }\r\n  \r\n  .carousel-btn.next {\r\n    right: 10px;\r\n  }\r\n  \r\n  .carousel-btn svg {\r\n    width: 18px;\r\n    height: 18px;\r\n  }\r\n}\r\n\r\n.carousel-caption {\r\n  position: absolute;\r\n  bottom: 15px;\r\n  left: 15px;\r\n  background: rgba(0, 0, 0, 0.6);\r\n  color: white;\r\n  padding: 10px 15px;\r\n  border-radius: 5px;\r\n  font-size: 14px;\r\n  max-width: 80%;\r\n  z-index: 10;\r\n}\r\n\r\n@media (max-width: 768px) {\r\n  .carousel-caption {\r\n    font-size: 12px;\r\n    padding: 8px 12px;\r\n    bottom: 10px;\r\n    left: 10px;\r\n  }\r\n}\r\n\r\n<\/style>\r\n\r\n<script>\r\ndocument.addEventListener('DOMContentLoaded', function() {\r\n  const carousels = document.querySelectorAll('.image-carousel-wrapper');\r\n  \r\n  carousels.forEach((wrapper) => {\r\n    const carousel = wrapper.querySelector('.image-carousel');\r\n    const items = carousel.querySelectorAll('.carousel-item');\r\n    const prevBtn = carousel.querySelector('.prev');\r\n    const nextBtn = carousel.querySelector('.next');\r\n    const indicatorsContainer = wrapper.querySelector('.carousel-indicators');\r\n    const caption = carousel.querySelector('.carousel-caption');\r\n    \r\n    let currentIndex = 0;\r\n    let autoplayInterval;\r\n    \r\n    \/\/ Variables para swipe\r\n    let touchStartX = 0;\r\n    let touchEndX = 0;\r\n    let touchStartY = 0;\r\n    let touchEndY = 0;\r\n    \r\n    items.forEach((_, index) => {\r\n      const indicator = document.createElement('div');\r\n      indicator.classList.add('carousel-indicator');\r\n      if (index === 0) indicator.classList.add('active');\r\n      indicator.addEventListener('click', () => {\r\n        stopAutoplay();\r\n        goToSlide(index);\r\n      });\r\n      indicatorsContainer.appendChild(indicator);\r\n    });\r\n    \r\n    const indicators = indicatorsContainer.querySelectorAll('.carousel-indicator');\r\n    \r\n    function updateCarousel() {\r\n      items.forEach((item, index) => {\r\n        item.classList.toggle('active', index === currentIndex);\r\n      });\r\n      \r\n      indicators.forEach((indicator, index) => {\r\n        indicator.classList.toggle('active', index === currentIndex);\r\n      });\r\n      \r\n      const currentImg = items[currentIndex].querySelector('img');\r\n      caption.textContent = currentImg.alt;\r\n    }\r\n    \r\n    function goToSlide(index) {\r\n      currentIndex = index;\r\n      updateCarousel();\r\n    }\r\n    \r\n    function nextSlide() {\r\n      currentIndex = (currentIndex + 1) % items.length;\r\n      updateCarousel();\r\n    }\r\n    \r\n    function prevSlide() {\r\n      currentIndex = (currentIndex - 1 + items.length) % items.length;\r\n      updateCarousel();\r\n    }\r\n    \r\n    function stopAutoplay() {\r\n      if (autoplayInterval) {\r\n        clearInterval(autoplayInterval);\r\n        autoplayInterval = null;\r\n      }\r\n    }\r\n    \r\n    \/\/ Detectar swipe\r\n    function handleSwipe() {\r\n      const diffX = touchEndX - touchStartX;\r\n      const diffY = Math.abs(touchEndY - touchStartY);\r\n      \r\n      \/\/ Solo procesar si el movimiento horizontal es mayor que el vertical\r\n      \/\/ y si el desplazamiento es suficiente (m\u00e1s de 50px)\r\n      if (Math.abs(diffX) > 50 && Math.abs(diffX) > diffY) {\r\n        stopAutoplay();\r\n        \r\n        if (diffX > 0) {\r\n          \/\/ Swipe derecha - ir a anterior\r\n          prevSlide();\r\n        } else {\r\n          \/\/ Swipe izquierda - ir a siguiente\r\n          nextSlide();\r\n        }\r\n      }\r\n    }\r\n    \r\n    \/\/ Event listeners para touch\r\n    carousel.addEventListener('touchstart', (e) => {\r\n      touchStartX = e.changedTouches[0].screenX;\r\n      touchStartY = e.changedTouches[0].screenY;\r\n    }, { passive: true });\r\n    \r\n    carousel.addEventListener('touchend', (e) => {\r\n      touchEndX = e.changedTouches[0].screenX;\r\n      touchEndY = e.changedTouches[0].screenY;\r\n      handleSwipe();\r\n    }, { passive: true });\r\n    \r\n    \/\/ Inicializar\r\n    updateCarousel();\r\n    \r\n    prevBtn.addEventListener('click', () => {\r\n      stopAutoplay();\r\n      prevSlide();\r\n    });\r\n    \r\n    nextBtn.addEventListener('click', () => {\r\n      stopAutoplay();\r\n      nextSlide();\r\n    });\r\n    \r\n    \/\/ Auto-play cada 6 segundos\r\n    autoplayInterval = setInterval(nextSlide, 6000);\r\n  });\r\n});\r\n<\/script>\t\t\t\t<\/div>\n\t\t\t\t<\/div>\n\t\t\t\t<\/div>\n\t\t<div class=\"elementor-element elementor-element-cec1461 e-con-full e-flex e-con e-child\" data-id=\"cec1461\" data-element_type=\"container\">\n\t\t\t\t<div class=\"elementor-element elementor-element-d09f5bb elementor-widget elementor-widget-heading\" data-id=\"d09f5bb\" data-element_type=\"widget\" data-widget_type=\"heading.default\">\n\t\t\t\t<div class=\"elementor-widget-container\">\n\t\t\t\t\t<h3 class=\"elementor-heading-title elementor-size-default\">Collezione permanente<\/h3>\t\t\t\t<\/div>\n\t\t\t\t<\/div>\n\t\t\t\t<div class=\"elementor-element elementor-element-0c0c8a2 elementor-widget elementor-widget-text-editor\" data-id=\"0c0c8a2\" data-element_type=\"widget\" data-widget_type=\"text-editor.default\">\n\t\t\t\t<div class=\"elementor-widget-container\">\n\t\t\t\t\t\t\t\t\t<p>La mostra permanente \u00e8 organizzata in modo che lo spettatore comprenda la transizione tra arte sacra, Biedermeier e avanguardie moderne. Come afferma un <a style=\"color: #7e0009;\" href=\"https:\/\/www.reddit.com\/r\/Europetravel\/comments\/1h8ehyi\/if_i_had_to-pick-one-belvedere_palace_or\/\" target=\"_blank\" rel=\"noopener\">utente su Reddit<\/a>: \u201cIl Belvedere ha una grande collezione d&#8217;arte\u201d, che <strong>presenta un&#8217;evoluzione cronologica dal periodo medievale al XX secolo<\/strong>. <\/p><p>Le sale ospitano <strong>pezzi iconici<\/strong> che definiscono la storia dell&#8217;arte europea e austriaca, consentendo una visione integrale dello sviluppo estetico regionale. La collezione comprende le seguenti opere, artisti e stili di rilievo: <\/p><ul><li><i>Napoleone che valica le Alpi<\/i> (Jacques-Louis David)<\/li><li><i>Madre con due bambini III<\/i> (Egon Schiele)<\/li><li><em>La pianura di Auvers<\/em> (Vincent van Gogh)<\/li><li>Oskar Kokoschka<\/li><li>Claude Monet<\/li><li>Auguste Rodin<\/li><li>L\u00e1szl\u00f3 Moholy-Nagy<\/li><li>Biedermeier<\/li><li>Impressionismo francese<\/li><\/ul>\t\t\t\t\t\t\t\t<\/div>\n\t\t\t\t<\/div>\n\t\t\t\t<\/div>\n\t\t\t\t\t<\/div>\n\t\t\t\t<\/div>\n\t\t\t\t<section class=\"elementor-section elementor-top-section elementor-element elementor-element-622a773 elementor-section-boxed elementor-section-height-default elementor-section-height-default\" data-id=\"622a773\" data-element_type=\"section\">\n\t\t\t\t\t\t<div class=\"elementor-container elementor-column-gap-default\">\n\t\t\t\t\t<div class=\"elementor-column elementor-col-100 elementor-top-column elementor-element elementor-element-cc01ca0\" data-id=\"cc01ca0\" data-element_type=\"column\">\n\t\t\t<div class=\"elementor-widget-wrap elementor-element-populated\">\n\t\t\t\t\t\t<div class=\"elementor-element elementor-element-0fc9c94 elementor-widget elementor-widget-heading\" data-id=\"0fc9c94\" data-element_type=\"widget\" id=\"lower\" data-widget_type=\"heading.default\">\n\t\t\t\t<div class=\"elementor-widget-container\">\n\t\t\t\t\t<h2 class=\"elementor-heading-title elementor-size-default\">Cosa vedere al Belvedere Inferiore?<\/h2>\t\t\t\t<\/div>\n\t\t\t\t<\/div>\n\t\t\t\t<div class=\"elementor-element elementor-element-71d57f6 elementor-widget elementor-widget-text-editor\" data-id=\"71d57f6\" data-element_type=\"widget\" data-widget_type=\"text-editor.default\">\n\t\t\t\t<div class=\"elementor-widget-container\">\n\t\t\t\t\t\t\t\t\t<p>Il Belvedere Inferiore \u00e8 principalmente dedicato all&#8217;organizzazione di <strong>mostre d&#8217;arte temporanee<\/strong>. Inoltre, i visitatori possono visitare gli ex <strong>appartamenti privati<\/strong> e le <strong>sale cerimoniali del Principe Eugenio<\/strong>, che conservano la decorazione originale del palazzo barocco. <\/p>\t\t\t\t\t\t\t\t<\/div>\n\t\t\t\t<\/div>\n\t\t\t\t\t<\/div>\n\t\t<\/div>\n\t\t\t\t\t<\/div>\n\t\t<\/section>\n\t\t<div class=\"elementor-element elementor-element-7216d66 e-flex e-con-boxed e-con e-parent\" data-id=\"7216d66\" data-element_type=\"container\">\n\t\t\t\t\t<div class=\"e-con-inner\">\n\t\t<div class=\"elementor-element elementor-element-a22f938 e-con-full e-flex e-con e-child\" data-id=\"a22f938\" data-element_type=\"container\">\n\t\t\t\t<div class=\"elementor-element elementor-element-1d147af elementor-widget elementor-widget-heading\" data-id=\"1d147af\" data-element_type=\"widget\" data-widget_type=\"heading.default\">\n\t\t\t\t<div class=\"elementor-widget-container\">\n\t\t\t\t\t<h3 class=\"elementor-heading-title elementor-size-default\">Scuderie di Palazzo<\/h3>\t\t\t\t<\/div>\n\t\t\t\t<\/div>\n\t\t\t\t<div class=\"elementor-element elementor-element-fbd11d8 elementor-widget elementor-widget-text-editor\" data-id=\"fbd11d8\" data-element_type=\"widget\" data-widget_type=\"text-editor.default\">\n\t\t\t\t<div class=\"elementor-widget-container\">\n\t\t\t\t\t\t\t\t\t<p>Le Scuderie di Palazzo si trovano all&#8217;estremit\u00e0 orientale del Belvedere Inferiore e oggi funzionano come uno <strong>spazio espositivo specializzato<\/strong>. <\/p><p>Originariamente, questo edificio ospitava i cavalli personali del Principe Eugenio, ma dopo una ristrutturazione, si \u00e8 trasformato nel <strong>Tesoro del Belvedere<\/strong>, dove l&#8217;istituzione espone la sua collezione di arte medievale, tra cui pale d&#8217;altare, pannelli dipinti e sculture in legno del XIV e XV secolo.<\/p><p>L&#8217;architettura interna conserva elementi della sua funzione originale, adattati per la conservazione di delicati <strong>pezzi gotici<\/strong>. <\/p><p>La posizione delle scuderie permette un flusso continuo dalle sale principali del Belvedere Inferiore, offrendo una prospettiva sulla devozione religiosa e sull&#8217;artigianato del Medioevo nella regione alpina e nell&#8217;Europa centrale. \u00c8 una tappa consigliata per comprendere le origini dell&#8217;arte austriaca prima del Rinascimento. <\/p>\t\t\t\t\t\t\t\t<\/div>\n\t\t\t\t<\/div>\n\t\t\t\t<\/div>\n\t\t<div class=\"elementor-element elementor-element-967b35e e-con-full e-flex e-con e-child\" data-id=\"967b35e\" data-element_type=\"container\">\n\t\t\t\t<div class=\"elementor-element elementor-element-36ba7f3 elementor-widget elementor-widget-image\" data-id=\"36ba7f3\" data-element_type=\"widget\" data-widget_type=\"image.default\">\n\t\t\t\t<div class=\"elementor-widget-container\">\n\t\t\t\t\t\t\t\t\t\t\t\t\t\t\t<img loading=\"lazy\" decoding=\"async\" width=\"800\" height=\"534\" src=\"https:\/\/belvederepalace.wientickets.org\/wp-content\/uploads\/2025\/11\/lower-belvedere-1-1024x683.webp\" class=\"attachment-large size-large wp-image-700\" alt=\"Belvedere Inferiore\" srcset=\"https:\/\/belvederepalace.wientickets.org\/wp-content\/uploads\/2025\/11\/lower-belvedere-1-1024x683.webp 1024w, https:\/\/belvederepalace.wientickets.org\/wp-content\/uploads\/2025\/11\/lower-belvedere-1-300x200.webp 300w, https:\/\/belvederepalace.wientickets.org\/wp-content\/uploads\/2025\/11\/lower-belvedere-1-768x512.webp 768w, https:\/\/belvederepalace.wientickets.org\/wp-content\/uploads\/2025\/11\/lower-belvedere-1.webp 1200w\" sizes=\"(max-width: 800px) 100vw, 800px\" \/>\t\t\t\t\t\t\t\t\t\t\t\t\t\t\t<\/div>\n\t\t\t\t<\/div>\n\t\t\t\t<\/div>\n\t\t\t\t\t<\/div>\n\t\t\t\t<\/div>\n\t\t<div class=\"elementor-element elementor-element-cc93eae e-flex e-con-boxed e-con e-parent\" data-id=\"cc93eae\" data-element_type=\"container\">\n\t\t\t\t\t<div class=\"e-con-inner\">\n\t\t\t\t<div class=\"elementor-element elementor-element-7bb67d6 elementor-widget elementor-widget-spacer\" data-id=\"7bb67d6\" data-element_type=\"widget\" data-widget_type=\"spacer.default\">\n\t\t\t\t<div class=\"elementor-widget-container\">\n\t\t\t\t\t\t\t<div class=\"elementor-spacer\">\n\t\t\t<div class=\"elementor-spacer-inner\"><\/div>\n\t\t<\/div>\n\t\t\t\t\t\t<\/div>\n\t\t\t\t<\/div>\n\t\t\t\t\t<\/div>\n\t\t\t\t<\/div>\n\t\t<div class=\"elementor-element elementor-element-6d7d75f e-flex e-con-boxed e-con e-parent\" data-id=\"6d7d75f\" data-element_type=\"container\">\n\t\t\t\t\t<div class=\"e-con-inner\">\n\t\t<div class=\"elementor-element elementor-element-29bf65f e-con-full e-flex e-con e-child\" data-id=\"29bf65f\" data-element_type=\"container\">\n\t\t\t\t<div class=\"elementor-element elementor-element-a64af1c elementor-widget elementor-widget-image\" data-id=\"a64af1c\" data-element_type=\"widget\" data-widget_type=\"image.default\">\n\t\t\t\t<div class=\"elementor-widget-container\">\n\t\t\t\t\t\t\t\t\t\t\t\t\t\t\t<img loading=\"lazy\" decoding=\"async\" width=\"800\" height=\"600\" src=\"https:\/\/belvederepalace.wientickets.org\/wp-content\/uploads\/2025\/11\/golden-hall-belvedere-palace.webp\" class=\"attachment-large size-large wp-image-1822\" alt=\"Sala d&#039;oro Belvedere\" srcset=\"https:\/\/belvederepalace.wientickets.org\/wp-content\/uploads\/2025\/11\/golden-hall-belvedere-palace.webp 960w, https:\/\/belvederepalace.wientickets.org\/wp-content\/uploads\/2025\/11\/golden-hall-belvedere-palace-300x225.webp 300w, https:\/\/belvederepalace.wientickets.org\/wp-content\/uploads\/2025\/11\/golden-hall-belvedere-palace-768x576.webp 768w\" sizes=\"(max-width: 800px) 100vw, 800px\" \/>\t\t\t\t\t\t\t\t\t\t\t\t\t\t\t<\/div>\n\t\t\t\t<\/div>\n\t\t\t\t<\/div>\n\t\t<div class=\"elementor-element elementor-element-c451609 e-con-full e-flex e-con e-child\" data-id=\"c451609\" data-element_type=\"container\">\n\t\t\t\t<div class=\"elementor-element elementor-element-e4726c5 elementor-widget elementor-widget-heading\" data-id=\"e4726c5\" data-element_type=\"widget\" data-widget_type=\"heading.default\">\n\t\t\t\t<div class=\"elementor-widget-container\">\n\t\t\t\t\t<h3 class=\"elementor-heading-title elementor-size-default\">Mostre temporanee<\/h3>\t\t\t\t<\/div>\n\t\t\t\t<\/div>\n\t\t\t\t<div class=\"elementor-element elementor-element-8404fee elementor-widget elementor-widget-text-editor\" data-id=\"8404fee\" data-element_type=\"widget\" data-widget_type=\"text-editor.default\">\n\t\t\t\t<div class=\"elementor-widget-container\">\n\t\t\t\t\t\t\t\t\t<p><a style=\"color: #7e0009;\" href=\"https:\/\/belvederepalace.wientickets.org\/it\/palazzo-del-belvedere-inferiore\/\">Le mostre temporanee al Belvedere Inferiore<\/a> offrono un&#8217;analisi di artisti specifici o di determinati periodi storici. Questi <strong>eventi a rotazione<\/strong> permettono al museo di esporre pezzi che non fanno parte della collezione permanente.  <\/p><p>La posizione di queste mostre in sale storiche, come la Galleria di Marmo o il Gabinetto d&#8217;Oro, aggiunge un valore contestuale unico alle opere esposte.<\/p><p>Le mostre di solito <strong>cambiano ogni pochi mesi<\/strong>, coprendo temi che vanno dal Simbolismo al Modernismo internazionale. Questa rotazione assicura che ogni visita al palazzo offra un&#8217;esperienza distinta e aggiornata per quanto riguarda le tendenze e la ricerca della storia dell&#8217;arte. <\/p><p><em>Foto: &#8220;Belvedere in inverno &#8211; Interno del Belvedere Inferiore&#8221; di <a style=\"color: #7e0009;\" href=\"https:\/\/commons.wikimedia.org\/wiki\/User:Deror_avi\" target=\"_blank\" rel=\"noopener\">Deror avi<\/a>.<\/em><\/p>\t\t\t\t\t\t\t\t<\/div>\n\t\t\t\t<\/div>\n\t\t\t\t<\/div>\n\t\t\t\t\t<\/div>\n\t\t\t\t<\/div>\n\t\t<div class=\"elementor-element elementor-element-72e3285 e-flex e-con-boxed e-con e-parent\" data-id=\"72e3285\" data-element_type=\"container\">\n\t\t\t\t\t<div class=\"e-con-inner\">\n\t\t\t\t<div class=\"elementor-element elementor-element-0eb37d4 elementor-widget elementor-widget-spacer\" data-id=\"0eb37d4\" data-element_type=\"widget\" data-widget_type=\"spacer.default\">\n\t\t\t\t<div class=\"elementor-widget-container\">\n\t\t\t\t\t\t\t<div class=\"elementor-spacer\">\n\t\t\t<div class=\"elementor-spacer-inner\"><\/div>\n\t\t<\/div>\n\t\t\t\t\t\t<\/div>\n\t\t\t\t<\/div>\n\t\t\t\t\t<\/div>\n\t\t\t\t<\/div>\n\t\t<div class=\"elementor-element elementor-element-cd387b2 e-flex e-con-boxed e-con e-parent\" data-id=\"cd387b2\" data-element_type=\"container\">\n\t\t\t\t\t<div class=\"e-con-inner\">\n\t\t<div class=\"elementor-element elementor-element-d75dd1c e-con-full e-flex e-con e-child\" data-id=\"d75dd1c\" data-element_type=\"container\">\n\t\t\t\t<div class=\"elementor-element elementor-element-6e9204e elementor-widget elementor-widget-heading\" data-id=\"6e9204e\" data-element_type=\"widget\" data-widget_type=\"heading.default\">\n\t\t\t\t<div class=\"elementor-widget-container\">\n\t\t\t\t\t<h3 class=\"elementor-heading-title elementor-size-default\">Orangerie<\/h3>\t\t\t\t<\/div>\n\t\t\t\t<\/div>\n\t\t\t\t<div class=\"elementor-element elementor-element-6f913fa elementor-widget elementor-widget-text-editor\" data-id=\"6f913fa\" data-element_type=\"widget\" data-widget_type=\"text-editor.default\">\n\t\t\t\t<div class=\"elementor-widget-container\">\n\t\t\t\t\t\t\t\t\t<p>L&#8217;Orangerie si trova accanto al Belvedere Inferiore. Originariamente funzionava come serra per piante esotiche durante l&#8217;inverno, in particolare gli alberi di arancio. Oggi, questo edificio \u00e8 una <strong>sala espositiva<\/strong> che combina la struttura barocca con un design interno minimalista.  <\/p><p>La sua architettura si distingue per le grandi finestre esposte a sud che permettevano alla luce solare di entrare per la vegetazione. La transizione da serra a galleria d&#8217;arte riflette <strong>l&#8217;adattabilit\u00e0 del complesso del Belvedere<\/strong> alle attuali esigenze culturali.  <\/p><p>La sua posizione al livello inferiore del giardino lo rende facilmente accessibile dopo aver visitato gli appartamenti privati, offrendo un significativo contrasto architettonico tra l&#8217;opulento barocco e la moderna funzionalit\u00e0 degli attuali musei.<\/p>\t\t\t\t\t\t\t\t<\/div>\n\t\t\t\t<\/div>\n\t\t\t\t<\/div>\n\t\t<div class=\"elementor-element elementor-element-4cb2fe9 e-con-full e-flex e-con e-child\" data-id=\"4cb2fe9\" data-element_type=\"container\">\n\t\t\t\t<div class=\"elementor-element elementor-element-ab91911 elementor-widget elementor-widget-image\" data-id=\"ab91911\" data-element_type=\"widget\" data-widget_type=\"image.default\">\n\t\t\t\t<div class=\"elementor-widget-container\">\n\t\t\t\t\t\t\t\t\t\t\t\t\t\t\t<img loading=\"lazy\" decoding=\"async\" width=\"800\" height=\"530\" src=\"https:\/\/belvederepalace.wientickets.org\/wp-content\/uploads\/2025\/11\/Orangery-Lower-Belvedere.webp\" class=\"attachment-large size-large wp-image-1823\" alt=\"Orangerie del Belvedere Inferiore\" srcset=\"https:\/\/belvederepalace.wientickets.org\/wp-content\/uploads\/2025\/11\/Orangery-Lower-Belvedere.webp 1024w, https:\/\/belvederepalace.wientickets.org\/wp-content\/uploads\/2025\/11\/Orangery-Lower-Belvedere-300x199.webp 300w, https:\/\/belvederepalace.wientickets.org\/wp-content\/uploads\/2025\/11\/Orangery-Lower-Belvedere-768x509.webp 768w\" sizes=\"(max-width: 800px) 100vw, 800px\" \/>\t\t\t\t\t\t\t\t\t\t\t\t\t\t\t<\/div>\n\t\t\t\t<\/div>\n\t\t\t\t<\/div>\n\t\t\t\t\t<\/div>\n\t\t\t\t<\/div>\n\t\t\t\t<section class=\"elementor-section elementor-top-section elementor-element elementor-element-a621f56 elementor-section-boxed elementor-section-height-default elementor-section-height-default\" data-id=\"a621f56\" data-element_type=\"section\">\n\t\t\t\t\t\t<div class=\"elementor-container elementor-column-gap-default\">\n\t\t\t\t\t<div class=\"elementor-column elementor-col-100 elementor-top-column elementor-element elementor-element-b650527\" data-id=\"b650527\" data-element_type=\"column\">\n\t\t\t<div class=\"elementor-widget-wrap elementor-element-populated\">\n\t\t\t\t\t\t<div class=\"elementor-element elementor-element-712336c elementor-widget elementor-widget-heading\" data-id=\"712336c\" data-element_type=\"widget\" id=\"belvedere21\" data-widget_type=\"heading.default\">\n\t\t\t\t<div class=\"elementor-widget-container\">\n\t\t\t\t\t<h2 class=\"elementor-heading-title elementor-size-default\">Cosa vedere al Belvedere 21?<\/h2>\t\t\t\t<\/div>\n\t\t\t\t<\/div>\n\t\t\t\t<div class=\"elementor-element elementor-element-1965c3b elementor-widget elementor-widget-text-editor\" data-id=\"1965c3b\" data-element_type=\"widget\" data-widget_type=\"text-editor.default\">\n\t\t\t\t<div class=\"elementor-widget-container\">\n\t\t\t\t\t\t\t\t\t<p>Il Belvedere 21 rappresenta la sfaccettatura contemporanea del complesso, concentrandosi sull&#8217;arte del XX e XXI secolo. Questo edificio modernista, progettato da Karl Schwanzer, offre <strong>mostre temporanee<\/strong>, un <strong>giardino di sculture<\/strong> e un <strong>cinema<\/strong>. <\/p>\t\t\t\t\t\t\t\t<\/div>\n\t\t\t\t<\/div>\n\t\t\t\t\t<\/div>\n\t\t<\/div>\n\t\t\t\t\t<\/div>\n\t\t<\/section>\n\t\t<div class=\"elementor-element elementor-element-0a3b962 e-flex e-con-boxed e-con e-parent\" data-id=\"0a3b962\" data-element_type=\"container\">\n\t\t\t\t\t<div class=\"e-con-inner\">\n\t\t<div class=\"elementor-element elementor-element-e969836 e-con-full e-flex e-con e-child\" data-id=\"e969836\" data-element_type=\"container\">\n\t\t\t\t<div class=\"elementor-element elementor-element-acc7209 elementor-widget elementor-widget-image\" data-id=\"acc7209\" data-element_type=\"widget\" data-widget_type=\"image.default\">\n\t\t\t\t<div class=\"elementor-widget-container\">\n\t\t\t\t\t\t\t\t\t\t\t\t\t\t\t<img loading=\"lazy\" decoding=\"async\" width=\"800\" height=\"577\" src=\"https:\/\/belvederepalace.wientickets.org\/wp-content\/uploads\/2026\/01\/exhibition-belvedere-21-1024x738.webp\" class=\"attachment-large size-large wp-image-1824\" alt=\"Mostra al Belvedere 21\" srcset=\"https:\/\/belvederepalace.wientickets.org\/wp-content\/uploads\/2026\/01\/exhibition-belvedere-21-1024x738.webp 1024w, https:\/\/belvederepalace.wientickets.org\/wp-content\/uploads\/2026\/01\/exhibition-belvedere-21-300x216.webp 300w, https:\/\/belvederepalace.wientickets.org\/wp-content\/uploads\/2026\/01\/exhibition-belvedere-21-768x553.webp 768w, https:\/\/belvederepalace.wientickets.org\/wp-content\/uploads\/2026\/01\/exhibition-belvedere-21.webp 1280w\" sizes=\"(max-width: 800px) 100vw, 800px\" \/>\t\t\t\t\t\t\t\t\t\t\t\t\t\t\t<\/div>\n\t\t\t\t<\/div>\n\t\t\t\t<\/div>\n\t\t<div class=\"elementor-element elementor-element-5f3b843 e-con-full e-flex e-con e-child\" data-id=\"5f3b843\" data-element_type=\"container\">\n\t\t\t\t<div class=\"elementor-element elementor-element-dc163c5 elementor-widget elementor-widget-heading\" data-id=\"dc163c5\" data-element_type=\"widget\" data-widget_type=\"heading.default\">\n\t\t\t\t<div class=\"elementor-widget-container\">\n\t\t\t\t\t<h3 class=\"elementor-heading-title elementor-size-default\">Mostre temporanee<\/h3>\t\t\t\t<\/div>\n\t\t\t\t<\/div>\n\t\t\t\t<div class=\"elementor-element elementor-element-5baab11 elementor-widget elementor-widget-text-editor\" data-id=\"5baab11\" data-element_type=\"widget\" data-widget_type=\"text-editor.default\">\n\t\t\t\t<div class=\"elementor-widget-container\">\n\t\t\t\t\t\t\t\t\t<p>Il Belvedere 21 funge da <strong>piattaforma dinamica per l&#8217;arte contemporanea<\/strong>, presentando mostre temporanee di artisti nazionali e internazionali attivi dal dopoguerra ad oggi. A differenza dei palazzi storici, questo spazio si concentra su temi sociali, sperimentazione mediatica e nuove narrazioni visive. <\/p><p>L&#8217;importanza di queste mostre risiede nella loro capacit\u00e0 di mettere in discussione l&#8217;attualit\u00e0 e <strong>mostrare l&#8217;evoluzione della scena artistica viennese pi\u00f9 recente<\/strong>. I visitatori possono trovare video, fotografie, dipinti contemporanei e progetti interdisciplinari. La programmazione cerca di collegare il patrimonio storico del Belvedere con le preoccupazioni del presente.  <\/p><p><em>Foto: &#8220;Belvedere 21&#8221; di Tudoi61.<\/em><\/p>\t\t\t\t\t\t\t\t<\/div>\n\t\t\t\t<\/div>\n\t\t\t\t<\/div>\n\t\t\t\t\t<\/div>\n\t\t\t\t<\/div>\n\t\t<div class=\"elementor-element elementor-element-81c39d8 e-flex e-con-boxed e-con e-parent\" data-id=\"81c39d8\" data-element_type=\"container\">\n\t\t\t\t\t<div class=\"e-con-inner\">\n\t\t\t\t<div class=\"elementor-element elementor-element-df7cfa8 elementor-widget elementor-widget-spacer\" data-id=\"df7cfa8\" data-element_type=\"widget\" data-widget_type=\"spacer.default\">\n\t\t\t\t<div class=\"elementor-widget-container\">\n\t\t\t\t\t\t\t<div class=\"elementor-spacer\">\n\t\t\t<div class=\"elementor-spacer-inner\"><\/div>\n\t\t<\/div>\n\t\t\t\t\t\t<\/div>\n\t\t\t\t<\/div>\n\t\t\t\t\t<\/div>\n\t\t\t\t<\/div>\n\t\t<div class=\"elementor-element elementor-element-1d21fef e-flex e-con-boxed e-con e-parent\" data-id=\"1d21fef\" data-element_type=\"container\">\n\t\t\t\t\t<div class=\"e-con-inner\">\n\t\t<div class=\"elementor-element elementor-element-b0e35c2 e-con-full e-flex e-con e-child\" data-id=\"b0e35c2\" data-element_type=\"container\">\n\t\t\t\t<div class=\"elementor-element elementor-element-fa959ca elementor-widget elementor-widget-heading\" data-id=\"fa959ca\" data-element_type=\"widget\" data-widget_type=\"heading.default\">\n\t\t\t\t<div class=\"elementor-widget-container\">\n\t\t\t\t\t<h3 class=\"elementor-heading-title elementor-size-default\">Giardino delle sculture<\/h3>\t\t\t\t<\/div>\n\t\t\t\t<\/div>\n\t\t\t\t<div class=\"elementor-element elementor-element-c3f6071 elementor-widget elementor-widget-text-editor\" data-id=\"c3f6071\" data-element_type=\"widget\" data-widget_type=\"text-editor.default\">\n\t\t\t\t<div class=\"elementor-widget-container\">\n\t\t\t\t\t\t\t\t\t<p>Il Giardino delle Sculture del Belvedere 21 \u00e8 <a style=\"color: #7e0009;\" href=\"https:\/\/belvederepalace.wientickets.org\/it\/belvedere-schlossgarten-giardini\/\">uno dei giardini del complesso<\/a>. Questo spazio circonda l&#8217;edificio modernista e <strong>ospita opere tridimensionali di artisti contemporanei<\/strong>. Il giardino funziona come un&#8217;estensione delle gallerie interne.<\/p><p>La collezione all&#8217;aperto comprende opere permanenti e prestiti che esplorano la forma, il materiale e lo spazio pubblico. La sua importanza risiede nell&#8217;offrire un&#8217;esperienza estetica accessibile senza le restrizioni di un ambiente di galleria chiuso. <strong>Una delle opere esposte \u00e8 \u201cB-Girls, go!\u201d di Maru\u0161a Sagadin<\/strong>, che reinterpreta un berretto da baseball attraverso la pop art. <\/p><p><em>Foto: &#8220;Marusa Sagadin &#8211; B-Girls, Go!&#8221; di <a style=\"color: #7e0009;\" href=\"https:\/\/commons.wikimedia.org\/wiki\/User:1rhb\" target=\"_blank\" rel=\"noopener\">1rhb<\/a>.<\/em><\/p>\t\t\t\t\t\t\t\t<\/div>\n\t\t\t\t<\/div>\n\t\t\t\t<\/div>\n\t\t<div class=\"elementor-element elementor-element-543f42d e-con-full e-flex e-con e-child\" data-id=\"543f42d\" data-element_type=\"container\">\n\t\t\t\t<div class=\"elementor-element elementor-element-1d120f1 elementor-widget elementor-widget-image\" data-id=\"1d120f1\" data-element_type=\"widget\" data-widget_type=\"image.default\">\n\t\t\t\t<div class=\"elementor-widget-container\">\n\t\t\t\t\t\t\t\t\t\t\t\t\t\t\t<img loading=\"lazy\" decoding=\"async\" width=\"800\" height=\"533\" src=\"https:\/\/belvederepalace.wientickets.org\/wp-content\/uploads\/2026\/01\/b-girls-go-sculpture-by-marusa-sagadin-1024x682.webp\" class=\"attachment-large size-large wp-image-1590\" alt=\"Scultura \u201cB-Girls, go!\u201d di Maru\u0161a Sagadin\" srcset=\"https:\/\/belvederepalace.wientickets.org\/wp-content\/uploads\/2026\/01\/b-girls-go-sculpture-by-marusa-sagadin-1024x682.webp 1024w, https:\/\/belvederepalace.wientickets.org\/wp-content\/uploads\/2026\/01\/b-girls-go-sculpture-by-marusa-sagadin-300x200.webp 300w, https:\/\/belvederepalace.wientickets.org\/wp-content\/uploads\/2026\/01\/b-girls-go-sculpture-by-marusa-sagadin-768x511.webp 768w, https:\/\/belvederepalace.wientickets.org\/wp-content\/uploads\/2026\/01\/b-girls-go-sculpture-by-marusa-sagadin.webp 1280w\" sizes=\"(max-width: 800px) 100vw, 800px\" \/>\t\t\t\t\t\t\t\t\t\t\t\t\t\t\t<\/div>\n\t\t\t\t<\/div>\n\t\t\t\t<\/div>\n\t\t\t\t\t<\/div>\n\t\t\t\t<\/div>\n\t\t<div class=\"elementor-element elementor-element-f8e88a9 e-flex e-con-boxed e-con e-parent\" data-id=\"f8e88a9\" data-element_type=\"container\">\n\t\t\t\t\t<div class=\"e-con-inner\">\n\t\t\t\t<div class=\"elementor-element elementor-element-966f9f8 elementor-widget elementor-widget-spacer\" data-id=\"966f9f8\" data-element_type=\"widget\" data-widget_type=\"spacer.default\">\n\t\t\t\t<div class=\"elementor-widget-container\">\n\t\t\t\t\t\t\t<div class=\"elementor-spacer\">\n\t\t\t<div class=\"elementor-spacer-inner\"><\/div>\n\t\t<\/div>\n\t\t\t\t\t\t<\/div>\n\t\t\t\t<\/div>\n\t\t\t\t\t<\/div>\n\t\t\t\t<\/div>\n\t\t<div class=\"elementor-element elementor-element-e112cff e-flex e-con-boxed e-con e-parent\" data-id=\"e112cff\" data-element_type=\"container\">\n\t\t\t\t\t<div class=\"e-con-inner\">\n\t\t<div class=\"elementor-element elementor-element-aab86b8 e-con-full e-flex e-con e-child\" data-id=\"aab86b8\" data-element_type=\"container\">\n\t\t\t\t<div class=\"elementor-element elementor-element-2f7262c elementor-widget elementor-widget-image\" data-id=\"2f7262c\" data-element_type=\"widget\" data-widget_type=\"image.default\">\n\t\t\t\t<div class=\"elementor-widget-container\">\n\t\t\t\t\t\t\t\t\t\t\t\t\t\t\t<img loading=\"lazy\" decoding=\"async\" width=\"800\" height=\"405\" src=\"https:\/\/belvederepalace.wientickets.org\/wp-content\/uploads\/2024\/08\/belvedere-21-1024x518.webp\" class=\"attachment-large size-large wp-image-498\" alt=\"\" srcset=\"https:\/\/belvederepalace.wientickets.org\/wp-content\/uploads\/2024\/08\/belvedere-21-1024x518.webp 1024w, https:\/\/belvederepalace.wientickets.org\/wp-content\/uploads\/2024\/08\/belvedere-21-300x152.webp 300w, https:\/\/belvederepalace.wientickets.org\/wp-content\/uploads\/2024\/08\/belvedere-21-768x388.webp 768w, https:\/\/belvederepalace.wientickets.org\/wp-content\/uploads\/2024\/08\/belvedere-21.webp 1100w\" sizes=\"(max-width: 800px) 100vw, 800px\" \/>\t\t\t\t\t\t\t\t\t\t\t\t\t\t\t<\/div>\n\t\t\t\t<\/div>\n\t\t\t\t<\/div>\n\t\t<div class=\"elementor-element elementor-element-5fdef3b e-con-full e-flex e-con e-child\" data-id=\"5fdef3b\" data-element_type=\"container\">\n\t\t\t\t<div class=\"elementor-element elementor-element-fab9e31 elementor-widget elementor-widget-heading\" data-id=\"fab9e31\" data-element_type=\"widget\" data-widget_type=\"heading.default\">\n\t\t\t\t<div class=\"elementor-widget-container\">\n\t\t\t\t\t<h3 class=\"elementor-heading-title elementor-size-default\">Cinema e architettura (Blickle Kino)<\/h3>\t\t\t\t<\/div>\n\t\t\t\t<\/div>\n\t\t\t\t<div class=\"elementor-element elementor-element-38fa873 elementor-widget elementor-widget-text-editor\" data-id=\"38fa873\" data-element_type=\"widget\" data-widget_type=\"text-editor.default\">\n\t\t\t\t<div class=\"elementor-widget-container\">\n\t\t\t\t\t\t\t\t\t<p>Il Belvedere 21 si distingue anche per ospitare il <strong>Blickle Kino<\/strong> o <strong>Blickle Cinema<\/strong>, l&#8217;<strong>unico cinema di Vienna che conserva il suo design originale degli anni &#8217;50<\/strong>. Questa sala di proiezione \u00e8 un pezzo fondamentale dell&#8217;architettura del dopoguerra ed \u00e8 utilizzata per cicli di film d&#8217;autore, documentari d&#8217;arte e presentazioni accademiche. Il design del cinema, con i suoi mobili e l&#8217;estetica retr\u00f2, offre un ulteriore valore storico all&#8217;edificio.  <\/p>\t\t\t\t\t\t\t\t<\/div>\n\t\t\t\t<\/div>\n\t\t\t\t<\/div>\n\t\t\t\t\t<\/div>\n\t\t\t\t<\/div>\n\t\t\t\t<section class=\"elementor-section elementor-top-section elementor-element elementor-element-3606eb5 elementor-section-boxed elementor-section-height-default elementor-section-height-default\" data-id=\"3606eb5\" data-element_type=\"section\">\n\t\t\t\t\t\t<div class=\"elementor-container elementor-column-gap-default\">\n\t\t\t\t\t<div class=\"elementor-column elementor-col-100 elementor-top-column elementor-element elementor-element-0967684\" data-id=\"0967684\" data-element_type=\"column\">\n\t\t\t<div class=\"elementor-widget-wrap elementor-element-populated\">\n\t\t\t\t\t\t<div class=\"elementor-element elementor-element-de7300a elementor-widget elementor-widget-text-editor\" data-id=\"de7300a\" data-element_type=\"widget\" data-widget_type=\"text-editor.default\">\n\t\t\t\t<div class=\"elementor-widget-container\">\n\t\t\t\t\t\t\t\t\t<p>Inoltre, la struttura del Belvedere 21 stesso \u00e8 oggetto di studio: era il padiglione austriaco per l&#8217;Expo di Bruxelles nel 1958 prima di essere trasferito nella sua posizione attuale. I visitatori interessati all&#8217;architettura moderna possono apprezzare l&#8217;uso innovativo di <strong>materiali industriali<\/strong>, che differenzia radicalmente questa sezione del complesso dalle strutture barocche del Belvedere Superiore e Inferiore. <\/p>\t\t\t\t\t\t\t\t<\/div>\n\t\t\t\t<\/div>\n\t\t\t\t\t<\/div>\n\t\t<\/div>\n\t\t\t\t\t<\/div>\n\t\t<\/section>\n\t\t\t\t<section class=\"elementor-section elementor-top-section elementor-element elementor-element-89e3771 elementor-section-boxed elementor-section-height-default elementor-section-height-default\" data-id=\"89e3771\" data-element_type=\"section\">\n\t\t\t\t\t\t<div class=\"elementor-container elementor-column-gap-default\">\n\t\t\t\t\t<div class=\"elementor-column elementor-col-100 elementor-top-column elementor-element elementor-element-e1d56e9\" data-id=\"e1d56e9\" data-element_type=\"column\">\n\t\t\t<div class=\"elementor-widget-wrap elementor-element-populated\">\n\t\t\t\t\t\t<div class=\"elementor-element elementor-element-b6769e5 elementor-widget elementor-widget-heading\" data-id=\"b6769e5\" data-element_type=\"widget\" id=\"near\" data-widget_type=\"heading.default\">\n\t\t\t\t<div class=\"elementor-widget-container\">\n\t\t\t\t\t<h2 class=\"elementor-heading-title elementor-size-default\">Cosa fare vicino al Palazzo Belvedere<\/h2>\t\t\t\t<\/div>\n\t\t\t\t<\/div>\n\t\t\t\t<div class=\"elementor-element elementor-element-021f04a elementor-widget elementor-widget-text-editor\" data-id=\"021f04a\" data-element_type=\"widget\" data-widget_type=\"text-editor.default\">\n\t\t\t\t<div class=\"elementor-widget-container\">\n\t\t\t\t\t\t\t\t\t<p>Ci sono <strong>molteplici punti di interesse culturale e storico situati a breve distanza dal Palazzo Belvedere<\/strong>, permettendo ai visitatori di completare il loro itinerario attraverso il centro di Vienna e il quartiere di Landstra\u00dfe. Questi siti offrono una prospettiva complementare sulla storia imperiale e sulla vita urbana attuale: <\/p>\t\t\t\t\t\t\t\t<\/div>\n\t\t\t\t<\/div>\n\t\t\t\t\t<\/div>\n\t\t<\/div>\n\t\t\t\t\t<\/div>\n\t\t<\/section>\n\t\t<div class=\"elementor-element elementor-element-0e46df4 e-grid e-con-boxed e-con e-parent\" data-id=\"0e46df4\" data-element_type=\"container\">\n\t\t\t\t\t<div class=\"e-con-inner\">\n\t\t<div class=\"elementor-element elementor-element-c376d6b e-con-full e-flex e-con e-child\" data-id=\"c376d6b\" data-element_type=\"container\">\n\t\t\t\t<div class=\"elementor-element elementor-element-707e557 elementor-widget elementor-widget-image\" data-id=\"707e557\" data-element_type=\"widget\" data-widget_type=\"image.default\">\n\t\t\t\t<div class=\"elementor-widget-container\">\n\t\t\t\t\t\t\t\t\t\t\t\t\t\t\t<img loading=\"lazy\" decoding=\"async\" width=\"800\" height=\"450\" src=\"https:\/\/belvederepalace.wientickets.org\/wp-content\/uploads\/2026\/01\/botanical-garden-1024x576.webp\" class=\"attachment-large size-large wp-image-1591\" alt=\"L&#039;Orto Botanico\" srcset=\"https:\/\/belvederepalace.wientickets.org\/wp-content\/uploads\/2026\/01\/botanical-garden-1024x576.webp 1024w, https:\/\/belvederepalace.wientickets.org\/wp-content\/uploads\/2026\/01\/botanical-garden-300x169.webp 300w, https:\/\/belvederepalace.wientickets.org\/wp-content\/uploads\/2026\/01\/botanical-garden-768x432.webp 768w, https:\/\/belvederepalace.wientickets.org\/wp-content\/uploads\/2026\/01\/botanical-garden.webp 1280w\" sizes=\"(max-width: 800px) 100vw, 800px\" \/>\t\t\t\t\t\t\t\t\t\t\t\t\t\t\t<\/div>\n\t\t\t\t<\/div>\n\t\t\t\t<div class=\"elementor-element elementor-element-2375c32 elementor-widget elementor-widget-heading\" data-id=\"2375c32\" data-element_type=\"widget\" data-widget_type=\"heading.default\">\n\t\t\t\t<div class=\"elementor-widget-container\">\n\t\t\t\t\t<h3 class=\"elementor-heading-title elementor-size-default\">Giardino botanico dell'Universit\u00e0 di Vienna<\/h3>\t\t\t\t<\/div>\n\t\t\t\t<\/div>\n\t\t\t\t<div class=\"elementor-element elementor-element-8215b29 elementor-widget elementor-widget-text-editor\" data-id=\"8215b29\" data-element_type=\"widget\" data-widget_type=\"text-editor.default\">\n\t\t\t\t<div class=\"elementor-widget-container\">\n\t\t\t\t\t\t\t\t\t<p>Proprio accanto al Belvedere si trova questo spazio verde che <strong>ospita migliaia di specie vegetali<\/strong> per scopi di ricerca e passeggiate.<\/p>\t\t\t\t\t\t\t\t<\/div>\n\t\t\t\t<\/div>\n\t\t\t\t<\/div>\n\t\t<div class=\"elementor-element elementor-element-cd36513 e-con-full e-flex e-con e-child\" data-id=\"cd36513\" data-element_type=\"container\">\n\t\t\t\t<div class=\"elementor-element elementor-element-701a5b3 elementor-widget elementor-widget-image\" data-id=\"701a5b3\" data-element_type=\"widget\" data-widget_type=\"image.default\">\n\t\t\t\t<div class=\"elementor-widget-container\">\n\t\t\t\t\t\t\t\t\t\t\t\t\t\t\t<img loading=\"lazy\" decoding=\"async\" width=\"800\" height=\"450\" src=\"https:\/\/belvederepalace.wientickets.org\/wp-content\/uploads\/2026\/01\/konzerthaus-1024x576.webp\" class=\"attachment-large size-large wp-image-1825\" alt=\"Konzerthaus\" srcset=\"https:\/\/belvederepalace.wientickets.org\/wp-content\/uploads\/2026\/01\/konzerthaus-1024x576.webp 1024w, https:\/\/belvederepalace.wientickets.org\/wp-content\/uploads\/2026\/01\/konzerthaus-300x169.webp 300w, https:\/\/belvederepalace.wientickets.org\/wp-content\/uploads\/2026\/01\/konzerthaus-768x432.webp 768w, https:\/\/belvederepalace.wientickets.org\/wp-content\/uploads\/2026\/01\/konzerthaus.webp 1280w\" sizes=\"(max-width: 800px) 100vw, 800px\" \/>\t\t\t\t\t\t\t\t\t\t\t\t\t\t\t<\/div>\n\t\t\t\t<\/div>\n\t\t\t\t<div class=\"elementor-element elementor-element-85b1937 elementor-widget elementor-widget-heading\" data-id=\"85b1937\" data-element_type=\"widget\" data-widget_type=\"heading.default\">\n\t\t\t\t<div class=\"elementor-widget-container\">\n\t\t\t\t\t<h3 class=\"elementor-heading-title elementor-size-default\">Konzerthaus<\/h3>\t\t\t\t<\/div>\n\t\t\t\t<\/div>\n\t\t\t\t<div class=\"elementor-element elementor-element-216a2a8 elementor-widget elementor-widget-spacer\" data-id=\"216a2a8\" data-element_type=\"widget\" data-widget_type=\"spacer.default\">\n\t\t\t\t<div class=\"elementor-widget-container\">\n\t\t\t\t\t\t\t<div class=\"elementor-spacer\">\n\t\t\t<div class=\"elementor-spacer-inner\"><\/div>\n\t\t<\/div>\n\t\t\t\t\t\t<\/div>\n\t\t\t\t<\/div>\n\t\t\t\t<div class=\"elementor-element elementor-element-13b69c0 elementor-widget elementor-widget-text-editor\" data-id=\"13b69c0\" data-element_type=\"widget\" data-widget_type=\"text-editor.default\">\n\t\t\t\t<div class=\"elementor-widget-container\">\n\t\t\t\t\t\t\t\t\t<p>A circa 15 minuti a piedi si trova questa sala da concerto dove si tengono <strong>spettacoli di musica classica e contemporanea<\/strong>.<\/p>\t\t\t\t\t\t\t\t<\/div>\n\t\t\t\t<\/div>\n\t\t\t\t<\/div>\n\t\t<div class=\"elementor-element elementor-element-984a2b2 e-con-full e-flex e-con e-child\" data-id=\"984a2b2\" data-element_type=\"container\">\n\t\t\t\t<div class=\"elementor-element elementor-element-5a62c37 elementor-widget elementor-widget-image\" data-id=\"5a62c37\" data-element_type=\"widget\" data-widget_type=\"image.default\">\n\t\t\t\t<div class=\"elementor-widget-container\">\n\t\t\t\t\t\t\t\t\t\t\t\t\t\t\t<img loading=\"lazy\" decoding=\"async\" width=\"800\" height=\"450\" src=\"https:\/\/belvederepalace.wientickets.org\/wp-content\/uploads\/2026\/01\/st-charles-church-karlskirche-1024x576.webp\" class=\"attachment-large size-large wp-image-1826\" alt=\"Chiesa di San Carlo (Karlskirche)\" srcset=\"https:\/\/belvederepalace.wientickets.org\/wp-content\/uploads\/2026\/01\/st-charles-church-karlskirche-1024x576.webp 1024w, https:\/\/belvederepalace.wientickets.org\/wp-content\/uploads\/2026\/01\/st-charles-church-karlskirche-300x169.webp 300w, https:\/\/belvederepalace.wientickets.org\/wp-content\/uploads\/2026\/01\/st-charles-church-karlskirche-768x432.webp 768w, https:\/\/belvederepalace.wientickets.org\/wp-content\/uploads\/2026\/01\/st-charles-church-karlskirche.webp 1280w\" sizes=\"(max-width: 800px) 100vw, 800px\" \/>\t\t\t\t\t\t\t\t\t\t\t\t\t\t\t<\/div>\n\t\t\t\t<\/div>\n\t\t\t\t<div class=\"elementor-element elementor-element-6ebe3eb elementor-widget elementor-widget-heading\" data-id=\"6ebe3eb\" data-element_type=\"widget\" data-widget_type=\"heading.default\">\n\t\t\t\t<div class=\"elementor-widget-container\">\n\t\t\t\t\t<h3 class=\"elementor-heading-title elementor-size-default\">Chiesa di San Carlo (Karlskirche)<\/h3>\t\t\t\t<\/div>\n\t\t\t\t<\/div>\n\t\t\t\t<div class=\"elementor-element elementor-element-53e2453 elementor-widget elementor-widget-text-editor\" data-id=\"53e2453\" data-element_type=\"widget\" data-widget_type=\"text-editor.default\">\n\t\t\t\t<div class=\"elementor-widget-container\">\n\t\t\t\t\t\t\t\t\t<p><span style=\"background-color: transparent;\">In Karlsplatz, a circa 15-20 minuti a piedi, si trova questo <strong>tempio barocco<\/strong> con la sua cupola e le colonne ispirate alla Colonna Traiana.<\/span><\/p>\t\t\t\t\t\t\t\t<\/div>\n\t\t\t\t<\/div>\n\t\t\t\t<\/div>\n\t\t<div class=\"elementor-element elementor-element-1b99a1e e-con-full e-flex e-con e-child\" data-id=\"1b99a1e\" data-element_type=\"container\">\n\t\t\t\t<div class=\"elementor-element elementor-element-0bde97d elementor-widget elementor-widget-image\" data-id=\"0bde97d\" data-element_type=\"widget\" data-widget_type=\"image.default\">\n\t\t\t\t<div class=\"elementor-widget-container\">\n\t\t\t\t\t\t\t\t\t\t\t\t\t\t\t<img loading=\"lazy\" decoding=\"async\" width=\"800\" height=\"450\" src=\"https:\/\/belvederepalace.wientickets.org\/wp-content\/uploads\/2026\/01\/heeresgeschichtliches-museum-1024x576.webp\" class=\"attachment-large size-large wp-image-1827\" alt=\"Heeresgeschichtliches Museum\" srcset=\"https:\/\/belvederepalace.wientickets.org\/wp-content\/uploads\/2026\/01\/heeresgeschichtliches-museum-1024x576.webp 1024w, https:\/\/belvederepalace.wientickets.org\/wp-content\/uploads\/2026\/01\/heeresgeschichtliches-museum-300x169.webp 300w, https:\/\/belvederepalace.wientickets.org\/wp-content\/uploads\/2026\/01\/heeresgeschichtliches-museum-768x432.webp 768w, https:\/\/belvederepalace.wientickets.org\/wp-content\/uploads\/2026\/01\/heeresgeschichtliches-museum.webp 1280w\" sizes=\"(max-width: 800px) 100vw, 800px\" \/>\t\t\t\t\t\t\t\t\t\t\t\t\t\t\t<\/div>\n\t\t\t\t<\/div>\n\t\t\t\t<div class=\"elementor-element elementor-element-37632f1 elementor-widget elementor-widget-heading\" data-id=\"37632f1\" data-element_type=\"widget\" data-widget_type=\"heading.default\">\n\t\t\t\t<div class=\"elementor-widget-container\">\n\t\t\t\t\t<h3 class=\"elementor-heading-title elementor-size-default\">Heeresgeschichtliches Museum<\/h3>\t\t\t\t<\/div>\n\t\t\t\t<\/div>\n\t\t\t\t<div class=\"elementor-element elementor-element-df5f4df elementor-widget elementor-widget-text-editor\" data-id=\"df5f4df\" data-element_type=\"widget\" data-widget_type=\"text-editor.default\">\n\t\t\t\t<div class=\"elementor-widget-container\">\n\t\t\t\t\t\t\t\t\t<p>Situato nell&#8217;Arsenale (a 25-30 minuti a piedi), il <strong>Museo di Storia Militare<\/strong> espone le forze armate dell&#8217;Impero austriaco e i conflitti storici.<\/p>\t\t\t\t\t\t\t\t<\/div>\n\t\t\t\t<\/div>\n\t\t\t\t<\/div>\n\t\t\t\t\t<\/div>\n\t\t\t\t<\/div>\n\t\t\t\t<\/div>\n\t\t","protected":false},"excerpt":{"rendered":"<p>Visitare il Palazzo Belvedere Il Palazzo Belvedere ospita una vasta collezione d&#8217;arte che spazia dal Medioevo alle opere contemporanee. Le principali attrazioni includono il Belvedere Superiore, che ospita Il bacio di Gustav Klimt e la decorata Sala di Marmo, collegata al Belvedere Inferiore da giardini simmetrici in stile francese. Il complesso comprende anche la Scuderie [&hellip;]<\/p>\n","protected":false},"author":2,"featured_media":1819,"parent":0,"menu_order":0,"comment_status":"closed","ping_status":"closed","template":"elementor_header_footer","meta":{"footnotes":""},"class_list":["post-1818","page","type-page","status-publish","has-post-thumbnail","hentry"],"yoast_head":"<!-- This site is optimized with the Yoast SEO plugin v26.7 - https:\/\/yoast.com\/wordpress\/plugins\/seo\/ -->\n<title>Cosa vedere al Palazzo Belvedere?<\/title>\n<meta name=\"description\" content=\"Una visita al Palazzo Belvedere offre la possibilit\u00e0 di esplorare i suoi giardini, gli edifici storici, la collezione d&#039;arte austriaca e molto altro.\" \/>\n<meta name=\"robots\" content=\"index, follow, max-snippet:-1, max-image-preview:large, max-video-preview:-1\" \/>\n<link rel=\"canonical\" href=\"https:\/\/belvederepalace.wientickets.org\/it\/visitare-il-palazzo-belvedere\/\" \/>\n<meta property=\"og:locale\" content=\"it_IT\" \/>\n<meta property=\"og:type\" content=\"article\" \/>\n<meta property=\"og:title\" content=\"Cosa vedere al Palazzo Belvedere?\" \/>\n<meta property=\"og:description\" content=\"Una visita al Palazzo Belvedere offre la possibilit\u00e0 di esplorare i suoi giardini, gli edifici storici, la collezione d&#039;arte austriaca e molto altro.\" \/>\n<meta property=\"og:url\" content=\"https:\/\/belvederepalace.wientickets.org\/it\/visitare-il-palazzo-belvedere\/\" \/>\n<meta property=\"og:site_name\" content=\"Belvedere Palace Tickets\" \/>\n<meta property=\"article:modified_time\" content=\"2026-01-23T08:05:12+00:00\" \/>\n<meta property=\"og:image\" content=\"https:\/\/belvederepalace.wientickets.org\/wp-content\/uploads\/2026\/01\/visiting-belvedere-palace.webp\" \/>\n\t<meta property=\"og:image:width\" content=\"1280\" \/>\n\t<meta property=\"og:image:height\" content=\"720\" \/>\n\t<meta property=\"og:image:type\" content=\"image\/webp\" \/>\n<meta name=\"twitter:card\" content=\"summary_large_image\" \/>\n<meta name=\"twitter:label1\" content=\"Tempo di lettura stimato\" \/>\n\t<meta name=\"twitter:data1\" content=\"10 minuti\" \/>\n<script type=\"application\/ld+json\" class=\"yoast-schema-graph\">{\"@context\":\"https:\/\/schema.org\",\"@graph\":[{\"@type\":\"WebPage\",\"@id\":\"https:\/\/belvederepalace.wientickets.org\/it\/visitare-il-palazzo-belvedere\/\",\"url\":\"https:\/\/belvederepalace.wientickets.org\/it\/visitare-il-palazzo-belvedere\/\",\"name\":\"Cosa vedere al Palazzo Belvedere?\",\"isPartOf\":{\"@id\":\"https:\/\/belvederepalace.wientickets.org\/it\/#website\"},\"primaryImageOfPage\":{\"@id\":\"https:\/\/belvederepalace.wientickets.org\/it\/visitare-il-palazzo-belvedere\/#primaryimage\"},\"image\":{\"@id\":\"https:\/\/belvederepalace.wientickets.org\/it\/visitare-il-palazzo-belvedere\/#primaryimage\"},\"thumbnailUrl\":\"https:\/\/belvederepalace.wientickets.org\/wp-content\/uploads\/2026\/01\/visiting-belvedere-palace.webp\",\"datePublished\":\"2026-01-15T09:53:11+00:00\",\"dateModified\":\"2026-01-23T08:05:12+00:00\",\"description\":\"Una visita al Palazzo Belvedere offre la possibilit\u00e0 di esplorare i suoi giardini, gli edifici storici, la collezione d'arte austriaca e molto altro.\",\"breadcrumb\":{\"@id\":\"https:\/\/belvederepalace.wientickets.org\/it\/visitare-il-palazzo-belvedere\/#breadcrumb\"},\"inLanguage\":\"it-IT\",\"potentialAction\":[{\"@type\":\"ReadAction\",\"target\":[\"https:\/\/belvederepalace.wientickets.org\/it\/visitare-il-palazzo-belvedere\/\"]}]},{\"@type\":\"ImageObject\",\"inLanguage\":\"it-IT\",\"@id\":\"https:\/\/belvederepalace.wientickets.org\/it\/visitare-il-palazzo-belvedere\/#primaryimage\",\"url\":\"https:\/\/belvederepalace.wientickets.org\/wp-content\/uploads\/2026\/01\/visiting-belvedere-palace.webp\",\"contentUrl\":\"https:\/\/belvederepalace.wientickets.org\/wp-content\/uploads\/2026\/01\/visiting-belvedere-palace.webp\",\"width\":1280,\"height\":720,\"caption\":\"Visitare il Palazzo Belvedere\"},{\"@type\":\"BreadcrumbList\",\"@id\":\"https:\/\/belvederepalace.wientickets.org\/it\/visitare-il-palazzo-belvedere\/#breadcrumb\",\"itemListElement\":[{\"@type\":\"ListItem\",\"position\":1,\"name\":\"Home\",\"item\":\"https:\/\/belvederepalace.wientickets.org\/it\/\"},{\"@type\":\"ListItem\",\"position\":2,\"name\":\"Visitare il Palazzo Belvedere\"}]},{\"@type\":\"WebSite\",\"@id\":\"https:\/\/belvederepalace.wientickets.org\/it\/#website\",\"url\":\"https:\/\/belvederepalace.wientickets.org\/it\/\",\"name\":\"Belvedere Palace Tickets\",\"description\":\"\",\"publisher\":{\"@id\":\"https:\/\/belvederepalace.wientickets.org\/it\/#organization\"},\"potentialAction\":[{\"@type\":\"SearchAction\",\"target\":{\"@type\":\"EntryPoint\",\"urlTemplate\":\"https:\/\/belvederepalace.wientickets.org\/it\/?s={search_term_string}\"},\"query-input\":{\"@type\":\"PropertyValueSpecification\",\"valueRequired\":true,\"valueName\":\"search_term_string\"}}],\"inLanguage\":\"it-IT\"},{\"@type\":\"Organization\",\"@id\":\"https:\/\/belvederepalace.wientickets.org\/it\/#organization\",\"name\":\"Biglietti per il Palazzo Belvedere\",\"url\":\"https:\/\/belvederepalace.wientickets.org\/it\/\",\"logo\":{\"@type\":\"ImageObject\",\"inLanguage\":\"it-IT\",\"@id\":\"https:\/\/belvederepalace.wientickets.org\/it\/#\/schema\/logo\/image\/\",\"url\":\"https:\/\/belvederepalace.wientickets.org\/wp-content\/uploads\/2024\/08\/belvedere-palace-tickets-logo.png\",\"contentUrl\":\"https:\/\/belvederepalace.wientickets.org\/wp-content\/uploads\/2024\/08\/belvedere-palace-tickets-logo.png\",\"width\":375,\"height\":70,\"caption\":\"Biglietti per il Palazzo Belvedere\"},\"image\":{\"@id\":\"https:\/\/belvederepalace.wientickets.org\/it\/#\/schema\/logo\/image\/\"}}]}<\/script>\n<!-- \/ Yoast SEO plugin. -->","yoast_head_json":{"title":"Cosa vedere al Palazzo Belvedere?","description":"Una visita al Palazzo Belvedere offre la possibilit\u00e0 di esplorare i suoi giardini, gli edifici storici, la collezione d'arte austriaca e molto altro.","robots":{"index":"index","follow":"follow","max-snippet":"max-snippet:-1","max-image-preview":"max-image-preview:large","max-video-preview":"max-video-preview:-1"},"canonical":"https:\/\/belvederepalace.wientickets.org\/it\/visitare-il-palazzo-belvedere\/","og_locale":"it_IT","og_type":"article","og_title":"Cosa vedere al Palazzo Belvedere?","og_description":"Una visita al Palazzo Belvedere offre la possibilit\u00e0 di esplorare i suoi giardini, gli edifici storici, la collezione d'arte austriaca e molto altro.","og_url":"https:\/\/belvederepalace.wientickets.org\/it\/visitare-il-palazzo-belvedere\/","og_site_name":"Belvedere Palace Tickets","article_modified_time":"2026-01-23T08:05:12+00:00","og_image":[{"width":1280,"height":720,"url":"https:\/\/belvederepalace.wientickets.org\/wp-content\/uploads\/2026\/01\/visiting-belvedere-palace.webp","type":"image\/webp"}],"twitter_card":"summary_large_image","twitter_misc":{"Tempo di lettura stimato":"10 minuti"},"schema":{"@context":"https:\/\/schema.org","@graph":[{"@type":"WebPage","@id":"https:\/\/belvederepalace.wientickets.org\/it\/visitare-il-palazzo-belvedere\/","url":"https:\/\/belvederepalace.wientickets.org\/it\/visitare-il-palazzo-belvedere\/","name":"Cosa vedere al Palazzo Belvedere?","isPartOf":{"@id":"https:\/\/belvederepalace.wientickets.org\/it\/#website"},"primaryImageOfPage":{"@id":"https:\/\/belvederepalace.wientickets.org\/it\/visitare-il-palazzo-belvedere\/#primaryimage"},"image":{"@id":"https:\/\/belvederepalace.wientickets.org\/it\/visitare-il-palazzo-belvedere\/#primaryimage"},"thumbnailUrl":"https:\/\/belvederepalace.wientickets.org\/wp-content\/uploads\/2026\/01\/visiting-belvedere-palace.webp","datePublished":"2026-01-15T09:53:11+00:00","dateModified":"2026-01-23T08:05:12+00:00","description":"Una visita al Palazzo Belvedere offre la possibilit\u00e0 di esplorare i suoi giardini, gli edifici storici, la collezione d'arte austriaca e molto altro.","breadcrumb":{"@id":"https:\/\/belvederepalace.wientickets.org\/it\/visitare-il-palazzo-belvedere\/#breadcrumb"},"inLanguage":"it-IT","potentialAction":[{"@type":"ReadAction","target":["https:\/\/belvederepalace.wientickets.org\/it\/visitare-il-palazzo-belvedere\/"]}]},{"@type":"ImageObject","inLanguage":"it-IT","@id":"https:\/\/belvederepalace.wientickets.org\/it\/visitare-il-palazzo-belvedere\/#primaryimage","url":"https:\/\/belvederepalace.wientickets.org\/wp-content\/uploads\/2026\/01\/visiting-belvedere-palace.webp","contentUrl":"https:\/\/belvederepalace.wientickets.org\/wp-content\/uploads\/2026\/01\/visiting-belvedere-palace.webp","width":1280,"height":720,"caption":"Visitare il Palazzo Belvedere"},{"@type":"BreadcrumbList","@id":"https:\/\/belvederepalace.wientickets.org\/it\/visitare-il-palazzo-belvedere\/#breadcrumb","itemListElement":[{"@type":"ListItem","position":1,"name":"Home","item":"https:\/\/belvederepalace.wientickets.org\/it\/"},{"@type":"ListItem","position":2,"name":"Visitare il Palazzo Belvedere"}]},{"@type":"WebSite","@id":"https:\/\/belvederepalace.wientickets.org\/it\/#website","url":"https:\/\/belvederepalace.wientickets.org\/it\/","name":"Belvedere Palace Tickets","description":"","publisher":{"@id":"https:\/\/belvederepalace.wientickets.org\/it\/#organization"},"potentialAction":[{"@type":"SearchAction","target":{"@type":"EntryPoint","urlTemplate":"https:\/\/belvederepalace.wientickets.org\/it\/?s={search_term_string}"},"query-input":{"@type":"PropertyValueSpecification","valueRequired":true,"valueName":"search_term_string"}}],"inLanguage":"it-IT"},{"@type":"Organization","@id":"https:\/\/belvederepalace.wientickets.org\/it\/#organization","name":"Biglietti per il Palazzo Belvedere","url":"https:\/\/belvederepalace.wientickets.org\/it\/","logo":{"@type":"ImageObject","inLanguage":"it-IT","@id":"https:\/\/belvederepalace.wientickets.org\/it\/#\/schema\/logo\/image\/","url":"https:\/\/belvederepalace.wientickets.org\/wp-content\/uploads\/2024\/08\/belvedere-palace-tickets-logo.png","contentUrl":"https:\/\/belvederepalace.wientickets.org\/wp-content\/uploads\/2024\/08\/belvedere-palace-tickets-logo.png","width":375,"height":70,"caption":"Biglietti per il Palazzo Belvedere"},"image":{"@id":"https:\/\/belvederepalace.wientickets.org\/it\/#\/schema\/logo\/image\/"}}]}},"_links":{"self":[{"href":"https:\/\/belvederepalace.wientickets.org\/it\/wp-json\/wp\/v2\/pages\/1818","targetHints":{"allow":["GET"]}}],"collection":[{"href":"https:\/\/belvederepalace.wientickets.org\/it\/wp-json\/wp\/v2\/pages"}],"about":[{"href":"https:\/\/belvederepalace.wientickets.org\/it\/wp-json\/wp\/v2\/types\/page"}],"author":[{"embeddable":true,"href":"https:\/\/belvederepalace.wientickets.org\/it\/wp-json\/wp\/v2\/users\/2"}],"replies":[{"embeddable":true,"href":"https:\/\/belvederepalace.wientickets.org\/it\/wp-json\/wp\/v2\/comments?post=1818"}],"version-history":[{"count":7,"href":"https:\/\/belvederepalace.wientickets.org\/it\/wp-json\/wp\/v2\/pages\/1818\/revisions"}],"predecessor-version":[{"id":2440,"href":"https:\/\/belvederepalace.wientickets.org\/it\/wp-json\/wp\/v2\/pages\/1818\/revisions\/2440"}],"wp:featuredmedia":[{"embeddable":true,"href":"https:\/\/belvederepalace.wientickets.org\/it\/wp-json\/wp\/v2\/media\/1819"}],"wp:attachment":[{"href":"https:\/\/belvederepalace.wientickets.org\/it\/wp-json\/wp\/v2\/media?parent=1818"}],"curies":[{"name":"wp","href":"https:\/\/api.w.org\/{rel}","templated":true}]}}